{"id":12086,"date":"2015-08-23T08:52:56","date_gmt":"2015-08-23T07:52:56","guid":{"rendered":"http:\/\/www.freimarianne.ch\/?page_id=12086"},"modified":"2015-08-24T16:17:48","modified_gmt":"2015-08-24T15:17:48","slug":"alp-nessel-vs-22-8-2015","status":"publish","type":"page","link":"http:\/\/www.freimarianne.ch\/?page_id=12086","title":{"rendered":"Alp Nessel  VS   22.8.2015"},"content":{"rendered":"<p><strong>Bergwanderung von Mund auf die Alp Nessel; entlang der Nessjeri Suone hin\u00fcber zur Belalp<\/strong><br \/>\nmit dem Novartis Berg&amp;Ski Club<\/p>\n<p><img loading=\"lazy\" class=\"alignleft size-full wp-image-12090\" src=\"http:\/\/www.freimarianne.ch\/wp-content\/uploads\/2015\/08\/IMG_2198_nessel22.jpg\" alt=\"IMG_2198_nessel22\" width=\"500\" height=\"375\" srcset=\"http:\/\/www.freimarianne.ch\/wp-content\/uploads\/2015\/08\/IMG_2198_nessel22.jpg 500w, http:\/\/www.freimarianne.ch\/wp-content\/uploads\/2015\/08\/IMG_2198_nessel22-300x225.jpg 300w, http:\/\/www.freimarianne.ch\/wp-content\/uploads\/2015\/08\/IMG_2198_nessel22-400x300.jpg 400w\" sizes=\"(max-width: 500px) 100vw, 500px\" \/><br \/>\nWir kommen um 9.40 h mit dem Postauto in Mund an und trinken noch einen Kaffee auf der Terrasse des Restaurants. Zu erw\u00e4hnen ist, dass wir sch\u00f6nstes Sommerwetter haben.<br \/>\nNach einer Gruppenfoto geht es los Richtung Mundchi, zur Br\u00fccke \u00fcber den Mundbach. In Oberbirgisch nehmen wir die Abzweigung links zur Alp Nessel.<\/p>\n<p>Der Weg f\u00fchrt \u00fcber offenes Gel\u00e4nde hinauf in den Birgischwald, in welchen wir immer h\u00f6her hinaufsteigen. Vor der Chitumatte 1660m schalten wir eine Pause ein. Als wir das Plateau von ca. 1800 Metern erreicht haben, machen wir einen weiteren Halt, um das Panorama zu geniessen. Die folgenden 200 H\u00f6henmeter \u00fcberwinden wir auf einen sch\u00f6nen Pfad im Bergwald. Bald lichtet sich der Wald, der vorwiegend aus L\u00e4rchen besteht, und wir kommen zu einem Aussichtspunkt, von welchen wir einen sch\u00f6nen Blick auf den Aletschgletscher haben. In wenigen Schritten befinden wir uns dann auf der Alp Nessel mit wenigen Chalets und der kleinen steinerne Kapelle, Maria zum Schnee.<br \/>\nAuf dem ausgedehnten Gel\u00e4nde der Alp mit den vielen abgerundeten Felsen findet jeder einen Ruheplatz f\u00fcr die Mittagspause.<br \/>\nHier geniessen wir die Sch\u00f6nheit der Landschaft, die Stille und den Sonnenschein. Um 14.00 h machen wir uns wieder auf den Weg und folgen dem Weg der Suone Nessjeri entlang, der uns weit hinein in den Talgrund der Belalp f\u00fchrt. Inzwischen wandern wir im Schatten &#8211; t\u00fcrmen sich doch grosse Wolken an den Bergen. auf.<br \/>\nBei der Abzweigung hinunter zur Belalp gibt es nochmals eine Pause, die von einigen zu einem Fussbad in der Nessjeri benutzt wird.<br \/>\nNoch vor 16.00 h erreichen wir die Belalp, die nun wieder im Sonnenschein liegt.<br \/>\nEs werden noch einige Fotos gemacht und dann steigen wir in die Seilbahn, die wir alle gerne benutzen, um einem Abstieg nach Blatten  von 700 Metern zu entgehen<\/p>\n<p>In Blatten wird die Wartezeit f\u00fcr eine Erfrischung genutzt und um 16.45 h f\u00e4hrt der Bus nach Brig. Hier im Endbahnhof finden wir jedenfalls einen Sitzplatz, der uns bis Basel &#8211; Ankunft 19.29h bleibt !<br \/>\nLaut Schweizmobil:<br \/>\nDistanz: 13.51 km; Aufstieg: 1199m; Abstieg: 290 m; Marschzeit: 5 h<\/p>\n<p><!-- index.php -->\n<div\n\tclass=\"ngg-galleryoverview ngg-ajax-pagination-none\"\n\tid=\"ngg-gallery-12145-1\">\n\n    \t<div class=\"slideshowlink\">\n        <a href='http:\/\/www.freimarianne.ch\/index.php\/nggallery\/slideshow?page_id=12086'>[Show as slideshow]<\/a>\n\t\t\n\t<\/div>\n\t\t\t<!-- Thumbnails -->\n\t\t\t\t<div id=\"ngg-image-0\" class=\"ngg-gallery-thumbnail-box\" >\n\t\t\t\t        <div class=\"ngg-gallery-thumbnail\">\n            <a href=\"http:\/\/www.freimarianne.ch\/wp-content\/gallery\/alp-nessel-22-8-15\/IMG_2169.jpg\"\n               title=\"\"\n               data-src=\"http:\/\/www.freimarianne.ch\/wp-content\/gallery\/alp-nessel-22-8-15\/IMG_2169.jpg\"\n               data-thumbnail=\"http:\/\/www.freimarianne.ch\/wp-content\/gallery\/alp-nessel-22-8-15\/thumbs\/thumbs_IMG_2169.jpg\"\n               data-image-id=\"11155\"\n               data-title=\"IMG_2169\"\n               data-description=\"\"\n               data-image-slug=\"img_2169\"\n               class=\"shutterset_12145\">\n                <img\n                    title=\"IMG_2169\"\n                    alt=\"IMG_2169\"\n                    src=\"http:\/\/www.freimarianne.ch\/wp-content\/gallery\/alp-nessel-22-8-15\/thumbs\/thumbs_IMG_2169.jpg\"\n                    width=\"100\"\n                    height=\"75\"\n                    style=\"max-width:100%;\"\n                \/>\n            <\/a>\n        <\/div>\n\t\t\t\t\t\t\t<\/div> \n\t\t\t\n        \n\t\t\t\t<div id=\"ngg-image-1\" class=\"ngg-gallery-thumbnail-box\" >\n\t\t\t\t        <div class=\"ngg-gallery-thumbnail\">\n            <a href=\"http:\/\/www.freimarianne.ch\/wp-content\/gallery\/alp-nessel-22-8-15\/IMG_2181.jpg\"\n               title=\"\"\n               data-src=\"http:\/\/www.freimarianne.ch\/wp-content\/gallery\/alp-nessel-22-8-15\/IMG_2181.jpg\"\n               data-thumbnail=\"http:\/\/www.freimarianne.ch\/wp-content\/gallery\/alp-nessel-22-8-15\/thumbs\/thumbs_IMG_2181.jpg\"\n               data-image-id=\"11156\"\n               data-title=\"IMG_2181\"\n               data-description=\"\"\n               data-image-slug=\"img_2181-1\"\n               class=\"shutterset_12145\">\n                <img\n                    title=\"IMG_2181\"\n                    alt=\"IMG_2181\"\n                    src=\"http:\/\/www.freimarianne.ch\/wp-content\/gallery\/alp-nessel-22-8-15\/thumbs\/thumbs_IMG_2181.jpg\"\n                    width=\"100\"\n                    height=\"75\"\n                    style=\"max-width:100%;\"\n                \/>\n            <\/a>\n        <\/div>\n\t\t\t\t\t\t\t<\/div> \n\t\t\t\n        \n\t\t\t\t<div id=\"ngg-image-2\" class=\"ngg-gallery-thumbnail-box\" >\n\t\t\t\t        <div class=\"ngg-gallery-thumbnail\">\n            <a href=\"http:\/\/www.freimarianne.ch\/wp-content\/gallery\/alp-nessel-22-8-15\/IMG_2184.jpg\"\n               title=\"\"\n               data-src=\"http:\/\/www.freimarianne.ch\/wp-content\/gallery\/alp-nessel-22-8-15\/IMG_2184.jpg\"\n               data-thumbnail=\"http:\/\/www.freimarianne.ch\/wp-content\/gallery\/alp-nessel-22-8-15\/thumbs\/thumbs_IMG_2184.jpg\"\n               data-image-id=\"11157\"\n               data-title=\"IMG_2184\"\n               data-description=\"\"\n               data-image-slug=\"img_2184-1\"\n               class=\"shutterset_12145\">\n                <img\n                    title=\"IMG_2184\"\n                    alt=\"IMG_2184\"\n                    src=\"http:\/\/www.freimarianne.ch\/wp-content\/gallery\/alp-nessel-22-8-15\/thumbs\/thumbs_IMG_2184.jpg\"\n                    width=\"100\"\n                    height=\"75\"\n                    style=\"max-width:100%;\"\n                \/>\n            <\/a>\n        <\/div>\n\t\t\t\t\t\t\t<\/div> \n\t\t\t\n        \n\t\t\t\t<div id=\"ngg-image-3\" class=\"ngg-gallery-thumbnail-box\" >\n\t\t\t\t        <div class=\"ngg-gallery-thumbnail\">\n            <a href=\"http:\/\/www.freimarianne.ch\/wp-content\/gallery\/alp-nessel-22-8-15\/IMG_2186.jpg\"\n               title=\"\"\n               data-src=\"http:\/\/www.freimarianne.ch\/wp-content\/gallery\/alp-nessel-22-8-15\/IMG_2186.jpg\"\n               data-thumbnail=\"http:\/\/www.freimarianne.ch\/wp-content\/gallery\/alp-nessel-22-8-15\/thumbs\/thumbs_IMG_2186.jpg\"\n               data-image-id=\"11158\"\n               data-title=\"IMG_2186\"\n               data-description=\"\"\n               data-image-slug=\"img_2186\"\n               class=\"shutterset_12145\">\n                <img\n                    title=\"IMG_2186\"\n                    alt=\"IMG_2186\"\n                    src=\"http:\/\/www.freimarianne.ch\/wp-content\/gallery\/alp-nessel-22-8-15\/thumbs\/thumbs_IMG_2186.jpg\"\n                    width=\"100\"\n                    height=\"75\"\n                    style=\"max-width:100%;\"\n                \/>\n            <\/a>\n        <\/div>\n\t\t\t\t\t\t\t<\/div> \n\t\t\t\n        \n\t\t\t\t<div id=\"ngg-image-4\" class=\"ngg-gallery-thumbnail-box\" >\n\t\t\t\t        <div class=\"ngg-gallery-thumbnail\">\n            <a href=\"http:\/\/www.freimarianne.ch\/wp-content\/gallery\/alp-nessel-22-8-15\/IMG_2193.jpg\"\n               title=\"\"\n               data-src=\"http:\/\/www.freimarianne.ch\/wp-content\/gallery\/alp-nessel-22-8-15\/IMG_2193.jpg\"\n               data-thumbnail=\"http:\/\/www.freimarianne.ch\/wp-content\/gallery\/alp-nessel-22-8-15\/thumbs\/thumbs_IMG_2193.jpg\"\n               data-image-id=\"11159\"\n               data-title=\"IMG_2193\"\n               data-description=\"\"\n               data-image-slug=\"img_2193-1\"\n               class=\"shutterset_12145\">\n                <img\n                    title=\"IMG_2193\"\n                    alt=\"IMG_2193\"\n                    src=\"http:\/\/www.freimarianne.ch\/wp-content\/gallery\/alp-nessel-22-8-15\/thumbs\/thumbs_IMG_2193.jpg\"\n                    width=\"100\"\n                    height=\"75\"\n                    style=\"max-width:100%;\"\n                \/>\n            <\/a>\n        <\/div>\n\t\t\t\t\t\t\t<\/div> \n\t\t\t\n        \n\t\t\t\t<div id=\"ngg-image-5\" class=\"ngg-gallery-thumbnail-box\" >\n\t\t\t\t        <div class=\"ngg-gallery-thumbnail\">\n            <a href=\"http:\/\/www.freimarianne.ch\/wp-content\/gallery\/alp-nessel-22-8-15\/IMG_2199.jpg\"\n               title=\"\"\n               data-src=\"http:\/\/www.freimarianne.ch\/wp-content\/gallery\/alp-nessel-22-8-15\/IMG_2199.jpg\"\n               data-thumbnail=\"http:\/\/www.freimarianne.ch\/wp-content\/gallery\/alp-nessel-22-8-15\/thumbs\/thumbs_IMG_2199.jpg\"\n               data-image-id=\"11160\"\n               data-title=\"IMG_2199\"\n               data-description=\"\"\n               data-image-slug=\"img_2199\"\n               class=\"shutterset_12145\">\n                <img\n                    title=\"IMG_2199\"\n                    alt=\"IMG_2199\"\n                    src=\"http:\/\/www.freimarianne.ch\/wp-content\/gallery\/alp-nessel-22-8-15\/thumbs\/thumbs_IMG_2199.jpg\"\n                    width=\"100\"\n                    height=\"75\"\n                    style=\"max-width:100%;\"\n                \/>\n            <\/a>\n        <\/div>\n\t\t\t\t\t\t\t<\/div> \n\t\t\t\n        \n\t\t\t\t<div id=\"ngg-image-6\" class=\"ngg-gallery-thumbnail-box\" >\n\t\t\t\t        <div class=\"ngg-gallery-thumbnail\">\n            <a href=\"http:\/\/www.freimarianne.ch\/wp-content\/gallery\/alp-nessel-22-8-15\/IMG_2200.jpg\"\n               title=\"\"\n               data-src=\"http:\/\/www.freimarianne.ch\/wp-content\/gallery\/alp-nessel-22-8-15\/IMG_2200.jpg\"\n               data-thumbnail=\"http:\/\/www.freimarianne.ch\/wp-content\/gallery\/alp-nessel-22-8-15\/thumbs\/thumbs_IMG_2200.jpg\"\n               data-image-id=\"11161\"\n               data-title=\"IMG_2200\"\n               data-description=\"\"\n               data-image-slug=\"img_2200-1\"\n               class=\"shutterset_12145\">\n                <img\n                    title=\"IMG_2200\"\n                    alt=\"IMG_2200\"\n                    src=\"http:\/\/www.freimarianne.ch\/wp-content\/gallery\/alp-nessel-22-8-15\/thumbs\/thumbs_IMG_2200.jpg\"\n                    width=\"100\"\n                    height=\"75\"\n                    style=\"max-width:100%;\"\n                \/>\n            <\/a>\n        <\/div>\n\t\t\t\t\t\t\t<\/div> \n\t\t\t\n        \n\t\t\t\t<div id=\"ngg-image-7\" class=\"ngg-gallery-thumbnail-box\" >\n\t\t\t\t        <div class=\"ngg-gallery-thumbnail\">\n            <a href=\"http:\/\/www.freimarianne.ch\/wp-content\/gallery\/alp-nessel-22-8-15\/IMG_2201.jpg\"\n               title=\"\"\n               data-src=\"http:\/\/www.freimarianne.ch\/wp-content\/gallery\/alp-nessel-22-8-15\/IMG_2201.jpg\"\n               data-thumbnail=\"http:\/\/www.freimarianne.ch\/wp-content\/gallery\/alp-nessel-22-8-15\/thumbs\/thumbs_IMG_2201.jpg\"\n               data-image-id=\"11162\"\n               data-title=\"IMG_2201\"\n               data-description=\"\"\n               data-image-slug=\"img_2201-1\"\n               class=\"shutterset_12145\">\n                <img\n                    title=\"IMG_2201\"\n                    alt=\"IMG_2201\"\n                    src=\"http:\/\/www.freimarianne.ch\/wp-content\/gallery\/alp-nessel-22-8-15\/thumbs\/thumbs_IMG_2201.jpg\"\n                    width=\"100\"\n                    height=\"75\"\n                    style=\"max-width:100%;\"\n                \/>\n            <\/a>\n        <\/div>\n\t\t\t\t\t\t\t<\/div> \n\t\t\t\n        \n\t\t\t\t<div id=\"ngg-image-8\" class=\"ngg-gallery-thumbnail-box\" >\n\t\t\t\t        <div class=\"ngg-gallery-thumbnail\">\n            <a href=\"http:\/\/www.freimarianne.ch\/wp-content\/gallery\/alp-nessel-22-8-15\/IMG_2205.jpg\"\n               title=\"\"\n               data-src=\"http:\/\/www.freimarianne.ch\/wp-content\/gallery\/alp-nessel-22-8-15\/IMG_2205.jpg\"\n               data-thumbnail=\"http:\/\/www.freimarianne.ch\/wp-content\/gallery\/alp-nessel-22-8-15\/thumbs\/thumbs_IMG_2205.jpg\"\n               data-image-id=\"11163\"\n               data-title=\"IMG_2205\"\n               data-description=\"\"\n               data-image-slug=\"img_2205\"\n               class=\"shutterset_12145\">\n                <img\n                    title=\"IMG_2205\"\n                    alt=\"IMG_2205\"\n                    src=\"http:\/\/www.freimarianne.ch\/wp-content\/gallery\/alp-nessel-22-8-15\/thumbs\/thumbs_IMG_2205.jpg\"\n                    width=\"100\"\n                    height=\"75\"\n                    style=\"max-width:100%;\"\n                \/>\n            <\/a>\n        <\/div>\n\t\t\t\t\t\t\t<\/div> \n\t\t\t\n        \n\t\t\t\t<div id=\"ngg-image-9\" class=\"ngg-gallery-thumbnail-box\" >\n\t\t\t\t        <div class=\"ngg-gallery-thumbnail\">\n            <a href=\"http:\/\/www.freimarianne.ch\/wp-content\/gallery\/alp-nessel-22-8-15\/IMG_2206.jpg\"\n               title=\"\"\n               data-src=\"http:\/\/www.freimarianne.ch\/wp-content\/gallery\/alp-nessel-22-8-15\/IMG_2206.jpg\"\n               data-thumbnail=\"http:\/\/www.freimarianne.ch\/wp-content\/gallery\/alp-nessel-22-8-15\/thumbs\/thumbs_IMG_2206.jpg\"\n               data-image-id=\"11164\"\n               data-title=\"IMG_2206\"\n               data-description=\"\"\n               data-image-slug=\"img_2206-3\"\n               class=\"shutterset_12145\">\n                <img\n                    title=\"IMG_2206\"\n                    alt=\"IMG_2206\"\n                    src=\"http:\/\/www.freimarianne.ch\/wp-content\/gallery\/alp-nessel-22-8-15\/thumbs\/thumbs_IMG_2206.jpg\"\n                    width=\"100\"\n                    height=\"75\"\n                    style=\"max-width:100%;\"\n                \/>\n            <\/a>\n        <\/div>\n\t\t\t\t\t\t\t<\/div> \n\t\t\t\n        \n\t\t\t\t<div id=\"ngg-image-10\" class=\"ngg-gallery-thumbnail-box\" >\n\t\t\t\t        <div class=\"ngg-gallery-thumbnail\">\n            <a href=\"http:\/\/www.freimarianne.ch\/wp-content\/gallery\/alp-nessel-22-8-15\/IMG_2208.jpg\"\n               title=\"\"\n               data-src=\"http:\/\/www.freimarianne.ch\/wp-content\/gallery\/alp-nessel-22-8-15\/IMG_2208.jpg\"\n               data-thumbnail=\"http:\/\/www.freimarianne.ch\/wp-content\/gallery\/alp-nessel-22-8-15\/thumbs\/thumbs_IMG_2208.jpg\"\n               data-image-id=\"11165\"\n               data-title=\"IMG_2208\"\n               data-description=\"\"\n               data-image-slug=\"img_2208-2\"\n               class=\"shutterset_12145\">\n                <img\n                    title=\"IMG_2208\"\n                    alt=\"IMG_2208\"\n                    src=\"http:\/\/www.freimarianne.ch\/wp-content\/gallery\/alp-nessel-22-8-15\/thumbs\/thumbs_IMG_2208.jpg\"\n                    width=\"100\"\n                    height=\"75\"\n                    style=\"max-width:100%;\"\n                \/>\n            <\/a>\n        <\/div>\n\t\t\t\t\t\t\t<\/div> \n\t\t\t\n        \n\t\t\t\t<div id=\"ngg-image-11\" class=\"ngg-gallery-thumbnail-box\" >\n\t\t\t\t        <div class=\"ngg-gallery-thumbnail\">\n            <a href=\"http:\/\/www.freimarianne.ch\/wp-content\/gallery\/alp-nessel-22-8-15\/IMG_2209.jpg\"\n               title=\"\"\n               data-src=\"http:\/\/www.freimarianne.ch\/wp-content\/gallery\/alp-nessel-22-8-15\/IMG_2209.jpg\"\n               data-thumbnail=\"http:\/\/www.freimarianne.ch\/wp-content\/gallery\/alp-nessel-22-8-15\/thumbs\/thumbs_IMG_2209.jpg\"\n               data-image-id=\"11166\"\n               data-title=\"IMG_2209\"\n               data-description=\"\"\n               data-image-slug=\"img_2209-1\"\n               class=\"shutterset_12145\">\n                <img\n                    title=\"IMG_2209\"\n                    alt=\"IMG_2209\"\n                    src=\"http:\/\/www.freimarianne.ch\/wp-content\/gallery\/alp-nessel-22-8-15\/thumbs\/thumbs_IMG_2209.jpg\"\n                    width=\"100\"\n                    height=\"75\"\n                    style=\"max-width:100%;\"\n                \/>\n            <\/a>\n        <\/div>\n\t\t\t\t\t\t\t<\/div> \n\t\t\t\n        \n\t\t\t\t<div id=\"ngg-image-12\" class=\"ngg-gallery-thumbnail-box\" >\n\t\t\t\t        <div class=\"ngg-gallery-thumbnail\">\n            <a href=\"http:\/\/www.freimarianne.ch\/wp-content\/gallery\/alp-nessel-22-8-15\/IMG_2216.jpg\"\n               title=\"\"\n               data-src=\"http:\/\/www.freimarianne.ch\/wp-content\/gallery\/alp-nessel-22-8-15\/IMG_2216.jpg\"\n               data-thumbnail=\"http:\/\/www.freimarianne.ch\/wp-content\/gallery\/alp-nessel-22-8-15\/thumbs\/thumbs_IMG_2216.jpg\"\n               data-image-id=\"11167\"\n               data-title=\"IMG_2216\"\n               data-description=\"\"\n               data-image-slug=\"img_2216-1\"\n               class=\"shutterset_12145\">\n                <img\n                    title=\"IMG_2216\"\n                    alt=\"IMG_2216\"\n                    src=\"http:\/\/www.freimarianne.ch\/wp-content\/gallery\/alp-nessel-22-8-15\/thumbs\/thumbs_IMG_2216.jpg\"\n                    width=\"100\"\n                    height=\"75\"\n                    style=\"max-width:100%;\"\n                \/>\n            <\/a>\n        <\/div>\n\t\t\t\t\t\t\t<\/div> \n\t\t\t\n        \n\t\t\t\t<div id=\"ngg-image-13\" class=\"ngg-gallery-thumbnail-box\" >\n\t\t\t\t        <div class=\"ngg-gallery-thumbnail\">\n            <a href=\"http:\/\/www.freimarianne.ch\/wp-content\/gallery\/alp-nessel-22-8-15\/IMG_2221.jpg\"\n               title=\"\"\n               data-src=\"http:\/\/www.freimarianne.ch\/wp-content\/gallery\/alp-nessel-22-8-15\/IMG_2221.jpg\"\n               data-thumbnail=\"http:\/\/www.freimarianne.ch\/wp-content\/gallery\/alp-nessel-22-8-15\/thumbs\/thumbs_IMG_2221.jpg\"\n               data-image-id=\"11168\"\n               data-title=\"IMG_2221\"\n               data-description=\"\"\n               data-image-slug=\"img_2221\"\n               class=\"shutterset_12145\">\n                <img\n                    title=\"IMG_2221\"\n                    alt=\"IMG_2221\"\n                    src=\"http:\/\/www.freimarianne.ch\/wp-content\/gallery\/alp-nessel-22-8-15\/thumbs\/thumbs_IMG_2221.jpg\"\n                    width=\"100\"\n                    height=\"75\"\n                    style=\"max-width:100%;\"\n                \/>\n            <\/a>\n        <\/div>\n\t\t\t\t\t\t\t<\/div> \n\t\t\t\n        \n\t\t\t\t<div id=\"ngg-image-14\" class=\"ngg-gallery-thumbnail-box\" >\n\t\t\t\t        <div class=\"ngg-gallery-thumbnail\">\n            <a href=\"http:\/\/www.freimarianne.ch\/wp-content\/gallery\/alp-nessel-22-8-15\/IMG_2242.jpg\"\n               title=\"\"\n               data-src=\"http:\/\/www.freimarianne.ch\/wp-content\/gallery\/alp-nessel-22-8-15\/IMG_2242.jpg\"\n               data-thumbnail=\"http:\/\/www.freimarianne.ch\/wp-content\/gallery\/alp-nessel-22-8-15\/thumbs\/thumbs_IMG_2242.jpg\"\n               data-image-id=\"11169\"\n               data-title=\"IMG_2242\"\n               data-description=\"\"\n               data-image-slug=\"img_2242-1\"\n               class=\"shutterset_12145\">\n                <img\n                    title=\"IMG_2242\"\n                    alt=\"IMG_2242\"\n                    src=\"http:\/\/www.freimarianne.ch\/wp-content\/gallery\/alp-nessel-22-8-15\/thumbs\/thumbs_IMG_2242.jpg\"\n                    width=\"100\"\n                    height=\"75\"\n                    style=\"max-width:100%;\"\n                \/>\n            <\/a>\n        <\/div>\n\t\t\t\t\t\t\t<\/div> \n\t\t\t\n        \n\t\t\t\t<div id=\"ngg-image-15\" class=\"ngg-gallery-thumbnail-box\" >\n\t\t\t\t        <div class=\"ngg-gallery-thumbnail\">\n            <a href=\"http:\/\/www.freimarianne.ch\/wp-content\/gallery\/alp-nessel-22-8-15\/IMG_2245.jpg\"\n               title=\"\"\n               data-src=\"http:\/\/www.freimarianne.ch\/wp-content\/gallery\/alp-nessel-22-8-15\/IMG_2245.jpg\"\n               data-thumbnail=\"http:\/\/www.freimarianne.ch\/wp-content\/gallery\/alp-nessel-22-8-15\/thumbs\/thumbs_IMG_2245.jpg\"\n               data-image-id=\"11170\"\n               data-title=\"IMG_2245\"\n               data-description=\"\"\n               data-image-slug=\"img_2245-1\"\n               class=\"shutterset_12145\">\n                <img\n                    title=\"IMG_2245\"\n                    alt=\"IMG_2245\"\n                    src=\"http:\/\/www.freimarianne.ch\/wp-content\/gallery\/alp-nessel-22-8-15\/thumbs\/thumbs_IMG_2245.jpg\"\n                    width=\"100\"\n                    height=\"75\"\n                    style=\"max-width:100%;\"\n                \/>\n            <\/a>\n        <\/div>\n\t\t\t\t\t\t\t<\/div> \n\t\t\t\n        \n\t\t\t\t<div id=\"ngg-image-16\" class=\"ngg-gallery-thumbnail-box\" >\n\t\t\t\t        <div class=\"ngg-gallery-thumbnail\">\n            <a href=\"http:\/\/www.freimarianne.ch\/wp-content\/gallery\/alp-nessel-22-8-15\/IMG_2247.jpg\"\n               title=\"\"\n               data-src=\"http:\/\/www.freimarianne.ch\/wp-content\/gallery\/alp-nessel-22-8-15\/IMG_2247.jpg\"\n               data-thumbnail=\"http:\/\/www.freimarianne.ch\/wp-content\/gallery\/alp-nessel-22-8-15\/thumbs\/thumbs_IMG_2247.jpg\"\n               data-image-id=\"11171\"\n               data-title=\"IMG_2247\"\n               data-description=\"\"\n               data-image-slug=\"img_2247\"\n               class=\"shutterset_12145\">\n                <img\n                    title=\"IMG_2247\"\n                    alt=\"IMG_2247\"\n                    src=\"http:\/\/www.freimarianne.ch\/wp-content\/gallery\/alp-nessel-22-8-15\/thumbs\/thumbs_IMG_2247.jpg\"\n                    width=\"100\"\n                    height=\"75\"\n                    style=\"max-width:100%;\"\n                \/>\n            <\/a>\n        <\/div>\n\t\t\t\t\t\t\t<\/div> \n\t\t\t\n        \n\t\t\t\t<div id=\"ngg-image-17\" class=\"ngg-gallery-thumbnail-box\" >\n\t\t\t\t        <div class=\"ngg-gallery-thumbnail\">\n            <a href=\"http:\/\/www.freimarianne.ch\/wp-content\/gallery\/alp-nessel-22-8-15\/IMG_2248.jpg\"\n               title=\"\"\n               data-src=\"http:\/\/www.freimarianne.ch\/wp-content\/gallery\/alp-nessel-22-8-15\/IMG_2248.jpg\"\n               data-thumbnail=\"http:\/\/www.freimarianne.ch\/wp-content\/gallery\/alp-nessel-22-8-15\/thumbs\/thumbs_IMG_2248.jpg\"\n               data-image-id=\"11172\"\n               data-title=\"IMG_2248\"\n               data-description=\"\"\n               data-image-slug=\"img_2248-2\"\n               class=\"shutterset_12145\">\n                <img\n                    title=\"IMG_2248\"\n                    alt=\"IMG_2248\"\n                    src=\"http:\/\/www.freimarianne.ch\/wp-content\/gallery\/alp-nessel-22-8-15\/thumbs\/thumbs_IMG_2248.jpg\"\n                    width=\"100\"\n                    height=\"75\"\n                    style=\"max-width:100%;\"\n                \/>\n            <\/a>\n        <\/div>\n\t\t\t\t\t\t\t<\/div> \n\t\t\t\n        \n\t\t\t\t<div id=\"ngg-image-18\" class=\"ngg-gallery-thumbnail-box\" >\n\t\t\t\t        <div class=\"ngg-gallery-thumbnail\">\n            <a href=\"http:\/\/www.freimarianne.ch\/wp-content\/gallery\/alp-nessel-22-8-15\/IMG_2252.jpg\"\n               title=\"\"\n               data-src=\"http:\/\/www.freimarianne.ch\/wp-content\/gallery\/alp-nessel-22-8-15\/IMG_2252.jpg\"\n               data-thumbnail=\"http:\/\/www.freimarianne.ch\/wp-content\/gallery\/alp-nessel-22-8-15\/thumbs\/thumbs_IMG_2252.jpg\"\n               data-image-id=\"11173\"\n               data-title=\"IMG_2252\"\n               data-description=\"\"\n               data-image-slug=\"img_2252-3\"\n               class=\"shutterset_12145\">\n                <img\n                    title=\"IMG_2252\"\n                    alt=\"IMG_2252\"\n                    src=\"http:\/\/www.freimarianne.ch\/wp-content\/gallery\/alp-nessel-22-8-15\/thumbs\/thumbs_IMG_2252.jpg\"\n                    width=\"100\"\n                    height=\"75\"\n                    style=\"max-width:100%;\"\n                \/>\n            <\/a>\n        <\/div>\n\t\t\t\t\t\t\t<\/div> \n\t\t\t\n        \n\t\t\t\t<div id=\"ngg-image-19\" class=\"ngg-gallery-thumbnail-box\" >\n\t\t\t\t        <div class=\"ngg-gallery-thumbnail\">\n            <a href=\"http:\/\/www.freimarianne.ch\/wp-content\/gallery\/alp-nessel-22-8-15\/IMG_2254.jpg\"\n               title=\"\"\n               data-src=\"http:\/\/www.freimarianne.ch\/wp-content\/gallery\/alp-nessel-22-8-15\/IMG_2254.jpg\"\n               data-thumbnail=\"http:\/\/www.freimarianne.ch\/wp-content\/gallery\/alp-nessel-22-8-15\/thumbs\/thumbs_IMG_2254.jpg\"\n               data-image-id=\"11174\"\n               data-title=\"IMG_2254\"\n               data-description=\"\"\n               data-image-slug=\"img_2254-1\"\n               class=\"shutterset_12145\">\n                <img\n                    title=\"IMG_2254\"\n                    alt=\"IMG_2254\"\n                    src=\"http:\/\/www.freimarianne.ch\/wp-content\/gallery\/alp-nessel-22-8-15\/thumbs\/thumbs_IMG_2254.jpg\"\n                    width=\"100\"\n                    height=\"75\"\n                    style=\"max-width:100%;\"\n                \/>\n            <\/a>\n        <\/div>\n\t\t\t\t\t\t\t<\/div> \n\t\t\t\n        \n\t\t\t\t<div id=\"ngg-image-20\" class=\"ngg-gallery-thumbnail-box\" >\n\t\t\t\t        <div class=\"ngg-gallery-thumbnail\">\n            <a href=\"http:\/\/www.freimarianne.ch\/wp-content\/gallery\/alp-nessel-22-8-15\/IMG_2257.jpg\"\n               title=\"\"\n               data-src=\"http:\/\/www.freimarianne.ch\/wp-content\/gallery\/alp-nessel-22-8-15\/IMG_2257.jpg\"\n               data-thumbnail=\"http:\/\/www.freimarianne.ch\/wp-content\/gallery\/alp-nessel-22-8-15\/thumbs\/thumbs_IMG_2257.jpg\"\n               data-image-id=\"11175\"\n               data-title=\"IMG_2257\"\n               data-description=\"\"\n               data-image-slug=\"img_2257-1\"\n               class=\"shutterset_12145\">\n                <img\n                    title=\"IMG_2257\"\n                    alt=\"IMG_2257\"\n                    src=\"http:\/\/www.freimarianne.ch\/wp-content\/gallery\/alp-nessel-22-8-15\/thumbs\/thumbs_IMG_2257.jpg\"\n                    width=\"100\"\n                    height=\"75\"\n                    style=\"max-width:100%;\"\n                \/>\n            <\/a>\n        <\/div>\n\t\t\t\t\t\t\t<\/div> \n\t\t\t\n        \n\t\t\t\t<div id=\"ngg-image-21\" class=\"ngg-gallery-thumbnail-box\" >\n\t\t\t\t        <div class=\"ngg-gallery-thumbnail\">\n            <a href=\"http:\/\/www.freimarianne.ch\/wp-content\/gallery\/alp-nessel-22-8-15\/IMG_2269.jpg\"\n               title=\"\"\n               data-src=\"http:\/\/www.freimarianne.ch\/wp-content\/gallery\/alp-nessel-22-8-15\/IMG_2269.jpg\"\n               data-thumbnail=\"http:\/\/www.freimarianne.ch\/wp-content\/gallery\/alp-nessel-22-8-15\/thumbs\/thumbs_IMG_2269.jpg\"\n               data-image-id=\"11176\"\n               data-title=\"IMG_2269\"\n               data-description=\"\"\n               data-image-slug=\"img_2269-3\"\n               class=\"shutterset_12145\">\n                <img\n                    title=\"IMG_2269\"\n                    alt=\"IMG_2269\"\n                    src=\"http:\/\/www.freimarianne.ch\/wp-content\/gallery\/alp-nessel-22-8-15\/thumbs\/thumbs_IMG_2269.jpg\"\n                    width=\"100\"\n                    height=\"75\"\n                    style=\"max-width:100%;\"\n                \/>\n            <\/a>\n        <\/div>\n\t\t\t\t\t\t\t<\/div> \n\t\t\t\n        \n\t\t\t\t<div id=\"ngg-image-22\" class=\"ngg-gallery-thumbnail-box\" >\n\t\t\t\t        <div class=\"ngg-gallery-thumbnail\">\n            <a href=\"http:\/\/www.freimarianne.ch\/wp-content\/gallery\/alp-nessel-22-8-15\/IMG_2271.jpg\"\n               title=\"\"\n               data-src=\"http:\/\/www.freimarianne.ch\/wp-content\/gallery\/alp-nessel-22-8-15\/IMG_2271.jpg\"\n               data-thumbnail=\"http:\/\/www.freimarianne.ch\/wp-content\/gallery\/alp-nessel-22-8-15\/thumbs\/thumbs_IMG_2271.jpg\"\n               data-image-id=\"11177\"\n               data-title=\"IMG_2271\"\n               data-description=\"\"\n               data-image-slug=\"img_2271\"\n               class=\"shutterset_12145\">\n                <img\n                    title=\"IMG_2271\"\n                    alt=\"IMG_2271\"\n                    src=\"http:\/\/www.freimarianne.ch\/wp-content\/gallery\/alp-nessel-22-8-15\/thumbs\/thumbs_IMG_2271.jpg\"\n                    width=\"100\"\n                    height=\"75\"\n                    style=\"max-width:100%;\"\n                \/>\n            <\/a>\n        <\/div>\n\t\t\t\t\t\t\t<\/div> \n\t\t\t\n        \n\t\t\t\t<div id=\"ngg-image-23\" class=\"ngg-gallery-thumbnail-box\" >\n\t\t\t\t        <div class=\"ngg-gallery-thumbnail\">\n            <a href=\"http:\/\/www.freimarianne.ch\/wp-content\/gallery\/alp-nessel-22-8-15\/IMG_2276.jpg\"\n               title=\"\"\n               data-src=\"http:\/\/www.freimarianne.ch\/wp-content\/gallery\/alp-nessel-22-8-15\/IMG_2276.jpg\"\n               data-thumbnail=\"http:\/\/www.freimarianne.ch\/wp-content\/gallery\/alp-nessel-22-8-15\/thumbs\/thumbs_IMG_2276.jpg\"\n               data-image-id=\"11178\"\n               data-title=\"IMG_2276\"\n               data-description=\"\"\n               data-image-slug=\"img_2276-1\"\n               class=\"shutterset_12145\">\n                <img\n                    title=\"IMG_2276\"\n                    alt=\"IMG_2276\"\n                    src=\"http:\/\/www.freimarianne.ch\/wp-content\/gallery\/alp-nessel-22-8-15\/thumbs\/thumbs_IMG_2276.jpg\"\n                    width=\"100\"\n                    height=\"75\"\n                    style=\"max-width:100%;\"\n                \/>\n            <\/a>\n        <\/div>\n\t\t\t\t\t\t\t<\/div> \n\t\t\t\n        \n\t\t\t\t<div id=\"ngg-image-24\" class=\"ngg-gallery-thumbnail-box\" >\n\t\t\t\t        <div class=\"ngg-gallery-thumbnail\">\n            <a href=\"http:\/\/www.freimarianne.ch\/wp-content\/gallery\/alp-nessel-22-8-15\/IMG_2283.jpg\"\n               title=\"\"\n               data-src=\"http:\/\/www.freimarianne.ch\/wp-content\/gallery\/alp-nessel-22-8-15\/IMG_2283.jpg\"\n               data-thumbnail=\"http:\/\/www.freimarianne.ch\/wp-content\/gallery\/alp-nessel-22-8-15\/thumbs\/thumbs_IMG_2283.jpg\"\n               data-image-id=\"11179\"\n               data-title=\"IMG_2283\"\n               data-description=\"\"\n               data-image-slug=\"img_2283-1\"\n               class=\"shutterset_12145\">\n                <img\n                    title=\"IMG_2283\"\n                    alt=\"IMG_2283\"\n                    src=\"http:\/\/www.freimarianne.ch\/wp-content\/gallery\/alp-nessel-22-8-15\/thumbs\/thumbs_IMG_2283.jpg\"\n                    width=\"100\"\n                    height=\"75\"\n                    style=\"max-width:100%;\"\n                \/>\n            <\/a>\n        <\/div>\n\t\t\t\t\t\t\t<\/div> \n\t\t\t\n        \n\t\t\n\t\t<!-- Pagination -->\n\t<div class='ngg-clear'><\/div>\t<\/div>\n<\/p>\n","protected":false},"excerpt":{"rendered":"<p>Bergwanderung von Mund auf die Alp Nessel; entlang der Nessjeri Suone hin\u00fcber zur Belalp mit dem Novartis Berg&amp;Ski Club Wir kommen um 9.40 h mit dem Postauto in Mund an und trinken noch einen Kaffee auf der Terrasse des Restaurants. Zu erw\u00e4hnen ist, dass wir sch\u00f6nstes Sommerwetter haben. Nach einer Gruppenfoto geht es los Richtung [&hellip;]<\/p>\n","protected":false},"author":1,"featured_media":0,"parent":10369,"menu_order":22,"comment_status":"closed","ping_status":"closed","template":"","meta":{"ngg_post_thumbnail":0},"_links":{"self":[{"href":"http:\/\/www.freimarianne.ch\/index.php?rest_route=\/wp\/v2\/pages\/12086"}],"collection":[{"href":"http:\/\/www.freimarianne.ch\/index.php?rest_route=\/wp\/v2\/pages"}],"about":[{"href":"http:\/\/www.freimarianne.ch\/index.php?rest_route=\/wp\/v2\/types\/page"}],"author":[{"embeddable":true,"href":"http:\/\/www.freimarianne.ch\/index.php?rest_route=\/wp\/v2\/users\/1"}],"replies":[{"embeddable":true,"href":"http:\/\/www.freimarianne.ch\/index.php?rest_route=%2Fwp%2Fv2%2Fcomments&post=12086"}],"version-history":[{"count":14,"href":"http:\/\/www.freimarianne.ch\/index.php?rest_route=\/wp\/v2\/pages\/12086\/revisions"}],"predecessor-version":[{"id":13000,"href":"http:\/\/www.freimarianne.ch\/index.php?rest_route=\/wp\/v2\/pages\/12086\/revisions\/13000"}],"up":[{"embeddable":true,"href":"http:\/\/www.freimarianne.ch\/index.php?rest_route=\/wp\/v2\/pages\/10369"}],"wp:attachment":[{"href":"http:\/\/www.freimarianne.ch\/index.php?rest_route=%2Fwp%2Fv2%2Fmedia&parent=12086"}],"curies":[{"name":"wp","href":"https:\/\/api.w.org\/{rel}","templated":true}]}}