{"id":16063,"date":"2016-03-23T17:08:45","date_gmt":"2016-03-23T16:08:45","guid":{"rendered":"http:\/\/www.freimarianne.ch\/?page_id=16063"},"modified":"2016-04-07T15:33:46","modified_gmt":"2016-04-07T14:33:46","slug":"sorenberg-kemmeriboden-bad-lu-10-3-2016","status":"publish","type":"page","link":"http:\/\/www.freimarianne.ch\/?page_id=16063","title":{"rendered":"S\u00f6renberg &#8211; Kemmeriboden Bad   LU  10.3.2016"},"content":{"rendered":"<p><strong>Winterwanderung von der Rossweid nach Kemmeriboden Bad<\/strong><\/p>\n<p><img loading=\"lazy\" class=\"size-full wp-image-16055\" src=\"http:\/\/www.freimarianne.ch\/wp-content\/uploads\/2016\/03\/IMG_6147_so\u0308renb_500.jpg\" alt=\"bei Ch\u00fcblisb\u00fcel; Rothornkette\" width=\"500\" height=\"333\" srcset=\"http:\/\/www.freimarianne.ch\/wp-content\/uploads\/2016\/03\/IMG_6147_so\u0308renb_500.jpg 500w, http:\/\/www.freimarianne.ch\/wp-content\/uploads\/2016\/03\/IMG_6147_so\u0308renb_500-300x200.jpg 300w, http:\/\/www.freimarianne.ch\/wp-content\/uploads\/2016\/03\/IMG_6147_so\u0308renb_500-450x300.jpg 450w\" sizes=\"(max-width: 500px) 100vw, 500px\" \/><br \/>\nbei Ch\u00fcblisb\u00fcel; Rothornkette<br \/>\nHeute ist der Himmel strahlend blau.<br \/>\nVor 11 h  komme ich in S\u00f6renberg an und gehe gleich auf die Gondelbahn, die mich auf die Rossweid 1465m bringt. Von meiner letzten Tour kenne ich den Winterwanderwg  hin\u00fcber nach Salwide und zum Salwideli. Dieser Wegabschnitt ist sehr sch\u00f6n und ich geniesse die pr\u00e4chtige Schneelandschaft und die Sicht hin\u00fcber zur Schrattenflue und zur\u00fcck  auf die Schafnase und Rossflue. Nach Westen tut sich die Sicht auf  das Tannhorn, ein prominenter Gipfel in der Rothornkette auf und daneben folgt der Hohgant und der Schibenstoll.<br \/>\nAls ich um 12 h beim Salwideli  1335 m ankomme l\u00e4uten gerade die Glocken der Kapelle. Nun senkt sich der Weg hinunter zum Wagliseiboden 1300m und ich gehe zeitweise auf der aperen Strasse (Hartbelag), was ich nicht gut finde. Ich komme \u00fcber  den Hof Schneeberg 1276m, dann \u00fcber Schneebergli, wo ich wieder aufdem Schnee gehen kann. Hier k\u00f6nnteman den dirketen Weg hinunter nach Kemmeriboddenbad nehen, der aber gesperrt ist.  So  muss ich hinunter ins Bachtobel des B\u00e4rselbaches  und wieder hinauf gegen K\u00fcblisb\u00fchlegg 1247m. Hier liegt wieder viel Schnee.Der Weg zieht sich dem Hang entlang  und in ein Bachtobel hienein  hin\u00fcber nach Ch\u00fcblisb\u00fcel und dann steige ich hinunter zum Hof Vorder Sch\u00f6nisei, wo der Weg wieder aper ist.  Nun folgt leider eine l\u00e4ngere Strecke auf Hartbelag  hinunterzum Kemmeribdenbad, wo  ich als Belohnung f\u00fcr den Frust ein kleines Meringue  geniesse.<br \/>\nDiese Wanderung sollt man bei sehr viel Schnee machen!<br \/>\nIch war um 14 h in Kemmeribodenbad. Die Tour dauert ca. 3 h und geht stetig bergab und hat wenige Gegensteigungen.<\/p>\n<p><!-- index.php -->\n<div\n\tclass=\"ngg-galleryoverview ngg-ajax-pagination-none\"\n\tid=\"ngg-gallery-16443-1\">\n\n    \t<div class=\"slideshowlink\">\n        <a href='http:\/\/www.freimarianne.ch\/index.php\/nggallery\/slideshow?page_id=16063'>[Show as slideshow]<\/a>\n\t\t\n\t<\/div>\n\t\t\t<!-- Thumbnails -->\n\t\t\t\t<div id=\"ngg-image-0\" class=\"ngg-gallery-thumbnail-box\" >\n\t\t\t\t        <div class=\"ngg-gallery-thumbnail\">\n            <a href=\"http:\/\/www.freimarianne.ch\/wp-content\/gallery\/sorenberg_kemmeri-10-3-16\/IMG_6089.jpg\"\n               title=\"Brienzerrothorngrat\"\n               data-src=\"http:\/\/www.freimarianne.ch\/wp-content\/gallery\/sorenberg_kemmeri-10-3-16\/IMG_6089.jpg\"\n               data-thumbnail=\"http:\/\/www.freimarianne.ch\/wp-content\/gallery\/sorenberg_kemmeri-10-3-16\/thumbs\/thumbs_IMG_6089.jpg\"\n               data-image-id=\"12654\"\n               data-title=\"Brienzerrothorngrat\"\n               data-description=\"Brienzerrothorngrat\"\n               data-image-slug=\"img_6089\"\n               class=\"shutterset_16443\">\n                <img\n                    title=\"Brienzerrothorngrat\"\n                    alt=\"Brienzerrothorngrat\"\n                    src=\"http:\/\/www.freimarianne.ch\/wp-content\/gallery\/sorenberg_kemmeri-10-3-16\/thumbs\/thumbs_IMG_6089.jpg\"\n                    width=\"100\"\n                    height=\"75\"\n                    style=\"max-width:100%;\"\n                \/>\n            <\/a>\n        <\/div>\n\t\t\t\t\t\t\t<\/div> \n\t\t\t\n        \n\t\t\t\t<div id=\"ngg-image-1\" class=\"ngg-gallery-thumbnail-box\" >\n\t\t\t\t        <div class=\"ngg-gallery-thumbnail\">\n            <a href=\"http:\/\/www.freimarianne.ch\/wp-content\/gallery\/sorenberg_kemmeri-10-3-16\/IMG_6091.jpg\"\n               title=\"Blick auf die Schrattenflue; Salwiden\"\n               data-src=\"http:\/\/www.freimarianne.ch\/wp-content\/gallery\/sorenberg_kemmeri-10-3-16\/IMG_6091.jpg\"\n               data-thumbnail=\"http:\/\/www.freimarianne.ch\/wp-content\/gallery\/sorenberg_kemmeri-10-3-16\/thumbs\/thumbs_IMG_6091.jpg\"\n               data-image-id=\"12655\"\n               data-title=\"Blick auf die Schrattenflue; Salwiden\"\n               data-description=\"Blick auf die Schrattenflue; Salwiden\"\n               data-image-slug=\"img_6091-1\"\n               class=\"shutterset_16443\">\n                <img\n                    title=\"Blick auf die Schrattenflue; Salwiden\"\n                    alt=\"Blick auf die Schrattenflue; Salwiden\"\n                    src=\"http:\/\/www.freimarianne.ch\/wp-content\/gallery\/sorenberg_kemmeri-10-3-16\/thumbs\/thumbs_IMG_6091.jpg\"\n                    width=\"100\"\n                    height=\"75\"\n                    style=\"max-width:100%;\"\n                \/>\n            <\/a>\n        <\/div>\n\t\t\t\t\t\t\t<\/div> \n\t\t\t\n        \n\t\t\t\t<div id=\"ngg-image-2\" class=\"ngg-gallery-thumbnail-box\" >\n\t\t\t\t        <div class=\"ngg-gallery-thumbnail\">\n            <a href=\"http:\/\/www.freimarianne.ch\/wp-content\/gallery\/sorenberg_kemmeri-10-3-16\/IMG_6095.jpg\"\n               title=\"\"\n               data-src=\"http:\/\/www.freimarianne.ch\/wp-content\/gallery\/sorenberg_kemmeri-10-3-16\/IMG_6095.jpg\"\n               data-thumbnail=\"http:\/\/www.freimarianne.ch\/wp-content\/gallery\/sorenberg_kemmeri-10-3-16\/thumbs\/thumbs_IMG_6095.jpg\"\n               data-image-id=\"12656\"\n               data-title=\"IMG_6095\"\n               data-description=\"\"\n               data-image-slug=\"img_6095\"\n               class=\"shutterset_16443\">\n                <img\n                    title=\"IMG_6095\"\n                    alt=\"IMG_6095\"\n                    src=\"http:\/\/www.freimarianne.ch\/wp-content\/gallery\/sorenberg_kemmeri-10-3-16\/thumbs\/thumbs_IMG_6095.jpg\"\n                    width=\"100\"\n                    height=\"75\"\n                    style=\"max-width:100%;\"\n                \/>\n            <\/a>\n        <\/div>\n\t\t\t\t\t\t\t<\/div> \n\t\t\t\n        \n\t\t\t\t<div id=\"ngg-image-3\" class=\"ngg-gallery-thumbnail-box\" >\n\t\t\t\t        <div class=\"ngg-gallery-thumbnail\">\n            <a href=\"http:\/\/www.freimarianne.ch\/wp-content\/gallery\/sorenberg_kemmeri-10-3-16\/IMG_6101.jpg\"\n               title=\"im Gebiet Salwiden; Chringe  1916m, H\u00f6ch Gumme 2011m, Arnihaaggen 2086m, Brienzer Rothorn 2349m\"\n               data-src=\"http:\/\/www.freimarianne.ch\/wp-content\/gallery\/sorenberg_kemmeri-10-3-16\/IMG_6101.jpg\"\n               data-thumbnail=\"http:\/\/www.freimarianne.ch\/wp-content\/gallery\/sorenberg_kemmeri-10-3-16\/thumbs\/thumbs_IMG_6101.jpg\"\n               data-image-id=\"12657\"\n               data-title=\"im Gebiet Salwiden; Chringe  1916m, H\u00c3\u00b6ch Gumme 2011m, Arnihaaggen 2086m, Brienzer Rothorn 2349m\"\n               data-description=\"im Gebiet Salwiden; Chringe  1916m, H\u00f6ch Gumme 2011m, Arnihaaggen 2086m, Brienzer Rothorn 2349m\"\n               data-image-slug=\"img_6101\"\n               class=\"shutterset_16443\">\n                <img\n                    title=\"im Gebiet Salwiden; Chringe  1916m, H\u00c3\u00b6ch Gumme 2011m, Arnihaaggen 2086m, Brienzer Rothorn 2349m\"\n                    alt=\"im Gebiet Salwiden; Chringe  1916m, H\u00c3\u00b6ch Gumme 2011m, Arnihaaggen 2086m, Brienzer Rothorn 2349m\"\n                    src=\"http:\/\/www.freimarianne.ch\/wp-content\/gallery\/sorenberg_kemmeri-10-3-16\/thumbs\/thumbs_IMG_6101.jpg\"\n                    width=\"100\"\n                    height=\"75\"\n                    style=\"max-width:100%;\"\n                \/>\n            <\/a>\n        <\/div>\n\t\t\t\t\t\t\t<\/div> \n\t\t\t\n        \n\t\t\t\t<div id=\"ngg-image-4\" class=\"ngg-gallery-thumbnail-box\" >\n\t\t\t\t        <div class=\"ngg-gallery-thumbnail\">\n            <a href=\"http:\/\/www.freimarianne.ch\/wp-content\/gallery\/sorenberg_kemmeri-10-3-16\/IMG_6110.jpg\"\n               title=\"Salwideli 1353m\"\n               data-src=\"http:\/\/www.freimarianne.ch\/wp-content\/gallery\/sorenberg_kemmeri-10-3-16\/IMG_6110.jpg\"\n               data-thumbnail=\"http:\/\/www.freimarianne.ch\/wp-content\/gallery\/sorenberg_kemmeri-10-3-16\/thumbs\/thumbs_IMG_6110.jpg\"\n               data-image-id=\"12658\"\n               data-title=\"Salwideli 1353m\"\n               data-description=\"Salwideli 1353m\"\n               data-image-slug=\"img_6110\"\n               class=\"shutterset_16443\">\n                <img\n                    title=\"Salwideli 1353m\"\n                    alt=\"Salwideli 1353m\"\n                    src=\"http:\/\/www.freimarianne.ch\/wp-content\/gallery\/sorenberg_kemmeri-10-3-16\/thumbs\/thumbs_IMG_6110.jpg\"\n                    width=\"100\"\n                    height=\"75\"\n                    style=\"max-width:100%;\"\n                \/>\n            <\/a>\n        <\/div>\n\t\t\t\t\t\t\t<\/div> \n\t\t\t\n        \n\t\t\t\t<div id=\"ngg-image-5\" class=\"ngg-gallery-thumbnail-box\" >\n\t\t\t\t        <div class=\"ngg-gallery-thumbnail\">\n            <a href=\"http:\/\/www.freimarianne.ch\/wp-content\/gallery\/sorenberg_kemmeri-10-3-16\/IMG_6117.jpg\"\n               title=\"es geht hinunter gegen Wagliseiboden; mit re Hohgant; li Tannhorn 2221m\"\n               data-src=\"http:\/\/www.freimarianne.ch\/wp-content\/gallery\/sorenberg_kemmeri-10-3-16\/IMG_6117.jpg\"\n               data-thumbnail=\"http:\/\/www.freimarianne.ch\/wp-content\/gallery\/sorenberg_kemmeri-10-3-16\/thumbs\/thumbs_IMG_6117.jpg\"\n               data-image-id=\"12659\"\n               data-title=\"es geht hinunter gegen Wagliseiboden; mit re Hohgant; li Tannhorn 2221m\"\n               data-description=\"es geht hinunter gegen Wagliseiboden; mit re Hohgant; li Tannhorn 2221m\"\n               data-image-slug=\"img_6117\"\n               class=\"shutterset_16443\">\n                <img\n                    title=\"es geht hinunter gegen Wagliseiboden; mit re Hohgant; li Tannhorn 2221m\"\n                    alt=\"es geht hinunter gegen Wagliseiboden; mit re Hohgant; li Tannhorn 2221m\"\n                    src=\"http:\/\/www.freimarianne.ch\/wp-content\/gallery\/sorenberg_kemmeri-10-3-16\/thumbs\/thumbs_IMG_6117.jpg\"\n                    width=\"100\"\n                    height=\"75\"\n                    style=\"max-width:100%;\"\n                \/>\n            <\/a>\n        <\/div>\n\t\t\t\t\t\t\t<\/div> \n\t\t\t\n        \n\t\t\t\t<div id=\"ngg-image-6\" class=\"ngg-gallery-thumbnail-box\" >\n\t\t\t\t        <div class=\"ngg-gallery-thumbnail\">\n            <a href=\"http:\/\/www.freimarianne.ch\/wp-content\/gallery\/sorenberg_kemmeri-10-3-16\/IMG_6127.jpg\"\n               title=\"Brienzergrat; vo Augsmatthorn\"\n               data-src=\"http:\/\/www.freimarianne.ch\/wp-content\/gallery\/sorenberg_kemmeri-10-3-16\/IMG_6127.jpg\"\n               data-thumbnail=\"http:\/\/www.freimarianne.ch\/wp-content\/gallery\/sorenberg_kemmeri-10-3-16\/thumbs\/thumbs_IMG_6127.jpg\"\n               data-image-id=\"12660\"\n               data-title=\"Brienzergrat; vo Augsmatthorn\"\n               data-description=\"Brienzergrat; vo Augsmatthorn\"\n               data-image-slug=\"img_6127-1\"\n               class=\"shutterset_16443\">\n                <img\n                    title=\"Brienzergrat; vo Augsmatthorn\"\n                    alt=\"Brienzergrat; vo Augsmatthorn\"\n                    src=\"http:\/\/www.freimarianne.ch\/wp-content\/gallery\/sorenberg_kemmeri-10-3-16\/thumbs\/thumbs_IMG_6127.jpg\"\n                    width=\"100\"\n                    height=\"75\"\n                    style=\"max-width:100%;\"\n                \/>\n            <\/a>\n        <\/div>\n\t\t\t\t\t\t\t<\/div> \n\t\t\t\n        \n\t\t\t\t<div id=\"ngg-image-7\" class=\"ngg-gallery-thumbnail-box\" >\n\t\t\t\t        <div class=\"ngg-gallery-thumbnail\">\n            <a href=\"http:\/\/www.freimarianne.ch\/wp-content\/gallery\/sorenberg_kemmeri-10-3-16\/IMG_6130.jpg\"\n               title=\"Schneeb\u00e4rgli  1281m\"\n               data-src=\"http:\/\/www.freimarianne.ch\/wp-content\/gallery\/sorenberg_kemmeri-10-3-16\/IMG_6130.jpg\"\n               data-thumbnail=\"http:\/\/www.freimarianne.ch\/wp-content\/gallery\/sorenberg_kemmeri-10-3-16\/thumbs\/thumbs_IMG_6130.jpg\"\n               data-image-id=\"12661\"\n               data-title=\"Schneeb\u00c3\u00a4rgli  1281m\"\n               data-description=\"Schneeb\u00e4rgli  1281m\"\n               data-image-slug=\"img_6130\"\n               class=\"shutterset_16443\">\n                <img\n                    title=\"Schneeb\u00c3\u00a4rgli  1281m\"\n                    alt=\"Schneeb\u00c3\u00a4rgli  1281m\"\n                    src=\"http:\/\/www.freimarianne.ch\/wp-content\/gallery\/sorenberg_kemmeri-10-3-16\/thumbs\/thumbs_IMG_6130.jpg\"\n                    width=\"100\"\n                    height=\"75\"\n                    style=\"max-width:100%;\"\n                \/>\n            <\/a>\n        <\/div>\n\t\t\t\t\t\t\t<\/div> \n\t\t\t\n        \n\t\t\t\t<div id=\"ngg-image-8\" class=\"ngg-gallery-thumbnail-box\" >\n\t\t\t\t        <div class=\"ngg-gallery-thumbnail\">\n            <a href=\"http:\/\/www.freimarianne.ch\/wp-content\/gallery\/sorenberg_kemmeri-10-3-16\/IMG_6144.jpg\"\n               title=\"das Tal des B\u00e4rselbaches\"\n               data-src=\"http:\/\/www.freimarianne.ch\/wp-content\/gallery\/sorenberg_kemmeri-10-3-16\/IMG_6144.jpg\"\n               data-thumbnail=\"http:\/\/www.freimarianne.ch\/wp-content\/gallery\/sorenberg_kemmeri-10-3-16\/thumbs\/thumbs_IMG_6144.jpg\"\n               data-image-id=\"12662\"\n               data-title=\"das Tal des B\u00c3\u00a4rselbaches\"\n               data-description=\"das Tal des B\u00e4rselbaches\"\n               data-image-slug=\"img_6144-1\"\n               class=\"shutterset_16443\">\n                <img\n                    title=\"das Tal des B\u00c3\u00a4rselbaches\"\n                    alt=\"das Tal des B\u00c3\u00a4rselbaches\"\n                    src=\"http:\/\/www.freimarianne.ch\/wp-content\/gallery\/sorenberg_kemmeri-10-3-16\/thumbs\/thumbs_IMG_6144.jpg\"\n                    width=\"100\"\n                    height=\"75\"\n                    style=\"max-width:100%;\"\n                \/>\n            <\/a>\n        <\/div>\n\t\t\t\t\t\t\t<\/div> \n\t\t\t\n        \n\t\t\t\t<div id=\"ngg-image-9\" class=\"ngg-gallery-thumbnail-box\" >\n\t\t\t\t        <div class=\"ngg-gallery-thumbnail\">\n            <a href=\"http:\/\/www.freimarianne.ch\/wp-content\/gallery\/sorenberg_kemmeri-10-3-16\/IMG_6145.jpg\"\n               title=\"Ch\u00fcblisb\u00fcel\"\n               data-src=\"http:\/\/www.freimarianne.ch\/wp-content\/gallery\/sorenberg_kemmeri-10-3-16\/IMG_6145.jpg\"\n               data-thumbnail=\"http:\/\/www.freimarianne.ch\/wp-content\/gallery\/sorenberg_kemmeri-10-3-16\/thumbs\/thumbs_IMG_6145.jpg\"\n               data-image-id=\"12663\"\n               data-title=\"Ch\u00c3\u00bcblisb\u00c3\u00bcel\"\n               data-description=\"Ch\u00fcblisb\u00fcel\"\n               data-image-slug=\"img_6145\"\n               class=\"shutterset_16443\">\n                <img\n                    title=\"Ch\u00c3\u00bcblisb\u00c3\u00bcel\"\n                    alt=\"Ch\u00c3\u00bcblisb\u00c3\u00bcel\"\n                    src=\"http:\/\/www.freimarianne.ch\/wp-content\/gallery\/sorenberg_kemmeri-10-3-16\/thumbs\/thumbs_IMG_6145.jpg\"\n                    width=\"100\"\n                    height=\"75\"\n                    style=\"max-width:100%;\"\n                \/>\n            <\/a>\n        <\/div>\n\t\t\t\t\t\t\t<\/div> \n\t\t\t\n        \n\t\t\t\t<div id=\"ngg-image-10\" class=\"ngg-gallery-thumbnail-box\" >\n\t\t\t\t        <div class=\"ngg-gallery-thumbnail\">\n            <a href=\"http:\/\/www.freimarianne.ch\/wp-content\/gallery\/sorenberg_kemmeri-10-3-16\/IMG_6146.jpg\"\n               title=\"bei Ch\u00fcblisb\u00fcel; Rothornkette\"\n               data-src=\"http:\/\/www.freimarianne.ch\/wp-content\/gallery\/sorenberg_kemmeri-10-3-16\/IMG_6146.jpg\"\n               data-thumbnail=\"http:\/\/www.freimarianne.ch\/wp-content\/gallery\/sorenberg_kemmeri-10-3-16\/thumbs\/thumbs_IMG_6146.jpg\"\n               data-image-id=\"12664\"\n               data-title=\"bei Ch\u00c3\u00bcblisb\u00c3\u00bcel; Rothornkette\"\n               data-description=\"bei Ch\u00fcblisb\u00fcel; Rothornkette\"\n               data-image-slug=\"img_6146\"\n               class=\"shutterset_16443\">\n                <img\n                    title=\"bei Ch\u00c3\u00bcblisb\u00c3\u00bcel; Rothornkette\"\n                    alt=\"bei Ch\u00c3\u00bcblisb\u00c3\u00bcel; Rothornkette\"\n                    src=\"http:\/\/www.freimarianne.ch\/wp-content\/gallery\/sorenberg_kemmeri-10-3-16\/thumbs\/thumbs_IMG_6146.jpg\"\n                    width=\"100\"\n                    height=\"75\"\n                    style=\"max-width:100%;\"\n                \/>\n            <\/a>\n        <\/div>\n\t\t\t\t\t\t\t<\/div> \n\t\t\t\n        \n\t\t\t\t<div id=\"ngg-image-11\" class=\"ngg-gallery-thumbnail-box\" >\n\t\t\t\t        <div class=\"ngg-gallery-thumbnail\">\n            <a href=\"http:\/\/www.freimarianne.ch\/wp-content\/gallery\/sorenberg_kemmeri-10-3-16\/IMG_6151.jpg\"\n               title=\"Tannhorn 2221m\"\n               data-src=\"http:\/\/www.freimarianne.ch\/wp-content\/gallery\/sorenberg_kemmeri-10-3-16\/IMG_6151.jpg\"\n               data-thumbnail=\"http:\/\/www.freimarianne.ch\/wp-content\/gallery\/sorenberg_kemmeri-10-3-16\/thumbs\/thumbs_IMG_6151.jpg\"\n               data-image-id=\"12665\"\n               data-title=\"Tannhorn 2221m\"\n               data-description=\"Tannhorn 2221m\"\n               data-image-slug=\"img_6151-1\"\n               class=\"shutterset_16443\">\n                <img\n                    title=\"Tannhorn 2221m\"\n                    alt=\"Tannhorn 2221m\"\n                    src=\"http:\/\/www.freimarianne.ch\/wp-content\/gallery\/sorenberg_kemmeri-10-3-16\/thumbs\/thumbs_IMG_6151.jpg\"\n                    width=\"100\"\n                    height=\"75\"\n                    style=\"max-width:100%;\"\n                \/>\n            <\/a>\n        <\/div>\n\t\t\t\t\t\t\t<\/div> \n\t\t\t\n        \n\t\t\t\t<div id=\"ngg-image-12\" class=\"ngg-gallery-thumbnail-box\" >\n\t\t\t\t        <div class=\"ngg-gallery-thumbnail\">\n            <a href=\"http:\/\/www.freimarianne.ch\/wp-content\/gallery\/sorenberg_kemmeri-10-3-16\/IMG_6152.jpg\"\n               title=\"Schibeng\u00fctsch\"\n               data-src=\"http:\/\/www.freimarianne.ch\/wp-content\/gallery\/sorenberg_kemmeri-10-3-16\/IMG_6152.jpg\"\n               data-thumbnail=\"http:\/\/www.freimarianne.ch\/wp-content\/gallery\/sorenberg_kemmeri-10-3-16\/thumbs\/thumbs_IMG_6152.jpg\"\n               data-image-id=\"12666\"\n               data-title=\"Schibeng\u00c3\u00bctsch\"\n               data-description=\"Schibeng\u00fctsch\"\n               data-image-slug=\"img_6152-1\"\n               class=\"shutterset_16443\">\n                <img\n                    title=\"Schibeng\u00c3\u00bctsch\"\n                    alt=\"Schibeng\u00c3\u00bctsch\"\n                    src=\"http:\/\/www.freimarianne.ch\/wp-content\/gallery\/sorenberg_kemmeri-10-3-16\/thumbs\/thumbs_IMG_6152.jpg\"\n                    width=\"100\"\n                    height=\"75\"\n                    style=\"max-width:100%;\"\n                \/>\n            <\/a>\n        <\/div>\n\t\t\t\t\t\t\t<\/div> \n\t\t\t\n        \n\t\t\t\t<div id=\"ngg-image-13\" class=\"ngg-gallery-thumbnail-box\" >\n\t\t\t\t        <div class=\"ngg-gallery-thumbnail\">\n            <a href=\"http:\/\/www.freimarianne.ch\/wp-content\/gallery\/sorenberg_kemmeri-10-3-16\/IMG_6155.jpg\"\n               title=\"Hinunter zum Hof Vordersch\u00f6nisei\"\n               data-src=\"http:\/\/www.freimarianne.ch\/wp-content\/gallery\/sorenberg_kemmeri-10-3-16\/IMG_6155.jpg\"\n               data-thumbnail=\"http:\/\/www.freimarianne.ch\/wp-content\/gallery\/sorenberg_kemmeri-10-3-16\/thumbs\/thumbs_IMG_6155.jpg\"\n               data-image-id=\"12667\"\n               data-title=\"Hinunter zum Hof Vordersch\u00c3\u00b6nisei\"\n               data-description=\"Hinunter zum Hof Vordersch\u00f6nisei\"\n               data-image-slug=\"img_6155-2\"\n               class=\"shutterset_16443\">\n                <img\n                    title=\"Hinunter zum Hof Vordersch\u00c3\u00b6nisei\"\n                    alt=\"Hinunter zum Hof Vordersch\u00c3\u00b6nisei\"\n                    src=\"http:\/\/www.freimarianne.ch\/wp-content\/gallery\/sorenberg_kemmeri-10-3-16\/thumbs\/thumbs_IMG_6155.jpg\"\n                    width=\"100\"\n                    height=\"75\"\n                    style=\"max-width:100%;\"\n                \/>\n            <\/a>\n        <\/div>\n\t\t\t\t\t\t\t<\/div> \n\t\t\t\n        \n\t\t\t\t<div id=\"ngg-image-14\" class=\"ngg-gallery-thumbnail-box\" >\n\t\t\t\t        <div class=\"ngg-gallery-thumbnail\">\n            <a href=\"http:\/\/www.freimarianne.ch\/wp-content\/gallery\/sorenberg_kemmeri-10-3-16\/IMG_6158.jpg\"\n               title=\"Brienzerkette\"\n               data-src=\"http:\/\/www.freimarianne.ch\/wp-content\/gallery\/sorenberg_kemmeri-10-3-16\/IMG_6158.jpg\"\n               data-thumbnail=\"http:\/\/www.freimarianne.ch\/wp-content\/gallery\/sorenberg_kemmeri-10-3-16\/thumbs\/thumbs_IMG_6158.jpg\"\n               data-image-id=\"12668\"\n               data-title=\"Brienzerkette\"\n               data-description=\"Brienzerkette\"\n               data-image-slug=\"img_6158-1\"\n               class=\"shutterset_16443\">\n                <img\n                    title=\"Brienzerkette\"\n                    alt=\"Brienzerkette\"\n                    src=\"http:\/\/www.freimarianne.ch\/wp-content\/gallery\/sorenberg_kemmeri-10-3-16\/thumbs\/thumbs_IMG_6158.jpg\"\n                    width=\"100\"\n                    height=\"75\"\n                    style=\"max-width:100%;\"\n                \/>\n            <\/a>\n        <\/div>\n\t\t\t\t\t\t\t<\/div> \n\t\t\t\n        \n\t\t\t\t<div id=\"ngg-image-15\" class=\"ngg-gallery-thumbnail-box\" >\n\t\t\t\t        <div class=\"ngg-gallery-thumbnail\">\n            <a href=\"http:\/\/www.freimarianne.ch\/wp-content\/gallery\/sorenberg_kemmeri-10-3-16\/IMG_6162.jpg\"\n               title=\"\"\n               data-src=\"http:\/\/www.freimarianne.ch\/wp-content\/gallery\/sorenberg_kemmeri-10-3-16\/IMG_6162.jpg\"\n               data-thumbnail=\"http:\/\/www.freimarianne.ch\/wp-content\/gallery\/sorenberg_kemmeri-10-3-16\/thumbs\/thumbs_IMG_6162.jpg\"\n               data-image-id=\"12669\"\n               data-title=\"IMG_6162\"\n               data-description=\"\"\n               data-image-slug=\"img_6162\"\n               class=\"shutterset_16443\">\n                <img\n                    title=\"IMG_6162\"\n                    alt=\"IMG_6162\"\n                    src=\"http:\/\/www.freimarianne.ch\/wp-content\/gallery\/sorenberg_kemmeri-10-3-16\/thumbs\/thumbs_IMG_6162.jpg\"\n                    width=\"100\"\n                    height=\"75\"\n                    style=\"max-width:100%;\"\n                \/>\n            <\/a>\n        <\/div>\n\t\t\t\t\t\t\t<\/div> \n\t\t\t\n        \n\t\t\t\t<div id=\"ngg-image-16\" class=\"ngg-gallery-thumbnail-box\" >\n\t\t\t\t        <div class=\"ngg-gallery-thumbnail\">\n            <a href=\"http:\/\/www.freimarianne.ch\/wp-content\/gallery\/sorenberg_kemmeri-10-3-16\/IMG_6171.jpg\"\n               title=\"Kemmeribodenbad\"\n               data-src=\"http:\/\/www.freimarianne.ch\/wp-content\/gallery\/sorenberg_kemmeri-10-3-16\/IMG_6171.jpg\"\n               data-thumbnail=\"http:\/\/www.freimarianne.ch\/wp-content\/gallery\/sorenberg_kemmeri-10-3-16\/thumbs\/thumbs_IMG_6171.jpg\"\n               data-image-id=\"12670\"\n               data-title=\"Kemmeribodenbad\"\n               data-description=\"Kemmeribodenbad\"\n               data-image-slug=\"img_6171-2\"\n               class=\"shutterset_16443\">\n                <img\n                    title=\"Kemmeribodenbad\"\n                    alt=\"Kemmeribodenbad\"\n                    src=\"http:\/\/www.freimarianne.ch\/wp-content\/gallery\/sorenberg_kemmeri-10-3-16\/thumbs\/thumbs_IMG_6171.jpg\"\n                    width=\"100\"\n                    height=\"75\"\n                    style=\"max-width:100%;\"\n                \/>\n            <\/a>\n        <\/div>\n\t\t\t\t\t\t\t<\/div> \n\t\t\t\n        \n\t\t\n\t\t<!-- Pagination -->\n\t<div class='ngg-clear'><\/div>\t<\/div>\n<\/p>\n","protected":false},"excerpt":{"rendered":"<p>Winterwanderung von der Rossweid nach Kemmeriboden Bad bei Ch\u00fcblisb\u00fcel; Rothornkette Heute ist der Himmel strahlend blau. Vor 11 h komme ich in S\u00f6renberg an und gehe gleich auf die Gondelbahn, die mich auf die Rossweid 1465m bringt. Von meiner letzten Tour kenne ich den Winterwanderwg hin\u00fcber nach Salwide und zum Salwideli. Dieser Wegabschnitt ist sehr [&hellip;]<\/p>\n","protected":false},"author":1,"featured_media":0,"parent":14834,"menu_order":27,"comment_status":"closed","ping_status":"closed","template":"","meta":{"ngg_post_thumbnail":0},"_links":{"self":[{"href":"http:\/\/www.freimarianne.ch\/index.php?rest_route=\/wp\/v2\/pages\/16063"}],"collection":[{"href":"http:\/\/www.freimarianne.ch\/index.php?rest_route=\/wp\/v2\/pages"}],"about":[{"href":"http:\/\/www.freimarianne.ch\/index.php?rest_route=\/wp\/v2\/types\/page"}],"author":[{"embeddable":true,"href":"http:\/\/www.freimarianne.ch\/index.php?rest_route=\/wp\/v2\/users\/1"}],"replies":[{"embeddable":true,"href":"http:\/\/www.freimarianne.ch\/index.php?rest_route=%2Fwp%2Fv2%2Fcomments&post=16063"}],"version-history":[{"count":4,"href":"http:\/\/www.freimarianne.ch\/index.php?rest_route=\/wp\/v2\/pages\/16063\/revisions"}],"predecessor-version":[{"id":16532,"href":"http:\/\/www.freimarianne.ch\/index.php?rest_route=\/wp\/v2\/pages\/16063\/revisions\/16532"}],"up":[{"embeddable":true,"href":"http:\/\/www.freimarianne.ch\/index.php?rest_route=\/wp\/v2\/pages\/14834"}],"wp:attachment":[{"href":"http:\/\/www.freimarianne.ch\/index.php?rest_route=%2Fwp%2Fv2%2Fmedia&parent=16063"}],"curies":[{"name":"wp","href":"https:\/\/api.w.org\/{rel}","templated":true}]}}