{"id":16067,"date":"2016-03-23T17:11:58","date_gmt":"2016-03-23T16:11:58","guid":{"rendered":"http:\/\/www.freimarianne.ch\/?page_id=16067"},"modified":"2016-04-07T15:51:25","modified_gmt":"2016-04-07T14:51:25","slug":"fiescheralp-bettmeral-riederalp-vs-15-3-2016","status":"publish","type":"page","link":"http:\/\/www.freimarianne.ch\/?page_id=16067","title":{"rendered":"Fiescheralp &#8211; Bettmeralp  &#8211; Riederalp   VS    15.3.2016"},"content":{"rendered":"<p><strong>Winterwanderung mit dem Akzentforum<\/strong><\/p>\n<p><img loading=\"lazy\" class=\"size-full wp-image-16056\" src=\"http:\/\/www.freimarianne.ch\/wp-content\/uploads\/2016\/03\/IMG_5896_fiescheralp_500.jpg\" alt=\"Winterlandschaft\" width=\"500\" height=\"375\" srcset=\"http:\/\/www.freimarianne.ch\/wp-content\/uploads\/2016\/03\/IMG_5896_fiescheralp_500.jpg 500w, http:\/\/www.freimarianne.ch\/wp-content\/uploads\/2016\/03\/IMG_5896_fiescheralp_500-300x225.jpg 300w, http:\/\/www.freimarianne.ch\/wp-content\/uploads\/2016\/03\/IMG_5896_fiescheralp_500-400x300.jpg 400w\" sizes=\"(max-width: 500px) 100vw, 500px\" \/><br \/>\nWir kommen um 10.17h an auf der Fiescheralp und brauchen zurst eine St\u00e4rkung nach der langen Reise.<br \/>\nDann machen wir uns auf den Weg. Der Himmel ist leider nicht blau sondern milchig weiss aber wir haben eine gute Sicht auf die umliegenden Berge. So wandern wir durch die  weisse Winterwelt auf und ab und hin\u00fcber zur Bettmeralp, wo wir zum Mittagessen einkehren. Dann geht es weiter hinauf zum Bettmersee und hin\u00fcber \u00fcber den Berg zur Riederalp.<br \/>\nWir waren ca. 3h unterwegs  und haben die Wanderung durch die stille Winterwelt genossen.<br \/>\nDanke f\u00fcr\u2019s Mitmachen.<br \/>\n<!-- index.php -->\n<div\n\tclass=\"ngg-galleryoverview ngg-ajax-pagination-none\"\n\tid=\"ngg-gallery-16445-1\">\n\n    \t<div class=\"slideshowlink\">\n        <a href='http:\/\/www.freimarianne.ch\/index.php\/nggallery\/slideshow?page_id=16067'>[Show as slideshow]<\/a>\n\t\t\n\t<\/div>\n\t\t\t<!-- Thumbnails -->\n\t\t\t\t<div id=\"ngg-image-0\" class=\"ngg-gallery-thumbnail-box\" >\n\t\t\t\t        <div class=\"ngg-gallery-thumbnail\">\n            <a href=\"http:\/\/www.freimarianne.ch\/wp-content\/gallery\/fiescheralp-15-3-16\/IMG_5861.jpg\"\n               title=\"Sicht hinuntr auf Fiesch\"\n               data-src=\"http:\/\/www.freimarianne.ch\/wp-content\/gallery\/fiescheralp-15-3-16\/IMG_5861.jpg\"\n               data-thumbnail=\"http:\/\/www.freimarianne.ch\/wp-content\/gallery\/fiescheralp-15-3-16\/thumbs\/thumbs_IMG_5861.jpg\"\n               data-image-id=\"12671\"\n               data-title=\"Sicht hinuntr auf Fiesch\"\n               data-description=\"Sicht hinuntr auf Fiesch\"\n               data-image-slug=\"img_5861-1\"\n               class=\"shutterset_16445\">\n                <img\n                    title=\"Sicht hinuntr auf Fiesch\"\n                    alt=\"Sicht hinuntr auf Fiesch\"\n                    src=\"http:\/\/www.freimarianne.ch\/wp-content\/gallery\/fiescheralp-15-3-16\/thumbs\/thumbs_IMG_5861.jpg\"\n                    width=\"100\"\n                    height=\"75\"\n                    style=\"max-width:100%;\"\n                \/>\n            <\/a>\n        <\/div>\n\t\t\t\t\t\t\t<\/div> \n\t\t\t\n        \n\t\t\t\t<div id=\"ngg-image-1\" class=\"ngg-gallery-thumbnail-box\" >\n\t\t\t\t        <div class=\"ngg-gallery-thumbnail\">\n            <a href=\"http:\/\/www.freimarianne.ch\/wp-content\/gallery\/fiescheralp-15-3-16\/IMG_5866.jpg\"\n               title=\"hi Bortelhorn,  B\u00e4ttlihorn, Gr. Huwetz, F\u00fcllhorn\"\n               data-src=\"http:\/\/www.freimarianne.ch\/wp-content\/gallery\/fiescheralp-15-3-16\/IMG_5866.jpg\"\n               data-thumbnail=\"http:\/\/www.freimarianne.ch\/wp-content\/gallery\/fiescheralp-15-3-16\/thumbs\/thumbs_IMG_5866.jpg\"\n               data-image-id=\"12672\"\n               data-title=\"hi Bortelhorn,  B\u00c3\u00a4ttlihorn, Gr. Huwetz, F\u00c3\u00bcllhorn\"\n               data-description=\"hi Bortelhorn,  B\u00e4ttlihorn, Gr. Huwetz, F\u00fcllhorn\"\n               data-image-slug=\"img_5866-1\"\n               class=\"shutterset_16445\">\n                <img\n                    title=\"hi Bortelhorn,  B\u00c3\u00a4ttlihorn, Gr. Huwetz, F\u00c3\u00bcllhorn\"\n                    alt=\"hi Bortelhorn,  B\u00c3\u00a4ttlihorn, Gr. Huwetz, F\u00c3\u00bcllhorn\"\n                    src=\"http:\/\/www.freimarianne.ch\/wp-content\/gallery\/fiescheralp-15-3-16\/thumbs\/thumbs_IMG_5866.jpg\"\n                    width=\"100\"\n                    height=\"75\"\n                    style=\"max-width:100%;\"\n                \/>\n            <\/a>\n        <\/div>\n\t\t\t\t\t\t\t<\/div> \n\t\t\t\n        \n\t\t\t\t<div id=\"ngg-image-2\" class=\"ngg-gallery-thumbnail-box\" >\n\t\t\t\t        <div class=\"ngg-gallery-thumbnail\">\n            <a href=\"http:\/\/www.freimarianne.ch\/wp-content\/gallery\/fiescheralp-15-3-16\/IMG_5868.jpg\"\n               title=\"wundersch\u00f6ne Stimmung; von Ober Rappenhorn bis  Gross Schinhorn\"\n               data-src=\"http:\/\/www.freimarianne.ch\/wp-content\/gallery\/fiescheralp-15-3-16\/IMG_5868.jpg\"\n               data-thumbnail=\"http:\/\/www.freimarianne.ch\/wp-content\/gallery\/fiescheralp-15-3-16\/thumbs\/thumbs_IMG_5868.jpg\"\n               data-image-id=\"12673\"\n               data-title=\"wundersch\u00c3\u00b6ne Stimmung; von Ober Rappenhorn bis  Gross Schinhorn\"\n               data-description=\"wundersch\u00f6ne Stimmung; von Ober Rappenhorn bis  Gross Schinhorn\"\n               data-image-slug=\"img_5868\"\n               class=\"shutterset_16445\">\n                <img\n                    title=\"wundersch\u00c3\u00b6ne Stimmung; von Ober Rappenhorn bis  Gross Schinhorn\"\n                    alt=\"wundersch\u00c3\u00b6ne Stimmung; von Ober Rappenhorn bis  Gross Schinhorn\"\n                    src=\"http:\/\/www.freimarianne.ch\/wp-content\/gallery\/fiescheralp-15-3-16\/thumbs\/thumbs_IMG_5868.jpg\"\n                    width=\"100\"\n                    height=\"75\"\n                    style=\"max-width:100%;\"\n                \/>\n            <\/a>\n        <\/div>\n\t\t\t\t\t\t\t<\/div> \n\t\t\t\n        \n\t\t\t\t<div id=\"ngg-image-3\" class=\"ngg-gallery-thumbnail-box\" >\n\t\t\t\t        <div class=\"ngg-gallery-thumbnail\">\n            <a href=\"http:\/\/www.freimarianne.ch\/wp-content\/gallery\/fiescheralp-15-3-16\/IMG_5875.jpg\"\n               title=\"Wandern mit Bergpanorama\"\n               data-src=\"http:\/\/www.freimarianne.ch\/wp-content\/gallery\/fiescheralp-15-3-16\/IMG_5875.jpg\"\n               data-thumbnail=\"http:\/\/www.freimarianne.ch\/wp-content\/gallery\/fiescheralp-15-3-16\/thumbs\/thumbs_IMG_5875.jpg\"\n               data-image-id=\"12674\"\n               data-title=\"Wandern mit Bergpanorama\"\n               data-description=\"Wandern mit Bergpanorama\"\n               data-image-slug=\"img_5875\"\n               class=\"shutterset_16445\">\n                <img\n                    title=\"Wandern mit Bergpanorama\"\n                    alt=\"Wandern mit Bergpanorama\"\n                    src=\"http:\/\/www.freimarianne.ch\/wp-content\/gallery\/fiescheralp-15-3-16\/thumbs\/thumbs_IMG_5875.jpg\"\n                    width=\"100\"\n                    height=\"75\"\n                    style=\"max-width:100%;\"\n                \/>\n            <\/a>\n        <\/div>\n\t\t\t\t\t\t\t<\/div> \n\t\t\t\n        \n\t\t\t\t<div id=\"ngg-image-4\" class=\"ngg-gallery-thumbnail-box\" >\n\t\t\t\t        <div class=\"ngg-gallery-thumbnail\">\n            <a href=\"http:\/\/www.freimarianne.ch\/wp-content\/gallery\/fiescheralp-15-3-16\/IMG_5879.jpg\"\n               title=\"Wandern in pr\u00e4chtiger Umgebung\"\n               data-src=\"http:\/\/www.freimarianne.ch\/wp-content\/gallery\/fiescheralp-15-3-16\/IMG_5879.jpg\"\n               data-thumbnail=\"http:\/\/www.freimarianne.ch\/wp-content\/gallery\/fiescheralp-15-3-16\/thumbs\/thumbs_IMG_5879.jpg\"\n               data-image-id=\"12675\"\n               data-title=\"Wandern in pr\u00c3\u00a4chtiger Umgebung\"\n               data-description=\"Wandern in pr\u00e4chtiger Umgebung\"\n               data-image-slug=\"img_5879\"\n               class=\"shutterset_16445\">\n                <img\n                    title=\"Wandern in pr\u00c3\u00a4chtiger Umgebung\"\n                    alt=\"Wandern in pr\u00c3\u00a4chtiger Umgebung\"\n                    src=\"http:\/\/www.freimarianne.ch\/wp-content\/gallery\/fiescheralp-15-3-16\/thumbs\/thumbs_IMG_5879.jpg\"\n                    width=\"100\"\n                    height=\"75\"\n                    style=\"max-width:100%;\"\n                \/>\n            <\/a>\n        <\/div>\n\t\t\t\t\t\t\t<\/div> \n\t\t\t\n        \n\t\t\t\t<div id=\"ngg-image-5\" class=\"ngg-gallery-thumbnail-box\" >\n\t\t\t\t        <div class=\"ngg-gallery-thumbnail\">\n            <a href=\"http:\/\/www.freimarianne.ch\/wp-content\/gallery\/fiescheralp-15-3-16\/IMG_5880.jpg\"\n               title=\"Wandern in pr\u00e4chtiger Umgebung\"\n               data-src=\"http:\/\/www.freimarianne.ch\/wp-content\/gallery\/fiescheralp-15-3-16\/IMG_5880.jpg\"\n               data-thumbnail=\"http:\/\/www.freimarianne.ch\/wp-content\/gallery\/fiescheralp-15-3-16\/thumbs\/thumbs_IMG_5880.jpg\"\n               data-image-id=\"12676\"\n               data-title=\"Wandern in pr\u00c3\u00a4chtiger Umgebung\"\n               data-description=\"Wandern in pr\u00e4chtiger Umgebung\"\n               data-image-slug=\"img_5880-2\"\n               class=\"shutterset_16445\">\n                <img\n                    title=\"Wandern in pr\u00c3\u00a4chtiger Umgebung\"\n                    alt=\"Wandern in pr\u00c3\u00a4chtiger Umgebung\"\n                    src=\"http:\/\/www.freimarianne.ch\/wp-content\/gallery\/fiescheralp-15-3-16\/thumbs\/thumbs_IMG_5880.jpg\"\n                    width=\"100\"\n                    height=\"75\"\n                    style=\"max-width:100%;\"\n                \/>\n            <\/a>\n        <\/div>\n\t\t\t\t\t\t\t<\/div> \n\t\t\t\n        \n\t\t\t\t<div id=\"ngg-image-6\" class=\"ngg-gallery-thumbnail-box\" >\n\t\t\t\t        <div class=\"ngg-gallery-thumbnail\">\n            <a href=\"http:\/\/www.freimarianne.ch\/wp-content\/gallery\/fiescheralp-15-3-16\/IMG_5886.jpg\"\n               title=\"Blick gegen Hohstock, Sparrhorn mit Schinhorn 3797 hi\"\n               data-src=\"http:\/\/www.freimarianne.ch\/wp-content\/gallery\/fiescheralp-15-3-16\/IMG_5886.jpg\"\n               data-thumbnail=\"http:\/\/www.freimarianne.ch\/wp-content\/gallery\/fiescheralp-15-3-16\/thumbs\/thumbs_IMG_5886.jpg\"\n               data-image-id=\"12677\"\n               data-title=\"Blick gegen Hohstock, Sparrhorn mit Schinhorn 3797 hi\"\n               data-description=\"Blick gegen Hohstock, Sparrhorn mit Schinhorn 3797 hi\"\n               data-image-slug=\"img_5886-1\"\n               class=\"shutterset_16445\">\n                <img\n                    title=\"Blick gegen Hohstock, Sparrhorn mit Schinhorn 3797 hi\"\n                    alt=\"Blick gegen Hohstock, Sparrhorn mit Schinhorn 3797 hi\"\n                    src=\"http:\/\/www.freimarianne.ch\/wp-content\/gallery\/fiescheralp-15-3-16\/thumbs\/thumbs_IMG_5886.jpg\"\n                    width=\"100\"\n                    height=\"75\"\n                    style=\"max-width:100%;\"\n                \/>\n            <\/a>\n        <\/div>\n\t\t\t\t\t\t\t<\/div> \n\t\t\t\n        \n\t\t\t\t<div id=\"ngg-image-7\" class=\"ngg-gallery-thumbnail-box\" >\n\t\t\t\t        <div class=\"ngg-gallery-thumbnail\">\n            <a href=\"http:\/\/www.freimarianne.ch\/wp-content\/gallery\/fiescheralp-15-3-16\/IMG_5888.jpg\"\n               title=\"Winterbild: elsenhorn, Vo Breithorn, Hillehorn, Bortelhorn, B\u00e4ttlihorn, Gr. Huweitz\"\n               data-src=\"http:\/\/www.freimarianne.ch\/wp-content\/gallery\/fiescheralp-15-3-16\/IMG_5888.jpg\"\n               data-thumbnail=\"http:\/\/www.freimarianne.ch\/wp-content\/gallery\/fiescheralp-15-3-16\/thumbs\/thumbs_IMG_5888.jpg\"\n               data-image-id=\"12678\"\n               data-title=\"Winterbild: elsenhorn, Vo Breithorn, Hillehorn, Bortelhorn, B\u00c3\u00a4ttlihorn, Gr. Huweitz\"\n               data-description=\"Winterbild: elsenhorn, Vo Breithorn, Hillehorn, Bortelhorn, B\u00e4ttlihorn, Gr. Huweitz\"\n               data-image-slug=\"img_5888\"\n               class=\"shutterset_16445\">\n                <img\n                    title=\"Winterbild: elsenhorn, Vo Breithorn, Hillehorn, Bortelhorn, B\u00c3\u00a4ttlihorn, Gr. Huweitz\"\n                    alt=\"Winterbild: elsenhorn, Vo Breithorn, Hillehorn, Bortelhorn, B\u00c3\u00a4ttlihorn, Gr. Huweitz\"\n                    src=\"http:\/\/www.freimarianne.ch\/wp-content\/gallery\/fiescheralp-15-3-16\/thumbs\/thumbs_IMG_5888.jpg\"\n                    width=\"100\"\n                    height=\"75\"\n                    style=\"max-width:100%;\"\n                \/>\n            <\/a>\n        <\/div>\n\t\t\t\t\t\t\t<\/div> \n\t\t\t\n        \n\t\t\t\t<div id=\"ngg-image-8\" class=\"ngg-gallery-thumbnail-box\" >\n\t\t\t\t        <div class=\"ngg-gallery-thumbnail\">\n            <a href=\"http:\/\/www.freimarianne.ch\/wp-content\/gallery\/fiescheralp-15-3-16\/IMG_5891.jpg\"\n               title=\"Winterbild: elsenhorn, Vo Breithorn, Hillehorn, Bortelhorn, B\u00e4ttlihorn, Gr. Huweitz\"\n               data-src=\"http:\/\/www.freimarianne.ch\/wp-content\/gallery\/fiescheralp-15-3-16\/IMG_5891.jpg\"\n               data-thumbnail=\"http:\/\/www.freimarianne.ch\/wp-content\/gallery\/fiescheralp-15-3-16\/thumbs\/thumbs_IMG_5891.jpg\"\n               data-image-id=\"12679\"\n               data-title=\"Winterbild: elsenhorn, Vo Breithorn, Hillehorn, Bortelhorn, B\u00c3\u00a4ttlihorn, Gr. Huweitz\"\n               data-description=\"Winterbild: elsenhorn, Vo Breithorn, Hillehorn, Bortelhorn, B\u00e4ttlihorn, Gr. Huweitz\"\n               data-image-slug=\"img_5891-1\"\n               class=\"shutterset_16445\">\n                <img\n                    title=\"Winterbild: elsenhorn, Vo Breithorn, Hillehorn, Bortelhorn, B\u00c3\u00a4ttlihorn, Gr. Huweitz\"\n                    alt=\"Winterbild: elsenhorn, Vo Breithorn, Hillehorn, Bortelhorn, B\u00c3\u00a4ttlihorn, Gr. Huweitz\"\n                    src=\"http:\/\/www.freimarianne.ch\/wp-content\/gallery\/fiescheralp-15-3-16\/thumbs\/thumbs_IMG_5891.jpg\"\n                    width=\"100\"\n                    height=\"75\"\n                    style=\"max-width:100%;\"\n                \/>\n            <\/a>\n        <\/div>\n\t\t\t\t\t\t\t<\/div> \n\t\t\t\n        \n\t\t\t\t<div id=\"ngg-image-9\" class=\"ngg-gallery-thumbnail-box\" >\n\t\t\t\t        <div class=\"ngg-gallery-thumbnail\">\n            <a href=\"http:\/\/www.freimarianne.ch\/wp-content\/gallery\/fiescheralp-15-3-16\/IMG_5893.jpg\"\n               title=\"Winterbild mit Farbe\"\n               data-src=\"http:\/\/www.freimarianne.ch\/wp-content\/gallery\/fiescheralp-15-3-16\/IMG_5893.jpg\"\n               data-thumbnail=\"http:\/\/www.freimarianne.ch\/wp-content\/gallery\/fiescheralp-15-3-16\/thumbs\/thumbs_IMG_5893.jpg\"\n               data-image-id=\"12680\"\n               data-title=\"Winterbild mit Farbe\"\n               data-description=\"Winterbild mit Farbe\"\n               data-image-slug=\"img_5893-6\"\n               class=\"shutterset_16445\">\n                <img\n                    title=\"Winterbild mit Farbe\"\n                    alt=\"Winterbild mit Farbe\"\n                    src=\"http:\/\/www.freimarianne.ch\/wp-content\/gallery\/fiescheralp-15-3-16\/thumbs\/thumbs_IMG_5893.jpg\"\n                    width=\"100\"\n                    height=\"75\"\n                    style=\"max-width:100%;\"\n                \/>\n            <\/a>\n        <\/div>\n\t\t\t\t\t\t\t<\/div> \n\t\t\t\n        \n\t\t\t\t<div id=\"ngg-image-10\" class=\"ngg-gallery-thumbnail-box\" >\n\t\t\t\t        <div class=\"ngg-gallery-thumbnail\">\n            <a href=\"http:\/\/www.freimarianne.ch\/wp-content\/gallery\/fiescheralp-15-3-16\/IMG_5895.jpg\"\n               title=\"unsere Gruppe unterwegs\"\n               data-src=\"http:\/\/www.freimarianne.ch\/wp-content\/gallery\/fiescheralp-15-3-16\/IMG_5895.jpg\"\n               data-thumbnail=\"http:\/\/www.freimarianne.ch\/wp-content\/gallery\/fiescheralp-15-3-16\/thumbs\/thumbs_IMG_5895.jpg\"\n               data-image-id=\"12681\"\n               data-title=\"unsere Gruppe unterwegs\"\n               data-description=\"unsere Gruppe unterwegs\"\n               data-image-slug=\"img_5895-3\"\n               class=\"shutterset_16445\">\n                <img\n                    title=\"unsere Gruppe unterwegs\"\n                    alt=\"unsere Gruppe unterwegs\"\n                    src=\"http:\/\/www.freimarianne.ch\/wp-content\/gallery\/fiescheralp-15-3-16\/thumbs\/thumbs_IMG_5895.jpg\"\n                    width=\"100\"\n                    height=\"75\"\n                    style=\"max-width:100%;\"\n                \/>\n            <\/a>\n        <\/div>\n\t\t\t\t\t\t\t<\/div> \n\t\t\t\n        \n\t\t\t\t<div id=\"ngg-image-11\" class=\"ngg-gallery-thumbnail-box\" >\n\t\t\t\t        <div class=\"ngg-gallery-thumbnail\">\n            <a href=\"http:\/\/www.freimarianne.ch\/wp-content\/gallery\/fiescheralp-15-3-16\/IMG_5896.jpg\"\n               title=\"Winterlandschaft\"\n               data-src=\"http:\/\/www.freimarianne.ch\/wp-content\/gallery\/fiescheralp-15-3-16\/IMG_5896.jpg\"\n               data-thumbnail=\"http:\/\/www.freimarianne.ch\/wp-content\/gallery\/fiescheralp-15-3-16\/thumbs\/thumbs_IMG_5896.jpg\"\n               data-image-id=\"12682\"\n               data-title=\"Winterlandschaft\"\n               data-description=\"Winterlandschaft\"\n               data-image-slug=\"img_5896-1\"\n               class=\"shutterset_16445\">\n                <img\n                    title=\"Winterlandschaft\"\n                    alt=\"Winterlandschaft\"\n                    src=\"http:\/\/www.freimarianne.ch\/wp-content\/gallery\/fiescheralp-15-3-16\/thumbs\/thumbs_IMG_5896.jpg\"\n                    width=\"100\"\n                    height=\"75\"\n                    style=\"max-width:100%;\"\n                \/>\n            <\/a>\n        <\/div>\n\t\t\t\t\t\t\t<\/div> \n\t\t\t\n        \n\t\t\t\t<div id=\"ngg-image-12\" class=\"ngg-gallery-thumbnail-box\" >\n\t\t\t\t        <div class=\"ngg-gallery-thumbnail\">\n            <a href=\"http:\/\/www.freimarianne.ch\/wp-content\/gallery\/fiescheralp-15-3-16\/IMG_5900.jpg\"\n               title=\"auf der Bettmeralp\"\n               data-src=\"http:\/\/www.freimarianne.ch\/wp-content\/gallery\/fiescheralp-15-3-16\/IMG_5900.jpg\"\n               data-thumbnail=\"http:\/\/www.freimarianne.ch\/wp-content\/gallery\/fiescheralp-15-3-16\/thumbs\/thumbs_IMG_5900.jpg\"\n               data-image-id=\"12683\"\n               data-title=\"auf der Bettmeralp\"\n               data-description=\"auf der Bettmeralp\"\n               data-image-slug=\"img_5900\"\n               class=\"shutterset_16445\">\n                <img\n                    title=\"auf der Bettmeralp\"\n                    alt=\"auf der Bettmeralp\"\n                    src=\"http:\/\/www.freimarianne.ch\/wp-content\/gallery\/fiescheralp-15-3-16\/thumbs\/thumbs_IMG_5900.jpg\"\n                    width=\"100\"\n                    height=\"75\"\n                    style=\"max-width:100%;\"\n                \/>\n            <\/a>\n        <\/div>\n\t\t\t\t\t\t\t<\/div> \n\t\t\t\n        \n\t\t\t\t<div id=\"ngg-image-13\" class=\"ngg-gallery-thumbnail-box\" >\n\t\t\t\t        <div class=\"ngg-gallery-thumbnail\">\n            <a href=\"http:\/\/www.freimarianne.ch\/wp-content\/gallery\/fiescheralp-15-3-16\/IMG_6198.jpg\"\n               title=\"Weisse Spitzen, Brienz und Thunersee\"\n               data-src=\"http:\/\/www.freimarianne.ch\/wp-content\/gallery\/fiescheralp-15-3-16\/IMG_6198.jpg\"\n               data-thumbnail=\"http:\/\/www.freimarianne.ch\/wp-content\/gallery\/fiescheralp-15-3-16\/thumbs\/thumbs_IMG_6198.jpg\"\n               data-image-id=\"12684\"\n               data-title=\"Weisse Spitzen, Brienz und Thunersee\"\n               data-description=\"Weisse Spitzen, Brienz und Thunersee\"\n               data-image-slug=\"img_6198\"\n               class=\"shutterset_16445\">\n                <img\n                    title=\"Weisse Spitzen, Brienz und Thunersee\"\n                    alt=\"Weisse Spitzen, Brienz und Thunersee\"\n                    src=\"http:\/\/www.freimarianne.ch\/wp-content\/gallery\/fiescheralp-15-3-16\/thumbs\/thumbs_IMG_6198.jpg\"\n                    width=\"100\"\n                    height=\"75\"\n                    style=\"max-width:100%;\"\n                \/>\n            <\/a>\n        <\/div>\n\t\t\t\t\t\t\t<\/div> \n\t\t\t\n        \n\t\t\n\t\t<!-- Pagination -->\n\t<div class='ngg-clear'><\/div>\t<\/div>\n<\/p>\n","protected":false},"excerpt":{"rendered":"<p>Winterwanderung mit dem Akzentforum Wir kommen um 10.17h an auf der Fiescheralp und brauchen zurst eine St\u00e4rkung nach der langen Reise. Dann machen wir uns auf den Weg. Der Himmel ist leider nicht blau sondern milchig weiss aber wir haben eine gute Sicht auf die umliegenden Berge. So wandern wir durch die weisse Winterwelt auf [&hellip;]<\/p>\n","protected":false},"author":1,"featured_media":0,"parent":14834,"menu_order":29,"comment_status":"closed","ping_status":"closed","template":"","meta":{"ngg_post_thumbnail":0},"_links":{"self":[{"href":"http:\/\/www.freimarianne.ch\/index.php?rest_route=\/wp\/v2\/pages\/16067"}],"collection":[{"href":"http:\/\/www.freimarianne.ch\/index.php?rest_route=\/wp\/v2\/pages"}],"about":[{"href":"http:\/\/www.freimarianne.ch\/index.php?rest_route=\/wp\/v2\/types\/page"}],"author":[{"embeddable":true,"href":"http:\/\/www.freimarianne.ch\/index.php?rest_route=\/wp\/v2\/users\/1"}],"replies":[{"embeddable":true,"href":"http:\/\/www.freimarianne.ch\/index.php?rest_route=%2Fwp%2Fv2%2Fcomments&post=16067"}],"version-history":[{"count":6,"href":"http:\/\/www.freimarianne.ch\/index.php?rest_route=\/wp\/v2\/pages\/16067\/revisions"}],"predecessor-version":[{"id":16544,"href":"http:\/\/www.freimarianne.ch\/index.php?rest_route=\/wp\/v2\/pages\/16067\/revisions\/16544"}],"up":[{"embeddable":true,"href":"http:\/\/www.freimarianne.ch\/index.php?rest_route=\/wp\/v2\/pages\/14834"}],"wp:attachment":[{"href":"http:\/\/www.freimarianne.ch\/index.php?rest_route=%2Fwp%2Fv2%2Fmedia&parent=16067"}],"curies":[{"name":"wp","href":"https:\/\/api.w.org\/{rel}","templated":true}]}}