{"id":20565,"date":"2016-09-16T10:28:08","date_gmt":"2016-09-16T09:28:08","guid":{"rendered":"http:\/\/www.freimarianne.ch\/?page_id=20565"},"modified":"2016-09-25T18:16:57","modified_gmt":"2016-09-25T17:16:57","slug":"clariden-hohenweg-ur-gl-3-9-2016","status":"publish","type":"page","link":"http:\/\/www.freimarianne.ch\/?page_id=20565","title":{"rendered":"Clariden H\u00f6henweg   UR\/ GL   7.9.2016"},"content":{"rendered":"<p><strong>Bergwanderung auf dem Clariden H\u00f6henweg; vom Klausenpass zum Fisetenpass<\/strong><\/p>\n<p><img loading=\"lazy\" class=\"size-full wp-image-20567\" src=\"http:\/\/www.freimarianne.ch\/wp-content\/uploads\/2016\/09\/IMG_7495_clariden_500_.jpg\" alt=\"der Clariden H\u00f6henweg Richtung Klausenpass\" width=\"500\" height=\"333\" srcset=\"http:\/\/www.freimarianne.ch\/wp-content\/uploads\/2016\/09\/IMG_7495_clariden_500_.jpg 500w, http:\/\/www.freimarianne.ch\/wp-content\/uploads\/2016\/09\/IMG_7495_clariden_500_-300x200.jpg 300w, http:\/\/www.freimarianne.ch\/wp-content\/uploads\/2016\/09\/IMG_7495_clariden_500_-450x300.jpg 450w\" sizes=\"(max-width: 500px) 100vw, 500px\" \/> der Clariden H\u00f6henweg Richtung Klausenpass<br \/>\n<a title=\"Go to MYLOCATION\" href=\"#MYLOCATION\" target=\"_self\">Bilder siehe unten<\/a><\/p>\n<p>Um 10.20h kann ich auf dem Klausenpass 1945m abmarschieren in Richtung Claridenb\u00f6deli. Im Aufstieg kann ich immer wieder hin\u00fcber zum Klausenpass und hinunter zur Passstrasse sehen. Nach einer Weile komme ich zum Wegweiser zum Gletschersee, den ich gerne besuchen m\u00f6chte. Das bedeutet noch mehr H\u00f6henmeter. Aber bald stehe ich auf einem Kamm und kann den kleinen Gletschersee und den Ger\u00f6ll \u00fcbers\u00e4eten Claridengletscher sehen. Hier befinde ich mit im sog. Im Griess. Hier kann man aus n\u00e4chster N\u00e4he den kalbernden Gletscher beobachten. Nat\u00fcrlich sehe ich nur die vielen schwimmenden Eisberglein im See und nicht den Akt des Kalberns!<br \/>\nDa gibt es viel zu fotografieren !<br \/>\nGanz hinunter an den See gehe ich nicht, da man \u00fcber viele Ger\u00f6ll gehen muss, was Zeit kostet. Ich will ja heute den H\u00f6henweg erwandern!<br \/>\nDer Pfad bringt mich wieder zur\u00fcck zum H\u00f6henweg, der \u00fcber das Firnband verl\u00e4uft.<br \/>\nDie Sicht auf die lange Bergkette vom M\u00e4lcher St\u00f6ckli \u00fcber die Jegerst\u00f6cke bis hin\u00fcber zum Ortstock wird mich nun auf der ganzen Wanderung begleiten.<br \/>\n<a href=\"http:\/\/www.alpen-panoramen.de\/panorama.php?pid=19731&amp;srch=Klausenpass\">Panorama Fisetengrat<\/a><br \/>\nDie Landschaft ist sehr malerisch und ganz nach meinem Geschmack.<br \/>\n\u00dcber mir thront die Bergkette des Chammlibergs 3215m, Clariden 2367m und des Gemsfairenstocks 2972m. Auch dies Bergkeitte wird mich auf der Wanderung stets begleiten.<br \/>\nBald komme ich zum F\u00e4tschbach, den ich auf einer Br\u00fccke \u00fcberquere. Hier geht es ganz steil hinunter in die Clus.<br \/>\nDer Pfad f\u00fchrt \u00fcber das Griessb\u00f6demli und Uf der Follen etwas hinauf und hin\u00fcber zum Gemsfairenh\u00fcttli. Hier mache ich auf der Schafweide meinen Mittagshalt und geniesse die pr\u00e4chtige Aussicht.<br \/>\nWeiter geht es \u00fcber den flachen Gemsfairenboden und dann hiauf zum Hasentrittli, einer mit Ketten gesicherten etwas ausgesetzten Stelle. Zuvor komme ich noch am ber\u00fchmten Echofelsen vorbei, wsas ich wie andere Wanderer auch ausprobieren! In der Ferne sehe ich schon lange die Bergstation der kleinen Seilbahn auf den Fisetenpass. Aber es dauert noch eine ganze Weile, bis ich dort anlange. Zuerst erreiche ich den Fisetenpass 2033m mit den Wegweisern. Gerne w\u00e4re ich noch hin\u00fcber zum Chameristock gegangen. Aber dann h\u00e4tte es mir nicht mehr auf das Postauto um 14.50h gereicht.<br \/>\nSo mache ich noch einige Fotos und dann gehe ich zur Seilbahnstation. Bald schwebe ich hinunter zum Urnerboden.<br \/>\nLeider reicht es nicht mehr zur Einkehr. Aber in Linthal unten habe ich noch Zeit, bis zur Abfahrt des Zuges im Restaurant am Bahnhof eine Kaffee zu trinken.<br \/>\nDies war eine interessante Wanderung, die gern im n\u00e4chsten Fr\u00fchsommer noch einmal machen w\u00fcrde.<\/p>\n<p>Laut Schweizmobil:<br \/>\nDistanz: 8.55km; Aufstieg: 457m; Abstieg: 383m; Wanderzeit: 2 h 40 min<\/p>\n<p><a href=\"https:\/\/map.schweizmobil.ch\/?lang=de&amp;showLogin=true&amp;bgLayer=pk&amp;resolution=10&amp;X=710956&amp;Y=192215&amp;layers=Wanderland%2CStation&amp;trackId=3041438\">Karte Schweizmobil:<\/a><br \/>\n<a name=\"MYLOCATION\"><\/a><\/p>\n<p><!-- index.php -->\n<div\n\tclass=\"ngg-galleryoverview ngg-ajax-pagination-none\"\n\tid=\"ngg-gallery-20711-1\">\n\n    \t<div class=\"slideshowlink\">\n        <a href='http:\/\/www.freimarianne.ch\/index.php\/nggallery\/slideshow?page_id=20565'>[Show as slideshow]<\/a>\n\t\t\n\t<\/div>\n\t\t\t<!-- Thumbnails -->\n\t\t\t\t<div id=\"ngg-image-0\" class=\"ngg-gallery-thumbnail-box\" >\n\t\t\t\t        <div class=\"ngg-gallery-thumbnail\">\n            <a href=\"http:\/\/www.freimarianne.ch\/wp-content\/gallery\/claridenhohenweg-7-9-2016\/IMG_7378.jpg\"\n               title=\"Kapelle auf dem Klausenpass\"\n               data-src=\"http:\/\/www.freimarianne.ch\/wp-content\/gallery\/claridenhohenweg-7-9-2016\/IMG_7378.jpg\"\n               data-thumbnail=\"http:\/\/www.freimarianne.ch\/wp-content\/gallery\/claridenhohenweg-7-9-2016\/thumbs\/thumbs_IMG_7378.jpg\"\n               data-image-id=\"14384\"\n               data-title=\"Kapelle auf dem Klausenpass\"\n               data-description=\"Kapelle auf dem Klausenpass\"\n               data-image-slug=\"img_7378-6\"\n               class=\"shutterset_20711\">\n                <img\n                    title=\"Kapelle auf dem Klausenpass\"\n                    alt=\"Kapelle auf dem Klausenpass\"\n                    src=\"http:\/\/www.freimarianne.ch\/wp-content\/gallery\/claridenhohenweg-7-9-2016\/thumbs\/thumbs_IMG_7378.jpg\"\n                    width=\"100\"\n                    height=\"75\"\n                    style=\"max-width:100%;\"\n                \/>\n            <\/a>\n        <\/div>\n\t\t\t\t\t\t\t<\/div> \n\t\t\t\n        \n\t\t\t\t<div id=\"ngg-image-1\" class=\"ngg-gallery-thumbnail-box\" >\n\t\t\t\t        <div class=\"ngg-gallery-thumbnail\">\n            <a href=\"http:\/\/www.freimarianne.ch\/wp-content\/gallery\/claridenhohenweg-7-9-2016\/IMG_7380.jpg\"\n               title=\"Blick auf die Klausenpassstrasse, Jegerst\u00f6cke, Ortsstock 2717m\"\n               data-src=\"http:\/\/www.freimarianne.ch\/wp-content\/gallery\/claridenhohenweg-7-9-2016\/IMG_7380.jpg\"\n               data-thumbnail=\"http:\/\/www.freimarianne.ch\/wp-content\/gallery\/claridenhohenweg-7-9-2016\/thumbs\/thumbs_IMG_7380.jpg\"\n               data-image-id=\"14383\"\n               data-title=\"Blick auf die Klausenpassstrasse, Jegerst\u00c3\u00b6cke, Ortsstock 2717m\"\n               data-description=\"Blick auf die Klausenpassstrasse, Jegerst\u00f6cke, Ortsstock 2717m\"\n               data-image-slug=\"img_7380\"\n               class=\"shutterset_20711\">\n                <img\n                    title=\"Blick auf die Klausenpassstrasse, Jegerst\u00c3\u00b6cke, Ortsstock 2717m\"\n                    alt=\"Blick auf die Klausenpassstrasse, Jegerst\u00c3\u00b6cke, Ortsstock 2717m\"\n                    src=\"http:\/\/www.freimarianne.ch\/wp-content\/gallery\/claridenhohenweg-7-9-2016\/thumbs\/thumbs_IMG_7380.jpg\"\n                    width=\"100\"\n                    height=\"75\"\n                    style=\"max-width:100%;\"\n                \/>\n            <\/a>\n        <\/div>\n\t\t\t\t\t\t\t<\/div> \n\t\t\t\n        \n\t\t\t\t<div id=\"ngg-image-2\" class=\"ngg-gallery-thumbnail-box\" >\n\t\t\t\t        <div class=\"ngg-gallery-thumbnail\">\n            <a href=\"http:\/\/www.freimarianne.ch\/wp-content\/gallery\/claridenhohenweg-7-9-2016\/IMG_7381.jpg\"\n               title=\"Blick auf die Klausenpassh\u00f6he: Brunnistock,  Urirotstock, Gitschen\"\n               data-src=\"http:\/\/www.freimarianne.ch\/wp-content\/gallery\/claridenhohenweg-7-9-2016\/IMG_7381.jpg\"\n               data-thumbnail=\"http:\/\/www.freimarianne.ch\/wp-content\/gallery\/claridenhohenweg-7-9-2016\/thumbs\/thumbs_IMG_7381.jpg\"\n               data-image-id=\"14382\"\n               data-title=\"Blick auf die Klausenpassh\u00c3\u00b6he: Brunnistock,  Urirotstock, Gitschen\"\n               data-description=\"Blick auf die Klausenpassh\u00f6he: Brunnistock,  Urirotstock, Gitschen\"\n               data-image-slug=\"img_7381-2\"\n               class=\"shutterset_20711\">\n                <img\n                    title=\"Blick auf die Klausenpassh\u00c3\u00b6he: Brunnistock,  Urirotstock, Gitschen\"\n                    alt=\"Blick auf die Klausenpassh\u00c3\u00b6he: Brunnistock,  Urirotstock, Gitschen\"\n                    src=\"http:\/\/www.freimarianne.ch\/wp-content\/gallery\/claridenhohenweg-7-9-2016\/thumbs\/thumbs_IMG_7381.jpg\"\n                    width=\"100\"\n                    height=\"75\"\n                    style=\"max-width:100%;\"\n                \/>\n            <\/a>\n        <\/div>\n\t\t\t\t\t\t\t<\/div> \n\t\t\t\n        \n\t\t\t\t<div id=\"ngg-image-3\" class=\"ngg-gallery-thumbnail-box\" >\n\t\t\t\t        <div class=\"ngg-gallery-thumbnail\">\n            <a href=\"http:\/\/www.freimarianne.ch\/wp-content\/gallery\/claridenhohenweg-7-9-2016\/IMG_7390.jpg\"\n               title=\"Schrattenkalk;   L\u00e4ckistock 2486m,  Rot Nossen 2502m, Signalstock 2572m,  Jegerst\u00f6cke 2584m, Schjien 2610m, Ortsstock 2717m\"\n               data-src=\"http:\/\/www.freimarianne.ch\/wp-content\/gallery\/claridenhohenweg-7-9-2016\/IMG_7390.jpg\"\n               data-thumbnail=\"http:\/\/www.freimarianne.ch\/wp-content\/gallery\/claridenhohenweg-7-9-2016\/thumbs\/thumbs_IMG_7390.jpg\"\n               data-image-id=\"14381\"\n               data-title=\"Schrattenkalk;   L\u00c3\u00a4ckistock 2486m,  Rot Nossen 2502m, Signalstock 2572m,  Jegerst\u00c3\u00b6cke 2584m, Schjien 2610m, Ortsstock 2717m\"\n               data-description=\"Schrattenkalk;   L\u00e4ckistock 2486m,  Rot Nossen 2502m, Signalstock 2572m,  Jegerst\u00f6cke 2584m, Schjien 2610m, Ortsstock 2717m\"\n               data-image-slug=\"img_7390\"\n               class=\"shutterset_20711\">\n                <img\n                    title=\"Schrattenkalk;   L\u00c3\u00a4ckistock 2486m,  Rot Nossen 2502m, Signalstock 2572m,  Jegerst\u00c3\u00b6cke 2584m, Schjien 2610m, Ortsstock 2717m\"\n                    alt=\"Schrattenkalk;   L\u00c3\u00a4ckistock 2486m,  Rot Nossen 2502m, Signalstock 2572m,  Jegerst\u00c3\u00b6cke 2584m, Schjien 2610m, Ortsstock 2717m\"\n                    src=\"http:\/\/www.freimarianne.ch\/wp-content\/gallery\/claridenhohenweg-7-9-2016\/thumbs\/thumbs_IMG_7390.jpg\"\n                    width=\"100\"\n                    height=\"75\"\n                    style=\"max-width:100%;\"\n                \/>\n            <\/a>\n        <\/div>\n\t\t\t\t\t\t\t<\/div> \n\t\t\t\n        \n\t\t\t\t<div id=\"ngg-image-4\" class=\"ngg-gallery-thumbnail-box\" >\n\t\t\t\t        <div class=\"ngg-gallery-thumbnail\">\n            <a href=\"http:\/\/www.freimarianne.ch\/wp-content\/gallery\/claridenhohenweg-7-9-2016\/IMG_7391.jpg\"\n               title=\"Schnittlauch; Allium schoenoprasum\"\n               data-src=\"http:\/\/www.freimarianne.ch\/wp-content\/gallery\/claridenhohenweg-7-9-2016\/IMG_7391.jpg\"\n               data-thumbnail=\"http:\/\/www.freimarianne.ch\/wp-content\/gallery\/claridenhohenweg-7-9-2016\/thumbs\/thumbs_IMG_7391.jpg\"\n               data-image-id=\"14380\"\n               data-title=\"Schnittlauch; Allium schoenoprasum\"\n               data-description=\"Schnittlauch; Allium schoenoprasum\"\n               data-image-slug=\"img_7391-1\"\n               class=\"shutterset_20711\">\n                <img\n                    title=\"Schnittlauch; Allium schoenoprasum\"\n                    alt=\"Schnittlauch; Allium schoenoprasum\"\n                    src=\"http:\/\/www.freimarianne.ch\/wp-content\/gallery\/claridenhohenweg-7-9-2016\/thumbs\/thumbs_IMG_7391.jpg\"\n                    width=\"100\"\n                    height=\"75\"\n                    style=\"max-width:100%;\"\n                \/>\n            <\/a>\n        <\/div>\n\t\t\t\t\t\t\t<\/div> \n\t\t\t\n        \n\t\t\t\t<div id=\"ngg-image-5\" class=\"ngg-gallery-thumbnail-box\" >\n\t\t\t\t        <div class=\"ngg-gallery-thumbnail\">\n            <a href=\"http:\/\/www.freimarianne.ch\/wp-content\/gallery\/claridenhohenweg-7-9-2016\/IMG_7395.jpg\"\n               title=\"malerische Landschaft mit Clariden 3268m, Chamliberg 3215m\"\n               data-src=\"http:\/\/www.freimarianne.ch\/wp-content\/gallery\/claridenhohenweg-7-9-2016\/IMG_7395.jpg\"\n               data-thumbnail=\"http:\/\/www.freimarianne.ch\/wp-content\/gallery\/claridenhohenweg-7-9-2016\/thumbs\/thumbs_IMG_7395.jpg\"\n               data-image-id=\"14379\"\n               data-title=\"malerische Landschaft mit Clariden 3268m, Chamliberg 3215m\"\n               data-description=\"malerische Landschaft mit Clariden 3268m, Chamliberg 3215m\"\n               data-image-slug=\"img_7395\"\n               class=\"shutterset_20711\">\n                <img\n                    title=\"malerische Landschaft mit Clariden 3268m, Chamliberg 3215m\"\n                    alt=\"malerische Landschaft mit Clariden 3268m, Chamliberg 3215m\"\n                    src=\"http:\/\/www.freimarianne.ch\/wp-content\/gallery\/claridenhohenweg-7-9-2016\/thumbs\/thumbs_IMG_7395.jpg\"\n                    width=\"100\"\n                    height=\"75\"\n                    style=\"max-width:100%;\"\n                \/>\n            <\/a>\n        <\/div>\n\t\t\t\t\t\t\t<\/div> \n\t\t\t\n        \n\t\t\t\t<div id=\"ngg-image-6\" class=\"ngg-gallery-thumbnail-box\" >\n\t\t\t\t        <div class=\"ngg-gallery-thumbnail\">\n            <a href=\"http:\/\/www.freimarianne.ch\/wp-content\/gallery\/claridenhohenweg-7-9-2016\/IMG_7396.jpg\"\n               title=\"Sicht ins Glarnerland; Jegerst\u00f6cke 2584m, Schjien 2610m, Ortsstock 2717m\"\n               data-src=\"http:\/\/www.freimarianne.ch\/wp-content\/gallery\/claridenhohenweg-7-9-2016\/IMG_7396.jpg\"\n               data-thumbnail=\"http:\/\/www.freimarianne.ch\/wp-content\/gallery\/claridenhohenweg-7-9-2016\/thumbs\/thumbs_IMG_7396.jpg\"\n               data-image-id=\"14378\"\n               data-title=\"Sicht ins Glarnerland; Jegerst\u00c3\u00b6cke 2584m, Schjien 2610m, Ortsstock 2717m\"\n               data-description=\"Sicht ins Glarnerland; Jegerst\u00f6cke 2584m, Schjien 2610m, Ortsstock 2717m\"\n               data-image-slug=\"img_7396-1\"\n               class=\"shutterset_20711\">\n                <img\n                    title=\"Sicht ins Glarnerland; Jegerst\u00c3\u00b6cke 2584m, Schjien 2610m, Ortsstock 2717m\"\n                    alt=\"Sicht ins Glarnerland; Jegerst\u00c3\u00b6cke 2584m, Schjien 2610m, Ortsstock 2717m\"\n                    src=\"http:\/\/www.freimarianne.ch\/wp-content\/gallery\/claridenhohenweg-7-9-2016\/thumbs\/thumbs_IMG_7396.jpg\"\n                    width=\"100\"\n                    height=\"75\"\n                    style=\"max-width:100%;\"\n                \/>\n            <\/a>\n        <\/div>\n\t\t\t\t\t\t\t<\/div> \n\t\t\t\n        \n\t\t\t\t<div id=\"ngg-image-7\" class=\"ngg-gallery-thumbnail-box\" >\n\t\t\t\t        <div class=\"ngg-gallery-thumbnail\">\n            <a href=\"http:\/\/www.freimarianne.ch\/wp-content\/gallery\/claridenhohenweg-7-9-2016\/IMG_7399.jpg\"\n               title=\"Marianne vor ,  L\u00e4ckistock 2486m,  Rot Nossen 2502m, Signalstock 2572m\"\n               data-src=\"http:\/\/www.freimarianne.ch\/wp-content\/gallery\/claridenhohenweg-7-9-2016\/IMG_7399.jpg\"\n               data-thumbnail=\"http:\/\/www.freimarianne.ch\/wp-content\/gallery\/claridenhohenweg-7-9-2016\/thumbs\/thumbs_IMG_7399.jpg\"\n               data-image-id=\"14377\"\n               data-title=\"Version 2\"\n               data-description=\"Marianne vor ,  L\u00e4ckistock 2486m,  Rot Nossen 2502m, Signalstock 2572m\"\n               data-image-slug=\"img_7399-4\"\n               class=\"shutterset_20711\">\n                <img\n                    title=\"Version 2\"\n                    alt=\"Version 2\"\n                    src=\"http:\/\/www.freimarianne.ch\/wp-content\/gallery\/claridenhohenweg-7-9-2016\/thumbs\/thumbs_IMG_7399.jpg\"\n                    width=\"100\"\n                    height=\"75\"\n                    style=\"max-width:100%;\"\n                \/>\n            <\/a>\n        <\/div>\n\t\t\t\t\t\t\t<\/div> \n\t\t\t\n        \n\t\t\t\t<div id=\"ngg-image-8\" class=\"ngg-gallery-thumbnail-box\" >\n\t\t\t\t        <div class=\"ngg-gallery-thumbnail\">\n            <a href=\"http:\/\/www.freimarianne.ch\/wp-content\/gallery\/claridenhohenweg-7-9-2016\/IMG_7402.jpg\"\n               title=\"L\u00e4ckistock 2486m, Rot Nossen 2502m, Signalstock 2572m,  Jegerst\u00f6cke 2584m, Schjien 2610m, Ortsstock 2717m\"\n               data-src=\"http:\/\/www.freimarianne.ch\/wp-content\/gallery\/claridenhohenweg-7-9-2016\/IMG_7402.jpg\"\n               data-thumbnail=\"http:\/\/www.freimarianne.ch\/wp-content\/gallery\/claridenhohenweg-7-9-2016\/thumbs\/thumbs_IMG_7402.jpg\"\n               data-image-id=\"14376\"\n               data-title=\"L\u00c3\u00a4ckistock 2486m, Rot Nossen 2502m, Signalstock 2572m,  Jegerst\u00c3\u00b6cke 2584m, Schjien 2610m, Ortsstock 2717m\"\n               data-description=\"L\u00e4ckistock 2486m, Rot Nossen 2502m, Signalstock 2572m,  Jegerst\u00f6cke 2584m, Schjien 2610m, Ortsstock 2717m\"\n               data-image-slug=\"img_7402\"\n               class=\"shutterset_20711\">\n                <img\n                    title=\"L\u00c3\u00a4ckistock 2486m, Rot Nossen 2502m, Signalstock 2572m,  Jegerst\u00c3\u00b6cke 2584m, Schjien 2610m, Ortsstock 2717m\"\n                    alt=\"L\u00c3\u00a4ckistock 2486m, Rot Nossen 2502m, Signalstock 2572m,  Jegerst\u00c3\u00b6cke 2584m, Schjien 2610m, Ortsstock 2717m\"\n                    src=\"http:\/\/www.freimarianne.ch\/wp-content\/gallery\/claridenhohenweg-7-9-2016\/thumbs\/thumbs_IMG_7402.jpg\"\n                    width=\"100\"\n                    height=\"75\"\n                    style=\"max-width:100%;\"\n                \/>\n            <\/a>\n        <\/div>\n\t\t\t\t\t\t\t<\/div> \n\t\t\t\n        \n\t\t\t\t<div id=\"ngg-image-9\" class=\"ngg-gallery-thumbnail-box\" >\n\t\t\t\t        <div class=\"ngg-gallery-thumbnail\">\n            <a href=\"http:\/\/www.freimarianne.ch\/wp-content\/gallery\/claridenhohenweg-7-9-2016\/IMG_7413.jpg\"\n               title=\"im Griess; mit L\u00e4ckistock 2486m,  Rot Nossen 2502m, Signalstock 2572m,  Jegerst\u00f6cke 2584m, Schjien 2610m, Ortsstock 2717m\"\n               data-src=\"http:\/\/www.freimarianne.ch\/wp-content\/gallery\/claridenhohenweg-7-9-2016\/IMG_7413.jpg\"\n               data-thumbnail=\"http:\/\/www.freimarianne.ch\/wp-content\/gallery\/claridenhohenweg-7-9-2016\/thumbs\/thumbs_IMG_7413.jpg\"\n               data-image-id=\"14375\"\n               data-title=\"im Griess; mit L\u00c3\u00a4ckistock 2486m,  Rot Nossen 2502m, Signalstock 2572m,  Jegerst\u00c3\u00b6cke 2584m, Schjien 2610m, Ortsstock 2717m\"\n               data-description=\"im Griess; mit L\u00e4ckistock 2486m,  Rot Nossen 2502m, Signalstock 2572m,  Jegerst\u00f6cke 2584m, Schjien 2610m, Ortsstock 2717m\"\n               data-image-slug=\"img_7413-3\"\n               class=\"shutterset_20711\">\n                <img\n                    title=\"im Griess; mit L\u00c3\u00a4ckistock 2486m,  Rot Nossen 2502m, Signalstock 2572m,  Jegerst\u00c3\u00b6cke 2584m, Schjien 2610m, Ortsstock 2717m\"\n                    alt=\"im Griess; mit L\u00c3\u00a4ckistock 2486m,  Rot Nossen 2502m, Signalstock 2572m,  Jegerst\u00c3\u00b6cke 2584m, Schjien 2610m, Ortsstock 2717m\"\n                    src=\"http:\/\/www.freimarianne.ch\/wp-content\/gallery\/claridenhohenweg-7-9-2016\/thumbs\/thumbs_IMG_7413.jpg\"\n                    width=\"100\"\n                    height=\"75\"\n                    style=\"max-width:100%;\"\n                \/>\n            <\/a>\n        <\/div>\n\t\t\t\t\t\t\t<\/div> \n\t\t\t\n        \n\t\t\t\t<div id=\"ngg-image-10\" class=\"ngg-gallery-thumbnail-box\" >\n\t\t\t\t        <div class=\"ngg-gallery-thumbnail\">\n            <a href=\"http:\/\/www.freimarianne.ch\/wp-content\/gallery\/claridenhohenweg-7-9-2016\/IMG_7416.jpg\"\n               title=\"Marianne am Gletschersee\"\n               data-src=\"http:\/\/www.freimarianne.ch\/wp-content\/gallery\/claridenhohenweg-7-9-2016\/IMG_7416.jpg\"\n               data-thumbnail=\"http:\/\/www.freimarianne.ch\/wp-content\/gallery\/claridenhohenweg-7-9-2016\/thumbs\/thumbs_IMG_7416.jpg\"\n               data-image-id=\"14374\"\n               data-title=\"Marianne am Gletschersee\"\n               data-description=\"Marianne am Gletschersee\"\n               data-image-slug=\"img_7416\"\n               class=\"shutterset_20711\">\n                <img\n                    title=\"Marianne am Gletschersee\"\n                    alt=\"Marianne am Gletschersee\"\n                    src=\"http:\/\/www.freimarianne.ch\/wp-content\/gallery\/claridenhohenweg-7-9-2016\/thumbs\/thumbs_IMG_7416.jpg\"\n                    width=\"100\"\n                    height=\"75\"\n                    style=\"max-width:100%;\"\n                \/>\n            <\/a>\n        <\/div>\n\t\t\t\t\t\t\t<\/div> \n\t\t\t\n        \n\t\t\t\t<div id=\"ngg-image-11\" class=\"ngg-gallery-thumbnail-box\" >\n\t\t\t\t        <div class=\"ngg-gallery-thumbnail\">\n            <a href=\"http:\/\/www.freimarianne.ch\/wp-content\/gallery\/claridenhohenweg-7-9-2016\/IMG_7418.jpg\"\n               title=\"Marianne am Gletschersee\"\n               data-src=\"http:\/\/www.freimarianne.ch\/wp-content\/gallery\/claridenhohenweg-7-9-2016\/IMG_7418.jpg\"\n               data-thumbnail=\"http:\/\/www.freimarianne.ch\/wp-content\/gallery\/claridenhohenweg-7-9-2016\/thumbs\/thumbs_IMG_7418.jpg\"\n               data-image-id=\"14373\"\n               data-title=\"Marianne am Gletschersee\"\n               data-description=\"Marianne am Gletschersee\"\n               data-image-slug=\"img_7418-3\"\n               class=\"shutterset_20711\">\n                <img\n                    title=\"Marianne am Gletschersee\"\n                    alt=\"Marianne am Gletschersee\"\n                    src=\"http:\/\/www.freimarianne.ch\/wp-content\/gallery\/claridenhohenweg-7-9-2016\/thumbs\/thumbs_IMG_7418.jpg\"\n                    width=\"100\"\n                    height=\"75\"\n                    style=\"max-width:100%;\"\n                \/>\n            <\/a>\n        <\/div>\n\t\t\t\t\t\t\t<\/div> \n\t\t\t\n        \n\t\t\t\t<div id=\"ngg-image-12\" class=\"ngg-gallery-thumbnail-box\" >\n\t\t\t\t        <div class=\"ngg-gallery-thumbnail\">\n            <a href=\"http:\/\/www.freimarianne.ch\/wp-content\/gallery\/claridenhohenweg-7-9-2016\/IMG_7419.jpg\"\n               title=\"der Pfad am Gletschersee\"\n               data-src=\"http:\/\/www.freimarianne.ch\/wp-content\/gallery\/claridenhohenweg-7-9-2016\/IMG_7419.jpg\"\n               data-thumbnail=\"http:\/\/www.freimarianne.ch\/wp-content\/gallery\/claridenhohenweg-7-9-2016\/thumbs\/thumbs_IMG_7419.jpg\"\n               data-image-id=\"14372\"\n               data-title=\"der Pfad am Gletschersee\"\n               data-description=\"der Pfad am Gletschersee\"\n               data-image-slug=\"img_7419\"\n               class=\"shutterset_20711\">\n                <img\n                    title=\"der Pfad am Gletschersee\"\n                    alt=\"der Pfad am Gletschersee\"\n                    src=\"http:\/\/www.freimarianne.ch\/wp-content\/gallery\/claridenhohenweg-7-9-2016\/thumbs\/thumbs_IMG_7419.jpg\"\n                    width=\"100\"\n                    height=\"75\"\n                    style=\"max-width:100%;\"\n                \/>\n            <\/a>\n        <\/div>\n\t\t\t\t\t\t\t<\/div> \n\t\t\t\n        \n\t\t\t\t<div id=\"ngg-image-13\" class=\"ngg-gallery-thumbnail-box\" >\n\t\t\t\t        <div class=\"ngg-gallery-thumbnail\">\n            <a href=\"http:\/\/www.freimarianne.ch\/wp-content\/gallery\/claridenhohenweg-7-9-2016\/IMG_7420.jpg\"\n               title=\"der Claridengletscher mit Gletschersee 2100m\"\n               data-src=\"http:\/\/www.freimarianne.ch\/wp-content\/gallery\/claridenhohenweg-7-9-2016\/IMG_7420.jpg\"\n               data-thumbnail=\"http:\/\/www.freimarianne.ch\/wp-content\/gallery\/claridenhohenweg-7-9-2016\/thumbs\/thumbs_IMG_7420.jpg\"\n               data-image-id=\"14371\"\n               data-title=\"der Claridengletscher mit Gletschersee 2100m\"\n               data-description=\"der Claridengletscher mit Gletschersee 2100m\"\n               data-image-slug=\"img_7420\"\n               class=\"shutterset_20711\">\n                <img\n                    title=\"der Claridengletscher mit Gletschersee 2100m\"\n                    alt=\"der Claridengletscher mit Gletschersee 2100m\"\n                    src=\"http:\/\/www.freimarianne.ch\/wp-content\/gallery\/claridenhohenweg-7-9-2016\/thumbs\/thumbs_IMG_7420.jpg\"\n                    width=\"100\"\n                    height=\"75\"\n                    style=\"max-width:100%;\"\n                \/>\n            <\/a>\n        <\/div>\n\t\t\t\t\t\t\t<\/div> \n\t\t\t\n        \n\t\t\t\t<div id=\"ngg-image-14\" class=\"ngg-gallery-thumbnail-box\" >\n\t\t\t\t        <div class=\"ngg-gallery-thumbnail\">\n            <a href=\"http:\/\/www.freimarianne.ch\/wp-content\/gallery\/claridenhohenweg-7-9-2016\/IMG_7421.jpg\"\n               title=\"der Claridengletscher mit Gletschersee; der Gletscher kalbt\"\n               data-src=\"http:\/\/www.freimarianne.ch\/wp-content\/gallery\/claridenhohenweg-7-9-2016\/IMG_7421.jpg\"\n               data-thumbnail=\"http:\/\/www.freimarianne.ch\/wp-content\/gallery\/claridenhohenweg-7-9-2016\/thumbs\/thumbs_IMG_7421.jpg\"\n               data-image-id=\"14370\"\n               data-title=\"der Claridengletscher mit Gletschersee; der Gletscher kalbt\"\n               data-description=\"der Claridengletscher mit Gletschersee; der Gletscher kalbt\"\n               data-image-slug=\"img_7421-1\"\n               class=\"shutterset_20711\">\n                <img\n                    title=\"der Claridengletscher mit Gletschersee; der Gletscher kalbt\"\n                    alt=\"der Claridengletscher mit Gletschersee; der Gletscher kalbt\"\n                    src=\"http:\/\/www.freimarianne.ch\/wp-content\/gallery\/claridenhohenweg-7-9-2016\/thumbs\/thumbs_IMG_7421.jpg\"\n                    width=\"100\"\n                    height=\"75\"\n                    style=\"max-width:100%;\"\n                \/>\n            <\/a>\n        <\/div>\n\t\t\t\t\t\t\t<\/div> \n\t\t\t\n        \n\t\t\t\t<div id=\"ngg-image-15\" class=\"ngg-gallery-thumbnail-box\" >\n\t\t\t\t        <div class=\"ngg-gallery-thumbnail\">\n            <a href=\"http:\/\/www.freimarianne.ch\/wp-content\/gallery\/claridenhohenweg-7-9-2016\/IMG_7425.jpg\"\n               title=\"Eisberge im Gletschersee\"\n               data-src=\"http:\/\/www.freimarianne.ch\/wp-content\/gallery\/claridenhohenweg-7-9-2016\/IMG_7425.jpg\"\n               data-thumbnail=\"http:\/\/www.freimarianne.ch\/wp-content\/gallery\/claridenhohenweg-7-9-2016\/thumbs\/thumbs_IMG_7425.jpg\"\n               data-image-id=\"14369\"\n               data-title=\"Eisberge im Gletschersee\"\n               data-description=\"Eisberge im Gletschersee\"\n               data-image-slug=\"img_7425-1\"\n               class=\"shutterset_20711\">\n                <img\n                    title=\"Eisberge im Gletschersee\"\n                    alt=\"Eisberge im Gletschersee\"\n                    src=\"http:\/\/www.freimarianne.ch\/wp-content\/gallery\/claridenhohenweg-7-9-2016\/thumbs\/thumbs_IMG_7425.jpg\"\n                    width=\"100\"\n                    height=\"75\"\n                    style=\"max-width:100%;\"\n                \/>\n            <\/a>\n        <\/div>\n\t\t\t\t\t\t\t<\/div> \n\t\t\t\n        \n\t\t\t\t<div id=\"ngg-image-16\" class=\"ngg-gallery-thumbnail-box\" >\n\t\t\t\t        <div class=\"ngg-gallery-thumbnail\">\n            <a href=\"http:\/\/www.freimarianne.ch\/wp-content\/gallery\/claridenhohenweg-7-9-2016\/IMG_7432.jpg\"\n               title=\"Clariden;  der Claridengletscher mit Gletschersee\"\n               data-src=\"http:\/\/www.freimarianne.ch\/wp-content\/gallery\/claridenhohenweg-7-9-2016\/IMG_7432.jpg\"\n               data-thumbnail=\"http:\/\/www.freimarianne.ch\/wp-content\/gallery\/claridenhohenweg-7-9-2016\/thumbs\/thumbs_IMG_7432.jpg\"\n               data-image-id=\"14368\"\n               data-title=\"Clariden;  der Claridengletscher mit Gletschersee\"\n               data-description=\"Clariden;  der Claridengletscher mit Gletschersee\"\n               data-image-slug=\"img_7432\"\n               class=\"shutterset_20711\">\n                <img\n                    title=\"Clariden;  der Claridengletscher mit Gletschersee\"\n                    alt=\"Clariden;  der Claridengletscher mit Gletschersee\"\n                    src=\"http:\/\/www.freimarianne.ch\/wp-content\/gallery\/claridenhohenweg-7-9-2016\/thumbs\/thumbs_IMG_7432.jpg\"\n                    width=\"100\"\n                    height=\"75\"\n                    style=\"max-width:100%;\"\n                \/>\n            <\/a>\n        <\/div>\n\t\t\t\t\t\t\t<\/div> \n\t\t\t\n        \n\t\t\t\t<div id=\"ngg-image-17\" class=\"ngg-gallery-thumbnail-box\" >\n\t\t\t\t        <div class=\"ngg-gallery-thumbnail\">\n            <a href=\"http:\/\/www.freimarianne.ch\/wp-content\/gallery\/claridenhohenweg-7-9-2016\/IMG_7433.jpg\"\n               title=\"Clariden;  der Claridengletscher mit Gletschersee 2100m\"\n               data-src=\"http:\/\/www.freimarianne.ch\/wp-content\/gallery\/claridenhohenweg-7-9-2016\/IMG_7433.jpg\"\n               data-thumbnail=\"http:\/\/www.freimarianne.ch\/wp-content\/gallery\/claridenhohenweg-7-9-2016\/thumbs\/thumbs_IMG_7433.jpg\"\n               data-image-id=\"14367\"\n               data-title=\"Clariden;  der Claridengletscher mit Gletschersee 2100m\"\n               data-description=\"Clariden;  der Claridengletscher mit Gletschersee 2100m\"\n               data-image-slug=\"img_7433-1\"\n               class=\"shutterset_20711\">\n                <img\n                    title=\"Clariden;  der Claridengletscher mit Gletschersee 2100m\"\n                    alt=\"Clariden;  der Claridengletscher mit Gletschersee 2100m\"\n                    src=\"http:\/\/www.freimarianne.ch\/wp-content\/gallery\/claridenhohenweg-7-9-2016\/thumbs\/thumbs_IMG_7433.jpg\"\n                    width=\"100\"\n                    height=\"75\"\n                    style=\"max-width:100%;\"\n                \/>\n            <\/a>\n        <\/div>\n\t\t\t\t\t\t\t<\/div> \n\t\t\t\n        \n\t\t\t\t<div id=\"ngg-image-18\" class=\"ngg-gallery-thumbnail-box\" >\n\t\t\t\t        <div class=\"ngg-gallery-thumbnail\">\n            <a href=\"http:\/\/www.freimarianne.ch\/wp-content\/gallery\/claridenhohenweg-7-9-2016\/IMG_7435.jpg\"\n               title=\"der Gletscher  kalbt\"\n               data-src=\"http:\/\/www.freimarianne.ch\/wp-content\/gallery\/claridenhohenweg-7-9-2016\/IMG_7435.jpg\"\n               data-thumbnail=\"http:\/\/www.freimarianne.ch\/wp-content\/gallery\/claridenhohenweg-7-9-2016\/thumbs\/thumbs_IMG_7435.jpg\"\n               data-image-id=\"14366\"\n               data-title=\"der Gletscher  kalbt\"\n               data-description=\"der Gletscher  kalbt\"\n               data-image-slug=\"img_7435\"\n               class=\"shutterset_20711\">\n                <img\n                    title=\"der Gletscher  kalbt\"\n                    alt=\"der Gletscher  kalbt\"\n                    src=\"http:\/\/www.freimarianne.ch\/wp-content\/gallery\/claridenhohenweg-7-9-2016\/thumbs\/thumbs_IMG_7435.jpg\"\n                    width=\"100\"\n                    height=\"75\"\n                    style=\"max-width:100%;\"\n                \/>\n            <\/a>\n        <\/div>\n\t\t\t\t\t\t\t<\/div> \n\t\t\t\n        \n\t\t\t\t<div id=\"ngg-image-19\" class=\"ngg-gallery-thumbnail-box\" >\n\t\t\t\t        <div class=\"ngg-gallery-thumbnail\">\n            <a href=\"http:\/\/www.freimarianne.ch\/wp-content\/gallery\/claridenhohenweg-7-9-2016\/IMG_7439.jpg\"\n               title=\"\u00fcber das Firnband\"\n               data-src=\"http:\/\/www.freimarianne.ch\/wp-content\/gallery\/claridenhohenweg-7-9-2016\/IMG_7439.jpg\"\n               data-thumbnail=\"http:\/\/www.freimarianne.ch\/wp-content\/gallery\/claridenhohenweg-7-9-2016\/thumbs\/thumbs_IMG_7439.jpg\"\n               data-image-id=\"14365\"\n               data-title=\"\u00c3\u00bcber das Firnband\"\n               data-description=\"\u00fcber das Firnband\"\n               data-image-slug=\"img_7439\"\n               class=\"shutterset_20711\">\n                <img\n                    title=\"\u00c3\u00bcber das Firnband\"\n                    alt=\"\u00c3\u00bcber das Firnband\"\n                    src=\"http:\/\/www.freimarianne.ch\/wp-content\/gallery\/claridenhohenweg-7-9-2016\/thumbs\/thumbs_IMG_7439.jpg\"\n                    width=\"100\"\n                    height=\"75\"\n                    style=\"max-width:100%;\"\n                \/>\n            <\/a>\n        <\/div>\n\t\t\t\t\t\t\t<\/div> \n\t\t\t\n        \n\t\t\t\t<div id=\"ngg-image-20\" class=\"ngg-gallery-thumbnail-box\" >\n\t\t\t\t        <div class=\"ngg-gallery-thumbnail\">\n            <a href=\"http:\/\/www.freimarianne.ch\/wp-content\/gallery\/claridenhohenweg-7-9-2016\/IMG_7440.jpg\"\n               title=\"Br\u00fccke \u00fcber  den F\u00e4tschbach\"\n               data-src=\"http:\/\/www.freimarianne.ch\/wp-content\/gallery\/claridenhohenweg-7-9-2016\/IMG_7440.jpg\"\n               data-thumbnail=\"http:\/\/www.freimarianne.ch\/wp-content\/gallery\/claridenhohenweg-7-9-2016\/thumbs\/thumbs_IMG_7440.jpg\"\n               data-image-id=\"14364\"\n               data-title=\"Br\u00c3\u00bccke \u00c3\u00bcber  den F\u00c3\u00a4tschbach\"\n               data-description=\"Br\u00fccke \u00fcber  den F\u00e4tschbach\"\n               data-image-slug=\"img_7440-1\"\n               class=\"shutterset_20711\">\n                <img\n                    title=\"Br\u00c3\u00bccke \u00c3\u00bcber  den F\u00c3\u00a4tschbach\"\n                    alt=\"Br\u00c3\u00bccke \u00c3\u00bcber  den F\u00c3\u00a4tschbach\"\n                    src=\"http:\/\/www.freimarianne.ch\/wp-content\/gallery\/claridenhohenweg-7-9-2016\/thumbs\/thumbs_IMG_7440.jpg\"\n                    width=\"100\"\n                    height=\"75\"\n                    style=\"max-width:100%;\"\n                \/>\n            <\/a>\n        <\/div>\n\t\t\t\t\t\t\t<\/div> \n\t\t\t\n        \n\t\t\t\t<div id=\"ngg-image-21\" class=\"ngg-gallery-thumbnail-box\" >\n\t\t\t\t        <div class=\"ngg-gallery-thumbnail\">\n            <a href=\"http:\/\/www.freimarianne.ch\/wp-content\/gallery\/claridenhohenweg-7-9-2016\/IMG_7441.jpg\"\n               title=\"Wasserfassung beim F\u00e4tschbach;  Sch\u00e4chentaler Windg\u00e4llen 2764m, M\u00e4lcher St\u00f6ckli 2382m, Glatten 2505m\"\n               data-src=\"http:\/\/www.freimarianne.ch\/wp-content\/gallery\/claridenhohenweg-7-9-2016\/IMG_7441.jpg\"\n               data-thumbnail=\"http:\/\/www.freimarianne.ch\/wp-content\/gallery\/claridenhohenweg-7-9-2016\/thumbs\/thumbs_IMG_7441.jpg\"\n               data-image-id=\"14363\"\n               data-title=\"Wasserfassung beim F\u00c3\u00a4tschbach;  Sch\u00c3\u00a4chentaler Windg\u00c3\u00a4llen 2764m, M\u00c3\u00a4lcher St\u00c3\u00b6ckli 2382m, Glatten 2505m\"\n               data-description=\"Wasserfassung beim F\u00e4tschbach;  Sch\u00e4chentaler Windg\u00e4llen 2764m, M\u00e4lcher St\u00f6ckli 2382m, Glatten 2505m\"\n               data-image-slug=\"img_7441-3\"\n               class=\"shutterset_20711\">\n                <img\n                    title=\"Wasserfassung beim F\u00c3\u00a4tschbach;  Sch\u00c3\u00a4chentaler Windg\u00c3\u00a4llen 2764m, M\u00c3\u00a4lcher St\u00c3\u00b6ckli 2382m, Glatten 2505m\"\n                    alt=\"Wasserfassung beim F\u00c3\u00a4tschbach;  Sch\u00c3\u00a4chentaler Windg\u00c3\u00a4llen 2764m, M\u00c3\u00a4lcher St\u00c3\u00b6ckli 2382m, Glatten 2505m\"\n                    src=\"http:\/\/www.freimarianne.ch\/wp-content\/gallery\/claridenhohenweg-7-9-2016\/thumbs\/thumbs_IMG_7441.jpg\"\n                    width=\"100\"\n                    height=\"75\"\n                    style=\"max-width:100%;\"\n                \/>\n            <\/a>\n        <\/div>\n\t\t\t\t\t\t\t<\/div> \n\t\t\t\n        \n\t\t\t\t<div id=\"ngg-image-22\" class=\"ngg-gallery-thumbnail-box\" >\n\t\t\t\t        <div class=\"ngg-gallery-thumbnail\">\n            <a href=\"http:\/\/www.freimarianne.ch\/wp-content\/gallery\/claridenhohenweg-7-9-2016\/IMG_7451.jpg\"\n               title=\"hi : im Griess mit Gletschersee; vo das Firnband: re Rau St\u00f6ckli 2468m\"\n               data-src=\"http:\/\/www.freimarianne.ch\/wp-content\/gallery\/claridenhohenweg-7-9-2016\/IMG_7451.jpg\"\n               data-thumbnail=\"http:\/\/www.freimarianne.ch\/wp-content\/gallery\/claridenhohenweg-7-9-2016\/thumbs\/thumbs_IMG_7451.jpg\"\n               data-image-id=\"14362\"\n               data-title=\"hi : im Griess mit Gletschersee; vo das Firnband: re Rau St\u00c3\u00b6ckli 2468m\"\n               data-description=\"hi : im Griess mit Gletschersee; vo das Firnband: re Rau St\u00f6ckli 2468m\"\n               data-image-slug=\"img_7451-4\"\n               class=\"shutterset_20711\">\n                <img\n                    title=\"hi : im Griess mit Gletschersee; vo das Firnband: re Rau St\u00c3\u00b6ckli 2468m\"\n                    alt=\"hi : im Griess mit Gletschersee; vo das Firnband: re Rau St\u00c3\u00b6ckli 2468m\"\n                    src=\"http:\/\/www.freimarianne.ch\/wp-content\/gallery\/claridenhohenweg-7-9-2016\/thumbs\/thumbs_IMG_7451.jpg\"\n                    width=\"100\"\n                    height=\"75\"\n                    style=\"max-width:100%;\"\n                \/>\n            <\/a>\n        <\/div>\n\t\t\t\t\t\t\t<\/div> \n\t\t\t\n        \n\t\t\t\t<div id=\"ngg-image-23\" class=\"ngg-gallery-thumbnail-box\" >\n\t\t\t\t        <div class=\"ngg-gallery-thumbnail\">\n            <a href=\"http:\/\/www.freimarianne.ch\/wp-content\/gallery\/claridenhohenweg-7-9-2016\/IMG_7453.jpg\"\n               title=\"Klausenpassstrasse; M\u00e4lcher St\u00f6ckli 2382m, Glatten 2505m\"\n               data-src=\"http:\/\/www.freimarianne.ch\/wp-content\/gallery\/claridenhohenweg-7-9-2016\/IMG_7453.jpg\"\n               data-thumbnail=\"http:\/\/www.freimarianne.ch\/wp-content\/gallery\/claridenhohenweg-7-9-2016\/thumbs\/thumbs_IMG_7453.jpg\"\n               data-image-id=\"14361\"\n               data-title=\"Klausenpassstrasse; M\u00c3\u00a4lcher St\u00c3\u00b6ckli 2382m, Glatten 2505m\"\n               data-description=\"Klausenpassstrasse; M\u00e4lcher St\u00f6ckli 2382m, Glatten 2505m\"\n               data-image-slug=\"img_7453-1\"\n               class=\"shutterset_20711\">\n                <img\n                    title=\"Klausenpassstrasse; M\u00c3\u00a4lcher St\u00c3\u00b6ckli 2382m, Glatten 2505m\"\n                    alt=\"Klausenpassstrasse; M\u00c3\u00a4lcher St\u00c3\u00b6ckli 2382m, Glatten 2505m\"\n                    src=\"http:\/\/www.freimarianne.ch\/wp-content\/gallery\/claridenhohenweg-7-9-2016\/thumbs\/thumbs_IMG_7453.jpg\"\n                    width=\"100\"\n                    height=\"75\"\n                    style=\"max-width:100%;\"\n                \/>\n            <\/a>\n        <\/div>\n\t\t\t\t\t\t\t<\/div> \n\t\t\t\n        \n\t\t\t\t<div id=\"ngg-image-24\" class=\"ngg-gallery-thumbnail-box\" >\n\t\t\t\t        <div class=\"ngg-gallery-thumbnail\">\n            <a href=\"http:\/\/www.freimarianne.ch\/wp-content\/gallery\/claridenhohenweg-7-9-2016\/IMG_7455.jpg\"\n               title=\"Chamliberg 3215m, Rau St\u00f6ckli 2468m\"\n               data-src=\"http:\/\/www.freimarianne.ch\/wp-content\/gallery\/claridenhohenweg-7-9-2016\/IMG_7455.jpg\"\n               data-thumbnail=\"http:\/\/www.freimarianne.ch\/wp-content\/gallery\/claridenhohenweg-7-9-2016\/thumbs\/thumbs_IMG_7455.jpg\"\n               data-image-id=\"14360\"\n               data-title=\"Chamliberg 3215m, Rau St\u00c3\u00b6ckli 2468m\"\n               data-description=\"Chamliberg 3215m, Rau St\u00f6ckli 2468m\"\n               data-image-slug=\"img_7455-1\"\n               class=\"shutterset_20711\">\n                <img\n                    title=\"Chamliberg 3215m, Rau St\u00c3\u00b6ckli 2468m\"\n                    alt=\"Chamliberg 3215m, Rau St\u00c3\u00b6ckli 2468m\"\n                    src=\"http:\/\/www.freimarianne.ch\/wp-content\/gallery\/claridenhohenweg-7-9-2016\/thumbs\/thumbs_IMG_7455.jpg\"\n                    width=\"100\"\n                    height=\"75\"\n                    style=\"max-width:100%;\"\n                \/>\n            <\/a>\n        <\/div>\n\t\t\t\t\t\t\t<\/div> \n\t\t\t\n        \n\t\t\t\t<div id=\"ngg-image-25\" class=\"ngg-gallery-thumbnail-box\" >\n\t\t\t\t        <div class=\"ngg-gallery-thumbnail\">\n            <a href=\"http:\/\/www.freimarianne.ch\/wp-content\/gallery\/claridenhohenweg-7-9-2016\/IMG_7466.jpg\"\n               title=\"Bach\u00fcberquerung\"\n               data-src=\"http:\/\/www.freimarianne.ch\/wp-content\/gallery\/claridenhohenweg-7-9-2016\/IMG_7466.jpg\"\n               data-thumbnail=\"http:\/\/www.freimarianne.ch\/wp-content\/gallery\/claridenhohenweg-7-9-2016\/thumbs\/thumbs_IMG_7466.jpg\"\n               data-image-id=\"14359\"\n               data-title=\"Bach\u00c3\u00bcberquerung\"\n               data-description=\"Bach\u00fcberquerung\"\n               data-image-slug=\"img_7466\"\n               class=\"shutterset_20711\">\n                <img\n                    title=\"Bach\u00c3\u00bcberquerung\"\n                    alt=\"Bach\u00c3\u00bcberquerung\"\n                    src=\"http:\/\/www.freimarianne.ch\/wp-content\/gallery\/claridenhohenweg-7-9-2016\/thumbs\/thumbs_IMG_7466.jpg\"\n                    width=\"100\"\n                    height=\"75\"\n                    style=\"max-width:100%;\"\n                \/>\n            <\/a>\n        <\/div>\n\t\t\t\t\t\t\t<\/div> \n\t\t\t\n        \n\t\t\t\t<div id=\"ngg-image-26\" class=\"ngg-gallery-thumbnail-box\" >\n\t\t\t\t        <div class=\"ngg-gallery-thumbnail\">\n            <a href=\"http:\/\/www.freimarianne.ch\/wp-content\/gallery\/claridenhohenweg-7-9-2016\/IMG_7470.jpg\"\n               title=\"Gemsfairenh\u00fcttli und Gemsfairenboden\"\n               data-src=\"http:\/\/www.freimarianne.ch\/wp-content\/gallery\/claridenhohenweg-7-9-2016\/IMG_7470.jpg\"\n               data-thumbnail=\"http:\/\/www.freimarianne.ch\/wp-content\/gallery\/claridenhohenweg-7-9-2016\/thumbs\/thumbs_IMG_7470.jpg\"\n               data-image-id=\"14358\"\n               data-title=\"Gemsfairenh\u00c3\u00bcttli und Gemsfairenboden\"\n               data-description=\"Gemsfairenh\u00fcttli und Gemsfairenboden\"\n               data-image-slug=\"img_7470-1\"\n               class=\"shutterset_20711\">\n                <img\n                    title=\"Gemsfairenh\u00c3\u00bcttli und Gemsfairenboden\"\n                    alt=\"Gemsfairenh\u00c3\u00bcttli und Gemsfairenboden\"\n                    src=\"http:\/\/www.freimarianne.ch\/wp-content\/gallery\/claridenhohenweg-7-9-2016\/thumbs\/thumbs_IMG_7470.jpg\"\n                    width=\"100\"\n                    height=\"75\"\n                    style=\"max-width:100%;\"\n                \/>\n            <\/a>\n        <\/div>\n\t\t\t\t\t\t\t<\/div> \n\t\t\t\n        \n\t\t\t\t<div id=\"ngg-image-27\" class=\"ngg-gallery-thumbnail-box\" >\n\t\t\t\t        <div class=\"ngg-gallery-thumbnail\">\n            <a href=\"http:\/\/www.freimarianne.ch\/wp-content\/gallery\/claridenhohenweg-7-9-2016\/IMG_7474.jpg\"\n               title=\"Marianne  bei Gemsfairenh\u00fcttli\"\n               data-src=\"http:\/\/www.freimarianne.ch\/wp-content\/gallery\/claridenhohenweg-7-9-2016\/IMG_7474.jpg\"\n               data-thumbnail=\"http:\/\/www.freimarianne.ch\/wp-content\/gallery\/claridenhohenweg-7-9-2016\/thumbs\/thumbs_IMG_7474.jpg\"\n               data-image-id=\"14357\"\n               data-title=\"Marianne  bei Gemsfairenh\u00c3\u00bcttli\"\n               data-description=\"Marianne  bei Gemsfairenh\u00fcttli\"\n               data-image-slug=\"img_7474-4\"\n               class=\"shutterset_20711\">\n                <img\n                    title=\"Marianne  bei Gemsfairenh\u00c3\u00bcttli\"\n                    alt=\"Marianne  bei Gemsfairenh\u00c3\u00bcttli\"\n                    src=\"http:\/\/www.freimarianne.ch\/wp-content\/gallery\/claridenhohenweg-7-9-2016\/thumbs\/thumbs_IMG_7474.jpg\"\n                    width=\"100\"\n                    height=\"75\"\n                    style=\"max-width:100%;\"\n                \/>\n            <\/a>\n        <\/div>\n\t\t\t\t\t\t\t<\/div> \n\t\t\t\n        \n\t\t\t\t<div id=\"ngg-image-28\" class=\"ngg-gallery-thumbnail-box\" >\n\t\t\t\t        <div class=\"ngg-gallery-thumbnail\">\n            <a href=\"http:\/\/www.freimarianne.ch\/wp-content\/gallery\/claridenhohenweg-7-9-2016\/IMG_7477.jpg\"\n               title=\"Schafweide\"\n               data-src=\"http:\/\/www.freimarianne.ch\/wp-content\/gallery\/claridenhohenweg-7-9-2016\/IMG_7477.jpg\"\n               data-thumbnail=\"http:\/\/www.freimarianne.ch\/wp-content\/gallery\/claridenhohenweg-7-9-2016\/thumbs\/thumbs_IMG_7477.jpg\"\n               data-image-id=\"14356\"\n               data-title=\"Schafweide\"\n               data-description=\"Schafweide\"\n               data-image-slug=\"img_7477\"\n               class=\"shutterset_20711\">\n                <img\n                    title=\"Schafweide\"\n                    alt=\"Schafweide\"\n                    src=\"http:\/\/www.freimarianne.ch\/wp-content\/gallery\/claridenhohenweg-7-9-2016\/thumbs\/thumbs_IMG_7477.jpg\"\n                    width=\"100\"\n                    height=\"75\"\n                    style=\"max-width:100%;\"\n                \/>\n            <\/a>\n        <\/div>\n\t\t\t\t\t\t\t<\/div> \n\t\t\t\n        \n\t\t\t\t<div id=\"ngg-image-29\" class=\"ngg-gallery-thumbnail-box\" >\n\t\t\t\t        <div class=\"ngg-gallery-thumbnail\">\n            <a href=\"http:\/\/www.freimarianne.ch\/wp-content\/gallery\/claridenhohenweg-7-9-2016\/IMG_7484.jpg\"\n               title=\"ein Blick zur\u00fcck auf die Clariden\"\n               data-src=\"http:\/\/www.freimarianne.ch\/wp-content\/gallery\/claridenhohenweg-7-9-2016\/IMG_7484.jpg\"\n               data-thumbnail=\"http:\/\/www.freimarianne.ch\/wp-content\/gallery\/claridenhohenweg-7-9-2016\/thumbs\/thumbs_IMG_7484.jpg\"\n               data-image-id=\"14355\"\n               data-title=\"ein Blick zur\u00c3\u00bcck auf die Clariden\"\n               data-description=\"ein Blick zur\u00fcck auf die Clariden\"\n               data-image-slug=\"img_7484-1\"\n               class=\"shutterset_20711\">\n                <img\n                    title=\"ein Blick zur\u00c3\u00bcck auf die Clariden\"\n                    alt=\"ein Blick zur\u00c3\u00bcck auf die Clariden\"\n                    src=\"http:\/\/www.freimarianne.ch\/wp-content\/gallery\/claridenhohenweg-7-9-2016\/thumbs\/thumbs_IMG_7484.jpg\"\n                    width=\"100\"\n                    height=\"75\"\n                    style=\"max-width:100%;\"\n                \/>\n            <\/a>\n        <\/div>\n\t\t\t\t\t\t\t<\/div> \n\t\t\t\n        \n\t\t\t\t<div id=\"ngg-image-30\" class=\"ngg-gallery-thumbnail-box\" >\n\t\t\t\t        <div class=\"ngg-gallery-thumbnail\">\n            <a href=\"http:\/\/www.freimarianne.ch\/wp-content\/gallery\/claridenhohenweg-7-9-2016\/IMG_7488.jpg\"\n               title=\"M\u00e4lcher St\u00f6ckli 2382m, Glatten 2505m\"\n               data-src=\"http:\/\/www.freimarianne.ch\/wp-content\/gallery\/claridenhohenweg-7-9-2016\/IMG_7488.jpg\"\n               data-thumbnail=\"http:\/\/www.freimarianne.ch\/wp-content\/gallery\/claridenhohenweg-7-9-2016\/thumbs\/thumbs_IMG_7488.jpg\"\n               data-image-id=\"14354\"\n               data-title=\"M\u00c3\u00a4lcher St\u00c3\u00b6ckli 2382m, Glatten 2505m\"\n               data-description=\"M\u00e4lcher St\u00f6ckli 2382m, Glatten 2505m\"\n               data-image-slug=\"img_7488\"\n               class=\"shutterset_20711\">\n                <img\n                    title=\"M\u00c3\u00a4lcher St\u00c3\u00b6ckli 2382m, Glatten 2505m\"\n                    alt=\"M\u00c3\u00a4lcher St\u00c3\u00b6ckli 2382m, Glatten 2505m\"\n                    src=\"http:\/\/www.freimarianne.ch\/wp-content\/gallery\/claridenhohenweg-7-9-2016\/thumbs\/thumbs_IMG_7488.jpg\"\n                    width=\"100\"\n                    height=\"75\"\n                    style=\"max-width:100%;\"\n                \/>\n            <\/a>\n        <\/div>\n\t\t\t\t\t\t\t<\/div> \n\t\t\t\n        \n\t\t\t\t<div id=\"ngg-image-31\" class=\"ngg-gallery-thumbnail-box\" >\n\t\t\t\t        <div class=\"ngg-gallery-thumbnail\">\n            <a href=\"http:\/\/www.freimarianne.ch\/wp-content\/gallery\/claridenhohenweg-7-9-2016\/IMG_7491.jpg\"\n               title=\"Bank und TIsch; Clariden  3267m, Clariden 3268m, Chamliberg 3215m\"\n               data-src=\"http:\/\/www.freimarianne.ch\/wp-content\/gallery\/claridenhohenweg-7-9-2016\/IMG_7491.jpg\"\n               data-thumbnail=\"http:\/\/www.freimarianne.ch\/wp-content\/gallery\/claridenhohenweg-7-9-2016\/thumbs\/thumbs_IMG_7491.jpg\"\n               data-image-id=\"14353\"\n               data-title=\"Bank und TIsch; Clariden  3267m, Clariden 3268m, Chamliberg 3215m\"\n               data-description=\"Bank und TIsch; Clariden  3267m, Clariden 3268m, Chamliberg 3215m\"\n               data-image-slug=\"img_7491-5\"\n               class=\"shutterset_20711\">\n                <img\n                    title=\"Bank und TIsch; Clariden  3267m, Clariden 3268m, Chamliberg 3215m\"\n                    alt=\"Bank und TIsch; Clariden  3267m, Clariden 3268m, Chamliberg 3215m\"\n                    src=\"http:\/\/www.freimarianne.ch\/wp-content\/gallery\/claridenhohenweg-7-9-2016\/thumbs\/thumbs_IMG_7491.jpg\"\n                    width=\"100\"\n                    height=\"75\"\n                    style=\"max-width:100%;\"\n                \/>\n            <\/a>\n        <\/div>\n\t\t\t\t\t\t\t<\/div> \n\t\t\t\n        \n\t\t\t\t<div id=\"ngg-image-32\" class=\"ngg-gallery-thumbnail-box\" >\n\t\t\t\t        <div class=\"ngg-gallery-thumbnail\">\n            <a href=\"http:\/\/www.freimarianne.ch\/wp-content\/gallery\/claridenhohenweg-7-9-2016\/IMG_7494.jpg\"\n               title=\"der Clariden H\u00f6henweg Richtung Klausenpass\"\n               data-src=\"http:\/\/www.freimarianne.ch\/wp-content\/gallery\/claridenhohenweg-7-9-2016\/IMG_7494.jpg\"\n               data-thumbnail=\"http:\/\/www.freimarianne.ch\/wp-content\/gallery\/claridenhohenweg-7-9-2016\/thumbs\/thumbs_IMG_7494.jpg\"\n               data-image-id=\"14352\"\n               data-title=\"der Clariden H\u00c3\u00b6henweg Richtung Klausenpass\"\n               data-description=\"der Clariden H\u00f6henweg Richtung Klausenpass\"\n               data-image-slug=\"img_7494\"\n               class=\"shutterset_20711\">\n                <img\n                    title=\"der Clariden H\u00c3\u00b6henweg Richtung Klausenpass\"\n                    alt=\"der Clariden H\u00c3\u00b6henweg Richtung Klausenpass\"\n                    src=\"http:\/\/www.freimarianne.ch\/wp-content\/gallery\/claridenhohenweg-7-9-2016\/thumbs\/thumbs_IMG_7494.jpg\"\n                    width=\"100\"\n                    height=\"75\"\n                    style=\"max-width:100%;\"\n                \/>\n            <\/a>\n        <\/div>\n\t\t\t\t\t\t\t<\/div> \n\t\t\t\n        \n\t\t\t\t<div id=\"ngg-image-33\" class=\"ngg-gallery-thumbnail-box\" >\n\t\t\t\t        <div class=\"ngg-gallery-thumbnail\">\n            <a href=\"http:\/\/www.freimarianne.ch\/wp-content\/gallery\/claridenhohenweg-7-9-2016\/IMG_7498.jpg\"\n               title=\"Marianne auf dem Clariden H\u00f6henweg ; Richtung Klausenpass\"\n               data-src=\"http:\/\/www.freimarianne.ch\/wp-content\/gallery\/claridenhohenweg-7-9-2016\/IMG_7498.jpg\"\n               data-thumbnail=\"http:\/\/www.freimarianne.ch\/wp-content\/gallery\/claridenhohenweg-7-9-2016\/thumbs\/thumbs_IMG_7498.jpg\"\n               data-image-id=\"14351\"\n               data-title=\"Marianne auf dem Clariden H\u00c3\u00b6henweg ; Richtung Klausenpass\"\n               data-description=\"Marianne auf dem Clariden H\u00f6henweg ; Richtung Klausenpass\"\n               data-image-slug=\"img_7498-2\"\n               class=\"shutterset_20711\">\n                <img\n                    title=\"Marianne auf dem Clariden H\u00c3\u00b6henweg ; Richtung Klausenpass\"\n                    alt=\"Marianne auf dem Clariden H\u00c3\u00b6henweg ; Richtung Klausenpass\"\n                    src=\"http:\/\/www.freimarianne.ch\/wp-content\/gallery\/claridenhohenweg-7-9-2016\/thumbs\/thumbs_IMG_7498.jpg\"\n                    width=\"100\"\n                    height=\"75\"\n                    style=\"max-width:100%;\"\n                \/>\n            <\/a>\n        <\/div>\n\t\t\t\t\t\t\t<\/div> \n\t\t\t\n        \n\t\t\t\t<div id=\"ngg-image-34\" class=\"ngg-gallery-thumbnail-box\" >\n\t\t\t\t        <div class=\"ngg-gallery-thumbnail\">\n            <a href=\"http:\/\/www.freimarianne.ch\/wp-content\/gallery\/claridenhohenweg-7-9-2016\/IMG_7501.jpg\"\n               title=\"Klausenpass im Zoom; Gross Spannort; Hinter Schloss,vo Gitschen\"\n               data-src=\"http:\/\/www.freimarianne.ch\/wp-content\/gallery\/claridenhohenweg-7-9-2016\/IMG_7501.jpg\"\n               data-thumbnail=\"http:\/\/www.freimarianne.ch\/wp-content\/gallery\/claridenhohenweg-7-9-2016\/thumbs\/thumbs_IMG_7501.jpg\"\n               data-image-id=\"14350\"\n               data-title=\"Klausenpass im Zoom; Gross Spannort; Hinter Schloss,vo Gitschen\"\n               data-description=\"Klausenpass im Zoom; Gross Spannort; Hinter Schloss,vo Gitschen\"\n               data-image-slug=\"img_7501-1\"\n               class=\"shutterset_20711\">\n                <img\n                    title=\"Klausenpass im Zoom; Gross Spannort; Hinter Schloss,vo Gitschen\"\n                    alt=\"Klausenpass im Zoom; Gross Spannort; Hinter Schloss,vo Gitschen\"\n                    src=\"http:\/\/www.freimarianne.ch\/wp-content\/gallery\/claridenhohenweg-7-9-2016\/thumbs\/thumbs_IMG_7501.jpg\"\n                    width=\"100\"\n                    height=\"75\"\n                    style=\"max-width:100%;\"\n                \/>\n            <\/a>\n        <\/div>\n\t\t\t\t\t\t\t<\/div> \n\t\t\t\n        \n\t\t\t\t<div id=\"ngg-image-35\" class=\"ngg-gallery-thumbnail-box\" >\n\t\t\t\t        <div class=\"ngg-gallery-thumbnail\">\n            <a href=\"http:\/\/www.freimarianne.ch\/wp-content\/gallery\/claridenhohenweg-7-9-2016\/IMG_7515.jpg\"\n               title=\"Chameristock mit K\u00e4rpf,\"\n               data-src=\"http:\/\/www.freimarianne.ch\/wp-content\/gallery\/claridenhohenweg-7-9-2016\/IMG_7515.jpg\"\n               data-thumbnail=\"http:\/\/www.freimarianne.ch\/wp-content\/gallery\/claridenhohenweg-7-9-2016\/thumbs\/thumbs_IMG_7515.jpg\"\n               data-image-id=\"14413\"\n               data-title=\"Chameristock mit K\u00c3\u00a4rpf,\"\n               data-description=\"Chameristock mit K\u00e4rpf,\"\n               data-image-slug=\"img_7515-3\"\n               class=\"shutterset_20711\">\n                <img\n                    title=\"Chameristock mit K\u00c3\u00a4rpf,\"\n                    alt=\"Chameristock mit K\u00c3\u00a4rpf,\"\n                    src=\"http:\/\/www.freimarianne.ch\/wp-content\/gallery\/claridenhohenweg-7-9-2016\/thumbs\/thumbs_IMG_7515.jpg\"\n                    width=\"100\"\n                    height=\"75\"\n                    style=\"max-width:100%;\"\n                \/>\n            <\/a>\n        <\/div>\n\t\t\t\t\t\t\t<\/div> \n\t\t\t\n        \n\t\t\t\t<div id=\"ngg-image-36\" class=\"ngg-gallery-thumbnail-box\" >\n\t\t\t\t        <div class=\"ngg-gallery-thumbnail\">\n            <a href=\"http:\/\/www.freimarianne.ch\/wp-content\/gallery\/claridenhohenweg-7-9-2016\/IMG_7517.jpg\"\n               title=\"die Seilbahn auf den Fisetenpass\"\n               data-src=\"http:\/\/www.freimarianne.ch\/wp-content\/gallery\/claridenhohenweg-7-9-2016\/IMG_7517.jpg\"\n               data-thumbnail=\"http:\/\/www.freimarianne.ch\/wp-content\/gallery\/claridenhohenweg-7-9-2016\/thumbs\/thumbs_IMG_7517.jpg\"\n               data-image-id=\"14412\"\n               data-title=\"die Seilbahn auf den Fisetenpass\"\n               data-description=\"die Seilbahn auf den Fisetenpass\"\n               data-image-slug=\"img_7517\"\n               class=\"shutterset_20711\">\n                <img\n                    title=\"die Seilbahn auf den Fisetenpass\"\n                    alt=\"die Seilbahn auf den Fisetenpass\"\n                    src=\"http:\/\/www.freimarianne.ch\/wp-content\/gallery\/claridenhohenweg-7-9-2016\/thumbs\/thumbs_IMG_7517.jpg\"\n                    width=\"100\"\n                    height=\"75\"\n                    style=\"max-width:100%;\"\n                \/>\n            <\/a>\n        <\/div>\n\t\t\t\t\t\t\t<\/div> \n\t\t\t\n        \n\t\t\t\t<div id=\"ngg-image-37\" class=\"ngg-gallery-thumbnail-box\" >\n\t\t\t\t        <div class=\"ngg-gallery-thumbnail\">\n            <a href=\"http:\/\/www.freimarianne.ch\/wp-content\/gallery\/claridenhohenweg-7-9-2016\/IMG_7518.jpg\"\n               title=\"Urnerboden\"\n               data-src=\"http:\/\/www.freimarianne.ch\/wp-content\/gallery\/claridenhohenweg-7-9-2016\/IMG_7518.jpg\"\n               data-thumbnail=\"http:\/\/www.freimarianne.ch\/wp-content\/gallery\/claridenhohenweg-7-9-2016\/thumbs\/thumbs_IMG_7518.jpg\"\n               data-image-id=\"14411\"\n               data-title=\"Urnerboden\"\n               data-description=\"Urnerboden\"\n               data-image-slug=\"img_7518-1\"\n               class=\"shutterset_20711\">\n                <img\n                    title=\"Urnerboden\"\n                    alt=\"Urnerboden\"\n                    src=\"http:\/\/www.freimarianne.ch\/wp-content\/gallery\/claridenhohenweg-7-9-2016\/thumbs\/thumbs_IMG_7518.jpg\"\n                    width=\"100\"\n                    height=\"75\"\n                    style=\"max-width:100%;\"\n                \/>\n            <\/a>\n        <\/div>\n\t\t\t\t\t\t\t<\/div> \n\t\t\t\n        \n\t\t\t\t<div id=\"ngg-image-38\" class=\"ngg-gallery-thumbnail-box\" >\n\t\t\t\t        <div class=\"ngg-gallery-thumbnail\">\n            <a href=\"http:\/\/www.freimarianne.ch\/wp-content\/gallery\/claridenhohenweg-7-9-2016\/IMG_7520.jpg\"\n               title=\"Kirche  von Urnerboden\"\n               data-src=\"http:\/\/www.freimarianne.ch\/wp-content\/gallery\/claridenhohenweg-7-9-2016\/IMG_7520.jpg\"\n               data-thumbnail=\"http:\/\/www.freimarianne.ch\/wp-content\/gallery\/claridenhohenweg-7-9-2016\/thumbs\/thumbs_IMG_7520.jpg\"\n               data-image-id=\"14410\"\n               data-title=\"Kirche  von Urnerboden\"\n               data-description=\"Kirche  von Urnerboden\"\n               data-image-slug=\"img_7520-1\"\n               class=\"shutterset_20711\">\n                <img\n                    title=\"Kirche  von Urnerboden\"\n                    alt=\"Kirche  von Urnerboden\"\n                    src=\"http:\/\/www.freimarianne.ch\/wp-content\/gallery\/claridenhohenweg-7-9-2016\/thumbs\/thumbs_IMG_7520.jpg\"\n                    width=\"100\"\n                    height=\"75\"\n                    style=\"max-width:100%;\"\n                \/>\n            <\/a>\n        <\/div>\n\t\t\t\t\t\t\t<\/div> \n\t\t\t\n        \n\t\t\t\t<div id=\"ngg-image-39\" class=\"ngg-gallery-thumbnail-box\" >\n\t\t\t\t        <div class=\"ngg-gallery-thumbnail\">\n            <a href=\"http:\/\/www.freimarianne.ch\/wp-content\/gallery\/claridenhohenweg-7-9-2016\/Pano-Clariden-7503-06.jpg\"\n               title=\"Panorama vom Fisetenpass\"\n               data-src=\"http:\/\/www.freimarianne.ch\/wp-content\/gallery\/claridenhohenweg-7-9-2016\/Pano-Clariden-7503-06.jpg\"\n               data-thumbnail=\"http:\/\/www.freimarianne.ch\/wp-content\/gallery\/claridenhohenweg-7-9-2016\/thumbs\/thumbs_Pano-Clariden-7503-06.jpg\"\n               data-image-id=\"14409\"\n               data-title=\"Panorama vom Fisetenpass\"\n               data-description=\"Panorama vom Fisetenpass\"\n               data-image-slug=\"pano-clariden-7503-06\"\n               class=\"shutterset_20711\">\n                <img\n                    title=\"Panorama vom Fisetenpass\"\n                    alt=\"Panorama vom Fisetenpass\"\n                    src=\"http:\/\/www.freimarianne.ch\/wp-content\/gallery\/claridenhohenweg-7-9-2016\/thumbs\/thumbs_Pano-Clariden-7503-06.jpg\"\n                    width=\"100\"\n                    height=\"75\"\n                    style=\"max-width:100%;\"\n                \/>\n            <\/a>\n        <\/div>\n\t\t\t\t\t\t\t<\/div> \n\t\t\t\n        \n\t\t\n\t\t<!-- Pagination -->\n\t<div class='ngg-clear'><\/div>\t<\/div>\n<\/p>\n","protected":false},"excerpt":{"rendered":"<p>Bergwanderung auf dem Clariden H\u00f6henweg; vom Klausenpass zum Fisetenpass der Clariden H\u00f6henweg Richtung Klausenpass Bilder siehe unten Um 10.20h kann ich auf dem Klausenpass 1945m abmarschieren in Richtung Claridenb\u00f6deli. Im Aufstieg kann ich immer wieder hin\u00fcber zum Klausenpass und hinunter zur Passstrasse sehen. Nach einer Weile komme ich zum Wegweiser zum Gletschersee, den ich gerne [&hellip;]<\/p>\n","protected":false},"author":1,"featured_media":0,"parent":20294,"menu_order":3,"comment_status":"closed","ping_status":"closed","template":"","meta":{"ngg_post_thumbnail":0},"_links":{"self":[{"href":"http:\/\/www.freimarianne.ch\/index.php?rest_route=\/wp\/v2\/pages\/20565"}],"collection":[{"href":"http:\/\/www.freimarianne.ch\/index.php?rest_route=\/wp\/v2\/pages"}],"about":[{"href":"http:\/\/www.freimarianne.ch\/index.php?rest_route=\/wp\/v2\/types\/page"}],"author":[{"embeddable":true,"href":"http:\/\/www.freimarianne.ch\/index.php?rest_route=\/wp\/v2\/users\/1"}],"replies":[{"embeddable":true,"href":"http:\/\/www.freimarianne.ch\/index.php?rest_route=%2Fwp%2Fv2%2Fcomments&post=20565"}],"version-history":[{"count":7,"href":"http:\/\/www.freimarianne.ch\/index.php?rest_route=\/wp\/v2\/pages\/20565\/revisions"}],"predecessor-version":[{"id":20802,"href":"http:\/\/www.freimarianne.ch\/index.php?rest_route=\/wp\/v2\/pages\/20565\/revisions\/20802"}],"up":[{"embeddable":true,"href":"http:\/\/www.freimarianne.ch\/index.php?rest_route=\/wp\/v2\/pages\/20294"}],"wp:attachment":[{"href":"http:\/\/www.freimarianne.ch\/index.php?rest_route=%2Fwp%2Fv2%2Fmedia&parent=20565"}],"curies":[{"name":"wp","href":"https:\/\/api.w.org\/{rel}","templated":true}]}}