{"id":20578,"date":"2016-09-16T10:43:00","date_gmt":"2016-09-16T09:43:00","guid":{"rendered":"http:\/\/www.freimarianne.ch\/?page_id=20578"},"modified":"2016-09-16T13:48:09","modified_gmt":"2016-09-16T12:48:09","slug":"flugenspitz-amden-sg-13-9-2016","status":"publish","type":"page","link":"http:\/\/www.freimarianne.ch\/?page_id=20578","title":{"rendered":"Fl\u00fcgenspitz, Amden   SG  13.9.2016"},"content":{"rendered":"<p><strong>Wanderung mit dem Akzentforum vom Arvenb\u00fcel auf den Fl\u00fcgenspitz &#8211; Vordere H\u00f6chi &#8211; Arvenb\u00fcel<\/strong><\/p>\n<p><img loading=\"lazy\" class=\"size-full wp-image-20569\" src=\"http:\/\/www.freimarianne.ch\/wp-content\/uploads\/2016\/09\/IMG_1926flu\u0308genspitz500.jpg\" alt=\"Blick vom First auf unser Ziel, den Fl\u00fcgenspitz 1703m; re Rotberg, Sch\u00e4r und Goggeien\" width=\"500\" height=\"375\" srcset=\"http:\/\/www.freimarianne.ch\/wp-content\/uploads\/2016\/09\/IMG_1926flu\u0308genspitz500.jpg 500w, http:\/\/www.freimarianne.ch\/wp-content\/uploads\/2016\/09\/IMG_1926flu\u0308genspitz500-300x225.jpg 300w, http:\/\/www.freimarianne.ch\/wp-content\/uploads\/2016\/09\/IMG_1926flu\u0308genspitz500-400x300.jpg 400w\" sizes=\"(max-width: 500px) 100vw, 500px\" \/><br \/>\nBlick vom First auf unser Ziel, den Fl\u00fcgenspitz 1703m; re Rotberg, Sch\u00e4r und Goggeien<\/p>\n<p>Wir sind heute ein kleine Gruppe. Auf dem Arvenb\u00fcel gibt es einen Startkaffee und dann geht es los in Richtung First.<br \/>\nWir haben heute einen der letzten warmen Sommertag erwischt und schwitzen auch entsprechend. Auf der Alp Looch 1553m halten wir unsere Mittagsrast im Schatten einiger Tannen. Nachher steigen wir hinauf zum First 1663m, von wo wir die pr\u00e4chtige Ausssicht geniessen. Eine noch umfassendere Sicht haben wir dann vom Fl\u00fcgenspitz 1703m !<br \/>\nAuf dem Toggenburge H\u00f6henweg wandern wir hin\u00fcber \u00fcber die B\u00e4renegg zur Vorder H\u00f6chi 1536m, wo wir eine weitere Rast machen. Die Zeit ist fortgeschritten. Also schlagen wir den R\u00fcckweg \u00fcber Altschen zum Arvenb\u00fcel ein, wo wir den Bus fahren lassen und uns noch eine Stunde bei einem Bier g\u00f6nnen. Dies ist ein sch\u00f6ner Abschluss unserer herrlichen und harmonischen Wanderung in der Bilderbuchlandschaft von Amden.<\/p>\n<p>Laut Schweizmobil:<br \/>\nDistanz: 9.46km; Aufstieg: 566m; Abstieg: 566m; Wanderzeit: 3 h 12 min<br \/>\n<a href=\"https:\/\/map.schweizmobil.ch\/?lang=de&amp;showLogin=true&amp;bgLayer=pk&amp;resolution=10&amp;X=732948&amp;Y=224390&amp;layers=Wanderland&amp;trackId=3051249\">Karte Schweizmobil:<\/a><\/p>\n<p><!-- index.php -->\n<div\n\tclass=\"ngg-galleryoverview ngg-ajax-pagination-none\"\n\tid=\"ngg-gallery-20727-1\">\n\n    \t<div class=\"slideshowlink\">\n        <a href='http:\/\/www.freimarianne.ch\/index.php\/nggallery\/slideshow?page_id=20578'>[Show as slideshow]<\/a>\n\t\t\n\t<\/div>\n\t\t\t<!-- Thumbnails -->\n\t\t\t\t<div id=\"ngg-image-0\" class=\"ngg-gallery-thumbnail-box\" >\n\t\t\t\t        <div class=\"ngg-gallery-thumbnail\">\n            <a href=\"http:\/\/www.freimarianne.ch\/wp-content\/gallery\/flugenspitz-amden-13-9-2016\/IMG_1919.jpg\"\n               title=\"Alp Looch 1535m\"\n               data-src=\"http:\/\/www.freimarianne.ch\/wp-content\/gallery\/flugenspitz-amden-13-9-2016\/IMG_1919.jpg\"\n               data-thumbnail=\"http:\/\/www.freimarianne.ch\/wp-content\/gallery\/flugenspitz-amden-13-9-2016\/thumbs\/thumbs_IMG_1919.jpg\"\n               data-image-id=\"14408\"\n               data-title=\"Alp Looch 1535m\"\n               data-description=\"Alp Looch 1535m\"\n               data-image-slug=\"img_1919-6\"\n               class=\"shutterset_20727\">\n                <img\n                    title=\"Alp Looch 1535m\"\n                    alt=\"Alp Looch 1535m\"\n                    src=\"http:\/\/www.freimarianne.ch\/wp-content\/gallery\/flugenspitz-amden-13-9-2016\/thumbs\/thumbs_IMG_1919.jpg\"\n                    width=\"100\"\n                    height=\"75\"\n                    style=\"max-width:100%;\"\n                \/>\n            <\/a>\n        <\/div>\n\t\t\t\t\t\t\t<\/div> \n\t\t\t\n        \n\t\t\t\t<div id=\"ngg-image-1\" class=\"ngg-gallery-thumbnail-box\" >\n\t\t\t\t        <div class=\"ngg-gallery-thumbnail\">\n            <a href=\"http:\/\/www.freimarianne.ch\/wp-content\/gallery\/flugenspitz-amden-13-9-2016\/IMG_1921.jpg\"\n               title=\"Alp  Looch mit Mattstock\"\n               data-src=\"http:\/\/www.freimarianne.ch\/wp-content\/gallery\/flugenspitz-amden-13-9-2016\/IMG_1921.jpg\"\n               data-thumbnail=\"http:\/\/www.freimarianne.ch\/wp-content\/gallery\/flugenspitz-amden-13-9-2016\/thumbs\/thumbs_IMG_1921.jpg\"\n               data-image-id=\"14407\"\n               data-title=\"Alp  Looch mit Mattstock\"\n               data-description=\"Alp  Looch mit Mattstock\"\n               data-image-slug=\"img_1921-3\"\n               class=\"shutterset_20727\">\n                <img\n                    title=\"Alp  Looch mit Mattstock\"\n                    alt=\"Alp  Looch mit Mattstock\"\n                    src=\"http:\/\/www.freimarianne.ch\/wp-content\/gallery\/flugenspitz-amden-13-9-2016\/thumbs\/thumbs_IMG_1921.jpg\"\n                    width=\"100\"\n                    height=\"75\"\n                    style=\"max-width:100%;\"\n                \/>\n            <\/a>\n        <\/div>\n\t\t\t\t\t\t\t<\/div> \n\t\t\t\n        \n\t\t\t\t<div id=\"ngg-image-2\" class=\"ngg-gallery-thumbnail-box\" >\n\t\t\t\t        <div class=\"ngg-gallery-thumbnail\">\n            <a href=\"http:\/\/www.freimarianne.ch\/wp-content\/gallery\/flugenspitz-amden-13-9-2016\/IMG_1924.jpg\"\n               title=\"Flyschfelsen in der Vorderen Leistplatte\"\n               data-src=\"http:\/\/www.freimarianne.ch\/wp-content\/gallery\/flugenspitz-amden-13-9-2016\/IMG_1924.jpg\"\n               data-thumbnail=\"http:\/\/www.freimarianne.ch\/wp-content\/gallery\/flugenspitz-amden-13-9-2016\/thumbs\/thumbs_IMG_1924.jpg\"\n               data-image-id=\"14406\"\n               data-title=\"Flyschfelsen in der Vorderen Leistplatte\"\n               data-description=\"Flyschfelsen in der Vorderen Leistplatte\"\n               data-image-slug=\"img_1924-1\"\n               class=\"shutterset_20727\">\n                <img\n                    title=\"Flyschfelsen in der Vorderen Leistplatte\"\n                    alt=\"Flyschfelsen in der Vorderen Leistplatte\"\n                    src=\"http:\/\/www.freimarianne.ch\/wp-content\/gallery\/flugenspitz-amden-13-9-2016\/thumbs\/thumbs_IMG_1924.jpg\"\n                    width=\"100\"\n                    height=\"75\"\n                    style=\"max-width:100%;\"\n                \/>\n            <\/a>\n        <\/div>\n\t\t\t\t\t\t\t<\/div> \n\t\t\t\n        \n\t\t\t\t<div id=\"ngg-image-3\" class=\"ngg-gallery-thumbnail-box\" >\n\t\t\t\t        <div class=\"ngg-gallery-thumbnail\">\n            <a href=\"http:\/\/www.freimarianne.ch\/wp-content\/gallery\/flugenspitz-amden-13-9-2016\/IMG_1926.jpg\"\n               title=\"Blick vom First auf unser Ziel, den Fl\u00fcgenspitz 1703m; re Rotberg, Sch\u00e4r und Goggeien\"\n               data-src=\"http:\/\/www.freimarianne.ch\/wp-content\/gallery\/flugenspitz-amden-13-9-2016\/IMG_1926.jpg\"\n               data-thumbnail=\"http:\/\/www.freimarianne.ch\/wp-content\/gallery\/flugenspitz-amden-13-9-2016\/thumbs\/thumbs_IMG_1926.jpg\"\n               data-image-id=\"14405\"\n               data-title=\"Blick vom First auf unser Ziel, den Fl\u00c3\u00bcgenspitz 1703m; re Rotberg, Sch\u00c3\u00a4r und Goggeien\"\n               data-description=\"Blick vom First auf unser Ziel, den Fl\u00fcgenspitz 1703m; re Rotberg, Sch\u00e4r und Goggeien\"\n               data-image-slug=\"img_1926-4\"\n               class=\"shutterset_20727\">\n                <img\n                    title=\"Blick vom First auf unser Ziel, den Fl\u00c3\u00bcgenspitz 1703m; re Rotberg, Sch\u00c3\u00a4r und Goggeien\"\n                    alt=\"Blick vom First auf unser Ziel, den Fl\u00c3\u00bcgenspitz 1703m; re Rotberg, Sch\u00c3\u00a4r und Goggeien\"\n                    src=\"http:\/\/www.freimarianne.ch\/wp-content\/gallery\/flugenspitz-amden-13-9-2016\/thumbs\/thumbs_IMG_1926.jpg\"\n                    width=\"100\"\n                    height=\"75\"\n                    style=\"max-width:100%;\"\n                \/>\n            <\/a>\n        <\/div>\n\t\t\t\t\t\t\t<\/div> \n\t\t\t\n        \n\t\t\t\t<div id=\"ngg-image-4\" class=\"ngg-gallery-thumbnail-box\" >\n\t\t\t\t        <div class=\"ngg-gallery-thumbnail\">\n            <a href=\"http:\/\/www.freimarianne.ch\/wp-content\/gallery\/flugenspitz-amden-13-9-2016\/IMG_1927.jpg\"\n               title=\"auf dem First 1663m\"\n               data-src=\"http:\/\/www.freimarianne.ch\/wp-content\/gallery\/flugenspitz-amden-13-9-2016\/IMG_1927.jpg\"\n               data-thumbnail=\"http:\/\/www.freimarianne.ch\/wp-content\/gallery\/flugenspitz-amden-13-9-2016\/thumbs\/thumbs_IMG_1927.jpg\"\n               data-image-id=\"14404\"\n               data-title=\"auf dem First 1663m\"\n               data-description=\"auf dem First 1663m\"\n               data-image-slug=\"img_1927\"\n               class=\"shutterset_20727\">\n                <img\n                    title=\"auf dem First 1663m\"\n                    alt=\"auf dem First 1663m\"\n                    src=\"http:\/\/www.freimarianne.ch\/wp-content\/gallery\/flugenspitz-amden-13-9-2016\/thumbs\/thumbs_IMG_1927.jpg\"\n                    width=\"100\"\n                    height=\"75\"\n                    style=\"max-width:100%;\"\n                \/>\n            <\/a>\n        <\/div>\n\t\t\t\t\t\t\t<\/div> \n\t\t\t\n        \n\t\t\t\t<div id=\"ngg-image-5\" class=\"ngg-gallery-thumbnail-box\" >\n\t\t\t\t        <div class=\"ngg-gallery-thumbnail\">\n            <a href=\"http:\/\/www.freimarianne.ch\/wp-content\/gallery\/flugenspitz-amden-13-9-2016\/IMG_1928.jpg\"\n               title=\"Fransen Enzian, Gentianopsis cilliata\"\n               data-src=\"http:\/\/www.freimarianne.ch\/wp-content\/gallery\/flugenspitz-amden-13-9-2016\/IMG_1928.jpg\"\n               data-thumbnail=\"http:\/\/www.freimarianne.ch\/wp-content\/gallery\/flugenspitz-amden-13-9-2016\/thumbs\/thumbs_IMG_1928.jpg\"\n               data-image-id=\"14403\"\n               data-title=\"Fransen Enzian, Gentianopsis cilliata\"\n               data-description=\"Fransen Enzian, Gentianopsis cilliata\"\n               data-image-slug=\"img_1928-5\"\n               class=\"shutterset_20727\">\n                <img\n                    title=\"Fransen Enzian, Gentianopsis cilliata\"\n                    alt=\"Fransen Enzian, Gentianopsis cilliata\"\n                    src=\"http:\/\/www.freimarianne.ch\/wp-content\/gallery\/flugenspitz-amden-13-9-2016\/thumbs\/thumbs_IMG_1928.jpg\"\n                    width=\"100\"\n                    height=\"75\"\n                    style=\"max-width:100%;\"\n                \/>\n            <\/a>\n        <\/div>\n\t\t\t\t\t\t\t<\/div> \n\t\t\t\n        \n\t\t\t\t<div id=\"ngg-image-6\" class=\"ngg-gallery-thumbnail-box\" >\n\t\t\t\t        <div class=\"ngg-gallery-thumbnail\">\n            <a href=\"http:\/\/www.freimarianne.ch\/wp-content\/gallery\/flugenspitz-amden-13-9-2016\/IMG_1943.jpg\"\n               title=\"Sicht vom Weg auf den Fl\u00fcgenspitz; Leistkamm 2101m und li Flyschfelsen in der Vorderen Leistplatte\"\n               data-src=\"http:\/\/www.freimarianne.ch\/wp-content\/gallery\/flugenspitz-amden-13-9-2016\/IMG_1943.jpg\"\n               data-thumbnail=\"http:\/\/www.freimarianne.ch\/wp-content\/gallery\/flugenspitz-amden-13-9-2016\/thumbs\/thumbs_IMG_1943.jpg\"\n               data-image-id=\"14402\"\n               data-title=\"Sicht vom Weg auf den Fl\u00c3\u00bcgenspitz; Leistkamm 2101m und li Flyschfelsen in der Vorderen Leistplatte\"\n               data-description=\"Sicht vom Weg auf den Fl\u00fcgenspitz; Leistkamm 2101m und li Flyschfelsen in der Vorderen Leistplatte\"\n               data-image-slug=\"img_1943-2\"\n               class=\"shutterset_20727\">\n                <img\n                    title=\"Sicht vom Weg auf den Fl\u00c3\u00bcgenspitz; Leistkamm 2101m und li Flyschfelsen in der Vorderen Leistplatte\"\n                    alt=\"Sicht vom Weg auf den Fl\u00c3\u00bcgenspitz; Leistkamm 2101m und li Flyschfelsen in der Vorderen Leistplatte\"\n                    src=\"http:\/\/www.freimarianne.ch\/wp-content\/gallery\/flugenspitz-amden-13-9-2016\/thumbs\/thumbs_IMG_1943.jpg\"\n                    width=\"100\"\n                    height=\"75\"\n                    style=\"max-width:100%;\"\n                \/>\n            <\/a>\n        <\/div>\n\t\t\t\t\t\t\t<\/div> \n\t\t\t\n        \n\t\t\t\t<div id=\"ngg-image-7\" class=\"ngg-gallery-thumbnail-box\" >\n\t\t\t\t        <div class=\"ngg-gallery-thumbnail\">\n            <a href=\"http:\/\/www.freimarianne.ch\/wp-content\/gallery\/flugenspitz-amden-13-9-2016\/IMG_1950.jpg\"\n               title=\"Neuenalpspitz 1871m, L\u00fctispitz 1987m, S\u00e4ntis 2504m\"\n               data-src=\"http:\/\/www.freimarianne.ch\/wp-content\/gallery\/flugenspitz-amden-13-9-2016\/IMG_1950.jpg\"\n               data-thumbnail=\"http:\/\/www.freimarianne.ch\/wp-content\/gallery\/flugenspitz-amden-13-9-2016\/thumbs\/thumbs_IMG_1950.jpg\"\n               data-image-id=\"14401\"\n               data-title=\"Neuenalpspitz 1871m, L\u00c3\u00bctispitz 1987m, S\u00c3\u00a4ntis 2504m\"\n               data-description=\"Neuenalpspitz 1871m, L\u00fctispitz 1987m, S\u00e4ntis 2504m\"\n               data-image-slug=\"img_1950-1\"\n               class=\"shutterset_20727\">\n                <img\n                    title=\"Neuenalpspitz 1871m, L\u00c3\u00bctispitz 1987m, S\u00c3\u00a4ntis 2504m\"\n                    alt=\"Neuenalpspitz 1871m, L\u00c3\u00bctispitz 1987m, S\u00c3\u00a4ntis 2504m\"\n                    src=\"http:\/\/www.freimarianne.ch\/wp-content\/gallery\/flugenspitz-amden-13-9-2016\/thumbs\/thumbs_IMG_1950.jpg\"\n                    width=\"100\"\n                    height=\"75\"\n                    style=\"max-width:100%;\"\n                \/>\n            <\/a>\n        <\/div>\n\t\t\t\t\t\t\t<\/div> \n\t\t\t\n        \n\t\t\t\t<div id=\"ngg-image-8\" class=\"ngg-gallery-thumbnail-box\" >\n\t\t\t\t        <div class=\"ngg-gallery-thumbnail\">\n            <a href=\"http:\/\/www.freimarianne.ch\/wp-content\/gallery\/flugenspitz-amden-13-9-2016\/IMG_1954.jpg\"\n               title=\"Zuestoll 2235m, Brisi 2279m, Fr\u00fcmsel 2267m,  Selun 2205m\"\n               data-src=\"http:\/\/www.freimarianne.ch\/wp-content\/gallery\/flugenspitz-amden-13-9-2016\/IMG_1954.jpg\"\n               data-thumbnail=\"http:\/\/www.freimarianne.ch\/wp-content\/gallery\/flugenspitz-amden-13-9-2016\/thumbs\/thumbs_IMG_1954.jpg\"\n               data-image-id=\"14400\"\n               data-title=\"Zuestoll 2235m, Brisi 2279m, Fr\u00c3\u00bcmsel 2267m,  Selun 2205m\"\n               data-description=\"Zuestoll 2235m, Brisi 2279m, Fr\u00fcmsel 2267m,  Selun 2205m\"\n               data-image-slug=\"img_1954\"\n               class=\"shutterset_20727\">\n                <img\n                    title=\"Zuestoll 2235m, Brisi 2279m, Fr\u00c3\u00bcmsel 2267m,  Selun 2205m\"\n                    alt=\"Zuestoll 2235m, Brisi 2279m, Fr\u00c3\u00bcmsel 2267m,  Selun 2205m\"\n                    src=\"http:\/\/www.freimarianne.ch\/wp-content\/gallery\/flugenspitz-amden-13-9-2016\/thumbs\/thumbs_IMG_1954.jpg\"\n                    width=\"100\"\n                    height=\"75\"\n                    style=\"max-width:100%;\"\n                \/>\n            <\/a>\n        <\/div>\n\t\t\t\t\t\t\t<\/div> \n\t\t\t\n        \n\t\t\t\t<div id=\"ngg-image-9\" class=\"ngg-gallery-thumbnail-box\" >\n\t\t\t\t        <div class=\"ngg-gallery-thumbnail\">\n            <a href=\"http:\/\/www.freimarianne.ch\/wp-content\/gallery\/flugenspitz-amden-13-9-2016\/IMG_1956.jpg\"\n               title=\"Fliegenpilz\"\n               data-src=\"http:\/\/www.freimarianne.ch\/wp-content\/gallery\/flugenspitz-amden-13-9-2016\/IMG_1956.jpg\"\n               data-thumbnail=\"http:\/\/www.freimarianne.ch\/wp-content\/gallery\/flugenspitz-amden-13-9-2016\/thumbs\/thumbs_IMG_1956.jpg\"\n               data-image-id=\"14399\"\n               data-title=\"Fliegenpilz\"\n               data-description=\"Fliegenpilz\"\n               data-image-slug=\"img_1956\"\n               class=\"shutterset_20727\">\n                <img\n                    title=\"Fliegenpilz\"\n                    alt=\"Fliegenpilz\"\n                    src=\"http:\/\/www.freimarianne.ch\/wp-content\/gallery\/flugenspitz-amden-13-9-2016\/thumbs\/thumbs_IMG_1956.jpg\"\n                    width=\"100\"\n                    height=\"75\"\n                    style=\"max-width:100%;\"\n                \/>\n            <\/a>\n        <\/div>\n\t\t\t\t\t\t\t<\/div> \n\t\t\t\n        \n\t\t\t\t<div id=\"ngg-image-10\" class=\"ngg-gallery-thumbnail-box\" >\n\t\t\t\t        <div class=\"ngg-gallery-thumbnail\">\n            <a href=\"http:\/\/www.freimarianne.ch\/wp-content\/gallery\/flugenspitz-amden-13-9-2016\/IMG_1962.jpg\"\n               title=\"Brittertannen; auf dem Weg zum Arvenb\u00fcel\"\n               data-src=\"http:\/\/www.freimarianne.ch\/wp-content\/gallery\/flugenspitz-amden-13-9-2016\/IMG_1962.jpg\"\n               data-thumbnail=\"http:\/\/www.freimarianne.ch\/wp-content\/gallery\/flugenspitz-amden-13-9-2016\/thumbs\/thumbs_IMG_1962.jpg\"\n               data-image-id=\"14398\"\n               data-title=\"Brittertannen; auf dem Weg zum Arvenb\u00c3\u00bcel\"\n               data-description=\"Brittertannen; auf dem Weg zum Arvenb\u00fcel\"\n               data-image-slug=\"img_1962\"\n               class=\"shutterset_20727\">\n                <img\n                    title=\"Brittertannen; auf dem Weg zum Arvenb\u00c3\u00bcel\"\n                    alt=\"Brittertannen; auf dem Weg zum Arvenb\u00c3\u00bcel\"\n                    src=\"http:\/\/www.freimarianne.ch\/wp-content\/gallery\/flugenspitz-amden-13-9-2016\/thumbs\/thumbs_IMG_1962.jpg\"\n                    width=\"100\"\n                    height=\"75\"\n                    style=\"max-width:100%;\"\n                \/>\n            <\/a>\n        <\/div>\n\t\t\t\t\t\t\t<\/div> \n\t\t\t\n        \n\t\t\n\t\t<!-- Pagination -->\n\t<div class='ngg-clear'><\/div>\t<\/div>\n<\/p>\n","protected":false},"excerpt":{"rendered":"<p>Wanderung mit dem Akzentforum vom Arvenb\u00fcel auf den Fl\u00fcgenspitz &#8211; Vordere H\u00f6chi &#8211; Arvenb\u00fcel Blick vom First auf unser Ziel, den Fl\u00fcgenspitz 1703m; re Rotberg, Sch\u00e4r und Goggeien Wir sind heute ein kleine Gruppe. Auf dem Arvenb\u00fcel gibt es einen Startkaffee und dann geht es los in Richtung First. Wir haben heute einen der letzten [&hellip;]<\/p>\n","protected":false},"author":1,"featured_media":0,"parent":20294,"menu_order":5,"comment_status":"closed","ping_status":"closed","template":"","meta":{"ngg_post_thumbnail":0},"_links":{"self":[{"href":"http:\/\/www.freimarianne.ch\/index.php?rest_route=\/wp\/v2\/pages\/20578"}],"collection":[{"href":"http:\/\/www.freimarianne.ch\/index.php?rest_route=\/wp\/v2\/pages"}],"about":[{"href":"http:\/\/www.freimarianne.ch\/index.php?rest_route=\/wp\/v2\/types\/page"}],"author":[{"embeddable":true,"href":"http:\/\/www.freimarianne.ch\/index.php?rest_route=\/wp\/v2\/users\/1"}],"replies":[{"embeddable":true,"href":"http:\/\/www.freimarianne.ch\/index.php?rest_route=%2Fwp%2Fv2%2Fcomments&post=20578"}],"version-history":[{"count":8,"href":"http:\/\/www.freimarianne.ch\/index.php?rest_route=\/wp\/v2\/pages\/20578\/revisions"}],"predecessor-version":[{"id":20728,"href":"http:\/\/www.freimarianne.ch\/index.php?rest_route=\/wp\/v2\/pages\/20578\/revisions\/20728"}],"up":[{"embeddable":true,"href":"http:\/\/www.freimarianne.ch\/index.php?rest_route=\/wp\/v2\/pages\/20294"}],"wp:attachment":[{"href":"http:\/\/www.freimarianne.ch\/index.php?rest_route=%2Fwp%2Fv2%2Fmedia&parent=20578"}],"curies":[{"name":"wp","href":"https:\/\/api.w.org\/{rel}","templated":true}]}}