{"id":21565,"date":"2016-11-07T10:53:41","date_gmt":"2016-11-07T09:53:41","guid":{"rendered":"http:\/\/www.freimarianne.ch\/?page_id=21565"},"modified":"2016-11-18T09:27:29","modified_gmt":"2016-11-18T08:27:29","slug":"anenhutte-lotschental-vs-29-10-2016","status":"publish","type":"page","link":"http:\/\/www.freimarianne.ch\/?page_id=21565","title":{"rendered":"Anenh\u00fctte L\u00f6tschental  VS   29.10.2016"},"content":{"rendered":"<p><strong>Von der Fafleralp \u00fcber den Guggisee zur Anenh\u00fctte und zur\u00fcck<\/strong><\/p>\n<p><img loading=\"lazy\" class=\"size-full wp-image-21560\" src=\"http:\/\/www.freimarianne.ch\/wp-content\/uploads\/2016\/11\/IMG_8307_anenhu\u0308tte_500.jpg\" alt=\"die Anenh\u00fctte 2358m\" width=\"500\" height=\"333\" srcset=\"http:\/\/www.freimarianne.ch\/wp-content\/uploads\/2016\/11\/IMG_8307_anenhu\u0308tte_500.jpg 500w, http:\/\/www.freimarianne.ch\/wp-content\/uploads\/2016\/11\/IMG_8307_anenhu\u0308tte_500-300x200.jpg 300w, http:\/\/www.freimarianne.ch\/wp-content\/uploads\/2016\/11\/IMG_8307_anenhu\u0308tte_500-450x300.jpg 450w\" sizes=\"(max-width: 500px) 100vw, 500px\" \/><\/p>\n<p>die Anenh\u00fctte 2358m<\/p>\n<p>Heute m\u00f6chte ich nochmals eine pr\u00e4chtige Herbstlandschaft erleben und werde mit dem L\u00f6tschental nat\u00fcrlich nicht entt\u00e4uscht!<br \/>\nWie immer im Herbst pr\u00e4sentiert sich dieses Tal in seiner ganzen Sch\u00f6nheit. Nur muss man geduldig sein bis die Schatten weichten und man endlich an der Sonne gehen kann. Dann sieht alles gleich anders aus und man erlebt das Tal in seinen sch\u00f6nsten Herbstfarben.<br \/>\nDa heute der Bus noch auf die Fafleralp f\u00e4hrt benutze ich die Gelegenheit, meine Wanderung dort zu beginnen (10.35h) Ich gehe auf dem Talweg beim Gletscherstafel und benutze sp\u00e4ter den Hangweg hinauf zum Guggistafel. Von dort wandere ich noch stets im Schatten durch die wundersch\u00f6ne Landschaft zum Guggisee 2007m. Die fernen sonnenbeschienen Berge im Talende spiegeln sich im See, der selber aber noch im Schatten liegt.<br \/>\nWeiter geht es der Sonne entgegen! Die Farbenpracht &#8211; grau &#8211; gr\u00fcnlich &#8211; gelb &#8211; rot &#8211; blau -weiss ist sehr eindr\u00fccklich und verlockt, viele Fotos zu machen.<br \/>\nUm 13.20h erreiche ich nach einem steilen Aufstieg die Anenh\u00fctte 2358m, wo ich schon im <a href=\"http:\/\/www.freimarianne.ch\/?page_id=6627\">Herbst 2014<\/a> war.<br \/>\nGleich mache ich mich auf zum Anensee, der etwas weiter von der H\u00fctte in einer Mulde liegt. Teilweise ist der See bereits zugefroren.<br \/>\nEs gibt eine l\u00e4ngere Foto &#8211; und Mittagspause, denn es ish hier oben einfach pr\u00e4chtig, sodass ich mich kaum losreissen kann.<br \/>\nIch nehme denselben Weg zur\u00fcck, um nochmals Fotos am Guggisee machen zu k\u00f6nnen. Um 14.00h hat die Sonne nun das ganze Tal erreicht und es gibt sch\u00f6ne Ausblicke talausw\u00e4rts.<br \/>\nAm Guggisee gibt es nun wundersch\u00f6ne Fotos, in denen sich die Berge im See spiegeln. Ich wandere wieder hin\u00fcber zum Guggistafel und nehme dann denselben Weg zur\u00fcck ins Tal, wobei ich mich beeilen muss, um den Bus zu erreichen, was mir in letzter Minute gelingt.<\/p>\n<p>Laut Schweizmobil:<br \/>\nDistanz: 11.99km; Aufstieg: 683m; Abstieg; 683m; Wanderzeit: 4 h 1 min<\/p>\n<p><a href=\"https:\/\/map.wanderland.ch\/?lang=de&amp;route=all&amp;bgLayer=pk&amp;resolution=10&amp;X=634504&amp;Y=143878&amp;layers=Wanderland&amp;trackId=3163793\">Karte Schweizmobil:<\/a><\/p>\n<p><!-- index.php -->\n<div\n\tclass=\"ngg-galleryoverview ngg-ajax-pagination-none\"\n\tid=\"ngg-gallery-21758-1\">\n\n    \t<div class=\"slideshowlink\">\n        <a href='http:\/\/www.freimarianne.ch\/index.php\/nggallery\/slideshow?page_id=21565'>[Show as slideshow]<\/a>\n\t\t\n\t<\/div>\n\t\t\t<!-- Thumbnails -->\n\t\t\t\t<div id=\"ngg-image-0\" class=\"ngg-gallery-thumbnail-box\" >\n\t\t\t\t        <div class=\"ngg-gallery-thumbnail\">\n            <a href=\"http:\/\/www.freimarianne.ch\/wp-content\/gallery\/anenhutte-29-10-16\/IMG_8252.jpg\"\n               title=\"der Talweg in der Gletscherflue im Schatten\"\n               data-src=\"http:\/\/www.freimarianne.ch\/wp-content\/gallery\/anenhutte-29-10-16\/IMG_8252.jpg\"\n               data-thumbnail=\"http:\/\/www.freimarianne.ch\/wp-content\/gallery\/anenhutte-29-10-16\/thumbs\/thumbs_IMG_8252.jpg\"\n               data-image-id=\"14796\"\n               data-title=\"der Talweg in der Gletscherflue im Schatten\"\n               data-description=\"der Talweg in der Gletscherflue im Schatten\"\n               data-image-slug=\"img_8252-2\"\n               class=\"shutterset_21758\">\n                <img\n                    title=\"der Talweg in der Gletscherflue im Schatten\"\n                    alt=\"der Talweg in der Gletscherflue im Schatten\"\n                    src=\"http:\/\/www.freimarianne.ch\/wp-content\/gallery\/anenhutte-29-10-16\/thumbs\/thumbs_IMG_8252.jpg\"\n                    width=\"100\"\n                    height=\"75\"\n                    style=\"max-width:100%;\"\n                \/>\n            <\/a>\n        <\/div>\n\t\t\t\t\t\t\t<\/div> \n\t\t\t\n        \n\t\t\t\t<div id=\"ngg-image-1\" class=\"ngg-gallery-thumbnail-box\" >\n\t\t\t\t        <div class=\"ngg-gallery-thumbnail\">\n            <a href=\"http:\/\/www.freimarianne.ch\/wp-content\/gallery\/anenhutte-29-10-16\/IMG_8258.jpg\"\n               title=\"Guggistafel 1933m\"\n               data-src=\"http:\/\/www.freimarianne.ch\/wp-content\/gallery\/anenhutte-29-10-16\/IMG_8258.jpg\"\n               data-thumbnail=\"http:\/\/www.freimarianne.ch\/wp-content\/gallery\/anenhutte-29-10-16\/thumbs\/thumbs_IMG_8258.jpg\"\n               data-image-id=\"14795\"\n               data-title=\"Guggistafel 1933m\"\n               data-description=\"Guggistafel 1933m\"\n               data-image-slug=\"img_8258\"\n               class=\"shutterset_21758\">\n                <img\n                    title=\"Guggistafel 1933m\"\n                    alt=\"Guggistafel 1933m\"\n                    src=\"http:\/\/www.freimarianne.ch\/wp-content\/gallery\/anenhutte-29-10-16\/thumbs\/thumbs_IMG_8258.jpg\"\n                    width=\"100\"\n                    height=\"75\"\n                    style=\"max-width:100%;\"\n                \/>\n            <\/a>\n        <\/div>\n\t\t\t\t\t\t\t<\/div> \n\t\t\t\n        \n\t\t\t\t<div id=\"ngg-image-2\" class=\"ngg-gallery-thumbnail-box\" >\n\t\t\t\t        <div class=\"ngg-gallery-thumbnail\">\n            <a href=\"http:\/\/www.freimarianne.ch\/wp-content\/gallery\/anenhutte-29-10-16\/IMG_8264.jpg\"\n               title=\"Guggisee 2007m mit Jegichnubel und L\u00f6tschenl\u00fccke\"\n               data-src=\"http:\/\/www.freimarianne.ch\/wp-content\/gallery\/anenhutte-29-10-16\/IMG_8264.jpg\"\n               data-thumbnail=\"http:\/\/www.freimarianne.ch\/wp-content\/gallery\/anenhutte-29-10-16\/thumbs\/thumbs_IMG_8264.jpg\"\n               data-image-id=\"14794\"\n               data-title=\"Guggisee 2007m mit Jegichnubel und L\u00c3\u00b6tschenl\u00c3\u00bccke\"\n               data-description=\"Guggisee 2007m mit Jegichnubel und L\u00f6tschenl\u00fccke\"\n               data-image-slug=\"img_8264-5\"\n               class=\"shutterset_21758\">\n                <img\n                    title=\"Guggisee 2007m mit Jegichnubel und L\u00c3\u00b6tschenl\u00c3\u00bccke\"\n                    alt=\"Guggisee 2007m mit Jegichnubel und L\u00c3\u00b6tschenl\u00c3\u00bccke\"\n                    src=\"http:\/\/www.freimarianne.ch\/wp-content\/gallery\/anenhutte-29-10-16\/thumbs\/thumbs_IMG_8264.jpg\"\n                    width=\"100\"\n                    height=\"75\"\n                    style=\"max-width:100%;\"\n                \/>\n            <\/a>\n        <\/div>\n\t\t\t\t\t\t\t<\/div> \n\t\t\t\n        \n\t\t\t\t<div id=\"ngg-image-3\" class=\"ngg-gallery-thumbnail-box\" >\n\t\t\t\t        <div class=\"ngg-gallery-thumbnail\">\n            <a href=\"http:\/\/www.freimarianne.ch\/wp-content\/gallery\/anenhutte-29-10-16\/IMG_8265.jpg\"\n               title=\"Spiegelung im Guggisee 2007m; Sackhorn,L\u00f6tschenl\u00fccke\"\n               data-src=\"http:\/\/www.freimarianne.ch\/wp-content\/gallery\/anenhutte-29-10-16\/IMG_8265.jpg\"\n               data-thumbnail=\"http:\/\/www.freimarianne.ch\/wp-content\/gallery\/anenhutte-29-10-16\/thumbs\/thumbs_IMG_8265.jpg\"\n               data-image-id=\"14793\"\n               data-title=\"Spiegelung im Guggisee 2007m; Sackhorn,L\u00c3\u00b6tschenl\u00c3\u00bccke\"\n               data-description=\"Spiegelung im Guggisee 2007m; Sackhorn,L\u00f6tschenl\u00fccke\"\n               data-image-slug=\"img_8265-3\"\n               class=\"shutterset_21758\">\n                <img\n                    title=\"Spiegelung im Guggisee 2007m; Sackhorn,L\u00c3\u00b6tschenl\u00c3\u00bccke\"\n                    alt=\"Spiegelung im Guggisee 2007m; Sackhorn,L\u00c3\u00b6tschenl\u00c3\u00bccke\"\n                    src=\"http:\/\/www.freimarianne.ch\/wp-content\/gallery\/anenhutte-29-10-16\/thumbs\/thumbs_IMG_8265.jpg\"\n                    width=\"100\"\n                    height=\"75\"\n                    style=\"max-width:100%;\"\n                \/>\n            <\/a>\n        <\/div>\n\t\t\t\t\t\t\t<\/div> \n\t\t\t\n        \n\t\t\t\t<div id=\"ngg-image-4\" class=\"ngg-gallery-thumbnail-box\" >\n\t\t\t\t        <div class=\"ngg-gallery-thumbnail\">\n            <a href=\"http:\/\/www.freimarianne.ch\/wp-content\/gallery\/anenhutte-29-10-16\/IMG_8271.jpg\"\n               title=\"der Guggisee 2007m liegt noch im Schatten\"\n               data-src=\"http:\/\/www.freimarianne.ch\/wp-content\/gallery\/anenhutte-29-10-16\/IMG_8271.jpg\"\n               data-thumbnail=\"http:\/\/www.freimarianne.ch\/wp-content\/gallery\/anenhutte-29-10-16\/thumbs\/thumbs_IMG_8271.jpg\"\n               data-image-id=\"14792\"\n               data-title=\"Version 2\"\n               data-description=\"der Guggisee 2007m liegt noch im Schatten\"\n               data-image-slug=\"img_8271-4\"\n               class=\"shutterset_21758\">\n                <img\n                    title=\"Version 2\"\n                    alt=\"Version 2\"\n                    src=\"http:\/\/www.freimarianne.ch\/wp-content\/gallery\/anenhutte-29-10-16\/thumbs\/thumbs_IMG_8271.jpg\"\n                    width=\"100\"\n                    height=\"75\"\n                    style=\"max-width:100%;\"\n                \/>\n            <\/a>\n        <\/div>\n\t\t\t\t\t\t\t<\/div> \n\t\t\t\n        \n\t\t\t\t<div id=\"ngg-image-5\" class=\"ngg-gallery-thumbnail-box\" >\n\t\t\t\t        <div class=\"ngg-gallery-thumbnail\">\n            <a href=\"http:\/\/www.freimarianne.ch\/wp-content\/gallery\/anenhutte-29-10-16\/IMG_8272.jpg\"\n               title=\"Grosshorn 3754m, Jegichnubel 3124m\"\n               data-src=\"http:\/\/www.freimarianne.ch\/wp-content\/gallery\/anenhutte-29-10-16\/IMG_8272.jpg\"\n               data-thumbnail=\"http:\/\/www.freimarianne.ch\/wp-content\/gallery\/anenhutte-29-10-16\/thumbs\/thumbs_IMG_8272.jpg\"\n               data-image-id=\"14791\"\n               data-title=\"Grosshorn 3754m, Jegichnubel 3124m\"\n               data-description=\"Grosshorn 3754m, Jegichnubel 3124m\"\n               data-image-slug=\"img_8272-1\"\n               class=\"shutterset_21758\">\n                <img\n                    title=\"Grosshorn 3754m, Jegichnubel 3124m\"\n                    alt=\"Grosshorn 3754m, Jegichnubel 3124m\"\n                    src=\"http:\/\/www.freimarianne.ch\/wp-content\/gallery\/anenhutte-29-10-16\/thumbs\/thumbs_IMG_8272.jpg\"\n                    width=\"100\"\n                    height=\"75\"\n                    style=\"max-width:100%;\"\n                \/>\n            <\/a>\n        <\/div>\n\t\t\t\t\t\t\t<\/div> \n\t\t\t\n        \n\t\t\t\t<div id=\"ngg-image-6\" class=\"ngg-gallery-thumbnail-box\" >\n\t\t\t\t        <div class=\"ngg-gallery-thumbnail\">\n            <a href=\"http:\/\/www.freimarianne.ch\/wp-content\/gallery\/anenhutte-29-10-16\/IMG_8274.jpg\"\n               title=\"endlich an der Sonne; Grosshorn,  ?\"\n               data-src=\"http:\/\/www.freimarianne.ch\/wp-content\/gallery\/anenhutte-29-10-16\/IMG_8274.jpg\"\n               data-thumbnail=\"http:\/\/www.freimarianne.ch\/wp-content\/gallery\/anenhutte-29-10-16\/thumbs\/thumbs_IMG_8274.jpg\"\n               data-image-id=\"14790\"\n               data-title=\"endlich an der Sonne; Grosshorn,  ?\"\n               data-description=\"endlich an der Sonne; Grosshorn,  ?\"\n               data-image-slug=\"img_8274-2\"\n               class=\"shutterset_21758\">\n                <img\n                    title=\"endlich an der Sonne; Grosshorn,  ?\"\n                    alt=\"endlich an der Sonne; Grosshorn,  ?\"\n                    src=\"http:\/\/www.freimarianne.ch\/wp-content\/gallery\/anenhutte-29-10-16\/thumbs\/thumbs_IMG_8274.jpg\"\n                    width=\"100\"\n                    height=\"75\"\n                    style=\"max-width:100%;\"\n                \/>\n            <\/a>\n        <\/div>\n\t\t\t\t\t\t\t<\/div> \n\t\t\t\n        \n\t\t\t\t<div id=\"ngg-image-7\" class=\"ngg-gallery-thumbnail-box\" >\n\t\t\t\t        <div class=\"ngg-gallery-thumbnail\">\n            <a href=\"http:\/\/www.freimarianne.ch\/wp-content\/gallery\/anenhutte-29-10-16\/IMG_8278.jpg\"\n               title=\"gelbe L\u00e4rchen, rote Heidelbeerb\u00fcsche: Sattelhorn 3745m, Distlighorn 3607m\"\n               data-src=\"http:\/\/www.freimarianne.ch\/wp-content\/gallery\/anenhutte-29-10-16\/IMG_8278.jpg\"\n               data-thumbnail=\"http:\/\/www.freimarianne.ch\/wp-content\/gallery\/anenhutte-29-10-16\/thumbs\/thumbs_IMG_8278.jpg\"\n               data-image-id=\"14789\"\n               data-title=\"gelbe L\u00c3\u00a4rchen, rote Heidelbeerb\u00c3\u00bcsche: Sattelhorn 3745m, Distlighorn 3607m\"\n               data-description=\"gelbe L\u00e4rchen, rote Heidelbeerb\u00fcsche: Sattelhorn 3745m, Distlighorn 3607m\"\n               data-image-slug=\"img_8278-2\"\n               class=\"shutterset_21758\">\n                <img\n                    title=\"gelbe L\u00c3\u00a4rchen, rote Heidelbeerb\u00c3\u00bcsche: Sattelhorn 3745m, Distlighorn 3607m\"\n                    alt=\"gelbe L\u00c3\u00a4rchen, rote Heidelbeerb\u00c3\u00bcsche: Sattelhorn 3745m, Distlighorn 3607m\"\n                    src=\"http:\/\/www.freimarianne.ch\/wp-content\/gallery\/anenhutte-29-10-16\/thumbs\/thumbs_IMG_8278.jpg\"\n                    width=\"100\"\n                    height=\"75\"\n                    style=\"max-width:100%;\"\n                \/>\n            <\/a>\n        <\/div>\n\t\t\t\t\t\t\t<\/div> \n\t\t\t\n        \n\t\t\t\t<div id=\"ngg-image-8\" class=\"ngg-gallery-thumbnail-box\" >\n\t\t\t\t        <div class=\"ngg-gallery-thumbnail\">\n            <a href=\"http:\/\/www.freimarianne.ch\/wp-content\/gallery\/anenhutte-29-10-16\/IMG_8281.jpg\"\n               title=\"Blick talausw\u00e4rts\"\n               data-src=\"http:\/\/www.freimarianne.ch\/wp-content\/gallery\/anenhutte-29-10-16\/IMG_8281.jpg\"\n               data-thumbnail=\"http:\/\/www.freimarianne.ch\/wp-content\/gallery\/anenhutte-29-10-16\/thumbs\/thumbs_IMG_8281.jpg\"\n               data-image-id=\"14788\"\n               data-title=\"Blick talausw\u00c3\u00a4rts\"\n               data-description=\"Blick talausw\u00e4rts\"\n               data-image-slug=\"img_8281-1\"\n               class=\"shutterset_21758\">\n                <img\n                    title=\"Blick talausw\u00c3\u00a4rts\"\n                    alt=\"Blick talausw\u00c3\u00a4rts\"\n                    src=\"http:\/\/www.freimarianne.ch\/wp-content\/gallery\/anenhutte-29-10-16\/thumbs\/thumbs_IMG_8281.jpg\"\n                    width=\"100\"\n                    height=\"75\"\n                    style=\"max-width:100%;\"\n                \/>\n            <\/a>\n        <\/div>\n\t\t\t\t\t\t\t<\/div> \n\t\t\t\n        \n\t\t\t\t<div id=\"ngg-image-9\" class=\"ngg-gallery-thumbnail-box\" >\n\t\t\t\t        <div class=\"ngg-gallery-thumbnail\">\n            <a href=\"http:\/\/www.freimarianne.ch\/wp-content\/gallery\/anenhutte-29-10-16\/IMG_8283.jpg\"\n               title=\"hi Breithorn\"\n               data-src=\"http:\/\/www.freimarianne.ch\/wp-content\/gallery\/anenhutte-29-10-16\/IMG_8283.jpg\"\n               data-thumbnail=\"http:\/\/www.freimarianne.ch\/wp-content\/gallery\/anenhutte-29-10-16\/thumbs\/thumbs_IMG_8283.jpg\"\n               data-image-id=\"14787\"\n               data-title=\"hi Breithorn\"\n               data-description=\"hi Breithorn\"\n               data-image-slug=\"img_8283-5\"\n               class=\"shutterset_21758\">\n                <img\n                    title=\"hi Breithorn\"\n                    alt=\"hi Breithorn\"\n                    src=\"http:\/\/www.freimarianne.ch\/wp-content\/gallery\/anenhutte-29-10-16\/thumbs\/thumbs_IMG_8283.jpg\"\n                    width=\"100\"\n                    height=\"75\"\n                    style=\"max-width:100%;\"\n                \/>\n            <\/a>\n        <\/div>\n\t\t\t\t\t\t\t<\/div> \n\t\t\t\n        \n\t\t\t\t<div id=\"ngg-image-10\" class=\"ngg-gallery-thumbnail-box\" >\n\t\t\t\t        <div class=\"ngg-gallery-thumbnail\">\n            <a href=\"http:\/\/www.freimarianne.ch\/wp-content\/gallery\/anenhutte-29-10-16\/IMG_8285.jpg\"\n               title=\"der Weg vom Guggisee her\"\n               data-src=\"http:\/\/www.freimarianne.ch\/wp-content\/gallery\/anenhutte-29-10-16\/IMG_8285.jpg\"\n               data-thumbnail=\"http:\/\/www.freimarianne.ch\/wp-content\/gallery\/anenhutte-29-10-16\/thumbs\/thumbs_IMG_8285.jpg\"\n               data-image-id=\"14786\"\n               data-title=\"der Weg vom Guggisee her\"\n               data-description=\"der Weg vom Guggisee her\"\n               data-image-slug=\"img_8285-1\"\n               class=\"shutterset_21758\">\n                <img\n                    title=\"der Weg vom Guggisee her\"\n                    alt=\"der Weg vom Guggisee her\"\n                    src=\"http:\/\/www.freimarianne.ch\/wp-content\/gallery\/anenhutte-29-10-16\/thumbs\/thumbs_IMG_8285.jpg\"\n                    width=\"100\"\n                    height=\"75\"\n                    style=\"max-width:100%;\"\n                \/>\n            <\/a>\n        <\/div>\n\t\t\t\t\t\t\t<\/div> \n\t\t\t\n        \n\t\t\t\t<div id=\"ngg-image-11\" class=\"ngg-gallery-thumbnail-box\" >\n\t\t\t\t        <div class=\"ngg-gallery-thumbnail\">\n            <a href=\"http:\/\/www.freimarianne.ch\/wp-content\/gallery\/anenhutte-29-10-16\/IMG_8291.jpg\"\n               title=\"der Anubach\"\n               data-src=\"http:\/\/www.freimarianne.ch\/wp-content\/gallery\/anenhutte-29-10-16\/IMG_8291.jpg\"\n               data-thumbnail=\"http:\/\/www.freimarianne.ch\/wp-content\/gallery\/anenhutte-29-10-16\/thumbs\/thumbs_IMG_8291.jpg\"\n               data-image-id=\"14785\"\n               data-title=\"der Anubach\"\n               data-description=\"der Anubach\"\n               data-image-slug=\"img_8291-4\"\n               class=\"shutterset_21758\">\n                <img\n                    title=\"der Anubach\"\n                    alt=\"der Anubach\"\n                    src=\"http:\/\/www.freimarianne.ch\/wp-content\/gallery\/anenhutte-29-10-16\/thumbs\/thumbs_IMG_8291.jpg\"\n                    width=\"100\"\n                    height=\"75\"\n                    style=\"max-width:100%;\"\n                \/>\n            <\/a>\n        <\/div>\n\t\t\t\t\t\t\t<\/div> \n\t\t\t\n        \n\t\t\t\t<div id=\"ngg-image-12\" class=\"ngg-gallery-thumbnail-box\" >\n\t\t\t\t        <div class=\"ngg-gallery-thumbnail\">\n            <a href=\"http:\/\/www.freimarianne.ch\/wp-content\/gallery\/anenhutte-29-10-16\/IMG_8296.jpg\"\n               title=\"Burstspitza 3119m,  Breithorn 3780m\"\n               data-src=\"http:\/\/www.freimarianne.ch\/wp-content\/gallery\/anenhutte-29-10-16\/IMG_8296.jpg\"\n               data-thumbnail=\"http:\/\/www.freimarianne.ch\/wp-content\/gallery\/anenhutte-29-10-16\/thumbs\/thumbs_IMG_8296.jpg\"\n               data-image-id=\"14784\"\n               data-title=\"Burstspitza 3119m,  Breithorn 3780m\"\n               data-description=\"Burstspitza 3119m,  Breithorn 3780m\"\n               data-image-slug=\"img_8296-3\"\n               class=\"shutterset_21758\">\n                <img\n                    title=\"Burstspitza 3119m,  Breithorn 3780m\"\n                    alt=\"Burstspitza 3119m,  Breithorn 3780m\"\n                    src=\"http:\/\/www.freimarianne.ch\/wp-content\/gallery\/anenhutte-29-10-16\/thumbs\/thumbs_IMG_8296.jpg\"\n                    width=\"100\"\n                    height=\"75\"\n                    style=\"max-width:100%;\"\n                \/>\n            <\/a>\n        <\/div>\n\t\t\t\t\t\t\t<\/div> \n\t\t\t\n        \n\t\t\t\t<div id=\"ngg-image-13\" class=\"ngg-gallery-thumbnail-box\" >\n\t\t\t\t        <div class=\"ngg-gallery-thumbnail\">\n            <a href=\"http:\/\/www.freimarianne.ch\/wp-content\/gallery\/anenhutte-29-10-16\/IMG_8299.jpg\"\n               title=\"die Anenh\u00fctte  2358m, mein Ziel;  Anugrat  3707m- 3604m,  Anuchnubel 3591m, Sattelhorn 3745m\"\n               data-src=\"http:\/\/www.freimarianne.ch\/wp-content\/gallery\/anenhutte-29-10-16\/IMG_8299.jpg\"\n               data-thumbnail=\"http:\/\/www.freimarianne.ch\/wp-content\/gallery\/anenhutte-29-10-16\/thumbs\/thumbs_IMG_8299.jpg\"\n               data-image-id=\"14783\"\n               data-title=\"die Anenh\u00c3\u00bctte  2358m, mein Ziel;  Anugrat  3707m- 3604m,  Anuchnubel 3591m, Sattelhorn 3745m\"\n               data-description=\"die Anenh\u00fctte  2358m, mein Ziel;  Anugrat  3707m- 3604m,  Anuchnubel 3591m, Sattelhorn 3745m\"\n               data-image-slug=\"img_8299\"\n               class=\"shutterset_21758\">\n                <img\n                    title=\"die Anenh\u00c3\u00bctte  2358m, mein Ziel;  Anugrat  3707m- 3604m,  Anuchnubel 3591m, Sattelhorn 3745m\"\n                    alt=\"die Anenh\u00c3\u00bctte  2358m, mein Ziel;  Anugrat  3707m- 3604m,  Anuchnubel 3591m, Sattelhorn 3745m\"\n                    src=\"http:\/\/www.freimarianne.ch\/wp-content\/gallery\/anenhutte-29-10-16\/thumbs\/thumbs_IMG_8299.jpg\"\n                    width=\"100\"\n                    height=\"75\"\n                    style=\"max-width:100%;\"\n                \/>\n            <\/a>\n        <\/div>\n\t\t\t\t\t\t\t<\/div> \n\t\t\t\n        \n\t\t\t\t<div id=\"ngg-image-14\" class=\"ngg-gallery-thumbnail-box\" >\n\t\t\t\t        <div class=\"ngg-gallery-thumbnail\">\n            <a href=\"http:\/\/www.freimarianne.ch\/wp-content\/gallery\/anenhutte-29-10-16\/IMG_8302.jpg\"\n               title=\"Anenh\u00fctte 2358m; sattelhorn 3745m\"\n               data-src=\"http:\/\/www.freimarianne.ch\/wp-content\/gallery\/anenhutte-29-10-16\/IMG_8302.jpg\"\n               data-thumbnail=\"http:\/\/www.freimarianne.ch\/wp-content\/gallery\/anenhutte-29-10-16\/thumbs\/thumbs_IMG_8302.jpg\"\n               data-image-id=\"14782\"\n               data-title=\"Anenh\u00c3\u00bctte 2358m; sattelhorn 3745m\"\n               data-description=\"Anenh\u00fctte 2358m; sattelhorn 3745m\"\n               data-image-slug=\"img_8302-2\"\n               class=\"shutterset_21758\">\n                <img\n                    title=\"Anenh\u00c3\u00bctte 2358m; sattelhorn 3745m\"\n                    alt=\"Anenh\u00c3\u00bctte 2358m; sattelhorn 3745m\"\n                    src=\"http:\/\/www.freimarianne.ch\/wp-content\/gallery\/anenhutte-29-10-16\/thumbs\/thumbs_IMG_8302.jpg\"\n                    width=\"100\"\n                    height=\"75\"\n                    style=\"max-width:100%;\"\n                \/>\n            <\/a>\n        <\/div>\n\t\t\t\t\t\t\t<\/div> \n\t\t\t\n        \n\t\t\t\t<div id=\"ngg-image-15\" class=\"ngg-gallery-thumbnail-box\" >\n\t\t\t\t        <div class=\"ngg-gallery-thumbnail\">\n            <a href=\"http:\/\/www.freimarianne.ch\/wp-content\/gallery\/anenhutte-29-10-16\/IMG_8306.jpg\"\n               title=\"bei der Anenh\u00fctte  2358m; Anugrat, Hollandiah\u00fctte, Langgletscher, Anugletscher und Sattelhorn\"\n               data-src=\"http:\/\/www.freimarianne.ch\/wp-content\/gallery\/anenhutte-29-10-16\/IMG_8306.jpg\"\n               data-thumbnail=\"http:\/\/www.freimarianne.ch\/wp-content\/gallery\/anenhutte-29-10-16\/thumbs\/thumbs_IMG_8306.jpg\"\n               data-image-id=\"14781\"\n               data-title=\"bei der Anenh\u00c3\u00bctte  2358m; Anugrat, Hollandiah\u00c3\u00bctte, Langgletscher, Anugletscher und Sattelhorn\"\n               data-description=\"bei der Anenh\u00fctte  2358m; Anugrat, Hollandiah\u00fctte, Langgletscher, Anugletscher und Sattelhorn\"\n               data-image-slug=\"img_8306-1\"\n               class=\"shutterset_21758\">\n                <img\n                    title=\"bei der Anenh\u00c3\u00bctte  2358m; Anugrat, Hollandiah\u00c3\u00bctte, Langgletscher, Anugletscher und Sattelhorn\"\n                    alt=\"bei der Anenh\u00c3\u00bctte  2358m; Anugrat, Hollandiah\u00c3\u00bctte, Langgletscher, Anugletscher und Sattelhorn\"\n                    src=\"http:\/\/www.freimarianne.ch\/wp-content\/gallery\/anenhutte-29-10-16\/thumbs\/thumbs_IMG_8306.jpg\"\n                    width=\"100\"\n                    height=\"75\"\n                    style=\"max-width:100%;\"\n                \/>\n            <\/a>\n        <\/div>\n\t\t\t\t\t\t\t<\/div> \n\t\t\t\n        \n\t\t\t\t<div id=\"ngg-image-16\" class=\"ngg-gallery-thumbnail-box\" >\n\t\t\t\t        <div class=\"ngg-gallery-thumbnail\">\n            <a href=\"http:\/\/www.freimarianne.ch\/wp-content\/gallery\/anenhutte-29-10-16\/IMG_8309.jpg\"\n               title=\"L\u00f6tschenl\u00fccke, Hollandiah\u00fcttee, Langgletscher und Anugletscher\"\n               data-src=\"http:\/\/www.freimarianne.ch\/wp-content\/gallery\/anenhutte-29-10-16\/IMG_8309.jpg\"\n               data-thumbnail=\"http:\/\/www.freimarianne.ch\/wp-content\/gallery\/anenhutte-29-10-16\/thumbs\/thumbs_IMG_8309.jpg\"\n               data-image-id=\"14780\"\n               data-title=\"L\u00c3\u00b6tschenl\u00c3\u00bccke, Hollandiah\u00c3\u00bcttee, Langgletscher und Anugletscher\"\n               data-description=\"L\u00f6tschenl\u00fccke, Hollandiah\u00fcttee, Langgletscher und Anugletscher\"\n               data-image-slug=\"img_8309-1\"\n               class=\"shutterset_21758\">\n                <img\n                    title=\"L\u00c3\u00b6tschenl\u00c3\u00bccke, Hollandiah\u00c3\u00bcttee, Langgletscher und Anugletscher\"\n                    alt=\"L\u00c3\u00b6tschenl\u00c3\u00bccke, Hollandiah\u00c3\u00bcttee, Langgletscher und Anugletscher\"\n                    src=\"http:\/\/www.freimarianne.ch\/wp-content\/gallery\/anenhutte-29-10-16\/thumbs\/thumbs_IMG_8309.jpg\"\n                    width=\"100\"\n                    height=\"75\"\n                    style=\"max-width:100%;\"\n                \/>\n            <\/a>\n        <\/div>\n\t\t\t\t\t\t\t<\/div> \n\t\t\t\n        \n\t\t\t\t<div id=\"ngg-image-17\" class=\"ngg-gallery-thumbnail-box\" >\n\t\t\t\t        <div class=\"ngg-gallery-thumbnail\">\n            <a href=\"http:\/\/www.freimarianne.ch\/wp-content\/gallery\/anenhutte-29-10-16\/IMG_8312.jpg\"\n               title=\"Anusee  2358m; Mittagshorn 3892m, Grat, Anujoch 3629m, Anugrat  3707m- 3604m,  Anuchnubel 3591m, mit Hollandiah\u00fctte. L\u00f6tschenl\u00fccke, Sattelhorn 3745m\"\n               data-src=\"http:\/\/www.freimarianne.ch\/wp-content\/gallery\/anenhutte-29-10-16\/IMG_8312.jpg\"\n               data-thumbnail=\"http:\/\/www.freimarianne.ch\/wp-content\/gallery\/anenhutte-29-10-16\/thumbs\/thumbs_IMG_8312.jpg\"\n               data-image-id=\"14779\"\n               data-title=\"Anusee  2358m; Mittagshorn 3892m, Grat, Anujoch 3629m, Anugrat  3707m- 3604m,  Anuchnubel 3591m, mit Hollandiah\u00c3\u00bctte. L\u00c3\u00b6tschenl\u00c3\u00bccke, Sattelhorn 3745m\"\n               data-description=\"Anusee  2358m; Mittagshorn 3892m, Grat, Anujoch 3629m, Anugrat  3707m- 3604m,  Anuchnubel 3591m, mit Hollandiah\u00fctte. L\u00f6tschenl\u00fccke, Sattelhorn 3745m\"\n               data-image-slug=\"img_8312-2\"\n               class=\"shutterset_21758\">\n                <img\n                    title=\"Anusee  2358m; Mittagshorn 3892m, Grat, Anujoch 3629m, Anugrat  3707m- 3604m,  Anuchnubel 3591m, mit Hollandiah\u00c3\u00bctte. L\u00c3\u00b6tschenl\u00c3\u00bccke, Sattelhorn 3745m\"\n                    alt=\"Anusee  2358m; Mittagshorn 3892m, Grat, Anujoch 3629m, Anugrat  3707m- 3604m,  Anuchnubel 3591m, mit Hollandiah\u00c3\u00bctte. L\u00c3\u00b6tschenl\u00c3\u00bccke, Sattelhorn 3745m\"\n                    src=\"http:\/\/www.freimarianne.ch\/wp-content\/gallery\/anenhutte-29-10-16\/thumbs\/thumbs_IMG_8312.jpg\"\n                    width=\"100\"\n                    height=\"75\"\n                    style=\"max-width:100%;\"\n                \/>\n            <\/a>\n        <\/div>\n\t\t\t\t\t\t\t<\/div> \n\t\t\t\n        \n\t\t\t\t<div id=\"ngg-image-18\" class=\"ngg-gallery-thumbnail-box\" >\n\t\t\t\t        <div class=\"ngg-gallery-thumbnail\">\n            <a href=\"http:\/\/www.freimarianne.ch\/wp-content\/gallery\/anenhutte-29-10-16\/IMG_8318.jpg\"\n               title=\"Anusee  2358m; Burstspitza 3119m\"\n               data-src=\"http:\/\/www.freimarianne.ch\/wp-content\/gallery\/anenhutte-29-10-16\/IMG_8318.jpg\"\n               data-thumbnail=\"http:\/\/www.freimarianne.ch\/wp-content\/gallery\/anenhutte-29-10-16\/thumbs\/thumbs_IMG_8318.jpg\"\n               data-image-id=\"14778\"\n               data-title=\"Anusee  2358m; Burstspitza 3119m\"\n               data-description=\"Anusee  2358m; Burstspitza 3119m\"\n               data-image-slug=\"img_8318\"\n               class=\"shutterset_21758\">\n                <img\n                    title=\"Anusee  2358m; Burstspitza 3119m\"\n                    alt=\"Anusee  2358m; Burstspitza 3119m\"\n                    src=\"http:\/\/www.freimarianne.ch\/wp-content\/gallery\/anenhutte-29-10-16\/thumbs\/thumbs_IMG_8318.jpg\"\n                    width=\"100\"\n                    height=\"75\"\n                    style=\"max-width:100%;\"\n                \/>\n            <\/a>\n        <\/div>\n\t\t\t\t\t\t\t<\/div> \n\t\t\t\n        \n\t\t\t\t<div id=\"ngg-image-19\" class=\"ngg-gallery-thumbnail-box\" >\n\t\t\t\t        <div class=\"ngg-gallery-thumbnail\">\n            <a href=\"http:\/\/www.freimarianne.ch\/wp-content\/gallery\/anenhutte-29-10-16\/IMG_8319.jpg\"\n               title=\"Anusee  2358m teils vereist; Niwen, Faldumrothorn und Loicherspitza\"\n               data-src=\"http:\/\/www.freimarianne.ch\/wp-content\/gallery\/anenhutte-29-10-16\/IMG_8319.jpg\"\n               data-thumbnail=\"http:\/\/www.freimarianne.ch\/wp-content\/gallery\/anenhutte-29-10-16\/thumbs\/thumbs_IMG_8319.jpg\"\n               data-image-id=\"14777\"\n               data-title=\"Anusee  2358m teils vereist; Niwen, Faldumrothorn und Loicherspitza\"\n               data-description=\"Anusee  2358m teils vereist; Niwen, Faldumrothorn und Loicherspitza\"\n               data-image-slug=\"img_8319-2\"\n               class=\"shutterset_21758\">\n                <img\n                    title=\"Anusee  2358m teils vereist; Niwen, Faldumrothorn und Loicherspitza\"\n                    alt=\"Anusee  2358m teils vereist; Niwen, Faldumrothorn und Loicherspitza\"\n                    src=\"http:\/\/www.freimarianne.ch\/wp-content\/gallery\/anenhutte-29-10-16\/thumbs\/thumbs_IMG_8319.jpg\"\n                    width=\"100\"\n                    height=\"75\"\n                    style=\"max-width:100%;\"\n                \/>\n            <\/a>\n        <\/div>\n\t\t\t\t\t\t\t<\/div> \n\t\t\t\n        \n\t\t\t\t<div id=\"ngg-image-20\" class=\"ngg-gallery-thumbnail-box\" >\n\t\t\t\t        <div class=\"ngg-gallery-thumbnail\">\n            <a href=\"http:\/\/www.freimarianne.ch\/wp-content\/gallery\/anenhutte-29-10-16\/IMG_8324.jpg\"\n               title=\"L\u00f6tschenl\u00fccle mit Anugletscher und Langgletscher\"\n               data-src=\"http:\/\/www.freimarianne.ch\/wp-content\/gallery\/anenhutte-29-10-16\/IMG_8324.jpg\"\n               data-thumbnail=\"http:\/\/www.freimarianne.ch\/wp-content\/gallery\/anenhutte-29-10-16\/thumbs\/thumbs_IMG_8324.jpg\"\n               data-image-id=\"14776\"\n               data-title=\"L\u00c3\u00b6tschenl\u00c3\u00bccle mit Anugletscher und Langgletscher\"\n               data-description=\"L\u00f6tschenl\u00fccle mit Anugletscher und Langgletscher\"\n               data-image-slug=\"img_8324\"\n               class=\"shutterset_21758\">\n                <img\n                    title=\"L\u00c3\u00b6tschenl\u00c3\u00bccle mit Anugletscher und Langgletscher\"\n                    alt=\"L\u00c3\u00b6tschenl\u00c3\u00bccle mit Anugletscher und Langgletscher\"\n                    src=\"http:\/\/www.freimarianne.ch\/wp-content\/gallery\/anenhutte-29-10-16\/thumbs\/thumbs_IMG_8324.jpg\"\n                    width=\"100\"\n                    height=\"75\"\n                    style=\"max-width:100%;\"\n                \/>\n            <\/a>\n        <\/div>\n\t\t\t\t\t\t\t<\/div> \n\t\t\t\n        \n\t\t\t\t<div id=\"ngg-image-21\" class=\"ngg-gallery-thumbnail-box\" >\n\t\t\t\t        <div class=\"ngg-gallery-thumbnail\">\n            <a href=\"http:\/\/www.freimarianne.ch\/wp-content\/gallery\/anenhutte-29-10-16\/IMG_8330.jpg\"\n               title=\"Marianne vor dem Anugletscher und Langgletscher; Mittagshorn 3892m, Grat, Anujoch 3629m, Anugrat  3707m- 3604m,  Anuchnubel 3591m, mit Hollandiah\u00fctte. L\u00f6tschenl\u00fccke, Sattelhorn 3745m\"\n               data-src=\"http:\/\/www.freimarianne.ch\/wp-content\/gallery\/anenhutte-29-10-16\/IMG_8330.jpg\"\n               data-thumbnail=\"http:\/\/www.freimarianne.ch\/wp-content\/gallery\/anenhutte-29-10-16\/thumbs\/thumbs_IMG_8330.jpg\"\n               data-image-id=\"14775\"\n               data-title=\"Marianne vor dem Anugletscher und Langgletscher; Mittagshorn 3892m, Grat, Anujoch 3629m, Anugrat  3707m- 3604m,  Anuchnubel 3591m, mit Hollandiah\u00c3\u00bctte. L\u00c3\u00b6tschenl\u00c3\u00bccke, Sattelhorn 3745m\"\n               data-description=\"Marianne vor dem Anugletscher und Langgletscher; Mittagshorn 3892m, Grat, Anujoch 3629m, Anugrat  3707m- 3604m,  Anuchnubel 3591m, mit Hollandiah\u00fctte. L\u00f6tschenl\u00fccke, Sattelhorn 3745m\"\n               data-image-slug=\"img_8330\"\n               class=\"shutterset_21758\">\n                <img\n                    title=\"Marianne vor dem Anugletscher und Langgletscher; Mittagshorn 3892m, Grat, Anujoch 3629m, Anugrat  3707m- 3604m,  Anuchnubel 3591m, mit Hollandiah\u00c3\u00bctte. L\u00c3\u00b6tschenl\u00c3\u00bccke, Sattelhorn 3745m\"\n                    alt=\"Marianne vor dem Anugletscher und Langgletscher; Mittagshorn 3892m, Grat, Anujoch 3629m, Anugrat  3707m- 3604m,  Anuchnubel 3591m, mit Hollandiah\u00c3\u00bctte. L\u00c3\u00b6tschenl\u00c3\u00bccke, Sattelhorn 3745m\"\n                    src=\"http:\/\/www.freimarianne.ch\/wp-content\/gallery\/anenhutte-29-10-16\/thumbs\/thumbs_IMG_8330.jpg\"\n                    width=\"100\"\n                    height=\"75\"\n                    style=\"max-width:100%;\"\n                \/>\n            <\/a>\n        <\/div>\n\t\t\t\t\t\t\t<\/div> \n\t\t\t\n        \n\t\t\t\t<div id=\"ngg-image-22\" class=\"ngg-gallery-thumbnail-box\" >\n\t\t\t\t        <div class=\"ngg-gallery-thumbnail\">\n            <a href=\"http:\/\/www.freimarianne.ch\/wp-content\/gallery\/anenhutte-29-10-16\/IMG_8335.jpg\"\n               title=\"Marianne vor dem Kreuz bei der Anuh\u00fctte\"\n               data-src=\"http:\/\/www.freimarianne.ch\/wp-content\/gallery\/anenhutte-29-10-16\/IMG_8335.jpg\"\n               data-thumbnail=\"http:\/\/www.freimarianne.ch\/wp-content\/gallery\/anenhutte-29-10-16\/thumbs\/thumbs_IMG_8335.jpg\"\n               data-image-id=\"14774\"\n               data-title=\"Marianne vor dem Kreuz bei der Anuh\u00c3\u00bctte\"\n               data-description=\"Marianne vor dem Kreuz bei der Anuh\u00fctte\"\n               data-image-slug=\"img_8335-1\"\n               class=\"shutterset_21758\">\n                <img\n                    title=\"Marianne vor dem Kreuz bei der Anuh\u00c3\u00bctte\"\n                    alt=\"Marianne vor dem Kreuz bei der Anuh\u00c3\u00bctte\"\n                    src=\"http:\/\/www.freimarianne.ch\/wp-content\/gallery\/anenhutte-29-10-16\/thumbs\/thumbs_IMG_8335.jpg\"\n                    width=\"100\"\n                    height=\"75\"\n                    style=\"max-width:100%;\"\n                \/>\n            <\/a>\n        <\/div>\n\t\t\t\t\t\t\t<\/div> \n\t\t\t\n        \n\t\t\t\t<div id=\"ngg-image-23\" class=\"ngg-gallery-thumbnail-box\" >\n\t\t\t\t        <div class=\"ngg-gallery-thumbnail\">\n            <a href=\"http:\/\/www.freimarianne.ch\/wp-content\/gallery\/anenhutte-29-10-16\/IMG_8342.jpg\"\n               title=\"L\u00f6tschenl\u00fccke, Langgletscher; Sattelhorn 3745m\"\n               data-src=\"http:\/\/www.freimarianne.ch\/wp-content\/gallery\/anenhutte-29-10-16\/IMG_8342.jpg\"\n               data-thumbnail=\"http:\/\/www.freimarianne.ch\/wp-content\/gallery\/anenhutte-29-10-16\/thumbs\/thumbs_IMG_8342.jpg\"\n               data-image-id=\"14773\"\n               data-title=\"L\u00c3\u00b6tschenl\u00c3\u00bccke, Langgletscher; Sattelhorn 3745m\"\n               data-description=\"L\u00f6tschenl\u00fccke, Langgletscher; Sattelhorn 3745m\"\n               data-image-slug=\"img_8342\"\n               class=\"shutterset_21758\">\n                <img\n                    title=\"L\u00c3\u00b6tschenl\u00c3\u00bccke, Langgletscher; Sattelhorn 3745m\"\n                    alt=\"L\u00c3\u00b6tschenl\u00c3\u00bccke, Langgletscher; Sattelhorn 3745m\"\n                    src=\"http:\/\/www.freimarianne.ch\/wp-content\/gallery\/anenhutte-29-10-16\/thumbs\/thumbs_IMG_8342.jpg\"\n                    width=\"100\"\n                    height=\"75\"\n                    style=\"max-width:100%;\"\n                \/>\n            <\/a>\n        <\/div>\n\t\t\t\t\t\t\t<\/div> \n\t\t\t\n        \n\t\t\t\t<div id=\"ngg-image-24\" class=\"ngg-gallery-thumbnail-box\" >\n\t\t\t\t        <div class=\"ngg-gallery-thumbnail\">\n            <a href=\"http:\/\/www.freimarianne.ch\/wp-content\/gallery\/anenhutte-29-10-16\/IMG_8347.jpg\"\n               title=\"Anenh\u00fctte  2358m mit  Bietschhorn 3934m\"\n               data-src=\"http:\/\/www.freimarianne.ch\/wp-content\/gallery\/anenhutte-29-10-16\/IMG_8347.jpg\"\n               data-thumbnail=\"http:\/\/www.freimarianne.ch\/wp-content\/gallery\/anenhutte-29-10-16\/thumbs\/thumbs_IMG_8347.jpg\"\n               data-image-id=\"14772\"\n               data-title=\"Anenh\u00c3\u00bctte  2358m mit  Bietschhorn 3934m\"\n               data-description=\"Anenh\u00fctte  2358m mit  Bietschhorn 3934m\"\n               data-image-slug=\"img_8347\"\n               class=\"shutterset_21758\">\n                <img\n                    title=\"Anenh\u00c3\u00bctte  2358m mit  Bietschhorn 3934m\"\n                    alt=\"Anenh\u00c3\u00bctte  2358m mit  Bietschhorn 3934m\"\n                    src=\"http:\/\/www.freimarianne.ch\/wp-content\/gallery\/anenhutte-29-10-16\/thumbs\/thumbs_IMG_8347.jpg\"\n                    width=\"100\"\n                    height=\"75\"\n                    style=\"max-width:100%;\"\n                \/>\n            <\/a>\n        <\/div>\n\t\t\t\t\t\t\t<\/div> \n\t\t\t\n        \n\t\t\t\t<div id=\"ngg-image-25\" class=\"ngg-gallery-thumbnail-box\" >\n\t\t\t\t        <div class=\"ngg-gallery-thumbnail\">\n            <a href=\"http:\/\/www.freimarianne.ch\/wp-content\/gallery\/anenhutte-29-10-16\/IMG_8355.jpg\"\n               title=\"Farbenzauber im L\u00f6tschental\"\n               data-src=\"http:\/\/www.freimarianne.ch\/wp-content\/gallery\/anenhutte-29-10-16\/IMG_8355.jpg\"\n               data-thumbnail=\"http:\/\/www.freimarianne.ch\/wp-content\/gallery\/anenhutte-29-10-16\/thumbs\/thumbs_IMG_8355.jpg\"\n               data-image-id=\"14771\"\n               data-title=\"Farbenzauber im L\u00c3\u00b6tschental\"\n               data-description=\"Farbenzauber im L\u00f6tschental\"\n               data-image-slug=\"img_8355-2\"\n               class=\"shutterset_21758\">\n                <img\n                    title=\"Farbenzauber im L\u00c3\u00b6tschental\"\n                    alt=\"Farbenzauber im L\u00c3\u00b6tschental\"\n                    src=\"http:\/\/www.freimarianne.ch\/wp-content\/gallery\/anenhutte-29-10-16\/thumbs\/thumbs_IMG_8355.jpg\"\n                    width=\"100\"\n                    height=\"75\"\n                    style=\"max-width:100%;\"\n                \/>\n            <\/a>\n        <\/div>\n\t\t\t\t\t\t\t<\/div> \n\t\t\t\n        \n\t\t\t\t<div id=\"ngg-image-26\" class=\"ngg-gallery-thumbnail-box\" >\n\t\t\t\t        <div class=\"ngg-gallery-thumbnail\">\n            <a href=\"http:\/\/www.freimarianne.ch\/wp-content\/gallery\/anenhutte-29-10-16\/IMG_8357.jpg\"\n               title=\"Farbenzauber im L\u00f6tschental\"\n               data-src=\"http:\/\/www.freimarianne.ch\/wp-content\/gallery\/anenhutte-29-10-16\/IMG_8357.jpg\"\n               data-thumbnail=\"http:\/\/www.freimarianne.ch\/wp-content\/gallery\/anenhutte-29-10-16\/thumbs\/thumbs_IMG_8357.jpg\"\n               data-image-id=\"14770\"\n               data-title=\"Farbenzauber im L\u00c3\u00b6tschental\"\n               data-description=\"Farbenzauber im L\u00f6tschental\"\n               data-image-slug=\"img_8357\"\n               class=\"shutterset_21758\">\n                <img\n                    title=\"Farbenzauber im L\u00c3\u00b6tschental\"\n                    alt=\"Farbenzauber im L\u00c3\u00b6tschental\"\n                    src=\"http:\/\/www.freimarianne.ch\/wp-content\/gallery\/anenhutte-29-10-16\/thumbs\/thumbs_IMG_8357.jpg\"\n                    width=\"100\"\n                    height=\"75\"\n                    style=\"max-width:100%;\"\n                \/>\n            <\/a>\n        <\/div>\n\t\t\t\t\t\t\t<\/div> \n\t\t\t\n        \n\t\t\t\t<div id=\"ngg-image-27\" class=\"ngg-gallery-thumbnail-box\" >\n\t\t\t\t        <div class=\"ngg-gallery-thumbnail\">\n            <a href=\"http:\/\/www.freimarianne.ch\/wp-content\/gallery\/anenhutte-29-10-16\/IMG_8360.jpg\"\n               title=\"ein Blick zur\u00fcck zur Aufsteigsroute zur Anenh\u00fctte 2358m\"\n               data-src=\"http:\/\/www.freimarianne.ch\/wp-content\/gallery\/anenhutte-29-10-16\/IMG_8360.jpg\"\n               data-thumbnail=\"http:\/\/www.freimarianne.ch\/wp-content\/gallery\/anenhutte-29-10-16\/thumbs\/thumbs_IMG_8360.jpg\"\n               data-image-id=\"14769\"\n               data-title=\"ein Blick zur\u00c3\u00bcck zur Aufsteigsroute zur Anenh\u00c3\u00bctte 2358m\"\n               data-description=\"ein Blick zur\u00fcck zur Aufsteigsroute zur Anenh\u00fctte 2358m\"\n               data-image-slug=\"img_8360-2\"\n               class=\"shutterset_21758\">\n                <img\n                    title=\"ein Blick zur\u00c3\u00bcck zur Aufsteigsroute zur Anenh\u00c3\u00bctte 2358m\"\n                    alt=\"ein Blick zur\u00c3\u00bcck zur Aufsteigsroute zur Anenh\u00c3\u00bctte 2358m\"\n                    src=\"http:\/\/www.freimarianne.ch\/wp-content\/gallery\/anenhutte-29-10-16\/thumbs\/thumbs_IMG_8360.jpg\"\n                    width=\"100\"\n                    height=\"75\"\n                    style=\"max-width:100%;\"\n                \/>\n            <\/a>\n        <\/div>\n\t\t\t\t\t\t\t<\/div> \n\t\t\t\n        \n\t\t\t\t<div id=\"ngg-image-28\" class=\"ngg-gallery-thumbnail-box\" >\n\t\t\t\t        <div class=\"ngg-gallery-thumbnail\">\n            <a href=\"http:\/\/www.freimarianne.ch\/wp-content\/gallery\/anenhutte-29-10-16\/IMG_8363.jpg\"\n               title=\"Herbstidyll im L\u00f6tschental\"\n               data-src=\"http:\/\/www.freimarianne.ch\/wp-content\/gallery\/anenhutte-29-10-16\/IMG_8363.jpg\"\n               data-thumbnail=\"http:\/\/www.freimarianne.ch\/wp-content\/gallery\/anenhutte-29-10-16\/thumbs\/thumbs_IMG_8363.jpg\"\n               data-image-id=\"14768\"\n               data-title=\"Herbstidyll im L\u00c3\u00b6tschental\"\n               data-description=\"Herbstidyll im L\u00f6tschental\"\n               data-image-slug=\"img_8363-2\"\n               class=\"shutterset_21758\">\n                <img\n                    title=\"Herbstidyll im L\u00c3\u00b6tschental\"\n                    alt=\"Herbstidyll im L\u00c3\u00b6tschental\"\n                    src=\"http:\/\/www.freimarianne.ch\/wp-content\/gallery\/anenhutte-29-10-16\/thumbs\/thumbs_IMG_8363.jpg\"\n                    width=\"100\"\n                    height=\"75\"\n                    style=\"max-width:100%;\"\n                \/>\n            <\/a>\n        <\/div>\n\t\t\t\t\t\t\t<\/div> \n\t\t\t\n        \n\t\t\t\t<div id=\"ngg-image-29\" class=\"ngg-gallery-thumbnail-box\" >\n\t\t\t\t        <div class=\"ngg-gallery-thumbnail\">\n            <a href=\"http:\/\/www.freimarianne.ch\/wp-content\/gallery\/anenhutte-29-10-16\/IMG_8364.jpg\"\n               title=\"das Gletschertor des Langletschers\"\n               data-src=\"http:\/\/www.freimarianne.ch\/wp-content\/gallery\/anenhutte-29-10-16\/IMG_8364.jpg\"\n               data-thumbnail=\"http:\/\/www.freimarianne.ch\/wp-content\/gallery\/anenhutte-29-10-16\/thumbs\/thumbs_IMG_8364.jpg\"\n               data-image-id=\"14767\"\n               data-title=\"das Gletschertor des Langletschers\"\n               data-description=\"das Gletschertor des Langletschers\"\n               data-image-slug=\"img_8364-1\"\n               class=\"shutterset_21758\">\n                <img\n                    title=\"das Gletschertor des Langletschers\"\n                    alt=\"das Gletschertor des Langletschers\"\n                    src=\"http:\/\/www.freimarianne.ch\/wp-content\/gallery\/anenhutte-29-10-16\/thumbs\/thumbs_IMG_8364.jpg\"\n                    width=\"100\"\n                    height=\"75\"\n                    style=\"max-width:100%;\"\n                \/>\n            <\/a>\n        <\/div>\n\t\t\t\t\t\t\t<\/div> \n\t\t\t\n        \n\t\t\t\t<div id=\"ngg-image-30\" class=\"ngg-gallery-thumbnail-box\" >\n\t\t\t\t        <div class=\"ngg-gallery-thumbnail\">\n            <a href=\"http:\/\/www.freimarianne.ch\/wp-content\/gallery\/anenhutte-29-10-16\/IMG_8368.jpg\"\n               title=\"Herbstidyll im L\u00f6tschental\"\n               data-src=\"http:\/\/www.freimarianne.ch\/wp-content\/gallery\/anenhutte-29-10-16\/IMG_8368.jpg\"\n               data-thumbnail=\"http:\/\/www.freimarianne.ch\/wp-content\/gallery\/anenhutte-29-10-16\/thumbs\/thumbs_IMG_8368.jpg\"\n               data-image-id=\"14766\"\n               data-title=\"Herbstidyll im L\u00c3\u00b6tschental\"\n               data-description=\"Herbstidyll im L\u00f6tschental\"\n               data-image-slug=\"img_8368-4\"\n               class=\"shutterset_21758\">\n                <img\n                    title=\"Herbstidyll im L\u00c3\u00b6tschental\"\n                    alt=\"Herbstidyll im L\u00c3\u00b6tschental\"\n                    src=\"http:\/\/www.freimarianne.ch\/wp-content\/gallery\/anenhutte-29-10-16\/thumbs\/thumbs_IMG_8368.jpg\"\n                    width=\"100\"\n                    height=\"75\"\n                    style=\"max-width:100%;\"\n                \/>\n            <\/a>\n        <\/div>\n\t\t\t\t\t\t\t<\/div> \n\t\t\t\n        \n\t\t\t\t<div id=\"ngg-image-31\" class=\"ngg-gallery-thumbnail-box\" >\n\t\t\t\t        <div class=\"ngg-gallery-thumbnail\">\n            <a href=\"http:\/\/www.freimarianne.ch\/wp-content\/gallery\/anenhutte-29-10-16\/IMG_8373.jpg\"\n               title=\"\"\n               data-src=\"http:\/\/www.freimarianne.ch\/wp-content\/gallery\/anenhutte-29-10-16\/IMG_8373.jpg\"\n               data-thumbnail=\"http:\/\/www.freimarianne.ch\/wp-content\/gallery\/anenhutte-29-10-16\/thumbs\/thumbs_IMG_8373.jpg\"\n               data-image-id=\"14765\"\n               data-title=\"IMG_8373\"\n               data-description=\"\"\n               data-image-slug=\"img_8373-2\"\n               class=\"shutterset_21758\">\n                <img\n                    title=\"IMG_8373\"\n                    alt=\"IMG_8373\"\n                    src=\"http:\/\/www.freimarianne.ch\/wp-content\/gallery\/anenhutte-29-10-16\/thumbs\/thumbs_IMG_8373.jpg\"\n                    width=\"100\"\n                    height=\"75\"\n                    style=\"max-width:100%;\"\n                \/>\n            <\/a>\n        <\/div>\n\t\t\t\t\t\t\t<\/div> \n\t\t\t\n        \n\t\t\t\t<div id=\"ngg-image-32\" class=\"ngg-gallery-thumbnail-box\" >\n\t\t\t\t        <div class=\"ngg-gallery-thumbnail\">\n            <a href=\"http:\/\/www.freimarianne.ch\/wp-content\/gallery\/anenhutte-29-10-16\/IMG_8380.jpg\"\n               title=\"die Mor\u00e4ne;\"\n               data-src=\"http:\/\/www.freimarianne.ch\/wp-content\/gallery\/anenhutte-29-10-16\/IMG_8380.jpg\"\n               data-thumbnail=\"http:\/\/www.freimarianne.ch\/wp-content\/gallery\/anenhutte-29-10-16\/thumbs\/thumbs_IMG_8380.jpg\"\n               data-image-id=\"14764\"\n               data-title=\"die Mor\u00c3\u00a4ne;\"\n               data-description=\"die Mor\u00e4ne;\"\n               data-image-slug=\"img_8380-4\"\n               class=\"shutterset_21758\">\n                <img\n                    title=\"die Mor\u00c3\u00a4ne;\"\n                    alt=\"die Mor\u00c3\u00a4ne;\"\n                    src=\"http:\/\/www.freimarianne.ch\/wp-content\/gallery\/anenhutte-29-10-16\/thumbs\/thumbs_IMG_8380.jpg\"\n                    width=\"100\"\n                    height=\"75\"\n                    style=\"max-width:100%;\"\n                \/>\n            <\/a>\n        <\/div>\n\t\t\t\t\t\t\t<\/div> \n\t\t\t\n        \n\t\t\t\t<div id=\"ngg-image-33\" class=\"ngg-gallery-thumbnail-box\" >\n\t\t\t\t        <div class=\"ngg-gallery-thumbnail\">\n            <a href=\"http:\/\/www.freimarianne.ch\/wp-content\/gallery\/anenhutte-29-10-16\/IMG_8384.jpg\"\n               title=\"Guggisee 2007m; re hi Rindrhorn 3453m,  Balmhorn 3698m\"\n               data-src=\"http:\/\/www.freimarianne.ch\/wp-content\/gallery\/anenhutte-29-10-16\/IMG_8384.jpg\"\n               data-thumbnail=\"http:\/\/www.freimarianne.ch\/wp-content\/gallery\/anenhutte-29-10-16\/thumbs\/thumbs_IMG_8384.jpg\"\n               data-image-id=\"14763\"\n               data-title=\"Guggisee 2007m; re hi Rindrhorn 3453m,  Balmhorn 3698m\"\n               data-description=\"Guggisee 2007m; re hi Rindrhorn 3453m,  Balmhorn 3698m\"\n               data-image-slug=\"img_8384\"\n               class=\"shutterset_21758\">\n                <img\n                    title=\"Guggisee 2007m; re hi Rindrhorn 3453m,  Balmhorn 3698m\"\n                    alt=\"Guggisee 2007m; re hi Rindrhorn 3453m,  Balmhorn 3698m\"\n                    src=\"http:\/\/www.freimarianne.ch\/wp-content\/gallery\/anenhutte-29-10-16\/thumbs\/thumbs_IMG_8384.jpg\"\n                    width=\"100\"\n                    height=\"75\"\n                    style=\"max-width:100%;\"\n                \/>\n            <\/a>\n        <\/div>\n\t\t\t\t\t\t\t<\/div> \n\t\t\t\n        \n\t\t\t\t<div id=\"ngg-image-34\" class=\"ngg-gallery-thumbnail-box\" >\n\t\t\t\t        <div class=\"ngg-gallery-thumbnail\">\n            <a href=\"http:\/\/www.freimarianne.ch\/wp-content\/gallery\/anenhutte-29-10-16\/IMG_8386.jpg\"\n               title=\"Guggisee 2007mM mit  Jegichnubel vo\"\n               data-src=\"http:\/\/www.freimarianne.ch\/wp-content\/gallery\/anenhutte-29-10-16\/IMG_8386.jpg\"\n               data-thumbnail=\"http:\/\/www.freimarianne.ch\/wp-content\/gallery\/anenhutte-29-10-16\/thumbs\/thumbs_IMG_8386.jpg\"\n               data-image-id=\"14762\"\n               data-title=\"Guggisee 2007mM mit  Jegichnubel vo\"\n               data-description=\"Guggisee 2007mM mit  Jegichnubel vo\"\n               data-image-slug=\"img_8386-1\"\n               class=\"shutterset_21758\">\n                <img\n                    title=\"Guggisee 2007mM mit  Jegichnubel vo\"\n                    alt=\"Guggisee 2007mM mit  Jegichnubel vo\"\n                    src=\"http:\/\/www.freimarianne.ch\/wp-content\/gallery\/anenhutte-29-10-16\/thumbs\/thumbs_IMG_8386.jpg\"\n                    width=\"100\"\n                    height=\"75\"\n                    style=\"max-width:100%;\"\n                \/>\n            <\/a>\n        <\/div>\n\t\t\t\t\t\t\t<\/div> \n\t\t\t\n        \n\t\t\t\t<div id=\"ngg-image-35\" class=\"ngg-gallery-thumbnail-box\" >\n\t\t\t\t        <div class=\"ngg-gallery-thumbnail\">\n            <a href=\"http:\/\/www.freimarianne.ch\/wp-content\/gallery\/anenhutte-29-10-16\/IMG_8388.jpg\"\n               title=\"Marianne am Guggisee 2007mmit Jegichnubel\"\n               data-src=\"http:\/\/www.freimarianne.ch\/wp-content\/gallery\/anenhutte-29-10-16\/IMG_8388.jpg\"\n               data-thumbnail=\"http:\/\/www.freimarianne.ch\/wp-content\/gallery\/anenhutte-29-10-16\/thumbs\/thumbs_IMG_8388.jpg\"\n               data-image-id=\"14761\"\n               data-title=\"Marianne am Guggisee 2007mmit Jegichnubel\"\n               data-description=\"Marianne am Guggisee 2007mmit Jegichnubel\"\n               data-image-slug=\"img_8388-1\"\n               class=\"shutterset_21758\">\n                <img\n                    title=\"Marianne am Guggisee 2007mmit Jegichnubel\"\n                    alt=\"Marianne am Guggisee 2007mmit Jegichnubel\"\n                    src=\"http:\/\/www.freimarianne.ch\/wp-content\/gallery\/anenhutte-29-10-16\/thumbs\/thumbs_IMG_8388.jpg\"\n                    width=\"100\"\n                    height=\"75\"\n                    style=\"max-width:100%;\"\n                \/>\n            <\/a>\n        <\/div>\n\t\t\t\t\t\t\t<\/div> \n\t\t\t\n        \n\t\t\t\t<div id=\"ngg-image-36\" class=\"ngg-gallery-thumbnail-box\" >\n\t\t\t\t        <div class=\"ngg-gallery-thumbnail\">\n            <a href=\"http:\/\/www.freimarianne.ch\/wp-content\/gallery\/anenhutte-29-10-16\/IMG_8396.jpg\"\n               title=\"gelbe L\u00e4rchen, rote B\u00fcsche;\"\n               data-src=\"http:\/\/www.freimarianne.ch\/wp-content\/gallery\/anenhutte-29-10-16\/IMG_8396.jpg\"\n               data-thumbnail=\"http:\/\/www.freimarianne.ch\/wp-content\/gallery\/anenhutte-29-10-16\/thumbs\/thumbs_IMG_8396.jpg\"\n               data-image-id=\"14760\"\n               data-title=\"gelbe L\u00c3\u00a4rchen, rote B\u00c3\u00bcsche;\"\n               data-description=\"gelbe L\u00e4rchen, rote B\u00fcsche;\"\n               data-image-slug=\"img_8396-3\"\n               class=\"shutterset_21758\">\n                <img\n                    title=\"gelbe L\u00c3\u00a4rchen, rote B\u00c3\u00bcsche;\"\n                    alt=\"gelbe L\u00c3\u00a4rchen, rote B\u00c3\u00bcsche;\"\n                    src=\"http:\/\/www.freimarianne.ch\/wp-content\/gallery\/anenhutte-29-10-16\/thumbs\/thumbs_IMG_8396.jpg\"\n                    width=\"100\"\n                    height=\"75\"\n                    style=\"max-width:100%;\"\n                \/>\n            <\/a>\n        <\/div>\n\t\t\t\t\t\t\t<\/div> \n\t\t\t\n        \n\t\t\t\t<div id=\"ngg-image-37\" class=\"ngg-gallery-thumbnail-box\" >\n\t\t\t\t        <div class=\"ngg-gallery-thumbnail\">\n            <a href=\"http:\/\/www.freimarianne.ch\/wp-content\/gallery\/anenhutte-29-10-16\/IMG_8400.jpg\"\n               title=\"gelbe L\u00e4rchen; Herbstidyll im L\u00f6tschental\"\n               data-src=\"http:\/\/www.freimarianne.ch\/wp-content\/gallery\/anenhutte-29-10-16\/IMG_8400.jpg\"\n               data-thumbnail=\"http:\/\/www.freimarianne.ch\/wp-content\/gallery\/anenhutte-29-10-16\/thumbs\/thumbs_IMG_8400.jpg\"\n               data-image-id=\"14759\"\n               data-title=\"gelbe L\u00c3\u00a4rchen; Herbstidyll im L\u00c3\u00b6tschental\"\n               data-description=\"gelbe L\u00e4rchen; Herbstidyll im L\u00f6tschental\"\n               data-image-slug=\"img_8400-4\"\n               class=\"shutterset_21758\">\n                <img\n                    title=\"gelbe L\u00c3\u00a4rchen; Herbstidyll im L\u00c3\u00b6tschental\"\n                    alt=\"gelbe L\u00c3\u00a4rchen; Herbstidyll im L\u00c3\u00b6tschental\"\n                    src=\"http:\/\/www.freimarianne.ch\/wp-content\/gallery\/anenhutte-29-10-16\/thumbs\/thumbs_IMG_8400.jpg\"\n                    width=\"100\"\n                    height=\"75\"\n                    style=\"max-width:100%;\"\n                \/>\n            <\/a>\n        <\/div>\n\t\t\t\t\t\t\t<\/div> \n\t\t\t\n        \n\t\t\t\t<div id=\"ngg-image-38\" class=\"ngg-gallery-thumbnail-box\" >\n\t\t\t\t        <div class=\"ngg-gallery-thumbnail\">\n            <a href=\"http:\/\/www.freimarianne.ch\/wp-content\/gallery\/anenhutte-29-10-16\/IMG_8404.jpg\"\n               title=\"Herbstidyll im L\u00f6tschental\"\n               data-src=\"http:\/\/www.freimarianne.ch\/wp-content\/gallery\/anenhutte-29-10-16\/IMG_8404.jpg\"\n               data-thumbnail=\"http:\/\/www.freimarianne.ch\/wp-content\/gallery\/anenhutte-29-10-16\/thumbs\/thumbs_IMG_8404.jpg\"\n               data-image-id=\"14758\"\n               data-title=\"Herbstidyll im L\u00c3\u00b6tschental\"\n               data-description=\"Herbstidyll im L\u00f6tschental\"\n               data-image-slug=\"img_8404\"\n               class=\"shutterset_21758\">\n                <img\n                    title=\"Herbstidyll im L\u00c3\u00b6tschental\"\n                    alt=\"Herbstidyll im L\u00c3\u00b6tschental\"\n                    src=\"http:\/\/www.freimarianne.ch\/wp-content\/gallery\/anenhutte-29-10-16\/thumbs\/thumbs_IMG_8404.jpg\"\n                    width=\"100\"\n                    height=\"75\"\n                    style=\"max-width:100%;\"\n                \/>\n            <\/a>\n        <\/div>\n\t\t\t\t\t\t\t<\/div> \n\t\t\t\n        \n\t\t\t\t<div id=\"ngg-image-39\" class=\"ngg-gallery-thumbnail-box\" >\n\t\t\t\t        <div class=\"ngg-gallery-thumbnail\">\n            <a href=\"http:\/\/www.freimarianne.ch\/wp-content\/gallery\/anenhutte-29-10-16\/IMG_8407.jpg\"\n               title=\"Guggistafel 1933m\"\n               data-src=\"http:\/\/www.freimarianne.ch\/wp-content\/gallery\/anenhutte-29-10-16\/IMG_8407.jpg\"\n               data-thumbnail=\"http:\/\/www.freimarianne.ch\/wp-content\/gallery\/anenhutte-29-10-16\/thumbs\/thumbs_IMG_8407.jpg\"\n               data-image-id=\"14757\"\n               data-title=\"Guggistafel 1933m\"\n               data-description=\"Guggistafel 1933m\"\n               data-image-slug=\"img_8407-1\"\n               class=\"shutterset_21758\">\n                <img\n                    title=\"Guggistafel 1933m\"\n                    alt=\"Guggistafel 1933m\"\n                    src=\"http:\/\/www.freimarianne.ch\/wp-content\/gallery\/anenhutte-29-10-16\/thumbs\/thumbs_IMG_8407.jpg\"\n                    width=\"100\"\n                    height=\"75\"\n                    style=\"max-width:100%;\"\n                \/>\n            <\/a>\n        <\/div>\n\t\t\t\t\t\t\t<\/div> \n\t\t\t\n        \n\t\t\n\t\t<!-- Pagination -->\n\t<div class='ngg-clear'><\/div>\t<\/div>\n<\/p>\n","protected":false},"excerpt":{"rendered":"<p>Von der Fafleralp \u00fcber den Guggisee zur Anenh\u00fctte und zur\u00fcck die Anenh\u00fctte 2358m Heute m\u00f6chte ich nochmals eine pr\u00e4chtige Herbstlandschaft erleben und werde mit dem L\u00f6tschental nat\u00fcrlich nicht entt\u00e4uscht! Wie immer im Herbst pr\u00e4sentiert sich dieses Tal in seiner ganzen Sch\u00f6nheit. Nur muss man geduldig sein bis die Schatten weichten und man endlich an der [&hellip;]<\/p>\n","protected":false},"author":1,"featured_media":0,"parent":20294,"menu_order":21,"comment_status":"closed","ping_status":"closed","template":"","meta":{"ngg_post_thumbnail":0},"_links":{"self":[{"href":"http:\/\/www.freimarianne.ch\/index.php?rest_route=\/wp\/v2\/pages\/21565"}],"collection":[{"href":"http:\/\/www.freimarianne.ch\/index.php?rest_route=\/wp\/v2\/pages"}],"about":[{"href":"http:\/\/www.freimarianne.ch\/index.php?rest_route=\/wp\/v2\/types\/page"}],"author":[{"embeddable":true,"href":"http:\/\/www.freimarianne.ch\/index.php?rest_route=\/wp\/v2\/users\/1"}],"replies":[{"embeddable":true,"href":"http:\/\/www.freimarianne.ch\/index.php?rest_route=%2Fwp%2Fv2%2Fcomments&post=21565"}],"version-history":[{"count":6,"href":"http:\/\/www.freimarianne.ch\/index.php?rest_route=\/wp\/v2\/pages\/21565\/revisions"}],"predecessor-version":[{"id":21768,"href":"http:\/\/www.freimarianne.ch\/index.php?rest_route=\/wp\/v2\/pages\/21565\/revisions\/21768"}],"up":[{"embeddable":true,"href":"http:\/\/www.freimarianne.ch\/index.php?rest_route=\/wp\/v2\/pages\/20294"}],"wp:attachment":[{"href":"http:\/\/www.freimarianne.ch\/index.php?rest_route=%2Fwp%2Fv2%2Fmedia&parent=21565"}],"curies":[{"name":"wp","href":"https:\/\/api.w.org\/{rel}","templated":true}]}}