{"id":22323,"date":"2017-01-04T16:49:33","date_gmt":"2017-01-04T15:49:33","guid":{"rendered":"http:\/\/www.freimarianne.ch\/?page_id=22323"},"modified":"2017-01-16T10:29:42","modified_gmt":"2017-01-16T09:29:42","slug":"wedenberg-sevelen-sg-26-12-2016","status":"publish","type":"page","link":"http:\/\/www.freimarianne.ch\/?page_id=22323","title":{"rendered":"Werdenberg &#8211; Sevelen   SG  26.12.2016"},"content":{"rendered":"<p><strong>Wanderung von Werdenberg auf dem Schlossweg nach Sevelen<\/strong><\/p>\n<p><img loading=\"lazy\" class=\"size-full wp-image-22318\" src=\"http:\/\/www.freimarianne.ch\/wp-content\/uploads\/2017\/01\/IMG_3716_werdenberg_500.jpg\" alt=\"Schloss Werdenberg\" width=\"500\" height=\"375\" srcset=\"http:\/\/www.freimarianne.ch\/wp-content\/uploads\/2017\/01\/IMG_3716_werdenberg_500.jpg 500w, http:\/\/www.freimarianne.ch\/wp-content\/uploads\/2017\/01\/IMG_3716_werdenberg_500-300x225.jpg 300w, http:\/\/www.freimarianne.ch\/wp-content\/uploads\/2017\/01\/IMG_3716_werdenberg_500-400x300.jpg 400w\" sizes=\"(max-width: 500px) 100vw, 500px\" \/> Schloss Werdenberg<\/p>\n<p>Ein strahlender Stefanstag! Dies ist der zweite Anlauf, den ich nehme, um das St\u00e4dtchen Werdenberg kennenzulernen.<br \/>\nIch bin begeistert als ich aus dem Bus steige und den kleinen See mit St\u00e4dtchen und Schloss erblicke. Ich umrunde den See, besuche das St\u00e4dtchen und den Schlossh\u00fcgel.<br \/>\nDann suche ich den Schlossweg nach Sargans. Ich folge den Wegweisern nach Sargans und so komme ich \u00fcber Runggels 501m und bei der M\u00fchle von Altendorf vorbei. Dann steigt der Weg an und f\u00fchrt durch den Wald \u00fcber Sunneb\u00fcel, dann \u00fcber eine Lichtung und dann in der Senke hinter dem H\u00fcgel Escal\u00e4r, Valgup genannt nach St. Ulrich. Hier mache ich meine Mittagspause und beschliesse dann, nicht weiter zu gehen, da ich ohnehin im Schatten hinter dem Kleinberg h\u00e4tte gehen m\u00fcssen. Ich wandere hinunter nach Sevelen ( leider auf der Strasse. Der Weg zum Bahnhof zieht sich in die L\u00e4nge!<\/p>\n<p>Laut Schweizmobil:<br \/>\nWerdenberg- Sevelen<br \/>\nDistanz: 7.97km; Aufstieg: 275m; Abstieg: 271 m; Wanderzeit: 2h 15 min<\/p>\n<p><a href=\"https:\/\/map.wanderland.ch\/?lang=de&amp;route=all&amp;bgLayer=pk&amp;resolution=10&amp;X=754697&amp;Y=223507&amp;layers=Wanderland&amp;trackId=3220860\">Karte Schweizmobil:<\/a><\/p>\n<p><!-- index.php -->\n<div\n\tclass=\"ngg-galleryoverview ngg-ajax-pagination-none\"\n\tid=\"ngg-gallery-22503-1\">\n\n    \t<div class=\"slideshowlink\">\n        <a href='http:\/\/www.freimarianne.ch\/index.php\/nggallery\/slideshow?page_id=22323'>[Show as slideshow]<\/a>\n\t\t\n\t<\/div>\n\t\t\t<!-- Thumbnails -->\n\t\t\t\t<div id=\"ngg-image-0\" class=\"ngg-gallery-thumbnail-box\" >\n\t\t\t\t        <div class=\"ngg-gallery-thumbnail\">\n            <a href=\"http:\/\/www.freimarianne.ch\/wp-content\/gallery\/werdenberg-sevelen-26-12-16\/IMG_3714.jpg\"\n               title=\"Schloss Werdenberg\"\n               data-src=\"http:\/\/www.freimarianne.ch\/wp-content\/gallery\/werdenberg-sevelen-26-12-16\/IMG_3714.jpg\"\n               data-thumbnail=\"http:\/\/www.freimarianne.ch\/wp-content\/gallery\/werdenberg-sevelen-26-12-16\/thumbs\/thumbs_IMG_3714.jpg\"\n               data-image-id=\"15050\"\n               data-title=\"Schloss Werdenberg\"\n               data-description=\"Schloss Werdenberg\"\n               data-image-slug=\"img_3714-1\"\n               class=\"shutterset_22503\">\n                <img\n                    title=\"Schloss Werdenberg\"\n                    alt=\"Schloss Werdenberg\"\n                    src=\"http:\/\/www.freimarianne.ch\/wp-content\/gallery\/werdenberg-sevelen-26-12-16\/thumbs\/thumbs_IMG_3714.jpg\"\n                    width=\"100\"\n                    height=\"75\"\n                    style=\"max-width:100%;\"\n                \/>\n            <\/a>\n        <\/div>\n\t\t\t\t\t\t\t<\/div> \n\t\t\t\n        \n\t\t\t\t<div id=\"ngg-image-1\" class=\"ngg-gallery-thumbnail-box\" >\n\t\t\t\t        <div class=\"ngg-gallery-thumbnail\">\n            <a href=\"http:\/\/www.freimarianne.ch\/wp-content\/gallery\/werdenberg-sevelen-26-12-16\/IMG_3718.jpg\"\n               title=\"Schloss Werdenberg\"\n               data-src=\"http:\/\/www.freimarianne.ch\/wp-content\/gallery\/werdenberg-sevelen-26-12-16\/IMG_3718.jpg\"\n               data-thumbnail=\"http:\/\/www.freimarianne.ch\/wp-content\/gallery\/werdenberg-sevelen-26-12-16\/thumbs\/thumbs_IMG_3718.jpg\"\n               data-image-id=\"15049\"\n               data-title=\"Schloss Werdenberg\"\n               data-description=\"Schloss Werdenberg\"\n               data-image-slug=\"img_3718-3\"\n               class=\"shutterset_22503\">\n                <img\n                    title=\"Schloss Werdenberg\"\n                    alt=\"Schloss Werdenberg\"\n                    src=\"http:\/\/www.freimarianne.ch\/wp-content\/gallery\/werdenberg-sevelen-26-12-16\/thumbs\/thumbs_IMG_3718.jpg\"\n                    width=\"100\"\n                    height=\"75\"\n                    style=\"max-width:100%;\"\n                \/>\n            <\/a>\n        <\/div>\n\t\t\t\t\t\t\t<\/div> \n\t\t\t\n        \n\t\t\t\t<div id=\"ngg-image-2\" class=\"ngg-gallery-thumbnail-box\" >\n\t\t\t\t        <div class=\"ngg-gallery-thumbnail\">\n            <a href=\"http:\/\/www.freimarianne.ch\/wp-content\/gallery\/werdenberg-sevelen-26-12-16\/IMG_3720.jpg\"\n               title=\"Werdenberg\"\n               data-src=\"http:\/\/www.freimarianne.ch\/wp-content\/gallery\/werdenberg-sevelen-26-12-16\/IMG_3720.jpg\"\n               data-thumbnail=\"http:\/\/www.freimarianne.ch\/wp-content\/gallery\/werdenberg-sevelen-26-12-16\/thumbs\/thumbs_IMG_3720.jpg\"\n               data-image-id=\"15048\"\n               data-title=\"Werdenberg\"\n               data-description=\"Werdenberg\"\n               data-image-slug=\"img_3720\"\n               class=\"shutterset_22503\">\n                <img\n                    title=\"Werdenberg\"\n                    alt=\"Werdenberg\"\n                    src=\"http:\/\/www.freimarianne.ch\/wp-content\/gallery\/werdenberg-sevelen-26-12-16\/thumbs\/thumbs_IMG_3720.jpg\"\n                    width=\"100\"\n                    height=\"75\"\n                    style=\"max-width:100%;\"\n                \/>\n            <\/a>\n        <\/div>\n\t\t\t\t\t\t\t<\/div> \n\t\t\t\n        \n\t\t\t\t<div id=\"ngg-image-3\" class=\"ngg-gallery-thumbnail-box\" >\n\t\t\t\t        <div class=\"ngg-gallery-thumbnail\">\n            <a href=\"http:\/\/www.freimarianne.ch\/wp-content\/gallery\/werdenberg-sevelen-26-12-16\/IMG_3723.jpg\"\n               title=\"Schloss Werdenberg\"\n               data-src=\"http:\/\/www.freimarianne.ch\/wp-content\/gallery\/werdenberg-sevelen-26-12-16\/IMG_3723.jpg\"\n               data-thumbnail=\"http:\/\/www.freimarianne.ch\/wp-content\/gallery\/werdenberg-sevelen-26-12-16\/thumbs\/thumbs_IMG_3723.jpg\"\n               data-image-id=\"15047\"\n               data-title=\"Schloss Werdenberg\"\n               data-description=\"Schloss Werdenberg\"\n               data-image-slug=\"img_3723\"\n               class=\"shutterset_22503\">\n                <img\n                    title=\"Schloss Werdenberg\"\n                    alt=\"Schloss Werdenberg\"\n                    src=\"http:\/\/www.freimarianne.ch\/wp-content\/gallery\/werdenberg-sevelen-26-12-16\/thumbs\/thumbs_IMG_3723.jpg\"\n                    width=\"100\"\n                    height=\"75\"\n                    style=\"max-width:100%;\"\n                \/>\n            <\/a>\n        <\/div>\n\t\t\t\t\t\t\t<\/div> \n\t\t\t\n        \n\t\t\t\t<div id=\"ngg-image-4\" class=\"ngg-gallery-thumbnail-box\" >\n\t\t\t\t        <div class=\"ngg-gallery-thumbnail\">\n            <a href=\"http:\/\/www.freimarianne.ch\/wp-content\/gallery\/werdenberg-sevelen-26-12-16\/IMG_3726.jpg\"\n               title=\"Schloss Werdenberg; Schlangenhaus\"\n               data-src=\"http:\/\/www.freimarianne.ch\/wp-content\/gallery\/werdenberg-sevelen-26-12-16\/IMG_3726.jpg\"\n               data-thumbnail=\"http:\/\/www.freimarianne.ch\/wp-content\/gallery\/werdenberg-sevelen-26-12-16\/thumbs\/thumbs_IMG_3726.jpg\"\n               data-image-id=\"15046\"\n               data-title=\"Schloss Werdenberg; Schlangenhaus\"\n               data-description=\"Schloss Werdenberg; Schlangenhaus\"\n               data-image-slug=\"img_3726\"\n               class=\"shutterset_22503\">\n                <img\n                    title=\"Schloss Werdenberg; Schlangenhaus\"\n                    alt=\"Schloss Werdenberg; Schlangenhaus\"\n                    src=\"http:\/\/www.freimarianne.ch\/wp-content\/gallery\/werdenberg-sevelen-26-12-16\/thumbs\/thumbs_IMG_3726.jpg\"\n                    width=\"100\"\n                    height=\"75\"\n                    style=\"max-width:100%;\"\n                \/>\n            <\/a>\n        <\/div>\n\t\t\t\t\t\t\t<\/div> \n\t\t\t\n        \n\t\t\t\t<div id=\"ngg-image-5\" class=\"ngg-gallery-thumbnail-box\" >\n\t\t\t\t        <div class=\"ngg-gallery-thumbnail\">\n            <a href=\"http:\/\/www.freimarianne.ch\/wp-content\/gallery\/werdenberg-sevelen-26-12-16\/IMG_3729.jpg\"\n               title=\"St\u00e4dtchen Werdenberg\"\n               data-src=\"http:\/\/www.freimarianne.ch\/wp-content\/gallery\/werdenberg-sevelen-26-12-16\/IMG_3729.jpg\"\n               data-thumbnail=\"http:\/\/www.freimarianne.ch\/wp-content\/gallery\/werdenberg-sevelen-26-12-16\/thumbs\/thumbs_IMG_3729.jpg\"\n               data-image-id=\"15045\"\n               data-title=\"St\u00c3\u00a4dtchen Werdenberg\"\n               data-description=\"St\u00e4dtchen Werdenberg\"\n               data-image-slug=\"img_3729-1\"\n               class=\"shutterset_22503\">\n                <img\n                    title=\"St\u00c3\u00a4dtchen Werdenberg\"\n                    alt=\"St\u00c3\u00a4dtchen Werdenberg\"\n                    src=\"http:\/\/www.freimarianne.ch\/wp-content\/gallery\/werdenberg-sevelen-26-12-16\/thumbs\/thumbs_IMG_3729.jpg\"\n                    width=\"100\"\n                    height=\"75\"\n                    style=\"max-width:100%;\"\n                \/>\n            <\/a>\n        <\/div>\n\t\t\t\t\t\t\t<\/div> \n\t\t\t\n        \n\t\t\t\t<div id=\"ngg-image-6\" class=\"ngg-gallery-thumbnail-box\" >\n\t\t\t\t        <div class=\"ngg-gallery-thumbnail\">\n            <a href=\"http:\/\/www.freimarianne.ch\/wp-content\/gallery\/werdenberg-sevelen-26-12-16\/IMG_3733.jpg\"\n               title=\"St\u00e4dtchen Werdenberg\"\n               data-src=\"http:\/\/www.freimarianne.ch\/wp-content\/gallery\/werdenberg-sevelen-26-12-16\/IMG_3733.jpg\"\n               data-thumbnail=\"http:\/\/www.freimarianne.ch\/wp-content\/gallery\/werdenberg-sevelen-26-12-16\/thumbs\/thumbs_IMG_3733.jpg\"\n               data-image-id=\"15044\"\n               data-title=\"St\u00c3\u00a4dtchen Werdenberg\"\n               data-description=\"St\u00e4dtchen Werdenberg\"\n               data-image-slug=\"img_3733-1\"\n               class=\"shutterset_22503\">\n                <img\n                    title=\"St\u00c3\u00a4dtchen Werdenberg\"\n                    alt=\"St\u00c3\u00a4dtchen Werdenberg\"\n                    src=\"http:\/\/www.freimarianne.ch\/wp-content\/gallery\/werdenberg-sevelen-26-12-16\/thumbs\/thumbs_IMG_3733.jpg\"\n                    width=\"100\"\n                    height=\"75\"\n                    style=\"max-width:100%;\"\n                \/>\n            <\/a>\n        <\/div>\n\t\t\t\t\t\t\t<\/div> \n\t\t\t\n        \n\t\t\t\t<div id=\"ngg-image-7\" class=\"ngg-gallery-thumbnail-box\" >\n\t\t\t\t        <div class=\"ngg-gallery-thumbnail\">\n            <a href=\"http:\/\/www.freimarianne.ch\/wp-content\/gallery\/werdenberg-sevelen-26-12-16\/IMG_3744.jpg\"\n               title=\"Buchs vom Schloss aus\"\n               data-src=\"http:\/\/www.freimarianne.ch\/wp-content\/gallery\/werdenberg-sevelen-26-12-16\/IMG_3744.jpg\"\n               data-thumbnail=\"http:\/\/www.freimarianne.ch\/wp-content\/gallery\/werdenberg-sevelen-26-12-16\/thumbs\/thumbs_IMG_3744.jpg\"\n               data-image-id=\"15043\"\n               data-title=\"Buchs vom Schloss aus\"\n               data-description=\"Buchs vom Schloss aus\"\n               data-image-slug=\"img_3744-4\"\n               class=\"shutterset_22503\">\n                <img\n                    title=\"Buchs vom Schloss aus\"\n                    alt=\"Buchs vom Schloss aus\"\n                    src=\"http:\/\/www.freimarianne.ch\/wp-content\/gallery\/werdenberg-sevelen-26-12-16\/thumbs\/thumbs_IMG_3744.jpg\"\n                    width=\"100\"\n                    height=\"75\"\n                    style=\"max-width:100%;\"\n                \/>\n            <\/a>\n        <\/div>\n\t\t\t\t\t\t\t<\/div> \n\t\t\t\n        \n\t\t\t\t<div id=\"ngg-image-8\" class=\"ngg-gallery-thumbnail-box\" >\n\t\t\t\t        <div class=\"ngg-gallery-thumbnail\">\n            <a href=\"http:\/\/www.freimarianne.ch\/wp-content\/gallery\/werdenberg-sevelen-26-12-16\/IMG_3745.jpg\"\n               title=\"Schloss  Werdenberg\"\n               data-src=\"http:\/\/www.freimarianne.ch\/wp-content\/gallery\/werdenberg-sevelen-26-12-16\/IMG_3745.jpg\"\n               data-thumbnail=\"http:\/\/www.freimarianne.ch\/wp-content\/gallery\/werdenberg-sevelen-26-12-16\/thumbs\/thumbs_IMG_3745.jpg\"\n               data-image-id=\"15042\"\n               data-title=\"Schloss  Werdenberg\"\n               data-description=\"Schloss  Werdenberg\"\n               data-image-slug=\"img_3745-1\"\n               class=\"shutterset_22503\">\n                <img\n                    title=\"Schloss  Werdenberg\"\n                    alt=\"Schloss  Werdenberg\"\n                    src=\"http:\/\/www.freimarianne.ch\/wp-content\/gallery\/werdenberg-sevelen-26-12-16\/thumbs\/thumbs_IMG_3745.jpg\"\n                    width=\"100\"\n                    height=\"75\"\n                    style=\"max-width:100%;\"\n                \/>\n            <\/a>\n        <\/div>\n\t\t\t\t\t\t\t<\/div> \n\t\t\t\n        \n\t\t\t\t<div id=\"ngg-image-9\" class=\"ngg-gallery-thumbnail-box\" >\n\t\t\t\t        <div class=\"ngg-gallery-thumbnail\">\n            <a href=\"http:\/\/www.freimarianne.ch\/wp-content\/gallery\/werdenberg-sevelen-26-12-16\/IMG_3752.jpg\"\n               title=\"Schloss Werdenberg\"\n               data-src=\"http:\/\/www.freimarianne.ch\/wp-content\/gallery\/werdenberg-sevelen-26-12-16\/IMG_3752.jpg\"\n               data-thumbnail=\"http:\/\/www.freimarianne.ch\/wp-content\/gallery\/werdenberg-sevelen-26-12-16\/thumbs\/thumbs_IMG_3752.jpg\"\n               data-image-id=\"15041\"\n               data-title=\"Schloss Werdenberg\"\n               data-description=\"Schloss Werdenberg\"\n               data-image-slug=\"img_3752-1\"\n               class=\"shutterset_22503\">\n                <img\n                    title=\"Schloss Werdenberg\"\n                    alt=\"Schloss Werdenberg\"\n                    src=\"http:\/\/www.freimarianne.ch\/wp-content\/gallery\/werdenberg-sevelen-26-12-16\/thumbs\/thumbs_IMG_3752.jpg\"\n                    width=\"100\"\n                    height=\"75\"\n                    style=\"max-width:100%;\"\n                \/>\n            <\/a>\n        <\/div>\n\t\t\t\t\t\t\t<\/div> \n\t\t\t\n        \n\t\t\t\t<div id=\"ngg-image-10\" class=\"ngg-gallery-thumbnail-box\" >\n\t\t\t\t        <div class=\"ngg-gallery-thumbnail\">\n            <a href=\"http:\/\/www.freimarianne.ch\/wp-content\/gallery\/werdenberg-sevelen-26-12-16\/IMG_3762.jpg\"\n               title=\"auf dem Wanderweg\"\n               data-src=\"http:\/\/www.freimarianne.ch\/wp-content\/gallery\/werdenberg-sevelen-26-12-16\/IMG_3762.jpg\"\n               data-thumbnail=\"http:\/\/www.freimarianne.ch\/wp-content\/gallery\/werdenberg-sevelen-26-12-16\/thumbs\/thumbs_IMG_3762.jpg\"\n               data-image-id=\"15040\"\n               data-title=\"auf dem Wanderweg\"\n               data-description=\"auf dem Wanderweg\"\n               data-image-slug=\"img_3762-4\"\n               class=\"shutterset_22503\">\n                <img\n                    title=\"auf dem Wanderweg\"\n                    alt=\"auf dem Wanderweg\"\n                    src=\"http:\/\/www.freimarianne.ch\/wp-content\/gallery\/werdenberg-sevelen-26-12-16\/thumbs\/thumbs_IMG_3762.jpg\"\n                    width=\"100\"\n                    height=\"75\"\n                    style=\"max-width:100%;\"\n                \/>\n            <\/a>\n        <\/div>\n\t\t\t\t\t\t\t<\/div> \n\t\t\t\n        \n\t\t\t\t<div id=\"ngg-image-11\" class=\"ngg-gallery-thumbnail-box\" >\n\t\t\t\t        <div class=\"ngg-gallery-thumbnail\">\n            <a href=\"http:\/\/www.freimarianne.ch\/wp-content\/gallery\/werdenberg-sevelen-26-12-16\/IMG_3766.jpg\"\n               title=\"Drei Schwestern Lichtenstein\"\n               data-src=\"http:\/\/www.freimarianne.ch\/wp-content\/gallery\/werdenberg-sevelen-26-12-16\/IMG_3766.jpg\"\n               data-thumbnail=\"http:\/\/www.freimarianne.ch\/wp-content\/gallery\/werdenberg-sevelen-26-12-16\/thumbs\/thumbs_IMG_3766.jpg\"\n               data-image-id=\"15039\"\n               data-title=\"Drei Schwestern Lichtenstein\"\n               data-description=\"Drei Schwestern Lichtenstein\"\n               data-image-slug=\"img_3766-3\"\n               class=\"shutterset_22503\">\n                <img\n                    title=\"Drei Schwestern Lichtenstein\"\n                    alt=\"Drei Schwestern Lichtenstein\"\n                    src=\"http:\/\/www.freimarianne.ch\/wp-content\/gallery\/werdenberg-sevelen-26-12-16\/thumbs\/thumbs_IMG_3766.jpg\"\n                    width=\"100\"\n                    height=\"75\"\n                    style=\"max-width:100%;\"\n                \/>\n            <\/a>\n        <\/div>\n\t\t\t\t\t\t\t<\/div> \n\t\t\t\n        \n\t\t\t\t<div id=\"ngg-image-12\" class=\"ngg-gallery-thumbnail-box\" >\n\t\t\t\t        <div class=\"ngg-gallery-thumbnail\">\n            <a href=\"http:\/\/www.freimarianne.ch\/wp-content\/gallery\/werdenberg-sevelen-26-12-16\/IMG_3771.jpg\"\n               title=\"Sicht auf Sevelen und Falknis Massiv\"\n               data-src=\"http:\/\/www.freimarianne.ch\/wp-content\/gallery\/werdenberg-sevelen-26-12-16\/IMG_3771.jpg\"\n               data-thumbnail=\"http:\/\/www.freimarianne.ch\/wp-content\/gallery\/werdenberg-sevelen-26-12-16\/thumbs\/thumbs_IMG_3771.jpg\"\n               data-image-id=\"15038\"\n               data-title=\"Sicht auf Sevelen und Falknis Massiv\"\n               data-description=\"Sicht auf Sevelen und Falknis Massiv\"\n               data-image-slug=\"img_3771-2\"\n               class=\"shutterset_22503\">\n                <img\n                    title=\"Sicht auf Sevelen und Falknis Massiv\"\n                    alt=\"Sicht auf Sevelen und Falknis Massiv\"\n                    src=\"http:\/\/www.freimarianne.ch\/wp-content\/gallery\/werdenberg-sevelen-26-12-16\/thumbs\/thumbs_IMG_3771.jpg\"\n                    width=\"100\"\n                    height=\"75\"\n                    style=\"max-width:100%;\"\n                \/>\n            <\/a>\n        <\/div>\n\t\t\t\t\t\t\t<\/div> \n\t\t\t\n        \n\t\t\t\t<div id=\"ngg-image-13\" class=\"ngg-gallery-thumbnail-box\" >\n\t\t\t\t        <div class=\"ngg-gallery-thumbnail\">\n            <a href=\"http:\/\/www.freimarianne.ch\/wp-content\/gallery\/werdenberg-sevelen-26-12-16\/IMG_3774.jpg\"\n               title=\"Sicht bei St. Ulrich ; Gauschla und Alvier\"\n               data-src=\"http:\/\/www.freimarianne.ch\/wp-content\/gallery\/werdenberg-sevelen-26-12-16\/IMG_3774.jpg\"\n               data-thumbnail=\"http:\/\/www.freimarianne.ch\/wp-content\/gallery\/werdenberg-sevelen-26-12-16\/thumbs\/thumbs_IMG_3774.jpg\"\n               data-image-id=\"15037\"\n               data-title=\"Sicht bei St. Ulrich ; Gauschla und Alvier\"\n               data-description=\"Sicht bei St. Ulrich ; Gauschla und Alvier\"\n               data-image-slug=\"img_3774\"\n               class=\"shutterset_22503\">\n                <img\n                    title=\"Sicht bei St. Ulrich ; Gauschla und Alvier\"\n                    alt=\"Sicht bei St. Ulrich ; Gauschla und Alvier\"\n                    src=\"http:\/\/www.freimarianne.ch\/wp-content\/gallery\/werdenberg-sevelen-26-12-16\/thumbs\/thumbs_IMG_3774.jpg\"\n                    width=\"100\"\n                    height=\"75\"\n                    style=\"max-width:100%;\"\n                \/>\n            <\/a>\n        <\/div>\n\t\t\t\t\t\t\t<\/div> \n\t\t\t\n        \n\t\t\t\t<div id=\"ngg-image-14\" class=\"ngg-gallery-thumbnail-box\" >\n\t\t\t\t        <div class=\"ngg-gallery-thumbnail\">\n            <a href=\"http:\/\/www.freimarianne.ch\/wp-content\/gallery\/werdenberg-sevelen-26-12-16\/IMG_3776.jpg\"\n               title=\"Kirche von Sevelen\"\n               data-src=\"http:\/\/www.freimarianne.ch\/wp-content\/gallery\/werdenberg-sevelen-26-12-16\/IMG_3776.jpg\"\n               data-thumbnail=\"http:\/\/www.freimarianne.ch\/wp-content\/gallery\/werdenberg-sevelen-26-12-16\/thumbs\/thumbs_IMG_3776.jpg\"\n               data-image-id=\"15036\"\n               data-title=\"Kirche von Sevelen\"\n               data-description=\"Kirche von Sevelen\"\n               data-image-slug=\"img_3776-1\"\n               class=\"shutterset_22503\">\n                <img\n                    title=\"Kirche von Sevelen\"\n                    alt=\"Kirche von Sevelen\"\n                    src=\"http:\/\/www.freimarianne.ch\/wp-content\/gallery\/werdenberg-sevelen-26-12-16\/thumbs\/thumbs_IMG_3776.jpg\"\n                    width=\"100\"\n                    height=\"75\"\n                    style=\"max-width:100%;\"\n                \/>\n            <\/a>\n        <\/div>\n\t\t\t\t\t\t\t<\/div> \n\t\t\t\n        \n\t\t\n\t\t<!-- Pagination -->\n\t<div class='ngg-clear'><\/div>\t<\/div>\n<\/p>\n","protected":false},"excerpt":{"rendered":"<p>Wanderung von Werdenberg auf dem Schlossweg nach Sevelen Schloss Werdenberg Ein strahlender Stefanstag! Dies ist der zweite Anlauf, den ich nehme, um das St\u00e4dtchen Werdenberg kennenzulernen. Ich bin begeistert als ich aus dem Bus steige und den kleinen See mit St\u00e4dtchen und Schloss erblicke. Ich umrunde den See, besuche das St\u00e4dtchen und den Schlossh\u00fcgel. Dann [&hellip;]<\/p>\n","protected":false},"author":1,"featured_media":0,"parent":21879,"menu_order":9,"comment_status":"closed","ping_status":"closed","template":"","meta":{"ngg_post_thumbnail":0},"_links":{"self":[{"href":"http:\/\/www.freimarianne.ch\/index.php?rest_route=\/wp\/v2\/pages\/22323"}],"collection":[{"href":"http:\/\/www.freimarianne.ch\/index.php?rest_route=\/wp\/v2\/pages"}],"about":[{"href":"http:\/\/www.freimarianne.ch\/index.php?rest_route=\/wp\/v2\/types\/page"}],"author":[{"embeddable":true,"href":"http:\/\/www.freimarianne.ch\/index.php?rest_route=\/wp\/v2\/users\/1"}],"replies":[{"embeddable":true,"href":"http:\/\/www.freimarianne.ch\/index.php?rest_route=%2Fwp%2Fv2%2Fcomments&post=22323"}],"version-history":[{"count":3,"href":"http:\/\/www.freimarianne.ch\/index.php?rest_route=\/wp\/v2\/pages\/22323\/revisions"}],"predecessor-version":[{"id":22504,"href":"http:\/\/www.freimarianne.ch\/index.php?rest_route=\/wp\/v2\/pages\/22323\/revisions\/22504"}],"up":[{"embeddable":true,"href":"http:\/\/www.freimarianne.ch\/index.php?rest_route=\/wp\/v2\/pages\/21879"}],"wp:attachment":[{"href":"http:\/\/www.freimarianne.ch\/index.php?rest_route=%2Fwp%2Fv2%2Fmedia&parent=22323"}],"curies":[{"name":"wp","href":"https:\/\/api.w.org\/{rel}","templated":true}]}}