{"id":24230,"date":"2017-06-07T08:25:44","date_gmt":"2017-06-07T07:25:44","guid":{"rendered":"http:\/\/www.freimarianne.ch\/?page_id=24230"},"modified":"2017-06-10T08:39:04","modified_gmt":"2017-06-10T07:39:04","slug":"gran-canaria-27-4-2017","status":"publish","type":"page","link":"http:\/\/www.freimarianne.ch\/?page_id=24230","title":{"rendered":"Gran Canaria  27.4.2017"},"content":{"rendered":"<p><strong>2.Tag:<br \/>\nWanderung im Tal von San Bartholom\u00e9 de Tirajana<\/strong><\/p>\n<p>Der erste Tag beginnt regnerisch. Die Berge sind wolkenverhangen. In Regenmontur machen wir einen Stadtrundgang in San Bartholom\u00e9; Iglesia de San Barhtalom\u00e9, Waschtrog, Hauptplatz etc.<br \/>\nDann wandern wir das Tal hinunter nach Santa Lucia, wo wir einkehren. Weiter geht es das gr\u00fcne Tal hinunter. An einem Berghang sehen wir die H\u00f6hlen der Ureinwohner. Wir besuchen die arch\u00e4ologisce St\u00e4tte Las Fortalezas, wo wir durch eine H\u00f6hle gehen k\u00f6nnen und uns die Wohnh\u00f6hlen aus der vorspanischen Zeit ansehen k\u00f6nnen.<br \/>\nDie Wanderung endet in einem Tapas Restaurant.<\/p>\n<p><img loading=\"lazy\" class=\"size-full wp-image-24255\" src=\"http:\/\/www.freimarianne.ch\/wp-content\/uploads\/2017\/06\/IMG_6221_27.4_500.jpg\" alt=\"\" width=\"500\" height=\"375\" srcset=\"http:\/\/www.freimarianne.ch\/wp-content\/uploads\/2017\/06\/IMG_6221_27.4_500.jpg 500w, http:\/\/www.freimarianne.ch\/wp-content\/uploads\/2017\/06\/IMG_6221_27.4_500-300x225.jpg 300w, http:\/\/www.freimarianne.ch\/wp-content\/uploads\/2017\/06\/IMG_6221_27.4_500-400x300.jpg 400w\" sizes=\"(max-width: 500px) 100vw, 500px\" \/> Wanderung im Tal von Santa Bartolome de Tirajana<\/p>\n<p><!-- index.php -->\n<div\n\tclass=\"ngg-galleryoverview ngg-ajax-pagination-none\"\n\tid=\"ngg-gallery-24956-1\">\n\n    \t<div class=\"slideshowlink\">\n        <a href='http:\/\/www.freimarianne.ch\/index.php\/nggallery\/slideshow?page_id=24230'>[Show as slideshow]<\/a>\n\t\t\n\t<\/div>\n\t\t\t<!-- Thumbnails -->\n\t\t\t\t<div id=\"ngg-image-0\" class=\"ngg-gallery-thumbnail-box\" >\n\t\t\t\t        <div class=\"ngg-gallery-thumbnail\">\n            <a href=\"http:\/\/www.freimarianne.ch\/wp-content\/gallery\/canaria-27-4-17\/IMG_6205.jpg\"\n               title=\"Regenbogen vor dem Hotel las Tirajana\"\n               data-src=\"http:\/\/www.freimarianne.ch\/wp-content\/gallery\/canaria-27-4-17\/IMG_6205.jpg\"\n               data-thumbnail=\"http:\/\/www.freimarianne.ch\/wp-content\/gallery\/canaria-27-4-17\/thumbs\/thumbs_IMG_6205.jpg\"\n               data-image-id=\"15779\"\n               data-title=\"Regenbogen vor dem Hotel las Tirajana\"\n               data-description=\"Regenbogen vor dem Hotel las Tirajana\"\n               data-image-slug=\"img_6205-2\"\n               class=\"shutterset_24956\">\n                <img\n                    title=\"Regenbogen vor dem Hotel las Tirajana\"\n                    alt=\"Regenbogen vor dem Hotel las Tirajana\"\n                    src=\"http:\/\/www.freimarianne.ch\/wp-content\/gallery\/canaria-27-4-17\/thumbs\/thumbs_IMG_6205.jpg\"\n                    width=\"100\"\n                    height=\"75\"\n                    style=\"max-width:100%;\"\n                \/>\n            <\/a>\n        <\/div>\n\t\t\t\t\t\t\t<\/div> \n\t\t\t\n        \n\t\t\t\t<div id=\"ngg-image-1\" class=\"ngg-gallery-thumbnail-box\" >\n\t\t\t\t        <div class=\"ngg-gallery-thumbnail\">\n            <a href=\"http:\/\/www.freimarianne.ch\/wp-content\/gallery\/canaria-27-4-17\/IMG_6208.jpg\"\n               title=\"Dorfrundgang in San Bartolome\"\n               data-src=\"http:\/\/www.freimarianne.ch\/wp-content\/gallery\/canaria-27-4-17\/IMG_6208.jpg\"\n               data-thumbnail=\"http:\/\/www.freimarianne.ch\/wp-content\/gallery\/canaria-27-4-17\/thumbs\/thumbs_IMG_6208.jpg\"\n               data-image-id=\"15780\"\n               data-title=\"Dorfrundgang in San Bartolome\"\n               data-description=\"Dorfrundgang in San Bartolome\"\n               data-image-slug=\"img_6208-3\"\n               class=\"shutterset_24956\">\n                <img\n                    title=\"Dorfrundgang in San Bartolome\"\n                    alt=\"Dorfrundgang in San Bartolome\"\n                    src=\"http:\/\/www.freimarianne.ch\/wp-content\/gallery\/canaria-27-4-17\/thumbs\/thumbs_IMG_6208.jpg\"\n                    width=\"100\"\n                    height=\"75\"\n                    style=\"max-width:100%;\"\n                \/>\n            <\/a>\n        <\/div>\n\t\t\t\t\t\t\t<\/div> \n\t\t\t\n        \n\t\t\t\t<div id=\"ngg-image-2\" class=\"ngg-gallery-thumbnail-box\" >\n\t\t\t\t        <div class=\"ngg-gallery-thumbnail\">\n            <a href=\"http:\/\/www.freimarianne.ch\/wp-content\/gallery\/canaria-27-4-17\/IMG_6210.jpg\"\n               title=\"Dorfrundgang in San Bartolome\"\n               data-src=\"http:\/\/www.freimarianne.ch\/wp-content\/gallery\/canaria-27-4-17\/IMG_6210.jpg\"\n               data-thumbnail=\"http:\/\/www.freimarianne.ch\/wp-content\/gallery\/canaria-27-4-17\/thumbs\/thumbs_IMG_6210.jpg\"\n               data-image-id=\"15781\"\n               data-title=\"Dorfrundgang in San Bartolome\"\n               data-description=\"Dorfrundgang in San Bartolome\"\n               data-image-slug=\"img_6210-2\"\n               class=\"shutterset_24956\">\n                <img\n                    title=\"Dorfrundgang in San Bartolome\"\n                    alt=\"Dorfrundgang in San Bartolome\"\n                    src=\"http:\/\/www.freimarianne.ch\/wp-content\/gallery\/canaria-27-4-17\/thumbs\/thumbs_IMG_6210.jpg\"\n                    width=\"100\"\n                    height=\"75\"\n                    style=\"max-width:100%;\"\n                \/>\n            <\/a>\n        <\/div>\n\t\t\t\t\t\t\t<\/div> \n\t\t\t\n        \n\t\t\t\t<div id=\"ngg-image-3\" class=\"ngg-gallery-thumbnail-box\" >\n\t\t\t\t        <div class=\"ngg-gallery-thumbnail\">\n            <a href=\"http:\/\/www.freimarianne.ch\/wp-content\/gallery\/canaria-27-4-17\/IMG_6214.jpg\"\n               title=\"Wanderung  Im Tal von Santa Bartolome de Tirajana\"\n               data-src=\"http:\/\/www.freimarianne.ch\/wp-content\/gallery\/canaria-27-4-17\/IMG_6214.jpg\"\n               data-thumbnail=\"http:\/\/www.freimarianne.ch\/wp-content\/gallery\/canaria-27-4-17\/thumbs\/thumbs_IMG_6214.jpg\"\n               data-image-id=\"15782\"\n               data-title=\"Wanderung  Im Tal von Santa Bartolome de Tirajana\"\n               data-description=\"Wanderung  Im Tal von Santa Bartolome de Tirajana\"\n               data-image-slug=\"img_6214-4\"\n               class=\"shutterset_24956\">\n                <img\n                    title=\"Wanderung  Im Tal von Santa Bartolome de Tirajana\"\n                    alt=\"Wanderung  Im Tal von Santa Bartolome de Tirajana\"\n                    src=\"http:\/\/www.freimarianne.ch\/wp-content\/gallery\/canaria-27-4-17\/thumbs\/thumbs_IMG_6214.jpg\"\n                    width=\"100\"\n                    height=\"75\"\n                    style=\"max-width:100%;\"\n                \/>\n            <\/a>\n        <\/div>\n\t\t\t\t\t\t\t<\/div> \n\t\t\t\n        \n\t\t\t\t<div id=\"ngg-image-4\" class=\"ngg-gallery-thumbnail-box\" >\n\t\t\t\t        <div class=\"ngg-gallery-thumbnail\">\n            <a href=\"http:\/\/www.freimarianne.ch\/wp-content\/gallery\/canaria-27-4-17\/IMG_6227.jpg\"\n               title=\"Wanderung  Im Tal von Santa Bartolome de Tirajana\"\n               data-src=\"http:\/\/www.freimarianne.ch\/wp-content\/gallery\/canaria-27-4-17\/IMG_6227.jpg\"\n               data-thumbnail=\"http:\/\/www.freimarianne.ch\/wp-content\/gallery\/canaria-27-4-17\/thumbs\/thumbs_IMG_6227.jpg\"\n               data-image-id=\"15783\"\n               data-title=\"Wanderung  Im Tal von Santa Bartolome de Tirajana\"\n               data-description=\"Wanderung  Im Tal von Santa Bartolome de Tirajana\"\n               data-image-slug=\"img_6227\"\n               class=\"shutterset_24956\">\n                <img\n                    title=\"Wanderung  Im Tal von Santa Bartolome de Tirajana\"\n                    alt=\"Wanderung  Im Tal von Santa Bartolome de Tirajana\"\n                    src=\"http:\/\/www.freimarianne.ch\/wp-content\/gallery\/canaria-27-4-17\/thumbs\/thumbs_IMG_6227.jpg\"\n                    width=\"100\"\n                    height=\"75\"\n                    style=\"max-width:100%;\"\n                \/>\n            <\/a>\n        <\/div>\n\t\t\t\t\t\t\t<\/div> \n\t\t\t\n        \n\t\t\t\t<div id=\"ngg-image-5\" class=\"ngg-gallery-thumbnail-box\" >\n\t\t\t\t        <div class=\"ngg-gallery-thumbnail\">\n            <a href=\"http:\/\/www.freimarianne.ch\/wp-content\/gallery\/canaria-27-4-17\/IMG_6230.jpg\"\n               title=\"Wanderung  Im Tal von Santa Bartolome de Tirajana\"\n               data-src=\"http:\/\/www.freimarianne.ch\/wp-content\/gallery\/canaria-27-4-17\/IMG_6230.jpg\"\n               data-thumbnail=\"http:\/\/www.freimarianne.ch\/wp-content\/gallery\/canaria-27-4-17\/thumbs\/thumbs_IMG_6230.jpg\"\n               data-image-id=\"15784\"\n               data-title=\"Wanderung  Im Tal von Santa Bartolome de Tirajana\"\n               data-description=\"Wanderung  Im Tal von Santa Bartolome de Tirajana\"\n               data-image-slug=\"img_6230-3\"\n               class=\"shutterset_24956\">\n                <img\n                    title=\"Wanderung  Im Tal von Santa Bartolome de Tirajana\"\n                    alt=\"Wanderung  Im Tal von Santa Bartolome de Tirajana\"\n                    src=\"http:\/\/www.freimarianne.ch\/wp-content\/gallery\/canaria-27-4-17\/thumbs\/thumbs_IMG_6230.jpg\"\n                    width=\"100\"\n                    height=\"75\"\n                    style=\"max-width:100%;\"\n                \/>\n            <\/a>\n        <\/div>\n\t\t\t\t\t\t\t<\/div> \n\t\t\t\n        \n\t\t\t\t<div id=\"ngg-image-6\" class=\"ngg-gallery-thumbnail-box\" >\n\t\t\t\t        <div class=\"ngg-gallery-thumbnail\">\n            <a href=\"http:\/\/www.freimarianne.ch\/wp-content\/gallery\/canaria-27-4-17\/IMG_6237.jpg\"\n               title=\"Kirche von Santa Lucia\"\n               data-src=\"http:\/\/www.freimarianne.ch\/wp-content\/gallery\/canaria-27-4-17\/IMG_6237.jpg\"\n               data-thumbnail=\"http:\/\/www.freimarianne.ch\/wp-content\/gallery\/canaria-27-4-17\/thumbs\/thumbs_IMG_6237.jpg\"\n               data-image-id=\"15785\"\n               data-title=\"Kirche von Santa Lucia\"\n               data-description=\"Kirche von Santa Lucia\"\n               data-image-slug=\"img_6237-1\"\n               class=\"shutterset_24956\">\n                <img\n                    title=\"Kirche von Santa Lucia\"\n                    alt=\"Kirche von Santa Lucia\"\n                    src=\"http:\/\/www.freimarianne.ch\/wp-content\/gallery\/canaria-27-4-17\/thumbs\/thumbs_IMG_6237.jpg\"\n                    width=\"100\"\n                    height=\"75\"\n                    style=\"max-width:100%;\"\n                \/>\n            <\/a>\n        <\/div>\n\t\t\t\t\t\t\t<\/div> \n\t\t\t\n        \n\t\t\t\t<div id=\"ngg-image-7\" class=\"ngg-gallery-thumbnail-box\" >\n\t\t\t\t        <div class=\"ngg-gallery-thumbnail\">\n            <a href=\"http:\/\/www.freimarianne.ch\/wp-content\/gallery\/canaria-27-4-17\/IMG_6241.jpg\"\n               title=\"in Santa Lucia\"\n               data-src=\"http:\/\/www.freimarianne.ch\/wp-content\/gallery\/canaria-27-4-17\/IMG_6241.jpg\"\n               data-thumbnail=\"http:\/\/www.freimarianne.ch\/wp-content\/gallery\/canaria-27-4-17\/thumbs\/thumbs_IMG_6241.jpg\"\n               data-image-id=\"15786\"\n               data-title=\"in Santa Lucia\"\n               data-description=\"in Santa Lucia\"\n               data-image-slug=\"img_6241-1\"\n               class=\"shutterset_24956\">\n                <img\n                    title=\"in Santa Lucia\"\n                    alt=\"in Santa Lucia\"\n                    src=\"http:\/\/www.freimarianne.ch\/wp-content\/gallery\/canaria-27-4-17\/thumbs\/thumbs_IMG_6241.jpg\"\n                    width=\"100\"\n                    height=\"75\"\n                    style=\"max-width:100%;\"\n                \/>\n            <\/a>\n        <\/div>\n\t\t\t\t\t\t\t<\/div> \n\t\t\t\n        \n\t\t\t\t<div id=\"ngg-image-8\" class=\"ngg-gallery-thumbnail-box\" >\n\t\t\t\t        <div class=\"ngg-gallery-thumbnail\">\n            <a href=\"http:\/\/www.freimarianne.ch\/wp-content\/gallery\/canaria-27-4-17\/IMG_6243.jpg\"\n               title=\"Lilien  in Santa Lucia\"\n               data-src=\"http:\/\/www.freimarianne.ch\/wp-content\/gallery\/canaria-27-4-17\/IMG_6243.jpg\"\n               data-thumbnail=\"http:\/\/www.freimarianne.ch\/wp-content\/gallery\/canaria-27-4-17\/thumbs\/thumbs_IMG_6243.jpg\"\n               data-image-id=\"15787\"\n               data-title=\"Lilien  in Santa Lucia\"\n               data-description=\"Lilien  in Santa Lucia\"\n               data-image-slug=\"img_6243\"\n               class=\"shutterset_24956\">\n                <img\n                    title=\"Lilien  in Santa Lucia\"\n                    alt=\"Lilien  in Santa Lucia\"\n                    src=\"http:\/\/www.freimarianne.ch\/wp-content\/gallery\/canaria-27-4-17\/thumbs\/thumbs_IMG_6243.jpg\"\n                    width=\"100\"\n                    height=\"75\"\n                    style=\"max-width:100%;\"\n                \/>\n            <\/a>\n        <\/div>\n\t\t\t\t\t\t\t<\/div> \n\t\t\t\n        \n\t\t\t\t<div id=\"ngg-image-9\" class=\"ngg-gallery-thumbnail-box\" >\n\t\t\t\t        <div class=\"ngg-gallery-thumbnail\">\n            <a href=\"http:\/\/www.freimarianne.ch\/wp-content\/gallery\/canaria-27-4-17\/IMG_6244.jpg\"\n               title=\"unterwegs  Im Tal von Santa Bartolome de Tirajana\"\n               data-src=\"http:\/\/www.freimarianne.ch\/wp-content\/gallery\/canaria-27-4-17\/IMG_6244.jpg\"\n               data-thumbnail=\"http:\/\/www.freimarianne.ch\/wp-content\/gallery\/canaria-27-4-17\/thumbs\/thumbs_IMG_6244.jpg\"\n               data-image-id=\"15788\"\n               data-title=\"unterwegs  Im Tal von Santa Bartolome de Tirajana\"\n               data-description=\"unterwegs  Im Tal von Santa Bartolome de Tirajana\"\n               data-image-slug=\"img_6244-3\"\n               class=\"shutterset_24956\">\n                <img\n                    title=\"unterwegs  Im Tal von Santa Bartolome de Tirajana\"\n                    alt=\"unterwegs  Im Tal von Santa Bartolome de Tirajana\"\n                    src=\"http:\/\/www.freimarianne.ch\/wp-content\/gallery\/canaria-27-4-17\/thumbs\/thumbs_IMG_6244.jpg\"\n                    width=\"100\"\n                    height=\"75\"\n                    style=\"max-width:100%;\"\n                \/>\n            <\/a>\n        <\/div>\n\t\t\t\t\t\t\t<\/div> \n\t\t\t\n        \n\t\t\t\t<div id=\"ngg-image-10\" class=\"ngg-gallery-thumbnail-box\" >\n\t\t\t\t        <div class=\"ngg-gallery-thumbnail\">\n            <a href=\"http:\/\/www.freimarianne.ch\/wp-content\/gallery\/canaria-27-4-17\/IMG_6247.jpg\"\n               title=\"unterwegs  Im Tal von Santa Bartolome de Tirajana\"\n               data-src=\"http:\/\/www.freimarianne.ch\/wp-content\/gallery\/canaria-27-4-17\/IMG_6247.jpg\"\n               data-thumbnail=\"http:\/\/www.freimarianne.ch\/wp-content\/gallery\/canaria-27-4-17\/thumbs\/thumbs_IMG_6247.jpg\"\n               data-image-id=\"15789\"\n               data-title=\"unterwegs  Im Tal von Santa Bartolome de Tirajana\"\n               data-description=\"unterwegs  Im Tal von Santa Bartolome de Tirajana\"\n               data-image-slug=\"img_6247-1\"\n               class=\"shutterset_24956\">\n                <img\n                    title=\"unterwegs  Im Tal von Santa Bartolome de Tirajana\"\n                    alt=\"unterwegs  Im Tal von Santa Bartolome de Tirajana\"\n                    src=\"http:\/\/www.freimarianne.ch\/wp-content\/gallery\/canaria-27-4-17\/thumbs\/thumbs_IMG_6247.jpg\"\n                    width=\"100\"\n                    height=\"75\"\n                    style=\"max-width:100%;\"\n                \/>\n            <\/a>\n        <\/div>\n\t\t\t\t\t\t\t<\/div> \n\t\t\t\n        \n\t\t\t\t<div id=\"ngg-image-11\" class=\"ngg-gallery-thumbnail-box\" >\n\t\t\t\t        <div class=\"ngg-gallery-thumbnail\">\n            <a href=\"http:\/\/www.freimarianne.ch\/wp-content\/gallery\/canaria-27-4-17\/IMG_6249.jpg\"\n               title=\"unterwegs  Im Tal von Santa Bartolome de Tirajana\"\n               data-src=\"http:\/\/www.freimarianne.ch\/wp-content\/gallery\/canaria-27-4-17\/IMG_6249.jpg\"\n               data-thumbnail=\"http:\/\/www.freimarianne.ch\/wp-content\/gallery\/canaria-27-4-17\/thumbs\/thumbs_IMG_6249.jpg\"\n               data-image-id=\"15790\"\n               data-title=\"unterwegs  Im Tal von Santa Bartolome de Tirajana\"\n               data-description=\"unterwegs  Im Tal von Santa Bartolome de Tirajana\"\n               data-image-slug=\"img_6249\"\n               class=\"shutterset_24956\">\n                <img\n                    title=\"unterwegs  Im Tal von Santa Bartolome de Tirajana\"\n                    alt=\"unterwegs  Im Tal von Santa Bartolome de Tirajana\"\n                    src=\"http:\/\/www.freimarianne.ch\/wp-content\/gallery\/canaria-27-4-17\/thumbs\/thumbs_IMG_6249.jpg\"\n                    width=\"100\"\n                    height=\"75\"\n                    style=\"max-width:100%;\"\n                \/>\n            <\/a>\n        <\/div>\n\t\t\t\t\t\t\t<\/div> \n\t\t\t\n        \n\t\t\t\t<div id=\"ngg-image-12\" class=\"ngg-gallery-thumbnail-box\" >\n\t\t\t\t        <div class=\"ngg-gallery-thumbnail\">\n            <a href=\"http:\/\/www.freimarianne.ch\/wp-content\/gallery\/canaria-27-4-17\/IMG_6252.jpg\"\n               title=\"unterwegs  Im Tal von Santa Bartolome de Tirajana; Las  Fortalezas\"\n               data-src=\"http:\/\/www.freimarianne.ch\/wp-content\/gallery\/canaria-27-4-17\/IMG_6252.jpg\"\n               data-thumbnail=\"http:\/\/www.freimarianne.ch\/wp-content\/gallery\/canaria-27-4-17\/thumbs\/thumbs_IMG_6252.jpg\"\n               data-image-id=\"15791\"\n               data-title=\"unterwegs  Im Tal von Santa Bartolome de Tirajana; Las  Fortalezas\"\n               data-description=\"unterwegs  Im Tal von Santa Bartolome de Tirajana; Las  Fortalezas\"\n               data-image-slug=\"img_6252\"\n               class=\"shutterset_24956\">\n                <img\n                    title=\"unterwegs  Im Tal von Santa Bartolome de Tirajana; Las  Fortalezas\"\n                    alt=\"unterwegs  Im Tal von Santa Bartolome de Tirajana; Las  Fortalezas\"\n                    src=\"http:\/\/www.freimarianne.ch\/wp-content\/gallery\/canaria-27-4-17\/thumbs\/thumbs_IMG_6252.jpg\"\n                    width=\"100\"\n                    height=\"75\"\n                    style=\"max-width:100%;\"\n                \/>\n            <\/a>\n        <\/div>\n\t\t\t\t\t\t\t<\/div> \n\t\t\t\n        \n\t\t\t\t<div id=\"ngg-image-13\" class=\"ngg-gallery-thumbnail-box\" >\n\t\t\t\t        <div class=\"ngg-gallery-thumbnail\">\n            <a href=\"http:\/\/www.freimarianne.ch\/wp-content\/gallery\/canaria-27-4-17\/IMG_6260.jpg\"\n               title=\"die H\u00f6hlen; Las  Fortalezas\"\n               data-src=\"http:\/\/www.freimarianne.ch\/wp-content\/gallery\/canaria-27-4-17\/IMG_6260.jpg\"\n               data-thumbnail=\"http:\/\/www.freimarianne.ch\/wp-content\/gallery\/canaria-27-4-17\/thumbs\/thumbs_IMG_6260.jpg\"\n               data-image-id=\"15792\"\n               data-title=\"die H\u00c3\u00b6hlen; Las  Fortalezas\"\n               data-description=\"die H\u00f6hlen; Las  Fortalezas\"\n               data-image-slug=\"img_6260-3\"\n               class=\"shutterset_24956\">\n                <img\n                    title=\"die H\u00c3\u00b6hlen; Las  Fortalezas\"\n                    alt=\"die H\u00c3\u00b6hlen; Las  Fortalezas\"\n                    src=\"http:\/\/www.freimarianne.ch\/wp-content\/gallery\/canaria-27-4-17\/thumbs\/thumbs_IMG_6260.jpg\"\n                    width=\"100\"\n                    height=\"75\"\n                    style=\"max-width:100%;\"\n                \/>\n            <\/a>\n        <\/div>\n\t\t\t\t\t\t\t<\/div> \n\t\t\t\n        \n\t\t\t\t<div id=\"ngg-image-14\" class=\"ngg-gallery-thumbnail-box\" >\n\t\t\t\t        <div class=\"ngg-gallery-thumbnail\">\n            <a href=\"http:\/\/www.freimarianne.ch\/wp-content\/gallery\/canaria-27-4-17\/IMG_6267.jpg\"\n               title=\"die H\u00f6hlen; Las  Fortalezas\"\n               data-src=\"http:\/\/www.freimarianne.ch\/wp-content\/gallery\/canaria-27-4-17\/IMG_6267.jpg\"\n               data-thumbnail=\"http:\/\/www.freimarianne.ch\/wp-content\/gallery\/canaria-27-4-17\/thumbs\/thumbs_IMG_6267.jpg\"\n               data-image-id=\"15793\"\n               data-title=\"die H\u00c3\u00b6hlen; Las  Fortalezas\"\n               data-description=\"die H\u00f6hlen; Las  Fortalezas\"\n               data-image-slug=\"img_6267-1\"\n               class=\"shutterset_24956\">\n                <img\n                    title=\"die H\u00c3\u00b6hlen; Las  Fortalezas\"\n                    alt=\"die H\u00c3\u00b6hlen; Las  Fortalezas\"\n                    src=\"http:\/\/www.freimarianne.ch\/wp-content\/gallery\/canaria-27-4-17\/thumbs\/thumbs_IMG_6267.jpg\"\n                    width=\"100\"\n                    height=\"75\"\n                    style=\"max-width:100%;\"\n                \/>\n            <\/a>\n        <\/div>\n\t\t\t\t\t\t\t<\/div> \n\t\t\t\n        \n\t\t\t\t<div id=\"ngg-image-15\" class=\"ngg-gallery-thumbnail-box\" >\n\t\t\t\t        <div class=\"ngg-gallery-thumbnail\">\n            <a href=\"http:\/\/www.freimarianne.ch\/wp-content\/gallery\/canaria-27-4-17\/IMG_6269.jpg\"\n               title=\"die H\u00f6hlen; Las  Fortalezas\"\n               data-src=\"http:\/\/www.freimarianne.ch\/wp-content\/gallery\/canaria-27-4-17\/IMG_6269.jpg\"\n               data-thumbnail=\"http:\/\/www.freimarianne.ch\/wp-content\/gallery\/canaria-27-4-17\/thumbs\/thumbs_IMG_6269.jpg\"\n               data-image-id=\"15794\"\n               data-title=\"die H\u00c3\u00b6hlen; Las  Fortalezas\"\n               data-description=\"die H\u00f6hlen; Las  Fortalezas\"\n               data-image-slug=\"img_6269-3\"\n               class=\"shutterset_24956\">\n                <img\n                    title=\"die H\u00c3\u00b6hlen; Las  Fortalezas\"\n                    alt=\"die H\u00c3\u00b6hlen; Las  Fortalezas\"\n                    src=\"http:\/\/www.freimarianne.ch\/wp-content\/gallery\/canaria-27-4-17\/thumbs\/thumbs_IMG_6269.jpg\"\n                    width=\"100\"\n                    height=\"75\"\n                    style=\"max-width:100%;\"\n                \/>\n            <\/a>\n        <\/div>\n\t\t\t\t\t\t\t<\/div> \n\t\t\t\n        \n\t\t\t\t<div id=\"ngg-image-16\" class=\"ngg-gallery-thumbnail-box\" >\n\t\t\t\t        <div class=\"ngg-gallery-thumbnail\">\n            <a href=\"http:\/\/www.freimarianne.ch\/wp-content\/gallery\/canaria-27-4-17\/IMG_6272.jpg\"\n               title=\"unterwegs  Im Tal von Santa Bartolome de Tirajana; die H\u00f6hlen; Las  Fortalezas\"\n               data-src=\"http:\/\/www.freimarianne.ch\/wp-content\/gallery\/canaria-27-4-17\/IMG_6272.jpg\"\n               data-thumbnail=\"http:\/\/www.freimarianne.ch\/wp-content\/gallery\/canaria-27-4-17\/thumbs\/thumbs_IMG_6272.jpg\"\n               data-image-id=\"15795\"\n               data-title=\"unterwegs  Im Tal von Santa Bartolome de Tirajana; die H\u00c3\u00b6hlen; Las  Fortalezas\"\n               data-description=\"unterwegs  Im Tal von Santa Bartolome de Tirajana; die H\u00f6hlen; Las  Fortalezas\"\n               data-image-slug=\"img_6272\"\n               class=\"shutterset_24956\">\n                <img\n                    title=\"unterwegs  Im Tal von Santa Bartolome de Tirajana; die H\u00c3\u00b6hlen; Las  Fortalezas\"\n                    alt=\"unterwegs  Im Tal von Santa Bartolome de Tirajana; die H\u00c3\u00b6hlen; Las  Fortalezas\"\n                    src=\"http:\/\/www.freimarianne.ch\/wp-content\/gallery\/canaria-27-4-17\/thumbs\/thumbs_IMG_6272.jpg\"\n                    width=\"100\"\n                    height=\"75\"\n                    style=\"max-width:100%;\"\n                \/>\n            <\/a>\n        <\/div>\n\t\t\t\t\t\t\t<\/div> \n\t\t\t\n        \n\t\t\t\t<div id=\"ngg-image-17\" class=\"ngg-gallery-thumbnail-box\" >\n\t\t\t\t        <div class=\"ngg-gallery-thumbnail\">\n            <a href=\"http:\/\/www.freimarianne.ch\/wp-content\/gallery\/canaria-27-4-17\/IMG_6276.jpg\"\n               title=\"Einkehr\"\n               data-src=\"http:\/\/www.freimarianne.ch\/wp-content\/gallery\/canaria-27-4-17\/IMG_6276.jpg\"\n               data-thumbnail=\"http:\/\/www.freimarianne.ch\/wp-content\/gallery\/canaria-27-4-17\/thumbs\/thumbs_IMG_6276.jpg\"\n               data-image-id=\"15796\"\n               data-title=\"Einkehr\"\n               data-description=\"Einkehr\"\n               data-image-slug=\"img_6276\"\n               class=\"shutterset_24956\">\n                <img\n                    title=\"Einkehr\"\n                    alt=\"Einkehr\"\n                    src=\"http:\/\/www.freimarianne.ch\/wp-content\/gallery\/canaria-27-4-17\/thumbs\/thumbs_IMG_6276.jpg\"\n                    width=\"100\"\n                    height=\"75\"\n                    style=\"max-width:100%;\"\n                \/>\n            <\/a>\n        <\/div>\n\t\t\t\t\t\t\t<\/div> \n\t\t\t\n        \n\t\t\n\t\t<!-- Pagination -->\n\t<div class='ngg-clear'><\/div>\t<\/div>\n<\/p>\n","protected":false},"excerpt":{"rendered":"<p>2.Tag: Wanderung im Tal von San Bartholom\u00e9 de Tirajana Der erste Tag beginnt regnerisch. Die Berge sind wolkenverhangen. In Regenmontur machen wir einen Stadtrundgang in San Bartholom\u00e9; Iglesia de San Barhtalom\u00e9, Waschtrog, Hauptplatz etc. Dann wandern wir das Tal hinunter nach Santa Lucia, wo wir einkehren. Weiter geht es das gr\u00fcne Tal hinunter. An einem [&hellip;]<\/p>\n","protected":false},"author":1,"featured_media":0,"parent":24226,"menu_order":2,"comment_status":"closed","ping_status":"closed","template":"","meta":{"ngg_post_thumbnail":0},"_links":{"self":[{"href":"http:\/\/www.freimarianne.ch\/index.php?rest_route=\/wp\/v2\/pages\/24230"}],"collection":[{"href":"http:\/\/www.freimarianne.ch\/index.php?rest_route=\/wp\/v2\/pages"}],"about":[{"href":"http:\/\/www.freimarianne.ch\/index.php?rest_route=\/wp\/v2\/types\/page"}],"author":[{"embeddable":true,"href":"http:\/\/www.freimarianne.ch\/index.php?rest_route=\/wp\/v2\/users\/1"}],"replies":[{"embeddable":true,"href":"http:\/\/www.freimarianne.ch\/index.php?rest_route=%2Fwp%2Fv2%2Fcomments&post=24230"}],"version-history":[{"count":10,"href":"http:\/\/www.freimarianne.ch\/index.php?rest_route=\/wp\/v2\/pages\/24230\/revisions"}],"predecessor-version":[{"id":24960,"href":"http:\/\/www.freimarianne.ch\/index.php?rest_route=\/wp\/v2\/pages\/24230\/revisions\/24960"}],"up":[{"embeddable":true,"href":"http:\/\/www.freimarianne.ch\/index.php?rest_route=\/wp\/v2\/pages\/24226"}],"wp:attachment":[{"href":"http:\/\/www.freimarianne.ch\/index.php?rest_route=%2Fwp%2Fv2%2Fmedia&parent=24230"}],"curies":[{"name":"wp","href":"https:\/\/api.w.org\/{rel}","templated":true}]}}