{"id":26159,"date":"2017-08-08T15:22:01","date_gmt":"2017-08-08T14:22:01","guid":{"rendered":"http:\/\/www.freimarianne.ch\/?page_id=26159"},"modified":"2017-08-19T11:07:09","modified_gmt":"2017-08-19T10:07:09","slug":"zettenalp-be-7-8-2017","status":"publish","type":"page","link":"http:\/\/www.freimarianne.ch\/?page_id=26159","title":{"rendered":"Zettenalp   BE  7.8.2017"},"content":{"rendered":"<p><strong>Wanderung auf die Zettenalp<\/strong><\/p>\n<p>Von Schwanden\/Sagi \u00fcber die Zettenalp nach Eriz S\u00e4ge<\/p>\n<p><img loading=\"lazy\" class=\"size-full wp-image-26158\" src=\"http:\/\/www.freimarianne.ch\/wp-content\/uploads\/2017\/08\/IMG_9921_zetten_500.jpg\" alt=\"\" width=\"500\" height=\"375\" srcset=\"http:\/\/www.freimarianne.ch\/wp-content\/uploads\/2017\/08\/IMG_9921_zetten_500.jpg 500w, http:\/\/www.freimarianne.ch\/wp-content\/uploads\/2017\/08\/IMG_9921_zetten_500-300x225.jpg 300w, http:\/\/www.freimarianne.ch\/wp-content\/uploads\/2017\/08\/IMG_9921_zetten_500-400x300.jpg 400w\" sizes=\"(max-width: 500px) 100vw, 500px\" \/><br \/>\nBlick zur\u00fcck auf die Zettenalp<\/p>\n<p>Der heutige Tag soll der sch\u00f6nste Tag dieser Woche sein! Die Wanderung auf die Zettenalp muss vorgelaufen werden!<br \/>\nIn der Bilderbuchlandschaft der Gegend um den Thunersee steige ich auf oder neben Kuhweiden hinauf nach Stampf, Obermatte auf die Anh\u00f6he Pkt. 1529m der Oberzettenalp. Hier schalte ich ein Rast ein und quere dann das L\u00e4ngstal, das sich unter der Sigriswiler Rothornkette erstreckt und welches das Gebiet Zettenalp (mit vielen K\u00fchen) ausmacht.<br \/>\nUnter den steilen Abh\u00e4ngen des Bluemhorns und des Bursts verl\u00e4uft der nun rot-weiss ausgezeichnete und leicht ausgesetzte Weg hin\u00fcber zur Sch\u00f6rizegg im Gebiet Eriz.<br \/>\n\u00dcber Alpstrassen und Wanderwegen wandere ich \u00fcber Ober -und Under Sch\u00f6riz hinunter ins Innere Eriz, wobei sich interessante Aussichten auf den Hohgant, das Trogenhorn, die Sichle und den Burst auftun.<br \/>\nAuch die Busfahrt nach Thun hinunter ist landschaftlich sehr ansprechend. Man sieht hin und wieder sogar hin\u00fcber zur Jungfrau.<\/p>\n<p>Laut Schweizmobil:<br \/>\nDistanz: 12.28km, Aufstieg: 681m; Abstieg: 718m; Wanderzeit: 3h 57 min<\/p>\n<p><a href=\"https:\/\/map.wanderland.ch\/?lang=de&amp;route=all&amp;bgLayer=pk&amp;resolution=20&amp;E=2625926&amp;N=1178847&amp;layers=Wanderland&amp;trackId=3780783\">Karte Schweizmobil:<\/a><\/p>\n<p><!-- index.php -->\n<div\n\tclass=\"ngg-galleryoverview ngg-ajax-pagination-none\"\n\tid=\"ngg-gallery-26198-1\">\n\n    \t<div class=\"slideshowlink\">\n        <a href='http:\/\/www.freimarianne.ch\/index.php\/nggallery\/slideshow?page_id=26159'>[Show as slideshow]<\/a>\n\t\t\n\t<\/div>\n\t\t\t<!-- Thumbnails -->\n\t\t\t\t<div id=\"ngg-image-0\" class=\"ngg-gallery-thumbnail-box\" >\n\t\t\t\t        <div class=\"ngg-gallery-thumbnail\">\n            <a href=\"http:\/\/www.freimarianne.ch\/wp-content\/gallery\/zettenalp-7-8-2017\/IMG_9880.jpg\"\n               title=\"Bl\u00fcemlisalp, Fr\u00fcndenhorn, Doldenhorn, Balmhorn\/Altels, Rinderhorn\"\n               data-src=\"http:\/\/www.freimarianne.ch\/wp-content\/gallery\/zettenalp-7-8-2017\/IMG_9880.jpg\"\n               data-thumbnail=\"http:\/\/www.freimarianne.ch\/wp-content\/gallery\/zettenalp-7-8-2017\/thumbs\/thumbs_IMG_9880.jpg\"\n               data-image-id=\"16569\"\n               data-title=\"Bl\u00c3\u00bcemlisalp, Fr\u00c3\u00bcndenhorn, Doldenhorn, Balmhorn\/Altels, Rinderhorn\"\n               data-description=\"Bl\u00fcemlisalp, Fr\u00fcndenhorn, Doldenhorn, Balmhorn\/Altels, Rinderhorn\"\n               data-image-slug=\"img_9880-1\"\n               class=\"shutterset_26198\">\n                <img\n                    title=\"Bl\u00c3\u00bcemlisalp, Fr\u00c3\u00bcndenhorn, Doldenhorn, Balmhorn\/Altels, Rinderhorn\"\n                    alt=\"Bl\u00c3\u00bcemlisalp, Fr\u00c3\u00bcndenhorn, Doldenhorn, Balmhorn\/Altels, Rinderhorn\"\n                    src=\"http:\/\/www.freimarianne.ch\/wp-content\/gallery\/zettenalp-7-8-2017\/thumbs\/thumbs_IMG_9880.jpg\"\n                    width=\"100\"\n                    height=\"75\"\n                    style=\"max-width:100%;\"\n                \/>\n            <\/a>\n        <\/div>\n\t\t\t\t\t\t\t<\/div> \n\t\t\t\n        \n\t\t\t\t<div id=\"ngg-image-1\" class=\"ngg-gallery-thumbnail-box\" >\n\t\t\t\t        <div class=\"ngg-gallery-thumbnail\">\n            <a href=\"http:\/\/www.freimarianne.ch\/wp-content\/gallery\/zettenalp-7-8-2017\/IMG_9886.jpg\"\n               title=\"Blick auf Niesen und Stockhorn; Schwanden und  Thunersee\"\n               data-src=\"http:\/\/www.freimarianne.ch\/wp-content\/gallery\/zettenalp-7-8-2017\/IMG_9886.jpg\"\n               data-thumbnail=\"http:\/\/www.freimarianne.ch\/wp-content\/gallery\/zettenalp-7-8-2017\/thumbs\/thumbs_IMG_9886.jpg\"\n               data-image-id=\"16568\"\n               data-title=\"Blick auf Niesen und Stockhorn; Schwanden und  Thunersee\"\n               data-description=\"Blick auf Niesen und Stockhorn; Schwanden und  Thunersee\"\n               data-image-slug=\"img_9886-2\"\n               class=\"shutterset_26198\">\n                <img\n                    title=\"Blick auf Niesen und Stockhorn; Schwanden und  Thunersee\"\n                    alt=\"Blick auf Niesen und Stockhorn; Schwanden und  Thunersee\"\n                    src=\"http:\/\/www.freimarianne.ch\/wp-content\/gallery\/zettenalp-7-8-2017\/thumbs\/thumbs_IMG_9886.jpg\"\n                    width=\"100\"\n                    height=\"75\"\n                    style=\"max-width:100%;\"\n                \/>\n            <\/a>\n        <\/div>\n\t\t\t\t\t\t\t<\/div> \n\t\t\t\n        \n\t\t\t\t<div id=\"ngg-image-2\" class=\"ngg-gallery-thumbnail-box\" >\n\t\t\t\t        <div class=\"ngg-gallery-thumbnail\">\n            <a href=\"http:\/\/www.freimarianne.ch\/wp-content\/gallery\/zettenalp-7-8-2017\/IMG_9894.jpg\"\n               title=\"Blick \u00fcber die Zettenalp zum Oberh\u00f6rnli, unser Nahziel\"\n               data-src=\"http:\/\/www.freimarianne.ch\/wp-content\/gallery\/zettenalp-7-8-2017\/IMG_9894.jpg\"\n               data-thumbnail=\"http:\/\/www.freimarianne.ch\/wp-content\/gallery\/zettenalp-7-8-2017\/thumbs\/thumbs_IMG_9894.jpg\"\n               data-image-id=\"16567\"\n               data-title=\"Blick \u00c3\u00bcber die Zettenalp zum Oberh\u00c3\u00b6rnli, unser Nahziel\"\n               data-description=\"Blick \u00fcber die Zettenalp zum Oberh\u00f6rnli, unser Nahziel\"\n               data-image-slug=\"img_9894-1\"\n               class=\"shutterset_26198\">\n                <img\n                    title=\"Blick \u00c3\u00bcber die Zettenalp zum Oberh\u00c3\u00b6rnli, unser Nahziel\"\n                    alt=\"Blick \u00c3\u00bcber die Zettenalp zum Oberh\u00c3\u00b6rnli, unser Nahziel\"\n                    src=\"http:\/\/www.freimarianne.ch\/wp-content\/gallery\/zettenalp-7-8-2017\/thumbs\/thumbs_IMG_9894.jpg\"\n                    width=\"100\"\n                    height=\"75\"\n                    style=\"max-width:100%;\"\n                \/>\n            <\/a>\n        <\/div>\n\t\t\t\t\t\t\t<\/div> \n\t\t\t\n        \n\t\t\t\t<div id=\"ngg-image-3\" class=\"ngg-gallery-thumbnail-box\" >\n\t\t\t\t        <div class=\"ngg-gallery-thumbnail\">\n            <a href=\"http:\/\/www.freimarianne.ch\/wp-content\/gallery\/zettenalp-7-8-2017\/IMG_9899.jpg\"\n               title=\"Blick hinauf zur Ob. Zettenalp\"\n               data-src=\"http:\/\/www.freimarianne.ch\/wp-content\/gallery\/zettenalp-7-8-2017\/IMG_9899.jpg\"\n               data-thumbnail=\"http:\/\/www.freimarianne.ch\/wp-content\/gallery\/zettenalp-7-8-2017\/thumbs\/thumbs_IMG_9899.jpg\"\n               data-image-id=\"16566\"\n               data-title=\"Blick hinauf zur Ob. Zettenalp\"\n               data-description=\"Blick hinauf zur Ob. Zettenalp\"\n               data-image-slug=\"img_9899\"\n               class=\"shutterset_26198\">\n                <img\n                    title=\"Blick hinauf zur Ob. Zettenalp\"\n                    alt=\"Blick hinauf zur Ob. Zettenalp\"\n                    src=\"http:\/\/www.freimarianne.ch\/wp-content\/gallery\/zettenalp-7-8-2017\/thumbs\/thumbs_IMG_9899.jpg\"\n                    width=\"100\"\n                    height=\"75\"\n                    style=\"max-width:100%;\"\n                \/>\n            <\/a>\n        <\/div>\n\t\t\t\t\t\t\t<\/div> \n\t\t\t\n        \n\t\t\t\t<div id=\"ngg-image-4\" class=\"ngg-gallery-thumbnail-box\" >\n\t\t\t\t        <div class=\"ngg-gallery-thumbnail\">\n            <a href=\"http:\/\/www.freimarianne.ch\/wp-content\/gallery\/zettenalp-7-8-2017\/IMG_9901.jpg\"\n               title=\"Schwalbenschwanzenzian\"\n               data-src=\"http:\/\/www.freimarianne.ch\/wp-content\/gallery\/zettenalp-7-8-2017\/IMG_9901.jpg\"\n               data-thumbnail=\"http:\/\/www.freimarianne.ch\/wp-content\/gallery\/zettenalp-7-8-2017\/thumbs\/thumbs_IMG_9901.jpg\"\n               data-image-id=\"16565\"\n               data-title=\"Schwalbenschwanzenzian\"\n               data-description=\"Schwalbenschwanzenzian\"\n               data-image-slug=\"img_9901\"\n               class=\"shutterset_26198\">\n                <img\n                    title=\"Schwalbenschwanzenzian\"\n                    alt=\"Schwalbenschwanzenzian\"\n                    src=\"http:\/\/www.freimarianne.ch\/wp-content\/gallery\/zettenalp-7-8-2017\/thumbs\/thumbs_IMG_9901.jpg\"\n                    width=\"100\"\n                    height=\"75\"\n                    style=\"max-width:100%;\"\n                \/>\n            <\/a>\n        <\/div>\n\t\t\t\t\t\t\t<\/div> \n\t\t\t\n        \n\t\t\t\t<div id=\"ngg-image-5\" class=\"ngg-gallery-thumbnail-box\" >\n\t\t\t\t        <div class=\"ngg-gallery-thumbnail\">\n            <a href=\"http:\/\/www.freimarianne.ch\/wp-content\/gallery\/zettenalp-7-8-2017\/IMG_9914.jpg\"\n               title=\"Blick gegen die Stouffe im Gebiet Eriz\"\n               data-src=\"http:\/\/www.freimarianne.ch\/wp-content\/gallery\/zettenalp-7-8-2017\/IMG_9914.jpg\"\n               data-thumbnail=\"http:\/\/www.freimarianne.ch\/wp-content\/gallery\/zettenalp-7-8-2017\/thumbs\/thumbs_IMG_9914.jpg\"\n               data-image-id=\"16564\"\n               data-title=\"Blick gegen die Stouffe im Gebiet Eriz\"\n               data-description=\"Blick gegen die Stouffe im Gebiet Eriz\"\n               data-image-slug=\"img_9914-2\"\n               class=\"shutterset_26198\">\n                <img\n                    title=\"Blick gegen die Stouffe im Gebiet Eriz\"\n                    alt=\"Blick gegen die Stouffe im Gebiet Eriz\"\n                    src=\"http:\/\/www.freimarianne.ch\/wp-content\/gallery\/zettenalp-7-8-2017\/thumbs\/thumbs_IMG_9914.jpg\"\n                    width=\"100\"\n                    height=\"75\"\n                    style=\"max-width:100%;\"\n                \/>\n            <\/a>\n        <\/div>\n\t\t\t\t\t\t\t<\/div> \n\t\t\t\n        \n\t\t\t\t<div id=\"ngg-image-6\" class=\"ngg-gallery-thumbnail-box\" >\n\t\t\t\t        <div class=\"ngg-gallery-thumbnail\">\n            <a href=\"http:\/\/www.freimarianne.ch\/wp-content\/gallery\/zettenalp-7-8-2017\/IMG_9918.jpg\"\n               title=\"Blick  zur Stouffe li, ein Schneeschuhtourenziel\"\n               data-src=\"http:\/\/www.freimarianne.ch\/wp-content\/gallery\/zettenalp-7-8-2017\/IMG_9918.jpg\"\n               data-thumbnail=\"http:\/\/www.freimarianne.ch\/wp-content\/gallery\/zettenalp-7-8-2017\/thumbs\/thumbs_IMG_9918.jpg\"\n               data-image-id=\"16563\"\n               data-title=\"Blick  zur Stouffe li, ein Schneeschuhtourenziel\"\n               data-description=\"Blick  zur Stouffe li, ein Schneeschuhtourenziel\"\n               data-image-slug=\"img_9918\"\n               class=\"shutterset_26198\">\n                <img\n                    title=\"Blick  zur Stouffe li, ein Schneeschuhtourenziel\"\n                    alt=\"Blick  zur Stouffe li, ein Schneeschuhtourenziel\"\n                    src=\"http:\/\/www.freimarianne.ch\/wp-content\/gallery\/zettenalp-7-8-2017\/thumbs\/thumbs_IMG_9918.jpg\"\n                    width=\"100\"\n                    height=\"75\"\n                    style=\"max-width:100%;\"\n                \/>\n            <\/a>\n        <\/div>\n\t\t\t\t\t\t\t<\/div> \n\t\t\t\n        \n\t\t\t\t<div id=\"ngg-image-7\" class=\"ngg-gallery-thumbnail-box\" >\n\t\t\t\t        <div class=\"ngg-gallery-thumbnail\">\n            <a href=\"http:\/\/www.freimarianne.ch\/wp-content\/gallery\/zettenalp-7-8-2017\/IMG_9919.jpg\"\n               title=\"Blick zur\u00fcck auf die Zettenalp mit Stockhorn\"\n               data-src=\"http:\/\/www.freimarianne.ch\/wp-content\/gallery\/zettenalp-7-8-2017\/IMG_9919.jpg\"\n               data-thumbnail=\"http:\/\/www.freimarianne.ch\/wp-content\/gallery\/zettenalp-7-8-2017\/thumbs\/thumbs_IMG_9919.jpg\"\n               data-image-id=\"16562\"\n               data-title=\"Blick zur\u00c3\u00bcck auf die Zettenalp mit Stockhorn\"\n               data-description=\"Blick zur\u00fcck auf die Zettenalp mit Stockhorn\"\n               data-image-slug=\"img_9919-1\"\n               class=\"shutterset_26198\">\n                <img\n                    title=\"Blick zur\u00c3\u00bcck auf die Zettenalp mit Stockhorn\"\n                    alt=\"Blick zur\u00c3\u00bcck auf die Zettenalp mit Stockhorn\"\n                    src=\"http:\/\/www.freimarianne.ch\/wp-content\/gallery\/zettenalp-7-8-2017\/thumbs\/thumbs_IMG_9919.jpg\"\n                    width=\"100\"\n                    height=\"75\"\n                    style=\"max-width:100%;\"\n                \/>\n            <\/a>\n        <\/div>\n\t\t\t\t\t\t\t<\/div> \n\t\t\t\n        \n\t\t\t\t<div id=\"ngg-image-8\" class=\"ngg-gallery-thumbnail-box\" >\n\t\t\t\t        <div class=\"ngg-gallery-thumbnail\">\n            <a href=\"http:\/\/www.freimarianne.ch\/wp-content\/gallery\/zettenalp-7-8-2017\/IMG_9928.jpg\"\n               title=\"Sicht hinunter ins Eriz\"\n               data-src=\"http:\/\/www.freimarianne.ch\/wp-content\/gallery\/zettenalp-7-8-2017\/IMG_9928.jpg\"\n               data-thumbnail=\"http:\/\/www.freimarianne.ch\/wp-content\/gallery\/zettenalp-7-8-2017\/thumbs\/thumbs_IMG_9928.jpg\"\n               data-image-id=\"16561\"\n               data-title=\"Sicht hinunter ins Eriz\"\n               data-description=\"Sicht hinunter ins Eriz\"\n               data-image-slug=\"img_9928-1\"\n               class=\"shutterset_26198\">\n                <img\n                    title=\"Sicht hinunter ins Eriz\"\n                    alt=\"Sicht hinunter ins Eriz\"\n                    src=\"http:\/\/www.freimarianne.ch\/wp-content\/gallery\/zettenalp-7-8-2017\/thumbs\/thumbs_IMG_9928.jpg\"\n                    width=\"100\"\n                    height=\"75\"\n                    style=\"max-width:100%;\"\n                \/>\n            <\/a>\n        <\/div>\n\t\t\t\t\t\t\t<\/div> \n\t\t\t\n        \n\t\t\t\t<div id=\"ngg-image-9\" class=\"ngg-gallery-thumbnail-box\" >\n\t\t\t\t        <div class=\"ngg-gallery-thumbnail\">\n            <a href=\"http:\/\/www.freimarianne.ch\/wp-content\/gallery\/zettenalp-7-8-2017\/IMG_9930.jpg\"\n               title=\"zur Sch\u00f6rizegg  1464m, re Hohgant\"\n               data-src=\"http:\/\/www.freimarianne.ch\/wp-content\/gallery\/zettenalp-7-8-2017\/IMG_9930.jpg\"\n               data-thumbnail=\"http:\/\/www.freimarianne.ch\/wp-content\/gallery\/zettenalp-7-8-2017\/thumbs\/thumbs_IMG_9930.jpg\"\n               data-image-id=\"16560\"\n               data-title=\"zur Sch\u00c3\u00b6rizegg  1464m, re Hohgant\"\n               data-description=\"zur Sch\u00f6rizegg  1464m, re Hohgant\"\n               data-image-slug=\"img_9930-4\"\n               class=\"shutterset_26198\">\n                <img\n                    title=\"zur Sch\u00c3\u00b6rizegg  1464m, re Hohgant\"\n                    alt=\"zur Sch\u00c3\u00b6rizegg  1464m, re Hohgant\"\n                    src=\"http:\/\/www.freimarianne.ch\/wp-content\/gallery\/zettenalp-7-8-2017\/thumbs\/thumbs_IMG_9930.jpg\"\n                    width=\"100\"\n                    height=\"75\"\n                    style=\"max-width:100%;\"\n                \/>\n            <\/a>\n        <\/div>\n\t\t\t\t\t\t\t<\/div> \n\t\t\t\n        \n\t\t\t\t<div id=\"ngg-image-10\" class=\"ngg-gallery-thumbnail-box\" >\n\t\t\t\t        <div class=\"ngg-gallery-thumbnail\">\n            <a href=\"http:\/\/www.freimarianne.ch\/wp-content\/gallery\/zettenalp-7-8-2017\/IMG_9931.jpg\"\n               title=\"blauer EIsenhut bei Sch\u00f6rizegg  1464m\"\n               data-src=\"http:\/\/www.freimarianne.ch\/wp-content\/gallery\/zettenalp-7-8-2017\/IMG_9931.jpg\"\n               data-thumbnail=\"http:\/\/www.freimarianne.ch\/wp-content\/gallery\/zettenalp-7-8-2017\/thumbs\/thumbs_IMG_9931.jpg\"\n               data-image-id=\"16559\"\n               data-title=\"blauer EIsenhut bei Sch\u00c3\u00b6rizegg  1464m\"\n               data-description=\"blauer EIsenhut bei Sch\u00f6rizegg  1464m\"\n               data-image-slug=\"img_9931-2\"\n               class=\"shutterset_26198\">\n                <img\n                    title=\"blauer EIsenhut bei Sch\u00c3\u00b6rizegg  1464m\"\n                    alt=\"blauer EIsenhut bei Sch\u00c3\u00b6rizegg  1464m\"\n                    src=\"http:\/\/www.freimarianne.ch\/wp-content\/gallery\/zettenalp-7-8-2017\/thumbs\/thumbs_IMG_9931.jpg\"\n                    width=\"100\"\n                    height=\"75\"\n                    style=\"max-width:100%;\"\n                \/>\n            <\/a>\n        <\/div>\n\t\t\t\t\t\t\t<\/div> \n\t\t\t\n        \n\t\t\t\t<div id=\"ngg-image-11\" class=\"ngg-gallery-thumbnail-box\" >\n\t\t\t\t        <div class=\"ngg-gallery-thumbnail\">\n            <a href=\"http:\/\/www.freimarianne.ch\/wp-content\/gallery\/zettenalp-7-8-2017\/IMG_9934.jpg\"\n               title=\"der Hohgant, die Sieben Hengste\"\n               data-src=\"http:\/\/www.freimarianne.ch\/wp-content\/gallery\/zettenalp-7-8-2017\/IMG_9934.jpg\"\n               data-thumbnail=\"http:\/\/www.freimarianne.ch\/wp-content\/gallery\/zettenalp-7-8-2017\/thumbs\/thumbs_IMG_9934.jpg\"\n               data-image-id=\"16558\"\n               data-title=\"der Hohgant, die Sieben Hengste\"\n               data-description=\"der Hohgant, die Sieben Hengste\"\n               data-image-slug=\"img_9934-2\"\n               class=\"shutterset_26198\">\n                <img\n                    title=\"der Hohgant, die Sieben Hengste\"\n                    alt=\"der Hohgant, die Sieben Hengste\"\n                    src=\"http:\/\/www.freimarianne.ch\/wp-content\/gallery\/zettenalp-7-8-2017\/thumbs\/thumbs_IMG_9934.jpg\"\n                    width=\"100\"\n                    height=\"75\"\n                    style=\"max-width:100%;\"\n                \/>\n            <\/a>\n        <\/div>\n\t\t\t\t\t\t\t<\/div> \n\t\t\t\n        \n\t\t\t\t<div id=\"ngg-image-12\" class=\"ngg-gallery-thumbnail-box\" >\n\t\t\t\t        <div class=\"ngg-gallery-thumbnail\">\n            <a href=\"http:\/\/www.freimarianne.ch\/wp-content\/gallery\/zettenalp-7-8-2017\/IMG_9941.jpg\"\n               title=\"Ober Sch\u00f6riz 1375m\"\n               data-src=\"http:\/\/www.freimarianne.ch\/wp-content\/gallery\/zettenalp-7-8-2017\/IMG_9941.jpg\"\n               data-thumbnail=\"http:\/\/www.freimarianne.ch\/wp-content\/gallery\/zettenalp-7-8-2017\/thumbs\/thumbs_IMG_9941.jpg\"\n               data-image-id=\"16557\"\n               data-title=\"Ober Sch\u00c3\u00b6riz 1375m\"\n               data-description=\"Ober Sch\u00f6riz 1375m\"\n               data-image-slug=\"img_9941-2\"\n               class=\"shutterset_26198\">\n                <img\n                    title=\"Ober Sch\u00c3\u00b6riz 1375m\"\n                    alt=\"Ober Sch\u00c3\u00b6riz 1375m\"\n                    src=\"http:\/\/www.freimarianne.ch\/wp-content\/gallery\/zettenalp-7-8-2017\/thumbs\/thumbs_IMG_9941.jpg\"\n                    width=\"100\"\n                    height=\"75\"\n                    style=\"max-width:100%;\"\n                \/>\n            <\/a>\n        <\/div>\n\t\t\t\t\t\t\t<\/div> \n\t\t\t\n        \n\t\t\t\t<div id=\"ngg-image-13\" class=\"ngg-gallery-thumbnail-box\" >\n\t\t\t\t        <div class=\"ngg-gallery-thumbnail\">\n            <a href=\"http:\/\/www.freimarianne.ch\/wp-content\/gallery\/zettenalp-7-8-2017\/IMG_9943.jpg\"\n               title=\"beim Abstieg: Hohgant\"\n               data-src=\"http:\/\/www.freimarianne.ch\/wp-content\/gallery\/zettenalp-7-8-2017\/IMG_9943.jpg\"\n               data-thumbnail=\"http:\/\/www.freimarianne.ch\/wp-content\/gallery\/zettenalp-7-8-2017\/thumbs\/thumbs_IMG_9943.jpg\"\n               data-image-id=\"16556\"\n               data-title=\"beim Abstieg: Hohgant\"\n               data-description=\"beim Abstieg: Hohgant\"\n               data-image-slug=\"img_9943-2\"\n               class=\"shutterset_26198\">\n                <img\n                    title=\"beim Abstieg: Hohgant\"\n                    alt=\"beim Abstieg: Hohgant\"\n                    src=\"http:\/\/www.freimarianne.ch\/wp-content\/gallery\/zettenalp-7-8-2017\/thumbs\/thumbs_IMG_9943.jpg\"\n                    width=\"100\"\n                    height=\"75\"\n                    style=\"max-width:100%;\"\n                \/>\n            <\/a>\n        <\/div>\n\t\t\t\t\t\t\t<\/div> \n\t\t\t\n        \n\t\t\t\t<div id=\"ngg-image-14\" class=\"ngg-gallery-thumbnail-box\" >\n\t\t\t\t        <div class=\"ngg-gallery-thumbnail\">\n            <a href=\"http:\/\/www.freimarianne.ch\/wp-content\/gallery\/zettenalp-7-8-2017\/IMG_9947.jpg\"\n               title=\"die Sieben Hengste,Sichle  und Burst 1968m\"\n               data-src=\"http:\/\/www.freimarianne.ch\/wp-content\/gallery\/zettenalp-7-8-2017\/IMG_9947.jpg\"\n               data-thumbnail=\"http:\/\/www.freimarianne.ch\/wp-content\/gallery\/zettenalp-7-8-2017\/thumbs\/thumbs_IMG_9947.jpg\"\n               data-image-id=\"16555\"\n               data-title=\"die Sieben Hengste,Sichle  und Burst 1968m\"\n               data-description=\"die Sieben Hengste,Sichle  und Burst 1968m\"\n               data-image-slug=\"img_9947\"\n               class=\"shutterset_26198\">\n                <img\n                    title=\"die Sieben Hengste,Sichle  und Burst 1968m\"\n                    alt=\"die Sieben Hengste,Sichle  und Burst 1968m\"\n                    src=\"http:\/\/www.freimarianne.ch\/wp-content\/gallery\/zettenalp-7-8-2017\/thumbs\/thumbs_IMG_9947.jpg\"\n                    width=\"100\"\n                    height=\"75\"\n                    style=\"max-width:100%;\"\n                \/>\n            <\/a>\n        <\/div>\n\t\t\t\t\t\t\t<\/div> \n\t\t\t\n        \n\t\t\t\t<div id=\"ngg-image-15\" class=\"ngg-gallery-thumbnail-box\" >\n\t\t\t\t        <div class=\"ngg-gallery-thumbnail\">\n            <a href=\"http:\/\/www.freimarianne.ch\/wp-content\/gallery\/zettenalp-7-8-2017\/IMG_9951.jpg\"\n               title=\"die Sieben Hengste,Sichle  und Burst 1968m\"\n               data-src=\"http:\/\/www.freimarianne.ch\/wp-content\/gallery\/zettenalp-7-8-2017\/IMG_9951.jpg\"\n               data-thumbnail=\"http:\/\/www.freimarianne.ch\/wp-content\/gallery\/zettenalp-7-8-2017\/thumbs\/thumbs_IMG_9951.jpg\"\n               data-image-id=\"16554\"\n               data-title=\"die Sieben Hengste,Sichle  und Burst 1968m\"\n               data-description=\"die Sieben Hengste,Sichle  und Burst 1968m\"\n               data-image-slug=\"img_9951-1\"\n               class=\"shutterset_26198\">\n                <img\n                    title=\"die Sieben Hengste,Sichle  und Burst 1968m\"\n                    alt=\"die Sieben Hengste,Sichle  und Burst 1968m\"\n                    src=\"http:\/\/www.freimarianne.ch\/wp-content\/gallery\/zettenalp-7-8-2017\/thumbs\/thumbs_IMG_9951.jpg\"\n                    width=\"100\"\n                    height=\"75\"\n                    style=\"max-width:100%;\"\n                \/>\n            <\/a>\n        <\/div>\n\t\t\t\t\t\t\t<\/div> \n\t\t\t\n        \n\t\t\n\t\t<!-- Pagination -->\n\t<div class='ngg-clear'><\/div>\t<\/div>\n<\/p>\n","protected":false},"excerpt":{"rendered":"<p>Wanderung auf die Zettenalp Von Schwanden\/Sagi \u00fcber die Zettenalp nach Eriz S\u00e4ge Blick zur\u00fcck auf die Zettenalp Der heutige Tag soll der sch\u00f6nste Tag dieser Woche sein! Die Wanderung auf die Zettenalp muss vorgelaufen werden! In der Bilderbuchlandschaft der Gegend um den Thunersee steige ich auf oder neben Kuhweiden hinauf nach Stampf, Obermatte auf die [&hellip;]<\/p>\n","protected":false},"author":1,"featured_media":0,"parent":24211,"menu_order":22,"comment_status":"closed","ping_status":"closed","template":"","meta":{"ngg_post_thumbnail":0},"_links":{"self":[{"href":"http:\/\/www.freimarianne.ch\/index.php?rest_route=\/wp\/v2\/pages\/26159"}],"collection":[{"href":"http:\/\/www.freimarianne.ch\/index.php?rest_route=\/wp\/v2\/pages"}],"about":[{"href":"http:\/\/www.freimarianne.ch\/index.php?rest_route=\/wp\/v2\/types\/page"}],"author":[{"embeddable":true,"href":"http:\/\/www.freimarianne.ch\/index.php?rest_route=\/wp\/v2\/users\/1"}],"replies":[{"embeddable":true,"href":"http:\/\/www.freimarianne.ch\/index.php?rest_route=%2Fwp%2Fv2%2Fcomments&post=26159"}],"version-history":[{"count":5,"href":"http:\/\/www.freimarianne.ch\/index.php?rest_route=\/wp\/v2\/pages\/26159\/revisions"}],"predecessor-version":[{"id":26199,"href":"http:\/\/www.freimarianne.ch\/index.php?rest_route=\/wp\/v2\/pages\/26159\/revisions\/26199"}],"up":[{"embeddable":true,"href":"http:\/\/www.freimarianne.ch\/index.php?rest_route=\/wp\/v2\/pages\/24211"}],"wp:attachment":[{"href":"http:\/\/www.freimarianne.ch\/index.php?rest_route=%2Fwp%2Fv2%2Fmedia&parent=26159"}],"curies":[{"name":"wp","href":"https:\/\/api.w.org\/{rel}","templated":true}]}}