{"id":27216,"date":"2017-11-03T16:22:14","date_gmt":"2017-11-03T15:22:14","guid":{"rendered":"http:\/\/www.freimarianne.ch\/?page_id=27216"},"modified":"2017-11-12T09:37:50","modified_gmt":"2017-11-12T08:37:50","slug":"berninapass-cavaglia-gr-6-10-2017","status":"publish","type":"page","link":"http:\/\/www.freimarianne.ch\/?page_id=27216","title":{"rendered":"Berninapass &#8211; Cavaglia  GR  6.10.2017"},"content":{"rendered":"<p><strong>Wanderung vom Berninapass dem Lago Bianco entlang. Hinauf auf Sassal Mason und hinunter zum Lago Pal\u00fc und weiter nach Cavaglia<\/strong><\/p>\n<p><img loading=\"lazy\" class=\"alignleft size-full wp-image-27199\" src=\"http:\/\/www.freimarianne.ch\/wp-content\/uploads\/2017\/11\/IMG_9686_bianco_6.10_500.jpg\" alt=\"\" width=\"500\" height=\"333\" srcset=\"http:\/\/www.freimarianne.ch\/wp-content\/uploads\/2017\/11\/IMG_9686_bianco_6.10_500.jpg 500w, http:\/\/www.freimarianne.ch\/wp-content\/uploads\/2017\/11\/IMG_9686_bianco_6.10_500-300x200.jpg 300w, http:\/\/www.freimarianne.ch\/wp-content\/uploads\/2017\/11\/IMG_9686_bianco_6.10_500-450x300.jpg 450w\" sizes=\"(max-width: 500px) 100vw, 500px\" \/><\/p>\n<p>Freitag 6.10.2017: Berninapass, Lago Bianco- Sassal Mason 2355m Pal\u00fcsee- Cavaglia<\/p>\n<p>Wir steigen um 10.30h auf dem Berninapass aus dem Zug und beginnen unsere Wanderung entlang dem Lago Bianco. Hier auf der Passh\u00f6he bl\u00e4st ein ganz kalter Wind und wir sind froh, unser \u201eWinterausr\u00fcstung\u201c wie Halstuch, Kappe und Handschuhe mit dabei zu haben.<br \/>\nSp\u00e4ter werden wir weiter unten im Puschlav im T-Shirt an der Sonne sitzen!<br \/>\nDer Wind peitscht \u00fcber den See und die hohen Wellen klatschen ans Ufer. Wir sind froh als wir vom See wegkommen und den Anstieg zum Sassal Mason 2355m in Angriff nehmen k\u00f6nnen. Um 10.43h haben wir das Restaurant mit der Aussichtsterrasse erreicht. Hier sehen wir drei kegelf\u00f6rnmige kunstvoll geschichtete Steinpyramiden. Sie heissen Cr\u00f6t und stammen aus dem Jahre 1876. Diese Bauten waren urspr\u00fcnglich von einem k\u00fchlenden Bach durchflossen und dienten fr\u00fcher als Milchkeller und heute als Weinkeller.<br \/>\nWir machen auf der Terrasse hinter dem Haus einen Halt und bewundern die pr\u00e4chtige Sicht auf dem Piz Pal\u00fc und den gleichnamigen Gletscher oder was davon \u00fcbriggeblieben ist. Dann wandern wir leicht abw\u00e4rts ins Tal hinein und dann in Richtung Berninapass hinunter, um dann wieder nach rechts abzubiegen, So kommen wir auf einem schmalen Pfad durch den Bergwald allm\u00e4hlich hinunter auf die Alp Pal\u00fc und in die N\u00e4he des Pal\u00fc Sees. Nat\u00fcrlich gibt es da viele Fotos zu schiessen. Wir wandern auf dem Seeufer entlang und dann senkt sich der Wanderweg hinunter ins Puschlav. Nun wird es richtig steil. Wir passieren bizarre Felsformationen und sp\u00e4hen hinunter in die tiefe Schlucht, wo der Bach rauscht. Weiter unten halten wir auf einer Wiese unseren Mittaghalt und geniessen den nun warmen Sonnenschein. Wir wandern dann weiter nach Cavaglia, wo wir bald den Zug hinauf auf die Alp Gr\u00fcm besteigen k\u00f6nnen. Es reut uns, schon nach Pontresina zu fahren. Also steigen wir auf der Alp Gr\u00fcm aus und setzen uns auf der Terrasse des Restaurants an einem windgesch\u00fctzes Pl\u00e4tzchen. So lassen wir die Wanderung mit einem Kaffee und einem Glas Weisswein den Wandertag ausklingen. Dies war der letze Wandertag. Morgen m\u00fcssen wir wieder nachhause reisen.<\/p>\n<p>Laut Schweizmobil:<br \/>\nDistanz: 8.72km; Aufstieg; 212m, Abstieg: 770m; Wanderzeit: 2 h 43 min<\/p>\n<p><a href=\"https:\/\/map.schweizmobil.ch\/?lang=de&amp;bgLayer=pk&amp;season=summer&amp;resolution=10&amp;E=2799431&amp;N=1140559&amp;trackId=4056375\">Karte Schweizmobil:<\/a><\/p>\n<p><!-- index.php -->\n<div\n\tclass=\"ngg-galleryoverview ngg-ajax-pagination-none\"\n\tid=\"ngg-gallery-28018-1\">\n\n    \t<div class=\"slideshowlink\">\n        <a href='http:\/\/www.freimarianne.ch\/index.php\/nggallery\/slideshow?page_id=27216'>[Show as slideshow]<\/a>\n\t\t\n\t<\/div>\n\t\t\t<!-- Thumbnails -->\n\t\t\t\t<div id=\"ngg-image-0\" class=\"ngg-gallery-thumbnail-box\" >\n\t\t\t\t        <div class=\"ngg-gallery-thumbnail\">\n            <a href=\"http:\/\/www.freimarianne.ch\/wp-content\/gallery\/bernina-cavagli-6-10-17\/IMG_9663.jpg\"\n               title=\"Sassal Mason 3031m, Sassal Mason WG 2988m, Vadret Sassal Mason 2874m,Piz Caral 3421m, Piz Cambrena 3602m\"\n               data-src=\"http:\/\/www.freimarianne.ch\/wp-content\/gallery\/bernina-cavagli-6-10-17\/IMG_9663.jpg\"\n               data-thumbnail=\"http:\/\/www.freimarianne.ch\/wp-content\/gallery\/bernina-cavagli-6-10-17\/thumbs\/thumbs_IMG_9663.jpg\"\n               data-image-id=\"17152\"\n               data-title=\"Sassal Mason 3031m, Sassal Mason WG 2988m, Vadret Sassal Mason 2874m,Piz Caral 3421m, Piz Cambrena 3602m\"\n               data-description=\"Sassal Mason 3031m, Sassal Mason WG 2988m, Vadret Sassal Mason 2874m,Piz Caral 3421m, Piz Cambrena 3602m\"\n               data-image-slug=\"img_9663\"\n               class=\"shutterset_28018\">\n                <img\n                    title=\"Sassal Mason 3031m, Sassal Mason WG 2988m, Vadret Sassal Mason 2874m,Piz Caral 3421m, Piz Cambrena 3602m\"\n                    alt=\"Sassal Mason 3031m, Sassal Mason WG 2988m, Vadret Sassal Mason 2874m,Piz Caral 3421m, Piz Cambrena 3602m\"\n                    src=\"http:\/\/www.freimarianne.ch\/wp-content\/gallery\/bernina-cavagli-6-10-17\/thumbs\/thumbs_IMG_9663.jpg\"\n                    width=\"100\"\n                    height=\"75\"\n                    style=\"max-width:100%;\"\n                \/>\n            <\/a>\n        <\/div>\n\t\t\t\t\t\t\t<\/div> \n\t\t\t\n        \n\t\t\t\t<div id=\"ngg-image-1\" class=\"ngg-gallery-thumbnail-box\" >\n\t\t\t\t        <div class=\"ngg-gallery-thumbnail\">\n            <a href=\"http:\/\/www.freimarianne.ch\/wp-content\/gallery\/bernina-cavagli-6-10-17\/IMG_9665.jpg\"\n               title=\"Berninapass 2256m\"\n               data-src=\"http:\/\/www.freimarianne.ch\/wp-content\/gallery\/bernina-cavagli-6-10-17\/IMG_9665.jpg\"\n               data-thumbnail=\"http:\/\/www.freimarianne.ch\/wp-content\/gallery\/bernina-cavagli-6-10-17\/thumbs\/thumbs_IMG_9665.jpg\"\n               data-image-id=\"17151\"\n               data-title=\"Berninapass 2256m\"\n               data-description=\"Berninapass 2256m\"\n               data-image-slug=\"img_9665-3\"\n               class=\"shutterset_28018\">\n                <img\n                    title=\"Berninapass 2256m\"\n                    alt=\"Berninapass 2256m\"\n                    src=\"http:\/\/www.freimarianne.ch\/wp-content\/gallery\/bernina-cavagli-6-10-17\/thumbs\/thumbs_IMG_9665.jpg\"\n                    width=\"100\"\n                    height=\"75\"\n                    style=\"max-width:100%;\"\n                \/>\n            <\/a>\n        <\/div>\n\t\t\t\t\t\t\t<\/div> \n\t\t\t\n        \n\t\t\t\t<div id=\"ngg-image-2\" class=\"ngg-gallery-thumbnail-box\" >\n\t\t\t\t        <div class=\"ngg-gallery-thumbnail\">\n            <a href=\"http:\/\/www.freimarianne.ch\/wp-content\/gallery\/bernina-cavagli-6-10-17\/IMG_9667.jpg\"\n               title=\"Vadret Sassal Mason 2874m, Piz Caral 3421m, Piz Cambrena 3602m, Crest d\u2019Arlas 3467m, Piz d\u2019Arlas 3375m\"\n               data-src=\"http:\/\/www.freimarianne.ch\/wp-content\/gallery\/bernina-cavagli-6-10-17\/IMG_9667.jpg\"\n               data-thumbnail=\"http:\/\/www.freimarianne.ch\/wp-content\/gallery\/bernina-cavagli-6-10-17\/thumbs\/thumbs_IMG_9667.jpg\"\n               data-image-id=\"17150\"\n               data-title=\"Vadret Sassal Mason 2874m, Piz Caral 3421m, Piz Cambrena 3602m, Crest d\u00e2\u0080\u0099Arlas 3467m, Piz d\u00e2\u0080\u0099Arlas 3375m\"\n               data-description=\"Vadret Sassal Mason 2874m, Piz Caral 3421m, Piz Cambrena 3602m, Crest d\u2019Arlas 3467m, Piz d\u2019Arlas 3375m\"\n               data-image-slug=\"img_9667-2\"\n               class=\"shutterset_28018\">\n                <img\n                    title=\"Vadret Sassal Mason 2874m, Piz Caral 3421m, Piz Cambrena 3602m, Crest d\u00e2\u0080\u0099Arlas 3467m, Piz d\u00e2\u0080\u0099Arlas 3375m\"\n                    alt=\"Vadret Sassal Mason 2874m, Piz Caral 3421m, Piz Cambrena 3602m, Crest d\u00e2\u0080\u0099Arlas 3467m, Piz d\u00e2\u0080\u0099Arlas 3375m\"\n                    src=\"http:\/\/www.freimarianne.ch\/wp-content\/gallery\/bernina-cavagli-6-10-17\/thumbs\/thumbs_IMG_9667.jpg\"\n                    width=\"100\"\n                    height=\"75\"\n                    style=\"max-width:100%;\"\n                \/>\n            <\/a>\n        <\/div>\n\t\t\t\t\t\t\t<\/div> \n\t\t\t\n        \n\t\t\t\t<div id=\"ngg-image-3\" class=\"ngg-gallery-thumbnail-box\" >\n\t\t\t\t        <div class=\"ngg-gallery-thumbnail\">\n            <a href=\"http:\/\/www.freimarianne.ch\/wp-content\/gallery\/bernina-cavagli-6-10-17\/IMG_9668.jpg\"\n               title=\"am Lago Bianco; Blick nach S\u00fcden\"\n               data-src=\"http:\/\/www.freimarianne.ch\/wp-content\/gallery\/bernina-cavagli-6-10-17\/IMG_9668.jpg\"\n               data-thumbnail=\"http:\/\/www.freimarianne.ch\/wp-content\/gallery\/bernina-cavagli-6-10-17\/thumbs\/thumbs_IMG_9668.jpg\"\n               data-image-id=\"17149\"\n               data-title=\"am Lago Bianco; Blick nach S\u00c3\u00bcden\"\n               data-description=\"am Lago Bianco; Blick nach S\u00fcden\"\n               data-image-slug=\"img_9668-5\"\n               class=\"shutterset_28018\">\n                <img\n                    title=\"am Lago Bianco; Blick nach S\u00c3\u00bcden\"\n                    alt=\"am Lago Bianco; Blick nach S\u00c3\u00bcden\"\n                    src=\"http:\/\/www.freimarianne.ch\/wp-content\/gallery\/bernina-cavagli-6-10-17\/thumbs\/thumbs_IMG_9668.jpg\"\n                    width=\"100\"\n                    height=\"75\"\n                    style=\"max-width:100%;\"\n                \/>\n            <\/a>\n        <\/div>\n\t\t\t\t\t\t\t<\/div> \n\t\t\t\n        \n\t\t\t\t<div id=\"ngg-image-4\" class=\"ngg-gallery-thumbnail-box\" >\n\t\t\t\t        <div class=\"ngg-gallery-thumbnail\">\n            <a href=\"http:\/\/www.freimarianne.ch\/wp-content\/gallery\/bernina-cavagli-6-10-17\/IMG_9675.jpg\"\n               title=\"Marianne am Lago Bianco\"\n               data-src=\"http:\/\/www.freimarianne.ch\/wp-content\/gallery\/bernina-cavagli-6-10-17\/IMG_9675.jpg\"\n               data-thumbnail=\"http:\/\/www.freimarianne.ch\/wp-content\/gallery\/bernina-cavagli-6-10-17\/thumbs\/thumbs_IMG_9675.jpg\"\n               data-image-id=\"17148\"\n               data-title=\"Marianne am Lago Bianco\"\n               data-description=\"Marianne am Lago Bianco\"\n               data-image-slug=\"img_9675-3\"\n               class=\"shutterset_28018\">\n                <img\n                    title=\"Marianne am Lago Bianco\"\n                    alt=\"Marianne am Lago Bianco\"\n                    src=\"http:\/\/www.freimarianne.ch\/wp-content\/gallery\/bernina-cavagli-6-10-17\/thumbs\/thumbs_IMG_9675.jpg\"\n                    width=\"100\"\n                    height=\"75\"\n                    style=\"max-width:100%;\"\n                \/>\n            <\/a>\n        <\/div>\n\t\t\t\t\t\t\t<\/div> \n\t\t\t\n        \n\t\t\t\t<div id=\"ngg-image-5\" class=\"ngg-gallery-thumbnail-box\" >\n\t\t\t\t        <div class=\"ngg-gallery-thumbnail\">\n            <a href=\"http:\/\/www.freimarianne.ch\/wp-content\/gallery\/bernina-cavagli-6-10-17\/IMG_9678.jpg\"\n               title=\"Piz d\u2019Arlas 3375m, Corn d\u2019Arlas 2924m, Saas Queder 3066m, Kt. 3046m\"\n               data-src=\"http:\/\/www.freimarianne.ch\/wp-content\/gallery\/bernina-cavagli-6-10-17\/IMG_9678.jpg\"\n               data-thumbnail=\"http:\/\/www.freimarianne.ch\/wp-content\/gallery\/bernina-cavagli-6-10-17\/thumbs\/thumbs_IMG_9678.jpg\"\n               data-image-id=\"17147\"\n               data-title=\"Piz d\u00e2\u0080\u0099Arlas 3375m, Corn d\u00e2\u0080\u0099Arlas 2924m, Saas Queder 3066m, Kt. 3046m\"\n               data-description=\"Piz d\u2019Arlas 3375m, Corn d\u2019Arlas 2924m, Saas Queder 3066m, Kt. 3046m\"\n               data-image-slug=\"img_9678\"\n               class=\"shutterset_28018\">\n                <img\n                    title=\"Piz d\u00e2\u0080\u0099Arlas 3375m, Corn d\u00e2\u0080\u0099Arlas 2924m, Saas Queder 3066m, Kt. 3046m\"\n                    alt=\"Piz d\u00e2\u0080\u0099Arlas 3375m, Corn d\u00e2\u0080\u0099Arlas 2924m, Saas Queder 3066m, Kt. 3046m\"\n                    src=\"http:\/\/www.freimarianne.ch\/wp-content\/gallery\/bernina-cavagli-6-10-17\/thumbs\/thumbs_IMG_9678.jpg\"\n                    width=\"100\"\n                    height=\"75\"\n                    style=\"max-width:100%;\"\n                \/>\n            <\/a>\n        <\/div>\n\t\t\t\t\t\t\t<\/div> \n\t\t\t\n        \n\t\t\t\t<div id=\"ngg-image-6\" class=\"ngg-gallery-thumbnail-box\" >\n\t\t\t\t        <div class=\"ngg-gallery-thumbnail\">\n            <a href=\"http:\/\/www.freimarianne.ch\/wp-content\/gallery\/bernina-cavagli-6-10-17\/IMG_9679.jpg\"\n               title=\"am Lago Bianco; Piz d\u2019Arlas 3375m, Corn d\u2019Arlas 2924m, Saas Queder 3066m, Kt. 3046m\"\n               data-src=\"http:\/\/www.freimarianne.ch\/wp-content\/gallery\/bernina-cavagli-6-10-17\/IMG_9679.jpg\"\n               data-thumbnail=\"http:\/\/www.freimarianne.ch\/wp-content\/gallery\/bernina-cavagli-6-10-17\/thumbs\/thumbs_IMG_9679.jpg\"\n               data-image-id=\"17146\"\n               data-title=\"am Lago Bianco; Piz d\u00e2\u0080\u0099Arlas 3375m, Corn d\u00e2\u0080\u0099Arlas 2924m, Saas Queder 3066m, Kt. 3046m\"\n               data-description=\"am Lago Bianco; Piz d\u2019Arlas 3375m, Corn d\u2019Arlas 2924m, Saas Queder 3066m, Kt. 3046m\"\n               data-image-slug=\"img_9679-3\"\n               class=\"shutterset_28018\">\n                <img\n                    title=\"am Lago Bianco; Piz d\u00e2\u0080\u0099Arlas 3375m, Corn d\u00e2\u0080\u0099Arlas 2924m, Saas Queder 3066m, Kt. 3046m\"\n                    alt=\"am Lago Bianco; Piz d\u00e2\u0080\u0099Arlas 3375m, Corn d\u00e2\u0080\u0099Arlas 2924m, Saas Queder 3066m, Kt. 3046m\"\n                    src=\"http:\/\/www.freimarianne.ch\/wp-content\/gallery\/bernina-cavagli-6-10-17\/thumbs\/thumbs_IMG_9679.jpg\"\n                    width=\"100\"\n                    height=\"75\"\n                    style=\"max-width:100%;\"\n                \/>\n            <\/a>\n        <\/div>\n\t\t\t\t\t\t\t<\/div> \n\t\t\t\n        \n\t\t\t\t<div id=\"ngg-image-7\" class=\"ngg-gallery-thumbnail-box\" >\n\t\t\t\t        <div class=\"ngg-gallery-thumbnail\">\n            <a href=\"http:\/\/www.freimarianne.ch\/wp-content\/gallery\/bernina-cavagli-6-10-17\/IMG_9681.jpg\"\n               title=\"Marianne am Lago Bianco\"\n               data-src=\"http:\/\/www.freimarianne.ch\/wp-content\/gallery\/bernina-cavagli-6-10-17\/IMG_9681.jpg\"\n               data-thumbnail=\"http:\/\/www.freimarianne.ch\/wp-content\/gallery\/bernina-cavagli-6-10-17\/thumbs\/thumbs_IMG_9681.jpg\"\n               data-image-id=\"17145\"\n               data-title=\"Marianne am Lago Bianco\"\n               data-description=\"Marianne am Lago Bianco\"\n               data-image-slug=\"img_9681\"\n               class=\"shutterset_28018\">\n                <img\n                    title=\"Marianne am Lago Bianco\"\n                    alt=\"Marianne am Lago Bianco\"\n                    src=\"http:\/\/www.freimarianne.ch\/wp-content\/gallery\/bernina-cavagli-6-10-17\/thumbs\/thumbs_IMG_9681.jpg\"\n                    width=\"100\"\n                    height=\"75\"\n                    style=\"max-width:100%;\"\n                \/>\n            <\/a>\n        <\/div>\n\t\t\t\t\t\t\t<\/div> \n\t\t\t\n        \n\t\t\t\t<div id=\"ngg-image-8\" class=\"ngg-gallery-thumbnail-box\" >\n\t\t\t\t        <div class=\"ngg-gallery-thumbnail\">\n            <a href=\"http:\/\/www.freimarianne.ch\/wp-content\/gallery\/bernina-cavagli-6-10-17\/IMG_9683.jpg\"\n               title=\"Lago Bianco; Curnasel 2809m vor Piz Varuna\"\n               data-src=\"http:\/\/www.freimarianne.ch\/wp-content\/gallery\/bernina-cavagli-6-10-17\/IMG_9683.jpg\"\n               data-thumbnail=\"http:\/\/www.freimarianne.ch\/wp-content\/gallery\/bernina-cavagli-6-10-17\/thumbs\/thumbs_IMG_9683.jpg\"\n               data-image-id=\"17144\"\n               data-title=\"Lago Bianco; Curnasel 2809m vor Piz Varuna\"\n               data-description=\"Lago Bianco; Curnasel 2809m vor Piz Varuna\"\n               data-image-slug=\"img_9683\"\n               class=\"shutterset_28018\">\n                <img\n                    title=\"Lago Bianco; Curnasel 2809m vor Piz Varuna\"\n                    alt=\"Lago Bianco; Curnasel 2809m vor Piz Varuna\"\n                    src=\"http:\/\/www.freimarianne.ch\/wp-content\/gallery\/bernina-cavagli-6-10-17\/thumbs\/thumbs_IMG_9683.jpg\"\n                    width=\"100\"\n                    height=\"75\"\n                    style=\"max-width:100%;\"\n                \/>\n            <\/a>\n        <\/div>\n\t\t\t\t\t\t\t<\/div> \n\t\t\t\n        \n\t\t\t\t<div id=\"ngg-image-9\" class=\"ngg-gallery-thumbnail-box\" >\n\t\t\t\t        <div class=\"ngg-gallery-thumbnail\">\n            <a href=\"http:\/\/www.freimarianne.ch\/wp-content\/gallery\/bernina-cavagli-6-10-17\/IMG_9690.jpg\"\n               title=\"die Staumauer des Lago Bianco; Bahnlinie\"\n               data-src=\"http:\/\/www.freimarianne.ch\/wp-content\/gallery\/bernina-cavagli-6-10-17\/IMG_9690.jpg\"\n               data-thumbnail=\"http:\/\/www.freimarianne.ch\/wp-content\/gallery\/bernina-cavagli-6-10-17\/thumbs\/thumbs_IMG_9690.jpg\"\n               data-image-id=\"17143\"\n               data-title=\"die Staumauer des Lago Bianco; Bahnlinie\"\n               data-description=\"die Staumauer des Lago Bianco; Bahnlinie\"\n               data-image-slug=\"img_9690-1\"\n               class=\"shutterset_28018\">\n                <img\n                    title=\"die Staumauer des Lago Bianco; Bahnlinie\"\n                    alt=\"die Staumauer des Lago Bianco; Bahnlinie\"\n                    src=\"http:\/\/www.freimarianne.ch\/wp-content\/gallery\/bernina-cavagli-6-10-17\/thumbs\/thumbs_IMG_9690.jpg\"\n                    width=\"100\"\n                    height=\"75\"\n                    style=\"max-width:100%;\"\n                \/>\n            <\/a>\n        <\/div>\n\t\t\t\t\t\t\t<\/div> \n\t\t\t\n        \n\t\t\t\t<div id=\"ngg-image-10\" class=\"ngg-gallery-thumbnail-box\" >\n\t\t\t\t        <div class=\"ngg-gallery-thumbnail\">\n            <a href=\"http:\/\/www.freimarianne.ch\/wp-content\/gallery\/bernina-cavagli-6-10-17\/IMG_9691.jpg\"\n               title=\"ein Blick nach S\u00fcden ins Puschlav hinunter\"\n               data-src=\"http:\/\/www.freimarianne.ch\/wp-content\/gallery\/bernina-cavagli-6-10-17\/IMG_9691.jpg\"\n               data-thumbnail=\"http:\/\/www.freimarianne.ch\/wp-content\/gallery\/bernina-cavagli-6-10-17\/thumbs\/thumbs_IMG_9691.jpg\"\n               data-image-id=\"17142\"\n               data-title=\"ein Blick nach S\u00c3\u00bcden ins Puschlav hinunter\"\n               data-description=\"ein Blick nach S\u00fcden ins Puschlav hinunter\"\n               data-image-slug=\"img_9691-1\"\n               class=\"shutterset_28018\">\n                <img\n                    title=\"ein Blick nach S\u00c3\u00bcden ins Puschlav hinunter\"\n                    alt=\"ein Blick nach S\u00c3\u00bcden ins Puschlav hinunter\"\n                    src=\"http:\/\/www.freimarianne.ch\/wp-content\/gallery\/bernina-cavagli-6-10-17\/thumbs\/thumbs_IMG_9691.jpg\"\n                    width=\"100\"\n                    height=\"75\"\n                    style=\"max-width:100%;\"\n                \/>\n            <\/a>\n        <\/div>\n\t\t\t\t\t\t\t<\/div> \n\t\t\t\n        \n\t\t\t\t<div id=\"ngg-image-11\" class=\"ngg-gallery-thumbnail-box\" >\n\t\t\t\t        <div class=\"ngg-gallery-thumbnail\">\n            <a href=\"http:\/\/www.freimarianne.ch\/wp-content\/gallery\/bernina-cavagli-6-10-17\/IMG_9692.jpg\"\n               title=\"auf dem Weg zu Sassal Mason; Curnasel 2809m,  Piz Varuna 3453m\"\n               data-src=\"http:\/\/www.freimarianne.ch\/wp-content\/gallery\/bernina-cavagli-6-10-17\/IMG_9692.jpg\"\n               data-thumbnail=\"http:\/\/www.freimarianne.ch\/wp-content\/gallery\/bernina-cavagli-6-10-17\/thumbs\/thumbs_IMG_9692.jpg\"\n               data-image-id=\"17141\"\n               data-title=\"auf dem Weg zu Sassal Mason; Curnasel 2809m,  Piz Varuna 3453m\"\n               data-description=\"auf dem Weg zu Sassal Mason; Curnasel 2809m,  Piz Varuna 3453m\"\n               data-image-slug=\"img_9692-1\"\n               class=\"shutterset_28018\">\n                <img\n                    title=\"auf dem Weg zu Sassal Mason; Curnasel 2809m,  Piz Varuna 3453m\"\n                    alt=\"auf dem Weg zu Sassal Mason; Curnasel 2809m,  Piz Varuna 3453m\"\n                    src=\"http:\/\/www.freimarianne.ch\/wp-content\/gallery\/bernina-cavagli-6-10-17\/thumbs\/thumbs_IMG_9692.jpg\"\n                    width=\"100\"\n                    height=\"75\"\n                    style=\"max-width:100%;\"\n                \/>\n            <\/a>\n        <\/div>\n\t\t\t\t\t\t\t<\/div> \n\t\t\t\n        \n\t\t\t\t<div id=\"ngg-image-12\" class=\"ngg-gallery-thumbnail-box\" >\n\t\t\t\t        <div class=\"ngg-gallery-thumbnail\">\n            <a href=\"http:\/\/www.freimarianne.ch\/wp-content\/gallery\/bernina-cavagli-6-10-17\/IMG_9695.jpg\"\n               title=\"Blick auf den Lago Poschiavo und die Alp Gr\u00fcm\"\n               data-src=\"http:\/\/www.freimarianne.ch\/wp-content\/gallery\/bernina-cavagli-6-10-17\/IMG_9695.jpg\"\n               data-thumbnail=\"http:\/\/www.freimarianne.ch\/wp-content\/gallery\/bernina-cavagli-6-10-17\/thumbs\/thumbs_IMG_9695.jpg\"\n               data-image-id=\"17140\"\n               data-title=\"Blick auf den Lago Poschiavo und die Alp Gr\u00c3\u00bcm\"\n               data-description=\"Blick auf den Lago Poschiavo und die Alp Gr\u00fcm\"\n               data-image-slug=\"img_9695\"\n               class=\"shutterset_28018\">\n                <img\n                    title=\"Blick auf den Lago Poschiavo und die Alp Gr\u00c3\u00bcm\"\n                    alt=\"Blick auf den Lago Poschiavo und die Alp Gr\u00c3\u00bcm\"\n                    src=\"http:\/\/www.freimarianne.ch\/wp-content\/gallery\/bernina-cavagli-6-10-17\/thumbs\/thumbs_IMG_9695.jpg\"\n                    width=\"100\"\n                    height=\"75\"\n                    style=\"max-width:100%;\"\n                \/>\n            <\/a>\n        <\/div>\n\t\t\t\t\t\t\t<\/div> \n\t\t\t\n        \n\t\t\t\t<div id=\"ngg-image-13\" class=\"ngg-gallery-thumbnail-box\" >\n\t\t\t\t        <div class=\"ngg-gallery-thumbnail\">\n            <a href=\"http:\/\/www.freimarianne.ch\/wp-content\/gallery\/bernina-cavagli-6-10-17\/IMG_9698.jpg\"\n               title=\"Sassal Mason 2355m; die Steinkegel, die Cr\u00f6ts und der Piz Pal\u00fc  Ostgipfel 3882m\"\n               data-src=\"http:\/\/www.freimarianne.ch\/wp-content\/gallery\/bernina-cavagli-6-10-17\/IMG_9698.jpg\"\n               data-thumbnail=\"http:\/\/www.freimarianne.ch\/wp-content\/gallery\/bernina-cavagli-6-10-17\/thumbs\/thumbs_IMG_9698.jpg\"\n               data-image-id=\"17139\"\n               data-title=\"Sassal Mason 2355m; die Steinkegel, die Cr\u00c3\u00b6ts und der Piz Pal\u00c3\u00bc  Ostgipfel 3882m\"\n               data-description=\"Sassal Mason 2355m; die Steinkegel, die Cr\u00f6ts und der Piz Pal\u00fc  Ostgipfel 3882m\"\n               data-image-slug=\"img_9698-2\"\n               class=\"shutterset_28018\">\n                <img\n                    title=\"Sassal Mason 2355m; die Steinkegel, die Cr\u00c3\u00b6ts und der Piz Pal\u00c3\u00bc  Ostgipfel 3882m\"\n                    alt=\"Sassal Mason 2355m; die Steinkegel, die Cr\u00c3\u00b6ts und der Piz Pal\u00c3\u00bc  Ostgipfel 3882m\"\n                    src=\"http:\/\/www.freimarianne.ch\/wp-content\/gallery\/bernina-cavagli-6-10-17\/thumbs\/thumbs_IMG_9698.jpg\"\n                    width=\"100\"\n                    height=\"75\"\n                    style=\"max-width:100%;\"\n                \/>\n            <\/a>\n        <\/div>\n\t\t\t\t\t\t\t<\/div> \n\t\t\t\n        \n\t\t\t\t<div id=\"ngg-image-14\" class=\"ngg-gallery-thumbnail-box\" >\n\t\t\t\t        <div class=\"ngg-gallery-thumbnail\">\n            <a href=\"http:\/\/www.freimarianne.ch\/wp-content\/gallery\/bernina-cavagli-6-10-17\/IMG_9699.jpg\"\n               title=\"Sassal Mason 2355m; die Steinkegel, die Cr\u00f6ts\"\n               data-src=\"http:\/\/www.freimarianne.ch\/wp-content\/gallery\/bernina-cavagli-6-10-17\/IMG_9699.jpg\"\n               data-thumbnail=\"http:\/\/www.freimarianne.ch\/wp-content\/gallery\/bernina-cavagli-6-10-17\/thumbs\/thumbs_IMG_9699.jpg\"\n               data-image-id=\"17138\"\n               data-title=\"Sassal Mason 2355m; die Steinkegel, die Cr\u00c3\u00b6ts\"\n               data-description=\"Sassal Mason 2355m; die Steinkegel, die Cr\u00f6ts\"\n               data-image-slug=\"img_9699-5\"\n               class=\"shutterset_28018\">\n                <img\n                    title=\"Sassal Mason 2355m; die Steinkegel, die Cr\u00c3\u00b6ts\"\n                    alt=\"Sassal Mason 2355m; die Steinkegel, die Cr\u00c3\u00b6ts\"\n                    src=\"http:\/\/www.freimarianne.ch\/wp-content\/gallery\/bernina-cavagli-6-10-17\/thumbs\/thumbs_IMG_9699.jpg\"\n                    width=\"100\"\n                    height=\"75\"\n                    style=\"max-width:100%;\"\n                \/>\n            <\/a>\n        <\/div>\n\t\t\t\t\t\t\t<\/div> \n\t\t\t\n        \n\t\t\t\t<div id=\"ngg-image-15\" class=\"ngg-gallery-thumbnail-box\" >\n\t\t\t\t        <div class=\"ngg-gallery-thumbnail\">\n            <a href=\"http:\/\/www.freimarianne.ch\/wp-content\/gallery\/bernina-cavagli-6-10-17\/IMG_9702.jpg\"\n               title=\"der Pal\u00fcgletscher\"\n               data-src=\"http:\/\/www.freimarianne.ch\/wp-content\/gallery\/bernina-cavagli-6-10-17\/IMG_9702.jpg\"\n               data-thumbnail=\"http:\/\/www.freimarianne.ch\/wp-content\/gallery\/bernina-cavagli-6-10-17\/thumbs\/thumbs_IMG_9702.jpg\"\n               data-image-id=\"17137\"\n               data-title=\"der Pal\u00c3\u00bcgletscher\"\n               data-description=\"der Pal\u00fcgletscher\"\n               data-image-slug=\"img_9702-1\"\n               class=\"shutterset_28018\">\n                <img\n                    title=\"der Pal\u00c3\u00bcgletscher\"\n                    alt=\"der Pal\u00c3\u00bcgletscher\"\n                    src=\"http:\/\/www.freimarianne.ch\/wp-content\/gallery\/bernina-cavagli-6-10-17\/thumbs\/thumbs_IMG_9702.jpg\"\n                    width=\"100\"\n                    height=\"75\"\n                    style=\"max-width:100%;\"\n                \/>\n            <\/a>\n        <\/div>\n\t\t\t\t\t\t\t<\/div> \n\t\t\t\n        \n\t\t\t\t<div id=\"ngg-image-16\" class=\"ngg-gallery-thumbnail-box\" >\n\t\t\t\t        <div class=\"ngg-gallery-thumbnail\">\n            <a href=\"http:\/\/www.freimarianne.ch\/wp-content\/gallery\/bernina-cavagli-6-10-17\/IMG_9704.jpg\"\n               title=\"die sch\u00f6ne Terrasse auf Sassal Mason 2355m\"\n               data-src=\"http:\/\/www.freimarianne.ch\/wp-content\/gallery\/bernina-cavagli-6-10-17\/IMG_9704.jpg\"\n               data-thumbnail=\"http:\/\/www.freimarianne.ch\/wp-content\/gallery\/bernina-cavagli-6-10-17\/thumbs\/thumbs_IMG_9704.jpg\"\n               data-image-id=\"17136\"\n               data-title=\"die sch\u00c3\u00b6ne Terrasse auf Sassal Mason 2355m\"\n               data-description=\"die sch\u00f6ne Terrasse auf Sassal Mason 2355m\"\n               data-image-slug=\"img_9704-3\"\n               class=\"shutterset_28018\">\n                <img\n                    title=\"die sch\u00c3\u00b6ne Terrasse auf Sassal Mason 2355m\"\n                    alt=\"die sch\u00c3\u00b6ne Terrasse auf Sassal Mason 2355m\"\n                    src=\"http:\/\/www.freimarianne.ch\/wp-content\/gallery\/bernina-cavagli-6-10-17\/thumbs\/thumbs_IMG_9704.jpg\"\n                    width=\"100\"\n                    height=\"75\"\n                    style=\"max-width:100%;\"\n                \/>\n            <\/a>\n        <\/div>\n\t\t\t\t\t\t\t<\/div> \n\t\t\t\n        \n\t\t\t\t<div id=\"ngg-image-17\" class=\"ngg-gallery-thumbnail-box\" >\n\t\t\t\t        <div class=\"ngg-gallery-thumbnail\">\n            <a href=\"http:\/\/www.freimarianne.ch\/wp-content\/gallery\/bernina-cavagli-6-10-17\/IMG_9706.jpg\"\n               title=\"Curnasel 2809m,  Piz Varuna 3453m, Piz Pal\u00fc Ost  und Pal\u00fc Gletscher\"\n               data-src=\"http:\/\/www.freimarianne.ch\/wp-content\/gallery\/bernina-cavagli-6-10-17\/IMG_9706.jpg\"\n               data-thumbnail=\"http:\/\/www.freimarianne.ch\/wp-content\/gallery\/bernina-cavagli-6-10-17\/thumbs\/thumbs_IMG_9706.jpg\"\n               data-image-id=\"17135\"\n               data-title=\"Curnasel 2809m,  Piz Varuna 3453m, Piz Pal\u00c3\u00bc Ost  und Pal\u00c3\u00bc Gletscher\"\n               data-description=\"Curnasel 2809m,  Piz Varuna 3453m, Piz Pal\u00fc Ost  und Pal\u00fc Gletscher\"\n               data-image-slug=\"img_9706-2\"\n               class=\"shutterset_28018\">\n                <img\n                    title=\"Curnasel 2809m,  Piz Varuna 3453m, Piz Pal\u00c3\u00bc Ost  und Pal\u00c3\u00bc Gletscher\"\n                    alt=\"Curnasel 2809m,  Piz Varuna 3453m, Piz Pal\u00c3\u00bc Ost  und Pal\u00c3\u00bc Gletscher\"\n                    src=\"http:\/\/www.freimarianne.ch\/wp-content\/gallery\/bernina-cavagli-6-10-17\/thumbs\/thumbs_IMG_9706.jpg\"\n                    width=\"100\"\n                    height=\"75\"\n                    style=\"max-width:100%;\"\n                \/>\n            <\/a>\n        <\/div>\n\t\t\t\t\t\t\t<\/div> \n\t\t\t\n        \n\t\t\t\t<div id=\"ngg-image-18\" class=\"ngg-gallery-thumbnail-box\" >\n\t\t\t\t        <div class=\"ngg-gallery-thumbnail\">\n            <a href=\"http:\/\/www.freimarianne.ch\/wp-content\/gallery\/bernina-cavagli-6-10-17\/IMG_9711.jpg\"\n               title=\"Marianne mit Piz Varuna 3453m, Piz Pal\u00fc und Pal\u00fc Gletscher\"\n               data-src=\"http:\/\/www.freimarianne.ch\/wp-content\/gallery\/bernina-cavagli-6-10-17\/IMG_9711.jpg\"\n               data-thumbnail=\"http:\/\/www.freimarianne.ch\/wp-content\/gallery\/bernina-cavagli-6-10-17\/thumbs\/thumbs_IMG_9711.jpg\"\n               data-image-id=\"17134\"\n               data-title=\"Marianne mit Piz Varuna 3453m, Piz Pal\u00c3\u00bc und Pal\u00c3\u00bc Gletscher\"\n               data-description=\"Marianne mit Piz Varuna 3453m, Piz Pal\u00fc und Pal\u00fc Gletscher\"\n               data-image-slug=\"img_9711-2\"\n               class=\"shutterset_28018\">\n                <img\n                    title=\"Marianne mit Piz Varuna 3453m, Piz Pal\u00c3\u00bc und Pal\u00c3\u00bc Gletscher\"\n                    alt=\"Marianne mit Piz Varuna 3453m, Piz Pal\u00c3\u00bc und Pal\u00c3\u00bc Gletscher\"\n                    src=\"http:\/\/www.freimarianne.ch\/wp-content\/gallery\/bernina-cavagli-6-10-17\/thumbs\/thumbs_IMG_9711.jpg\"\n                    width=\"100\"\n                    height=\"75\"\n                    style=\"max-width:100%;\"\n                \/>\n            <\/a>\n        <\/div>\n\t\t\t\t\t\t\t<\/div> \n\t\t\t\n        \n\t\t\t\t<div id=\"ngg-image-19\" class=\"ngg-gallery-thumbnail-box\" >\n\t\t\t\t        <div class=\"ngg-gallery-thumbnail\">\n            <a href=\"http:\/\/www.freimarianne.ch\/wp-content\/gallery\/bernina-cavagli-6-10-17\/IMG_9713.jpg\"\n               title=\"Heidelbeerstr\u00e4ucher\"\n               data-src=\"http:\/\/www.freimarianne.ch\/wp-content\/gallery\/bernina-cavagli-6-10-17\/IMG_9713.jpg\"\n               data-thumbnail=\"http:\/\/www.freimarianne.ch\/wp-content\/gallery\/bernina-cavagli-6-10-17\/thumbs\/thumbs_IMG_9713.jpg\"\n               data-image-id=\"17133\"\n               data-title=\"Heidelbeerstr\u00c3\u00a4ucher\"\n               data-description=\"Heidelbeerstr\u00e4ucher\"\n               data-image-slug=\"img_9713-1\"\n               class=\"shutterset_28018\">\n                <img\n                    title=\"Heidelbeerstr\u00c3\u00a4ucher\"\n                    alt=\"Heidelbeerstr\u00c3\u00a4ucher\"\n                    src=\"http:\/\/www.freimarianne.ch\/wp-content\/gallery\/bernina-cavagli-6-10-17\/thumbs\/thumbs_IMG_9713.jpg\"\n                    width=\"100\"\n                    height=\"75\"\n                    style=\"max-width:100%;\"\n                \/>\n            <\/a>\n        <\/div>\n\t\t\t\t\t\t\t<\/div> \n\t\t\t\n        \n\t\t\t\t<div id=\"ngg-image-20\" class=\"ngg-gallery-thumbnail-box\" >\n\t\t\t\t        <div class=\"ngg-gallery-thumbnail\">\n            <a href=\"http:\/\/www.freimarianne.ch\/wp-content\/gallery\/bernina-cavagli-6-10-17\/IMG_9714.jpg\"\n               title=\"Blick hinuntr auf den Lago Pal\u00fc, die Alp Gr\u00fcm und das Puschlav\"\n               data-src=\"http:\/\/www.freimarianne.ch\/wp-content\/gallery\/bernina-cavagli-6-10-17\/IMG_9714.jpg\"\n               data-thumbnail=\"http:\/\/www.freimarianne.ch\/wp-content\/gallery\/bernina-cavagli-6-10-17\/thumbs\/thumbs_IMG_9714.jpg\"\n               data-image-id=\"17132\"\n               data-title=\"Blick hinuntr auf den Lago Pal\u00c3\u00bc, die Alp Gr\u00c3\u00bcm und das Puschlav\"\n               data-description=\"Blick hinuntr auf den Lago Pal\u00fc, die Alp Gr\u00fcm und das Puschlav\"\n               data-image-slug=\"img_9714-1\"\n               class=\"shutterset_28018\">\n                <img\n                    title=\"Blick hinuntr auf den Lago Pal\u00c3\u00bc, die Alp Gr\u00c3\u00bcm und das Puschlav\"\n                    alt=\"Blick hinuntr auf den Lago Pal\u00c3\u00bc, die Alp Gr\u00c3\u00bcm und das Puschlav\"\n                    src=\"http:\/\/www.freimarianne.ch\/wp-content\/gallery\/bernina-cavagli-6-10-17\/thumbs\/thumbs_IMG_9714.jpg\"\n                    width=\"100\"\n                    height=\"75\"\n                    style=\"max-width:100%;\"\n                \/>\n            <\/a>\n        <\/div>\n\t\t\t\t\t\t\t<\/div> \n\t\t\t\n        \n\t\t\t\t<div id=\"ngg-image-21\" class=\"ngg-gallery-thumbnail-box\" >\n\t\t\t\t        <div class=\"ngg-gallery-thumbnail\">\n            <a href=\"http:\/\/www.freimarianne.ch\/wp-content\/gallery\/bernina-cavagli-6-10-17\/IMG_9717.jpg\"\n               title=\"Piz Varuna 3453m, Piz Pal\u00fc und Pal\u00fc Gletscher: der Weg hinunter von Sassal Mason\"\n               data-src=\"http:\/\/www.freimarianne.ch\/wp-content\/gallery\/bernina-cavagli-6-10-17\/IMG_9717.jpg\"\n               data-thumbnail=\"http:\/\/www.freimarianne.ch\/wp-content\/gallery\/bernina-cavagli-6-10-17\/thumbs\/thumbs_IMG_9717.jpg\"\n               data-image-id=\"17131\"\n               data-title=\"Piz Varuna 3453m, Piz Pal\u00c3\u00bc und Pal\u00c3\u00bc Gletscher: der Weg hinunter von Sassal Mason\"\n               data-description=\"Piz Varuna 3453m, Piz Pal\u00fc und Pal\u00fc Gletscher: der Weg hinunter von Sassal Mason\"\n               data-image-slug=\"img_9717-2\"\n               class=\"shutterset_28018\">\n                <img\n                    title=\"Piz Varuna 3453m, Piz Pal\u00c3\u00bc und Pal\u00c3\u00bc Gletscher: der Weg hinunter von Sassal Mason\"\n                    alt=\"Piz Varuna 3453m, Piz Pal\u00c3\u00bc und Pal\u00c3\u00bc Gletscher: der Weg hinunter von Sassal Mason\"\n                    src=\"http:\/\/www.freimarianne.ch\/wp-content\/gallery\/bernina-cavagli-6-10-17\/thumbs\/thumbs_IMG_9717.jpg\"\n                    width=\"100\"\n                    height=\"75\"\n                    style=\"max-width:100%;\"\n                \/>\n            <\/a>\n        <\/div>\n\t\t\t\t\t\t\t<\/div> \n\t\t\t\n        \n\t\t\t\t<div id=\"ngg-image-22\" class=\"ngg-gallery-thumbnail-box\" >\n\t\t\t\t        <div class=\"ngg-gallery-thumbnail\">\n            <a href=\"http:\/\/www.freimarianne.ch\/wp-content\/gallery\/bernina-cavagli-6-10-17\/IMG_9721.jpg\"\n               title=\"Piz Varuna 3453m, Piz Pal\u00fc und Pal\u00fc Gletscher\"\n               data-src=\"http:\/\/www.freimarianne.ch\/wp-content\/gallery\/bernina-cavagli-6-10-17\/IMG_9721.jpg\"\n               data-thumbnail=\"http:\/\/www.freimarianne.ch\/wp-content\/gallery\/bernina-cavagli-6-10-17\/thumbs\/thumbs_IMG_9721.jpg\"\n               data-image-id=\"17130\"\n               data-title=\"Piz Varuna 3453m, Piz Pal\u00c3\u00bc und Pal\u00c3\u00bc Gletscher\"\n               data-description=\"Piz Varuna 3453m, Piz Pal\u00fc und Pal\u00fc Gletscher\"\n               data-image-slug=\"img_9721-1\"\n               class=\"shutterset_28018\">\n                <img\n                    title=\"Piz Varuna 3453m, Piz Pal\u00c3\u00bc und Pal\u00c3\u00bc Gletscher\"\n                    alt=\"Piz Varuna 3453m, Piz Pal\u00c3\u00bc und Pal\u00c3\u00bc Gletscher\"\n                    src=\"http:\/\/www.freimarianne.ch\/wp-content\/gallery\/bernina-cavagli-6-10-17\/thumbs\/thumbs_IMG_9721.jpg\"\n                    width=\"100\"\n                    height=\"75\"\n                    style=\"max-width:100%;\"\n                \/>\n            <\/a>\n        <\/div>\n\t\t\t\t\t\t\t<\/div> \n\t\t\t\n        \n\t\t\t\t<div id=\"ngg-image-23\" class=\"ngg-gallery-thumbnail-box\" >\n\t\t\t\t        <div class=\"ngg-gallery-thumbnail\">\n            <a href=\"http:\/\/www.freimarianne.ch\/wp-content\/gallery\/bernina-cavagli-6-10-17\/IMG_9725.jpg\"\n               title=\"Lagh da Pal\u00fc 1923m\"\n               data-src=\"http:\/\/www.freimarianne.ch\/wp-content\/gallery\/bernina-cavagli-6-10-17\/IMG_9725.jpg\"\n               data-thumbnail=\"http:\/\/www.freimarianne.ch\/wp-content\/gallery\/bernina-cavagli-6-10-17\/thumbs\/thumbs_IMG_9725.jpg\"\n               data-image-id=\"17129\"\n               data-title=\"Lagh da Pal\u00c3\u00bc 1923m\"\n               data-description=\"Lagh da Pal\u00fc 1923m\"\n               data-image-slug=\"img_9725-2\"\n               class=\"shutterset_28018\">\n                <img\n                    title=\"Lagh da Pal\u00c3\u00bc 1923m\"\n                    alt=\"Lagh da Pal\u00c3\u00bc 1923m\"\n                    src=\"http:\/\/www.freimarianne.ch\/wp-content\/gallery\/bernina-cavagli-6-10-17\/thumbs\/thumbs_IMG_9725.jpg\"\n                    width=\"100\"\n                    height=\"75\"\n                    style=\"max-width:100%;\"\n                \/>\n            <\/a>\n        <\/div>\n\t\t\t\t\t\t\t<\/div> \n\t\t\t\n        \n\t\t\t\t<div id=\"ngg-image-24\" class=\"ngg-gallery-thumbnail-box\" >\n\t\t\t\t        <div class=\"ngg-gallery-thumbnail\">\n            <a href=\"http:\/\/www.freimarianne.ch\/wp-content\/gallery\/bernina-cavagli-6-10-17\/IMG_9731.jpg\"\n               title=\"Lagh da Pal\u00fc 1923m\"\n               data-src=\"http:\/\/www.freimarianne.ch\/wp-content\/gallery\/bernina-cavagli-6-10-17\/IMG_9731.jpg\"\n               data-thumbnail=\"http:\/\/www.freimarianne.ch\/wp-content\/gallery\/bernina-cavagli-6-10-17\/thumbs\/thumbs_IMG_9731.jpg\"\n               data-image-id=\"17128\"\n               data-title=\"Lagh da Pal\u00c3\u00bc 1923m\"\n               data-description=\"Lagh da Pal\u00fc 1923m\"\n               data-image-slug=\"img_9731-2\"\n               class=\"shutterset_28018\">\n                <img\n                    title=\"Lagh da Pal\u00c3\u00bc 1923m\"\n                    alt=\"Lagh da Pal\u00c3\u00bc 1923m\"\n                    src=\"http:\/\/www.freimarianne.ch\/wp-content\/gallery\/bernina-cavagli-6-10-17\/thumbs\/thumbs_IMG_9731.jpg\"\n                    width=\"100\"\n                    height=\"75\"\n                    style=\"max-width:100%;\"\n                \/>\n            <\/a>\n        <\/div>\n\t\t\t\t\t\t\t<\/div> \n\t\t\t\n        \n\t\t\t\t<div id=\"ngg-image-25\" class=\"ngg-gallery-thumbnail-box\" >\n\t\t\t\t        <div class=\"ngg-gallery-thumbnail\">\n            <a href=\"http:\/\/www.freimarianne.ch\/wp-content\/gallery\/bernina-cavagli-6-10-17\/IMG_9732.jpg\"\n               title=\"Lagh da Pal\u00fc 1923m\"\n               data-src=\"http:\/\/www.freimarianne.ch\/wp-content\/gallery\/bernina-cavagli-6-10-17\/IMG_9732.jpg\"\n               data-thumbnail=\"http:\/\/www.freimarianne.ch\/wp-content\/gallery\/bernina-cavagli-6-10-17\/thumbs\/thumbs_IMG_9732.jpg\"\n               data-image-id=\"17127\"\n               data-title=\"Lagh da Pal\u00c3\u00bc 1923m\"\n               data-description=\"Lagh da Pal\u00fc 1923m\"\n               data-image-slug=\"img_9732-1\"\n               class=\"shutterset_28018\">\n                <img\n                    title=\"Lagh da Pal\u00c3\u00bc 1923m\"\n                    alt=\"Lagh da Pal\u00c3\u00bc 1923m\"\n                    src=\"http:\/\/www.freimarianne.ch\/wp-content\/gallery\/bernina-cavagli-6-10-17\/thumbs\/thumbs_IMG_9732.jpg\"\n                    width=\"100\"\n                    height=\"75\"\n                    style=\"max-width:100%;\"\n                \/>\n            <\/a>\n        <\/div>\n\t\t\t\t\t\t\t<\/div> \n\t\t\t\n        \n\t\t\t\t<div id=\"ngg-image-26\" class=\"ngg-gallery-thumbnail-box\" >\n\t\t\t\t        <div class=\"ngg-gallery-thumbnail\">\n            <a href=\"http:\/\/www.freimarianne.ch\/wp-content\/gallery\/bernina-cavagli-6-10-17\/IMG_9734.jpg\"\n               title=\"Lagh da Pal\u00fc 1923m\"\n               data-src=\"http:\/\/www.freimarianne.ch\/wp-content\/gallery\/bernina-cavagli-6-10-17\/IMG_9734.jpg\"\n               data-thumbnail=\"http:\/\/www.freimarianne.ch\/wp-content\/gallery\/bernina-cavagli-6-10-17\/thumbs\/thumbs_IMG_9734.jpg\"\n               data-image-id=\"17126\"\n               data-title=\"Lagh da Pal\u00c3\u00bc 1923m\"\n               data-description=\"Lagh da Pal\u00fc 1923m\"\n               data-image-slug=\"img_9734\"\n               class=\"shutterset_28018\">\n                <img\n                    title=\"Lagh da Pal\u00c3\u00bc 1923m\"\n                    alt=\"Lagh da Pal\u00c3\u00bc 1923m\"\n                    src=\"http:\/\/www.freimarianne.ch\/wp-content\/gallery\/bernina-cavagli-6-10-17\/thumbs\/thumbs_IMG_9734.jpg\"\n                    width=\"100\"\n                    height=\"75\"\n                    style=\"max-width:100%;\"\n                \/>\n            <\/a>\n        <\/div>\n\t\t\t\t\t\t\t<\/div> \n\t\t\t\n        \n\t\t\t\t<div id=\"ngg-image-27\" class=\"ngg-gallery-thumbnail-box\" >\n\t\t\t\t        <div class=\"ngg-gallery-thumbnail\">\n            <a href=\"http:\/\/www.freimarianne.ch\/wp-content\/gallery\/bernina-cavagli-6-10-17\/IMG_9736.jpg\"\n               title=\"die Bahn\"\n               data-src=\"http:\/\/www.freimarianne.ch\/wp-content\/gallery\/bernina-cavagli-6-10-17\/IMG_9736.jpg\"\n               data-thumbnail=\"http:\/\/www.freimarianne.ch\/wp-content\/gallery\/bernina-cavagli-6-10-17\/thumbs\/thumbs_IMG_9736.jpg\"\n               data-image-id=\"17125\"\n               data-title=\"die Bahn\"\n               data-description=\"die Bahn\"\n               data-image-slug=\"img_9736-3\"\n               class=\"shutterset_28018\">\n                <img\n                    title=\"die Bahn\"\n                    alt=\"die Bahn\"\n                    src=\"http:\/\/www.freimarianne.ch\/wp-content\/gallery\/bernina-cavagli-6-10-17\/thumbs\/thumbs_IMG_9736.jpg\"\n                    width=\"100\"\n                    height=\"75\"\n                    style=\"max-width:100%;\"\n                \/>\n            <\/a>\n        <\/div>\n\t\t\t\t\t\t\t<\/div> \n\t\t\t\n        \n\t\t\t\t<div id=\"ngg-image-28\" class=\"ngg-gallery-thumbnail-box\" >\n\t\t\t\t        <div class=\"ngg-gallery-thumbnail\">\n            <a href=\"http:\/\/www.freimarianne.ch\/wp-content\/gallery\/bernina-cavagli-6-10-17\/IMG_9739.jpg\"\n               title=\"Marianne  am Lagh da Pal\u00fc 1923m\"\n               data-src=\"http:\/\/www.freimarianne.ch\/wp-content\/gallery\/bernina-cavagli-6-10-17\/IMG_9739.jpg\"\n               data-thumbnail=\"http:\/\/www.freimarianne.ch\/wp-content\/gallery\/bernina-cavagli-6-10-17\/thumbs\/thumbs_IMG_9739.jpg\"\n               data-image-id=\"17124\"\n               data-title=\"Marianne  am Lagh da Pal\u00c3\u00bc 1923m\"\n               data-description=\"Marianne  am Lagh da Pal\u00fc 1923m\"\n               data-image-slug=\"img_9739-4\"\n               class=\"shutterset_28018\">\n                <img\n                    title=\"Marianne  am Lagh da Pal\u00c3\u00bc 1923m\"\n                    alt=\"Marianne  am Lagh da Pal\u00c3\u00bc 1923m\"\n                    src=\"http:\/\/www.freimarianne.ch\/wp-content\/gallery\/bernina-cavagli-6-10-17\/thumbs\/thumbs_IMG_9739.jpg\"\n                    width=\"100\"\n                    height=\"75\"\n                    style=\"max-width:100%;\"\n                \/>\n            <\/a>\n        <\/div>\n\t\t\t\t\t\t\t<\/div> \n\t\t\t\n        \n\t\t\t\t<div id=\"ngg-image-29\" class=\"ngg-gallery-thumbnail-box\" >\n\t\t\t\t        <div class=\"ngg-gallery-thumbnail\">\n            <a href=\"http:\/\/www.freimarianne.ch\/wp-content\/gallery\/bernina-cavagli-6-10-17\/IMG_9750.jpg\"\n               title=\"Piz Varuna, Pal\u00fcgletscher, Piz Pal\u00fc und Pal\u00fcsee\"\n               data-src=\"http:\/\/www.freimarianne.ch\/wp-content\/gallery\/bernina-cavagli-6-10-17\/IMG_9750.jpg\"\n               data-thumbnail=\"http:\/\/www.freimarianne.ch\/wp-content\/gallery\/bernina-cavagli-6-10-17\/thumbs\/thumbs_IMG_9750.jpg\"\n               data-image-id=\"17123\"\n               data-title=\"Piz Varuna, Pal\u00c3\u00bcgletscher, Piz Pal\u00c3\u00bc und Pal\u00c3\u00bcsee\"\n               data-description=\"Piz Varuna, Pal\u00fcgletscher, Piz Pal\u00fc und Pal\u00fcsee\"\n               data-image-slug=\"img_9750-1\"\n               class=\"shutterset_28018\">\n                <img\n                    title=\"Piz Varuna, Pal\u00c3\u00bcgletscher, Piz Pal\u00c3\u00bc und Pal\u00c3\u00bcsee\"\n                    alt=\"Piz Varuna, Pal\u00c3\u00bcgletscher, Piz Pal\u00c3\u00bc und Pal\u00c3\u00bcsee\"\n                    src=\"http:\/\/www.freimarianne.ch\/wp-content\/gallery\/bernina-cavagli-6-10-17\/thumbs\/thumbs_IMG_9750.jpg\"\n                    width=\"100\"\n                    height=\"75\"\n                    style=\"max-width:100%;\"\n                \/>\n            <\/a>\n        <\/div>\n\t\t\t\t\t\t\t<\/div> \n\t\t\t\n        \n\t\t\t\t<div id=\"ngg-image-30\" class=\"ngg-gallery-thumbnail-box\" >\n\t\t\t\t        <div class=\"ngg-gallery-thumbnail\">\n            <a href=\"http:\/\/www.freimarianne.ch\/wp-content\/gallery\/bernina-cavagli-6-10-17\/IMG_9751.jpg\"\n               title=\"Piz Caral, Piz Mason; auf der Alp Gr\u00fcm\"\n               data-src=\"http:\/\/www.freimarianne.ch\/wp-content\/gallery\/bernina-cavagli-6-10-17\/IMG_9751.jpg\"\n               data-thumbnail=\"http:\/\/www.freimarianne.ch\/wp-content\/gallery\/bernina-cavagli-6-10-17\/thumbs\/thumbs_IMG_9751.jpg\"\n               data-image-id=\"17122\"\n               data-title=\"Piz Caral, Piz Mason; auf der Alp Gr\u00c3\u00bcm\"\n               data-description=\"Piz Caral, Piz Mason; auf der Alp Gr\u00fcm\"\n               data-image-slug=\"img_9751-2\"\n               class=\"shutterset_28018\">\n                <img\n                    title=\"Piz Caral, Piz Mason; auf der Alp Gr\u00c3\u00bcm\"\n                    alt=\"Piz Caral, Piz Mason; auf der Alp Gr\u00c3\u00bcm\"\n                    src=\"http:\/\/www.freimarianne.ch\/wp-content\/gallery\/bernina-cavagli-6-10-17\/thumbs\/thumbs_IMG_9751.jpg\"\n                    width=\"100\"\n                    height=\"75\"\n                    style=\"max-width:100%;\"\n                \/>\n            <\/a>\n        <\/div>\n\t\t\t\t\t\t\t<\/div> \n\t\t\t\n        \n\t\t\t\t<div id=\"ngg-image-31\" class=\"ngg-gallery-thumbnail-box\" >\n\t\t\t\t        <div class=\"ngg-gallery-thumbnail\">\n            <a href=\"http:\/\/www.freimarianne.ch\/wp-content\/gallery\/bernina-cavagli-6-10-17\/IMG_9754.jpg\"\n               title=\"\u00fcber den Berninapass; Piz Chalchagn 3154m, Piz Corviglia 3060m, Piz FGl\u00fcna 3106m, Piz Saluver 3146m\"\n               data-src=\"http:\/\/www.freimarianne.ch\/wp-content\/gallery\/bernina-cavagli-6-10-17\/IMG_9754.jpg\"\n               data-thumbnail=\"http:\/\/www.freimarianne.ch\/wp-content\/gallery\/bernina-cavagli-6-10-17\/thumbs\/thumbs_IMG_9754.jpg\"\n               data-image-id=\"17121\"\n               data-title=\"\u00c3\u00bcber den Berninapass; Piz Chalchagn 3154m, Piz Corviglia 3060m, Piz FGl\u00c3\u00bcna 3106m, Piz Saluver 3146m\"\n               data-description=\"\u00fcber den Berninapass; Piz Chalchagn 3154m, Piz Corviglia 3060m, Piz FGl\u00fcna 3106m, Piz Saluver 3146m\"\n               data-image-slug=\"img_9754-4\"\n               class=\"shutterset_28018\">\n                <img\n                    title=\"\u00c3\u00bcber den Berninapass; Piz Chalchagn 3154m, Piz Corviglia 3060m, Piz FGl\u00c3\u00bcna 3106m, Piz Saluver 3146m\"\n                    alt=\"\u00c3\u00bcber den Berninapass; Piz Chalchagn 3154m, Piz Corviglia 3060m, Piz FGl\u00c3\u00bcna 3106m, Piz Saluver 3146m\"\n                    src=\"http:\/\/www.freimarianne.ch\/wp-content\/gallery\/bernina-cavagli-6-10-17\/thumbs\/thumbs_IMG_9754.jpg\"\n                    width=\"100\"\n                    height=\"75\"\n                    style=\"max-width:100%;\"\n                \/>\n            <\/a>\n        <\/div>\n\t\t\t\t\t\t\t<\/div> \n\t\t\t\n        \n\t\t\t\t<div id=\"ngg-image-32\" class=\"ngg-gallery-thumbnail-box\" >\n\t\t\t\t        <div class=\"ngg-gallery-thumbnail\">\n            <a href=\"http:\/\/www.freimarianne.ch\/wp-content\/gallery\/bernina-cavagli-6-10-17\/IMG_9756.jpg\"\n               title=\"\u00fcber den Berninapass; ein Blick zur\u00fcck;Sassal Mason, hi Piz Caral,  Piz Cambrena, Piz d&#039;Arlas\"\n               data-src=\"http:\/\/www.freimarianne.ch\/wp-content\/gallery\/bernina-cavagli-6-10-17\/IMG_9756.jpg\"\n               data-thumbnail=\"http:\/\/www.freimarianne.ch\/wp-content\/gallery\/bernina-cavagli-6-10-17\/thumbs\/thumbs_IMG_9756.jpg\"\n               data-image-id=\"17120\"\n               data-title=\"\u00c3\u00bcber den Berninapass; ein Blick zur\u00c3\u00bcck;Sassal Mason, hi Piz Caral,  Piz Cambrena, Piz d&#039;Arlas\"\n               data-description=\"\u00fcber den Berninapass; ein Blick zur\u00fcck;Sassal Mason, hi Piz Caral,  Piz Cambrena, Piz d&#039;Arlas\"\n               data-image-slug=\"img_9756-2\"\n               class=\"shutterset_28018\">\n                <img\n                    title=\"\u00c3\u00bcber den Berninapass; ein Blick zur\u00c3\u00bcck;Sassal Mason, hi Piz Caral,  Piz Cambrena, Piz d&#039;Arlas\"\n                    alt=\"\u00c3\u00bcber den Berninapass; ein Blick zur\u00c3\u00bcck;Sassal Mason, hi Piz Caral,  Piz Cambrena, Piz d&#039;Arlas\"\n                    src=\"http:\/\/www.freimarianne.ch\/wp-content\/gallery\/bernina-cavagli-6-10-17\/thumbs\/thumbs_IMG_9756.jpg\"\n                    width=\"100\"\n                    height=\"75\"\n                    style=\"max-width:100%;\"\n                \/>\n            <\/a>\n        <\/div>\n\t\t\t\t\t\t\t<\/div> \n\t\t\t\n        \n\t\t\t\t<div id=\"ngg-image-33\" class=\"ngg-gallery-thumbnail-box\" >\n\t\t\t\t        <div class=\"ngg-gallery-thumbnail\">\n            <a href=\"http:\/\/www.freimarianne.ch\/wp-content\/gallery\/bernina-cavagli-6-10-17\/IMG_9759.jpg\"\n               title=\"Bernina, Morteratsch\"\n               data-src=\"http:\/\/www.freimarianne.ch\/wp-content\/gallery\/bernina-cavagli-6-10-17\/IMG_9759.jpg\"\n               data-thumbnail=\"http:\/\/www.freimarianne.ch\/wp-content\/gallery\/bernina-cavagli-6-10-17\/thumbs\/thumbs_IMG_9759.jpg\"\n               data-image-id=\"17119\"\n               data-title=\"Bernina, Morteratsch\"\n               data-description=\"Bernina, Morteratsch\"\n               data-image-slug=\"img_9759\"\n               class=\"shutterset_28018\">\n                <img\n                    title=\"Bernina, Morteratsch\"\n                    alt=\"Bernina, Morteratsch\"\n                    src=\"http:\/\/www.freimarianne.ch\/wp-content\/gallery\/bernina-cavagli-6-10-17\/thumbs\/thumbs_IMG_9759.jpg\"\n                    width=\"100\"\n                    height=\"75\"\n                    style=\"max-width:100%;\"\n                \/>\n            <\/a>\n        <\/div>\n\t\t\t\t\t\t\t<\/div> \n\t\t\t\n        \n\t\t\n\t\t<!-- Pagination -->\n\t<div class='ngg-clear'><\/div>\t<\/div>\n<\/p>\n","protected":false},"excerpt":{"rendered":"<p>Wanderung vom Berninapass dem Lago Bianco entlang. Hinauf auf Sassal Mason und hinunter zum Lago Pal\u00fc und weiter nach Cavaglia Freitag 6.10.2017: Berninapass, Lago Bianco- Sassal Mason 2355m Pal\u00fcsee- Cavaglia Wir steigen um 10.30h auf dem Berninapass aus dem Zug und beginnen unsere Wanderung entlang dem Lago Bianco. Hier auf der Passh\u00f6he bl\u00e4st ein ganz [&hellip;]<\/p>\n","protected":false},"author":1,"featured_media":0,"parent":26690,"menu_order":13,"comment_status":"closed","ping_status":"closed","template":"","meta":{"ngg_post_thumbnail":0},"_links":{"self":[{"href":"http:\/\/www.freimarianne.ch\/index.php?rest_route=\/wp\/v2\/pages\/27216"}],"collection":[{"href":"http:\/\/www.freimarianne.ch\/index.php?rest_route=\/wp\/v2\/pages"}],"about":[{"href":"http:\/\/www.freimarianne.ch\/index.php?rest_route=\/wp\/v2\/types\/page"}],"author":[{"embeddable":true,"href":"http:\/\/www.freimarianne.ch\/index.php?rest_route=\/wp\/v2\/users\/1"}],"replies":[{"embeddable":true,"href":"http:\/\/www.freimarianne.ch\/index.php?rest_route=%2Fwp%2Fv2%2Fcomments&post=27216"}],"version-history":[{"count":6,"href":"http:\/\/www.freimarianne.ch\/index.php?rest_route=\/wp\/v2\/pages\/27216\/revisions"}],"predecessor-version":[{"id":28021,"href":"http:\/\/www.freimarianne.ch\/index.php?rest_route=\/wp\/v2\/pages\/27216\/revisions\/28021"}],"up":[{"embeddable":true,"href":"http:\/\/www.freimarianne.ch\/index.php?rest_route=\/wp\/v2\/pages\/26690"}],"wp:attachment":[{"href":"http:\/\/www.freimarianne.ch\/index.php?rest_route=%2Fwp%2Fv2%2Fmedia&parent=27216"}],"curies":[{"name":"wp","href":"https:\/\/api.w.org\/{rel}","templated":true}]}}