{"id":29180,"date":"2018-03-02T09:07:33","date_gmt":"2018-03-02T08:07:33","guid":{"rendered":"http:\/\/www.freimarianne.ch\/?page_id=29180"},"modified":"2018-03-02T09:12:53","modified_gmt":"2018-03-02T08:12:53","slug":"panuol-flumserberg-sg-28-2-2018","status":"publish","type":"page","link":"http:\/\/www.freimarianne.ch\/?page_id=29180","title":{"rendered":"Pan\u00fc\u00f6l Flumserberg  SG  28.2.2018"},"content":{"rendered":"<p><strong>Winterrundwanderung vom Maschgenkamm \u00fcber Pan\u00fc\u00f6l und Prodalp auf den Tannenboden<\/strong><\/p>\n<p><img loading=\"lazy\" class=\"size-full wp-image-29175\" src=\"http:\/\/www.freimarianne.ch\/wp-content\/uploads\/2018\/03\/IMG_2843_panu\u0308o\u0308l_500.jpg\" alt=\"\" width=\"500\" height=\"375\" \/> Winterstimmung auf der Prodalp<\/p>\n<p>Auf dem Maschgenkamm 2008m erwarten uns sch\u00f6nes Wetter und ein kalter Wind. Wir packen uns gut ein und machen uns auf den Weg. Es geht zuerst einmal steil hiunter zur Maschgenl\u00fccke, wo wir dann bei Bruni\u2019s Schuhen die *Iseli\u201c hervorholen. Wir wandern in einer grossen Schlaufe hinunter zur Alp Pan\u00fc\u00f6l 1804m, von wo wir noch einen Abstecher Richtung Alp Fursch machen. Wir halten dann nach einer Weile an und setzen uns zur Mittagspause in den Schnee und geniessen die wunderbare Aussicht auf den Spitzmeilen, Magerrain etc. Dann wandern wir zur\u00fcck und folgen dem Weg zur Prodalp, der uns durch eine pr\u00e4chtige Winterlandschaft mit verschneiten Tannen f\u00fchrt. Bei der einzigen Bank machen wir einen kurzen Halt und setzen unseren Weg fort zur Prodalp. Wir haben nun ein anderes Panorama vor uns.<br \/>\n<a href=\"http:\/\/www.alpen-panoramen.de\/panorama.php?pid=9045\">Panorama vom Hochfinsler:<\/a><br \/>\nWir sehen von den Churfirsten \u00fcber Alvier, Gauschla, Gonzen hin\u00fcber zum Falknis und Vilan. Von der Prodalp senkt sich der Weg ab und wir m\u00fcssen zwei Mal eine Skipiste \u00fcberqueren, um hinunter nach Madlis zu gelangen. Von dort steigen wir auf zur Tannenbodenalp und nehmen dann den Weg hinunter zum Tannenboden. Wir k\u00f6nnen um 14.30 h mit dem Postauto nach Sargans fahren.<br \/>\nDies war eine sehr sch\u00f6ne Winterwanderung am voraussichtlich besten Tag dieser Woche. Morgen wird das Wetter sich \u00e4ndern!<br \/>\nDiese Wanderung ist f\u00fcr die n\u00e4chste Woche mit der Gruppe \u201eAlpenblick\u201c geplant.<\/p>\n<p>Laut Schweizmobil: Pan\u00fc\u00f6l 28.8.18<br \/>\nDistanz: 7.85km; Aufstieg: 65m; Absteig: 730m; Wanderzeit 2h 8min (Sommer!!)<\/p>\n<p><a href=\"https:\/\/map.schweizmobil.ch\/\/?lang=de&amp;season=winter&amp;bgLayer=pk&amp;resolution=10&amp;E=2739482&amp;N=1215723&amp;trackId=4184980\">Karte Schweizmobil:<\/a><\/p>\n<p><!-- index.php -->\n<div\n\tclass=\"ngg-galleryoverview ngg-ajax-pagination-none\"\n\tid=\"ngg-gallery-29184-1\">\n\n    \t<div class=\"slideshowlink\">\n        <a href='http:\/\/www.freimarianne.ch\/index.php\/nggallery\/slideshow?page_id=29180'>[Show as slideshow]<\/a>\n\t\t\n\t<\/div>\n\t\t\t<!-- Thumbnails -->\n\t\t\t\t<div id=\"ngg-image-0\" class=\"ngg-gallery-thumbnail-box\" >\n\t\t\t\t        <div class=\"ngg-gallery-thumbnail\">\n            <a href=\"http:\/\/www.freimarianne.ch\/wp-content\/gallery\/panuol-28-2-18\/IMG_2792.jpg\"\n               title=\"der Winterwanderweg\"\n               data-src=\"http:\/\/www.freimarianne.ch\/wp-content\/gallery\/panuol-28-2-18\/IMG_2792.jpg\"\n               data-thumbnail=\"http:\/\/www.freimarianne.ch\/wp-content\/gallery\/panuol-28-2-18\/thumbs\/thumbs_IMG_2792.jpg\"\n               data-image-id=\"17746\"\n               data-title=\"der Winterwanderweg\"\n               data-description=\"der Winterwanderweg\"\n               data-image-slug=\"img_2792-2\"\n               class=\"shutterset_29184\">\n                <img\n                    title=\"der Winterwanderweg\"\n                    alt=\"der Winterwanderweg\"\n                    src=\"http:\/\/www.freimarianne.ch\/wp-content\/gallery\/panuol-28-2-18\/thumbs\/thumbs_IMG_2792.jpg\"\n                    width=\"100\"\n                    height=\"75\"\n                    style=\"max-width:100%;\"\n                \/>\n            <\/a>\n        <\/div>\n\t\t\t\t\t\t\t<\/div> \n\t\t\t\n        \n\t\t\t\t<div id=\"ngg-image-1\" class=\"ngg-gallery-thumbnail-box\" >\n\t\t\t\t        <div class=\"ngg-gallery-thumbnail\">\n            <a href=\"http:\/\/www.freimarianne.ch\/wp-content\/gallery\/panuol-28-2-18\/IMG_2798.jpg\"\n               title=\"Marianne und Bruni; re Falknis und Glegghorn; re Guscha 2132m\"\n               data-src=\"http:\/\/www.freimarianne.ch\/wp-content\/gallery\/panuol-28-2-18\/IMG_2798.jpg\"\n               data-thumbnail=\"http:\/\/www.freimarianne.ch\/wp-content\/gallery\/panuol-28-2-18\/thumbs\/thumbs_IMG_2798.jpg\"\n               data-image-id=\"17745\"\n               data-title=\"Marianne und Bruni; re Falknis und Glegghorn; re Guscha 2132m\"\n               data-description=\"Marianne und Bruni; re Falknis und Glegghorn; re Guscha 2132m\"\n               data-image-slug=\"img_2798-3\"\n               class=\"shutterset_29184\">\n                <img\n                    title=\"Marianne und Bruni; re Falknis und Glegghorn; re Guscha 2132m\"\n                    alt=\"Marianne und Bruni; re Falknis und Glegghorn; re Guscha 2132m\"\n                    src=\"http:\/\/www.freimarianne.ch\/wp-content\/gallery\/panuol-28-2-18\/thumbs\/thumbs_IMG_2798.jpg\"\n                    width=\"100\"\n                    height=\"75\"\n                    style=\"max-width:100%;\"\n                \/>\n            <\/a>\n        <\/div>\n\t\t\t\t\t\t\t<\/div> \n\t\t\t\n        \n\t\t\t\t<div id=\"ngg-image-2\" class=\"ngg-gallery-thumbnail-box\" >\n\t\t\t\t        <div class=\"ngg-gallery-thumbnail\">\n            <a href=\"http:\/\/www.freimarianne.ch\/wp-content\/gallery\/panuol-28-2-18\/IMG_2800.jpg\"\n               title=\"Chi Alvier 2285m, Alvier 2343m, Hoher Freschen 2004m, Gauschla 2310m, Pan\u00fcelerchopf 2859m, hi Schesaplana 2964m, Falknis 2562m,  vo Dreieck: Gir 2164m, hi Spitz: Glegghorn 2450m\"\n               data-src=\"http:\/\/www.freimarianne.ch\/wp-content\/gallery\/panuol-28-2-18\/IMG_2800.jpg\"\n               data-thumbnail=\"http:\/\/www.freimarianne.ch\/wp-content\/gallery\/panuol-28-2-18\/thumbs\/thumbs_IMG_2800.jpg\"\n               data-image-id=\"17744\"\n               data-title=\"Chi Alvier 2285m, Alvier 2343m, Hoher Freschen 2004m, Gauschla 2310m, Pan\u00c3\u00bcelerchopf 2859m, hi Schesaplana 2964m, Falknis 2562m,  vo Dreieck: Gir 2164m, hi Spitz: Glegghorn 2450m\"\n               data-description=\"Chi Alvier 2285m, Alvier 2343m, Hoher Freschen 2004m, Gauschla 2310m, Pan\u00fcelerchopf 2859m, hi Schesaplana 2964m, Falknis 2562m,  vo Dreieck: Gir 2164m, hi Spitz: Glegghorn 2450m\"\n               data-image-slug=\"img_2800-1\"\n               class=\"shutterset_29184\">\n                <img\n                    title=\"Chi Alvier 2285m, Alvier 2343m, Hoher Freschen 2004m, Gauschla 2310m, Pan\u00c3\u00bcelerchopf 2859m, hi Schesaplana 2964m, Falknis 2562m,  vo Dreieck: Gir 2164m, hi Spitz: Glegghorn 2450m\"\n                    alt=\"Chi Alvier 2285m, Alvier 2343m, Hoher Freschen 2004m, Gauschla 2310m, Pan\u00c3\u00bcelerchopf 2859m, hi Schesaplana 2964m, Falknis 2562m,  vo Dreieck: Gir 2164m, hi Spitz: Glegghorn 2450m\"\n                    src=\"http:\/\/www.freimarianne.ch\/wp-content\/gallery\/panuol-28-2-18\/thumbs\/thumbs_IMG_2800.jpg\"\n                    width=\"100\"\n                    height=\"75\"\n                    style=\"max-width:100%;\"\n                \/>\n            <\/a>\n        <\/div>\n\t\t\t\t\t\t\t<\/div> \n\t\t\t\n        \n\t\t\t\t<div id=\"ngg-image-3\" class=\"ngg-gallery-thumbnail-box\" >\n\t\t\t\t        <div class=\"ngg-gallery-thumbnail\">\n            <a href=\"http:\/\/www.freimarianne.ch\/wp-content\/gallery\/panuol-28-2-18\/IMG_2804.jpg\"\n               title=\"Blick gegen Pan\u00fc\u00f6l;  Spitzmeilen 2501m, Wissmilen 2483m; Magerrain 2523m,\"\n               data-src=\"http:\/\/www.freimarianne.ch\/wp-content\/gallery\/panuol-28-2-18\/IMG_2804.jpg\"\n               data-thumbnail=\"http:\/\/www.freimarianne.ch\/wp-content\/gallery\/panuol-28-2-18\/thumbs\/thumbs_IMG_2804.jpg\"\n               data-image-id=\"17743\"\n               data-title=\"Blick gegen Pan\u00c3\u00bc\u00c3\u00b6l;  Spitzmeilen 2501m, Wissmilen 2483m; Magerrain 2523m,\"\n               data-description=\"Blick gegen Pan\u00fc\u00f6l;  Spitzmeilen 2501m, Wissmilen 2483m; Magerrain 2523m,\"\n               data-image-slug=\"img_2804-4\"\n               class=\"shutterset_29184\">\n                <img\n                    title=\"Blick gegen Pan\u00c3\u00bc\u00c3\u00b6l;  Spitzmeilen 2501m, Wissmilen 2483m; Magerrain 2523m,\"\n                    alt=\"Blick gegen Pan\u00c3\u00bc\u00c3\u00b6l;  Spitzmeilen 2501m, Wissmilen 2483m; Magerrain 2523m,\"\n                    src=\"http:\/\/www.freimarianne.ch\/wp-content\/gallery\/panuol-28-2-18\/thumbs\/thumbs_IMG_2804.jpg\"\n                    width=\"100\"\n                    height=\"75\"\n                    style=\"max-width:100%;\"\n                \/>\n            <\/a>\n        <\/div>\n\t\t\t\t\t\t\t<\/div> \n\t\t\t\n        \n\t\t\t\t<div id=\"ngg-image-4\" class=\"ngg-gallery-thumbnail-box\" >\n\t\t\t\t        <div class=\"ngg-gallery-thumbnail\">\n            <a href=\"http:\/\/www.freimarianne.ch\/wp-content\/gallery\/panuol-28-2-18\/IMG_2805.jpg\"\n               title=\"Alp Pan\u00fc\u00f6l 1804m; mi Gulmen 2317m\"\n               data-src=\"http:\/\/www.freimarianne.ch\/wp-content\/gallery\/panuol-28-2-18\/IMG_2805.jpg\"\n               data-thumbnail=\"http:\/\/www.freimarianne.ch\/wp-content\/gallery\/panuol-28-2-18\/thumbs\/thumbs_IMG_2805.jpg\"\n               data-image-id=\"17742\"\n               data-title=\"Alp Pan\u00c3\u00bc\u00c3\u00b6l 1804m; mi Gulmen 2317m\"\n               data-description=\"Alp Pan\u00fc\u00f6l 1804m; mi Gulmen 2317m\"\n               data-image-slug=\"img_2805\"\n               class=\"shutterset_29184\">\n                <img\n                    title=\"Alp Pan\u00c3\u00bc\u00c3\u00b6l 1804m; mi Gulmen 2317m\"\n                    alt=\"Alp Pan\u00c3\u00bc\u00c3\u00b6l 1804m; mi Gulmen 2317m\"\n                    src=\"http:\/\/www.freimarianne.ch\/wp-content\/gallery\/panuol-28-2-18\/thumbs\/thumbs_IMG_2805.jpg\"\n                    width=\"100\"\n                    height=\"75\"\n                    style=\"max-width:100%;\"\n                \/>\n            <\/a>\n        <\/div>\n\t\t\t\t\t\t\t<\/div> \n\t\t\t\n        \n\t\t\t\t<div id=\"ngg-image-5\" class=\"ngg-gallery-thumbnail-box\" >\n\t\t\t\t        <div class=\"ngg-gallery-thumbnail\">\n            <a href=\"http:\/\/www.freimarianne.ch\/wp-content\/gallery\/panuol-28-2-18\/IMG_2807.jpg\"\n               title=\"Winterwanderweg und Langlaufloipe;Magerrain 2523m, Gulmen 2317m, Rainisaltis  2293m\"\n               data-src=\"http:\/\/www.freimarianne.ch\/wp-content\/gallery\/panuol-28-2-18\/IMG_2807.jpg\"\n               data-thumbnail=\"http:\/\/www.freimarianne.ch\/wp-content\/gallery\/panuol-28-2-18\/thumbs\/thumbs_IMG_2807.jpg\"\n               data-image-id=\"17741\"\n               data-title=\"Winterwanderweg und Langlaufloipe;Magerrain 2523m, Gulmen 2317m, Rainisaltis  2293m\"\n               data-description=\"Winterwanderweg und Langlaufloipe;Magerrain 2523m, Gulmen 2317m, Rainisaltis  2293m\"\n               data-image-slug=\"img_2807-1\"\n               class=\"shutterset_29184\">\n                <img\n                    title=\"Winterwanderweg und Langlaufloipe;Magerrain 2523m, Gulmen 2317m, Rainisaltis  2293m\"\n                    alt=\"Winterwanderweg und Langlaufloipe;Magerrain 2523m, Gulmen 2317m, Rainisaltis  2293m\"\n                    src=\"http:\/\/www.freimarianne.ch\/wp-content\/gallery\/panuol-28-2-18\/thumbs\/thumbs_IMG_2807.jpg\"\n                    width=\"100\"\n                    height=\"75\"\n                    style=\"max-width:100%;\"\n                \/>\n            <\/a>\n        <\/div>\n\t\t\t\t\t\t\t<\/div> \n\t\t\t\n        \n\t\t\t\t<div id=\"ngg-image-6\" class=\"ngg-gallery-thumbnail-box\" >\n\t\t\t\t        <div class=\"ngg-gallery-thumbnail\">\n            <a href=\"http:\/\/www.freimarianne.ch\/wp-content\/gallery\/panuol-28-2-18\/IMG_2808.jpg\"\n               title=\"gegen Alp Fursche; Spitzmeilen 2501m, Wissmilen 2483m; Magerrain 2523m\"\n               data-src=\"http:\/\/www.freimarianne.ch\/wp-content\/gallery\/panuol-28-2-18\/IMG_2808.jpg\"\n               data-thumbnail=\"http:\/\/www.freimarianne.ch\/wp-content\/gallery\/panuol-28-2-18\/thumbs\/thumbs_IMG_2808.jpg\"\n               data-image-id=\"17740\"\n               data-title=\"gegen Alp Fursche; Spitzmeilen 2501m, Wissmilen 2483m; Magerrain 2523m\"\n               data-description=\"gegen Alp Fursche; Spitzmeilen 2501m, Wissmilen 2483m; Magerrain 2523m\"\n               data-image-slug=\"img_2808-2\"\n               class=\"shutterset_29184\">\n                <img\n                    title=\"gegen Alp Fursche; Spitzmeilen 2501m, Wissmilen 2483m; Magerrain 2523m\"\n                    alt=\"gegen Alp Fursche; Spitzmeilen 2501m, Wissmilen 2483m; Magerrain 2523m\"\n                    src=\"http:\/\/www.freimarianne.ch\/wp-content\/gallery\/panuol-28-2-18\/thumbs\/thumbs_IMG_2808.jpg\"\n                    width=\"100\"\n                    height=\"75\"\n                    style=\"max-width:100%;\"\n                \/>\n            <\/a>\n        <\/div>\n\t\t\t\t\t\t\t<\/div> \n\t\t\t\n        \n\t\t\t\t<div id=\"ngg-image-7\" class=\"ngg-gallery-thumbnail-box\" >\n\t\t\t\t        <div class=\"ngg-gallery-thumbnail\">\n            <a href=\"http:\/\/www.freimarianne.ch\/wp-content\/gallery\/panuol-28-2-18\/IMG_2815.jpg\"\n               title=\"Weg zur Alp Fursch;  Gulmen 2317m, Rainisaltis  2293m\"\n               data-src=\"http:\/\/www.freimarianne.ch\/wp-content\/gallery\/panuol-28-2-18\/IMG_2815.jpg\"\n               data-thumbnail=\"http:\/\/www.freimarianne.ch\/wp-content\/gallery\/panuol-28-2-18\/thumbs\/thumbs_IMG_2815.jpg\"\n               data-image-id=\"17739\"\n               data-title=\"Weg zur Alp Fursch;  Gulmen 2317m, Rainisaltis  2293m\"\n               data-description=\"Weg zur Alp Fursch;  Gulmen 2317m, Rainisaltis  2293m\"\n               data-image-slug=\"img_2815\"\n               class=\"shutterset_29184\">\n                <img\n                    title=\"Weg zur Alp Fursch;  Gulmen 2317m, Rainisaltis  2293m\"\n                    alt=\"Weg zur Alp Fursch;  Gulmen 2317m, Rainisaltis  2293m\"\n                    src=\"http:\/\/www.freimarianne.ch\/wp-content\/gallery\/panuol-28-2-18\/thumbs\/thumbs_IMG_2815.jpg\"\n                    width=\"100\"\n                    height=\"75\"\n                    style=\"max-width:100%;\"\n                \/>\n            <\/a>\n        <\/div>\n\t\t\t\t\t\t\t<\/div> \n\t\t\t\n        \n\t\t\t\t<div id=\"ngg-image-8\" class=\"ngg-gallery-thumbnail-box\" >\n\t\t\t\t        <div class=\"ngg-gallery-thumbnail\">\n            <a href=\"http:\/\/www.freimarianne.ch\/wp-content\/gallery\/panuol-28-2-18\/IMG_2827.jpg\"\n               title=\"Schlitten auf die Prodalp\"\n               data-src=\"http:\/\/www.freimarianne.ch\/wp-content\/gallery\/panuol-28-2-18\/IMG_2827.jpg\"\n               data-thumbnail=\"http:\/\/www.freimarianne.ch\/wp-content\/gallery\/panuol-28-2-18\/thumbs\/thumbs_IMG_2827.jpg\"\n               data-image-id=\"17738\"\n               data-title=\"Schlitten auf die Prodalp\"\n               data-description=\"Schlitten auf die Prodalp\"\n               data-image-slug=\"img_2827-1\"\n               class=\"shutterset_29184\">\n                <img\n                    title=\"Schlitten auf die Prodalp\"\n                    alt=\"Schlitten auf die Prodalp\"\n                    src=\"http:\/\/www.freimarianne.ch\/wp-content\/gallery\/panuol-28-2-18\/thumbs\/thumbs_IMG_2827.jpg\"\n                    width=\"100\"\n                    height=\"75\"\n                    style=\"max-width:100%;\"\n                \/>\n            <\/a>\n        <\/div>\n\t\t\t\t\t\t\t<\/div> \n\t\t\t\n        \n\t\t\t\t<div id=\"ngg-image-9\" class=\"ngg-gallery-thumbnail-box\" >\n\t\t\t\t        <div class=\"ngg-gallery-thumbnail\">\n            <a href=\"http:\/\/www.freimarianne.ch\/wp-content\/gallery\/panuol-28-2-18\/IMG_2831.jpg\"\n               title=\"Sichli 2320m, Rosswies 2334m, die Spitzen der Fulfirsten , G\u00e4ttlichopf 2298,Chrummenstein 2261m, Chi Alvier 2285m, Alvier 2343m, Hoher Freschen 2004m, Gauschla 2310m\"\n               data-src=\"http:\/\/www.freimarianne.ch\/wp-content\/gallery\/panuol-28-2-18\/IMG_2831.jpg\"\n               data-thumbnail=\"http:\/\/www.freimarianne.ch\/wp-content\/gallery\/panuol-28-2-18\/thumbs\/thumbs_IMG_2831.jpg\"\n               data-image-id=\"17737\"\n               data-title=\"Sichli 2320m, Rosswies 2334m, die Spitzen der Fulfirsten , G\u00c3\u00a4ttlichopf 2298,Chrummenstein 2261m, Chi Alvier 2285m, Alvier 2343m, Hoher Freschen 2004m, Gauschla 2310m\"\n               data-description=\"Sichli 2320m, Rosswies 2334m, die Spitzen der Fulfirsten , G\u00e4ttlichopf 2298,Chrummenstein 2261m, Chi Alvier 2285m, Alvier 2343m, Hoher Freschen 2004m, Gauschla 2310m\"\n               data-image-slug=\"img_2831-3\"\n               class=\"shutterset_29184\">\n                <img\n                    title=\"Sichli 2320m, Rosswies 2334m, die Spitzen der Fulfirsten , G\u00c3\u00a4ttlichopf 2298,Chrummenstein 2261m, Chi Alvier 2285m, Alvier 2343m, Hoher Freschen 2004m, Gauschla 2310m\"\n                    alt=\"Sichli 2320m, Rosswies 2334m, die Spitzen der Fulfirsten , G\u00c3\u00a4ttlichopf 2298,Chrummenstein 2261m, Chi Alvier 2285m, Alvier 2343m, Hoher Freschen 2004m, Gauschla 2310m\"\n                    src=\"http:\/\/www.freimarianne.ch\/wp-content\/gallery\/panuol-28-2-18\/thumbs\/thumbs_IMG_2831.jpg\"\n                    width=\"100\"\n                    height=\"75\"\n                    style=\"max-width:100%;\"\n                \/>\n            <\/a>\n        <\/div>\n\t\t\t\t\t\t\t<\/div> \n\t\t\t\n        \n\t\t\t\t<div id=\"ngg-image-10\" class=\"ngg-gallery-thumbnail-box\" >\n\t\t\t\t        <div class=\"ngg-gallery-thumbnail\">\n            <a href=\"http:\/\/www.freimarianne.ch\/wp-content\/gallery\/panuol-28-2-18\/IMG_2834.jpg\"\n               title=\"Winterlandschaft mit  Guscha\"\n               data-src=\"http:\/\/www.freimarianne.ch\/wp-content\/gallery\/panuol-28-2-18\/IMG_2834.jpg\"\n               data-thumbnail=\"http:\/\/www.freimarianne.ch\/wp-content\/gallery\/panuol-28-2-18\/thumbs\/thumbs_IMG_2834.jpg\"\n               data-image-id=\"17736\"\n               data-title=\"Winterlandschaft mit  Guscha\"\n               data-description=\"Winterlandschaft mit  Guscha\"\n               data-image-slug=\"img_2834\"\n               class=\"shutterset_29184\">\n                <img\n                    title=\"Winterlandschaft mit  Guscha\"\n                    alt=\"Winterlandschaft mit  Guscha\"\n                    src=\"http:\/\/www.freimarianne.ch\/wp-content\/gallery\/panuol-28-2-18\/thumbs\/thumbs_IMG_2834.jpg\"\n                    width=\"100\"\n                    height=\"75\"\n                    style=\"max-width:100%;\"\n                \/>\n            <\/a>\n        <\/div>\n\t\t\t\t\t\t\t<\/div> \n\t\t\t\n        \n\t\t\t\t<div id=\"ngg-image-11\" class=\"ngg-gallery-thumbnail-box\" >\n\t\t\t\t        <div class=\"ngg-gallery-thumbnail\">\n            <a href=\"http:\/\/www.freimarianne.ch\/wp-content\/gallery\/panuol-28-2-18\/IMG_2837.jpg\"\n               title=\"Blick nach S\u00fcden;  Blick ins Schilstal  und auf Hochfinsler 2423m\"\n               data-src=\"http:\/\/www.freimarianne.ch\/wp-content\/gallery\/panuol-28-2-18\/IMG_2837.jpg\"\n               data-thumbnail=\"http:\/\/www.freimarianne.ch\/wp-content\/gallery\/panuol-28-2-18\/thumbs\/thumbs_IMG_2837.jpg\"\n               data-image-id=\"17735\"\n               data-title=\"Blick nach S\u00c3\u00bcden;  Blick ins Schilstal  und auf Hochfinsler 2423m\"\n               data-description=\"Blick nach S\u00fcden;  Blick ins Schilstal  und auf Hochfinsler 2423m\"\n               data-image-slug=\"img_2837-5\"\n               class=\"shutterset_29184\">\n                <img\n                    title=\"Blick nach S\u00c3\u00bcden;  Blick ins Schilstal  und auf Hochfinsler 2423m\"\n                    alt=\"Blick nach S\u00c3\u00bcden;  Blick ins Schilstal  und auf Hochfinsler 2423m\"\n                    src=\"http:\/\/www.freimarianne.ch\/wp-content\/gallery\/panuol-28-2-18\/thumbs\/thumbs_IMG_2837.jpg\"\n                    width=\"100\"\n                    height=\"75\"\n                    style=\"max-width:100%;\"\n                \/>\n            <\/a>\n        <\/div>\n\t\t\t\t\t\t\t<\/div> \n\t\t\t\n        \n\t\t\t\t<div id=\"ngg-image-12\" class=\"ngg-gallery-thumbnail-box\" >\n\t\t\t\t        <div class=\"ngg-gallery-thumbnail\">\n            <a href=\"http:\/\/www.freimarianne.ch\/wp-content\/gallery\/panuol-28-2-18\/IMG_2841.jpg\"\n               title=\"Winterstimmung auf der Prodalp 1576m\"\n               data-src=\"http:\/\/www.freimarianne.ch\/wp-content\/gallery\/panuol-28-2-18\/IMG_2841.jpg\"\n               data-thumbnail=\"http:\/\/www.freimarianne.ch\/wp-content\/gallery\/panuol-28-2-18\/thumbs\/thumbs_IMG_2841.jpg\"\n               data-image-id=\"17734\"\n               data-title=\"Winterstimmung auf der Prodalp 1576m\"\n               data-description=\"Winterstimmung auf der Prodalp 1576m\"\n               data-image-slug=\"img_2841-2\"\n               class=\"shutterset_29184\">\n                <img\n                    title=\"Winterstimmung auf der Prodalp 1576m\"\n                    alt=\"Winterstimmung auf der Prodalp 1576m\"\n                    src=\"http:\/\/www.freimarianne.ch\/wp-content\/gallery\/panuol-28-2-18\/thumbs\/thumbs_IMG_2841.jpg\"\n                    width=\"100\"\n                    height=\"75\"\n                    style=\"max-width:100%;\"\n                \/>\n            <\/a>\n        <\/div>\n\t\t\t\t\t\t\t<\/div> \n\t\t\t\n        \n\t\t\t\t<div id=\"ngg-image-13\" class=\"ngg-gallery-thumbnail-box\" >\n\t\t\t\t        <div class=\"ngg-gallery-thumbnail\">\n            <a href=\"http:\/\/www.freimarianne.ch\/wp-content\/gallery\/panuol-28-2-18\/IMG_2842.jpg\"\n               title=\"auf der Prodalp;  H\u00f6chst 2024m, Sichelkamm 2269m,  Gamsberg 2384m, Sichli 2320m, Rosswies 2334m, die Spitzen der Fulfirsten , G\u00e4ttlichopf 2298,Chrummenstein 2261m, Chi Alvier 2285m, Alvier 2343m\"\n               data-src=\"http:\/\/www.freimarianne.ch\/wp-content\/gallery\/panuol-28-2-18\/IMG_2842.jpg\"\n               data-thumbnail=\"http:\/\/www.freimarianne.ch\/wp-content\/gallery\/panuol-28-2-18\/thumbs\/thumbs_IMG_2842.jpg\"\n               data-image-id=\"17733\"\n               data-title=\"auf der Prodalp;  H\u00c3\u00b6chst 2024m, Sichelkamm 2269m,  Gamsberg 2384m, Sichli 2320m, Rosswies 2334m, die Spitzen der Fulfirsten , G\u00c3\u00a4ttlichopf 2298,Chrummenstein 2261m, Chi Alvier 2285m, Alvier 2343m\"\n               data-description=\"auf der Prodalp;  H\u00f6chst 2024m, Sichelkamm 2269m,  Gamsberg 2384m, Sichli 2320m, Rosswies 2334m, die Spitzen der Fulfirsten , G\u00e4ttlichopf 2298,Chrummenstein 2261m, Chi Alvier 2285m, Alvier 2343m\"\n               data-image-slug=\"img_2842-4\"\n               class=\"shutterset_29184\">\n                <img\n                    title=\"auf der Prodalp;  H\u00c3\u00b6chst 2024m, Sichelkamm 2269m,  Gamsberg 2384m, Sichli 2320m, Rosswies 2334m, die Spitzen der Fulfirsten , G\u00c3\u00a4ttlichopf 2298,Chrummenstein 2261m, Chi Alvier 2285m, Alvier 2343m\"\n                    alt=\"auf der Prodalp;  H\u00c3\u00b6chst 2024m, Sichelkamm 2269m,  Gamsberg 2384m, Sichli 2320m, Rosswies 2334m, die Spitzen der Fulfirsten , G\u00c3\u00a4ttlichopf 2298,Chrummenstein 2261m, Chi Alvier 2285m, Alvier 2343m\"\n                    src=\"http:\/\/www.freimarianne.ch\/wp-content\/gallery\/panuol-28-2-18\/thumbs\/thumbs_IMG_2842.jpg\"\n                    width=\"100\"\n                    height=\"75\"\n                    style=\"max-width:100%;\"\n                \/>\n            <\/a>\n        <\/div>\n\t\t\t\t\t\t\t<\/div> \n\t\t\t\n        \n\t\t\t\t<div id=\"ngg-image-14\" class=\"ngg-gallery-thumbnail-box\" >\n\t\t\t\t        <div class=\"ngg-gallery-thumbnail\">\n            <a href=\"http:\/\/www.freimarianne.ch\/wp-content\/gallery\/panuol-28-2-18\/IMG_2847.jpg\"\n               title=\"Winterstimmung auf der Prodalp\"\n               data-src=\"http:\/\/www.freimarianne.ch\/wp-content\/gallery\/panuol-28-2-18\/IMG_2847.jpg\"\n               data-thumbnail=\"http:\/\/www.freimarianne.ch\/wp-content\/gallery\/panuol-28-2-18\/thumbs\/thumbs_IMG_2847.jpg\"\n               data-image-id=\"17732\"\n               data-title=\"Winterstimmung auf der Prodalp\"\n               data-description=\"Winterstimmung auf der Prodalp\"\n               data-image-slug=\"img_2847-2\"\n               class=\"shutterset_29184\">\n                <img\n                    title=\"Winterstimmung auf der Prodalp\"\n                    alt=\"Winterstimmung auf der Prodalp\"\n                    src=\"http:\/\/www.freimarianne.ch\/wp-content\/gallery\/panuol-28-2-18\/thumbs\/thumbs_IMG_2847.jpg\"\n                    width=\"100\"\n                    height=\"75\"\n                    style=\"max-width:100%;\"\n                \/>\n            <\/a>\n        <\/div>\n\t\t\t\t\t\t\t<\/div> \n\t\t\t\n        \n\t\t\t\t<div id=\"ngg-image-15\" class=\"ngg-gallery-thumbnail-box\" >\n\t\t\t\t        <div class=\"ngg-gallery-thumbnail\">\n            <a href=\"http:\/\/www.freimarianne.ch\/wp-content\/gallery\/panuol-28-2-18\/IMG_2849.jpg\"\n               title=\"Winterzauber\"\n               data-src=\"http:\/\/www.freimarianne.ch\/wp-content\/gallery\/panuol-28-2-18\/IMG_2849.jpg\"\n               data-thumbnail=\"http:\/\/www.freimarianne.ch\/wp-content\/gallery\/panuol-28-2-18\/thumbs\/thumbs_IMG_2849.jpg\"\n               data-image-id=\"17731\"\n               data-title=\"Winterzauber\"\n               data-description=\"Winterzauber\"\n               data-image-slug=\"img_2849\"\n               class=\"shutterset_29184\">\n                <img\n                    title=\"Winterzauber\"\n                    alt=\"Winterzauber\"\n                    src=\"http:\/\/www.freimarianne.ch\/wp-content\/gallery\/panuol-28-2-18\/thumbs\/thumbs_IMG_2849.jpg\"\n                    width=\"100\"\n                    height=\"75\"\n                    style=\"max-width:100%;\"\n                \/>\n            <\/a>\n        <\/div>\n\t\t\t\t\t\t\t<\/div> \n\t\t\t\n        \n\t\t\t\t<div id=\"ngg-image-16\" class=\"ngg-gallery-thumbnail-box\" >\n\t\t\t\t        <div class=\"ngg-gallery-thumbnail\">\n            <a href=\"http:\/\/www.freimarianne.ch\/wp-content\/gallery\/panuol-28-2-18\/IMG_2850.jpg\"\n               title=\"Sichelkamm 2269m,  Gamsberg 2384m\"\n               data-src=\"http:\/\/www.freimarianne.ch\/wp-content\/gallery\/panuol-28-2-18\/IMG_2850.jpg\"\n               data-thumbnail=\"http:\/\/www.freimarianne.ch\/wp-content\/gallery\/panuol-28-2-18\/thumbs\/thumbs_IMG_2850.jpg\"\n               data-image-id=\"17730\"\n               data-title=\"Sichelkamm 2269m,  Gamsberg 2384m\"\n               data-description=\"Sichelkamm 2269m,  Gamsberg 2384m\"\n               data-image-slug=\"img_2850-4\"\n               class=\"shutterset_29184\">\n                <img\n                    title=\"Sichelkamm 2269m,  Gamsberg 2384m\"\n                    alt=\"Sichelkamm 2269m,  Gamsberg 2384m\"\n                    src=\"http:\/\/www.freimarianne.ch\/wp-content\/gallery\/panuol-28-2-18\/thumbs\/thumbs_IMG_2850.jpg\"\n                    width=\"100\"\n                    height=\"75\"\n                    style=\"max-width:100%;\"\n                \/>\n            <\/a>\n        <\/div>\n\t\t\t\t\t\t\t<\/div> \n\t\t\t\n        \n\t\t\t\t<div id=\"ngg-image-17\" class=\"ngg-gallery-thumbnail-box\" >\n\t\t\t\t        <div class=\"ngg-gallery-thumbnail\">\n            <a href=\"http:\/\/www.freimarianne.ch\/wp-content\/gallery\/panuol-28-2-18\/panorama_IMG_2818-2825.jpg\"\n               title=\"Panorama von Pan\u00fc\u00f6l\"\n               data-src=\"http:\/\/www.freimarianne.ch\/wp-content\/gallery\/panuol-28-2-18\/panorama_IMG_2818-2825.jpg\"\n               data-thumbnail=\"http:\/\/www.freimarianne.ch\/wp-content\/gallery\/panuol-28-2-18\/thumbs\/thumbs_panorama_IMG_2818-2825.jpg\"\n               data-image-id=\"17729\"\n               data-title=\"Panorama von Pan\u00c3\u00bc\u00c3\u00b6l\"\n               data-description=\"Panorama von Pan\u00fc\u00f6l\"\n               data-image-slug=\"panorama_img_2818-2825\"\n               class=\"shutterset_29184\">\n                <img\n                    title=\"Panorama von Pan\u00c3\u00bc\u00c3\u00b6l\"\n                    alt=\"Panorama von Pan\u00c3\u00bc\u00c3\u00b6l\"\n                    src=\"http:\/\/www.freimarianne.ch\/wp-content\/gallery\/panuol-28-2-18\/thumbs\/thumbs_panorama_IMG_2818-2825.jpg\"\n                    width=\"100\"\n                    height=\"75\"\n                    style=\"max-width:100%;\"\n                \/>\n            <\/a>\n        <\/div>\n\t\t\t\t\t\t\t<\/div> \n\t\t\t\n        \n\t\t\n\t\t<!-- Pagination -->\n\t<div class='ngg-clear'><\/div>\t<\/div>\n<\/p>\n","protected":false},"excerpt":{"rendered":"<p>Winterrundwanderung vom Maschgenkamm \u00fcber Pan\u00fc\u00f6l und Prodalp auf den Tannenboden Winterstimmung auf der Prodalp Auf dem Maschgenkamm 2008m erwarten uns sch\u00f6nes Wetter und ein kalter Wind. Wir packen uns gut ein und machen uns auf den Weg. Es geht zuerst einmal steil hiunter zur Maschgenl\u00fccke, wo wir dann bei Bruni\u2019s Schuhen die *Iseli\u201c hervorholen. Wir [&hellip;]<\/p>\n","protected":false},"author":1,"featured_media":0,"parent":28172,"menu_order":19,"comment_status":"closed","ping_status":"closed","template":"","meta":{"ngg_post_thumbnail":0},"_links":{"self":[{"href":"http:\/\/www.freimarianne.ch\/index.php?rest_route=\/wp\/v2\/pages\/29180"}],"collection":[{"href":"http:\/\/www.freimarianne.ch\/index.php?rest_route=\/wp\/v2\/pages"}],"about":[{"href":"http:\/\/www.freimarianne.ch\/index.php?rest_route=\/wp\/v2\/types\/page"}],"author":[{"embeddable":true,"href":"http:\/\/www.freimarianne.ch\/index.php?rest_route=\/wp\/v2\/users\/1"}],"replies":[{"embeddable":true,"href":"http:\/\/www.freimarianne.ch\/index.php?rest_route=%2Fwp%2Fv2%2Fcomments&post=29180"}],"version-history":[{"count":6,"href":"http:\/\/www.freimarianne.ch\/index.php?rest_route=\/wp\/v2\/pages\/29180\/revisions"}],"predecessor-version":[{"id":29187,"href":"http:\/\/www.freimarianne.ch\/index.php?rest_route=\/wp\/v2\/pages\/29180\/revisions\/29187"}],"up":[{"embeddable":true,"href":"http:\/\/www.freimarianne.ch\/index.php?rest_route=\/wp\/v2\/pages\/28172"}],"wp:attachment":[{"href":"http:\/\/www.freimarianne.ch\/index.php?rest_route=%2Fwp%2Fv2%2Fmedia&parent=29180"}],"curies":[{"name":"wp","href":"https:\/\/api.w.org\/{rel}","templated":true}]}}