{"id":32256,"date":"2018-08-24T08:10:42","date_gmt":"2018-08-24T07:10:42","guid":{"rendered":"http:\/\/www.freimarianne.ch\/?page_id=32256"},"modified":"2018-08-27T16:28:38","modified_gmt":"2018-08-27T15:28:38","slug":"trittlipass-sz-21-8-2018","status":"publish","type":"page","link":"http:\/\/www.freimarianne.ch\/?page_id=32256","title":{"rendered":"Trittlipass   SZ  21.8.2018"},"content":{"rendered":"<p><strong>Bergwanderung von Weglosen auf den Trittlipass<\/strong><br \/>\nWeglosen &#8211; Druesbergh\u00fctte &#8211; Trittlipass &#8211; Seebli<\/p>\n<div id=\"attachment_32227\" style=\"width: 510px\" class=\"wp-caption alignleft\"><img aria-describedby=\"caption-attachment-32227\" loading=\"lazy\" class=\"size-full wp-image-32227\" src=\"http:\/\/www.freimarianne.ch\/wp-content\/uploads\/2018\/08\/IMG_2106_trittlipass-_500.jpg\" alt=\"\" width=\"500\" height=\"375\" srcset=\"http:\/\/www.freimarianne.ch\/wp-content\/uploads\/2018\/08\/IMG_2106_trittlipass-_500.jpg 500w, http:\/\/www.freimarianne.ch\/wp-content\/uploads\/2018\/08\/IMG_2106_trittlipass-_500-300x225.jpg 300w, http:\/\/www.freimarianne.ch\/wp-content\/uploads\/2018\/08\/IMG_2106_trittlipass-_500-400x300.jpg 400w\" sizes=\"(max-width: 500px) 100vw, 500px\" \/><p id=\"caption-attachment-32227\" class=\"wp-caption-text\">auf dem Panoramaweg zum Trittlipass; Sch\u00fclberg 1930m, Chli Sch\u00fclberg 1894m<\/p><\/div>\n<p>Wir sind heute fr\u00fch unterwegs und beginnen unsere Wanderung in Weglosen 1036m um 915h. Wir nehmen den Weg, der steil hinauf zu Punkt 1209m f\u00fchrt. Dann m\u00fcssen wir auf der Alpstrasse marschieren, um dann bei Obergrueb wieder auf einen Wanderweg zu stossen, der uns \u00fcber Alpgel\u00e4nde hinauf zur Druesbergh\u00fctte 1582m bringt. Wir machen weiter oben einen Mittagshalt und wandern dann im steten Auf und Ab \u00fcber das weitl\u00e4ufige Alpgel\u00e4nde an wenigen Alph\u00fctten, wie Steinh\u00fcttl, S\u00e4del und Obere Guggerenh\u00fctte vorbei in Richtung Trittlipass 1582m.<br \/>\nIm R\u00fcckblick sehen wir die beiden Sch\u00fclberge, die \u00fcber der Druesbergh\u00fctte thronen und hinten den R\u00fctistein und den Forstberg. Den Druesberg sieht man nur im Gebiet der Druesbergh\u00fctte. W\u00e4hrend der ganzen Wanderung sehen wir in den Talkessel Hochybrig mit dem Sternen 1969m, dem Spirstock 1771m, der Bergstation Seebli und den Roggenstock 1566m.<br \/>\nDer kurze Aufstieg auf den \u00dcbergang Trittlipass ist sehr steil und rutschig.<br \/>\nGenerell gesehen ist dieser Wanderweg in mittlerer H\u00f6he des Talkessels von der Druesbergh\u00fctte hin\u00fcber zum Trittlipass etwas anspruchsvoll, da er ein richtiger Bergweg ist.<br \/>\nWIr kommen \u00fcber Alpweiden mit vielen verdorrten gelben Germerpflanzen hinunter zur Seebli Bergstation 1465m, wo wir auf ein geschlossenes Restaurant treffen. Wir k\u00f6nnen aber an einem Automaten einen Kaffee beziehen. Nach dieser kurzen Pause machen wir noch eine Runde am Seeblisee und nehmen dann die Seilbahn um 14.30h hinunter nach Weglosen, wo um 14.47h der Bus nach Einsiedlen f\u00e4hrt.<\/p>\n<p>Laut Schweizmobil:<br \/>\nDistanz.8.62km; Aufsieg: 789m; Abstieg: 367m; Wanderzeit: 3h 20 min<\/p>\n<p><a href=\"https:\/\/map.schweizmobil.ch\/?lang=de&amp;bgLayer=pk&amp;season=summer&amp;resolution=5&amp;E=2704120&amp;N=1207810&amp;layers=Station&amp;trackId=4821386\">Karte Schweizmobil:<\/a><\/p>\n<p><!-- index.php -->\n<div\n\tclass=\"ngg-galleryoverview ngg-ajax-pagination-none\"\n\tid=\"ngg-gallery-32661-1\">\n\n    \t<div class=\"slideshowlink\">\n        <a href='http:\/\/www.freimarianne.ch\/index.php\/nggallery\/slideshow?page_id=32256'>[Show as slideshow]<\/a>\n\t\t\n\t<\/div>\n\t\t\t<!-- Thumbnails -->\n\t\t\t\t<div id=\"ngg-image-0\" class=\"ngg-gallery-thumbnail-box\" >\n\t\t\t\t        <div class=\"ngg-gallery-thumbnail\">\n            <a href=\"http:\/\/www.freimarianne.ch\/wp-content\/gallery\/trittlipass-21-8-18\/IMG_2060.jpg\"\n               title=\"bei Weglosen im Talkessel Hochybrig\"\n               data-src=\"http:\/\/www.freimarianne.ch\/wp-content\/gallery\/trittlipass-21-8-18\/IMG_2060.jpg\"\n               data-thumbnail=\"http:\/\/www.freimarianne.ch\/wp-content\/gallery\/trittlipass-21-8-18\/thumbs\/thumbs_IMG_2060.jpg\"\n               data-image-id=\"19111\"\n               data-title=\"bei Weglosen im Talkessel Hochybrig\"\n               data-description=\"bei Weglosen im Talkessel Hochybrig\"\n               data-image-slug=\"img_2060-2\"\n               class=\"shutterset_32661\">\n                <img\n                    title=\"bei Weglosen im Talkessel Hochybrig\"\n                    alt=\"bei Weglosen im Talkessel Hochybrig\"\n                    src=\"http:\/\/www.freimarianne.ch\/wp-content\/gallery\/trittlipass-21-8-18\/thumbs\/thumbs_IMG_2060.jpg\"\n                    width=\"100\"\n                    height=\"75\"\n                    style=\"max-width:100%;\"\n                \/>\n            <\/a>\n        <\/div>\n\t\t\t\t\t\t\t<\/div> \n\t\t\t\n        \n\t\t\t\t<div id=\"ngg-image-1\" class=\"ngg-gallery-thumbnail-box\" >\n\t\t\t\t        <div class=\"ngg-gallery-thumbnail\">\n            <a href=\"http:\/\/www.freimarianne.ch\/wp-content\/gallery\/trittlipass-21-8-18\/IMG_2067.jpg\"\n               title=\"Gross Sternen 1969m, Chli Sternen 1865m, Spirstock 1771m mit Bergstation Seebli\"\n               data-src=\"http:\/\/www.freimarianne.ch\/wp-content\/gallery\/trittlipass-21-8-18\/IMG_2067.jpg\"\n               data-thumbnail=\"http:\/\/www.freimarianne.ch\/wp-content\/gallery\/trittlipass-21-8-18\/thumbs\/thumbs_IMG_2067.jpg\"\n               data-image-id=\"19110\"\n               data-title=\"Gross Sternen 1969m, Chli Sternen 1865m, Spirstock 1771m mit Bergstation Seebli\"\n               data-description=\"Gross Sternen 1969m, Chli Sternen 1865m, Spirstock 1771m mit Bergstation Seebli\"\n               data-image-slug=\"img_2067\"\n               class=\"shutterset_32661\">\n                <img\n                    title=\"Gross Sternen 1969m, Chli Sternen 1865m, Spirstock 1771m mit Bergstation Seebli\"\n                    alt=\"Gross Sternen 1969m, Chli Sternen 1865m, Spirstock 1771m mit Bergstation Seebli\"\n                    src=\"http:\/\/www.freimarianne.ch\/wp-content\/gallery\/trittlipass-21-8-18\/thumbs\/thumbs_IMG_2067.jpg\"\n                    width=\"100\"\n                    height=\"75\"\n                    style=\"max-width:100%;\"\n                \/>\n            <\/a>\n        <\/div>\n\t\t\t\t\t\t\t<\/div> \n\t\t\t\n        \n\t\t\t\t<div id=\"ngg-image-2\" class=\"ngg-gallery-thumbnail-box\" >\n\t\t\t\t        <div class=\"ngg-gallery-thumbnail\">\n            <a href=\"http:\/\/www.freimarianne.ch\/wp-content\/gallery\/trittlipass-21-8-18\/IMG_2069.jpg\"\n               title=\"Unterstand bei Obergrueb mit st\u00e4ndigen Besucher\"\n               data-src=\"http:\/\/www.freimarianne.ch\/wp-content\/gallery\/trittlipass-21-8-18\/IMG_2069.jpg\"\n               data-thumbnail=\"http:\/\/www.freimarianne.ch\/wp-content\/gallery\/trittlipass-21-8-18\/thumbs\/thumbs_IMG_2069.jpg\"\n               data-image-id=\"19109\"\n               data-title=\"Unterstand bei Obergrueb mit st\u00c3\u00a4ndigen Besucher\"\n               data-description=\"Unterstand bei Obergrueb mit st\u00e4ndigen Besucher\"\n               data-image-slug=\"img_2069-2\"\n               class=\"shutterset_32661\">\n                <img\n                    title=\"Unterstand bei Obergrueb mit st\u00c3\u00a4ndigen Besucher\"\n                    alt=\"Unterstand bei Obergrueb mit st\u00c3\u00a4ndigen Besucher\"\n                    src=\"http:\/\/www.freimarianne.ch\/wp-content\/gallery\/trittlipass-21-8-18\/thumbs\/thumbs_IMG_2069.jpg\"\n                    width=\"100\"\n                    height=\"75\"\n                    style=\"max-width:100%;\"\n                \/>\n            <\/a>\n        <\/div>\n\t\t\t\t\t\t\t<\/div> \n\t\t\t\n        \n\t\t\t\t<div id=\"ngg-image-3\" class=\"ngg-gallery-thumbnail-box\" >\n\t\t\t\t        <div class=\"ngg-gallery-thumbnail\">\n            <a href=\"http:\/\/www.freimarianne.ch\/wp-content\/gallery\/trittlipass-21-8-18\/IMG_2074.jpg\"\n               title=\"im Aufstieg zur Druesbergh\u00fctte; Sch\u00fclberg 1930m, Chli Sch\u00fclberg 1894m\"\n               data-src=\"http:\/\/www.freimarianne.ch\/wp-content\/gallery\/trittlipass-21-8-18\/IMG_2074.jpg\"\n               data-thumbnail=\"http:\/\/www.freimarianne.ch\/wp-content\/gallery\/trittlipass-21-8-18\/thumbs\/thumbs_IMG_2074.jpg\"\n               data-image-id=\"19108\"\n               data-title=\"im Aufstieg zur Druesbergh\u00c3\u00bctte; Sch\u00c3\u00bclberg 1930m, Chli Sch\u00c3\u00bclberg 1894m\"\n               data-description=\"im Aufstieg zur Druesbergh\u00fctte; Sch\u00fclberg 1930m, Chli Sch\u00fclberg 1894m\"\n               data-image-slug=\"img_2074-3\"\n               class=\"shutterset_32661\">\n                <img\n                    title=\"im Aufstieg zur Druesbergh\u00c3\u00bctte; Sch\u00c3\u00bclberg 1930m, Chli Sch\u00c3\u00bclberg 1894m\"\n                    alt=\"im Aufstieg zur Druesbergh\u00c3\u00bctte; Sch\u00c3\u00bclberg 1930m, Chli Sch\u00c3\u00bclberg 1894m\"\n                    src=\"http:\/\/www.freimarianne.ch\/wp-content\/gallery\/trittlipass-21-8-18\/thumbs\/thumbs_IMG_2074.jpg\"\n                    width=\"100\"\n                    height=\"75\"\n                    style=\"max-width:100%;\"\n                \/>\n            <\/a>\n        <\/div>\n\t\t\t\t\t\t\t<\/div> \n\t\t\t\n        \n\t\t\t\t<div id=\"ngg-image-4\" class=\"ngg-gallery-thumbnail-box\" >\n\t\t\t\t        <div class=\"ngg-gallery-thumbnail\">\n            <a href=\"http:\/\/www.freimarianne.ch\/wp-content\/gallery\/trittlipass-21-8-18\/IMG_2079.jpg\"\n               title=\"Duesbergh\u00fctte  1581m mit Sch\u00fclberg 1930m, Chli Sch\u00fclberg 1894m\"\n               data-src=\"http:\/\/www.freimarianne.ch\/wp-content\/gallery\/trittlipass-21-8-18\/IMG_2079.jpg\"\n               data-thumbnail=\"http:\/\/www.freimarianne.ch\/wp-content\/gallery\/trittlipass-21-8-18\/thumbs\/thumbs_IMG_2079.jpg\"\n               data-image-id=\"19107\"\n               data-title=\"Duesbergh\u00c3\u00bctte  1581m mit Sch\u00c3\u00bclberg 1930m, Chli Sch\u00c3\u00bclberg 1894m\"\n               data-description=\"Duesbergh\u00fctte  1581m mit Sch\u00fclberg 1930m, Chli Sch\u00fclberg 1894m\"\n               data-image-slug=\"img_2079\"\n               class=\"shutterset_32661\">\n                <img\n                    title=\"Duesbergh\u00c3\u00bctte  1581m mit Sch\u00c3\u00bclberg 1930m, Chli Sch\u00c3\u00bclberg 1894m\"\n                    alt=\"Duesbergh\u00c3\u00bctte  1581m mit Sch\u00c3\u00bclberg 1930m, Chli Sch\u00c3\u00bclberg 1894m\"\n                    src=\"http:\/\/www.freimarianne.ch\/wp-content\/gallery\/trittlipass-21-8-18\/thumbs\/thumbs_IMG_2079.jpg\"\n                    width=\"100\"\n                    height=\"75\"\n                    style=\"max-width:100%;\"\n                \/>\n            <\/a>\n        <\/div>\n\t\t\t\t\t\t\t<\/div> \n\t\t\t\n        \n\t\t\t\t<div id=\"ngg-image-5\" class=\"ngg-gallery-thumbnail-box\" >\n\t\t\t\t        <div class=\"ngg-gallery-thumbnail\">\n            <a href=\"http:\/\/www.freimarianne.ch\/wp-content\/gallery\/trittlipass-21-8-18\/IMG_2081.jpg\"\n               title=\"Blick hin\u00fcber zum Forstberg 2215m\"\n               data-src=\"http:\/\/www.freimarianne.ch\/wp-content\/gallery\/trittlipass-21-8-18\/IMG_2081.jpg\"\n               data-thumbnail=\"http:\/\/www.freimarianne.ch\/wp-content\/gallery\/trittlipass-21-8-18\/thumbs\/thumbs_IMG_2081.jpg\"\n               data-image-id=\"19106\"\n               data-title=\"Blick hin\u00c3\u00bcber zum Forstberg 2215m\"\n               data-description=\"Blick hin\u00fcber zum Forstberg 2215m\"\n               data-image-slug=\"img_2081-2\"\n               class=\"shutterset_32661\">\n                <img\n                    title=\"Blick hin\u00c3\u00bcber zum Forstberg 2215m\"\n                    alt=\"Blick hin\u00c3\u00bcber zum Forstberg 2215m\"\n                    src=\"http:\/\/www.freimarianne.ch\/wp-content\/gallery\/trittlipass-21-8-18\/thumbs\/thumbs_IMG_2081.jpg\"\n                    width=\"100\"\n                    height=\"75\"\n                    style=\"max-width:100%;\"\n                \/>\n            <\/a>\n        <\/div>\n\t\t\t\t\t\t\t<\/div> \n\t\t\t\n        \n\t\t\t\t<div id=\"ngg-image-6\" class=\"ngg-gallery-thumbnail-box\" >\n\t\t\t\t        <div class=\"ngg-gallery-thumbnail\">\n            <a href=\"http:\/\/www.freimarianne.ch\/wp-content\/gallery\/trittlipass-21-8-18\/IMG_2084.jpg\"\n               title=\"K\u00e4lbchen\"\n               data-src=\"http:\/\/www.freimarianne.ch\/wp-content\/gallery\/trittlipass-21-8-18\/IMG_2084.jpg\"\n               data-thumbnail=\"http:\/\/www.freimarianne.ch\/wp-content\/gallery\/trittlipass-21-8-18\/thumbs\/thumbs_IMG_2084.jpg\"\n               data-image-id=\"19105\"\n               data-title=\"K\u00c3\u00a4lbchen\"\n               data-description=\"K\u00e4lbchen\"\n               data-image-slug=\"img_2084-5\"\n               class=\"shutterset_32661\">\n                <img\n                    title=\"K\u00c3\u00a4lbchen\"\n                    alt=\"K\u00c3\u00a4lbchen\"\n                    src=\"http:\/\/www.freimarianne.ch\/wp-content\/gallery\/trittlipass-21-8-18\/thumbs\/thumbs_IMG_2084.jpg\"\n                    width=\"100\"\n                    height=\"75\"\n                    style=\"max-width:100%;\"\n                \/>\n            <\/a>\n        <\/div>\n\t\t\t\t\t\t\t<\/div> \n\t\t\t\n        \n\t\t\t\t<div id=\"ngg-image-7\" class=\"ngg-gallery-thumbnail-box\" >\n\t\t\t\t        <div class=\"ngg-gallery-thumbnail\">\n            <a href=\"http:\/\/www.freimarianne.ch\/wp-content\/gallery\/trittlipass-21-8-18\/IMG_2089.jpg\"\n               title=\"Alpgeb\u00e4ude\"\n               data-src=\"http:\/\/www.freimarianne.ch\/wp-content\/gallery\/trittlipass-21-8-18\/IMG_2089.jpg\"\n               data-thumbnail=\"http:\/\/www.freimarianne.ch\/wp-content\/gallery\/trittlipass-21-8-18\/thumbs\/thumbs_IMG_2089.jpg\"\n               data-image-id=\"19104\"\n               data-title=\"Alpgeb\u00c3\u00a4ude\"\n               data-description=\"Alpgeb\u00e4ude\"\n               data-image-slug=\"img_2089-3\"\n               class=\"shutterset_32661\">\n                <img\n                    title=\"Alpgeb\u00c3\u00a4ude\"\n                    alt=\"Alpgeb\u00c3\u00a4ude\"\n                    src=\"http:\/\/www.freimarianne.ch\/wp-content\/gallery\/trittlipass-21-8-18\/thumbs\/thumbs_IMG_2089.jpg\"\n                    width=\"100\"\n                    height=\"75\"\n                    style=\"max-width:100%;\"\n                \/>\n            <\/a>\n        <\/div>\n\t\t\t\t\t\t\t<\/div> \n\t\t\t\n        \n\t\t\t\t<div id=\"ngg-image-8\" class=\"ngg-gallery-thumbnail-box\" >\n\t\t\t\t        <div class=\"ngg-gallery-thumbnail\">\n            <a href=\"http:\/\/www.freimarianne.ch\/wp-content\/gallery\/trittlipass-21-8-18\/IMG_2093.jpg\"\n               title=\"Feld Kranzenzian, Gentinella campestris\"\n               data-src=\"http:\/\/www.freimarianne.ch\/wp-content\/gallery\/trittlipass-21-8-18\/IMG_2093.jpg\"\n               data-thumbnail=\"http:\/\/www.freimarianne.ch\/wp-content\/gallery\/trittlipass-21-8-18\/thumbs\/thumbs_IMG_2093.jpg\"\n               data-image-id=\"19103\"\n               data-title=\"Feld Kranzenzian, Gentinella campestris\"\n               data-description=\"Feld Kranzenzian, Gentinella campestris\"\n               data-image-slug=\"img_2093-1\"\n               class=\"shutterset_32661\">\n                <img\n                    title=\"Feld Kranzenzian, Gentinella campestris\"\n                    alt=\"Feld Kranzenzian, Gentinella campestris\"\n                    src=\"http:\/\/www.freimarianne.ch\/wp-content\/gallery\/trittlipass-21-8-18\/thumbs\/thumbs_IMG_2093.jpg\"\n                    width=\"100\"\n                    height=\"75\"\n                    style=\"max-width:100%;\"\n                \/>\n            <\/a>\n        <\/div>\n\t\t\t\t\t\t\t<\/div> \n\t\t\t\n        \n\t\t\t\t<div id=\"ngg-image-9\" class=\"ngg-gallery-thumbnail-box\" >\n\t\t\t\t        <div class=\"ngg-gallery-thumbnail\">\n            <a href=\"http:\/\/www.freimarianne.ch\/wp-content\/gallery\/trittlipass-21-8-18\/IMG_2094.jpg\"\n               title=\"durch Alpgel\u00e4nde; Sch\u00fclberg 1930m\"\n               data-src=\"http:\/\/www.freimarianne.ch\/wp-content\/gallery\/trittlipass-21-8-18\/IMG_2094.jpg\"\n               data-thumbnail=\"http:\/\/www.freimarianne.ch\/wp-content\/gallery\/trittlipass-21-8-18\/thumbs\/thumbs_IMG_2094.jpg\"\n               data-image-id=\"19102\"\n               data-title=\"durch Alpgel\u00c3\u00a4nde; Sch\u00c3\u00bclberg 1930m\"\n               data-description=\"durch Alpgel\u00e4nde; Sch\u00fclberg 1930m\"\n               data-image-slug=\"img_2094-1\"\n               class=\"shutterset_32661\">\n                <img\n                    title=\"durch Alpgel\u00c3\u00a4nde; Sch\u00c3\u00bclberg 1930m\"\n                    alt=\"durch Alpgel\u00c3\u00a4nde; Sch\u00c3\u00bclberg 1930m\"\n                    src=\"http:\/\/www.freimarianne.ch\/wp-content\/gallery\/trittlipass-21-8-18\/thumbs\/thumbs_IMG_2094.jpg\"\n                    width=\"100\"\n                    height=\"75\"\n                    style=\"max-width:100%;\"\n                \/>\n            <\/a>\n        <\/div>\n\t\t\t\t\t\t\t<\/div> \n\t\t\t\n        \n\t\t\t\t<div id=\"ngg-image-10\" class=\"ngg-gallery-thumbnail-box\" >\n\t\t\t\t        <div class=\"ngg-gallery-thumbnail\">\n            <a href=\"http:\/\/www.freimarianne.ch\/wp-content\/gallery\/trittlipass-21-8-18\/IMG_2096.jpg\"\n               title=\"Talkessel Hochybrig mit  Spirstock 1771m\"\n               data-src=\"http:\/\/www.freimarianne.ch\/wp-content\/gallery\/trittlipass-21-8-18\/IMG_2096.jpg\"\n               data-thumbnail=\"http:\/\/www.freimarianne.ch\/wp-content\/gallery\/trittlipass-21-8-18\/thumbs\/thumbs_IMG_2096.jpg\"\n               data-image-id=\"19101\"\n               data-title=\"Talkessel Hochybrig mit  Spirstock 1771m\"\n               data-description=\"Talkessel Hochybrig mit  Spirstock 1771m\"\n               data-image-slug=\"img_2096-1\"\n               class=\"shutterset_32661\">\n                <img\n                    title=\"Talkessel Hochybrig mit  Spirstock 1771m\"\n                    alt=\"Talkessel Hochybrig mit  Spirstock 1771m\"\n                    src=\"http:\/\/www.freimarianne.ch\/wp-content\/gallery\/trittlipass-21-8-18\/thumbs\/thumbs_IMG_2096.jpg\"\n                    width=\"100\"\n                    height=\"75\"\n                    style=\"max-width:100%;\"\n                \/>\n            <\/a>\n        <\/div>\n\t\t\t\t\t\t\t<\/div> \n\t\t\t\n        \n\t\t\t\t<div id=\"ngg-image-11\" class=\"ngg-gallery-thumbnail-box\" >\n\t\t\t\t        <div class=\"ngg-gallery-thumbnail\">\n            <a href=\"http:\/\/www.freimarianne.ch\/wp-content\/gallery\/trittlipass-21-8-18\/IMG_2097.jpg\"\n               title=\"Fransen Enzian, Gentianopsis cilliata\"\n               data-src=\"http:\/\/www.freimarianne.ch\/wp-content\/gallery\/trittlipass-21-8-18\/IMG_2097.jpg\"\n               data-thumbnail=\"http:\/\/www.freimarianne.ch\/wp-content\/gallery\/trittlipass-21-8-18\/thumbs\/thumbs_IMG_2097.jpg\"\n               data-image-id=\"19100\"\n               data-title=\"Fransen Enzian, Gentianopsis cilliata\"\n               data-description=\"Fransen Enzian, Gentianopsis cilliata\"\n               data-image-slug=\"img_2097-5\"\n               class=\"shutterset_32661\">\n                <img\n                    title=\"Fransen Enzian, Gentianopsis cilliata\"\n                    alt=\"Fransen Enzian, Gentianopsis cilliata\"\n                    src=\"http:\/\/www.freimarianne.ch\/wp-content\/gallery\/trittlipass-21-8-18\/thumbs\/thumbs_IMG_2097.jpg\"\n                    width=\"100\"\n                    height=\"75\"\n                    style=\"max-width:100%;\"\n                \/>\n            <\/a>\n        <\/div>\n\t\t\t\t\t\t\t<\/div> \n\t\t\t\n        \n\t\t\t\t<div id=\"ngg-image-12\" class=\"ngg-gallery-thumbnail-box\" >\n\t\t\t\t        <div class=\"ngg-gallery-thumbnail\">\n            <a href=\"http:\/\/www.freimarianne.ch\/wp-content\/gallery\/trittlipass-21-8-18\/IMG_2101.jpg\"\n               title=\"Geiss\"\n               data-src=\"http:\/\/www.freimarianne.ch\/wp-content\/gallery\/trittlipass-21-8-18\/IMG_2101.jpg\"\n               data-thumbnail=\"http:\/\/www.freimarianne.ch\/wp-content\/gallery\/trittlipass-21-8-18\/thumbs\/thumbs_IMG_2101.jpg\"\n               data-image-id=\"19099\"\n               data-title=\"Geiss\"\n               data-description=\"Geiss\"\n               data-image-slug=\"img_2101-1\"\n               class=\"shutterset_32661\">\n                <img\n                    title=\"Geiss\"\n                    alt=\"Geiss\"\n                    src=\"http:\/\/www.freimarianne.ch\/wp-content\/gallery\/trittlipass-21-8-18\/thumbs\/thumbs_IMG_2101.jpg\"\n                    width=\"100\"\n                    height=\"75\"\n                    style=\"max-width:100%;\"\n                \/>\n            <\/a>\n        <\/div>\n\t\t\t\t\t\t\t<\/div> \n\t\t\t\n        \n\t\t\t\t<div id=\"ngg-image-13\" class=\"ngg-gallery-thumbnail-box\" >\n\t\t\t\t        <div class=\"ngg-gallery-thumbnail\">\n            <a href=\"http:\/\/www.freimarianne.ch\/wp-content\/gallery\/trittlipass-21-8-18\/IMG_2109.jpg\"\n               title=\"auf dem Panoramaweg zum Trittlipass\"\n               data-src=\"http:\/\/www.freimarianne.ch\/wp-content\/gallery\/trittlipass-21-8-18\/IMG_2109.jpg\"\n               data-thumbnail=\"http:\/\/www.freimarianne.ch\/wp-content\/gallery\/trittlipass-21-8-18\/thumbs\/thumbs_IMG_2109.jpg\"\n               data-image-id=\"19098\"\n               data-title=\"auf dem Panoramaweg zum Trittlipass\"\n               data-description=\"auf dem Panoramaweg zum Trittlipass\"\n               data-image-slug=\"img_2109-2\"\n               class=\"shutterset_32661\">\n                <img\n                    title=\"auf dem Panoramaweg zum Trittlipass\"\n                    alt=\"auf dem Panoramaweg zum Trittlipass\"\n                    src=\"http:\/\/www.freimarianne.ch\/wp-content\/gallery\/trittlipass-21-8-18\/thumbs\/thumbs_IMG_2109.jpg\"\n                    width=\"100\"\n                    height=\"75\"\n                    style=\"max-width:100%;\"\n                \/>\n            <\/a>\n        <\/div>\n\t\t\t\t\t\t\t<\/div> \n\t\t\t\n        \n\t\t\t\t<div id=\"ngg-image-14\" class=\"ngg-gallery-thumbnail-box\" >\n\t\t\t\t        <div class=\"ngg-gallery-thumbnail\">\n            <a href=\"http:\/\/www.freimarianne.ch\/wp-content\/gallery\/trittlipass-21-8-18\/IMG_2113.jpg\"\n               title=\"Schwalbenwurz Enzian, Gentiana asclepiadea, Gentiananceae\"\n               data-src=\"http:\/\/www.freimarianne.ch\/wp-content\/gallery\/trittlipass-21-8-18\/IMG_2113.jpg\"\n               data-thumbnail=\"http:\/\/www.freimarianne.ch\/wp-content\/gallery\/trittlipass-21-8-18\/thumbs\/thumbs_IMG_2113.jpg\"\n               data-image-id=\"19097\"\n               data-title=\"Schwalbenwurz Enzian, Gentiana asclepiadea, Gentiananceae\"\n               data-description=\"Schwalbenwurz Enzian, Gentiana asclepiadea, Gentiananceae\"\n               data-image-slug=\"img_2113-2\"\n               class=\"shutterset_32661\">\n                <img\n                    title=\"Schwalbenwurz Enzian, Gentiana asclepiadea, Gentiananceae\"\n                    alt=\"Schwalbenwurz Enzian, Gentiana asclepiadea, Gentiananceae\"\n                    src=\"http:\/\/www.freimarianne.ch\/wp-content\/gallery\/trittlipass-21-8-18\/thumbs\/thumbs_IMG_2113.jpg\"\n                    width=\"100\"\n                    height=\"75\"\n                    style=\"max-width:100%;\"\n                \/>\n            <\/a>\n        <\/div>\n\t\t\t\t\t\t\t<\/div> \n\t\t\t\n        \n\t\t\t\t<div id=\"ngg-image-15\" class=\"ngg-gallery-thumbnail-box\" >\n\t\t\t\t        <div class=\"ngg-gallery-thumbnail\">\n            <a href=\"http:\/\/www.freimarianne.ch\/wp-content\/gallery\/trittlipass-21-8-18\/IMG_2116.jpg\"\n               title=\"die beiden Mythen und der Roggenstock\"\n               data-src=\"http:\/\/www.freimarianne.ch\/wp-content\/gallery\/trittlipass-21-8-18\/IMG_2116.jpg\"\n               data-thumbnail=\"http:\/\/www.freimarianne.ch\/wp-content\/gallery\/trittlipass-21-8-18\/thumbs\/thumbs_IMG_2116.jpg\"\n               data-image-id=\"19096\"\n               data-title=\"die beiden Mythen und der Roggenstock\"\n               data-description=\"die beiden Mythen und der Roggenstock\"\n               data-image-slug=\"img_2116-1\"\n               class=\"shutterset_32661\">\n                <img\n                    title=\"die beiden Mythen und der Roggenstock\"\n                    alt=\"die beiden Mythen und der Roggenstock\"\n                    src=\"http:\/\/www.freimarianne.ch\/wp-content\/gallery\/trittlipass-21-8-18\/thumbs\/thumbs_IMG_2116.jpg\"\n                    width=\"100\"\n                    height=\"75\"\n                    style=\"max-width:100%;\"\n                \/>\n            <\/a>\n        <\/div>\n\t\t\t\t\t\t\t<\/div> \n\t\t\t\n        \n\t\t\t\t<div id=\"ngg-image-16\" class=\"ngg-gallery-thumbnail-box\" >\n\t\t\t\t        <div class=\"ngg-gallery-thumbnail\">\n            <a href=\"http:\/\/www.freimarianne.ch\/wp-content\/gallery\/trittlipass-21-8-18\/IMG_2128.jpg\"\n               title=\"Blick auf Weglosen und Sch\u00fclberg 1930m; Sch\u00fclberg\"\n               data-src=\"http:\/\/www.freimarianne.ch\/wp-content\/gallery\/trittlipass-21-8-18\/IMG_2128.jpg\"\n               data-thumbnail=\"http:\/\/www.freimarianne.ch\/wp-content\/gallery\/trittlipass-21-8-18\/thumbs\/thumbs_IMG_2128.jpg\"\n               data-image-id=\"19095\"\n               data-title=\"Blick auf Weglosen und Sch\u00c3\u00bclberg 1930m; Sch\u00c3\u00bclberg\"\n               data-description=\"Blick auf Weglosen und Sch\u00fclberg 1930m; Sch\u00fclberg\"\n               data-image-slug=\"img_2128-1\"\n               class=\"shutterset_32661\">\n                <img\n                    title=\"Blick auf Weglosen und Sch\u00c3\u00bclberg 1930m; Sch\u00c3\u00bclberg\"\n                    alt=\"Blick auf Weglosen und Sch\u00c3\u00bclberg 1930m; Sch\u00c3\u00bclberg\"\n                    src=\"http:\/\/www.freimarianne.ch\/wp-content\/gallery\/trittlipass-21-8-18\/thumbs\/thumbs_IMG_2128.jpg\"\n                    width=\"100\"\n                    height=\"75\"\n                    style=\"max-width:100%;\"\n                \/>\n            <\/a>\n        <\/div>\n\t\t\t\t\t\t\t<\/div> \n\t\t\t\n        \n\t\t\t\t<div id=\"ngg-image-17\" class=\"ngg-gallery-thumbnail-box\" >\n\t\t\t\t        <div class=\"ngg-gallery-thumbnail\">\n            <a href=\"http:\/\/www.freimarianne.ch\/wp-content\/gallery\/trittlipass-21-8-18\/IMG_2133.jpg\"\n               title=\"Sicht aufdie  Bergstation Seebl iund Roggenstock\"\n               data-src=\"http:\/\/www.freimarianne.ch\/wp-content\/gallery\/trittlipass-21-8-18\/IMG_2133.jpg\"\n               data-thumbnail=\"http:\/\/www.freimarianne.ch\/wp-content\/gallery\/trittlipass-21-8-18\/thumbs\/thumbs_IMG_2133.jpg\"\n               data-image-id=\"19094\"\n               data-title=\"Sicht aufdie  Bergstation Seebl iund Roggenstock\"\n               data-description=\"Sicht aufdie  Bergstation Seebl iund Roggenstock\"\n               data-image-slug=\"img_2133-3\"\n               class=\"shutterset_32661\">\n                <img\n                    title=\"Sicht aufdie  Bergstation Seebl iund Roggenstock\"\n                    alt=\"Sicht aufdie  Bergstation Seebl iund Roggenstock\"\n                    src=\"http:\/\/www.freimarianne.ch\/wp-content\/gallery\/trittlipass-21-8-18\/thumbs\/thumbs_IMG_2133.jpg\"\n                    width=\"100\"\n                    height=\"75\"\n                    style=\"max-width:100%;\"\n                \/>\n            <\/a>\n        <\/div>\n\t\t\t\t\t\t\t<\/div> \n\t\t\t\n        \n\t\t\t\t<div id=\"ngg-image-18\" class=\"ngg-gallery-thumbnail-box\" >\n\t\t\t\t        <div class=\"ngg-gallery-thumbnail\">\n            <a href=\"http:\/\/www.freimarianne.ch\/wp-content\/gallery\/trittlipass-21-8-18\/IMG_2137.jpg\"\n               title=\"der steile Aufstieg zum Trittlipass\"\n               data-src=\"http:\/\/www.freimarianne.ch\/wp-content\/gallery\/trittlipass-21-8-18\/IMG_2137.jpg\"\n               data-thumbnail=\"http:\/\/www.freimarianne.ch\/wp-content\/gallery\/trittlipass-21-8-18\/thumbs\/thumbs_IMG_2137.jpg\"\n               data-image-id=\"19093\"\n               data-title=\"der steile Aufstieg zum Trittlipass\"\n               data-description=\"der steile Aufstieg zum Trittlipass\"\n               data-image-slug=\"img_2137-2\"\n               class=\"shutterset_32661\">\n                <img\n                    title=\"der steile Aufstieg zum Trittlipass\"\n                    alt=\"der steile Aufstieg zum Trittlipass\"\n                    src=\"http:\/\/www.freimarianne.ch\/wp-content\/gallery\/trittlipass-21-8-18\/thumbs\/thumbs_IMG_2137.jpg\"\n                    width=\"100\"\n                    height=\"75\"\n                    style=\"max-width:100%;\"\n                \/>\n            <\/a>\n        <\/div>\n\t\t\t\t\t\t\t<\/div> \n\t\t\t\n        \n\t\t\t\t<div id=\"ngg-image-19\" class=\"ngg-gallery-thumbnail-box\" >\n\t\t\t\t        <div class=\"ngg-gallery-thumbnail\">\n            <a href=\"http:\/\/www.freimarianne.ch\/wp-content\/gallery\/trittlipass-21-8-18\/IMG_2148.jpg\"\n               title=\"am Seeblisee\"\n               data-src=\"http:\/\/www.freimarianne.ch\/wp-content\/gallery\/trittlipass-21-8-18\/IMG_2148.jpg\"\n               data-thumbnail=\"http:\/\/www.freimarianne.ch\/wp-content\/gallery\/trittlipass-21-8-18\/thumbs\/thumbs_IMG_2148.jpg\"\n               data-image-id=\"19092\"\n               data-title=\"am Seeblisee\"\n               data-description=\"am Seeblisee\"\n               data-image-slug=\"img_2148-3\"\n               class=\"shutterset_32661\">\n                <img\n                    title=\"am Seeblisee\"\n                    alt=\"am Seeblisee\"\n                    src=\"http:\/\/www.freimarianne.ch\/wp-content\/gallery\/trittlipass-21-8-18\/thumbs\/thumbs_IMG_2148.jpg\"\n                    width=\"100\"\n                    height=\"75\"\n                    style=\"max-width:100%;\"\n                \/>\n            <\/a>\n        <\/div>\n\t\t\t\t\t\t\t<\/div> \n\t\t\t\n        \n\t\t\t\t<div id=\"ngg-image-20\" class=\"ngg-gallery-thumbnail-box\" >\n\t\t\t\t        <div class=\"ngg-gallery-thumbnail\">\n            <a href=\"http:\/\/www.freimarianne.ch\/wp-content\/gallery\/trittlipass-21-8-18\/panorama_Druesberg-2070-2073.jpg\"\n               title=\"\"\n               data-src=\"http:\/\/www.freimarianne.ch\/wp-content\/gallery\/trittlipass-21-8-18\/panorama_Druesberg-2070-2073.jpg\"\n               data-thumbnail=\"http:\/\/www.freimarianne.ch\/wp-content\/gallery\/trittlipass-21-8-18\/thumbs\/thumbs_panorama_Druesberg-2070-2073.jpg\"\n               data-image-id=\"19091\"\n               data-title=\"panorama_Druesberg 2070-2073\"\n               data-description=\"\"\n               data-image-slug=\"panorama_druesberg-2070-2073\"\n               class=\"shutterset_32661\">\n                <img\n                    title=\"panorama_Druesberg 2070-2073\"\n                    alt=\"panorama_Druesberg 2070-2073\"\n                    src=\"http:\/\/www.freimarianne.ch\/wp-content\/gallery\/trittlipass-21-8-18\/thumbs\/thumbs_panorama_Druesberg-2070-2073.jpg\"\n                    width=\"100\"\n                    height=\"75\"\n                    style=\"max-width:100%;\"\n                \/>\n            <\/a>\n        <\/div>\n\t\t\t\t\t\t\t<\/div> \n\t\t\t\n        \n\t\t\n\t\t<!-- Pagination -->\n\t<div class='ngg-clear'><\/div>\t<\/div>\n<\/p>\n","protected":false},"excerpt":{"rendered":"<p>Bergwanderung von Weglosen auf den Trittlipass Weglosen &#8211; Druesbergh\u00fctte &#8211; Trittlipass &#8211; Seebli Wir sind heute fr\u00fch unterwegs und beginnen unsere Wanderung in Weglosen 1036m um 915h. Wir nehmen den Weg, der steil hinauf zu Punkt 1209m f\u00fchrt. Dann m\u00fcssen wir auf der Alpstrasse marschieren, um dann bei Obergrueb wieder auf einen Wanderweg zu stossen, [&hellip;]<\/p>\n","protected":false},"author":1,"featured_media":0,"parent":30992,"menu_order":29,"comment_status":"closed","ping_status":"closed","template":"","meta":{"ngg_post_thumbnail":0},"_links":{"self":[{"href":"http:\/\/www.freimarianne.ch\/index.php?rest_route=\/wp\/v2\/pages\/32256"}],"collection":[{"href":"http:\/\/www.freimarianne.ch\/index.php?rest_route=\/wp\/v2\/pages"}],"about":[{"href":"http:\/\/www.freimarianne.ch\/index.php?rest_route=\/wp\/v2\/types\/page"}],"author":[{"embeddable":true,"href":"http:\/\/www.freimarianne.ch\/index.php?rest_route=\/wp\/v2\/users\/1"}],"replies":[{"embeddable":true,"href":"http:\/\/www.freimarianne.ch\/index.php?rest_route=%2Fwp%2Fv2%2Fcomments&post=32256"}],"version-history":[{"count":5,"href":"http:\/\/www.freimarianne.ch\/index.php?rest_route=\/wp\/v2\/pages\/32256\/revisions"}],"predecessor-version":[{"id":32662,"href":"http:\/\/www.freimarianne.ch\/index.php?rest_route=\/wp\/v2\/pages\/32256\/revisions\/32662"}],"up":[{"embeddable":true,"href":"http:\/\/www.freimarianne.ch\/index.php?rest_route=\/wp\/v2\/pages\/30992"}],"wp:attachment":[{"href":"http:\/\/www.freimarianne.ch\/index.php?rest_route=%2Fwp%2Fv2%2Fmedia&parent=32256"}],"curies":[{"name":"wp","href":"https:\/\/api.w.org\/{rel}","templated":true}]}}