{"id":33187,"date":"2018-10-02T16:59:53","date_gmt":"2018-10-02T15:59:53","guid":{"rendered":"http:\/\/www.freimarianne.ch\/?page_id=33187"},"modified":"2018-10-03T10:46:34","modified_gmt":"2018-10-03T09:46:34","slug":"nagens-segneshutte-foppa-gr-30-9-2018","status":"publish","type":"page","link":"http:\/\/www.freimarianne.ch\/?page_id=33187","title":{"rendered":"Nagens-Segnesh\u00fctte-Foppa   GR  30.9.2018"},"content":{"rendered":"<p><strong>Bergwanderung von Laax\/Nagens auf die Segnesh\u00fctte und hinauf gegen den Segnespass:Martinsloch. Zur\u00fcck zur Segnesh\u00fctte und hinunter nach Foppa<\/strong><\/p>\n<div id=\"attachment_33175\" style=\"width: 510px\" class=\"wp-caption alignleft\"><img aria-describedby=\"caption-attachment-33175\" loading=\"lazy\" class=\"size-full wp-image-33175\" src=\"http:\/\/www.freimarianne.ch\/wp-content\/uploads\/2018\/10\/IMG_3841_segnes_500.jpg\" alt=\"\" width=\"500\" height=\"375\" srcset=\"http:\/\/www.freimarianne.ch\/wp-content\/uploads\/2018\/10\/IMG_3841_segnes_500.jpg 500w, http:\/\/www.freimarianne.ch\/wp-content\/uploads\/2018\/10\/IMG_3841_segnes_500-300x225.jpg 300w, http:\/\/www.freimarianne.ch\/wp-content\/uploads\/2018\/10\/IMG_3841_segnes_500-400x300.jpg 400w\" sizes=\"(max-width: 500px) 100vw, 500px\" \/><p id=\"caption-attachment-33175\" class=\"wp-caption-text\">bei Segnas Sut 2000m mit Tschingelh\u00f6rner<\/p><\/div>\n<p>Heute k\u00f6nnte der letzte sch\u00f6ne,noch einigermassen warme Sp\u00e4tsommertag sein. Es zieht mich nochmals hinauf zur Segnesh\u00fctte 2102m oberhalb Flims. Dieses Mal fahre ich nach Laax Bergbahnen und nehme den Bus (9.42h) hinauf zur Alp Nagens 1967m (Fr.15).Von dort aus wandere ich zum See, der ein Wasserreservoir ist, umrunde den See und gehe dann auf dem Panoramaweg hinauf zur Segnesh\u00fctte, die ich um 10.58h erreiche. Von dort wandere ich auf dem Unteren Segnesboden am Wasserfall vorbei in die Schwemmebene bis der Weg ansteigt zum Segnespass.<br \/>\nAuf einer Anh\u00f6he mache ich eine Mittagspause und steige dann steil auf dem Weg weiter hinauf und zwar soweit, bis ich das Martinsloch sehen kann. Ich habe eine pr\u00e4chtige Aussicht auf die Tschingelh\u00f6rner, das Martinsloch und den Segnespass. Hier gibt es die obligaten Fotos und dann kehre ich auf demselben Weg zur\u00fcck bis zur Segnesh\u00fctte, wo ich einkehre. Nachher erfolgt der Abstieg nach Foppa, wobei ich nach Startgels 1588m auf einer Alpstrasse gehen muss. Bei Foppa 1477m habe ich genug vom Abstieg ( es sind \u00fcber 1000 Meter) und nehme den Sessellift hinunter nach Flims Bergbahnen. So erreiche ich noch den Bus um 16.31h bei Flims Post und ganz knapp den Zug um 17.09h nach Basel.<br \/>\nDies war eine sehr interessante Wanderung. Ich habe die Gegend nun auch bei sonnigen Wetter und vor allem das Martinsloch gesehen.<br \/>\nLeider sind die sch\u00f6nen Ort in Flims weit weg, sodass man falls man einen Tagesausflug macht, auf Bahnen oder Bus angewiesen ist.<\/p>\n<p>Laut Schweizmobil:<br \/>\nDistanz: 13.56km; Aufstieg: 483m; Absteiog: 12032m; Wanderzeoit: 4h 21min.<\/p>\n<p><a href=\"https:\/\/map.schweizmobil.ch\/?lang=de&amp;bgLayer=pk&amp;season=summer&amp;resolution=2.5&amp;E=2738648&amp;N=1190515&amp;layers=Station&amp;trackId=4985627\">Karte Schweizmobil:<\/a><\/p>\n<p><!-- index.php -->\n<div\n\tclass=\"ngg-galleryoverview ngg-ajax-pagination-none\"\n\tid=\"ngg-gallery-33550-1\">\n\n    \t<div class=\"slideshowlink\">\n        <a href='http:\/\/www.freimarianne.ch\/index.php\/nggallery\/slideshow?page_id=33187'>[Show as slideshow]<\/a>\n\t\t\n\t<\/div>\n\t\t\t<!-- Thumbnails -->\n\t\t\t\t<div id=\"ngg-image-0\" class=\"ngg-gallery-thumbnail-box\" >\n\t\t\t\t        <div class=\"ngg-gallery-thumbnail\">\n            <a href=\"http:\/\/www.freimarianne.ch\/wp-content\/gallery\/nagens-segnes-30-9-18\/IMG_3697.jpg\"\n               title=\"Alp Nagens 1967m mit See und Fil de Casson und Flimserstein\"\n               data-src=\"http:\/\/www.freimarianne.ch\/wp-content\/gallery\/nagens-segnes-30-9-18\/IMG_3697.jpg\"\n               data-thumbnail=\"http:\/\/www.freimarianne.ch\/wp-content\/gallery\/nagens-segnes-30-9-18\/thumbs\/thumbs_IMG_3697.jpg\"\n               data-image-id=\"19432\"\n               data-title=\"Alp Nagens 1967m mit See und Fil de Casson und Flimserstein\"\n               data-description=\"Alp Nagens 1967m mit See und Fil de Casson und Flimserstein\"\n               data-image-slug=\"img_3697\"\n               class=\"shutterset_33550\">\n                <img\n                    title=\"Alp Nagens 1967m mit See und Fil de Casson und Flimserstein\"\n                    alt=\"Alp Nagens 1967m mit See und Fil de Casson und Flimserstein\"\n                    src=\"http:\/\/www.freimarianne.ch\/wp-content\/gallery\/nagens-segnes-30-9-18\/thumbs\/thumbs_IMG_3697.jpg\"\n                    width=\"100\"\n                    height=\"75\"\n                    style=\"max-width:100%;\"\n                \/>\n            <\/a>\n        <\/div>\n\t\t\t\t\t\t\t<\/div> \n\t\t\t\n        \n\t\t\t\t<div id=\"ngg-image-1\" class=\"ngg-gallery-thumbnail-box\" >\n\t\t\t\t        <div class=\"ngg-gallery-thumbnail\">\n            <a href=\"http:\/\/www.freimarianne.ch\/wp-content\/gallery\/nagens-segnes-30-9-18\/IMG_3698.jpg\"\n               title=\"Alp Nagens 1967m\"\n               data-src=\"http:\/\/www.freimarianne.ch\/wp-content\/gallery\/nagens-segnes-30-9-18\/IMG_3698.jpg\"\n               data-thumbnail=\"http:\/\/www.freimarianne.ch\/wp-content\/gallery\/nagens-segnes-30-9-18\/thumbs\/thumbs_IMG_3698.jpg\"\n               data-image-id=\"19433\"\n               data-title=\"Alp Nagens 1967m\"\n               data-description=\"Alp Nagens 1967m\"\n               data-image-slug=\"img_3698\"\n               class=\"shutterset_33550\">\n                <img\n                    title=\"Alp Nagens 1967m\"\n                    alt=\"Alp Nagens 1967m\"\n                    src=\"http:\/\/www.freimarianne.ch\/wp-content\/gallery\/nagens-segnes-30-9-18\/thumbs\/thumbs_IMG_3698.jpg\"\n                    width=\"100\"\n                    height=\"75\"\n                    style=\"max-width:100%;\"\n                \/>\n            <\/a>\n        <\/div>\n\t\t\t\t\t\t\t<\/div> \n\t\t\t\n        \n\t\t\t\t<div id=\"ngg-image-2\" class=\"ngg-gallery-thumbnail-box\" >\n\t\t\t\t        <div class=\"ngg-gallery-thumbnail\">\n            <a href=\"http:\/\/www.freimarianne.ch\/wp-content\/gallery\/nagens-segnes-30-9-18\/IMG_3702.jpg\"\n               title=\"See auf Alp Nagens 1967m ; und Fil de Casson und Flimserstein\"\n               data-src=\"http:\/\/www.freimarianne.ch\/wp-content\/gallery\/nagens-segnes-30-9-18\/IMG_3702.jpg\"\n               data-thumbnail=\"http:\/\/www.freimarianne.ch\/wp-content\/gallery\/nagens-segnes-30-9-18\/thumbs\/thumbs_IMG_3702.jpg\"\n               data-image-id=\"19434\"\n               data-title=\"See auf Alp Nagens 1967m ; und Fil de Casson und Flimserstein\"\n               data-description=\"See auf Alp Nagens 1967m ; und Fil de Casson und Flimserstein\"\n               data-image-slug=\"img_3702\"\n               class=\"shutterset_33550\">\n                <img\n                    title=\"See auf Alp Nagens 1967m ; und Fil de Casson und Flimserstein\"\n                    alt=\"See auf Alp Nagens 1967m ; und Fil de Casson und Flimserstein\"\n                    src=\"http:\/\/www.freimarianne.ch\/wp-content\/gallery\/nagens-segnes-30-9-18\/thumbs\/thumbs_IMG_3702.jpg\"\n                    width=\"100\"\n                    height=\"75\"\n                    style=\"max-width:100%;\"\n                \/>\n            <\/a>\n        <\/div>\n\t\t\t\t\t\t\t<\/div> \n\t\t\t\n        \n\t\t\t\t<div id=\"ngg-image-3\" class=\"ngg-gallery-thumbnail-box\" >\n\t\t\t\t        <div class=\"ngg-gallery-thumbnail\">\n            <a href=\"http:\/\/www.freimarianne.ch\/wp-content\/gallery\/nagens-segnes-30-9-18\/IMG_3707.jpg\"\n               title=\"Marianne am See auf Alp Nagens 1967m\"\n               data-src=\"http:\/\/www.freimarianne.ch\/wp-content\/gallery\/nagens-segnes-30-9-18\/IMG_3707.jpg\"\n               data-thumbnail=\"http:\/\/www.freimarianne.ch\/wp-content\/gallery\/nagens-segnes-30-9-18\/thumbs\/thumbs_IMG_3707.jpg\"\n               data-image-id=\"19435\"\n               data-title=\"Marianne am See auf Alp Nagens 1967m\"\n               data-description=\"Marianne am See auf Alp Nagens 1967m\"\n               data-image-slug=\"img_3707\"\n               class=\"shutterset_33550\">\n                <img\n                    title=\"Marianne am See auf Alp Nagens 1967m\"\n                    alt=\"Marianne am See auf Alp Nagens 1967m\"\n                    src=\"http:\/\/www.freimarianne.ch\/wp-content\/gallery\/nagens-segnes-30-9-18\/thumbs\/thumbs_IMG_3707.jpg\"\n                    width=\"100\"\n                    height=\"75\"\n                    style=\"max-width:100%;\"\n                \/>\n            <\/a>\n        <\/div>\n\t\t\t\t\t\t\t<\/div> \n\t\t\t\n        \n\t\t\t\t<div id=\"ngg-image-4\" class=\"ngg-gallery-thumbnail-box\" >\n\t\t\t\t        <div class=\"ngg-gallery-thumbnail\">\n            <a href=\"http:\/\/www.freimarianne.ch\/wp-content\/gallery\/nagens-segnes-30-9-18\/IMG_3708.jpg\"\n               title=\"See auf Alp Nagens 1967m; Crap San Gon\"\n               data-src=\"http:\/\/www.freimarianne.ch\/wp-content\/gallery\/nagens-segnes-30-9-18\/IMG_3708.jpg\"\n               data-thumbnail=\"http:\/\/www.freimarianne.ch\/wp-content\/gallery\/nagens-segnes-30-9-18\/thumbs\/thumbs_IMG_3708.jpg\"\n               data-image-id=\"19436\"\n               data-title=\"See auf Alp Nagens 1967m; Crap San Gon\"\n               data-description=\"See auf Alp Nagens 1967m; Crap San Gon\"\n               data-image-slug=\"img_3708-1\"\n               class=\"shutterset_33550\">\n                <img\n                    title=\"See auf Alp Nagens 1967m; Crap San Gon\"\n                    alt=\"See auf Alp Nagens 1967m; Crap San Gon\"\n                    src=\"http:\/\/www.freimarianne.ch\/wp-content\/gallery\/nagens-segnes-30-9-18\/thumbs\/thumbs_IMG_3708.jpg\"\n                    width=\"100\"\n                    height=\"75\"\n                    style=\"max-width:100%;\"\n                \/>\n            <\/a>\n        <\/div>\n\t\t\t\t\t\t\t<\/div> \n\t\t\t\n        \n\t\t\t\t<div id=\"ngg-image-5\" class=\"ngg-gallery-thumbnail-box\" >\n\t\t\t\t        <div class=\"ngg-gallery-thumbnail\">\n            <a href=\"http:\/\/www.freimarianne.ch\/wp-content\/gallery\/nagens-segnes-30-9-18\/IMG_3709.jpg\"\n               title=\"wilde Landschaft mit Atlas\"\n               data-src=\"http:\/\/www.freimarianne.ch\/wp-content\/gallery\/nagens-segnes-30-9-18\/IMG_3709.jpg\"\n               data-thumbnail=\"http:\/\/www.freimarianne.ch\/wp-content\/gallery\/nagens-segnes-30-9-18\/thumbs\/thumbs_IMG_3709.jpg\"\n               data-image-id=\"19437\"\n               data-title=\"wilde Landschaft mit Atlas\"\n               data-description=\"wilde Landschaft mit Atlas\"\n               data-image-slug=\"img_3709-3\"\n               class=\"shutterset_33550\">\n                <img\n                    title=\"wilde Landschaft mit Atlas\"\n                    alt=\"wilde Landschaft mit Atlas\"\n                    src=\"http:\/\/www.freimarianne.ch\/wp-content\/gallery\/nagens-segnes-30-9-18\/thumbs\/thumbs_IMG_3709.jpg\"\n                    width=\"100\"\n                    height=\"75\"\n                    style=\"max-width:100%;\"\n                \/>\n            <\/a>\n        <\/div>\n\t\t\t\t\t\t\t<\/div> \n\t\t\t\n        \n\t\t\t\t<div id=\"ngg-image-6\" class=\"ngg-gallery-thumbnail-box\" >\n\t\t\t\t        <div class=\"ngg-gallery-thumbnail\">\n            <a href=\"http:\/\/www.freimarianne.ch\/wp-content\/gallery\/nagens-segnes-30-9-18\/IMG_3710.jpg\"\n               title=\"auf dem Panoramaweg zur Segnesh\u00fctte\"\n               data-src=\"http:\/\/www.freimarianne.ch\/wp-content\/gallery\/nagens-segnes-30-9-18\/IMG_3710.jpg\"\n               data-thumbnail=\"http:\/\/www.freimarianne.ch\/wp-content\/gallery\/nagens-segnes-30-9-18\/thumbs\/thumbs_IMG_3710.jpg\"\n               data-image-id=\"19438\"\n               data-title=\"auf dem Panoramaweg zur Segnesh\u00c3\u00bctte\"\n               data-description=\"auf dem Panoramaweg zur Segnesh\u00fctte\"\n               data-image-slug=\"img_3710-2\"\n               class=\"shutterset_33550\">\n                <img\n                    title=\"auf dem Panoramaweg zur Segnesh\u00c3\u00bctte\"\n                    alt=\"auf dem Panoramaweg zur Segnesh\u00c3\u00bctte\"\n                    src=\"http:\/\/www.freimarianne.ch\/wp-content\/gallery\/nagens-segnes-30-9-18\/thumbs\/thumbs_IMG_3710.jpg\"\n                    width=\"100\"\n                    height=\"75\"\n                    style=\"max-width:100%;\"\n                \/>\n            <\/a>\n        <\/div>\n\t\t\t\t\t\t\t<\/div> \n\t\t\t\n        \n\t\t\t\t<div id=\"ngg-image-7\" class=\"ngg-gallery-thumbnail-box\" >\n\t\t\t\t        <div class=\"ngg-gallery-thumbnail\">\n            <a href=\"http:\/\/www.freimarianne.ch\/wp-content\/gallery\/nagens-segnes-30-9-18\/IMG_3712.jpg\"\n               title=\"See auf Alp Nagens 1967m\"\n               data-src=\"http:\/\/www.freimarianne.ch\/wp-content\/gallery\/nagens-segnes-30-9-18\/IMG_3712.jpg\"\n               data-thumbnail=\"http:\/\/www.freimarianne.ch\/wp-content\/gallery\/nagens-segnes-30-9-18\/thumbs\/thumbs_IMG_3712.jpg\"\n               data-image-id=\"19439\"\n               data-title=\"See auf Alp Nagens 1967m\"\n               data-description=\"See auf Alp Nagens 1967m\"\n               data-image-slug=\"img_3712-1\"\n               class=\"shutterset_33550\">\n                <img\n                    title=\"See auf Alp Nagens 1967m\"\n                    alt=\"See auf Alp Nagens 1967m\"\n                    src=\"http:\/\/www.freimarianne.ch\/wp-content\/gallery\/nagens-segnes-30-9-18\/thumbs\/thumbs_IMG_3712.jpg\"\n                    width=\"100\"\n                    height=\"75\"\n                    style=\"max-width:100%;\"\n                \/>\n            <\/a>\n        <\/div>\n\t\t\t\t\t\t\t<\/div> \n\t\t\t\n        \n\t\t\t\t<div id=\"ngg-image-8\" class=\"ngg-gallery-thumbnail-box\" >\n\t\t\t\t        <div class=\"ngg-gallery-thumbnail\">\n            <a href=\"http:\/\/www.freimarianne.ch\/wp-content\/gallery\/nagens-segnes-30-9-18\/IMG_3713.jpg\"\n               title=\"Marianne am See auf Alp Nagens 1967m\"\n               data-src=\"http:\/\/www.freimarianne.ch\/wp-content\/gallery\/nagens-segnes-30-9-18\/IMG_3713.jpg\"\n               data-thumbnail=\"http:\/\/www.freimarianne.ch\/wp-content\/gallery\/nagens-segnes-30-9-18\/thumbs\/thumbs_IMG_3713.jpg\"\n               data-image-id=\"19440\"\n               data-title=\"Marianne am See auf Alp Nagens 1967m\"\n               data-description=\"Marianne am See auf Alp Nagens 1967m\"\n               data-image-slug=\"img_3713\"\n               class=\"shutterset_33550\">\n                <img\n                    title=\"Marianne am See auf Alp Nagens 1967m\"\n                    alt=\"Marianne am See auf Alp Nagens 1967m\"\n                    src=\"http:\/\/www.freimarianne.ch\/wp-content\/gallery\/nagens-segnes-30-9-18\/thumbs\/thumbs_IMG_3713.jpg\"\n                    width=\"100\"\n                    height=\"75\"\n                    style=\"max-width:100%;\"\n                \/>\n            <\/a>\n        <\/div>\n\t\t\t\t\t\t\t<\/div> \n\t\t\t\n        \n\t\t\t\t<div id=\"ngg-image-9\" class=\"ngg-gallery-thumbnail-box\" >\n\t\t\t\t        <div class=\"ngg-gallery-thumbnail\">\n            <a href=\"http:\/\/www.freimarianne.ch\/wp-content\/gallery\/nagens-segnes-30-9-18\/IMG_3717.jpg\"\n               title=\"auf dem Panoramaweg zur Segnesh\u00fctte\"\n               data-src=\"http:\/\/www.freimarianne.ch\/wp-content\/gallery\/nagens-segnes-30-9-18\/IMG_3717.jpg\"\n               data-thumbnail=\"http:\/\/www.freimarianne.ch\/wp-content\/gallery\/nagens-segnes-30-9-18\/thumbs\/thumbs_IMG_3717.jpg\"\n               data-image-id=\"19441\"\n               data-title=\"auf dem Panoramaweg zur Segnesh\u00c3\u00bctte\"\n               data-description=\"auf dem Panoramaweg zur Segnesh\u00fctte\"\n               data-image-slug=\"img_3717-2\"\n               class=\"shutterset_33550\">\n                <img\n                    title=\"auf dem Panoramaweg zur Segnesh\u00c3\u00bctte\"\n                    alt=\"auf dem Panoramaweg zur Segnesh\u00c3\u00bctte\"\n                    src=\"http:\/\/www.freimarianne.ch\/wp-content\/gallery\/nagens-segnes-30-9-18\/thumbs\/thumbs_IMG_3717.jpg\"\n                    width=\"100\"\n                    height=\"75\"\n                    style=\"max-width:100%;\"\n                \/>\n            <\/a>\n        <\/div>\n\t\t\t\t\t\t\t<\/div> \n\t\t\t\n        \n\t\t\t\t<div id=\"ngg-image-10\" class=\"ngg-gallery-thumbnail-box\" >\n\t\t\t\t        <div class=\"ngg-gallery-thumbnail\">\n            <a href=\"http:\/\/www.freimarianne.ch\/wp-content\/gallery\/nagens-segnes-30-9-18\/IMG_3727.jpg\"\n               title=\"auf dem Panoramaweg zur Segnesh\u00fctte; Atlas 2927m\"\n               data-src=\"http:\/\/www.freimarianne.ch\/wp-content\/gallery\/nagens-segnes-30-9-18\/IMG_3727.jpg\"\n               data-thumbnail=\"http:\/\/www.freimarianne.ch\/wp-content\/gallery\/nagens-segnes-30-9-18\/thumbs\/thumbs_IMG_3727.jpg\"\n               data-image-id=\"19442\"\n               data-title=\"auf dem Panoramaweg zur Segnesh\u00c3\u00bctte; Atlas 2927m\"\n               data-description=\"auf dem Panoramaweg zur Segnesh\u00fctte; Atlas 2927m\"\n               data-image-slug=\"img_3727-1\"\n               class=\"shutterset_33550\">\n                <img\n                    title=\"auf dem Panoramaweg zur Segnesh\u00c3\u00bctte; Atlas 2927m\"\n                    alt=\"auf dem Panoramaweg zur Segnesh\u00c3\u00bctte; Atlas 2927m\"\n                    src=\"http:\/\/www.freimarianne.ch\/wp-content\/gallery\/nagens-segnes-30-9-18\/thumbs\/thumbs_IMG_3727.jpg\"\n                    width=\"100\"\n                    height=\"75\"\n                    style=\"max-width:100%;\"\n                \/>\n            <\/a>\n        <\/div>\n\t\t\t\t\t\t\t<\/div> \n\t\t\t\n        \n\t\t\t\t<div id=\"ngg-image-11\" class=\"ngg-gallery-thumbnail-box\" >\n\t\t\t\t        <div class=\"ngg-gallery-thumbnail\">\n            <a href=\"http:\/\/www.freimarianne.ch\/wp-content\/gallery\/nagens-segnes-30-9-18\/IMG_3729.jpg\"\n               title=\"Sicht von der Segnesh\u00fctte  2102m; Tschingelh\u00f6rner, Segnespass, Atlas 2927m\"\n               data-src=\"http:\/\/www.freimarianne.ch\/wp-content\/gallery\/nagens-segnes-30-9-18\/IMG_3729.jpg\"\n               data-thumbnail=\"http:\/\/www.freimarianne.ch\/wp-content\/gallery\/nagens-segnes-30-9-18\/thumbs\/thumbs_IMG_3729.jpg\"\n               data-image-id=\"19443\"\n               data-title=\"Sicht von der Segnesh\u00c3\u00bctte  2102m; Tschingelh\u00c3\u00b6rner, Segnespass, Atlas 2927m\"\n               data-description=\"Sicht von der Segnesh\u00fctte  2102m; Tschingelh\u00f6rner, Segnespass, Atlas 2927m\"\n               data-image-slug=\"img_3729-2\"\n               class=\"shutterset_33550\">\n                <img\n                    title=\"Sicht von der Segnesh\u00c3\u00bctte  2102m; Tschingelh\u00c3\u00b6rner, Segnespass, Atlas 2927m\"\n                    alt=\"Sicht von der Segnesh\u00c3\u00bctte  2102m; Tschingelh\u00c3\u00b6rner, Segnespass, Atlas 2927m\"\n                    src=\"http:\/\/www.freimarianne.ch\/wp-content\/gallery\/nagens-segnes-30-9-18\/thumbs\/thumbs_IMG_3729.jpg\"\n                    width=\"100\"\n                    height=\"75\"\n                    style=\"max-width:100%;\"\n                \/>\n            <\/a>\n        <\/div>\n\t\t\t\t\t\t\t<\/div> \n\t\t\t\n        \n\t\t\t\t<div id=\"ngg-image-12\" class=\"ngg-gallery-thumbnail-box\" >\n\t\t\t\t        <div class=\"ngg-gallery-thumbnail\">\n            <a href=\"http:\/\/www.freimarianne.ch\/wp-content\/gallery\/nagens-segnes-30-9-18\/IMG_3732.jpg\"\n               title=\"der Bach Flem und der Panoramaweg von Naraus\"\n               data-src=\"http:\/\/www.freimarianne.ch\/wp-content\/gallery\/nagens-segnes-30-9-18\/IMG_3732.jpg\"\n               data-thumbnail=\"http:\/\/www.freimarianne.ch\/wp-content\/gallery\/nagens-segnes-30-9-18\/thumbs\/thumbs_IMG_3732.jpg\"\n               data-image-id=\"19444\"\n               data-title=\"der Bach Flem und der Panoramaweg von Naraus\"\n               data-description=\"der Bach Flem und der Panoramaweg von Naraus\"\n               data-image-slug=\"img_3732-1\"\n               class=\"shutterset_33550\">\n                <img\n                    title=\"der Bach Flem und der Panoramaweg von Naraus\"\n                    alt=\"der Bach Flem und der Panoramaweg von Naraus\"\n                    src=\"http:\/\/www.freimarianne.ch\/wp-content\/gallery\/nagens-segnes-30-9-18\/thumbs\/thumbs_IMG_3732.jpg\"\n                    width=\"100\"\n                    height=\"75\"\n                    style=\"max-width:100%;\"\n                \/>\n            <\/a>\n        <\/div>\n\t\t\t\t\t\t\t<\/div> \n\t\t\t\n        \n\t\t\t\t<div id=\"ngg-image-13\" class=\"ngg-gallery-thumbnail-box\" >\n\t\t\t\t        <div class=\"ngg-gallery-thumbnail\">\n            <a href=\"http:\/\/www.freimarianne.ch\/wp-content\/gallery\/nagens-segnes-30-9-18\/IMG_3735.jpg\"\n               title=\"Tschingelh\u00f6rner, Segnespass, Atlas 2927m\"\n               data-src=\"http:\/\/www.freimarianne.ch\/wp-content\/gallery\/nagens-segnes-30-9-18\/IMG_3735.jpg\"\n               data-thumbnail=\"http:\/\/www.freimarianne.ch\/wp-content\/gallery\/nagens-segnes-30-9-18\/thumbs\/thumbs_IMG_3735.jpg\"\n               data-image-id=\"19445\"\n               data-title=\"Tschingelh\u00c3\u00b6rner, Segnespass, Atlas 2927m\"\n               data-description=\"Tschingelh\u00f6rner, Segnespass, Atlas 2927m\"\n               data-image-slug=\"img_3735-2\"\n               class=\"shutterset_33550\">\n                <img\n                    title=\"Tschingelh\u00c3\u00b6rner, Segnespass, Atlas 2927m\"\n                    alt=\"Tschingelh\u00c3\u00b6rner, Segnespass, Atlas 2927m\"\n                    src=\"http:\/\/www.freimarianne.ch\/wp-content\/gallery\/nagens-segnes-30-9-18\/thumbs\/thumbs_IMG_3735.jpg\"\n                    width=\"100\"\n                    height=\"75\"\n                    style=\"max-width:100%;\"\n                \/>\n            <\/a>\n        <\/div>\n\t\t\t\t\t\t\t<\/div> \n\t\t\t\n        \n\t\t\t\t<div id=\"ngg-image-14\" class=\"ngg-gallery-thumbnail-box\" >\n\t\t\t\t        <div class=\"ngg-gallery-thumbnail\">\n            <a href=\"http:\/\/www.freimarianne.ch\/wp-content\/gallery\/nagens-segnes-30-9-18\/IMG_3737.jpg\"\n               title=\"Unterer Segnesboden ; Tschingelh\u00f6rner , Segnespass 2627m, re Atlas 2927m\"\n               data-src=\"http:\/\/www.freimarianne.ch\/wp-content\/gallery\/nagens-segnes-30-9-18\/IMG_3737.jpg\"\n               data-thumbnail=\"http:\/\/www.freimarianne.ch\/wp-content\/gallery\/nagens-segnes-30-9-18\/thumbs\/thumbs_IMG_3737.jpg\"\n               data-image-id=\"19446\"\n               data-title=\"Unterer Segnesboden ; Tschingelh\u00c3\u00b6rner , Segnespass 2627m, re Atlas 2927m\"\n               data-description=\"Unterer Segnesboden ; Tschingelh\u00f6rner , Segnespass 2627m, re Atlas 2927m\"\n               data-image-slug=\"img_3737\"\n               class=\"shutterset_33550\">\n                <img\n                    title=\"Unterer Segnesboden ; Tschingelh\u00c3\u00b6rner , Segnespass 2627m, re Atlas 2927m\"\n                    alt=\"Unterer Segnesboden ; Tschingelh\u00c3\u00b6rner , Segnespass 2627m, re Atlas 2927m\"\n                    src=\"http:\/\/www.freimarianne.ch\/wp-content\/gallery\/nagens-segnes-30-9-18\/thumbs\/thumbs_IMG_3737.jpg\"\n                    width=\"100\"\n                    height=\"75\"\n                    style=\"max-width:100%;\"\n                \/>\n            <\/a>\n        <\/div>\n\t\t\t\t\t\t\t<\/div> \n\t\t\t\n        \n\t\t\t\t<div id=\"ngg-image-15\" class=\"ngg-gallery-thumbnail-box\" >\n\t\t\t\t        <div class=\"ngg-gallery-thumbnail\">\n            <a href=\"http:\/\/www.freimarianne.ch\/wp-content\/gallery\/nagens-segnes-30-9-18\/IMG_3738.jpg\"\n               title=\"Unterer Segnesboden ; Tschingelh\u00f6rner , Segnespass 2627m\"\n               data-src=\"http:\/\/www.freimarianne.ch\/wp-content\/gallery\/nagens-segnes-30-9-18\/IMG_3738.jpg\"\n               data-thumbnail=\"http:\/\/www.freimarianne.ch\/wp-content\/gallery\/nagens-segnes-30-9-18\/thumbs\/thumbs_IMG_3738.jpg\"\n               data-image-id=\"19447\"\n               data-title=\"Unterer Segnesboden ; Tschingelh\u00c3\u00b6rner , Segnespass 2627m\"\n               data-description=\"Unterer Segnesboden ; Tschingelh\u00f6rner , Segnespass 2627m\"\n               data-image-slug=\"img_3738\"\n               class=\"shutterset_33550\">\n                <img\n                    title=\"Unterer Segnesboden ; Tschingelh\u00c3\u00b6rner , Segnespass 2627m\"\n                    alt=\"Unterer Segnesboden ; Tschingelh\u00c3\u00b6rner , Segnespass 2627m\"\n                    src=\"http:\/\/www.freimarianne.ch\/wp-content\/gallery\/nagens-segnes-30-9-18\/thumbs\/thumbs_IMG_3738.jpg\"\n                    width=\"100\"\n                    height=\"75\"\n                    style=\"max-width:100%;\"\n                \/>\n            <\/a>\n        <\/div>\n\t\t\t\t\t\t\t<\/div> \n\t\t\t\n        \n\t\t\t\t<div id=\"ngg-image-16\" class=\"ngg-gallery-thumbnail-box\" >\n\t\t\t\t        <div class=\"ngg-gallery-thumbnail\">\n            <a href=\"http:\/\/www.freimarianne.ch\/wp-content\/gallery\/nagens-segnes-30-9-18\/IMG_3740.jpg\"\n               title=\"Ofen 2873m, Kl.Tschingelhorn 2846m, Gr. Tschingelhorn 2849m,  Pass dil Segnas 2627m\"\n               data-src=\"http:\/\/www.freimarianne.ch\/wp-content\/gallery\/nagens-segnes-30-9-18\/IMG_3740.jpg\"\n               data-thumbnail=\"http:\/\/www.freimarianne.ch\/wp-content\/gallery\/nagens-segnes-30-9-18\/thumbs\/thumbs_IMG_3740.jpg\"\n               data-image-id=\"19448\"\n               data-title=\"Ofen 2873m, Kl.Tschingelhorn 2846m, Gr. Tschingelhorn 2849m,  Pass dil Segnas 2627m\"\n               data-description=\"Ofen 2873m, Kl.Tschingelhorn 2846m, Gr. Tschingelhorn 2849m,  Pass dil Segnas 2627m\"\n               data-image-slug=\"img_3740\"\n               class=\"shutterset_33550\">\n                <img\n                    title=\"Ofen 2873m, Kl.Tschingelhorn 2846m, Gr. Tschingelhorn 2849m,  Pass dil Segnas 2627m\"\n                    alt=\"Ofen 2873m, Kl.Tschingelhorn 2846m, Gr. Tschingelhorn 2849m,  Pass dil Segnas 2627m\"\n                    src=\"http:\/\/www.freimarianne.ch\/wp-content\/gallery\/nagens-segnes-30-9-18\/thumbs\/thumbs_IMG_3740.jpg\"\n                    width=\"100\"\n                    height=\"75\"\n                    style=\"max-width:100%;\"\n                \/>\n            <\/a>\n        <\/div>\n\t\t\t\t\t\t\t<\/div> \n\t\t\t\n        \n\t\t\t\t<div id=\"ngg-image-17\" class=\"ngg-gallery-thumbnail-box\" >\n\t\t\t\t        <div class=\"ngg-gallery-thumbnail\">\n            <a href=\"http:\/\/www.freimarianne.ch\/wp-content\/gallery\/nagens-segnes-30-9-18\/IMG_3747.jpg\"\n               title=\"Segnas Sut; beim Wasserfall; Laaxer St\u00f6ckli 2760m\/ Piz Grisch 2898m, Ofen 2873m, Kl.Tschingelhorn 2846m, Gr. Tschingelhorn 2849m\"\n               data-src=\"http:\/\/www.freimarianne.ch\/wp-content\/gallery\/nagens-segnes-30-9-18\/IMG_3747.jpg\"\n               data-thumbnail=\"http:\/\/www.freimarianne.ch\/wp-content\/gallery\/nagens-segnes-30-9-18\/thumbs\/thumbs_IMG_3747.jpg\"\n               data-image-id=\"19449\"\n               data-title=\"Segnas Sut; beim Wasserfall; Laaxer St\u00c3\u00b6ckli 2760m\/ Piz Grisch 2898m, Ofen 2873m, Kl.Tschingelhorn 2846m, Gr. Tschingelhorn 2849m\"\n               data-description=\"Segnas Sut; beim Wasserfall; Laaxer St\u00f6ckli 2760m\/ Piz Grisch 2898m, Ofen 2873m, Kl.Tschingelhorn 2846m, Gr. Tschingelhorn 2849m\"\n               data-image-slug=\"img_3747-2\"\n               class=\"shutterset_33550\">\n                <img\n                    title=\"Segnas Sut; beim Wasserfall; Laaxer St\u00c3\u00b6ckli 2760m\/ Piz Grisch 2898m, Ofen 2873m, Kl.Tschingelhorn 2846m, Gr. Tschingelhorn 2849m\"\n                    alt=\"Segnas Sut; beim Wasserfall; Laaxer St\u00c3\u00b6ckli 2760m\/ Piz Grisch 2898m, Ofen 2873m, Kl.Tschingelhorn 2846m, Gr. Tschingelhorn 2849m\"\n                    src=\"http:\/\/www.freimarianne.ch\/wp-content\/gallery\/nagens-segnes-30-9-18\/thumbs\/thumbs_IMG_3747.jpg\"\n                    width=\"100\"\n                    height=\"75\"\n                    style=\"max-width:100%;\"\n                \/>\n            <\/a>\n        <\/div>\n\t\t\t\t\t\t\t<\/div> \n\t\t\t\n        \n\t\t\t\t<div id=\"ngg-image-18\" class=\"ngg-gallery-thumbnail-box\" >\n\t\t\t\t        <div class=\"ngg-gallery-thumbnail\">\n            <a href=\"http:\/\/www.freimarianne.ch\/wp-content\/gallery\/nagens-segnes-30-9-18\/IMG_3752.jpg\"\n               title=\"Marianne auf  Segnas Sut; Tschingelh\u00f6rner\"\n               data-src=\"http:\/\/www.freimarianne.ch\/wp-content\/gallery\/nagens-segnes-30-9-18\/IMG_3752.jpg\"\n               data-thumbnail=\"http:\/\/www.freimarianne.ch\/wp-content\/gallery\/nagens-segnes-30-9-18\/thumbs\/thumbs_IMG_3752.jpg\"\n               data-image-id=\"19450\"\n               data-title=\"Marianne auf  Segnas Sut; Tschingelh\u00c3\u00b6rner\"\n               data-description=\"Marianne auf  Segnas Sut; Tschingelh\u00f6rner\"\n               data-image-slug=\"img_3752-2\"\n               class=\"shutterset_33550\">\n                <img\n                    title=\"Marianne auf  Segnas Sut; Tschingelh\u00c3\u00b6rner\"\n                    alt=\"Marianne auf  Segnas Sut; Tschingelh\u00c3\u00b6rner\"\n                    src=\"http:\/\/www.freimarianne.ch\/wp-content\/gallery\/nagens-segnes-30-9-18\/thumbs\/thumbs_IMG_3752.jpg\"\n                    width=\"100\"\n                    height=\"75\"\n                    style=\"max-width:100%;\"\n                \/>\n            <\/a>\n        <\/div>\n\t\t\t\t\t\t\t<\/div> \n\t\t\t\n        \n\t\t\t\t<div id=\"ngg-image-19\" class=\"ngg-gallery-thumbnail-box\" >\n\t\t\t\t        <div class=\"ngg-gallery-thumbnail\">\n            <a href=\"http:\/\/www.freimarianne.ch\/wp-content\/gallery\/nagens-segnes-30-9-18\/IMG_3755.jpg\"\n               title=\"Segnas Sut; Ofen 2873m, Kl.Tschingelhorn 2846m, Gr. Tschingelhorn 2849m\"\n               data-src=\"http:\/\/www.freimarianne.ch\/wp-content\/gallery\/nagens-segnes-30-9-18\/IMG_3755.jpg\"\n               data-thumbnail=\"http:\/\/www.freimarianne.ch\/wp-content\/gallery\/nagens-segnes-30-9-18\/thumbs\/thumbs_IMG_3755.jpg\"\n               data-image-id=\"19451\"\n               data-title=\"Segnas Sut; Ofen 2873m, Kl.Tschingelhorn 2846m, Gr. Tschingelhorn 2849m\"\n               data-description=\"Segnas Sut; Ofen 2873m, Kl.Tschingelhorn 2846m, Gr. Tschingelhorn 2849m\"\n               data-image-slug=\"img_3755-2\"\n               class=\"shutterset_33550\">\n                <img\n                    title=\"Segnas Sut; Ofen 2873m, Kl.Tschingelhorn 2846m, Gr. Tschingelhorn 2849m\"\n                    alt=\"Segnas Sut; Ofen 2873m, Kl.Tschingelhorn 2846m, Gr. Tschingelhorn 2849m\"\n                    src=\"http:\/\/www.freimarianne.ch\/wp-content\/gallery\/nagens-segnes-30-9-18\/thumbs\/thumbs_IMG_3755.jpg\"\n                    width=\"100\"\n                    height=\"75\"\n                    style=\"max-width:100%;\"\n                \/>\n            <\/a>\n        <\/div>\n\t\t\t\t\t\t\t<\/div> \n\t\t\t\n        \n\t\t\t\t<div id=\"ngg-image-20\" class=\"ngg-gallery-thumbnail-box\" >\n\t\t\t\t        <div class=\"ngg-gallery-thumbnail\">\n            <a href=\"http:\/\/www.freimarianne.ch\/wp-content\/gallery\/nagens-segnes-30-9-18\/IMG_3763.jpg\"\n               title=\"Aufstieg zur Segnesh\u00fctte\"\n               data-src=\"http:\/\/www.freimarianne.ch\/wp-content\/gallery\/nagens-segnes-30-9-18\/IMG_3763.jpg\"\n               data-thumbnail=\"http:\/\/www.freimarianne.ch\/wp-content\/gallery\/nagens-segnes-30-9-18\/thumbs\/thumbs_IMG_3763.jpg\"\n               data-image-id=\"19452\"\n               data-title=\"Aufstieg zur Segnesh\u00c3\u00bctte\"\n               data-description=\"Aufstieg zur Segnesh\u00fctte\"\n               data-image-slug=\"img_3763\"\n               class=\"shutterset_33550\">\n                <img\n                    title=\"Aufstieg zur Segnesh\u00c3\u00bctte\"\n                    alt=\"Aufstieg zur Segnesh\u00c3\u00bctte\"\n                    src=\"http:\/\/www.freimarianne.ch\/wp-content\/gallery\/nagens-segnes-30-9-18\/thumbs\/thumbs_IMG_3763.jpg\"\n                    width=\"100\"\n                    height=\"75\"\n                    style=\"max-width:100%;\"\n                \/>\n            <\/a>\n        <\/div>\n\t\t\t\t\t\t\t<\/div> \n\t\t\t\n        \n\t\t\t\t<div id=\"ngg-image-21\" class=\"ngg-gallery-thumbnail-box\" >\n\t\t\t\t        <div class=\"ngg-gallery-thumbnail\">\n            <a href=\"http:\/\/www.freimarianne.ch\/wp-content\/gallery\/nagens-segnes-30-9-18\/IMG_3765.jpg\"\n               title=\"Aufstieg zur Segnesh\u00fctte:Tschingelh\u00f6rner\"\n               data-src=\"http:\/\/www.freimarianne.ch\/wp-content\/gallery\/nagens-segnes-30-9-18\/IMG_3765.jpg\"\n               data-thumbnail=\"http:\/\/www.freimarianne.ch\/wp-content\/gallery\/nagens-segnes-30-9-18\/thumbs\/thumbs_IMG_3765.jpg\"\n               data-image-id=\"19453\"\n               data-title=\"Aufstieg zur Segnesh\u00c3\u00bctte:Tschingelh\u00c3\u00b6rner\"\n               data-description=\"Aufstieg zur Segnesh\u00fctte:Tschingelh\u00f6rner\"\n               data-image-slug=\"img_3765\"\n               class=\"shutterset_33550\">\n                <img\n                    title=\"Aufstieg zur Segnesh\u00c3\u00bctte:Tschingelh\u00c3\u00b6rner\"\n                    alt=\"Aufstieg zur Segnesh\u00c3\u00bctte:Tschingelh\u00c3\u00b6rner\"\n                    src=\"http:\/\/www.freimarianne.ch\/wp-content\/gallery\/nagens-segnes-30-9-18\/thumbs\/thumbs_IMG_3765.jpg\"\n                    width=\"100\"\n                    height=\"75\"\n                    style=\"max-width:100%;\"\n                \/>\n            <\/a>\n        <\/div>\n\t\t\t\t\t\t\t<\/div> \n\t\t\t\n        \n\t\t\t\t<div id=\"ngg-image-22\" class=\"ngg-gallery-thumbnail-box\" >\n\t\t\t\t        <div class=\"ngg-gallery-thumbnail\">\n            <a href=\"http:\/\/www.freimarianne.ch\/wp-content\/gallery\/nagens-segnes-30-9-18\/IMG_3771.jpg\"\n               title=\"Aufstieg zur Segnesh\u00fctte:Tschingelh\u00f6rner\"\n               data-src=\"http:\/\/www.freimarianne.ch\/wp-content\/gallery\/nagens-segnes-30-9-18\/IMG_3771.jpg\"\n               data-thumbnail=\"http:\/\/www.freimarianne.ch\/wp-content\/gallery\/nagens-segnes-30-9-18\/thumbs\/thumbs_IMG_3771.jpg\"\n               data-image-id=\"19454\"\n               data-title=\"Aufstieg zur Segnesh\u00c3\u00bctte:Tschingelh\u00c3\u00b6rner\"\n               data-description=\"Aufstieg zur Segnesh\u00fctte:Tschingelh\u00f6rner\"\n               data-image-slug=\"img_3771-3\"\n               class=\"shutterset_33550\">\n                <img\n                    title=\"Aufstieg zur Segnesh\u00c3\u00bctte:Tschingelh\u00c3\u00b6rner\"\n                    alt=\"Aufstieg zur Segnesh\u00c3\u00bctte:Tschingelh\u00c3\u00b6rner\"\n                    src=\"http:\/\/www.freimarianne.ch\/wp-content\/gallery\/nagens-segnes-30-9-18\/thumbs\/thumbs_IMG_3771.jpg\"\n                    width=\"100\"\n                    height=\"75\"\n                    style=\"max-width:100%;\"\n                \/>\n            <\/a>\n        <\/div>\n\t\t\t\t\t\t\t<\/div> \n\t\t\t\n        \n\t\t\t\t<div id=\"ngg-image-23\" class=\"ngg-gallery-thumbnail-box\" >\n\t\t\t\t        <div class=\"ngg-gallery-thumbnail\">\n            <a href=\"http:\/\/www.freimarianne.ch\/wp-content\/gallery\/nagens-segnes-30-9-18\/IMG_3774.jpg\"\n               title=\"Marianne auf dem Weg zum Segnespass; Tschingelh\u00f6rner\"\n               data-src=\"http:\/\/www.freimarianne.ch\/wp-content\/gallery\/nagens-segnes-30-9-18\/IMG_3774.jpg\"\n               data-thumbnail=\"http:\/\/www.freimarianne.ch\/wp-content\/gallery\/nagens-segnes-30-9-18\/thumbs\/thumbs_IMG_3774.jpg\"\n               data-image-id=\"19455\"\n               data-title=\"Marianne auf dem Weg zum Segnespass; Tschingelh\u00c3\u00b6rner\"\n               data-description=\"Marianne auf dem Weg zum Segnespass; Tschingelh\u00f6rner\"\n               data-image-slug=\"img_3774-1\"\n               class=\"shutterset_33550\">\n                <img\n                    title=\"Marianne auf dem Weg zum Segnespass; Tschingelh\u00c3\u00b6rner\"\n                    alt=\"Marianne auf dem Weg zum Segnespass; Tschingelh\u00c3\u00b6rner\"\n                    src=\"http:\/\/www.freimarianne.ch\/wp-content\/gallery\/nagens-segnes-30-9-18\/thumbs\/thumbs_IMG_3774.jpg\"\n                    width=\"100\"\n                    height=\"75\"\n                    style=\"max-width:100%;\"\n                \/>\n            <\/a>\n        <\/div>\n\t\t\t\t\t\t\t<\/div> \n\t\t\t\n        \n\t\t\t\t<div id=\"ngg-image-24\" class=\"ngg-gallery-thumbnail-box\" >\n\t\t\t\t        <div class=\"ngg-gallery-thumbnail\">\n            <a href=\"http:\/\/www.freimarianne.ch\/wp-content\/gallery\/nagens-segnes-30-9-18\/IMG_3782.jpg\"\n               title=\"auf dem Weg zum Segnespass\"\n               data-src=\"http:\/\/www.freimarianne.ch\/wp-content\/gallery\/nagens-segnes-30-9-18\/IMG_3782.jpg\"\n               data-thumbnail=\"http:\/\/www.freimarianne.ch\/wp-content\/gallery\/nagens-segnes-30-9-18\/thumbs\/thumbs_IMG_3782.jpg\"\n               data-image-id=\"19456\"\n               data-title=\"auf dem Weg zum Segnespass\"\n               data-description=\"auf dem Weg zum Segnespass\"\n               data-image-slug=\"img_3782-3\"\n               class=\"shutterset_33550\">\n                <img\n                    title=\"auf dem Weg zum Segnespass\"\n                    alt=\"auf dem Weg zum Segnespass\"\n                    src=\"http:\/\/www.freimarianne.ch\/wp-content\/gallery\/nagens-segnes-30-9-18\/thumbs\/thumbs_IMG_3782.jpg\"\n                    width=\"100\"\n                    height=\"75\"\n                    style=\"max-width:100%;\"\n                \/>\n            <\/a>\n        <\/div>\n\t\t\t\t\t\t\t<\/div> \n\t\t\t\n        \n\t\t\t\t<div id=\"ngg-image-25\" class=\"ngg-gallery-thumbnail-box\" >\n\t\t\t\t        <div class=\"ngg-gallery-thumbnail\">\n            <a href=\"http:\/\/www.freimarianne.ch\/wp-content\/gallery\/nagens-segnes-30-9-18\/IMG_3788.jpg\"\n               title=\"Marianne auf dem Weg zum Segnespass; Tschingelh\u00f6rnewr  und Martinsloch\"\n               data-src=\"http:\/\/www.freimarianne.ch\/wp-content\/gallery\/nagens-segnes-30-9-18\/IMG_3788.jpg\"\n               data-thumbnail=\"http:\/\/www.freimarianne.ch\/wp-content\/gallery\/nagens-segnes-30-9-18\/thumbs\/thumbs_IMG_3788.jpg\"\n               data-image-id=\"19457\"\n               data-title=\"Marianne auf dem Weg zum Segnespass; Tschingelh\u00c3\u00b6rnewr  und Martinsloch\"\n               data-description=\"Marianne auf dem Weg zum Segnespass; Tschingelh\u00f6rnewr  und Martinsloch\"\n               data-image-slug=\"img_3788-3\"\n               class=\"shutterset_33550\">\n                <img\n                    title=\"Marianne auf dem Weg zum Segnespass; Tschingelh\u00c3\u00b6rnewr  und Martinsloch\"\n                    alt=\"Marianne auf dem Weg zum Segnespass; Tschingelh\u00c3\u00b6rnewr  und Martinsloch\"\n                    src=\"http:\/\/www.freimarianne.ch\/wp-content\/gallery\/nagens-segnes-30-9-18\/thumbs\/thumbs_IMG_3788.jpg\"\n                    width=\"100\"\n                    height=\"75\"\n                    style=\"max-width:100%;\"\n                \/>\n            <\/a>\n        <\/div>\n\t\t\t\t\t\t\t<\/div> \n\t\t\t\n        \n\t\t\t\t<div id=\"ngg-image-26\" class=\"ngg-gallery-thumbnail-box\" >\n\t\t\t\t        <div class=\"ngg-gallery-thumbnail\">\n            <a href=\"http:\/\/www.freimarianne.ch\/wp-content\/gallery\/nagens-segnes-30-9-18\/IMG_3789.jpg\"\n               title=\"das ber\u00fchme Martinsloch im Zoom\"\n               data-src=\"http:\/\/www.freimarianne.ch\/wp-content\/gallery\/nagens-segnes-30-9-18\/IMG_3789.jpg\"\n               data-thumbnail=\"http:\/\/www.freimarianne.ch\/wp-content\/gallery\/nagens-segnes-30-9-18\/thumbs\/thumbs_IMG_3789.jpg\"\n               data-image-id=\"19458\"\n               data-title=\"das ber\u00c3\u00bchme Martinsloch im Zoom\"\n               data-description=\"das ber\u00fchme Martinsloch im Zoom\"\n               data-image-slug=\"img_3789\"\n               class=\"shutterset_33550\">\n                <img\n                    title=\"das ber\u00c3\u00bchme Martinsloch im Zoom\"\n                    alt=\"das ber\u00c3\u00bchme Martinsloch im Zoom\"\n                    src=\"http:\/\/www.freimarianne.ch\/wp-content\/gallery\/nagens-segnes-30-9-18\/thumbs\/thumbs_IMG_3789.jpg\"\n                    width=\"100\"\n                    height=\"75\"\n                    style=\"max-width:100%;\"\n                \/>\n            <\/a>\n        <\/div>\n\t\t\t\t\t\t\t<\/div> \n\t\t\t\n        \n\t\t\t\t<div id=\"ngg-image-27\" class=\"ngg-gallery-thumbnail-box\" >\n\t\t\t\t        <div class=\"ngg-gallery-thumbnail\">\n            <a href=\"http:\/\/www.freimarianne.ch\/wp-content\/gallery\/nagens-segnes-30-9-18\/IMG_3792.jpg\"\n               title=\"Balancieren im Martinsloch\"\n               data-src=\"http:\/\/www.freimarianne.ch\/wp-content\/gallery\/nagens-segnes-30-9-18\/IMG_3792.jpg\"\n               data-thumbnail=\"http:\/\/www.freimarianne.ch\/wp-content\/gallery\/nagens-segnes-30-9-18\/thumbs\/thumbs_IMG_3792.jpg\"\n               data-image-id=\"19459\"\n               data-title=\"Balancieren im Martinsloch\"\n               data-description=\"Balancieren im Martinsloch\"\n               data-image-slug=\"img_3792-1\"\n               class=\"shutterset_33550\">\n                <img\n                    title=\"Balancieren im Martinsloch\"\n                    alt=\"Balancieren im Martinsloch\"\n                    src=\"http:\/\/www.freimarianne.ch\/wp-content\/gallery\/nagens-segnes-30-9-18\/thumbs\/thumbs_IMG_3792.jpg\"\n                    width=\"100\"\n                    height=\"75\"\n                    style=\"max-width:100%;\"\n                \/>\n            <\/a>\n        <\/div>\n\t\t\t\t\t\t\t<\/div> \n\t\t\t\n        \n\t\t\t\t<div id=\"ngg-image-28\" class=\"ngg-gallery-thumbnail-box\" >\n\t\t\t\t        <div class=\"ngg-gallery-thumbnail\">\n            <a href=\"http:\/\/www.freimarianne.ch\/wp-content\/gallery\/nagens-segnes-30-9-18\/IMG_3797.jpg\"\n               title=\"auf dem Weg zum Segnespass;Tschingelh\u00f6rner, Segnespass\"\n               data-src=\"http:\/\/www.freimarianne.ch\/wp-content\/gallery\/nagens-segnes-30-9-18\/IMG_3797.jpg\"\n               data-thumbnail=\"http:\/\/www.freimarianne.ch\/wp-content\/gallery\/nagens-segnes-30-9-18\/thumbs\/thumbs_IMG_3797.jpg\"\n               data-image-id=\"19460\"\n               data-title=\"auf dem Weg zum Segnespass;Tschingelh\u00c3\u00b6rner, Segnespass\"\n               data-description=\"auf dem Weg zum Segnespass;Tschingelh\u00f6rner, Segnespass\"\n               data-image-slug=\"img_3797-1\"\n               class=\"shutterset_33550\">\n                <img\n                    title=\"auf dem Weg zum Segnespass;Tschingelh\u00c3\u00b6rner, Segnespass\"\n                    alt=\"auf dem Weg zum Segnespass;Tschingelh\u00c3\u00b6rner, Segnespass\"\n                    src=\"http:\/\/www.freimarianne.ch\/wp-content\/gallery\/nagens-segnes-30-9-18\/thumbs\/thumbs_IMG_3797.jpg\"\n                    width=\"100\"\n                    height=\"75\"\n                    style=\"max-width:100%;\"\n                \/>\n            <\/a>\n        <\/div>\n\t\t\t\t\t\t\t<\/div> \n\t\t\t\n        \n\t\t\t\t<div id=\"ngg-image-29\" class=\"ngg-gallery-thumbnail-box\" >\n\t\t\t\t        <div class=\"ngg-gallery-thumbnail\">\n            <a href=\"http:\/\/www.freimarianne.ch\/wp-content\/gallery\/nagens-segnes-30-9-18\/IMG_3801.jpg\"\n               title=\"letzte Enziane\"\n               data-src=\"http:\/\/www.freimarianne.ch\/wp-content\/gallery\/nagens-segnes-30-9-18\/IMG_3801.jpg\"\n               data-thumbnail=\"http:\/\/www.freimarianne.ch\/wp-content\/gallery\/nagens-segnes-30-9-18\/thumbs\/thumbs_IMG_3801.jpg\"\n               data-image-id=\"19461\"\n               data-title=\"letzte Enziane\"\n               data-description=\"letzte Enziane\"\n               data-image-slug=\"img_3801\"\n               class=\"shutterset_33550\">\n                <img\n                    title=\"letzte Enziane\"\n                    alt=\"letzte Enziane\"\n                    src=\"http:\/\/www.freimarianne.ch\/wp-content\/gallery\/nagens-segnes-30-9-18\/thumbs\/thumbs_IMG_3801.jpg\"\n                    width=\"100\"\n                    height=\"75\"\n                    style=\"max-width:100%;\"\n                \/>\n            <\/a>\n        <\/div>\n\t\t\t\t\t\t\t<\/div> \n\t\t\t\n        \n\t\t\t\t<div id=\"ngg-image-30\" class=\"ngg-gallery-thumbnail-box\" >\n\t\t\t\t        <div class=\"ngg-gallery-thumbnail\">\n            <a href=\"http:\/\/www.freimarianne.ch\/wp-content\/gallery\/nagens-segnes-30-9-18\/IMG_3805.jpg\"\n               title=\"Blick auf Segnas Sut 2000m\"\n               data-src=\"http:\/\/www.freimarianne.ch\/wp-content\/gallery\/nagens-segnes-30-9-18\/IMG_3805.jpg\"\n               data-thumbnail=\"http:\/\/www.freimarianne.ch\/wp-content\/gallery\/nagens-segnes-30-9-18\/thumbs\/thumbs_IMG_3805.jpg\"\n               data-image-id=\"19462\"\n               data-title=\"Blick auf Segnas Sut 2000m\"\n               data-description=\"Blick auf Segnas Sut 2000m\"\n               data-image-slug=\"img_3805\"\n               class=\"shutterset_33550\">\n                <img\n                    title=\"Blick auf Segnas Sut 2000m\"\n                    alt=\"Blick auf Segnas Sut 2000m\"\n                    src=\"http:\/\/www.freimarianne.ch\/wp-content\/gallery\/nagens-segnes-30-9-18\/thumbs\/thumbs_IMG_3805.jpg\"\n                    width=\"100\"\n                    height=\"75\"\n                    style=\"max-width:100%;\"\n                \/>\n            <\/a>\n        <\/div>\n\t\t\t\t\t\t\t<\/div> \n\t\t\t\n        \n\t\t\t\t<div id=\"ngg-image-31\" class=\"ngg-gallery-thumbnail-box\" >\n\t\t\t\t        <div class=\"ngg-gallery-thumbnail\">\n            <a href=\"http:\/\/www.freimarianne.ch\/wp-content\/gallery\/nagens-segnes-30-9-18\/IMG_3813.jpg\"\n               title=\"Tschingelh\u00f6rner\"\n               data-src=\"http:\/\/www.freimarianne.ch\/wp-content\/gallery\/nagens-segnes-30-9-18\/IMG_3813.jpg\"\n               data-thumbnail=\"http:\/\/www.freimarianne.ch\/wp-content\/gallery\/nagens-segnes-30-9-18\/thumbs\/thumbs_IMG_3813.jpg\"\n               data-image-id=\"19463\"\n               data-title=\"Tschingelh\u00c3\u00b6rner\"\n               data-description=\"Tschingelh\u00f6rner\"\n               data-image-slug=\"img_3813-2\"\n               class=\"shutterset_33550\">\n                <img\n                    title=\"Tschingelh\u00c3\u00b6rner\"\n                    alt=\"Tschingelh\u00c3\u00b6rner\"\n                    src=\"http:\/\/www.freimarianne.ch\/wp-content\/gallery\/nagens-segnes-30-9-18\/thumbs\/thumbs_IMG_3813.jpg\"\n                    width=\"100\"\n                    height=\"75\"\n                    style=\"max-width:100%;\"\n                \/>\n            <\/a>\n        <\/div>\n\t\t\t\t\t\t\t<\/div> \n\t\t\t\n        \n\t\t\t\t<div id=\"ngg-image-32\" class=\"ngg-gallery-thumbnail-box\" >\n\t\t\t\t        <div class=\"ngg-gallery-thumbnail\">\n            <a href=\"http:\/\/www.freimarianne.ch\/wp-content\/gallery\/nagens-segnes-30-9-18\/IMG_3823.jpg\"\n               title=\"Blick auf Segnas Sut 2000m\"\n               data-src=\"http:\/\/www.freimarianne.ch\/wp-content\/gallery\/nagens-segnes-30-9-18\/IMG_3823.jpg\"\n               data-thumbnail=\"http:\/\/www.freimarianne.ch\/wp-content\/gallery\/nagens-segnes-30-9-18\/thumbs\/thumbs_IMG_3823.jpg\"\n               data-image-id=\"19464\"\n               data-title=\"Blick auf Segnas Sut 2000m\"\n               data-description=\"Blick auf Segnas Sut 2000m\"\n               data-image-slug=\"img_3823\"\n               class=\"shutterset_33550\">\n                <img\n                    title=\"Blick auf Segnas Sut 2000m\"\n                    alt=\"Blick auf Segnas Sut 2000m\"\n                    src=\"http:\/\/www.freimarianne.ch\/wp-content\/gallery\/nagens-segnes-30-9-18\/thumbs\/thumbs_IMG_3823.jpg\"\n                    width=\"100\"\n                    height=\"75\"\n                    style=\"max-width:100%;\"\n                \/>\n            <\/a>\n        <\/div>\n\t\t\t\t\t\t\t<\/div> \n\t\t\t\n        \n\t\t\t\t<div id=\"ngg-image-33\" class=\"ngg-gallery-thumbnail-box\" >\n\t\t\t\t        <div class=\"ngg-gallery-thumbnail\">\n            <a href=\"http:\/\/www.freimarianne.ch\/wp-content\/gallery\/nagens-segnes-30-9-18\/IMG_3827.jpg\"\n               title=\"Segnas Sut 2000m\"\n               data-src=\"http:\/\/www.freimarianne.ch\/wp-content\/gallery\/nagens-segnes-30-9-18\/IMG_3827.jpg\"\n               data-thumbnail=\"http:\/\/www.freimarianne.ch\/wp-content\/gallery\/nagens-segnes-30-9-18\/thumbs\/thumbs_IMG_3827.jpg\"\n               data-image-id=\"19465\"\n               data-title=\"Segnas Sut 2000m\"\n               data-description=\"Segnas Sut 2000m\"\n               data-image-slug=\"img_3827-2\"\n               class=\"shutterset_33550\">\n                <img\n                    title=\"Segnas Sut 2000m\"\n                    alt=\"Segnas Sut 2000m\"\n                    src=\"http:\/\/www.freimarianne.ch\/wp-content\/gallery\/nagens-segnes-30-9-18\/thumbs\/thumbs_IMG_3827.jpg\"\n                    width=\"100\"\n                    height=\"75\"\n                    style=\"max-width:100%;\"\n                \/>\n            <\/a>\n        <\/div>\n\t\t\t\t\t\t\t<\/div> \n\t\t\t\n        \n\t\t\t\t<div id=\"ngg-image-34\" class=\"ngg-gallery-thumbnail-box\" >\n\t\t\t\t        <div class=\"ngg-gallery-thumbnail\">\n            <a href=\"http:\/\/www.freimarianne.ch\/wp-content\/gallery\/nagens-segnes-30-9-18\/IMG_3830.jpg\"\n               title=\"Segnas Sut; Blick zur\u00fcck auf die Tschingelh\u00f6rner\"\n               data-src=\"http:\/\/www.freimarianne.ch\/wp-content\/gallery\/nagens-segnes-30-9-18\/IMG_3830.jpg\"\n               data-thumbnail=\"http:\/\/www.freimarianne.ch\/wp-content\/gallery\/nagens-segnes-30-9-18\/thumbs\/thumbs_IMG_3830.jpg\"\n               data-image-id=\"19466\"\n               data-title=\"Segnas Sut; Blick zur\u00c3\u00bcck auf die Tschingelh\u00c3\u00b6rner\"\n               data-description=\"Segnas Sut; Blick zur\u00fcck auf die Tschingelh\u00f6rner\"\n               data-image-slug=\"img_3830\"\n               class=\"shutterset_33550\">\n                <img\n                    title=\"Segnas Sut; Blick zur\u00c3\u00bcck auf die Tschingelh\u00c3\u00b6rner\"\n                    alt=\"Segnas Sut; Blick zur\u00c3\u00bcck auf die Tschingelh\u00c3\u00b6rner\"\n                    src=\"http:\/\/www.freimarianne.ch\/wp-content\/gallery\/nagens-segnes-30-9-18\/thumbs\/thumbs_IMG_3830.jpg\"\n                    width=\"100\"\n                    height=\"75\"\n                    style=\"max-width:100%;\"\n                \/>\n            <\/a>\n        <\/div>\n\t\t\t\t\t\t\t<\/div> \n\t\t\t\n        \n\t\t\t\t<div id=\"ngg-image-35\" class=\"ngg-gallery-thumbnail-box\" >\n\t\t\t\t        <div class=\"ngg-gallery-thumbnail\">\n            <a href=\"http:\/\/www.freimarianne.ch\/wp-content\/gallery\/nagens-segnes-30-9-18\/IMG_3835.jpg\"\n               title=\"Segnas Sut\"\n               data-src=\"http:\/\/www.freimarianne.ch\/wp-content\/gallery\/nagens-segnes-30-9-18\/IMG_3835.jpg\"\n               data-thumbnail=\"http:\/\/www.freimarianne.ch\/wp-content\/gallery\/nagens-segnes-30-9-18\/thumbs\/thumbs_IMG_3835.jpg\"\n               data-image-id=\"19467\"\n               data-title=\"Segnas Sut\"\n               data-description=\"Segnas Sut\"\n               data-image-slug=\"img_3835-2\"\n               class=\"shutterset_33550\">\n                <img\n                    title=\"Segnas Sut\"\n                    alt=\"Segnas Sut\"\n                    src=\"http:\/\/www.freimarianne.ch\/wp-content\/gallery\/nagens-segnes-30-9-18\/thumbs\/thumbs_IMG_3835.jpg\"\n                    width=\"100\"\n                    height=\"75\"\n                    style=\"max-width:100%;\"\n                \/>\n            <\/a>\n        <\/div>\n\t\t\t\t\t\t\t<\/div> \n\t\t\t\n        \n\t\t\t\t<div id=\"ngg-image-36\" class=\"ngg-gallery-thumbnail-box\" >\n\t\t\t\t        <div class=\"ngg-gallery-thumbnail\">\n            <a href=\"http:\/\/www.freimarianne.ch\/wp-content\/gallery\/nagens-segnes-30-9-18\/IMG_3838.jpg\"\n               title=\"Herbststimmung bei Segnas Sut;  Ofen 2873m, Kl.Tschingelhorn 2846m, Gr. Tschingelhorn 2849m\"\n               data-src=\"http:\/\/www.freimarianne.ch\/wp-content\/gallery\/nagens-segnes-30-9-18\/IMG_3838.jpg\"\n               data-thumbnail=\"http:\/\/www.freimarianne.ch\/wp-content\/gallery\/nagens-segnes-30-9-18\/thumbs\/thumbs_IMG_3838.jpg\"\n               data-image-id=\"19468\"\n               data-title=\"Herbststimmung bei Segnas Sut;  Ofen 2873m, Kl.Tschingelhorn 2846m, Gr. Tschingelhorn 2849m\"\n               data-description=\"Herbststimmung bei Segnas Sut;  Ofen 2873m, Kl.Tschingelhorn 2846m, Gr. Tschingelhorn 2849m\"\n               data-image-slug=\"img_3838-2\"\n               class=\"shutterset_33550\">\n                <img\n                    title=\"Herbststimmung bei Segnas Sut;  Ofen 2873m, Kl.Tschingelhorn 2846m, Gr. Tschingelhorn 2849m\"\n                    alt=\"Herbststimmung bei Segnas Sut;  Ofen 2873m, Kl.Tschingelhorn 2846m, Gr. Tschingelhorn 2849m\"\n                    src=\"http:\/\/www.freimarianne.ch\/wp-content\/gallery\/nagens-segnes-30-9-18\/thumbs\/thumbs_IMG_3838.jpg\"\n                    width=\"100\"\n                    height=\"75\"\n                    style=\"max-width:100%;\"\n                \/>\n            <\/a>\n        <\/div>\n\t\t\t\t\t\t\t<\/div> \n\t\t\t\n        \n\t\t\t\t<div id=\"ngg-image-37\" class=\"ngg-gallery-thumbnail-box\" >\n\t\t\t\t        <div class=\"ngg-gallery-thumbnail\">\n            <a href=\"http:\/\/www.freimarianne.ch\/wp-content\/gallery\/nagens-segnes-30-9-18\/IMG_3840.jpg\"\n               title=\"bei Segnas Sut 2000m mit Tschingelh\u00f6rner\"\n               data-src=\"http:\/\/www.freimarianne.ch\/wp-content\/gallery\/nagens-segnes-30-9-18\/IMG_3840.jpg\"\n               data-thumbnail=\"http:\/\/www.freimarianne.ch\/wp-content\/gallery\/nagens-segnes-30-9-18\/thumbs\/thumbs_IMG_3840.jpg\"\n               data-image-id=\"19469\"\n               data-title=\"bei Segnas Sut 2000m mit Tschingelh\u00c3\u00b6rner\"\n               data-description=\"bei Segnas Sut 2000m mit Tschingelh\u00f6rner\"\n               data-image-slug=\"img_3840-2\"\n               class=\"shutterset_33550\">\n                <img\n                    title=\"bei Segnas Sut 2000m mit Tschingelh\u00c3\u00b6rner\"\n                    alt=\"bei Segnas Sut 2000m mit Tschingelh\u00c3\u00b6rner\"\n                    src=\"http:\/\/www.freimarianne.ch\/wp-content\/gallery\/nagens-segnes-30-9-18\/thumbs\/thumbs_IMG_3840.jpg\"\n                    width=\"100\"\n                    height=\"75\"\n                    style=\"max-width:100%;\"\n                \/>\n            <\/a>\n        <\/div>\n\t\t\t\t\t\t\t<\/div> \n\t\t\t\n        \n\t\t\t\t<div id=\"ngg-image-38\" class=\"ngg-gallery-thumbnail-box\" >\n\t\t\t\t        <div class=\"ngg-gallery-thumbnail\">\n            <a href=\"http:\/\/www.freimarianne.ch\/wp-content\/gallery\/nagens-segnes-30-9-18\/IMG_3842.jpg\"\n               title=\"Marianne bei Segnas Sut 2000m mit Tschingelh\u00f6rner\"\n               data-src=\"http:\/\/www.freimarianne.ch\/wp-content\/gallery\/nagens-segnes-30-9-18\/IMG_3842.jpg\"\n               data-thumbnail=\"http:\/\/www.freimarianne.ch\/wp-content\/gallery\/nagens-segnes-30-9-18\/thumbs\/thumbs_IMG_3842.jpg\"\n               data-image-id=\"19470\"\n               data-title=\"Version 2\"\n               data-description=\"Marianne bei Segnas Sut 2000m mit Tschingelh\u00f6rner\"\n               data-image-slug=\"img_3842-2\"\n               class=\"shutterset_33550\">\n                <img\n                    title=\"Version 2\"\n                    alt=\"Version 2\"\n                    src=\"http:\/\/www.freimarianne.ch\/wp-content\/gallery\/nagens-segnes-30-9-18\/thumbs\/thumbs_IMG_3842.jpg\"\n                    width=\"100\"\n                    height=\"75\"\n                    style=\"max-width:100%;\"\n                \/>\n            <\/a>\n        <\/div>\n\t\t\t\t\t\t\t<\/div> \n\t\t\t\n        \n\t\t\t\t<div id=\"ngg-image-39\" class=\"ngg-gallery-thumbnail-box\" >\n\t\t\t\t        <div class=\"ngg-gallery-thumbnail\">\n            <a href=\"http:\/\/www.freimarianne.ch\/wp-content\/gallery\/nagens-segnes-30-9-18\/IMG_3856.jpg\"\n               title=\"der Bach Flem und der Flimserstein\"\n               data-src=\"http:\/\/www.freimarianne.ch\/wp-content\/gallery\/nagens-segnes-30-9-18\/IMG_3856.jpg\"\n               data-thumbnail=\"http:\/\/www.freimarianne.ch\/wp-content\/gallery\/nagens-segnes-30-9-18\/thumbs\/thumbs_IMG_3856.jpg\"\n               data-image-id=\"19471\"\n               data-title=\"der Bach Flem und der Flimserstein\"\n               data-description=\"der Bach Flem und der Flimserstein\"\n               data-image-slug=\"img_3856-1\"\n               class=\"shutterset_33550\">\n                <img\n                    title=\"der Bach Flem und der Flimserstein\"\n                    alt=\"der Bach Flem und der Flimserstein\"\n                    src=\"http:\/\/www.freimarianne.ch\/wp-content\/gallery\/nagens-segnes-30-9-18\/thumbs\/thumbs_IMG_3856.jpg\"\n                    width=\"100\"\n                    height=\"75\"\n                    style=\"max-width:100%;\"\n                \/>\n            <\/a>\n        <\/div>\n\t\t\t\t\t\t\t<\/div> \n\t\t\t\n        \n\t\t\t\t<div id=\"ngg-image-40\" class=\"ngg-gallery-thumbnail-box\" >\n\t\t\t\t        <div class=\"ngg-gallery-thumbnail\">\n            <a href=\"http:\/\/www.freimarianne.ch\/wp-content\/gallery\/nagens-segnes-30-9-18\/IMG_3859.jpg\"\n               title=\"der Bach Flem\"\n               data-src=\"http:\/\/www.freimarianne.ch\/wp-content\/gallery\/nagens-segnes-30-9-18\/IMG_3859.jpg\"\n               data-thumbnail=\"http:\/\/www.freimarianne.ch\/wp-content\/gallery\/nagens-segnes-30-9-18\/thumbs\/thumbs_IMG_3859.jpg\"\n               data-image-id=\"19472\"\n               data-title=\"der Bach Flem\"\n               data-description=\"der Bach Flem\"\n               data-image-slug=\"img_3859-1\"\n               class=\"shutterset_33550\">\n                <img\n                    title=\"der Bach Flem\"\n                    alt=\"der Bach Flem\"\n                    src=\"http:\/\/www.freimarianne.ch\/wp-content\/gallery\/nagens-segnes-30-9-18\/thumbs\/thumbs_IMG_3859.jpg\"\n                    width=\"100\"\n                    height=\"75\"\n                    style=\"max-width:100%;\"\n                \/>\n            <\/a>\n        <\/div>\n\t\t\t\t\t\t\t<\/div> \n\t\t\t\n        \n\t\t\t\t<div id=\"ngg-image-41\" class=\"ngg-gallery-thumbnail-box\" >\n\t\t\t\t        <div class=\"ngg-gallery-thumbnail\">\n            <a href=\"http:\/\/www.freimarianne.ch\/wp-content\/gallery\/nagens-segnes-30-9-18\/IMG_3861.jpg\"\n               title=\"herbstliche  Landschaft mit Flimserstein\"\n               data-src=\"http:\/\/www.freimarianne.ch\/wp-content\/gallery\/nagens-segnes-30-9-18\/IMG_3861.jpg\"\n               data-thumbnail=\"http:\/\/www.freimarianne.ch\/wp-content\/gallery\/nagens-segnes-30-9-18\/thumbs\/thumbs_IMG_3861.jpg\"\n               data-image-id=\"19473\"\n               data-title=\"herbstliche  Landschaft mit Flimserstein\"\n               data-description=\"herbstliche  Landschaft mit Flimserstein\"\n               data-image-slug=\"img_3861-2\"\n               class=\"shutterset_33550\">\n                <img\n                    title=\"herbstliche  Landschaft mit Flimserstein\"\n                    alt=\"herbstliche  Landschaft mit Flimserstein\"\n                    src=\"http:\/\/www.freimarianne.ch\/wp-content\/gallery\/nagens-segnes-30-9-18\/thumbs\/thumbs_IMG_3861.jpg\"\n                    width=\"100\"\n                    height=\"75\"\n                    style=\"max-width:100%;\"\n                \/>\n            <\/a>\n        <\/div>\n\t\t\t\t\t\t\t<\/div> \n\t\t\t\n        \n\t\t\t\t<div id=\"ngg-image-42\" class=\"ngg-gallery-thumbnail-box\" >\n\t\t\t\t        <div class=\"ngg-gallery-thumbnail\">\n            <a href=\"http:\/\/www.freimarianne.ch\/wp-content\/gallery\/nagens-segnes-30-9-18\/IMG_3868.jpg\"\n               title=\"Flimserstein; bei Foppa\"\n               data-src=\"http:\/\/www.freimarianne.ch\/wp-content\/gallery\/nagens-segnes-30-9-18\/IMG_3868.jpg\"\n               data-thumbnail=\"http:\/\/www.freimarianne.ch\/wp-content\/gallery\/nagens-segnes-30-9-18\/thumbs\/thumbs_IMG_3868.jpg\"\n               data-image-id=\"19474\"\n               data-title=\"Flimserstein; bei Foppa\"\n               data-description=\"Flimserstein; bei Foppa\"\n               data-image-slug=\"img_3868\"\n               class=\"shutterset_33550\">\n                <img\n                    title=\"Flimserstein; bei Foppa\"\n                    alt=\"Flimserstein; bei Foppa\"\n                    src=\"http:\/\/www.freimarianne.ch\/wp-content\/gallery\/nagens-segnes-30-9-18\/thumbs\/thumbs_IMG_3868.jpg\"\n                    width=\"100\"\n                    height=\"75\"\n                    style=\"max-width:100%;\"\n                \/>\n            <\/a>\n        <\/div>\n\t\t\t\t\t\t\t<\/div> \n\t\t\t\n        \n\t\t\t\t<div id=\"ngg-image-43\" class=\"ngg-gallery-thumbnail-box\" >\n\t\t\t\t        <div class=\"ngg-gallery-thumbnail\">\n            <a href=\"http:\/\/www.freimarianne.ch\/wp-content\/gallery\/nagens-segnes-30-9-18\/panorama_3807-09.jpg\"\n               title=\"einsame Herbstlandschaft\"\n               data-src=\"http:\/\/www.freimarianne.ch\/wp-content\/gallery\/nagens-segnes-30-9-18\/panorama_3807-09.jpg\"\n               data-thumbnail=\"http:\/\/www.freimarianne.ch\/wp-content\/gallery\/nagens-segnes-30-9-18\/thumbs\/thumbs_panorama_3807-09.jpg\"\n               data-image-id=\"19475\"\n               data-title=\"einsame Herbstlandschaft\"\n               data-description=\"einsame Herbstlandschaft\"\n               data-image-slug=\"panorama_3807-09\"\n               class=\"shutterset_33550\">\n                <img\n                    title=\"einsame Herbstlandschaft\"\n                    alt=\"einsame Herbstlandschaft\"\n                    src=\"http:\/\/www.freimarianne.ch\/wp-content\/gallery\/nagens-segnes-30-9-18\/thumbs\/thumbs_panorama_3807-09.jpg\"\n                    width=\"100\"\n                    height=\"75\"\n                    style=\"max-width:100%;\"\n                \/>\n            <\/a>\n        <\/div>\n\t\t\t\t\t\t\t<\/div> \n\t\t\t\n        \n\t\t\t\t<div id=\"ngg-image-44\" class=\"ngg-gallery-thumbnail-box\" >\n\t\t\t\t        <div class=\"ngg-gallery-thumbnail\">\n            <a href=\"http:\/\/www.freimarianne.ch\/wp-content\/gallery\/nagens-segnes-30-9-18\/panorama_3844-48.jpg\"\n               title=\"Tschingelh\u00f6rner, Atlas, Flimserstein\"\n               data-src=\"http:\/\/www.freimarianne.ch\/wp-content\/gallery\/nagens-segnes-30-9-18\/panorama_3844-48.jpg\"\n               data-thumbnail=\"http:\/\/www.freimarianne.ch\/wp-content\/gallery\/nagens-segnes-30-9-18\/thumbs\/thumbs_panorama_3844-48.jpg\"\n               data-image-id=\"19476\"\n               data-title=\"Tschingelh\u00c3\u00b6rner, Atlas, Flimserstein\"\n               data-description=\"Tschingelh\u00f6rner, Atlas, Flimserstein\"\n               data-image-slug=\"panorama_3844-48\"\n               class=\"shutterset_33550\">\n                <img\n                    title=\"Tschingelh\u00c3\u00b6rner, Atlas, Flimserstein\"\n                    alt=\"Tschingelh\u00c3\u00b6rner, Atlas, Flimserstein\"\n                    src=\"http:\/\/www.freimarianne.ch\/wp-content\/gallery\/nagens-segnes-30-9-18\/thumbs\/thumbs_panorama_3844-48.jpg\"\n                    width=\"100\"\n                    height=\"75\"\n                    style=\"max-width:100%;\"\n                \/>\n            <\/a>\n        <\/div>\n\t\t\t\t\t\t\t<\/div> \n\t\t\t\n        \n\t\t\n\t\t<!-- Pagination -->\n\t<div class='ngg-clear'><\/div>\t<\/div>\n<\/p>\n","protected":false},"excerpt":{"rendered":"<p>Bergwanderung von Laax\/Nagens auf die Segnesh\u00fctte und hinauf gegen den Segnespass:Martinsloch. Zur\u00fcck zur Segnesh\u00fctte und hinunter nach Foppa Heute k\u00f6nnte der letzte sch\u00f6ne,noch einigermassen warme Sp\u00e4tsommertag sein. Es zieht mich nochmals hinauf zur Segnesh\u00fctte 2102m oberhalb Flims. Dieses Mal fahre ich nach Laax Bergbahnen und nehme den Bus (9.42h) hinauf zur Alp Nagens 1967m (Fr.15).Von [&hellip;]<\/p>\n","protected":false},"author":1,"featured_media":0,"parent":32741,"menu_order":12,"comment_status":"closed","ping_status":"closed","template":"","meta":{"ngg_post_thumbnail":0},"_links":{"self":[{"href":"http:\/\/www.freimarianne.ch\/index.php?rest_route=\/wp\/v2\/pages\/33187"}],"collection":[{"href":"http:\/\/www.freimarianne.ch\/index.php?rest_route=\/wp\/v2\/pages"}],"about":[{"href":"http:\/\/www.freimarianne.ch\/index.php?rest_route=\/wp\/v2\/types\/page"}],"author":[{"embeddable":true,"href":"http:\/\/www.freimarianne.ch\/index.php?rest_route=\/wp\/v2\/users\/1"}],"replies":[{"embeddable":true,"href":"http:\/\/www.freimarianne.ch\/index.php?rest_route=%2Fwp%2Fv2%2Fcomments&post=33187"}],"version-history":[{"count":6,"href":"http:\/\/www.freimarianne.ch\/index.php?rest_route=\/wp\/v2\/pages\/33187\/revisions"}],"predecessor-version":[{"id":33552,"href":"http:\/\/www.freimarianne.ch\/index.php?rest_route=\/wp\/v2\/pages\/33187\/revisions\/33552"}],"up":[{"embeddable":true,"href":"http:\/\/www.freimarianne.ch\/index.php?rest_route=\/wp\/v2\/pages\/32741"}],"wp:attachment":[{"href":"http:\/\/www.freimarianne.ch\/index.php?rest_route=%2Fwp%2Fv2%2Fmedia&parent=33187"}],"curies":[{"name":"wp","href":"https:\/\/api.w.org\/{rel}","templated":true}]}}