{"id":36473,"date":"2019-05-18T09:13:16","date_gmt":"2019-05-18T08:13:16","guid":{"rendered":"http:\/\/www.freimarianne.ch\/?page_id=36473"},"modified":"2019-05-18T10:37:54","modified_gmt":"2019-05-18T09:37:54","slug":"mallorca-1-5-2019","status":"publish","type":"page","link":"http:\/\/www.freimarianne.ch\/?page_id=36473","title":{"rendered":"Mallorca  1.5.2019"},"content":{"rendered":"<p><strong>Valldemossa, Unterkunftswechsel nach S\u00f3ller<\/strong><\/p>\n<p><img loading=\"lazy\" class=\"size-full wp-image-36448\" src=\"http:\/\/www.freimarianne.ch\/wp-content\/uploads\/2019\/05\/Mallorca-1.5.19_500.jpg\" alt=\"\" width=\"500\" height=\"375\" srcset=\"http:\/\/www.freimarianne.ch\/wp-content\/uploads\/2019\/05\/Mallorca-1.5.19_500.jpg 500w, http:\/\/www.freimarianne.ch\/wp-content\/uploads\/2019\/05\/Mallorca-1.5.19_500-300x225.jpg 300w, http:\/\/www.freimarianne.ch\/wp-content\/uploads\/2019\/05\/Mallorca-1.5.19_500-400x300.jpg 400w\" sizes=\"(max-width: 500px) 100vw, 500px\" \/><br \/>\nSicht vom Plateau auf das Meer<\/p>\n<p>Der Bus bringt uns ins Bergdorf Valdemossa, das durch Chopin und George Sand ber\u00fchmt geworden ist.Von dort aus steigen wir wieder in einem alten Steineichenwald auf (auf GR 221). Wie immer ist die Landschaft sehr abwechslungsreich. Nach ca.2h erreichen wir einen Grat, der uns wieder Sicht aufs Meer bietet. Wir halten unsere Mittagsrast. Auf dieser Hochebene sto\u00dfen wir auf den Reitweg des \u00f6sterreichischen Erzherzogs Ludwig Salvator, dem wir nun folgen. Dieser Pfad ist ausgesprochen sch\u00f6n und l\u00e4dt ein zum Fotografieren! Nach dem kleinen Gipfel geht es allm\u00e4hlich wieder hinunter nach Valdemossa, wo wir ca.um 16h eintreffen.Hier reicht es entweder f\u00fcr einen Kaffee oder einen Besuch des Ortes! Der Bus bringt uns dann nach Port S\u00f3ller, wo wir im Hotel Marina Quartier beziehen.<\/p>\n<p>Diese Wanderung war auch wieder landschaftlich sehr reizvoll.<br \/>\n(Aufstieg: 550 m, Abstieg: 550 m, L\u00e4nge: 10,0 km, Dauer: ca. 4 h)<\/p>\n<p><!-- index.php -->\n<div\n\tclass=\"ngg-galleryoverview ngg-ajax-pagination-none\"\n\tid=\"ngg-gallery-37097-1\">\n\n    \t<div class=\"slideshowlink\">\n        <a href='http:\/\/www.freimarianne.ch\/index.php\/nggallery\/slideshow?page_id=36473'>[Show as slideshow]<\/a>\n\t\t\n\t<\/div>\n\t\t\t<!-- Thumbnails -->\n\t\t\t\t<div id=\"ngg-image-0\" class=\"ngg-gallery-thumbnail-box\" >\n\t\t\t\t        <div class=\"ngg-gallery-thumbnail\">\n            <a href=\"http:\/\/www.freimarianne.ch\/wp-content\/gallery\/mallorca-1-5-19\/IMG_0025.jpg\"\n               title=\"Rest eines K\u00f6hlermeilers\"\n               data-src=\"http:\/\/www.freimarianne.ch\/wp-content\/gallery\/mallorca-1-5-19\/IMG_0025.jpg\"\n               data-thumbnail=\"http:\/\/www.freimarianne.ch\/wp-content\/gallery\/mallorca-1-5-19\/thumbs\/thumbs_IMG_0025.jpg\"\n               data-image-id=\"20701\"\n               data-title=\"Rest eines K\u00c3\u00b6hlermeilers\"\n               data-description=\"Rest eines K\u00f6hlermeilers\"\n               data-image-slug=\"img_0025-1\"\n               class=\"shutterset_37097\">\n                <img\n                    title=\"Rest eines K\u00c3\u00b6hlermeilers\"\n                    alt=\"Rest eines K\u00c3\u00b6hlermeilers\"\n                    src=\"http:\/\/www.freimarianne.ch\/wp-content\/gallery\/mallorca-1-5-19\/thumbs\/thumbs_IMG_0025.jpg\"\n                    width=\"100\"\n                    height=\"75\"\n                    style=\"max-width:100%;\"\n                \/>\n            <\/a>\n        <\/div>\n\t\t\t\t\t\t\t<\/div> \n\t\t\t\n        \n\t\t\t\t<div id=\"ngg-image-1\" class=\"ngg-gallery-thumbnail-box\" >\n\t\t\t\t        <div class=\"ngg-gallery-thumbnail\">\n            <a href=\"http:\/\/www.freimarianne.ch\/wp-content\/gallery\/mallorca-1-5-19\/IMG_0029.jpg\"\n               title=\"\u00fcber eine Leiter\"\n               data-src=\"http:\/\/www.freimarianne.ch\/wp-content\/gallery\/mallorca-1-5-19\/IMG_0029.jpg\"\n               data-thumbnail=\"http:\/\/www.freimarianne.ch\/wp-content\/gallery\/mallorca-1-5-19\/thumbs\/thumbs_IMG_0029.jpg\"\n               data-image-id=\"20702\"\n               data-title=\"\u00c3\u00bcber eine Leiter\"\n               data-description=\"\u00fcber eine Leiter\"\n               data-image-slug=\"img_0029-7\"\n               class=\"shutterset_37097\">\n                <img\n                    title=\"\u00c3\u00bcber eine Leiter\"\n                    alt=\"\u00c3\u00bcber eine Leiter\"\n                    src=\"http:\/\/www.freimarianne.ch\/wp-content\/gallery\/mallorca-1-5-19\/thumbs\/thumbs_IMG_0029.jpg\"\n                    width=\"100\"\n                    height=\"75\"\n                    style=\"max-width:100%;\"\n                \/>\n            <\/a>\n        <\/div>\n\t\t\t\t\t\t\t<\/div> \n\t\t\t\n        \n\t\t\t\t<div id=\"ngg-image-2\" class=\"ngg-gallery-thumbnail-box\" >\n\t\t\t\t        <div class=\"ngg-gallery-thumbnail\">\n            <a href=\"http:\/\/www.freimarianne.ch\/wp-content\/gallery\/mallorca-1-5-19\/IMG_0032.jpg\"\n               title=\"Trinkhalt\"\n               data-src=\"http:\/\/www.freimarianne.ch\/wp-content\/gallery\/mallorca-1-5-19\/IMG_0032.jpg\"\n               data-thumbnail=\"http:\/\/www.freimarianne.ch\/wp-content\/gallery\/mallorca-1-5-19\/thumbs\/thumbs_IMG_0032.jpg\"\n               data-image-id=\"20703\"\n               data-title=\"Trinkhalt\"\n               data-description=\"Trinkhalt\"\n               data-image-slug=\"img_0032-2\"\n               class=\"shutterset_37097\">\n                <img\n                    title=\"Trinkhalt\"\n                    alt=\"Trinkhalt\"\n                    src=\"http:\/\/www.freimarianne.ch\/wp-content\/gallery\/mallorca-1-5-19\/thumbs\/thumbs_IMG_0032.jpg\"\n                    width=\"100\"\n                    height=\"75\"\n                    style=\"max-width:100%;\"\n                \/>\n            <\/a>\n        <\/div>\n\t\t\t\t\t\t\t<\/div> \n\t\t\t\n        \n\t\t\t\t<div id=\"ngg-image-3\" class=\"ngg-gallery-thumbnail-box\" >\n\t\t\t\t        <div class=\"ngg-gallery-thumbnail\">\n            <a href=\"http:\/\/www.freimarianne.ch\/wp-content\/gallery\/mallorca-1-5-19\/IMG_0035.jpg\"\n               title=\"hinauf im Steineichenwald\"\n               data-src=\"http:\/\/www.freimarianne.ch\/wp-content\/gallery\/mallorca-1-5-19\/IMG_0035.jpg\"\n               data-thumbnail=\"http:\/\/www.freimarianne.ch\/wp-content\/gallery\/mallorca-1-5-19\/thumbs\/thumbs_IMG_0035.jpg\"\n               data-image-id=\"20704\"\n               data-title=\"hinauf im Steineichenwald\"\n               data-description=\"hinauf im Steineichenwald\"\n               data-image-slug=\"img_0035-2\"\n               class=\"shutterset_37097\">\n                <img\n                    title=\"hinauf im Steineichenwald\"\n                    alt=\"hinauf im Steineichenwald\"\n                    src=\"http:\/\/www.freimarianne.ch\/wp-content\/gallery\/mallorca-1-5-19\/thumbs\/thumbs_IMG_0035.jpg\"\n                    width=\"100\"\n                    height=\"75\"\n                    style=\"max-width:100%;\"\n                \/>\n            <\/a>\n        <\/div>\n\t\t\t\t\t\t\t<\/div> \n\t\t\t\n        \n\t\t\t\t<div id=\"ngg-image-4\" class=\"ngg-gallery-thumbnail-box\" >\n\t\t\t\t        <div class=\"ngg-gallery-thumbnail\">\n            <a href=\"http:\/\/www.freimarianne.ch\/wp-content\/gallery\/mallorca-1-5-19\/IMG_0037.jpg\"\n               title=\"hinauf im Steineichenwald\"\n               data-src=\"http:\/\/www.freimarianne.ch\/wp-content\/gallery\/mallorca-1-5-19\/IMG_0037.jpg\"\n               data-thumbnail=\"http:\/\/www.freimarianne.ch\/wp-content\/gallery\/mallorca-1-5-19\/thumbs\/thumbs_IMG_0037.jpg\"\n               data-image-id=\"20705\"\n               data-title=\"hinauf im Steineichenwald\"\n               data-description=\"hinauf im Steineichenwald\"\n               data-image-slug=\"img_0037-3\"\n               class=\"shutterset_37097\">\n                <img\n                    title=\"hinauf im Steineichenwald\"\n                    alt=\"hinauf im Steineichenwald\"\n                    src=\"http:\/\/www.freimarianne.ch\/wp-content\/gallery\/mallorca-1-5-19\/thumbs\/thumbs_IMG_0037.jpg\"\n                    width=\"100\"\n                    height=\"75\"\n                    style=\"max-width:100%;\"\n                \/>\n            <\/a>\n        <\/div>\n\t\t\t\t\t\t\t<\/div> \n\t\t\t\n        \n\t\t\t\t<div id=\"ngg-image-5\" class=\"ngg-gallery-thumbnail-box\" >\n\t\t\t\t        <div class=\"ngg-gallery-thumbnail\">\n            <a href=\"http:\/\/www.freimarianne.ch\/wp-content\/gallery\/mallorca-1-5-19\/IMG_0038.jpg\"\n               title=\"hinauf im Steineichenwald\"\n               data-src=\"http:\/\/www.freimarianne.ch\/wp-content\/gallery\/mallorca-1-5-19\/IMG_0038.jpg\"\n               data-thumbnail=\"http:\/\/www.freimarianne.ch\/wp-content\/gallery\/mallorca-1-5-19\/thumbs\/thumbs_IMG_0038.jpg\"\n               data-image-id=\"20706\"\n               data-title=\"hinauf im Steineichenwald\"\n               data-description=\"hinauf im Steineichenwald\"\n               data-image-slug=\"img_0038-3\"\n               class=\"shutterset_37097\">\n                <img\n                    title=\"hinauf im Steineichenwald\"\n                    alt=\"hinauf im Steineichenwald\"\n                    src=\"http:\/\/www.freimarianne.ch\/wp-content\/gallery\/mallorca-1-5-19\/thumbs\/thumbs_IMG_0038.jpg\"\n                    width=\"100\"\n                    height=\"75\"\n                    style=\"max-width:100%;\"\n                \/>\n            <\/a>\n        <\/div>\n\t\t\t\t\t\t\t<\/div> \n\t\t\t\n        \n\t\t\t\t<div id=\"ngg-image-6\" class=\"ngg-gallery-thumbnail-box\" >\n\t\t\t\t        <div class=\"ngg-gallery-thumbnail\">\n            <a href=\"http:\/\/www.freimarianne.ch\/wp-content\/gallery\/mallorca-1-5-19\/IMG_0041.jpg\"\n               title=\"Blick aufs Meer\"\n               data-src=\"http:\/\/www.freimarianne.ch\/wp-content\/gallery\/mallorca-1-5-19\/IMG_0041.jpg\"\n               data-thumbnail=\"http:\/\/www.freimarianne.ch\/wp-content\/gallery\/mallorca-1-5-19\/thumbs\/thumbs_IMG_0041.jpg\"\n               data-image-id=\"20707\"\n               data-title=\"Blick aufs Meer\"\n               data-description=\"Blick aufs Meer\"\n               data-image-slug=\"img_0041-1\"\n               class=\"shutterset_37097\">\n                <img\n                    title=\"Blick aufs Meer\"\n                    alt=\"Blick aufs Meer\"\n                    src=\"http:\/\/www.freimarianne.ch\/wp-content\/gallery\/mallorca-1-5-19\/thumbs\/thumbs_IMG_0041.jpg\"\n                    width=\"100\"\n                    height=\"75\"\n                    style=\"max-width:100%;\"\n                \/>\n            <\/a>\n        <\/div>\n\t\t\t\t\t\t\t<\/div> \n\t\t\t\n        \n\t\t\t\t<div id=\"ngg-image-7\" class=\"ngg-gallery-thumbnail-box\" >\n\t\t\t\t        <div class=\"ngg-gallery-thumbnail\">\n            <a href=\"http:\/\/www.freimarianne.ch\/wp-content\/gallery\/mallorca-1-5-19\/IMG_0044.jpg\"\n               title=\"wir sind auf dem Plateau\"\n               data-src=\"http:\/\/www.freimarianne.ch\/wp-content\/gallery\/mallorca-1-5-19\/IMG_0044.jpg\"\n               data-thumbnail=\"http:\/\/www.freimarianne.ch\/wp-content\/gallery\/mallorca-1-5-19\/thumbs\/thumbs_IMG_0044.jpg\"\n               data-image-id=\"20708\"\n               data-title=\"wir sind auf dem Plateau\"\n               data-description=\"wir sind auf dem Plateau\"\n               data-image-slug=\"img_0044-2\"\n               class=\"shutterset_37097\">\n                <img\n                    title=\"wir sind auf dem Plateau\"\n                    alt=\"wir sind auf dem Plateau\"\n                    src=\"http:\/\/www.freimarianne.ch\/wp-content\/gallery\/mallorca-1-5-19\/thumbs\/thumbs_IMG_0044.jpg\"\n                    width=\"100\"\n                    height=\"75\"\n                    style=\"max-width:100%;\"\n                \/>\n            <\/a>\n        <\/div>\n\t\t\t\t\t\t\t<\/div> \n\t\t\t\n        \n\t\t\t\t<div id=\"ngg-image-8\" class=\"ngg-gallery-thumbnail-box\" >\n\t\t\t\t        <div class=\"ngg-gallery-thumbnail\">\n            <a href=\"http:\/\/www.freimarianne.ch\/wp-content\/gallery\/mallorca-1-5-19\/IMG_0045.jpg\"\n               title=\"Blick aus Meer\"\n               data-src=\"http:\/\/www.freimarianne.ch\/wp-content\/gallery\/mallorca-1-5-19\/IMG_0045.jpg\"\n               data-thumbnail=\"http:\/\/www.freimarianne.ch\/wp-content\/gallery\/mallorca-1-5-19\/thumbs\/thumbs_IMG_0045.jpg\"\n               data-image-id=\"20709\"\n               data-title=\"Blick aus Meer\"\n               data-description=\"Blick aus Meer\"\n               data-image-slug=\"img_0045\"\n               class=\"shutterset_37097\">\n                <img\n                    title=\"Blick aus Meer\"\n                    alt=\"Blick aus Meer\"\n                    src=\"http:\/\/www.freimarianne.ch\/wp-content\/gallery\/mallorca-1-5-19\/thumbs\/thumbs_IMG_0045.jpg\"\n                    width=\"100\"\n                    height=\"75\"\n                    style=\"max-width:100%;\"\n                \/>\n            <\/a>\n        <\/div>\n\t\t\t\t\t\t\t<\/div> \n\t\t\t\n        \n\t\t\t\t<div id=\"ngg-image-9\" class=\"ngg-gallery-thumbnail-box\" >\n\t\t\t\t        <div class=\"ngg-gallery-thumbnail\">\n            <a href=\"http:\/\/www.freimarianne.ch\/wp-content\/gallery\/mallorca-1-5-19\/IMG_0048.jpg\"\n               title=\"Marianne auf dem Plateau\"\n               data-src=\"http:\/\/www.freimarianne.ch\/wp-content\/gallery\/mallorca-1-5-19\/IMG_0048.jpg\"\n               data-thumbnail=\"http:\/\/www.freimarianne.ch\/wp-content\/gallery\/mallorca-1-5-19\/thumbs\/thumbs_IMG_0048.jpg\"\n               data-image-id=\"20710\"\n               data-title=\"Marianne auf dem Plateau\"\n               data-description=\"Marianne auf dem Plateau\"\n               data-image-slug=\"img_0048-1\"\n               class=\"shutterset_37097\">\n                <img\n                    title=\"Marianne auf dem Plateau\"\n                    alt=\"Marianne auf dem Plateau\"\n                    src=\"http:\/\/www.freimarianne.ch\/wp-content\/gallery\/mallorca-1-5-19\/thumbs\/thumbs_IMG_0048.jpg\"\n                    width=\"100\"\n                    height=\"75\"\n                    style=\"max-width:100%;\"\n                \/>\n            <\/a>\n        <\/div>\n\t\t\t\t\t\t\t<\/div> \n\t\t\t\n        \n\t\t\t\t<div id=\"ngg-image-10\" class=\"ngg-gallery-thumbnail-box\" >\n\t\t\t\t        <div class=\"ngg-gallery-thumbnail\">\n            <a href=\"http:\/\/www.freimarianne.ch\/wp-content\/gallery\/mallorca-1-5-19\/IMG_0053.jpg\"\n               title=\"Sicht vom Plateau  auf das Meer\"\n               data-src=\"http:\/\/www.freimarianne.ch\/wp-content\/gallery\/mallorca-1-5-19\/IMG_0053.jpg\"\n               data-thumbnail=\"http:\/\/www.freimarianne.ch\/wp-content\/gallery\/mallorca-1-5-19\/thumbs\/thumbs_IMG_0053.jpg\"\n               data-image-id=\"20711\"\n               data-title=\"Sicht vom Plateau  auf das Meer\"\n               data-description=\"Sicht vom Plateau  auf das Meer\"\n               data-image-slug=\"img_0053-2\"\n               class=\"shutterset_37097\">\n                <img\n                    title=\"Sicht vom Plateau  auf das Meer\"\n                    alt=\"Sicht vom Plateau  auf das Meer\"\n                    src=\"http:\/\/www.freimarianne.ch\/wp-content\/gallery\/mallorca-1-5-19\/thumbs\/thumbs_IMG_0053.jpg\"\n                    width=\"100\"\n                    height=\"75\"\n                    style=\"max-width:100%;\"\n                \/>\n            <\/a>\n        <\/div>\n\t\t\t\t\t\t\t<\/div> \n\t\t\t\n        \n\t\t\t\t<div id=\"ngg-image-11\" class=\"ngg-gallery-thumbnail-box\" >\n\t\t\t\t        <div class=\"ngg-gallery-thumbnail\">\n            <a href=\"http:\/\/www.freimarianne.ch\/wp-content\/gallery\/mallorca-1-5-19\/IMG_0057.jpg\"\n               title=\"es geht weiter auf dem Reitweg von Erzherzog Ludwig Salvator\"\n               data-src=\"http:\/\/www.freimarianne.ch\/wp-content\/gallery\/mallorca-1-5-19\/IMG_0057.jpg\"\n               data-thumbnail=\"http:\/\/www.freimarianne.ch\/wp-content\/gallery\/mallorca-1-5-19\/thumbs\/thumbs_IMG_0057.jpg\"\n               data-image-id=\"20712\"\n               data-title=\"es geht weiter auf dem Reitweg von Erzherzog Ludwig Salvator\"\n               data-description=\"es geht weiter auf dem Reitweg von Erzherzog Ludwig Salvator\"\n               data-image-slug=\"img_0057-2\"\n               class=\"shutterset_37097\">\n                <img\n                    title=\"es geht weiter auf dem Reitweg von Erzherzog Ludwig Salvator\"\n                    alt=\"es geht weiter auf dem Reitweg von Erzherzog Ludwig Salvator\"\n                    src=\"http:\/\/www.freimarianne.ch\/wp-content\/gallery\/mallorca-1-5-19\/thumbs\/thumbs_IMG_0057.jpg\"\n                    width=\"100\"\n                    height=\"75\"\n                    style=\"max-width:100%;\"\n                \/>\n            <\/a>\n        <\/div>\n\t\t\t\t\t\t\t<\/div> \n\t\t\t\n        \n\t\t\t\t<div id=\"ngg-image-12\" class=\"ngg-gallery-thumbnail-box\" >\n\t\t\t\t        <div class=\"ngg-gallery-thumbnail\">\n            <a href=\"http:\/\/www.freimarianne.ch\/wp-content\/gallery\/mallorca-1-5-19\/IMG_0063.jpg\"\n               title=\"Gipfel\"\n               data-src=\"http:\/\/www.freimarianne.ch\/wp-content\/gallery\/mallorca-1-5-19\/IMG_0063.jpg\"\n               data-thumbnail=\"http:\/\/www.freimarianne.ch\/wp-content\/gallery\/mallorca-1-5-19\/thumbs\/thumbs_IMG_0063.jpg\"\n               data-image-id=\"20713\"\n               data-title=\"Gipfel\"\n               data-description=\"Gipfel\"\n               data-image-slug=\"img_0063-3\"\n               class=\"shutterset_37097\">\n                <img\n                    title=\"Gipfel\"\n                    alt=\"Gipfel\"\n                    src=\"http:\/\/www.freimarianne.ch\/wp-content\/gallery\/mallorca-1-5-19\/thumbs\/thumbs_IMG_0063.jpg\"\n                    width=\"100\"\n                    height=\"75\"\n                    style=\"max-width:100%;\"\n                \/>\n            <\/a>\n        <\/div>\n\t\t\t\t\t\t\t<\/div> \n\t\t\t\n        \n\t\t\t\t<div id=\"ngg-image-13\" class=\"ngg-gallery-thumbnail-box\" >\n\t\t\t\t        <div class=\"ngg-gallery-thumbnail\">\n            <a href=\"http:\/\/www.freimarianne.ch\/wp-content\/gallery\/mallorca-1-5-19\/IMG_0069.jpg\"\n               title=\"es geht weiter auf dem Reitweg von Erzherzog Ludwig Salvator\"\n               data-src=\"http:\/\/www.freimarianne.ch\/wp-content\/gallery\/mallorca-1-5-19\/IMG_0069.jpg\"\n               data-thumbnail=\"http:\/\/www.freimarianne.ch\/wp-content\/gallery\/mallorca-1-5-19\/thumbs\/thumbs_IMG_0069.jpg\"\n               data-image-id=\"20714\"\n               data-title=\"es geht weiter auf dem Reitweg von Erzherzog Ludwig Salvator\"\n               data-description=\"es geht weiter auf dem Reitweg von Erzherzog Ludwig Salvator\"\n               data-image-slug=\"img_0069-2\"\n               class=\"shutterset_37097\">\n                <img\n                    title=\"es geht weiter auf dem Reitweg von Erzherzog Ludwig Salvator\"\n                    alt=\"es geht weiter auf dem Reitweg von Erzherzog Ludwig Salvator\"\n                    src=\"http:\/\/www.freimarianne.ch\/wp-content\/gallery\/mallorca-1-5-19\/thumbs\/thumbs_IMG_0069.jpg\"\n                    width=\"100\"\n                    height=\"75\"\n                    style=\"max-width:100%;\"\n                \/>\n            <\/a>\n        <\/div>\n\t\t\t\t\t\t\t<\/div> \n\t\t\t\n        \n\t\t\t\t<div id=\"ngg-image-14\" class=\"ngg-gallery-thumbnail-box\" >\n\t\t\t\t        <div class=\"ngg-gallery-thumbnail\">\n            <a href=\"http:\/\/www.freimarianne.ch\/wp-content\/gallery\/mallorca-1-5-19\/IMG_0075.jpg\"\n               title=\"Abstieg nach Valdemossa\"\n               data-src=\"http:\/\/www.freimarianne.ch\/wp-content\/gallery\/mallorca-1-5-19\/IMG_0075.jpg\"\n               data-thumbnail=\"http:\/\/www.freimarianne.ch\/wp-content\/gallery\/mallorca-1-5-19\/thumbs\/thumbs_IMG_0075.jpg\"\n               data-image-id=\"20715\"\n               data-title=\"Abstieg nach Valdemossa\"\n               data-description=\"Abstieg nach Valdemossa\"\n               data-image-slug=\"img_0075-2\"\n               class=\"shutterset_37097\">\n                <img\n                    title=\"Abstieg nach Valdemossa\"\n                    alt=\"Abstieg nach Valdemossa\"\n                    src=\"http:\/\/www.freimarianne.ch\/wp-content\/gallery\/mallorca-1-5-19\/thumbs\/thumbs_IMG_0075.jpg\"\n                    width=\"100\"\n                    height=\"75\"\n                    style=\"max-width:100%;\"\n                \/>\n            <\/a>\n        <\/div>\n\t\t\t\t\t\t\t<\/div> \n\t\t\t\n        \n\t\t\t\t<div id=\"ngg-image-15\" class=\"ngg-gallery-thumbnail-box\" >\n\t\t\t\t        <div class=\"ngg-gallery-thumbnail\">\n            <a href=\"http:\/\/www.freimarianne.ch\/wp-content\/gallery\/mallorca-1-5-19\/IMG_0076.jpg\"\n               title=\"Abstieg nach Valdemossa\"\n               data-src=\"http:\/\/www.freimarianne.ch\/wp-content\/gallery\/mallorca-1-5-19\/IMG_0076.jpg\"\n               data-thumbnail=\"http:\/\/www.freimarianne.ch\/wp-content\/gallery\/mallorca-1-5-19\/thumbs\/thumbs_IMG_0076.jpg\"\n               data-image-id=\"20716\"\n               data-title=\"Abstieg nach Valdemossa\"\n               data-description=\"Abstieg nach Valdemossa\"\n               data-image-slug=\"img_0076-5\"\n               class=\"shutterset_37097\">\n                <img\n                    title=\"Abstieg nach Valdemossa\"\n                    alt=\"Abstieg nach Valdemossa\"\n                    src=\"http:\/\/www.freimarianne.ch\/wp-content\/gallery\/mallorca-1-5-19\/thumbs\/thumbs_IMG_0076.jpg\"\n                    width=\"100\"\n                    height=\"75\"\n                    style=\"max-width:100%;\"\n                \/>\n            <\/a>\n        <\/div>\n\t\t\t\t\t\t\t<\/div> \n\t\t\t\n        \n\t\t\t\t<div id=\"ngg-image-16\" class=\"ngg-gallery-thumbnail-box\" >\n\t\t\t\t        <div class=\"ngg-gallery-thumbnail\">\n            <a href=\"http:\/\/www.freimarianne.ch\/wp-content\/gallery\/mallorca-1-5-19\/IMG_0077.jpg\"\n               title=\"kurze Rast\"\n               data-src=\"http:\/\/www.freimarianne.ch\/wp-content\/gallery\/mallorca-1-5-19\/IMG_0077.jpg\"\n               data-thumbnail=\"http:\/\/www.freimarianne.ch\/wp-content\/gallery\/mallorca-1-5-19\/thumbs\/thumbs_IMG_0077.jpg\"\n               data-image-id=\"20717\"\n               data-title=\"kurze Rast\"\n               data-description=\"kurze Rast\"\n               data-image-slug=\"img_0077-2\"\n               class=\"shutterset_37097\">\n                <img\n                    title=\"kurze Rast\"\n                    alt=\"kurze Rast\"\n                    src=\"http:\/\/www.freimarianne.ch\/wp-content\/gallery\/mallorca-1-5-19\/thumbs\/thumbs_IMG_0077.jpg\"\n                    width=\"100\"\n                    height=\"75\"\n                    style=\"max-width:100%;\"\n                \/>\n            <\/a>\n        <\/div>\n\t\t\t\t\t\t\t<\/div> \n\t\t\t\n        \n\t\t\t\t<div id=\"ngg-image-17\" class=\"ngg-gallery-thumbnail-box\" >\n\t\t\t\t        <div class=\"ngg-gallery-thumbnail\">\n            <a href=\"http:\/\/www.freimarianne.ch\/wp-content\/gallery\/mallorca-1-5-19\/IMG_0079.jpg\"\n               title=\"Abstieg nach Valdemossa\"\n               data-src=\"http:\/\/www.freimarianne.ch\/wp-content\/gallery\/mallorca-1-5-19\/IMG_0079.jpg\"\n               data-thumbnail=\"http:\/\/www.freimarianne.ch\/wp-content\/gallery\/mallorca-1-5-19\/thumbs\/thumbs_IMG_0079.jpg\"\n               data-image-id=\"20718\"\n               data-title=\"Abstieg nach Valdemossa\"\n               data-description=\"Abstieg nach Valdemossa\"\n               data-image-slug=\"img_0079-1\"\n               class=\"shutterset_37097\">\n                <img\n                    title=\"Abstieg nach Valdemossa\"\n                    alt=\"Abstieg nach Valdemossa\"\n                    src=\"http:\/\/www.freimarianne.ch\/wp-content\/gallery\/mallorca-1-5-19\/thumbs\/thumbs_IMG_0079.jpg\"\n                    width=\"100\"\n                    height=\"75\"\n                    style=\"max-width:100%;\"\n                \/>\n            <\/a>\n        <\/div>\n\t\t\t\t\t\t\t<\/div> \n\t\t\t\n        \n\t\t\t\t<div id=\"ngg-image-18\" class=\"ngg-gallery-thumbnail-box\" >\n\t\t\t\t        <div class=\"ngg-gallery-thumbnail\">\n            <a href=\"http:\/\/www.freimarianne.ch\/wp-content\/gallery\/mallorca-1-5-19\/IMG_0080.jpg\"\n               title=\"Blick auf Valdemossa\"\n               data-src=\"http:\/\/www.freimarianne.ch\/wp-content\/gallery\/mallorca-1-5-19\/IMG_0080.jpg\"\n               data-thumbnail=\"http:\/\/www.freimarianne.ch\/wp-content\/gallery\/mallorca-1-5-19\/thumbs\/thumbs_IMG_0080.jpg\"\n               data-image-id=\"20719\"\n               data-title=\"Blick auf Valdemossa\"\n               data-description=\"Blick auf Valdemossa\"\n               data-image-slug=\"img_0080-2\"\n               class=\"shutterset_37097\">\n                <img\n                    title=\"Blick auf Valdemossa\"\n                    alt=\"Blick auf Valdemossa\"\n                    src=\"http:\/\/www.freimarianne.ch\/wp-content\/gallery\/mallorca-1-5-19\/thumbs\/thumbs_IMG_0080.jpg\"\n                    width=\"100\"\n                    height=\"75\"\n                    style=\"max-width:100%;\"\n                \/>\n            <\/a>\n        <\/div>\n\t\t\t\t\t\t\t<\/div> \n\t\t\t\n        \n\t\t\t\t<div id=\"ngg-image-19\" class=\"ngg-gallery-thumbnail-box\" >\n\t\t\t\t        <div class=\"ngg-gallery-thumbnail\">\n            <a href=\"http:\/\/www.freimarianne.ch\/wp-content\/gallery\/mallorca-1-5-19\/IMG_0081.jpg\"\n               title=\"Valdemossa\"\n               data-src=\"http:\/\/www.freimarianne.ch\/wp-content\/gallery\/mallorca-1-5-19\/IMG_0081.jpg\"\n               data-thumbnail=\"http:\/\/www.freimarianne.ch\/wp-content\/gallery\/mallorca-1-5-19\/thumbs\/thumbs_IMG_0081.jpg\"\n               data-image-id=\"20720\"\n               data-title=\"Valdemossa\"\n               data-description=\"Valdemossa\"\n               data-image-slug=\"img_0081\"\n               class=\"shutterset_37097\">\n                <img\n                    title=\"Valdemossa\"\n                    alt=\"Valdemossa\"\n                    src=\"http:\/\/www.freimarianne.ch\/wp-content\/gallery\/mallorca-1-5-19\/thumbs\/thumbs_IMG_0081.jpg\"\n                    width=\"100\"\n                    height=\"75\"\n                    style=\"max-width:100%;\"\n                \/>\n            <\/a>\n        <\/div>\n\t\t\t\t\t\t\t<\/div> \n\t\t\t\n        \n\t\t\t\t<div id=\"ngg-image-20\" class=\"ngg-gallery-thumbnail-box\" >\n\t\t\t\t        <div class=\"ngg-gallery-thumbnail\">\n            <a href=\"http:\/\/www.freimarianne.ch\/wp-content\/gallery\/mallorca-1-5-19\/IMG_0083.jpg\"\n               title=\"Valdemossa\"\n               data-src=\"http:\/\/www.freimarianne.ch\/wp-content\/gallery\/mallorca-1-5-19\/IMG_0083.jpg\"\n               data-thumbnail=\"http:\/\/www.freimarianne.ch\/wp-content\/gallery\/mallorca-1-5-19\/thumbs\/thumbs_IMG_0083.jpg\"\n               data-image-id=\"20721\"\n               data-title=\"Valdemossa\"\n               data-description=\"Valdemossa\"\n               data-image-slug=\"img_0083-3\"\n               class=\"shutterset_37097\">\n                <img\n                    title=\"Valdemossa\"\n                    alt=\"Valdemossa\"\n                    src=\"http:\/\/www.freimarianne.ch\/wp-content\/gallery\/mallorca-1-5-19\/thumbs\/thumbs_IMG_0083.jpg\"\n                    width=\"100\"\n                    height=\"75\"\n                    style=\"max-width:100%;\"\n                \/>\n            <\/a>\n        <\/div>\n\t\t\t\t\t\t\t<\/div> \n\t\t\t\n        \n\t\t\n\t\t<!-- Pagination -->\n\t<div class='ngg-clear'><\/div>\t<\/div>\n<\/p>\n","protected":false},"excerpt":{"rendered":"<p>Valldemossa, Unterkunftswechsel nach S\u00f3ller Sicht vom Plateau auf das Meer Der Bus bringt uns ins Bergdorf Valdemossa, das durch Chopin und George Sand ber\u00fchmt geworden ist.Von dort aus steigen wir wieder in einem alten Steineichenwald auf (auf GR 221). Wie immer ist die Landschaft sehr abwechslungsreich. Nach ca.2h erreichen wir einen Grat, der uns wieder [&hellip;]<\/p>\n","protected":false},"author":1,"featured_media":0,"parent":36423,"menu_order":4,"comment_status":"closed","ping_status":"closed","template":"","meta":{"ngg_post_thumbnail":0},"_links":{"self":[{"href":"http:\/\/www.freimarianne.ch\/index.php?rest_route=\/wp\/v2\/pages\/36473"}],"collection":[{"href":"http:\/\/www.freimarianne.ch\/index.php?rest_route=\/wp\/v2\/pages"}],"about":[{"href":"http:\/\/www.freimarianne.ch\/index.php?rest_route=\/wp\/v2\/types\/page"}],"author":[{"embeddable":true,"href":"http:\/\/www.freimarianne.ch\/index.php?rest_route=\/wp\/v2\/users\/1"}],"replies":[{"embeddable":true,"href":"http:\/\/www.freimarianne.ch\/index.php?rest_route=%2Fwp%2Fv2%2Fcomments&post=36473"}],"version-history":[{"count":3,"href":"http:\/\/www.freimarianne.ch\/index.php?rest_route=\/wp\/v2\/pages\/36473\/revisions"}],"predecessor-version":[{"id":37098,"href":"http:\/\/www.freimarianne.ch\/index.php?rest_route=\/wp\/v2\/pages\/36473\/revisions\/37098"}],"up":[{"embeddable":true,"href":"http:\/\/www.freimarianne.ch\/index.php?rest_route=\/wp\/v2\/pages\/36423"}],"wp:attachment":[{"href":"http:\/\/www.freimarianne.ch\/index.php?rest_route=%2Fwp%2Fv2%2Fmedia&parent=36473"}],"curies":[{"name":"wp","href":"https:\/\/api.w.org\/{rel}","templated":true}]}}