{"id":37644,"date":"2019-07-19T09:08:22","date_gmt":"2019-07-19T08:08:22","guid":{"rendered":"http:\/\/www.freimarianne.ch\/?page_id=37644"},"modified":"2019-08-15T07:53:32","modified_gmt":"2019-08-15T06:53:32","slug":"vorsiez-walabutz-weisstannental-14-7-2019","status":"publish","type":"page","link":"http:\/\/www.freimarianne.ch\/?page_id=37644","title":{"rendered":"Vorsiez- Walab\u00fctz, Weisstannental  SG   14.7.2019"},"content":{"rendered":"<p><strong>Wanderung von Vorsiez im Weisstannental nach Walab\u00fctz und zur\u00fcck<\/strong><\/p>\n<p><img loading=\"lazy\" class=\"size-full wp-image-37643\" src=\"http:\/\/www.freimarianne.ch\/wp-content\/uploads\/2019\/07\/IMG_1775_vorsiez_500.jpg\" alt=\"\" width=\"500\" height=\"333\" srcset=\"http:\/\/www.freimarianne.ch\/wp-content\/uploads\/2019\/07\/IMG_1775_vorsiez_500.jpg 500w, http:\/\/www.freimarianne.ch\/wp-content\/uploads\/2019\/07\/IMG_1775_vorsiez_500-300x200.jpg 300w, http:\/\/www.freimarianne.ch\/wp-content\/uploads\/2019\/07\/IMG_1775_vorsiez_500-450x300.jpg 450w\" sizes=\"(max-width: 500px) 100vw, 500px\" \/> vor Walab\u00fctz; Blick auf Schiben 2937m und Foostock,Ruchen 2610m<\/p>\n<p>Heute Sonntag f\u00e4hrt ein Bus bis ins Talende des Weisstsannentals, nach Vorsiez, wo ich letzthin bereits einmal war. Dies ist sogar ein direkte Verbindung vom Bahnhof Sargans aus !<br \/>\nUm 9.20h bin ich bereits in Vorsiez 1175m und beginne gleich meine Wanderung in Richtung Walab\u00fctz,Unters\u00e4ss. Zuerst gehe ich auf einer Forststrasse, sp\u00e4ter gibt es einen eher verwilderten Wanderweg, auf dem man die Wegzeichen suchen muss.Beim P.1381m bin ich wieder auf einem Fahrweg, dem ich nun nach Walab\u00fctz in den Talkessel folge. Der Talkessel ist ein Alpgel\u00e4nde. Von hier aus f\u00fchrt der Weg unterhalb des Foostocks weiter ins enge Tal hinein, um dann weiter hinten rechts hinauf zum Foopass zu f\u00fchren. Dies ist die Route der Via alpina, die ich nun von Schwendi bis nach Walab\u00fctz gemacht habe. Die Gegend hier hinten ist etwas anders als ich mir sie vorgestellt habe und es gibt keine Mittagspause an der Seez sondern auf einem Stein etwas ausserhalb von Walab\u00fctz. Ich beschliesse dann, auf dem Str\u00e4sschen hinunter nach Vorsiez zu gehen. Dies schaffe ich zwar in 30 Minuten aber das schnelle Gehen auf Hartbelag tut meinem Knie nicht gut.<br \/>\nEs reicht in Vorsiez noch zu einem Kaffee und dann kann ich schon um 11.41h den Bus nach Sargans besteigen!<br \/>\nDies war eine sehr kurze Wanderung. Der Grund dazu war mein Problemknie. Aber ich habe ein weiteres Tal auskundschaftet und die Glarner Haupt\u00fcberschiebung am Foostock sehen k\u00f6nnen.<\/p>\n<p>Laut Schweizmobil:<br \/>\nDistanz: 7.40km; Aufstieg=Abstieg: 273m; Wanderzeit 2h 4min<br \/>\n<a href=\"https:\/\/map.schweizmobil.ch\/?lang=de&amp;bgLayer=pk&amp;logo=yes&amp;season=summer&amp;resolution=5&amp;E=2740522&amp;N=1203923&amp;layers=Station&amp;trackId=5729844\">Karte Schweizmobil:<\/a><\/p>\n<p><!-- index.php -->\n<div\n\tclass=\"ngg-galleryoverview ngg-ajax-pagination-none\"\n\tid=\"ngg-gallery-37678-1\">\n\n    \t<div class=\"slideshowlink\">\n        <a href='http:\/\/www.freimarianne.ch\/index.php\/nggallery\/slideshow?page_id=37644'>[Show as slideshow]<\/a>\n\t\t\n\t<\/div>\n\t\t\t<!-- Thumbnails -->\n\t\t\t\t<div id=\"ngg-image-0\" class=\"ngg-gallery-thumbnail-box\" >\n\t\t\t\t        <div class=\"ngg-gallery-thumbnail\">\n            <a href=\"http:\/\/www.freimarianne.ch\/wp-content\/gallery\/weisstannental-14-7-2019\/IMG_1759.jpg\"\n               title=\"Vorsiez  1175m; Foostock\/Ruchen 1611m\"\n               data-src=\"http:\/\/www.freimarianne.ch\/wp-content\/gallery\/weisstannental-14-7-2019\/IMG_1759.jpg\"\n               data-thumbnail=\"http:\/\/www.freimarianne.ch\/wp-content\/gallery\/weisstannental-14-7-2019\/thumbs\/thumbs_IMG_1759.jpg\"\n               data-image-id=\"21080\"\n               data-title=\"Vorsiez  1175m; Foostock\/Ruchen 1611m\"\n               data-description=\"Vorsiez  1175m; Foostock\/Ruchen 1611m\"\n               data-image-slug=\"img_1759-1\"\n               class=\"shutterset_37678\">\n                <img\n                    title=\"Vorsiez  1175m; Foostock\/Ruchen 1611m\"\n                    alt=\"Vorsiez  1175m; Foostock\/Ruchen 1611m\"\n                    src=\"http:\/\/www.freimarianne.ch\/wp-content\/gallery\/weisstannental-14-7-2019\/thumbs\/thumbs_IMG_1759.jpg\"\n                    width=\"100\"\n                    height=\"75\"\n                    style=\"max-width:100%;\"\n                \/>\n            <\/a>\n        <\/div>\n\t\t\t\t\t\t\t<\/div> \n\t\t\t\n        \n\t\t\t\t<div id=\"ngg-image-1\" class=\"ngg-gallery-thumbnail-box\" >\n\t\t\t\t        <div class=\"ngg-gallery-thumbnail\">\n            <a href=\"http:\/\/www.freimarianne.ch\/wp-content\/gallery\/weisstannental-14-7-2019\/IMG_1765.jpg\"\n               title=\"Foostock\/Ruchen 1611m; Plattnerboden ?\"\n               data-src=\"http:\/\/www.freimarianne.ch\/wp-content\/gallery\/weisstannental-14-7-2019\/IMG_1765.jpg\"\n               data-thumbnail=\"http:\/\/www.freimarianne.ch\/wp-content\/gallery\/weisstannental-14-7-2019\/thumbs\/thumbs_IMG_1765.jpg\"\n               data-image-id=\"21079\"\n               data-title=\"Foostock\/Ruchen 1611m; Plattnerboden ?\"\n               data-description=\"Foostock\/Ruchen 1611m; Plattnerboden ?\"\n               data-image-slug=\"img_1765-3\"\n               class=\"shutterset_37678\">\n                <img\n                    title=\"Foostock\/Ruchen 1611m; Plattnerboden ?\"\n                    alt=\"Foostock\/Ruchen 1611m; Plattnerboden ?\"\n                    src=\"http:\/\/www.freimarianne.ch\/wp-content\/gallery\/weisstannental-14-7-2019\/thumbs\/thumbs_IMG_1765.jpg\"\n                    width=\"100\"\n                    height=\"75\"\n                    style=\"max-width:100%;\"\n                \/>\n            <\/a>\n        <\/div>\n\t\t\t\t\t\t\t<\/div> \n\t\t\t\n        \n\t\t\t\t<div id=\"ngg-image-2\" class=\"ngg-gallery-thumbnail-box\" >\n\t\t\t\t        <div class=\"ngg-gallery-thumbnail\">\n            <a href=\"http:\/\/www.freimarianne.ch\/wp-content\/gallery\/weisstannental-14-7-2019\/IMG_1766.jpg\"\n               title=\"Foostock\/Ruchen 1611m; re gegen Mittels\u00e4ss\"\n               data-src=\"http:\/\/www.freimarianne.ch\/wp-content\/gallery\/weisstannental-14-7-2019\/IMG_1766.jpg\"\n               data-thumbnail=\"http:\/\/www.freimarianne.ch\/wp-content\/gallery\/weisstannental-14-7-2019\/thumbs\/thumbs_IMG_1766.jpg\"\n               data-image-id=\"21078\"\n               data-title=\"Foostock\/Ruchen 1611m; re gegen Mittels\u00c3\u00a4ss\"\n               data-description=\"Foostock\/Ruchen 1611m; re gegen Mittels\u00e4ss\"\n               data-image-slug=\"img_1766-5\"\n               class=\"shutterset_37678\">\n                <img\n                    title=\"Foostock\/Ruchen 1611m; re gegen Mittels\u00c3\u00a4ss\"\n                    alt=\"Foostock\/Ruchen 1611m; re gegen Mittels\u00c3\u00a4ss\"\n                    src=\"http:\/\/www.freimarianne.ch\/wp-content\/gallery\/weisstannental-14-7-2019\/thumbs\/thumbs_IMG_1766.jpg\"\n                    width=\"100\"\n                    height=\"75\"\n                    style=\"max-width:100%;\"\n                \/>\n            <\/a>\n        <\/div>\n\t\t\t\t\t\t\t<\/div> \n\t\t\t\n        \n\t\t\t\t<div id=\"ngg-image-3\" class=\"ngg-gallery-thumbnail-box\" >\n\t\t\t\t        <div class=\"ngg-gallery-thumbnail\">\n            <a href=\"http:\/\/www.freimarianne.ch\/wp-content\/gallery\/weisstannental-14-7-2019\/IMG_1778.jpg\"\n               title=\"Schiben 2937m,Foostock\/Ruchen 1611m; Weg zum Foopass; Glarner Haupt\u00fcberschiebung\"\n               data-src=\"http:\/\/www.freimarianne.ch\/wp-content\/gallery\/weisstannental-14-7-2019\/IMG_1778.jpg\"\n               data-thumbnail=\"http:\/\/www.freimarianne.ch\/wp-content\/gallery\/weisstannental-14-7-2019\/thumbs\/thumbs_IMG_1778.jpg\"\n               data-image-id=\"21077\"\n               data-title=\"Schiben 2937m,Foostock\/Ruchen 1611m; Weg zum Foopass; Glarner Haupt\u00c3\u00bcberschiebung\"\n               data-description=\"Schiben 2937m,Foostock\/Ruchen 1611m; Weg zum Foopass; Glarner Haupt\u00fcberschiebung\"\n               data-image-slug=\"img_1778-4\"\n               class=\"shutterset_37678\">\n                <img\n                    title=\"Schiben 2937m,Foostock\/Ruchen 1611m; Weg zum Foopass; Glarner Haupt\u00c3\u00bcberschiebung\"\n                    alt=\"Schiben 2937m,Foostock\/Ruchen 1611m; Weg zum Foopass; Glarner Haupt\u00c3\u00bcberschiebung\"\n                    src=\"http:\/\/www.freimarianne.ch\/wp-content\/gallery\/weisstannental-14-7-2019\/thumbs\/thumbs_IMG_1778.jpg\"\n                    width=\"100\"\n                    height=\"75\"\n                    style=\"max-width:100%;\"\n                \/>\n            <\/a>\n        <\/div>\n\t\t\t\t\t\t\t<\/div> \n\t\t\t\n        \n\t\t\t\t<div id=\"ngg-image-4\" class=\"ngg-gallery-thumbnail-box\" >\n\t\t\t\t        <div class=\"ngg-gallery-thumbnail\">\n            <a href=\"http:\/\/www.freimarianne.ch\/wp-content\/gallery\/weisstannental-14-7-2019\/IMG_1780.jpg\"\n               title=\"Foostock\/Ruchen 1611m; unten de Weg zum Foopass\"\n               data-src=\"http:\/\/www.freimarianne.ch\/wp-content\/gallery\/weisstannental-14-7-2019\/IMG_1780.jpg\"\n               data-thumbnail=\"http:\/\/www.freimarianne.ch\/wp-content\/gallery\/weisstannental-14-7-2019\/thumbs\/thumbs_IMG_1780.jpg\"\n               data-image-id=\"21076\"\n               data-title=\"Foostock\/Ruchen 1611m; unten de Weg zum Foopass\"\n               data-description=\"Foostock\/Ruchen 1611m; unten de Weg zum Foopass\"\n               data-image-slug=\"img_1780\"\n               class=\"shutterset_37678\">\n                <img\n                    title=\"Foostock\/Ruchen 1611m; unten de Weg zum Foopass\"\n                    alt=\"Foostock\/Ruchen 1611m; unten de Weg zum Foopass\"\n                    src=\"http:\/\/www.freimarianne.ch\/wp-content\/gallery\/weisstannental-14-7-2019\/thumbs\/thumbs_IMG_1780.jpg\"\n                    width=\"100\"\n                    height=\"75\"\n                    style=\"max-width:100%;\"\n                \/>\n            <\/a>\n        <\/div>\n\t\t\t\t\t\t\t<\/div> \n\t\t\t\n        \n\t\t\t\t<div id=\"ngg-image-5\" class=\"ngg-gallery-thumbnail-box\" >\n\t\t\t\t        <div class=\"ngg-gallery-thumbnail\">\n            <a href=\"http:\/\/www.freimarianne.ch\/wp-content\/gallery\/weisstannental-14-7-2019\/IMG_1781.jpg\"\n               title=\"Foostock\/Ruchen 1611m\"\n               data-src=\"http:\/\/www.freimarianne.ch\/wp-content\/gallery\/weisstannental-14-7-2019\/IMG_1781.jpg\"\n               data-thumbnail=\"http:\/\/www.freimarianne.ch\/wp-content\/gallery\/weisstannental-14-7-2019\/thumbs\/thumbs_IMG_1781.jpg\"\n               data-image-id=\"21075\"\n               data-title=\"Foostock\/Ruchen 1611m\"\n               data-description=\"Foostock\/Ruchen 1611m\"\n               data-image-slug=\"img_1781\"\n               class=\"shutterset_37678\">\n                <img\n                    title=\"Foostock\/Ruchen 1611m\"\n                    alt=\"Foostock\/Ruchen 1611m\"\n                    src=\"http:\/\/www.freimarianne.ch\/wp-content\/gallery\/weisstannental-14-7-2019\/thumbs\/thumbs_IMG_1781.jpg\"\n                    width=\"100\"\n                    height=\"75\"\n                    style=\"max-width:100%;\"\n                \/>\n            <\/a>\n        <\/div>\n\t\t\t\t\t\t\t<\/div> \n\t\t\t\n        \n\t\t\t\t<div id=\"ngg-image-6\" class=\"ngg-gallery-thumbnail-box\" >\n\t\t\t\t        <div class=\"ngg-gallery-thumbnail\">\n            <a href=\"http:\/\/www.freimarianne.ch\/wp-content\/gallery\/weisstannental-14-7-2019\/IMG_1783.jpg\"\n               title=\"Unterer Mattbachfall\"\n               data-src=\"http:\/\/www.freimarianne.ch\/wp-content\/gallery\/weisstannental-14-7-2019\/IMG_1783.jpg\"\n               data-thumbnail=\"http:\/\/www.freimarianne.ch\/wp-content\/gallery\/weisstannental-14-7-2019\/thumbs\/thumbs_IMG_1783.jpg\"\n               data-image-id=\"21074\"\n               data-title=\"Unterer Mattbachfall\"\n               data-description=\"Unterer Mattbachfall\"\n               data-image-slug=\"img_1783-1\"\n               class=\"shutterset_37678\">\n                <img\n                    title=\"Unterer Mattbachfall\"\n                    alt=\"Unterer Mattbachfall\"\n                    src=\"http:\/\/www.freimarianne.ch\/wp-content\/gallery\/weisstannental-14-7-2019\/thumbs\/thumbs_IMG_1783.jpg\"\n                    width=\"100\"\n                    height=\"75\"\n                    style=\"max-width:100%;\"\n                \/>\n            <\/a>\n        <\/div>\n\t\t\t\t\t\t\t<\/div> \n\t\t\t\n        \n\t\t\t\t<div id=\"ngg-image-7\" class=\"ngg-gallery-thumbnail-box\" >\n\t\t\t\t        <div class=\"ngg-gallery-thumbnail\">\n            <a href=\"http:\/\/www.freimarianne.ch\/wp-content\/gallery\/weisstannental-14-7-2019\/IMG_1784.jpg\"\n               title=\"Foostock\/Ruchen 1611m; der Weg zum Foopass\"\n               data-src=\"http:\/\/www.freimarianne.ch\/wp-content\/gallery\/weisstannental-14-7-2019\/IMG_1784.jpg\"\n               data-thumbnail=\"http:\/\/www.freimarianne.ch\/wp-content\/gallery\/weisstannental-14-7-2019\/thumbs\/thumbs_IMG_1784.jpg\"\n               data-image-id=\"21073\"\n               data-title=\"Foostock\/Ruchen 1611m; der Weg zum Foopass\"\n               data-description=\"Foostock\/Ruchen 1611m; der Weg zum Foopass\"\n               data-image-slug=\"img_1784-2\"\n               class=\"shutterset_37678\">\n                <img\n                    title=\"Foostock\/Ruchen 1611m; der Weg zum Foopass\"\n                    alt=\"Foostock\/Ruchen 1611m; der Weg zum Foopass\"\n                    src=\"http:\/\/www.freimarianne.ch\/wp-content\/gallery\/weisstannental-14-7-2019\/thumbs\/thumbs_IMG_1784.jpg\"\n                    width=\"100\"\n                    height=\"75\"\n                    style=\"max-width:100%;\"\n                \/>\n            <\/a>\n        <\/div>\n\t\t\t\t\t\t\t<\/div> \n\t\t\t\n        \n\t\t\t\t<div id=\"ngg-image-8\" class=\"ngg-gallery-thumbnail-box\" >\n\t\t\t\t        <div class=\"ngg-gallery-thumbnail\">\n            <a href=\"http:\/\/www.freimarianne.ch\/wp-content\/gallery\/weisstannental-14-7-2019\/IMG_1787.jpg\"\n               title=\"Unterer Mattbachfall; Risetenh\u00f6rner\"\n               data-src=\"http:\/\/www.freimarianne.ch\/wp-content\/gallery\/weisstannental-14-7-2019\/IMG_1787.jpg\"\n               data-thumbnail=\"http:\/\/www.freimarianne.ch\/wp-content\/gallery\/weisstannental-14-7-2019\/thumbs\/thumbs_IMG_1787.jpg\"\n               data-image-id=\"21072\"\n               data-title=\"Unterer Mattbachfall; Risetenh\u00c3\u00b6rner\"\n               data-description=\"Unterer Mattbachfall; Risetenh\u00f6rner\"\n               data-image-slug=\"img_1787-3\"\n               class=\"shutterset_37678\">\n                <img\n                    title=\"Unterer Mattbachfall; Risetenh\u00c3\u00b6rner\"\n                    alt=\"Unterer Mattbachfall; Risetenh\u00c3\u00b6rner\"\n                    src=\"http:\/\/www.freimarianne.ch\/wp-content\/gallery\/weisstannental-14-7-2019\/thumbs\/thumbs_IMG_1787.jpg\"\n                    width=\"100\"\n                    height=\"75\"\n                    style=\"max-width:100%;\"\n                \/>\n            <\/a>\n        <\/div>\n\t\t\t\t\t\t\t<\/div> \n\t\t\t\n        \n\t\t\t\t<div id=\"ngg-image-9\" class=\"ngg-gallery-thumbnail-box\" >\n\t\t\t\t        <div class=\"ngg-gallery-thumbnail\">\n            <a href=\"http:\/\/www.freimarianne.ch\/wp-content\/gallery\/weisstannental-14-7-2019\/IMG_1789.jpg\"\n               title=\"Walab\u00fctz\/ Unters\u00e4ss 1359m\"\n               data-src=\"http:\/\/www.freimarianne.ch\/wp-content\/gallery\/weisstannental-14-7-2019\/IMG_1789.jpg\"\n               data-thumbnail=\"http:\/\/www.freimarianne.ch\/wp-content\/gallery\/weisstannental-14-7-2019\/thumbs\/thumbs_IMG_1789.jpg\"\n               data-image-id=\"21071\"\n               data-title=\"Walab\u00c3\u00bctz\/ Unters\u00c3\u00a4ss 1359m\"\n               data-description=\"Walab\u00fctz\/ Unters\u00e4ss 1359m\"\n               data-image-slug=\"img_1789-1\"\n               class=\"shutterset_37678\">\n                <img\n                    title=\"Walab\u00c3\u00bctz\/ Unters\u00c3\u00a4ss 1359m\"\n                    alt=\"Walab\u00c3\u00bctz\/ Unters\u00c3\u00a4ss 1359m\"\n                    src=\"http:\/\/www.freimarianne.ch\/wp-content\/gallery\/weisstannental-14-7-2019\/thumbs\/thumbs_IMG_1789.jpg\"\n                    width=\"100\"\n                    height=\"75\"\n                    style=\"max-width:100%;\"\n                \/>\n            <\/a>\n        <\/div>\n\t\t\t\t\t\t\t<\/div> \n\t\t\t\n        \n\t\t\t\t<div id=\"ngg-image-10\" class=\"ngg-gallery-thumbnail-box\" >\n\t\t\t\t        <div class=\"ngg-gallery-thumbnail\">\n            <a href=\"http:\/\/www.freimarianne.ch\/wp-content\/gallery\/weisstannental-14-7-2019\/IMG_1794.jpg\"\n               title=\"Foostock\/Ruchen 1611m; Glarner Haupt\u00fcberschiebung\"\n               data-src=\"http:\/\/www.freimarianne.ch\/wp-content\/gallery\/weisstannental-14-7-2019\/IMG_1794.jpg\"\n               data-thumbnail=\"http:\/\/www.freimarianne.ch\/wp-content\/gallery\/weisstannental-14-7-2019\/thumbs\/thumbs_IMG_1794.jpg\"\n               data-image-id=\"21070\"\n               data-title=\"Foostock\/Ruchen 1611m; Glarner Haupt\u00c3\u00bcberschiebung\"\n               data-description=\"Foostock\/Ruchen 1611m; Glarner Haupt\u00fcberschiebung\"\n               data-image-slug=\"img_1794-1\"\n               class=\"shutterset_37678\">\n                <img\n                    title=\"Foostock\/Ruchen 1611m; Glarner Haupt\u00c3\u00bcberschiebung\"\n                    alt=\"Foostock\/Ruchen 1611m; Glarner Haupt\u00c3\u00bcberschiebung\"\n                    src=\"http:\/\/www.freimarianne.ch\/wp-content\/gallery\/weisstannental-14-7-2019\/thumbs\/thumbs_IMG_1794.jpg\"\n                    width=\"100\"\n                    height=\"75\"\n                    style=\"max-width:100%;\"\n                \/>\n            <\/a>\n        <\/div>\n\t\t\t\t\t\t\t<\/div> \n\t\t\t\n        \n\t\t\t\t<div id=\"ngg-image-11\" class=\"ngg-gallery-thumbnail-box\" >\n\t\t\t\t        <div class=\"ngg-gallery-thumbnail\">\n            <a href=\"http:\/\/www.freimarianne.ch\/wp-content\/gallery\/weisstannental-14-7-2019\/IMG_1798.jpg\"\n               title=\"Gletti; Foostock\/Ruchen 1611m; Plattnerbodentock\/Ruchen 1611m\"\n               data-src=\"http:\/\/www.freimarianne.ch\/wp-content\/gallery\/weisstannental-14-7-2019\/IMG_1798.jpg\"\n               data-thumbnail=\"http:\/\/www.freimarianne.ch\/wp-content\/gallery\/weisstannental-14-7-2019\/thumbs\/thumbs_IMG_1798.jpg\"\n               data-image-id=\"21069\"\n               data-title=\"Gletti; Foostock\/Ruchen 1611m; Plattnerbodentock\/Ruchen 1611m\"\n               data-description=\"Gletti; Foostock\/Ruchen 1611m; Plattnerbodentock\/Ruchen 1611m\"\n               data-image-slug=\"img_1798\"\n               class=\"shutterset_37678\">\n                <img\n                    title=\"Gletti; Foostock\/Ruchen 1611m; Plattnerbodentock\/Ruchen 1611m\"\n                    alt=\"Gletti; Foostock\/Ruchen 1611m; Plattnerbodentock\/Ruchen 1611m\"\n                    src=\"http:\/\/www.freimarianne.ch\/wp-content\/gallery\/weisstannental-14-7-2019\/thumbs\/thumbs_IMG_1798.jpg\"\n                    width=\"100\"\n                    height=\"75\"\n                    style=\"max-width:100%;\"\n                \/>\n            <\/a>\n        <\/div>\n\t\t\t\t\t\t\t<\/div> \n\t\t\t\n        \n\t\t\t\t<div id=\"ngg-image-12\" class=\"ngg-gallery-thumbnail-box\" >\n\t\t\t\t        <div class=\"ngg-gallery-thumbnail\">\n            <a href=\"http:\/\/www.freimarianne.ch\/wp-content\/gallery\/weisstannental-14-7-2019\/IMG_1800.jpg\"\n               title=\"Blick  talausw\u00e4rts\"\n               data-src=\"http:\/\/www.freimarianne.ch\/wp-content\/gallery\/weisstannental-14-7-2019\/IMG_1800.jpg\"\n               data-thumbnail=\"http:\/\/www.freimarianne.ch\/wp-content\/gallery\/weisstannental-14-7-2019\/thumbs\/thumbs_IMG_1800.jpg\"\n               data-image-id=\"21068\"\n               data-title=\"Blick  talausw\u00c3\u00a4rts\"\n               data-description=\"Blick  talausw\u00e4rts\"\n               data-image-slug=\"img_1800-2\"\n               class=\"shutterset_37678\">\n                <img\n                    title=\"Blick  talausw\u00c3\u00a4rts\"\n                    alt=\"Blick  talausw\u00c3\u00a4rts\"\n                    src=\"http:\/\/www.freimarianne.ch\/wp-content\/gallery\/weisstannental-14-7-2019\/thumbs\/thumbs_IMG_1800.jpg\"\n                    width=\"100\"\n                    height=\"75\"\n                    style=\"max-width:100%;\"\n                \/>\n            <\/a>\n        <\/div>\n\t\t\t\t\t\t\t<\/div> \n\t\t\t\n        \n\t\t\n\t\t<!-- Pagination -->\n\t<div class='ngg-clear'><\/div>\t<\/div>\n<\/p>\n","protected":false},"excerpt":{"rendered":"<p>Wanderung von Vorsiez im Weisstannental nach Walab\u00fctz und zur\u00fcck vor Walab\u00fctz; Blick auf Schiben 2937m und Foostock,Ruchen 2610m Heute Sonntag f\u00e4hrt ein Bus bis ins Talende des Weisstsannentals, nach Vorsiez, wo ich letzthin bereits einmal war. Dies ist sogar ein direkte Verbindung vom Bahnhof Sargans aus ! Um 9.20h bin ich bereits in Vorsiez 1175m [&hellip;]<\/p>\n","protected":false},"author":1,"featured_media":0,"parent":37187,"menu_order":11,"comment_status":"closed","ping_status":"closed","template":"","meta":{"ngg_post_thumbnail":0},"_links":{"self":[{"href":"http:\/\/www.freimarianne.ch\/index.php?rest_route=\/wp\/v2\/pages\/37644"}],"collection":[{"href":"http:\/\/www.freimarianne.ch\/index.php?rest_route=\/wp\/v2\/pages"}],"about":[{"href":"http:\/\/www.freimarianne.ch\/index.php?rest_route=\/wp\/v2\/types\/page"}],"author":[{"embeddable":true,"href":"http:\/\/www.freimarianne.ch\/index.php?rest_route=\/wp\/v2\/users\/1"}],"replies":[{"embeddable":true,"href":"http:\/\/www.freimarianne.ch\/index.php?rest_route=%2Fwp%2Fv2%2Fcomments&post=37644"}],"version-history":[{"count":9,"href":"http:\/\/www.freimarianne.ch\/index.php?rest_route=\/wp\/v2\/pages\/37644\/revisions"}],"predecessor-version":[{"id":38050,"href":"http:\/\/www.freimarianne.ch\/index.php?rest_route=\/wp\/v2\/pages\/37644\/revisions\/38050"}],"up":[{"embeddable":true,"href":"http:\/\/www.freimarianne.ch\/index.php?rest_route=\/wp\/v2\/pages\/37187"}],"wp:attachment":[{"href":"http:\/\/www.freimarianne.ch\/index.php?rest_route=%2Fwp%2Fv2%2Fmedia&parent=37644"}],"curies":[{"name":"wp","href":"https:\/\/api.w.org\/{rel}","templated":true}]}}