{"id":38087,"date":"2019-09-01T13:34:32","date_gmt":"2019-09-01T12:34:32","guid":{"rendered":"http:\/\/www.freimarianne.ch\/?page_id=38087"},"modified":"2019-10-30T09:46:51","modified_gmt":"2019-10-30T08:46:51","slug":"weissenberge-gl-30-8-2019","status":"publish","type":"page","link":"http:\/\/www.freimarianne.ch\/?page_id=38087","title":{"rendered":"Weissenberge  GL  30.8.2019"},"content":{"rendered":"<p><strong>Weissenberge &#8211; Engisboden &#8211; Ochsenb\u00fcel &#8211; Fritteren St\u00e4feli &#8211; Vordereggalp &#8211; Hintereggalp &#8211; Unter Stafel &#8211; Bruch &#8211; Stigerberg &#8211; Weissenberge<\/strong><\/p>\n<p><img loading=\"lazy\" class=\"size-full wp-image-38058\" src=\"http:\/\/www.freimarianne.ch\/wp-content\/uploads\/2019\/09\/IMG_2832_weissenberge_500.jpg\" alt=\"\" width=\"500\" height=\"333\" srcset=\"http:\/\/www.freimarianne.ch\/wp-content\/uploads\/2019\/09\/IMG_2832_weissenberge_500.jpg 500w, http:\/\/www.freimarianne.ch\/wp-content\/uploads\/2019\/09\/IMG_2832_weissenberge_500-300x200.jpg 300w, http:\/\/www.freimarianne.ch\/wp-content\/uploads\/2019\/09\/IMG_2832_weissenberge_500-450x300.jpg 450w\" sizes=\"(max-width: 500px) 100vw, 500px\" \/> Skihaus Fritteren St\u00e4feli 1777m; Blick zu\u00fcck auf Skihaus St\u00e4feli; R\u00fcchigrat 2557m, Rad 2661m, B\u00e4chistockk 1914m, Gl\u00e4rnisch 2915m, Schwandergrat 2883m, Vrenelisg\u00e4rtli 2904m,<\/p>\n<p>Wieder geht es heute in ein mir unbekanntes Gebiet, auf die Weissenberge im Glarnerland. Ich fahre nach Matt im Sernftal und nehme die Seilbahn hinauf auf die Weissenberge 1258m, einer Streusiedlung im eher steilen Wiesenhang unterhalb dem Gulderhorn.<br \/>\nMein Weg f\u00fchrt mich auf einem Alpstr\u00e4sschen mit Naturbelag und gr\u00fcnem Mittelstreifen hinauf zum Engisboden und \u00fcber Ochsenb\u00fcel auf die Alp Fritteren St\u00e4feli Skihaus 1777m. Dabei bietet sich ein pr\u00e4chtiges Panorama vom Glarner Vorab bis hin\u00fcber zum S\u00e4ntismassiv. Auch die gr\u00fcne Landschaft mit den Wiesen ist sehr sch\u00f6n. Dazu ist es hier ganz einsam. Auf dem St\u00e4feli mache ich eine Mittagspause und dann geht es weiter \u00fcber das ausgedehnte, wundersch\u00f6ne Alpgel\u00e4nde zur Vordereggalp, wo sich eine neues Panorama gegen das Krauchbachtal auftut. Ich h\u00e4tte von hier oben zwei Abstiege zu den Weissenbergen gehabt, die ich aber wegen meinem Knie nicht genommen habe. Es lohnt sich wirklich \u00fcber die Alpen in dieser pr\u00e4chtigen Landschaft zu gehen.<br \/>\nBei der Vordereggalp 1840m biegt der Weg nach links um den Hang herum ab und ich habe die hohe Felswand vor mir, die die linke Seite des Krauchbachtals dominiert. Auch sehe ich von hier aus den Foostock 2611m, an welchem die Glarner Haupt\u00fcberschiebung sichtbar ist. Ich habe den Foostock bereits vom Weisstannental aus gesehen, das \u00fcber den Risetenpass erreichbar w\u00e4re.<br \/>\nIn langen Kehren schraubt sich das Str\u00e4sschen im steilen Hang abw\u00e4rts bis zur Abzweigung zum Unterstafel, zu welchen ich wieder auf einem Wiesenpfad wandern kann. Es gibt dann wieder eine Partie auf einem Waldstr\u00e4sschen sowie eine Gegensteigung hinauf und hin\u00fcber zu den Weissenbergen, wo ich um 15.20h die Seilbahn hinunter nach Matt nehme. Bei der Bushaltestelle befindet sich deas Restaurant Elmer, wo es noch bis\u00a0 zur Abfahrt des Buses um 15.55h zu einem Kaffee reicht.<\/p>\n<p>Dies war eine ausgesprochen sch\u00f6ne und sehr abwechslungsreiche Wanderung bei eher heissem Sommerwetter. Es gibt auf den Weissenbergen gar keine Teerstrassen. Im unteren Gebiet geht man auf den Naturstr\u00e4sschen, aber wenn man weiter hinaufsteigt, findet man Wanderwege inbesonders im Alpgebiet oben.<br \/>\nDie Gegend ist wundersch\u00f6n und die Aussichten sehr interessant.<\/p>\n<p>Laut Schweizmobil:<br \/>\nDistanz: 12.31km; Aufstieg=Abstieg:780m; Wanderzeit: 4h 14min<\/p>\n<p><a href=\"https:\/\/map.schweizmobil.ch\/?lang=de&amp;bgLayer=pk&amp;logo=yes&amp;season=summer&amp;resolution=5&amp;E=2733794&amp;N=1203769&amp;trackId=6007204\">Karte Schweizmobil:<\/a><\/p>\n<p><!-- index.php -->\n<div\n\tclass=\"ngg-galleryoverview ngg-ajax-pagination-none\"\n\tid=\"ngg-gallery-38411-1\">\n\n    \t<div class=\"slideshowlink\">\n        <a href='http:\/\/www.freimarianne.ch\/index.php\/nggallery\/slideshow?page_id=38087'>[Show as slideshow]<\/a>\n\t\t\n\t<\/div>\n\t\t\t<!-- Thumbnails -->\n\t\t\t\t<div id=\"ngg-image-0\" class=\"ngg-gallery-thumbnail-box\" >\n\t\t\t\t        <div class=\"ngg-gallery-thumbnail\">\n            <a href=\"http:\/\/www.freimarianne.ch\/wp-content\/gallery\/weissenberge-30-8-2019\/IMG-2927-30.jpg\"\n               title=\"Weissenberge mit Gulderstock\"\n               data-src=\"http:\/\/www.freimarianne.ch\/wp-content\/gallery\/weissenberge-30-8-2019\/IMG-2927-30.jpg\"\n               data-thumbnail=\"http:\/\/www.freimarianne.ch\/wp-content\/gallery\/weissenberge-30-8-2019\/thumbs\/thumbs_IMG-2927-30.jpg\"\n               data-image-id=\"21339\"\n               data-title=\"Weissenberge mit Gulderstock\"\n               data-description=\"Weissenberge mit Gulderstock\"\n               data-image-slug=\"img-2927-30\"\n               class=\"shutterset_38411\">\n                <img\n                    title=\"Weissenberge mit Gulderstock\"\n                    alt=\"Weissenberge mit Gulderstock\"\n                    src=\"http:\/\/www.freimarianne.ch\/wp-content\/gallery\/weissenberge-30-8-2019\/thumbs\/thumbs_IMG-2927-30.jpg\"\n                    width=\"100\"\n                    height=\"75\"\n                    style=\"max-width:100%;\"\n                \/>\n            <\/a>\n        <\/div>\n\t\t\t\t\t\t\t<\/div> \n\t\t\t\n        \n\t\t\t\t<div id=\"ngg-image-1\" class=\"ngg-gallery-thumbnail-box\" >\n\t\t\t\t        <div class=\"ngg-gallery-thumbnail\">\n            <a href=\"http:\/\/www.freimarianne.ch\/wp-content\/gallery\/weissenberge-30-8-2019\/IMG_2741.jpg\"\n               title=\"Blick ins Sernftal mit Glarner Vorab  3018m\"\n               data-src=\"http:\/\/www.freimarianne.ch\/wp-content\/gallery\/weissenberge-30-8-2019\/IMG_2741.jpg\"\n               data-thumbnail=\"http:\/\/www.freimarianne.ch\/wp-content\/gallery\/weissenberge-30-8-2019\/thumbs\/thumbs_IMG_2741.jpg\"\n               data-image-id=\"21340\"\n               data-title=\"Blick ins Sernftal mit Glarner Vorab  3018m\"\n               data-description=\"Blick ins Sernftal mit Glarner Vorab  3018m\"\n               data-image-slug=\"img_2741-2\"\n               class=\"shutterset_38411\">\n                <img\n                    title=\"Blick ins Sernftal mit Glarner Vorab  3018m\"\n                    alt=\"Blick ins Sernftal mit Glarner Vorab  3018m\"\n                    src=\"http:\/\/www.freimarianne.ch\/wp-content\/gallery\/weissenberge-30-8-2019\/thumbs\/thumbs_IMG_2741.jpg\"\n                    width=\"100\"\n                    height=\"75\"\n                    style=\"max-width:100%;\"\n                \/>\n            <\/a>\n        <\/div>\n\t\t\t\t\t\t\t<\/div> \n\t\t\t\n        \n\t\t\t\t<div id=\"ngg-image-2\" class=\"ngg-gallery-thumbnail-box\" >\n\t\t\t\t        <div class=\"ngg-gallery-thumbnail\">\n            <a href=\"http:\/\/www.freimarianne.ch\/wp-content\/gallery\/weissenberge-30-8-2019\/IMG_2746.jpg\"\n               title=\"Weissenberge mit Schafgrind 2155m, Charenstock 2422m, Chli  Siwellihorn 2168m\"\n               data-src=\"http:\/\/www.freimarianne.ch\/wp-content\/gallery\/weissenberge-30-8-2019\/IMG_2746.jpg\"\n               data-thumbnail=\"http:\/\/www.freimarianne.ch\/wp-content\/gallery\/weissenberge-30-8-2019\/thumbs\/thumbs_IMG_2746.jpg\"\n               data-image-id=\"21341\"\n               data-title=\"Weissenberge mit Schafgrind 2155m, Charenstock 2422m, Chli  Siwellihorn 2168m\"\n               data-description=\"Weissenberge mit Schafgrind 2155m, Charenstock 2422m, Chli  Siwellihorn 2168m\"\n               data-image-slug=\"img_2746-3\"\n               class=\"shutterset_38411\">\n                <img\n                    title=\"Weissenberge mit Schafgrind 2155m, Charenstock 2422m, Chli  Siwellihorn 2168m\"\n                    alt=\"Weissenberge mit Schafgrind 2155m, Charenstock 2422m, Chli  Siwellihorn 2168m\"\n                    src=\"http:\/\/www.freimarianne.ch\/wp-content\/gallery\/weissenberge-30-8-2019\/thumbs\/thumbs_IMG_2746.jpg\"\n                    width=\"100\"\n                    height=\"75\"\n                    style=\"max-width:100%;\"\n                \/>\n            <\/a>\n        <\/div>\n\t\t\t\t\t\t\t<\/div> \n\t\t\t\n        \n\t\t\t\t<div id=\"ngg-image-3\" class=\"ngg-gallery-thumbnail-box\" >\n\t\t\t\t        <div class=\"ngg-gallery-thumbnail\">\n            <a href=\"http:\/\/www.freimarianne.ch\/wp-content\/gallery\/weissenberge-30-8-2019\/IMG_2757.jpg\"\n               title=\"Vorder Gl\u00e4rnisch 2327m\"\n               data-src=\"http:\/\/www.freimarianne.ch\/wp-content\/gallery\/weissenberge-30-8-2019\/IMG_2757.jpg\"\n               data-thumbnail=\"http:\/\/www.freimarianne.ch\/wp-content\/gallery\/weissenberge-30-8-2019\/thumbs\/thumbs_IMG_2757.jpg\"\n               data-image-id=\"21342\"\n               data-title=\"Vorder Gl\u00c3\u00a4rnisch 2327m\"\n               data-description=\"Vorder Gl\u00e4rnisch 2327m\"\n               data-image-slug=\"img_2757-3\"\n               class=\"shutterset_38411\">\n                <img\n                    title=\"Vorder Gl\u00c3\u00a4rnisch 2327m\"\n                    alt=\"Vorder Gl\u00c3\u00a4rnisch 2327m\"\n                    src=\"http:\/\/www.freimarianne.ch\/wp-content\/gallery\/weissenberge-30-8-2019\/thumbs\/thumbs_IMG_2757.jpg\"\n                    width=\"100\"\n                    height=\"75\"\n                    style=\"max-width:100%;\"\n                \/>\n            <\/a>\n        <\/div>\n\t\t\t\t\t\t\t<\/div> \n\t\t\t\n        \n\t\t\t\t<div id=\"ngg-image-4\" class=\"ngg-gallery-thumbnail-box\" >\n\t\t\t\t        <div class=\"ngg-gallery-thumbnail\">\n            <a href=\"http:\/\/www.freimarianne.ch\/wp-content\/gallery\/weissenberge-30-8-2019\/IMG_2765.jpg\"\n               title=\"Schwalbenwurzenzian\"\n               data-src=\"http:\/\/www.freimarianne.ch\/wp-content\/gallery\/weissenberge-30-8-2019\/IMG_2765.jpg\"\n               data-thumbnail=\"http:\/\/www.freimarianne.ch\/wp-content\/gallery\/weissenberge-30-8-2019\/thumbs\/thumbs_IMG_2765.jpg\"\n               data-image-id=\"21343\"\n               data-title=\"Schwalbenwurzenzian\"\n               data-description=\"Schwalbenwurzenzian\"\n               data-image-slug=\"img_2765\"\n               class=\"shutterset_38411\">\n                <img\n                    title=\"Schwalbenwurzenzian\"\n                    alt=\"Schwalbenwurzenzian\"\n                    src=\"http:\/\/www.freimarianne.ch\/wp-content\/gallery\/weissenberge-30-8-2019\/thumbs\/thumbs_IMG_2765.jpg\"\n                    width=\"100\"\n                    height=\"75\"\n                    style=\"max-width:100%;\"\n                \/>\n            <\/a>\n        <\/div>\n\t\t\t\t\t\t\t<\/div> \n\t\t\t\n        \n\t\t\t\t<div id=\"ngg-image-5\" class=\"ngg-gallery-thumbnail-box\" >\n\t\t\t\t        <div class=\"ngg-gallery-thumbnail\">\n            <a href=\"http:\/\/www.freimarianne.ch\/wp-content\/gallery\/weissenberge-30-8-2019\/IMG_2768.jpg\"\n               title=\"gegen den Altmannberg; sumpfige Wiesen\"\n               data-src=\"http:\/\/www.freimarianne.ch\/wp-content\/gallery\/weissenberge-30-8-2019\/IMG_2768.jpg\"\n               data-thumbnail=\"http:\/\/www.freimarianne.ch\/wp-content\/gallery\/weissenberge-30-8-2019\/thumbs\/thumbs_IMG_2768.jpg\"\n               data-image-id=\"21344\"\n               data-title=\"Version 2\"\n               data-description=\"gegen den Altmannberg; sumpfige Wiesen\"\n               data-image-slug=\"img_2768-2\"\n               class=\"shutterset_38411\">\n                <img\n                    title=\"Version 2\"\n                    alt=\"Version 2\"\n                    src=\"http:\/\/www.freimarianne.ch\/wp-content\/gallery\/weissenberge-30-8-2019\/thumbs\/thumbs_IMG_2768.jpg\"\n                    width=\"100\"\n                    height=\"75\"\n                    style=\"max-width:100%;\"\n                \/>\n            <\/a>\n        <\/div>\n\t\t\t\t\t\t\t<\/div> \n\t\t\t\n        \n\t\t\t\t<div id=\"ngg-image-6\" class=\"ngg-gallery-thumbnail-box\" >\n\t\t\t\t        <div class=\"ngg-gallery-thumbnail\">\n            <a href=\"http:\/\/www.freimarianne.ch\/wp-content\/gallery\/weissenberge-30-8-2019\/IMG_2769.jpg\"\n               title=\"Sicht auf  Siwellenh\u00f6rner und Gl\u00e4rnisch\"\n               data-src=\"http:\/\/www.freimarianne.ch\/wp-content\/gallery\/weissenberge-30-8-2019\/IMG_2769.jpg\"\n               data-thumbnail=\"http:\/\/www.freimarianne.ch\/wp-content\/gallery\/weissenberge-30-8-2019\/thumbs\/thumbs_IMG_2769.jpg\"\n               data-image-id=\"21345\"\n               data-title=\"Sicht auf  Siwellenh\u00c3\u00b6rner und Gl\u00c3\u00a4rnisch\"\n               data-description=\"Sicht auf  Siwellenh\u00f6rner und Gl\u00e4rnisch\"\n               data-image-slug=\"img_2769-3\"\n               class=\"shutterset_38411\">\n                <img\n                    title=\"Sicht auf  Siwellenh\u00c3\u00b6rner und Gl\u00c3\u00a4rnisch\"\n                    alt=\"Sicht auf  Siwellenh\u00c3\u00b6rner und Gl\u00c3\u00a4rnisch\"\n                    src=\"http:\/\/www.freimarianne.ch\/wp-content\/gallery\/weissenberge-30-8-2019\/thumbs\/thumbs_IMG_2769.jpg\"\n                    width=\"100\"\n                    height=\"75\"\n                    style=\"max-width:100%;\"\n                \/>\n            <\/a>\n        <\/div>\n\t\t\t\t\t\t\t<\/div> \n\t\t\t\n        \n\t\t\t\t<div id=\"ngg-image-7\" class=\"ngg-gallery-thumbnail-box\" >\n\t\t\t\t        <div class=\"ngg-gallery-thumbnail\">\n            <a href=\"http:\/\/www.freimarianne.ch\/wp-content\/gallery\/weissenberge-30-8-2019\/IMG_2772.jpg\"\n               title=\", B\u00e4chistockk 1914m, Gl\u00e4rnisch 2915m, Schwandergrat 2883m, Vrenelisg\u00e4rtli 2904m, P.2699m, Vorder Gl\u00e4rnisch 2327m,\"\n               data-src=\"http:\/\/www.freimarianne.ch\/wp-content\/gallery\/weissenberge-30-8-2019\/IMG_2772.jpg\"\n               data-thumbnail=\"http:\/\/www.freimarianne.ch\/wp-content\/gallery\/weissenberge-30-8-2019\/thumbs\/thumbs_IMG_2772.jpg\"\n               data-image-id=\"21346\"\n               data-title=\", B\u00c3\u00a4chistockk 1914m, Gl\u00c3\u00a4rnisch 2915m, Schwandergrat 2883m, Vrenelisg\u00c3\u00a4rtli 2904m, P.2699m, Vorder Gl\u00c3\u00a4rnisch 2327m,\"\n               data-description=\", B\u00e4chistockk 1914m, Gl\u00e4rnisch 2915m, Schwandergrat 2883m, Vrenelisg\u00e4rtli 2904m, P.2699m, Vorder Gl\u00e4rnisch 2327m,\"\n               data-image-slug=\"img_2772-4\"\n               class=\"shutterset_38411\">\n                <img\n                    title=\", B\u00c3\u00a4chistockk 1914m, Gl\u00c3\u00a4rnisch 2915m, Schwandergrat 2883m, Vrenelisg\u00c3\u00a4rtli 2904m, P.2699m, Vorder Gl\u00c3\u00a4rnisch 2327m,\"\n                    alt=\", B\u00c3\u00a4chistockk 1914m, Gl\u00c3\u00a4rnisch 2915m, Schwandergrat 2883m, Vrenelisg\u00c3\u00a4rtli 2904m, P.2699m, Vorder Gl\u00c3\u00a4rnisch 2327m,\"\n                    src=\"http:\/\/www.freimarianne.ch\/wp-content\/gallery\/weissenberge-30-8-2019\/thumbs\/thumbs_IMG_2772.jpg\"\n                    width=\"100\"\n                    height=\"75\"\n                    style=\"max-width:100%;\"\n                \/>\n            <\/a>\n        <\/div>\n\t\t\t\t\t\t\t<\/div> \n\t\t\t\n        \n\t\t\t\t<div id=\"ngg-image-8\" class=\"ngg-gallery-thumbnail-box\" >\n\t\t\t\t        <div class=\"ngg-gallery-thumbnail\">\n            <a href=\"http:\/\/www.freimarianne.ch\/wp-content\/gallery\/weissenberge-30-8-2019\/IMG_2777.jpg\"\n               title=\"Glarner Vorab 3018m\"\n               data-src=\"http:\/\/www.freimarianne.ch\/wp-content\/gallery\/weissenberge-30-8-2019\/IMG_2777.jpg\"\n               data-thumbnail=\"http:\/\/www.freimarianne.ch\/wp-content\/gallery\/weissenberge-30-8-2019\/thumbs\/thumbs_IMG_2777.jpg\"\n               data-image-id=\"21347\"\n               data-title=\"Glarner Vorab 3018m\"\n               data-description=\"Glarner Vorab 3018m\"\n               data-image-slug=\"img_2777-3\"\n               class=\"shutterset_38411\">\n                <img\n                    title=\"Glarner Vorab 3018m\"\n                    alt=\"Glarner Vorab 3018m\"\n                    src=\"http:\/\/www.freimarianne.ch\/wp-content\/gallery\/weissenberge-30-8-2019\/thumbs\/thumbs_IMG_2777.jpg\"\n                    width=\"100\"\n                    height=\"75\"\n                    style=\"max-width:100%;\"\n                \/>\n            <\/a>\n        <\/div>\n\t\t\t\t\t\t\t<\/div> \n\t\t\t\n        \n\t\t\t\t<div id=\"ngg-image-9\" class=\"ngg-gallery-thumbnail-box\" >\n\t\t\t\t        <div class=\"ngg-gallery-thumbnail\">\n            <a href=\"http:\/\/www.freimarianne.ch\/wp-content\/gallery\/weissenberge-30-8-2019\/IMG_2784.jpg\"\n               title=\"B\u00e4chistockk 1914m, Gl\u00e4rnisch 2915m, Schwandergrat 2883m, Vrenelisg\u00e4rtli 2904m, P.2699m, Vorder Gl\u00e4rnisch 2327m\"\n               data-src=\"http:\/\/www.freimarianne.ch\/wp-content\/gallery\/weissenberge-30-8-2019\/IMG_2784.jpg\"\n               data-thumbnail=\"http:\/\/www.freimarianne.ch\/wp-content\/gallery\/weissenberge-30-8-2019\/thumbs\/thumbs_IMG_2784.jpg\"\n               data-image-id=\"21348\"\n               data-title=\"B\u00c3\u00a4chistockk 1914m, Gl\u00c3\u00a4rnisch 2915m, Schwandergrat 2883m, Vrenelisg\u00c3\u00a4rtli 2904m, P.2699m, Vorder Gl\u00c3\u00a4rnisch 2327m\"\n               data-description=\"B\u00e4chistockk 1914m, Gl\u00e4rnisch 2915m, Schwandergrat 2883m, Vrenelisg\u00e4rtli 2904m, P.2699m, Vorder Gl\u00e4rnisch 2327m\"\n               data-image-slug=\"img_2784\"\n               class=\"shutterset_38411\">\n                <img\n                    title=\"B\u00c3\u00a4chistockk 1914m, Gl\u00c3\u00a4rnisch 2915m, Schwandergrat 2883m, Vrenelisg\u00c3\u00a4rtli 2904m, P.2699m, Vorder Gl\u00c3\u00a4rnisch 2327m\"\n                    alt=\"B\u00c3\u00a4chistockk 1914m, Gl\u00c3\u00a4rnisch 2915m, Schwandergrat 2883m, Vrenelisg\u00c3\u00a4rtli 2904m, P.2699m, Vorder Gl\u00c3\u00a4rnisch 2327m\"\n                    src=\"http:\/\/www.freimarianne.ch\/wp-content\/gallery\/weissenberge-30-8-2019\/thumbs\/thumbs_IMG_2784.jpg\"\n                    width=\"100\"\n                    height=\"75\"\n                    style=\"max-width:100%;\"\n                \/>\n            <\/a>\n        <\/div>\n\t\t\t\t\t\t\t<\/div> \n\t\t\t\n        \n\t\t\t\t<div id=\"ngg-image-10\" class=\"ngg-gallery-thumbnail-box\" >\n\t\t\t\t        <div class=\"ngg-gallery-thumbnail\">\n            <a href=\"http:\/\/www.freimarianne.ch\/wp-content\/gallery\/weissenberge-30-8-2019\/IMG_2786.jpg\"\n               title=\"hinauf gegen Ochsenb\u00fcel\"\n               data-src=\"http:\/\/www.freimarianne.ch\/wp-content\/gallery\/weissenberge-30-8-2019\/IMG_2786.jpg\"\n               data-thumbnail=\"http:\/\/www.freimarianne.ch\/wp-content\/gallery\/weissenberge-30-8-2019\/thumbs\/thumbs_IMG_2786.jpg\"\n               data-image-id=\"21349\"\n               data-title=\"hinauf gegen Ochsenb\u00c3\u00bcel\"\n               data-description=\"hinauf gegen Ochsenb\u00fcel\"\n               data-image-slug=\"img_2786-4\"\n               class=\"shutterset_38411\">\n                <img\n                    title=\"hinauf gegen Ochsenb\u00c3\u00bcel\"\n                    alt=\"hinauf gegen Ochsenb\u00c3\u00bcel\"\n                    src=\"http:\/\/www.freimarianne.ch\/wp-content\/gallery\/weissenberge-30-8-2019\/thumbs\/thumbs_IMG_2786.jpg\"\n                    width=\"100\"\n                    height=\"75\"\n                    style=\"max-width:100%;\"\n                \/>\n            <\/a>\n        <\/div>\n\t\t\t\t\t\t\t<\/div> \n\t\t\t\n        \n\t\t\t\t<div id=\"ngg-image-11\" class=\"ngg-gallery-thumbnail-box\" >\n\t\t\t\t        <div class=\"ngg-gallery-thumbnail\">\n            <a href=\"http:\/\/www.freimarianne.ch\/wp-content\/gallery\/weissenberge-30-8-2019\/IMG_2789-92.jpg\"\n               title=\"von Schafgrind zu Charrenst\u00f6ck, Gl\u00e4rnischmassiv, Gufelstock\"\n               data-src=\"http:\/\/www.freimarianne.ch\/wp-content\/gallery\/weissenberge-30-8-2019\/IMG_2789-92.jpg\"\n               data-thumbnail=\"http:\/\/www.freimarianne.ch\/wp-content\/gallery\/weissenberge-30-8-2019\/thumbs\/thumbs_IMG_2789-92.jpg\"\n               data-image-id=\"21350\"\n               data-title=\"von Schafgrind zu Charrenst\u00c3\u00b6ck, Gl\u00c3\u00a4rnischmassiv, Gufelstock\"\n               data-description=\"von Schafgrind zu Charrenst\u00f6ck, Gl\u00e4rnischmassiv, Gufelstock\"\n               data-image-slug=\"img_2789-92\"\n               class=\"shutterset_38411\">\n                <img\n                    title=\"von Schafgrind zu Charrenst\u00c3\u00b6ck, Gl\u00c3\u00a4rnischmassiv, Gufelstock\"\n                    alt=\"von Schafgrind zu Charrenst\u00c3\u00b6ck, Gl\u00c3\u00a4rnischmassiv, Gufelstock\"\n                    src=\"http:\/\/www.freimarianne.ch\/wp-content\/gallery\/weissenberge-30-8-2019\/thumbs\/thumbs_IMG_2789-92.jpg\"\n                    width=\"100\"\n                    height=\"75\"\n                    style=\"max-width:100%;\"\n                \/>\n            <\/a>\n        <\/div>\n\t\t\t\t\t\t\t<\/div> \n\t\t\t\n        \n\t\t\t\t<div id=\"ngg-image-12\" class=\"ngg-gallery-thumbnail-box\" >\n\t\t\t\t        <div class=\"ngg-gallery-thumbnail\">\n            <a href=\"http:\/\/www.freimarianne.ch\/wp-content\/gallery\/weissenberge-30-8-2019\/IMG_2793.jpg\"\n               title=\"Gandst\u00f6ck, Gl\u00e4rnisch\"\n               data-src=\"http:\/\/www.freimarianne.ch\/wp-content\/gallery\/weissenberge-30-8-2019\/IMG_2793.jpg\"\n               data-thumbnail=\"http:\/\/www.freimarianne.ch\/wp-content\/gallery\/weissenberge-30-8-2019\/thumbs\/thumbs_IMG_2793.jpg\"\n               data-image-id=\"21351\"\n               data-title=\"Gandst\u00c3\u00b6ck, Gl\u00c3\u00a4rnisch\"\n               data-description=\"Gandst\u00f6ck, Gl\u00e4rnisch\"\n               data-image-slug=\"img_2793-4\"\n               class=\"shutterset_38411\">\n                <img\n                    title=\"Gandst\u00c3\u00b6ck, Gl\u00c3\u00a4rnisch\"\n                    alt=\"Gandst\u00c3\u00b6ck, Gl\u00c3\u00a4rnisch\"\n                    src=\"http:\/\/www.freimarianne.ch\/wp-content\/gallery\/weissenberge-30-8-2019\/thumbs\/thumbs_IMG_2793.jpg\"\n                    width=\"100\"\n                    height=\"75\"\n                    style=\"max-width:100%;\"\n                \/>\n            <\/a>\n        <\/div>\n\t\t\t\t\t\t\t<\/div> \n\t\t\t\n        \n\t\t\t\t<div id=\"ngg-image-13\" class=\"ngg-gallery-thumbnail-box\" >\n\t\t\t\t        <div class=\"ngg-gallery-thumbnail\">\n            <a href=\"http:\/\/www.freimarianne.ch\/wp-content\/gallery\/weissenberge-30-8-2019\/IMG_2796.jpg\"\n               title=\"Gl\u00e4rnisch und Gufelstock\"\n               data-src=\"http:\/\/www.freimarianne.ch\/wp-content\/gallery\/weissenberge-30-8-2019\/IMG_2796.jpg\"\n               data-thumbnail=\"http:\/\/www.freimarianne.ch\/wp-content\/gallery\/weissenberge-30-8-2019\/thumbs\/thumbs_IMG_2796.jpg\"\n               data-image-id=\"21352\"\n               data-title=\"Gl\u00c3\u00a4rnisch und Gufelstock\"\n               data-description=\"Gl\u00e4rnisch und Gufelstock\"\n               data-image-slug=\"img_2796-1\"\n               class=\"shutterset_38411\">\n                <img\n                    title=\"Gl\u00c3\u00a4rnisch und Gufelstock\"\n                    alt=\"Gl\u00c3\u00a4rnisch und Gufelstock\"\n                    src=\"http:\/\/www.freimarianne.ch\/wp-content\/gallery\/weissenberge-30-8-2019\/thumbs\/thumbs_IMG_2796.jpg\"\n                    width=\"100\"\n                    height=\"75\"\n                    style=\"max-width:100%;\"\n                \/>\n            <\/a>\n        <\/div>\n\t\t\t\t\t\t\t<\/div> \n\t\t\t\n        \n\t\t\t\t<div id=\"ngg-image-14\" class=\"ngg-gallery-thumbnail-box\" >\n\t\t\t\t        <div class=\"ngg-gallery-thumbnail\">\n            <a href=\"http:\/\/www.freimarianne.ch\/wp-content\/gallery\/weissenberge-30-8-2019\/IMG_2800.jpg\"\n               title=\"Marianne vor Gl\u00e4rnisch\"\n               data-src=\"http:\/\/www.freimarianne.ch\/wp-content\/gallery\/weissenberge-30-8-2019\/IMG_2800.jpg\"\n               data-thumbnail=\"http:\/\/www.freimarianne.ch\/wp-content\/gallery\/weissenberge-30-8-2019\/thumbs\/thumbs_IMG_2800.jpg\"\n               data-image-id=\"21353\"\n               data-title=\"Marianne vor Gl\u00c3\u00a4rnisch\"\n               data-description=\"Marianne vor Gl\u00e4rnisch\"\n               data-image-slug=\"img_2800-3\"\n               class=\"shutterset_38411\">\n                <img\n                    title=\"Marianne vor Gl\u00c3\u00a4rnisch\"\n                    alt=\"Marianne vor Gl\u00c3\u00a4rnisch\"\n                    src=\"http:\/\/www.freimarianne.ch\/wp-content\/gallery\/weissenberge-30-8-2019\/thumbs\/thumbs_IMG_2800.jpg\"\n                    width=\"100\"\n                    height=\"75\"\n                    style=\"max-width:100%;\"\n                \/>\n            <\/a>\n        <\/div>\n\t\t\t\t\t\t\t<\/div> \n\t\t\t\n        \n\t\t\t\t<div id=\"ngg-image-15\" class=\"ngg-gallery-thumbnail-box\" >\n\t\t\t\t        <div class=\"ngg-gallery-thumbnail\">\n            <a href=\"http:\/\/www.freimarianne.ch\/wp-content\/gallery\/weissenberge-30-8-2019\/IMG_2810.jpg\"\n               title=\"zum Fitterenst\u00e4feli Skihaus 1777m\"\n               data-src=\"http:\/\/www.freimarianne.ch\/wp-content\/gallery\/weissenberge-30-8-2019\/IMG_2810.jpg\"\n               data-thumbnail=\"http:\/\/www.freimarianne.ch\/wp-content\/gallery\/weissenberge-30-8-2019\/thumbs\/thumbs_IMG_2810.jpg\"\n               data-image-id=\"21354\"\n               data-title=\"zum Fitterenst\u00c3\u00a4feli Skihaus 1777m\"\n               data-description=\"zum Fitterenst\u00e4feli Skihaus 1777m\"\n               data-image-slug=\"img_2810-1\"\n               class=\"shutterset_38411\">\n                <img\n                    title=\"zum Fitterenst\u00c3\u00a4feli Skihaus 1777m\"\n                    alt=\"zum Fitterenst\u00c3\u00a4feli Skihaus 1777m\"\n                    src=\"http:\/\/www.freimarianne.ch\/wp-content\/gallery\/weissenberge-30-8-2019\/thumbs\/thumbs_IMG_2810.jpg\"\n                    width=\"100\"\n                    height=\"75\"\n                    style=\"max-width:100%;\"\n                \/>\n            <\/a>\n        <\/div>\n\t\t\t\t\t\t\t<\/div> \n\t\t\t\n        \n\t\t\t\t<div id=\"ngg-image-16\" class=\"ngg-gallery-thumbnail-box\" >\n\t\t\t\t        <div class=\"ngg-gallery-thumbnail\">\n            <a href=\"http:\/\/www.freimarianne.ch\/wp-content\/gallery\/weissenberge-30-8-2019\/IMG_2813.jpg\"\n               title=\"Fitterenst\u00e4feli Skihaus 1777m\"\n               data-src=\"http:\/\/www.freimarianne.ch\/wp-content\/gallery\/weissenberge-30-8-2019\/IMG_2813.jpg\"\n               data-thumbnail=\"http:\/\/www.freimarianne.ch\/wp-content\/gallery\/weissenberge-30-8-2019\/thumbs\/thumbs_IMG_2813.jpg\"\n               data-image-id=\"21355\"\n               data-title=\"Fitterenst\u00c3\u00a4feli Skihaus 1777m\"\n               data-description=\"Fitterenst\u00e4feli Skihaus 1777m\"\n               data-image-slug=\"img_2813-4\"\n               class=\"shutterset_38411\">\n                <img\n                    title=\"Fitterenst\u00c3\u00a4feli Skihaus 1777m\"\n                    alt=\"Fitterenst\u00c3\u00a4feli Skihaus 1777m\"\n                    src=\"http:\/\/www.freimarianne.ch\/wp-content\/gallery\/weissenberge-30-8-2019\/thumbs\/thumbs_IMG_2813.jpg\"\n                    width=\"100\"\n                    height=\"75\"\n                    style=\"max-width:100%;\"\n                \/>\n            <\/a>\n        <\/div>\n\t\t\t\t\t\t\t<\/div> \n\t\t\t\n        \n\t\t\t\t<div id=\"ngg-image-17\" class=\"ngg-gallery-thumbnail-box\" >\n\t\t\t\t        <div class=\"ngg-gallery-thumbnail\">\n            <a href=\"http:\/\/www.freimarianne.ch\/wp-content\/gallery\/weissenberge-30-8-2019\/IMG_2816.jpg\"\n               title=\"Marianne auf Fritterenst\u00e4feli 1777m: Fuggfurggle 2283m, Fuggstock 2371m\"\n               data-src=\"http:\/\/www.freimarianne.ch\/wp-content\/gallery\/weissenberge-30-8-2019\/IMG_2816.jpg\"\n               data-thumbnail=\"http:\/\/www.freimarianne.ch\/wp-content\/gallery\/weissenberge-30-8-2019\/thumbs\/thumbs_IMG_2816.jpg\"\n               data-image-id=\"21356\"\n               data-title=\"Marianne auf Fritterenst\u00c3\u00a4feli 1777m: Fuggfurggle 2283m, Fuggstock 2371m\"\n               data-description=\"Marianne auf Fritterenst\u00e4feli 1777m: Fuggfurggle 2283m, Fuggstock 2371m\"\n               data-image-slug=\"img_2816\"\n               class=\"shutterset_38411\">\n                <img\n                    title=\"Marianne auf Fritterenst\u00c3\u00a4feli 1777m: Fuggfurggle 2283m, Fuggstock 2371m\"\n                    alt=\"Marianne auf Fritterenst\u00c3\u00a4feli 1777m: Fuggfurggle 2283m, Fuggstock 2371m\"\n                    src=\"http:\/\/www.freimarianne.ch\/wp-content\/gallery\/weissenberge-30-8-2019\/thumbs\/thumbs_IMG_2816.jpg\"\n                    width=\"100\"\n                    height=\"75\"\n                    style=\"max-width:100%;\"\n                \/>\n            <\/a>\n        <\/div>\n\t\t\t\t\t\t\t<\/div> \n\t\t\t\n        \n\t\t\t\t<div id=\"ngg-image-18\" class=\"ngg-gallery-thumbnail-box\" >\n\t\t\t\t        <div class=\"ngg-gallery-thumbnail\">\n            <a href=\"http:\/\/www.freimarianne.ch\/wp-content\/gallery\/weissenberge-30-8-2019\/IMG_2820.jpg\"\n               title=\"Fritterenst\u00e4feli Skihaus 1777m: Fuggfurggle 2283m, Fuggstock 2371m\"\n               data-src=\"http:\/\/www.freimarianne.ch\/wp-content\/gallery\/weissenberge-30-8-2019\/IMG_2820.jpg\"\n               data-thumbnail=\"http:\/\/www.freimarianne.ch\/wp-content\/gallery\/weissenberge-30-8-2019\/thumbs\/thumbs_IMG_2820.jpg\"\n               data-image-id=\"21357\"\n               data-title=\"Fritterenst\u00c3\u00a4feli Skihaus 1777m: Fuggfurggle 2283m, Fuggstock 2371m\"\n               data-description=\"Fritterenst\u00e4feli Skihaus 1777m: Fuggfurggle 2283m, Fuggstock 2371m\"\n               data-image-slug=\"img_2820-1\"\n               class=\"shutterset_38411\">\n                <img\n                    title=\"Fritterenst\u00c3\u00a4feli Skihaus 1777m: Fuggfurggle 2283m, Fuggstock 2371m\"\n                    alt=\"Fritterenst\u00c3\u00a4feli Skihaus 1777m: Fuggfurggle 2283m, Fuggstock 2371m\"\n                    src=\"http:\/\/www.freimarianne.ch\/wp-content\/gallery\/weissenberge-30-8-2019\/thumbs\/thumbs_IMG_2820.jpg\"\n                    width=\"100\"\n                    height=\"75\"\n                    style=\"max-width:100%;\"\n                \/>\n            <\/a>\n        <\/div>\n\t\t\t\t\t\t\t<\/div> \n\t\t\t\n        \n\t\t\t\t<div id=\"ngg-image-19\" class=\"ngg-gallery-thumbnail-box\" >\n\t\t\t\t        <div class=\"ngg-gallery-thumbnail\">\n            <a href=\"http:\/\/www.freimarianne.ch\/wp-content\/gallery\/weissenberge-30-8-2019\/IMG_2822.jpg\"\n               title=\"Panorama  mit Glarner Vorab,Hausstock, K\u00e4rpf, Charrenstock\"\n               data-src=\"http:\/\/www.freimarianne.ch\/wp-content\/gallery\/weissenberge-30-8-2019\/IMG_2822.jpg\"\n               data-thumbnail=\"http:\/\/www.freimarianne.ch\/wp-content\/gallery\/weissenberge-30-8-2019\/thumbs\/thumbs_IMG_2822.jpg\"\n               data-image-id=\"21358\"\n               data-title=\"Panorama  mit Glarner Vorab,Hausstock, K\u00c3\u00a4rpf, Charrenstock\"\n               data-description=\"Panorama  mit Glarner Vorab,Hausstock, K\u00e4rpf, Charrenstock\"\n               data-image-slug=\"img_2822-1\"\n               class=\"shutterset_38411\">\n                <img\n                    title=\"Panorama  mit Glarner Vorab,Hausstock, K\u00c3\u00a4rpf, Charrenstock\"\n                    alt=\"Panorama  mit Glarner Vorab,Hausstock, K\u00c3\u00a4rpf, Charrenstock\"\n                    src=\"http:\/\/www.freimarianne.ch\/wp-content\/gallery\/weissenberge-30-8-2019\/thumbs\/thumbs_IMG_2822.jpg\"\n                    width=\"100\"\n                    height=\"75\"\n                    style=\"max-width:100%;\"\n                \/>\n            <\/a>\n        <\/div>\n\t\t\t\t\t\t\t<\/div> \n\t\t\t\n        \n\t\t\t\t<div id=\"ngg-image-20\" class=\"ngg-gallery-thumbnail-box\" >\n\t\t\t\t        <div class=\"ngg-gallery-thumbnail\">\n            <a href=\"http:\/\/www.freimarianne.ch\/wp-content\/gallery\/weissenberge-30-8-2019\/IMG_2825.jpg\"\n               title=\"Haus bei P. 1756m;  Fuggstock 2371m\"\n               data-src=\"http:\/\/www.freimarianne.ch\/wp-content\/gallery\/weissenberge-30-8-2019\/IMG_2825.jpg\"\n               data-thumbnail=\"http:\/\/www.freimarianne.ch\/wp-content\/gallery\/weissenberge-30-8-2019\/thumbs\/thumbs_IMG_2825.jpg\"\n               data-image-id=\"21359\"\n               data-title=\"Haus bei P. 1756m;  Fuggstock 2371m\"\n               data-description=\"Haus bei P. 1756m;  Fuggstock 2371m\"\n               data-image-slug=\"img_2825-1\"\n               class=\"shutterset_38411\">\n                <img\n                    title=\"Haus bei P. 1756m;  Fuggstock 2371m\"\n                    alt=\"Haus bei P. 1756m;  Fuggstock 2371m\"\n                    src=\"http:\/\/www.freimarianne.ch\/wp-content\/gallery\/weissenberge-30-8-2019\/thumbs\/thumbs_IMG_2825.jpg\"\n                    width=\"100\"\n                    height=\"75\"\n                    style=\"max-width:100%;\"\n                \/>\n            <\/a>\n        <\/div>\n\t\t\t\t\t\t\t<\/div> \n\t\t\t\n        \n\t\t\t\t<div id=\"ngg-image-21\" class=\"ngg-gallery-thumbnail-box\" >\n\t\t\t\t        <div class=\"ngg-gallery-thumbnail\">\n            <a href=\"http:\/\/www.freimarianne.ch\/wp-content\/gallery\/weissenberge-30-8-2019\/IMG_2829.jpg\"\n               title=\"Haus bei P. 1756m;  Charrenstock 2422m, Hohberg 2244m, Grat, vo Gross Siwellen 2099m, hi Gandst\u00f6ck  2315m,\"\n               data-src=\"http:\/\/www.freimarianne.ch\/wp-content\/gallery\/weissenberge-30-8-2019\/IMG_2829.jpg\"\n               data-thumbnail=\"http:\/\/www.freimarianne.ch\/wp-content\/gallery\/weissenberge-30-8-2019\/thumbs\/thumbs_IMG_2829.jpg\"\n               data-image-id=\"21360\"\n               data-title=\"Haus bei P. 1756m;  Charrenstock 2422m, Hohberg 2244m, Grat, vo Gross Siwellen 2099m, hi Gandst\u00c3\u00b6ck  2315m,\"\n               data-description=\"Haus bei P. 1756m;  Charrenstock 2422m, Hohberg 2244m, Grat, vo Gross Siwellen 2099m, hi Gandst\u00f6ck  2315m,\"\n               data-image-slug=\"img_2829-4\"\n               class=\"shutterset_38411\">\n                <img\n                    title=\"Haus bei P. 1756m;  Charrenstock 2422m, Hohberg 2244m, Grat, vo Gross Siwellen 2099m, hi Gandst\u00c3\u00b6ck  2315m,\"\n                    alt=\"Haus bei P. 1756m;  Charrenstock 2422m, Hohberg 2244m, Grat, vo Gross Siwellen 2099m, hi Gandst\u00c3\u00b6ck  2315m,\"\n                    src=\"http:\/\/www.freimarianne.ch\/wp-content\/gallery\/weissenberge-30-8-2019\/thumbs\/thumbs_IMG_2829.jpg\"\n                    width=\"100\"\n                    height=\"75\"\n                    style=\"max-width:100%;\"\n                \/>\n            <\/a>\n        <\/div>\n\t\t\t\t\t\t\t<\/div> \n\t\t\t\n        \n\t\t\t\t<div id=\"ngg-image-22\" class=\"ngg-gallery-thumbnail-box\" >\n\t\t\t\t        <div class=\"ngg-gallery-thumbnail\">\n            <a href=\"http:\/\/www.freimarianne.ch\/wp-content\/gallery\/weissenberge-30-8-2019\/IMG_2831.jpg\"\n               title=\"Gandst\u00f6cke, Gl\u00e4rnisch; Blick zur\u00fcck auf Fritteren St\u00e4ffeli\"\n               data-src=\"http:\/\/www.freimarianne.ch\/wp-content\/gallery\/weissenberge-30-8-2019\/IMG_2831.jpg\"\n               data-thumbnail=\"http:\/\/www.freimarianne.ch\/wp-content\/gallery\/weissenberge-30-8-2019\/thumbs\/thumbs_IMG_2831.jpg\"\n               data-image-id=\"21361\"\n               data-title=\"Gandst\u00c3\u00b6cke, Gl\u00c3\u00a4rnisch; Blick zur\u00c3\u00bcck auf Fritteren St\u00c3\u00a4ffeli\"\n               data-description=\"Gandst\u00f6cke, Gl\u00e4rnisch; Blick zur\u00fcck auf Fritteren St\u00e4ffeli\"\n               data-image-slug=\"img_2831-4\"\n               class=\"shutterset_38411\">\n                <img\n                    title=\"Gandst\u00c3\u00b6cke, Gl\u00c3\u00a4rnisch; Blick zur\u00c3\u00bcck auf Fritteren St\u00c3\u00a4ffeli\"\n                    alt=\"Gandst\u00c3\u00b6cke, Gl\u00c3\u00a4rnisch; Blick zur\u00c3\u00bcck auf Fritteren St\u00c3\u00a4ffeli\"\n                    src=\"http:\/\/www.freimarianne.ch\/wp-content\/gallery\/weissenberge-30-8-2019\/thumbs\/thumbs_IMG_2831.jpg\"\n                    width=\"100\"\n                    height=\"75\"\n                    style=\"max-width:100%;\"\n                \/>\n            <\/a>\n        <\/div>\n\t\t\t\t\t\t\t<\/div> \n\t\t\t\n        \n\t\t\t\t<div id=\"ngg-image-23\" class=\"ngg-gallery-thumbnail-box\" >\n\t\t\t\t        <div class=\"ngg-gallery-thumbnail\">\n            <a href=\"http:\/\/www.freimarianne.ch\/wp-content\/gallery\/weissenberge-30-8-2019\/IMG_2832.jpg\"\n               title=\"Skihaus Fritteren  St\u00e4feli 1777m; Blick zu\u00fcck auf  Skihaus St\u00e4feli; R\u00fcchigrat 2557m, Rad 2661m, B\u00e4chistockk 1914m, Gl\u00e4rnisch 2915m, Schwandergrat 2883m, Vrenelisg\u00e4rtli 2904m,\"\n               data-src=\"http:\/\/www.freimarianne.ch\/wp-content\/gallery\/weissenberge-30-8-2019\/IMG_2832.jpg\"\n               data-thumbnail=\"http:\/\/www.freimarianne.ch\/wp-content\/gallery\/weissenberge-30-8-2019\/thumbs\/thumbs_IMG_2832.jpg\"\n               data-image-id=\"21362\"\n               data-title=\"Skihaus Fritteren  St\u00c3\u00a4feli 1777m; Blick zu\u00c3\u00bcck auf  Skihaus St\u00c3\u00a4feli; R\u00c3\u00bcchigrat 2557m, Rad 2661m, B\u00c3\u00a4chistockk 1914m, Gl\u00c3\u00a4rnisch 2915m, Schwandergrat 2883m, Vrenelisg\u00c3\u00a4rtli 2904m,\"\n               data-description=\"Skihaus Fritteren  St\u00e4feli 1777m; Blick zu\u00fcck auf  Skihaus St\u00e4feli; R\u00fcchigrat 2557m, Rad 2661m, B\u00e4chistockk 1914m, Gl\u00e4rnisch 2915m, Schwandergrat 2883m, Vrenelisg\u00e4rtli 2904m,\"\n               data-image-slug=\"img_2832-1\"\n               class=\"shutterset_38411\">\n                <img\n                    title=\"Skihaus Fritteren  St\u00c3\u00a4feli 1777m; Blick zu\u00c3\u00bcck auf  Skihaus St\u00c3\u00a4feli; R\u00c3\u00bcchigrat 2557m, Rad 2661m, B\u00c3\u00a4chistockk 1914m, Gl\u00c3\u00a4rnisch 2915m, Schwandergrat 2883m, Vrenelisg\u00c3\u00a4rtli 2904m,\"\n                    alt=\"Skihaus Fritteren  St\u00c3\u00a4feli 1777m; Blick zu\u00c3\u00bcck auf  Skihaus St\u00c3\u00a4feli; R\u00c3\u00bcchigrat 2557m, Rad 2661m, B\u00c3\u00a4chistockk 1914m, Gl\u00c3\u00a4rnisch 2915m, Schwandergrat 2883m, Vrenelisg\u00c3\u00a4rtli 2904m,\"\n                    src=\"http:\/\/www.freimarianne.ch\/wp-content\/gallery\/weissenberge-30-8-2019\/thumbs\/thumbs_IMG_2832.jpg\"\n                    width=\"100\"\n                    height=\"75\"\n                    style=\"max-width:100%;\"\n                \/>\n            <\/a>\n        <\/div>\n\t\t\t\t\t\t\t<\/div> \n\t\t\t\n        \n\t\t\t\t<div id=\"ngg-image-24\" class=\"ngg-gallery-thumbnail-box\" >\n\t\t\t\t        <div class=\"ngg-gallery-thumbnail\">\n            <a href=\"http:\/\/www.freimarianne.ch\/wp-content\/gallery\/weissenberge-30-8-2019\/IMG_2833-35.jpg\"\n               title=\"vo Schabel 2126m, Schafgrind 2155m; hi Hausstock 3158m ,Ruchi 3007m, K\u00e4rpf 2794m, Charrenstock 2422m, Hohberg 2244m, Grat, vo Gross Siwellen 2099m, hi Gandst\u00f6ckl 2315m, weiter hi Schijen 2259m, Gumenstock 2256m\"\n               data-src=\"http:\/\/www.freimarianne.ch\/wp-content\/gallery\/weissenberge-30-8-2019\/IMG_2833-35.jpg\"\n               data-thumbnail=\"http:\/\/www.freimarianne.ch\/wp-content\/gallery\/weissenberge-30-8-2019\/thumbs\/thumbs_IMG_2833-35.jpg\"\n               data-image-id=\"21363\"\n               data-title=\"vo Schabel 2126m, Schafgrind 2155m; hi Hausstock 3158m ,Ruchi 3007m, K\u00c3\u00a4rpf 2794m, Charrenstock 2422m, Hohberg 2244m, Grat, vo Gross Siwellen 2099m, hi Gandst\u00c3\u00b6ckl 2315m, weiter hi Schijen 2259m, Gumenstock 2256m\"\n               data-description=\"vo Schabel 2126m, Schafgrind 2155m; hi Hausstock 3158m ,Ruchi 3007m, K\u00e4rpf 2794m, Charrenstock 2422m, Hohberg 2244m, Grat, vo Gross Siwellen 2099m, hi Gandst\u00f6ckl 2315m, weiter hi Schijen 2259m, Gumenstock 2256m\"\n               data-image-slug=\"img_2833-35\"\n               class=\"shutterset_38411\">\n                <img\n                    title=\"vo Schabel 2126m, Schafgrind 2155m; hi Hausstock 3158m ,Ruchi 3007m, K\u00c3\u00a4rpf 2794m, Charrenstock 2422m, Hohberg 2244m, Grat, vo Gross Siwellen 2099m, hi Gandst\u00c3\u00b6ckl 2315m, weiter hi Schijen 2259m, Gumenstock 2256m\"\n                    alt=\"vo Schabel 2126m, Schafgrind 2155m; hi Hausstock 3158m ,Ruchi 3007m, K\u00c3\u00a4rpf 2794m, Charrenstock 2422m, Hohberg 2244m, Grat, vo Gross Siwellen 2099m, hi Gandst\u00c3\u00b6ckl 2315m, weiter hi Schijen 2259m, Gumenstock 2256m\"\n                    src=\"http:\/\/www.freimarianne.ch\/wp-content\/gallery\/weissenberge-30-8-2019\/thumbs\/thumbs_IMG_2833-35.jpg\"\n                    width=\"100\"\n                    height=\"75\"\n                    style=\"max-width:100%;\"\n                \/>\n            <\/a>\n        <\/div>\n\t\t\t\t\t\t\t<\/div> \n\t\t\t\n        \n\t\t\t\t<div id=\"ngg-image-25\" class=\"ngg-gallery-thumbnail-box\" >\n\t\t\t\t        <div class=\"ngg-gallery-thumbnail\">\n            <a href=\"http:\/\/www.freimarianne.ch\/wp-content\/gallery\/weissenberge-30-8-2019\/IMG_2849.jpg\"\n               title=\"Marianne vor Gl\u00e4rnischmassiv;  Alpgebiet St\u00e4feli\"\n               data-src=\"http:\/\/www.freimarianne.ch\/wp-content\/gallery\/weissenberge-30-8-2019\/IMG_2849.jpg\"\n               data-thumbnail=\"http:\/\/www.freimarianne.ch\/wp-content\/gallery\/weissenberge-30-8-2019\/thumbs\/thumbs_IMG_2849.jpg\"\n               data-image-id=\"21364\"\n               data-title=\"Marianne vor Gl\u00c3\u00a4rnischmassiv;  Alpgebiet St\u00c3\u00a4feli\"\n               data-description=\"Marianne vor Gl\u00e4rnischmassiv;  Alpgebiet St\u00e4feli\"\n               data-image-slug=\"img_2849-1\"\n               class=\"shutterset_38411\">\n                <img\n                    title=\"Marianne vor Gl\u00c3\u00a4rnischmassiv;  Alpgebiet St\u00c3\u00a4feli\"\n                    alt=\"Marianne vor Gl\u00c3\u00a4rnischmassiv;  Alpgebiet St\u00c3\u00a4feli\"\n                    src=\"http:\/\/www.freimarianne.ch\/wp-content\/gallery\/weissenberge-30-8-2019\/thumbs\/thumbs_IMG_2849.jpg\"\n                    width=\"100\"\n                    height=\"75\"\n                    style=\"max-width:100%;\"\n                \/>\n            <\/a>\n        <\/div>\n\t\t\t\t\t\t\t<\/div> \n\t\t\t\n        \n\t\t\t\t<div id=\"ngg-image-26\" class=\"ngg-gallery-thumbnail-box\" >\n\t\t\t\t        <div class=\"ngg-gallery-thumbnail\">\n            <a href=\"http:\/\/www.freimarianne.ch\/wp-content\/gallery\/weissenberge-30-8-2019\/IMG_2851.jpg\"\n               title=\"Gebiet St\u00e4feli; Sonnenhorn\"\n               data-src=\"http:\/\/www.freimarianne.ch\/wp-content\/gallery\/weissenberge-30-8-2019\/IMG_2851.jpg\"\n               data-thumbnail=\"http:\/\/www.freimarianne.ch\/wp-content\/gallery\/weissenberge-30-8-2019\/thumbs\/thumbs_IMG_2851.jpg\"\n               data-image-id=\"21365\"\n               data-title=\"Gebiet St\u00c3\u00a4feli; Sonnenhorn\"\n               data-description=\"Gebiet St\u00e4feli; Sonnenhorn\"\n               data-image-slug=\"img_2851\"\n               class=\"shutterset_38411\">\n                <img\n                    title=\"Gebiet St\u00c3\u00a4feli; Sonnenhorn\"\n                    alt=\"Gebiet St\u00c3\u00a4feli; Sonnenhorn\"\n                    src=\"http:\/\/www.freimarianne.ch\/wp-content\/gallery\/weissenberge-30-8-2019\/thumbs\/thumbs_IMG_2851.jpg\"\n                    width=\"100\"\n                    height=\"75\"\n                    style=\"max-width:100%;\"\n                \/>\n            <\/a>\n        <\/div>\n\t\t\t\t\t\t\t<\/div> \n\t\t\t\n        \n\t\t\t\t<div id=\"ngg-image-27\" class=\"ngg-gallery-thumbnail-box\" >\n\t\t\t\t        <div class=\"ngg-gallery-thumbnail\">\n            <a href=\"http:\/\/www.freimarianne.ch\/wp-content\/gallery\/weissenberge-30-8-2019\/IMG_2871.jpg\"\n               title=\"K\u00fche auf Vorderegg Oberstaffel 1840M; Foostock 2611m mit Glarner Haupt\u00fcberschiebung, Foost\u00f6ckli 2611m\"\n               data-src=\"http:\/\/www.freimarianne.ch\/wp-content\/gallery\/weissenberge-30-8-2019\/IMG_2871.jpg\"\n               data-thumbnail=\"http:\/\/www.freimarianne.ch\/wp-content\/gallery\/weissenberge-30-8-2019\/thumbs\/thumbs_IMG_2871.jpg\"\n               data-image-id=\"21366\"\n               data-title=\"K\u00c3\u00bche auf Vorderegg Oberstaffel 1840M; Foostock 2611m mit Glarner Haupt\u00c3\u00bcberschiebung, Foost\u00c3\u00b6ckli 2611m\"\n               data-description=\"K\u00fche auf Vorderegg Oberstaffel 1840M; Foostock 2611m mit Glarner Haupt\u00fcberschiebung, Foost\u00f6ckli 2611m\"\n               data-image-slug=\"img_2871-2\"\n               class=\"shutterset_38411\">\n                <img\n                    title=\"K\u00c3\u00bche auf Vorderegg Oberstaffel 1840M; Foostock 2611m mit Glarner Haupt\u00c3\u00bcberschiebung, Foost\u00c3\u00b6ckli 2611m\"\n                    alt=\"K\u00c3\u00bche auf Vorderegg Oberstaffel 1840M; Foostock 2611m mit Glarner Haupt\u00c3\u00bcberschiebung, Foost\u00c3\u00b6ckli 2611m\"\n                    src=\"http:\/\/www.freimarianne.ch\/wp-content\/gallery\/weissenberge-30-8-2019\/thumbs\/thumbs_IMG_2871.jpg\"\n                    width=\"100\"\n                    height=\"75\"\n                    style=\"max-width:100%;\"\n                \/>\n            <\/a>\n        <\/div>\n\t\t\t\t\t\t\t<\/div> \n\t\t\t\n        \n\t\t\t\t<div id=\"ngg-image-28\" class=\"ngg-gallery-thumbnail-box\" >\n\t\t\t\t        <div class=\"ngg-gallery-thumbnail\">\n            <a href=\"http:\/\/www.freimarianne.ch\/wp-content\/gallery\/weissenberge-30-8-2019\/IMG_2877.jpg\"\n               title=\"Blick zur\u00fcck auf Viordereggalp 1838m;Charrenstock 2422m, Hohberg 2244m, Grat, vo Gross Siwellen 2099m, hi Gandst\u00f6ck  2315m\"\n               data-src=\"http:\/\/www.freimarianne.ch\/wp-content\/gallery\/weissenberge-30-8-2019\/IMG_2877.jpg\"\n               data-thumbnail=\"http:\/\/www.freimarianne.ch\/wp-content\/gallery\/weissenberge-30-8-2019\/thumbs\/thumbs_IMG_2877.jpg\"\n               data-image-id=\"21367\"\n               data-title=\"Blick zur\u00c3\u00bcck auf Viordereggalp 1838m;Charrenstock 2422m, Hohberg 2244m, Grat, vo Gross Siwellen 2099m, hi Gandst\u00c3\u00b6ck  2315m\"\n               data-description=\"Blick zur\u00fcck auf Viordereggalp 1838m;Charrenstock 2422m, Hohberg 2244m, Grat, vo Gross Siwellen 2099m, hi Gandst\u00f6ck  2315m\"\n               data-image-slug=\"img_2877-4\"\n               class=\"shutterset_38411\">\n                <img\n                    title=\"Blick zur\u00c3\u00bcck auf Viordereggalp 1838m;Charrenstock 2422m, Hohberg 2244m, Grat, vo Gross Siwellen 2099m, hi Gandst\u00c3\u00b6ck  2315m\"\n                    alt=\"Blick zur\u00c3\u00bcck auf Viordereggalp 1838m;Charrenstock 2422m, Hohberg 2244m, Grat, vo Gross Siwellen 2099m, hi Gandst\u00c3\u00b6ck  2315m\"\n                    src=\"http:\/\/www.freimarianne.ch\/wp-content\/gallery\/weissenberge-30-8-2019\/thumbs\/thumbs_IMG_2877.jpg\"\n                    width=\"100\"\n                    height=\"75\"\n                    style=\"max-width:100%;\"\n                \/>\n            <\/a>\n        <\/div>\n\t\t\t\t\t\t\t<\/div> \n\t\t\t\n        \n\t\t\t\t<div id=\"ngg-image-29\" class=\"ngg-gallery-thumbnail-box\" >\n\t\t\t\t        <div class=\"ngg-gallery-thumbnail\">\n            <a href=\"http:\/\/www.freimarianne.ch\/wp-content\/gallery\/weissenberge-30-8-2019\/IMG_2878.jpg\"\n               title=\"beim Abstieg;  Fulen, Risetenpass, Risetenh\u00f6rner, Schmidst\u00f6cke\"\n               data-src=\"http:\/\/www.freimarianne.ch\/wp-content\/gallery\/weissenberge-30-8-2019\/IMG_2878.jpg\"\n               data-thumbnail=\"http:\/\/www.freimarianne.ch\/wp-content\/gallery\/weissenberge-30-8-2019\/thumbs\/thumbs_IMG_2878.jpg\"\n               data-image-id=\"21368\"\n               data-title=\"beim Abstieg;  Fulen, Risetenpass, Risetenh\u00c3\u00b6rner, Schmidst\u00c3\u00b6cke\"\n               data-description=\"beim Abstieg;  Fulen, Risetenpass, Risetenh\u00f6rner, Schmidst\u00f6cke\"\n               data-image-slug=\"img_2878-7\"\n               class=\"shutterset_38411\">\n                <img\n                    title=\"beim Abstieg;  Fulen, Risetenpass, Risetenh\u00c3\u00b6rner, Schmidst\u00c3\u00b6cke\"\n                    alt=\"beim Abstieg;  Fulen, Risetenpass, Risetenh\u00c3\u00b6rner, Schmidst\u00c3\u00b6cke\"\n                    src=\"http:\/\/www.freimarianne.ch\/wp-content\/gallery\/weissenberge-30-8-2019\/thumbs\/thumbs_IMG_2878.jpg\"\n                    width=\"100\"\n                    height=\"75\"\n                    style=\"max-width:100%;\"\n                \/>\n            <\/a>\n        <\/div>\n\t\t\t\t\t\t\t<\/div> \n\t\t\t\n        \n\t\t\t\t<div id=\"ngg-image-30\" class=\"ngg-gallery-thumbnail-box\" >\n\t\t\t\t        <div class=\"ngg-gallery-thumbnail\">\n            <a href=\"http:\/\/www.freimarianne.ch\/wp-content\/gallery\/weissenberge-30-8-2019\/IMG_2884.jpg\"\n               title=\"Alp,Oberstafel 1766m; Spitzmeileln, Wisgandst\u00f6ckli, Fulen, Risetenpass,\"\n               data-src=\"http:\/\/www.freimarianne.ch\/wp-content\/gallery\/weissenberge-30-8-2019\/IMG_2884.jpg\"\n               data-thumbnail=\"http:\/\/www.freimarianne.ch\/wp-content\/gallery\/weissenberge-30-8-2019\/thumbs\/thumbs_IMG_2884.jpg\"\n               data-image-id=\"21369\"\n               data-title=\"Alp,Oberstafel 1766m; Spitzmeileln, Wisgandst\u00c3\u00b6ckli, Fulen, Risetenpass,\"\n               data-description=\"Alp,Oberstafel 1766m; Spitzmeileln, Wisgandst\u00f6ckli, Fulen, Risetenpass,\"\n               data-image-slug=\"img_2884-5\"\n               class=\"shutterset_38411\">\n                <img\n                    title=\"Alp,Oberstafel 1766m; Spitzmeileln, Wisgandst\u00c3\u00b6ckli, Fulen, Risetenpass,\"\n                    alt=\"Alp,Oberstafel 1766m; Spitzmeileln, Wisgandst\u00c3\u00b6ckli, Fulen, Risetenpass,\"\n                    src=\"http:\/\/www.freimarianne.ch\/wp-content\/gallery\/weissenberge-30-8-2019\/thumbs\/thumbs_IMG_2884.jpg\"\n                    width=\"100\"\n                    height=\"75\"\n                    style=\"max-width:100%;\"\n                \/>\n            <\/a>\n        <\/div>\n\t\t\t\t\t\t\t<\/div> \n\t\t\t\n        \n\t\t\t\t<div id=\"ngg-image-31\" class=\"ngg-gallery-thumbnail-box\" >\n\t\t\t\t        <div class=\"ngg-gallery-thumbnail\">\n            <a href=\"http:\/\/www.freimarianne.ch\/wp-content\/gallery\/weissenberge-30-8-2019\/IMG_2896.jpg\"\n               title=\"Unterstafel 1511m, Wisgandst\u00f6ckli, Fulen, Risetenpass, Risetenh\u00f6rner\"\n               data-src=\"http:\/\/www.freimarianne.ch\/wp-content\/gallery\/weissenberge-30-8-2019\/IMG_2896.jpg\"\n               data-thumbnail=\"http:\/\/www.freimarianne.ch\/wp-content\/gallery\/weissenberge-30-8-2019\/thumbs\/thumbs_IMG_2896.jpg\"\n               data-image-id=\"21370\"\n               data-title=\"Unterstafel 1511m, Wisgandst\u00c3\u00b6ckli, Fulen, Risetenpass, Risetenh\u00c3\u00b6rner\"\n               data-description=\"Unterstafel 1511m, Wisgandst\u00f6ckli, Fulen, Risetenpass, Risetenh\u00f6rner\"\n               data-image-slug=\"img_2896-2\"\n               class=\"shutterset_38411\">\n                <img\n                    title=\"Unterstafel 1511m, Wisgandst\u00c3\u00b6ckli, Fulen, Risetenpass, Risetenh\u00c3\u00b6rner\"\n                    alt=\"Unterstafel 1511m, Wisgandst\u00c3\u00b6ckli, Fulen, Risetenpass, Risetenh\u00c3\u00b6rner\"\n                    src=\"http:\/\/www.freimarianne.ch\/wp-content\/gallery\/weissenberge-30-8-2019\/thumbs\/thumbs_IMG_2896.jpg\"\n                    width=\"100\"\n                    height=\"75\"\n                    style=\"max-width:100%;\"\n                \/>\n            <\/a>\n        <\/div>\n\t\t\t\t\t\t\t<\/div> \n\t\t\t\n        \n\t\t\t\t<div id=\"ngg-image-32\" class=\"ngg-gallery-thumbnail-box\" >\n\t\t\t\t        <div class=\"ngg-gallery-thumbnail\">\n            <a href=\"http:\/\/www.freimarianne.ch\/wp-content\/gallery\/weissenberge-30-8-2019\/IMG_2905.jpg\"\n               title=\"Risetenst\u00f6cke und Schmidst\u00f6cke\"\n               data-src=\"http:\/\/www.freimarianne.ch\/wp-content\/gallery\/weissenberge-30-8-2019\/IMG_2905.jpg\"\n               data-thumbnail=\"http:\/\/www.freimarianne.ch\/wp-content\/gallery\/weissenberge-30-8-2019\/thumbs\/thumbs_IMG_2905.jpg\"\n               data-image-id=\"21371\"\n               data-title=\"Risetenst\u00c3\u00b6cke und Schmidst\u00c3\u00b6cke\"\n               data-description=\"Risetenst\u00f6cke und Schmidst\u00f6cke\"\n               data-image-slug=\"img_2905-1\"\n               class=\"shutterset_38411\">\n                <img\n                    title=\"Risetenst\u00c3\u00b6cke und Schmidst\u00c3\u00b6cke\"\n                    alt=\"Risetenst\u00c3\u00b6cke und Schmidst\u00c3\u00b6cke\"\n                    src=\"http:\/\/www.freimarianne.ch\/wp-content\/gallery\/weissenberge-30-8-2019\/thumbs\/thumbs_IMG_2905.jpg\"\n                    width=\"100\"\n                    height=\"75\"\n                    style=\"max-width:100%;\"\n                \/>\n            <\/a>\n        <\/div>\n\t\t\t\t\t\t\t<\/div> \n\t\t\t\n        \n\t\t\t\t<div id=\"ngg-image-33\" class=\"ngg-gallery-thumbnail-box\" >\n\t\t\t\t        <div class=\"ngg-gallery-thumbnail\">\n            <a href=\"http:\/\/www.freimarianne.ch\/wp-content\/gallery\/weissenberge-30-8-2019\/IMG_2908.jpg\"\n               title=\"Fliegenpilze im Wald\"\n               data-src=\"http:\/\/www.freimarianne.ch\/wp-content\/gallery\/weissenberge-30-8-2019\/IMG_2908.jpg\"\n               data-thumbnail=\"http:\/\/www.freimarianne.ch\/wp-content\/gallery\/weissenberge-30-8-2019\/thumbs\/thumbs_IMG_2908.jpg\"\n               data-image-id=\"21372\"\n               data-title=\"Fliegenpilze im Wald\"\n               data-description=\"Fliegenpilze im Wald\"\n               data-image-slug=\"img_2908-2\"\n               class=\"shutterset_38411\">\n                <img\n                    title=\"Fliegenpilze im Wald\"\n                    alt=\"Fliegenpilze im Wald\"\n                    src=\"http:\/\/www.freimarianne.ch\/wp-content\/gallery\/weissenberge-30-8-2019\/thumbs\/thumbs_IMG_2908.jpg\"\n                    width=\"100\"\n                    height=\"75\"\n                    style=\"max-width:100%;\"\n                \/>\n            <\/a>\n        <\/div>\n\t\t\t\t\t\t\t<\/div> \n\t\t\t\n        \n\t\t\t\t<div id=\"ngg-image-34\" class=\"ngg-gallery-thumbnail-box\" >\n\t\t\t\t        <div class=\"ngg-gallery-thumbnail\">\n            <a href=\"http:\/\/www.freimarianne.ch\/wp-content\/gallery\/weissenberge-30-8-2019\/IMG_2913.jpg\"\n               title=\"Marianne im Krauchbachtal\"\n               data-src=\"http:\/\/www.freimarianne.ch\/wp-content\/gallery\/weissenberge-30-8-2019\/IMG_2913.jpg\"\n               data-thumbnail=\"http:\/\/www.freimarianne.ch\/wp-content\/gallery\/weissenberge-30-8-2019\/thumbs\/thumbs_IMG_2913.jpg\"\n               data-image-id=\"21373\"\n               data-title=\"Marianne im Krauchbachtal\"\n               data-description=\"Marianne im Krauchbachtal\"\n               data-image-slug=\"img_2913-3\"\n               class=\"shutterset_38411\">\n                <img\n                    title=\"Marianne im Krauchbachtal\"\n                    alt=\"Marianne im Krauchbachtal\"\n                    src=\"http:\/\/www.freimarianne.ch\/wp-content\/gallery\/weissenberge-30-8-2019\/thumbs\/thumbs_IMG_2913.jpg\"\n                    width=\"100\"\n                    height=\"75\"\n                    style=\"max-width:100%;\"\n                \/>\n            <\/a>\n        <\/div>\n\t\t\t\t\t\t\t<\/div> \n\t\t\t\n        \n\t\t\t\t<div id=\"ngg-image-35\" class=\"ngg-gallery-thumbnail-box\" >\n\t\t\t\t        <div class=\"ngg-gallery-thumbnail\">\n            <a href=\"http:\/\/www.freimarianne.ch\/wp-content\/gallery\/weissenberge-30-8-2019\/IMG_2917.jpg\"\n               title=\"Pfad im steilen Hang im Krauchbachtal\"\n               data-src=\"http:\/\/www.freimarianne.ch\/wp-content\/gallery\/weissenberge-30-8-2019\/IMG_2917.jpg\"\n               data-thumbnail=\"http:\/\/www.freimarianne.ch\/wp-content\/gallery\/weissenberge-30-8-2019\/thumbs\/thumbs_IMG_2917.jpg\"\n               data-image-id=\"21374\"\n               data-title=\"Pfad im steilen Hang im Krauchbachtal\"\n               data-description=\"Pfad im steilen Hang im Krauchbachtal\"\n               data-image-slug=\"img_2917-1\"\n               class=\"shutterset_38411\">\n                <img\n                    title=\"Pfad im steilen Hang im Krauchbachtal\"\n                    alt=\"Pfad im steilen Hang im Krauchbachtal\"\n                    src=\"http:\/\/www.freimarianne.ch\/wp-content\/gallery\/weissenberge-30-8-2019\/thumbs\/thumbs_IMG_2917.jpg\"\n                    width=\"100\"\n                    height=\"75\"\n                    style=\"max-width:100%;\"\n                \/>\n            <\/a>\n        <\/div>\n\t\t\t\t\t\t\t<\/div> \n\t\t\t\n        \n\t\t\t\t<div id=\"ngg-image-36\" class=\"ngg-gallery-thumbnail-box\" >\n\t\t\t\t        <div class=\"ngg-gallery-thumbnail\">\n            <a href=\"http:\/\/www.freimarianne.ch\/wp-content\/gallery\/weissenberge-30-8-2019\/IMG_2922.jpg\"\n               title=\"Feuerstelle Stigenberg 1360m\"\n               data-src=\"http:\/\/www.freimarianne.ch\/wp-content\/gallery\/weissenberge-30-8-2019\/IMG_2922.jpg\"\n               data-thumbnail=\"http:\/\/www.freimarianne.ch\/wp-content\/gallery\/weissenberge-30-8-2019\/thumbs\/thumbs_IMG_2922.jpg\"\n               data-image-id=\"21375\"\n               data-title=\"Feuerstelle Stigenberg 1360m\"\n               data-description=\"Feuerstelle Stigenberg 1360m\"\n               data-image-slug=\"img_2922-2\"\n               class=\"shutterset_38411\">\n                <img\n                    title=\"Feuerstelle Stigenberg 1360m\"\n                    alt=\"Feuerstelle Stigenberg 1360m\"\n                    src=\"http:\/\/www.freimarianne.ch\/wp-content\/gallery\/weissenberge-30-8-2019\/thumbs\/thumbs_IMG_2922.jpg\"\n                    width=\"100\"\n                    height=\"75\"\n                    style=\"max-width:100%;\"\n                \/>\n            <\/a>\n        <\/div>\n\t\t\t\t\t\t\t<\/div> \n\t\t\t\n        \n\t\t\n\t\t<!-- Pagination -->\n\t<div class='ngg-clear'><\/div>\t<\/div>\n<\/p>\n","protected":false},"excerpt":{"rendered":"<p>Weissenberge &#8211; Engisboden &#8211; Ochsenb\u00fcel &#8211; Fritteren St\u00e4feli &#8211; Vordereggalp &#8211; Hintereggalp &#8211; Unter Stafel &#8211; Bruch &#8211; Stigerberg &#8211; Weissenberge Skihaus Fritteren St\u00e4feli 1777m; Blick zu\u00fcck auf Skihaus St\u00e4feli; R\u00fcchigrat 2557m, Rad 2661m, B\u00e4chistockk 1914m, Gl\u00e4rnisch 2915m, Schwandergrat 2883m, Vrenelisg\u00e4rtli 2904m, Wieder geht es heute in ein mir unbekanntes Gebiet, auf die Weissenberge im [&hellip;]<\/p>\n","protected":false},"author":1,"featured_media":0,"parent":37187,"menu_order":23,"comment_status":"closed","ping_status":"closed","template":"","meta":{"ngg_post_thumbnail":0},"_links":{"self":[{"href":"http:\/\/www.freimarianne.ch\/index.php?rest_route=\/wp\/v2\/pages\/38087"}],"collection":[{"href":"http:\/\/www.freimarianne.ch\/index.php?rest_route=\/wp\/v2\/pages"}],"about":[{"href":"http:\/\/www.freimarianne.ch\/index.php?rest_route=\/wp\/v2\/types\/page"}],"author":[{"embeddable":true,"href":"http:\/\/www.freimarianne.ch\/index.php?rest_route=\/wp\/v2\/users\/1"}],"replies":[{"embeddable":true,"href":"http:\/\/www.freimarianne.ch\/index.php?rest_route=%2Fwp%2Fv2%2Fcomments&post=38087"}],"version-history":[{"count":7,"href":"http:\/\/www.freimarianne.ch\/index.php?rest_route=\/wp\/v2\/pages\/38087\/revisions"}],"predecessor-version":[{"id":39107,"href":"http:\/\/www.freimarianne.ch\/index.php?rest_route=\/wp\/v2\/pages\/38087\/revisions\/39107"}],"up":[{"embeddable":true,"href":"http:\/\/www.freimarianne.ch\/index.php?rest_route=\/wp\/v2\/pages\/37187"}],"wp:attachment":[{"href":"http:\/\/www.freimarianne.ch\/index.php?rest_route=%2Fwp%2Fv2%2Fmedia&parent=38087"}],"curies":[{"name":"wp","href":"https:\/\/api.w.org\/{rel}","templated":true}]}}