{"id":40500,"date":"2020-05-30T10:53:27","date_gmt":"2020-05-30T09:53:27","guid":{"rendered":"http:\/\/www.freimarianne.ch\/?page_id=40500"},"modified":"2022-01-04T11:12:57","modified_gmt":"2022-01-04T10:12:57","slug":"staldenried-riedji-niederhausern-25-7-2020","status":"publish","type":"page","link":"http:\/\/www.freimarianne.ch\/?page_id=40500","title":{"rendered":"Staldenried &#8211; Riedji &#8211; Niederh\u00e4usern  25.7.2020"},"content":{"rendered":"<p><img loading=\"lazy\" class=\"size-full wp-image-40498\" src=\"http:\/\/www.freimarianne.ch\/wp-content\/uploads\/2020\/05\/IMG_6157_staldenried500.jpeg\" alt=\"\" width=\"500\" height=\"334\" srcset=\"http:\/\/www.freimarianne.ch\/wp-content\/uploads\/2020\/05\/IMG_6157_staldenried500.jpeg 500w, http:\/\/www.freimarianne.ch\/wp-content\/uploads\/2020\/05\/IMG_6157_staldenried500-300x200.jpeg 300w, http:\/\/www.freimarianne.ch\/wp-content\/uploads\/2020\/05\/IMG_6157_staldenried500-449x300.jpeg 449w\" sizes=\"(max-width: 500px) 100vw, 500px\" \/><\/p>\n<p>Blick zur\u00fcck auf Riedji 1552m<\/p>\n<p><strong>Route: Staldenried Zur Tanne, Wanderweg im Wald Richtung Visperterminen &#8211; Riedji &#8211; Niederh\u00e4usern<\/strong><\/p>\n<p>Nochmals steht das Wallis auf meinem Programm ! Ich fahre nach Stalden Saas. Zum ersten Mal benutze ichd ie f\u00fcr mich neue Seilbahn auf Staldenried ( ich bin die einzige Person ). Die Endstation Zur Tanne ist gerade richtig f\u00fcr den Einstieg in meine Wanderung. Auf einem schmalen Pfad geht es durch den Bergwald. Ich komme zu einer Abzweigung, die hinauf nach Riedji f\u00fchrt . Der Weg ist steil und ich bin froh, als ich zum Wasserschloss komme. Von dort dauert es noch eine Weile, bis ich oben auf dem Maiens\u00e4ss Riedlji ankomme. Der kleine sch\u00f6ne Weiler liegt auf einer Terrasse inmitten von Wiesen. Auf einer Bank bei der Kapelle halte ich meine Mittagspause. Mir gegen\u00fcber weiden Ehringer K\u00fche. Mein Weg f\u00fchrt mich dann wieder hinunter, wobei ich nahe beim Wasserschloiss vorbeikomme. Dann erfolgt ein langer Abstieg im steilen Bergwald, wobei ich in zwei Tobel hineingehen muss. Bei der ersten Br\u00fccke sehe ich hinauf wie ein Wasserfall von weit oben hinunterst\u00fcrzt. Bei der zweiten Br\u00fccke \u00fcberquere ich den Breitenbach. Dieses Tobel ist f\u00fchrt an Felsw\u00e4nden vorbei.Der Aufstieg ist landschaftlich sehr sch\u00f6n und man geht auf einem richtigen Bergweg. Der Weg f\u00fchrt oberhalb Chastelegga zum Chrachilbodo. Nun \u00e4ndert sich die Landschaft und ich bewege mich in den Wiesen unterhalb dem Dorf Visperterminen.<br>Bei Niederh\u00e4usern habe ich mein Tagesziel erreicht. Um 14.30h nehme ich den Bus nach Visp.<br>Dies war eine ganz interessante Wanderung, die ich nach der Karte geplant hatte. Die Panoramen der Balfrin Gruppe und der Bietschhorn Gruppe waren auch interessant.<\/p>\n<p>Laut Schweizmobil:<br>Distanz: 8.10km; Aufstieg: 604m; Abstieg: 598m; Wanderzeit: 3 h 15 min<\/p>\n<p><a href=\"https:\/\/map.schweizmobil.ch\/?lang=de&amp;photos=yes&amp;logo=yes&amp;season=summer&amp;resolution=6.21&amp;E=2634903&amp;N=1121527&amp;bgLayer=pk&amp;layers=Wanderland%2CStation&amp;trackId=6940077\">Karte Schweizmobil:<\/a><\/p>\n<p>&nbsp;<\/p>\n<p>&nbsp;<\/p>\n\n\n<!-- index.php -->\n<div\n\tclass=\"ngg-galleryoverview ngg-ajax-pagination-none\"\n\tid=\"ngg-gallery-d9a9f31034d4af3ba8b243c2b35b3096-1\">\n\n    \t<div class=\"slideshowlink\">\n        <a href='http:\/\/www.freimarianne.ch\/index.php\/nggallery\/slideshow?page_id=40500'>[Show as slideshow]<\/a>\n\t\t\n\t<\/div>\n\t\t\t<!-- Thumbnails -->\n\t\t\t\t<div id=\"ngg-image-0\" class=\"ngg-gallery-thumbnail-box\" >\n\t\t\t\t        <div class=\"ngg-gallery-thumbnail\">\n            <a href=\"http:\/\/www.freimarianne.ch\/wp-content\/gallery\/staldenried-25-5-2020\/IMG_6101.jpeg\"\n               title=\"Sicht von der Gondel auf die Kirche von Staldenried; vom Bietschhortn bis G\u00e4rsthorn\"\n               data-src=\"http:\/\/www.freimarianne.ch\/wp-content\/gallery\/staldenried-25-5-2020\/IMG_6101.jpeg\"\n               data-thumbnail=\"http:\/\/www.freimarianne.ch\/wp-content\/gallery\/staldenried-25-5-2020\/thumbs\/thumbs_IMG_6101.jpeg\"\n               data-image-id=\"22144\"\n               data-title=\"IMG_6101\"\n               data-description=\"Sicht von der Gondel auf die Kirche von Staldenried; vom Bietschhortn bis G\u00e4rsthorn\"\n               data-image-slug=\"img_6101-2\"\n               class=\"shutterset_d9a9f31034d4af3ba8b243c2b35b3096\">\n                <img\n                    title=\"IMG_6101\"\n                    alt=\"IMG_6101\"\n                    src=\"http:\/\/www.freimarianne.ch\/wp-content\/gallery\/staldenried-25-5-2020\/cache\/IMG_6101.jpeg-nggid0522144-ngg0dyn-100x75x100-00f0w010c010r110f110r010t010.jpeg\"\n                    width=\"100\"\n                    height=\"70\"\n                    style=\"max-width:100%;\"\n                \/>\n            <\/a>\n        <\/div>\n\t\t\t\t\t\t\t<\/div> \n\t\t\t\n                            \n\t\t\t\t<div id=\"ngg-image-1\" class=\"ngg-gallery-thumbnail-box\" >\n\t\t\t\t        <div class=\"ngg-gallery-thumbnail\">\n            <a href=\"http:\/\/www.freimarianne.ch\/wp-content\/gallery\/staldenried-25-5-2020\/IMG_6112.jpeg\"\n               title=\"Blick zur\u00fcck auf Staldenried und die Balfringruppe\"\n               data-src=\"http:\/\/www.freimarianne.ch\/wp-content\/gallery\/staldenried-25-5-2020\/IMG_6112.jpeg\"\n               data-thumbnail=\"http:\/\/www.freimarianne.ch\/wp-content\/gallery\/staldenried-25-5-2020\/thumbs\/thumbs_IMG_6112.jpeg\"\n               data-image-id=\"22145\"\n               data-title=\"IMG_6112\"\n               data-description=\"Blick zur\u00fcck auf Staldenried und die Balfringruppe\"\n               data-image-slug=\"img_6112-1\"\n               class=\"shutterset_d9a9f31034d4af3ba8b243c2b35b3096\">\n                <img\n                    title=\"IMG_6112\"\n                    alt=\"IMG_6112\"\n                    src=\"http:\/\/www.freimarianne.ch\/wp-content\/gallery\/staldenried-25-5-2020\/cache\/IMG_6112.jpeg-nggid0522145-ngg0dyn-100x75x100-00f0w010c010r110f110r010t010.jpeg\"\n                    width=\"100\"\n                    height=\"67\"\n                    style=\"max-width:100%;\"\n                \/>\n            <\/a>\n        <\/div>\n\t\t\t\t\t\t\t<\/div> \n\t\t\t\n                            \n\t\t\t\t<div id=\"ngg-image-2\" class=\"ngg-gallery-thumbnail-box\" >\n\t\t\t\t        <div class=\"ngg-gallery-thumbnail\">\n            <a href=\"http:\/\/www.freimarianne.ch\/wp-content\/gallery\/staldenried-25-5-2020\/IMG_6120.jpeg\"\n               title=\"Walliser Ziegen\"\n               data-src=\"http:\/\/www.freimarianne.ch\/wp-content\/gallery\/staldenried-25-5-2020\/IMG_6120.jpeg\"\n               data-thumbnail=\"http:\/\/www.freimarianne.ch\/wp-content\/gallery\/staldenried-25-5-2020\/thumbs\/thumbs_IMG_6120.jpeg\"\n               data-image-id=\"22146\"\n               data-title=\"IMG_6120\"\n               data-description=\"Walliser Ziegen\"\n               data-image-slug=\"img_6120-2\"\n               class=\"shutterset_d9a9f31034d4af3ba8b243c2b35b3096\">\n                <img\n                    title=\"IMG_6120\"\n                    alt=\"IMG_6120\"\n                    src=\"http:\/\/www.freimarianne.ch\/wp-content\/gallery\/staldenried-25-5-2020\/cache\/IMG_6120.jpeg-nggid0522146-ngg0dyn-100x75x100-00f0w010c010r110f110r010t010.jpeg\"\n                    width=\"75\"\n                    height=\"75\"\n                    style=\"max-width:100%;\"\n                \/>\n            <\/a>\n        <\/div>\n\t\t\t\t\t\t\t<\/div> \n\t\t\t\n                            \n\t\t\t\t<div id=\"ngg-image-3\" class=\"ngg-gallery-thumbnail-box\" >\n\t\t\t\t        <div class=\"ngg-gallery-thumbnail\">\n            <a href=\"http:\/\/www.freimarianne.ch\/wp-content\/gallery\/staldenried-25-5-2020\/IMG_6121.jpeg\"\n               title=\"Walliser Ziegen; von Weisshorn bis Steitalhorn\"\n               data-src=\"http:\/\/www.freimarianne.ch\/wp-content\/gallery\/staldenried-25-5-2020\/IMG_6121.jpeg\"\n               data-thumbnail=\"http:\/\/www.freimarianne.ch\/wp-content\/gallery\/staldenried-25-5-2020\/thumbs\/thumbs_IMG_6121.jpeg\"\n               data-image-id=\"22147\"\n               data-title=\"IMG_6121\"\n               data-description=\"Walliser Ziegen; von Weisshorn bis Steitalhorn\"\n               data-image-slug=\"img_6121-1\"\n               class=\"shutterset_d9a9f31034d4af3ba8b243c2b35b3096\">\n                <img\n                    title=\"IMG_6121\"\n                    alt=\"IMG_6121\"\n                    src=\"http:\/\/www.freimarianne.ch\/wp-content\/gallery\/staldenried-25-5-2020\/cache\/IMG_6121.jpeg-nggid0522147-ngg0dyn-100x75x100-00f0w010c010r110f110r010t010.jpeg\"\n                    width=\"50\"\n                    height=\"75\"\n                    style=\"max-width:100%;\"\n                \/>\n            <\/a>\n        <\/div>\n\t\t\t\t\t\t\t<\/div> \n\t\t\t\n                                    <br style=\"clear: both\" \/>\n                    \n\t\t\t\t<div id=\"ngg-image-4\" class=\"ngg-gallery-thumbnail-box\" >\n\t\t\t\t        <div class=\"ngg-gallery-thumbnail\">\n            <a href=\"http:\/\/www.freimarianne.ch\/wp-content\/gallery\/staldenried-25-5-2020\/IMG_6124.jpeg\"\n               title=\"Weisshorn 4506m, Brunegghorn 3833m, Bishorn 4153m, hi Sch\u00f6llihorn 3500m, Sch\u00f6lligletscher,  Inners- Barrhorn 3583m, \u00dcssers- Barrhorn 3610m, Inners  Stellihorn 3409m, \u00c4ussers Stellihorn 3405m, P. 3248m,  Wasuhorn 3334m, Festihorn 3092m, Sparruhorn 2988m,  Rothorn 3278m, Horn 2892m, Steitalhorn 2098m\"\n               data-src=\"http:\/\/www.freimarianne.ch\/wp-content\/gallery\/staldenried-25-5-2020\/IMG_6124.jpeg\"\n               data-thumbnail=\"http:\/\/www.freimarianne.ch\/wp-content\/gallery\/staldenried-25-5-2020\/thumbs\/thumbs_IMG_6124.jpeg\"\n               data-image-id=\"22148\"\n               data-title=\"IMG_6124\"\n               data-description=\"Weisshorn 4506m, Brunegghorn 3833m, Bishorn 4153m, hi Sch\u00f6llihorn 3500m, Sch\u00f6lligletscher,  Inners- Barrhorn 3583m, \u00dcssers- Barrhorn 3610m, Inners  Stellihorn 3409m, \u00c4ussers Stellihorn 3405m, P. 3248m,  Wasuhorn 3334m, Festihorn 3092m, Sparruhorn 2988m,  Rothorn 3278m, Horn 2892m, Steitalhorn 2098m\"\n               data-image-slug=\"img_6124-1\"\n               class=\"shutterset_d9a9f31034d4af3ba8b243c2b35b3096\">\n                <img\n                    title=\"IMG_6124\"\n                    alt=\"IMG_6124\"\n                    src=\"http:\/\/www.freimarianne.ch\/wp-content\/gallery\/staldenried-25-5-2020\/cache\/IMG_6124.jpeg-nggid0522148-ngg0dyn-100x75x100-00f0w010c010r110f110r010t010.jpeg\"\n                    width=\"100\"\n                    height=\"67\"\n                    style=\"max-width:100%;\"\n                \/>\n            <\/a>\n        <\/div>\n\t\t\t\t\t\t\t<\/div> \n\t\t\t\n                            \n\t\t\t\t<div id=\"ngg-image-5\" class=\"ngg-gallery-thumbnail-box\" >\n\t\t\t\t        <div class=\"ngg-gallery-thumbnail\">\n            <a href=\"http:\/\/www.freimarianne.ch\/wp-content\/gallery\/staldenried-25-5-2020\/IMG_6132.jpeg\"\n               title=\"Riedji 1552m\"\n               data-src=\"http:\/\/www.freimarianne.ch\/wp-content\/gallery\/staldenried-25-5-2020\/IMG_6132.jpeg\"\n               data-thumbnail=\"http:\/\/www.freimarianne.ch\/wp-content\/gallery\/staldenried-25-5-2020\/thumbs\/thumbs_IMG_6132.jpeg\"\n               data-image-id=\"22149\"\n               data-title=\"IMG_6132\"\n               data-description=\"Riedji 1552m\"\n               data-image-slug=\"img_6132-1\"\n               class=\"shutterset_d9a9f31034d4af3ba8b243c2b35b3096\">\n                <img\n                    title=\"IMG_6132\"\n                    alt=\"IMG_6132\"\n                    src=\"http:\/\/www.freimarianne.ch\/wp-content\/gallery\/staldenried-25-5-2020\/cache\/IMG_6132.jpeg-nggid0522149-ngg0dyn-100x75x100-00f0w010c010r110f110r010t010.jpeg\"\n                    width=\"100\"\n                    height=\"44\"\n                    style=\"max-width:100%;\"\n                \/>\n            <\/a>\n        <\/div>\n\t\t\t\t\t\t\t<\/div> \n\t\t\t\n                            \n\t\t\t\t<div id=\"ngg-image-6\" class=\"ngg-gallery-thumbnail-box\" >\n\t\t\t\t        <div class=\"ngg-gallery-thumbnail\">\n            <a href=\"http:\/\/www.freimarianne.ch\/wp-content\/gallery\/staldenried-25-5-2020\/IMG_6135.jpeg\"\n               title=\"Riedji 1552m\"\n               data-src=\"http:\/\/www.freimarianne.ch\/wp-content\/gallery\/staldenried-25-5-2020\/IMG_6135.jpeg\"\n               data-thumbnail=\"http:\/\/www.freimarianne.ch\/wp-content\/gallery\/staldenried-25-5-2020\/thumbs\/thumbs_IMG_6135.jpeg\"\n               data-image-id=\"22150\"\n               data-title=\"IMG_6135\"\n               data-description=\"Riedji 1552m\"\n               data-image-slug=\"img_6135-1\"\n               class=\"shutterset_d9a9f31034d4af3ba8b243c2b35b3096\">\n                <img\n                    title=\"IMG_6135\"\n                    alt=\"IMG_6135\"\n                    src=\"http:\/\/www.freimarianne.ch\/wp-content\/gallery\/staldenried-25-5-2020\/cache\/IMG_6135.jpeg-nggid0522150-ngg0dyn-100x75x100-00f0w010c010r110f110r010t010.jpeg\"\n                    width=\"100\"\n                    height=\"70\"\n                    style=\"max-width:100%;\"\n                \/>\n            <\/a>\n        <\/div>\n\t\t\t\t\t\t\t<\/div> \n\t\t\t\n                            \n\t\t\t\t<div id=\"ngg-image-7\" class=\"ngg-gallery-thumbnail-box\" >\n\t\t\t\t        <div class=\"ngg-gallery-thumbnail\">\n            <a href=\"http:\/\/www.freimarianne.ch\/wp-content\/gallery\/staldenried-25-5-2020\/IMG_6136.jpeg\"\n               title=\"Riedji 1552m\"\n               data-src=\"http:\/\/www.freimarianne.ch\/wp-content\/gallery\/staldenried-25-5-2020\/IMG_6136.jpeg\"\n               data-thumbnail=\"http:\/\/www.freimarianne.ch\/wp-content\/gallery\/staldenried-25-5-2020\/thumbs\/thumbs_IMG_6136.jpeg\"\n               data-image-id=\"22151\"\n               data-title=\"IMG_6136\"\n               data-description=\"Riedji 1552m\"\n               data-image-slug=\"img_6136\"\n               class=\"shutterset_d9a9f31034d4af3ba8b243c2b35b3096\">\n                <img\n                    title=\"IMG_6136\"\n                    alt=\"IMG_6136\"\n                    src=\"http:\/\/www.freimarianne.ch\/wp-content\/gallery\/staldenried-25-5-2020\/cache\/IMG_6136.jpeg-nggid0522151-ngg0dyn-100x75x100-00f0w010c010r110f110r010t010.jpeg\"\n                    width=\"100\"\n                    height=\"67\"\n                    style=\"max-width:100%;\"\n                \/>\n            <\/a>\n        <\/div>\n\t\t\t\t\t\t\t<\/div> \n\t\t\t\n                                    <br style=\"clear: both\" \/>\n                    \n\t\t\t\t<div id=\"ngg-image-8\" class=\"ngg-gallery-thumbnail-box\" >\n\t\t\t\t        <div class=\"ngg-gallery-thumbnail\">\n            <a href=\"http:\/\/www.freimarianne.ch\/wp-content\/gallery\/staldenried-25-5-2020\/IMG_6142.jpeg\"\n               title=\"bei Riedji 1552m; Weide mit Aussicht\"\n               data-src=\"http:\/\/www.freimarianne.ch\/wp-content\/gallery\/staldenried-25-5-2020\/IMG_6142.jpeg\"\n               data-thumbnail=\"http:\/\/www.freimarianne.ch\/wp-content\/gallery\/staldenried-25-5-2020\/thumbs\/thumbs_IMG_6142.jpeg\"\n               data-image-id=\"22152\"\n               data-title=\"IMG_6142\"\n               data-description=\"bei Riedji 1552m; Weide mit Aussicht\"\n               data-image-slug=\"img_6142\"\n               class=\"shutterset_d9a9f31034d4af3ba8b243c2b35b3096\">\n                <img\n                    title=\"IMG_6142\"\n                    alt=\"IMG_6142\"\n                    src=\"http:\/\/www.freimarianne.ch\/wp-content\/gallery\/staldenried-25-5-2020\/cache\/IMG_6142.jpeg-nggid0522152-ngg0dyn-100x75x100-00f0w010c010r110f110r010t010.jpeg\"\n                    width=\"100\"\n                    height=\"70\"\n                    style=\"max-width:100%;\"\n                \/>\n            <\/a>\n        <\/div>\n\t\t\t\t\t\t\t<\/div> \n\t\t\t\n                            \n\t\t\t\t<div id=\"ngg-image-9\" class=\"ngg-gallery-thumbnail-box\" >\n\t\t\t\t        <div class=\"ngg-gallery-thumbnail\">\n            <a href=\"http:\/\/www.freimarianne.ch\/wp-content\/gallery\/staldenried-25-5-2020\/IMG_6146.jpeg\"\n               title=\"Marianne  auf Riedji 1552m\"\n               data-src=\"http:\/\/www.freimarianne.ch\/wp-content\/gallery\/staldenried-25-5-2020\/IMG_6146.jpeg\"\n               data-thumbnail=\"http:\/\/www.freimarianne.ch\/wp-content\/gallery\/staldenried-25-5-2020\/thumbs\/thumbs_IMG_6146.jpeg\"\n               data-image-id=\"22153\"\n               data-title=\"IMG_6146\"\n               data-description=\"Marianne  auf Riedji 1552m\"\n               data-image-slug=\"img_6146-1\"\n               class=\"shutterset_d9a9f31034d4af3ba8b243c2b35b3096\">\n                <img\n                    title=\"IMG_6146\"\n                    alt=\"IMG_6146\"\n                    src=\"http:\/\/www.freimarianne.ch\/wp-content\/gallery\/staldenried-25-5-2020\/cache\/IMG_6146.jpeg-nggid0522153-ngg0dyn-100x75x100-00f0w010c010r110f110r010t010.jpeg\"\n                    width=\"100\"\n                    height=\"72\"\n                    style=\"max-width:100%;\"\n                \/>\n            <\/a>\n        <\/div>\n\t\t\t\t\t\t\t<\/div> \n\t\t\t\n                            \n\t\t\t\t<div id=\"ngg-image-10\" class=\"ngg-gallery-thumbnail-box\" >\n\t\t\t\t        <div class=\"ngg-gallery-thumbnail\">\n            <a href=\"http:\/\/www.freimarianne.ch\/wp-content\/gallery\/staldenried-25-5-2020\/IMG_6149.jpeg\"\n               title=\"Riedji 1552m\"\n               data-src=\"http:\/\/www.freimarianne.ch\/wp-content\/gallery\/staldenried-25-5-2020\/IMG_6149.jpeg\"\n               data-thumbnail=\"http:\/\/www.freimarianne.ch\/wp-content\/gallery\/staldenried-25-5-2020\/thumbs\/thumbs_IMG_6149.jpeg\"\n               data-image-id=\"22154\"\n               data-title=\"IMG_6149\"\n               data-description=\"Riedji 1552m\"\n               data-image-slug=\"img_6149-1\"\n               class=\"shutterset_d9a9f31034d4af3ba8b243c2b35b3096\">\n                <img\n                    title=\"IMG_6149\"\n                    alt=\"IMG_6149\"\n                    src=\"http:\/\/www.freimarianne.ch\/wp-content\/gallery\/staldenried-25-5-2020\/cache\/IMG_6149.jpeg-nggid0522154-ngg0dyn-100x75x100-00f0w010c010r110f110r010t010.jpeg\"\n                    width=\"98\"\n                    height=\"75\"\n                    style=\"max-width:100%;\"\n                \/>\n            <\/a>\n        <\/div>\n\t\t\t\t\t\t\t<\/div> \n\t\t\t\n                            \n\t\t\t\t<div id=\"ngg-image-11\" class=\"ngg-gallery-thumbnail-box\" >\n\t\t\t\t        <div class=\"ngg-gallery-thumbnail\">\n            <a href=\"http:\/\/www.freimarianne.ch\/wp-content\/gallery\/staldenried-25-5-2020\/IMG_6154.jpeg\"\n               title=\"Blick zur\u00fcck auf bei  Riedji 1552m\"\n               data-src=\"http:\/\/www.freimarianne.ch\/wp-content\/gallery\/staldenried-25-5-2020\/IMG_6154.jpeg\"\n               data-thumbnail=\"http:\/\/www.freimarianne.ch\/wp-content\/gallery\/staldenried-25-5-2020\/thumbs\/thumbs_IMG_6154.jpeg\"\n               data-image-id=\"22155\"\n               data-title=\"IMG_6154\"\n               data-description=\"Blick zur\u00fcck auf bei  Riedji 1552m\"\n               data-image-slug=\"img_6154\"\n               class=\"shutterset_d9a9f31034d4af3ba8b243c2b35b3096\">\n                <img\n                    title=\"IMG_6154\"\n                    alt=\"IMG_6154\"\n                    src=\"http:\/\/www.freimarianne.ch\/wp-content\/gallery\/staldenried-25-5-2020\/cache\/IMG_6154.jpeg-nggid0522155-ngg0dyn-100x75x100-00f0w010c010r110f110r010t010.jpeg\"\n                    width=\"100\"\n                    height=\"67\"\n                    style=\"max-width:100%;\"\n                \/>\n            <\/a>\n        <\/div>\n\t\t\t\t\t\t\t<\/div> \n\t\t\t\n                                    <br style=\"clear: both\" \/>\n                    \n\t\t\t\t<div id=\"ngg-image-12\" class=\"ngg-gallery-thumbnail-box\" >\n\t\t\t\t        <div class=\"ngg-gallery-thumbnail\">\n            <a href=\"http:\/\/www.freimarianne.ch\/wp-content\/gallery\/staldenried-25-5-2020\/IMG_6160.jpeg\"\n               title=\"Marianne vor Weisshorn 4505m\"\n               data-src=\"http:\/\/www.freimarianne.ch\/wp-content\/gallery\/staldenried-25-5-2020\/IMG_6160.jpeg\"\n               data-thumbnail=\"http:\/\/www.freimarianne.ch\/wp-content\/gallery\/staldenried-25-5-2020\/thumbs\/thumbs_IMG_6160.jpeg\"\n               data-image-id=\"22156\"\n               data-title=\"IMG_6160\"\n               data-description=\"Marianne vor Weisshorn 4505m\"\n               data-image-slug=\"img_6160-1\"\n               class=\"shutterset_d9a9f31034d4af3ba8b243c2b35b3096\">\n                <img\n                    title=\"IMG_6160\"\n                    alt=\"IMG_6160\"\n                    src=\"http:\/\/www.freimarianne.ch\/wp-content\/gallery\/staldenried-25-5-2020\/cache\/IMG_6160.jpeg-nggid0522156-ngg0dyn-100x75x100-00f0w010c010r110f110r010t010.jpeg\"\n                    width=\"100\"\n                    height=\"72\"\n                    style=\"max-width:100%;\"\n                \/>\n            <\/a>\n        <\/div>\n\t\t\t\t\t\t\t<\/div> \n\t\t\t\n                            \n\t\t\t\t<div id=\"ngg-image-13\" class=\"ngg-gallery-thumbnail-box\" >\n\t\t\t\t        <div class=\"ngg-gallery-thumbnail\">\n            <a href=\"http:\/\/www.freimarianne.ch\/wp-content\/gallery\/staldenried-25-5-2020\/IMG_6170.jpeg\"\n               title=\"lange Wanderung im Bergwald\"\n               data-src=\"http:\/\/www.freimarianne.ch\/wp-content\/gallery\/staldenried-25-5-2020\/IMG_6170.jpeg\"\n               data-thumbnail=\"http:\/\/www.freimarianne.ch\/wp-content\/gallery\/staldenried-25-5-2020\/thumbs\/thumbs_IMG_6170.jpeg\"\n               data-image-id=\"22157\"\n               data-title=\"IMG_6170\"\n               data-description=\"lange Wanderung im Bergwald\"\n               data-image-slug=\"img_6170-2\"\n               class=\"shutterset_d9a9f31034d4af3ba8b243c2b35b3096\">\n                <img\n                    title=\"IMG_6170\"\n                    alt=\"IMG_6170\"\n                    src=\"http:\/\/www.freimarianne.ch\/wp-content\/gallery\/staldenried-25-5-2020\/cache\/IMG_6170.jpeg-nggid0522157-ngg0dyn-100x75x100-00f0w010c010r110f110r010t010.jpeg\"\n                    width=\"100\"\n                    height=\"67\"\n                    style=\"max-width:100%;\"\n                \/>\n            <\/a>\n        <\/div>\n\t\t\t\t\t\t\t<\/div> \n\t\t\t\n                            \n\t\t\t\t<div id=\"ngg-image-14\" class=\"ngg-gallery-thumbnail-box\" >\n\t\t\t\t        <div class=\"ngg-gallery-thumbnail\">\n            <a href=\"http:\/\/www.freimarianne.ch\/wp-content\/gallery\/staldenried-25-5-2020\/IMG_6173.jpeg\"\n               title=\"bei der ersten Br\u00fccke\"\n               data-src=\"http:\/\/www.freimarianne.ch\/wp-content\/gallery\/staldenried-25-5-2020\/IMG_6173.jpeg\"\n               data-thumbnail=\"http:\/\/www.freimarianne.ch\/wp-content\/gallery\/staldenried-25-5-2020\/thumbs\/thumbs_IMG_6173.jpeg\"\n               data-image-id=\"22158\"\n               data-title=\"IMG_6173\"\n               data-description=\"bei der ersten Br\u00fccke\"\n               data-image-slug=\"img_6173-4\"\n               class=\"shutterset_d9a9f31034d4af3ba8b243c2b35b3096\">\n                <img\n                    title=\"IMG_6173\"\n                    alt=\"IMG_6173\"\n                    src=\"http:\/\/www.freimarianne.ch\/wp-content\/gallery\/staldenried-25-5-2020\/cache\/IMG_6173.jpeg-nggid0522158-ngg0dyn-100x75x100-00f0w010c010r110f110r010t010.jpeg\"\n                    width=\"100\"\n                    height=\"67\"\n                    style=\"max-width:100%;\"\n                \/>\n            <\/a>\n        <\/div>\n\t\t\t\t\t\t\t<\/div> \n\t\t\t\n                            \n\t\t\n\t\t<!-- Pagination -->\n\t<div class='ngg-clear'><\/div>\t<\/div>\n\n\n\n\n<!-- index.php -->\n<div\n\tclass=\"ngg-galleryoverview ngg-ajax-pagination-none\"\n\tid=\"ngg-gallery-b90ef427a54158e040f5a963095a9fb5-1\">\n\n    \t<div class=\"slideshowlink\">\n        <a href='http:\/\/www.freimarianne.ch\/index.php\/nggallery\/slideshow?page_id=40500'>[Show as slideshow]<\/a>\n\t\t\n\t<\/div>\n\t\t\t<!-- Thumbnails -->\n\t\t\t\t<div id=\"ngg-image-0\" class=\"ngg-gallery-thumbnail-box\" >\n\t\t\t\t        <div class=\"ngg-gallery-thumbnail\">\n            <a href=\"http:\/\/www.freimarianne.ch\/wp-content\/gallery\/staldenried-peakf-25-5-2020\/IMG_1214.jpeg\"\n               title=\"Brand Knabenkraut, Orchis ustulata, Orchidaceae\"\n               data-src=\"http:\/\/www.freimarianne.ch\/wp-content\/gallery\/staldenried-peakf-25-5-2020\/IMG_1214.jpeg\"\n               data-thumbnail=\"http:\/\/www.freimarianne.ch\/wp-content\/gallery\/staldenried-peakf-25-5-2020\/thumbs\/thumbs_IMG_1214.jpeg\"\n               data-image-id=\"22159\"\n               data-title=\"IMG_1214\"\n               data-description=\"Brand Knabenkraut, Orchis ustulata, Orchidaceae\"\n               data-image-slug=\"img_1214-2\"\n               class=\"shutterset_b90ef427a54158e040f5a963095a9fb5\">\n                <img\n                    title=\"IMG_1214\"\n                    alt=\"IMG_1214\"\n                    src=\"http:\/\/www.freimarianne.ch\/wp-content\/gallery\/staldenried-peakf-25-5-2020\/cache\/IMG_1214.jpeg-nggid0522159-ngg0dyn-100x75x100-00f0w010c010r110f110r010t010.jpeg\"\n                    width=\"56\"\n                    height=\"75\"\n                    style=\"max-width:100%;\"\n                \/>\n            <\/a>\n        <\/div>\n\t\t\t\t\t\t\t<\/div> \n\t\t\t\n                            \n\t\t\t\t<div id=\"ngg-image-1\" class=\"ngg-gallery-thumbnail-box\" >\n\t\t\t\t        <div class=\"ngg-gallery-thumbnail\">\n            <a href=\"http:\/\/www.freimarianne.ch\/wp-content\/gallery\/staldenried-peakf-25-5-2020\/IMG_1218.jpeg\"\n               title=\"Riedji 1552m; Ehringer K\u00fche vor Bietschhorn\"\n               data-src=\"http:\/\/www.freimarianne.ch\/wp-content\/gallery\/staldenried-peakf-25-5-2020\/IMG_1218.jpeg\"\n               data-thumbnail=\"http:\/\/www.freimarianne.ch\/wp-content\/gallery\/staldenried-peakf-25-5-2020\/thumbs\/thumbs_IMG_1218.jpeg\"\n               data-image-id=\"22160\"\n               data-title=\"IMG_1218\"\n               data-description=\"Riedji 1552m; Ehringer K\u00fche vor Bietschhorn\"\n               data-image-slug=\"img_1218-4\"\n               class=\"shutterset_b90ef427a54158e040f5a963095a9fb5\">\n                <img\n                    title=\"IMG_1218\"\n                    alt=\"IMG_1218\"\n                    src=\"http:\/\/www.freimarianne.ch\/wp-content\/gallery\/staldenried-peakf-25-5-2020\/cache\/IMG_1218.jpeg-nggid0522160-ngg0dyn-100x75x100-00f0w010c010r110f110r010t010.jpeg\"\n                    width=\"97\"\n                    height=\"75\"\n                    style=\"max-width:100%;\"\n                \/>\n            <\/a>\n        <\/div>\n\t\t\t\t\t\t\t<\/div> \n\t\t\t\n                            \n\t\t\t\t<div id=\"ngg-image-2\" class=\"ngg-gallery-thumbnail-box\" >\n\t\t\t\t        <div class=\"ngg-gallery-thumbnail\">\n            <a href=\"http:\/\/www.freimarianne.ch\/wp-content\/gallery\/staldenried-peakf-25-5-2020\/IMG_1226.jpeg\"\n               title=\"Riedji 1552m; Rothorn, Gross Wanne 2661m, Ochsenhorn  ?\"\n               data-src=\"http:\/\/www.freimarianne.ch\/wp-content\/gallery\/staldenried-peakf-25-5-2020\/IMG_1226.jpeg\"\n               data-thumbnail=\"http:\/\/www.freimarianne.ch\/wp-content\/gallery\/staldenried-peakf-25-5-2020\/thumbs\/thumbs_IMG_1226.jpeg\"\n               data-image-id=\"22161\"\n               data-title=\"IMG_1226\"\n               data-description=\"Riedji 1552m; Rothorn, Gross Wanne 2661m, Ochsenhorn  ?\"\n               data-image-slug=\"img_1226-1\"\n               class=\"shutterset_b90ef427a54158e040f5a963095a9fb5\">\n                <img\n                    title=\"IMG_1226\"\n                    alt=\"IMG_1226\"\n                    src=\"http:\/\/www.freimarianne.ch\/wp-content\/gallery\/staldenried-peakf-25-5-2020\/cache\/IMG_1226.jpeg-nggid0522161-ngg0dyn-100x75x100-00f0w010c010r110f110r010t010.jpeg\"\n                    width=\"100\"\n                    height=\"66\"\n                    style=\"max-width:100%;\"\n                \/>\n            <\/a>\n        <\/div>\n\t\t\t\t\t\t\t<\/div> \n\t\t\t\n                            \n\t\t\t\t<div id=\"ngg-image-3\" class=\"ngg-gallery-thumbnail-box\" >\n\t\t\t\t        <div class=\"ngg-gallery-thumbnail\">\n            <a href=\"http:\/\/www.freimarianne.ch\/wp-content\/gallery\/staldenried-peakf-25-5-2020\/IMG_1227.jpeg\"\n               title=\"Blick von Riedji auf Balfrin Gruppe\"\n               data-src=\"http:\/\/www.freimarianne.ch\/wp-content\/gallery\/staldenried-peakf-25-5-2020\/IMG_1227.jpeg\"\n               data-thumbnail=\"http:\/\/www.freimarianne.ch\/wp-content\/gallery\/staldenried-peakf-25-5-2020\/thumbs\/thumbs_IMG_1227.jpeg\"\n               data-image-id=\"22162\"\n               data-title=\"IMG_1227\"\n               data-description=\"Blick von Riedji auf Balfrin Gruppe\"\n               data-image-slug=\"img_1227-1\"\n               class=\"shutterset_b90ef427a54158e040f5a963095a9fb5\">\n                <img\n                    title=\"IMG_1227\"\n                    alt=\"IMG_1227\"\n                    src=\"http:\/\/www.freimarianne.ch\/wp-content\/gallery\/staldenried-peakf-25-5-2020\/cache\/IMG_1227.jpeg-nggid0522162-ngg0dyn-100x75x100-00f0w010c010r110f110r010t010.jpeg\"\n                    width=\"100\"\n                    height=\"75\"\n                    style=\"max-width:100%;\"\n                \/>\n            <\/a>\n        <\/div>\n\t\t\t\t\t\t\t<\/div> \n\t\t\t\n                                    <br style=\"clear: both\" \/>\n                    \n\t\t\t\t<div id=\"ngg-image-4\" class=\"ngg-gallery-thumbnail-box\" >\n\t\t\t\t        <div class=\"ngg-gallery-thumbnail\">\n            <a href=\"http:\/\/www.freimarianne.ch\/wp-content\/gallery\/staldenried-peakf-25-5-2020\/IMG_1235.jpeg\"\n               title=\"Weg hinaus aus dem Tobel des Breitenbachs\"\n               data-src=\"http:\/\/www.freimarianne.ch\/wp-content\/gallery\/staldenried-peakf-25-5-2020\/IMG_1235.jpeg\"\n               data-thumbnail=\"http:\/\/www.freimarianne.ch\/wp-content\/gallery\/staldenried-peakf-25-5-2020\/thumbs\/thumbs_IMG_1235.jpeg\"\n               data-image-id=\"22163\"\n               data-title=\"IMG_1235\"\n               data-description=\"Weg hinaus aus dem Tobel des Breitenbachs\"\n               data-image-slug=\"img_1235-1\"\n               class=\"shutterset_b90ef427a54158e040f5a963095a9fb5\">\n                <img\n                    title=\"IMG_1235\"\n                    alt=\"IMG_1235\"\n                    src=\"http:\/\/www.freimarianne.ch\/wp-content\/gallery\/staldenried-peakf-25-5-2020\/cache\/IMG_1235.jpeg-nggid0522163-ngg0dyn-100x75x100-00f0w010c010r110f110r010t010.jpeg\"\n                    width=\"56\"\n                    height=\"75\"\n                    style=\"max-width:100%;\"\n                \/>\n            <\/a>\n        <\/div>\n\t\t\t\t\t\t\t<\/div> \n\t\t\t\n                            \n\t\t\t\t<div id=\"ngg-image-5\" class=\"ngg-gallery-thumbnail-box\" >\n\t\t\t\t        <div class=\"ngg-gallery-thumbnail\">\n            <a href=\"http:\/\/www.freimarianne.ch\/wp-content\/gallery\/staldenried-peakf-25-5-2020\/IMG_1239.jpeg\"\n               title=\"Weg hinaus aus dem Tobel des Breitenbachs; Steitalhorn, M\u00e4lllich 2670m, Schwarzhorn 2776m\"\n               data-src=\"http:\/\/www.freimarianne.ch\/wp-content\/gallery\/staldenried-peakf-25-5-2020\/IMG_1239.jpeg\"\n               data-thumbnail=\"http:\/\/www.freimarianne.ch\/wp-content\/gallery\/staldenried-peakf-25-5-2020\/thumbs\/thumbs_IMG_1239.jpeg\"\n               data-image-id=\"22164\"\n               data-title=\"IMG_1239\"\n               data-description=\"Weg hinaus aus dem Tobel des Breitenbachs; Steitalhorn, M\u00e4lllich 2670m, Schwarzhorn 2776m\"\n               data-image-slug=\"img_1239-1\"\n               class=\"shutterset_b90ef427a54158e040f5a963095a9fb5\">\n                <img\n                    title=\"IMG_1239\"\n                    alt=\"IMG_1239\"\n                    src=\"http:\/\/www.freimarianne.ch\/wp-content\/gallery\/staldenried-peakf-25-5-2020\/cache\/IMG_1239.jpeg-nggid0522164-ngg0dyn-100x75x100-00f0w010c010r110f110r010t010.jpeg\"\n                    width=\"100\"\n                    height=\"75\"\n                    style=\"max-width:100%;\"\n                \/>\n            <\/a>\n        <\/div>\n\t\t\t\t\t\t\t<\/div> \n\t\t\t\n                            \n\t\t\t\t<div id=\"ngg-image-6\" class=\"ngg-gallery-thumbnail-box\" >\n\t\t\t\t        <div class=\"ngg-gallery-thumbnail\">\n            <a href=\"http:\/\/www.freimarianne.ch\/wp-content\/gallery\/staldenried-peakf-25-5-2020\/IMG_1243.jpeg\"\n               title=\"Weg hinaus aus dem Tobel des Breitenbachs; M\u00e4lllich 2670m, Schwarzhorn 2776m\"\n               data-src=\"http:\/\/www.freimarianne.ch\/wp-content\/gallery\/staldenried-peakf-25-5-2020\/IMG_1243.jpeg\"\n               data-thumbnail=\"http:\/\/www.freimarianne.ch\/wp-content\/gallery\/staldenried-peakf-25-5-2020\/thumbs\/thumbs_IMG_1243.jpeg\"\n               data-image-id=\"22165\"\n               data-title=\"IMG_1243\"\n               data-description=\"Weg hinaus aus dem Tobel des Breitenbachs; M\u00e4lllich 2670m, Schwarzhorn 2776m\"\n               data-image-slug=\"img_1243-1\"\n               class=\"shutterset_b90ef427a54158e040f5a963095a9fb5\">\n                <img\n                    title=\"IMG_1243\"\n                    alt=\"IMG_1243\"\n                    src=\"http:\/\/www.freimarianne.ch\/wp-content\/gallery\/staldenried-peakf-25-5-2020\/cache\/IMG_1243.jpeg-nggid0522165-ngg0dyn-100x75x100-00f0w010c010r110f110r010t010.jpeg\"\n                    width=\"100\"\n                    height=\"75\"\n                    style=\"max-width:100%;\"\n                \/>\n            <\/a>\n        <\/div>\n\t\t\t\t\t\t\t<\/div> \n\t\t\t\n                            \n\t\t\t\t<div id=\"ngg-image-7\" class=\"ngg-gallery-thumbnail-box\" >\n\t\t\t\t        <div class=\"ngg-gallery-thumbnail\">\n            <a href=\"http:\/\/www.freimarianne.ch\/wp-content\/gallery\/staldenried-peakf-25-5-2020\/IMG_1249.jpeg\"\n               title=\"Wilerhorn, Bietschhiorn, Schilthorn, G\u00e4rsthorn\"\n               data-src=\"http:\/\/www.freimarianne.ch\/wp-content\/gallery\/staldenried-peakf-25-5-2020\/IMG_1249.jpeg\"\n               data-thumbnail=\"http:\/\/www.freimarianne.ch\/wp-content\/gallery\/staldenried-peakf-25-5-2020\/thumbs\/thumbs_IMG_1249.jpeg\"\n               data-image-id=\"22166\"\n               data-title=\"IMG_1249\"\n               data-description=\"Wilerhorn, Bietschhiorn, Schilthorn, G\u00e4rsthorn\"\n               data-image-slug=\"img_1249-1\"\n               class=\"shutterset_b90ef427a54158e040f5a963095a9fb5\">\n                <img\n                    title=\"IMG_1249\"\n                    alt=\"IMG_1249\"\n                    src=\"http:\/\/www.freimarianne.ch\/wp-content\/gallery\/staldenried-peakf-25-5-2020\/cache\/IMG_1249.jpeg-nggid0522166-ngg0dyn-100x75x100-00f0w010c010r110f110r010t010.jpeg\"\n                    width=\"100\"\n                    height=\"71\"\n                    style=\"max-width:100%;\"\n                \/>\n            <\/a>\n        <\/div>\n\t\t\t\t\t\t\t<\/div> \n\t\t\t\n                                    <br style=\"clear: both\" \/>\n                    \n\t\t\t\t<div id=\"ngg-image-8\" class=\"ngg-gallery-thumbnail-box\" >\n\t\t\t\t        <div class=\"ngg-gallery-thumbnail\">\n            <a href=\"http:\/\/www.freimarianne.ch\/wp-content\/gallery\/staldenried-peakf-25-5-2020\/IMG_1251.jpeg\"\n               title=\"derWeg f\u00fchrt durch Wiesen; Blick ins Saasertal mit der Balfringruppe\"\n               data-src=\"http:\/\/www.freimarianne.ch\/wp-content\/gallery\/staldenried-peakf-25-5-2020\/IMG_1251.jpeg\"\n               data-thumbnail=\"http:\/\/www.freimarianne.ch\/wp-content\/gallery\/staldenried-peakf-25-5-2020\/thumbs\/thumbs_IMG_1251.jpeg\"\n               data-image-id=\"22167\"\n               data-title=\"IMG_1251\"\n               data-description=\"derWeg f\u00fchrt durch Wiesen; Blick ins Saasertal mit der Balfringruppe\"\n               data-image-slug=\"img_1251\"\n               class=\"shutterset_b90ef427a54158e040f5a963095a9fb5\">\n                <img\n                    title=\"IMG_1251\"\n                    alt=\"IMG_1251\"\n                    src=\"http:\/\/www.freimarianne.ch\/wp-content\/gallery\/staldenried-peakf-25-5-2020\/cache\/IMG_1251.jpeg-nggid0522167-ngg0dyn-100x75x100-00f0w010c010r110f110r010t010.jpeg\"\n                    width=\"100\"\n                    height=\"75\"\n                    style=\"max-width:100%;\"\n                \/>\n            <\/a>\n        <\/div>\n\t\t\t\t\t\t\t<\/div> \n\t\t\t\n                            \n\t\t\t\t<div id=\"ngg-image-9\" class=\"ngg-gallery-thumbnail-box\" >\n\t\t\t\t        <div class=\"ngg-gallery-thumbnail\">\n            <a href=\"http:\/\/www.freimarianne.ch\/wp-content\/gallery\/staldenried-peakf-25-5-2020\/IMG_1256.jpeg\"\n               title=\"\"\n               data-src=\"http:\/\/www.freimarianne.ch\/wp-content\/gallery\/staldenried-peakf-25-5-2020\/IMG_1256.jpeg\"\n               data-thumbnail=\"http:\/\/www.freimarianne.ch\/wp-content\/gallery\/staldenried-peakf-25-5-2020\/thumbs\/thumbs_IMG_1256.jpeg\"\n               data-image-id=\"22168\"\n               data-title=\"IMG_1256\"\n               data-description=\"\"\n               data-image-slug=\"img_1256-1\"\n               class=\"shutterset_b90ef427a54158e040f5a963095a9fb5\">\n                <img\n                    title=\"IMG_1256\"\n                    alt=\"IMG_1256\"\n                    src=\"http:\/\/www.freimarianne.ch\/wp-content\/gallery\/staldenried-peakf-25-5-2020\/cache\/IMG_1256.jpeg-nggid0522168-ngg0dyn-100x75x100-00f0w010c010r110f110r010t010.jpeg\"\n                    width=\"100\"\n                    height=\"75\"\n                    style=\"max-width:100%;\"\n                \/>\n            <\/a>\n        <\/div>\n\t\t\t\t\t\t\t<\/div> \n\t\t\t\n                            \n\t\t\t\t<div id=\"ngg-image-10\" class=\"ngg-gallery-thumbnail-box\" >\n\t\t\t\t        <div class=\"ngg-gallery-thumbnail\">\n            <a href=\"http:\/\/www.freimarianne.ch\/wp-content\/gallery\/staldenried-peakf-25-5-2020\/IMG_1263.jpeg\"\n               title=\"\"\n               data-src=\"http:\/\/www.freimarianne.ch\/wp-content\/gallery\/staldenried-peakf-25-5-2020\/IMG_1263.jpeg\"\n               data-thumbnail=\"http:\/\/www.freimarianne.ch\/wp-content\/gallery\/staldenried-peakf-25-5-2020\/thumbs\/thumbs_IMG_1263.jpeg\"\n               data-image-id=\"22169\"\n               data-title=\"IMG_1263\"\n               data-description=\"\"\n               data-image-slug=\"img_1263-2\"\n               class=\"shutterset_b90ef427a54158e040f5a963095a9fb5\">\n                <img\n                    title=\"IMG_1263\"\n                    alt=\"IMG_1263\"\n                    src=\"http:\/\/www.freimarianne.ch\/wp-content\/gallery\/staldenried-peakf-25-5-2020\/cache\/IMG_1263.jpeg-nggid0522169-ngg0dyn-100x75x100-00f0w010c010r110f110r010t010.jpeg\"\n                    width=\"100\"\n                    height=\"75\"\n                    style=\"max-width:100%;\"\n                \/>\n            <\/a>\n        <\/div>\n\t\t\t\t\t\t\t<\/div> \n\t\t\t\n                            \n\t\t\t\t<div id=\"ngg-image-11\" class=\"ngg-gallery-thumbnail-box\" >\n\t\t\t\t        <div class=\"ngg-gallery-thumbnail\">\n            <a href=\"http:\/\/www.freimarianne.ch\/wp-content\/gallery\/staldenried-peakf-25-5-2020\/IMG_1265.jpeg\"\n               title=\"\"\n               data-src=\"http:\/\/www.freimarianne.ch\/wp-content\/gallery\/staldenried-peakf-25-5-2020\/IMG_1265.jpeg\"\n               data-thumbnail=\"http:\/\/www.freimarianne.ch\/wp-content\/gallery\/staldenried-peakf-25-5-2020\/thumbs\/thumbs_IMG_1265.jpeg\"\n               data-image-id=\"22170\"\n               data-title=\"IMG_1265\"\n               data-description=\"\"\n               data-image-slug=\"img_1265-1\"\n               class=\"shutterset_b90ef427a54158e040f5a963095a9fb5\">\n                <img\n                    title=\"IMG_1265\"\n                    alt=\"IMG_1265\"\n                    src=\"http:\/\/www.freimarianne.ch\/wp-content\/gallery\/staldenried-peakf-25-5-2020\/cache\/IMG_1265.jpeg-nggid0522170-ngg0dyn-100x75x100-00f0w010c010r110f110r010t010.jpeg\"\n                    width=\"100\"\n                    height=\"75\"\n                    style=\"max-width:100%;\"\n                \/>\n            <\/a>\n        <\/div>\n\t\t\t\t\t\t\t<\/div> \n\t\t\t\n                                    <br style=\"clear: both\" \/>\n                    \n\t\t\t\t<div id=\"ngg-image-12\" class=\"ngg-gallery-thumbnail-box\" >\n\t\t\t\t        <div class=\"ngg-gallery-thumbnail\">\n            <a href=\"http:\/\/www.freimarianne.ch\/wp-content\/gallery\/staldenried-peakf-25-5-2020\/IMG_E1253.jpeg\"\n               title=\"das Dorf Niederh\u00e4usern;  Schilthorn, G\u00e4rsthorn\"\n               data-src=\"http:\/\/www.freimarianne.ch\/wp-content\/gallery\/staldenried-peakf-25-5-2020\/IMG_E1253.jpeg\"\n               data-thumbnail=\"http:\/\/www.freimarianne.ch\/wp-content\/gallery\/staldenried-peakf-25-5-2020\/thumbs\/thumbs_IMG_E1253.jpeg\"\n               data-image-id=\"22171\"\n               data-title=\"IMG_E1253\"\n               data-description=\"das Dorf Niederh\u00e4usern;  Schilthorn, G\u00e4rsthorn\"\n               data-image-slug=\"img_e1253\"\n               class=\"shutterset_b90ef427a54158e040f5a963095a9fb5\">\n                <img\n                    title=\"IMG_E1253\"\n                    alt=\"IMG_E1253\"\n                    src=\"http:\/\/www.freimarianne.ch\/wp-content\/gallery\/staldenried-peakf-25-5-2020\/cache\/IMG_E1253.jpeg-nggid0522171-ngg0dyn-100x75x100-00f0w010c010r110f110r010t010.jpeg\"\n                    width=\"88\"\n                    height=\"75\"\n                    style=\"max-width:100%;\"\n                \/>\n            <\/a>\n        <\/div>\n\t\t\t\t\t\t\t<\/div> \n\t\t\t\n                            \n\t\t\n\t\t<!-- Pagination -->\n\t<div class='ngg-clear'><\/div>\t<\/div>\n\n","protected":false},"excerpt":{"rendered":"<p>Blick zur\u00fcck auf Riedji 1552m Route: Staldenried Zur Tanne, Wanderweg im Wald Richtung Visperterminen &#8211; Riedji &#8211; Niederh\u00e4usern Nochmals steht das Wallis auf meinem Programm ! Ich fahre nach Stalden Saas. Zum ersten Mal benutze ichd ie f\u00fcr mich neue Seilbahn auf Staldenried ( ich bin die einzige Person ). Die Endstation Zur Tanne ist [&hellip;]<\/p>\n","protected":false},"author":1,"featured_media":0,"parent":40177,"menu_order":10,"comment_status":"closed","ping_status":"closed","template":"","meta":{"ngg_post_thumbnail":0},"_links":{"self":[{"href":"http:\/\/www.freimarianne.ch\/index.php?rest_route=\/wp\/v2\/pages\/40500"}],"collection":[{"href":"http:\/\/www.freimarianne.ch\/index.php?rest_route=\/wp\/v2\/pages"}],"about":[{"href":"http:\/\/www.freimarianne.ch\/index.php?rest_route=\/wp\/v2\/types\/page"}],"author":[{"embeddable":true,"href":"http:\/\/www.freimarianne.ch\/index.php?rest_route=\/wp\/v2\/users\/1"}],"replies":[{"embeddable":true,"href":"http:\/\/www.freimarianne.ch\/index.php?rest_route=%2Fwp%2Fv2%2Fcomments&post=40500"}],"version-history":[{"count":7,"href":"http:\/\/www.freimarianne.ch\/index.php?rest_route=\/wp\/v2\/pages\/40500\/revisions"}],"predecessor-version":[{"id":58374,"href":"http:\/\/www.freimarianne.ch\/index.php?rest_route=\/wp\/v2\/pages\/40500\/revisions\/58374"}],"up":[{"embeddable":true,"href":"http:\/\/www.freimarianne.ch\/index.php?rest_route=\/wp\/v2\/pages\/40177"}],"wp:attachment":[{"href":"http:\/\/www.freimarianne.ch\/index.php?rest_route=%2Fwp%2Fv2%2Fmedia&parent=40500"}],"curies":[{"name":"wp","href":"https:\/\/api.w.org\/{rel}","templated":true}]}}