{"id":40735,"date":"2020-06-04T16:40:04","date_gmt":"2020-06-04T15:40:04","guid":{"rendered":"http:\/\/www.freimarianne.ch\/?page_id=40735"},"modified":"2020-06-04T16:45:05","modified_gmt":"2020-06-04T15:45:05","slug":"hemberg-st-peterzell-sg-ar-2-6-2020","status":"publish","type":"page","link":"http:\/\/www.freimarianne.ch\/?page_id=40735","title":{"rendered":"Hemberg &#8211; St.Peterzell  SG \/ AR  2.6.2020"},"content":{"rendered":"<p><strong>Wanderung von Hemberg\u00a0 \u00fcber Mistelegg nach St.Peterzell<\/strong><\/p>\n<p><img loading=\"lazy\" class=\"alignleft size-full wp-image-40732\" src=\"http:\/\/www.freimarianne.ch\/wp-content\/uploads\/2020\/06\/IMG_6301_hemberg500.jpeg\" alt=\"\" width=\"500\" height=\"370\" srcset=\"http:\/\/www.freimarianne.ch\/wp-content\/uploads\/2020\/06\/IMG_6301_hemberg500.jpeg 500w, http:\/\/www.freimarianne.ch\/wp-content\/uploads\/2020\/06\/IMG_6301_hemberg500-300x222.jpeg 300w, http:\/\/www.freimarianne.ch\/wp-content\/uploads\/2020\/06\/IMG_6301_hemberg500-405x300.jpeg 405w\" sizes=\"(max-width: 500px) 100vw, 500px\" \/><\/p>\n<p>Wieder sind wir unterwegs in der Ostschweiz und pendeln zwischen den Kantonen St.Gallen und Appenzell AR hin und her.<br \/>\nWir beginnen um 9.30h unsere Wanderung in Hemberg 945m, das auf einem Bergr\u00fccken liegt und eine sch\u00f6ne Aussicht auf den S\u00e4ntis bietet. Wir besichtigen das Dorf und machen uns dann auf den Weg zum Bad, einen malerischen Ort mit dem Badehaus und einem kleinen Weiher. Von dort aus steigen wir \u00fcber den Kneippweg wieder etwas hinauf zum Eggi 1011m und folgen dann dem Weg dem Hang entlang in Richtung Fuchsl\u00f6chern 1005m. Die Gegend ist einsam und wir begegnen erst beim Abstieg zur Mistelegg 883m drei Personen. WIr m\u00fcssen einen kurzen Abschnitt auf der Strasse gehen, bevor wir in das Waldgebiet oberhalb des Ufers der Necker eintreten k\u00f6nnen. Unten am Necker nmachen wir bei der Picknickstelle unseren Mittagshalt. Nachher geht es \u00fcber die Holzbr\u00fccke und wieder etwas hinauf auf die Wiesen an Under Rank vorbei. Wundersch\u00f6n ist es hier zu wandern! Wir befinden uns hier im Kanton Appenzell AR und freuen uns, dass wir auf Wiesenwegen gehen d\u00fcrfen. Wir erreichen Schwandsbrugg und beschliessen, weiter dem Lauf des Necker zu folgen, um St.Peterzell zu erreichen. Dazu m\u00fcssen wir wieder etwas aufsteigen und wir wandern \u00fcber Wiesen und Waldgebiet gegen Brunau, wo wir hinunter zum Necker steigen. Wir queren wieder den Fluss auf einer Holzbr\u00fccke. Dieses Mal k\u00f6nnen wir uns am Ufer niederlassen und die F\u00fcsse baden, um die Zeit bis zur Abfahrt des Buses in St. Peterzell zu \u00fcberbr\u00fccken. Es gibt dann noch eine Steigung zu \u00fcberwinden, um ins Dorf zu gelangen.<br \/>\nDies war auch eine sehr sch\u00f6ne Wanderung, die uns noch vertrauter mit der Geographie dieser Gegend gemacht hat.<\/p>\n<p>Laut Schweizmobil:<br \/>\nDistanz: 11.11.km; Aufstieg: 346m; Abstieg: 602m; Wanderzeit: 3h 14 min<\/p>\n<p><a href=\"https:\/\/map.schweizmobil.ch\/?lang=de&amp;photos=yes&amp;logo=yes&amp;season=summer&amp;resolution=7.37&amp;E=2731677&amp;N=1240240&amp;bgLayer=pk&amp;layers=Wanderland%2CStation&amp;trackId=7033254\">Karte Schweizmobil:<\/a><\/p>\n<p><!-- index.php -->\n<div\n\tclass=\"ngg-galleryoverview ngg-ajax-pagination-none\"\n\tid=\"ngg-gallery-40785-1\">\n\n    \t<div class=\"slideshowlink\">\n        <a href='http:\/\/www.freimarianne.ch\/index.php\/nggallery\/slideshow?page_id=40735'>[Show as slideshow]<\/a>\n\t\t\n\t<\/div>\n\t\t\t<!-- Thumbnails -->\n\t\t\t\t<div id=\"ngg-image-0\" class=\"ngg-gallery-thumbnail-box\" >\n\t\t\t\t        <div class=\"ngg-gallery-thumbnail\">\n            <a href=\"http:\/\/www.freimarianne.ch\/wp-content\/gallery\/hemberg-st-peterzell-2-6-20\/IMG_6280.jpeg\"\n               title=\"sch\u00f6ne H\u00e4user im Hemberg\"\n               data-src=\"http:\/\/www.freimarianne.ch\/wp-content\/gallery\/hemberg-st-peterzell-2-6-20\/IMG_6280.jpeg\"\n               data-thumbnail=\"http:\/\/www.freimarianne.ch\/wp-content\/gallery\/hemberg-st-peterzell-2-6-20\/thumbs\/thumbs_IMG_6280.jpeg\"\n               data-image-id=\"22233\"\n               data-title=\"IMG_6280\"\n               data-description=\"sch\u00f6ne H\u00e4user im Hemberg\"\n               data-image-slug=\"img_6280-2\"\n               class=\"shutterset_40785\">\n                <img\n                    title=\"IMG_6280\"\n                    alt=\"IMG_6280\"\n                    src=\"http:\/\/www.freimarianne.ch\/wp-content\/gallery\/hemberg-st-peterzell-2-6-20\/thumbs\/thumbs_IMG_6280.jpeg\"\n                    width=\"100\"\n                    height=\"75\"\n                    style=\"max-width:100%;\"\n                \/>\n            <\/a>\n        <\/div>\n\t\t\t\t\t\t\t<\/div> \n\t\t\t\n        \n\t\t\t\t<div id=\"ngg-image-1\" class=\"ngg-gallery-thumbnail-box\" >\n\t\t\t\t        <div class=\"ngg-gallery-thumbnail\">\n            <a href=\"http:\/\/www.freimarianne.ch\/wp-content\/gallery\/hemberg-st-peterzell-2-6-20\/IMG_6287.jpeg\"\n               title=\"die kath. Kirche von Hemberg\"\n               data-src=\"http:\/\/www.freimarianne.ch\/wp-content\/gallery\/hemberg-st-peterzell-2-6-20\/IMG_6287.jpeg\"\n               data-thumbnail=\"http:\/\/www.freimarianne.ch\/wp-content\/gallery\/hemberg-st-peterzell-2-6-20\/thumbs\/thumbs_IMG_6287.jpeg\"\n               data-image-id=\"22234\"\n               data-title=\"IMG_6287\"\n               data-description=\"die kath. Kirche von Hemberg\"\n               data-image-slug=\"img_6287-1\"\n               class=\"shutterset_40785\">\n                <img\n                    title=\"IMG_6287\"\n                    alt=\"IMG_6287\"\n                    src=\"http:\/\/www.freimarianne.ch\/wp-content\/gallery\/hemberg-st-peterzell-2-6-20\/thumbs\/thumbs_IMG_6287.jpeg\"\n                    width=\"100\"\n                    height=\"75\"\n                    style=\"max-width:100%;\"\n                \/>\n            <\/a>\n        <\/div>\n\t\t\t\t\t\t\t<\/div> \n\t\t\t\n        \n\t\t\t\t<div id=\"ngg-image-2\" class=\"ngg-gallery-thumbnail-box\" >\n\t\t\t\t        <div class=\"ngg-gallery-thumbnail\">\n            <a href=\"http:\/\/www.freimarianne.ch\/wp-content\/gallery\/hemberg-st-peterzell-2-6-20\/IMG_6293.jpeg\"\n               title=\"der Weiher beim Bad\"\n               data-src=\"http:\/\/www.freimarianne.ch\/wp-content\/gallery\/hemberg-st-peterzell-2-6-20\/IMG_6293.jpeg\"\n               data-thumbnail=\"http:\/\/www.freimarianne.ch\/wp-content\/gallery\/hemberg-st-peterzell-2-6-20\/thumbs\/thumbs_IMG_6293.jpeg\"\n               data-image-id=\"22235\"\n               data-title=\"IMG_6293\"\n               data-description=\"der Weiher beim Bad\"\n               data-image-slug=\"img_6293-6\"\n               class=\"shutterset_40785\">\n                <img\n                    title=\"IMG_6293\"\n                    alt=\"IMG_6293\"\n                    src=\"http:\/\/www.freimarianne.ch\/wp-content\/gallery\/hemberg-st-peterzell-2-6-20\/thumbs\/thumbs_IMG_6293.jpeg\"\n                    width=\"100\"\n                    height=\"75\"\n                    style=\"max-width:100%;\"\n                \/>\n            <\/a>\n        <\/div>\n\t\t\t\t\t\t\t<\/div> \n\t\t\t\n        \n\t\t\t\t<div id=\"ngg-image-3\" class=\"ngg-gallery-thumbnail-box\" >\n\t\t\t\t        <div class=\"ngg-gallery-thumbnail\">\n            <a href=\"http:\/\/www.freimarianne.ch\/wp-content\/gallery\/hemberg-st-peterzell-2-6-20\/IMG_6294.jpeg\"\n               title=\"der Weiher beim Bad\"\n               data-src=\"http:\/\/www.freimarianne.ch\/wp-content\/gallery\/hemberg-st-peterzell-2-6-20\/IMG_6294.jpeg\"\n               data-thumbnail=\"http:\/\/www.freimarianne.ch\/wp-content\/gallery\/hemberg-st-peterzell-2-6-20\/thumbs\/thumbs_IMG_6294.jpeg\"\n               data-image-id=\"22236\"\n               data-title=\"IMG_6294\"\n               data-description=\"der Weiher beim Bad\"\n               data-image-slug=\"img_6294-2\"\n               class=\"shutterset_40785\">\n                <img\n                    title=\"IMG_6294\"\n                    alt=\"IMG_6294\"\n                    src=\"http:\/\/www.freimarianne.ch\/wp-content\/gallery\/hemberg-st-peterzell-2-6-20\/thumbs\/thumbs_IMG_6294.jpeg\"\n                    width=\"100\"\n                    height=\"75\"\n                    style=\"max-width:100%;\"\n                \/>\n            <\/a>\n        <\/div>\n\t\t\t\t\t\t\t<\/div> \n\t\t\t\n        \n\t\t\t\t<div id=\"ngg-image-4\" class=\"ngg-gallery-thumbnail-box\" >\n\t\t\t\t        <div class=\"ngg-gallery-thumbnail\">\n            <a href=\"http:\/\/www.freimarianne.ch\/wp-content\/gallery\/hemberg-st-peterzell-2-6-20\/IMG_6303.jpeg\"\n               title=\"Blick ins Neckertal mit  Hochalp, S\u00e4ntiskette   und Hinterfallenchopf\"\n               data-src=\"http:\/\/www.freimarianne.ch\/wp-content\/gallery\/hemberg-st-peterzell-2-6-20\/IMG_6303.jpeg\"\n               data-thumbnail=\"http:\/\/www.freimarianne.ch\/wp-content\/gallery\/hemberg-st-peterzell-2-6-20\/thumbs\/thumbs_IMG_6303.jpeg\"\n               data-image-id=\"22237\"\n               data-title=\"IMG_6303\"\n               data-description=\"Blick ins Neckertal mit  Hochalp, S\u00e4ntiskette   und Hinterfallenchopf\"\n               data-image-slug=\"img_6303-3\"\n               class=\"shutterset_40785\">\n                <img\n                    title=\"IMG_6303\"\n                    alt=\"IMG_6303\"\n                    src=\"http:\/\/www.freimarianne.ch\/wp-content\/gallery\/hemberg-st-peterzell-2-6-20\/thumbs\/thumbs_IMG_6303.jpeg\"\n                    width=\"100\"\n                    height=\"75\"\n                    style=\"max-width:100%;\"\n                \/>\n            <\/a>\n        <\/div>\n\t\t\t\t\t\t\t<\/div> \n\t\t\t\n        \n\t\t\t\t<div id=\"ngg-image-5\" class=\"ngg-gallery-thumbnail-box\" >\n\t\t\t\t        <div class=\"ngg-gallery-thumbnail\">\n            <a href=\"http:\/\/www.freimarianne.ch\/wp-content\/gallery\/hemberg-st-peterzell-2-6-20\/IMG_6307.jpeg\"\n               title=\"bei Fuchsl\u00f6chert 1005m ; es geht hinunter;hi Hochalp\"\n               data-src=\"http:\/\/www.freimarianne.ch\/wp-content\/gallery\/hemberg-st-peterzell-2-6-20\/IMG_6307.jpeg\"\n               data-thumbnail=\"http:\/\/www.freimarianne.ch\/wp-content\/gallery\/hemberg-st-peterzell-2-6-20\/thumbs\/thumbs_IMG_6307.jpeg\"\n               data-image-id=\"22238\"\n               data-title=\"IMG_6307\"\n               data-description=\"bei Fuchsl\u00f6chert 1005m ; es geht hinunter;hi Hochalp\"\n               data-image-slug=\"img_6307-2\"\n               class=\"shutterset_40785\">\n                <img\n                    title=\"IMG_6307\"\n                    alt=\"IMG_6307\"\n                    src=\"http:\/\/www.freimarianne.ch\/wp-content\/gallery\/hemberg-st-peterzell-2-6-20\/thumbs\/thumbs_IMG_6307.jpeg\"\n                    width=\"100\"\n                    height=\"75\"\n                    style=\"max-width:100%;\"\n                \/>\n            <\/a>\n        <\/div>\n\t\t\t\t\t\t\t<\/div> \n\t\t\t\n        \n\t\t\t\t<div id=\"ngg-image-6\" class=\"ngg-gallery-thumbnail-box\" >\n\t\t\t\t        <div class=\"ngg-gallery-thumbnail\">\n            <a href=\"http:\/\/www.freimarianne.ch\/wp-content\/gallery\/hemberg-st-peterzell-2-6-20\/IMG_6308.jpeg\"\n               title=\"Kuhweide  unterhalb  bei Fuchsl\u00f6chern 1005m\"\n               data-src=\"http:\/\/www.freimarianne.ch\/wp-content\/gallery\/hemberg-st-peterzell-2-6-20\/IMG_6308.jpeg\"\n               data-thumbnail=\"http:\/\/www.freimarianne.ch\/wp-content\/gallery\/hemberg-st-peterzell-2-6-20\/thumbs\/thumbs_IMG_6308.jpeg\"\n               data-image-id=\"22239\"\n               data-title=\"IMG_6308\"\n               data-description=\"Kuhweide  unterhalb  bei Fuchsl\u00f6chern 1005m\"\n               data-image-slug=\"img_6308\"\n               class=\"shutterset_40785\">\n                <img\n                    title=\"IMG_6308\"\n                    alt=\"IMG_6308\"\n                    src=\"http:\/\/www.freimarianne.ch\/wp-content\/gallery\/hemberg-st-peterzell-2-6-20\/thumbs\/thumbs_IMG_6308.jpeg\"\n                    width=\"100\"\n                    height=\"75\"\n                    style=\"max-width:100%;\"\n                \/>\n            <\/a>\n        <\/div>\n\t\t\t\t\t\t\t<\/div> \n\t\t\t\n        \n\t\t\t\t<div id=\"ngg-image-7\" class=\"ngg-gallery-thumbnail-box\" >\n\t\t\t\t        <div class=\"ngg-gallery-thumbnail\">\n            <a href=\"http:\/\/www.freimarianne.ch\/wp-content\/gallery\/hemberg-st-peterzell-2-6-20\/IMG_6310.jpeg\"\n               title=\"li Hemberg; Abstieg  zur Mistelegg\"\n               data-src=\"http:\/\/www.freimarianne.ch\/wp-content\/gallery\/hemberg-st-peterzell-2-6-20\/IMG_6310.jpeg\"\n               data-thumbnail=\"http:\/\/www.freimarianne.ch\/wp-content\/gallery\/hemberg-st-peterzell-2-6-20\/thumbs\/thumbs_IMG_6310.jpeg\"\n               data-image-id=\"22240\"\n               data-title=\"IMG_6310\"\n               data-description=\"li Hemberg; Abstieg  zur Mistelegg\"\n               data-image-slug=\"img_6310-1\"\n               class=\"shutterset_40785\">\n                <img\n                    title=\"IMG_6310\"\n                    alt=\"IMG_6310\"\n                    src=\"http:\/\/www.freimarianne.ch\/wp-content\/gallery\/hemberg-st-peterzell-2-6-20\/thumbs\/thumbs_IMG_6310.jpeg\"\n                    width=\"100\"\n                    height=\"75\"\n                    style=\"max-width:100%;\"\n                \/>\n            <\/a>\n        <\/div>\n\t\t\t\t\t\t\t<\/div> \n\t\t\t\n        \n\t\t\t\t<div id=\"ngg-image-8\" class=\"ngg-gallery-thumbnail-box\" >\n\t\t\t\t        <div class=\"ngg-gallery-thumbnail\">\n            <a href=\"http:\/\/www.freimarianne.ch\/wp-content\/gallery\/hemberg-st-peterzell-2-6-20\/IMG_6313.jpeg\"\n               title=\"einsame Landschaft im Neckertal\"\n               data-src=\"http:\/\/www.freimarianne.ch\/wp-content\/gallery\/hemberg-st-peterzell-2-6-20\/IMG_6313.jpeg\"\n               data-thumbnail=\"http:\/\/www.freimarianne.ch\/wp-content\/gallery\/hemberg-st-peterzell-2-6-20\/thumbs\/thumbs_IMG_6313.jpeg\"\n               data-image-id=\"22241\"\n               data-title=\"IMG_6313\"\n               data-description=\"einsame Landschaft im Neckertal\"\n               data-image-slug=\"img_6313-3\"\n               class=\"shutterset_40785\">\n                <img\n                    title=\"IMG_6313\"\n                    alt=\"IMG_6313\"\n                    src=\"http:\/\/www.freimarianne.ch\/wp-content\/gallery\/hemberg-st-peterzell-2-6-20\/thumbs\/thumbs_IMG_6313.jpeg\"\n                    width=\"100\"\n                    height=\"75\"\n                    style=\"max-width:100%;\"\n                \/>\n            <\/a>\n        <\/div>\n\t\t\t\t\t\t\t<\/div> \n\t\t\t\n        \n\t\t\t\t<div id=\"ngg-image-9\" class=\"ngg-gallery-thumbnail-box\" >\n\t\t\t\t        <div class=\"ngg-gallery-thumbnail\">\n            <a href=\"http:\/\/www.freimarianne.ch\/wp-content\/gallery\/hemberg-st-peterzell-2-6-20\/IMG_6320.jpeg\"\n               title=\"am Necker\"\n               data-src=\"http:\/\/www.freimarianne.ch\/wp-content\/gallery\/hemberg-st-peterzell-2-6-20\/IMG_6320.jpeg\"\n               data-thumbnail=\"http:\/\/www.freimarianne.ch\/wp-content\/gallery\/hemberg-st-peterzell-2-6-20\/thumbs\/thumbs_IMG_6320.jpeg\"\n               data-image-id=\"22242\"\n               data-title=\"IMG_6320\"\n               data-description=\"am Necker\"\n               data-image-slug=\"img_6320-2\"\n               class=\"shutterset_40785\">\n                <img\n                    title=\"IMG_6320\"\n                    alt=\"IMG_6320\"\n                    src=\"http:\/\/www.freimarianne.ch\/wp-content\/gallery\/hemberg-st-peterzell-2-6-20\/thumbs\/thumbs_IMG_6320.jpeg\"\n                    width=\"100\"\n                    height=\"75\"\n                    style=\"max-width:100%;\"\n                \/>\n            <\/a>\n        <\/div>\n\t\t\t\t\t\t\t<\/div> \n\t\t\t\n        \n\t\t\t\t<div id=\"ngg-image-10\" class=\"ngg-gallery-thumbnail-box\" >\n\t\t\t\t        <div class=\"ngg-gallery-thumbnail\">\n            <a href=\"http:\/\/www.freimarianne.ch\/wp-content\/gallery\/hemberg-st-peterzell-2-6-20\/IMG_6323.jpeg\"\n               title=\"wieder unterwegs auf Wiesenpfaden\"\n               data-src=\"http:\/\/www.freimarianne.ch\/wp-content\/gallery\/hemberg-st-peterzell-2-6-20\/IMG_6323.jpeg\"\n               data-thumbnail=\"http:\/\/www.freimarianne.ch\/wp-content\/gallery\/hemberg-st-peterzell-2-6-20\/thumbs\/thumbs_IMG_6323.jpeg\"\n               data-image-id=\"22243\"\n               data-title=\"IMG_6323\"\n               data-description=\"wieder unterwegs auf Wiesenpfaden\"\n               data-image-slug=\"img_6323-3\"\n               class=\"shutterset_40785\">\n                <img\n                    title=\"IMG_6323\"\n                    alt=\"IMG_6323\"\n                    src=\"http:\/\/www.freimarianne.ch\/wp-content\/gallery\/hemberg-st-peterzell-2-6-20\/thumbs\/thumbs_IMG_6323.jpeg\"\n                    width=\"100\"\n                    height=\"75\"\n                    style=\"max-width:100%;\"\n                \/>\n            <\/a>\n        <\/div>\n\t\t\t\t\t\t\t<\/div> \n\t\t\t\n        \n\t\t\t\t<div id=\"ngg-image-11\" class=\"ngg-gallery-thumbnail-box\" >\n\t\t\t\t        <div class=\"ngg-gallery-thumbnail\">\n            <a href=\"http:\/\/www.freimarianne.ch\/wp-content\/gallery\/hemberg-st-peterzell-2-6-20\/IMG_6324.jpeg\"\n               title=\"wieder unterwegs auf Wiesenpfaden  bei Under Lank\"\n               data-src=\"http:\/\/www.freimarianne.ch\/wp-content\/gallery\/hemberg-st-peterzell-2-6-20\/IMG_6324.jpeg\"\n               data-thumbnail=\"http:\/\/www.freimarianne.ch\/wp-content\/gallery\/hemberg-st-peterzell-2-6-20\/thumbs\/thumbs_IMG_6324.jpeg\"\n               data-image-id=\"22244\"\n               data-title=\"IMG_6324\"\n               data-description=\"wieder unterwegs auf Wiesenpfaden  bei Under Lank\"\n               data-image-slug=\"img_6324-1\"\n               class=\"shutterset_40785\">\n                <img\n                    title=\"IMG_6324\"\n                    alt=\"IMG_6324\"\n                    src=\"http:\/\/www.freimarianne.ch\/wp-content\/gallery\/hemberg-st-peterzell-2-6-20\/thumbs\/thumbs_IMG_6324.jpeg\"\n                    width=\"100\"\n                    height=\"75\"\n                    style=\"max-width:100%;\"\n                \/>\n            <\/a>\n        <\/div>\n\t\t\t\t\t\t\t<\/div> \n\t\t\t\n        \n\t\t\t\t<div id=\"ngg-image-12\" class=\"ngg-gallery-thumbnail-box\" >\n\t\t\t\t        <div class=\"ngg-gallery-thumbnail\">\n            <a href=\"http:\/\/www.freimarianne.ch\/wp-content\/gallery\/hemberg-st-peterzell-2-6-20\/IMG_6325.jpeg\"\n               title=\"Wiesen-oder Schlangen Kn\u00f6terich, Polygonum bistorta,Poligonaceae, Kn\u00f6terichgew\u00e4chs\"\n               data-src=\"http:\/\/www.freimarianne.ch\/wp-content\/gallery\/hemberg-st-peterzell-2-6-20\/IMG_6325.jpeg\"\n               data-thumbnail=\"http:\/\/www.freimarianne.ch\/wp-content\/gallery\/hemberg-st-peterzell-2-6-20\/thumbs\/thumbs_IMG_6325.jpeg\"\n               data-image-id=\"22245\"\n               data-title=\"IMG_6325\"\n               data-description=\"Wiesen-oder Schlangen Kn\u00f6terich, Polygonum bistorta,Poligonaceae, Kn\u00f6terichgew\u00e4chs\"\n               data-image-slug=\"img_6325-2\"\n               class=\"shutterset_40785\">\n                <img\n                    title=\"IMG_6325\"\n                    alt=\"IMG_6325\"\n                    src=\"http:\/\/www.freimarianne.ch\/wp-content\/gallery\/hemberg-st-peterzell-2-6-20\/thumbs\/thumbs_IMG_6325.jpeg\"\n                    width=\"100\"\n                    height=\"75\"\n                    style=\"max-width:100%;\"\n                \/>\n            <\/a>\n        <\/div>\n\t\t\t\t\t\t\t<\/div> \n\t\t\t\n        \n\t\t\t\t<div id=\"ngg-image-13\" class=\"ngg-gallery-thumbnail-box\" >\n\t\t\t\t        <div class=\"ngg-gallery-thumbnail\">\n            <a href=\"http:\/\/www.freimarianne.ch\/wp-content\/gallery\/hemberg-st-peterzell-2-6-20\/IMG_6328.jpeg\"\n               title=\"Hemberg im Zoom\"\n               data-src=\"http:\/\/www.freimarianne.ch\/wp-content\/gallery\/hemberg-st-peterzell-2-6-20\/IMG_6328.jpeg\"\n               data-thumbnail=\"http:\/\/www.freimarianne.ch\/wp-content\/gallery\/hemberg-st-peterzell-2-6-20\/thumbs\/thumbs_IMG_6328.jpeg\"\n               data-image-id=\"22246\"\n               data-title=\"IMG_6328\"\n               data-description=\"Hemberg im Zoom\"\n               data-image-slug=\"img_6328\"\n               class=\"shutterset_40785\">\n                <img\n                    title=\"IMG_6328\"\n                    alt=\"IMG_6328\"\n                    src=\"http:\/\/www.freimarianne.ch\/wp-content\/gallery\/hemberg-st-peterzell-2-6-20\/thumbs\/thumbs_IMG_6328.jpeg\"\n                    width=\"100\"\n                    height=\"75\"\n                    style=\"max-width:100%;\"\n                \/>\n            <\/a>\n        <\/div>\n\t\t\t\t\t\t\t<\/div> \n\t\t\t\n        \n\t\t\t\t<div id=\"ngg-image-14\" class=\"ngg-gallery-thumbnail-box\" >\n\t\t\t\t        <div class=\"ngg-gallery-thumbnail\">\n            <a href=\"http:\/\/www.freimarianne.ch\/wp-content\/gallery\/hemberg-st-peterzell-2-6-20\/IMG_6335.jpeg\"\n               title=\"am Necker\"\n               data-src=\"http:\/\/www.freimarianne.ch\/wp-content\/gallery\/hemberg-st-peterzell-2-6-20\/IMG_6335.jpeg\"\n               data-thumbnail=\"http:\/\/www.freimarianne.ch\/wp-content\/gallery\/hemberg-st-peterzell-2-6-20\/thumbs\/thumbs_IMG_6335.jpeg\"\n               data-image-id=\"22247\"\n               data-title=\"IMG_6335\"\n               data-description=\"am Necker\"\n               data-image-slug=\"img_6335-3\"\n               class=\"shutterset_40785\">\n                <img\n                    title=\"IMG_6335\"\n                    alt=\"IMG_6335\"\n                    src=\"http:\/\/www.freimarianne.ch\/wp-content\/gallery\/hemberg-st-peterzell-2-6-20\/thumbs\/thumbs_IMG_6335.jpeg\"\n                    width=\"100\"\n                    height=\"75\"\n                    style=\"max-width:100%;\"\n                \/>\n            <\/a>\n        <\/div>\n\t\t\t\t\t\t\t<\/div> \n\t\t\t\n        \n\t\t\n\t\t<!-- Pagination -->\n\t<div class='ngg-clear'><\/div>\t<\/div>\n<\/p>\n<p><!-- index.php -->\n<div\n\tclass=\"ngg-galleryoverview ngg-ajax-pagination-none\"\n\tid=\"ngg-gallery-40786-1\">\n\n    \t<div class=\"slideshowlink\">\n        <a href='http:\/\/www.freimarianne.ch\/index.php\/nggallery\/slideshow?page_id=40735'>[Show as slideshow]<\/a>\n\t\t\n\t<\/div>\n\t\t\t<!-- Thumbnails -->\n\t\t\t\t<div id=\"ngg-image-0\" class=\"ngg-gallery-thumbnail-box\" >\n\t\t\t\t        <div class=\"ngg-gallery-thumbnail\">\n            <a href=\"http:\/\/www.freimarianne.ch\/wp-content\/gallery\/hemberg-st-peterzell-peakf-2-6-20\/IMG_1321.jpeg\"\n               title=\"Sicht  auf Hemberg beim Abstieg zur Mistelegg\"\n               data-src=\"http:\/\/www.freimarianne.ch\/wp-content\/gallery\/hemberg-st-peterzell-peakf-2-6-20\/IMG_1321.jpeg\"\n               data-thumbnail=\"http:\/\/www.freimarianne.ch\/wp-content\/gallery\/hemberg-st-peterzell-peakf-2-6-20\/thumbs\/thumbs_IMG_1321.jpeg\"\n               data-image-id=\"22248\"\n               data-title=\"IMG_1321\"\n               data-description=\"Sicht  auf Hemberg beim Abstieg zur Mistelegg\"\n               data-image-slug=\"img_1321-2\"\n               class=\"shutterset_40786\">\n                <img\n                    title=\"IMG_1321\"\n                    alt=\"IMG_1321\"\n                    src=\"http:\/\/www.freimarianne.ch\/wp-content\/gallery\/hemberg-st-peterzell-peakf-2-6-20\/thumbs\/thumbs_IMG_1321.jpeg\"\n                    width=\"100\"\n                    height=\"75\"\n                    style=\"max-width:100%;\"\n                \/>\n            <\/a>\n        <\/div>\n\t\t\t\t\t\t\t<\/div> \n\t\t\t\n        \n\t\t\t\t<div id=\"ngg-image-1\" class=\"ngg-gallery-thumbnail-box\" >\n\t\t\t\t        <div class=\"ngg-gallery-thumbnail\">\n            <a href=\"http:\/\/www.freimarianne.ch\/wp-content\/gallery\/hemberg-st-peterzell-peakf-2-6-20\/IMG_1323.jpeg\"\n               title=\"unser Picknickplatz beim Necker\"\n               data-src=\"http:\/\/www.freimarianne.ch\/wp-content\/gallery\/hemberg-st-peterzell-peakf-2-6-20\/IMG_1323.jpeg\"\n               data-thumbnail=\"http:\/\/www.freimarianne.ch\/wp-content\/gallery\/hemberg-st-peterzell-peakf-2-6-20\/thumbs\/thumbs_IMG_1323.jpeg\"\n               data-image-id=\"22249\"\n               data-title=\"IMG_1323\"\n               data-description=\"unser Picknickplatz beim Necker\"\n               data-image-slug=\"img_1323-5\"\n               class=\"shutterset_40786\">\n                <img\n                    title=\"IMG_1323\"\n                    alt=\"IMG_1323\"\n                    src=\"http:\/\/www.freimarianne.ch\/wp-content\/gallery\/hemberg-st-peterzell-peakf-2-6-20\/thumbs\/thumbs_IMG_1323.jpeg\"\n                    width=\"100\"\n                    height=\"75\"\n                    style=\"max-width:100%;\"\n                \/>\n            <\/a>\n        <\/div>\n\t\t\t\t\t\t\t<\/div> \n\t\t\t\n        \n\t\t\t\t<div id=\"ngg-image-2\" class=\"ngg-gallery-thumbnail-box\" >\n\t\t\t\t        <div class=\"ngg-gallery-thumbnail\">\n            <a href=\"http:\/\/www.freimarianne.ch\/wp-content\/gallery\/hemberg-st-peterzell-peakf-2-6-20\/IMG_1324.jpeg\"\n               title=\"Wiesenpfade\"\n               data-src=\"http:\/\/www.freimarianne.ch\/wp-content\/gallery\/hemberg-st-peterzell-peakf-2-6-20\/IMG_1324.jpeg\"\n               data-thumbnail=\"http:\/\/www.freimarianne.ch\/wp-content\/gallery\/hemberg-st-peterzell-peakf-2-6-20\/thumbs\/thumbs_IMG_1324.jpeg\"\n               data-image-id=\"22250\"\n               data-title=\"IMG_1324\"\n               data-description=\"Wiesenpfade\"\n               data-image-slug=\"img_1324\"\n               class=\"shutterset_40786\">\n                <img\n                    title=\"IMG_1324\"\n                    alt=\"IMG_1324\"\n                    src=\"http:\/\/www.freimarianne.ch\/wp-content\/gallery\/hemberg-st-peterzell-peakf-2-6-20\/thumbs\/thumbs_IMG_1324.jpeg\"\n                    width=\"100\"\n                    height=\"75\"\n                    style=\"max-width:100%;\"\n                \/>\n            <\/a>\n        <\/div>\n\t\t\t\t\t\t\t<\/div> \n\t\t\t\n        \n\t\t\t\t<div id=\"ngg-image-3\" class=\"ngg-gallery-thumbnail-box\" >\n\t\t\t\t        <div class=\"ngg-gallery-thumbnail\">\n            <a href=\"http:\/\/www.freimarianne.ch\/wp-content\/gallery\/hemberg-st-peterzell-peakf-2-6-20\/IMG_1327.jpeg\"\n               title=\"Hemberg im Zoom\"\n               data-src=\"http:\/\/www.freimarianne.ch\/wp-content\/gallery\/hemberg-st-peterzell-peakf-2-6-20\/IMG_1327.jpeg\"\n               data-thumbnail=\"http:\/\/www.freimarianne.ch\/wp-content\/gallery\/hemberg-st-peterzell-peakf-2-6-20\/thumbs\/thumbs_IMG_1327.jpeg\"\n               data-image-id=\"22251\"\n               data-title=\"IMG_1327\"\n               data-description=\"Hemberg im Zoom\"\n               data-image-slug=\"img_1327-4\"\n               class=\"shutterset_40786\">\n                <img\n                    title=\"IMG_1327\"\n                    alt=\"IMG_1327\"\n                    src=\"http:\/\/www.freimarianne.ch\/wp-content\/gallery\/hemberg-st-peterzell-peakf-2-6-20\/thumbs\/thumbs_IMG_1327.jpeg\"\n                    width=\"100\"\n                    height=\"75\"\n                    style=\"max-width:100%;\"\n                \/>\n            <\/a>\n        <\/div>\n\t\t\t\t\t\t\t<\/div> \n\t\t\t\n        \n\t\t\t\t<div id=\"ngg-image-4\" class=\"ngg-gallery-thumbnail-box\" >\n\t\t\t\t        <div class=\"ngg-gallery-thumbnail\">\n            <a href=\"http:\/\/www.freimarianne.ch\/wp-content\/gallery\/hemberg-st-peterzell-peakf-2-6-20\/IMG_1333.jpeg\"\n               title=\"Hochalp bis Hinterfallenchopf\"\n               data-src=\"http:\/\/www.freimarianne.ch\/wp-content\/gallery\/hemberg-st-peterzell-peakf-2-6-20\/IMG_1333.jpeg\"\n               data-thumbnail=\"http:\/\/www.freimarianne.ch\/wp-content\/gallery\/hemberg-st-peterzell-peakf-2-6-20\/thumbs\/thumbs_IMG_1333.jpeg\"\n               data-image-id=\"22252\"\n               data-title=\"IMG_1333\"\n               data-description=\"Hochalp bis Hinterfallenchopf\"\n               data-image-slug=\"img_1333-2\"\n               class=\"shutterset_40786\">\n                <img\n                    title=\"IMG_1333\"\n                    alt=\"IMG_1333\"\n                    src=\"http:\/\/www.freimarianne.ch\/wp-content\/gallery\/hemberg-st-peterzell-peakf-2-6-20\/thumbs\/thumbs_IMG_1333.jpeg\"\n                    width=\"100\"\n                    height=\"75\"\n                    style=\"max-width:100%;\"\n                \/>\n            <\/a>\n        <\/div>\n\t\t\t\t\t\t\t<\/div> \n\t\t\t\n        \n\t\t\t\t<div id=\"ngg-image-5\" class=\"ngg-gallery-thumbnail-box\" >\n\t\t\t\t        <div class=\"ngg-gallery-thumbnail\">\n            <a href=\"http:\/\/www.freimarianne.ch\/wp-content\/gallery\/hemberg-st-peterzell-peakf-2-6-20\/IMG_1334.jpeg\"\n               title=\"Hochhamm und Hundwiler H\u00f6hi\"\n               data-src=\"http:\/\/www.freimarianne.ch\/wp-content\/gallery\/hemberg-st-peterzell-peakf-2-6-20\/IMG_1334.jpeg\"\n               data-thumbnail=\"http:\/\/www.freimarianne.ch\/wp-content\/gallery\/hemberg-st-peterzell-peakf-2-6-20\/thumbs\/thumbs_IMG_1334.jpeg\"\n               data-image-id=\"22253\"\n               data-title=\"IMG_1334\"\n               data-description=\"Hochhamm und Hundwiler H\u00f6hi\"\n               data-image-slug=\"img_1334-2\"\n               class=\"shutterset_40786\">\n                <img\n                    title=\"IMG_1334\"\n                    alt=\"IMG_1334\"\n                    src=\"http:\/\/www.freimarianne.ch\/wp-content\/gallery\/hemberg-st-peterzell-peakf-2-6-20\/thumbs\/thumbs_IMG_1334.jpeg\"\n                    width=\"100\"\n                    height=\"75\"\n                    style=\"max-width:100%;\"\n                \/>\n            <\/a>\n        <\/div>\n\t\t\t\t\t\t\t<\/div> \n\t\t\t\n        \n\t\t\t\t<div id=\"ngg-image-6\" class=\"ngg-gallery-thumbnail-box\" >\n\t\t\t\t        <div class=\"ngg-gallery-thumbnail\">\n            <a href=\"http:\/\/www.freimarianne.ch\/wp-content\/gallery\/hemberg-st-peterzell-peakf-2-6-20\/IMG_1338.jpeg\"\n               title=\"Sicht vom Kronberg bis zum L\u00fctispitz\"\n               data-src=\"http:\/\/www.freimarianne.ch\/wp-content\/gallery\/hemberg-st-peterzell-peakf-2-6-20\/IMG_1338.jpeg\"\n               data-thumbnail=\"http:\/\/www.freimarianne.ch\/wp-content\/gallery\/hemberg-st-peterzell-peakf-2-6-20\/thumbs\/thumbs_IMG_1338.jpeg\"\n               data-image-id=\"22254\"\n               data-title=\"IMG_1338\"\n               data-description=\"Sicht vom Kronberg bis zum L\u00fctispitz\"\n               data-image-slug=\"img_1338-1\"\n               class=\"shutterset_40786\">\n                <img\n                    title=\"IMG_1338\"\n                    alt=\"IMG_1338\"\n                    src=\"http:\/\/www.freimarianne.ch\/wp-content\/gallery\/hemberg-st-peterzell-peakf-2-6-20\/thumbs\/thumbs_IMG_1338.jpeg\"\n                    width=\"100\"\n                    height=\"75\"\n                    style=\"max-width:100%;\"\n                \/>\n            <\/a>\n        <\/div>\n\t\t\t\t\t\t\t<\/div> \n\t\t\t\n        \n\t\t\n\t\t<!-- Pagination -->\n\t<div class='ngg-clear'><\/div>\t<\/div>\n<\/p>\n","protected":false},"excerpt":{"rendered":"<p>Wanderung von Hemberg\u00a0 \u00fcber Mistelegg nach St.Peterzell Wieder sind wir unterwegs in der Ostschweiz und pendeln zwischen den Kantonen St.Gallen und Appenzell AR hin und her. Wir beginnen um 9.30h unsere Wanderung in Hemberg 945m, das auf einem Bergr\u00fccken liegt und eine sch\u00f6ne Aussicht auf den S\u00e4ntis bietet. Wir besichtigen das Dorf und machen uns [&hellip;]<\/p>\n","protected":false},"author":1,"featured_media":0,"parent":40733,"menu_order":1,"comment_status":"closed","ping_status":"closed","template":"","meta":{"ngg_post_thumbnail":0},"_links":{"self":[{"href":"http:\/\/www.freimarianne.ch\/index.php?rest_route=\/wp\/v2\/pages\/40735"}],"collection":[{"href":"http:\/\/www.freimarianne.ch\/index.php?rest_route=\/wp\/v2\/pages"}],"about":[{"href":"http:\/\/www.freimarianne.ch\/index.php?rest_route=\/wp\/v2\/types\/page"}],"author":[{"embeddable":true,"href":"http:\/\/www.freimarianne.ch\/index.php?rest_route=\/wp\/v2\/users\/1"}],"replies":[{"embeddable":true,"href":"http:\/\/www.freimarianne.ch\/index.php?rest_route=%2Fwp%2Fv2%2Fcomments&post=40735"}],"version-history":[{"count":4,"href":"http:\/\/www.freimarianne.ch\/index.php?rest_route=\/wp\/v2\/pages\/40735\/revisions"}],"predecessor-version":[{"id":40789,"href":"http:\/\/www.freimarianne.ch\/index.php?rest_route=\/wp\/v2\/pages\/40735\/revisions\/40789"}],"up":[{"embeddable":true,"href":"http:\/\/www.freimarianne.ch\/index.php?rest_route=\/wp\/v2\/pages\/40733"}],"wp:attachment":[{"href":"http:\/\/www.freimarianne.ch\/index.php?rest_route=%2Fwp%2Fv2%2Fmedia&parent=40735"}],"curies":[{"name":"wp","href":"https:\/\/api.w.org\/{rel}","templated":true}]}}