{"id":47122,"date":"2021-01-26T11:17:26","date_gmt":"2021-01-26T10:17:26","guid":{"rendered":"http:\/\/www.freimarianne.ch\/?page_id=47122"},"modified":"2021-01-26T15:57:38","modified_gmt":"2021-01-26T14:57:38","slug":"einsiedeln-sz-21-1-2021","status":"publish","type":"page","link":"http:\/\/www.freimarianne.ch\/?page_id=47122","title":{"rendered":"Einsiedeln    SZ  21.1.2021"},"content":{"rendered":"<p><strong>Winterwanderung in Einsiedeln<\/strong><\/p>\n<p><img loading=\"lazy\" class=\"size-full wp-image-47109\" src=\"http:\/\/www.freimarianne.ch\/wp-content\/uploads\/2021\/01\/IMG_1156_einsied_500.jpeg\" alt=\"\" width=\"500\" height=\"364\" srcset=\"http:\/\/www.freimarianne.ch\/wp-content\/uploads\/2021\/01\/IMG_1156_einsied_500.jpeg 500w, http:\/\/www.freimarianne.ch\/wp-content\/uploads\/2021\/01\/IMG_1156_einsied_500-300x218.jpeg 300w, http:\/\/www.freimarianne.ch\/wp-content\/uploads\/2021\/01\/IMG_1156_einsied_500-412x300.jpeg 412w\" sizes=\"(max-width: 500px) 100vw, 500px\" \/><br \/>\nBlick zur\u00fcck auf Badanstalt<\/p>\n<p>Auch heute ist der Wetterbericht durchzogen.<br \/>\nIch m\u00f6chte zuerst die Winterstimmung im Schmerikon am Z\u00fcrichsee erleben, die mich am 19.1. auf der Durchfahrt begeistert hat.<br \/>\nIn Schmerikon scheint zwar die Sonne aber das Eis auf dem See ist bereits geschmolzen. Der Uferweg hingegen ist total vereist.<br \/>\nMit dem n\u00e4chsten Zug fahre ich um 10.47h nach Einsiedeln, wo ich den Winterwanderweg erkunden m\u00f6chte.<br \/>\nIch habe geh\u00f6rt, dass man die Winterwanderung erst bei der Badeanstalt anfangen sollte. So steige ich in den Bus 552.<br \/>\nIch habe nicht damit gerechnet, dass der Bus zuerst \u00fcber die Br\u00fccke nach Willerzell und dann noch nach Egg f\u00e4hrt !<br \/>\nDie lange Busfahrt durch die Wnterlandschaft st aber sehr sch\u00f6n!<\/p>\n<p>Um 11.51h bin ich dann bei der Haltestelle Badeanstalt und kann gleich in den Wanderweg einsteigen, der durch das Moorgebiet Allmig f\u00fchrt, das wundersch\u00f6n ist. Ich geniesse den Sonnenschein und das Panorama.<br \/>\nBei der Wegverzweigung gehe ich noch eine Weile weiter Richtung Roblosen. Da ich aber nicht sehe, wohin der Weg f\u00fchren wird, da er auf der Karte nicht eingezeichnet ist, kehre ich wieder um und wandere durch das pr\u00e4chtige Gebiet hin\u00fcber gegen Tiefenbr\u00fcggli. Leider muss ich feststellen, dass nun der Winterwanderweg auf der aperen Autostrasse \u00fcber Galgenchappeli bis zum Bahnhot auf Strassen verl\u00e4uft, was ein Frust ist.<br \/>\nUm 14.24h nehme ich den Zug nach W\u00e4denswil.<\/p>\n<p>Diese Wanderung ist also nicht empfehlenswert. Aber der Abschnitt im Moorgebiet Allmig ist sehr sch\u00f6n.<\/p>\n<p><a href=\"https:\/\/map.schweizmobil.ch\/?lang=de&amp;photos=yes&amp;bgLayer=pk&amp;logo=yes&amp;season=winter&amp;resolution=10&amp;E=2700258&amp;N=1222224&amp;layers=Winterhiking\">Schweizmobil:Einsiedeln No.555<\/a><\/p>\n<p><!-- index.php -->\n<div\n\tclass=\"ngg-galleryoverview ngg-ajax-pagination-none\"\n\tid=\"ngg-gallery-47327-1\">\n\n    \t<div class=\"slideshowlink\">\n        <a href='http:\/\/www.freimarianne.ch\/index.php\/nggallery\/slideshow?page_id=47122'>[Show as slideshow]<\/a>\n\t\t\n\t<\/div>\n\t\t\t<!-- Thumbnails -->\n\t\t\t\t<div id=\"ngg-image-0\" class=\"ngg-gallery-thumbnail-box\" >\n\t\t\t\t        <div class=\"ngg-gallery-thumbnail\">\n            <a href=\"http:\/\/www.freimarianne.ch\/wp-content\/gallery\/einsiedeln-21-1-21\/IMG_1122.jpeg\"\n               title=\"in Schmerikon am Z\u00fcrcher Obersee\"\n               data-src=\"http:\/\/www.freimarianne.ch\/wp-content\/gallery\/einsiedeln-21-1-21\/IMG_1122.jpeg\"\n               data-thumbnail=\"http:\/\/www.freimarianne.ch\/wp-content\/gallery\/einsiedeln-21-1-21\/thumbs\/thumbs_IMG_1122.jpeg\"\n               data-image-id=\"24930\"\n               data-title=\"IMG_1122\"\n               data-description=\"in Schmerikon am Z\u00fcrcher Obersee\"\n               data-image-slug=\"img_1122-3\"\n               class=\"shutterset_47327\">\n                <img\n                    title=\"IMG_1122\"\n                    alt=\"IMG_1122\"\n                    src=\"http:\/\/www.freimarianne.ch\/wp-content\/gallery\/einsiedeln-21-1-21\/thumbs\/thumbs_IMG_1122.jpeg\"\n                    width=\"100\"\n                    height=\"75\"\n                    style=\"max-width:100%;\"\n                \/>\n            <\/a>\n        <\/div>\n\t\t\t\t\t\t\t<\/div> \n\t\t\t\n        \n\t\t\t\t<div id=\"ngg-image-1\" class=\"ngg-gallery-thumbnail-box\" >\n\t\t\t\t        <div class=\"ngg-gallery-thumbnail\">\n            <a href=\"http:\/\/www.freimarianne.ch\/wp-content\/gallery\/einsiedeln-21-1-21\/IMG_1127.jpeg\"\n               title=\"in Schmerikon am Z\u00fcrcher Obersee\"\n               data-src=\"http:\/\/www.freimarianne.ch\/wp-content\/gallery\/einsiedeln-21-1-21\/IMG_1127.jpeg\"\n               data-thumbnail=\"http:\/\/www.freimarianne.ch\/wp-content\/gallery\/einsiedeln-21-1-21\/thumbs\/thumbs_IMG_1127.jpeg\"\n               data-image-id=\"24929\"\n               data-title=\"IMG_1127\"\n               data-description=\"in Schmerikon am Z\u00fcrcher Obersee\"\n               data-image-slug=\"img_1127-1\"\n               class=\"shutterset_47327\">\n                <img\n                    title=\"IMG_1127\"\n                    alt=\"IMG_1127\"\n                    src=\"http:\/\/www.freimarianne.ch\/wp-content\/gallery\/einsiedeln-21-1-21\/thumbs\/thumbs_IMG_1127.jpeg\"\n                    width=\"100\"\n                    height=\"75\"\n                    style=\"max-width:100%;\"\n                \/>\n            <\/a>\n        <\/div>\n\t\t\t\t\t\t\t<\/div> \n\t\t\t\n        \n\t\t\t\t<div id=\"ngg-image-2\" class=\"ngg-gallery-thumbnail-box\" >\n\t\t\t\t        <div class=\"ngg-gallery-thumbnail\">\n            <a href=\"http:\/\/www.freimarianne.ch\/wp-content\/gallery\/einsiedeln-21-1-21\/IMG_1132.jpeg\"\n               title=\"in Schmerikon am Z\u00fcrcher Obersee\"\n               data-src=\"http:\/\/www.freimarianne.ch\/wp-content\/gallery\/einsiedeln-21-1-21\/IMG_1132.jpeg\"\n               data-thumbnail=\"http:\/\/www.freimarianne.ch\/wp-content\/gallery\/einsiedeln-21-1-21\/thumbs\/thumbs_IMG_1132.jpeg\"\n               data-image-id=\"24928\"\n               data-title=\"IMG_1132\"\n               data-description=\"in Schmerikon am Z\u00fcrcher Obersee\"\n               data-image-slug=\"img_1132-3\"\n               class=\"shutterset_47327\">\n                <img\n                    title=\"IMG_1132\"\n                    alt=\"IMG_1132\"\n                    src=\"http:\/\/www.freimarianne.ch\/wp-content\/gallery\/einsiedeln-21-1-21\/thumbs\/thumbs_IMG_1132.jpeg\"\n                    width=\"100\"\n                    height=\"75\"\n                    style=\"max-width:100%;\"\n                \/>\n            <\/a>\n        <\/div>\n\t\t\t\t\t\t\t<\/div> \n\t\t\t\n        \n\t\t\t\t<div id=\"ngg-image-3\" class=\"ngg-gallery-thumbnail-box\" >\n\t\t\t\t        <div class=\"ngg-gallery-thumbnail\">\n            <a href=\"http:\/\/www.freimarianne.ch\/wp-content\/gallery\/einsiedeln-21-1-21\/IMG_1156.jpeg\"\n               title=\"Blick zur\u00fcck auf Bad\"\n               data-src=\"http:\/\/www.freimarianne.ch\/wp-content\/gallery\/einsiedeln-21-1-21\/IMG_1156.jpeg\"\n               data-thumbnail=\"http:\/\/www.freimarianne.ch\/wp-content\/gallery\/einsiedeln-21-1-21\/thumbs\/thumbs_IMG_1156.jpeg\"\n               data-image-id=\"24927\"\n               data-title=\"IMG_1156\"\n               data-description=\"Blick zur\u00fcck auf Bad\"\n               data-image-slug=\"img_1156-2\"\n               class=\"shutterset_47327\">\n                <img\n                    title=\"IMG_1156\"\n                    alt=\"IMG_1156\"\n                    src=\"http:\/\/www.freimarianne.ch\/wp-content\/gallery\/einsiedeln-21-1-21\/thumbs\/thumbs_IMG_1156.jpeg\"\n                    width=\"100\"\n                    height=\"75\"\n                    style=\"max-width:100%;\"\n                \/>\n            <\/a>\n        <\/div>\n\t\t\t\t\t\t\t<\/div> \n\t\t\t\n        \n\t\t\t\t<div id=\"ngg-image-4\" class=\"ngg-gallery-thumbnail-box\" >\n\t\t\t\t        <div class=\"ngg-gallery-thumbnail\">\n            <a href=\"http:\/\/www.freimarianne.ch\/wp-content\/gallery\/einsiedeln-21-1-21\/IMG_1157.jpeg\"\n               title=\"Blick zu den beiden Mythen\"\n               data-src=\"http:\/\/www.freimarianne.ch\/wp-content\/gallery\/einsiedeln-21-1-21\/IMG_1157.jpeg\"\n               data-thumbnail=\"http:\/\/www.freimarianne.ch\/wp-content\/gallery\/einsiedeln-21-1-21\/thumbs\/thumbs_IMG_1157.jpeg\"\n               data-image-id=\"24926\"\n               data-title=\"IMG_1157\"\n               data-description=\"Blick zu den beiden Mythen\"\n               data-image-slug=\"img_1157\"\n               class=\"shutterset_47327\">\n                <img\n                    title=\"IMG_1157\"\n                    alt=\"IMG_1157\"\n                    src=\"http:\/\/www.freimarianne.ch\/wp-content\/gallery\/einsiedeln-21-1-21\/thumbs\/thumbs_IMG_1157.jpeg\"\n                    width=\"100\"\n                    height=\"75\"\n                    style=\"max-width:100%;\"\n                \/>\n            <\/a>\n        <\/div>\n\t\t\t\t\t\t\t<\/div> \n\t\t\t\n        \n\t\t\t\t<div id=\"ngg-image-5\" class=\"ngg-gallery-thumbnail-box\" >\n\t\t\t\t        <div class=\"ngg-gallery-thumbnail\">\n            <a href=\"http:\/\/www.freimarianne.ch\/wp-content\/gallery\/einsiedeln-21-1-21\/IMG_1161.jpeg\"\n               title=\"im Moorgebiet Allmig;\"\n               data-src=\"http:\/\/www.freimarianne.ch\/wp-content\/gallery\/einsiedeln-21-1-21\/IMG_1161.jpeg\"\n               data-thumbnail=\"http:\/\/www.freimarianne.ch\/wp-content\/gallery\/einsiedeln-21-1-21\/thumbs\/thumbs_IMG_1161.jpeg\"\n               data-image-id=\"24925\"\n               data-title=\"IMG_1161\"\n               data-description=\"im Moorgebiet Allmig;\"\n               data-image-slug=\"img_1161-3\"\n               class=\"shutterset_47327\">\n                <img\n                    title=\"IMG_1161\"\n                    alt=\"IMG_1161\"\n                    src=\"http:\/\/www.freimarianne.ch\/wp-content\/gallery\/einsiedeln-21-1-21\/thumbs\/thumbs_IMG_1161.jpeg\"\n                    width=\"100\"\n                    height=\"75\"\n                    style=\"max-width:100%;\"\n                \/>\n            <\/a>\n        <\/div>\n\t\t\t\t\t\t\t<\/div> \n\t\t\t\n        \n\t\t\t\t<div id=\"ngg-image-6\" class=\"ngg-gallery-thumbnail-box\" >\n\t\t\t\t        <div class=\"ngg-gallery-thumbnail\">\n            <a href=\"http:\/\/www.freimarianne.ch\/wp-content\/gallery\/einsiedeln-21-1-21\/IMG_1166.jpeg\"\n               title=\"im Moorgebiet Allmig;\"\n               data-src=\"http:\/\/www.freimarianne.ch\/wp-content\/gallery\/einsiedeln-21-1-21\/IMG_1166.jpeg\"\n               data-thumbnail=\"http:\/\/www.freimarianne.ch\/wp-content\/gallery\/einsiedeln-21-1-21\/thumbs\/thumbs_IMG_1166.jpeg\"\n               data-image-id=\"24924\"\n               data-title=\"IMG_1166\"\n               data-description=\"im Moorgebiet Allmig;\"\n               data-image-slug=\"img_1166-1\"\n               class=\"shutterset_47327\">\n                <img\n                    title=\"IMG_1166\"\n                    alt=\"IMG_1166\"\n                    src=\"http:\/\/www.freimarianne.ch\/wp-content\/gallery\/einsiedeln-21-1-21\/thumbs\/thumbs_IMG_1166.jpeg\"\n                    width=\"100\"\n                    height=\"75\"\n                    style=\"max-width:100%;\"\n                \/>\n            <\/a>\n        <\/div>\n\t\t\t\t\t\t\t<\/div> \n\t\t\t\n        \n\t\t\t\t<div id=\"ngg-image-7\" class=\"ngg-gallery-thumbnail-box\" >\n\t\t\t\t        <div class=\"ngg-gallery-thumbnail\">\n            <a href=\"http:\/\/www.freimarianne.ch\/wp-content\/gallery\/einsiedeln-21-1-21\/IMG_1167.jpeg\"\n               title=\"im Moorgebiet Allmig;\"\n               data-src=\"http:\/\/www.freimarianne.ch\/wp-content\/gallery\/einsiedeln-21-1-21\/IMG_1167.jpeg\"\n               data-thumbnail=\"http:\/\/www.freimarianne.ch\/wp-content\/gallery\/einsiedeln-21-1-21\/thumbs\/thumbs_IMG_1167.jpeg\"\n               data-image-id=\"24923\"\n               data-title=\"IMG_1167\"\n               data-description=\"im Moorgebiet Allmig;\"\n               data-image-slug=\"img_1167-6\"\n               class=\"shutterset_47327\">\n                <img\n                    title=\"IMG_1167\"\n                    alt=\"IMG_1167\"\n                    src=\"http:\/\/www.freimarianne.ch\/wp-content\/gallery\/einsiedeln-21-1-21\/thumbs\/thumbs_IMG_1167.jpeg\"\n                    width=\"100\"\n                    height=\"75\"\n                    style=\"max-width:100%;\"\n                \/>\n            <\/a>\n        <\/div>\n\t\t\t\t\t\t\t<\/div> \n\t\t\t\n        \n\t\t\t\t<div id=\"ngg-image-8\" class=\"ngg-gallery-thumbnail-box\" >\n\t\t\t\t        <div class=\"ngg-gallery-thumbnail\">\n            <a href=\"http:\/\/www.freimarianne.ch\/wp-content\/gallery\/einsiedeln-21-1-21\/IMG_1168.jpeg\"\n               title=\"im Moorgebiet Allmig;\"\n               data-src=\"http:\/\/www.freimarianne.ch\/wp-content\/gallery\/einsiedeln-21-1-21\/IMG_1168.jpeg\"\n               data-thumbnail=\"http:\/\/www.freimarianne.ch\/wp-content\/gallery\/einsiedeln-21-1-21\/thumbs\/thumbs_IMG_1168.jpeg\"\n               data-image-id=\"24922\"\n               data-title=\"IMG_1168\"\n               data-description=\"im Moorgebiet Allmig;\"\n               data-image-slug=\"img_1168-2\"\n               class=\"shutterset_47327\">\n                <img\n                    title=\"IMG_1168\"\n                    alt=\"IMG_1168\"\n                    src=\"http:\/\/www.freimarianne.ch\/wp-content\/gallery\/einsiedeln-21-1-21\/thumbs\/thumbs_IMG_1168.jpeg\"\n                    width=\"100\"\n                    height=\"75\"\n                    style=\"max-width:100%;\"\n                \/>\n            <\/a>\n        <\/div>\n\t\t\t\t\t\t\t<\/div> \n\t\t\t\n        \n\t\t\t\t<div id=\"ngg-image-9\" class=\"ngg-gallery-thumbnail-box\" >\n\t\t\t\t        <div class=\"ngg-gallery-thumbnail\">\n            <a href=\"http:\/\/www.freimarianne.ch\/wp-content\/gallery\/einsiedeln-21-1-21\/IMG_1170.jpeg\"\n               title=\"im Moorgebiet Allmig;  Loipe\"\n               data-src=\"http:\/\/www.freimarianne.ch\/wp-content\/gallery\/einsiedeln-21-1-21\/IMG_1170.jpeg\"\n               data-thumbnail=\"http:\/\/www.freimarianne.ch\/wp-content\/gallery\/einsiedeln-21-1-21\/thumbs\/thumbs_IMG_1170.jpeg\"\n               data-image-id=\"24921\"\n               data-title=\"IMG_1170\"\n               data-description=\"im Moorgebiet Allmig;  Loipe\"\n               data-image-slug=\"img_1170-2\"\n               class=\"shutterset_47327\">\n                <img\n                    title=\"IMG_1170\"\n                    alt=\"IMG_1170\"\n                    src=\"http:\/\/www.freimarianne.ch\/wp-content\/gallery\/einsiedeln-21-1-21\/thumbs\/thumbs_IMG_1170.jpeg\"\n                    width=\"100\"\n                    height=\"75\"\n                    style=\"max-width:100%;\"\n                \/>\n            <\/a>\n        <\/div>\n\t\t\t\t\t\t\t<\/div> \n\t\t\t\n        \n\t\t\t\t<div id=\"ngg-image-10\" class=\"ngg-gallery-thumbnail-box\" >\n\t\t\t\t        <div class=\"ngg-gallery-thumbnail\">\n            <a href=\"http:\/\/www.freimarianne.ch\/wp-content\/gallery\/einsiedeln-21-1-21\/IMG_1171.jpeg\"\n               title=\"im Moorgebiet Allmig;\"\n               data-src=\"http:\/\/www.freimarianne.ch\/wp-content\/gallery\/einsiedeln-21-1-21\/IMG_1171.jpeg\"\n               data-thumbnail=\"http:\/\/www.freimarianne.ch\/wp-content\/gallery\/einsiedeln-21-1-21\/thumbs\/thumbs_IMG_1171.jpeg\"\n               data-image-id=\"24920\"\n               data-title=\"IMG_1171\"\n               data-description=\"im Moorgebiet Allmig;\"\n               data-image-slug=\"img_1171\"\n               class=\"shutterset_47327\">\n                <img\n                    title=\"IMG_1171\"\n                    alt=\"IMG_1171\"\n                    src=\"http:\/\/www.freimarianne.ch\/wp-content\/gallery\/einsiedeln-21-1-21\/thumbs\/thumbs_IMG_1171.jpeg\"\n                    width=\"100\"\n                    height=\"75\"\n                    style=\"max-width:100%;\"\n                \/>\n            <\/a>\n        <\/div>\n\t\t\t\t\t\t\t<\/div> \n\t\t\t\n        \n\t\t\t\t<div id=\"ngg-image-11\" class=\"ngg-gallery-thumbnail-box\" >\n\t\t\t\t        <div class=\"ngg-gallery-thumbnail\">\n            <a href=\"http:\/\/www.freimarianne.ch\/wp-content\/gallery\/einsiedeln-21-1-21\/IMG_1174.jpeg\"\n               title=\"im Moorgebiet Allmig;\"\n               data-src=\"http:\/\/www.freimarianne.ch\/wp-content\/gallery\/einsiedeln-21-1-21\/IMG_1174.jpeg\"\n               data-thumbnail=\"http:\/\/www.freimarianne.ch\/wp-content\/gallery\/einsiedeln-21-1-21\/thumbs\/thumbs_IMG_1174.jpeg\"\n               data-image-id=\"24919\"\n               data-title=\"IMG_1174\"\n               data-description=\"im Moorgebiet Allmig;\"\n               data-image-slug=\"img_1174-3\"\n               class=\"shutterset_47327\">\n                <img\n                    title=\"IMG_1174\"\n                    alt=\"IMG_1174\"\n                    src=\"http:\/\/www.freimarianne.ch\/wp-content\/gallery\/einsiedeln-21-1-21\/thumbs\/thumbs_IMG_1174.jpeg\"\n                    width=\"100\"\n                    height=\"75\"\n                    style=\"max-width:100%;\"\n                \/>\n            <\/a>\n        <\/div>\n\t\t\t\t\t\t\t<\/div> \n\t\t\t\n        \n\t\t\t\t<div id=\"ngg-image-12\" class=\"ngg-gallery-thumbnail-box\" >\n\t\t\t\t        <div class=\"ngg-gallery-thumbnail\">\n            <a href=\"http:\/\/www.freimarianne.ch\/wp-content\/gallery\/einsiedeln-21-1-21\/IMG_1175.jpeg\"\n               title=\"im Moorgebiet Allmig;\"\n               data-src=\"http:\/\/www.freimarianne.ch\/wp-content\/gallery\/einsiedeln-21-1-21\/IMG_1175.jpeg\"\n               data-thumbnail=\"http:\/\/www.freimarianne.ch\/wp-content\/gallery\/einsiedeln-21-1-21\/thumbs\/thumbs_IMG_1175.jpeg\"\n               data-image-id=\"24918\"\n               data-title=\"IMG_1175\"\n               data-description=\"im Moorgebiet Allmig;\"\n               data-image-slug=\"img_1175-3\"\n               class=\"shutterset_47327\">\n                <img\n                    title=\"IMG_1175\"\n                    alt=\"IMG_1175\"\n                    src=\"http:\/\/www.freimarianne.ch\/wp-content\/gallery\/einsiedeln-21-1-21\/thumbs\/thumbs_IMG_1175.jpeg\"\n                    width=\"100\"\n                    height=\"75\"\n                    style=\"max-width:100%;\"\n                \/>\n            <\/a>\n        <\/div>\n\t\t\t\t\t\t\t<\/div> \n\t\t\t\n        \n\t\t\t\t<div id=\"ngg-image-13\" class=\"ngg-gallery-thumbnail-box\" >\n\t\t\t\t        <div class=\"ngg-gallery-thumbnail\">\n            <a href=\"http:\/\/www.freimarianne.ch\/wp-content\/gallery\/einsiedeln-21-1-21\/IMG_1177.jpeg\"\n               title=\"Panorama; Gross Aubrig 1695m, Chli Aubrig 1695m, Vrenelisg\u00e4rtli; Gl\u00e4rnisch\"\n               data-src=\"http:\/\/www.freimarianne.ch\/wp-content\/gallery\/einsiedeln-21-1-21\/IMG_1177.jpeg\"\n               data-thumbnail=\"http:\/\/www.freimarianne.ch\/wp-content\/gallery\/einsiedeln-21-1-21\/thumbs\/thumbs_IMG_1177.jpeg\"\n               data-image-id=\"24917\"\n               data-title=\"IMG_1177\"\n               data-description=\"Panorama; Gross Aubrig 1695m, Chli Aubrig 1695m, Vrenelisg\u00e4rtli; Gl\u00e4rnisch\"\n               data-image-slug=\"img_1177-1\"\n               class=\"shutterset_47327\">\n                <img\n                    title=\"IMG_1177\"\n                    alt=\"IMG_1177\"\n                    src=\"http:\/\/www.freimarianne.ch\/wp-content\/gallery\/einsiedeln-21-1-21\/thumbs\/thumbs_IMG_1177.jpeg\"\n                    width=\"100\"\n                    height=\"75\"\n                    style=\"max-width:100%;\"\n                \/>\n            <\/a>\n        <\/div>\n\t\t\t\t\t\t\t<\/div> \n\t\t\t\n        \n\t\t\n\t\t<!-- Pagination -->\n\t<div class='ngg-clear'><\/div>\t<\/div>\n<\/p>\n<p><!-- index.php -->\n<div\n\tclass=\"ngg-galleryoverview ngg-ajax-pagination-none\"\n\tid=\"ngg-gallery-47328-1\">\n\n    \t<div class=\"slideshowlink\">\n        <a href='http:\/\/www.freimarianne.ch\/index.php\/nggallery\/slideshow?page_id=47122'>[Show as slideshow]<\/a>\n\t\t\n\t<\/div>\n\t\t\t<!-- Thumbnails -->\n\t\t\t\t<div id=\"ngg-image-0\" class=\"ngg-gallery-thumbnail-box\" >\n\t\t\t\t        <div class=\"ngg-gallery-thumbnail\">\n            <a href=\"http:\/\/www.freimarianne.ch\/wp-content\/gallery\/einsiedeln-iph-21-1-21\/IMG_5247.jpeg\"\n               title=\"auf den WIWAWE\"\n               data-src=\"http:\/\/www.freimarianne.ch\/wp-content\/gallery\/einsiedeln-iph-21-1-21\/IMG_5247.jpeg\"\n               data-thumbnail=\"http:\/\/www.freimarianne.ch\/wp-content\/gallery\/einsiedeln-iph-21-1-21\/thumbs\/thumbs_IMG_5247.jpeg\"\n               data-image-id=\"24946\"\n               data-title=\"IMG_5247\"\n               data-description=\"auf den WIWAWE\"\n               data-image-slug=\"img_5247-4\"\n               class=\"shutterset_47328\">\n                <img\n                    title=\"IMG_5247\"\n                    alt=\"IMG_5247\"\n                    src=\"http:\/\/www.freimarianne.ch\/wp-content\/gallery\/einsiedeln-iph-21-1-21\/thumbs\/thumbs_IMG_5247.jpeg\"\n                    width=\"100\"\n                    height=\"75\"\n                    style=\"max-width:100%;\"\n                \/>\n            <\/a>\n        <\/div>\n\t\t\t\t\t\t\t<\/div> \n\t\t\t\n        \n\t\t\t\t<div id=\"ngg-image-1\" class=\"ngg-gallery-thumbnail-box\" >\n\t\t\t\t        <div class=\"ngg-gallery-thumbnail\">\n            <a href=\"http:\/\/www.freimarianne.ch\/wp-content\/gallery\/einsiedeln-iph-21-1-21\/IMG_5249.jpeg\"\n               title=\"\u00fcber die weite Ebene\"\n               data-src=\"http:\/\/www.freimarianne.ch\/wp-content\/gallery\/einsiedeln-iph-21-1-21\/IMG_5249.jpeg\"\n               data-thumbnail=\"http:\/\/www.freimarianne.ch\/wp-content\/gallery\/einsiedeln-iph-21-1-21\/thumbs\/thumbs_IMG_5249.jpeg\"\n               data-image-id=\"24945\"\n               data-title=\"IMG_5249\"\n               data-description=\"\u00fcber die weite Ebene\"\n               data-image-slug=\"img_5249-5\"\n               class=\"shutterset_47328\">\n                <img\n                    title=\"IMG_5249\"\n                    alt=\"IMG_5249\"\n                    src=\"http:\/\/www.freimarianne.ch\/wp-content\/gallery\/einsiedeln-iph-21-1-21\/thumbs\/thumbs_IMG_5249.jpeg\"\n                    width=\"100\"\n                    height=\"75\"\n                    style=\"max-width:100%;\"\n                \/>\n            <\/a>\n        <\/div>\n\t\t\t\t\t\t\t<\/div> \n\t\t\t\n        \n\t\t\t\t<div id=\"ngg-image-2\" class=\"ngg-gallery-thumbnail-box\" >\n\t\t\t\t        <div class=\"ngg-gallery-thumbnail\">\n            <a href=\"http:\/\/www.freimarianne.ch\/wp-content\/gallery\/einsiedeln-iph-21-1-21\/IMG_5250.jpeg\"\n               title=\"Panorama; Gross Aubrig 1695m, Chli Aubrig 1695m, Mutteristock 2295m, Diethelm 2093m\"\n               data-src=\"http:\/\/www.freimarianne.ch\/wp-content\/gallery\/einsiedeln-iph-21-1-21\/IMG_5250.jpeg\"\n               data-thumbnail=\"http:\/\/www.freimarianne.ch\/wp-content\/gallery\/einsiedeln-iph-21-1-21\/thumbs\/thumbs_IMG_5250.jpeg\"\n               data-image-id=\"24944\"\n               data-title=\"IMG_5250\"\n               data-description=\"Panorama; Gross Aubrig 1695m, Chli Aubrig 1695m, Mutteristock 2295m, Diethelm 2093m\"\n               data-image-slug=\"img_5250-2\"\n               class=\"shutterset_47328\">\n                <img\n                    title=\"IMG_5250\"\n                    alt=\"IMG_5250\"\n                    src=\"http:\/\/www.freimarianne.ch\/wp-content\/gallery\/einsiedeln-iph-21-1-21\/thumbs\/thumbs_IMG_5250.jpeg\"\n                    width=\"100\"\n                    height=\"75\"\n                    style=\"max-width:100%;\"\n                \/>\n            <\/a>\n        <\/div>\n\t\t\t\t\t\t\t<\/div> \n\t\t\t\n        \n\t\t\t\t<div id=\"ngg-image-3\" class=\"ngg-gallery-thumbnail-box\" >\n\t\t\t\t        <div class=\"ngg-gallery-thumbnail\">\n            <a href=\"http:\/\/www.freimarianne.ch\/wp-content\/gallery\/einsiedeln-iph-21-1-21\/IMG_5251.jpeg\"\n               title=\"Gl\u00e4rnisch, Diethelm\"\n               data-src=\"http:\/\/www.freimarianne.ch\/wp-content\/gallery\/einsiedeln-iph-21-1-21\/IMG_5251.jpeg\"\n               data-thumbnail=\"http:\/\/www.freimarianne.ch\/wp-content\/gallery\/einsiedeln-iph-21-1-21\/thumbs\/thumbs_IMG_5251.jpeg\"\n               data-image-id=\"24943\"\n               data-title=\"IMG_5251\"\n               data-description=\"Gl\u00e4rnisch, Diethelm\"\n               data-image-slug=\"img_5251-7\"\n               class=\"shutterset_47328\">\n                <img\n                    title=\"IMG_5251\"\n                    alt=\"IMG_5251\"\n                    src=\"http:\/\/www.freimarianne.ch\/wp-content\/gallery\/einsiedeln-iph-21-1-21\/thumbs\/thumbs_IMG_5251.jpeg\"\n                    width=\"100\"\n                    height=\"75\"\n                    style=\"max-width:100%;\"\n                \/>\n            <\/a>\n        <\/div>\n\t\t\t\t\t\t\t<\/div> \n\t\t\t\n        \n\t\t\t\t<div id=\"ngg-image-4\" class=\"ngg-gallery-thumbnail-box\" >\n\t\t\t\t        <div class=\"ngg-gallery-thumbnail\">\n            <a href=\"http:\/\/www.freimarianne.ch\/wp-content\/gallery\/einsiedeln-iph-21-1-21\/IMG_5253.jpeg\"\n               title=\"Moorgebiet  Allmig\"\n               data-src=\"http:\/\/www.freimarianne.ch\/wp-content\/gallery\/einsiedeln-iph-21-1-21\/IMG_5253.jpeg\"\n               data-thumbnail=\"http:\/\/www.freimarianne.ch\/wp-content\/gallery\/einsiedeln-iph-21-1-21\/thumbs\/thumbs_IMG_5253.jpeg\"\n               data-image-id=\"24942\"\n               data-title=\"IMG_5253\"\n               data-description=\"Moorgebiet  Allmig\"\n               data-image-slug=\"img_5253-3\"\n               class=\"shutterset_47328\">\n                <img\n                    title=\"IMG_5253\"\n                    alt=\"IMG_5253\"\n                    src=\"http:\/\/www.freimarianne.ch\/wp-content\/gallery\/einsiedeln-iph-21-1-21\/thumbs\/thumbs_IMG_5253.jpeg\"\n                    width=\"100\"\n                    height=\"75\"\n                    style=\"max-width:100%;\"\n                \/>\n            <\/a>\n        <\/div>\n\t\t\t\t\t\t\t<\/div> \n\t\t\t\n        \n\t\t\t\t<div id=\"ngg-image-5\" class=\"ngg-gallery-thumbnail-box\" >\n\t\t\t\t        <div class=\"ngg-gallery-thumbnail\">\n            <a href=\"http:\/\/www.freimarianne.ch\/wp-content\/gallery\/einsiedeln-iph-21-1-21\/IMG_5254.jpeg\"\n               title=\"Moorgebiet  Allmig\"\n               data-src=\"http:\/\/www.freimarianne.ch\/wp-content\/gallery\/einsiedeln-iph-21-1-21\/IMG_5254.jpeg\"\n               data-thumbnail=\"http:\/\/www.freimarianne.ch\/wp-content\/gallery\/einsiedeln-iph-21-1-21\/thumbs\/thumbs_IMG_5254.jpeg\"\n               data-image-id=\"24941\"\n               data-title=\"IMG_5254\"\n               data-description=\"Moorgebiet  Allmig\"\n               data-image-slug=\"img_5254-4\"\n               class=\"shutterset_47328\">\n                <img\n                    title=\"IMG_5254\"\n                    alt=\"IMG_5254\"\n                    src=\"http:\/\/www.freimarianne.ch\/wp-content\/gallery\/einsiedeln-iph-21-1-21\/thumbs\/thumbs_IMG_5254.jpeg\"\n                    width=\"100\"\n                    height=\"75\"\n                    style=\"max-width:100%;\"\n                \/>\n            <\/a>\n        <\/div>\n\t\t\t\t\t\t\t<\/div> \n\t\t\t\n        \n\t\t\t\t<div id=\"ngg-image-6\" class=\"ngg-gallery-thumbnail-box\" >\n\t\t\t\t        <div class=\"ngg-gallery-thumbnail\">\n            <a href=\"http:\/\/www.freimarianne.ch\/wp-content\/gallery\/einsiedeln-iph-21-1-21\/IMG_5255.jpeg\"\n               title=\"Moorgebiet  Allmig\"\n               data-src=\"http:\/\/www.freimarianne.ch\/wp-content\/gallery\/einsiedeln-iph-21-1-21\/IMG_5255.jpeg\"\n               data-thumbnail=\"http:\/\/www.freimarianne.ch\/wp-content\/gallery\/einsiedeln-iph-21-1-21\/thumbs\/thumbs_IMG_5255.jpeg\"\n               data-image-id=\"24940\"\n               data-title=\"IMG_5255\"\n               data-description=\"Moorgebiet  Allmig\"\n               data-image-slug=\"img_5255-2\"\n               class=\"shutterset_47328\">\n                <img\n                    title=\"IMG_5255\"\n                    alt=\"IMG_5255\"\n                    src=\"http:\/\/www.freimarianne.ch\/wp-content\/gallery\/einsiedeln-iph-21-1-21\/thumbs\/thumbs_IMG_5255.jpeg\"\n                    width=\"100\"\n                    height=\"75\"\n                    style=\"max-width:100%;\"\n                \/>\n            <\/a>\n        <\/div>\n\t\t\t\t\t\t\t<\/div> \n\t\t\t\n        \n\t\t\t\t<div id=\"ngg-image-7\" class=\"ngg-gallery-thumbnail-box\" >\n\t\t\t\t        <div class=\"ngg-gallery-thumbnail\">\n            <a href=\"http:\/\/www.freimarianne.ch\/wp-content\/gallery\/einsiedeln-iph-21-1-21\/IMG_5258.jpeg\"\n               title=\"Blick auf den Sihlsee; Stock 1600m,  H\u00f6ch Hund 2215m, Druesberg 2282m\"\n               data-src=\"http:\/\/www.freimarianne.ch\/wp-content\/gallery\/einsiedeln-iph-21-1-21\/IMG_5258.jpeg\"\n               data-thumbnail=\"http:\/\/www.freimarianne.ch\/wp-content\/gallery\/einsiedeln-iph-21-1-21\/thumbs\/thumbs_IMG_5258.jpeg\"\n               data-image-id=\"24939\"\n               data-title=\"IMG_5258\"\n               data-description=\"Blick auf den Sihlsee; Stock 1600m,  H\u00f6ch Hund 2215m, Druesberg 2282m\"\n               data-image-slug=\"img_5258-3\"\n               class=\"shutterset_47328\">\n                <img\n                    title=\"IMG_5258\"\n                    alt=\"IMG_5258\"\n                    src=\"http:\/\/www.freimarianne.ch\/wp-content\/gallery\/einsiedeln-iph-21-1-21\/thumbs\/thumbs_IMG_5258.jpeg\"\n                    width=\"100\"\n                    height=\"75\"\n                    style=\"max-width:100%;\"\n                \/>\n            <\/a>\n        <\/div>\n\t\t\t\t\t\t\t<\/div> \n\t\t\t\n        \n\t\t\t\t<div id=\"ngg-image-8\" class=\"ngg-gallery-thumbnail-box\" >\n\t\t\t\t        <div class=\"ngg-gallery-thumbnail\">\n            <a href=\"http:\/\/www.freimarianne.ch\/wp-content\/gallery\/einsiedeln-iph-21-1-21\/IMG_5259.jpeg\"\n               title=\"Moorgebiet  Allmig\"\n               data-src=\"http:\/\/www.freimarianne.ch\/wp-content\/gallery\/einsiedeln-iph-21-1-21\/IMG_5259.jpeg\"\n               data-thumbnail=\"http:\/\/www.freimarianne.ch\/wp-content\/gallery\/einsiedeln-iph-21-1-21\/thumbs\/thumbs_IMG_5259.jpeg\"\n               data-image-id=\"24938\"\n               data-title=\"IMG_5259\"\n               data-description=\"Moorgebiet  Allmig\"\n               data-image-slug=\"img_5259-4\"\n               class=\"shutterset_47328\">\n                <img\n                    title=\"IMG_5259\"\n                    alt=\"IMG_5259\"\n                    src=\"http:\/\/www.freimarianne.ch\/wp-content\/gallery\/einsiedeln-iph-21-1-21\/thumbs\/thumbs_IMG_5259.jpeg\"\n                    width=\"100\"\n                    height=\"75\"\n                    style=\"max-width:100%;\"\n                \/>\n            <\/a>\n        <\/div>\n\t\t\t\t\t\t\t<\/div> \n\t\t\t\n        \n\t\t\t\t<div id=\"ngg-image-9\" class=\"ngg-gallery-thumbnail-box\" >\n\t\t\t\t        <div class=\"ngg-gallery-thumbnail\">\n            <a href=\"http:\/\/www.freimarianne.ch\/wp-content\/gallery\/einsiedeln-iph-21-1-21\/IMG_5263.jpeg\"\n               title=\"Marianne beim  Sihlsee\"\n               data-src=\"http:\/\/www.freimarianne.ch\/wp-content\/gallery\/einsiedeln-iph-21-1-21\/IMG_5263.jpeg\"\n               data-thumbnail=\"http:\/\/www.freimarianne.ch\/wp-content\/gallery\/einsiedeln-iph-21-1-21\/thumbs\/thumbs_IMG_5263.jpeg\"\n               data-image-id=\"24937\"\n               data-title=\"IMG_5263\"\n               data-description=\"Marianne beim  Sihlsee\"\n               data-image-slug=\"img_5263-2\"\n               class=\"shutterset_47328\">\n                <img\n                    title=\"IMG_5263\"\n                    alt=\"IMG_5263\"\n                    src=\"http:\/\/www.freimarianne.ch\/wp-content\/gallery\/einsiedeln-iph-21-1-21\/thumbs\/thumbs_IMG_5263.jpeg\"\n                    width=\"100\"\n                    height=\"75\"\n                    style=\"max-width:100%;\"\n                \/>\n            <\/a>\n        <\/div>\n\t\t\t\t\t\t\t<\/div> \n\t\t\t\n        \n\t\t\t\t<div id=\"ngg-image-10\" class=\"ngg-gallery-thumbnail-box\" >\n\t\t\t\t        <div class=\"ngg-gallery-thumbnail\">\n            <a href=\"http:\/\/www.freimarianne.ch\/wp-content\/gallery\/einsiedeln-iph-21-1-21\/IMG_5267.jpeg\"\n               title=\"wundersch\u00f6ne Winterlandschaft; Moorgebiet  Allmig\"\n               data-src=\"http:\/\/www.freimarianne.ch\/wp-content\/gallery\/einsiedeln-iph-21-1-21\/IMG_5267.jpeg\"\n               data-thumbnail=\"http:\/\/www.freimarianne.ch\/wp-content\/gallery\/einsiedeln-iph-21-1-21\/thumbs\/thumbs_IMG_5267.jpeg\"\n               data-image-id=\"24936\"\n               data-title=\"IMG_5267\"\n               data-description=\"wundersch\u00f6ne Winterlandschaft; Moorgebiet  Allmig\"\n               data-image-slug=\"img_5267-1\"\n               class=\"shutterset_47328\">\n                <img\n                    title=\"IMG_5267\"\n                    alt=\"IMG_5267\"\n                    src=\"http:\/\/www.freimarianne.ch\/wp-content\/gallery\/einsiedeln-iph-21-1-21\/thumbs\/thumbs_IMG_5267.jpeg\"\n                    width=\"100\"\n                    height=\"75\"\n                    style=\"max-width:100%;\"\n                \/>\n            <\/a>\n        <\/div>\n\t\t\t\t\t\t\t<\/div> \n\t\t\t\n        \n\t\t\t\t<div id=\"ngg-image-11\" class=\"ngg-gallery-thumbnail-box\" >\n\t\t\t\t        <div class=\"ngg-gallery-thumbnail\">\n            <a href=\"http:\/\/www.freimarianne.ch\/wp-content\/gallery\/einsiedeln-iph-21-1-21\/IMG_5268.jpeg\"\n               title=\"Moorgebiet  Allmig\"\n               data-src=\"http:\/\/www.freimarianne.ch\/wp-content\/gallery\/einsiedeln-iph-21-1-21\/IMG_5268.jpeg\"\n               data-thumbnail=\"http:\/\/www.freimarianne.ch\/wp-content\/gallery\/einsiedeln-iph-21-1-21\/thumbs\/thumbs_IMG_5268.jpeg\"\n               data-image-id=\"24935\"\n               data-title=\"IMG_5268\"\n               data-description=\"Moorgebiet  Allmig\"\n               data-image-slug=\"img_5268-2\"\n               class=\"shutterset_47328\">\n                <img\n                    title=\"IMG_5268\"\n                    alt=\"IMG_5268\"\n                    src=\"http:\/\/www.freimarianne.ch\/wp-content\/gallery\/einsiedeln-iph-21-1-21\/thumbs\/thumbs_IMG_5268.jpeg\"\n                    width=\"100\"\n                    height=\"75\"\n                    style=\"max-width:100%;\"\n                \/>\n            <\/a>\n        <\/div>\n\t\t\t\t\t\t\t<\/div> \n\t\t\t\n        \n\t\t\t\t<div id=\"ngg-image-12\" class=\"ngg-gallery-thumbnail-box\" >\n\t\t\t\t        <div class=\"ngg-gallery-thumbnail\">\n            <a href=\"http:\/\/www.freimarianne.ch\/wp-content\/gallery\/einsiedeln-iph-21-1-21\/IMG_5272.jpeg\"\n               title=\"\"\n               data-src=\"http:\/\/www.freimarianne.ch\/wp-content\/gallery\/einsiedeln-iph-21-1-21\/IMG_5272.jpeg\"\n               data-thumbnail=\"http:\/\/www.freimarianne.ch\/wp-content\/gallery\/einsiedeln-iph-21-1-21\/thumbs\/thumbs_IMG_5272.jpeg\"\n               data-image-id=\"24934\"\n               data-title=\"IMG_5272\"\n               data-description=\"\"\n               data-image-slug=\"img_5272-1\"\n               class=\"shutterset_47328\">\n                <img\n                    title=\"IMG_5272\"\n                    alt=\"IMG_5272\"\n                    src=\"http:\/\/www.freimarianne.ch\/wp-content\/gallery\/einsiedeln-iph-21-1-21\/thumbs\/thumbs_IMG_5272.jpeg\"\n                    width=\"100\"\n                    height=\"75\"\n                    style=\"max-width:100%;\"\n                \/>\n            <\/a>\n        <\/div>\n\t\t\t\t\t\t\t<\/div> \n\t\t\t\n        \n\t\t\t\t<div id=\"ngg-image-13\" class=\"ngg-gallery-thumbnail-box\" >\n\t\t\t\t        <div class=\"ngg-gallery-thumbnail\">\n            <a href=\"http:\/\/www.freimarianne.ch\/wp-content\/gallery\/einsiedeln-iph-21-1-21\/IMG_5274.jpeg\"\n               title=\"Panorama\"\n               data-src=\"http:\/\/www.freimarianne.ch\/wp-content\/gallery\/einsiedeln-iph-21-1-21\/IMG_5274.jpeg\"\n               data-thumbnail=\"http:\/\/www.freimarianne.ch\/wp-content\/gallery\/einsiedeln-iph-21-1-21\/thumbs\/thumbs_IMG_5274.jpeg\"\n               data-image-id=\"24933\"\n               data-title=\"IMG_5274\"\n               data-description=\"Panorama\"\n               data-image-slug=\"img_5274-3\"\n               class=\"shutterset_47328\">\n                <img\n                    title=\"IMG_5274\"\n                    alt=\"IMG_5274\"\n                    src=\"http:\/\/www.freimarianne.ch\/wp-content\/gallery\/einsiedeln-iph-21-1-21\/thumbs\/thumbs_IMG_5274.jpeg\"\n                    width=\"100\"\n                    height=\"75\"\n                    style=\"max-width:100%;\"\n                \/>\n            <\/a>\n        <\/div>\n\t\t\t\t\t\t\t<\/div> \n\t\t\t\n        \n\t\t\t\t<div id=\"ngg-image-14\" class=\"ngg-gallery-thumbnail-box\" >\n\t\t\t\t        <div class=\"ngg-gallery-thumbnail\">\n            <a href=\"http:\/\/www.freimarianne.ch\/wp-content\/gallery\/einsiedeln-iph-21-1-21\/IMG_5277.jpeg\"\n               title=\"Panorama\"\n               data-src=\"http:\/\/www.freimarianne.ch\/wp-content\/gallery\/einsiedeln-iph-21-1-21\/IMG_5277.jpeg\"\n               data-thumbnail=\"http:\/\/www.freimarianne.ch\/wp-content\/gallery\/einsiedeln-iph-21-1-21\/thumbs\/thumbs_IMG_5277.jpeg\"\n               data-image-id=\"24932\"\n               data-title=\"IMG_5277\"\n               data-description=\"Panorama\"\n               data-image-slug=\"img_5277-1\"\n               class=\"shutterset_47328\">\n                <img\n                    title=\"IMG_5277\"\n                    alt=\"IMG_5277\"\n                    src=\"http:\/\/www.freimarianne.ch\/wp-content\/gallery\/einsiedeln-iph-21-1-21\/thumbs\/thumbs_IMG_5277.jpeg\"\n                    width=\"100\"\n                    height=\"75\"\n                    style=\"max-width:100%;\"\n                \/>\n            <\/a>\n        <\/div>\n\t\t\t\t\t\t\t<\/div> \n\t\t\t\n        \n\t\t\t\t<div id=\"ngg-image-15\" class=\"ngg-gallery-thumbnail-box\" >\n\t\t\t\t        <div class=\"ngg-gallery-thumbnail\">\n            <a href=\"http:\/\/www.freimarianne.ch\/wp-content\/gallery\/einsiedeln-iph-21-1-21\/IMG_5278.jpeg\"\n               title=\"Blick gegen die beiden Mythen\"\n               data-src=\"http:\/\/www.freimarianne.ch\/wp-content\/gallery\/einsiedeln-iph-21-1-21\/IMG_5278.jpeg\"\n               data-thumbnail=\"http:\/\/www.freimarianne.ch\/wp-content\/gallery\/einsiedeln-iph-21-1-21\/thumbs\/thumbs_IMG_5278.jpeg\"\n               data-image-id=\"24931\"\n               data-title=\"IMG_5278\"\n               data-description=\"Blick gegen die beiden Mythen\"\n               data-image-slug=\"img_5278-1\"\n               class=\"shutterset_47328\">\n                <img\n                    title=\"IMG_5278\"\n                    alt=\"IMG_5278\"\n                    src=\"http:\/\/www.freimarianne.ch\/wp-content\/gallery\/einsiedeln-iph-21-1-21\/thumbs\/thumbs_IMG_5278.jpeg\"\n                    width=\"100\"\n                    height=\"75\"\n                    style=\"max-width:100%;\"\n                \/>\n            <\/a>\n        <\/div>\n\t\t\t\t\t\t\t<\/div> \n\t\t\t\n        \n\t\t\n\t\t<!-- Pagination -->\n\t<div class='ngg-clear'><\/div>\t<\/div>\n<\/p>\n","protected":false},"excerpt":{"rendered":"<p>Winterwanderung in Einsiedeln Blick zur\u00fcck auf Badanstalt Auch heute ist der Wetterbericht durchzogen. Ich m\u00f6chte zuerst die Winterstimmung im Schmerikon am Z\u00fcrichsee erleben, die mich am 19.1. auf der Durchfahrt begeistert hat. In Schmerikon scheint zwar die Sonne aber das Eis auf dem See ist bereits geschmolzen. Der Uferweg hingegen ist total vereist. Mit dem [&hellip;]<\/p>\n","protected":false},"author":1,"featured_media":0,"parent":46065,"menu_order":14,"comment_status":"closed","ping_status":"closed","template":"","meta":{"ngg_post_thumbnail":0},"_links":{"self":[{"href":"http:\/\/www.freimarianne.ch\/index.php?rest_route=\/wp\/v2\/pages\/47122"}],"collection":[{"href":"http:\/\/www.freimarianne.ch\/index.php?rest_route=\/wp\/v2\/pages"}],"about":[{"href":"http:\/\/www.freimarianne.ch\/index.php?rest_route=\/wp\/v2\/types\/page"}],"author":[{"embeddable":true,"href":"http:\/\/www.freimarianne.ch\/index.php?rest_route=\/wp\/v2\/users\/1"}],"replies":[{"embeddable":true,"href":"http:\/\/www.freimarianne.ch\/index.php?rest_route=%2Fwp%2Fv2%2Fcomments&post=47122"}],"version-history":[{"count":6,"href":"http:\/\/www.freimarianne.ch\/index.php?rest_route=\/wp\/v2\/pages\/47122\/revisions"}],"predecessor-version":[{"id":47329,"href":"http:\/\/www.freimarianne.ch\/index.php?rest_route=\/wp\/v2\/pages\/47122\/revisions\/47329"}],"up":[{"embeddable":true,"href":"http:\/\/www.freimarianne.ch\/index.php?rest_route=\/wp\/v2\/pages\/46065"}],"wp:attachment":[{"href":"http:\/\/www.freimarianne.ch\/index.php?rest_route=%2Fwp%2Fv2%2Fmedia&parent=47122"}],"curies":[{"name":"wp","href":"https:\/\/api.w.org\/{rel}","templated":true}]}}