{"id":48659,"date":"2021-04-28T09:09:02","date_gmt":"2021-04-28T08:09:02","guid":{"rendered":"http:\/\/www.freimarianne.ch\/?page_id=48659"},"modified":"2021-04-28T09:17:06","modified_gmt":"2021-04-28T08:17:06","slug":"mont-sujet-be-27-4-2021","status":"publish","type":"page","link":"http:\/\/www.freimarianne.ch\/?page_id=48659","title":{"rendered":"Mont Sujet  BE  27.4.2021"},"content":{"rendered":"<p><strong>Wanderung von Diesse \u00fcber den Mont Sujet nach&nbsp; les Pr\u00e9s d&#8217;Orvin<\/strong><\/p>\n<div id=\"attachment_48658\" style=\"width: 510px\" class=\"wp-caption alignleft\"><img aria-describedby=\"caption-attachment-48658\" loading=\"lazy\" class=\"size-full wp-image-48658\" src=\"http:\/\/www.freimarianne.ch\/wp-content\/uploads\/2021\/04\/IMG_6340._montsujet_500.jpeg\" alt=\"\" width=\"500\" height=\"375\" srcset=\"http:\/\/www.freimarianne.ch\/wp-content\/uploads\/2021\/04\/IMG_6340._montsujet_500.jpeg 500w, http:\/\/www.freimarianne.ch\/wp-content\/uploads\/2021\/04\/IMG_6340._montsujet_500-300x225.jpeg 300w, http:\/\/www.freimarianne.ch\/wp-content\/uploads\/2021\/04\/IMG_6340._montsujet_500-400x300.jpeg 400w\" sizes=\"(max-width: 500px) 100vw, 500px\" \/><p id=\"caption-attachment-48658\" class=\"wp-caption-text\">Osterglocken in der Combe Robin 1165m<\/p><\/div>\n\n\n<p>Heute fahre ich \u00fcber Biel nach Ligerz. Mein Ziel ist der Mont Sujet. Mit dem Funi geht es hinauf auf les Pr\u00eales und mit dem Bus nach Diesse.<br>Vom dorf aus geht es gleich hinauf in den Wald, For\u00eat de Chassin zur Combe Robin 1165, die ich in einer Stunde erreiche. Ich war schoeinmal hier und wundere mich, ob ich wieder die Osterglocken antreffen werde. Kaum trete ich aus dem Walde hinaus auf die grosse Lichtung, sehe ich bereits die ersten Osterglocken. Auf dem Wanderweg in der Combe hinauf, werde ich von der gelben Pracht beinahe \u00fcberw\u00e4ltigt. Es ist genau so, wie ich es in der Erinnerung hatte! Auf einem Baumstrunk mache ich einen Stundenhalt.<br>Beim Aufstieg durch die Combe gibt es nat\u00fcrlich vieleeFotos. So erreiche ich mit Unterbr\u00fcchen die Combe d\u2019Enfer 1267m. Von dort geht es nach rechts hinauf auf eine langgezogene Hochebene. Diese Juralandschaft ist wundersch\u00f6n. Bald komme ich zur Abzweigung hinauf zum Gipfel des Mont Sujets, den ich um 13.36h erreiche. Hier oben weht ein k\u00fchler WInd. Ich mache eine Mittagpause mit Blick hin\u00fcber zum Chasseral. Gegen S\u00fcden ist heute kein Panorama auszumachen, da das Wetter dunstig ist.<br>Der R\u00fcckweg f\u00fchrt mich \u00fcber die Bergerie du Haut 1314m und die Bergerie du Bas 1278m. Ich geniesse die sch\u00f6ne Landschaft und die allgegenw\u00e4rtige gelbe Blumenpracht. Diese Fr\u00fchlingswanderung ist immer wieder ein sch\u00f6nes Erlebnis !<br>Um 13.00h erreiche ich bereits den Ort Pr\u00e9s Orvin. Um 13.20h gibt es einen Bus nach Biel, den ich nehme.<\/p>\n\n\n\n<p>Das war eine wundersch\u00f6ne Wanderung.<\/p>\n\n\n\n<p>Laut Schweizmobil:<\/p>\n\n\n\n<p>Distanz: 9.58km; Aufstieg: 564m; Abstieg: 397m; Wanderzeit: 3h<\/p>\n\n\n\n<p><a href=\"https:\/\/map.schweizmobil.ch\/?lang=de&amp;photos=yes&amp;bgLayer=pk&amp;logo=yes&amp;season=summer&amp;resolution=8.58&amp;E=2577636&amp;N=1220305&amp;layers=Wanderland%2CStation&amp;trackId=808072315\">Karte Schweizmobil:<\/a><\/p>\n\n\n\n<!-- index.php -->\n<div\n\tclass=\"ngg-galleryoverview ngg-ajax-pagination-none\"\n\tid=\"ngg-gallery-e8891d14b980b7cdeaaac10dbee66c7e-1\">\n\n    \t<div class=\"slideshowlink\">\n        <a href='http:\/\/www.freimarianne.ch\/index.php\/nggallery\/slideshow?page_id=48659'>[Show as slideshow]<\/a>\n\t\t\n\t<\/div>\n\t\t\t<!-- Thumbnails -->\n\t\t\t\t<div id=\"ngg-image-0\" class=\"ngg-gallery-thumbnail-box\" >\n\t\t\t\t        <div class=\"ngg-gallery-thumbnail\">\n            <a href=\"http:\/\/www.freimarianne.ch\/wp-content\/gallery\/mont-sujet-27-4-21\/IMG_2533.jpeg\"\n               title=\"Fr\u00fchlings Schl\u00fcsselblume\"\n               data-src=\"http:\/\/www.freimarianne.ch\/wp-content\/gallery\/mont-sujet-27-4-21\/IMG_2533.jpeg\"\n               data-thumbnail=\"http:\/\/www.freimarianne.ch\/wp-content\/gallery\/mont-sujet-27-4-21\/thumbs\/thumbs_IMG_2533.jpeg\"\n               data-image-id=\"25733\"\n               data-title=\"IMG_2533\"\n               data-description=\"Fr\u00fchlings Schl\u00fcsselblume\"\n               data-image-slug=\"img_2533-1\"\n               class=\"shutterset_e8891d14b980b7cdeaaac10dbee66c7e\">\n                <img\n                    title=\"IMG_2533\"\n                    alt=\"IMG_2533\"\n                    src=\"http:\/\/www.freimarianne.ch\/wp-content\/gallery\/mont-sujet-27-4-21\/cache\/IMG_2533.jpeg-nggid0525733-ngg0dyn-100x75x100-00f0w010c010r110f110r010t010.jpeg\"\n                    width=\"100\"\n                    height=\"67\"\n                    style=\"max-width:100%;\"\n                \/>\n            <\/a>\n        <\/div>\n\t\t\t\t\t\t\t<\/div> \n\t\t\t\n                            \n\t\t\t\t<div id=\"ngg-image-1\" class=\"ngg-gallery-thumbnail-box\" >\n\t\t\t\t        <div class=\"ngg-gallery-thumbnail\">\n            <a href=\"http:\/\/www.freimarianne.ch\/wp-content\/gallery\/mont-sujet-27-4-21\/IMG_2535.jpeg\"\n               title=\"durch den Wald\"\n               data-src=\"http:\/\/www.freimarianne.ch\/wp-content\/gallery\/mont-sujet-27-4-21\/IMG_2535.jpeg\"\n               data-thumbnail=\"http:\/\/www.freimarianne.ch\/wp-content\/gallery\/mont-sujet-27-4-21\/thumbs\/thumbs_IMG_2535.jpeg\"\n               data-image-id=\"25732\"\n               data-title=\"IMG_2535\"\n               data-description=\"durch den Wald\"\n               data-image-slug=\"img_2535-2\"\n               class=\"shutterset_e8891d14b980b7cdeaaac10dbee66c7e\">\n                <img\n                    title=\"IMG_2535\"\n                    alt=\"IMG_2535\"\n                    src=\"http:\/\/www.freimarianne.ch\/wp-content\/gallery\/mont-sujet-27-4-21\/cache\/IMG_2535.jpeg-nggid0525732-ngg0dyn-100x75x100-00f0w010c010r110f110r010t010.jpeg\"\n                    width=\"100\"\n                    height=\"67\"\n                    style=\"max-width:100%;\"\n                \/>\n            <\/a>\n        <\/div>\n\t\t\t\t\t\t\t<\/div> \n\t\t\t\n                            \n\t\t\t\t<div id=\"ngg-image-2\" class=\"ngg-gallery-thumbnail-box\" >\n\t\t\t\t        <div class=\"ngg-gallery-thumbnail\">\n            <a href=\"http:\/\/www.freimarianne.ch\/wp-content\/gallery\/mont-sujet-27-4-21\/IMG_2537.jpeg\"\n               title=\"die erste Osterglocke in der Combe Robin\"\n               data-src=\"http:\/\/www.freimarianne.ch\/wp-content\/gallery\/mont-sujet-27-4-21\/IMG_2537.jpeg\"\n               data-thumbnail=\"http:\/\/www.freimarianne.ch\/wp-content\/gallery\/mont-sujet-27-4-21\/thumbs\/thumbs_IMG_2537.jpeg\"\n               data-image-id=\"25730\"\n               data-title=\"IMG_2537\"\n               data-description=\"die erste Osterglocke in der Combe Robin\"\n               data-image-slug=\"img_2537-2\"\n               class=\"shutterset_e8891d14b980b7cdeaaac10dbee66c7e\">\n                <img\n                    title=\"IMG_2537\"\n                    alt=\"IMG_2537\"\n                    src=\"http:\/\/www.freimarianne.ch\/wp-content\/gallery\/mont-sujet-27-4-21\/cache\/IMG_2537.jpeg-nggid0525730-ngg0dyn-100x75x100-00f0w010c010r110f110r010t010.jpeg\"\n                    width=\"96\"\n                    height=\"75\"\n                    style=\"max-width:100%;\"\n                \/>\n            <\/a>\n        <\/div>\n\t\t\t\t\t\t\t<\/div> \n\t\t\t\n                            \n\t\t\t\t<div id=\"ngg-image-3\" class=\"ngg-gallery-thumbnail-box\" >\n\t\t\t\t        <div class=\"ngg-gallery-thumbnail\">\n            <a href=\"http:\/\/www.freimarianne.ch\/wp-content\/gallery\/mont-sujet-27-4-21\/IMG_2539.jpeg\"\n               title=\"Combe Robin 1170m\"\n               data-src=\"http:\/\/www.freimarianne.ch\/wp-content\/gallery\/mont-sujet-27-4-21\/IMG_2539.jpeg\"\n               data-thumbnail=\"http:\/\/www.freimarianne.ch\/wp-content\/gallery\/mont-sujet-27-4-21\/thumbs\/thumbs_IMG_2539.jpeg\"\n               data-image-id=\"25729\"\n               data-title=\"IMG_2539\"\n               data-description=\"Combe Robin 1170m\"\n               data-image-slug=\"img_2539-1\"\n               class=\"shutterset_e8891d14b980b7cdeaaac10dbee66c7e\">\n                <img\n                    title=\"IMG_2539\"\n                    alt=\"IMG_2539\"\n                    src=\"http:\/\/www.freimarianne.ch\/wp-content\/gallery\/mont-sujet-27-4-21\/cache\/IMG_2539.jpeg-nggid0525729-ngg0dyn-100x75x100-00f0w010c010r110f110r010t010.jpeg\"\n                    width=\"100\"\n                    height=\"67\"\n                    style=\"max-width:100%;\"\n                \/>\n            <\/a>\n        <\/div>\n\t\t\t\t\t\t\t<\/div> \n\t\t\t\n                                    <br style=\"clear: both\" \/>\n                    \n\t\t\t\t<div id=\"ngg-image-4\" class=\"ngg-gallery-thumbnail-box\" >\n\t\t\t\t        <div class=\"ngg-gallery-thumbnail\">\n            <a href=\"http:\/\/www.freimarianne.ch\/wp-content\/gallery\/mont-sujet-27-4-21\/IMG_2540.jpeg\"\n               title=\"Combe Robin 1170m\"\n               data-src=\"http:\/\/www.freimarianne.ch\/wp-content\/gallery\/mont-sujet-27-4-21\/IMG_2540.jpeg\"\n               data-thumbnail=\"http:\/\/www.freimarianne.ch\/wp-content\/gallery\/mont-sujet-27-4-21\/thumbs\/thumbs_IMG_2540.jpeg\"\n               data-image-id=\"25728\"\n               data-title=\"IMG_2540\"\n               data-description=\"Combe Robin 1170m\"\n               data-image-slug=\"img_2540-3\"\n               class=\"shutterset_e8891d14b980b7cdeaaac10dbee66c7e\">\n                <img\n                    title=\"IMG_2540\"\n                    alt=\"IMG_2540\"\n                    src=\"http:\/\/www.freimarianne.ch\/wp-content\/gallery\/mont-sujet-27-4-21\/cache\/IMG_2540.jpeg-nggid0525728-ngg0dyn-100x75x100-00f0w010c010r110f110r010t010.jpeg\"\n                    width=\"100\"\n                    height=\"67\"\n                    style=\"max-width:100%;\"\n                \/>\n            <\/a>\n        <\/div>\n\t\t\t\t\t\t\t<\/div> \n\t\t\t\n                            \n\t\t\t\t<div id=\"ngg-image-5\" class=\"ngg-gallery-thumbnail-box\" >\n\t\t\t\t        <div class=\"ngg-gallery-thumbnail\">\n            <a href=\"http:\/\/www.freimarianne.ch\/wp-content\/gallery\/mont-sujet-27-4-21\/IMG_2544.jpeg\"\n               title=\"Osterglocken in der  Combe Robin 1170m\"\n               data-src=\"http:\/\/www.freimarianne.ch\/wp-content\/gallery\/mont-sujet-27-4-21\/IMG_2544.jpeg\"\n               data-thumbnail=\"http:\/\/www.freimarianne.ch\/wp-content\/gallery\/mont-sujet-27-4-21\/thumbs\/thumbs_IMG_2544.jpeg\"\n               data-image-id=\"25731\"\n               data-title=\"IMG_2544\"\n               data-description=\"Osterglocken in der  Combe Robin 1170m\"\n               data-image-slug=\"img_2544-1\"\n               class=\"shutterset_e8891d14b980b7cdeaaac10dbee66c7e\">\n                <img\n                    title=\"IMG_2544\"\n                    alt=\"IMG_2544\"\n                    src=\"http:\/\/www.freimarianne.ch\/wp-content\/gallery\/mont-sujet-27-4-21\/cache\/IMG_2544.jpeg-nggid0525731-ngg0dyn-100x75x100-00f0w010c010r110f110r010t010.jpeg\"\n                    width=\"100\"\n                    height=\"67\"\n                    style=\"max-width:100%;\"\n                \/>\n            <\/a>\n        <\/div>\n\t\t\t\t\t\t\t<\/div> \n\t\t\t\n                            \n\t\t\t\t<div id=\"ngg-image-6\" class=\"ngg-gallery-thumbnail-box\" >\n\t\t\t\t        <div class=\"ngg-gallery-thumbnail\">\n            <a href=\"http:\/\/www.freimarianne.ch\/wp-content\/gallery\/mont-sujet-27-4-21\/IMG_2546.jpeg\"\n               title=\"Marianne  in der  Combe Robin 1170m\"\n               data-src=\"http:\/\/www.freimarianne.ch\/wp-content\/gallery\/mont-sujet-27-4-21\/IMG_2546.jpeg\"\n               data-thumbnail=\"http:\/\/www.freimarianne.ch\/wp-content\/gallery\/mont-sujet-27-4-21\/thumbs\/thumbs_IMG_2546.jpeg\"\n               data-image-id=\"25724\"\n               data-title=\"IMG_2546\"\n               data-description=\"Marianne  in der  Combe Robin 1170m\"\n               data-image-slug=\"img_2546-1\"\n               class=\"shutterset_e8891d14b980b7cdeaaac10dbee66c7e\">\n                <img\n                    title=\"IMG_2546\"\n                    alt=\"IMG_2546\"\n                    src=\"http:\/\/www.freimarianne.ch\/wp-content\/gallery\/mont-sujet-27-4-21\/cache\/IMG_2546.jpeg-nggid0525724-ngg0dyn-100x75x100-00f0w010c010r110f110r010t010.jpeg\"\n                    width=\"100\"\n                    height=\"69\"\n                    style=\"max-width:100%;\"\n                \/>\n            <\/a>\n        <\/div>\n\t\t\t\t\t\t\t<\/div> \n\t\t\t\n                            \n\t\t\t\t<div id=\"ngg-image-7\" class=\"ngg-gallery-thumbnail-box\" >\n\t\t\t\t        <div class=\"ngg-gallery-thumbnail\">\n            <a href=\"http:\/\/www.freimarianne.ch\/wp-content\/gallery\/mont-sujet-27-4-21\/IMG_2549.jpeg\"\n               title=\"Krokusse\"\n               data-src=\"http:\/\/www.freimarianne.ch\/wp-content\/gallery\/mont-sujet-27-4-21\/IMG_2549.jpeg\"\n               data-thumbnail=\"http:\/\/www.freimarianne.ch\/wp-content\/gallery\/mont-sujet-27-4-21\/thumbs\/thumbs_IMG_2549.jpeg\"\n               data-image-id=\"25723\"\n               data-title=\"IMG_2549\"\n               data-description=\"Krokusse\"\n               data-image-slug=\"img_2549-5\"\n               class=\"shutterset_e8891d14b980b7cdeaaac10dbee66c7e\">\n                <img\n                    title=\"IMG_2549\"\n                    alt=\"IMG_2549\"\n                    src=\"http:\/\/www.freimarianne.ch\/wp-content\/gallery\/mont-sujet-27-4-21\/cache\/IMG_2549.jpeg-nggid0525723-ngg0dyn-100x75x100-00f0w010c010r110f110r010t010.jpeg\"\n                    width=\"100\"\n                    height=\"67\"\n                    style=\"max-width:100%;\"\n                \/>\n            <\/a>\n        <\/div>\n\t\t\t\t\t\t\t<\/div> \n\t\t\t\n                                    <br style=\"clear: both\" \/>\n                    \n\t\t\t\t<div id=\"ngg-image-8\" class=\"ngg-gallery-thumbnail-box\" >\n\t\t\t\t        <div class=\"ngg-gallery-thumbnail\">\n            <a href=\"http:\/\/www.freimarianne.ch\/wp-content\/gallery\/mont-sujet-27-4-21\/IMG_2554.jpeg\"\n               title=\"Marianne  in der  Combe Robin 1170m\"\n               data-src=\"http:\/\/www.freimarianne.ch\/wp-content\/gallery\/mont-sujet-27-4-21\/IMG_2554.jpeg\"\n               data-thumbnail=\"http:\/\/www.freimarianne.ch\/wp-content\/gallery\/mont-sujet-27-4-21\/thumbs\/thumbs_IMG_2554.jpeg\"\n               data-image-id=\"25726\"\n               data-title=\"IMG_2554\"\n               data-description=\"Marianne  in der  Combe Robin 1170m\"\n               data-image-slug=\"img_2554-2\"\n               class=\"shutterset_e8891d14b980b7cdeaaac10dbee66c7e\">\n                <img\n                    title=\"IMG_2554\"\n                    alt=\"IMG_2554\"\n                    src=\"http:\/\/www.freimarianne.ch\/wp-content\/gallery\/mont-sujet-27-4-21\/cache\/IMG_2554.jpeg-nggid0525726-ngg0dyn-100x75x100-00f0w010c010r110f110r010t010.jpeg\"\n                    width=\"100\"\n                    height=\"67\"\n                    style=\"max-width:100%;\"\n                \/>\n            <\/a>\n        <\/div>\n\t\t\t\t\t\t\t<\/div> \n\t\t\t\n                            \n\t\t\t\t<div id=\"ngg-image-9\" class=\"ngg-gallery-thumbnail-box\" >\n\t\t\t\t        <div class=\"ngg-gallery-thumbnail\">\n            <a href=\"http:\/\/www.freimarianne.ch\/wp-content\/gallery\/mont-sujet-27-4-21\/IMG_2558.jpeg\"\n               title=\"der Weg aus der Combe Robin\"\n               data-src=\"http:\/\/www.freimarianne.ch\/wp-content\/gallery\/mont-sujet-27-4-21\/IMG_2558.jpeg\"\n               data-thumbnail=\"http:\/\/www.freimarianne.ch\/wp-content\/gallery\/mont-sujet-27-4-21\/thumbs\/thumbs_IMG_2558.jpeg\"\n               data-image-id=\"25725\"\n               data-title=\"IMG_2558\"\n               data-description=\"der Weg aus der Combe Robin\"\n               data-image-slug=\"img_2558-2\"\n               class=\"shutterset_e8891d14b980b7cdeaaac10dbee66c7e\">\n                <img\n                    title=\"IMG_2558\"\n                    alt=\"IMG_2558\"\n                    src=\"http:\/\/www.freimarianne.ch\/wp-content\/gallery\/mont-sujet-27-4-21\/cache\/IMG_2558.jpeg-nggid0525725-ngg0dyn-100x75x100-00f0w010c010r110f110r010t010.jpeg\"\n                    width=\"100\"\n                    height=\"67\"\n                    style=\"max-width:100%;\"\n                \/>\n            <\/a>\n        <\/div>\n\t\t\t\t\t\t\t<\/div> \n\t\t\t\n                            \n\t\t\t\t<div id=\"ngg-image-10\" class=\"ngg-gallery-thumbnail-box\" >\n\t\t\t\t        <div class=\"ngg-gallery-thumbnail\">\n            <a href=\"http:\/\/www.freimarianne.ch\/wp-content\/gallery\/mont-sujet-27-4-21\/IMG_2561.jpeg\"\n               title=\"Osterglocke oder Gelbe Narzisse (Narcissus pseudonarcissus), Amaryllisgew\u00e4chse (Amaryllidaceae)\"\n               data-src=\"http:\/\/www.freimarianne.ch\/wp-content\/gallery\/mont-sujet-27-4-21\/IMG_2561.jpeg\"\n               data-thumbnail=\"http:\/\/www.freimarianne.ch\/wp-content\/gallery\/mont-sujet-27-4-21\/thumbs\/thumbs_IMG_2561.jpeg\"\n               data-image-id=\"25721\"\n               data-title=\"IMG_2561\"\n               data-description=\"Osterglocke oder Gelbe Narzisse (Narcissus pseudonarcissus), Amaryllisgew\u00e4chse (Amaryllidaceae)\"\n               data-image-slug=\"img_2561-3\"\n               class=\"shutterset_e8891d14b980b7cdeaaac10dbee66c7e\">\n                <img\n                    title=\"IMG_2561\"\n                    alt=\"IMG_2561\"\n                    src=\"http:\/\/www.freimarianne.ch\/wp-content\/gallery\/mont-sujet-27-4-21\/cache\/IMG_2561.jpeg-nggid0525721-ngg0dyn-100x75x100-00f0w010c010r110f110r010t010.jpeg\"\n                    width=\"95\"\n                    height=\"75\"\n                    style=\"max-width:100%;\"\n                \/>\n            <\/a>\n        <\/div>\n\t\t\t\t\t\t\t<\/div> \n\t\t\t\n                            \n\t\t\t\t<div id=\"ngg-image-11\" class=\"ngg-gallery-thumbnail-box\" >\n\t\t\t\t        <div class=\"ngg-gallery-thumbnail\">\n            <a href=\"http:\/\/www.freimarianne.ch\/wp-content\/gallery\/mont-sujet-27-4-21\/IMG_2563.jpeg\"\n               title=\"C ombe d\u2019Enfer 1267m\"\n               data-src=\"http:\/\/www.freimarianne.ch\/wp-content\/gallery\/mont-sujet-27-4-21\/IMG_2563.jpeg\"\n               data-thumbnail=\"http:\/\/www.freimarianne.ch\/wp-content\/gallery\/mont-sujet-27-4-21\/thumbs\/thumbs_IMG_2563.jpeg\"\n               data-image-id=\"25722\"\n               data-title=\"IMG_2563\"\n               data-description=\"C ombe d\u2019Enfer 1267m\"\n               data-image-slug=\"img_2563-6\"\n               class=\"shutterset_e8891d14b980b7cdeaaac10dbee66c7e\">\n                <img\n                    title=\"IMG_2563\"\n                    alt=\"IMG_2563\"\n                    src=\"http:\/\/www.freimarianne.ch\/wp-content\/gallery\/mont-sujet-27-4-21\/cache\/IMG_2563.jpeg-nggid0525722-ngg0dyn-100x75x100-00f0w010c010r110f110r010t010.jpeg\"\n                    width=\"100\"\n                    height=\"67\"\n                    style=\"max-width:100%;\"\n                \/>\n            <\/a>\n        <\/div>\n\t\t\t\t\t\t\t<\/div> \n\t\t\t\n                                    <br style=\"clear: both\" \/>\n                    \n\t\t\t\t<div id=\"ngg-image-12\" class=\"ngg-gallery-thumbnail-box\" >\n\t\t\t\t        <div class=\"ngg-gallery-thumbnail\">\n            <a href=\"http:\/\/www.freimarianne.ch\/wp-content\/gallery\/mont-sujet-27-4-21\/IMG_2566.jpeg\"\n               title=\"wundersch\u00f6ne Juralandschaft\"\n               data-src=\"http:\/\/www.freimarianne.ch\/wp-content\/gallery\/mont-sujet-27-4-21\/IMG_2566.jpeg\"\n               data-thumbnail=\"http:\/\/www.freimarianne.ch\/wp-content\/gallery\/mont-sujet-27-4-21\/thumbs\/thumbs_IMG_2566.jpeg\"\n               data-image-id=\"25718\"\n               data-title=\"IMG_2566\"\n               data-description=\"wundersch\u00f6ne Juralandschaft\"\n               data-image-slug=\"img_2566-4\"\n               class=\"shutterset_e8891d14b980b7cdeaaac10dbee66c7e\">\n                <img\n                    title=\"IMG_2566\"\n                    alt=\"IMG_2566\"\n                    src=\"http:\/\/www.freimarianne.ch\/wp-content\/gallery\/mont-sujet-27-4-21\/cache\/IMG_2566.jpeg-nggid0525718-ngg0dyn-100x75x100-00f0w010c010r110f110r010t010.jpeg\"\n                    width=\"100\"\n                    height=\"67\"\n                    style=\"max-width:100%;\"\n                \/>\n            <\/a>\n        <\/div>\n\t\t\t\t\t\t\t<\/div> \n\t\t\t\n                            \n\t\t\t\t<div id=\"ngg-image-13\" class=\"ngg-gallery-thumbnail-box\" >\n\t\t\t\t        <div class=\"ngg-gallery-thumbnail\">\n            <a href=\"http:\/\/www.freimarianne.ch\/wp-content\/gallery\/mont-sujet-27-4-21\/IMG_2568.jpeg\"\n               title=\"Osterglocke oder Gelbe Narzisse (Narcissus pseudonarcissus), Amaryllisgew\u00e4chse (Amaryllidaceae).\"\n               data-src=\"http:\/\/www.freimarianne.ch\/wp-content\/gallery\/mont-sujet-27-4-21\/IMG_2568.jpeg\"\n               data-thumbnail=\"http:\/\/www.freimarianne.ch\/wp-content\/gallery\/mont-sujet-27-4-21\/thumbs\/thumbs_IMG_2568.jpeg\"\n               data-image-id=\"25727\"\n               data-title=\"IMG_2568\"\n               data-description=\"Osterglocke oder Gelbe Narzisse (Narcissus pseudonarcissus), Amaryllisgew\u00e4chse (Amaryllidaceae).\"\n               data-image-slug=\"img_2568-1\"\n               class=\"shutterset_e8891d14b980b7cdeaaac10dbee66c7e\">\n                <img\n                    title=\"IMG_2568\"\n                    alt=\"IMG_2568\"\n                    src=\"http:\/\/www.freimarianne.ch\/wp-content\/gallery\/mont-sujet-27-4-21\/cache\/IMG_2568.jpeg-nggid0525727-ngg0dyn-100x75x100-00f0w010c010r110f110r010t010.jpeg\"\n                    width=\"100\"\n                    height=\"75\"\n                    style=\"max-width:100%;\"\n                \/>\n            <\/a>\n        <\/div>\n\t\t\t\t\t\t\t<\/div> \n\t\t\t\n                            \n\t\t\t\t<div id=\"ngg-image-14\" class=\"ngg-gallery-thumbnail-box\" >\n\t\t\t\t        <div class=\"ngg-gallery-thumbnail\">\n            <a href=\"http:\/\/www.freimarianne.ch\/wp-content\/gallery\/mont-sujet-27-4-21\/IMG_2569.jpeg\"\n               title=\"Abzweigung zum Gipfel des Mont Sujet\"\n               data-src=\"http:\/\/www.freimarianne.ch\/wp-content\/gallery\/mont-sujet-27-4-21\/IMG_2569.jpeg\"\n               data-thumbnail=\"http:\/\/www.freimarianne.ch\/wp-content\/gallery\/mont-sujet-27-4-21\/thumbs\/thumbs_IMG_2569.jpeg\"\n               data-image-id=\"25719\"\n               data-title=\"IMG_2569\"\n               data-description=\"Abzweigung zum Gipfel des Mont Sujet\"\n               data-image-slug=\"img_2569-1\"\n               class=\"shutterset_e8891d14b980b7cdeaaac10dbee66c7e\">\n                <img\n                    title=\"IMG_2569\"\n                    alt=\"IMG_2569\"\n                    src=\"http:\/\/www.freimarianne.ch\/wp-content\/gallery\/mont-sujet-27-4-21\/cache\/IMG_2569.jpeg-nggid0525719-ngg0dyn-100x75x100-00f0w010c010r110f110r010t010.jpeg\"\n                    width=\"100\"\n                    height=\"67\"\n                    style=\"max-width:100%;\"\n                \/>\n            <\/a>\n        <\/div>\n\t\t\t\t\t\t\t<\/div> \n\t\t\t\n                            \n\t\t\t\t<div id=\"ngg-image-15\" class=\"ngg-gallery-thumbnail-box\" >\n\t\t\t\t        <div class=\"ngg-gallery-thumbnail\">\n            <a href=\"http:\/\/www.freimarianne.ch\/wp-content\/gallery\/mont-sujet-27-4-21\/IMG_2573.jpeg\"\n               title=\"hier weht of der Wind wie auch heute\"\n               data-src=\"http:\/\/www.freimarianne.ch\/wp-content\/gallery\/mont-sujet-27-4-21\/IMG_2573.jpeg\"\n               data-thumbnail=\"http:\/\/www.freimarianne.ch\/wp-content\/gallery\/mont-sujet-27-4-21\/thumbs\/thumbs_IMG_2573.jpeg\"\n               data-image-id=\"25717\"\n               data-title=\"IMG_2573\"\n               data-description=\"hier weht of der Wind wie auch heute\"\n               data-image-slug=\"img_2573-2\"\n               class=\"shutterset_e8891d14b980b7cdeaaac10dbee66c7e\">\n                <img\n                    title=\"IMG_2573\"\n                    alt=\"IMG_2573\"\n                    src=\"http:\/\/www.freimarianne.ch\/wp-content\/gallery\/mont-sujet-27-4-21\/cache\/IMG_2573.jpeg-nggid0525717-ngg0dyn-100x75x100-00f0w010c010r110f110r010t010.jpeg\"\n                    width=\"100\"\n                    height=\"67\"\n                    style=\"max-width:100%;\"\n                \/>\n            <\/a>\n        <\/div>\n\t\t\t\t\t\t\t<\/div> \n\t\t\t\n                                    <br style=\"clear: both\" \/>\n                    \n\t\t\t\t<div id=\"ngg-image-16\" class=\"ngg-gallery-thumbnail-box\" >\n\t\t\t\t        <div class=\"ngg-gallery-thumbnail\">\n            <a href=\"http:\/\/www.freimarianne.ch\/wp-content\/gallery\/mont-sujet-27-4-21\/IMG_2575.jpeg\"\n               title=\"Mont Sujet sommet  1382m\"\n               data-src=\"http:\/\/www.freimarianne.ch\/wp-content\/gallery\/mont-sujet-27-4-21\/IMG_2575.jpeg\"\n               data-thumbnail=\"http:\/\/www.freimarianne.ch\/wp-content\/gallery\/mont-sujet-27-4-21\/thumbs\/thumbs_IMG_2575.jpeg\"\n               data-image-id=\"25715\"\n               data-title=\"IMG_2575\"\n               data-description=\"Mont Sujet sommet  1382m\"\n               data-image-slug=\"img_2575-3\"\n               class=\"shutterset_e8891d14b980b7cdeaaac10dbee66c7e\">\n                <img\n                    title=\"IMG_2575\"\n                    alt=\"IMG_2575\"\n                    src=\"http:\/\/www.freimarianne.ch\/wp-content\/gallery\/mont-sujet-27-4-21\/cache\/IMG_2575.jpeg-nggid0525715-ngg0dyn-100x75x100-00f0w010c010r110f110r010t010.jpeg\"\n                    width=\"100\"\n                    height=\"67\"\n                    style=\"max-width:100%;\"\n                \/>\n            <\/a>\n        <\/div>\n\t\t\t\t\t\t\t<\/div> \n\t\t\t\n                            \n\t\t\t\t<div id=\"ngg-image-17\" class=\"ngg-gallery-thumbnail-box\" >\n\t\t\t\t        <div class=\"ngg-gallery-thumbnail\">\n            <a href=\"http:\/\/www.freimarianne.ch\/wp-content\/gallery\/mont-sujet-27-4-21\/IMG_2578.jpeg\"\n               title=\"auf dem Weg hinunter; Bielersee\"\n               data-src=\"http:\/\/www.freimarianne.ch\/wp-content\/gallery\/mont-sujet-27-4-21\/IMG_2578.jpeg\"\n               data-thumbnail=\"http:\/\/www.freimarianne.ch\/wp-content\/gallery\/mont-sujet-27-4-21\/thumbs\/thumbs_IMG_2578.jpeg\"\n               data-image-id=\"25720\"\n               data-title=\"IMG_2578\"\n               data-description=\"auf dem Weg hinunter; Bielersee\"\n               data-image-slug=\"img_2578-2\"\n               class=\"shutterset_e8891d14b980b7cdeaaac10dbee66c7e\">\n                <img\n                    title=\"IMG_2578\"\n                    alt=\"IMG_2578\"\n                    src=\"http:\/\/www.freimarianne.ch\/wp-content\/gallery\/mont-sujet-27-4-21\/cache\/IMG_2578.jpeg-nggid0525720-ngg0dyn-100x75x100-00f0w010c010r110f110r010t010.jpeg\"\n                    width=\"100\"\n                    height=\"67\"\n                    style=\"max-width:100%;\"\n                \/>\n            <\/a>\n        <\/div>\n\t\t\t\t\t\t\t<\/div> \n\t\t\t\n                            \n\t\t\t\t<div id=\"ngg-image-18\" class=\"ngg-gallery-thumbnail-box\" >\n\t\t\t\t        <div class=\"ngg-gallery-thumbnail\">\n            <a href=\"http:\/\/www.freimarianne.ch\/wp-content\/gallery\/mont-sujet-27-4-21\/IMG_2579.jpeg\"\n               title=\"letzte Schneefelder\"\n               data-src=\"http:\/\/www.freimarianne.ch\/wp-content\/gallery\/mont-sujet-27-4-21\/IMG_2579.jpeg\"\n               data-thumbnail=\"http:\/\/www.freimarianne.ch\/wp-content\/gallery\/mont-sujet-27-4-21\/thumbs\/thumbs_IMG_2579.jpeg\"\n               data-image-id=\"25711\"\n               data-title=\"IMG_2579\"\n               data-description=\"letzte Schneefelder\"\n               data-image-slug=\"img_2579-2\"\n               class=\"shutterset_e8891d14b980b7cdeaaac10dbee66c7e\">\n                <img\n                    title=\"IMG_2579\"\n                    alt=\"IMG_2579\"\n                    src=\"http:\/\/www.freimarianne.ch\/wp-content\/gallery\/mont-sujet-27-4-21\/cache\/IMG_2579.jpeg-nggid0525711-ngg0dyn-100x75x100-00f0w010c010r110f110r010t010.jpeg\"\n                    width=\"100\"\n                    height=\"67\"\n                    style=\"max-width:100%;\"\n                \/>\n            <\/a>\n        <\/div>\n\t\t\t\t\t\t\t<\/div> \n\t\t\t\n                            \n\t\t\t\t<div id=\"ngg-image-19\" class=\"ngg-gallery-thumbnail-box\" >\n\t\t\t\t        <div class=\"ngg-gallery-thumbnail\">\n            <a href=\"http:\/\/www.freimarianne.ch\/wp-content\/gallery\/mont-sujet-27-4-21\/IMG_2585.jpeg\"\n               title=\"Blick zur\u00fcck zur Bergerie du Bas 1278m\"\n               data-src=\"http:\/\/www.freimarianne.ch\/wp-content\/gallery\/mont-sujet-27-4-21\/IMG_2585.jpeg\"\n               data-thumbnail=\"http:\/\/www.freimarianne.ch\/wp-content\/gallery\/mont-sujet-27-4-21\/thumbs\/thumbs_IMG_2585.jpeg\"\n               data-image-id=\"25716\"\n               data-title=\"IMG_2585\"\n               data-description=\"Blick zur\u00fcck zur Bergerie du Bas 1278m\"\n               data-image-slug=\"img_2585-3\"\n               class=\"shutterset_e8891d14b980b7cdeaaac10dbee66c7e\">\n                <img\n                    title=\"IMG_2585\"\n                    alt=\"IMG_2585\"\n                    src=\"http:\/\/www.freimarianne.ch\/wp-content\/gallery\/mont-sujet-27-4-21\/cache\/IMG_2585.jpeg-nggid0525716-ngg0dyn-100x75x100-00f0w010c010r110f110r010t010.jpeg\"\n                    width=\"100\"\n                    height=\"67\"\n                    style=\"max-width:100%;\"\n                \/>\n            <\/a>\n        <\/div>\n\t\t\t\t\t\t\t<\/div> \n\t\t\t\n                                    <br style=\"clear: both\" \/>\n                    \n\t\t\t\t<div id=\"ngg-image-20\" class=\"ngg-gallery-thumbnail-box\" >\n\t\t\t\t        <div class=\"ngg-gallery-thumbnail\">\n            <a href=\"http:\/\/www.freimarianne.ch\/wp-content\/gallery\/mont-sujet-27-4-21\/IMG_2587.jpeg\"\n               title=\"wundersch\u00f6ne Juralandschaft\"\n               data-src=\"http:\/\/www.freimarianne.ch\/wp-content\/gallery\/mont-sujet-27-4-21\/IMG_2587.jpeg\"\n               data-thumbnail=\"http:\/\/www.freimarianne.ch\/wp-content\/gallery\/mont-sujet-27-4-21\/thumbs\/thumbs_IMG_2587.jpeg\"\n               data-image-id=\"25713\"\n               data-title=\"IMG_2587\"\n               data-description=\"wundersch\u00f6ne Juralandschaft\"\n               data-image-slug=\"img_2587-1\"\n               class=\"shutterset_e8891d14b980b7cdeaaac10dbee66c7e\">\n                <img\n                    title=\"IMG_2587\"\n                    alt=\"IMG_2587\"\n                    src=\"http:\/\/www.freimarianne.ch\/wp-content\/gallery\/mont-sujet-27-4-21\/cache\/IMG_2587.jpeg-nggid0525713-ngg0dyn-100x75x100-00f0w010c010r110f110r010t010.jpeg\"\n                    width=\"100\"\n                    height=\"67\"\n                    style=\"max-width:100%;\"\n                \/>\n            <\/a>\n        <\/div>\n\t\t\t\t\t\t\t<\/div> \n\t\t\t\n                            \n\t\t\t\t<div id=\"ngg-image-21\" class=\"ngg-gallery-thumbnail-box\" >\n\t\t\t\t        <div class=\"ngg-gallery-thumbnail\">\n            <a href=\"http:\/\/www.freimarianne.ch\/wp-content\/gallery\/mont-sujet-27-4-21\/IMG_2589.jpeg\"\n               title=\"wundersch\u00f6ne Juralandschaft\"\n               data-src=\"http:\/\/www.freimarianne.ch\/wp-content\/gallery\/mont-sujet-27-4-21\/IMG_2589.jpeg\"\n               data-thumbnail=\"http:\/\/www.freimarianne.ch\/wp-content\/gallery\/mont-sujet-27-4-21\/thumbs\/thumbs_IMG_2589.jpeg\"\n               data-image-id=\"25712\"\n               data-title=\"IMG_2589\"\n               data-description=\"wundersch\u00f6ne Juralandschaft\"\n               data-image-slug=\"img_2589-6\"\n               class=\"shutterset_e8891d14b980b7cdeaaac10dbee66c7e\">\n                <img\n                    title=\"IMG_2589\"\n                    alt=\"IMG_2589\"\n                    src=\"http:\/\/www.freimarianne.ch\/wp-content\/gallery\/mont-sujet-27-4-21\/cache\/IMG_2589.jpeg-nggid0525712-ngg0dyn-100x75x100-00f0w010c010r110f110r010t010.jpeg\"\n                    width=\"100\"\n                    height=\"67\"\n                    style=\"max-width:100%;\"\n                \/>\n            <\/a>\n        <\/div>\n\t\t\t\t\t\t\t<\/div> \n\t\t\t\n                            \n\t\t\t\t<div id=\"ngg-image-22\" class=\"ngg-gallery-thumbnail-box\" >\n\t\t\t\t        <div class=\"ngg-gallery-thumbnail\">\n            <a href=\"http:\/\/www.freimarianne.ch\/wp-content\/gallery\/mont-sujet-27-4-21\/IMG_2594.jpeg\"\n               title=\"gegen Pr\u00e9s d&#039;Orvin\"\n               data-src=\"http:\/\/www.freimarianne.ch\/wp-content\/gallery\/mont-sujet-27-4-21\/IMG_2594.jpeg\"\n               data-thumbnail=\"http:\/\/www.freimarianne.ch\/wp-content\/gallery\/mont-sujet-27-4-21\/thumbs\/thumbs_IMG_2594.jpeg\"\n               data-image-id=\"25710\"\n               data-title=\"IMG_2594\"\n               data-description=\"gegen Pr\u00e9s d&#039;Orvin\"\n               data-image-slug=\"img_2594-1\"\n               class=\"shutterset_e8891d14b980b7cdeaaac10dbee66c7e\">\n                <img\n                    title=\"IMG_2594\"\n                    alt=\"IMG_2594\"\n                    src=\"http:\/\/www.freimarianne.ch\/wp-content\/gallery\/mont-sujet-27-4-21\/cache\/IMG_2594.jpeg-nggid0525710-ngg0dyn-100x75x100-00f0w010c010r110f110r010t010.jpeg\"\n                    width=\"100\"\n                    height=\"61\"\n                    style=\"max-width:100%;\"\n                \/>\n            <\/a>\n        <\/div>\n\t\t\t\t\t\t\t<\/div> \n\t\t\t\n                            \n\t\t\t\t<div id=\"ngg-image-23\" class=\"ngg-gallery-thumbnail-box\" >\n\t\t\t\t        <div class=\"ngg-gallery-thumbnail\">\n            <a href=\"http:\/\/www.freimarianne.ch\/wp-content\/gallery\/mont-sujet-27-4-21\/IMG_2596.jpeg\"\n               title=\"Gentiana   verna\"\n               data-src=\"http:\/\/www.freimarianne.ch\/wp-content\/gallery\/mont-sujet-27-4-21\/IMG_2596.jpeg\"\n               data-thumbnail=\"http:\/\/www.freimarianne.ch\/wp-content\/gallery\/mont-sujet-27-4-21\/thumbs\/thumbs_IMG_2596.jpeg\"\n               data-image-id=\"25714\"\n               data-title=\"IMG_2596\"\n               data-description=\"Gentiana   verna\"\n               data-image-slug=\"img_2596-2\"\n               class=\"shutterset_e8891d14b980b7cdeaaac10dbee66c7e\">\n                <img\n                    title=\"IMG_2596\"\n                    alt=\"IMG_2596\"\n                    src=\"http:\/\/www.freimarianne.ch\/wp-content\/gallery\/mont-sujet-27-4-21\/cache\/IMG_2596.jpeg-nggid0525714-ngg0dyn-100x75x100-00f0w010c010r110f110r010t010.jpeg\"\n                    width=\"100\"\n                    height=\"73\"\n                    style=\"max-width:100%;\"\n                \/>\n            <\/a>\n        <\/div>\n\t\t\t\t\t\t\t<\/div> \n\t\t\t\n                                    <br style=\"clear: both\" \/>\n                    \n\t\t\n\t\t<!-- Pagination -->\n\t<div class='ngg-clear'><\/div>\t<\/div>\n\n\n\n\n<!-- index.php -->\n<div\n\tclass=\"ngg-galleryoverview ngg-ajax-pagination-none\"\n\tid=\"ngg-gallery-858e263574c48e46c53ddc5fe3e420e6-1\">\n\n    \t<div class=\"slideshowlink\">\n        <a href='http:\/\/www.freimarianne.ch\/index.php\/nggallery\/slideshow?page_id=48659'>[Show as slideshow]<\/a>\n\t\t\n\t<\/div>\n\t\t\t<!-- Thumbnails -->\n\t\t\t\t<div id=\"ngg-image-0\" class=\"ngg-gallery-thumbnail-box\" >\n\t\t\t\t        <div class=\"ngg-gallery-thumbnail\">\n            <a href=\"http:\/\/www.freimarianne.ch\/wp-content\/gallery\/mont-sujet-iph-27-4-21\/IMG_6325.jpeg\"\n               title=\"Combe Robin 1165m\"\n               data-src=\"http:\/\/www.freimarianne.ch\/wp-content\/gallery\/mont-sujet-iph-27-4-21\/IMG_6325.jpeg\"\n               data-thumbnail=\"http:\/\/www.freimarianne.ch\/wp-content\/gallery\/mont-sujet-iph-27-4-21\/thumbs\/thumbs_IMG_6325.jpeg\"\n               data-image-id=\"25742\"\n               data-title=\"IMG_6325\"\n               data-description=\"Combe Robin 1165m\"\n               data-image-slug=\"img_6325-3\"\n               class=\"shutterset_858e263574c48e46c53ddc5fe3e420e6\">\n                <img\n                    title=\"IMG_6325\"\n                    alt=\"IMG_6325\"\n                    src=\"http:\/\/www.freimarianne.ch\/wp-content\/gallery\/mont-sujet-iph-27-4-21\/cache\/IMG_6325.jpeg-nggid0525742-ngg0dyn-100x75x100-00f0w010c010r110f110r010t010.jpeg\"\n                    width=\"100\"\n                    height=\"75\"\n                    style=\"max-width:100%;\"\n                \/>\n            <\/a>\n        <\/div>\n\t\t\t\t\t\t\t<\/div> \n\t\t\t\n                            \n\t\t\t\t<div id=\"ngg-image-1\" class=\"ngg-gallery-thumbnail-box\" >\n\t\t\t\t        <div class=\"ngg-gallery-thumbnail\">\n            <a href=\"http:\/\/www.freimarianne.ch\/wp-content\/gallery\/mont-sujet-iph-27-4-21\/IMG_6328.jpeg\"\n               title=\"Osterglocke oder Gelbe Narzisse (Narcissus pseudonarcissus), Amaryllisgew\u00e4chse (Amaryllidaceae)\"\n               data-src=\"http:\/\/www.freimarianne.ch\/wp-content\/gallery\/mont-sujet-iph-27-4-21\/IMG_6328.jpeg\"\n               data-thumbnail=\"http:\/\/www.freimarianne.ch\/wp-content\/gallery\/mont-sujet-iph-27-4-21\/thumbs\/thumbs_IMG_6328.jpeg\"\n               data-image-id=\"25740\"\n               data-title=\"IMG_6328\"\n               data-description=\"Osterglocke oder Gelbe Narzisse (Narcissus pseudonarcissus), Amaryllisgew\u00e4chse (Amaryllidaceae)\"\n               data-image-slug=\"img_6328-1\"\n               class=\"shutterset_858e263574c48e46c53ddc5fe3e420e6\">\n                <img\n                    title=\"IMG_6328\"\n                    alt=\"IMG_6328\"\n                    src=\"http:\/\/www.freimarianne.ch\/wp-content\/gallery\/mont-sujet-iph-27-4-21\/cache\/IMG_6328.jpeg-nggid0525740-ngg0dyn-100x75x100-00f0w010c010r110f110r010t010.jpeg\"\n                    width=\"100\"\n                    height=\"75\"\n                    style=\"max-width:100%;\"\n                \/>\n            <\/a>\n        <\/div>\n\t\t\t\t\t\t\t<\/div> \n\t\t\t\n                            \n\t\t\t\t<div id=\"ngg-image-2\" class=\"ngg-gallery-thumbnail-box\" >\n\t\t\t\t        <div class=\"ngg-gallery-thumbnail\">\n            <a href=\"http:\/\/www.freimarianne.ch\/wp-content\/gallery\/mont-sujet-iph-27-4-21\/IMG_6332.jpeg\"\n               title=\"Osterglocken in der Combe Robin 1165m\"\n               data-src=\"http:\/\/www.freimarianne.ch\/wp-content\/gallery\/mont-sujet-iph-27-4-21\/IMG_6332.jpeg\"\n               data-thumbnail=\"http:\/\/www.freimarianne.ch\/wp-content\/gallery\/mont-sujet-iph-27-4-21\/thumbs\/thumbs_IMG_6332.jpeg\"\n               data-image-id=\"25741\"\n               data-title=\"IMG_6332\"\n               data-description=\"Osterglocken in der Combe Robin 1165m\"\n               data-image-slug=\"img_6332-2\"\n               class=\"shutterset_858e263574c48e46c53ddc5fe3e420e6\">\n                <img\n                    title=\"IMG_6332\"\n                    alt=\"IMG_6332\"\n                    src=\"http:\/\/www.freimarianne.ch\/wp-content\/gallery\/mont-sujet-iph-27-4-21\/cache\/IMG_6332.jpeg-nggid0525741-ngg0dyn-100x75x100-00f0w010c010r110f110r010t010.jpeg\"\n                    width=\"100\"\n                    height=\"75\"\n                    style=\"max-width:100%;\"\n                \/>\n            <\/a>\n        <\/div>\n\t\t\t\t\t\t\t<\/div> \n\t\t\t\n                            \n\t\t\t\t<div id=\"ngg-image-3\" class=\"ngg-gallery-thumbnail-box\" >\n\t\t\t\t        <div class=\"ngg-gallery-thumbnail\">\n            <a href=\"http:\/\/www.freimarianne.ch\/wp-content\/gallery\/mont-sujet-iph-27-4-21\/IMG_6334.jpeg\"\n               title=\"Osterglocken in der Combe Robin 1165m\"\n               data-src=\"http:\/\/www.freimarianne.ch\/wp-content\/gallery\/mont-sujet-iph-27-4-21\/IMG_6334.jpeg\"\n               data-thumbnail=\"http:\/\/www.freimarianne.ch\/wp-content\/gallery\/mont-sujet-iph-27-4-21\/thumbs\/thumbs_IMG_6334.jpeg\"\n               data-image-id=\"25739\"\n               data-title=\"IMG_6334\"\n               data-description=\"Osterglocken in der Combe Robin 1165m\"\n               data-image-slug=\"img_6334-3\"\n               class=\"shutterset_858e263574c48e46c53ddc5fe3e420e6\">\n                <img\n                    title=\"IMG_6334\"\n                    alt=\"IMG_6334\"\n                    src=\"http:\/\/www.freimarianne.ch\/wp-content\/gallery\/mont-sujet-iph-27-4-21\/cache\/IMG_6334.jpeg-nggid0525739-ngg0dyn-100x75x100-00f0w010c010r110f110r010t010.jpeg\"\n                    width=\"100\"\n                    height=\"73\"\n                    style=\"max-width:100%;\"\n                \/>\n            <\/a>\n        <\/div>\n\t\t\t\t\t\t\t<\/div> \n\t\t\t\n                                    <br style=\"clear: both\" \/>\n                    \n\t\t\t\t<div id=\"ngg-image-4\" class=\"ngg-gallery-thumbnail-box\" >\n\t\t\t\t        <div class=\"ngg-gallery-thumbnail\">\n            <a href=\"http:\/\/www.freimarianne.ch\/wp-content\/gallery\/mont-sujet-iph-27-4-21\/IMG_6337.jpeg\"\n               title=\"Osterglocken in der Combe Robin 1165m\"\n               data-src=\"http:\/\/www.freimarianne.ch\/wp-content\/gallery\/mont-sujet-iph-27-4-21\/IMG_6337.jpeg\"\n               data-thumbnail=\"http:\/\/www.freimarianne.ch\/wp-content\/gallery\/mont-sujet-iph-27-4-21\/thumbs\/thumbs_IMG_6337.jpeg\"\n               data-image-id=\"25736\"\n               data-title=\"IMG_6337\"\n               data-description=\"Osterglocken in der Combe Robin 1165m\"\n               data-image-slug=\"img_6337-2\"\n               class=\"shutterset_858e263574c48e46c53ddc5fe3e420e6\">\n                <img\n                    title=\"IMG_6337\"\n                    alt=\"IMG_6337\"\n                    src=\"http:\/\/www.freimarianne.ch\/wp-content\/gallery\/mont-sujet-iph-27-4-21\/cache\/IMG_6337.jpeg-nggid0525736-ngg0dyn-100x75x100-00f0w010c010r110f110r010t010.jpeg\"\n                    width=\"100\"\n                    height=\"68\"\n                    style=\"max-width:100%;\"\n                \/>\n            <\/a>\n        <\/div>\n\t\t\t\t\t\t\t<\/div> \n\t\t\t\n                            \n\t\t\t\t<div id=\"ngg-image-5\" class=\"ngg-gallery-thumbnail-box\" >\n\t\t\t\t        <div class=\"ngg-gallery-thumbnail\">\n            <a href=\"http:\/\/www.freimarianne.ch\/wp-content\/gallery\/mont-sujet-iph-27-4-21\/IMG_6340.jpeg\"\n               title=\"Osterglocken in der Combe Robin 1165m\"\n               data-src=\"http:\/\/www.freimarianne.ch\/wp-content\/gallery\/mont-sujet-iph-27-4-21\/IMG_6340.jpeg\"\n               data-thumbnail=\"http:\/\/www.freimarianne.ch\/wp-content\/gallery\/mont-sujet-iph-27-4-21\/thumbs\/thumbs_IMG_6340.jpeg\"\n               data-image-id=\"25738\"\n               data-title=\"IMG_6340\"\n               data-description=\"Osterglocken in der Combe Robin 1165m\"\n               data-image-slug=\"img_6340\"\n               class=\"shutterset_858e263574c48e46c53ddc5fe3e420e6\">\n                <img\n                    title=\"IMG_6340\"\n                    alt=\"IMG_6340\"\n                    src=\"http:\/\/www.freimarianne.ch\/wp-content\/gallery\/mont-sujet-iph-27-4-21\/cache\/IMG_6340.jpeg-nggid0525738-ngg0dyn-100x75x100-00f0w010c010r110f110r010t010.jpeg\"\n                    width=\"100\"\n                    height=\"75\"\n                    style=\"max-width:100%;\"\n                \/>\n            <\/a>\n        <\/div>\n\t\t\t\t\t\t\t<\/div> \n\t\t\t\n                            \n\t\t\t\t<div id=\"ngg-image-6\" class=\"ngg-gallery-thumbnail-box\" >\n\t\t\t\t        <div class=\"ngg-gallery-thumbnail\">\n            <a href=\"http:\/\/www.freimarianne.ch\/wp-content\/gallery\/mont-sujet-iph-27-4-21\/IMG_6344.jpeg\"\n               title=\"Osterglocken auf dem Weg zum Mont Sujet\"\n               data-src=\"http:\/\/www.freimarianne.ch\/wp-content\/gallery\/mont-sujet-iph-27-4-21\/IMG_6344.jpeg\"\n               data-thumbnail=\"http:\/\/www.freimarianne.ch\/wp-content\/gallery\/mont-sujet-iph-27-4-21\/thumbs\/thumbs_IMG_6344.jpeg\"\n               data-image-id=\"25737\"\n               data-title=\"IMG_6344\"\n               data-description=\"Osterglocken auf dem Weg zum Mont Sujet\"\n               data-image-slug=\"img_6344-1\"\n               class=\"shutterset_858e263574c48e46c53ddc5fe3e420e6\">\n                <img\n                    title=\"IMG_6344\"\n                    alt=\"IMG_6344\"\n                    src=\"http:\/\/www.freimarianne.ch\/wp-content\/gallery\/mont-sujet-iph-27-4-21\/cache\/IMG_6344.jpeg-nggid0525737-ngg0dyn-100x75x100-00f0w010c010r110f110r010t010.jpeg\"\n                    width=\"100\"\n                    height=\"75\"\n                    style=\"max-width:100%;\"\n                \/>\n            <\/a>\n        <\/div>\n\t\t\t\t\t\t\t<\/div> \n\t\t\t\n                            \n\t\t\t\t<div id=\"ngg-image-7\" class=\"ngg-gallery-thumbnail-box\" >\n\t\t\t\t        <div class=\"ngg-gallery-thumbnail\">\n            <a href=\"http:\/\/www.freimarianne.ch\/wp-content\/gallery\/mont-sujet-iph-27-4-21\/IMG_6347.jpeg\"\n               title=\"Osterglocken auf dem Weg zum Mont Sujet\"\n               data-src=\"http:\/\/www.freimarianne.ch\/wp-content\/gallery\/mont-sujet-iph-27-4-21\/IMG_6347.jpeg\"\n               data-thumbnail=\"http:\/\/www.freimarianne.ch\/wp-content\/gallery\/mont-sujet-iph-27-4-21\/thumbs\/thumbs_IMG_6347.jpeg\"\n               data-image-id=\"25743\"\n               data-title=\"IMG_6347\"\n               data-description=\"Osterglocken auf dem Weg zum Mont Sujet\"\n               data-image-slug=\"img_6347-1\"\n               class=\"shutterset_858e263574c48e46c53ddc5fe3e420e6\">\n                <img\n                    title=\"IMG_6347\"\n                    alt=\"IMG_6347\"\n                    src=\"http:\/\/www.freimarianne.ch\/wp-content\/gallery\/mont-sujet-iph-27-4-21\/cache\/IMG_6347.jpeg-nggid0525743-ngg0dyn-100x75x100-00f0w010c010r110f110r010t010.jpeg\"\n                    width=\"100\"\n                    height=\"75\"\n                    style=\"max-width:100%;\"\n                \/>\n            <\/a>\n        <\/div>\n\t\t\t\t\t\t\t<\/div> \n\t\t\t\n                                    <br style=\"clear: both\" \/>\n                    \n\t\t\t\t<div id=\"ngg-image-8\" class=\"ngg-gallery-thumbnail-box\" >\n\t\t\t\t        <div class=\"ngg-gallery-thumbnail\">\n            <a href=\"http:\/\/www.freimarianne.ch\/wp-content\/gallery\/mont-sujet-iph-27-4-21\/IMG_6349.jpeg\"\n               title=\"Osterglocken auf dem Weg zum Mont Sujet\"\n               data-src=\"http:\/\/www.freimarianne.ch\/wp-content\/gallery\/mont-sujet-iph-27-4-21\/IMG_6349.jpeg\"\n               data-thumbnail=\"http:\/\/www.freimarianne.ch\/wp-content\/gallery\/mont-sujet-iph-27-4-21\/thumbs\/thumbs_IMG_6349.jpeg\"\n               data-image-id=\"25735\"\n               data-title=\"IMG_6349\"\n               data-description=\"Osterglocken auf dem Weg zum Mont Sujet\"\n               data-image-slug=\"img_6349-1\"\n               class=\"shutterset_858e263574c48e46c53ddc5fe3e420e6\">\n                <img\n                    title=\"IMG_6349\"\n                    alt=\"IMG_6349\"\n                    src=\"http:\/\/www.freimarianne.ch\/wp-content\/gallery\/mont-sujet-iph-27-4-21\/cache\/IMG_6349.jpeg-nggid0525735-ngg0dyn-100x75x100-00f0w010c010r110f110r010t010.jpeg\"\n                    width=\"100\"\n                    height=\"72\"\n                    style=\"max-width:100%;\"\n                \/>\n            <\/a>\n        <\/div>\n\t\t\t\t\t\t\t<\/div> \n\t\t\t\n                            \n\t\t\t\t<div id=\"ngg-image-9\" class=\"ngg-gallery-thumbnail-box\" >\n\t\t\t\t        <div class=\"ngg-gallery-thumbnail\">\n            <a href=\"http:\/\/www.freimarianne.ch\/wp-content\/gallery\/mont-sujet-iph-27-4-21\/IMG_6355.jpeg\"\n               title=\"auf dem Mont Sujet 1358m\"\n               data-src=\"http:\/\/www.freimarianne.ch\/wp-content\/gallery\/mont-sujet-iph-27-4-21\/IMG_6355.jpeg\"\n               data-thumbnail=\"http:\/\/www.freimarianne.ch\/wp-content\/gallery\/mont-sujet-iph-27-4-21\/thumbs\/thumbs_IMG_6355.jpeg\"\n               data-image-id=\"25734\"\n               data-title=\"IMG_6355\"\n               data-description=\"auf dem Mont Sujet 1358m\"\n               data-image-slug=\"img_6355-2\"\n               class=\"shutterset_858e263574c48e46c53ddc5fe3e420e6\">\n                <img\n                    title=\"IMG_6355\"\n                    alt=\"IMG_6355\"\n                    src=\"http:\/\/www.freimarianne.ch\/wp-content\/gallery\/mont-sujet-iph-27-4-21\/cache\/IMG_6355.jpeg-nggid0525734-ngg0dyn-100x75x100-00f0w010c010r110f110r010t010.jpeg\"\n                    width=\"100\"\n                    height=\"56\"\n                    style=\"max-width:100%;\"\n                \/>\n            <\/a>\n        <\/div>\n\t\t\t\t\t\t\t<\/div> \n\t\t\t\n                            \n\t\t\n\t\t<!-- Pagination -->\n\t<div class='ngg-clear'><\/div>\t<\/div>\n\n","protected":false},"excerpt":{"rendered":"<p>Wanderung von Diesse \u00fcber den Mont Sujet nach&nbsp; les Pr\u00e9s d&#8217;Orvin Heute fahre ich \u00fcber Biel nach Ligerz. Mein Ziel ist der Mont Sujet. Mit dem Funi geht es hinauf auf les Pr\u00eales und mit dem Bus nach Diesse.Vom dorf aus geht es gleich hinauf in den Wald, For\u00eat de Chassin zur Combe Robin 1165, [&hellip;]<\/p>\n","protected":false},"author":1,"featured_media":0,"parent":47952,"menu_order":18,"comment_status":"closed","ping_status":"closed","template":"","meta":{"ngg_post_thumbnail":0},"_links":{"self":[{"href":"http:\/\/www.freimarianne.ch\/index.php?rest_route=\/wp\/v2\/pages\/48659"}],"collection":[{"href":"http:\/\/www.freimarianne.ch\/index.php?rest_route=\/wp\/v2\/pages"}],"about":[{"href":"http:\/\/www.freimarianne.ch\/index.php?rest_route=\/wp\/v2\/types\/page"}],"author":[{"embeddable":true,"href":"http:\/\/www.freimarianne.ch\/index.php?rest_route=\/wp\/v2\/users\/1"}],"replies":[{"embeddable":true,"href":"http:\/\/www.freimarianne.ch\/index.php?rest_route=%2Fwp%2Fv2%2Fcomments&post=48659"}],"version-history":[{"count":4,"href":"http:\/\/www.freimarianne.ch\/index.php?rest_route=\/wp\/v2\/pages\/48659\/revisions"}],"predecessor-version":[{"id":48701,"href":"http:\/\/www.freimarianne.ch\/index.php?rest_route=\/wp\/v2\/pages\/48659\/revisions\/48701"}],"up":[{"embeddable":true,"href":"http:\/\/www.freimarianne.ch\/index.php?rest_route=\/wp\/v2\/pages\/47952"}],"wp:attachment":[{"href":"http:\/\/www.freimarianne.ch\/index.php?rest_route=%2Fwp%2Fv2%2Fmedia&parent=48659"}],"curies":[{"name":"wp","href":"https:\/\/api.w.org\/{rel}","templated":true}]}}