{"id":5048,"date":"2014-03-03T11:04:12","date_gmt":"2014-03-03T10:04:12","guid":{"rendered":"http:\/\/www.freimarianne.ch\/?page_id=5048"},"modified":"2015-01-03T09:41:57","modified_gmt":"2015-01-03T08:41:57","slug":"vue-des-alpes-col-de-la-tourne-ne-2-3-2014","status":"publish","type":"page","link":"http:\/\/www.freimarianne.ch\/?page_id=5048","title":{"rendered":"Vue des Alpes &#8211; Col de la Tourne, NE  2.3.2014"},"content":{"rendered":"<p><strong>Schneeschuhtour<\/strong> vom Vue des Alpes 1283m \u00fcber den T\u00eate de Ran, Mont Racine 1438m zum Col de la Tourne 1129m.<br \/>\nEine Tour mit dem Novartis Berg&amp;Ski Club.<br \/>\n<img loading=\"lazy\" class=\"aligncenter size-full wp-image-5050\" src=\"http:\/\/www.freimarianne.ch\/wp-content\/uploads\/2014\/03\/IMG_1559_vue-desalpes_500.jpg\" alt=\"IMG_1559_vue desalpes_500\" width=\"500\" height=\"375\" srcset=\"http:\/\/www.freimarianne.ch\/wp-content\/uploads\/2014\/03\/IMG_1559_vue-desalpes_500.jpg 500w, http:\/\/www.freimarianne.ch\/wp-content\/uploads\/2014\/03\/IMG_1559_vue-desalpes_500-300x225.jpg 300w, http:\/\/www.freimarianne.ch\/wp-content\/uploads\/2014\/03\/IMG_1559_vue-desalpes_500-400x300.jpg 400w\" sizes=\"(max-width: 500px) 100vw, 500px\" \/><br \/>\nUm 9.45 h sind wir auf dem Vue des Alpes und k\u00f6nnen unsere lange Wanderung \u00fcber die Jurah\u00f6hen bei Sonnenschein beginnen. Wir steigen einige Meter hinauf und befinden uns bald auf dem sch\u00f6nen Gratweg. Es hat in letzter Zeit hier oben Neuschnee gegeben und wir gehen durch eine zauberhaft Winterlandschaft. Es geht st\u00e4ndig etwas auf und ab und bald stehen wir auf einer Anh\u00f6he, die uns den Blick frei gibt auf den T\u00eate de Ran und die wenigen H\u00e4user in der Senke. Nach einem Trinkhalt geht es weiter teils durch den lichten Wald und dann auf offenen weissen Fl\u00e4chen. Wir geniessen noch etwas die Sonne, die dann aber bald hinter drohenden Wolkenbergen verschwindet und nur hin und wieder hervorkommt. Wir sind fleissig am Fotografieren &#8211; insbesondere auf dem Grat mit Tisch und Bank. Hier sind die kahlen Laubb\u00e4ume mit einer Frostschicht \u00fcberzogen, was wundersch\u00f6ne Winterbilder gibt.<\/p>\n<p>Wir haben noch eine weite Strecke vor uns und m\u00fcssen weiter. Wir gehen auf dem Grat Rochers Bruns und haben eine gute Sicht auf die Bergketten im Norden und hinunter auf die Loipen.<br \/>\nBald kommen wir in die Senke von Les Grandes Pradi\u00e8res 1315m. Nach einem weiteren Trinkhalt nehmen wir dann den leichten Anstieg zum Mond Racine 1438m in Angriff.<\/p>\n<p>Um 13.00 sind wir am h\u00f6chsten Punkt unserer Wanderung angekommen. Hier halten wir unsere Mittagsrast, die aber wegen der K\u00e4lte nicht so lange wie geplant dauert. Wir sind froh, wieder weiter zu gehen und uns im Marschieren aufzuw\u00e4rmen.<br \/>\nNun geht es eine Weile dem Grat entlang, der hier les Ar\u00eates genannt wird. Es gibt noch kurz einen Gegenanstieg im Tiefschnee auf eine Kuppe und dann geht es quer feldein hinunter in das kleine Tal, das zum Hof Grande Sagneule f\u00fchrt. Es macht viel Spass im tiefen Schnee hinunter zu laufen! Wir wandern durch das Sumpfgebiet von Petit Sagneule, m\u00fcssen noch einige Meter durch den Wald hinaufsteigen und gehen dann eben fort neben der Langlaufloipe. Beim alten Jurahaus Petit Coeurie halten wir nach links und kommen in den Wald hinein, wo der Pfad weiter unten auf die Strasse m\u00fcndet, die uns zum Col de la Tourne 1129m bringt.<br \/>\nUm ca. 15.00 h sind wir an unserem Zielort angelangt und k\u00f6nnen uns im Restaurant an der W\u00e4rme entspannen. Um 15.48 h nehmen wir den Bus nach Neuch\u00e2tel und besteigen den Zug nach Basel, wo wir kurz vor 18.00 h ankommen.<br \/>\nDies war eine recht lange aber sch\u00f6ne Tour bei winterlichen Verh\u00e4ltnissen, die uns heute keine Sicht auf die Alpen bot. Wir hatten aber anfangs unserer Tour doch etwas Sonnenschein und konnten die st\u00e4ndig wechselnden Stimmungen geniessen.<br \/>\nDanke allen f\u00fcr das Mitmachen.<br \/>\nMarianne<br \/>\n<!-- index.php -->\n<div\n\tclass=\"ngg-galleryoverview ngg-ajax-pagination-none\"\n\tid=\"ngg-gallery-8716-1\">\n\n    \t<div class=\"slideshowlink\">\n        <a href='http:\/\/www.freimarianne.ch\/index.php\/nggallery\/slideshow?page_id=5048'>[Show as slideshow]<\/a>\n\t\t\n\t<\/div>\n\t\t\t<!-- Thumbnails -->\n\t\t\t\t<div id=\"ngg-image-0\" class=\"ngg-gallery-thumbnail-box\" >\n\t\t\t\t        <div class=\"ngg-gallery-thumbnail\">\n            <a href=\"http:\/\/www.freimarianne.ch\/wp-content\/gallery\/vue-des-alpes-2-3-2014\/img_1517.jpg\"\n               title=\"\"\n               data-src=\"http:\/\/www.freimarianne.ch\/wp-content\/gallery\/vue-des-alpes-2-3-2014\/img_1517.jpg\"\n               data-thumbnail=\"http:\/\/www.freimarianne.ch\/wp-content\/gallery\/vue-des-alpes-2-3-2014\/thumbs\/thumbs_img_1517.jpg\"\n               data-image-id=\"8071\"\n               data-title=\"img_1517\"\n               data-description=\"\"\n               data-image-slug=\"img_1517\"\n               class=\"shutterset_8716\">\n                <img\n                    title=\"img_1517\"\n                    alt=\"img_1517\"\n                    src=\"http:\/\/www.freimarianne.ch\/wp-content\/gallery\/vue-des-alpes-2-3-2014\/thumbs\/thumbs_img_1517.jpg\"\n                    width=\"100\"\n                    height=\"75\"\n                    style=\"max-width:100%;\"\n                \/>\n            <\/a>\n        <\/div>\n\t\t\t\t\t\t\t<\/div> \n\t\t\t\n        \n\t\t\t\t<div id=\"ngg-image-1\" class=\"ngg-gallery-thumbnail-box\" >\n\t\t\t\t        <div class=\"ngg-gallery-thumbnail\">\n            <a href=\"http:\/\/www.freimarianne.ch\/wp-content\/gallery\/vue-des-alpes-2-3-2014\/img_1518.jpg\"\n               title=\"\"\n               data-src=\"http:\/\/www.freimarianne.ch\/wp-content\/gallery\/vue-des-alpes-2-3-2014\/img_1518.jpg\"\n               data-thumbnail=\"http:\/\/www.freimarianne.ch\/wp-content\/gallery\/vue-des-alpes-2-3-2014\/thumbs\/thumbs_img_1518.jpg\"\n               data-image-id=\"8072\"\n               data-title=\"img_1518\"\n               data-description=\"\"\n               data-image-slug=\"img_1518-2\"\n               class=\"shutterset_8716\">\n                <img\n                    title=\"img_1518\"\n                    alt=\"img_1518\"\n                    src=\"http:\/\/www.freimarianne.ch\/wp-content\/gallery\/vue-des-alpes-2-3-2014\/thumbs\/thumbs_img_1518.jpg\"\n                    width=\"100\"\n                    height=\"75\"\n                    style=\"max-width:100%;\"\n                \/>\n            <\/a>\n        <\/div>\n\t\t\t\t\t\t\t<\/div> \n\t\t\t\n        \n\t\t\t\t<div id=\"ngg-image-2\" class=\"ngg-gallery-thumbnail-box\" >\n\t\t\t\t        <div class=\"ngg-gallery-thumbnail\">\n            <a href=\"http:\/\/www.freimarianne.ch\/wp-content\/gallery\/vue-des-alpes-2-3-2014\/img_1522.jpg\"\n               title=\"\"\n               data-src=\"http:\/\/www.freimarianne.ch\/wp-content\/gallery\/vue-des-alpes-2-3-2014\/img_1522.jpg\"\n               data-thumbnail=\"http:\/\/www.freimarianne.ch\/wp-content\/gallery\/vue-des-alpes-2-3-2014\/thumbs\/thumbs_img_1522.jpg\"\n               data-image-id=\"8073\"\n               data-title=\"img_1522\"\n               data-description=\"\"\n               data-image-slug=\"img_1522\"\n               class=\"shutterset_8716\">\n                <img\n                    title=\"img_1522\"\n                    alt=\"img_1522\"\n                    src=\"http:\/\/www.freimarianne.ch\/wp-content\/gallery\/vue-des-alpes-2-3-2014\/thumbs\/thumbs_img_1522.jpg\"\n                    width=\"100\"\n                    height=\"75\"\n                    style=\"max-width:100%;\"\n                \/>\n            <\/a>\n        <\/div>\n\t\t\t\t\t\t\t<\/div> \n\t\t\t\n        \n\t\t\t\t<div id=\"ngg-image-3\" class=\"ngg-gallery-thumbnail-box\" >\n\t\t\t\t        <div class=\"ngg-gallery-thumbnail\">\n            <a href=\"http:\/\/www.freimarianne.ch\/wp-content\/gallery\/vue-des-alpes-2-3-2014\/img_1523.jpg\"\n               title=\"\"\n               data-src=\"http:\/\/www.freimarianne.ch\/wp-content\/gallery\/vue-des-alpes-2-3-2014\/img_1523.jpg\"\n               data-thumbnail=\"http:\/\/www.freimarianne.ch\/wp-content\/gallery\/vue-des-alpes-2-3-2014\/thumbs\/thumbs_img_1523.jpg\"\n               data-image-id=\"8074\"\n               data-title=\"img_1523\"\n               data-description=\"\"\n               data-image-slug=\"img_1523-2\"\n               class=\"shutterset_8716\">\n                <img\n                    title=\"img_1523\"\n                    alt=\"img_1523\"\n                    src=\"http:\/\/www.freimarianne.ch\/wp-content\/gallery\/vue-des-alpes-2-3-2014\/thumbs\/thumbs_img_1523.jpg\"\n                    width=\"100\"\n                    height=\"75\"\n                    style=\"max-width:100%;\"\n                \/>\n            <\/a>\n        <\/div>\n\t\t\t\t\t\t\t<\/div> \n\t\t\t\n        \n\t\t\t\t<div id=\"ngg-image-4\" class=\"ngg-gallery-thumbnail-box\" >\n\t\t\t\t        <div class=\"ngg-gallery-thumbnail\">\n            <a href=\"http:\/\/www.freimarianne.ch\/wp-content\/gallery\/vue-des-alpes-2-3-2014\/img_1524.jpg\"\n               title=\"\"\n               data-src=\"http:\/\/www.freimarianne.ch\/wp-content\/gallery\/vue-des-alpes-2-3-2014\/img_1524.jpg\"\n               data-thumbnail=\"http:\/\/www.freimarianne.ch\/wp-content\/gallery\/vue-des-alpes-2-3-2014\/thumbs\/thumbs_img_1524.jpg\"\n               data-image-id=\"8075\"\n               data-title=\"img_1524\"\n               data-description=\"\"\n               data-image-slug=\"img_1524-2\"\n               class=\"shutterset_8716\">\n                <img\n                    title=\"img_1524\"\n                    alt=\"img_1524\"\n                    src=\"http:\/\/www.freimarianne.ch\/wp-content\/gallery\/vue-des-alpes-2-3-2014\/thumbs\/thumbs_img_1524.jpg\"\n                    width=\"100\"\n                    height=\"75\"\n                    style=\"max-width:100%;\"\n                \/>\n            <\/a>\n        <\/div>\n\t\t\t\t\t\t\t<\/div> \n\t\t\t\n        \n\t\t\t\t<div id=\"ngg-image-5\" class=\"ngg-gallery-thumbnail-box\" >\n\t\t\t\t        <div class=\"ngg-gallery-thumbnail\">\n            <a href=\"http:\/\/www.freimarianne.ch\/wp-content\/gallery\/vue-des-alpes-2-3-2014\/img_1535.jpg\"\n               title=\"\"\n               data-src=\"http:\/\/www.freimarianne.ch\/wp-content\/gallery\/vue-des-alpes-2-3-2014\/img_1535.jpg\"\n               data-thumbnail=\"http:\/\/www.freimarianne.ch\/wp-content\/gallery\/vue-des-alpes-2-3-2014\/thumbs\/thumbs_img_1535.jpg\"\n               data-image-id=\"8076\"\n               data-title=\"img_1535\"\n               data-description=\"\"\n               data-image-slug=\"img_1535-2\"\n               class=\"shutterset_8716\">\n                <img\n                    title=\"img_1535\"\n                    alt=\"img_1535\"\n                    src=\"http:\/\/www.freimarianne.ch\/wp-content\/gallery\/vue-des-alpes-2-3-2014\/thumbs\/thumbs_img_1535.jpg\"\n                    width=\"100\"\n                    height=\"75\"\n                    style=\"max-width:100%;\"\n                \/>\n            <\/a>\n        <\/div>\n\t\t\t\t\t\t\t<\/div> \n\t\t\t\n        \n\t\t\t\t<div id=\"ngg-image-6\" class=\"ngg-gallery-thumbnail-box\" >\n\t\t\t\t        <div class=\"ngg-gallery-thumbnail\">\n            <a href=\"http:\/\/www.freimarianne.ch\/wp-content\/gallery\/vue-des-alpes-2-3-2014\/img_1542.jpg\"\n               title=\"\"\n               data-src=\"http:\/\/www.freimarianne.ch\/wp-content\/gallery\/vue-des-alpes-2-3-2014\/img_1542.jpg\"\n               data-thumbnail=\"http:\/\/www.freimarianne.ch\/wp-content\/gallery\/vue-des-alpes-2-3-2014\/thumbs\/thumbs_img_1542.jpg\"\n               data-image-id=\"8077\"\n               data-title=\"img_1542\"\n               data-description=\"\"\n               data-image-slug=\"img_1542\"\n               class=\"shutterset_8716\">\n                <img\n                    title=\"img_1542\"\n                    alt=\"img_1542\"\n                    src=\"http:\/\/www.freimarianne.ch\/wp-content\/gallery\/vue-des-alpes-2-3-2014\/thumbs\/thumbs_img_1542.jpg\"\n                    width=\"100\"\n                    height=\"75\"\n                    style=\"max-width:100%;\"\n                \/>\n            <\/a>\n        <\/div>\n\t\t\t\t\t\t\t<\/div> \n\t\t\t\n        \n\t\t\t\t<div id=\"ngg-image-7\" class=\"ngg-gallery-thumbnail-box\" >\n\t\t\t\t        <div class=\"ngg-gallery-thumbnail\">\n            <a href=\"http:\/\/www.freimarianne.ch\/wp-content\/gallery\/vue-des-alpes-2-3-2014\/img_1549.jpg\"\n               title=\"\"\n               data-src=\"http:\/\/www.freimarianne.ch\/wp-content\/gallery\/vue-des-alpes-2-3-2014\/img_1549.jpg\"\n               data-thumbnail=\"http:\/\/www.freimarianne.ch\/wp-content\/gallery\/vue-des-alpes-2-3-2014\/thumbs\/thumbs_img_1549.jpg\"\n               data-image-id=\"8078\"\n               data-title=\"img_1549\"\n               data-description=\"\"\n               data-image-slug=\"img_1549-3\"\n               class=\"shutterset_8716\">\n                <img\n                    title=\"img_1549\"\n                    alt=\"img_1549\"\n                    src=\"http:\/\/www.freimarianne.ch\/wp-content\/gallery\/vue-des-alpes-2-3-2014\/thumbs\/thumbs_img_1549.jpg\"\n                    width=\"100\"\n                    height=\"75\"\n                    style=\"max-width:100%;\"\n                \/>\n            <\/a>\n        <\/div>\n\t\t\t\t\t\t\t<\/div> \n\t\t\t\n        \n\t\t\t\t<div id=\"ngg-image-8\" class=\"ngg-gallery-thumbnail-box\" >\n\t\t\t\t        <div class=\"ngg-gallery-thumbnail\">\n            <a href=\"http:\/\/www.freimarianne.ch\/wp-content\/gallery\/vue-des-alpes-2-3-2014\/img_1550.jpg\"\n               title=\"\"\n               data-src=\"http:\/\/www.freimarianne.ch\/wp-content\/gallery\/vue-des-alpes-2-3-2014\/img_1550.jpg\"\n               data-thumbnail=\"http:\/\/www.freimarianne.ch\/wp-content\/gallery\/vue-des-alpes-2-3-2014\/thumbs\/thumbs_img_1550.jpg\"\n               data-image-id=\"8079\"\n               data-title=\"img_1550\"\n               data-description=\"\"\n               data-image-slug=\"img_1550-2\"\n               class=\"shutterset_8716\">\n                <img\n                    title=\"img_1550\"\n                    alt=\"img_1550\"\n                    src=\"http:\/\/www.freimarianne.ch\/wp-content\/gallery\/vue-des-alpes-2-3-2014\/thumbs\/thumbs_img_1550.jpg\"\n                    width=\"100\"\n                    height=\"75\"\n                    style=\"max-width:100%;\"\n                \/>\n            <\/a>\n        <\/div>\n\t\t\t\t\t\t\t<\/div> \n\t\t\t\n        \n\t\t\t\t<div id=\"ngg-image-9\" class=\"ngg-gallery-thumbnail-box\" >\n\t\t\t\t        <div class=\"ngg-gallery-thumbnail\">\n            <a href=\"http:\/\/www.freimarianne.ch\/wp-content\/gallery\/vue-des-alpes-2-3-2014\/img_1554.jpg\"\n               title=\"\"\n               data-src=\"http:\/\/www.freimarianne.ch\/wp-content\/gallery\/vue-des-alpes-2-3-2014\/img_1554.jpg\"\n               data-thumbnail=\"http:\/\/www.freimarianne.ch\/wp-content\/gallery\/vue-des-alpes-2-3-2014\/thumbs\/thumbs_img_1554.jpg\"\n               data-image-id=\"8080\"\n               data-title=\"img_1554\"\n               data-description=\"\"\n               data-image-slug=\"img_1554\"\n               class=\"shutterset_8716\">\n                <img\n                    title=\"img_1554\"\n                    alt=\"img_1554\"\n                    src=\"http:\/\/www.freimarianne.ch\/wp-content\/gallery\/vue-des-alpes-2-3-2014\/thumbs\/thumbs_img_1554.jpg\"\n                    width=\"100\"\n                    height=\"75\"\n                    style=\"max-width:100%;\"\n                \/>\n            <\/a>\n        <\/div>\n\t\t\t\t\t\t\t<\/div> \n\t\t\t\n        \n\t\t\t\t<div id=\"ngg-image-10\" class=\"ngg-gallery-thumbnail-box\" >\n\t\t\t\t        <div class=\"ngg-gallery-thumbnail\">\n            <a href=\"http:\/\/www.freimarianne.ch\/wp-content\/gallery\/vue-des-alpes-2-3-2014\/img_1557.jpg\"\n               title=\"\"\n               data-src=\"http:\/\/www.freimarianne.ch\/wp-content\/gallery\/vue-des-alpes-2-3-2014\/img_1557.jpg\"\n               data-thumbnail=\"http:\/\/www.freimarianne.ch\/wp-content\/gallery\/vue-des-alpes-2-3-2014\/thumbs\/thumbs_img_1557.jpg\"\n               data-image-id=\"8081\"\n               data-title=\"img_1557\"\n               data-description=\"\"\n               data-image-slug=\"img_1557-3\"\n               class=\"shutterset_8716\">\n                <img\n                    title=\"img_1557\"\n                    alt=\"img_1557\"\n                    src=\"http:\/\/www.freimarianne.ch\/wp-content\/gallery\/vue-des-alpes-2-3-2014\/thumbs\/thumbs_img_1557.jpg\"\n                    width=\"100\"\n                    height=\"75\"\n                    style=\"max-width:100%;\"\n                \/>\n            <\/a>\n        <\/div>\n\t\t\t\t\t\t\t<\/div> \n\t\t\t\n        \n\t\t\t\t<div id=\"ngg-image-11\" class=\"ngg-gallery-thumbnail-box\" >\n\t\t\t\t        <div class=\"ngg-gallery-thumbnail\">\n            <a href=\"http:\/\/www.freimarianne.ch\/wp-content\/gallery\/vue-des-alpes-2-3-2014\/img_1559.jpg\"\n               title=\"\"\n               data-src=\"http:\/\/www.freimarianne.ch\/wp-content\/gallery\/vue-des-alpes-2-3-2014\/img_1559.jpg\"\n               data-thumbnail=\"http:\/\/www.freimarianne.ch\/wp-content\/gallery\/vue-des-alpes-2-3-2014\/thumbs\/thumbs_img_1559.jpg\"\n               data-image-id=\"8082\"\n               data-title=\"img_1559\"\n               data-description=\"\"\n               data-image-slug=\"img_1559\"\n               class=\"shutterset_8716\">\n                <img\n                    title=\"img_1559\"\n                    alt=\"img_1559\"\n                    src=\"http:\/\/www.freimarianne.ch\/wp-content\/gallery\/vue-des-alpes-2-3-2014\/thumbs\/thumbs_img_1559.jpg\"\n                    width=\"100\"\n                    height=\"75\"\n                    style=\"max-width:100%;\"\n                \/>\n            <\/a>\n        <\/div>\n\t\t\t\t\t\t\t<\/div> \n\t\t\t\n        \n\t\t\t\t<div id=\"ngg-image-12\" class=\"ngg-gallery-thumbnail-box\" >\n\t\t\t\t        <div class=\"ngg-gallery-thumbnail\">\n            <a href=\"http:\/\/www.freimarianne.ch\/wp-content\/gallery\/vue-des-alpes-2-3-2014\/img_1561.jpg\"\n               title=\"\"\n               data-src=\"http:\/\/www.freimarianne.ch\/wp-content\/gallery\/vue-des-alpes-2-3-2014\/img_1561.jpg\"\n               data-thumbnail=\"http:\/\/www.freimarianne.ch\/wp-content\/gallery\/vue-des-alpes-2-3-2014\/thumbs\/thumbs_img_1561.jpg\"\n               data-image-id=\"8083\"\n               data-title=\"img_1561\"\n               data-description=\"\"\n               data-image-slug=\"img_1561-3\"\n               class=\"shutterset_8716\">\n                <img\n                    title=\"img_1561\"\n                    alt=\"img_1561\"\n                    src=\"http:\/\/www.freimarianne.ch\/wp-content\/gallery\/vue-des-alpes-2-3-2014\/thumbs\/thumbs_img_1561.jpg\"\n                    width=\"100\"\n                    height=\"75\"\n                    style=\"max-width:100%;\"\n                \/>\n            <\/a>\n        <\/div>\n\t\t\t\t\t\t\t<\/div> \n\t\t\t\n        \n\t\t\t\t<div id=\"ngg-image-13\" class=\"ngg-gallery-thumbnail-box\" >\n\t\t\t\t        <div class=\"ngg-gallery-thumbnail\">\n            <a href=\"http:\/\/www.freimarianne.ch\/wp-content\/gallery\/vue-des-alpes-2-3-2014\/img_1567.jpg\"\n               title=\"\"\n               data-src=\"http:\/\/www.freimarianne.ch\/wp-content\/gallery\/vue-des-alpes-2-3-2014\/img_1567.jpg\"\n               data-thumbnail=\"http:\/\/www.freimarianne.ch\/wp-content\/gallery\/vue-des-alpes-2-3-2014\/thumbs\/thumbs_img_1567.jpg\"\n               data-image-id=\"8084\"\n               data-title=\"img_1567\"\n               data-description=\"\"\n               data-image-slug=\"img_1567-2\"\n               class=\"shutterset_8716\">\n                <img\n                    title=\"img_1567\"\n                    alt=\"img_1567\"\n                    src=\"http:\/\/www.freimarianne.ch\/wp-content\/gallery\/vue-des-alpes-2-3-2014\/thumbs\/thumbs_img_1567.jpg\"\n                    width=\"100\"\n                    height=\"75\"\n                    style=\"max-width:100%;\"\n                \/>\n            <\/a>\n        <\/div>\n\t\t\t\t\t\t\t<\/div> \n\t\t\t\n        \n\t\t\t\t<div id=\"ngg-image-14\" class=\"ngg-gallery-thumbnail-box\" >\n\t\t\t\t        <div class=\"ngg-gallery-thumbnail\">\n            <a href=\"http:\/\/www.freimarianne.ch\/wp-content\/gallery\/vue-des-alpes-2-3-2014\/img_1572.jpg\"\n               title=\"\"\n               data-src=\"http:\/\/www.freimarianne.ch\/wp-content\/gallery\/vue-des-alpes-2-3-2014\/img_1572.jpg\"\n               data-thumbnail=\"http:\/\/www.freimarianne.ch\/wp-content\/gallery\/vue-des-alpes-2-3-2014\/thumbs\/thumbs_img_1572.jpg\"\n               data-image-id=\"8085\"\n               data-title=\"img_1572\"\n               data-description=\"\"\n               data-image-slug=\"img_1572\"\n               class=\"shutterset_8716\">\n                <img\n                    title=\"img_1572\"\n                    alt=\"img_1572\"\n                    src=\"http:\/\/www.freimarianne.ch\/wp-content\/gallery\/vue-des-alpes-2-3-2014\/thumbs\/thumbs_img_1572.jpg\"\n                    width=\"100\"\n                    height=\"75\"\n                    style=\"max-width:100%;\"\n                \/>\n            <\/a>\n        <\/div>\n\t\t\t\t\t\t\t<\/div> \n\t\t\t\n        \n\t\t\n\t\t<!-- Pagination -->\n\t<div class='ngg-clear'><\/div>\t<\/div>\n<\/p>\n","protected":false},"excerpt":{"rendered":"<p>Schneeschuhtour vom Vue des Alpes 1283m \u00fcber den T\u00eate de Ran, Mont Racine 1438m zum Col de la Tourne 1129m. Eine Tour mit dem Novartis Berg&amp;Ski Club. Um 9.45 h sind wir auf dem Vue des Alpes und k\u00f6nnen unsere lange Wanderung \u00fcber die Jurah\u00f6hen bei Sonnenschein beginnen. Wir steigen einige Meter hinauf und befinden [&hellip;]<\/p>\n","protected":false},"author":1,"featured_media":0,"parent":4769,"menu_order":12,"comment_status":"closed","ping_status":"closed","template":"","meta":{"ngg_post_thumbnail":0},"_links":{"self":[{"href":"http:\/\/www.freimarianne.ch\/index.php?rest_route=\/wp\/v2\/pages\/5048"}],"collection":[{"href":"http:\/\/www.freimarianne.ch\/index.php?rest_route=\/wp\/v2\/pages"}],"about":[{"href":"http:\/\/www.freimarianne.ch\/index.php?rest_route=\/wp\/v2\/types\/page"}],"author":[{"embeddable":true,"href":"http:\/\/www.freimarianne.ch\/index.php?rest_route=\/wp\/v2\/users\/1"}],"replies":[{"embeddable":true,"href":"http:\/\/www.freimarianne.ch\/index.php?rest_route=%2Fwp%2Fv2%2Fcomments&post=5048"}],"version-history":[{"count":10,"href":"http:\/\/www.freimarianne.ch\/index.php?rest_route=\/wp\/v2\/pages\/5048\/revisions"}],"predecessor-version":[{"id":8718,"href":"http:\/\/www.freimarianne.ch\/index.php?rest_route=\/wp\/v2\/pages\/5048\/revisions\/8718"}],"up":[{"embeddable":true,"href":"http:\/\/www.freimarianne.ch\/index.php?rest_route=\/wp\/v2\/pages\/4769"}],"wp:attachment":[{"href":"http:\/\/www.freimarianne.ch\/index.php?rest_route=%2Fwp%2Fv2%2Fmedia&parent=5048"}],"curies":[{"name":"wp","href":"https:\/\/api.w.org\/{rel}","templated":true}]}}