{"id":5270,"date":"2014-05-21T08:20:58","date_gmt":"2014-05-21T07:20:58","guid":{"rendered":"http:\/\/www.freimarianne.ch\/?page_id=5270"},"modified":"2015-01-03T11:19:09","modified_gmt":"2015-01-03T10:19:09","slug":"creux-du-van-ne-20-5-2014","status":"publish","type":"page","link":"http:\/\/www.freimarianne.ch\/?page_id=5270","title":{"rendered":"Creux du Van, NE  20.5.2014"},"content":{"rendered":"<p><strong>Bergwanderung mit den Akzentforum<\/strong><br \/>\n<a href=\"http:\/\/www.freimarianne.ch\/wp-content\/uploads\/2014\/05\/IMG_4231_creuxvan_500.jpg\"><img loading=\"lazy\" class=\"aligncenter size-full wp-image-5273\" src=\"http:\/\/www.freimarianne.ch\/wp-content\/uploads\/2014\/05\/IMG_4231_creuxvan_500.jpg\" alt=\"IMG_4231_creuxvan_500\" width=\"500\" height=\"375\" srcset=\"http:\/\/www.freimarianne.ch\/wp-content\/uploads\/2014\/05\/IMG_4231_creuxvan_500.jpg 500w, http:\/\/www.freimarianne.ch\/wp-content\/uploads\/2014\/05\/IMG_4231_creuxvan_500-300x225.jpg 300w, http:\/\/www.freimarianne.ch\/wp-content\/uploads\/2014\/05\/IMG_4231_creuxvan_500-400x300.jpg 400w\" sizes=\"(max-width: 500px) 100vw, 500px\" \/><\/a><\/p>\n<p>Bei besten Wetter starten wir in Noraigue 729m unsere Tour auf den Creux du Van, nachdem sich einige noch mit einem Kaffee f\u00fcr den Aufstieg gest\u00e4rkt haben. Wir laufen um 9.20 h los.<br \/>\nGleich geht es hinauf zum Waldrand, wo die beiden Wanderwege auf den Creux du Van beginnen. Wir w\u00e4hlen den linken Weg zur Ferme Robert 927 m. Hier gibt es den ersten Trinkhalt auf den Holzb\u00e4nken des Restaurants, das heute leider geschlossen ist. Weiter geht es \u00fcber eine weitere Steilstufe durch den Wald hinauf. Wir stossen dann weiter oben auf einen Schotterweg, der uns in einer weiten Schlaufe hinauf zu Pr\u00e9 au Favre 1295m bringt. Hier k\u00f6nnen wir im Gras sitzen und uns wieder st\u00e4rken. Dann folgt ein St\u00fcck Teerstrasse bis La Grand Vy 1381m. Nun gehen wir \u00fcber eine Wiesenpfad \u00fcber Juraweiden, die durchsetzt sind von pr\u00e4chtigen B\u00e4umen und erreichen so endlich den Rand des Creux du Van 1426m, der als Ausr\u00e4umungskessel beschrieben wird. Er ist etwa 1200m breit und etwa 500m tief.<\/p>\n<p>Die Aussicht ist pr\u00e4chtig. Hier halten wir unsere Mittagsrast. Leider ist der Himmel inzwischen nicht mehr blau sondern eher weiss und es ist etwas k\u00fchler geworden. Die sp\u00e4tere Wanderung an Rand des Felsw\u00e4nde bietet immer wieder spektakul\u00e4re Aussichten und l\u00e4dt zum Photographieren ein. Die Zeit reicht noch f\u00fcr eine Einkehr in der Ferme du Soliat 1382m. Dann erfolgt der Abstieg \u00fcber die vielen Kehren hinunter nach les Oeuillons 1014m, wo wir noch ein Pause einlegen. Hier gibt es Kaffee und Glac\u00e9s. Um ca. 16.30 h sind wir dann wieder unten am Bahnhof in Noraigue.<br \/>\nDie war eine sch\u00f6ne Tour zu einem einzigartigen Ort in der Schweiz.<br \/>\nDanke allen f\u00fcrs Mitmachen! Marianne<br \/>\n<!-- index.php -->\n<div\n\tclass=\"ngg-galleryoverview ngg-ajax-pagination-none\"\n\tid=\"ngg-gallery-8812-1\">\n\n    \t<div class=\"slideshowlink\">\n        <a href='http:\/\/www.freimarianne.ch\/index.php\/nggallery\/slideshow?page_id=5270'>[Show as slideshow]<\/a>\n\t\t\n\t<\/div>\n\t\t\t<!-- Thumbnails -->\n\t\t\t\t<div id=\"ngg-image-0\" class=\"ngg-gallery-thumbnail-box\" >\n\t\t\t\t        <div class=\"ngg-gallery-thumbnail\">\n            <a href=\"http:\/\/www.freimarianne.ch\/wp-content\/gallery\/creux-du-van-20-5-14\/img_4212.jpg\"\n               title=\"\"\n               data-src=\"http:\/\/www.freimarianne.ch\/wp-content\/gallery\/creux-du-van-20-5-14\/img_4212.jpg\"\n               data-thumbnail=\"http:\/\/www.freimarianne.ch\/wp-content\/gallery\/creux-du-van-20-5-14\/thumbs\/thumbs_img_4212.jpg\"\n               data-image-id=\"8314\"\n               data-title=\"img_4212\"\n               data-description=\"\"\n               data-image-slug=\"img_4212\"\n               class=\"shutterset_8812\">\n                <img\n                    title=\"img_4212\"\n                    alt=\"img_4212\"\n                    src=\"http:\/\/www.freimarianne.ch\/wp-content\/gallery\/creux-du-van-20-5-14\/thumbs\/thumbs_img_4212.jpg\"\n                    width=\"100\"\n                    height=\"75\"\n                    style=\"max-width:100%;\"\n                \/>\n            <\/a>\n        <\/div>\n\t\t\t\t\t\t\t<\/div> \n\t\t\t\n        \n\t\t\t\t<div id=\"ngg-image-1\" class=\"ngg-gallery-thumbnail-box\" >\n\t\t\t\t        <div class=\"ngg-gallery-thumbnail\">\n            <a href=\"http:\/\/www.freimarianne.ch\/wp-content\/gallery\/creux-du-van-20-5-14\/img_4213.jpg\"\n               title=\"\"\n               data-src=\"http:\/\/www.freimarianne.ch\/wp-content\/gallery\/creux-du-van-20-5-14\/img_4213.jpg\"\n               data-thumbnail=\"http:\/\/www.freimarianne.ch\/wp-content\/gallery\/creux-du-van-20-5-14\/thumbs\/thumbs_img_4213.jpg\"\n               data-image-id=\"8315\"\n               data-title=\"img_4213\"\n               data-description=\"\"\n               data-image-slug=\"img_4213\"\n               class=\"shutterset_8812\">\n                <img\n                    title=\"img_4213\"\n                    alt=\"img_4213\"\n                    src=\"http:\/\/www.freimarianne.ch\/wp-content\/gallery\/creux-du-van-20-5-14\/thumbs\/thumbs_img_4213.jpg\"\n                    width=\"100\"\n                    height=\"75\"\n                    style=\"max-width:100%;\"\n                \/>\n            <\/a>\n        <\/div>\n\t\t\t\t\t\t\t<\/div> \n\t\t\t\n        \n\t\t\t\t<div id=\"ngg-image-2\" class=\"ngg-gallery-thumbnail-box\" >\n\t\t\t\t        <div class=\"ngg-gallery-thumbnail\">\n            <a href=\"http:\/\/www.freimarianne.ch\/wp-content\/gallery\/creux-du-van-20-5-14\/img_4218.jpg\"\n               title=\"\"\n               data-src=\"http:\/\/www.freimarianne.ch\/wp-content\/gallery\/creux-du-van-20-5-14\/img_4218.jpg\"\n               data-thumbnail=\"http:\/\/www.freimarianne.ch\/wp-content\/gallery\/creux-du-van-20-5-14\/thumbs\/thumbs_img_4218.jpg\"\n               data-image-id=\"8316\"\n               data-title=\"img_4218\"\n               data-description=\"\"\n               data-image-slug=\"img_4218-2\"\n               class=\"shutterset_8812\">\n                <img\n                    title=\"img_4218\"\n                    alt=\"img_4218\"\n                    src=\"http:\/\/www.freimarianne.ch\/wp-content\/gallery\/creux-du-van-20-5-14\/thumbs\/thumbs_img_4218.jpg\"\n                    width=\"100\"\n                    height=\"75\"\n                    style=\"max-width:100%;\"\n                \/>\n            <\/a>\n        <\/div>\n\t\t\t\t\t\t\t<\/div> \n\t\t\t\n        \n\t\t\t\t<div id=\"ngg-image-3\" class=\"ngg-gallery-thumbnail-box\" >\n\t\t\t\t        <div class=\"ngg-gallery-thumbnail\">\n            <a href=\"http:\/\/www.freimarianne.ch\/wp-content\/gallery\/creux-du-van-20-5-14\/img_4219.jpg\"\n               title=\"\"\n               data-src=\"http:\/\/www.freimarianne.ch\/wp-content\/gallery\/creux-du-van-20-5-14\/img_4219.jpg\"\n               data-thumbnail=\"http:\/\/www.freimarianne.ch\/wp-content\/gallery\/creux-du-van-20-5-14\/thumbs\/thumbs_img_4219.jpg\"\n               data-image-id=\"8317\"\n               data-title=\"img_4219\"\n               data-description=\"\"\n               data-image-slug=\"img_4219\"\n               class=\"shutterset_8812\">\n                <img\n                    title=\"img_4219\"\n                    alt=\"img_4219\"\n                    src=\"http:\/\/www.freimarianne.ch\/wp-content\/gallery\/creux-du-van-20-5-14\/thumbs\/thumbs_img_4219.jpg\"\n                    width=\"100\"\n                    height=\"75\"\n                    style=\"max-width:100%;\"\n                \/>\n            <\/a>\n        <\/div>\n\t\t\t\t\t\t\t<\/div> \n\t\t\t\n        \n\t\t\t\t<div id=\"ngg-image-4\" class=\"ngg-gallery-thumbnail-box\" >\n\t\t\t\t        <div class=\"ngg-gallery-thumbnail\">\n            <a href=\"http:\/\/www.freimarianne.ch\/wp-content\/gallery\/creux-du-van-20-5-14\/img_4222.jpg\"\n               title=\"\"\n               data-src=\"http:\/\/www.freimarianne.ch\/wp-content\/gallery\/creux-du-van-20-5-14\/img_4222.jpg\"\n               data-thumbnail=\"http:\/\/www.freimarianne.ch\/wp-content\/gallery\/creux-du-van-20-5-14\/thumbs\/thumbs_img_4222.jpg\"\n               data-image-id=\"8318\"\n               data-title=\"img_4222\"\n               data-description=\"\"\n               data-image-slug=\"img_4222-3\"\n               class=\"shutterset_8812\">\n                <img\n                    title=\"img_4222\"\n                    alt=\"img_4222\"\n                    src=\"http:\/\/www.freimarianne.ch\/wp-content\/gallery\/creux-du-van-20-5-14\/thumbs\/thumbs_img_4222.jpg\"\n                    width=\"100\"\n                    height=\"75\"\n                    style=\"max-width:100%;\"\n                \/>\n            <\/a>\n        <\/div>\n\t\t\t\t\t\t\t<\/div> \n\t\t\t\n        \n\t\t\t\t<div id=\"ngg-image-5\" class=\"ngg-gallery-thumbnail-box\" >\n\t\t\t\t        <div class=\"ngg-gallery-thumbnail\">\n            <a href=\"http:\/\/www.freimarianne.ch\/wp-content\/gallery\/creux-du-van-20-5-14\/img_4225.jpg\"\n               title=\"\"\n               data-src=\"http:\/\/www.freimarianne.ch\/wp-content\/gallery\/creux-du-van-20-5-14\/img_4225.jpg\"\n               data-thumbnail=\"http:\/\/www.freimarianne.ch\/wp-content\/gallery\/creux-du-van-20-5-14\/thumbs\/thumbs_img_4225.jpg\"\n               data-image-id=\"8319\"\n               data-title=\"img_4225\"\n               data-description=\"\"\n               data-image-slug=\"img_4225-2\"\n               class=\"shutterset_8812\">\n                <img\n                    title=\"img_4225\"\n                    alt=\"img_4225\"\n                    src=\"http:\/\/www.freimarianne.ch\/wp-content\/gallery\/creux-du-van-20-5-14\/thumbs\/thumbs_img_4225.jpg\"\n                    width=\"100\"\n                    height=\"75\"\n                    style=\"max-width:100%;\"\n                \/>\n            <\/a>\n        <\/div>\n\t\t\t\t\t\t\t<\/div> \n\t\t\t\n        \n\t\t\t\t<div id=\"ngg-image-6\" class=\"ngg-gallery-thumbnail-box\" >\n\t\t\t\t        <div class=\"ngg-gallery-thumbnail\">\n            <a href=\"http:\/\/www.freimarianne.ch\/wp-content\/gallery\/creux-du-van-20-5-14\/img_4226.jpg\"\n               title=\"\"\n               data-src=\"http:\/\/www.freimarianne.ch\/wp-content\/gallery\/creux-du-van-20-5-14\/img_4226.jpg\"\n               data-thumbnail=\"http:\/\/www.freimarianne.ch\/wp-content\/gallery\/creux-du-van-20-5-14\/thumbs\/thumbs_img_4226.jpg\"\n               data-image-id=\"8320\"\n               data-title=\"img_4226\"\n               data-description=\"\"\n               data-image-slug=\"img_4226\"\n               class=\"shutterset_8812\">\n                <img\n                    title=\"img_4226\"\n                    alt=\"img_4226\"\n                    src=\"http:\/\/www.freimarianne.ch\/wp-content\/gallery\/creux-du-van-20-5-14\/thumbs\/thumbs_img_4226.jpg\"\n                    width=\"100\"\n                    height=\"75\"\n                    style=\"max-width:100%;\"\n                \/>\n            <\/a>\n        <\/div>\n\t\t\t\t\t\t\t<\/div> \n\t\t\t\n        \n\t\t\t\t<div id=\"ngg-image-7\" class=\"ngg-gallery-thumbnail-box\" >\n\t\t\t\t        <div class=\"ngg-gallery-thumbnail\">\n            <a href=\"http:\/\/www.freimarianne.ch\/wp-content\/gallery\/creux-du-van-20-5-14\/img_4229.jpg\"\n               title=\"\"\n               data-src=\"http:\/\/www.freimarianne.ch\/wp-content\/gallery\/creux-du-van-20-5-14\/img_4229.jpg\"\n               data-thumbnail=\"http:\/\/www.freimarianne.ch\/wp-content\/gallery\/creux-du-van-20-5-14\/thumbs\/thumbs_img_4229.jpg\"\n               data-image-id=\"8321\"\n               data-title=\"img_4229\"\n               data-description=\"\"\n               data-image-slug=\"img_4229\"\n               class=\"shutterset_8812\">\n                <img\n                    title=\"img_4229\"\n                    alt=\"img_4229\"\n                    src=\"http:\/\/www.freimarianne.ch\/wp-content\/gallery\/creux-du-van-20-5-14\/thumbs\/thumbs_img_4229.jpg\"\n                    width=\"100\"\n                    height=\"75\"\n                    style=\"max-width:100%;\"\n                \/>\n            <\/a>\n        <\/div>\n\t\t\t\t\t\t\t<\/div> \n\t\t\t\n        \n\t\t\t\t<div id=\"ngg-image-8\" class=\"ngg-gallery-thumbnail-box\" >\n\t\t\t\t        <div class=\"ngg-gallery-thumbnail\">\n            <a href=\"http:\/\/www.freimarianne.ch\/wp-content\/gallery\/creux-du-van-20-5-14\/img_4231.jpg\"\n               title=\"\"\n               data-src=\"http:\/\/www.freimarianne.ch\/wp-content\/gallery\/creux-du-van-20-5-14\/img_4231.jpg\"\n               data-thumbnail=\"http:\/\/www.freimarianne.ch\/wp-content\/gallery\/creux-du-van-20-5-14\/thumbs\/thumbs_img_4231.jpg\"\n               data-image-id=\"8322\"\n               data-title=\"img_4231\"\n               data-description=\"\"\n               data-image-slug=\"img_4231-2\"\n               class=\"shutterset_8812\">\n                <img\n                    title=\"img_4231\"\n                    alt=\"img_4231\"\n                    src=\"http:\/\/www.freimarianne.ch\/wp-content\/gallery\/creux-du-van-20-5-14\/thumbs\/thumbs_img_4231.jpg\"\n                    width=\"100\"\n                    height=\"75\"\n                    style=\"max-width:100%;\"\n                \/>\n            <\/a>\n        <\/div>\n\t\t\t\t\t\t\t<\/div> \n\t\t\t\n        \n\t\t\t\t<div id=\"ngg-image-9\" class=\"ngg-gallery-thumbnail-box\" >\n\t\t\t\t        <div class=\"ngg-gallery-thumbnail\">\n            <a href=\"http:\/\/www.freimarianne.ch\/wp-content\/gallery\/creux-du-van-20-5-14\/img_4233.jpg\"\n               title=\"\"\n               data-src=\"http:\/\/www.freimarianne.ch\/wp-content\/gallery\/creux-du-van-20-5-14\/img_4233.jpg\"\n               data-thumbnail=\"http:\/\/www.freimarianne.ch\/wp-content\/gallery\/creux-du-van-20-5-14\/thumbs\/thumbs_img_4233.jpg\"\n               data-image-id=\"8323\"\n               data-title=\"img_4233\"\n               data-description=\"\"\n               data-image-slug=\"img_4233-2\"\n               class=\"shutterset_8812\">\n                <img\n                    title=\"img_4233\"\n                    alt=\"img_4233\"\n                    src=\"http:\/\/www.freimarianne.ch\/wp-content\/gallery\/creux-du-van-20-5-14\/thumbs\/thumbs_img_4233.jpg\"\n                    width=\"100\"\n                    height=\"75\"\n                    style=\"max-width:100%;\"\n                \/>\n            <\/a>\n        <\/div>\n\t\t\t\t\t\t\t<\/div> \n\t\t\t\n        \n\t\t\t\t<div id=\"ngg-image-10\" class=\"ngg-gallery-thumbnail-box\" >\n\t\t\t\t        <div class=\"ngg-gallery-thumbnail\">\n            <a href=\"http:\/\/www.freimarianne.ch\/wp-content\/gallery\/creux-du-van-20-5-14\/img_4235.jpg\"\n               title=\"\"\n               data-src=\"http:\/\/www.freimarianne.ch\/wp-content\/gallery\/creux-du-van-20-5-14\/img_4235.jpg\"\n               data-thumbnail=\"http:\/\/www.freimarianne.ch\/wp-content\/gallery\/creux-du-van-20-5-14\/thumbs\/thumbs_img_4235.jpg\"\n               data-image-id=\"8324\"\n               data-title=\"img_4235\"\n               data-description=\"\"\n               data-image-slug=\"img_4235-2\"\n               class=\"shutterset_8812\">\n                <img\n                    title=\"img_4235\"\n                    alt=\"img_4235\"\n                    src=\"http:\/\/www.freimarianne.ch\/wp-content\/gallery\/creux-du-van-20-5-14\/thumbs\/thumbs_img_4235.jpg\"\n                    width=\"100\"\n                    height=\"75\"\n                    style=\"max-width:100%;\"\n                \/>\n            <\/a>\n        <\/div>\n\t\t\t\t\t\t\t<\/div> \n\t\t\t\n        \n\t\t\t\t<div id=\"ngg-image-11\" class=\"ngg-gallery-thumbnail-box\" >\n\t\t\t\t        <div class=\"ngg-gallery-thumbnail\">\n            <a href=\"http:\/\/www.freimarianne.ch\/wp-content\/gallery\/creux-du-van-20-5-14\/img_4236.jpg\"\n               title=\"\"\n               data-src=\"http:\/\/www.freimarianne.ch\/wp-content\/gallery\/creux-du-van-20-5-14\/img_4236.jpg\"\n               data-thumbnail=\"http:\/\/www.freimarianne.ch\/wp-content\/gallery\/creux-du-van-20-5-14\/thumbs\/thumbs_img_4236.jpg\"\n               data-image-id=\"8325\"\n               data-title=\"img_4236\"\n               data-description=\"\"\n               data-image-slug=\"img_4236\"\n               class=\"shutterset_8812\">\n                <img\n                    title=\"img_4236\"\n                    alt=\"img_4236\"\n                    src=\"http:\/\/www.freimarianne.ch\/wp-content\/gallery\/creux-du-van-20-5-14\/thumbs\/thumbs_img_4236.jpg\"\n                    width=\"100\"\n                    height=\"75\"\n                    style=\"max-width:100%;\"\n                \/>\n            <\/a>\n        <\/div>\n\t\t\t\t\t\t\t<\/div> \n\t\t\t\n        \n\t\t\t\t<div id=\"ngg-image-12\" class=\"ngg-gallery-thumbnail-box\" >\n\t\t\t\t        <div class=\"ngg-gallery-thumbnail\">\n            <a href=\"http:\/\/www.freimarianne.ch\/wp-content\/gallery\/creux-du-van-20-5-14\/img_4239.jpg\"\n               title=\"\"\n               data-src=\"http:\/\/www.freimarianne.ch\/wp-content\/gallery\/creux-du-van-20-5-14\/img_4239.jpg\"\n               data-thumbnail=\"http:\/\/www.freimarianne.ch\/wp-content\/gallery\/creux-du-van-20-5-14\/thumbs\/thumbs_img_4239.jpg\"\n               data-image-id=\"8326\"\n               data-title=\"img_4239\"\n               data-description=\"\"\n               data-image-slug=\"img_4239\"\n               class=\"shutterset_8812\">\n                <img\n                    title=\"img_4239\"\n                    alt=\"img_4239\"\n                    src=\"http:\/\/www.freimarianne.ch\/wp-content\/gallery\/creux-du-van-20-5-14\/thumbs\/thumbs_img_4239.jpg\"\n                    width=\"100\"\n                    height=\"75\"\n                    style=\"max-width:100%;\"\n                \/>\n            <\/a>\n        <\/div>\n\t\t\t\t\t\t\t<\/div> \n\t\t\t\n        \n\t\t\t\t<div id=\"ngg-image-13\" class=\"ngg-gallery-thumbnail-box\" >\n\t\t\t\t        <div class=\"ngg-gallery-thumbnail\">\n            <a href=\"http:\/\/www.freimarianne.ch\/wp-content\/gallery\/creux-du-van-20-5-14\/img_4240.jpg\"\n               title=\"\"\n               data-src=\"http:\/\/www.freimarianne.ch\/wp-content\/gallery\/creux-du-van-20-5-14\/img_4240.jpg\"\n               data-thumbnail=\"http:\/\/www.freimarianne.ch\/wp-content\/gallery\/creux-du-van-20-5-14\/thumbs\/thumbs_img_4240.jpg\"\n               data-image-id=\"8327\"\n               data-title=\"img_4240\"\n               data-description=\"\"\n               data-image-slug=\"img_4240\"\n               class=\"shutterset_8812\">\n                <img\n                    title=\"img_4240\"\n                    alt=\"img_4240\"\n                    src=\"http:\/\/www.freimarianne.ch\/wp-content\/gallery\/creux-du-van-20-5-14\/thumbs\/thumbs_img_4240.jpg\"\n                    width=\"100\"\n                    height=\"75\"\n                    style=\"max-width:100%;\"\n                \/>\n            <\/a>\n        <\/div>\n\t\t\t\t\t\t\t<\/div> \n\t\t\t\n        \n\t\t\t\t<div id=\"ngg-image-14\" class=\"ngg-gallery-thumbnail-box\" >\n\t\t\t\t        <div class=\"ngg-gallery-thumbnail\">\n            <a href=\"http:\/\/www.freimarianne.ch\/wp-content\/gallery\/creux-du-van-20-5-14\/img_4243.jpg\"\n               title=\"\"\n               data-src=\"http:\/\/www.freimarianne.ch\/wp-content\/gallery\/creux-du-van-20-5-14\/img_4243.jpg\"\n               data-thumbnail=\"http:\/\/www.freimarianne.ch\/wp-content\/gallery\/creux-du-van-20-5-14\/thumbs\/thumbs_img_4243.jpg\"\n               data-image-id=\"8328\"\n               data-title=\"img_4243\"\n               data-description=\"\"\n               data-image-slug=\"img_4243-2\"\n               class=\"shutterset_8812\">\n                <img\n                    title=\"img_4243\"\n                    alt=\"img_4243\"\n                    src=\"http:\/\/www.freimarianne.ch\/wp-content\/gallery\/creux-du-van-20-5-14\/thumbs\/thumbs_img_4243.jpg\"\n                    width=\"100\"\n                    height=\"75\"\n                    style=\"max-width:100%;\"\n                \/>\n            <\/a>\n        <\/div>\n\t\t\t\t\t\t\t<\/div> \n\t\t\t\n        \n\t\t\t\t<div id=\"ngg-image-15\" class=\"ngg-gallery-thumbnail-box\" >\n\t\t\t\t        <div class=\"ngg-gallery-thumbnail\">\n            <a href=\"http:\/\/www.freimarianne.ch\/wp-content\/gallery\/creux-du-van-20-5-14\/img_4244.jpg\"\n               title=\"\"\n               data-src=\"http:\/\/www.freimarianne.ch\/wp-content\/gallery\/creux-du-van-20-5-14\/img_4244.jpg\"\n               data-thumbnail=\"http:\/\/www.freimarianne.ch\/wp-content\/gallery\/creux-du-van-20-5-14\/thumbs\/thumbs_img_4244.jpg\"\n               data-image-id=\"8329\"\n               data-title=\"img_4244\"\n               data-description=\"\"\n               data-image-slug=\"img_4244-2\"\n               class=\"shutterset_8812\">\n                <img\n                    title=\"img_4244\"\n                    alt=\"img_4244\"\n                    src=\"http:\/\/www.freimarianne.ch\/wp-content\/gallery\/creux-du-van-20-5-14\/thumbs\/thumbs_img_4244.jpg\"\n                    width=\"100\"\n                    height=\"75\"\n                    style=\"max-width:100%;\"\n                \/>\n            <\/a>\n        <\/div>\n\t\t\t\t\t\t\t<\/div> \n\t\t\t\n        \n\t\t\t\t<div id=\"ngg-image-16\" class=\"ngg-gallery-thumbnail-box\" >\n\t\t\t\t        <div class=\"ngg-gallery-thumbnail\">\n            <a href=\"http:\/\/www.freimarianne.ch\/wp-content\/gallery\/creux-du-van-20-5-14\/img_4247.jpg\"\n               title=\"\"\n               data-src=\"http:\/\/www.freimarianne.ch\/wp-content\/gallery\/creux-du-van-20-5-14\/img_4247.jpg\"\n               data-thumbnail=\"http:\/\/www.freimarianne.ch\/wp-content\/gallery\/creux-du-van-20-5-14\/thumbs\/thumbs_img_4247.jpg\"\n               data-image-id=\"8330\"\n               data-title=\"img_4247\"\n               data-description=\"\"\n               data-image-slug=\"img_4247\"\n               class=\"shutterset_8812\">\n                <img\n                    title=\"img_4247\"\n                    alt=\"img_4247\"\n                    src=\"http:\/\/www.freimarianne.ch\/wp-content\/gallery\/creux-du-van-20-5-14\/thumbs\/thumbs_img_4247.jpg\"\n                    width=\"100\"\n                    height=\"75\"\n                    style=\"max-width:100%;\"\n                \/>\n            <\/a>\n        <\/div>\n\t\t\t\t\t\t\t<\/div> \n\t\t\t\n        \n\t\t\n\t\t<!-- Pagination -->\n\t<div class='ngg-clear'><\/div>\t<\/div>\n<\/p>\n","protected":false},"excerpt":{"rendered":"<p>Bergwanderung mit den Akzentforum Bei besten Wetter starten wir in Noraigue 729m unsere Tour auf den Creux du Van, nachdem sich einige noch mit einem Kaffee f\u00fcr den Aufstieg gest\u00e4rkt haben. Wir laufen um 9.20 h los. Gleich geht es hinauf zum Waldrand, wo die beiden Wanderwege auf den Creux du Van beginnen. Wir w\u00e4hlen [&hellip;]<\/p>\n","protected":false},"author":1,"featured_media":0,"parent":5166,"menu_order":11,"comment_status":"closed","ping_status":"closed","template":"","meta":{"ngg_post_thumbnail":0},"_links":{"self":[{"href":"http:\/\/www.freimarianne.ch\/index.php?rest_route=\/wp\/v2\/pages\/5270"}],"collection":[{"href":"http:\/\/www.freimarianne.ch\/index.php?rest_route=\/wp\/v2\/pages"}],"about":[{"href":"http:\/\/www.freimarianne.ch\/index.php?rest_route=\/wp\/v2\/types\/page"}],"author":[{"embeddable":true,"href":"http:\/\/www.freimarianne.ch\/index.php?rest_route=\/wp\/v2\/users\/1"}],"replies":[{"embeddable":true,"href":"http:\/\/www.freimarianne.ch\/index.php?rest_route=%2Fwp%2Fv2%2Fcomments&post=5270"}],"version-history":[{"count":5,"href":"http:\/\/www.freimarianne.ch\/index.php?rest_route=\/wp\/v2\/pages\/5270\/revisions"}],"predecessor-version":[{"id":8814,"href":"http:\/\/www.freimarianne.ch\/index.php?rest_route=\/wp\/v2\/pages\/5270\/revisions\/8814"}],"up":[{"embeddable":true,"href":"http:\/\/www.freimarianne.ch\/index.php?rest_route=\/wp\/v2\/pages\/5166"}],"wp:attachment":[{"href":"http:\/\/www.freimarianne.ch\/index.php?rest_route=%2Fwp%2Fv2%2Fmedia&parent=5270"}],"curies":[{"name":"wp","href":"https:\/\/api.w.org\/{rel}","templated":true}]}}