{"id":59170,"date":"2022-04-06T10:00:09","date_gmt":"2022-04-06T09:00:09","guid":{"rendered":"http:\/\/www.freimarianne.ch\/?page_id=59170"},"modified":"2022-04-06T11:03:30","modified_gmt":"2022-04-06T10:03:30","slug":"pontresina-plauns-val-morteratsch-gr-23-3-2022","status":"publish","type":"page","link":"http:\/\/www.freimarianne.ch\/?page_id=59170","title":{"rendered":"Pontresina &#8211; Plauns; Val Morteratsch  GR 23.3.2022"},"content":{"rendered":"\n<p><strong>Winterwanderung<\/strong><\/p>\n\n\n<div id=\"attachment_59156\" style=\"width: 510px\" class=\"wp-caption alignleft\"><img aria-describedby=\"caption-attachment-59156\" loading=\"lazy\" class=\"size-full wp-image-59156\" src=\"http:\/\/www.freimarianne.ch\/wp-content\/uploads\/2022\/04\/IMG_0325_diavolezza23.3.2_500.jpeg\" alt=\"\" width=\"500\" height=\"334\" srcset=\"http:\/\/www.freimarianne.ch\/wp-content\/uploads\/2022\/04\/IMG_0325_diavolezza23.3.2_500.jpeg 500w, http:\/\/www.freimarianne.ch\/wp-content\/uploads\/2022\/04\/IMG_0325_diavolezza23.3.2_500-300x200.jpeg 300w, http:\/\/www.freimarianne.ch\/wp-content\/uploads\/2022\/04\/IMG_0325_diavolezza23.3.2_500-449x300.jpeg 449w\" sizes=\"(max-width: 500px) 100vw, 500px\" \/><p id=\"caption-attachment-59156\" class=\"wp-caption-text\">Val Morteratsch; Piz Pal\u00fc West 3823m, Bella Vista Ost 3799m, Bellavista 3890m, Bella Vista West 3922m, Piz Zupo 3996m, Crast Ag\u00fcza 3854m<\/p><\/div>\n<p>Ich beginne die Wanderung bei der alten Kirche St. Maria und komme am Spaniola Turm vorbei. Er war Sitz der Herren von Pontresina (1240-1307). Einziger Wohnturm mit f\u00fcnfeckigem Grundriss im Engadin.<br>Ich folge dem ausgesteckten Winterwanderweg, der aber pl\u00f6tzlich aufh\u00f6rt. Ich muss auf dem vereisten Sommerwanderweg m\u00fchsam wieder hinunter zur Hauptstrasse steigen um auf auf den Talweg zu gelangen, welchem ich bis Plauns folge. Hier nehme ich den Bus zur Talstation Diavolezza.<\/p>\n<p>Besuch der Ausstellung: \u201eVR Glacier experience\u201c. Eine Multimediale Ausstellung mit 7Virtual Reality Brillen.<\/p>\n<p><a href=\"https:\/\/glacierexperience.com\/glacier-experience-trail\">Link<\/a><\/p>\n<p>Mit dem Zug nach Morteratsch und Wanderung ins Val Morteratsch und zur\u00fcck.<\/p>\n<p>&nbsp;<\/p>\n\n\n<p><\/p>\n\n\n\n<!-- index.php -->\n<div\n\tclass=\"ngg-galleryoverview ngg-ajax-pagination-none\"\n\tid=\"ngg-gallery-974af12f72d28e14ac711b60aec7f195-1\">\n\n    \t<div class=\"slideshowlink\">\n        <a href='http:\/\/www.freimarianne.ch\/index.php\/nggallery\/slideshow?page_id=59170'>[Show as slideshow]<\/a>\n\t\t\n\t<\/div>\n\t\t\t<!-- Thumbnails -->\n\t\t\t\t<div id=\"ngg-image-0\" class=\"ngg-gallery-thumbnail-box\" >\n\t\t\t\t        <div class=\"ngg-gallery-thumbnail\">\n            <a href=\"http:\/\/www.freimarianne.ch\/wp-content\/gallery\/pontresina-morteratsch-23-3-22\/IMG_0315.jpeg\"\n               title=\"an der Ova da Bernina; Pi Ot 3246m, vo Piz Padella 2857m, Piz Spinas 2882m\"\n               data-src=\"http:\/\/www.freimarianne.ch\/wp-content\/gallery\/pontresina-morteratsch-23-3-22\/IMG_0315.jpeg\"\n               data-thumbnail=\"http:\/\/www.freimarianne.ch\/wp-content\/gallery\/pontresina-morteratsch-23-3-22\/thumbs\/thumbs_IMG_0315.jpeg\"\n               data-image-id=\"28963\"\n               data-title=\"IMG_0315\"\n               data-description=\"an der Ova da Bernina; Pi Ot 3246m, vo Piz Padella 2857m, Piz Spinas 2882m\"\n               data-image-slug=\"img_0315-1\"\n               class=\"shutterset_974af12f72d28e14ac711b60aec7f195\">\n                <img\n                    title=\"IMG_0315\"\n                    alt=\"IMG_0315\"\n                    src=\"http:\/\/www.freimarianne.ch\/wp-content\/gallery\/pontresina-morteratsch-23-3-22\/cache\/IMG_0315.jpeg-nggid0528963-ngg0dyn-100x75x100-00f0w010c010r110f110r010t010.jpeg\"\n                    width=\"100\"\n                    height=\"67\"\n                    style=\"max-width:100%;\"\n                \/>\n            <\/a>\n        <\/div>\n\t\t\t\t\t\t\t<\/div> \n\t\t\t\n                            \n\t\t\t\t<div id=\"ngg-image-1\" class=\"ngg-gallery-thumbnail-box\" >\n\t\t\t\t        <div class=\"ngg-gallery-thumbnail\">\n            <a href=\"http:\/\/www.freimarianne.ch\/wp-content\/gallery\/pontresina-morteratsch-23-3-22\/IMG_0316.jpeg\"\n               title=\"an der Ova da Bernina; Munt Pers 3207m, Piz Pal\u00fc 3900m\"\n               data-src=\"http:\/\/www.freimarianne.ch\/wp-content\/gallery\/pontresina-morteratsch-23-3-22\/IMG_0316.jpeg\"\n               data-thumbnail=\"http:\/\/www.freimarianne.ch\/wp-content\/gallery\/pontresina-morteratsch-23-3-22\/thumbs\/thumbs_IMG_0316.jpeg\"\n               data-image-id=\"28961\"\n               data-title=\"IMG_0316\"\n               data-description=\"an der Ova da Bernina; Munt Pers 3207m, Piz Pal\u00fc 3900m\"\n               data-image-slug=\"img_0316-4\"\n               class=\"shutterset_974af12f72d28e14ac711b60aec7f195\">\n                <img\n                    title=\"IMG_0316\"\n                    alt=\"IMG_0316\"\n                    src=\"http:\/\/www.freimarianne.ch\/wp-content\/gallery\/pontresina-morteratsch-23-3-22\/cache\/IMG_0316.jpeg-nggid0528961-ngg0dyn-100x75x100-00f0w010c010r110f110r010t010.jpeg\"\n                    width=\"100\"\n                    height=\"67\"\n                    style=\"max-width:100%;\"\n                \/>\n            <\/a>\n        <\/div>\n\t\t\t\t\t\t\t<\/div> \n\t\t\t\n                            \n\t\t\t\t<div id=\"ngg-image-2\" class=\"ngg-gallery-thumbnail-box\" >\n\t\t\t\t        <div class=\"ngg-gallery-thumbnail\">\n            <a href=\"http:\/\/www.freimarianne.ch\/wp-content\/gallery\/pontresina-morteratsch-23-3-22\/IMG_0320.jpeg\"\n               title=\"im Val Morteratsch; Piz Morteratsch 3751m,  Fuorcla da Boval 3353m, Piz Boval 3353m\"\n               data-src=\"http:\/\/www.freimarianne.ch\/wp-content\/gallery\/pontresina-morteratsch-23-3-22\/IMG_0320.jpeg\"\n               data-thumbnail=\"http:\/\/www.freimarianne.ch\/wp-content\/gallery\/pontresina-morteratsch-23-3-22\/thumbs\/thumbs_IMG_0320.jpeg\"\n               data-image-id=\"28962\"\n               data-title=\"IMG_0320\"\n               data-description=\"im Val Morteratsch; Piz Morteratsch 3751m,  Fuorcla da Boval 3353m, Piz Boval 3353m\"\n               data-image-slug=\"img_0320-2\"\n               class=\"shutterset_974af12f72d28e14ac711b60aec7f195\">\n                <img\n                    title=\"IMG_0320\"\n                    alt=\"IMG_0320\"\n                    src=\"http:\/\/www.freimarianne.ch\/wp-content\/gallery\/pontresina-morteratsch-23-3-22\/cache\/IMG_0320.jpeg-nggid0528962-ngg0dyn-100x75x100-00f0w010c010r110f110r010t010.jpeg\"\n                    width=\"100\"\n                    height=\"67\"\n                    style=\"max-width:100%;\"\n                \/>\n            <\/a>\n        <\/div>\n\t\t\t\t\t\t\t<\/div> \n\t\t\t\n                            \n\t\t\t\t<div id=\"ngg-image-3\" class=\"ngg-gallery-thumbnail-box\" >\n\t\t\t\t        <div class=\"ngg-gallery-thumbnail\">\n            <a href=\"http:\/\/www.freimarianne.ch\/wp-content\/gallery\/pontresina-morteratsch-23-3-22\/IMG_0323.jpeg\"\n               title=\"Marianne im Val Morteratsch; Munt Pers 3207m, Piz Pal\u00fc 3900m\"\n               data-src=\"http:\/\/www.freimarianne.ch\/wp-content\/gallery\/pontresina-morteratsch-23-3-22\/IMG_0323.jpeg\"\n               data-thumbnail=\"http:\/\/www.freimarianne.ch\/wp-content\/gallery\/pontresina-morteratsch-23-3-22\/thumbs\/thumbs_IMG_0323.jpeg\"\n               data-image-id=\"28960\"\n               data-title=\"IMG_0323\"\n               data-description=\"Marianne im Val Morteratsch; Munt Pers 3207m, Piz Pal\u00fc 3900m\"\n               data-image-slug=\"img_0323-3\"\n               class=\"shutterset_974af12f72d28e14ac711b60aec7f195\">\n                <img\n                    title=\"IMG_0323\"\n                    alt=\"IMG_0323\"\n                    src=\"http:\/\/www.freimarianne.ch\/wp-content\/gallery\/pontresina-morteratsch-23-3-22\/cache\/IMG_0323.jpeg-nggid0528960-ngg0dyn-100x75x100-00f0w010c010r110f110r010t010.jpeg\"\n                    width=\"100\"\n                    height=\"72\"\n                    style=\"max-width:100%;\"\n                \/>\n            <\/a>\n        <\/div>\n\t\t\t\t\t\t\t<\/div> \n\t\t\t\n                                    <br style=\"clear: both\" \/>\n                    \n\t\t\t\t<div id=\"ngg-image-4\" class=\"ngg-gallery-thumbnail-box\" >\n\t\t\t\t        <div class=\"ngg-gallery-thumbnail\">\n            <a href=\"http:\/\/www.freimarianne.ch\/wp-content\/gallery\/pontresina-morteratsch-23-3-22\/IMG_0324.jpeg\"\n               title=\"Marianne im Val Morteratsch;\"\n               data-src=\"http:\/\/www.freimarianne.ch\/wp-content\/gallery\/pontresina-morteratsch-23-3-22\/IMG_0324.jpeg\"\n               data-thumbnail=\"http:\/\/www.freimarianne.ch\/wp-content\/gallery\/pontresina-morteratsch-23-3-22\/thumbs\/thumbs_IMG_0324.jpeg\"\n               data-image-id=\"28958\"\n               data-title=\"IMG_0324\"\n               data-description=\"Marianne im Val Morteratsch;\"\n               data-image-slug=\"img_0324-1\"\n               class=\"shutterset_974af12f72d28e14ac711b60aec7f195\">\n                <img\n                    title=\"IMG_0324\"\n                    alt=\"IMG_0324\"\n                    src=\"http:\/\/www.freimarianne.ch\/wp-content\/gallery\/pontresina-morteratsch-23-3-22\/cache\/IMG_0324.jpeg-nggid0528958-ngg0dyn-100x75x100-00f0w010c010r110f110r010t010.jpeg\"\n                    width=\"100\"\n                    height=\"71\"\n                    style=\"max-width:100%;\"\n                \/>\n            <\/a>\n        <\/div>\n\t\t\t\t\t\t\t<\/div> \n\t\t\t\n                            \n\t\t\t\t<div id=\"ngg-image-5\" class=\"ngg-gallery-thumbnail-box\" >\n\t\t\t\t        <div class=\"ngg-gallery-thumbnail\">\n            <a href=\"http:\/\/www.freimarianne.ch\/wp-content\/gallery\/pontresina-morteratsch-23-3-22\/IMG_0328.jpeg\"\n               title=\"Val Morteratsch; wundersch\u00f6ne Landschaft; Bella Vista Ost 3799m, Bellavista 3890m, Bella Vista West 3922m, Piz Zupo 3996m, Crast Ag\u00fcza 3854m, Piz Bernina 4049m, Piz Prievlus 3427m, Piz Morteratsch 3751m\"\n               data-src=\"http:\/\/www.freimarianne.ch\/wp-content\/gallery\/pontresina-morteratsch-23-3-22\/IMG_0328.jpeg\"\n               data-thumbnail=\"http:\/\/www.freimarianne.ch\/wp-content\/gallery\/pontresina-morteratsch-23-3-22\/thumbs\/thumbs_IMG_0328.jpeg\"\n               data-image-id=\"28959\"\n               data-title=\"IMG_0328\"\n               data-description=\"Val Morteratsch; wundersch\u00f6ne Landschaft; Bella Vista Ost 3799m, Bellavista 3890m, Bella Vista West 3922m, Piz Zupo 3996m, Crast Ag\u00fcza 3854m, Piz Bernina 4049m, Piz Prievlus 3427m, Piz Morteratsch 3751m\"\n               data-image-slug=\"img_0328-5\"\n               class=\"shutterset_974af12f72d28e14ac711b60aec7f195\">\n                <img\n                    title=\"IMG_0328\"\n                    alt=\"IMG_0328\"\n                    src=\"http:\/\/www.freimarianne.ch\/wp-content\/gallery\/pontresina-morteratsch-23-3-22\/cache\/IMG_0328.jpeg-nggid0528959-ngg0dyn-100x75x100-00f0w010c010r110f110r010t010.jpeg\"\n                    width=\"100\"\n                    height=\"67\"\n                    style=\"max-width:100%;\"\n                \/>\n            <\/a>\n        <\/div>\n\t\t\t\t\t\t\t<\/div> \n\t\t\t\n                            \n\t\t\t\t<div id=\"ngg-image-6\" class=\"ngg-gallery-thumbnail-box\" >\n\t\t\t\t        <div class=\"ngg-gallery-thumbnail\">\n            <a href=\"http:\/\/www.freimarianne.ch\/wp-content\/gallery\/pontresina-morteratsch-23-3-22\/IMG_0329.jpeg\"\n               title=\"Val Morteratsch; Bella Vista Ost 3799m, Bellavista 3890m, Bella Vista West 3922m, Piz Zupo 3996m, Crast Ag\u00fcza 3854m, Piz Bernina 4049m, Piz Prievlus 3427m, Piz Morteratsch 3751m\"\n               data-src=\"http:\/\/www.freimarianne.ch\/wp-content\/gallery\/pontresina-morteratsch-23-3-22\/IMG_0329.jpeg\"\n               data-thumbnail=\"http:\/\/www.freimarianne.ch\/wp-content\/gallery\/pontresina-morteratsch-23-3-22\/thumbs\/thumbs_IMG_0329.jpeg\"\n               data-image-id=\"28957\"\n               data-title=\"IMG_0329\"\n               data-description=\"Val Morteratsch; Bella Vista Ost 3799m, Bellavista 3890m, Bella Vista West 3922m, Piz Zupo 3996m, Crast Ag\u00fcza 3854m, Piz Bernina 4049m, Piz Prievlus 3427m, Piz Morteratsch 3751m\"\n               data-image-slug=\"img_0329-4\"\n               class=\"shutterset_974af12f72d28e14ac711b60aec7f195\">\n                <img\n                    title=\"IMG_0329\"\n                    alt=\"IMG_0329\"\n                    src=\"http:\/\/www.freimarianne.ch\/wp-content\/gallery\/pontresina-morteratsch-23-3-22\/cache\/IMG_0329.jpeg-nggid0528957-ngg0dyn-100x75x100-00f0w010c010r110f110r010t010.jpeg\"\n                    width=\"100\"\n                    height=\"67\"\n                    style=\"max-width:100%;\"\n                \/>\n            <\/a>\n        <\/div>\n\t\t\t\t\t\t\t<\/div> \n\t\t\t\n                            \n\t\t\t\t<div id=\"ngg-image-7\" class=\"ngg-gallery-thumbnail-box\" >\n\t\t\t\t        <div class=\"ngg-gallery-thumbnail\">\n            <a href=\"http:\/\/www.freimarianne.ch\/wp-content\/gallery\/pontresina-morteratsch-23-3-22\/IMG_0332.jpeg\"\n               title=\"Val Morteratsch; der Winterwanderweg und die Mor\u00e4ne\"\n               data-src=\"http:\/\/www.freimarianne.ch\/wp-content\/gallery\/pontresina-morteratsch-23-3-22\/IMG_0332.jpeg\"\n               data-thumbnail=\"http:\/\/www.freimarianne.ch\/wp-content\/gallery\/pontresina-morteratsch-23-3-22\/thumbs\/thumbs_IMG_0332.jpeg\"\n               data-image-id=\"28953\"\n               data-title=\"IMG_0332\"\n               data-description=\"Val Morteratsch; der Winterwanderweg und die Mor\u00e4ne\"\n               data-image-slug=\"img_0332-6\"\n               class=\"shutterset_974af12f72d28e14ac711b60aec7f195\">\n                <img\n                    title=\"IMG_0332\"\n                    alt=\"IMG_0332\"\n                    src=\"http:\/\/www.freimarianne.ch\/wp-content\/gallery\/pontresina-morteratsch-23-3-22\/cache\/IMG_0332.jpeg-nggid0528953-ngg0dyn-100x75x100-00f0w010c010r110f110r010t010.jpeg\"\n                    width=\"100\"\n                    height=\"67\"\n                    style=\"max-width:100%;\"\n                \/>\n            <\/a>\n        <\/div>\n\t\t\t\t\t\t\t<\/div> \n\t\t\t\n                                    <br style=\"clear: both\" \/>\n                    \n\t\t\t\t<div id=\"ngg-image-8\" class=\"ngg-gallery-thumbnail-box\" >\n\t\t\t\t        <div class=\"ngg-gallery-thumbnail\">\n            <a href=\"http:\/\/www.freimarianne.ch\/wp-content\/gallery\/pontresina-morteratsch-23-3-22\/IMG_0335.jpeg\"\n               title=\"Val Morteratsch; die hohen Mor\u00e4nen\"\n               data-src=\"http:\/\/www.freimarianne.ch\/wp-content\/gallery\/pontresina-morteratsch-23-3-22\/IMG_0335.jpeg\"\n               data-thumbnail=\"http:\/\/www.freimarianne.ch\/wp-content\/gallery\/pontresina-morteratsch-23-3-22\/thumbs\/thumbs_IMG_0335.jpeg\"\n               data-image-id=\"28956\"\n               data-title=\"IMG_0335\"\n               data-description=\"Val Morteratsch; die hohen Mor\u00e4nen\"\n               data-image-slug=\"img_0335-6\"\n               class=\"shutterset_974af12f72d28e14ac711b60aec7f195\">\n                <img\n                    title=\"IMG_0335\"\n                    alt=\"IMG_0335\"\n                    src=\"http:\/\/www.freimarianne.ch\/wp-content\/gallery\/pontresina-morteratsch-23-3-22\/cache\/IMG_0335.jpeg-nggid0528956-ngg0dyn-100x75x100-00f0w010c010r110f110r010t010.jpeg\"\n                    width=\"100\"\n                    height=\"67\"\n                    style=\"max-width:100%;\"\n                \/>\n            <\/a>\n        <\/div>\n\t\t\t\t\t\t\t<\/div> \n\t\t\t\n                            \n\t\t\t\t<div id=\"ngg-image-9\" class=\"ngg-gallery-thumbnail-box\" >\n\t\t\t\t        <div class=\"ngg-gallery-thumbnail\">\n            <a href=\"http:\/\/www.freimarianne.ch\/wp-content\/gallery\/pontresina-morteratsch-23-3-22\/IMG_0337.jpeg\"\n               title=\"Val Morteratsch; \u00fcber die Br\u00fccke\"\n               data-src=\"http:\/\/www.freimarianne.ch\/wp-content\/gallery\/pontresina-morteratsch-23-3-22\/IMG_0337.jpeg\"\n               data-thumbnail=\"http:\/\/www.freimarianne.ch\/wp-content\/gallery\/pontresina-morteratsch-23-3-22\/thumbs\/thumbs_IMG_0337.jpeg\"\n               data-image-id=\"28955\"\n               data-title=\"IMG_0337\"\n               data-description=\"Val Morteratsch; \u00fcber die Br\u00fccke\"\n               data-image-slug=\"img_0337-7\"\n               class=\"shutterset_974af12f72d28e14ac711b60aec7f195\">\n                <img\n                    title=\"IMG_0337\"\n                    alt=\"IMG_0337\"\n                    src=\"http:\/\/www.freimarianne.ch\/wp-content\/gallery\/pontresina-morteratsch-23-3-22\/cache\/IMG_0337.jpeg-nggid0528955-ngg0dyn-100x75x100-00f0w010c010r110f110r010t010.jpeg\"\n                    width=\"100\"\n                    height=\"67\"\n                    style=\"max-width:100%;\"\n                \/>\n            <\/a>\n        <\/div>\n\t\t\t\t\t\t\t<\/div> \n\t\t\t\n                            \n\t\t\t\t<div id=\"ngg-image-10\" class=\"ngg-gallery-thumbnail-box\" >\n\t\t\t\t        <div class=\"ngg-gallery-thumbnail\">\n            <a href=\"http:\/\/www.freimarianne.ch\/wp-content\/gallery\/pontresina-morteratsch-23-3-22\/IMG_0338.jpeg\"\n               title=\"Val Morteratsch; der obere Teil des Morteratsch Gletschers; Bellavista 3890m, Bella Vista West 3922m, Piz Zupo 3996m, Crast Ag\u00fcza 3854m, Piz Bernina 4049m\"\n               data-src=\"http:\/\/www.freimarianne.ch\/wp-content\/gallery\/pontresina-morteratsch-23-3-22\/IMG_0338.jpeg\"\n               data-thumbnail=\"http:\/\/www.freimarianne.ch\/wp-content\/gallery\/pontresina-morteratsch-23-3-22\/thumbs\/thumbs_IMG_0338.jpeg\"\n               data-image-id=\"28954\"\n               data-title=\"IMG_0338\"\n               data-description=\"Val Morteratsch; der obere Teil des Morteratsch Gletschers; Bellavista 3890m, Bella Vista West 3922m, Piz Zupo 3996m, Crast Ag\u00fcza 3854m, Piz Bernina 4049m\"\n               data-image-slug=\"img_0338-2\"\n               class=\"shutterset_974af12f72d28e14ac711b60aec7f195\">\n                <img\n                    title=\"IMG_0338\"\n                    alt=\"IMG_0338\"\n                    src=\"http:\/\/www.freimarianne.ch\/wp-content\/gallery\/pontresina-morteratsch-23-3-22\/cache\/IMG_0338.jpeg-nggid0528954-ngg0dyn-100x75x100-00f0w010c010r110f110r010t010.jpeg\"\n                    width=\"100\"\n                    height=\"67\"\n                    style=\"max-width:100%;\"\n                \/>\n            <\/a>\n        <\/div>\n\t\t\t\t\t\t\t<\/div> \n\t\t\t\n                            \n\t\t\t\t<div id=\"ngg-image-11\" class=\"ngg-gallery-thumbnail-box\" >\n\t\t\t\t        <div class=\"ngg-gallery-thumbnail\">\n            <a href=\"http:\/\/www.freimarianne.ch\/wp-content\/gallery\/pontresina-morteratsch-23-3-22\/IMG_0347.jpeg\"\n               title=\"Val Morteratsch; ein Gletschertisch\"\n               data-src=\"http:\/\/www.freimarianne.ch\/wp-content\/gallery\/pontresina-morteratsch-23-3-22\/IMG_0347.jpeg\"\n               data-thumbnail=\"http:\/\/www.freimarianne.ch\/wp-content\/gallery\/pontresina-morteratsch-23-3-22\/thumbs\/thumbs_IMG_0347.jpeg\"\n               data-image-id=\"28952\"\n               data-title=\"IMG_0347\"\n               data-description=\"Val Morteratsch; ein Gletschertisch\"\n               data-image-slug=\"img_0347-2\"\n               class=\"shutterset_974af12f72d28e14ac711b60aec7f195\">\n                <img\n                    title=\"IMG_0347\"\n                    alt=\"IMG_0347\"\n                    src=\"http:\/\/www.freimarianne.ch\/wp-content\/gallery\/pontresina-morteratsch-23-3-22\/cache\/IMG_0347.jpeg-nggid0528952-ngg0dyn-100x75x100-00f0w010c010r110f110r010t010.jpeg\"\n                    width=\"94\"\n                    height=\"75\"\n                    style=\"max-width:100%;\"\n                \/>\n            <\/a>\n        <\/div>\n\t\t\t\t\t\t\t<\/div> \n\t\t\t\n                                    <br style=\"clear: both\" \/>\n                    \n\t\t\t\t<div id=\"ngg-image-12\" class=\"ngg-gallery-thumbnail-box\" >\n\t\t\t\t        <div class=\"ngg-gallery-thumbnail\">\n            <a href=\"http:\/\/www.freimarianne.ch\/wp-content\/gallery\/pontresina-morteratsch-23-3-22\/IMG_0353.jpeg\"\n               title=\"Val Morteratsch; R\u00fcckblick\"\n               data-src=\"http:\/\/www.freimarianne.ch\/wp-content\/gallery\/pontresina-morteratsch-23-3-22\/IMG_0353.jpeg\"\n               data-thumbnail=\"http:\/\/www.freimarianne.ch\/wp-content\/gallery\/pontresina-morteratsch-23-3-22\/thumbs\/thumbs_IMG_0353.jpeg\"\n               data-image-id=\"28951\"\n               data-title=\"IMG_0353\"\n               data-description=\"Val Morteratsch; R\u00fcckblick\"\n               data-image-slug=\"img_0353-3\"\n               class=\"shutterset_974af12f72d28e14ac711b60aec7f195\">\n                <img\n                    title=\"IMG_0353\"\n                    alt=\"IMG_0353\"\n                    src=\"http:\/\/www.freimarianne.ch\/wp-content\/gallery\/pontresina-morteratsch-23-3-22\/cache\/IMG_0353.jpeg-nggid0528951-ngg0dyn-100x75x100-00f0w010c010r110f110r010t010.jpeg\"\n                    width=\"100\"\n                    height=\"67\"\n                    style=\"max-width:100%;\"\n                \/>\n            <\/a>\n        <\/div>\n\t\t\t\t\t\t\t<\/div> \n\t\t\t\n                            \n\t\t\n\t\t<!-- Pagination -->\n\t<div class='ngg-clear'><\/div>\t<\/div>\n\n\n\n\n<!-- index.php -->\n<div\n\tclass=\"ngg-galleryoverview ngg-ajax-pagination-none\"\n\tid=\"ngg-gallery-35a9a0ad41b6e3d66c40471802618dba-1\">\n\n    \t<div class=\"slideshowlink\">\n        <a href='http:\/\/www.freimarianne.ch\/index.php\/nggallery\/slideshow?page_id=59170'>[Show as slideshow]<\/a>\n\t\t\n\t<\/div>\n\t\t\t<!-- Thumbnails -->\n\t\t\t\t<div id=\"ngg-image-0\" class=\"ngg-gallery-thumbnail-box\" >\n\t\t\t\t        <div class=\"ngg-gallery-thumbnail\">\n            <a href=\"http:\/\/www.freimarianne.ch\/wp-content\/gallery\/pontresina-plauns-23-3-22\/IMG_0383.jpeg\"\n               title=\"Val Morteratsch; Bella Vista Ost 3799m, Bellavista 3890m, Bella Vista West 3922m, Piz Zupo 3996m, Crast Ag\u00fcza 3854m, re Piz Bernina\"\n               data-src=\"http:\/\/www.freimarianne.ch\/wp-content\/gallery\/pontresina-plauns-23-3-22\/IMG_0383.jpeg\"\n               data-thumbnail=\"http:\/\/www.freimarianne.ch\/wp-content\/gallery\/pontresina-plauns-23-3-22\/thumbs\/thumbs_IMG_0383.jpeg\"\n               data-image-id=\"28866\"\n               data-title=\"IMG_0383\"\n               data-description=\"Val Morteratsch; Bella Vista Ost 3799m, Bellavista 3890m, Bella Vista West 3922m, Piz Zupo 3996m, Crast Ag\u00fcza 3854m, re Piz Bernina\"\n               data-image-slug=\"img_0383-2\"\n               class=\"shutterset_35a9a0ad41b6e3d66c40471802618dba\">\n                <img\n                    title=\"IMG_0383\"\n                    alt=\"IMG_0383\"\n                    src=\"http:\/\/www.freimarianne.ch\/wp-content\/gallery\/pontresina-plauns-23-3-22\/cache\/IMG_0383.jpeg-nggid0528866-ngg0dyn-100x75x100-00f0w010c010r110f110r010t010.jpeg\"\n                    width=\"100\"\n                    height=\"75\"\n                    style=\"max-width:100%;\"\n                \/>\n            <\/a>\n        <\/div>\n\t\t\t\t\t\t\t<\/div> \n\t\t\t\n                            \n\t\t\t\t<div id=\"ngg-image-1\" class=\"ngg-gallery-thumbnail-box\" >\n\t\t\t\t        <div class=\"ngg-gallery-thumbnail\">\n            <a href=\"http:\/\/www.freimarianne.ch\/wp-content\/gallery\/pontresina-plauns-23-3-22\/IMG_0376.jpeg\"\n               title=\"das pr\u00e4chtige Val Morteratsch; Piz Pal\u00fc 3908m, Piz Pal\u00fc West 3823m, Bella Vista Ost 3799m, Bellavista 3890m, Bella Vista West 3922m, Piz Zupo 3996m, Crast Ag\u00fcza 3854m, Piz Bernina 4049m, Piz Prievlus 3427m, Piz Morteratsch 3751m\"\n               data-src=\"http:\/\/www.freimarianne.ch\/wp-content\/gallery\/pontresina-plauns-23-3-22\/IMG_0376.jpeg\"\n               data-thumbnail=\"http:\/\/www.freimarianne.ch\/wp-content\/gallery\/pontresina-plauns-23-3-22\/thumbs\/thumbs_IMG_0376.jpeg\"\n               data-image-id=\"28867\"\n               data-title=\"IMG_0376\"\n               data-description=\"das pr\u00e4chtige Val Morteratsch; Piz Pal\u00fc 3908m, Piz Pal\u00fc West 3823m, Bella Vista Ost 3799m, Bellavista 3890m, Bella Vista West 3922m, Piz Zupo 3996m, Crast Ag\u00fcza 3854m, Piz Bernina 4049m, Piz Prievlus 3427m, Piz Morteratsch 3751m\"\n               data-image-slug=\"img_0376-4\"\n               class=\"shutterset_35a9a0ad41b6e3d66c40471802618dba\">\n                <img\n                    title=\"IMG_0376\"\n                    alt=\"IMG_0376\"\n                    src=\"http:\/\/www.freimarianne.ch\/wp-content\/gallery\/pontresina-plauns-23-3-22\/cache\/IMG_0376.jpeg-nggid0528867-ngg0dyn-100x75x100-00f0w010c010r110f110r010t010.jpeg\"\n                    width=\"100\"\n                    height=\"75\"\n                    style=\"max-width:100%;\"\n                \/>\n            <\/a>\n        <\/div>\n\t\t\t\t\t\t\t<\/div> \n\t\t\t\n                            \n\t\t\t\t<div id=\"ngg-image-2\" class=\"ngg-gallery-thumbnail-box\" >\n\t\t\t\t        <div class=\"ngg-gallery-thumbnail\">\n            <a href=\"http:\/\/www.freimarianne.ch\/wp-content\/gallery\/pontresina-plauns-23-3-22\/IMG_0373.jpeg\"\n               title=\"an der Ova da  Bernina; Piz Ot 3246m, vo Piz Padella 2857m, Piz Spinas 2882m\"\n               data-src=\"http:\/\/www.freimarianne.ch\/wp-content\/gallery\/pontresina-plauns-23-3-22\/IMG_0373.jpeg\"\n               data-thumbnail=\"http:\/\/www.freimarianne.ch\/wp-content\/gallery\/pontresina-plauns-23-3-22\/thumbs\/thumbs_IMG_0373.jpeg\"\n               data-image-id=\"28868\"\n               data-title=\"IMG_0373\"\n               data-description=\"an der Ova da  Bernina; Piz Ot 3246m, vo Piz Padella 2857m, Piz Spinas 2882m\"\n               data-image-slug=\"img_0373-1\"\n               class=\"shutterset_35a9a0ad41b6e3d66c40471802618dba\">\n                <img\n                    title=\"IMG_0373\"\n                    alt=\"IMG_0373\"\n                    src=\"http:\/\/www.freimarianne.ch\/wp-content\/gallery\/pontresina-plauns-23-3-22\/cache\/IMG_0373.jpeg-nggid0528868-ngg0dyn-100x75x100-00f0w010c010r110f110r010t010.jpeg\"\n                    width=\"100\"\n                    height=\"75\"\n                    style=\"max-width:100%;\"\n                \/>\n            <\/a>\n        <\/div>\n\t\t\t\t\t\t\t<\/div> \n\t\t\t\n                            \n\t\t\t\t<div id=\"ngg-image-3\" class=\"ngg-gallery-thumbnail-box\" >\n\t\t\t\t        <div class=\"ngg-gallery-thumbnail\">\n            <a href=\"http:\/\/www.freimarianne.ch\/wp-content\/gallery\/pontresina-plauns-23-3-22\/IMG_0393.jpeg\"\n               title=\"\"\n               data-src=\"http:\/\/www.freimarianne.ch\/wp-content\/gallery\/pontresina-plauns-23-3-22\/IMG_0393.jpeg\"\n               data-thumbnail=\"http:\/\/www.freimarianne.ch\/wp-content\/gallery\/pontresina-plauns-23-3-22\/thumbs\/thumbs_IMG_0393.jpeg\"\n               data-image-id=\"28869\"\n               data-title=\"IMG_0393\"\n               data-description=\"\"\n               data-image-slug=\"img_0393-3\"\n               class=\"shutterset_35a9a0ad41b6e3d66c40471802618dba\">\n                <img\n                    title=\"IMG_0393\"\n                    alt=\"IMG_0393\"\n                    src=\"http:\/\/www.freimarianne.ch\/wp-content\/gallery\/pontresina-plauns-23-3-22\/cache\/IMG_0393.jpeg-nggid0528869-ngg0dyn-100x75x100-00f0w010c010r110f110r010t010.jpeg\"\n                    width=\"100\"\n                    height=\"56\"\n                    style=\"max-width:100%;\"\n                \/>\n            <\/a>\n        <\/div>\n\t\t\t\t\t\t\t<\/div> \n\t\t\t\n                                    <br style=\"clear: both\" \/>\n                    \n\t\t\t\t<div id=\"ngg-image-4\" class=\"ngg-gallery-thumbnail-box\" >\n\t\t\t\t        <div class=\"ngg-gallery-thumbnail\">\n            <a href=\"http:\/\/www.freimarianne.ch\/wp-content\/gallery\/pontresina-plauns-23-3-22\/IMG_0389.jpeg\"\n               title=\"Val Morteratsch;\"\n               data-src=\"http:\/\/www.freimarianne.ch\/wp-content\/gallery\/pontresina-plauns-23-3-22\/IMG_0389.jpeg\"\n               data-thumbnail=\"http:\/\/www.freimarianne.ch\/wp-content\/gallery\/pontresina-plauns-23-3-22\/thumbs\/thumbs_IMG_0389.jpeg\"\n               data-image-id=\"28870\"\n               data-title=\"IMG_0389\"\n               data-description=\"Val Morteratsch;\"\n               data-image-slug=\"img_0389-1\"\n               class=\"shutterset_35a9a0ad41b6e3d66c40471802618dba\">\n                <img\n                    title=\"IMG_0389\"\n                    alt=\"IMG_0389\"\n                    src=\"http:\/\/www.freimarianne.ch\/wp-content\/gallery\/pontresina-plauns-23-3-22\/cache\/IMG_0389.jpeg-nggid0528870-ngg0dyn-100x75x100-00f0w010c010r110f110r010t010.jpeg\"\n                    width=\"100\"\n                    height=\"56\"\n                    style=\"max-width:100%;\"\n                \/>\n            <\/a>\n        <\/div>\n\t\t\t\t\t\t\t<\/div> \n\t\t\t\n                            \n\t\t\t\t<div id=\"ngg-image-5\" class=\"ngg-gallery-thumbnail-box\" >\n\t\t\t\t        <div class=\"ngg-gallery-thumbnail\">\n            <a href=\"http:\/\/www.freimarianne.ch\/wp-content\/gallery\/pontresina-plauns-23-3-22\/IMG_0390.jpeg\"\n               title=\"\"\n               data-src=\"http:\/\/www.freimarianne.ch\/wp-content\/gallery\/pontresina-plauns-23-3-22\/IMG_0390.jpeg\"\n               data-thumbnail=\"http:\/\/www.freimarianne.ch\/wp-content\/gallery\/pontresina-plauns-23-3-22\/thumbs\/thumbs_IMG_0390.jpeg\"\n               data-image-id=\"28871\"\n               data-title=\"IMG_0390\"\n               data-description=\"\"\n               data-image-slug=\"img_0390-4\"\n               class=\"shutterset_35a9a0ad41b6e3d66c40471802618dba\">\n                <img\n                    title=\"IMG_0390\"\n                    alt=\"IMG_0390\"\n                    src=\"http:\/\/www.freimarianne.ch\/wp-content\/gallery\/pontresina-plauns-23-3-22\/cache\/IMG_0390.jpeg-nggid0528871-ngg0dyn-100x75x100-00f0w010c010r110f110r010t010.jpeg\"\n                    width=\"100\"\n                    height=\"56\"\n                    style=\"max-width:100%;\"\n                \/>\n            <\/a>\n        <\/div>\n\t\t\t\t\t\t\t<\/div> \n\t\t\t\n                            \n\t\t\n\t\t<!-- Pagination -->\n\t<div class='ngg-clear'><\/div>\t<\/div>\n\n","protected":false},"excerpt":{"rendered":"<p>Winterwanderung Ich beginne die Wanderung bei der alten Kirche St. Maria und komme am Spaniola Turm vorbei. Er war Sitz der Herren von Pontresina (1240-1307). Einziger Wohnturm mit f\u00fcnfeckigem Grundriss im Engadin.Ich folge dem ausgesteckten Winterwanderweg, der aber pl\u00f6tzlich aufh\u00f6rt. Ich muss auf dem vereisten Sommerwanderweg m\u00fchsam wieder hinunter zur Hauptstrasse steigen um auf auf [&hellip;]<\/p>\n","protected":false},"author":1,"featured_media":0,"parent":59150,"menu_order":5,"comment_status":"closed","ping_status":"closed","template":"","meta":{"ngg_post_thumbnail":0},"_links":{"self":[{"href":"http:\/\/www.freimarianne.ch\/index.php?rest_route=\/wp\/v2\/pages\/59170"}],"collection":[{"href":"http:\/\/www.freimarianne.ch\/index.php?rest_route=\/wp\/v2\/pages"}],"about":[{"href":"http:\/\/www.freimarianne.ch\/index.php?rest_route=\/wp\/v2\/types\/page"}],"author":[{"embeddable":true,"href":"http:\/\/www.freimarianne.ch\/index.php?rest_route=\/wp\/v2\/users\/1"}],"replies":[{"embeddable":true,"href":"http:\/\/www.freimarianne.ch\/index.php?rest_route=%2Fwp%2Fv2%2Fcomments&post=59170"}],"version-history":[{"count":6,"href":"http:\/\/www.freimarianne.ch\/index.php?rest_route=\/wp\/v2\/pages\/59170\/revisions"}],"predecessor-version":[{"id":59356,"href":"http:\/\/www.freimarianne.ch\/index.php?rest_route=\/wp\/v2\/pages\/59170\/revisions\/59356"}],"up":[{"embeddable":true,"href":"http:\/\/www.freimarianne.ch\/index.php?rest_route=\/wp\/v2\/pages\/59150"}],"wp:attachment":[{"href":"http:\/\/www.freimarianne.ch\/index.php?rest_route=%2Fwp%2Fv2%2Fmedia&parent=59170"}],"curies":[{"name":"wp","href":"https:\/\/api.w.org\/{rel}","templated":true}]}}