{"id":60117,"date":"2022-07-11T10:02:34","date_gmt":"2022-07-11T09:02:34","guid":{"rendered":"http:\/\/www.freimarianne.ch\/?page_id=60117"},"modified":"2022-07-11T10:43:34","modified_gmt":"2022-07-11T09:43:34","slug":"bielen-wolfenschiessen-ow-30-6-2022","status":"publish","type":"page","link":"http:\/\/www.freimarianne.ch\/?page_id=60117","title":{"rendered":"Bielen &#8211; Wolfenschiessen  OW  30.6.2022"},"content":{"rendered":"\n<p><strong>Wanderung von Bielen nach Wolfenschiessen<\/strong><\/p>\n\n\n\n<p><\/p>\n\n\n<div id=\"attachment_60112\" style=\"width: 510px\" class=\"wp-caption alignleft\"><img aria-describedby=\"caption-attachment-60112\" loading=\"lazy\" class=\"size-full wp-image-60112\" src=\"http:\/\/www.freimarianne.ch\/wp-content\/uploads\/2022\/07\/IMG_0941_bielen_500.jpeg\" alt=\"\" width=\"500\" height=\"375\" srcset=\"http:\/\/www.freimarianne.ch\/wp-content\/uploads\/2022\/07\/IMG_0941_bielen_500.jpeg 500w, http:\/\/www.freimarianne.ch\/wp-content\/uploads\/2022\/07\/IMG_0941_bielen_500-300x225.jpeg 300w, http:\/\/www.freimarianne.ch\/wp-content\/uploads\/2022\/07\/IMG_0941_bielen_500-400x300.jpeg 400w\" sizes=\"(max-width: 500px) 100vw, 500px\" \/><p id=\"caption-attachment-60112\" class=\"wp-caption-text\">gegen Hinterdiesigbalm<\/p><\/div>\n<p>Heute m\u00f6chte ich die linke Talseite des Engelbergertals kennenlernen. Ich steige in Grafenort aus und wandere hin\u00fcber zurTalstation Geissmattlies nach Bielen. Bielen 1111m liegt sehr sch\u00f6n auf einer Terrass \u00fcber dem Tal. Ich nehme den Wanderweg durch den Wald hin\u00fcber zur Bergstation Diegisbalm 1004m. Dieser Weg verl\u00e4uft im steilen Bergwald und ist teilweise rutschig.<br>Als ich in Dieigisbalm ankomme, sehe ich, dass es hinten Im Engelbergertal ganz dunkel ist. <br>Eigentlich wollte ich heute hinauf und hin\u00fcber nach Wirzweli gehen, was bei Gewitterneigung wohl nicht ratsam ist. So beschliesse ich, hinunter nach Wolfenschiessen zu steigen, was doch eine Herausforderung war. Der Weg f\u00fchrt im sehr steilen Wald hinunter und scheint nicht zu enden. Ich bin froh um meine St\u00f6cke. Im unteren Teil komme ich in den Regen. Aber als ich in Wolfenschiessen ankomme scheint schon wieder die Sonne !<\/p>\n<p>Ich habe nun diese Gegend kennengelernt. Um auf das Wirzweli zu gehen w\u00fcrde ich die Seilbahn Diegisbalm nehmen und von der Mittelstation hinaufsteigen.<\/p>\n<p>Laut Schweizmobil:<br>Distanz: 6.72km; Aufstieg: 93m; Abstieg: 691m; Wanderzeit: 1h 54min.<\/p>\n<p><a href=\"https:\/\/map.schweizmobil.ch\/?lang=de&amp;photos=yes&amp;logo=yes&amp;detours=yes&amp;season=summer&amp;resolution=2.5&amp;E=2671632&amp;N=1194306&amp;bgLayer=pk&amp;layers=Wanderland%2CStation&amp;trackId=1538239839\">Karte Schweizmobil:<\/a><\/p>\n\n\n<!-- index.php -->\n<div\n\tclass=\"ngg-galleryoverview ngg-ajax-pagination-none\"\n\tid=\"ngg-gallery-94276f8e0d2b9d1885c4d7e1165bf581-1\">\n\n    \t<div class=\"slideshowlink\">\n        <a href='http:\/\/www.freimarianne.ch\/index.php\/nggallery\/slideshow?page_id=60117'>[Show as slideshow]<\/a>\n\t\t\n\t<\/div>\n\t\t\t<!-- Thumbnails -->\n\t\t\t\t<div id=\"ngg-image-0\" class=\"ngg-gallery-thumbnail-box\" >\n\t\t\t\t        <div class=\"ngg-gallery-thumbnail\">\n            <a href=\"http:\/\/www.freimarianne.ch\/wp-content\/gallery\/bielen-30-6-22\/IMG_0929.jpeg\"\n               title=\"bei Grafenort;\"\n               data-src=\"http:\/\/www.freimarianne.ch\/wp-content\/gallery\/bielen-30-6-22\/IMG_0929.jpeg\"\n               data-thumbnail=\"http:\/\/www.freimarianne.ch\/wp-content\/gallery\/bielen-30-6-22\/thumbs\/thumbs_IMG_0929.jpeg\"\n               data-image-id=\"29501\"\n               data-title=\"IMG_0929\"\n               data-description=\"bei Grafenort;\"\n               data-image-slug=\"img_0929-1\"\n               class=\"shutterset_94276f8e0d2b9d1885c4d7e1165bf581\">\n                <img\n                    title=\"IMG_0929\"\n                    alt=\"IMG_0929\"\n                    src=\"http:\/\/www.freimarianne.ch\/wp-content\/gallery\/bielen-30-6-22\/cache\/IMG_0929.jpeg-nggid0529501-ngg0dyn-100x75x100-00f0w010c010r110f110r010t010.jpeg\"\n                    width=\"100\"\n                    height=\"75\"\n                    style=\"max-width:100%;\"\n                \/>\n            <\/a>\n        <\/div>\n\t\t\t\t\t\t\t<\/div> \n\t\t\t\n                            \n\t\t\t\t<div id=\"ngg-image-1\" class=\"ngg-gallery-thumbnail-box\" >\n\t\t\t\t        <div class=\"ngg-gallery-thumbnail\">\n            <a href=\"http:\/\/www.freimarianne.ch\/wp-content\/gallery\/bielen-30-6-22\/IMG_0930.jpeg\"\n               title=\"auf Bielen  Bergstation; 4 er Seilbahn\"\n               data-src=\"http:\/\/www.freimarianne.ch\/wp-content\/gallery\/bielen-30-6-22\/IMG_0930.jpeg\"\n               data-thumbnail=\"http:\/\/www.freimarianne.ch\/wp-content\/gallery\/bielen-30-6-22\/thumbs\/thumbs_IMG_0930.jpeg\"\n               data-image-id=\"29499\"\n               data-title=\"IMG_0930\"\n               data-description=\"auf Bielen  Bergstation; 4 er Seilbahn\"\n               data-image-slug=\"img_0930-3\"\n               class=\"shutterset_94276f8e0d2b9d1885c4d7e1165bf581\">\n                <img\n                    title=\"IMG_0930\"\n                    alt=\"IMG_0930\"\n                    src=\"http:\/\/www.freimarianne.ch\/wp-content\/gallery\/bielen-30-6-22\/cache\/IMG_0930.jpeg-nggid0529499-ngg0dyn-100x75x100-00f0w010c010r110f110r010t010.jpeg\"\n                    width=\"100\"\n                    height=\"75\"\n                    style=\"max-width:100%;\"\n                \/>\n            <\/a>\n        <\/div>\n\t\t\t\t\t\t\t<\/div> \n\t\t\t\n                            \n\t\t\t\t<div id=\"ngg-image-2\" class=\"ngg-gallery-thumbnail-box\" >\n\t\t\t\t        <div class=\"ngg-gallery-thumbnail\">\n            <a href=\"http:\/\/www.freimarianne.ch\/wp-content\/gallery\/bielen-30-6-22\/IMG_0931.jpeg\"\n               title=\"Bielen  Bergstation 1111m\"\n               data-src=\"http:\/\/www.freimarianne.ch\/wp-content\/gallery\/bielen-30-6-22\/IMG_0931.jpeg\"\n               data-thumbnail=\"http:\/\/www.freimarianne.ch\/wp-content\/gallery\/bielen-30-6-22\/thumbs\/thumbs_IMG_0931.jpeg\"\n               data-image-id=\"29498\"\n               data-title=\"IMG_0931\"\n               data-description=\"Bielen  Bergstation 1111m\"\n               data-image-slug=\"img_0931-9\"\n               class=\"shutterset_94276f8e0d2b9d1885c4d7e1165bf581\">\n                <img\n                    title=\"IMG_0931\"\n                    alt=\"IMG_0931\"\n                    src=\"http:\/\/www.freimarianne.ch\/wp-content\/gallery\/bielen-30-6-22\/cache\/IMG_0931.jpeg-nggid0529498-ngg0dyn-100x75x100-00f0w010c010r110f110r010t010.jpeg\"\n                    width=\"100\"\n                    height=\"75\"\n                    style=\"max-width:100%;\"\n                \/>\n            <\/a>\n        <\/div>\n\t\t\t\t\t\t\t<\/div> \n\t\t\t\n                            \n\t\t\t\t<div id=\"ngg-image-3\" class=\"ngg-gallery-thumbnail-box\" >\n\t\t\t\t        <div class=\"ngg-gallery-thumbnail\">\n            <a href=\"http:\/\/www.freimarianne.ch\/wp-content\/gallery\/bielen-30-6-22\/IMG_0932.jpeg\"\n               title=\"Sicht von  Bielen  Bergstation 1111m\"\n               data-src=\"http:\/\/www.freimarianne.ch\/wp-content\/gallery\/bielen-30-6-22\/IMG_0932.jpeg\"\n               data-thumbnail=\"http:\/\/www.freimarianne.ch\/wp-content\/gallery\/bielen-30-6-22\/thumbs\/thumbs_IMG_0932.jpeg\"\n               data-image-id=\"29500\"\n               data-title=\"IMG_0932\"\n               data-description=\"Sicht von  Bielen  Bergstation 1111m\"\n               data-image-slug=\"img_0932-6\"\n               class=\"shutterset_94276f8e0d2b9d1885c4d7e1165bf581\">\n                <img\n                    title=\"IMG_0932\"\n                    alt=\"IMG_0932\"\n                    src=\"http:\/\/www.freimarianne.ch\/wp-content\/gallery\/bielen-30-6-22\/cache\/IMG_0932.jpeg-nggid0529500-ngg0dyn-100x75x100-00f0w010c010r110f110r010t010.jpeg\"\n                    width=\"100\"\n                    height=\"61\"\n                    style=\"max-width:100%;\"\n                \/>\n            <\/a>\n        <\/div>\n\t\t\t\t\t\t\t<\/div> \n\t\t\t\n                                    <br style=\"clear: both\" \/>\n                    \n\t\t\t\t<div id=\"ngg-image-4\" class=\"ngg-gallery-thumbnail-box\" >\n\t\t\t\t        <div class=\"ngg-gallery-thumbnail\">\n            <a href=\"http:\/\/www.freimarianne.ch\/wp-content\/gallery\/bielen-30-6-22\/IMG_0933.jpeg\"\n               title=\"Sicht von  Bielen  Bergstation 1111m zum Titlis\"\n               data-src=\"http:\/\/www.freimarianne.ch\/wp-content\/gallery\/bielen-30-6-22\/IMG_0933.jpeg\"\n               data-thumbnail=\"http:\/\/www.freimarianne.ch\/wp-content\/gallery\/bielen-30-6-22\/thumbs\/thumbs_IMG_0933.jpeg\"\n               data-image-id=\"29497\"\n               data-title=\"IMG_0933\"\n               data-description=\"Sicht von  Bielen  Bergstation 1111m zum Titlis\"\n               data-image-slug=\"img_0933-6\"\n               class=\"shutterset_94276f8e0d2b9d1885c4d7e1165bf581\">\n                <img\n                    title=\"IMG_0933\"\n                    alt=\"IMG_0933\"\n                    src=\"http:\/\/www.freimarianne.ch\/wp-content\/gallery\/bielen-30-6-22\/cache\/IMG_0933.jpeg-nggid0529497-ngg0dyn-100x75x100-00f0w010c010r110f110r010t010.jpeg\"\n                    width=\"100\"\n                    height=\"69\"\n                    style=\"max-width:100%;\"\n                \/>\n            <\/a>\n        <\/div>\n\t\t\t\t\t\t\t<\/div> \n\t\t\t\n                            \n\t\t\t\t<div id=\"ngg-image-5\" class=\"ngg-gallery-thumbnail-box\" >\n\t\t\t\t        <div class=\"ngg-gallery-thumbnail\">\n            <a href=\"http:\/\/www.freimarianne.ch\/wp-content\/gallery\/bielen-30-6-22\/IMG_0935.jpeg\"\n               title=\"unterwegs im steilen Grashang\"\n               data-src=\"http:\/\/www.freimarianne.ch\/wp-content\/gallery\/bielen-30-6-22\/IMG_0935.jpeg\"\n               data-thumbnail=\"http:\/\/www.freimarianne.ch\/wp-content\/gallery\/bielen-30-6-22\/thumbs\/thumbs_IMG_0935.jpeg\"\n               data-image-id=\"29496\"\n               data-title=\"IMG_0935\"\n               data-description=\"unterwegs im steilen Grashang\"\n               data-image-slug=\"img_0935-3\"\n               class=\"shutterset_94276f8e0d2b9d1885c4d7e1165bf581\">\n                <img\n                    title=\"IMG_0935\"\n                    alt=\"IMG_0935\"\n                    src=\"http:\/\/www.freimarianne.ch\/wp-content\/gallery\/bielen-30-6-22\/cache\/IMG_0935.jpeg-nggid0529496-ngg0dyn-100x75x100-00f0w010c010r110f110r010t010.jpeg\"\n                    width=\"100\"\n                    height=\"75\"\n                    style=\"max-width:100%;\"\n                \/>\n            <\/a>\n        <\/div>\n\t\t\t\t\t\t\t<\/div> \n\t\t\t\n                            \n\t\t\t\t<div id=\"ngg-image-6\" class=\"ngg-gallery-thumbnail-box\" >\n\t\t\t\t        <div class=\"ngg-gallery-thumbnail\">\n            <a href=\"http:\/\/www.freimarianne.ch\/wp-content\/gallery\/bielen-30-6-22\/IMG_0938.jpeg\"\n               title=\"unterwegs im steilen Grashang\"\n               data-src=\"http:\/\/www.freimarianne.ch\/wp-content\/gallery\/bielen-30-6-22\/IMG_0938.jpeg\"\n               data-thumbnail=\"http:\/\/www.freimarianne.ch\/wp-content\/gallery\/bielen-30-6-22\/thumbs\/thumbs_IMG_0938.jpeg\"\n               data-image-id=\"29495\"\n               data-title=\"IMG_0938\"\n               data-description=\"unterwegs im steilen Grashang\"\n               data-image-slug=\"img_0938-4\"\n               class=\"shutterset_94276f8e0d2b9d1885c4d7e1165bf581\">\n                <img\n                    title=\"IMG_0938\"\n                    alt=\"IMG_0938\"\n                    src=\"http:\/\/www.freimarianne.ch\/wp-content\/gallery\/bielen-30-6-22\/cache\/IMG_0938.jpeg-nggid0529495-ngg0dyn-100x75x100-00f0w010c010r110f110r010t010.jpeg\"\n                    width=\"100\"\n                    height=\"75\"\n                    style=\"max-width:100%;\"\n                \/>\n            <\/a>\n        <\/div>\n\t\t\t\t\t\t\t<\/div> \n\t\t\t\n                            \n\t\t\t\t<div id=\"ngg-image-7\" class=\"ngg-gallery-thumbnail-box\" >\n\t\t\t\t        <div class=\"ngg-gallery-thumbnail\">\n            <a href=\"http:\/\/www.freimarianne.ch\/wp-content\/gallery\/bielen-30-6-22\/IMG_0939.jpeg\"\n               title=\"unterwegs im steilen Grashang; Ochsenweidli\"\n               data-src=\"http:\/\/www.freimarianne.ch\/wp-content\/gallery\/bielen-30-6-22\/IMG_0939.jpeg\"\n               data-thumbnail=\"http:\/\/www.freimarianne.ch\/wp-content\/gallery\/bielen-30-6-22\/thumbs\/thumbs_IMG_0939.jpeg\"\n               data-image-id=\"29494\"\n               data-title=\"IMG_0939\"\n               data-description=\"unterwegs im steilen Grashang; Ochsenweidli\"\n               data-image-slug=\"img_0939-3\"\n               class=\"shutterset_94276f8e0d2b9d1885c4d7e1165bf581\">\n                <img\n                    title=\"IMG_0939\"\n                    alt=\"IMG_0939\"\n                    src=\"http:\/\/www.freimarianne.ch\/wp-content\/gallery\/bielen-30-6-22\/cache\/IMG_0939.jpeg-nggid0529494-ngg0dyn-100x75x100-00f0w010c010r110f110r010t010.jpeg\"\n                    width=\"100\"\n                    height=\"75\"\n                    style=\"max-width:100%;\"\n                \/>\n            <\/a>\n        <\/div>\n\t\t\t\t\t\t\t<\/div> \n\t\t\t\n                                    <br style=\"clear: both\" \/>\n                    \n\t\t\t\t<div id=\"ngg-image-8\" class=\"ngg-gallery-thumbnail-box\" >\n\t\t\t\t        <div class=\"ngg-gallery-thumbnail\">\n            <a href=\"http:\/\/www.freimarianne.ch\/wp-content\/gallery\/bielen-30-6-22\/IMG_0940.jpeg\"\n               title=\"Blick auf Brisen und Wellenberg\"\n               data-src=\"http:\/\/www.freimarianne.ch\/wp-content\/gallery\/bielen-30-6-22\/IMG_0940.jpeg\"\n               data-thumbnail=\"http:\/\/www.freimarianne.ch\/wp-content\/gallery\/bielen-30-6-22\/thumbs\/thumbs_IMG_0940.jpeg\"\n               data-image-id=\"29491\"\n               data-title=\"IMG_0940\"\n               data-description=\"Blick auf Brisen und Wellenberg\"\n               data-image-slug=\"img_0940-3\"\n               class=\"shutterset_94276f8e0d2b9d1885c4d7e1165bf581\">\n                <img\n                    title=\"IMG_0940\"\n                    alt=\"IMG_0940\"\n                    src=\"http:\/\/www.freimarianne.ch\/wp-content\/gallery\/bielen-30-6-22\/cache\/IMG_0940.jpeg-nggid0529491-ngg0dyn-100x75x100-00f0w010c010r110f110r010t010.jpeg\"\n                    width=\"100\"\n                    height=\"75\"\n                    style=\"max-width:100%;\"\n                \/>\n            <\/a>\n        <\/div>\n\t\t\t\t\t\t\t<\/div> \n\t\t\t\n                            \n\t\t\t\t<div id=\"ngg-image-9\" class=\"ngg-gallery-thumbnail-box\" >\n\t\t\t\t        <div class=\"ngg-gallery-thumbnail\">\n            <a href=\"http:\/\/www.freimarianne.ch\/wp-content\/gallery\/bielen-30-6-22\/IMG_0943.jpeg\"\n               title=\"Hinterdiegisbalm  1004m; re Buochserhorn\"\n               data-src=\"http:\/\/www.freimarianne.ch\/wp-content\/gallery\/bielen-30-6-22\/IMG_0943.jpeg\"\n               data-thumbnail=\"http:\/\/www.freimarianne.ch\/wp-content\/gallery\/bielen-30-6-22\/thumbs\/thumbs_IMG_0943.jpeg\"\n               data-image-id=\"29492\"\n               data-title=\"IMG_0943\"\n               data-description=\"Hinterdiegisbalm  1004m; re Buochserhorn\"\n               data-image-slug=\"img_0943-2\"\n               class=\"shutterset_94276f8e0d2b9d1885c4d7e1165bf581\">\n                <img\n                    title=\"IMG_0943\"\n                    alt=\"IMG_0943\"\n                    src=\"http:\/\/www.freimarianne.ch\/wp-content\/gallery\/bielen-30-6-22\/cache\/IMG_0943.jpeg-nggid0529492-ngg0dyn-100x75x100-00f0w010c010r110f110r010t010.jpeg\"\n                    width=\"100\"\n                    height=\"75\"\n                    style=\"max-width:100%;\"\n                \/>\n            <\/a>\n        <\/div>\n\t\t\t\t\t\t\t<\/div> \n\t\t\t\n                            \n\t\t\t\t<div id=\"ngg-image-10\" class=\"ngg-gallery-thumbnail-box\" >\n\t\t\t\t        <div class=\"ngg-gallery-thumbnail\">\n            <a href=\"http:\/\/www.freimarianne.ch\/wp-content\/gallery\/bielen-30-6-22\/IMG_0944.jpeg\"\n               title=\"gegen Hinterdiegisbalm  1004m; \u00fcber den Bach\"\n               data-src=\"http:\/\/www.freimarianne.ch\/wp-content\/gallery\/bielen-30-6-22\/IMG_0944.jpeg\"\n               data-thumbnail=\"http:\/\/www.freimarianne.ch\/wp-content\/gallery\/bielen-30-6-22\/thumbs\/thumbs_IMG_0944.jpeg\"\n               data-image-id=\"29490\"\n               data-title=\"IMG_0944\"\n               data-description=\"gegen Hinterdiegisbalm  1004m; \u00fcber den Bach\"\n               data-image-slug=\"img_0944-2\"\n               class=\"shutterset_94276f8e0d2b9d1885c4d7e1165bf581\">\n                <img\n                    title=\"IMG_0944\"\n                    alt=\"IMG_0944\"\n                    src=\"http:\/\/www.freimarianne.ch\/wp-content\/gallery\/bielen-30-6-22\/cache\/IMG_0944.jpeg-nggid0529490-ngg0dyn-100x75x100-00f0w010c010r110f110r010t010.jpeg\"\n                    width=\"100\"\n                    height=\"75\"\n                    style=\"max-width:100%;\"\n                \/>\n            <\/a>\n        <\/div>\n\t\t\t\t\t\t\t<\/div> \n\t\t\t\n                            \n\t\t\t\t<div id=\"ngg-image-11\" class=\"ngg-gallery-thumbnail-box\" >\n\t\t\t\t        <div class=\"ngg-gallery-thumbnail\">\n            <a href=\"http:\/\/www.freimarianne.ch\/wp-content\/gallery\/bielen-30-6-22\/IMG_0949.jpeg\"\n               title=\"Vorder Dieigsbalm 1005m\"\n               data-src=\"http:\/\/www.freimarianne.ch\/wp-content\/gallery\/bielen-30-6-22\/IMG_0949.jpeg\"\n               data-thumbnail=\"http:\/\/www.freimarianne.ch\/wp-content\/gallery\/bielen-30-6-22\/thumbs\/thumbs_IMG_0949.jpeg\"\n               data-image-id=\"29493\"\n               data-title=\"IMG_0949\"\n               data-description=\"Vorder Dieigsbalm 1005m\"\n               data-image-slug=\"img_0949-2\"\n               class=\"shutterset_94276f8e0d2b9d1885c4d7e1165bf581\">\n                <img\n                    title=\"IMG_0949\"\n                    alt=\"IMG_0949\"\n                    src=\"http:\/\/www.freimarianne.ch\/wp-content\/gallery\/bielen-30-6-22\/cache\/IMG_0949.jpeg-nggid0529493-ngg0dyn-100x75x100-00f0w010c010r110f110r010t010.jpeg\"\n                    width=\"100\"\n                    height=\"75\"\n                    style=\"max-width:100%;\"\n                \/>\n            <\/a>\n        <\/div>\n\t\t\t\t\t\t\t<\/div> \n\t\t\t\n                                    <br style=\"clear: both\" \/>\n                    \n\t\t\t\t<div id=\"ngg-image-12\" class=\"ngg-gallery-thumbnail-box\" >\n\t\t\t\t        <div class=\"ngg-gallery-thumbnail\">\n            <a href=\"http:\/\/www.freimarianne.ch\/wp-content\/gallery\/bielen-30-6-22\/IMG_0952.jpeg\"\n               title=\"auf dem Weg nach Wolfenschiessen\"\n               data-src=\"http:\/\/www.freimarianne.ch\/wp-content\/gallery\/bielen-30-6-22\/IMG_0952.jpeg\"\n               data-thumbnail=\"http:\/\/www.freimarianne.ch\/wp-content\/gallery\/bielen-30-6-22\/thumbs\/thumbs_IMG_0952.jpeg\"\n               data-image-id=\"29489\"\n               data-title=\"IMG_0952\"\n               data-description=\"auf dem Weg nach Wolfenschiessen\"\n               data-image-slug=\"img_0952-1\"\n               class=\"shutterset_94276f8e0d2b9d1885c4d7e1165bf581\">\n                <img\n                    title=\"IMG_0952\"\n                    alt=\"IMG_0952\"\n                    src=\"http:\/\/www.freimarianne.ch\/wp-content\/gallery\/bielen-30-6-22\/cache\/IMG_0952.jpeg-nggid0529489-ngg0dyn-100x75x100-00f0w010c010r110f110r010t010.jpeg\"\n                    width=\"100\"\n                    height=\"75\"\n                    style=\"max-width:100%;\"\n                \/>\n            <\/a>\n        <\/div>\n\t\t\t\t\t\t\t<\/div> \n\t\t\t\n                            \n\t\t\n\t\t<!-- Pagination -->\n\t<div class='ngg-clear'><\/div>\t<\/div>\n\n\n\n\n<!-- index.php -->\n<div\n\tclass=\"ngg-galleryoverview ngg-ajax-pagination-none\"\n\tid=\"ngg-gallery-2466ec9c9aeb152c15395b02ba216cde-1\">\n\n    \t<div class=\"slideshowlink\">\n        <a href='http:\/\/www.freimarianne.ch\/index.php\/nggallery\/slideshow?page_id=60117'>[Show as slideshow]<\/a>\n\t\t\n\t<\/div>\n\t\t\t<!-- Thumbnails -->\n\t\t\t\t<div id=\"ngg-image-0\" class=\"ngg-gallery-thumbnail-box\" >\n\t\t\t\t        <div class=\"ngg-gallery-thumbnail\">\n            <a href=\"http:\/\/www.freimarianne.ch\/wp-content\/gallery\/bielen-iph-30-6-22\/IMG_1666.jpeg\"\n               title=\"Sicht von Grafenort aus\"\n               data-src=\"http:\/\/www.freimarianne.ch\/wp-content\/gallery\/bielen-iph-30-6-22\/IMG_1666.jpeg\"\n               data-thumbnail=\"http:\/\/www.freimarianne.ch\/wp-content\/gallery\/bielen-iph-30-6-22\/thumbs\/thumbs_IMG_1666.jpeg\"\n               data-image-id=\"29510\"\n               data-title=\"IMG_1666\"\n               data-description=\"Sicht von Grafenort aus\"\n               data-image-slug=\"img_1666-4\"\n               class=\"shutterset_2466ec9c9aeb152c15395b02ba216cde\">\n                <img\n                    title=\"IMG_1666\"\n                    alt=\"IMG_1666\"\n                    src=\"http:\/\/www.freimarianne.ch\/wp-content\/gallery\/bielen-iph-30-6-22\/cache\/IMG_1666.jpeg-nggid0529510-ngg0dyn-100x75x100-00f0w010c010r110f110r010t010.jpeg\"\n                    width=\"100\"\n                    height=\"56\"\n                    style=\"max-width:100%;\"\n                \/>\n            <\/a>\n        <\/div>\n\t\t\t\t\t\t\t<\/div> \n\t\t\t\n                            \n\t\t\t\t<div id=\"ngg-image-1\" class=\"ngg-gallery-thumbnail-box\" >\n\t\t\t\t        <div class=\"ngg-gallery-thumbnail\">\n            <a href=\"http:\/\/www.freimarianne.ch\/wp-content\/gallery\/bielen-iph-30-6-22\/IMG_1665.jpeg\"\n               title=\"Sicht von Grafenort aus\"\n               data-src=\"http:\/\/www.freimarianne.ch\/wp-content\/gallery\/bielen-iph-30-6-22\/IMG_1665.jpeg\"\n               data-thumbnail=\"http:\/\/www.freimarianne.ch\/wp-content\/gallery\/bielen-iph-30-6-22\/thumbs\/thumbs_IMG_1665.jpeg\"\n               data-image-id=\"29509\"\n               data-title=\"IMG_1665\"\n               data-description=\"Sicht von Grafenort aus\"\n               data-image-slug=\"img_1665-4\"\n               class=\"shutterset_2466ec9c9aeb152c15395b02ba216cde\">\n                <img\n                    title=\"IMG_1665\"\n                    alt=\"IMG_1665\"\n                    src=\"http:\/\/www.freimarianne.ch\/wp-content\/gallery\/bielen-iph-30-6-22\/cache\/IMG_1665.jpeg-nggid0529509-ngg0dyn-100x75x100-00f0w010c010r110f110r010t010.jpeg\"\n                    width=\"100\"\n                    height=\"56\"\n                    style=\"max-width:100%;\"\n                \/>\n            <\/a>\n        <\/div>\n\t\t\t\t\t\t\t<\/div> \n\t\t\t\n                            \n\t\t\t\t<div id=\"ngg-image-2\" class=\"ngg-gallery-thumbnail-box\" >\n\t\t\t\t        <div class=\"ngg-gallery-thumbnail\">\n            <a href=\"http:\/\/www.freimarianne.ch\/wp-content\/gallery\/bielen-iph-30-6-22\/IMG_1664.jpeg\"\n               title=\"\"\n               data-src=\"http:\/\/www.freimarianne.ch\/wp-content\/gallery\/bielen-iph-30-6-22\/IMG_1664.jpeg\"\n               data-thumbnail=\"http:\/\/www.freimarianne.ch\/wp-content\/gallery\/bielen-iph-30-6-22\/thumbs\/thumbs_IMG_1664.jpeg\"\n               data-image-id=\"29508\"\n               data-title=\"IMG_1664\"\n               data-description=\"\"\n               data-image-slug=\"img_1664-1668\"\n               class=\"shutterset_2466ec9c9aeb152c15395b02ba216cde\">\n                <img\n                    title=\"IMG_1664\"\n                    alt=\"IMG_1664\"\n                    src=\"http:\/\/www.freimarianne.ch\/wp-content\/gallery\/bielen-iph-30-6-22\/cache\/IMG_1664.jpeg-nggid0529508-ngg0dyn-100x75x100-00f0w010c010r110f110r010t010.jpeg\"\n                    width=\"100\"\n                    height=\"56\"\n                    style=\"max-width:100%;\"\n                \/>\n            <\/a>\n        <\/div>\n\t\t\t\t\t\t\t<\/div> \n\t\t\t\n                            \n\t\t\t\t<div id=\"ngg-image-3\" class=\"ngg-gallery-thumbnail-box\" >\n\t\t\t\t        <div class=\"ngg-gallery-thumbnail\">\n            <a href=\"http:\/\/www.freimarianne.ch\/wp-content\/gallery\/bielen-iph-30-6-22\/IMG_1663.jpeg\"\n               title=\"auf Bielen  Bergstation 1111m\"\n               data-src=\"http:\/\/www.freimarianne.ch\/wp-content\/gallery\/bielen-iph-30-6-22\/IMG_1663.jpeg\"\n               data-thumbnail=\"http:\/\/www.freimarianne.ch\/wp-content\/gallery\/bielen-iph-30-6-22\/thumbs\/thumbs_IMG_1663.jpeg\"\n               data-image-id=\"29503\"\n               data-title=\"IMG_1663\"\n               data-description=\"auf Bielen  Bergstation 1111m\"\n               data-image-slug=\"img_1663-2\"\n               class=\"shutterset_2466ec9c9aeb152c15395b02ba216cde\">\n                <img\n                    title=\"IMG_1663\"\n                    alt=\"IMG_1663\"\n                    src=\"http:\/\/www.freimarianne.ch\/wp-content\/gallery\/bielen-iph-30-6-22\/cache\/IMG_1663.jpeg-nggid0529503-ngg0dyn-100x75x100-00f0w010c010r110f110r010t010.jpeg\"\n                    width=\"100\"\n                    height=\"56\"\n                    style=\"max-width:100%;\"\n                \/>\n            <\/a>\n        <\/div>\n\t\t\t\t\t\t\t<\/div> \n\t\t\t\n                                    <br style=\"clear: both\" \/>\n                    \n\t\t\t\t<div id=\"ngg-image-4\" class=\"ngg-gallery-thumbnail-box\" >\n\t\t\t\t        <div class=\"ngg-gallery-thumbnail\">\n            <a href=\"http:\/\/www.freimarianne.ch\/wp-content\/gallery\/bielen-iph-30-6-22\/IMG_1662.jpeg\"\n               title=\"auf Bielen  Bergstation 1111m\"\n               data-src=\"http:\/\/www.freimarianne.ch\/wp-content\/gallery\/bielen-iph-30-6-22\/IMG_1662.jpeg\"\n               data-thumbnail=\"http:\/\/www.freimarianne.ch\/wp-content\/gallery\/bielen-iph-30-6-22\/thumbs\/thumbs_IMG_1662.jpeg\"\n               data-image-id=\"29507\"\n               data-title=\"IMG_1662\"\n               data-description=\"auf Bielen  Bergstation 1111m\"\n               data-image-slug=\"img_1662-2\"\n               class=\"shutterset_2466ec9c9aeb152c15395b02ba216cde\">\n                <img\n                    title=\"IMG_1662\"\n                    alt=\"IMG_1662\"\n                    src=\"http:\/\/www.freimarianne.ch\/wp-content\/gallery\/bielen-iph-30-6-22\/cache\/IMG_1662.jpeg-nggid0529507-ngg0dyn-100x75x100-00f0w010c010r110f110r010t010.jpeg\"\n                    width=\"100\"\n                    height=\"56\"\n                    style=\"max-width:100%;\"\n                \/>\n            <\/a>\n        <\/div>\n\t\t\t\t\t\t\t<\/div> \n\t\t\t\n                            \n\t\t\t\t<div id=\"ngg-image-5\" class=\"ngg-gallery-thumbnail-box\" >\n\t\t\t\t        <div class=\"ngg-gallery-thumbnail\">\n            <a href=\"http:\/\/www.freimarianne.ch\/wp-content\/gallery\/bielen-iph-30-6-22\/IMG_1660.jpeg\"\n               title=\"Sicht von  Bielen  Bergstation 1111m; Buochserhorn und Musenalp\"\n               data-src=\"http:\/\/www.freimarianne.ch\/wp-content\/gallery\/bielen-iph-30-6-22\/IMG_1660.jpeg\"\n               data-thumbnail=\"http:\/\/www.freimarianne.ch\/wp-content\/gallery\/bielen-iph-30-6-22\/thumbs\/thumbs_IMG_1660.jpeg\"\n               data-image-id=\"29506\"\n               data-title=\"IMG_1660\"\n               data-description=\"Sicht von  Bielen  Bergstation 1111m; Buochserhorn und Musenalp\"\n               data-image-slug=\"img_1660-5\"\n               class=\"shutterset_2466ec9c9aeb152c15395b02ba216cde\">\n                <img\n                    title=\"IMG_1660\"\n                    alt=\"IMG_1660\"\n                    src=\"http:\/\/www.freimarianne.ch\/wp-content\/gallery\/bielen-iph-30-6-22\/cache\/IMG_1660.jpeg-nggid0529506-ngg0dyn-100x75x100-00f0w010c010r110f110r010t010.jpeg\"\n                    width=\"100\"\n                    height=\"56\"\n                    style=\"max-width:100%;\"\n                \/>\n            <\/a>\n        <\/div>\n\t\t\t\t\t\t\t<\/div> \n\t\t\t\n                            \n\t\t\t\t<div id=\"ngg-image-6\" class=\"ngg-gallery-thumbnail-box\" >\n\t\t\t\t        <div class=\"ngg-gallery-thumbnail\">\n            <a href=\"http:\/\/www.freimarianne.ch\/wp-content\/gallery\/bielen-iph-30-6-22\/IMG_1659.jpeg\"\n               title=\"Sicht von  Bielen  Bergstation 1111m; Titlis 3238m, Klein Titlis 3062m, Tr\u00fcebsee 1796m\"\n               data-src=\"http:\/\/www.freimarianne.ch\/wp-content\/gallery\/bielen-iph-30-6-22\/IMG_1659.jpeg\"\n               data-thumbnail=\"http:\/\/www.freimarianne.ch\/wp-content\/gallery\/bielen-iph-30-6-22\/thumbs\/thumbs_IMG_1659.jpeg\"\n               data-image-id=\"29505\"\n               data-title=\"IMG_1659\"\n               data-description=\"Sicht von  Bielen  Bergstation 1111m; Titlis 3238m, Klein Titlis 3062m, Tr\u00fcebsee 1796m\"\n               data-image-slug=\"img_1659-2\"\n               class=\"shutterset_2466ec9c9aeb152c15395b02ba216cde\">\n                <img\n                    title=\"IMG_1659\"\n                    alt=\"IMG_1659\"\n                    src=\"http:\/\/www.freimarianne.ch\/wp-content\/gallery\/bielen-iph-30-6-22\/cache\/IMG_1659.jpeg-nggid0529505-ngg0dyn-100x75x100-00f0w010c010r110f110r010t010.jpeg\"\n                    width=\"100\"\n                    height=\"56\"\n                    style=\"max-width:100%;\"\n                \/>\n            <\/a>\n        <\/div>\n\t\t\t\t\t\t\t<\/div> \n\t\t\t\n                            \n\t\t\t\t<div id=\"ngg-image-7\" class=\"ngg-gallery-thumbnail-box\" >\n\t\t\t\t        <div class=\"ngg-gallery-thumbnail\">\n            <a href=\"http:\/\/www.freimarianne.ch\/wp-content\/gallery\/bielen-iph-30-6-22\/IMG_1657.jpeg\"\n               title=\"Sicht von  Bielen  Bergstation 1111m;\"\n               data-src=\"http:\/\/www.freimarianne.ch\/wp-content\/gallery\/bielen-iph-30-6-22\/IMG_1657.jpeg\"\n               data-thumbnail=\"http:\/\/www.freimarianne.ch\/wp-content\/gallery\/bielen-iph-30-6-22\/thumbs\/thumbs_IMG_1657.jpeg\"\n               data-image-id=\"29504\"\n               data-title=\"IMG_1657\"\n               data-description=\"Sicht von  Bielen  Bergstation 1111m;\"\n               data-image-slug=\"img_1657-1\"\n               class=\"shutterset_2466ec9c9aeb152c15395b02ba216cde\">\n                <img\n                    title=\"IMG_1657\"\n                    alt=\"IMG_1657\"\n                    src=\"http:\/\/www.freimarianne.ch\/wp-content\/gallery\/bielen-iph-30-6-22\/cache\/IMG_1657.jpeg-nggid0529504-ngg0dyn-100x75x100-00f0w010c010r110f110r010t010.jpeg\"\n                    width=\"100\"\n                    height=\"56\"\n                    style=\"max-width:100%;\"\n                \/>\n            <\/a>\n        <\/div>\n\t\t\t\t\t\t\t<\/div> \n\t\t\t\n                                    <br style=\"clear: both\" \/>\n                    \n\t\t\t\t<div id=\"ngg-image-8\" class=\"ngg-gallery-thumbnail-box\" >\n\t\t\t\t        <div class=\"ngg-gallery-thumbnail\">\n            <a href=\"http:\/\/www.freimarianne.ch\/wp-content\/gallery\/bielen-iph-30-6-22\/IMG_1656.jpeg\"\n               title=\"Sicht von  Bielen  Bergstation 1111m; mi vo Wellenberg 1212m\"\n               data-src=\"http:\/\/www.freimarianne.ch\/wp-content\/gallery\/bielen-iph-30-6-22\/IMG_1656.jpeg\"\n               data-thumbnail=\"http:\/\/www.freimarianne.ch\/wp-content\/gallery\/bielen-iph-30-6-22\/thumbs\/thumbs_IMG_1656.jpeg\"\n               data-image-id=\"29502\"\n               data-title=\"IMG_1656\"\n               data-description=\"Sicht von  Bielen  Bergstation 1111m; mi vo Wellenberg 1212m\"\n               data-image-slug=\"img_1656-4\"\n               class=\"shutterset_2466ec9c9aeb152c15395b02ba216cde\">\n                <img\n                    title=\"IMG_1656\"\n                    alt=\"IMG_1656\"\n                    src=\"http:\/\/www.freimarianne.ch\/wp-content\/gallery\/bielen-iph-30-6-22\/cache\/IMG_1656.jpeg-nggid0529502-ngg0dyn-100x75x100-00f0w010c010r110f110r010t010.jpeg\"\n                    width=\"100\"\n                    height=\"56\"\n                    style=\"max-width:100%;\"\n                \/>\n            <\/a>\n        <\/div>\n\t\t\t\t\t\t\t<\/div> \n\t\t\t\n                            \n\t\t\n\t\t<!-- Pagination -->\n\t<div class='ngg-clear'><\/div>\t<\/div>\n\n","protected":false},"excerpt":{"rendered":"<p>Wanderung von Bielen nach Wolfenschiessen Heute m\u00f6chte ich die linke Talseite des Engelbergertals kennenlernen. Ich steige in Grafenort aus und wandere hin\u00fcber zurTalstation Geissmattlies nach Bielen. Bielen 1111m liegt sehr sch\u00f6n auf einer Terrass \u00fcber dem Tal. Ich nehme den Wanderweg durch den Wald hin\u00fcber zur Bergstation Diegisbalm 1004m. Dieser Weg verl\u00e4uft im steilen Bergwald [&hellip;]<\/p>\n","protected":false},"author":1,"featured_media":0,"parent":59592,"menu_order":9,"comment_status":"closed","ping_status":"closed","template":"","meta":{"ngg_post_thumbnail":0},"_links":{"self":[{"href":"http:\/\/www.freimarianne.ch\/index.php?rest_route=\/wp\/v2\/pages\/60117"}],"collection":[{"href":"http:\/\/www.freimarianne.ch\/index.php?rest_route=\/wp\/v2\/pages"}],"about":[{"href":"http:\/\/www.freimarianne.ch\/index.php?rest_route=\/wp\/v2\/types\/page"}],"author":[{"embeddable":true,"href":"http:\/\/www.freimarianne.ch\/index.php?rest_route=\/wp\/v2\/users\/1"}],"replies":[{"embeddable":true,"href":"http:\/\/www.freimarianne.ch\/index.php?rest_route=%2Fwp%2Fv2%2Fcomments&post=60117"}],"version-history":[{"count":5,"href":"http:\/\/www.freimarianne.ch\/index.php?rest_route=\/wp\/v2\/pages\/60117\/revisions"}],"predecessor-version":[{"id":60317,"href":"http:\/\/www.freimarianne.ch\/index.php?rest_route=\/wp\/v2\/pages\/60117\/revisions\/60317"}],"up":[{"embeddable":true,"href":"http:\/\/www.freimarianne.ch\/index.php?rest_route=\/wp\/v2\/pages\/59592"}],"wp:attachment":[{"href":"http:\/\/www.freimarianne.ch\/index.php?rest_route=%2Fwp%2Fv2%2Fmedia&parent=60117"}],"curies":[{"name":"wp","href":"https:\/\/api.w.org\/{rel}","templated":true}]}}