{"id":61074,"date":"2022-10-11T14:21:45","date_gmt":"2022-10-11T13:21:45","guid":{"rendered":"http:\/\/www.freimarianne.ch\/?page_id=61074"},"modified":"2022-10-11T14:47:47","modified_gmt":"2022-10-11T13:47:47","slug":"furstein-lu-ow-5-10-2022","status":"publish","type":"page","link":"http:\/\/www.freimarianne.ch\/?page_id=61074","title":{"rendered":"F\u00fcrstein LU\/OW  5.10.2022"},"content":{"rendered":"<div id=\"attachment_61070\" style=\"width: 510px\" class=\"wp-caption alignleft\"><img aria-describedby=\"caption-attachment-61070\" loading=\"lazy\" class=\"size-full wp-image-61070\" src=\"http:\/\/www.freimarianne.ch\/wp-content\/uploads\/2022\/10\/IMG_3198_fu\u0308rstei_10.22_500.jpeg\" alt=\"\" width=\"500\" height=\"375\" srcset=\"http:\/\/www.freimarianne.ch\/wp-content\/uploads\/2022\/10\/IMG_3198_fu\u0308rstei_10.22_500.jpeg 500w, http:\/\/www.freimarianne.ch\/wp-content\/uploads\/2022\/10\/IMG_3198_fu\u0308rstei_10.22_500-300x225.jpeg 300w, http:\/\/www.freimarianne.ch\/wp-content\/uploads\/2022\/10\/IMG_3198_fu\u0308rstei_10.22_500-400x300.jpeg 400w\" sizes=\"(max-width: 500px) 100vw, 500px\" \/><p id=\"caption-attachment-61070\" class=\"wp-caption-text\">auf dem Weg zum F\u00fcrstein<\/p><\/div>\n<p>Ich fahre heute auf den Glaubenbergpass 1543m, wo ich schon um 9h meine Wanderung auf den F\u00fcrstein beginnen kann. Der Pfad f\u00fchrt teils durch den Wald und offenes gelb gef\u00e4rbtes Gebiet. Bald wird es richtig steil und anstrengend. Es geht dann noch eine Weile \u00fcber den Grat, bis ich das Gipfelkreuz des Rickhubels 1943m erreiche. Hier brauche ich eine Pause. Vom Rickhubel habe ich eine pr\u00e4chtige Sicht auf die beiden Gipfel der F\u00fcrsteine und die dahinf\u00fchrende Hochebene. Noch scheint mein Ziel sehr weit weg zu sein. Aber ich bew\u00e4ltige diese Strecke mit wenig Steigung ziemlich schnell und befinde mich bald unterhalb des F\u00fcrsteins.<br>\nNun wird der Pfad richtig steil und ich bin froh als ich endlich oben auf dem Gipfel 2040m ankomme, wo ich nicht alleine bin.<br>\nDas Panorama von hier oben wie auch schon vom Rickhubel ist grossartig ! Rund um mich herum sehe ich die einsame herbstliche Landschaf! Nach dem Mittagshalt mache ich mich an den Abstieg durch das Gebiet Ober Sewen. Ich brauche ein Stunde bis ich am Seewenseeli 1689m bin. Ich umrunde den See auf einem nicht in der Karte eingezeichneten Pfad und steige dann hinauf zur Sewenschwand. einer Art von Pass. Nun geht es leider auf einer Teerstrasse hinunter \u00fcber Schnabel auf den Glaubenberg, wo ich gegen 14h ankomme. Es kommt gerade das Postauto nach Langis. Kurzentschlossen steige ich ein und fahre nach Langis, wo ich im Restaurant einkehre um den Bus um 14.56h nach Sarnen abzuwarten. So komme ich doch noch zu einer wohlverdienten Pause!<\/p>\n<p>Dies war eine sehr sch\u00f6ne aber f\u00fcr mich anstrengende Wanderung. Die Herbstlandschaft war wundersch\u00f6n.<\/p>\n<p>Laut Schweizmobil:<\/p>\n<p>Distanz: 9.19km; Aufstieg= Abstieg: 647m; Wanderzeit: 3h 26 min<\/p>\n<p><a href=\"https:\/\/map.schweizmobil.ch\/?lang=de&amp;bgLayer=pk&amp;logo=yes&amp;season=summer&amp;resolution=3.39&amp;E=2649507&amp;N=1193450&amp;photos=yes&amp;detours=yes&amp;trackId=488683494\">Karte Schweizmobil:<\/a><\/p>\n\n\n<!-- index.php -->\n<div\n\tclass=\"ngg-galleryoverview ngg-ajax-pagination-none\"\n\tid=\"ngg-gallery-768770c50cdbeedb9090457415c023d4-1\">\n\n    \t<div class=\"slideshowlink\">\n        <a href='http:\/\/www.freimarianne.ch\/index.php\/nggallery\/slideshow?page_id=61074'>[Show as slideshow]<\/a>\n\t\t\n\t<\/div>\n\t\t\t<!-- Thumbnails -->\n\t\t\t\t<div id=\"ngg-image-0\" class=\"ngg-gallery-thumbnail-box\" >\n\t\t\t\t        <div class=\"ngg-gallery-thumbnail\">\n            <a href=\"http:\/\/www.freimarianne.ch\/wp-content\/gallery\/furstein-iph-5-10-22\/IMG_3182.jpeg\"\n               title=\"beim Aufstieg zum Rickhubel\"\n               data-src=\"http:\/\/www.freimarianne.ch\/wp-content\/gallery\/furstein-iph-5-10-22\/IMG_3182.jpeg\"\n               data-thumbnail=\"http:\/\/www.freimarianne.ch\/wp-content\/gallery\/furstein-iph-5-10-22\/thumbs\/thumbs_IMG_3182.jpeg\"\n               data-image-id=\"30243\"\n               data-title=\"IMG_3182\"\n               data-description=\"beim Aufstieg zum Rickhubel\"\n               data-image-slug=\"img_3182-3\"\n               class=\"shutterset_768770c50cdbeedb9090457415c023d4\">\n                <img\n                    title=\"IMG_3182\"\n                    alt=\"IMG_3182\"\n                    src=\"http:\/\/www.freimarianne.ch\/wp-content\/gallery\/furstein-iph-5-10-22\/cache\/IMG_3182.jpeg-nggid0530243-ngg0dyn-100x75x100-00f0w010c010r110f110r010t010.jpeg\"\n                    width=\"100\"\n                    height=\"75\"\n                    style=\"max-width:100%;\"\n                \/>\n            <\/a>\n        <\/div>\n\t\t\t\t\t\t\t<\/div> \n\t\t\t\n                            \n\t\t\t\t<div id=\"ngg-image-1\" class=\"ngg-gallery-thumbnail-box\" >\n\t\t\t\t        <div class=\"ngg-gallery-thumbnail\">\n            <a href=\"http:\/\/www.freimarianne.ch\/wp-content\/gallery\/furstein-iph-5-10-22\/IMG_3236.jpeg\"\n               title=\"beim Aufstieg zum Rickhubel; re Gipfel des Pilatus\"\n               data-src=\"http:\/\/www.freimarianne.ch\/wp-content\/gallery\/furstein-iph-5-10-22\/IMG_3236.jpeg\"\n               data-thumbnail=\"http:\/\/www.freimarianne.ch\/wp-content\/gallery\/furstein-iph-5-10-22\/thumbs\/thumbs_IMG_3236.jpeg\"\n               data-image-id=\"30242\"\n               data-title=\"IMG_3236\"\n               data-description=\"beim Aufstieg zum Rickhubel; re Gipfel des Pilatus\"\n               data-image-slug=\"img_3236-2\"\n               class=\"shutterset_768770c50cdbeedb9090457415c023d4\">\n                <img\n                    title=\"IMG_3236\"\n                    alt=\"IMG_3236\"\n                    src=\"http:\/\/www.freimarianne.ch\/wp-content\/gallery\/furstein-iph-5-10-22\/cache\/IMG_3236.jpeg-nggid0530242-ngg0dyn-100x75x100-00f0w010c010r110f110r010t010.jpeg\"\n                    width=\"100\"\n                    height=\"56\"\n                    style=\"max-width:100%;\"\n                \/>\n            <\/a>\n        <\/div>\n\t\t\t\t\t\t\t<\/div> \n\t\t\t\n                            \n\t\t\t\t<div id=\"ngg-image-2\" class=\"ngg-gallery-thumbnail-box\" >\n\t\t\t\t        <div class=\"ngg-gallery-thumbnail\">\n            <a href=\"http:\/\/www.freimarianne.ch\/wp-content\/gallery\/furstein-iph-5-10-22\/IMG_3183.jpeg\"\n               title=\"beim Aufstieg zum Rickhubel; hi chimbrig 1815m, St\u00e4feliflue 1922m, Mittagsg\u00fcpfi 1916m, Rot Dossen 1717m, Tomlishorn 2128m, Matthorn 2041m\"\n               data-src=\"http:\/\/www.freimarianne.ch\/wp-content\/gallery\/furstein-iph-5-10-22\/IMG_3183.jpeg\"\n               data-thumbnail=\"http:\/\/www.freimarianne.ch\/wp-content\/gallery\/furstein-iph-5-10-22\/thumbs\/thumbs_IMG_3183.jpeg\"\n               data-image-id=\"30240\"\n               data-title=\"IMG_3183\"\n               data-description=\"beim Aufstieg zum Rickhubel; hi chimbrig 1815m, St\u00e4feliflue 1922m, Mittagsg\u00fcpfi 1916m, Rot Dossen 1717m, Tomlishorn 2128m, Matthorn 2041m\"\n               data-image-slug=\"img_3183-4\"\n               class=\"shutterset_768770c50cdbeedb9090457415c023d4\">\n                <img\n                    title=\"IMG_3183\"\n                    alt=\"IMG_3183\"\n                    src=\"http:\/\/www.freimarianne.ch\/wp-content\/gallery\/furstein-iph-5-10-22\/cache\/IMG_3183.jpeg-nggid0530240-ngg0dyn-100x75x100-00f0w010c010r110f110r010t010.jpeg\"\n                    width=\"100\"\n                    height=\"75\"\n                    style=\"max-width:100%;\"\n                \/>\n            <\/a>\n        <\/div>\n\t\t\t\t\t\t\t<\/div> \n\t\t\t\n                            \n\t\t\t\t<div id=\"ngg-image-3\" class=\"ngg-gallery-thumbnail-box\" >\n\t\t\t\t        <div class=\"ngg-gallery-thumbnail\">\n            <a href=\"http:\/\/www.freimarianne.ch\/wp-content\/gallery\/furstein-iph-5-10-22\/IMG_3233.jpeg\"\n               title=\"\"\n               data-src=\"http:\/\/www.freimarianne.ch\/wp-content\/gallery\/furstein-iph-5-10-22\/IMG_3233.jpeg\"\n               data-thumbnail=\"http:\/\/www.freimarianne.ch\/wp-content\/gallery\/furstein-iph-5-10-22\/thumbs\/thumbs_IMG_3233.jpeg\"\n               data-image-id=\"30241\"\n               data-title=\"IMG_3233\"\n               data-description=\"\"\n               data-image-slug=\"img_3233-1\"\n               class=\"shutterset_768770c50cdbeedb9090457415c023d4\">\n                <img\n                    title=\"IMG_3233\"\n                    alt=\"IMG_3233\"\n                    src=\"http:\/\/www.freimarianne.ch\/wp-content\/gallery\/furstein-iph-5-10-22\/cache\/IMG_3233.jpeg-nggid0530241-ngg0dyn-100x75x100-00f0w010c010r110f110r010t010.jpeg\"\n                    width=\"100\"\n                    height=\"56\"\n                    style=\"max-width:100%;\"\n                \/>\n            <\/a>\n        <\/div>\n\t\t\t\t\t\t\t<\/div> \n\t\t\t\n                                    <br style=\"clear: both\" \/>\n                    \n\t\t\t\t<div id=\"ngg-image-4\" class=\"ngg-gallery-thumbnail-box\" >\n\t\t\t\t        <div class=\"ngg-gallery-thumbnail\">\n            <a href=\"http:\/\/www.freimarianne.ch\/wp-content\/gallery\/furstein-iph-5-10-22\/IMG_3231.jpeg\"\n               title=\"\"\n               data-src=\"http:\/\/www.freimarianne.ch\/wp-content\/gallery\/furstein-iph-5-10-22\/IMG_3231.jpeg\"\n               data-thumbnail=\"http:\/\/www.freimarianne.ch\/wp-content\/gallery\/furstein-iph-5-10-22\/thumbs\/thumbs_IMG_3231.jpeg\"\n               data-image-id=\"30239\"\n               data-title=\"IMG_3231\"\n               data-description=\"\"\n               data-image-slug=\"img_3231-2\"\n               class=\"shutterset_768770c50cdbeedb9090457415c023d4\">\n                <img\n                    title=\"IMG_3231\"\n                    alt=\"IMG_3231\"\n                    src=\"http:\/\/www.freimarianne.ch\/wp-content\/gallery\/furstein-iph-5-10-22\/cache\/IMG_3231.jpeg-nggid0530239-ngg0dyn-100x75x100-00f0w010c010r110f110r010t010.jpeg\"\n                    width=\"100\"\n                    height=\"56\"\n                    style=\"max-width:100%;\"\n                \/>\n            <\/a>\n        <\/div>\n\t\t\t\t\t\t\t<\/div> \n\t\t\t\n                            \n\t\t\t\t<div id=\"ngg-image-5\" class=\"ngg-gallery-thumbnail-box\" >\n\t\t\t\t        <div class=\"ngg-gallery-thumbnail\">\n            <a href=\"http:\/\/www.freimarianne.ch\/wp-content\/gallery\/furstein-iph-5-10-22\/IMG_3186.jpeg\"\n               title=\"beim Aufstieg zum Rickhubel\"\n               data-src=\"http:\/\/www.freimarianne.ch\/wp-content\/gallery\/furstein-iph-5-10-22\/IMG_3186.jpeg\"\n               data-thumbnail=\"http:\/\/www.freimarianne.ch\/wp-content\/gallery\/furstein-iph-5-10-22\/thumbs\/thumbs_IMG_3186.jpeg\"\n               data-image-id=\"30238\"\n               data-title=\"IMG_3186\"\n               data-description=\"beim Aufstieg zum Rickhubel\"\n               data-image-slug=\"img_3186-3\"\n               class=\"shutterset_768770c50cdbeedb9090457415c023d4\">\n                <img\n                    title=\"IMG_3186\"\n                    alt=\"IMG_3186\"\n                    src=\"http:\/\/www.freimarianne.ch\/wp-content\/gallery\/furstein-iph-5-10-22\/cache\/IMG_3186.jpeg-nggid0530238-ngg0dyn-100x75x100-00f0w010c010r110f110r010t010.jpeg\"\n                    width=\"100\"\n                    height=\"75\"\n                    style=\"max-width:100%;\"\n                \/>\n            <\/a>\n        <\/div>\n\t\t\t\t\t\t\t<\/div> \n\t\t\t\n                            \n\t\t\t\t<div id=\"ngg-image-6\" class=\"ngg-gallery-thumbnail-box\" >\n\t\t\t\t        <div class=\"ngg-gallery-thumbnail\">\n            <a href=\"http:\/\/www.freimarianne.ch\/wp-content\/gallery\/furstein-iph-5-10-22\/IMG_3187.jpeg\"\n               title=\"Sicht auf den Chli F\u00fcrstein 1900m,\"\n               data-src=\"http:\/\/www.freimarianne.ch\/wp-content\/gallery\/furstein-iph-5-10-22\/IMG_3187.jpeg\"\n               data-thumbnail=\"http:\/\/www.freimarianne.ch\/wp-content\/gallery\/furstein-iph-5-10-22\/thumbs\/thumbs_IMG_3187.jpeg\"\n               data-image-id=\"30237\"\n               data-title=\"IMG_3187\"\n               data-description=\"Sicht auf den Chli F\u00fcrstein 1900m,\"\n               data-image-slug=\"img_3187-2\"\n               class=\"shutterset_768770c50cdbeedb9090457415c023d4\">\n                <img\n                    title=\"IMG_3187\"\n                    alt=\"IMG_3187\"\n                    src=\"http:\/\/www.freimarianne.ch\/wp-content\/gallery\/furstein-iph-5-10-22\/cache\/IMG_3187.jpeg-nggid0530237-ngg0dyn-100x75x100-00f0w010c010r110f110r010t010.jpeg\"\n                    width=\"100\"\n                    height=\"75\"\n                    style=\"max-width:100%;\"\n                \/>\n            <\/a>\n        <\/div>\n\t\t\t\t\t\t\t<\/div> \n\t\t\t\n                            \n\t\t\t\t<div id=\"ngg-image-7\" class=\"ngg-gallery-thumbnail-box\" >\n\t\t\t\t        <div class=\"ngg-gallery-thumbnail\">\n            <a href=\"http:\/\/www.freimarianne.ch\/wp-content\/gallery\/furstein-iph-5-10-22\/IMG_3227.jpeg\"\n               title=\"\"\n               data-src=\"http:\/\/www.freimarianne.ch\/wp-content\/gallery\/furstein-iph-5-10-22\/IMG_3227.jpeg\"\n               data-thumbnail=\"http:\/\/www.freimarianne.ch\/wp-content\/gallery\/furstein-iph-5-10-22\/thumbs\/thumbs_IMG_3227.jpeg\"\n               data-image-id=\"30236\"\n               data-title=\"IMG_3227\"\n               data-description=\"\"\n               data-image-slug=\"img_3227-1\"\n               class=\"shutterset_768770c50cdbeedb9090457415c023d4\">\n                <img\n                    title=\"IMG_3227\"\n                    alt=\"IMG_3227\"\n                    src=\"http:\/\/www.freimarianne.ch\/wp-content\/gallery\/furstein-iph-5-10-22\/cache\/IMG_3227.jpeg-nggid0530236-ngg0dyn-100x75x100-00f0w010c010r110f110r010t010.jpeg\"\n                    width=\"100\"\n                    height=\"56\"\n                    style=\"max-width:100%;\"\n                \/>\n            <\/a>\n        <\/div>\n\t\t\t\t\t\t\t<\/div> \n\t\t\t\n                                    <br style=\"clear: both\" \/>\n                    \n\t\t\t\t<div id=\"ngg-image-8\" class=\"ngg-gallery-thumbnail-box\" >\n\t\t\t\t        <div class=\"ngg-gallery-thumbnail\">\n            <a href=\"http:\/\/www.freimarianne.ch\/wp-content\/gallery\/furstein-iph-5-10-22\/IMG_3189.jpeg\"\n               title=\"pr\u00e4chtige Herbstlandschaft beim Rickhubel\"\n               data-src=\"http:\/\/www.freimarianne.ch\/wp-content\/gallery\/furstein-iph-5-10-22\/IMG_3189.jpeg\"\n               data-thumbnail=\"http:\/\/www.freimarianne.ch\/wp-content\/gallery\/furstein-iph-5-10-22\/thumbs\/thumbs_IMG_3189.jpeg\"\n               data-image-id=\"30235\"\n               data-title=\"IMG_3189\"\n               data-description=\"pr\u00e4chtige Herbstlandschaft beim Rickhubel\"\n               data-image-slug=\"img_3189-4\"\n               class=\"shutterset_768770c50cdbeedb9090457415c023d4\">\n                <img\n                    title=\"IMG_3189\"\n                    alt=\"IMG_3189\"\n                    src=\"http:\/\/www.freimarianne.ch\/wp-content\/gallery\/furstein-iph-5-10-22\/cache\/IMG_3189.jpeg-nggid0530235-ngg0dyn-100x75x100-00f0w010c010r110f110r010t010.jpeg\"\n                    width=\"100\"\n                    height=\"46\"\n                    style=\"max-width:100%;\"\n                \/>\n            <\/a>\n        <\/div>\n\t\t\t\t\t\t\t<\/div> \n\t\t\t\n                            \n\t\t\t\t<div id=\"ngg-image-9\" class=\"ngg-gallery-thumbnail-box\" >\n\t\t\t\t        <div class=\"ngg-gallery-thumbnail\">\n            <a href=\"http:\/\/www.freimarianne.ch\/wp-content\/gallery\/furstein-iph-5-10-22\/IMG_3226.jpeg\"\n               title=\"Panorama\"\n               data-src=\"http:\/\/www.freimarianne.ch\/wp-content\/gallery\/furstein-iph-5-10-22\/IMG_3226.jpeg\"\n               data-thumbnail=\"http:\/\/www.freimarianne.ch\/wp-content\/gallery\/furstein-iph-5-10-22\/thumbs\/thumbs_IMG_3226.jpeg\"\n               data-image-id=\"30234\"\n               data-title=\"IMG_3226\"\n               data-description=\"Panorama\"\n               data-image-slug=\"img_3226-3\"\n               class=\"shutterset_768770c50cdbeedb9090457415c023d4\">\n                <img\n                    title=\"IMG_3226\"\n                    alt=\"IMG_3226\"\n                    src=\"http:\/\/www.freimarianne.ch\/wp-content\/gallery\/furstein-iph-5-10-22\/cache\/IMG_3226.jpeg-nggid0530234-ngg0dyn-100x75x100-00f0w010c010r110f110r010t010.jpeg\"\n                    width=\"100\"\n                    height=\"56\"\n                    style=\"max-width:100%;\"\n                \/>\n            <\/a>\n        <\/div>\n\t\t\t\t\t\t\t<\/div> \n\t\t\t\n                            \n\t\t\t\t<div id=\"ngg-image-10\" class=\"ngg-gallery-thumbnail-box\" >\n\t\t\t\t        <div class=\"ngg-gallery-thumbnail\">\n            <a href=\"http:\/\/www.freimarianne.ch\/wp-content\/gallery\/furstein-iph-5-10-22\/IMG_3224.jpeg\"\n               title=\"Chli F\u00fcrstein 1900m, F\u00fcrstein  2040m\"\n               data-src=\"http:\/\/www.freimarianne.ch\/wp-content\/gallery\/furstein-iph-5-10-22\/IMG_3224.jpeg\"\n               data-thumbnail=\"http:\/\/www.freimarianne.ch\/wp-content\/gallery\/furstein-iph-5-10-22\/thumbs\/thumbs_IMG_3224.jpeg\"\n               data-image-id=\"30233\"\n               data-title=\"IMG_3224\"\n               data-description=\"Chli F\u00fcrstein 1900m, F\u00fcrstein  2040m\"\n               data-image-slug=\"img_3224\"\n               class=\"shutterset_768770c50cdbeedb9090457415c023d4\">\n                <img\n                    title=\"IMG_3224\"\n                    alt=\"IMG_3224\"\n                    src=\"http:\/\/www.freimarianne.ch\/wp-content\/gallery\/furstein-iph-5-10-22\/cache\/IMG_3224.jpeg-nggid0530233-ngg0dyn-100x75x100-00f0w010c010r110f110r010t010.jpeg\"\n                    width=\"100\"\n                    height=\"56\"\n                    style=\"max-width:100%;\"\n                \/>\n            <\/a>\n        <\/div>\n\t\t\t\t\t\t\t<\/div> \n\t\t\t\n                            \n\t\t\t\t<div id=\"ngg-image-11\" class=\"ngg-gallery-thumbnail-box\" >\n\t\t\t\t        <div class=\"ngg-gallery-thumbnail\">\n            <a href=\"http:\/\/www.freimarianne.ch\/wp-content\/gallery\/furstein-iph-5-10-22\/IMG_3190.jpeg\"\n               title=\"pr\u00e4chtige Sicht vom Rickhubel\"\n               data-src=\"http:\/\/www.freimarianne.ch\/wp-content\/gallery\/furstein-iph-5-10-22\/IMG_3190.jpeg\"\n               data-thumbnail=\"http:\/\/www.freimarianne.ch\/wp-content\/gallery\/furstein-iph-5-10-22\/thumbs\/thumbs_IMG_3190.jpeg\"\n               data-image-id=\"30232\"\n               data-title=\"IMG_3190\"\n               data-description=\"pr\u00e4chtige Sicht vom Rickhubel\"\n               data-image-slug=\"img_3190-1\"\n               class=\"shutterset_768770c50cdbeedb9090457415c023d4\">\n                <img\n                    title=\"IMG_3190\"\n                    alt=\"IMG_3190\"\n                    src=\"http:\/\/www.freimarianne.ch\/wp-content\/gallery\/furstein-iph-5-10-22\/cache\/IMG_3190.jpeg-nggid0530232-ngg0dyn-100x75x100-00f0w010c010r110f110r010t010.jpeg\"\n                    width=\"100\"\n                    height=\"75\"\n                    style=\"max-width:100%;\"\n                \/>\n            <\/a>\n        <\/div>\n\t\t\t\t\t\t\t<\/div> \n\t\t\t\n                                    <br style=\"clear: both\" \/>\n                    \n\t\t\t\t<div id=\"ngg-image-12\" class=\"ngg-gallery-thumbnail-box\" >\n\t\t\t\t        <div class=\"ngg-gallery-thumbnail\">\n            <a href=\"http:\/\/www.freimarianne.ch\/wp-content\/gallery\/furstein-iph-5-10-22\/IMG_3192.jpeg\"\n               title=\"pr\u00e4chtige Sicht vom Rickhubel mit re Chli F\u00fcrstein 1900m; hi Schrattenflue\"\n               data-src=\"http:\/\/www.freimarianne.ch\/wp-content\/gallery\/furstein-iph-5-10-22\/IMG_3192.jpeg\"\n               data-thumbnail=\"http:\/\/www.freimarianne.ch\/wp-content\/gallery\/furstein-iph-5-10-22\/thumbs\/thumbs_IMG_3192.jpeg\"\n               data-image-id=\"30230\"\n               data-title=\"IMG_3192\"\n               data-description=\"pr\u00e4chtige Sicht vom Rickhubel mit re Chli F\u00fcrstein 1900m; hi Schrattenflue\"\n               data-image-slug=\"img_3192-3\"\n               class=\"shutterset_768770c50cdbeedb9090457415c023d4\">\n                <img\n                    title=\"IMG_3192\"\n                    alt=\"IMG_3192\"\n                    src=\"http:\/\/www.freimarianne.ch\/wp-content\/gallery\/furstein-iph-5-10-22\/cache\/IMG_3192.jpeg-nggid0530230-ngg0dyn-100x75x100-00f0w010c010r110f110r010t010.jpeg\"\n                    width=\"100\"\n                    height=\"75\"\n                    style=\"max-width:100%;\"\n                \/>\n            <\/a>\n        <\/div>\n\t\t\t\t\t\t\t<\/div> \n\t\t\t\n                            \n\t\t\t\t<div id=\"ngg-image-13\" class=\"ngg-gallery-thumbnail-box\" >\n\t\t\t\t        <div class=\"ngg-gallery-thumbnail\">\n            <a href=\"http:\/\/www.freimarianne.ch\/wp-content\/gallery\/furstein-iph-5-10-22\/IMG_3193.jpeg\"\n               title=\"Chli F\u00fcrstein 1900m, F\u00fcrstein  2040m\"\n               data-src=\"http:\/\/www.freimarianne.ch\/wp-content\/gallery\/furstein-iph-5-10-22\/IMG_3193.jpeg\"\n               data-thumbnail=\"http:\/\/www.freimarianne.ch\/wp-content\/gallery\/furstein-iph-5-10-22\/thumbs\/thumbs_IMG_3193.jpeg\"\n               data-image-id=\"30231\"\n               data-title=\"IMG_3193\"\n               data-description=\"Chli F\u00fcrstein 1900m, F\u00fcrstein  2040m\"\n               data-image-slug=\"img_3193-2\"\n               class=\"shutterset_768770c50cdbeedb9090457415c023d4\">\n                <img\n                    title=\"IMG_3193\"\n                    alt=\"IMG_3193\"\n                    src=\"http:\/\/www.freimarianne.ch\/wp-content\/gallery\/furstein-iph-5-10-22\/cache\/IMG_3193.jpeg-nggid0530231-ngg0dyn-100x75x100-00f0w010c010r110f110r010t010.jpeg\"\n                    width=\"100\"\n                    height=\"75\"\n                    style=\"max-width:100%;\"\n                \/>\n            <\/a>\n        <\/div>\n\t\t\t\t\t\t\t<\/div> \n\t\t\t\n                            \n\t\t\t\t<div id=\"ngg-image-14\" class=\"ngg-gallery-thumbnail-box\" >\n\t\t\t\t        <div class=\"ngg-gallery-thumbnail\">\n            <a href=\"http:\/\/www.freimarianne.ch\/wp-content\/gallery\/furstein-iph-5-10-22\/IMG_3194.jpeg\"\n               title=\"auf dem Weg zum F\u00fcrstein\"\n               data-src=\"http:\/\/www.freimarianne.ch\/wp-content\/gallery\/furstein-iph-5-10-22\/IMG_3194.jpeg\"\n               data-thumbnail=\"http:\/\/www.freimarianne.ch\/wp-content\/gallery\/furstein-iph-5-10-22\/thumbs\/thumbs_IMG_3194.jpeg\"\n               data-image-id=\"30229\"\n               data-title=\"IMG_3194\"\n               data-description=\"auf dem Weg zum F\u00fcrstein\"\n               data-image-slug=\"img_3194-3\"\n               class=\"shutterset_768770c50cdbeedb9090457415c023d4\">\n                <img\n                    title=\"IMG_3194\"\n                    alt=\"IMG_3194\"\n                    src=\"http:\/\/www.freimarianne.ch\/wp-content\/gallery\/furstein-iph-5-10-22\/cache\/IMG_3194.jpeg-nggid0530229-ngg0dyn-100x75x100-00f0w010c010r110f110r010t010.jpeg\"\n                    width=\"100\"\n                    height=\"75\"\n                    style=\"max-width:100%;\"\n                \/>\n            <\/a>\n        <\/div>\n\t\t\t\t\t\t\t<\/div> \n\t\t\t\n                            \n\t\t\t\t<div id=\"ngg-image-15\" class=\"ngg-gallery-thumbnail-box\" >\n\t\t\t\t        <div class=\"ngg-gallery-thumbnail\">\n            <a href=\"http:\/\/www.freimarianne.ch\/wp-content\/gallery\/furstein-iph-5-10-22\/IMG_3197.jpeg\"\n               title=\"auf dem Weg zum F\u00fcrstein\"\n               data-src=\"http:\/\/www.freimarianne.ch\/wp-content\/gallery\/furstein-iph-5-10-22\/IMG_3197.jpeg\"\n               data-thumbnail=\"http:\/\/www.freimarianne.ch\/wp-content\/gallery\/furstein-iph-5-10-22\/thumbs\/thumbs_IMG_3197.jpeg\"\n               data-image-id=\"30228\"\n               data-title=\"IMG_3197\"\n               data-description=\"auf dem Weg zum F\u00fcrstein\"\n               data-image-slug=\"img_3197-4\"\n               class=\"shutterset_768770c50cdbeedb9090457415c023d4\">\n                <img\n                    title=\"IMG_3197\"\n                    alt=\"IMG_3197\"\n                    src=\"http:\/\/www.freimarianne.ch\/wp-content\/gallery\/furstein-iph-5-10-22\/cache\/IMG_3197.jpeg-nggid0530228-ngg0dyn-100x75x100-00f0w010c010r110f110r010t010.jpeg\"\n                    width=\"100\"\n                    height=\"75\"\n                    style=\"max-width:100%;\"\n                \/>\n            <\/a>\n        <\/div>\n\t\t\t\t\t\t\t<\/div> \n\t\t\t\n                                    <br style=\"clear: both\" \/>\n                    \n\t\t\t\t<div id=\"ngg-image-16\" class=\"ngg-gallery-thumbnail-box\" >\n\t\t\t\t        <div class=\"ngg-gallery-thumbnail\">\n            <a href=\"http:\/\/www.freimarianne.ch\/wp-content\/gallery\/furstein-iph-5-10-22\/IMG_3222.jpeg\"\n               title=\"\"\n               data-src=\"http:\/\/www.freimarianne.ch\/wp-content\/gallery\/furstein-iph-5-10-22\/IMG_3222.jpeg\"\n               data-thumbnail=\"http:\/\/www.freimarianne.ch\/wp-content\/gallery\/furstein-iph-5-10-22\/thumbs\/thumbs_IMG_3222.jpeg\"\n               data-image-id=\"30227\"\n               data-title=\"IMG_3222\"\n               data-description=\"\"\n               data-image-slug=\"img_3222-1\"\n               class=\"shutterset_768770c50cdbeedb9090457415c023d4\">\n                <img\n                    title=\"IMG_3222\"\n                    alt=\"IMG_3222\"\n                    src=\"http:\/\/www.freimarianne.ch\/wp-content\/gallery\/furstein-iph-5-10-22\/cache\/IMG_3222.jpeg-nggid0530227-ngg0dyn-100x75x100-00f0w010c010r110f110r010t010.jpeg\"\n                    width=\"100\"\n                    height=\"56\"\n                    style=\"max-width:100%;\"\n                \/>\n            <\/a>\n        <\/div>\n\t\t\t\t\t\t\t<\/div> \n\t\t\t\n                            \n\t\t\t\t<div id=\"ngg-image-17\" class=\"ngg-gallery-thumbnail-box\" >\n\t\t\t\t        <div class=\"ngg-gallery-thumbnail\">\n            <a href=\"http:\/\/www.freimarianne.ch\/wp-content\/gallery\/furstein-iph-5-10-22\/IMG_3221.jpeg\"\n               title=\"Sicht vom F\u00fcrstein 2040m;\"\n               data-src=\"http:\/\/www.freimarianne.ch\/wp-content\/gallery\/furstein-iph-5-10-22\/IMG_3221.jpeg\"\n               data-thumbnail=\"http:\/\/www.freimarianne.ch\/wp-content\/gallery\/furstein-iph-5-10-22\/thumbs\/thumbs_IMG_3221.jpeg\"\n               data-image-id=\"30226\"\n               data-title=\"IMG_3221\"\n               data-description=\"Sicht vom F\u00fcrstein 2040m;\"\n               data-image-slug=\"img_3221-5\"\n               class=\"shutterset_768770c50cdbeedb9090457415c023d4\">\n                <img\n                    title=\"IMG_3221\"\n                    alt=\"IMG_3221\"\n                    src=\"http:\/\/www.freimarianne.ch\/wp-content\/gallery\/furstein-iph-5-10-22\/cache\/IMG_3221.jpeg-nggid0530226-ngg0dyn-100x75x100-00f0w010c010r110f110r010t010.jpeg\"\n                    width=\"100\"\n                    height=\"56\"\n                    style=\"max-width:100%;\"\n                \/>\n            <\/a>\n        <\/div>\n\t\t\t\t\t\t\t<\/div> \n\t\t\t\n                            \n\t\t\t\t<div id=\"ngg-image-18\" class=\"ngg-gallery-thumbnail-box\" >\n\t\t\t\t        <div class=\"ngg-gallery-thumbnail\">\n            <a href=\"http:\/\/www.freimarianne.ch\/wp-content\/gallery\/furstein-iph-5-10-22\/IMG_3204.jpeg\"\n               title=\"Sicht  vom F\u00fcrstein 2040m;  re Gronflue 1945m\"\n               data-src=\"http:\/\/www.freimarianne.ch\/wp-content\/gallery\/furstein-iph-5-10-22\/IMG_3204.jpeg\"\n               data-thumbnail=\"http:\/\/www.freimarianne.ch\/wp-content\/gallery\/furstein-iph-5-10-22\/thumbs\/thumbs_IMG_3204.jpeg\"\n               data-image-id=\"30224\"\n               data-title=\"IMG_3204\"\n               data-description=\"Sicht  vom F\u00fcrstein 2040m;  re Gronflue 1945m\"\n               data-image-slug=\"img_3204-3\"\n               class=\"shutterset_768770c50cdbeedb9090457415c023d4\">\n                <img\n                    title=\"IMG_3204\"\n                    alt=\"IMG_3204\"\n                    src=\"http:\/\/www.freimarianne.ch\/wp-content\/gallery\/furstein-iph-5-10-22\/cache\/IMG_3204.jpeg-nggid0530224-ngg0dyn-100x75x100-00f0w010c010r110f110r010t010.jpeg\"\n                    width=\"100\"\n                    height=\"75\"\n                    style=\"max-width:100%;\"\n                \/>\n            <\/a>\n        <\/div>\n\t\t\t\t\t\t\t<\/div> \n\t\t\t\n                            \n\t\t\t\t<div id=\"ngg-image-19\" class=\"ngg-gallery-thumbnail-box\" >\n\t\t\t\t        <div class=\"ngg-gallery-thumbnail\">\n            <a href=\"http:\/\/www.freimarianne.ch\/wp-content\/gallery\/furstein-iph-5-10-22\/IMG_3206.jpeg\"\n               title=\"Sicht  vom F\u00fcrstein 2040m;\"\n               data-src=\"http:\/\/www.freimarianne.ch\/wp-content\/gallery\/furstein-iph-5-10-22\/IMG_3206.jpeg\"\n               data-thumbnail=\"http:\/\/www.freimarianne.ch\/wp-content\/gallery\/furstein-iph-5-10-22\/thumbs\/thumbs_IMG_3206.jpeg\"\n               data-image-id=\"30225\"\n               data-title=\"IMG_3206\"\n               data-description=\"Sicht  vom F\u00fcrstein 2040m;\"\n               data-image-slug=\"img_3206-2\"\n               class=\"shutterset_768770c50cdbeedb9090457415c023d4\">\n                <img\n                    title=\"IMG_3206\"\n                    alt=\"IMG_3206\"\n                    src=\"http:\/\/www.freimarianne.ch\/wp-content\/gallery\/furstein-iph-5-10-22\/cache\/IMG_3206.jpeg-nggid0530225-ngg0dyn-100x75x100-00f0w010c010r110f110r010t010.jpeg\"\n                    width=\"100\"\n                    height=\"75\"\n                    style=\"max-width:100%;\"\n                \/>\n            <\/a>\n        <\/div>\n\t\t\t\t\t\t\t<\/div> \n\t\t\t\n                                    <br style=\"clear: both\" \/>\n                    \n\t\t\t\t<div id=\"ngg-image-20\" class=\"ngg-gallery-thumbnail-box\" >\n\t\t\t\t        <div class=\"ngg-gallery-thumbnail\">\n            <a href=\"http:\/\/www.freimarianne.ch\/wp-content\/gallery\/furstein-iph-5-10-22\/IMG_3207.jpeg\"\n               title=\"Sicht  vom F\u00fcrstein 2040mauf das Seewenseeli  und re Miesenstock\"\n               data-src=\"http:\/\/www.freimarianne.ch\/wp-content\/gallery\/furstein-iph-5-10-22\/IMG_3207.jpeg\"\n               data-thumbnail=\"http:\/\/www.freimarianne.ch\/wp-content\/gallery\/furstein-iph-5-10-22\/thumbs\/thumbs_IMG_3207.jpeg\"\n               data-image-id=\"30223\"\n               data-title=\"IMG_3207\"\n               data-description=\"Sicht  vom F\u00fcrstein 2040mauf das Seewenseeli  und re Miesenstock\"\n               data-image-slug=\"img_3207\"\n               class=\"shutterset_768770c50cdbeedb9090457415c023d4\">\n                <img\n                    title=\"IMG_3207\"\n                    alt=\"IMG_3207\"\n                    src=\"http:\/\/www.freimarianne.ch\/wp-content\/gallery\/furstein-iph-5-10-22\/cache\/IMG_3207.jpeg-nggid0530223-ngg0dyn-100x75x100-00f0w010c010r110f110r010t010.jpeg\"\n                    width=\"100\"\n                    height=\"75\"\n                    style=\"max-width:100%;\"\n                \/>\n            <\/a>\n        <\/div>\n\t\t\t\t\t\t\t<\/div> \n\t\t\t\n                            \n\t\t\t\t<div id=\"ngg-image-21\" class=\"ngg-gallery-thumbnail-box\" >\n\t\t\t\t        <div class=\"ngg-gallery-thumbnail\">\n            <a href=\"http:\/\/www.freimarianne.ch\/wp-content\/gallery\/furstein-iph-5-10-22\/IMG_3209.jpeg\"\n               title=\"auf  dem Abstieg vom F\u00fcrstein\"\n               data-src=\"http:\/\/www.freimarianne.ch\/wp-content\/gallery\/furstein-iph-5-10-22\/IMG_3209.jpeg\"\n               data-thumbnail=\"http:\/\/www.freimarianne.ch\/wp-content\/gallery\/furstein-iph-5-10-22\/thumbs\/thumbs_IMG_3209.jpeg\"\n               data-image-id=\"30220\"\n               data-title=\"IMG_3209\"\n               data-description=\"auf  dem Abstieg vom F\u00fcrstein\"\n               data-image-slug=\"img_3209-4\"\n               class=\"shutterset_768770c50cdbeedb9090457415c023d4\">\n                <img\n                    title=\"IMG_3209\"\n                    alt=\"IMG_3209\"\n                    src=\"http:\/\/www.freimarianne.ch\/wp-content\/gallery\/furstein-iph-5-10-22\/cache\/IMG_3209.jpeg-nggid0530220-ngg0dyn-100x75x100-00f0w010c010r110f110r010t010.jpeg\"\n                    width=\"100\"\n                    height=\"75\"\n                    style=\"max-width:100%;\"\n                \/>\n            <\/a>\n        <\/div>\n\t\t\t\t\t\t\t<\/div> \n\t\t\t\n                            \n\t\t\t\t<div id=\"ngg-image-22\" class=\"ngg-gallery-thumbnail-box\" >\n\t\t\t\t        <div class=\"ngg-gallery-thumbnail\">\n            <a href=\"http:\/\/www.freimarianne.ch\/wp-content\/gallery\/furstein-iph-5-10-22\/IMG_3220.jpeg\"\n               title=\"\"\n               data-src=\"http:\/\/www.freimarianne.ch\/wp-content\/gallery\/furstein-iph-5-10-22\/IMG_3220.jpeg\"\n               data-thumbnail=\"http:\/\/www.freimarianne.ch\/wp-content\/gallery\/furstein-iph-5-10-22\/thumbs\/thumbs_IMG_3220.jpeg\"\n               data-image-id=\"30217\"\n               data-title=\"IMG_3220\"\n               data-description=\"\"\n               data-image-slug=\"img_3220-5\"\n               class=\"shutterset_768770c50cdbeedb9090457415c023d4\">\n                <img\n                    title=\"IMG_3220\"\n                    alt=\"IMG_3220\"\n                    src=\"http:\/\/www.freimarianne.ch\/wp-content\/gallery\/furstein-iph-5-10-22\/cache\/IMG_3220.jpeg-nggid0530217-ngg0dyn-100x75x100-00f0w010c010r110f110r010t010.jpeg\"\n                    width=\"100\"\n                    height=\"56\"\n                    style=\"max-width:100%;\"\n                \/>\n            <\/a>\n        <\/div>\n\t\t\t\t\t\t\t<\/div> \n\t\t\t\n                            \n\t\t\t\t<div id=\"ngg-image-23\" class=\"ngg-gallery-thumbnail-box\" >\n\t\t\t\t        <div class=\"ngg-gallery-thumbnail\">\n            <a href=\"http:\/\/www.freimarianne.ch\/wp-content\/gallery\/furstein-iph-5-10-22\/IMG_3211.jpeg\"\n               title=\"das Seewensseli mit dem F\u00fcrstein\"\n               data-src=\"http:\/\/www.freimarianne.ch\/wp-content\/gallery\/furstein-iph-5-10-22\/IMG_3211.jpeg\"\n               data-thumbnail=\"http:\/\/www.freimarianne.ch\/wp-content\/gallery\/furstein-iph-5-10-22\/thumbs\/thumbs_IMG_3211.jpeg\"\n               data-image-id=\"30221\"\n               data-title=\"IMG_3211\"\n               data-description=\"das Seewensseli mit dem F\u00fcrstein\"\n               data-image-slug=\"img_3211-5\"\n               class=\"shutterset_768770c50cdbeedb9090457415c023d4\">\n                <img\n                    title=\"IMG_3211\"\n                    alt=\"IMG_3211\"\n                    src=\"http:\/\/www.freimarianne.ch\/wp-content\/gallery\/furstein-iph-5-10-22\/cache\/IMG_3211.jpeg-nggid0530221-ngg0dyn-100x75x100-00f0w010c010r110f110r010t010.jpeg\"\n                    width=\"100\"\n                    height=\"75\"\n                    style=\"max-width:100%;\"\n                \/>\n            <\/a>\n        <\/div>\n\t\t\t\t\t\t\t<\/div> \n\t\t\t\n                                    <br style=\"clear: both\" \/>\n                    \n\t\t\t\t<div id=\"ngg-image-24\" class=\"ngg-gallery-thumbnail-box\" >\n\t\t\t\t        <div class=\"ngg-gallery-thumbnail\">\n            <a href=\"http:\/\/www.freimarianne.ch\/wp-content\/gallery\/furstein-iph-5-10-22\/IMG_3213.jpeg\"\n               title=\"das Seewensseli mit Chli F\u00fcrstein 1900m, F\u00fcrstein  2040m\"\n               data-src=\"http:\/\/www.freimarianne.ch\/wp-content\/gallery\/furstein-iph-5-10-22\/IMG_3213.jpeg\"\n               data-thumbnail=\"http:\/\/www.freimarianne.ch\/wp-content\/gallery\/furstein-iph-5-10-22\/thumbs\/thumbs_IMG_3213.jpeg\"\n               data-image-id=\"30222\"\n               data-title=\"IMG_3213\"\n               data-description=\"das Seewensseli mit Chli F\u00fcrstein 1900m, F\u00fcrstein  2040m\"\n               data-image-slug=\"img_3213-4\"\n               class=\"shutterset_768770c50cdbeedb9090457415c023d4\">\n                <img\n                    title=\"IMG_3213\"\n                    alt=\"IMG_3213\"\n                    src=\"http:\/\/www.freimarianne.ch\/wp-content\/gallery\/furstein-iph-5-10-22\/cache\/IMG_3213.jpeg-nggid0530222-ngg0dyn-100x75x100-00f0w010c010r110f110r010t010.jpeg\"\n                    width=\"100\"\n                    height=\"75\"\n                    style=\"max-width:100%;\"\n                \/>\n            <\/a>\n        <\/div>\n\t\t\t\t\t\t\t<\/div> \n\t\t\t\n                            \n\t\t\t\t<div id=\"ngg-image-25\" class=\"ngg-gallery-thumbnail-box\" >\n\t\t\t\t        <div class=\"ngg-gallery-thumbnail\">\n            <a href=\"http:\/\/www.freimarianne.ch\/wp-content\/gallery\/furstein-iph-5-10-22\/IMG_3219.jpeg\"\n               title=\"Blick zur Schrattenflue\"\n               data-src=\"http:\/\/www.freimarianne.ch\/wp-content\/gallery\/furstein-iph-5-10-22\/IMG_3219.jpeg\"\n               data-thumbnail=\"http:\/\/www.freimarianne.ch\/wp-content\/gallery\/furstein-iph-5-10-22\/thumbs\/thumbs_IMG_3219.jpeg\"\n               data-image-id=\"30218\"\n               data-title=\"IMG_3219\"\n               data-description=\"Blick zur Schrattenflue\"\n               data-image-slug=\"img_3219-3\"\n               class=\"shutterset_768770c50cdbeedb9090457415c023d4\">\n                <img\n                    title=\"IMG_3219\"\n                    alt=\"IMG_3219\"\n                    src=\"http:\/\/www.freimarianne.ch\/wp-content\/gallery\/furstein-iph-5-10-22\/cache\/IMG_3219.jpeg-nggid0530218-ngg0dyn-100x75x100-00f0w010c010r110f110r010t010.jpeg\"\n                    width=\"100\"\n                    height=\"56\"\n                    style=\"max-width:100%;\"\n                \/>\n            <\/a>\n        <\/div>\n\t\t\t\t\t\t\t<\/div> \n\t\t\t\n                            \n\t\t\t\t<div id=\"ngg-image-26\" class=\"ngg-gallery-thumbnail-box\" >\n\t\t\t\t        <div class=\"ngg-gallery-thumbnail\">\n            <a href=\"http:\/\/www.freimarianne.ch\/wp-content\/gallery\/furstein-iph-5-10-22\/IMG_3217.jpeg\"\n               title=\"\"\n               data-src=\"http:\/\/www.freimarianne.ch\/wp-content\/gallery\/furstein-iph-5-10-22\/IMG_3217.jpeg\"\n               data-thumbnail=\"http:\/\/www.freimarianne.ch\/wp-content\/gallery\/furstein-iph-5-10-22\/thumbs\/thumbs_IMG_3217.jpeg\"\n               data-image-id=\"30219\"\n               data-title=\"IMG_3217\"\n               data-description=\"\"\n               data-image-slug=\"img_3217-3\"\n               class=\"shutterset_768770c50cdbeedb9090457415c023d4\">\n                <img\n                    title=\"IMG_3217\"\n                    alt=\"IMG_3217\"\n                    src=\"http:\/\/www.freimarianne.ch\/wp-content\/gallery\/furstein-iph-5-10-22\/cache\/IMG_3217.jpeg-nggid0530219-ngg0dyn-100x75x100-00f0w010c010r110f110r010t010.jpeg\"\n                    width=\"100\"\n                    height=\"56\"\n                    style=\"max-width:100%;\"\n                \/>\n            <\/a>\n        <\/div>\n\t\t\t\t\t\t\t<\/div> \n\t\t\t\n                            \n\t\t\n\t\t<!-- Pagination -->\n\t<div class='ngg-clear'><\/div>\t<\/div>\n\n","protected":false},"excerpt":{"rendered":"<p>Ich fahre heute auf den Glaubenbergpass 1543m, wo ich schon um 9h meine Wanderung auf den F\u00fcrstein beginnen kann. Der Pfad f\u00fchrt teils durch den Wald und offenes gelb gef\u00e4rbtes Gebiet. Bald wird es richtig steil und anstrengend. Es geht dann noch eine Weile \u00fcber den Grat, bis ich das Gipfelkreuz des Rickhubels 1943m erreiche. [&hellip;]<\/p>\n","protected":false},"author":1,"featured_media":0,"parent":60728,"menu_order":10,"comment_status":"closed","ping_status":"closed","template":"","meta":{"ngg_post_thumbnail":0},"_links":{"self":[{"href":"http:\/\/www.freimarianne.ch\/index.php?rest_route=\/wp\/v2\/pages\/61074"}],"collection":[{"href":"http:\/\/www.freimarianne.ch\/index.php?rest_route=\/wp\/v2\/pages"}],"about":[{"href":"http:\/\/www.freimarianne.ch\/index.php?rest_route=\/wp\/v2\/types\/page"}],"author":[{"embeddable":true,"href":"http:\/\/www.freimarianne.ch\/index.php?rest_route=\/wp\/v2\/users\/1"}],"replies":[{"embeddable":true,"href":"http:\/\/www.freimarianne.ch\/index.php?rest_route=%2Fwp%2Fv2%2Fcomments&post=61074"}],"version-history":[{"count":2,"href":"http:\/\/www.freimarianne.ch\/index.php?rest_route=\/wp\/v2\/pages\/61074\/revisions"}],"predecessor-version":[{"id":61148,"href":"http:\/\/www.freimarianne.ch\/index.php?rest_route=\/wp\/v2\/pages\/61074\/revisions\/61148"}],"up":[{"embeddable":true,"href":"http:\/\/www.freimarianne.ch\/index.php?rest_route=\/wp\/v2\/pages\/60728"}],"wp:attachment":[{"href":"http:\/\/www.freimarianne.ch\/index.php?rest_route=%2Fwp%2Fv2%2Fmedia&parent=61074"}],"curies":[{"name":"wp","href":"https:\/\/api.w.org\/{rel}","templated":true}]}}