{"id":61155,"date":"2022-10-15T08:15:17","date_gmt":"2022-10-15T07:15:17","guid":{"rendered":"http:\/\/www.freimarianne.ch\/?page_id=61155"},"modified":"2022-10-15T08:33:34","modified_gmt":"2022-10-15T07:33:34","slug":"fafleralp-vs-12-10-2022","status":"publish","type":"page","link":"http:\/\/www.freimarianne.ch\/?page_id=61155","title":{"rendered":"Fafleralp  VS  12.10.2022"},"content":{"rendered":"<div id=\"attachment_61151\" style=\"width: 510px\" class=\"wp-caption alignleft\"><img aria-describedby=\"caption-attachment-61151\" loading=\"lazy\" class=\"size-full wp-image-61151\" src=\"http:\/\/www.freimarianne.ch\/wp-content\/uploads\/2022\/10\/IMG_3305._fafgleralp-10.22_500.jpeg\" alt=\"\" width=\"500\" height=\"375\" srcset=\"http:\/\/www.freimarianne.ch\/wp-content\/uploads\/2022\/10\/IMG_3305._fafgleralp-10.22_500.jpeg 500w, http:\/\/www.freimarianne.ch\/wp-content\/uploads\/2022\/10\/IMG_3305._fafgleralp-10.22_500-300x225.jpeg 300w, http:\/\/www.freimarianne.ch\/wp-content\/uploads\/2022\/10\/IMG_3305._fafgleralp-10.22_500-400x300.jpeg 400w\" sizes=\"(max-width: 500px) 100vw, 500px\" \/><p id=\"caption-attachment-61151\" class=\"wp-caption-text\">Blick zur L\u00f6tschenl\u00fccke<\/p><\/div>\n<p>Heute m\u00f6chte ich die Herbstlandschaft im L\u00f6tschental erleben. Der Wetterbericht verspricht Sonne und Wolken.<br>Aber als ich in Goppensein ankomme, empf\u00e4ngt mich ein verdeckter Himmel und die Strasse ist nass. Es scheint im Wallis geregnet zu haben.<br>Es hat aber trotz diesem Wetter recht viel Leute im Postauto.<\/p>\n<p>Auf der Fafleralp 1795m, wo ich um 10.36h ankomme ist es recht d\u00fcster und l\u00e4rmig. Dar arbeitet ein Bagger beim Indre Talbach. Dieser scheint bei dem schlimmen Unwetter in diesem Sommer auch hier oben viel Schaden verursacht zu haben! Den Weg ins Inners Tal, wo der Pfad zum Guggistafel anf\u00e4ngt gibt es nicht mehr. Ich muss auf der Strasse in Richtung Hotel Fafleralp gehen. Bei der Abzweigung zum Guggistafel ist der Wanderweg gesperrt! Ich gehe trotzdem auf diesem Weg weiter und bin erstaunt, dass die Br\u00fccke \u00fcber den Bach noch da ist. Aber auch die Br\u00fccke ist mit B\u00e4ndern gesperrt. Ich steige aber dar\u00fcber und steige auf zum Guggistafel 1915m und wandere von dort aus in Richtung Guggisee. Diese Gegend ist einfach wundersch\u00f6n. Die L\u00e4rchen sind schon gelb gef\u00e4rbt und es herrscht eine ganz spezielle Stimmung. Man f\u00fchlt sich in eine Zauberwelt versetzt.<br>Am Guggisee 2007m hat es ganz wenig Leute. Es ist leider nicht sonnig. Aber es gelingen mir einige sch\u00f6ne Fotos. Hier halte ich meine Mittagsrast. Kurz muss isch sogar meine Kappe anziehen. Da keine Hoffnung auf eine l\u00e4nger dauerende Aufhellung besteht, beschliesse ich die Abzweigung hinunter zur Fafleralp zu nehmen und nicht weiter ins Tal hinein zu wandern wie ich das sonst gemacht habe.<\/p>\n<p>Diesen Abstieg habe ich schon lange nicht mehr gemacht. Auch hier ist die Landschaft sehr sch\u00f6n. Gegen 14h bin ich zur\u00fcck auf der Fafleralp. Ich trinke einen Kaffee. Um 14.18h fahre ich mit dem Bus nach Goppenstein.<\/p>\n<p>Dies war eine eher kurze Wanderung. Nun weiss ich jedenfalls dass der Herbst hier oben eingezogen ist. Vielleicht komme ich nochmals bei sonnigem Wetter zur\u00fcck.<\/p>\n<p>Laut Schweizmobil:<\/p>\n<p>Distanz: 5.79km; Aufstieg=Abstieg: 330m; Wanderzeit: 1h 56min<\/p>\n<p><a href=\"https:\/\/map.schweizmobil.ch\/?lang=de&amp;photos=yes&amp;logo=yes&amp;detours=yes&amp;season=summer&amp;resolution=2.46&amp;E=2633270&amp;N=1143295&amp;bgLayer=pk&amp;trackId=1555851280\">Karte Schweizmobil:<\/a><\/p>\n\n\n<!-- index.php -->\n<div\n\tclass=\"ngg-galleryoverview ngg-ajax-pagination-none\"\n\tid=\"ngg-gallery-ad3f0e29ad144dae4d706a67151f0f6e-1\">\n\n    \t<div class=\"slideshowlink\">\n        <a href='http:\/\/www.freimarianne.ch\/index.php\/nggallery\/slideshow?page_id=61155'>[Show as slideshow]<\/a>\n\t\t\n\t<\/div>\n\t\t\t<!-- Thumbnails -->\n\t\t\t\t<div id=\"ngg-image-0\" class=\"ngg-gallery-thumbnail-box\" >\n\t\t\t\t        <div class=\"ngg-gallery-thumbnail\">\n            <a href=\"http:\/\/www.freimarianne.ch\/wp-content\/gallery\/fafleralp-12-10-22\/IMG_2302.jpeg\"\n               title=\"Farbenpracht an der Lonza\"\n               data-src=\"http:\/\/www.freimarianne.ch\/wp-content\/gallery\/fafleralp-12-10-22\/IMG_2302.jpeg\"\n               data-thumbnail=\"http:\/\/www.freimarianne.ch\/wp-content\/gallery\/fafleralp-12-10-22\/thumbs\/thumbs_IMG_2302.jpeg\"\n               data-image-id=\"30280\"\n               data-title=\"IMG_2302\"\n               data-description=\"Farbenpracht an der Lonza\"\n               data-image-slug=\"img_2302-2\"\n               class=\"shutterset_ad3f0e29ad144dae4d706a67151f0f6e\">\n                <img\n                    title=\"IMG_2302\"\n                    alt=\"IMG_2302\"\n                    src=\"http:\/\/www.freimarianne.ch\/wp-content\/gallery\/fafleralp-12-10-22\/cache\/IMG_2302.jpeg-nggid0530280-ngg0dyn-100x75x100-00f0w010c010r110f110r010t010.jpeg\"\n                    width=\"100\"\n                    height=\"75\"\n                    style=\"max-width:100%;\"\n                \/>\n            <\/a>\n        <\/div>\n\t\t\t\t\t\t\t<\/div> \n\t\t\t\n                            \n\t\t\t\t<div id=\"ngg-image-1\" class=\"ngg-gallery-thumbnail-box\" >\n\t\t\t\t        <div class=\"ngg-gallery-thumbnail\">\n            <a href=\"http:\/\/www.freimarianne.ch\/wp-content\/gallery\/fafleralp-12-10-22\/IMG_2303.jpeg\"\n               title=\"ich muss einen Umweg machen; Fafleralp 1795m\"\n               data-src=\"http:\/\/www.freimarianne.ch\/wp-content\/gallery\/fafleralp-12-10-22\/IMG_2303.jpeg\"\n               data-thumbnail=\"http:\/\/www.freimarianne.ch\/wp-content\/gallery\/fafleralp-12-10-22\/thumbs\/thumbs_IMG_2303.jpeg\"\n               data-image-id=\"30278\"\n               data-title=\"IMG_2303\"\n               data-description=\"ich muss einen Umweg machen; Fafleralp 1795m\"\n               data-image-slug=\"img_2303-6\"\n               class=\"shutterset_ad3f0e29ad144dae4d706a67151f0f6e\">\n                <img\n                    title=\"IMG_2303\"\n                    alt=\"IMG_2303\"\n                    src=\"http:\/\/www.freimarianne.ch\/wp-content\/gallery\/fafleralp-12-10-22\/cache\/IMG_2303.jpeg-nggid0530278-ngg0dyn-100x75x100-00f0w010c010r110f110r010t010.jpeg\"\n                    width=\"100\"\n                    height=\"75\"\n                    style=\"max-width:100%;\"\n                \/>\n            <\/a>\n        <\/div>\n\t\t\t\t\t\t\t<\/div> \n\t\t\t\n                            \n\t\t\t\t<div id=\"ngg-image-2\" class=\"ngg-gallery-thumbnail-box\" >\n\t\t\t\t        <div class=\"ngg-gallery-thumbnail\">\n            <a href=\"http:\/\/www.freimarianne.ch\/wp-content\/gallery\/fafleralp-12-10-22\/IMG_2304.jpeg\"\n               title=\"ich muss einen Umweg machen\"\n               data-src=\"http:\/\/www.freimarianne.ch\/wp-content\/gallery\/fafleralp-12-10-22\/IMG_2304.jpeg\"\n               data-thumbnail=\"http:\/\/www.freimarianne.ch\/wp-content\/gallery\/fafleralp-12-10-22\/thumbs\/thumbs_IMG_2304.jpeg\"\n               data-image-id=\"30276\"\n               data-title=\"IMG_2304\"\n               data-description=\"ich muss einen Umweg machen\"\n               data-image-slug=\"img_2304-4\"\n               class=\"shutterset_ad3f0e29ad144dae4d706a67151f0f6e\">\n                <img\n                    title=\"IMG_2304\"\n                    alt=\"IMG_2304\"\n                    src=\"http:\/\/www.freimarianne.ch\/wp-content\/gallery\/fafleralp-12-10-22\/cache\/IMG_2304.jpeg-nggid0530276-ngg0dyn-100x75x100-00f0w010c010r110f110r010t010.jpeg\"\n                    width=\"100\"\n                    height=\"75\"\n                    style=\"max-width:100%;\"\n                \/>\n            <\/a>\n        <\/div>\n\t\t\t\t\t\t\t<\/div> \n\t\t\t\n                            \n\t\t\t\t<div id=\"ngg-image-3\" class=\"ngg-gallery-thumbnail-box\" >\n\t\t\t\t        <div class=\"ngg-gallery-thumbnail\">\n            <a href=\"http:\/\/www.freimarianne.ch\/wp-content\/gallery\/fafleralp-12-10-22\/IMG_2311.jpeg\"\n               title=\"Guggistafel 1915m\"\n               data-src=\"http:\/\/www.freimarianne.ch\/wp-content\/gallery\/fafleralp-12-10-22\/IMG_2311.jpeg\"\n               data-thumbnail=\"http:\/\/www.freimarianne.ch\/wp-content\/gallery\/fafleralp-12-10-22\/thumbs\/thumbs_IMG_2311.jpeg\"\n               data-image-id=\"30277\"\n               data-title=\"IMG_2311\"\n               data-description=\"Guggistafel 1915m\"\n               data-image-slug=\"img_2311-3\"\n               class=\"shutterset_ad3f0e29ad144dae4d706a67151f0f6e\">\n                <img\n                    title=\"IMG_2311\"\n                    alt=\"IMG_2311\"\n                    src=\"http:\/\/www.freimarianne.ch\/wp-content\/gallery\/fafleralp-12-10-22\/cache\/IMG_2311.jpeg-nggid0530277-ngg0dyn-100x75x100-00f0w010c010r110f110r010t010.jpeg\"\n                    width=\"56\"\n                    height=\"75\"\n                    style=\"max-width:100%;\"\n                \/>\n            <\/a>\n        <\/div>\n\t\t\t\t\t\t\t<\/div> \n\t\t\t\n                                    <br style=\"clear: both\" \/>\n                    \n\t\t\t\t<div id=\"ngg-image-4\" class=\"ngg-gallery-thumbnail-box\" >\n\t\t\t\t        <div class=\"ngg-gallery-thumbnail\">\n            <a href=\"http:\/\/www.freimarianne.ch\/wp-content\/gallery\/fafleralp-12-10-22\/IMG_2312.jpeg\"\n               title=\"wundersch\u00f6ne Herbstlandschaft\"\n               data-src=\"http:\/\/www.freimarianne.ch\/wp-content\/gallery\/fafleralp-12-10-22\/IMG_2312.jpeg\"\n               data-thumbnail=\"http:\/\/www.freimarianne.ch\/wp-content\/gallery\/fafleralp-12-10-22\/thumbs\/thumbs_IMG_2312.jpeg\"\n               data-image-id=\"30275\"\n               data-title=\"IMG_2312\"\n               data-description=\"wundersch\u00f6ne Herbstlandschaft\"\n               data-image-slug=\"img_2312-3\"\n               class=\"shutterset_ad3f0e29ad144dae4d706a67151f0f6e\">\n                <img\n                    title=\"IMG_2312\"\n                    alt=\"IMG_2312\"\n                    src=\"http:\/\/www.freimarianne.ch\/wp-content\/gallery\/fafleralp-12-10-22\/cache\/IMG_2312.jpeg-nggid0530275-ngg0dyn-100x75x100-00f0w010c010r110f110r010t010.jpeg\"\n                    width=\"100\"\n                    height=\"75\"\n                    style=\"max-width:100%;\"\n                \/>\n            <\/a>\n        <\/div>\n\t\t\t\t\t\t\t<\/div> \n\t\t\t\n                            \n\t\t\t\t<div id=\"ngg-image-5\" class=\"ngg-gallery-thumbnail-box\" >\n\t\t\t\t        <div class=\"ngg-gallery-thumbnail\">\n            <a href=\"http:\/\/www.freimarianne.ch\/wp-content\/gallery\/fafleralp-12-10-22\/IMG_2315.jpeg\"\n               title=\"wundersch\u00f6ne Herbstlandschaft\"\n               data-src=\"http:\/\/www.freimarianne.ch\/wp-content\/gallery\/fafleralp-12-10-22\/IMG_2315.jpeg\"\n               data-thumbnail=\"http:\/\/www.freimarianne.ch\/wp-content\/gallery\/fafleralp-12-10-22\/thumbs\/thumbs_IMG_2315.jpeg\"\n               data-image-id=\"30274\"\n               data-title=\"IMG_2315\"\n               data-description=\"wundersch\u00f6ne Herbstlandschaft\"\n               data-image-slug=\"img_2315-3\"\n               class=\"shutterset_ad3f0e29ad144dae4d706a67151f0f6e\">\n                <img\n                    title=\"IMG_2315\"\n                    alt=\"IMG_2315\"\n                    src=\"http:\/\/www.freimarianne.ch\/wp-content\/gallery\/fafleralp-12-10-22\/cache\/IMG_2315.jpeg-nggid0530274-ngg0dyn-100x75x100-00f0w010c010r110f110r010t010.jpeg\"\n                    width=\"100\"\n                    height=\"75\"\n                    style=\"max-width:100%;\"\n                \/>\n            <\/a>\n        <\/div>\n\t\t\t\t\t\t\t<\/div> \n\t\t\t\n                            \n\t\t\t\t<div id=\"ngg-image-6\" class=\"ngg-gallery-thumbnail-box\" >\n\t\t\t\t        <div class=\"ngg-gallery-thumbnail\">\n            <a href=\"http:\/\/www.freimarianne.ch\/wp-content\/gallery\/fafleralp-12-10-22\/IMG_2317.jpeg\"\n               title=\"Marianne in der wundersch\u00f6nen Herbstlandschaft\"\n               data-src=\"http:\/\/www.freimarianne.ch\/wp-content\/gallery\/fafleralp-12-10-22\/IMG_2317.jpeg\"\n               data-thumbnail=\"http:\/\/www.freimarianne.ch\/wp-content\/gallery\/fafleralp-12-10-22\/thumbs\/thumbs_IMG_2317.jpeg\"\n               data-image-id=\"30273\"\n               data-title=\"IMG_2317\"\n               data-description=\"Marianne in der wundersch\u00f6nen Herbstlandschaft\"\n               data-image-slug=\"img_2317\"\n               class=\"shutterset_ad3f0e29ad144dae4d706a67151f0f6e\">\n                <img\n                    title=\"IMG_2317\"\n                    alt=\"IMG_2317\"\n                    src=\"http:\/\/www.freimarianne.ch\/wp-content\/gallery\/fafleralp-12-10-22\/cache\/IMG_2317.jpeg-nggid0530273-ngg0dyn-100x75x100-00f0w010c010r110f110r010t010.jpeg\"\n                    width=\"100\"\n                    height=\"75\"\n                    style=\"max-width:100%;\"\n                \/>\n            <\/a>\n        <\/div>\n\t\t\t\t\t\t\t<\/div> \n\t\t\t\n                            \n\t\t\t\t<div id=\"ngg-image-7\" class=\"ngg-gallery-thumbnail-box\" >\n\t\t\t\t        <div class=\"ngg-gallery-thumbnail\">\n            <a href=\"http:\/\/www.freimarianne.ch\/wp-content\/gallery\/fafleralp-12-10-22\/IMG_2319.jpeg\"\n               title=\"wundersch\u00f6ne Herbstlandschaft\"\n               data-src=\"http:\/\/www.freimarianne.ch\/wp-content\/gallery\/fafleralp-12-10-22\/IMG_2319.jpeg\"\n               data-thumbnail=\"http:\/\/www.freimarianne.ch\/wp-content\/gallery\/fafleralp-12-10-22\/thumbs\/thumbs_IMG_2319.jpeg\"\n               data-image-id=\"30272\"\n               data-title=\"IMG_2319\"\n               data-description=\"wundersch\u00f6ne Herbstlandschaft\"\n               data-image-slug=\"img_2319-1\"\n               class=\"shutterset_ad3f0e29ad144dae4d706a67151f0f6e\">\n                <img\n                    title=\"IMG_2319\"\n                    alt=\"IMG_2319\"\n                    src=\"http:\/\/www.freimarianne.ch\/wp-content\/gallery\/fafleralp-12-10-22\/cache\/IMG_2319.jpeg-nggid0530272-ngg0dyn-100x75x100-00f0w010c010r110f110r010t010.jpeg\"\n                    width=\"100\"\n                    height=\"75\"\n                    style=\"max-width:100%;\"\n                \/>\n            <\/a>\n        <\/div>\n\t\t\t\t\t\t\t<\/div> \n\t\t\t\n                                    <br style=\"clear: both\" \/>\n                    \n\t\t\t\t<div id=\"ngg-image-8\" class=\"ngg-gallery-thumbnail-box\" >\n\t\t\t\t        <div class=\"ngg-gallery-thumbnail\">\n            <a href=\"http:\/\/www.freimarianne.ch\/wp-content\/gallery\/fafleralp-12-10-22\/IMG_2325.jpeg\"\n               title=\"wundersch\u00f6ne Herbstlandschaft; li Jegichnubel 3124m, L\u00f6tschenl\u00fccke\"\n               data-src=\"http:\/\/www.freimarianne.ch\/wp-content\/gallery\/fafleralp-12-10-22\/IMG_2325.jpeg\"\n               data-thumbnail=\"http:\/\/www.freimarianne.ch\/wp-content\/gallery\/fafleralp-12-10-22\/thumbs\/thumbs_IMG_2325.jpeg\"\n               data-image-id=\"30271\"\n               data-title=\"IMG_2325\"\n               data-description=\"wundersch\u00f6ne Herbstlandschaft; li Jegichnubel 3124m, L\u00f6tschenl\u00fccke\"\n               data-image-slug=\"img_2325-2\"\n               class=\"shutterset_ad3f0e29ad144dae4d706a67151f0f6e\">\n                <img\n                    title=\"IMG_2325\"\n                    alt=\"IMG_2325\"\n                    src=\"http:\/\/www.freimarianne.ch\/wp-content\/gallery\/fafleralp-12-10-22\/cache\/IMG_2325.jpeg-nggid0530271-ngg0dyn-100x75x100-00f0w010c010r110f110r010t010.jpeg\"\n                    width=\"100\"\n                    height=\"75\"\n                    style=\"max-width:100%;\"\n                \/>\n            <\/a>\n        <\/div>\n\t\t\t\t\t\t\t<\/div> \n\t\t\t\n                            \n\t\t\t\t<div id=\"ngg-image-9\" class=\"ngg-gallery-thumbnail-box\" >\n\t\t\t\t        <div class=\"ngg-gallery-thumbnail\">\n            <a href=\"http:\/\/www.freimarianne.ch\/wp-content\/gallery\/fafleralp-12-10-22\/IMG_2327.jpeg\"\n               title=\"wundersch\u00f6ne Herbstlandschaft; L\u00f6tschenl\u00fccke\"\n               data-src=\"http:\/\/www.freimarianne.ch\/wp-content\/gallery\/fafleralp-12-10-22\/IMG_2327.jpeg\"\n               data-thumbnail=\"http:\/\/www.freimarianne.ch\/wp-content\/gallery\/fafleralp-12-10-22\/thumbs\/thumbs_IMG_2327.jpeg\"\n               data-image-id=\"30270\"\n               data-title=\"IMG_2327\"\n               data-description=\"wundersch\u00f6ne Herbstlandschaft; L\u00f6tschenl\u00fccke\"\n               data-image-slug=\"img_2327-2\"\n               class=\"shutterset_ad3f0e29ad144dae4d706a67151f0f6e\">\n                <img\n                    title=\"IMG_2327\"\n                    alt=\"IMG_2327\"\n                    src=\"http:\/\/www.freimarianne.ch\/wp-content\/gallery\/fafleralp-12-10-22\/cache\/IMG_2327.jpeg-nggid0530270-ngg0dyn-100x75x100-00f0w010c010r110f110r010t010.jpeg\"\n                    width=\"100\"\n                    height=\"75\"\n                    style=\"max-width:100%;\"\n                \/>\n            <\/a>\n        <\/div>\n\t\t\t\t\t\t\t<\/div> \n\t\t\t\n                            \n\t\t\t\t<div id=\"ngg-image-10\" class=\"ngg-gallery-thumbnail-box\" >\n\t\t\t\t        <div class=\"ngg-gallery-thumbnail\">\n            <a href=\"http:\/\/www.freimarianne.ch\/wp-content\/gallery\/fafleralp-12-10-22\/IMG_2328.jpeg\"\n               title=\"am Guggisee 2007m\"\n               data-src=\"http:\/\/www.freimarianne.ch\/wp-content\/gallery\/fafleralp-12-10-22\/IMG_2328.jpeg\"\n               data-thumbnail=\"http:\/\/www.freimarianne.ch\/wp-content\/gallery\/fafleralp-12-10-22\/thumbs\/thumbs_IMG_2328.jpeg\"\n               data-image-id=\"30269\"\n               data-title=\"IMG_2328\"\n               data-description=\"am Guggisee 2007m\"\n               data-image-slug=\"img_2328-4\"\n               class=\"shutterset_ad3f0e29ad144dae4d706a67151f0f6e\">\n                <img\n                    title=\"IMG_2328\"\n                    alt=\"IMG_2328\"\n                    src=\"http:\/\/www.freimarianne.ch\/wp-content\/gallery\/fafleralp-12-10-22\/cache\/IMG_2328.jpeg-nggid0530269-ngg0dyn-100x75x100-00f0w010c010r110f110r010t010.jpeg\"\n                    width=\"100\"\n                    height=\"75\"\n                    style=\"max-width:100%;\"\n                \/>\n            <\/a>\n        <\/div>\n\t\t\t\t\t\t\t<\/div> \n\t\t\t\n                            \n\t\t\t\t<div id=\"ngg-image-11\" class=\"ngg-gallery-thumbnail-box\" >\n\t\t\t\t        <div class=\"ngg-gallery-thumbnail\">\n            <a href=\"http:\/\/www.freimarianne.ch\/wp-content\/gallery\/fafleralp-12-10-22\/IMG_2329.jpeg\"\n               title=\"am Guggisee 2007m\"\n               data-src=\"http:\/\/www.freimarianne.ch\/wp-content\/gallery\/fafleralp-12-10-22\/IMG_2329.jpeg\"\n               data-thumbnail=\"http:\/\/www.freimarianne.ch\/wp-content\/gallery\/fafleralp-12-10-22\/thumbs\/thumbs_IMG_2329.jpeg\"\n               data-image-id=\"30268\"\n               data-title=\"IMG_2329\"\n               data-description=\"am Guggisee 2007m\"\n               data-image-slug=\"img_2329-1\"\n               class=\"shutterset_ad3f0e29ad144dae4d706a67151f0f6e\">\n                <img\n                    title=\"IMG_2329\"\n                    alt=\"IMG_2329\"\n                    src=\"http:\/\/www.freimarianne.ch\/wp-content\/gallery\/fafleralp-12-10-22\/cache\/IMG_2329.jpeg-nggid0530268-ngg0dyn-100x75x100-00f0w010c010r110f110r010t010.jpeg\"\n                    width=\"100\"\n                    height=\"75\"\n                    style=\"max-width:100%;\"\n                \/>\n            <\/a>\n        <\/div>\n\t\t\t\t\t\t\t<\/div> \n\t\t\t\n                                    <br style=\"clear: both\" \/>\n                    \n\t\t\t\t<div id=\"ngg-image-12\" class=\"ngg-gallery-thumbnail-box\" >\n\t\t\t\t        <div class=\"ngg-gallery-thumbnail\">\n            <a href=\"http:\/\/www.freimarianne.ch\/wp-content\/gallery\/fafleralp-12-10-22\/IMG_2330.jpeg\"\n               title=\"Marianne am Guggisee 2007m\"\n               data-src=\"http:\/\/www.freimarianne.ch\/wp-content\/gallery\/fafleralp-12-10-22\/IMG_2330.jpeg\"\n               data-thumbnail=\"http:\/\/www.freimarianne.ch\/wp-content\/gallery\/fafleralp-12-10-22\/thumbs\/thumbs_IMG_2330.jpeg\"\n               data-image-id=\"30279\"\n               data-title=\"IMG_2330\"\n               data-description=\"Marianne am Guggisee 2007m\"\n               data-image-slug=\"img_2330-4\"\n               class=\"shutterset_ad3f0e29ad144dae4d706a67151f0f6e\">\n                <img\n                    title=\"IMG_2330\"\n                    alt=\"IMG_2330\"\n                    src=\"http:\/\/www.freimarianne.ch\/wp-content\/gallery\/fafleralp-12-10-22\/cache\/IMG_2330.jpeg-nggid0530279-ngg0dyn-100x75x100-00f0w010c010r110f110r010t010.jpeg\"\n                    width=\"100\"\n                    height=\"75\"\n                    style=\"max-width:100%;\"\n                \/>\n            <\/a>\n        <\/div>\n\t\t\t\t\t\t\t<\/div> \n\t\t\t\n                            \n\t\t\t\t<div id=\"ngg-image-13\" class=\"ngg-gallery-thumbnail-box\" >\n\t\t\t\t        <div class=\"ngg-gallery-thumbnail\">\n            <a href=\"http:\/\/www.freimarianne.ch\/wp-content\/gallery\/fafleralp-12-10-22\/IMG_2334.jpeg\"\n               title=\"Marianne vor dem Jegichnubel 3124m\"\n               data-src=\"http:\/\/www.freimarianne.ch\/wp-content\/gallery\/fafleralp-12-10-22\/IMG_2334.jpeg\"\n               data-thumbnail=\"http:\/\/www.freimarianne.ch\/wp-content\/gallery\/fafleralp-12-10-22\/thumbs\/thumbs_IMG_2334.jpeg\"\n               data-image-id=\"30267\"\n               data-title=\"IMG_2334\"\n               data-description=\"Marianne vor dem Jegichnubel 3124m\"\n               data-image-slug=\"img_2334-3\"\n               class=\"shutterset_ad3f0e29ad144dae4d706a67151f0f6e\">\n                <img\n                    title=\"IMG_2334\"\n                    alt=\"IMG_2334\"\n                    src=\"http:\/\/www.freimarianne.ch\/wp-content\/gallery\/fafleralp-12-10-22\/cache\/IMG_2334.jpeg-nggid0530267-ngg0dyn-100x75x100-00f0w010c010r110f110r010t010.jpeg\"\n                    width=\"100\"\n                    height=\"72\"\n                    style=\"max-width:100%;\"\n                \/>\n            <\/a>\n        <\/div>\n\t\t\t\t\t\t\t<\/div> \n\t\t\t\n                            \n\t\t\t\t<div id=\"ngg-image-14\" class=\"ngg-gallery-thumbnail-box\" >\n\t\t\t\t        <div class=\"ngg-gallery-thumbnail\">\n            <a href=\"http:\/\/www.freimarianne.ch\/wp-content\/gallery\/fafleralp-12-10-22\/IMG_2335.jpeg\"\n               title=\"Heidelbeerfeldler; Jegichnubel 3124m,\"\n               data-src=\"http:\/\/www.freimarianne.ch\/wp-content\/gallery\/fafleralp-12-10-22\/IMG_2335.jpeg\"\n               data-thumbnail=\"http:\/\/www.freimarianne.ch\/wp-content\/gallery\/fafleralp-12-10-22\/thumbs\/thumbs_IMG_2335.jpeg\"\n               data-image-id=\"30262\"\n               data-title=\"IMG_2335\"\n               data-description=\"Heidelbeerfeldler; Jegichnubel 3124m,\"\n               data-image-slug=\"img_2335-3\"\n               class=\"shutterset_ad3f0e29ad144dae4d706a67151f0f6e\">\n                <img\n                    title=\"IMG_2335\"\n                    alt=\"IMG_2335\"\n                    src=\"http:\/\/www.freimarianne.ch\/wp-content\/gallery\/fafleralp-12-10-22\/cache\/IMG_2335.jpeg-nggid0530262-ngg0dyn-100x75x100-00f0w010c010r110f110r010t010.jpeg\"\n                    width=\"100\"\n                    height=\"75\"\n                    style=\"max-width:100%;\"\n                \/>\n            <\/a>\n        <\/div>\n\t\t\t\t\t\t\t<\/div> \n\t\t\t\n                            \n\t\t\t\t<div id=\"ngg-image-15\" class=\"ngg-gallery-thumbnail-box\" >\n\t\t\t\t        <div class=\"ngg-gallery-thumbnail\">\n            <a href=\"http:\/\/www.freimarianne.ch\/wp-content\/gallery\/fafleralp-12-10-22\/IMG_2338.jpeg\"\n               title=\"beim Abstieg zum beim Gletscherstafel\"\n               data-src=\"http:\/\/www.freimarianne.ch\/wp-content\/gallery\/fafleralp-12-10-22\/IMG_2338.jpeg\"\n               data-thumbnail=\"http:\/\/www.freimarianne.ch\/wp-content\/gallery\/fafleralp-12-10-22\/thumbs\/thumbs_IMG_2338.jpeg\"\n               data-image-id=\"30264\"\n               data-title=\"IMG_2338\"\n               data-description=\"beim Abstieg zum beim Gletscherstafel\"\n               data-image-slug=\"img_2338-4\"\n               class=\"shutterset_ad3f0e29ad144dae4d706a67151f0f6e\">\n                <img\n                    title=\"IMG_2338\"\n                    alt=\"IMG_2338\"\n                    src=\"http:\/\/www.freimarianne.ch\/wp-content\/gallery\/fafleralp-12-10-22\/cache\/IMG_2338.jpeg-nggid0530264-ngg0dyn-100x75x100-00f0w010c010r110f110r010t010.jpeg\"\n                    width=\"100\"\n                    height=\"75\"\n                    style=\"max-width:100%;\"\n                \/>\n            <\/a>\n        <\/div>\n\t\t\t\t\t\t\t<\/div> \n\t\t\t\n                                    <br style=\"clear: both\" \/>\n                    \n\t\t\t\t<div id=\"ngg-image-16\" class=\"ngg-gallery-thumbnail-box\" >\n\t\t\t\t        <div class=\"ngg-gallery-thumbnail\">\n            <a href=\"http:\/\/www.freimarianne.ch\/wp-content\/gallery\/fafleralp-12-10-22\/IMG_2339.jpeg\"\n               title=\"beim Abstieg zum beim Gletscherstafel\"\n               data-src=\"http:\/\/www.freimarianne.ch\/wp-content\/gallery\/fafleralp-12-10-22\/IMG_2339.jpeg\"\n               data-thumbnail=\"http:\/\/www.freimarianne.ch\/wp-content\/gallery\/fafleralp-12-10-22\/thumbs\/thumbs_IMG_2339.jpeg\"\n               data-image-id=\"30265\"\n               data-title=\"IMG_2339\"\n               data-description=\"beim Abstieg zum beim Gletscherstafel\"\n               data-image-slug=\"img_2339-3\"\n               class=\"shutterset_ad3f0e29ad144dae4d706a67151f0f6e\">\n                <img\n                    title=\"IMG_2339\"\n                    alt=\"IMG_2339\"\n                    src=\"http:\/\/www.freimarianne.ch\/wp-content\/gallery\/fafleralp-12-10-22\/cache\/IMG_2339.jpeg-nggid0530265-ngg0dyn-100x75x100-00f0w010c010r110f110r010t010.jpeg\"\n                    width=\"100\"\n                    height=\"75\"\n                    style=\"max-width:100%;\"\n                \/>\n            <\/a>\n        <\/div>\n\t\t\t\t\t\t\t<\/div> \n\t\t\t\n                            \n\t\t\t\t<div id=\"ngg-image-17\" class=\"ngg-gallery-thumbnail-box\" >\n\t\t\t\t        <div class=\"ngg-gallery-thumbnail\">\n            <a href=\"http:\/\/www.freimarianne.ch\/wp-content\/gallery\/fafleralp-12-10-22\/IMG_2342.jpeg\"\n               title=\"L\u00e4rchen\"\n               data-src=\"http:\/\/www.freimarianne.ch\/wp-content\/gallery\/fafleralp-12-10-22\/IMG_2342.jpeg\"\n               data-thumbnail=\"http:\/\/www.freimarianne.ch\/wp-content\/gallery\/fafleralp-12-10-22\/thumbs\/thumbs_IMG_2342.jpeg\"\n               data-image-id=\"30266\"\n               data-title=\"IMG_2342\"\n               data-description=\"L\u00e4rchen\"\n               data-image-slug=\"img_2342-5\"\n               class=\"shutterset_ad3f0e29ad144dae4d706a67151f0f6e\">\n                <img\n                    title=\"IMG_2342\"\n                    alt=\"IMG_2342\"\n                    src=\"http:\/\/www.freimarianne.ch\/wp-content\/gallery\/fafleralp-12-10-22\/cache\/IMG_2342.jpeg-nggid0530266-ngg0dyn-100x75x100-00f0w010c010r110f110r010t010.jpeg\"\n                    width=\"100\"\n                    height=\"75\"\n                    style=\"max-width:100%;\"\n                \/>\n            <\/a>\n        <\/div>\n\t\t\t\t\t\t\t<\/div> \n\t\t\t\n                            \n\t\t\t\t<div id=\"ngg-image-18\" class=\"ngg-gallery-thumbnail-box\" >\n\t\t\t\t        <div class=\"ngg-gallery-thumbnail\">\n            <a href=\"http:\/\/www.freimarianne.ch\/wp-content\/gallery\/fafleralp-12-10-22\/IMG_2344.jpeg\"\n               title=\"beim Abstieg zum beim Gletscherstafel\"\n               data-src=\"http:\/\/www.freimarianne.ch\/wp-content\/gallery\/fafleralp-12-10-22\/IMG_2344.jpeg\"\n               data-thumbnail=\"http:\/\/www.freimarianne.ch\/wp-content\/gallery\/fafleralp-12-10-22\/thumbs\/thumbs_IMG_2344.jpeg\"\n               data-image-id=\"30263\"\n               data-title=\"IMG_2344\"\n               data-description=\"beim Abstieg zum beim Gletscherstafel\"\n               data-image-slug=\"img_2344-3\"\n               class=\"shutterset_ad3f0e29ad144dae4d706a67151f0f6e\">\n                <img\n                    title=\"IMG_2344\"\n                    alt=\"IMG_2344\"\n                    src=\"http:\/\/www.freimarianne.ch\/wp-content\/gallery\/fafleralp-12-10-22\/cache\/IMG_2344.jpeg-nggid0530263-ngg0dyn-100x75x100-00f0w010c010r110f110r010t010.jpeg\"\n                    width=\"100\"\n                    height=\"75\"\n                    style=\"max-width:100%;\"\n                \/>\n            <\/a>\n        <\/div>\n\t\t\t\t\t\t\t<\/div> \n\t\t\t\n                            \n\t\t\t\t<div id=\"ngg-image-19\" class=\"ngg-gallery-thumbnail-box\" >\n\t\t\t\t        <div class=\"ngg-gallery-thumbnail\">\n            <a href=\"http:\/\/www.freimarianne.ch\/wp-content\/gallery\/fafleralp-12-10-22\/IMG_2346.jpeg\"\n               title=\"beim Gletscherstafel\"\n               data-src=\"http:\/\/www.freimarianne.ch\/wp-content\/gallery\/fafleralp-12-10-22\/IMG_2346.jpeg\"\n               data-thumbnail=\"http:\/\/www.freimarianne.ch\/wp-content\/gallery\/fafleralp-12-10-22\/thumbs\/thumbs_IMG_2346.jpeg\"\n               data-image-id=\"30261\"\n               data-title=\"IMG_2346\"\n               data-description=\"beim Gletscherstafel\"\n               data-image-slug=\"img_2346-3\"\n               class=\"shutterset_ad3f0e29ad144dae4d706a67151f0f6e\">\n                <img\n                    title=\"IMG_2346\"\n                    alt=\"IMG_2346\"\n                    src=\"http:\/\/www.freimarianne.ch\/wp-content\/gallery\/fafleralp-12-10-22\/cache\/IMG_2346.jpeg-nggid0530261-ngg0dyn-100x75x100-00f0w010c010r110f110r010t010.jpeg\"\n                    width=\"100\"\n                    height=\"75\"\n                    style=\"max-width:100%;\"\n                \/>\n            <\/a>\n        <\/div>\n\t\t\t\t\t\t\t<\/div> \n\t\t\t\n                                    <br style=\"clear: both\" \/>\n                    \n\t\t\n\t\t<!-- Pagination -->\n\t<div class='ngg-clear'><\/div>\t<\/div>\n\n\n\n\n<!-- index.php -->\n<div\n\tclass=\"ngg-galleryoverview ngg-ajax-pagination-none\"\n\tid=\"ngg-gallery-ab7c1dc9064355f58cd1001047e09043-1\">\n\n    \t<div class=\"slideshowlink\">\n        <a href='http:\/\/www.freimarianne.ch\/index.php\/nggallery\/slideshow?page_id=61155'>[Show as slideshow]<\/a>\n\t\t\n\t<\/div>\n\t\t\t<!-- Thumbnails -->\n\t\t\t\t<div id=\"ngg-image-0\" class=\"ngg-gallery-thumbnail-box\" >\n\t\t\t\t        <div class=\"ngg-gallery-thumbnail\">\n            <a href=\"http:\/\/www.freimarianne.ch\/wp-content\/gallery\/fafleralp-iph-12-10-22\/IMG_3289.jpeg\"\n               title=\"d\u00fcstere Stimmung im L\u00f6tschental\"\n               data-src=\"http:\/\/www.freimarianne.ch\/wp-content\/gallery\/fafleralp-iph-12-10-22\/IMG_3289.jpeg\"\n               data-thumbnail=\"http:\/\/www.freimarianne.ch\/wp-content\/gallery\/fafleralp-iph-12-10-22\/thumbs\/thumbs_IMG_3289.jpeg\"\n               data-image-id=\"30296\"\n               data-title=\"IMG_3289\"\n               data-description=\"d\u00fcstere Stimmung im L\u00f6tschental\"\n               data-image-slug=\"img_3289-4\"\n               class=\"shutterset_ab7c1dc9064355f58cd1001047e09043\">\n                <img\n                    title=\"IMG_3289\"\n                    alt=\"IMG_3289\"\n                    src=\"http:\/\/www.freimarianne.ch\/wp-content\/gallery\/fafleralp-iph-12-10-22\/cache\/IMG_3289.jpeg-nggid0530296-ngg0dyn-100x75x100-00f0w010c010r110f110r010t010.jpeg\"\n                    width=\"100\"\n                    height=\"75\"\n                    style=\"max-width:100%;\"\n                \/>\n            <\/a>\n        <\/div>\n\t\t\t\t\t\t\t<\/div> \n\t\t\t\n                            \n\t\t\t\t<div id=\"ngg-image-1\" class=\"ngg-gallery-thumbnail-box\" >\n\t\t\t\t        <div class=\"ngg-gallery-thumbnail\">\n            <a href=\"http:\/\/www.freimarianne.ch\/wp-content\/gallery\/fafleralp-iph-12-10-22\/IMG_3314.jpeg\"\n               title=\"beim Guggistafel  1915m\"\n               data-src=\"http:\/\/www.freimarianne.ch\/wp-content\/gallery\/fafleralp-iph-12-10-22\/IMG_3314.jpeg\"\n               data-thumbnail=\"http:\/\/www.freimarianne.ch\/wp-content\/gallery\/fafleralp-iph-12-10-22\/thumbs\/thumbs_IMG_3314.jpeg\"\n               data-image-id=\"30294\"\n               data-title=\"IMG_3314\"\n               data-description=\"beim Guggistafel  1915m\"\n               data-image-slug=\"img_3314\"\n               class=\"shutterset_ab7c1dc9064355f58cd1001047e09043\">\n                <img\n                    title=\"IMG_3314\"\n                    alt=\"IMG_3314\"\n                    src=\"http:\/\/www.freimarianne.ch\/wp-content\/gallery\/fafleralp-iph-12-10-22\/cache\/IMG_3314.jpeg-nggid0530294-ngg0dyn-100x75x100-00f0w010c010r110f110r010t010.jpeg\"\n                    width=\"100\"\n                    height=\"59\"\n                    style=\"max-width:100%;\"\n                \/>\n            <\/a>\n        <\/div>\n\t\t\t\t\t\t\t<\/div> \n\t\t\t\n                            \n\t\t\t\t<div id=\"ngg-image-2\" class=\"ngg-gallery-thumbnail-box\" >\n\t\t\t\t        <div class=\"ngg-gallery-thumbnail\">\n            <a href=\"http:\/\/www.freimarianne.ch\/wp-content\/gallery\/fafleralp-iph-12-10-22\/IMG_3291.jpeg\"\n               title=\"Guggistafel 1915m\"\n               data-src=\"http:\/\/www.freimarianne.ch\/wp-content\/gallery\/fafleralp-iph-12-10-22\/IMG_3291.jpeg\"\n               data-thumbnail=\"http:\/\/www.freimarianne.ch\/wp-content\/gallery\/fafleralp-iph-12-10-22\/thumbs\/thumbs_IMG_3291.jpeg\"\n               data-image-id=\"30295\"\n               data-title=\"IMG_3291\"\n               data-description=\"Guggistafel 1915m\"\n               data-image-slug=\"img_3291-4\"\n               class=\"shutterset_ab7c1dc9064355f58cd1001047e09043\">\n                <img\n                    title=\"IMG_3291\"\n                    alt=\"IMG_3291\"\n                    src=\"http:\/\/www.freimarianne.ch\/wp-content\/gallery\/fafleralp-iph-12-10-22\/cache\/IMG_3291.jpeg-nggid0530295-ngg0dyn-100x75x100-00f0w010c010r110f110r010t010.jpeg\"\n                    width=\"100\"\n                    height=\"75\"\n                    style=\"max-width:100%;\"\n                \/>\n            <\/a>\n        <\/div>\n\t\t\t\t\t\t\t<\/div> \n\t\t\t\n                            \n\t\t\t\t<div id=\"ngg-image-3\" class=\"ngg-gallery-thumbnail-box\" >\n\t\t\t\t        <div class=\"ngg-gallery-thumbnail\">\n            <a href=\"http:\/\/www.freimarianne.ch\/wp-content\/gallery\/fafleralp-iph-12-10-22\/IMG_3292.jpeg\"\n               title=\"Guggistafel 1915m; ganz kurze Aufhellung\"\n               data-src=\"http:\/\/www.freimarianne.ch\/wp-content\/gallery\/fafleralp-iph-12-10-22\/IMG_3292.jpeg\"\n               data-thumbnail=\"http:\/\/www.freimarianne.ch\/wp-content\/gallery\/fafleralp-iph-12-10-22\/thumbs\/thumbs_IMG_3292.jpeg\"\n               data-image-id=\"30292\"\n               data-title=\"IMG_3292\"\n               data-description=\"Guggistafel 1915m; ganz kurze Aufhellung\"\n               data-image-slug=\"img_3292-2\"\n               class=\"shutterset_ab7c1dc9064355f58cd1001047e09043\">\n                <img\n                    title=\"IMG_3292\"\n                    alt=\"IMG_3292\"\n                    src=\"http:\/\/www.freimarianne.ch\/wp-content\/gallery\/fafleralp-iph-12-10-22\/cache\/IMG_3292.jpeg-nggid0530292-ngg0dyn-100x75x100-00f0w010c010r110f110r010t010.jpeg\"\n                    width=\"100\"\n                    height=\"63\"\n                    style=\"max-width:100%;\"\n                \/>\n            <\/a>\n        <\/div>\n\t\t\t\t\t\t\t<\/div> \n\t\t\t\n                                    <br style=\"clear: both\" \/>\n                    \n\t\t\t\t<div id=\"ngg-image-4\" class=\"ngg-gallery-thumbnail-box\" >\n\t\t\t\t        <div class=\"ngg-gallery-thumbnail\">\n            <a href=\"http:\/\/www.freimarianne.ch\/wp-content\/gallery\/fafleralp-iph-12-10-22\/IMG_3293.jpeg\"\n               title=\"beim Guggistafel 1915m\"\n               data-src=\"http:\/\/www.freimarianne.ch\/wp-content\/gallery\/fafleralp-iph-12-10-22\/IMG_3293.jpeg\"\n               data-thumbnail=\"http:\/\/www.freimarianne.ch\/wp-content\/gallery\/fafleralp-iph-12-10-22\/thumbs\/thumbs_IMG_3293.jpeg\"\n               data-image-id=\"30293\"\n               data-title=\"IMG_3293\"\n               data-description=\"beim Guggistafel 1915m\"\n               data-image-slug=\"img_3293-3\"\n               class=\"shutterset_ab7c1dc9064355f58cd1001047e09043\">\n                <img\n                    title=\"IMG_3293\"\n                    alt=\"IMG_3293\"\n                    src=\"http:\/\/www.freimarianne.ch\/wp-content\/gallery\/fafleralp-iph-12-10-22\/cache\/IMG_3293.jpeg-nggid0530293-ngg0dyn-100x75x100-00f0w010c010r110f110r010t010.jpeg\"\n                    width=\"100\"\n                    height=\"75\"\n                    style=\"max-width:100%;\"\n                \/>\n            <\/a>\n        <\/div>\n\t\t\t\t\t\t\t<\/div> \n\t\t\t\n                            \n\t\t\t\t<div id=\"ngg-image-5\" class=\"ngg-gallery-thumbnail-box\" >\n\t\t\t\t        <div class=\"ngg-gallery-thumbnail\">\n            <a href=\"http:\/\/www.freimarianne.ch\/wp-content\/gallery\/fafleralp-iph-12-10-22\/IMG_3294.jpeg\"\n               title=\"auf dem Weg zum Guggisee\"\n               data-src=\"http:\/\/www.freimarianne.ch\/wp-content\/gallery\/fafleralp-iph-12-10-22\/IMG_3294.jpeg\"\n               data-thumbnail=\"http:\/\/www.freimarianne.ch\/wp-content\/gallery\/fafleralp-iph-12-10-22\/thumbs\/thumbs_IMG_3294.jpeg\"\n               data-image-id=\"30291\"\n               data-title=\"IMG_3294\"\n               data-description=\"auf dem Weg zum Guggisee\"\n               data-image-slug=\"img_3294-1\"\n               class=\"shutterset_ab7c1dc9064355f58cd1001047e09043\">\n                <img\n                    title=\"IMG_3294\"\n                    alt=\"IMG_3294\"\n                    src=\"http:\/\/www.freimarianne.ch\/wp-content\/gallery\/fafleralp-iph-12-10-22\/cache\/IMG_3294.jpeg-nggid0530291-ngg0dyn-100x75x100-00f0w010c010r110f110r010t010.jpeg\"\n                    width=\"100\"\n                    height=\"75\"\n                    style=\"max-width:100%;\"\n                \/>\n            <\/a>\n        <\/div>\n\t\t\t\t\t\t\t<\/div> \n\t\t\t\n                            \n\t\t\t\t<div id=\"ngg-image-6\" class=\"ngg-gallery-thumbnail-box\" >\n\t\t\t\t        <div class=\"ngg-gallery-thumbnail\">\n            <a href=\"http:\/\/www.freimarianne.ch\/wp-content\/gallery\/fafleralp-iph-12-10-22\/IMG_3299.jpeg\"\n               title=\"auf dem Weg zum Guggisee\"\n               data-src=\"http:\/\/www.freimarianne.ch\/wp-content\/gallery\/fafleralp-iph-12-10-22\/IMG_3299.jpeg\"\n               data-thumbnail=\"http:\/\/www.freimarianne.ch\/wp-content\/gallery\/fafleralp-iph-12-10-22\/thumbs\/thumbs_IMG_3299.jpeg\"\n               data-image-id=\"30290\"\n               data-title=\"IMG_3299\"\n               data-description=\"auf dem Weg zum Guggisee\"\n               data-image-slug=\"img_3299-2\"\n               class=\"shutterset_ab7c1dc9064355f58cd1001047e09043\">\n                <img\n                    title=\"IMG_3299\"\n                    alt=\"IMG_3299\"\n                    src=\"http:\/\/www.freimarianne.ch\/wp-content\/gallery\/fafleralp-iph-12-10-22\/cache\/IMG_3299.jpeg-nggid0530290-ngg0dyn-100x75x100-00f0w010c010r110f110r010t010.jpeg\"\n                    width=\"100\"\n                    height=\"75\"\n                    style=\"max-width:100%;\"\n                \/>\n            <\/a>\n        <\/div>\n\t\t\t\t\t\t\t<\/div> \n\t\t\t\n                            \n\t\t\t\t<div id=\"ngg-image-7\" class=\"ngg-gallery-thumbnail-box\" >\n\t\t\t\t        <div class=\"ngg-gallery-thumbnail\">\n            <a href=\"http:\/\/www.freimarianne.ch\/wp-content\/gallery\/fafleralp-iph-12-10-22\/IMG_3313.jpeg\"\n               title=\"auf dem Weg zum Guggisee\"\n               data-src=\"http:\/\/www.freimarianne.ch\/wp-content\/gallery\/fafleralp-iph-12-10-22\/IMG_3313.jpeg\"\n               data-thumbnail=\"http:\/\/www.freimarianne.ch\/wp-content\/gallery\/fafleralp-iph-12-10-22\/thumbs\/thumbs_IMG_3313.jpeg\"\n               data-image-id=\"30289\"\n               data-title=\"IMG_3313\"\n               data-description=\"auf dem Weg zum Guggisee\"\n               data-image-slug=\"img_3313-17\"\n               class=\"shutterset_ab7c1dc9064355f58cd1001047e09043\">\n                <img\n                    title=\"IMG_3313\"\n                    alt=\"IMG_3313\"\n                    src=\"http:\/\/www.freimarianne.ch\/wp-content\/gallery\/fafleralp-iph-12-10-22\/cache\/IMG_3313.jpeg-nggid0530289-ngg0dyn-100x75x100-00f0w010c010r110f110r010t010.jpeg\"\n                    width=\"100\"\n                    height=\"56\"\n                    style=\"max-width:100%;\"\n                \/>\n            <\/a>\n        <\/div>\n\t\t\t\t\t\t\t<\/div> \n\t\t\t\n                                    <br style=\"clear: both\" \/>\n                    \n\t\t\t\t<div id=\"ngg-image-8\" class=\"ngg-gallery-thumbnail-box\" >\n\t\t\t\t        <div class=\"ngg-gallery-thumbnail\">\n            <a href=\"http:\/\/www.freimarianne.ch\/wp-content\/gallery\/fafleralp-iph-12-10-22\/IMG_3312.jpeg\"\n               title=\"auf dem Weg  taleinw\u00e4rts\"\n               data-src=\"http:\/\/www.freimarianne.ch\/wp-content\/gallery\/fafleralp-iph-12-10-22\/IMG_3312.jpeg\"\n               data-thumbnail=\"http:\/\/www.freimarianne.ch\/wp-content\/gallery\/fafleralp-iph-12-10-22\/thumbs\/thumbs_IMG_3312.jpeg\"\n               data-image-id=\"30288\"\n               data-title=\"IMG_3312\"\n               data-description=\"auf dem Weg  taleinw\u00e4rts\"\n               data-image-slug=\"img_3312-3\"\n               class=\"shutterset_ab7c1dc9064355f58cd1001047e09043\">\n                <img\n                    title=\"IMG_3312\"\n                    alt=\"IMG_3312\"\n                    src=\"http:\/\/www.freimarianne.ch\/wp-content\/gallery\/fafleralp-iph-12-10-22\/cache\/IMG_3312.jpeg-nggid0530288-ngg0dyn-100x75x100-00f0w010c010r110f110r010t010.jpeg\"\n                    width=\"100\"\n                    height=\"56\"\n                    style=\"max-width:100%;\"\n                \/>\n            <\/a>\n        <\/div>\n\t\t\t\t\t\t\t<\/div> \n\t\t\t\n                            \n\t\t\t\t<div id=\"ngg-image-9\" class=\"ngg-gallery-thumbnail-box\" >\n\t\t\t\t        <div class=\"ngg-gallery-thumbnail\">\n            <a href=\"http:\/\/www.freimarianne.ch\/wp-content\/gallery\/fafleralp-iph-12-10-22\/IMG_3311.jpeg\"\n               title=\"auf dem Weg  taleinw\u00e4rts\"\n               data-src=\"http:\/\/www.freimarianne.ch\/wp-content\/gallery\/fafleralp-iph-12-10-22\/IMG_3311.jpeg\"\n               data-thumbnail=\"http:\/\/www.freimarianne.ch\/wp-content\/gallery\/fafleralp-iph-12-10-22\/thumbs\/thumbs_IMG_3311.jpeg\"\n               data-image-id=\"30287\"\n               data-title=\"IMG_3311\"\n               data-description=\"auf dem Weg  taleinw\u00e4rts\"\n               data-image-slug=\"img_3311-1\"\n               class=\"shutterset_ab7c1dc9064355f58cd1001047e09043\">\n                <img\n                    title=\"IMG_3311\"\n                    alt=\"IMG_3311\"\n                    src=\"http:\/\/www.freimarianne.ch\/wp-content\/gallery\/fafleralp-iph-12-10-22\/cache\/IMG_3311.jpeg-nggid0530287-ngg0dyn-100x75x100-00f0w010c010r110f110r010t010.jpeg\"\n                    width=\"100\"\n                    height=\"56\"\n                    style=\"max-width:100%;\"\n                \/>\n            <\/a>\n        <\/div>\n\t\t\t\t\t\t\t<\/div> \n\t\t\t\n                            \n\t\t\t\t<div id=\"ngg-image-10\" class=\"ngg-gallery-thumbnail-box\" >\n\t\t\t\t        <div class=\"ngg-gallery-thumbnail\">\n            <a href=\"http:\/\/www.freimarianne.ch\/wp-content\/gallery\/fafleralp-iph-12-10-22\/IMG_3300.jpeg\"\n               title=\"Guggisee 2007m; L\u00f6tschenl\u00fccke\"\n               data-src=\"http:\/\/www.freimarianne.ch\/wp-content\/gallery\/fafleralp-iph-12-10-22\/IMG_3300.jpeg\"\n               data-thumbnail=\"http:\/\/www.freimarianne.ch\/wp-content\/gallery\/fafleralp-iph-12-10-22\/thumbs\/thumbs_IMG_3300.jpeg\"\n               data-image-id=\"30282\"\n               data-title=\"IMG_3300\"\n               data-description=\"Guggisee 2007m; L\u00f6tschenl\u00fccke\"\n               data-image-slug=\"img_3300-3\"\n               class=\"shutterset_ab7c1dc9064355f58cd1001047e09043\">\n                <img\n                    title=\"IMG_3300\"\n                    alt=\"IMG_3300\"\n                    src=\"http:\/\/www.freimarianne.ch\/wp-content\/gallery\/fafleralp-iph-12-10-22\/cache\/IMG_3300.jpeg-nggid0530282-ngg0dyn-100x75x100-00f0w010c010r110f110r010t010.jpeg\"\n                    width=\"100\"\n                    height=\"75\"\n                    style=\"max-width:100%;\"\n                \/>\n            <\/a>\n        <\/div>\n\t\t\t\t\t\t\t<\/div> \n\t\t\t\n                            \n\t\t\t\t<div id=\"ngg-image-11\" class=\"ngg-gallery-thumbnail-box\" >\n\t\t\t\t        <div class=\"ngg-gallery-thumbnail\">\n            <a href=\"http:\/\/www.freimarianne.ch\/wp-content\/gallery\/fafleralp-iph-12-10-22\/IMG_3301.jpeg\"\n               title=\"Guggisee 2007m; L\u00f6tschenl\u00fccke\"\n               data-src=\"http:\/\/www.freimarianne.ch\/wp-content\/gallery\/fafleralp-iph-12-10-22\/IMG_3301.jpeg\"\n               data-thumbnail=\"http:\/\/www.freimarianne.ch\/wp-content\/gallery\/fafleralp-iph-12-10-22\/thumbs\/thumbs_IMG_3301.jpeg\"\n               data-image-id=\"30284\"\n               data-title=\"IMG_3301\"\n               data-description=\"Guggisee 2007m; L\u00f6tschenl\u00fccke\"\n               data-image-slug=\"img_3301-4\"\n               class=\"shutterset_ab7c1dc9064355f58cd1001047e09043\">\n                <img\n                    title=\"IMG_3301\"\n                    alt=\"IMG_3301\"\n                    src=\"http:\/\/www.freimarianne.ch\/wp-content\/gallery\/fafleralp-iph-12-10-22\/cache\/IMG_3301.jpeg-nggid0530284-ngg0dyn-100x75x100-00f0w010c010r110f110r010t010.jpeg\"\n                    width=\"100\"\n                    height=\"75\"\n                    style=\"max-width:100%;\"\n                \/>\n            <\/a>\n        <\/div>\n\t\t\t\t\t\t\t<\/div> \n\t\t\t\n                                    <br style=\"clear: both\" \/>\n                    \n\t\t\t\t<div id=\"ngg-image-12\" class=\"ngg-gallery-thumbnail-box\" >\n\t\t\t\t        <div class=\"ngg-gallery-thumbnail\">\n            <a href=\"http:\/\/www.freimarianne.ch\/wp-content\/gallery\/fafleralp-iph-12-10-22\/IMG_3302.jpeg\"\n               title=\"Guggisee 2007m\"\n               data-src=\"http:\/\/www.freimarianne.ch\/wp-content\/gallery\/fafleralp-iph-12-10-22\/IMG_3302.jpeg\"\n               data-thumbnail=\"http:\/\/www.freimarianne.ch\/wp-content\/gallery\/fafleralp-iph-12-10-22\/thumbs\/thumbs_IMG_3302.jpeg\"\n               data-image-id=\"30285\"\n               data-title=\"IMG_3302\"\n               data-description=\"Guggisee 2007m\"\n               data-image-slug=\"img_3302-1\"\n               class=\"shutterset_ab7c1dc9064355f58cd1001047e09043\">\n                <img\n                    title=\"IMG_3302\"\n                    alt=\"IMG_3302\"\n                    src=\"http:\/\/www.freimarianne.ch\/wp-content\/gallery\/fafleralp-iph-12-10-22\/cache\/IMG_3302.jpeg-nggid0530285-ngg0dyn-100x75x100-00f0w010c010r110f110r010t010.jpeg\"\n                    width=\"100\"\n                    height=\"75\"\n                    style=\"max-width:100%;\"\n                \/>\n            <\/a>\n        <\/div>\n\t\t\t\t\t\t\t<\/div> \n\t\t\t\n                            \n\t\t\t\t<div id=\"ngg-image-13\" class=\"ngg-gallery-thumbnail-box\" >\n\t\t\t\t        <div class=\"ngg-gallery-thumbnail\">\n            <a href=\"http:\/\/www.freimarianne.ch\/wp-content\/gallery\/fafleralp-iph-12-10-22\/IMG_3303.jpeg\"\n               title=\"Heidelbeerfeld nach dem Guggisee; Jegichnubel 3124m\"\n               data-src=\"http:\/\/www.freimarianne.ch\/wp-content\/gallery\/fafleralp-iph-12-10-22\/IMG_3303.jpeg\"\n               data-thumbnail=\"http:\/\/www.freimarianne.ch\/wp-content\/gallery\/fafleralp-iph-12-10-22\/thumbs\/thumbs_IMG_3303.jpeg\"\n               data-image-id=\"30286\"\n               data-title=\"IMG_3303\"\n               data-description=\"Heidelbeerfeld nach dem Guggisee; Jegichnubel 3124m\"\n               data-image-slug=\"img_3303-3\"\n               class=\"shutterset_ab7c1dc9064355f58cd1001047e09043\">\n                <img\n                    title=\"IMG_3303\"\n                    alt=\"IMG_3303\"\n                    src=\"http:\/\/www.freimarianne.ch\/wp-content\/gallery\/fafleralp-iph-12-10-22\/cache\/IMG_3303.jpeg-nggid0530286-ngg0dyn-100x75x100-00f0w010c010r110f110r010t010.jpeg\"\n                    width=\"100\"\n                    height=\"75\"\n                    style=\"max-width:100%;\"\n                \/>\n            <\/a>\n        <\/div>\n\t\t\t\t\t\t\t<\/div> \n\t\t\t\n                            \n\t\t\t\t<div id=\"ngg-image-14\" class=\"ngg-gallery-thumbnail-box\" >\n\t\t\t\t        <div class=\"ngg-gallery-thumbnail\">\n            <a href=\"http:\/\/www.freimarianne.ch\/wp-content\/gallery\/fafleralp-iph-12-10-22\/IMG_3304.jpeg\"\n               title=\"Blick zum L\u00f6tschenl\u00fccke\"\n               data-src=\"http:\/\/www.freimarianne.ch\/wp-content\/gallery\/fafleralp-iph-12-10-22\/IMG_3304.jpeg\"\n               data-thumbnail=\"http:\/\/www.freimarianne.ch\/wp-content\/gallery\/fafleralp-iph-12-10-22\/thumbs\/thumbs_IMG_3304.jpeg\"\n               data-image-id=\"30283\"\n               data-title=\"IMG_3304\"\n               data-description=\"Blick zum L\u00f6tschenl\u00fccke\"\n               data-image-slug=\"img_3304\"\n               class=\"shutterset_ab7c1dc9064355f58cd1001047e09043\">\n                <img\n                    title=\"IMG_3304\"\n                    alt=\"IMG_3304\"\n                    src=\"http:\/\/www.freimarianne.ch\/wp-content\/gallery\/fafleralp-iph-12-10-22\/cache\/IMG_3304.jpeg-nggid0530283-ngg0dyn-100x75x100-00f0w010c010r110f110r010t010.jpeg\"\n                    width=\"100\"\n                    height=\"75\"\n                    style=\"max-width:100%;\"\n                \/>\n            <\/a>\n        <\/div>\n\t\t\t\t\t\t\t<\/div> \n\t\t\t\n                            \n\t\t\t\t<div id=\"ngg-image-15\" class=\"ngg-gallery-thumbnail-box\" >\n\t\t\t\t        <div class=\"ngg-gallery-thumbnail\">\n            <a href=\"http:\/\/www.freimarianne.ch\/wp-content\/gallery\/fafleralp-iph-12-10-22\/IMG_3308.jpeg\"\n               title=\"die Lonza bei der Fafleralp\"\n               data-src=\"http:\/\/www.freimarianne.ch\/wp-content\/gallery\/fafleralp-iph-12-10-22\/IMG_3308.jpeg\"\n               data-thumbnail=\"http:\/\/www.freimarianne.ch\/wp-content\/gallery\/fafleralp-iph-12-10-22\/thumbs\/thumbs_IMG_3308.jpeg\"\n               data-image-id=\"30281\"\n               data-title=\"IMG_3308\"\n               data-description=\"die Lonza bei der Fafleralp\"\n               data-image-slug=\"img_3308-3\"\n               class=\"shutterset_ab7c1dc9064355f58cd1001047e09043\">\n                <img\n                    title=\"IMG_3308\"\n                    alt=\"IMG_3308\"\n                    src=\"http:\/\/www.freimarianne.ch\/wp-content\/gallery\/fafleralp-iph-12-10-22\/cache\/IMG_3308.jpeg-nggid0530281-ngg0dyn-100x75x100-00f0w010c010r110f110r010t010.jpeg\"\n                    width=\"100\"\n                    height=\"75\"\n                    style=\"max-width:100%;\"\n                \/>\n            <\/a>\n        <\/div>\n\t\t\t\t\t\t\t<\/div> \n\t\t\t\n                                    <br style=\"clear: both\" \/>\n                    \n\t\t\n\t\t<!-- Pagination -->\n\t<div class='ngg-clear'><\/div>\t<\/div>\n\n","protected":false},"excerpt":{"rendered":"<p>Heute m\u00f6chte ich die Herbstlandschaft im L\u00f6tschental erleben. Der Wetterbericht verspricht Sonne und Wolken.Aber als ich in Goppensein ankomme, empf\u00e4ngt mich ein verdeckter Himmel und die Strasse ist nass. Es scheint im Wallis geregnet zu haben.Es hat aber trotz diesem Wetter recht viel Leute im Postauto. Auf der Fafleralp 1795m, wo ich um 10.36h ankomme [&hellip;]<\/p>\n","protected":false},"author":1,"featured_media":0,"parent":60728,"menu_order":12,"comment_status":"closed","ping_status":"closed","template":"","meta":{"ngg_post_thumbnail":0},"_links":{"self":[{"href":"http:\/\/www.freimarianne.ch\/index.php?rest_route=\/wp\/v2\/pages\/61155"}],"collection":[{"href":"http:\/\/www.freimarianne.ch\/index.php?rest_route=\/wp\/v2\/pages"}],"about":[{"href":"http:\/\/www.freimarianne.ch\/index.php?rest_route=\/wp\/v2\/types\/page"}],"author":[{"embeddable":true,"href":"http:\/\/www.freimarianne.ch\/index.php?rest_route=\/wp\/v2\/users\/1"}],"replies":[{"embeddable":true,"href":"http:\/\/www.freimarianne.ch\/index.php?rest_route=%2Fwp%2Fv2%2Fcomments&post=61155"}],"version-history":[{"count":4,"href":"http:\/\/www.freimarianne.ch\/index.php?rest_route=\/wp\/v2\/pages\/61155\/revisions"}],"predecessor-version":[{"id":61202,"href":"http:\/\/www.freimarianne.ch\/index.php?rest_route=\/wp\/v2\/pages\/61155\/revisions\/61202"}],"up":[{"embeddable":true,"href":"http:\/\/www.freimarianne.ch\/index.php?rest_route=\/wp\/v2\/pages\/60728"}],"wp:attachment":[{"href":"http:\/\/www.freimarianne.ch\/index.php?rest_route=%2Fwp%2Fv2%2Fmedia&parent=61155"}],"curies":[{"name":"wp","href":"https:\/\/api.w.org\/{rel}","templated":true}]}}