{"id":62702,"date":"2023-08-01T10:50:55","date_gmt":"2023-08-01T09:50:55","guid":{"rendered":"http:\/\/www.freimarianne.ch\/?page_id=62702"},"modified":"2023-08-01T14:14:02","modified_gmt":"2023-08-01T13:14:02","slug":"unterbach-brandalp-suonen-rundweg-vs-31-7-2023","status":"publish","type":"page","link":"http:\/\/www.freimarianne.ch\/?page_id=62702","title":{"rendered":"Unterb\u00e4ch &#8211; Brandalp &#8211; Suonen Rundweg  VS  31.7.2023"},"content":{"rendered":"<div id=\"attachment_62685\" style=\"width: 510px\" class=\"wp-caption alignleft\"><img aria-describedby=\"caption-attachment-62685\" loading=\"lazy\" class=\"size-full wp-image-62685\" src=\"http:\/\/www.freimarianne.ch\/wp-content\/uploads\/2023\/08\/IMG_4290_Unterba\u0308ch-31.7.23_500.jpeg\" alt=\"\" width=\"500\" height=\"375\" srcset=\"http:\/\/www.freimarianne.ch\/wp-content\/uploads\/2023\/08\/IMG_4290_Unterba\u0308ch-31.7.23_500.jpeg 500w, http:\/\/www.freimarianne.ch\/wp-content\/uploads\/2023\/08\/IMG_4290_Unterba\u0308ch-31.7.23_500-300x225.jpeg 300w, http:\/\/www.freimarianne.ch\/wp-content\/uploads\/2023\/08\/IMG_4290_Unterba\u0308ch-31.7.23_500-400x300.jpeg 400w\" sizes=\"(max-width: 500px) 100vw, 500px\" \/><p id=\"caption-attachment-62685\" class=\"wp-caption-text\">an der Meiggere Suon<\/p><\/div>\n<p>Heute benutze ich das Zwischenhoch f\u00fcr eine Wanderung im Wallis.<br>\nIch fahre nach Unterb\u00e4ch 1291m (9.45h) und steige von dort aus ( zu Trainingszwecken) hinauf auf die Brandalp 1590m (10.49h).<br>\nAuf der Brandalp 1590m (10.45h) gibt es eine kurze Trinkpause und dann begeben ich mich auf den Suonenweg ( Meiggere Sion), wobei es gleich einmal steil hinaufgeht. Dann wird es flacher und ich befinde nun auf dem Suonenweg. Die Stone f\u00fchrt nur teilweise Wasser. Um 11.50h komme ich in offenes Gel\u00e4nde, wo ich schon einmal vorbeigekommen bin auf dem Weg von Eischoll. Auf der Wiese halte ich meine Mittagsrast und nehme dann den Weg der Alten Suon unter die F\u00fcsse. Diese Suone f\u00fchrt Wasser. Der Weg verl\u00e4uft quer im Bergwald. Beim Tobel des L\u00f6ubbaches fliesst die Suone steil hinunter und der Weg wird steil und ausgesetzt. Ich bin froh, als ich unten bei der Br\u00fccke bin. Von hier aus k\u00f6nnte man der Alten Suon nach B\u00fcrchen folgen. Ich aber nehme den Weg hinunter nach Alp Brand, wo ich bis 14.00 h warten muss, denn die Sesselbahn f\u00e4hrt \u00fcber die Mittagszeit nicht. So habe ich noch Zeit f\u00fcr einen Kaffee im Restaurant. In Unterb\u00e4ch kann ich um 14.25h die Seilbahn hinunter nach Raron nehmen.<\/p>\n<p>Dies war eine ganz sch\u00f6ne Wanderung.<\/p>\n<p>Laut Schweizmobil:<\/p>\n<p>Distanz: 7.72km; Aufstieg: 632m; Abstieg: 273m; Wanderzeit: 2h 51h<\/p>\n<p><a href=\"https:\/\/map.schweizmobil.ch\/?lang=de&amp;photos=yes&amp;bgLayer=pk&amp;logo=yes&amp;detours=yes&amp;season=summer&amp;resolution=2.5&amp;E=2627487&amp;N=1124638&amp;layers=Wanderland%2CStation&amp;trackId=337792430\">Karte Schweizmobil:<\/a><\/p>\n\n\n<!-- index.php -->\n<div\n\tclass=\"ngg-galleryoverview ngg-ajax-pagination-none\"\n\tid=\"ngg-gallery-8a7819c2872bc8e9076486f680866c78-1\">\n\n    \t<div class=\"slideshowlink\">\n        <a href='http:\/\/www.freimarianne.ch\/index.php\/nggallery\/slideshow?page_id=62702'>[Show as slideshow]<\/a>\n\t\t\n\t<\/div>\n\t\t\t<!-- Thumbnails -->\n\t\t\t\t<div id=\"ngg-image-0\" class=\"ngg-gallery-thumbnail-box\" >\n\t\t\t\t        <div class=\"ngg-gallery-thumbnail\">\n            <a href=\"http:\/\/www.freimarianne.ch\/wp-content\/gallery\/unterbach-brandalp-31-7-23\/IMG_4270.jpeg\"\n               title=\"Weidenr\u00f6schen\"\n               data-src=\"http:\/\/www.freimarianne.ch\/wp-content\/gallery\/unterbach-brandalp-31-7-23\/IMG_4270.jpeg\"\n               data-thumbnail=\"http:\/\/www.freimarianne.ch\/wp-content\/gallery\/unterbach-brandalp-31-7-23\/thumbs\/thumbs_IMG_4270.jpeg\"\n               data-image-id=\"31332\"\n               data-title=\"Weidenr\u00f6schen\"\n               data-description=\"Weidenr\u00f6schen\"\n               data-image-slug=\"img_4270-2\"\n               class=\"shutterset_8a7819c2872bc8e9076486f680866c78\">\n                <img\n                    title=\"Weidenr\u00f6schen\"\n                    alt=\"Weidenr\u00f6schen\"\n                    src=\"http:\/\/www.freimarianne.ch\/wp-content\/gallery\/unterbach-brandalp-31-7-23\/cache\/IMG_4270.jpeg-nggid0531332-ngg0dyn-100x75x100-00f0w010c010r110f110r010t010.jpeg\"\n                    width=\"98\"\n                    height=\"75\"\n                    style=\"max-width:100%;\"\n                \/>\n            <\/a>\n        <\/div>\n\t\t\t\t\t\t\t<\/div> \n\t\t\t\n                            \n\t\t\t\t<div id=\"ngg-image-1\" class=\"ngg-gallery-thumbnail-box\" >\n\t\t\t\t        <div class=\"ngg-gallery-thumbnail\">\n            <a href=\"http:\/\/www.freimarianne.ch\/wp-content\/gallery\/unterbach-brandalp-31-7-23\/IMG_4271.jpeg\"\n               title=\"die Lichtung Egga 1468m\"\n               data-src=\"http:\/\/www.freimarianne.ch\/wp-content\/gallery\/unterbach-brandalp-31-7-23\/IMG_4271.jpeg\"\n               data-thumbnail=\"http:\/\/www.freimarianne.ch\/wp-content\/gallery\/unterbach-brandalp-31-7-23\/thumbs\/thumbs_IMG_4271.jpeg\"\n               data-image-id=\"31330\"\n               data-title=\"die Lichtung Egga 1468m\"\n               data-description=\"die Lichtung Egga 1468m\"\n               data-image-slug=\"img_4271-2\"\n               class=\"shutterset_8a7819c2872bc8e9076486f680866c78\">\n                <img\n                    title=\"die Lichtung Egga 1468m\"\n                    alt=\"die Lichtung Egga 1468m\"\n                    src=\"http:\/\/www.freimarianne.ch\/wp-content\/gallery\/unterbach-brandalp-31-7-23\/cache\/IMG_4271.jpeg-nggid0531330-ngg0dyn-100x75x100-00f0w010c010r110f110r010t010.jpeg\"\n                    width=\"100\"\n                    height=\"75\"\n                    style=\"max-width:100%;\"\n                \/>\n            <\/a>\n        <\/div>\n\t\t\t\t\t\t\t<\/div> \n\t\t\t\n                            \n\t\t\t\t<div id=\"ngg-image-2\" class=\"ngg-gallery-thumbnail-box\" >\n\t\t\t\t        <div class=\"ngg-gallery-thumbnail\">\n            <a href=\"http:\/\/www.freimarianne.ch\/wp-content\/gallery\/unterbach-brandalp-31-7-23\/IMG_4277.jpeg\"\n               title=\"die ersten H\u00e4user auf der Brandalp;Bietschhorn\"\n               data-src=\"http:\/\/www.freimarianne.ch\/wp-content\/gallery\/unterbach-brandalp-31-7-23\/IMG_4277.jpeg\"\n               data-thumbnail=\"http:\/\/www.freimarianne.ch\/wp-content\/gallery\/unterbach-brandalp-31-7-23\/thumbs\/thumbs_IMG_4277.jpeg\"\n               data-image-id=\"31331\"\n               data-title=\"die ersten H\u00e4user auf der Brandalp;Bietschhorn\"\n               data-description=\"die ersten H\u00e4user auf der Brandalp;Bietschhorn\"\n               data-image-slug=\"img_4277-1\"\n               class=\"shutterset_8a7819c2872bc8e9076486f680866c78\">\n                <img\n                    title=\"die ersten H\u00e4user auf der Brandalp;Bietschhorn\"\n                    alt=\"die ersten H\u00e4user auf der Brandalp;Bietschhorn\"\n                    src=\"http:\/\/www.freimarianne.ch\/wp-content\/gallery\/unterbach-brandalp-31-7-23\/cache\/IMG_4277.jpeg-nggid0531331-ngg0dyn-100x75x100-00f0w010c010r110f110r010t010.jpeg\"\n                    width=\"100\"\n                    height=\"75\"\n                    style=\"max-width:100%;\"\n                \/>\n            <\/a>\n        <\/div>\n\t\t\t\t\t\t\t<\/div> \n\t\t\t\n                            \n\t\t\t\t<div id=\"ngg-image-3\" class=\"ngg-gallery-thumbnail-box\" >\n\t\t\t\t        <div class=\"ngg-gallery-thumbnail\">\n            <a href=\"http:\/\/www.freimarianne.ch\/wp-content\/gallery\/unterbach-brandalp-31-7-23\/IMG_4279.jpeg\"\n               title=\"Brandalp 1590m; re Altes, Balmhorn\"\n               data-src=\"http:\/\/www.freimarianne.ch\/wp-content\/gallery\/unterbach-brandalp-31-7-23\/IMG_4279.jpeg\"\n               data-thumbnail=\"http:\/\/www.freimarianne.ch\/wp-content\/gallery\/unterbach-brandalp-31-7-23\/thumbs\/thumbs_IMG_4279.jpeg\"\n               data-image-id=\"31329\"\n               data-title=\"Brandalp 1590m; re Altes, Balmhorn\"\n               data-description=\"Brandalp 1590m; re Altes, Balmhorn\"\n               data-image-slug=\"img_4279-4\"\n               class=\"shutterset_8a7819c2872bc8e9076486f680866c78\">\n                <img\n                    title=\"Brandalp 1590m; re Altes, Balmhorn\"\n                    alt=\"Brandalp 1590m; re Altes, Balmhorn\"\n                    src=\"http:\/\/www.freimarianne.ch\/wp-content\/gallery\/unterbach-brandalp-31-7-23\/cache\/IMG_4279.jpeg-nggid0531329-ngg0dyn-100x75x100-00f0w010c010r110f110r010t010.jpeg\"\n                    width=\"100\"\n                    height=\"75\"\n                    style=\"max-width:100%;\"\n                \/>\n            <\/a>\n        <\/div>\n\t\t\t\t\t\t\t<\/div> \n\t\t\t\n                                    <br style=\"clear: both\" \/>\n                    \n\t\t\t\t<div id=\"ngg-image-4\" class=\"ngg-gallery-thumbnail-box\" >\n\t\t\t\t        <div class=\"ngg-gallery-thumbnail\">\n            <a href=\"http:\/\/www.freimarianne.ch\/wp-content\/gallery\/unterbach-brandalp-31-7-23\/IMG_4284.jpeg\"\n               title=\"auf dem Suonenweg\"\n               data-src=\"http:\/\/www.freimarianne.ch\/wp-content\/gallery\/unterbach-brandalp-31-7-23\/IMG_4284.jpeg\"\n               data-thumbnail=\"http:\/\/www.freimarianne.ch\/wp-content\/gallery\/unterbach-brandalp-31-7-23\/thumbs\/thumbs_IMG_4284.jpeg\"\n               data-image-id=\"31328\"\n               data-title=\"auf dem Suonenweg\"\n               data-description=\"auf dem Suonenweg\"\n               data-image-slug=\"img_4284-2\"\n               class=\"shutterset_8a7819c2872bc8e9076486f680866c78\">\n                <img\n                    title=\"auf dem Suonenweg\"\n                    alt=\"auf dem Suonenweg\"\n                    src=\"http:\/\/www.freimarianne.ch\/wp-content\/gallery\/unterbach-brandalp-31-7-23\/cache\/IMG_4284.jpeg-nggid0531328-ngg0dyn-100x75x100-00f0w010c010r110f110r010t010.jpeg\"\n                    width=\"100\"\n                    height=\"75\"\n                    style=\"max-width:100%;\"\n                \/>\n            <\/a>\n        <\/div>\n\t\t\t\t\t\t\t<\/div> \n\t\t\t\n                            \n\t\t\t\t<div id=\"ngg-image-5\" class=\"ngg-gallery-thumbnail-box\" >\n\t\t\t\t        <div class=\"ngg-gallery-thumbnail\">\n            <a href=\"http:\/\/www.freimarianne.ch\/wp-content\/gallery\/unterbach-brandalp-31-7-23\/IMG_4292.jpeg\"\n               title=\"hier halte ich die Mittagsrast\"\n               data-src=\"http:\/\/www.freimarianne.ch\/wp-content\/gallery\/unterbach-brandalp-31-7-23\/IMG_4292.jpeg\"\n               data-thumbnail=\"http:\/\/www.freimarianne.ch\/wp-content\/gallery\/unterbach-brandalp-31-7-23\/thumbs\/thumbs_IMG_4292.jpeg\"\n               data-image-id=\"31327\"\n               data-title=\"hier halte ich die Mittagsrast\"\n               data-description=\"hier halte ich die Mittagsrast\"\n               data-image-slug=\"img_4292-3\"\n               class=\"shutterset_8a7819c2872bc8e9076486f680866c78\">\n                <img\n                    title=\"hier halte ich die Mittagsrast\"\n                    alt=\"hier halte ich die Mittagsrast\"\n                    src=\"http:\/\/www.freimarianne.ch\/wp-content\/gallery\/unterbach-brandalp-31-7-23\/cache\/IMG_4292.jpeg-nggid0531327-ngg0dyn-100x75x100-00f0w010c010r110f110r010t010.jpeg\"\n                    width=\"100\"\n                    height=\"70\"\n                    style=\"max-width:100%;\"\n                \/>\n            <\/a>\n        <\/div>\n\t\t\t\t\t\t\t<\/div> \n\t\t\t\n                            \n\t\t\t\t<div id=\"ngg-image-6\" class=\"ngg-gallery-thumbnail-box\" >\n\t\t\t\t        <div class=\"ngg-gallery-thumbnail\">\n            <a href=\"http:\/\/www.freimarianne.ch\/wp-content\/gallery\/unterbach-brandalp-31-7-23\/IMG_4295.jpeg\"\n               title=\"Weg Alte Suon\"\n               data-src=\"http:\/\/www.freimarianne.ch\/wp-content\/gallery\/unterbach-brandalp-31-7-23\/IMG_4295.jpeg\"\n               data-thumbnail=\"http:\/\/www.freimarianne.ch\/wp-content\/gallery\/unterbach-brandalp-31-7-23\/thumbs\/thumbs_IMG_4295.jpeg\"\n               data-image-id=\"31326\"\n               data-title=\"Weg Alte Suon\"\n               data-description=\"Weg Alte Suon\"\n               data-image-slug=\"img_4295-5\"\n               class=\"shutterset_8a7819c2872bc8e9076486f680866c78\">\n                <img\n                    title=\"Weg Alte Suon\"\n                    alt=\"Weg Alte Suon\"\n                    src=\"http:\/\/www.freimarianne.ch\/wp-content\/gallery\/unterbach-brandalp-31-7-23\/cache\/IMG_4295.jpeg-nggid0531326-ngg0dyn-100x75x100-00f0w010c010r110f110r010t010.jpeg\"\n                    width=\"100\"\n                    height=\"75\"\n                    style=\"max-width:100%;\"\n                \/>\n            <\/a>\n        <\/div>\n\t\t\t\t\t\t\t<\/div> \n\t\t\t\n                            \n\t\t\t\t<div id=\"ngg-image-7\" class=\"ngg-gallery-thumbnail-box\" >\n\t\t\t\t        <div class=\"ngg-gallery-thumbnail\">\n            <a href=\"http:\/\/www.freimarianne.ch\/wp-content\/gallery\/unterbach-brandalp-31-7-23\/IMG_4298.jpeg\"\n               title=\"Weg Alte Suon\"\n               data-src=\"http:\/\/www.freimarianne.ch\/wp-content\/gallery\/unterbach-brandalp-31-7-23\/IMG_4298.jpeg\"\n               data-thumbnail=\"http:\/\/www.freimarianne.ch\/wp-content\/gallery\/unterbach-brandalp-31-7-23\/thumbs\/thumbs_IMG_4298.jpeg\"\n               data-image-id=\"31324\"\n               data-title=\"Weg Alte Suon\"\n               data-description=\"Weg Alte Suon\"\n               data-image-slug=\"img_4298-2\"\n               class=\"shutterset_8a7819c2872bc8e9076486f680866c78\">\n                <img\n                    title=\"Weg Alte Suon\"\n                    alt=\"Weg Alte Suon\"\n                    src=\"http:\/\/www.freimarianne.ch\/wp-content\/gallery\/unterbach-brandalp-31-7-23\/cache\/IMG_4298.jpeg-nggid0531324-ngg0dyn-100x75x100-00f0w010c010r110f110r010t010.jpeg\"\n                    width=\"100\"\n                    height=\"75\"\n                    style=\"max-width:100%;\"\n                \/>\n            <\/a>\n        <\/div>\n\t\t\t\t\t\t\t<\/div> \n\t\t\t\n                                    <br style=\"clear: both\" \/>\n                    \n\t\t\t\t<div id=\"ngg-image-8\" class=\"ngg-gallery-thumbnail-box\" >\n\t\t\t\t        <div class=\"ngg-gallery-thumbnail\">\n            <a href=\"http:\/\/www.freimarianne.ch\/wp-content\/gallery\/unterbach-brandalp-31-7-23\/IMG_4299.jpeg\"\n               title=\"Weg Alte Suon\"\n               data-src=\"http:\/\/www.freimarianne.ch\/wp-content\/gallery\/unterbach-brandalp-31-7-23\/IMG_4299.jpeg\"\n               data-thumbnail=\"http:\/\/www.freimarianne.ch\/wp-content\/gallery\/unterbach-brandalp-31-7-23\/thumbs\/thumbs_IMG_4299.jpeg\"\n               data-image-id=\"31325\"\n               data-title=\"Weg Alte Suon\"\n               data-description=\"Weg Alte Suon\"\n               data-image-slug=\"img_4299-4\"\n               class=\"shutterset_8a7819c2872bc8e9076486f680866c78\">\n                <img\n                    title=\"Weg Alte Suon\"\n                    alt=\"Weg Alte Suon\"\n                    src=\"http:\/\/www.freimarianne.ch\/wp-content\/gallery\/unterbach-brandalp-31-7-23\/cache\/IMG_4299.jpeg-nggid0531325-ngg0dyn-100x75x100-00f0w010c010r110f110r010t010.jpeg\"\n                    width=\"100\"\n                    height=\"75\"\n                    style=\"max-width:100%;\"\n                \/>\n            <\/a>\n        <\/div>\n\t\t\t\t\t\t\t<\/div> \n\t\t\t\n                            \n\t\t\t\t<div id=\"ngg-image-9\" class=\"ngg-gallery-thumbnail-box\" >\n\t\t\t\t        <div class=\"ngg-gallery-thumbnail\">\n            <a href=\"http:\/\/www.freimarianne.ch\/wp-content\/gallery\/unterbach-brandalp-31-7-23\/IMG_4300.jpeg\"\n               title=\"Weg Alte Suon\"\n               data-src=\"http:\/\/www.freimarianne.ch\/wp-content\/gallery\/unterbach-brandalp-31-7-23\/IMG_4300.jpeg\"\n               data-thumbnail=\"http:\/\/www.freimarianne.ch\/wp-content\/gallery\/unterbach-brandalp-31-7-23\/thumbs\/thumbs_IMG_4300.jpeg\"\n               data-image-id=\"31323\"\n               data-title=\"Weg Alte Suon\"\n               data-description=\"Weg Alte Suon\"\n               data-image-slug=\"img_4300-5\"\n               class=\"shutterset_8a7819c2872bc8e9076486f680866c78\">\n                <img\n                    title=\"Weg Alte Suon\"\n                    alt=\"Weg Alte Suon\"\n                    src=\"http:\/\/www.freimarianne.ch\/wp-content\/gallery\/unterbach-brandalp-31-7-23\/cache\/IMG_4300.jpeg-nggid0531323-ngg0dyn-100x75x100-00f0w010c010r110f110r010t010.jpeg\"\n                    width=\"100\"\n                    height=\"75\"\n                    style=\"max-width:100%;\"\n                \/>\n            <\/a>\n        <\/div>\n\t\t\t\t\t\t\t<\/div> \n\t\t\t\n                            \n\t\t\t\t<div id=\"ngg-image-10\" class=\"ngg-gallery-thumbnail-box\" >\n\t\t\t\t        <div class=\"ngg-gallery-thumbnail\">\n            <a href=\"http:\/\/www.freimarianne.ch\/wp-content\/gallery\/unterbach-brandalp-31-7-23\/IMG_4302.jpeg\"\n               title=\"Weg Alte Suon\"\n               data-src=\"http:\/\/www.freimarianne.ch\/wp-content\/gallery\/unterbach-brandalp-31-7-23\/IMG_4302.jpeg\"\n               data-thumbnail=\"http:\/\/www.freimarianne.ch\/wp-content\/gallery\/unterbach-brandalp-31-7-23\/thumbs\/thumbs_IMG_4302.jpeg\"\n               data-image-id=\"31322\"\n               data-title=\"Weg Alte Suon\"\n               data-description=\"Weg Alte Suon\"\n               data-image-slug=\"img_4302-2\"\n               class=\"shutterset_8a7819c2872bc8e9076486f680866c78\">\n                <img\n                    title=\"Weg Alte Suon\"\n                    alt=\"Weg Alte Suon\"\n                    src=\"http:\/\/www.freimarianne.ch\/wp-content\/gallery\/unterbach-brandalp-31-7-23\/cache\/IMG_4302.jpeg-nggid0531322-ngg0dyn-100x75x100-00f0w010c010r110f110r010t010.jpeg\"\n                    width=\"100\"\n                    height=\"72\"\n                    style=\"max-width:100%;\"\n                \/>\n            <\/a>\n        <\/div>\n\t\t\t\t\t\t\t<\/div> \n\t\t\t\n                            \n\t\t\t\t<div id=\"ngg-image-11\" class=\"ngg-gallery-thumbnail-box\" >\n\t\t\t\t        <div class=\"ngg-gallery-thumbnail\">\n            <a href=\"http:\/\/www.freimarianne.ch\/wp-content\/gallery\/unterbach-brandalp-31-7-23\/IMG_4306.jpeg\"\n               title=\"es geht hinunter\"\n               data-src=\"http:\/\/www.freimarianne.ch\/wp-content\/gallery\/unterbach-brandalp-31-7-23\/IMG_4306.jpeg\"\n               data-thumbnail=\"http:\/\/www.freimarianne.ch\/wp-content\/gallery\/unterbach-brandalp-31-7-23\/thumbs\/thumbs_IMG_4306.jpeg\"\n               data-image-id=\"31316\"\n               data-title=\"es geht hinunter\"\n               data-description=\"es geht hinunter\"\n               data-image-slug=\"img_4306-3\"\n               class=\"shutterset_8a7819c2872bc8e9076486f680866c78\">\n                <img\n                    title=\"es geht hinunter\"\n                    alt=\"es geht hinunter\"\n                    src=\"http:\/\/www.freimarianne.ch\/wp-content\/gallery\/unterbach-brandalp-31-7-23\/cache\/IMG_4306.jpeg-nggid0531316-ngg0dyn-100x75x100-00f0w010c010r110f110r010t010.jpeg\"\n                    width=\"100\"\n                    height=\"75\"\n                    style=\"max-width:100%;\"\n                \/>\n            <\/a>\n        <\/div>\n\t\t\t\t\t\t\t<\/div> \n\t\t\t\n                                    <br style=\"clear: both\" \/>\n                    \n\t\t\t\t<div id=\"ngg-image-12\" class=\"ngg-gallery-thumbnail-box\" >\n\t\t\t\t        <div class=\"ngg-gallery-thumbnail\">\n            <a href=\"http:\/\/www.freimarianne.ch\/wp-content\/gallery\/unterbach-brandalp-31-7-23\/IMG_4307.jpeg\"\n               title=\"\u00fcber Br\u00fccke\"\n               data-src=\"http:\/\/www.freimarianne.ch\/wp-content\/gallery\/unterbach-brandalp-31-7-23\/IMG_4307.jpeg\"\n               data-thumbnail=\"http:\/\/www.freimarianne.ch\/wp-content\/gallery\/unterbach-brandalp-31-7-23\/thumbs\/thumbs_IMG_4307.jpeg\"\n               data-image-id=\"31319\"\n               data-title=\"\u00fcber Br\u00fccke\"\n               data-description=\"\u00fcber Br\u00fccke\"\n               data-image-slug=\"img_4307-2\"\n               class=\"shutterset_8a7819c2872bc8e9076486f680866c78\">\n                <img\n                    title=\"\u00fcber Br\u00fccke\"\n                    alt=\"\u00fcber Br\u00fccke\"\n                    src=\"http:\/\/www.freimarianne.ch\/wp-content\/gallery\/unterbach-brandalp-31-7-23\/cache\/IMG_4307.jpeg-nggid0531319-ngg0dyn-100x75x100-00f0w010c010r110f110r010t010.jpeg\"\n                    width=\"100\"\n                    height=\"75\"\n                    style=\"max-width:100%;\"\n                \/>\n            <\/a>\n        <\/div>\n\t\t\t\t\t\t\t<\/div> \n\t\t\t\n                            \n\t\t\t\t<div id=\"ngg-image-13\" class=\"ngg-gallery-thumbnail-box\" >\n\t\t\t\t        <div class=\"ngg-gallery-thumbnail\">\n            <a href=\"http:\/\/www.freimarianne.ch\/wp-content\/gallery\/unterbach-brandalp-31-7-23\/IMG_4308.jpeg\"\n               title=\"hier st\u00fcrzt das Wasser der alten Suon hinunter\"\n               data-src=\"http:\/\/www.freimarianne.ch\/wp-content\/gallery\/unterbach-brandalp-31-7-23\/IMG_4308.jpeg\"\n               data-thumbnail=\"http:\/\/www.freimarianne.ch\/wp-content\/gallery\/unterbach-brandalp-31-7-23\/thumbs\/thumbs_IMG_4308.jpeg\"\n               data-image-id=\"31321\"\n               data-title=\"hier st\u00fcrzt das Wasser der alten Suon hinunter\"\n               data-description=\"hier st\u00fcrzt das Wasser der alten Suon hinunter\"\n               data-image-slug=\"img_4308-1\"\n               class=\"shutterset_8a7819c2872bc8e9076486f680866c78\">\n                <img\n                    title=\"hier st\u00fcrzt das Wasser der alten Suon hinunter\"\n                    alt=\"hier st\u00fcrzt das Wasser der alten Suon hinunter\"\n                    src=\"http:\/\/www.freimarianne.ch\/wp-content\/gallery\/unterbach-brandalp-31-7-23\/cache\/IMG_4308.jpeg-nggid0531321-ngg0dyn-100x75x100-00f0w010c010r110f110r010t010.jpeg\"\n                    width=\"56\"\n                    height=\"75\"\n                    style=\"max-width:100%;\"\n                \/>\n            <\/a>\n        <\/div>\n\t\t\t\t\t\t\t<\/div> \n\t\t\t\n                            \n\t\t\t\t<div id=\"ngg-image-14\" class=\"ngg-gallery-thumbnail-box\" >\n\t\t\t\t        <div class=\"ngg-gallery-thumbnail\">\n            <a href=\"http:\/\/www.freimarianne.ch\/wp-content\/gallery\/unterbach-brandalp-31-7-23\/IMG_4309.jpeg\"\n               title=\"Blick in das Tobel\"\n               data-src=\"http:\/\/www.freimarianne.ch\/wp-content\/gallery\/unterbach-brandalp-31-7-23\/IMG_4309.jpeg\"\n               data-thumbnail=\"http:\/\/www.freimarianne.ch\/wp-content\/gallery\/unterbach-brandalp-31-7-23\/thumbs\/thumbs_IMG_4309.jpeg\"\n               data-image-id=\"31320\"\n               data-title=\"Blick in das Tobel\"\n               data-description=\"Blick in das Tobel\"\n               data-image-slug=\"img_4309-7\"\n               class=\"shutterset_8a7819c2872bc8e9076486f680866c78\">\n                <img\n                    title=\"Blick in das Tobel\"\n                    alt=\"Blick in das Tobel\"\n                    src=\"http:\/\/www.freimarianne.ch\/wp-content\/gallery\/unterbach-brandalp-31-7-23\/cache\/IMG_4309.jpeg-nggid0531320-ngg0dyn-100x75x100-00f0w010c010r110f110r010t010.jpeg\"\n                    width=\"100\"\n                    height=\"75\"\n                    style=\"max-width:100%;\"\n                \/>\n            <\/a>\n        <\/div>\n\t\t\t\t\t\t\t<\/div> \n\t\t\t\n                            \n\t\t\t\t<div id=\"ngg-image-15\" class=\"ngg-gallery-thumbnail-box\" >\n\t\t\t\t        <div class=\"ngg-gallery-thumbnail\">\n            <a href=\"http:\/\/www.freimarianne.ch\/wp-content\/gallery\/unterbach-brandalp-31-7-23\/IMG_4312.jpeg\"\n               title=\"auf dem Weg zur Alp Brand\"\n               data-src=\"http:\/\/www.freimarianne.ch\/wp-content\/gallery\/unterbach-brandalp-31-7-23\/IMG_4312.jpeg\"\n               data-thumbnail=\"http:\/\/www.freimarianne.ch\/wp-content\/gallery\/unterbach-brandalp-31-7-23\/thumbs\/thumbs_IMG_4312.jpeg\"\n               data-image-id=\"31318\"\n               data-title=\"auf dem Weg zur Alp Brand\"\n               data-description=\"auf dem Weg zur Alp Brand\"\n               data-image-slug=\"img_4312-4\"\n               class=\"shutterset_8a7819c2872bc8e9076486f680866c78\">\n                <img\n                    title=\"auf dem Weg zur Alp Brand\"\n                    alt=\"auf dem Weg zur Alp Brand\"\n                    src=\"http:\/\/www.freimarianne.ch\/wp-content\/gallery\/unterbach-brandalp-31-7-23\/cache\/IMG_4312.jpeg-nggid0531318-ngg0dyn-100x75x100-00f0w010c010r110f110r010t010.jpeg\"\n                    width=\"100\"\n                    height=\"75\"\n                    style=\"max-width:100%;\"\n                \/>\n            <\/a>\n        <\/div>\n\t\t\t\t\t\t\t<\/div> \n\t\t\t\n                                    <br style=\"clear: both\" \/>\n                    \n\t\t\t\t<div id=\"ngg-image-16\" class=\"ngg-gallery-thumbnail-box\" >\n\t\t\t\t        <div class=\"ngg-gallery-thumbnail\">\n            <a href=\"http:\/\/www.freimarianne.ch\/wp-content\/gallery\/unterbach-brandalp-31-7-23\/IMG_4313.jpeg\"\n               title=\"auf dem Weg zur Alp Brand\"\n               data-src=\"http:\/\/www.freimarianne.ch\/wp-content\/gallery\/unterbach-brandalp-31-7-23\/IMG_4313.jpeg\"\n               data-thumbnail=\"http:\/\/www.freimarianne.ch\/wp-content\/gallery\/unterbach-brandalp-31-7-23\/thumbs\/thumbs_IMG_4313.jpeg\"\n               data-image-id=\"31317\"\n               data-title=\"auf dem Weg zur Alp Brand\"\n               data-description=\"auf dem Weg zur Alp Brand\"\n               data-image-slug=\"img_4313-2\"\n               class=\"shutterset_8a7819c2872bc8e9076486f680866c78\">\n                <img\n                    title=\"auf dem Weg zur Alp Brand\"\n                    alt=\"auf dem Weg zur Alp Brand\"\n                    src=\"http:\/\/www.freimarianne.ch\/wp-content\/gallery\/unterbach-brandalp-31-7-23\/cache\/IMG_4313.jpeg-nggid0531317-ngg0dyn-100x75x100-00f0w010c010r110f110r010t010.jpeg\"\n                    width=\"100\"\n                    height=\"75\"\n                    style=\"max-width:100%;\"\n                \/>\n            <\/a>\n        <\/div>\n\t\t\t\t\t\t\t<\/div> \n\t\t\t\n                            \n\t\t\n\t\t<!-- Pagination -->\n\t<div class='ngg-clear'><\/div>\t<\/div>\n\n\n\n\n<!-- index.php -->\n<div\n\tclass=\"ngg-galleryoverview ngg-ajax-pagination-none\"\n\tid=\"ngg-gallery-48559fba1f9e1b8ca00384c4d01b469e-1\">\n\n    \t<div class=\"slideshowlink\">\n        <a href='http:\/\/www.freimarianne.ch\/index.php\/nggallery\/slideshow?page_id=62702'>[Show as slideshow]<\/a>\n\t\t\n\t<\/div>\n\t\t\t<!-- Thumbnails -->\n\t\t\t\t<div id=\"ngg-image-0\" class=\"ngg-gallery-thumbnail-box\" >\n\t\t\t\t        <div class=\"ngg-gallery-thumbnail\">\n            <a href=\"http:\/\/www.freimarianne.ch\/wp-content\/gallery\/unterbach-brandalp-iph-31-7-23\/IMG_4817.jpeg\"\n               title=\"\"\n               data-src=\"http:\/\/www.freimarianne.ch\/wp-content\/gallery\/unterbach-brandalp-iph-31-7-23\/IMG_4817.jpeg\"\n               data-thumbnail=\"http:\/\/www.freimarianne.ch\/wp-content\/gallery\/unterbach-brandalp-iph-31-7-23\/thumbs\/thumbs_IMG_4817.jpeg\"\n               data-image-id=\"31339\"\n               data-title=\"IMG_4817\"\n               data-description=\"\"\n               data-image-slug=\"img_4817-2\"\n               class=\"shutterset_48559fba1f9e1b8ca00384c4d01b469e\">\n                <img\n                    title=\"IMG_4817\"\n                    alt=\"IMG_4817\"\n                    src=\"http:\/\/www.freimarianne.ch\/wp-content\/gallery\/unterbach-brandalp-iph-31-7-23\/cache\/IMG_4817.jpeg-nggid0531339-ngg0dyn-100x75x100-00f0w010c010r110f110r010t010.jpeg\"\n                    width=\"100\"\n                    height=\"59\"\n                    style=\"max-width:100%;\"\n                \/>\n            <\/a>\n        <\/div>\n\t\t\t\t\t\t\t<\/div> \n\t\t\t\n                            \n\t\t\t\t<div id=\"ngg-image-1\" class=\"ngg-gallery-thumbnail-box\" >\n\t\t\t\t        <div class=\"ngg-gallery-thumbnail\">\n            <a href=\"http:\/\/www.freimarianne.ch\/wp-content\/gallery\/unterbach-brandalp-iph-31-7-23\/IMG_4816.jpeg\"\n               title=\"\"\n               data-src=\"http:\/\/www.freimarianne.ch\/wp-content\/gallery\/unterbach-brandalp-iph-31-7-23\/IMG_4816.jpeg\"\n               data-thumbnail=\"http:\/\/www.freimarianne.ch\/wp-content\/gallery\/unterbach-brandalp-iph-31-7-23\/thumbs\/thumbs_IMG_4816.jpeg\"\n               data-image-id=\"31333\"\n               data-title=\"IMG_4816\"\n               data-description=\"\"\n               data-image-slug=\"img_4816-1\"\n               class=\"shutterset_48559fba1f9e1b8ca00384c4d01b469e\">\n                <img\n                    title=\"IMG_4816\"\n                    alt=\"IMG_4816\"\n                    src=\"http:\/\/www.freimarianne.ch\/wp-content\/gallery\/unterbach-brandalp-iph-31-7-23\/cache\/IMG_4816.jpeg-nggid0531333-ngg0dyn-100x75x100-00f0w010c010r110f110r010t010.jpeg\"\n                    width=\"100\"\n                    height=\"56\"\n                    style=\"max-width:100%;\"\n                \/>\n            <\/a>\n        <\/div>\n\t\t\t\t\t\t\t<\/div> \n\t\t\t\n                            \n\t\t\t\t<div id=\"ngg-image-2\" class=\"ngg-gallery-thumbnail-box\" >\n\t\t\t\t        <div class=\"ngg-gallery-thumbnail\">\n            <a href=\"http:\/\/www.freimarianne.ch\/wp-content\/gallery\/unterbach-brandalp-iph-31-7-23\/IMG_4814.jpeg\"\n               title=\"\"\n               data-src=\"http:\/\/www.freimarianne.ch\/wp-content\/gallery\/unterbach-brandalp-iph-31-7-23\/IMG_4814.jpeg\"\n               data-thumbnail=\"http:\/\/www.freimarianne.ch\/wp-content\/gallery\/unterbach-brandalp-iph-31-7-23\/thumbs\/thumbs_IMG_4814.jpeg\"\n               data-image-id=\"31337\"\n               data-title=\"IMG_4814\"\n               data-description=\"\"\n               data-image-slug=\"img_4814-6\"\n               class=\"shutterset_48559fba1f9e1b8ca00384c4d01b469e\">\n                <img\n                    title=\"IMG_4814\"\n                    alt=\"IMG_4814\"\n                    src=\"http:\/\/www.freimarianne.ch\/wp-content\/gallery\/unterbach-brandalp-iph-31-7-23\/cache\/IMG_4814.jpeg-nggid0531337-ngg0dyn-100x75x100-00f0w010c010r110f110r010t010.jpeg\"\n                    width=\"100\"\n                    height=\"56\"\n                    style=\"max-width:100%;\"\n                \/>\n            <\/a>\n        <\/div>\n\t\t\t\t\t\t\t<\/div> \n\t\t\t\n                            \n\t\t\t\t<div id=\"ngg-image-3\" class=\"ngg-gallery-thumbnail-box\" >\n\t\t\t\t        <div class=\"ngg-gallery-thumbnail\">\n            <a href=\"http:\/\/www.freimarianne.ch\/wp-content\/gallery\/unterbach-brandalp-iph-31-7-23\/IMG_4813.jpeg\"\n               title=\"\"\n               data-src=\"http:\/\/www.freimarianne.ch\/wp-content\/gallery\/unterbach-brandalp-iph-31-7-23\/IMG_4813.jpeg\"\n               data-thumbnail=\"http:\/\/www.freimarianne.ch\/wp-content\/gallery\/unterbach-brandalp-iph-31-7-23\/thumbs\/thumbs_IMG_4813.jpeg\"\n               data-image-id=\"31336\"\n               data-title=\"IMG_4813\"\n               data-description=\"\"\n               data-image-slug=\"img_4813-2\"\n               class=\"shutterset_48559fba1f9e1b8ca00384c4d01b469e\">\n                <img\n                    title=\"IMG_4813\"\n                    alt=\"IMG_4813\"\n                    src=\"http:\/\/www.freimarianne.ch\/wp-content\/gallery\/unterbach-brandalp-iph-31-7-23\/cache\/IMG_4813.jpeg-nggid0531336-ngg0dyn-100x75x100-00f0w010c010r110f110r010t010.jpeg\"\n                    width=\"100\"\n                    height=\"56\"\n                    style=\"max-width:100%;\"\n                \/>\n            <\/a>\n        <\/div>\n\t\t\t\t\t\t\t<\/div> \n\t\t\t\n                                    <br style=\"clear: both\" \/>\n                    \n\t\t\t\t<div id=\"ngg-image-4\" class=\"ngg-gallery-thumbnail-box\" >\n\t\t\t\t        <div class=\"ngg-gallery-thumbnail\">\n            <a href=\"http:\/\/www.freimarianne.ch\/wp-content\/gallery\/unterbach-brandalp-iph-31-7-23\/IMG_4811.jpeg\"\n               title=\"\"\n               data-src=\"http:\/\/www.freimarianne.ch\/wp-content\/gallery\/unterbach-brandalp-iph-31-7-23\/IMG_4811.jpeg\"\n               data-thumbnail=\"http:\/\/www.freimarianne.ch\/wp-content\/gallery\/unterbach-brandalp-iph-31-7-23\/thumbs\/thumbs_IMG_4811.jpeg\"\n               data-image-id=\"31338\"\n               data-title=\"IMG_4811\"\n               data-description=\"\"\n               data-image-slug=\"img_4811\"\n               class=\"shutterset_48559fba1f9e1b8ca00384c4d01b469e\">\n                <img\n                    title=\"IMG_4811\"\n                    alt=\"IMG_4811\"\n                    src=\"http:\/\/www.freimarianne.ch\/wp-content\/gallery\/unterbach-brandalp-iph-31-7-23\/cache\/IMG_4811.jpeg-nggid0531338-ngg0dyn-100x75x100-00f0w010c010r110f110r010t010.jpeg\"\n                    width=\"100\"\n                    height=\"56\"\n                    style=\"max-width:100%;\"\n                \/>\n            <\/a>\n        <\/div>\n\t\t\t\t\t\t\t<\/div> \n\t\t\t\n                            \n\t\t\t\t<div id=\"ngg-image-5\" class=\"ngg-gallery-thumbnail-box\" >\n\t\t\t\t        <div class=\"ngg-gallery-thumbnail\">\n            <a href=\"http:\/\/www.freimarianne.ch\/wp-content\/gallery\/unterbach-brandalp-iph-31-7-23\/IMG_4818.jpeg\"\n               title=\"Sicht von der Brandalp auf Unterb\u00e4ch\"\n               data-src=\"http:\/\/www.freimarianne.ch\/wp-content\/gallery\/unterbach-brandalp-iph-31-7-23\/IMG_4818.jpeg\"\n               data-thumbnail=\"http:\/\/www.freimarianne.ch\/wp-content\/gallery\/unterbach-brandalp-iph-31-7-23\/thumbs\/thumbs_IMG_4818.jpeg\"\n               data-image-id=\"31335\"\n               data-title=\"Sicht von der Brandalp auf Unterb\u00e4ch\"\n               data-description=\"Sicht von der Brandalp auf Unterb\u00e4ch\"\n               data-image-slug=\"img_4818-2\"\n               class=\"shutterset_48559fba1f9e1b8ca00384c4d01b469e\">\n                <img\n                    title=\"Sicht von der Brandalp auf Unterb\u00e4ch\"\n                    alt=\"Sicht von der Brandalp auf Unterb\u00e4ch\"\n                    src=\"http:\/\/www.freimarianne.ch\/wp-content\/gallery\/unterbach-brandalp-iph-31-7-23\/cache\/IMG_4818.jpeg-nggid0531335-ngg0dyn-100x75x100-00f0w010c010r110f110r010t010.jpeg\"\n                    width=\"100\"\n                    height=\"75\"\n                    style=\"max-width:100%;\"\n                \/>\n            <\/a>\n        <\/div>\n\t\t\t\t\t\t\t<\/div> \n\t\t\t\n                            \n\t\t\t\t<div id=\"ngg-image-6\" class=\"ngg-gallery-thumbnail-box\" >\n\t\t\t\t        <div class=\"ngg-gallery-thumbnail\">\n            <a href=\"http:\/\/www.freimarianne.ch\/wp-content\/gallery\/unterbach-brandalp-iph-31-7-23\/IMG_4819.jpeg\"\n               title=\"Sicht von der Brandalp Sesselbahnauf B\u00fcrchen\"\n               data-src=\"http:\/\/www.freimarianne.ch\/wp-content\/gallery\/unterbach-brandalp-iph-31-7-23\/IMG_4819.jpeg\"\n               data-thumbnail=\"http:\/\/www.freimarianne.ch\/wp-content\/gallery\/unterbach-brandalp-iph-31-7-23\/thumbs\/thumbs_IMG_4819.jpeg\"\n               data-image-id=\"31334\"\n               data-title=\"Sicht von der Brandalp Sesselbahnauf B\u00fcrchen\"\n               data-description=\"Sicht von der Brandalp Sesselbahnauf B\u00fcrchen\"\n               data-image-slug=\"img_4819-2\"\n               class=\"shutterset_48559fba1f9e1b8ca00384c4d01b469e\">\n                <img\n                    title=\"Sicht von der Brandalp Sesselbahnauf B\u00fcrchen\"\n                    alt=\"Sicht von der Brandalp Sesselbahnauf B\u00fcrchen\"\n                    src=\"http:\/\/www.freimarianne.ch\/wp-content\/gallery\/unterbach-brandalp-iph-31-7-23\/cache\/IMG_4819.jpeg-nggid0531334-ngg0dyn-100x75x100-00f0w010c010r110f110r010t010.jpeg\"\n                    width=\"100\"\n                    height=\"75\"\n                    style=\"max-width:100%;\"\n                \/>\n            <\/a>\n        <\/div>\n\t\t\t\t\t\t\t<\/div> \n\t\t\t\n                            \n\t\t\n\t\t<!-- Pagination -->\n\t<div class='ngg-clear'><\/div>\t<\/div>\n\n","protected":false},"excerpt":{"rendered":"<p>Heute benutze ich das Zwischenhoch f\u00fcr eine Wanderung im Wallis. Ich fahre nach Unterb\u00e4ch 1291m (9.45h) und steige von dort aus ( zu Trainingszwecken) hinauf auf die Brandalp 1590m (10.49h). Auf der Brandalp 1590m (10.45h) gibt es eine kurze Trinkpause und dann begeben ich mich auf den Suonenweg ( Meiggere Sion), wobei es gleich einmal [&hellip;]<\/p>\n","protected":false},"author":1,"featured_media":0,"parent":62263,"menu_order":11,"comment_status":"closed","ping_status":"closed","template":"","meta":{"ngg_post_thumbnail":0},"_links":{"self":[{"href":"http:\/\/www.freimarianne.ch\/index.php?rest_route=\/wp\/v2\/pages\/62702"}],"collection":[{"href":"http:\/\/www.freimarianne.ch\/index.php?rest_route=\/wp\/v2\/pages"}],"about":[{"href":"http:\/\/www.freimarianne.ch\/index.php?rest_route=\/wp\/v2\/types\/page"}],"author":[{"embeddable":true,"href":"http:\/\/www.freimarianne.ch\/index.php?rest_route=\/wp\/v2\/users\/1"}],"replies":[{"embeddable":true,"href":"http:\/\/www.freimarianne.ch\/index.php?rest_route=%2Fwp%2Fv2%2Fcomments&post=62702"}],"version-history":[{"count":4,"href":"http:\/\/www.freimarianne.ch\/index.php?rest_route=\/wp\/v2\/pages\/62702\/revisions"}],"predecessor-version":[{"id":62822,"href":"http:\/\/www.freimarianne.ch\/index.php?rest_route=\/wp\/v2\/pages\/62702\/revisions\/62822"}],"up":[{"embeddable":true,"href":"http:\/\/www.freimarianne.ch\/index.php?rest_route=\/wp\/v2\/pages\/62263"}],"wp:attachment":[{"href":"http:\/\/www.freimarianne.ch\/index.php?rest_route=%2Fwp%2Fv2%2Fmedia&parent=62702"}],"curies":[{"name":"wp","href":"https:\/\/api.w.org\/{rel}","templated":true}]}}