{"id":64449,"date":"2024-04-08T19:40:22","date_gmt":"2024-04-08T18:40:22","guid":{"rendered":"http:\/\/www.freimarianne.ch\/?page_id=64449"},"modified":"2024-05-06T10:53:46","modified_gmt":"2024-05-06T09:53:46","slug":"combe-du-pilouvi-preles-be","status":"publish","type":"page","link":"http:\/\/www.freimarianne.ch\/?page_id=64449","title":{"rendered":"Combe du Pilouvi &#8211; Pr\u00eales  BE 6.4.2024"},"content":{"rendered":"\n<p><strong>Wanderung  von La Neuville durch die Combe du Pilouvi nach Pr\u00eales <\/strong><\/p>\n\n\n\n<p><strong>Pilgerweg von Ligerz nach Twann<\/strong><\/p>\n\n\n<div id=\"attachment_64448\" style=\"width: 510px\" class=\"wp-caption alignleft\"><img aria-describedby=\"caption-attachment-64448\" loading=\"lazy\" class=\"size-full wp-image-64448\" src=\"http:\/\/www.freimarianne.ch\/wp-content\/uploads\/2024\/04\/IMG_6361_combe-pilouvi-6.4.24_500.jpeg\" alt=\"\" width=\"500\" height=\"357\" srcset=\"http:\/\/www.freimarianne.ch\/wp-content\/uploads\/2024\/04\/IMG_6361_combe-pilouvi-6.4.24_500.jpeg 500w, http:\/\/www.freimarianne.ch\/wp-content\/uploads\/2024\/04\/IMG_6361_combe-pilouvi-6.4.24_500-300x214.jpeg 300w, http:\/\/www.freimarianne.ch\/wp-content\/uploads\/2024\/04\/IMG_6361_combe-pilouvi-6.4.24_500-420x300.jpeg 420w\" sizes=\"(max-width: 500px) 100vw, 500px\" \/><p id=\"caption-attachment-64448\" class=\"wp-caption-text\">die n\u00e4chsten Wasserf\u00e4lle<\/p><\/div>\n<p>Heute m\u00f6chte ich eine Wanderung vorlaufen. Ich fahre nach La Neuveville und steige durch die Combe du Pilouvi hinauf zum Punkt 710m, wohin ich \u00fcber eine Holztreppe aus der Combe herauskomme. Hier gibt es einen Trink &#8211; und Besinnungshalt, da ich mir doch noch nicht sicher, welchen Weg ich von hier aus nehmen m\u00f6chte. Den Weg nach Ligni\u00e8res kenne ich bereits aber ich scheue den langen Abschnitt mit Hartbelag hin\u00fcber nach Pr\u00eales. So beschliesse ich, einen Wanderweg quer durch den Wald nach Bas de la Pray zu nehmen. Es gibt hier einen kurzen Abschnitt auf einer Waldstrasse aber dann doch wieder einen Wanderweg quer durch den Wald. Leider ist dieser von Pferden v\u00f6llig zertrampelt. Kann ich dies der Gruppe zumuten ? Um 12h erreiche ich Hof bei Bas de la Praye 802m, von wo ich auf Hartbelag weitergehen muss. <br>Der Hartbelag wird zu einem Mergelweg. An einem Waldrand kann ich auf einem Baumstamm meine Mittagsrast halten. Dann geht es immer geradeaus weiter bis nach Pr\u00eales. <br>Ich empfinde diese Strecke als sehr langweilig.<br>Hier im Dorf mache ich beim Schulhaus eine Pause und \u00fcberlege, ob ich wirklich noch hin\u00fcber ( wieder auf Hartbelag) bis zum Eingang der Twannbachschlucht laufen soll. Nein! So begebe ich mich zum Funiculaire und fahre hinunter zur Station Pilgerweg, von wo aus ich nach Twann wandere. Die Sicht auf den Bielersee und die Alpen ist pr\u00e4chtig.<br>Nat\u00fcrlich bin ich zu fr\u00fch in Twann f\u00fcr das Schiff um 16h. <br>Wegen den Bauarbeiten und dem Durchgangsverkehr ist es m\u00fchsam, sich in Twann zu bewegen. Ich brauche Zeit, um die zwei Durchg\u00e4nge zum See zu finden.<br>Ich warte nicht das Schiff ab sondern fahre mit dem Bus nach T\u00fcscherz, um dort in den Zug zu steigen.<\/p>\n<p>Nach dieser Wanderung ist mir klar, was ich in der folgenden Woche mit der Gruppe machen werde.<br>Die Twannbachschlucht werde ich auslassen!<\/p>\n<p>Laut Schweizmobil: Gorge de Pilouvie-Pr\u00eales:<\/p>\n<p>Distanz: 9.20km; Aufstieg: 504m; Abstieg:119m; Wanderzeit: 2h 52min<\/p>\n<p><a href=\"https:\/\/map.schweizmobil.ch\/?lang=de&amp;bgLayer=pk&amp;logo=yes&amp;season=summer&amp;resolution=2.5&amp;E=2576046&amp;N=1216206&amp;photos=yes&amp;detours=yes&amp;layers=Wanderland%2CStation&amp;trackId=691950360\">Karte Schweizmobil:<\/a><\/p>\n\n\n<!-- index.php -->\n<div\n\tclass=\"ngg-galleryoverview ngg-ajax-pagination-none\"\n\tid=\"ngg-gallery-9ec80cced8a27b6ab0b77cab70871a99-1\">\n\n    \t<div class=\"slideshowlink\">\n        <a href='http:\/\/www.freimarianne.ch\/index.php\/nggallery\/slideshow?page_id=64449'>[Show as slideshow]<\/a>\n\t\t\n\t<\/div>\n\t\t\t<!-- Thumbnails -->\n\t\t\t\t<div id=\"ngg-image-0\" class=\"ngg-gallery-thumbnail-box\" >\n\t\t\t\t        <div class=\"ngg-gallery-thumbnail\">\n            <a href=\"http:\/\/www.freimarianne.ch\/wp-content\/gallery\/combe-pilouvi-6-4-24\/IMG_6351.jpeg\"\n               title=\"zum Eingang der Schlucht\"\n               data-src=\"http:\/\/www.freimarianne.ch\/wp-content\/gallery\/combe-pilouvi-6-4-24\/IMG_6351.jpeg\"\n               data-thumbnail=\"http:\/\/www.freimarianne.ch\/wp-content\/gallery\/combe-pilouvi-6-4-24\/thumbs\/thumbs_IMG_6351.jpeg\"\n               data-image-id=\"32546\"\n               data-title=\"zum Eingang der Schlucht\"\n               data-description=\"zum Eingang der Schlucht\"\n               data-image-slug=\"img_6351\"\n               class=\"shutterset_9ec80cced8a27b6ab0b77cab70871a99\">\n                <img\n                    title=\"zum Eingang der Schlucht\"\n                    alt=\"zum Eingang der Schlucht\"\n                    src=\"http:\/\/www.freimarianne.ch\/wp-content\/gallery\/combe-pilouvi-6-4-24\/cache\/IMG_6351.jpeg-nggid0532546-ngg0dyn-100x75x100-00f0w010c010r110f110r010t010.jpeg\"\n                    width=\"100\"\n                    height=\"75\"\n                    style=\"max-width:100%;\"\n                \/>\n            <\/a>\n        <\/div>\n\t\t\t\t\t\t\t<\/div> \n\t\t\t\n                            \n\t\t\t\t<div id=\"ngg-image-1\" class=\"ngg-gallery-thumbnail-box\" >\n\t\t\t\t        <div class=\"ngg-gallery-thumbnail\">\n            <a href=\"http:\/\/www.freimarianne.ch\/wp-content\/gallery\/combe-pilouvi-6-4-24\/IMG_6352.jpeg\"\n               title=\"der erste Wasserfall\"\n               data-src=\"http:\/\/www.freimarianne.ch\/wp-content\/gallery\/combe-pilouvi-6-4-24\/IMG_6352.jpeg\"\n               data-thumbnail=\"http:\/\/www.freimarianne.ch\/wp-content\/gallery\/combe-pilouvi-6-4-24\/thumbs\/thumbs_IMG_6352.jpeg\"\n               data-image-id=\"32545\"\n               data-title=\"der erste Wasserfall\"\n               data-description=\"der erste Wasserfall\"\n               data-image-slug=\"img_6352\"\n               class=\"shutterset_9ec80cced8a27b6ab0b77cab70871a99\">\n                <img\n                    title=\"der erste Wasserfall\"\n                    alt=\"der erste Wasserfall\"\n                    src=\"http:\/\/www.freimarianne.ch\/wp-content\/gallery\/combe-pilouvi-6-4-24\/cache\/IMG_6352.jpeg-nggid0532545-ngg0dyn-100x75x100-00f0w010c010r110f110r010t010.jpeg\"\n                    width=\"100\"\n                    height=\"75\"\n                    style=\"max-width:100%;\"\n                \/>\n            <\/a>\n        <\/div>\n\t\t\t\t\t\t\t<\/div> \n\t\t\t\n                            \n\t\t\t\t<div id=\"ngg-image-2\" class=\"ngg-gallery-thumbnail-box\" >\n\t\t\t\t        <div class=\"ngg-gallery-thumbnail\">\n            <a href=\"http:\/\/www.freimarianne.ch\/wp-content\/gallery\/combe-pilouvi-6-4-24\/IMG_6354.jpeg\"\n               title=\"Kugelblume; Globularia; Wegerichsgew\u00e4chse\"\n               data-src=\"http:\/\/www.freimarianne.ch\/wp-content\/gallery\/combe-pilouvi-6-4-24\/IMG_6354.jpeg\"\n               data-thumbnail=\"http:\/\/www.freimarianne.ch\/wp-content\/gallery\/combe-pilouvi-6-4-24\/thumbs\/thumbs_IMG_6354.jpeg\"\n               data-image-id=\"32543\"\n               data-title=\"Kugelblume; Globularia; Wegerichsgew\u00e4chse\"\n               data-description=\"Kugelblume; Globularia; Wegerichsgew\u00e4chse\"\n               data-image-slug=\"img_6354-2\"\n               class=\"shutterset_9ec80cced8a27b6ab0b77cab70871a99\">\n                <img\n                    title=\"Kugelblume; Globularia; Wegerichsgew\u00e4chse\"\n                    alt=\"Kugelblume; Globularia; Wegerichsgew\u00e4chse\"\n                    src=\"http:\/\/www.freimarianne.ch\/wp-content\/gallery\/combe-pilouvi-6-4-24\/cache\/IMG_6354.jpeg-nggid0532543-ngg0dyn-100x75x100-00f0w010c010r110f110r010t010.jpeg\"\n                    width=\"100\"\n                    height=\"75\"\n                    style=\"max-width:100%;\"\n                \/>\n            <\/a>\n        <\/div>\n\t\t\t\t\t\t\t<\/div> \n\t\t\t\n                            \n\t\t\t\t<div id=\"ngg-image-3\" class=\"ngg-gallery-thumbnail-box\" >\n\t\t\t\t        <div class=\"ngg-gallery-thumbnail\">\n            <a href=\"http:\/\/www.freimarianne.ch\/wp-content\/gallery\/combe-pilouvi-6-4-24\/IMG_6355.jpeg\"\n               title=\"der zweite Wasserfall\"\n               data-src=\"http:\/\/www.freimarianne.ch\/wp-content\/gallery\/combe-pilouvi-6-4-24\/IMG_6355.jpeg\"\n               data-thumbnail=\"http:\/\/www.freimarianne.ch\/wp-content\/gallery\/combe-pilouvi-6-4-24\/thumbs\/thumbs_IMG_6355.jpeg\"\n               data-image-id=\"32544\"\n               data-title=\"der zweite Wasserfall\"\n               data-description=\"der zweite Wasserfall\"\n               data-image-slug=\"img_6355-3\"\n               class=\"shutterset_9ec80cced8a27b6ab0b77cab70871a99\">\n                <img\n                    title=\"der zweite Wasserfall\"\n                    alt=\"der zweite Wasserfall\"\n                    src=\"http:\/\/www.freimarianne.ch\/wp-content\/gallery\/combe-pilouvi-6-4-24\/cache\/IMG_6355.jpeg-nggid0532544-ngg0dyn-100x75x100-00f0w010c010r110f110r010t010.jpeg\"\n                    width=\"56\"\n                    height=\"75\"\n                    style=\"max-width:100%;\"\n                \/>\n            <\/a>\n        <\/div>\n\t\t\t\t\t\t\t<\/div> \n\t\t\t\n                                    <br style=\"clear: both\" \/>\n                    \n\t\t\t\t<div id=\"ngg-image-4\" class=\"ngg-gallery-thumbnail-box\" >\n\t\t\t\t        <div class=\"ngg-gallery-thumbnail\">\n            <a href=\"http:\/\/www.freimarianne.ch\/wp-content\/gallery\/combe-pilouvi-6-4-24\/IMG_6356.jpeg\"\n               title=\"der zweite Wasserfall\"\n               data-src=\"http:\/\/www.freimarianne.ch\/wp-content\/gallery\/combe-pilouvi-6-4-24\/IMG_6356.jpeg\"\n               data-thumbnail=\"http:\/\/www.freimarianne.ch\/wp-content\/gallery\/combe-pilouvi-6-4-24\/thumbs\/thumbs_IMG_6356.jpeg\"\n               data-image-id=\"32542\"\n               data-title=\"der zweite Wasserfall\"\n               data-description=\"der zweite Wasserfall\"\n               data-image-slug=\"img_6356-5\"\n               class=\"shutterset_9ec80cced8a27b6ab0b77cab70871a99\">\n                <img\n                    title=\"der zweite Wasserfall\"\n                    alt=\"der zweite Wasserfall\"\n                    src=\"http:\/\/www.freimarianne.ch\/wp-content\/gallery\/combe-pilouvi-6-4-24\/cache\/IMG_6356.jpeg-nggid0532542-ngg0dyn-100x75x100-00f0w010c010r110f110r010t010.jpeg\"\n                    width=\"100\"\n                    height=\"75\"\n                    style=\"max-width:100%;\"\n                \/>\n            <\/a>\n        <\/div>\n\t\t\t\t\t\t\t<\/div> \n\t\t\t\n                            \n\t\t\t\t<div id=\"ngg-image-5\" class=\"ngg-gallery-thumbnail-box\" >\n\t\t\t\t        <div class=\"ngg-gallery-thumbnail\">\n            <a href=\"http:\/\/www.freimarianne.ch\/wp-content\/gallery\/combe-pilouvi-6-4-24\/IMG_6362.jpeg\"\n               title=\"\"\n               data-src=\"http:\/\/www.freimarianne.ch\/wp-content\/gallery\/combe-pilouvi-6-4-24\/IMG_6362.jpeg\"\n               data-thumbnail=\"http:\/\/www.freimarianne.ch\/wp-content\/gallery\/combe-pilouvi-6-4-24\/thumbs\/thumbs_IMG_6362.jpeg\"\n               data-image-id=\"32540\"\n               data-title=\"IMG_6362\"\n               data-description=\"\"\n               data-image-slug=\"img_6362-2\"\n               class=\"shutterset_9ec80cced8a27b6ab0b77cab70871a99\">\n                <img\n                    title=\"IMG_6362\"\n                    alt=\"IMG_6362\"\n                    src=\"http:\/\/www.freimarianne.ch\/wp-content\/gallery\/combe-pilouvi-6-4-24\/cache\/IMG_6362.jpeg-nggid0532540-ngg0dyn-100x75x100-00f0w010c010r110f110r010t010.jpeg\"\n                    width=\"100\"\n                    height=\"75\"\n                    style=\"max-width:100%;\"\n                \/>\n            <\/a>\n        <\/div>\n\t\t\t\t\t\t\t<\/div> \n\t\t\t\n                            \n\t\t\t\t<div id=\"ngg-image-6\" class=\"ngg-gallery-thumbnail-box\" >\n\t\t\t\t        <div class=\"ngg-gallery-thumbnail\">\n            <a href=\"http:\/\/www.freimarianne.ch\/wp-content\/gallery\/combe-pilouvi-6-4-24\/IMG_6363.jpeg\"\n               title=\"der oberste Wasserfall\"\n               data-src=\"http:\/\/www.freimarianne.ch\/wp-content\/gallery\/combe-pilouvi-6-4-24\/IMG_6363.jpeg\"\n               data-thumbnail=\"http:\/\/www.freimarianne.ch\/wp-content\/gallery\/combe-pilouvi-6-4-24\/thumbs\/thumbs_IMG_6363.jpeg\"\n               data-image-id=\"32541\"\n               data-title=\"der oberste Wasserfall\"\n               data-description=\"der oberste Wasserfall\"\n               data-image-slug=\"img_6363-2\"\n               class=\"shutterset_9ec80cced8a27b6ab0b77cab70871a99\">\n                <img\n                    title=\"der oberste Wasserfall\"\n                    alt=\"der oberste Wasserfall\"\n                    src=\"http:\/\/www.freimarianne.ch\/wp-content\/gallery\/combe-pilouvi-6-4-24\/cache\/IMG_6363.jpeg-nggid0532541-ngg0dyn-100x75x100-00f0w010c010r110f110r010t010.jpeg\"\n                    width=\"58\"\n                    height=\"75\"\n                    style=\"max-width:100%;\"\n                \/>\n            <\/a>\n        <\/div>\n\t\t\t\t\t\t\t<\/div> \n\t\t\t\n                            \n\t\t\t\t<div id=\"ngg-image-7\" class=\"ngg-gallery-thumbnail-box\" >\n\t\t\t\t        <div class=\"ngg-gallery-thumbnail\">\n            <a href=\"http:\/\/www.freimarianne.ch\/wp-content\/gallery\/combe-pilouvi-6-4-24\/IMG_6369.jpeg\"\n               title=\"Weg gegen  Bas de la Praye\"\n               data-src=\"http:\/\/www.freimarianne.ch\/wp-content\/gallery\/combe-pilouvi-6-4-24\/IMG_6369.jpeg\"\n               data-thumbnail=\"http:\/\/www.freimarianne.ch\/wp-content\/gallery\/combe-pilouvi-6-4-24\/thumbs\/thumbs_IMG_6369.jpeg\"\n               data-image-id=\"32539\"\n               data-title=\"Weg gegen  Bas de la Praye\"\n               data-description=\"Weg gegen  Bas de la Praye\"\n               data-image-slug=\"img_6369\"\n               class=\"shutterset_9ec80cced8a27b6ab0b77cab70871a99\">\n                <img\n                    title=\"Weg gegen  Bas de la Praye\"\n                    alt=\"Weg gegen  Bas de la Praye\"\n                    src=\"http:\/\/www.freimarianne.ch\/wp-content\/gallery\/combe-pilouvi-6-4-24\/cache\/IMG_6369.jpeg-nggid0532539-ngg0dyn-100x75x100-00f0w010c010r110f110r010t010.jpeg\"\n                    width=\"100\"\n                    height=\"75\"\n                    style=\"max-width:100%;\"\n                \/>\n            <\/a>\n        <\/div>\n\t\t\t\t\t\t\t<\/div> \n\t\t\t\n                                    <br style=\"clear: both\" \/>\n                    \n\t\t\t\t<div id=\"ngg-image-8\" class=\"ngg-gallery-thumbnail-box\" >\n\t\t\t\t        <div class=\"ngg-gallery-thumbnail\">\n            <a href=\"http:\/\/www.freimarianne.ch\/wp-content\/gallery\/combe-pilouvi-6-4-24\/IMG_6372.jpeg\"\n               title=\"Sicht auf den Neuenburgersee\"\n               data-src=\"http:\/\/www.freimarianne.ch\/wp-content\/gallery\/combe-pilouvi-6-4-24\/IMG_6372.jpeg\"\n               data-thumbnail=\"http:\/\/www.freimarianne.ch\/wp-content\/gallery\/combe-pilouvi-6-4-24\/thumbs\/thumbs_IMG_6372.jpeg\"\n               data-image-id=\"32537\"\n               data-title=\"Sicht auf den Neuenburgersee\"\n               data-description=\"Sicht auf den Neuenburgersee\"\n               data-image-slug=\"img_6372\"\n               class=\"shutterset_9ec80cced8a27b6ab0b77cab70871a99\">\n                <img\n                    title=\"Sicht auf den Neuenburgersee\"\n                    alt=\"Sicht auf den Neuenburgersee\"\n                    src=\"http:\/\/www.freimarianne.ch\/wp-content\/gallery\/combe-pilouvi-6-4-24\/cache\/IMG_6372.jpeg-nggid0532537-ngg0dyn-100x75x100-00f0w010c010r110f110r010t010.jpeg\"\n                    width=\"100\"\n                    height=\"75\"\n                    style=\"max-width:100%;\"\n                \/>\n            <\/a>\n        <\/div>\n\t\t\t\t\t\t\t<\/div> \n\t\t\t\n                            \n\t\t\t\t<div id=\"ngg-image-9\" class=\"ngg-gallery-thumbnail-box\" >\n\t\t\t\t        <div class=\"ngg-gallery-thumbnail\">\n            <a href=\"http:\/\/www.freimarianne.ch\/wp-content\/gallery\/combe-pilouvi-6-4-24\/IMG_6374.jpeg\"\n               title=\"Bas de la Praye; Chasseral\"\n               data-src=\"http:\/\/www.freimarianne.ch\/wp-content\/gallery\/combe-pilouvi-6-4-24\/IMG_6374.jpeg\"\n               data-thumbnail=\"http:\/\/www.freimarianne.ch\/wp-content\/gallery\/combe-pilouvi-6-4-24\/thumbs\/thumbs_IMG_6374.jpeg\"\n               data-image-id=\"32538\"\n               data-title=\"Bas de la Praye; Chasseral\"\n               data-description=\"Bas de la Praye; Chasseral\"\n               data-image-slug=\"img_6374-2\"\n               class=\"shutterset_9ec80cced8a27b6ab0b77cab70871a99\">\n                <img\n                    title=\"Bas de la Praye; Chasseral\"\n                    alt=\"Bas de la Praye; Chasseral\"\n                    src=\"http:\/\/www.freimarianne.ch\/wp-content\/gallery\/combe-pilouvi-6-4-24\/cache\/IMG_6374.jpeg-nggid0532538-ngg0dyn-100x75x100-00f0w010c010r110f110r010t010.jpeg\"\n                    width=\"98\"\n                    height=\"75\"\n                    style=\"max-width:100%;\"\n                \/>\n            <\/a>\n        <\/div>\n\t\t\t\t\t\t\t<\/div> \n\t\t\t\n                            \n\t\t\t\t<div id=\"ngg-image-10\" class=\"ngg-gallery-thumbnail-box\" >\n\t\t\t\t        <div class=\"ngg-gallery-thumbnail\">\n            <a href=\"http:\/\/www.freimarianne.ch\/wp-content\/gallery\/combe-pilouvi-6-4-24\/IMG_6376.jpeg\"\n               title=\"Bas de la Praye 802m\"\n               data-src=\"http:\/\/www.freimarianne.ch\/wp-content\/gallery\/combe-pilouvi-6-4-24\/IMG_6376.jpeg\"\n               data-thumbnail=\"http:\/\/www.freimarianne.ch\/wp-content\/gallery\/combe-pilouvi-6-4-24\/thumbs\/thumbs_IMG_6376.jpeg\"\n               data-image-id=\"32536\"\n               data-title=\"Bas de la Praye 802m\"\n               data-description=\"Bas de la Praye 802m\"\n               data-image-slug=\"img_6376-4\"\n               class=\"shutterset_9ec80cced8a27b6ab0b77cab70871a99\">\n                <img\n                    title=\"Bas de la Praye 802m\"\n                    alt=\"Bas de la Praye 802m\"\n                    src=\"http:\/\/www.freimarianne.ch\/wp-content\/gallery\/combe-pilouvi-6-4-24\/cache\/IMG_6376.jpeg-nggid0532536-ngg0dyn-100x75x100-00f0w010c010r110f110r010t010.jpeg\"\n                    width=\"100\"\n                    height=\"75\"\n                    style=\"max-width:100%;\"\n                \/>\n            <\/a>\n        <\/div>\n\t\t\t\t\t\t\t<\/div> \n\t\t\t\n                            \n\t\t\t\t<div id=\"ngg-image-11\" class=\"ngg-gallery-thumbnail-box\" >\n\t\t\t\t        <div class=\"ngg-gallery-thumbnail\">\n            <a href=\"http:\/\/www.freimarianne.ch\/wp-content\/gallery\/combe-pilouvi-6-4-24\/IMG_6380.jpeg\"\n               title=\"Osterglocken; Narcissmus pseudonarcissus, Amaryllisgew\u00e4chse\"\n               data-src=\"http:\/\/www.freimarianne.ch\/wp-content\/gallery\/combe-pilouvi-6-4-24\/IMG_6380.jpeg\"\n               data-thumbnail=\"http:\/\/www.freimarianne.ch\/wp-content\/gallery\/combe-pilouvi-6-4-24\/thumbs\/thumbs_IMG_6380.jpeg\"\n               data-image-id=\"32535\"\n               data-title=\"Osterglocken; Narcissmus pseudonarcissus, Amaryllisgew\u00e4chse\"\n               data-description=\"Osterglocken; Narcissmus pseudonarcissus, Amaryllisgew\u00e4chse\"\n               data-image-slug=\"img_6380-1\"\n               class=\"shutterset_9ec80cced8a27b6ab0b77cab70871a99\">\n                <img\n                    title=\"Osterglocken; Narcissmus pseudonarcissus, Amaryllisgew\u00e4chse\"\n                    alt=\"Osterglocken; Narcissmus pseudonarcissus, Amaryllisgew\u00e4chse\"\n                    src=\"http:\/\/www.freimarianne.ch\/wp-content\/gallery\/combe-pilouvi-6-4-24\/cache\/IMG_6380.jpeg-nggid0532535-ngg0dyn-100x75x100-00f0w010c010r110f110r010t010.jpeg\"\n                    width=\"100\"\n                    height=\"70\"\n                    style=\"max-width:100%;\"\n                \/>\n            <\/a>\n        <\/div>\n\t\t\t\t\t\t\t<\/div> \n\t\t\t\n                                    <br style=\"clear: both\" \/>\n                    \n\t\t\t\t<div id=\"ngg-image-12\" class=\"ngg-gallery-thumbnail-box\" >\n\t\t\t\t        <div class=\"ngg-gallery-thumbnail\">\n            <a href=\"http:\/\/www.freimarianne.ch\/wp-content\/gallery\/combe-pilouvi-6-4-24\/IMG_6381.jpeg\"\n               title=\"Wald- Sch\u00fcssleblume; Primula elatior; Primulaceae\"\n               data-src=\"http:\/\/www.freimarianne.ch\/wp-content\/gallery\/combe-pilouvi-6-4-24\/IMG_6381.jpeg\"\n               data-thumbnail=\"http:\/\/www.freimarianne.ch\/wp-content\/gallery\/combe-pilouvi-6-4-24\/thumbs\/thumbs_IMG_6381.jpeg\"\n               data-image-id=\"32534\"\n               data-title=\"Wald- Sch\u00fcssleblume; Primula elatior; Primulaceae\"\n               data-description=\"Wald- Sch\u00fcssleblume; Primula elatior; Primulaceae\"\n               data-image-slug=\"img_6381-4\"\n               class=\"shutterset_9ec80cced8a27b6ab0b77cab70871a99\">\n                <img\n                    title=\"Wald- Sch\u00fcssleblume; Primula elatior; Primulaceae\"\n                    alt=\"Wald- Sch\u00fcssleblume; Primula elatior; Primulaceae\"\n                    src=\"http:\/\/www.freimarianne.ch\/wp-content\/gallery\/combe-pilouvi-6-4-24\/cache\/IMG_6381.jpeg-nggid0532534-ngg0dyn-100x75x100-00f0w010c010r110f110r010t010.jpeg\"\n                    width=\"85\"\n                    height=\"75\"\n                    style=\"max-width:100%;\"\n                \/>\n            <\/a>\n        <\/div>\n\t\t\t\t\t\t\t<\/div> \n\t\t\t\n                            \n\t\t\t\t<div id=\"ngg-image-13\" class=\"ngg-gallery-thumbnail-box\" >\n\t\t\t\t        <div class=\"ngg-gallery-thumbnail\">\n            <a href=\"http:\/\/www.freimarianne.ch\/wp-content\/gallery\/combe-pilouvi-6-4-24\/IMG_6383.jpeg\"\n               title=\"Blick auf Nods und den Chasseral\"\n               data-src=\"http:\/\/www.freimarianne.ch\/wp-content\/gallery\/combe-pilouvi-6-4-24\/IMG_6383.jpeg\"\n               data-thumbnail=\"http:\/\/www.freimarianne.ch\/wp-content\/gallery\/combe-pilouvi-6-4-24\/thumbs\/thumbs_IMG_6383.jpeg\"\n               data-image-id=\"32533\"\n               data-title=\"Blick auf Nods und den Chasseral\"\n               data-description=\"Blick auf Nods und den Chasseral\"\n               data-image-slug=\"img_6383-2\"\n               class=\"shutterset_9ec80cced8a27b6ab0b77cab70871a99\">\n                <img\n                    title=\"Blick auf Nods und den Chasseral\"\n                    alt=\"Blick auf Nods und den Chasseral\"\n                    src=\"http:\/\/www.freimarianne.ch\/wp-content\/gallery\/combe-pilouvi-6-4-24\/cache\/IMG_6383.jpeg-nggid0532533-ngg0dyn-100x75x100-00f0w010c010r110f110r010t010.jpeg\"\n                    width=\"100\"\n                    height=\"71\"\n                    style=\"max-width:100%;\"\n                \/>\n            <\/a>\n        <\/div>\n\t\t\t\t\t\t\t<\/div> \n\t\t\t\n                            \n\t\t\t\t<div id=\"ngg-image-14\" class=\"ngg-gallery-thumbnail-box\" >\n\t\t\t\t        <div class=\"ngg-gallery-thumbnail\">\n            <a href=\"http:\/\/www.freimarianne.ch\/wp-content\/gallery\/combe-pilouvi-6-4-24\/IMG_6386.jpeg\"\n               title=\"Blick von Pr\u00eales auf die Alpen\"\n               data-src=\"http:\/\/www.freimarianne.ch\/wp-content\/gallery\/combe-pilouvi-6-4-24\/IMG_6386.jpeg\"\n               data-thumbnail=\"http:\/\/www.freimarianne.ch\/wp-content\/gallery\/combe-pilouvi-6-4-24\/thumbs\/thumbs_IMG_6386.jpeg\"\n               data-image-id=\"32528\"\n               data-title=\"Blick von Pr\u00eales auf die Alpen\"\n               data-description=\"Blick von Pr\u00eales auf die Alpen\"\n               data-image-slug=\"img_6386-1\"\n               class=\"shutterset_9ec80cced8a27b6ab0b77cab70871a99\">\n                <img\n                    title=\"Blick von Pr\u00eales auf die Alpen\"\n                    alt=\"Blick von Pr\u00eales auf die Alpen\"\n                    src=\"http:\/\/www.freimarianne.ch\/wp-content\/gallery\/combe-pilouvi-6-4-24\/cache\/IMG_6386.jpeg-nggid0532528-ngg0dyn-100x75x100-00f0w010c010r110f110r010t010.jpeg\"\n                    width=\"100\"\n                    height=\"75\"\n                    style=\"max-width:100%;\"\n                \/>\n            <\/a>\n        <\/div>\n\t\t\t\t\t\t\t<\/div> \n\t\t\t\n                            \n\t\t\t\t<div id=\"ngg-image-15\" class=\"ngg-gallery-thumbnail-box\" >\n\t\t\t\t        <div class=\"ngg-gallery-thumbnail\">\n            <a href=\"http:\/\/www.freimarianne.ch\/wp-content\/gallery\/combe-pilouvi-6-4-24\/IMG_6387.jpeg\"\n               title=\"auf dem Pilgerweg; die Kirche von Ligerz\"\n               data-src=\"http:\/\/www.freimarianne.ch\/wp-content\/gallery\/combe-pilouvi-6-4-24\/IMG_6387.jpeg\"\n               data-thumbnail=\"http:\/\/www.freimarianne.ch\/wp-content\/gallery\/combe-pilouvi-6-4-24\/thumbs\/thumbs_IMG_6387.jpeg\"\n               data-image-id=\"32530\"\n               data-title=\"auf dem Pilgerweg; die Kirche von Ligerz\"\n               data-description=\"auf dem Pilgerweg; die Kirche von Ligerz\"\n               data-image-slug=\"img_6387-1\"\n               class=\"shutterset_9ec80cced8a27b6ab0b77cab70871a99\">\n                <img\n                    title=\"auf dem Pilgerweg; die Kirche von Ligerz\"\n                    alt=\"auf dem Pilgerweg; die Kirche von Ligerz\"\n                    src=\"http:\/\/www.freimarianne.ch\/wp-content\/gallery\/combe-pilouvi-6-4-24\/cache\/IMG_6387.jpeg-nggid0532530-ngg0dyn-100x75x100-00f0w010c010r110f110r010t010.jpeg\"\n                    width=\"100\"\n                    height=\"75\"\n                    style=\"max-width:100%;\"\n                \/>\n            <\/a>\n        <\/div>\n\t\t\t\t\t\t\t<\/div> \n\t\t\t\n                                    <br style=\"clear: both\" \/>\n                    \n\t\t\t\t<div id=\"ngg-image-16\" class=\"ngg-gallery-thumbnail-box\" >\n\t\t\t\t        <div class=\"ngg-gallery-thumbnail\">\n            <a href=\"http:\/\/www.freimarianne.ch\/wp-content\/gallery\/combe-pilouvi-6-4-24\/IMG_6388.jpeg\"\n               title=\"Blick auf Ligerz und die Petersinsel\"\n               data-src=\"http:\/\/www.freimarianne.ch\/wp-content\/gallery\/combe-pilouvi-6-4-24\/IMG_6388.jpeg\"\n               data-thumbnail=\"http:\/\/www.freimarianne.ch\/wp-content\/gallery\/combe-pilouvi-6-4-24\/thumbs\/thumbs_IMG_6388.jpeg\"\n               data-image-id=\"32532\"\n               data-title=\"Blick auf Ligerz und die Petersinsel\"\n               data-description=\"Blick auf Ligerz und die Petersinsel\"\n               data-image-slug=\"img_6388-3\"\n               class=\"shutterset_9ec80cced8a27b6ab0b77cab70871a99\">\n                <img\n                    title=\"Blick auf Ligerz und die Petersinsel\"\n                    alt=\"Blick auf Ligerz und die Petersinsel\"\n                    src=\"http:\/\/www.freimarianne.ch\/wp-content\/gallery\/combe-pilouvi-6-4-24\/cache\/IMG_6388.jpeg-nggid0532532-ngg0dyn-100x75x100-00f0w010c010r110f110r010t010.jpeg\"\n                    width=\"95\"\n                    height=\"75\"\n                    style=\"max-width:100%;\"\n                \/>\n            <\/a>\n        <\/div>\n\t\t\t\t\t\t\t<\/div> \n\t\t\t\n                            \n\t\t\t\t<div id=\"ngg-image-17\" class=\"ngg-gallery-thumbnail-box\" >\n\t\t\t\t        <div class=\"ngg-gallery-thumbnail\">\n            <a href=\"http:\/\/www.freimarianne.ch\/wp-content\/gallery\/combe-pilouvi-6-4-24\/IMG_6321.jpeg\"\n               title=\"Blick auf Ligerz,Bielersee und Alpen\"\n               data-src=\"http:\/\/www.freimarianne.ch\/wp-content\/gallery\/combe-pilouvi-6-4-24\/IMG_6321.jpeg\"\n               data-thumbnail=\"http:\/\/www.freimarianne.ch\/wp-content\/gallery\/combe-pilouvi-6-4-24\/thumbs\/thumbs_IMG_6321.jpeg\"\n               data-image-id=\"32531\"\n               data-title=\"Blick auf Ligerz,Bielersee und Alpen\"\n               data-description=\"Blick auf Ligerz,Bielersee und Alpen\"\n               data-image-slug=\"img_6321-3\"\n               class=\"shutterset_9ec80cced8a27b6ab0b77cab70871a99\">\n                <img\n                    title=\"Blick auf Ligerz,Bielersee und Alpen\"\n                    alt=\"Blick auf Ligerz,Bielersee und Alpen\"\n                    src=\"http:\/\/www.freimarianne.ch\/wp-content\/gallery\/combe-pilouvi-6-4-24\/cache\/IMG_6321.jpeg-nggid0532531-ngg0dyn-100x75x100-00f0w010c010r110f110r010t010.jpeg\"\n                    width=\"100\"\n                    height=\"75\"\n                    style=\"max-width:100%;\"\n                \/>\n            <\/a>\n        <\/div>\n\t\t\t\t\t\t\t<\/div> \n\t\t\t\n                            \n\t\t\t\t<div id=\"ngg-image-18\" class=\"ngg-gallery-thumbnail-box\" >\n\t\t\t\t        <div class=\"ngg-gallery-thumbnail\">\n            <a href=\"http:\/\/www.freimarianne.ch\/wp-content\/gallery\/combe-pilouvi-6-4-24\/IMG_6391.jpeg\"\n               title=\"auf dem Pilgerweg;Kirche von Ligerz\"\n               data-src=\"http:\/\/www.freimarianne.ch\/wp-content\/gallery\/combe-pilouvi-6-4-24\/IMG_6391.jpeg\"\n               data-thumbnail=\"http:\/\/www.freimarianne.ch\/wp-content\/gallery\/combe-pilouvi-6-4-24\/thumbs\/thumbs_IMG_6391.jpeg\"\n               data-image-id=\"32529\"\n               data-title=\"auf dem Pilgerweg;Kirche von Ligerz\"\n               data-description=\"auf dem Pilgerweg;Kirche von Ligerz\"\n               data-image-slug=\"img_6391-2\"\n               class=\"shutterset_9ec80cced8a27b6ab0b77cab70871a99\">\n                <img\n                    title=\"auf dem Pilgerweg;Kirche von Ligerz\"\n                    alt=\"auf dem Pilgerweg;Kirche von Ligerz\"\n                    src=\"http:\/\/www.freimarianne.ch\/wp-content\/gallery\/combe-pilouvi-6-4-24\/cache\/IMG_6391.jpeg-nggid0532529-ngg0dyn-100x75x100-00f0w010c010r110f110r010t010.jpeg\"\n                    width=\"100\"\n                    height=\"75\"\n                    style=\"max-width:100%;\"\n                \/>\n            <\/a>\n        <\/div>\n\t\t\t\t\t\t\t<\/div> \n\t\t\t\n                            \n\t\t\t\t<div id=\"ngg-image-19\" class=\"ngg-gallery-thumbnail-box\" >\n\t\t\t\t        <div class=\"ngg-gallery-thumbnail\">\n            <a href=\"http:\/\/www.freimarianne.ch\/wp-content\/gallery\/combe-pilouvi-6-4-24\/IMG_6392.jpeg\"\n               title=\"hinunter nach Twann\"\n               data-src=\"http:\/\/www.freimarianne.ch\/wp-content\/gallery\/combe-pilouvi-6-4-24\/IMG_6392.jpeg\"\n               data-thumbnail=\"http:\/\/www.freimarianne.ch\/wp-content\/gallery\/combe-pilouvi-6-4-24\/thumbs\/thumbs_IMG_6392.jpeg\"\n               data-image-id=\"32527\"\n               data-title=\"hinunter nach Twann\"\n               data-description=\"hinunter nach Twann\"\n               data-image-slug=\"img_6392-2\"\n               class=\"shutterset_9ec80cced8a27b6ab0b77cab70871a99\">\n                <img\n                    title=\"hinunter nach Twann\"\n                    alt=\"hinunter nach Twann\"\n                    src=\"http:\/\/www.freimarianne.ch\/wp-content\/gallery\/combe-pilouvi-6-4-24\/cache\/IMG_6392.jpeg-nggid0532527-ngg0dyn-100x75x100-00f0w010c010r110f110r010t010.jpeg\"\n                    width=\"100\"\n                    height=\"75\"\n                    style=\"max-width:100%;\"\n                \/>\n            <\/a>\n        <\/div>\n\t\t\t\t\t\t\t<\/div> \n\t\t\t\n                                    <br style=\"clear: both\" \/>\n                    \n\t\t\n\t\t<!-- Pagination -->\n\t<div class='ngg-clear'><\/div>\t<\/div>\n\n","protected":false},"excerpt":{"rendered":"<p>Wanderung von La Neuville durch die Combe du Pilouvi nach Pr\u00eales Pilgerweg von Ligerz nach Twann Heute m\u00f6chte ich eine Wanderung vorlaufen. Ich fahre nach La Neuveville und steige durch die Combe du Pilouvi hinauf zum Punkt 710m, wohin ich \u00fcber eine Holztreppe aus der Combe herauskomme. Hier gibt es einen Trink &#8211; und Besinnungshalt, [&hellip;]<\/p>\n","protected":false},"author":1,"featured_media":0,"parent":64165,"menu_order":8,"comment_status":"closed","ping_status":"closed","template":"","meta":{"ngg_post_thumbnail":0},"_links":{"self":[{"href":"http:\/\/www.freimarianne.ch\/index.php?rest_route=\/wp\/v2\/pages\/64449"}],"collection":[{"href":"http:\/\/www.freimarianne.ch\/index.php?rest_route=\/wp\/v2\/pages"}],"about":[{"href":"http:\/\/www.freimarianne.ch\/index.php?rest_route=\/wp\/v2\/types\/page"}],"author":[{"embeddable":true,"href":"http:\/\/www.freimarianne.ch\/index.php?rest_route=\/wp\/v2\/users\/1"}],"replies":[{"embeddable":true,"href":"http:\/\/www.freimarianne.ch\/index.php?rest_route=%2Fwp%2Fv2%2Fcomments&post=64449"}],"version-history":[{"count":3,"href":"http:\/\/www.freimarianne.ch\/index.php?rest_route=\/wp\/v2\/pages\/64449\/revisions"}],"predecessor-version":[{"id":64728,"href":"http:\/\/www.freimarianne.ch\/index.php?rest_route=\/wp\/v2\/pages\/64449\/revisions\/64728"}],"up":[{"embeddable":true,"href":"http:\/\/www.freimarianne.ch\/index.php?rest_route=\/wp\/v2\/pages\/64165"}],"wp:attachment":[{"href":"http:\/\/www.freimarianne.ch\/index.php?rest_route=%2Fwp%2Fv2%2Fmedia&parent=64449"}],"curies":[{"name":"wp","href":"https:\/\/api.w.org\/{rel}","templated":true}]}}