{"id":64867,"date":"2024-07-05T09:08:31","date_gmt":"2024-07-05T08:08:31","guid":{"rendered":"http:\/\/www.freimarianne.ch\/?page_id=64867"},"modified":"2024-07-06T10:09:15","modified_gmt":"2024-07-06T09:09:15","slug":"rasa-rundwanderung-ti-26-5-2024","status":"publish","type":"page","link":"http:\/\/www.freimarianne.ch\/?page_id=64867","title":{"rendered":"Rasa Rundwanderung TI 26.5.2024"},"content":{"rendered":"\n<p><strong>Zweiter Tag meiner Kurzferien in Cavigliano im Centovalli<\/strong><\/p>\n\n\n\n<p><strong>Das Dorf Rasa &#8211; Terra Vecchia &#8211; Bordei &#8211; Termine &#8211; Monti &#8211; Rasa<\/strong><\/p>\n\n\n<div id=\"attachment_64857\" style=\"width: 510px\" class=\"wp-caption alignleft\"><img aria-describedby=\"caption-attachment-64857\" loading=\"lazy\" class=\"size-full wp-image-64857\" src=\"http:\/\/www.freimarianne.ch\/wp-content\/uploads\/2024\/07\/IMG_6987._rasa_5.24_500.jpeg\" alt=\"\" width=\"500\" height=\"375\" srcset=\"http:\/\/www.freimarianne.ch\/wp-content\/uploads\/2024\/07\/IMG_6987._rasa_5.24_500.jpeg 500w, http:\/\/www.freimarianne.ch\/wp-content\/uploads\/2024\/07\/IMG_6987._rasa_5.24_500-300x225.jpeg 300w, http:\/\/www.freimarianne.ch\/wp-content\/uploads\/2024\/07\/IMG_6987._rasa_5.24_500-400x300.jpeg 400w\" sizes=\"(max-width: 500px) 100vw, 500px\" \/><p id=\"caption-attachment-64857\" class=\"wp-caption-text\">der erste Eindruck von Rasa; Monte Limidario 2189m, Rocce del Gridone 2155m<\/p><\/div>\n<p>Heute kann ich mir den lang gehegten Wunsch, das Dorf Rasa zu besuchen erf\u00fcllen. Das Wetter ist heute strahlend sch\u00f6n und ich muss bei dem unstabilen Wetter die Gelegenheit packen.<br>Ich fahre mit der Bahn nach Verdasio und von dort mit der kleinen Seilbahn hinauf ins Dorf Rasa. Schon der erste Blick ist wundersch\u00f6n. Hinter dem Dorf erheben sich die noch leicht schneebedeckten Berge !<br>Schnell gelange ich durch den kleinen Ort zum Ausgangspunkt meiner geplanten Rundwanderung, die mich auf einem steilen Tessiner Weg hinunter zum ehemaligen Raxa, jetzt Terra Veccia bringt. Hier wird immer noch renoviert! <br>Info zu Rasa: https:\/\/de.wikipedia.org\/wiki\/Rasa_TI<\/p>\n<p>Das Erste, was ich von Terra Vecchia sehe ist die Kirche Madonna della Neve.<br>Ich steige weiter hinunter in eine Schlucht, \u00fcberquere einen Bach und steige in Kehren wieder sauf der anderen Seite steil hinauf und erreiche eine Waldstrasse, auf welcher ich noch einen Abstecher zum kleinen Ort Bordei mache. Dieser Ort ist von Palanedra auf einer Zugangsstrasse erreichbar. Ich gehe wieder denselben Weg zur\u00fcck und folge dem Wanderweg durch den dichten Wald. Ich treffe hier keinen Menschen an. Die Natur ist sehr wild. Von den steilen Bergh\u00e4ngen fliessen diverse B\u00e4che durch den Wald hinunter. Bei einem heftigen Gewitter k\u00f6nnte es hier bald gef\u00e4hrlich werden! Aber heute ist ein Prachtstag! Ich erreiche eine Abzweigung nach Terra Vecchia, welcher ich aber nicht folge. Die geplante und beschriebenen Rundwanderung f\u00fchrt \u00fcber den Grat bei Termine, den ich nach einem Aufstieg auf teils ruppigen Wegen, die ich suchen muss, erreiche. Hier komme ich endlich in offenes Gel\u00e4nde und sehe gegen Nordosten. Ich halte hier auf einem Stein meine Mittagsrast. Hier sehe ich die ersten Wanderer, die offensichtlich von der anderen Seite von Rasa hier hinaufgekommen sind und picknicken.<br>Nun folgt wieder ein Wegabschnitt durch den Bergwald auf typischen Tessinerwegen.<br>Bald erreiche ich die n\u00e4chste Lichtung, wo die wenigen Rustici von Monti 996m stehen. Die Landschaft hier ist wundersch\u00f6n. Ich komme an Wiesen vorbei, wo noch die letzen Narzissen und auch Paradieslilien wachsen.<br>Nach La Mondadina wendet sich der Weg nach links und bringt mich hinunter gegen das Dorf Rasa. Der Blick auf das Dorf beim Abstieg ist wundersch\u00f6n ! Es lohnt sich, das Dorf auch von dieser Seite zu betrachten. Ich schaue mich noch etwas im Dorf um und nehme dann die Seilbahn um 14.20h hinunter zur Bahnstation Verdasio.<\/p>\n<p>Mit der Bahn fahre ich bis nach Locarno, um noch etwas am See zu spazieren. Der Gegensatz zum ruhigen Ort Rasa und der vollen Uferpromenade k\u00f6nnte nicht gr\u00f6sser sein. Gerne fahre ich wieder zur\u00fcck ins ruhige Dorf Cavigliano!<\/p>\n<p>Laut Schweizmobil:<\/p>\n<p>Distanz: 6.14km; Aufstieg=Abstieg: 429m; Wanderzeit: 2h 21min<\/p>\n<p><a href=\"https:\/\/map.schweizmobil.ch\/?lang=de&amp;bgLayer=pk&amp;logo=yes&amp;season=summer&amp;resolution=2.14&amp;E=2694254&amp;N=1111876&amp;photos=yes&amp;detours=yes&amp;layers=Wanderland%2CStation&amp;trackId=2057127674\">Karte Schweizmobil:<\/a><\/p>\n\n\n<!-- index.php -->\n<div\n\tclass=\"ngg-galleryoverview ngg-ajax-pagination-none\"\n\tid=\"ngg-gallery-05d30799ba002d2a25d3073c05d467c4-1\">\n\n    \t<div class=\"slideshowlink\">\n        <a href='http:\/\/www.freimarianne.ch\/index.php\/nggallery\/slideshow?page_id=64867'>[Show as slideshow]<\/a>\n\t\t\n\t<\/div>\n\t\t\t<!-- Thumbnails -->\n\t\t\t\t<div id=\"ngg-image-0\" class=\"ngg-gallery-thumbnail-box\" >\n\t\t\t\t        <div class=\"ngg-gallery-thumbnail\">\n            <a href=\"http:\/\/www.freimarianne.ch\/wp-content\/gallery\/rasa-rundwanderung-26-5-24\/IMG_6984.jpeg\"\n               title=\"Blick auf  Golino und Intragna; Monte Limidario 2189m, Rocce del Gridone  2155m\"\n               data-src=\"http:\/\/www.freimarianne.ch\/wp-content\/gallery\/rasa-rundwanderung-26-5-24\/IMG_6984.jpeg\"\n               data-thumbnail=\"http:\/\/www.freimarianne.ch\/wp-content\/gallery\/rasa-rundwanderung-26-5-24\/thumbs\/thumbs_IMG_6984.jpeg\"\n               data-image-id=\"32874\"\n               data-title=\"Blick auf  Golino und Intragna; Monte Limidario 2189m, Rocce del Gridone  2155m\"\n               data-description=\"Blick auf  Golino und Intragna; Monte Limidario 2189m, Rocce del Gridone  2155m\"\n               data-image-slug=\"img_6984-3\"\n               class=\"shutterset_05d30799ba002d2a25d3073c05d467c4\">\n                <img\n                    title=\"Blick auf  Golino und Intragna; Monte Limidario 2189m, Rocce del Gridone  2155m\"\n                    alt=\"Blick auf  Golino und Intragna; Monte Limidario 2189m, Rocce del Gridone  2155m\"\n                    src=\"http:\/\/www.freimarianne.ch\/wp-content\/gallery\/rasa-rundwanderung-26-5-24\/cache\/IMG_6984.jpeg-nggid0532874-ngg0dyn-100x75x100-00f0w010c010r110f110r010t010.jpeg\"\n                    width=\"100\"\n                    height=\"75\"\n                    style=\"max-width:100%;\"\n                \/>\n            <\/a>\n        <\/div>\n\t\t\t\t\t\t\t<\/div> \n\t\t\t\n                            \n\t\t\t\t<div id=\"ngg-image-1\" class=\"ngg-gallery-thumbnail-box\" >\n\t\t\t\t        <div class=\"ngg-gallery-thumbnail\">\n            <a href=\"http:\/\/www.freimarianne.ch\/wp-content\/gallery\/rasa-rundwanderung-26-5-24\/IMG_6986.jpeg\"\n               title=\"der erste Eindruck von Rasa;  Monte Limidario 2189m, Rocce del Gridone  2155m\"\n               data-src=\"http:\/\/www.freimarianne.ch\/wp-content\/gallery\/rasa-rundwanderung-26-5-24\/IMG_6986.jpeg\"\n               data-thumbnail=\"http:\/\/www.freimarianne.ch\/wp-content\/gallery\/rasa-rundwanderung-26-5-24\/thumbs\/thumbs_IMG_6986.jpeg\"\n               data-image-id=\"32873\"\n               data-title=\"der erste Eindruck von Rasa;  Monte Limidario 2189m, Rocce del Gridone  2155m\"\n               data-description=\"der erste Eindruck von Rasa;  Monte Limidario 2189m, Rocce del Gridone  2155m\"\n               data-image-slug=\"img_6986-1\"\n               class=\"shutterset_05d30799ba002d2a25d3073c05d467c4\">\n                <img\n                    title=\"der erste Eindruck von Rasa;  Monte Limidario 2189m, Rocce del Gridone  2155m\"\n                    alt=\"der erste Eindruck von Rasa;  Monte Limidario 2189m, Rocce del Gridone  2155m\"\n                    src=\"http:\/\/www.freimarianne.ch\/wp-content\/gallery\/rasa-rundwanderung-26-5-24\/cache\/IMG_6986.jpeg-nggid0532873-ngg0dyn-100x75x100-00f0w010c010r110f110r010t010.jpeg\"\n                    width=\"100\"\n                    height=\"75\"\n                    style=\"max-width:100%;\"\n                \/>\n            <\/a>\n        <\/div>\n\t\t\t\t\t\t\t<\/div> \n\t\t\t\n                            \n\t\t\t\t<div id=\"ngg-image-2\" class=\"ngg-gallery-thumbnail-box\" >\n\t\t\t\t        <div class=\"ngg-gallery-thumbnail\">\n            <a href=\"http:\/\/www.freimarianne.ch\/wp-content\/gallery\/rasa-rundwanderung-26-5-24\/IMG_6994.jpeg\"\n               title=\"Kirche bei Terra Vecchia; Rocce del Gridone  2155m\"\n               data-src=\"http:\/\/www.freimarianne.ch\/wp-content\/gallery\/rasa-rundwanderung-26-5-24\/IMG_6994.jpeg\"\n               data-thumbnail=\"http:\/\/www.freimarianne.ch\/wp-content\/gallery\/rasa-rundwanderung-26-5-24\/thumbs\/thumbs_IMG_6994.jpeg\"\n               data-image-id=\"32872\"\n               data-title=\"Kirche bei Terra Vecchia; Rocce del Gridone  2155m\"\n               data-description=\"Kirche bei Terra Vecchia; Rocce del Gridone  2155m\"\n               data-image-slug=\"img_6994-1\"\n               class=\"shutterset_05d30799ba002d2a25d3073c05d467c4\">\n                <img\n                    title=\"Kirche bei Terra Vecchia; Rocce del Gridone  2155m\"\n                    alt=\"Kirche bei Terra Vecchia; Rocce del Gridone  2155m\"\n                    src=\"http:\/\/www.freimarianne.ch\/wp-content\/gallery\/rasa-rundwanderung-26-5-24\/cache\/IMG_6994.jpeg-nggid0532872-ngg0dyn-100x75x100-00f0w010c010r110f110r010t010.jpeg\"\n                    width=\"100\"\n                    height=\"75\"\n                    style=\"max-width:100%;\"\n                \/>\n            <\/a>\n        <\/div>\n\t\t\t\t\t\t\t<\/div> \n\t\t\t\n                            \n\t\t\t\t<div id=\"ngg-image-3\" class=\"ngg-gallery-thumbnail-box\" >\n\t\t\t\t        <div class=\"ngg-gallery-thumbnail\">\n            <a href=\"http:\/\/www.freimarianne.ch\/wp-content\/gallery\/rasa-rundwanderung-26-5-24\/IMG_6995.jpeg\"\n               title=\"Kirche von Terra Vecchia\"\n               data-src=\"http:\/\/www.freimarianne.ch\/wp-content\/gallery\/rasa-rundwanderung-26-5-24\/IMG_6995.jpeg\"\n               data-thumbnail=\"http:\/\/www.freimarianne.ch\/wp-content\/gallery\/rasa-rundwanderung-26-5-24\/thumbs\/thumbs_IMG_6995.jpeg\"\n               data-image-id=\"32871\"\n               data-title=\"Kirche von Terra Vecchia\"\n               data-description=\"Kirche von Terra Vecchia\"\n               data-image-slug=\"img_6995-5\"\n               class=\"shutterset_05d30799ba002d2a25d3073c05d467c4\">\n                <img\n                    title=\"Kirche von Terra Vecchia\"\n                    alt=\"Kirche von Terra Vecchia\"\n                    src=\"http:\/\/www.freimarianne.ch\/wp-content\/gallery\/rasa-rundwanderung-26-5-24\/cache\/IMG_6995.jpeg-nggid0532871-ngg0dyn-100x75x100-00f0w010c010r110f110r010t010.jpeg\"\n                    width=\"100\"\n                    height=\"75\"\n                    style=\"max-width:100%;\"\n                \/>\n            <\/a>\n        <\/div>\n\t\t\t\t\t\t\t<\/div> \n\t\t\t\n                                    <br style=\"clear: both\" \/>\n                    \n\t\t\t\t<div id=\"ngg-image-4\" class=\"ngg-gallery-thumbnail-box\" >\n\t\t\t\t        <div class=\"ngg-gallery-thumbnail\">\n            <a href=\"http:\/\/www.freimarianne.ch\/wp-content\/gallery\/rasa-rundwanderung-26-5-24\/IMG_6998.jpeg\"\n               title=\"Terra Vecchia\"\n               data-src=\"http:\/\/www.freimarianne.ch\/wp-content\/gallery\/rasa-rundwanderung-26-5-24\/IMG_6998.jpeg\"\n               data-thumbnail=\"http:\/\/www.freimarianne.ch\/wp-content\/gallery\/rasa-rundwanderung-26-5-24\/thumbs\/thumbs_IMG_6998.jpeg\"\n               data-image-id=\"32870\"\n               data-title=\"Terra Vecchia\"\n               data-description=\"Terra Vecchia\"\n               data-image-slug=\"img_6998-2\"\n               class=\"shutterset_05d30799ba002d2a25d3073c05d467c4\">\n                <img\n                    title=\"Terra Vecchia\"\n                    alt=\"Terra Vecchia\"\n                    src=\"http:\/\/www.freimarianne.ch\/wp-content\/gallery\/rasa-rundwanderung-26-5-24\/cache\/IMG_6998.jpeg-nggid0532870-ngg0dyn-100x75x100-00f0w010c010r110f110r010t010.jpeg\"\n                    width=\"100\"\n                    height=\"75\"\n                    style=\"max-width:100%;\"\n                \/>\n            <\/a>\n        <\/div>\n\t\t\t\t\t\t\t<\/div> \n\t\t\t\n                            \n\t\t\t\t<div id=\"ngg-image-5\" class=\"ngg-gallery-thumbnail-box\" >\n\t\t\t\t        <div class=\"ngg-gallery-thumbnail\">\n            <a href=\"http:\/\/www.freimarianne.ch\/wp-content\/gallery\/rasa-rundwanderung-26-5-24\/IMG_7001.jpeg\"\n               title=\"Terra Vecchia\"\n               data-src=\"http:\/\/www.freimarianne.ch\/wp-content\/gallery\/rasa-rundwanderung-26-5-24\/IMG_7001.jpeg\"\n               data-thumbnail=\"http:\/\/www.freimarianne.ch\/wp-content\/gallery\/rasa-rundwanderung-26-5-24\/thumbs\/thumbs_IMG_7001.jpeg\"\n               data-image-id=\"32869\"\n               data-title=\"Terra Vecchia\"\n               data-description=\"Terra Vecchia\"\n               data-image-slug=\"img_7001-1\"\n               class=\"shutterset_05d30799ba002d2a25d3073c05d467c4\">\n                <img\n                    title=\"Terra Vecchia\"\n                    alt=\"Terra Vecchia\"\n                    src=\"http:\/\/www.freimarianne.ch\/wp-content\/gallery\/rasa-rundwanderung-26-5-24\/cache\/IMG_7001.jpeg-nggid0532869-ngg0dyn-100x75x100-00f0w010c010r110f110r010t010.jpeg\"\n                    width=\"100\"\n                    height=\"75\"\n                    style=\"max-width:100%;\"\n                \/>\n            <\/a>\n        <\/div>\n\t\t\t\t\t\t\t<\/div> \n\t\t\t\n                            \n\t\t\t\t<div id=\"ngg-image-6\" class=\"ngg-gallery-thumbnail-box\" >\n\t\t\t\t        <div class=\"ngg-gallery-thumbnail\">\n            <a href=\"http:\/\/www.freimarianne.ch\/wp-content\/gallery\/rasa-rundwanderung-26-5-24\/IMG_7005.jpeg\"\n               title=\"Wanderweg\"\n               data-src=\"http:\/\/www.freimarianne.ch\/wp-content\/gallery\/rasa-rundwanderung-26-5-24\/IMG_7005.jpeg\"\n               data-thumbnail=\"http:\/\/www.freimarianne.ch\/wp-content\/gallery\/rasa-rundwanderung-26-5-24\/thumbs\/thumbs_IMG_7005.jpeg\"\n               data-image-id=\"32868\"\n               data-title=\"Wanderweg\"\n               data-description=\"Wanderweg\"\n               data-image-slug=\"img_7005\"\n               class=\"shutterset_05d30799ba002d2a25d3073c05d467c4\">\n                <img\n                    title=\"Wanderweg\"\n                    alt=\"Wanderweg\"\n                    src=\"http:\/\/www.freimarianne.ch\/wp-content\/gallery\/rasa-rundwanderung-26-5-24\/cache\/IMG_7005.jpeg-nggid0532868-ngg0dyn-100x75x100-00f0w010c010r110f110r010t010.jpeg\"\n                    width=\"100\"\n                    height=\"75\"\n                    style=\"max-width:100%;\"\n                \/>\n            <\/a>\n        <\/div>\n\t\t\t\t\t\t\t<\/div> \n\t\t\t\n                            \n\t\t\t\t<div id=\"ngg-image-7\" class=\"ngg-gallery-thumbnail-box\" >\n\t\t\t\t        <div class=\"ngg-gallery-thumbnail\">\n            <a href=\"http:\/\/www.freimarianne.ch\/wp-content\/gallery\/rasa-rundwanderung-26-5-24\/IMG_7013.jpeg\"\n               title=\"ion Bordei\"\n               data-src=\"http:\/\/www.freimarianne.ch\/wp-content\/gallery\/rasa-rundwanderung-26-5-24\/IMG_7013.jpeg\"\n               data-thumbnail=\"http:\/\/www.freimarianne.ch\/wp-content\/gallery\/rasa-rundwanderung-26-5-24\/thumbs\/thumbs_IMG_7013.jpeg\"\n               data-image-id=\"32867\"\n               data-title=\"ion Bordei\"\n               data-description=\"ion Bordei\"\n               data-image-slug=\"img_7013-3\"\n               class=\"shutterset_05d30799ba002d2a25d3073c05d467c4\">\n                <img\n                    title=\"ion Bordei\"\n                    alt=\"ion Bordei\"\n                    src=\"http:\/\/www.freimarianne.ch\/wp-content\/gallery\/rasa-rundwanderung-26-5-24\/cache\/IMG_7013.jpeg-nggid0532867-ngg0dyn-100x75x100-00f0w010c010r110f110r010t010.jpeg\"\n                    width=\"100\"\n                    height=\"75\"\n                    style=\"max-width:100%;\"\n                \/>\n            <\/a>\n        <\/div>\n\t\t\t\t\t\t\t<\/div> \n\t\t\t\n                                    <br style=\"clear: both\" \/>\n                    \n\t\t\t\t<div id=\"ngg-image-8\" class=\"ngg-gallery-thumbnail-box\" >\n\t\t\t\t        <div class=\"ngg-gallery-thumbnail\">\n            <a href=\"http:\/\/www.freimarianne.ch\/wp-content\/gallery\/rasa-rundwanderung-26-5-24\/IMG_7015.jpeg\"\n               title=\"Bordei\"\n               data-src=\"http:\/\/www.freimarianne.ch\/wp-content\/gallery\/rasa-rundwanderung-26-5-24\/IMG_7015.jpeg\"\n               data-thumbnail=\"http:\/\/www.freimarianne.ch\/wp-content\/gallery\/rasa-rundwanderung-26-5-24\/thumbs\/thumbs_IMG_7015.jpeg\"\n               data-image-id=\"32866\"\n               data-title=\"Bordei\"\n               data-description=\"Bordei\"\n               data-image-slug=\"img_7015\"\n               class=\"shutterset_05d30799ba002d2a25d3073c05d467c4\">\n                <img\n                    title=\"Bordei\"\n                    alt=\"Bordei\"\n                    src=\"http:\/\/www.freimarianne.ch\/wp-content\/gallery\/rasa-rundwanderung-26-5-24\/cache\/IMG_7015.jpeg-nggid0532866-ngg0dyn-100x75x100-00f0w010c010r110f110r010t010.jpeg\"\n                    width=\"100\"\n                    height=\"75\"\n                    style=\"max-width:100%;\"\n                \/>\n            <\/a>\n        <\/div>\n\t\t\t\t\t\t\t<\/div> \n\t\t\t\n                            \n\t\t\t\t<div id=\"ngg-image-9\" class=\"ngg-gallery-thumbnail-box\" >\n\t\t\t\t        <div class=\"ngg-gallery-thumbnail\">\n            <a href=\"http:\/\/www.freimarianne.ch\/wp-content\/gallery\/rasa-rundwanderung-26-5-24\/IMG_7021.jpeg\"\n               title=\"unterwegs durch den Wald\"\n               data-src=\"http:\/\/www.freimarianne.ch\/wp-content\/gallery\/rasa-rundwanderung-26-5-24\/IMG_7021.jpeg\"\n               data-thumbnail=\"http:\/\/www.freimarianne.ch\/wp-content\/gallery\/rasa-rundwanderung-26-5-24\/thumbs\/thumbs_IMG_7021.jpeg\"\n               data-image-id=\"32865\"\n               data-title=\"unterwegs durch den Wald\"\n               data-description=\"unterwegs durch den Wald\"\n               data-image-slug=\"img_7021-3\"\n               class=\"shutterset_05d30799ba002d2a25d3073c05d467c4\">\n                <img\n                    title=\"unterwegs durch den Wald\"\n                    alt=\"unterwegs durch den Wald\"\n                    src=\"http:\/\/www.freimarianne.ch\/wp-content\/gallery\/rasa-rundwanderung-26-5-24\/cache\/IMG_7021.jpeg-nggid0532865-ngg0dyn-100x75x100-00f0w010c010r110f110r010t010.jpeg\"\n                    width=\"100\"\n                    height=\"75\"\n                    style=\"max-width:100%;\"\n                \/>\n            <\/a>\n        <\/div>\n\t\t\t\t\t\t\t<\/div> \n\t\t\t\n                            \n\t\t\t\t<div id=\"ngg-image-10\" class=\"ngg-gallery-thumbnail-box\" >\n\t\t\t\t        <div class=\"ngg-gallery-thumbnail\">\n            <a href=\"http:\/\/www.freimarianne.ch\/wp-content\/gallery\/rasa-rundwanderung-26-5-24\/IMG_7022.jpeg\"\n               title=\"unterwegs durch den Wald\"\n               data-src=\"http:\/\/www.freimarianne.ch\/wp-content\/gallery\/rasa-rundwanderung-26-5-24\/IMG_7022.jpeg\"\n               data-thumbnail=\"http:\/\/www.freimarianne.ch\/wp-content\/gallery\/rasa-rundwanderung-26-5-24\/thumbs\/thumbs_IMG_7022.jpeg\"\n               data-image-id=\"32864\"\n               data-title=\"unterwegs durch den Wald\"\n               data-description=\"unterwegs durch den Wald\"\n               data-image-slug=\"img_7022-3\"\n               class=\"shutterset_05d30799ba002d2a25d3073c05d467c4\">\n                <img\n                    title=\"unterwegs durch den Wald\"\n                    alt=\"unterwegs durch den Wald\"\n                    src=\"http:\/\/www.freimarianne.ch\/wp-content\/gallery\/rasa-rundwanderung-26-5-24\/cache\/IMG_7022.jpeg-nggid0532864-ngg0dyn-100x75x100-00f0w010c010r110f110r010t010.jpeg\"\n                    width=\"100\"\n                    height=\"75\"\n                    style=\"max-width:100%;\"\n                \/>\n            <\/a>\n        <\/div>\n\t\t\t\t\t\t\t<\/div> \n\t\t\t\n                            \n\t\t\t\t<div id=\"ngg-image-11\" class=\"ngg-gallery-thumbnail-box\" >\n\t\t\t\t        <div class=\"ngg-gallery-thumbnail\">\n            <a href=\"http:\/\/www.freimarianne.ch\/wp-content\/gallery\/rasa-rundwanderung-26-5-24\/IMG_7027.jpeg\"\n               title=\"unterwegs durch den Wald\"\n               data-src=\"http:\/\/www.freimarianne.ch\/wp-content\/gallery\/rasa-rundwanderung-26-5-24\/IMG_7027.jpeg\"\n               data-thumbnail=\"http:\/\/www.freimarianne.ch\/wp-content\/gallery\/rasa-rundwanderung-26-5-24\/thumbs\/thumbs_IMG_7027.jpeg\"\n               data-image-id=\"32863\"\n               data-title=\"unterwegs durch den Wald\"\n               data-description=\"unterwegs durch den Wald\"\n               data-image-slug=\"img_7027-2\"\n               class=\"shutterset_05d30799ba002d2a25d3073c05d467c4\">\n                <img\n                    title=\"unterwegs durch den Wald\"\n                    alt=\"unterwegs durch den Wald\"\n                    src=\"http:\/\/www.freimarianne.ch\/wp-content\/gallery\/rasa-rundwanderung-26-5-24\/cache\/IMG_7027.jpeg-nggid0532863-ngg0dyn-100x75x100-00f0w010c010r110f110r010t010.jpeg\"\n                    width=\"100\"\n                    height=\"75\"\n                    style=\"max-width:100%;\"\n                \/>\n            <\/a>\n        <\/div>\n\t\t\t\t\t\t\t<\/div> \n\t\t\t\n                                    <br style=\"clear: both\" \/>\n                    \n\t\t\t\t<div id=\"ngg-image-12\" class=\"ngg-gallery-thumbnail-box\" >\n\t\t\t\t        <div class=\"ngg-gallery-thumbnail\">\n            <a href=\"http:\/\/www.freimarianne.ch\/wp-content\/gallery\/rasa-rundwanderung-26-5-24\/IMG_7028.jpeg\"\n               title=\"unterwegs durch den Wald\"\n               data-src=\"http:\/\/www.freimarianne.ch\/wp-content\/gallery\/rasa-rundwanderung-26-5-24\/IMG_7028.jpeg\"\n               data-thumbnail=\"http:\/\/www.freimarianne.ch\/wp-content\/gallery\/rasa-rundwanderung-26-5-24\/thumbs\/thumbs_IMG_7028.jpeg\"\n               data-image-id=\"32861\"\n               data-title=\"unterwegs durch den Wald\"\n               data-description=\"unterwegs durch den Wald\"\n               data-image-slug=\"img_7028-2\"\n               class=\"shutterset_05d30799ba002d2a25d3073c05d467c4\">\n                <img\n                    title=\"unterwegs durch den Wald\"\n                    alt=\"unterwegs durch den Wald\"\n                    src=\"http:\/\/www.freimarianne.ch\/wp-content\/gallery\/rasa-rundwanderung-26-5-24\/cache\/IMG_7028.jpeg-nggid0532861-ngg0dyn-100x75x100-00f0w010c010r110f110r010t010.jpeg\"\n                    width=\"100\"\n                    height=\"75\"\n                    style=\"max-width:100%;\"\n                \/>\n            <\/a>\n        <\/div>\n\t\t\t\t\t\t\t<\/div> \n\t\t\t\n                            \n\t\t\t\t<div id=\"ngg-image-13\" class=\"ngg-gallery-thumbnail-box\" >\n\t\t\t\t        <div class=\"ngg-gallery-thumbnail\">\n            <a href=\"http:\/\/www.freimarianne.ch\/wp-content\/gallery\/rasa-rundwanderung-26-5-24\/IMG_7031.jpeg\"\n               title=\"auf dem Weg von Termine nach Rasa\"\n               data-src=\"http:\/\/www.freimarianne.ch\/wp-content\/gallery\/rasa-rundwanderung-26-5-24\/IMG_7031.jpeg\"\n               data-thumbnail=\"http:\/\/www.freimarianne.ch\/wp-content\/gallery\/rasa-rundwanderung-26-5-24\/thumbs\/thumbs_IMG_7031.jpeg\"\n               data-image-id=\"32862\"\n               data-title=\"auf dem Weg von Termine nach Rasa\"\n               data-description=\"auf dem Weg von Termine nach Rasa\"\n               data-image-slug=\"img_7031-2\"\n               class=\"shutterset_05d30799ba002d2a25d3073c05d467c4\">\n                <img\n                    title=\"auf dem Weg von Termine nach Rasa\"\n                    alt=\"auf dem Weg von Termine nach Rasa\"\n                    src=\"http:\/\/www.freimarianne.ch\/wp-content\/gallery\/rasa-rundwanderung-26-5-24\/cache\/IMG_7031.jpeg-nggid0532862-ngg0dyn-100x75x100-00f0w010c010r110f110r010t010.jpeg\"\n                    width=\"100\"\n                    height=\"75\"\n                    style=\"max-width:100%;\"\n                \/>\n            <\/a>\n        <\/div>\n\t\t\t\t\t\t\t<\/div> \n\t\t\t\n                            \n\t\t\t\t<div id=\"ngg-image-14\" class=\"ngg-gallery-thumbnail-box\" >\n\t\t\t\t        <div class=\"ngg-gallery-thumbnail\">\n            <a href=\"http:\/\/www.freimarianne.ch\/wp-content\/gallery\/rasa-rundwanderung-26-5-24\/IMG_7034.jpeg\"\n               title=\"auf dem Weg von Termine nach Rasa\"\n               data-src=\"http:\/\/www.freimarianne.ch\/wp-content\/gallery\/rasa-rundwanderung-26-5-24\/IMG_7034.jpeg\"\n               data-thumbnail=\"http:\/\/www.freimarianne.ch\/wp-content\/gallery\/rasa-rundwanderung-26-5-24\/thumbs\/thumbs_IMG_7034.jpeg\"\n               data-image-id=\"32860\"\n               data-title=\"auf dem Weg von Termine nach Rasa\"\n               data-description=\"auf dem Weg von Termine nach Rasa\"\n               data-image-slug=\"img_7034-1\"\n               class=\"shutterset_05d30799ba002d2a25d3073c05d467c4\">\n                <img\n                    title=\"auf dem Weg von Termine nach Rasa\"\n                    alt=\"auf dem Weg von Termine nach Rasa\"\n                    src=\"http:\/\/www.freimarianne.ch\/wp-content\/gallery\/rasa-rundwanderung-26-5-24\/cache\/IMG_7034.jpeg-nggid0532860-ngg0dyn-100x75x100-00f0w010c010r110f110r010t010.jpeg\"\n                    width=\"100\"\n                    height=\"75\"\n                    style=\"max-width:100%;\"\n                \/>\n            <\/a>\n        <\/div>\n\t\t\t\t\t\t\t<\/div> \n\t\t\t\n                            \n\t\t\t\t<div id=\"ngg-image-15\" class=\"ngg-gallery-thumbnail-box\" >\n\t\t\t\t        <div class=\"ngg-gallery-thumbnail\">\n            <a href=\"http:\/\/www.freimarianne.ch\/wp-content\/gallery\/rasa-rundwanderung-26-5-24\/IMG_7035.jpeg\"\n               title=\"auf dem Weg von Termine nach Rasa; hi Pizzo Ragno\"\n               data-src=\"http:\/\/www.freimarianne.ch\/wp-content\/gallery\/rasa-rundwanderung-26-5-24\/IMG_7035.jpeg\"\n               data-thumbnail=\"http:\/\/www.freimarianne.ch\/wp-content\/gallery\/rasa-rundwanderung-26-5-24\/thumbs\/thumbs_IMG_7035.jpeg\"\n               data-image-id=\"32859\"\n               data-title=\"auf dem Weg von Termine nach Rasa; hi Pizzo Ragno\"\n               data-description=\"auf dem Weg von Termine nach Rasa; hi Pizzo Ragno\"\n               data-image-slug=\"img_7035-2\"\n               class=\"shutterset_05d30799ba002d2a25d3073c05d467c4\">\n                <img\n                    title=\"auf dem Weg von Termine nach Rasa; hi Pizzo Ragno\"\n                    alt=\"auf dem Weg von Termine nach Rasa; hi Pizzo Ragno\"\n                    src=\"http:\/\/www.freimarianne.ch\/wp-content\/gallery\/rasa-rundwanderung-26-5-24\/cache\/IMG_7035.jpeg-nggid0532859-ngg0dyn-100x75x100-00f0w010c010r110f110r010t010.jpeg\"\n                    width=\"100\"\n                    height=\"75\"\n                    style=\"max-width:100%;\"\n                \/>\n            <\/a>\n        <\/div>\n\t\t\t\t\t\t\t<\/div> \n\t\t\t\n                                    <br style=\"clear: both\" \/>\n                    \n\t\t\t\t<div id=\"ngg-image-16\" class=\"ngg-gallery-thumbnail-box\" >\n\t\t\t\t        <div class=\"ngg-gallery-thumbnail\">\n            <a href=\"http:\/\/www.freimarianne.ch\/wp-content\/gallery\/rasa-rundwanderung-26-5-24\/IMG_7037.jpeg\"\n               title=\"Monte Limidario 2189m, Rocce del Gridone  2155m; in diesem Waldgebiet bin ich gewandert\"\n               data-src=\"http:\/\/www.freimarianne.ch\/wp-content\/gallery\/rasa-rundwanderung-26-5-24\/IMG_7037.jpeg\"\n               data-thumbnail=\"http:\/\/www.freimarianne.ch\/wp-content\/gallery\/rasa-rundwanderung-26-5-24\/thumbs\/thumbs_IMG_7037.jpeg\"\n               data-image-id=\"32858\"\n               data-title=\"Monte Limidario 2189m, Rocce del Gridone  2155m; in diesem Waldgebiet bin ich gewandert\"\n               data-description=\"Monte Limidario 2189m, Rocce del Gridone  2155m; in diesem Waldgebiet bin ich gewandert\"\n               data-image-slug=\"img_7037-4\"\n               class=\"shutterset_05d30799ba002d2a25d3073c05d467c4\">\n                <img\n                    title=\"Monte Limidario 2189m, Rocce del Gridone  2155m; in diesem Waldgebiet bin ich gewandert\"\n                    alt=\"Monte Limidario 2189m, Rocce del Gridone  2155m; in diesem Waldgebiet bin ich gewandert\"\n                    src=\"http:\/\/www.freimarianne.ch\/wp-content\/gallery\/rasa-rundwanderung-26-5-24\/cache\/IMG_7037.jpeg-nggid0532858-ngg0dyn-100x75x100-00f0w010c010r110f110r010t010.jpeg\"\n                    width=\"100\"\n                    height=\"75\"\n                    style=\"max-width:100%;\"\n                \/>\n            <\/a>\n        <\/div>\n\t\t\t\t\t\t\t<\/div> \n\t\t\t\n                            \n\t\t\t\t<div id=\"ngg-image-17\" class=\"ngg-gallery-thumbnail-box\" >\n\t\t\t\t        <div class=\"ngg-gallery-thumbnail\">\n            <a href=\"http:\/\/www.freimarianne.ch\/wp-content\/gallery\/rasa-rundwanderung-26-5-24\/IMG_7039.jpeg\"\n               title=\"unterwegs zur Siedlung Monti 960m\"\n               data-src=\"http:\/\/www.freimarianne.ch\/wp-content\/gallery\/rasa-rundwanderung-26-5-24\/IMG_7039.jpeg\"\n               data-thumbnail=\"http:\/\/www.freimarianne.ch\/wp-content\/gallery\/rasa-rundwanderung-26-5-24\/thumbs\/thumbs_IMG_7039.jpeg\"\n               data-image-id=\"32857\"\n               data-title=\"unterwegs zur Siedlung Monti 960m\"\n               data-description=\"unterwegs zur Siedlung Monti 960m\"\n               data-image-slug=\"img_7039-3\"\n               class=\"shutterset_05d30799ba002d2a25d3073c05d467c4\">\n                <img\n                    title=\"unterwegs zur Siedlung Monti 960m\"\n                    alt=\"unterwegs zur Siedlung Monti 960m\"\n                    src=\"http:\/\/www.freimarianne.ch\/wp-content\/gallery\/rasa-rundwanderung-26-5-24\/cache\/IMG_7039.jpeg-nggid0532857-ngg0dyn-100x75x100-00f0w010c010r110f110r010t010.jpeg\"\n                    width=\"100\"\n                    height=\"75\"\n                    style=\"max-width:100%;\"\n                \/>\n            <\/a>\n        <\/div>\n\t\t\t\t\t\t\t<\/div> \n\t\t\t\n                            \n\t\t\t\t<div id=\"ngg-image-18\" class=\"ngg-gallery-thumbnail-box\" >\n\t\t\t\t        <div class=\"ngg-gallery-thumbnail\">\n            <a href=\"http:\/\/www.freimarianne.ch\/wp-content\/gallery\/rasa-rundwanderung-26-5-24\/IMG_7040.jpeg\"\n               title=\"wundersch\u00f6ne Landschaft\"\n               data-src=\"http:\/\/www.freimarianne.ch\/wp-content\/gallery\/rasa-rundwanderung-26-5-24\/IMG_7040.jpeg\"\n               data-thumbnail=\"http:\/\/www.freimarianne.ch\/wp-content\/gallery\/rasa-rundwanderung-26-5-24\/thumbs\/thumbs_IMG_7040.jpeg\"\n               data-image-id=\"32855\"\n               data-title=\"wundersch\u00f6ne Landschaft\"\n               data-description=\"wundersch\u00f6ne Landschaft\"\n               data-image-slug=\"img_7040-1\"\n               class=\"shutterset_05d30799ba002d2a25d3073c05d467c4\">\n                <img\n                    title=\"wundersch\u00f6ne Landschaft\"\n                    alt=\"wundersch\u00f6ne Landschaft\"\n                    src=\"http:\/\/www.freimarianne.ch\/wp-content\/gallery\/rasa-rundwanderung-26-5-24\/cache\/IMG_7040.jpeg-nggid0532855-ngg0dyn-100x75x100-00f0w010c010r110f110r010t010.jpeg\"\n                    width=\"100\"\n                    height=\"71\"\n                    style=\"max-width:100%;\"\n                \/>\n            <\/a>\n        <\/div>\n\t\t\t\t\t\t\t<\/div> \n\t\t\t\n                            \n\t\t\t\t<div id=\"ngg-image-19\" class=\"ngg-gallery-thumbnail-box\" >\n\t\t\t\t        <div class=\"ngg-gallery-thumbnail\">\n            <a href=\"http:\/\/www.freimarianne.ch\/wp-content\/gallery\/rasa-rundwanderung-26-5-24\/IMG_7041.jpeg\"\n               title=\"die Siedlung Monti 960m\"\n               data-src=\"http:\/\/www.freimarianne.ch\/wp-content\/gallery\/rasa-rundwanderung-26-5-24\/IMG_7041.jpeg\"\n               data-thumbnail=\"http:\/\/www.freimarianne.ch\/wp-content\/gallery\/rasa-rundwanderung-26-5-24\/thumbs\/thumbs_IMG_7041.jpeg\"\n               data-image-id=\"32856\"\n               data-title=\"die Siedlung Monti 960m\"\n               data-description=\"die Siedlung Monti 960m\"\n               data-image-slug=\"img_7041-4\"\n               class=\"shutterset_05d30799ba002d2a25d3073c05d467c4\">\n                <img\n                    title=\"die Siedlung Monti 960m\"\n                    alt=\"die Siedlung Monti 960m\"\n                    src=\"http:\/\/www.freimarianne.ch\/wp-content\/gallery\/rasa-rundwanderung-26-5-24\/cache\/IMG_7041.jpeg-nggid0532856-ngg0dyn-100x75x100-00f0w010c010r110f110r010t010.jpeg\"\n                    width=\"100\"\n                    height=\"75\"\n                    style=\"max-width:100%;\"\n                \/>\n            <\/a>\n        <\/div>\n\t\t\t\t\t\t\t<\/div> \n\t\t\t\n                                    <br style=\"clear: both\" \/>\n                    \n\t\t\t\t<div id=\"ngg-image-20\" class=\"ngg-gallery-thumbnail-box\" >\n\t\t\t\t        <div class=\"ngg-gallery-thumbnail\">\n            <a href=\"http:\/\/www.freimarianne.ch\/wp-content\/gallery\/rasa-rundwanderung-26-5-24\/IMG_7048.jpeg\"\n               title=\"auf dem Weg nach Rasa; ein Blick zur\u00fcck\"\n               data-src=\"http:\/\/www.freimarianne.ch\/wp-content\/gallery\/rasa-rundwanderung-26-5-24\/IMG_7048.jpeg\"\n               data-thumbnail=\"http:\/\/www.freimarianne.ch\/wp-content\/gallery\/rasa-rundwanderung-26-5-24\/thumbs\/thumbs_IMG_7048.jpeg\"\n               data-image-id=\"32854\"\n               data-title=\"auf dem Weg nach Rasa; ein Blick zur\u00fcck\"\n               data-description=\"auf dem Weg nach Rasa; ein Blick zur\u00fcck\"\n               data-image-slug=\"img_7048-2\"\n               class=\"shutterset_05d30799ba002d2a25d3073c05d467c4\">\n                <img\n                    title=\"auf dem Weg nach Rasa; ein Blick zur\u00fcck\"\n                    alt=\"auf dem Weg nach Rasa; ein Blick zur\u00fcck\"\n                    src=\"http:\/\/www.freimarianne.ch\/wp-content\/gallery\/rasa-rundwanderung-26-5-24\/cache\/IMG_7048.jpeg-nggid0532854-ngg0dyn-100x75x100-00f0w010c010r110f110r010t010.jpeg\"\n                    width=\"100\"\n                    height=\"75\"\n                    style=\"max-width:100%;\"\n                \/>\n            <\/a>\n        <\/div>\n\t\t\t\t\t\t\t<\/div> \n\t\t\t\n                            \n\t\t\t\t<div id=\"ngg-image-21\" class=\"ngg-gallery-thumbnail-box\" >\n\t\t\t\t        <div class=\"ngg-gallery-thumbnail\">\n            <a href=\"http:\/\/www.freimarianne.ch\/wp-content\/gallery\/rasa-rundwanderung-26-5-24\/IMG_7050.jpeg\"\n               title=\"Paradieslilie, oder Trichterlie,  Paradisea  liliastrum, Liliaceae\"\n               data-src=\"http:\/\/www.freimarianne.ch\/wp-content\/gallery\/rasa-rundwanderung-26-5-24\/IMG_7050.jpeg\"\n               data-thumbnail=\"http:\/\/www.freimarianne.ch\/wp-content\/gallery\/rasa-rundwanderung-26-5-24\/thumbs\/thumbs_IMG_7050.jpeg\"\n               data-image-id=\"32853\"\n               data-title=\"Paradieslilie, oder Trichterlie,  Paradisea  liliastrum, Liliaceae\"\n               data-description=\"Paradieslilie, oder Trichterlie,  Paradisea  liliastrum, Liliaceae\"\n               data-image-slug=\"img_7050-6\"\n               class=\"shutterset_05d30799ba002d2a25d3073c05d467c4\">\n                <img\n                    title=\"Paradieslilie, oder Trichterlie,  Paradisea  liliastrum, Liliaceae\"\n                    alt=\"Paradieslilie, oder Trichterlie,  Paradisea  liliastrum, Liliaceae\"\n                    src=\"http:\/\/www.freimarianne.ch\/wp-content\/gallery\/rasa-rundwanderung-26-5-24\/cache\/IMG_7050.jpeg-nggid0532853-ngg0dyn-100x75x100-00f0w010c010r110f110r010t010.jpeg\"\n                    width=\"94\"\n                    height=\"75\"\n                    style=\"max-width:100%;\"\n                \/>\n            <\/a>\n        <\/div>\n\t\t\t\t\t\t\t<\/div> \n\t\t\t\n                            \n\t\t\t\t<div id=\"ngg-image-22\" class=\"ngg-gallery-thumbnail-box\" >\n\t\t\t\t        <div class=\"ngg-gallery-thumbnail\">\n            <a href=\"http:\/\/www.freimarianne.ch\/wp-content\/gallery\/rasa-rundwanderung-26-5-24\/IMG_7051.jpeg\"\n               title=\"Aula 1417m, hi  Salmone 1560m\"\n               data-src=\"http:\/\/www.freimarianne.ch\/wp-content\/gallery\/rasa-rundwanderung-26-5-24\/IMG_7051.jpeg\"\n               data-thumbnail=\"http:\/\/www.freimarianne.ch\/wp-content\/gallery\/rasa-rundwanderung-26-5-24\/thumbs\/thumbs_IMG_7051.jpeg\"\n               data-image-id=\"32851\"\n               data-title=\"Aula 1417m, hi  Salmone 1560m\"\n               data-description=\"Aula 1417m, hi  Salmone 1560m\"\n               data-image-slug=\"img_7051-2\"\n               class=\"shutterset_05d30799ba002d2a25d3073c05d467c4\">\n                <img\n                    title=\"Aula 1417m, hi  Salmone 1560m\"\n                    alt=\"Aula 1417m, hi  Salmone 1560m\"\n                    src=\"http:\/\/www.freimarianne.ch\/wp-content\/gallery\/rasa-rundwanderung-26-5-24\/cache\/IMG_7051.jpeg-nggid0532851-ngg0dyn-100x75x100-00f0w010c010r110f110r010t010.jpeg\"\n                    width=\"100\"\n                    height=\"75\"\n                    style=\"max-width:100%;\"\n                \/>\n            <\/a>\n        <\/div>\n\t\t\t\t\t\t\t<\/div> \n\t\t\t\n                            \n\t\t\t\t<div id=\"ngg-image-23\" class=\"ngg-gallery-thumbnail-box\" >\n\t\t\t\t        <div class=\"ngg-gallery-thumbnail\">\n            <a href=\"http:\/\/www.freimarianne.ch\/wp-content\/gallery\/rasa-rundwanderung-26-5-24\/IMG_7052.jpeg\"\n               title=\"Aula 1417m, hi  Salmone 1560m; Sicht gegen Verscio\"\n               data-src=\"http:\/\/www.freimarianne.ch\/wp-content\/gallery\/rasa-rundwanderung-26-5-24\/IMG_7052.jpeg\"\n               data-thumbnail=\"http:\/\/www.freimarianne.ch\/wp-content\/gallery\/rasa-rundwanderung-26-5-24\/thumbs\/thumbs_IMG_7052.jpeg\"\n               data-image-id=\"32852\"\n               data-title=\"Aula 1417m, hi  Salmone 1560m; Sicht gegen Verscio\"\n               data-description=\"Aula 1417m, hi  Salmone 1560m; Sicht gegen Verscio\"\n               data-image-slug=\"img_7052-5\"\n               class=\"shutterset_05d30799ba002d2a25d3073c05d467c4\">\n                <img\n                    title=\"Aula 1417m, hi  Salmone 1560m; Sicht gegen Verscio\"\n                    alt=\"Aula 1417m, hi  Salmone 1560m; Sicht gegen Verscio\"\n                    src=\"http:\/\/www.freimarianne.ch\/wp-content\/gallery\/rasa-rundwanderung-26-5-24\/cache\/IMG_7052.jpeg-nggid0532852-ngg0dyn-100x75x100-00f0w010c010r110f110r010t010.jpeg\"\n                    width=\"100\"\n                    height=\"75\"\n                    style=\"max-width:100%;\"\n                \/>\n            <\/a>\n        <\/div>\n\t\t\t\t\t\t\t<\/div> \n\t\t\t\n                                    <br style=\"clear: both\" \/>\n                    \n\t\t\t\t<div id=\"ngg-image-24\" class=\"ngg-gallery-thumbnail-box\" >\n\t\t\t\t        <div class=\"ngg-gallery-thumbnail\">\n            <a href=\"http:\/\/www.freimarianne.ch\/wp-content\/gallery\/rasa-rundwanderung-26-5-24\/IMG_7054.jpeg\"\n               title=\"Paradieslilie, oder Trichterlilie,  Paradisea  liliastrum, Liliaceae\"\n               data-src=\"http:\/\/www.freimarianne.ch\/wp-content\/gallery\/rasa-rundwanderung-26-5-24\/IMG_7054.jpeg\"\n               data-thumbnail=\"http:\/\/www.freimarianne.ch\/wp-content\/gallery\/rasa-rundwanderung-26-5-24\/thumbs\/thumbs_IMG_7054.jpeg\"\n               data-image-id=\"32845\"\n               data-title=\"Paradieslilie, oder Trichterlilie,  Paradisea  liliastrum, Liliaceae\"\n               data-description=\"Paradieslilie, oder Trichterlilie,  Paradisea  liliastrum, Liliaceae\"\n               data-image-slug=\"img_7054\"\n               class=\"shutterset_05d30799ba002d2a25d3073c05d467c4\">\n                <img\n                    title=\"Paradieslilie, oder Trichterlilie,  Paradisea  liliastrum, Liliaceae\"\n                    alt=\"Paradieslilie, oder Trichterlilie,  Paradisea  liliastrum, Liliaceae\"\n                    src=\"http:\/\/www.freimarianne.ch\/wp-content\/gallery\/rasa-rundwanderung-26-5-24\/cache\/IMG_7054.jpeg-nggid0532845-ngg0dyn-100x75x100-00f0w010c010r110f110r010t010.jpeg\"\n                    width=\"100\"\n                    height=\"75\"\n                    style=\"max-width:100%;\"\n                \/>\n            <\/a>\n        <\/div>\n\t\t\t\t\t\t\t<\/div> \n\t\t\t\n                            \n\t\t\t\t<div id=\"ngg-image-25\" class=\"ngg-gallery-thumbnail-box\" >\n\t\t\t\t        <div class=\"ngg-gallery-thumbnail\">\n            <a href=\"http:\/\/www.freimarianne.ch\/wp-content\/gallery\/rasa-rundwanderung-26-5-24\/IMG_7055.jpeg\"\n               title=\"hinunter nach Rasa; re Piancascio 1643m\"\n               data-src=\"http:\/\/www.freimarianne.ch\/wp-content\/gallery\/rasa-rundwanderung-26-5-24\/IMG_7055.jpeg\"\n               data-thumbnail=\"http:\/\/www.freimarianne.ch\/wp-content\/gallery\/rasa-rundwanderung-26-5-24\/thumbs\/thumbs_IMG_7055.jpeg\"\n               data-image-id=\"32847\"\n               data-title=\"hinunter nach Rasa; re Piancascio 1643m\"\n               data-description=\"hinunter nach Rasa; re Piancascio 1643m\"\n               data-image-slug=\"img_7055\"\n               class=\"shutterset_05d30799ba002d2a25d3073c05d467c4\">\n                <img\n                    title=\"hinunter nach Rasa; re Piancascio 1643m\"\n                    alt=\"hinunter nach Rasa; re Piancascio 1643m\"\n                    src=\"http:\/\/www.freimarianne.ch\/wp-content\/gallery\/rasa-rundwanderung-26-5-24\/cache\/IMG_7055.jpeg-nggid0532847-ngg0dyn-100x75x100-00f0w010c010r110f110r010t010.jpeg\"\n                    width=\"98\"\n                    height=\"75\"\n                    style=\"max-width:100%;\"\n                \/>\n            <\/a>\n        <\/div>\n\t\t\t\t\t\t\t<\/div> \n\t\t\t\n                            \n\t\t\t\t<div id=\"ngg-image-26\" class=\"ngg-gallery-thumbnail-box\" >\n\t\t\t\t        <div class=\"ngg-gallery-thumbnail\">\n            <a href=\"http:\/\/www.freimarianne.ch\/wp-content\/gallery\/rasa-rundwanderung-26-5-24\/IMG_7059.jpeg\"\n               title=\"in Rasa\"\n               data-src=\"http:\/\/www.freimarianne.ch\/wp-content\/gallery\/rasa-rundwanderung-26-5-24\/IMG_7059.jpeg\"\n               data-thumbnail=\"http:\/\/www.freimarianne.ch\/wp-content\/gallery\/rasa-rundwanderung-26-5-24\/thumbs\/thumbs_IMG_7059.jpeg\"\n               data-image-id=\"32850\"\n               data-title=\"in Rasa\"\n               data-description=\"in Rasa\"\n               data-image-slug=\"img_7059-3\"\n               class=\"shutterset_05d30799ba002d2a25d3073c05d467c4\">\n                <img\n                    title=\"in Rasa\"\n                    alt=\"in Rasa\"\n                    src=\"http:\/\/www.freimarianne.ch\/wp-content\/gallery\/rasa-rundwanderung-26-5-24\/cache\/IMG_7059.jpeg-nggid0532850-ngg0dyn-100x75x100-00f0w010c010r110f110r010t010.jpeg\"\n                    width=\"92\"\n                    height=\"75\"\n                    style=\"max-width:100%;\"\n                \/>\n            <\/a>\n        <\/div>\n\t\t\t\t\t\t\t<\/div> \n\t\t\t\n                            \n\t\t\t\t<div id=\"ngg-image-27\" class=\"ngg-gallery-thumbnail-box\" >\n\t\t\t\t        <div class=\"ngg-gallery-thumbnail\">\n            <a href=\"http:\/\/www.freimarianne.ch\/wp-content\/gallery\/rasa-rundwanderung-26-5-24\/IMG_7061.jpeg\"\n               title=\"in Rasa; Tessinerhaus\"\n               data-src=\"http:\/\/www.freimarianne.ch\/wp-content\/gallery\/rasa-rundwanderung-26-5-24\/IMG_7061.jpeg\"\n               data-thumbnail=\"http:\/\/www.freimarianne.ch\/wp-content\/gallery\/rasa-rundwanderung-26-5-24\/thumbs\/thumbs_IMG_7061.jpeg\"\n               data-image-id=\"32849\"\n               data-title=\"in Rasa; Tessinerhaus\"\n               data-description=\"in Rasa; Tessinerhaus\"\n               data-image-slug=\"img_7061-4\"\n               class=\"shutterset_05d30799ba002d2a25d3073c05d467c4\">\n                <img\n                    title=\"in Rasa; Tessinerhaus\"\n                    alt=\"in Rasa; Tessinerhaus\"\n                    src=\"http:\/\/www.freimarianne.ch\/wp-content\/gallery\/rasa-rundwanderung-26-5-24\/cache\/IMG_7061.jpeg-nggid0532849-ngg0dyn-100x75x100-00f0w010c010r110f110r010t010.jpeg\"\n                    width=\"100\"\n                    height=\"75\"\n                    style=\"max-width:100%;\"\n                \/>\n            <\/a>\n        <\/div>\n\t\t\t\t\t\t\t<\/div> \n\t\t\t\n                                    <br style=\"clear: both\" \/>\n                    \n\t\t\t\t<div id=\"ngg-image-28\" class=\"ngg-gallery-thumbnail-box\" >\n\t\t\t\t        <div class=\"ngg-gallery-thumbnail\">\n            <a href=\"http:\/\/www.freimarianne.ch\/wp-content\/gallery\/rasa-rundwanderung-26-5-24\/IMG_7063.jpeg\"\n               title=\"in Rasa\"\n               data-src=\"http:\/\/www.freimarianne.ch\/wp-content\/gallery\/rasa-rundwanderung-26-5-24\/IMG_7063.jpeg\"\n               data-thumbnail=\"http:\/\/www.freimarianne.ch\/wp-content\/gallery\/rasa-rundwanderung-26-5-24\/thumbs\/thumbs_IMG_7063.jpeg\"\n               data-image-id=\"32848\"\n               data-title=\"in Rasa\"\n               data-description=\"in Rasa\"\n               data-image-slug=\"img_7063-3\"\n               class=\"shutterset_05d30799ba002d2a25d3073c05d467c4\">\n                <img\n                    title=\"in Rasa\"\n                    alt=\"in Rasa\"\n                    src=\"http:\/\/www.freimarianne.ch\/wp-content\/gallery\/rasa-rundwanderung-26-5-24\/cache\/IMG_7063.jpeg-nggid0532848-ngg0dyn-100x75x100-00f0w010c010r110f110r010t010.jpeg\"\n                    width=\"100\"\n                    height=\"75\"\n                    style=\"max-width:100%;\"\n                \/>\n            <\/a>\n        <\/div>\n\t\t\t\t\t\t\t<\/div> \n\t\t\t\n                            \n\t\t\t\t<div id=\"ngg-image-29\" class=\"ngg-gallery-thumbnail-box\" >\n\t\t\t\t        <div class=\"ngg-gallery-thumbnail\">\n            <a href=\"http:\/\/www.freimarianne.ch\/wp-content\/gallery\/rasa-rundwanderung-26-5-24\/IMG_7064.jpeg\"\n               title=\"Rasa\"\n               data-src=\"http:\/\/www.freimarianne.ch\/wp-content\/gallery\/rasa-rundwanderung-26-5-24\/IMG_7064.jpeg\"\n               data-thumbnail=\"http:\/\/www.freimarianne.ch\/wp-content\/gallery\/rasa-rundwanderung-26-5-24\/thumbs\/thumbs_IMG_7064.jpeg\"\n               data-image-id=\"32846\"\n               data-title=\"Rasa\"\n               data-description=\"Rasa\"\n               data-image-slug=\"img_7064-5\"\n               class=\"shutterset_05d30799ba002d2a25d3073c05d467c4\">\n                <img\n                    title=\"Rasa\"\n                    alt=\"Rasa\"\n                    src=\"http:\/\/www.freimarianne.ch\/wp-content\/gallery\/rasa-rundwanderung-26-5-24\/cache\/IMG_7064.jpeg-nggid0532846-ngg0dyn-100x75x100-00f0w010c010r110f110r010t010.jpeg\"\n                    width=\"100\"\n                    height=\"75\"\n                    style=\"max-width:100%;\"\n                \/>\n            <\/a>\n        <\/div>\n\t\t\t\t\t\t\t<\/div> \n\t\t\t\n                            \n\t\t\n\t\t<!-- Pagination -->\n\t<div class='ngg-clear'><\/div>\t<\/div>\n\n\n\n\n<!-- index.php -->\n<div\n\tclass=\"ngg-galleryoverview ngg-ajax-pagination-none\"\n\tid=\"ngg-gallery-faba3ecddc9c7f213d1d3ca57d5043f7-1\">\n\n    \t<div class=\"slideshowlink\">\n        <a href='http:\/\/www.freimarianne.ch\/index.php\/nggallery\/slideshow?page_id=64867'>[Show as slideshow]<\/a>\n\t\t\n\t<\/div>\n\t\t\t<!-- Thumbnails -->\n\t\t\t\t<div id=\"ngg-image-0\" class=\"ngg-gallery-thumbnail-box\" >\n\t\t\t\t        <div class=\"ngg-gallery-thumbnail\">\n            <a href=\"http:\/\/www.freimarianne.ch\/wp-content\/gallery\/rasa-rundwanderung-iph-26-5-24\/IMG_6702.jpeg\"\n               title=\"Blick auf  Golino und Intragna; Monte Limidario 2189m, Rocce del Gridone  2155m\"\n               data-src=\"http:\/\/www.freimarianne.ch\/wp-content\/gallery\/rasa-rundwanderung-iph-26-5-24\/IMG_6702.jpeg\"\n               data-thumbnail=\"http:\/\/www.freimarianne.ch\/wp-content\/gallery\/rasa-rundwanderung-iph-26-5-24\/thumbs\/thumbs_IMG_6702.jpeg\"\n               data-image-id=\"32888\"\n               data-title=\"Blick auf  Golino und Intragna; Monte Limidario 2189m, Rocce del Gridone  2155m\"\n               data-description=\"Blick auf  Golino und Intragna; Monte Limidario 2189m, Rocce del Gridone  2155m\"\n               data-image-slug=\"img_6702-6\"\n               class=\"shutterset_faba3ecddc9c7f213d1d3ca57d5043f7\">\n                <img\n                    title=\"Blick auf  Golino und Intragna; Monte Limidario 2189m, Rocce del Gridone  2155m\"\n                    alt=\"Blick auf  Golino und Intragna; Monte Limidario 2189m, Rocce del Gridone  2155m\"\n                    src=\"http:\/\/www.freimarianne.ch\/wp-content\/gallery\/rasa-rundwanderung-iph-26-5-24\/cache\/IMG_6702.jpeg-nggid0532888-ngg0dyn-100x75x100-00f0w010c010r110f110r010t010.jpeg\"\n                    width=\"96\"\n                    height=\"75\"\n                    style=\"max-width:100%;\"\n                \/>\n            <\/a>\n        <\/div>\n\t\t\t\t\t\t\t<\/div> \n\t\t\t\n                            \n\t\t\t\t<div id=\"ngg-image-1\" class=\"ngg-gallery-thumbnail-box\" >\n\t\t\t\t        <div class=\"ngg-gallery-thumbnail\">\n            <a href=\"http:\/\/www.freimarianne.ch\/wp-content\/gallery\/rasa-rundwanderung-iph-26-5-24\/IMG_6711.jpeg\"\n               title=\"Pizzo Fedora 1907m, Mottone 1966m, Cruit  2085m, Monte Limidario 2189m, Rocce del Gridone 2155m\"\n               data-src=\"http:\/\/www.freimarianne.ch\/wp-content\/gallery\/rasa-rundwanderung-iph-26-5-24\/IMG_6711.jpeg\"\n               data-thumbnail=\"http:\/\/www.freimarianne.ch\/wp-content\/gallery\/rasa-rundwanderung-iph-26-5-24\/thumbs\/thumbs_IMG_6711.jpeg\"\n               data-image-id=\"32885\"\n               data-title=\"Pizzo Fedora 1907m, Mottone 1966m, Cruit  2085m, Monte Limidario 2189m, Rocce del Gridone 2155m\"\n               data-description=\"Pizzo Fedora 1907m, Mottone 1966m, Cruit  2085m, Monte Limidario 2189m, Rocce del Gridone 2155m\"\n               data-image-slug=\"img_6711-1\"\n               class=\"shutterset_faba3ecddc9c7f213d1d3ca57d5043f7\">\n                <img\n                    title=\"Pizzo Fedora 1907m, Mottone 1966m, Cruit  2085m, Monte Limidario 2189m, Rocce del Gridone 2155m\"\n                    alt=\"Pizzo Fedora 1907m, Mottone 1966m, Cruit  2085m, Monte Limidario 2189m, Rocce del Gridone 2155m\"\n                    src=\"http:\/\/www.freimarianne.ch\/wp-content\/gallery\/rasa-rundwanderung-iph-26-5-24\/cache\/IMG_6711.jpeg-nggid0532885-ngg0dyn-100x75x100-00f0w010c010r110f110r010t010.jpeg\"\n                    width=\"100\"\n                    height=\"75\"\n                    style=\"max-width:100%;\"\n                \/>\n            <\/a>\n        <\/div>\n\t\t\t\t\t\t\t<\/div> \n\t\t\t\n                            \n\t\t\t\t<div id=\"ngg-image-2\" class=\"ngg-gallery-thumbnail-box\" >\n\t\t\t\t        <div class=\"ngg-gallery-thumbnail\">\n            <a href=\"http:\/\/www.freimarianne.ch\/wp-content\/gallery\/rasa-rundwanderung-iph-26-5-24\/IMG_6712.jpeg\"\n               title=\"Blick von Rasa auf MIsello 1596m, Pizzo Ragno 2289m\"\n               data-src=\"http:\/\/www.freimarianne.ch\/wp-content\/gallery\/rasa-rundwanderung-iph-26-5-24\/IMG_6712.jpeg\"\n               data-thumbnail=\"http:\/\/www.freimarianne.ch\/wp-content\/gallery\/rasa-rundwanderung-iph-26-5-24\/thumbs\/thumbs_IMG_6712.jpeg\"\n               data-image-id=\"32886\"\n               data-title=\"Blick von Rasa auf MIsello 1596m, Pizzo Ragno 2289m\"\n               data-description=\"Blick von Rasa auf MIsello 1596m, Pizzo Ragno 2289m\"\n               data-image-slug=\"img_6712-2\"\n               class=\"shutterset_faba3ecddc9c7f213d1d3ca57d5043f7\">\n                <img\n                    title=\"Blick von Rasa auf MIsello 1596m, Pizzo Ragno 2289m\"\n                    alt=\"Blick von Rasa auf MIsello 1596m, Pizzo Ragno 2289m\"\n                    src=\"http:\/\/www.freimarianne.ch\/wp-content\/gallery\/rasa-rundwanderung-iph-26-5-24\/cache\/IMG_6712.jpeg-nggid0532886-ngg0dyn-100x75x100-00f0w010c010r110f110r010t010.jpeg\"\n                    width=\"100\"\n                    height=\"75\"\n                    style=\"max-width:100%;\"\n                \/>\n            <\/a>\n        <\/div>\n\t\t\t\t\t\t\t<\/div> \n\t\t\t\n                            \n\t\t\t\t<div id=\"ngg-image-3\" class=\"ngg-gallery-thumbnail-box\" >\n\t\t\t\t        <div class=\"ngg-gallery-thumbnail\">\n            <a href=\"http:\/\/www.freimarianne.ch\/wp-content\/gallery\/rasa-rundwanderung-iph-26-5-24\/IMG_6713.jpeg\"\n               title=\"Rasa; Grotto\"\n               data-src=\"http:\/\/www.freimarianne.ch\/wp-content\/gallery\/rasa-rundwanderung-iph-26-5-24\/IMG_6713.jpeg\"\n               data-thumbnail=\"http:\/\/www.freimarianne.ch\/wp-content\/gallery\/rasa-rundwanderung-iph-26-5-24\/thumbs\/thumbs_IMG_6713.jpeg\"\n               data-image-id=\"32884\"\n               data-title=\"Rasa; Grotto\"\n               data-description=\"Rasa; Grotto\"\n               data-image-slug=\"img_6713-3\"\n               class=\"shutterset_faba3ecddc9c7f213d1d3ca57d5043f7\">\n                <img\n                    title=\"Rasa; Grotto\"\n                    alt=\"Rasa; Grotto\"\n                    src=\"http:\/\/www.freimarianne.ch\/wp-content\/gallery\/rasa-rundwanderung-iph-26-5-24\/cache\/IMG_6713.jpeg-nggid0532884-ngg0dyn-100x75x100-00f0w010c010r110f110r010t010.jpeg\"\n                    width=\"98\"\n                    height=\"75\"\n                    style=\"max-width:100%;\"\n                \/>\n            <\/a>\n        <\/div>\n\t\t\t\t\t\t\t<\/div> \n\t\t\t\n                                    <br style=\"clear: both\" \/>\n                    \n\t\t\t\t<div id=\"ngg-image-4\" class=\"ngg-gallery-thumbnail-box\" >\n\t\t\t\t        <div class=\"ngg-gallery-thumbnail\">\n            <a href=\"http:\/\/www.freimarianne.ch\/wp-content\/gallery\/rasa-rundwanderung-iph-26-5-24\/IMG_6716.jpeg\"\n               title=\"Kirche in Terra Vecchia;  Monte Limidario 2189m, Rocce del Gridone  2155m\"\n               data-src=\"http:\/\/www.freimarianne.ch\/wp-content\/gallery\/rasa-rundwanderung-iph-26-5-24\/IMG_6716.jpeg\"\n               data-thumbnail=\"http:\/\/www.freimarianne.ch\/wp-content\/gallery\/rasa-rundwanderung-iph-26-5-24\/thumbs\/thumbs_IMG_6716.jpeg\"\n               data-image-id=\"32883\"\n               data-title=\"Kirche in Terra Vecchia;  Monte Limidario 2189m, Rocce del Gridone  2155m\"\n               data-description=\"Kirche in Terra Vecchia;  Monte Limidario 2189m, Rocce del Gridone  2155m\"\n               data-image-slug=\"img_6716-4\"\n               class=\"shutterset_faba3ecddc9c7f213d1d3ca57d5043f7\">\n                <img\n                    title=\"Kirche in Terra Vecchia;  Monte Limidario 2189m, Rocce del Gridone  2155m\"\n                    alt=\"Kirche in Terra Vecchia;  Monte Limidario 2189m, Rocce del Gridone  2155m\"\n                    src=\"http:\/\/www.freimarianne.ch\/wp-content\/gallery\/rasa-rundwanderung-iph-26-5-24\/cache\/IMG_6716.jpeg-nggid0532883-ngg0dyn-100x75x100-00f0w010c010r110f110r010t010.jpeg\"\n                    width=\"87\"\n                    height=\"75\"\n                    style=\"max-width:100%;\"\n                \/>\n            <\/a>\n        <\/div>\n\t\t\t\t\t\t\t<\/div> \n\t\t\t\n                            \n\t\t\t\t<div id=\"ngg-image-5\" class=\"ngg-gallery-thumbnail-box\" >\n\t\t\t\t        <div class=\"ngg-gallery-thumbnail\">\n            <a href=\"http:\/\/www.freimarianne.ch\/wp-content\/gallery\/rasa-rundwanderung-iph-26-5-24\/IMG_6832.jpeg\"\n               title=\"\"\n               data-src=\"http:\/\/www.freimarianne.ch\/wp-content\/gallery\/rasa-rundwanderung-iph-26-5-24\/IMG_6832.jpeg\"\n               data-thumbnail=\"http:\/\/www.freimarianne.ch\/wp-content\/gallery\/rasa-rundwanderung-iph-26-5-24\/thumbs\/thumbs_IMG_6832.jpeg\"\n               data-image-id=\"32887\"\n               data-title=\"IMG_6832\"\n               data-description=\"\"\n               data-image-slug=\"img_6832-3\"\n               class=\"shutterset_faba3ecddc9c7f213d1d3ca57d5043f7\">\n                <img\n                    title=\"IMG_6832\"\n                    alt=\"IMG_6832\"\n                    src=\"http:\/\/www.freimarianne.ch\/wp-content\/gallery\/rasa-rundwanderung-iph-26-5-24\/cache\/IMG_6832.jpeg-nggid0532887-ngg0dyn-100x75x100-00f0w010c010r110f110r010t010.jpeg\"\n                    width=\"100\"\n                    height=\"56\"\n                    style=\"max-width:100%;\"\n                \/>\n            <\/a>\n        <\/div>\n\t\t\t\t\t\t\t<\/div> \n\t\t\t\n                            \n\t\t\t\t<div id=\"ngg-image-6\" class=\"ngg-gallery-thumbnail-box\" >\n\t\t\t\t        <div class=\"ngg-gallery-thumbnail\">\n            <a href=\"http:\/\/www.freimarianne.ch\/wp-content\/gallery\/rasa-rundwanderung-iph-26-5-24\/IMG_6833.jpeg\"\n               title=\"die linke Talseite des Centovalli; Sicht von Termine;\"\n               data-src=\"http:\/\/www.freimarianne.ch\/wp-content\/gallery\/rasa-rundwanderung-iph-26-5-24\/IMG_6833.jpeg\"\n               data-thumbnail=\"http:\/\/www.freimarianne.ch\/wp-content\/gallery\/rasa-rundwanderung-iph-26-5-24\/thumbs\/thumbs_IMG_6833.jpeg\"\n               data-image-id=\"32881\"\n               data-title=\"die linke Talseite des Centovalli; Sicht von Termine;\"\n               data-description=\"die linke Talseite des Centovalli; Sicht von Termine;\"\n               data-image-slug=\"img_6833-5\"\n               class=\"shutterset_faba3ecddc9c7f213d1d3ca57d5043f7\">\n                <img\n                    title=\"die linke Talseite des Centovalli; Sicht von Termine;\"\n                    alt=\"die linke Talseite des Centovalli; Sicht von Termine;\"\n                    src=\"http:\/\/www.freimarianne.ch\/wp-content\/gallery\/rasa-rundwanderung-iph-26-5-24\/cache\/IMG_6833.jpeg-nggid0532881-ngg0dyn-100x75x100-00f0w010c010r110f110r010t010.jpeg\"\n                    width=\"100\"\n                    height=\"67\"\n                    style=\"max-width:100%;\"\n                \/>\n            <\/a>\n        <\/div>\n\t\t\t\t\t\t\t<\/div> \n\t\t\t\n                            \n\t\t\t\t<div id=\"ngg-image-7\" class=\"ngg-gallery-thumbnail-box\" >\n\t\t\t\t        <div class=\"ngg-gallery-thumbnail\">\n            <a href=\"http:\/\/www.freimarianne.ch\/wp-content\/gallery\/rasa-rundwanderung-iph-26-5-24\/IMG_6728.jpeg\"\n               title=\"Sicht  gegen S\u00fcden; Pizzo Ragno 2289m\"\n               data-src=\"http:\/\/www.freimarianne.ch\/wp-content\/gallery\/rasa-rundwanderung-iph-26-5-24\/IMG_6728.jpeg\"\n               data-thumbnail=\"http:\/\/www.freimarianne.ch\/wp-content\/gallery\/rasa-rundwanderung-iph-26-5-24\/thumbs\/thumbs_IMG_6728.jpeg\"\n               data-image-id=\"32882\"\n               data-title=\"Sicht  gegen S\u00fcden; Pizzo Ragno 2289m\"\n               data-description=\"Sicht  gegen S\u00fcden; Pizzo Ragno 2289m\"\n               data-image-slug=\"img_6728-6\"\n               class=\"shutterset_faba3ecddc9c7f213d1d3ca57d5043f7\">\n                <img\n                    title=\"Sicht  gegen S\u00fcden; Pizzo Ragno 2289m\"\n                    alt=\"Sicht  gegen S\u00fcden; Pizzo Ragno 2289m\"\n                    src=\"http:\/\/www.freimarianne.ch\/wp-content\/gallery\/rasa-rundwanderung-iph-26-5-24\/cache\/IMG_6728.jpeg-nggid0532882-ngg0dyn-100x75x100-00f0w010c010r110f110r010t010.jpeg\"\n                    width=\"93\"\n                    height=\"75\"\n                    style=\"max-width:100%;\"\n                \/>\n            <\/a>\n        <\/div>\n\t\t\t\t\t\t\t<\/div> \n\t\t\t\n                                    <br style=\"clear: both\" \/>\n                    \n\t\t\t\t<div id=\"ngg-image-8\" class=\"ngg-gallery-thumbnail-box\" >\n\t\t\t\t        <div class=\"ngg-gallery-thumbnail\">\n            <a href=\"http:\/\/www.freimarianne.ch\/wp-content\/gallery\/rasa-rundwanderung-iph-26-5-24\/IMG_6825-1.jpeg\"\n               title=\"auf dem Weg nach Rasa\"\n               data-src=\"http:\/\/www.freimarianne.ch\/wp-content\/gallery\/rasa-rundwanderung-iph-26-5-24\/IMG_6825-1.jpeg\"\n               data-thumbnail=\"http:\/\/www.freimarianne.ch\/wp-content\/gallery\/rasa-rundwanderung-iph-26-5-24\/thumbs\/thumbs_IMG_6825-1.jpeg\"\n               data-image-id=\"32879\"\n               data-title=\"auf dem Weg nach Rasa\"\n               data-description=\"auf dem Weg nach Rasa\"\n               data-image-slug=\"img_6825-1\"\n               class=\"shutterset_faba3ecddc9c7f213d1d3ca57d5043f7\">\n                <img\n                    title=\"auf dem Weg nach Rasa\"\n                    alt=\"auf dem Weg nach Rasa\"\n                    src=\"http:\/\/www.freimarianne.ch\/wp-content\/gallery\/rasa-rundwanderung-iph-26-5-24\/cache\/IMG_6825-1.jpeg-nggid0532879-ngg0dyn-100x75x100-00f0w010c010r110f110r010t010.jpeg\"\n                    width=\"100\"\n                    height=\"56\"\n                    style=\"max-width:100%;\"\n                \/>\n            <\/a>\n        <\/div>\n\t\t\t\t\t\t\t<\/div> \n\t\t\t\n                            \n\t\t\t\t<div id=\"ngg-image-9\" class=\"ngg-gallery-thumbnail-box\" >\n\t\t\t\t        <div class=\"ngg-gallery-thumbnail\">\n            <a href=\"http:\/\/www.freimarianne.ch\/wp-content\/gallery\/rasa-rundwanderung-iph-26-5-24\/IMG_6733.jpeg\"\n               title=\"Weisse Narzisse; Naricissus poeticus, Amaryllisgew\u00e4chse\"\n               data-src=\"http:\/\/www.freimarianne.ch\/wp-content\/gallery\/rasa-rundwanderung-iph-26-5-24\/IMG_6733.jpeg\"\n               data-thumbnail=\"http:\/\/www.freimarianne.ch\/wp-content\/gallery\/rasa-rundwanderung-iph-26-5-24\/thumbs\/thumbs_IMG_6733.jpeg\"\n               data-image-id=\"32878\"\n               data-title=\"Weisse Narzisse; Naricissus poeticus, Amaryllisgew\u00e4chse\"\n               data-description=\"Weisse Narzisse; Naricissus poeticus, Amaryllisgew\u00e4chse\"\n               data-image-slug=\"img_6733-6\"\n               class=\"shutterset_faba3ecddc9c7f213d1d3ca57d5043f7\">\n                <img\n                    title=\"Weisse Narzisse; Naricissus poeticus, Amaryllisgew\u00e4chse\"\n                    alt=\"Weisse Narzisse; Naricissus poeticus, Amaryllisgew\u00e4chse\"\n                    src=\"http:\/\/www.freimarianne.ch\/wp-content\/gallery\/rasa-rundwanderung-iph-26-5-24\/cache\/IMG_6733.jpeg-nggid0532878-ngg0dyn-100x75x100-00f0w010c010r110f110r010t010.jpeg\"\n                    width=\"100\"\n                    height=\"75\"\n                    style=\"max-width:100%;\"\n                \/>\n            <\/a>\n        <\/div>\n\t\t\t\t\t\t\t<\/div> \n\t\t\t\n                            \n\t\t\t\t<div id=\"ngg-image-10\" class=\"ngg-gallery-thumbnail-box\" >\n\t\t\t\t        <div class=\"ngg-gallery-thumbnail\">\n            <a href=\"http:\/\/www.freimarianne.ch\/wp-content\/gallery\/rasa-rundwanderung-iph-26-5-24\/IMG_6735.jpeg\"\n               title=\"Blick auf Rasa\"\n               data-src=\"http:\/\/www.freimarianne.ch\/wp-content\/gallery\/rasa-rundwanderung-iph-26-5-24\/IMG_6735.jpeg\"\n               data-thumbnail=\"http:\/\/www.freimarianne.ch\/wp-content\/gallery\/rasa-rundwanderung-iph-26-5-24\/thumbs\/thumbs_IMG_6735.jpeg\"\n               data-image-id=\"32880\"\n               data-title=\"Blick auf Rasa\"\n               data-description=\"Blick auf Rasa\"\n               data-image-slug=\"img_6735-2\"\n               class=\"shutterset_faba3ecddc9c7f213d1d3ca57d5043f7\">\n                <img\n                    title=\"Blick auf Rasa\"\n                    alt=\"Blick auf Rasa\"\n                    src=\"http:\/\/www.freimarianne.ch\/wp-content\/gallery\/rasa-rundwanderung-iph-26-5-24\/cache\/IMG_6735.jpeg-nggid0532880-ngg0dyn-100x75x100-00f0w010c010r110f110r010t010.jpeg\"\n                    width=\"100\"\n                    height=\"75\"\n                    style=\"max-width:100%;\"\n                \/>\n            <\/a>\n        <\/div>\n\t\t\t\t\t\t\t<\/div> \n\t\t\t\n                            \n\t\t\t\t<div id=\"ngg-image-11\" class=\"ngg-gallery-thumbnail-box\" >\n\t\t\t\t        <div class=\"ngg-gallery-thumbnail\">\n            <a href=\"http:\/\/www.freimarianne.ch\/wp-content\/gallery\/rasa-rundwanderung-iph-26-5-24\/IMG_6737.jpeg\"\n               title=\"Blick auf Rasa; re Pianascio 1643m\"\n               data-src=\"http:\/\/www.freimarianne.ch\/wp-content\/gallery\/rasa-rundwanderung-iph-26-5-24\/IMG_6737.jpeg\"\n               data-thumbnail=\"http:\/\/www.freimarianne.ch\/wp-content\/gallery\/rasa-rundwanderung-iph-26-5-24\/thumbs\/thumbs_IMG_6737.jpeg\"\n               data-image-id=\"32877\"\n               data-title=\"Blick auf Rasa; re Pianascio 1643m\"\n               data-description=\"Blick auf Rasa; re Pianascio 1643m\"\n               data-image-slug=\"img_6737-1\"\n               class=\"shutterset_faba3ecddc9c7f213d1d3ca57d5043f7\">\n                <img\n                    title=\"Blick auf Rasa; re Pianascio 1643m\"\n                    alt=\"Blick auf Rasa; re Pianascio 1643m\"\n                    src=\"http:\/\/www.freimarianne.ch\/wp-content\/gallery\/rasa-rundwanderung-iph-26-5-24\/cache\/IMG_6737.jpeg-nggid0532877-ngg0dyn-100x75x100-00f0w010c010r110f110r010t010.jpeg\"\n                    width=\"100\"\n                    height=\"75\"\n                    style=\"max-width:100%;\"\n                \/>\n            <\/a>\n        <\/div>\n\t\t\t\t\t\t\t<\/div> \n\t\t\t\n                                    <br style=\"clear: both\" \/>\n                    \n\t\t\t\t<div id=\"ngg-image-12\" class=\"ngg-gallery-thumbnail-box\" >\n\t\t\t\t        <div class=\"ngg-gallery-thumbnail\">\n            <a href=\"http:\/\/www.freimarianne.ch\/wp-content\/gallery\/rasa-rundwanderung-iph-26-5-24\/IMG_6738.jpeg\"\n               title=\"bei Rasa; Pizzo Ragno 2289m\"\n               data-src=\"http:\/\/www.freimarianne.ch\/wp-content\/gallery\/rasa-rundwanderung-iph-26-5-24\/IMG_6738.jpeg\"\n               data-thumbnail=\"http:\/\/www.freimarianne.ch\/wp-content\/gallery\/rasa-rundwanderung-iph-26-5-24\/thumbs\/thumbs_IMG_6738.jpeg\"\n               data-image-id=\"32876\"\n               data-title=\"bei Rasa; Pizzo Ragno 2289m\"\n               data-description=\"bei Rasa; Pizzo Ragno 2289m\"\n               data-image-slug=\"img_6738-7\"\n               class=\"shutterset_faba3ecddc9c7f213d1d3ca57d5043f7\">\n                <img\n                    title=\"bei Rasa; Pizzo Ragno 2289m\"\n                    alt=\"bei Rasa; Pizzo Ragno 2289m\"\n                    src=\"http:\/\/www.freimarianne.ch\/wp-content\/gallery\/rasa-rundwanderung-iph-26-5-24\/cache\/IMG_6738.jpeg-nggid0532876-ngg0dyn-100x75x100-00f0w010c010r110f110r010t010.jpeg\"\n                    width=\"100\"\n                    height=\"65\"\n                    style=\"max-width:100%;\"\n                \/>\n            <\/a>\n        <\/div>\n\t\t\t\t\t\t\t<\/div> \n\t\t\t\n                            \n\t\t\t\t<div id=\"ngg-image-13\" class=\"ngg-gallery-thumbnail-box\" >\n\t\t\t\t        <div class=\"ngg-gallery-thumbnail\">\n            <a href=\"http:\/\/www.freimarianne.ch\/wp-content\/gallery\/rasa-rundwanderung-iph-26-5-24\/IMG_6740.jpeg\"\n               title=\"Rasa;\"\n               data-src=\"http:\/\/www.freimarianne.ch\/wp-content\/gallery\/rasa-rundwanderung-iph-26-5-24\/IMG_6740.jpeg\"\n               data-thumbnail=\"http:\/\/www.freimarianne.ch\/wp-content\/gallery\/rasa-rundwanderung-iph-26-5-24\/thumbs\/thumbs_IMG_6740.jpeg\"\n               data-image-id=\"32875\"\n               data-title=\"Rasa;\"\n               data-description=\"Rasa;\"\n               data-image-slug=\"img_6740-4\"\n               class=\"shutterset_faba3ecddc9c7f213d1d3ca57d5043f7\">\n                <img\n                    title=\"Rasa;\"\n                    alt=\"Rasa;\"\n                    src=\"http:\/\/www.freimarianne.ch\/wp-content\/gallery\/rasa-rundwanderung-iph-26-5-24\/cache\/IMG_6740.jpeg-nggid0532875-ngg0dyn-100x75x100-00f0w010c010r110f110r010t010.jpeg\"\n                    width=\"100\"\n                    height=\"65\"\n                    style=\"max-width:100%;\"\n                \/>\n            <\/a>\n        <\/div>\n\t\t\t\t\t\t\t<\/div> \n\t\t\t\n                            \n\t\t\n\t\t<!-- Pagination -->\n\t<div class='ngg-clear'><\/div>\t<\/div>\n\n","protected":false},"excerpt":{"rendered":"<p>Zweiter Tag meiner Kurzferien in Cavigliano im Centovalli Das Dorf Rasa &#8211; Terra Vecchia &#8211; Bordei &#8211; Termine &#8211; Monti &#8211; Rasa Heute kann ich mir den lang gehegten Wunsch, das Dorf Rasa zu besuchen erf\u00fcllen. Das Wetter ist heute strahlend sch\u00f6n und ich muss bei dem unstabilen Wetter die Gelegenheit packen.Ich fahre mit der [&hellip;]<\/p>\n","protected":false},"author":1,"featured_media":0,"parent":64165,"menu_order":18,"comment_status":"closed","ping_status":"closed","template":"","meta":{"ngg_post_thumbnail":0},"_links":{"self":[{"href":"http:\/\/www.freimarianne.ch\/index.php?rest_route=\/wp\/v2\/pages\/64867"}],"collection":[{"href":"http:\/\/www.freimarianne.ch\/index.php?rest_route=\/wp\/v2\/pages"}],"about":[{"href":"http:\/\/www.freimarianne.ch\/index.php?rest_route=\/wp\/v2\/types\/page"}],"author":[{"embeddable":true,"href":"http:\/\/www.freimarianne.ch\/index.php?rest_route=\/wp\/v2\/users\/1"}],"replies":[{"embeddable":true,"href":"http:\/\/www.freimarianne.ch\/index.php?rest_route=%2Fwp%2Fv2%2Fcomments&post=64867"}],"version-history":[{"count":3,"href":"http:\/\/www.freimarianne.ch\/index.php?rest_route=\/wp\/v2\/pages\/64867\/revisions"}],"predecessor-version":[{"id":65273,"href":"http:\/\/www.freimarianne.ch\/index.php?rest_route=\/wp\/v2\/pages\/64867\/revisions\/65273"}],"up":[{"embeddable":true,"href":"http:\/\/www.freimarianne.ch\/index.php?rest_route=\/wp\/v2\/pages\/64165"}],"wp:attachment":[{"href":"http:\/\/www.freimarianne.ch\/index.php?rest_route=%2Fwp%2Fv2%2Fmedia&parent=64867"}],"curies":[{"name":"wp","href":"https:\/\/api.w.org\/{rel}","templated":true}]}}