{"id":65080,"date":"2024-07-06T08:36:29","date_gmt":"2024-07-06T07:36:29","guid":{"rendered":"http:\/\/www.freimarianne.ch\/?page_id=65080"},"modified":"2024-07-06T10:23:53","modified_gmt":"2024-07-06T09:23:53","slug":"riederalp-bettmeralp-vs-27-6-2024","status":"publish","type":"page","link":"http:\/\/www.freimarianne.ch\/?page_id=65080","title":{"rendered":"Riederalp &#8211; Bettmeralp  VS 27.6.2024"},"content":{"rendered":"\n<p><strong>Wandern auf dem Aletsch Panoramaweg von der Riederalp auf die Bettmeralp<\/strong><\/p>\n\n\n\n<div class=\"wp-block-image is-style-default\"><figure class=\"alignleft\"><img loading=\"lazy\" width=\"500\" height=\"375\" src=\"http:\/\/www.freimarianne.ch\/wp-content\/uploads\/2024\/07\/IMG_7506_riederalp-6.24_500.jpeg\" alt=\"\" class=\"wp-image-64864\" srcset=\"http:\/\/www.freimarianne.ch\/wp-content\/uploads\/2024\/07\/IMG_7506_riederalp-6.24_500.jpeg 500w, http:\/\/www.freimarianne.ch\/wp-content\/uploads\/2024\/07\/IMG_7506_riederalp-6.24_500-300x225.jpeg 300w, http:\/\/www.freimarianne.ch\/wp-content\/uploads\/2024\/07\/IMG_7506_riederalp-6.24_500-400x300.jpeg 400w\" sizes=\"(max-width: 500px) 100vw, 500px\" \/><\/figure><\/div>\n\n\n<p>Heute gibt es in dieser Woche wieder eine Sch\u00f6nwetterfenster!<br>Wir fahren auf die Riederalp und steigen hinauf zur Riederfurka. Das Wetter ist etwas wechselhaft aber es wird ganz sicher nicht regnen! Weiter wandern wir auf dem Wanderweg durch die pr\u00e4chtige Landschaft hinauf zur Hohfluh. Unterwegs gibt es viel zu bestaunen. Sei es das Panorama auf alle Seiten, sei es die Blumen wie die pr\u00e4chtigen Silikat Enzianen und die violetten Sporn Stiefm\u00fctterchen. Die Alpenrosen zeigen erst Bl\u00fctenknospen. Auf dem Aletschgrat ist gerade der Fr\u00fchling eingekehrt. Da hat sich erst der Schnee zur\u00fcckgezogen! Das Gras ist noch braun. Kleine weisse Krokusse wachsen hier zwischen den wenigen Schneefeldern. Wir nehmen den Abstieg Richtung Blausee, wo wir unsere Mittagsrast halten. Es ist nun recht bew\u00f6lkt und entsprechend k\u00fchl. Auf dem Abstieg sehen wir den ersten bl\u00fchenden Alpenrosenbusch. Auf der Bettmeralp kehren wir zu einem Kaffee ein und es herrscht wieder sonniges Sommerwetter!<\/p>\n<p>Wir freuen uns \u00fcber diesen sch\u00f6nen Wandertag und gleiten mit der Seilbahn mit einem dankbaren Gef\u00fchl hinunter zur Betten Talstation.<\/p>\n<p>Laut Schweizmobil:<\/p>\n<p>Distanz: 6.87km; Aufstieg: 373m; Abstieg: 376m; Wanderzeit: 2h 13min<\/p>\n<p><a href=\"https:\/\/map.schweizmobil.ch\/?lang=de&amp;photos=yes&amp;bgLayer=pk&amp;logo=yes&amp;detours=yes&amp;season=summer&amp;resolution=3.83&amp;E=2646336&amp;N=1137230&amp;layers=Wanderland%2CStation&amp;trackId=982298147\">Karte Schweizmobil:<\/a><\/p>\n<p>&nbsp;<\/p>\n\n\n<!-- index.php -->\n<div\n\tclass=\"ngg-galleryoverview ngg-ajax-pagination-none\"\n\tid=\"ngg-gallery-d64eb50cfaadaf6fb4bf42c2af6f66dd-1\">\n\n    \t<div class=\"slideshowlink\">\n        <a href='http:\/\/www.freimarianne.ch\/index.php\/nggallery\/slideshow?page_id=65080'>[Show as slideshow]<\/a>\n\t\t\n\t<\/div>\n\t\t\t<!-- Thumbnails -->\n\t\t\t\t<div id=\"ngg-image-0\" class=\"ngg-gallery-thumbnail-box\" >\n\t\t\t\t        <div class=\"ngg-gallery-thumbnail\">\n            <a href=\"http:\/\/www.freimarianne.ch\/wp-content\/gallery\/riederalp-bettmeralp-27-6-24\/IMG_7495.jpeg\"\n               title=\"Blick ins Tal; Huwetz 2918m, F\u00fclhorn 2738m, Wasenhorn 3246m, Breithorn 3438m, H\u00fcbschorn 3187m,  Fletschhorn 3996m\"\n               data-src=\"http:\/\/www.freimarianne.ch\/wp-content\/gallery\/riederalp-bettmeralp-27-6-24\/IMG_7495.jpeg\"\n               data-thumbnail=\"http:\/\/www.freimarianne.ch\/wp-content\/gallery\/riederalp-bettmeralp-27-6-24\/thumbs\/thumbs_IMG_7495.jpeg\"\n               data-image-id=\"33151\"\n               data-title=\"Blick ins Tal; Huwetz 2918m, F\u00fclhorn 2738m, Wasenhorn 3246m, Breithorn 3438m, H\u00fcbschorn 3187m,  Fletschhorn 3996m\"\n               data-description=\"Blick ins Tal; Huwetz 2918m, F\u00fclhorn 2738m, Wasenhorn 3246m, Breithorn 3438m, H\u00fcbschorn 3187m,  Fletschhorn 3996m\"\n               data-image-slug=\"img_7495-1\"\n               class=\"shutterset_d64eb50cfaadaf6fb4bf42c2af6f66dd\">\n                <img\n                    title=\"Blick ins Tal; Huwetz 2918m, F\u00fclhorn 2738m, Wasenhorn 3246m, Breithorn 3438m, H\u00fcbschorn 3187m,  Fletschhorn 3996m\"\n                    alt=\"Blick ins Tal; Huwetz 2918m, F\u00fclhorn 2738m, Wasenhorn 3246m, Breithorn 3438m, H\u00fcbschorn 3187m,  Fletschhorn 3996m\"\n                    src=\"http:\/\/www.freimarianne.ch\/wp-content\/gallery\/riederalp-bettmeralp-27-6-24\/cache\/IMG_7495.jpeg-nggid0533151-ngg0dyn-100x75x100-00f0w010c010r110f110r010t010.jpeg\"\n                    width=\"100\"\n                    height=\"75\"\n                    style=\"max-width:100%;\"\n                \/>\n            <\/a>\n        <\/div>\n\t\t\t\t\t\t\t<\/div> \n\t\t\t\n                            \n\t\t\t\t<div id=\"ngg-image-1\" class=\"ngg-gallery-thumbnail-box\" >\n\t\t\t\t        <div class=\"ngg-gallery-thumbnail\">\n            <a href=\"http:\/\/www.freimarianne.ch\/wp-content\/gallery\/riederalp-bettmeralp-27-6-24\/IMG_7497.jpeg\"\n               title=\"hinauf nach Hohfluh;  mi Bettmerhorn\"\n               data-src=\"http:\/\/www.freimarianne.ch\/wp-content\/gallery\/riederalp-bettmeralp-27-6-24\/IMG_7497.jpeg\"\n               data-thumbnail=\"http:\/\/www.freimarianne.ch\/wp-content\/gallery\/riederalp-bettmeralp-27-6-24\/thumbs\/thumbs_IMG_7497.jpeg\"\n               data-image-id=\"33150\"\n               data-title=\"hinauf nach Hohfluh;  mi Bettmerhorn\"\n               data-description=\"hinauf nach Hohfluh;  mi Bettmerhorn\"\n               data-image-slug=\"img_7497-2\"\n               class=\"shutterset_d64eb50cfaadaf6fb4bf42c2af6f66dd\">\n                <img\n                    title=\"hinauf nach Hohfluh;  mi Bettmerhorn\"\n                    alt=\"hinauf nach Hohfluh;  mi Bettmerhorn\"\n                    src=\"http:\/\/www.freimarianne.ch\/wp-content\/gallery\/riederalp-bettmeralp-27-6-24\/cache\/IMG_7497.jpeg-nggid0533150-ngg0dyn-100x75x100-00f0w010c010r110f110r010t010.jpeg\"\n                    width=\"95\"\n                    height=\"75\"\n                    style=\"max-width:100%;\"\n                \/>\n            <\/a>\n        <\/div>\n\t\t\t\t\t\t\t<\/div> \n\t\t\t\n                            \n\t\t\t\t<div id=\"ngg-image-2\" class=\"ngg-gallery-thumbnail-box\" >\n\t\t\t\t        <div class=\"ngg-gallery-thumbnail\">\n            <a href=\"http:\/\/www.freimarianne.ch\/wp-content\/gallery\/riederalp-bettmeralp-27-6-24\/IMG_7498.jpeg\"\n               title=\"hinauf nach Hohfluh; das Aletschbord\"\n               data-src=\"http:\/\/www.freimarianne.ch\/wp-content\/gallery\/riederalp-bettmeralp-27-6-24\/IMG_7498.jpeg\"\n               data-thumbnail=\"http:\/\/www.freimarianne.ch\/wp-content\/gallery\/riederalp-bettmeralp-27-6-24\/thumbs\/thumbs_IMG_7498.jpeg\"\n               data-image-id=\"33149\"\n               data-title=\"hinauf nach Hohfluh; das Aletschbord\"\n               data-description=\"hinauf nach Hohfluh; das Aletschbord\"\n               data-image-slug=\"img_7498-4\"\n               class=\"shutterset_d64eb50cfaadaf6fb4bf42c2af6f66dd\">\n                <img\n                    title=\"hinauf nach Hohfluh; das Aletschbord\"\n                    alt=\"hinauf nach Hohfluh; das Aletschbord\"\n                    src=\"http:\/\/www.freimarianne.ch\/wp-content\/gallery\/riederalp-bettmeralp-27-6-24\/cache\/IMG_7498.jpeg-nggid0533149-ngg0dyn-100x75x100-00f0w010c010r110f110r010t010.jpeg\"\n                    width=\"100\"\n                    height=\"75\"\n                    style=\"max-width:100%;\"\n                \/>\n            <\/a>\n        <\/div>\n\t\t\t\t\t\t\t<\/div> \n\t\t\t\n                            \n\t\t\t\t<div id=\"ngg-image-3\" class=\"ngg-gallery-thumbnail-box\" >\n\t\t\t\t        <div class=\"ngg-gallery-thumbnail\">\n            <a href=\"http:\/\/www.freimarianne.ch\/wp-content\/gallery\/riederalp-bettmeralp-27-6-24\/IMG_7500.jpeg\"\n               title=\"hinauf nach Hohfluh; Blick auf die Belalp\"\n               data-src=\"http:\/\/www.freimarianne.ch\/wp-content\/gallery\/riederalp-bettmeralp-27-6-24\/IMG_7500.jpeg\"\n               data-thumbnail=\"http:\/\/www.freimarianne.ch\/wp-content\/gallery\/riederalp-bettmeralp-27-6-24\/thumbs\/thumbs_IMG_7500.jpeg\"\n               data-image-id=\"33148\"\n               data-title=\"hinauf nach Hohfluh; Blick auf die Belalp\"\n               data-description=\"hinauf nach Hohfluh; Blick auf die Belalp\"\n               data-image-slug=\"img_7500-1\"\n               class=\"shutterset_d64eb50cfaadaf6fb4bf42c2af6f66dd\">\n                <img\n                    title=\"hinauf nach Hohfluh; Blick auf die Belalp\"\n                    alt=\"hinauf nach Hohfluh; Blick auf die Belalp\"\n                    src=\"http:\/\/www.freimarianne.ch\/wp-content\/gallery\/riederalp-bettmeralp-27-6-24\/cache\/IMG_7500.jpeg-nggid0533148-ngg0dyn-100x75x100-00f0w010c010r110f110r010t010.jpeg\"\n                    width=\"100\"\n                    height=\"72\"\n                    style=\"max-width:100%;\"\n                \/>\n            <\/a>\n        <\/div>\n\t\t\t\t\t\t\t<\/div> \n\t\t\t\n                                    <br style=\"clear: both\" \/>\n                    \n\t\t\t\t<div id=\"ngg-image-4\" class=\"ngg-gallery-thumbnail-box\" >\n\t\t\t\t        <div class=\"ngg-gallery-thumbnail\">\n            <a href=\"http:\/\/www.freimarianne.ch\/wp-content\/gallery\/riederalp-bettmeralp-27-6-24\/IMG_7501.jpeg\"\n               title=\"auf dem Aletsch Panoramaweg; hi Schinhorn\"\n               data-src=\"http:\/\/www.freimarianne.ch\/wp-content\/gallery\/riederalp-bettmeralp-27-6-24\/IMG_7501.jpeg\"\n               data-thumbnail=\"http:\/\/www.freimarianne.ch\/wp-content\/gallery\/riederalp-bettmeralp-27-6-24\/thumbs\/thumbs_IMG_7501.jpeg\"\n               data-image-id=\"33147\"\n               data-title=\"auf dem Aletsch Panoramaweg; hi Schinhorn\"\n               data-description=\"auf dem Aletsch Panoramaweg; hi Schinhorn\"\n               data-image-slug=\"img_7501-2\"\n               class=\"shutterset_d64eb50cfaadaf6fb4bf42c2af6f66dd\">\n                <img\n                    title=\"auf dem Aletsch Panoramaweg; hi Schinhorn\"\n                    alt=\"auf dem Aletsch Panoramaweg; hi Schinhorn\"\n                    src=\"http:\/\/www.freimarianne.ch\/wp-content\/gallery\/riederalp-bettmeralp-27-6-24\/cache\/IMG_7501.jpeg-nggid0533147-ngg0dyn-100x75x100-00f0w010c010r110f110r010t010.jpeg\"\n                    width=\"100\"\n                    height=\"75\"\n                    style=\"max-width:100%;\"\n                \/>\n            <\/a>\n        <\/div>\n\t\t\t\t\t\t\t<\/div> \n\t\t\t\n                            \n\t\t\t\t<div id=\"ngg-image-5\" class=\"ngg-gallery-thumbnail-box\" >\n\t\t\t\t        <div class=\"ngg-gallery-thumbnail\">\n            <a href=\"http:\/\/www.freimarianne.ch\/wp-content\/gallery\/riederalp-bettmeralp-27-6-24\/IMG_7503.jpeg\"\n               title=\"auf dem Aletsch Panoramaweg\"\n               data-src=\"http:\/\/www.freimarianne.ch\/wp-content\/gallery\/riederalp-bettmeralp-27-6-24\/IMG_7503.jpeg\"\n               data-thumbnail=\"http:\/\/www.freimarianne.ch\/wp-content\/gallery\/riederalp-bettmeralp-27-6-24\/thumbs\/thumbs_IMG_7503.jpeg\"\n               data-image-id=\"33146\"\n               data-title=\"auf dem Aletsch Panoramaweg\"\n               data-description=\"auf dem Aletsch Panoramaweg\"\n               data-image-slug=\"img_7503-1\"\n               class=\"shutterset_d64eb50cfaadaf6fb4bf42c2af6f66dd\">\n                <img\n                    title=\"auf dem Aletsch Panoramaweg\"\n                    alt=\"auf dem Aletsch Panoramaweg\"\n                    src=\"http:\/\/www.freimarianne.ch\/wp-content\/gallery\/riederalp-bettmeralp-27-6-24\/cache\/IMG_7503.jpeg-nggid0533146-ngg0dyn-100x75x100-00f0w010c010r110f110r010t010.jpeg\"\n                    width=\"100\"\n                    height=\"75\"\n                    style=\"max-width:100%;\"\n                \/>\n            <\/a>\n        <\/div>\n\t\t\t\t\t\t\t<\/div> \n\t\t\t\n                            \n\t\t\t\t<div id=\"ngg-image-6\" class=\"ngg-gallery-thumbnail-box\" >\n\t\t\t\t        <div class=\"ngg-gallery-thumbnail\">\n            <a href=\"http:\/\/www.freimarianne.ch\/wp-content\/gallery\/riederalp-bettmeralp-27-6-24\/IMG_7504.jpeg\"\n               title=\"Blick auf den Aletschgletscher\"\n               data-src=\"http:\/\/www.freimarianne.ch\/wp-content\/gallery\/riederalp-bettmeralp-27-6-24\/IMG_7504.jpeg\"\n               data-thumbnail=\"http:\/\/www.freimarianne.ch\/wp-content\/gallery\/riederalp-bettmeralp-27-6-24\/thumbs\/thumbs_IMG_7504.jpeg\"\n               data-image-id=\"33144\"\n               data-title=\"Blick auf den Aletschgletscher\"\n               data-description=\"Blick auf den Aletschgletscher\"\n               data-image-slug=\"img_7504-3\"\n               class=\"shutterset_d64eb50cfaadaf6fb4bf42c2af6f66dd\">\n                <img\n                    title=\"Blick auf den Aletschgletscher\"\n                    alt=\"Blick auf den Aletschgletscher\"\n                    src=\"http:\/\/www.freimarianne.ch\/wp-content\/gallery\/riederalp-bettmeralp-27-6-24\/cache\/IMG_7504.jpeg-nggid0533144-ngg0dyn-100x75x100-00f0w010c010r110f110r010t010.jpeg\"\n                    width=\"100\"\n                    height=\"75\"\n                    style=\"max-width:100%;\"\n                \/>\n            <\/a>\n        <\/div>\n\t\t\t\t\t\t\t<\/div> \n\t\t\t\n                            \n\t\t\t\t<div id=\"ngg-image-7\" class=\"ngg-gallery-thumbnail-box\" >\n\t\t\t\t        <div class=\"ngg-gallery-thumbnail\">\n            <a href=\"http:\/\/www.freimarianne.ch\/wp-content\/gallery\/riederalp-bettmeralp-27-6-24\/IMG_7505.jpeg\"\n               title=\"Blick auf den Aletschgletscher\"\n               data-src=\"http:\/\/www.freimarianne.ch\/wp-content\/gallery\/riederalp-bettmeralp-27-6-24\/IMG_7505.jpeg\"\n               data-thumbnail=\"http:\/\/www.freimarianne.ch\/wp-content\/gallery\/riederalp-bettmeralp-27-6-24\/thumbs\/thumbs_IMG_7505.jpeg\"\n               data-image-id=\"33145\"\n               data-title=\"Blick auf den Aletschgletscher\"\n               data-description=\"Blick auf den Aletschgletscher\"\n               data-image-slug=\"img_7505-3\"\n               class=\"shutterset_d64eb50cfaadaf6fb4bf42c2af6f66dd\">\n                <img\n                    title=\"Blick auf den Aletschgletscher\"\n                    alt=\"Blick auf den Aletschgletscher\"\n                    src=\"http:\/\/www.freimarianne.ch\/wp-content\/gallery\/riederalp-bettmeralp-27-6-24\/cache\/IMG_7505.jpeg-nggid0533145-ngg0dyn-100x75x100-00f0w010c010r110f110r010t010.jpeg\"\n                    width=\"100\"\n                    height=\"75\"\n                    style=\"max-width:100%;\"\n                \/>\n            <\/a>\n        <\/div>\n\t\t\t\t\t\t\t<\/div> \n\t\t\t\n                                    <br style=\"clear: both\" \/>\n                    \n\t\t\t\t<div id=\"ngg-image-8\" class=\"ngg-gallery-thumbnail-box\" >\n\t\t\t\t        <div class=\"ngg-gallery-thumbnail\">\n            <a href=\"http:\/\/www.freimarianne.ch\/wp-content\/gallery\/riederalp-bettmeralp-27-6-24\/IMG_7507.jpeg\"\n               title=\"Blick gegen die Belalp\"\n               data-src=\"http:\/\/www.freimarianne.ch\/wp-content\/gallery\/riederalp-bettmeralp-27-6-24\/IMG_7507.jpeg\"\n               data-thumbnail=\"http:\/\/www.freimarianne.ch\/wp-content\/gallery\/riederalp-bettmeralp-27-6-24\/thumbs\/thumbs_IMG_7507.jpeg\"\n               data-image-id=\"33143\"\n               data-title=\"Blick gegen die Belalp\"\n               data-description=\"Blick gegen die Belalp\"\n               data-image-slug=\"img_7507-1\"\n               class=\"shutterset_d64eb50cfaadaf6fb4bf42c2af6f66dd\">\n                <img\n                    title=\"Blick gegen die Belalp\"\n                    alt=\"Blick gegen die Belalp\"\n                    src=\"http:\/\/www.freimarianne.ch\/wp-content\/gallery\/riederalp-bettmeralp-27-6-24\/cache\/IMG_7507.jpeg-nggid0533143-ngg0dyn-100x75x100-00f0w010c010r110f110r010t010.jpeg\"\n                    width=\"100\"\n                    height=\"72\"\n                    style=\"max-width:100%;\"\n                \/>\n            <\/a>\n        <\/div>\n\t\t\t\t\t\t\t<\/div> \n\t\t\t\n                            \n\t\t\t\t<div id=\"ngg-image-9\" class=\"ngg-gallery-thumbnail-box\" >\n\t\t\t\t        <div class=\"ngg-gallery-thumbnail\">\n            <a href=\"http:\/\/www.freimarianne.ch\/wp-content\/gallery\/riederalp-bettmeralp-27-6-24\/IMG_7508.jpeg\"\n               title=\"Blick auf den Aletschgletscher;hi re Bettmerhorn\"\n               data-src=\"http:\/\/www.freimarianne.ch\/wp-content\/gallery\/riederalp-bettmeralp-27-6-24\/IMG_7508.jpeg\"\n               data-thumbnail=\"http:\/\/www.freimarianne.ch\/wp-content\/gallery\/riederalp-bettmeralp-27-6-24\/thumbs\/thumbs_IMG_7508.jpeg\"\n               data-image-id=\"33142\"\n               data-title=\"Blick auf den Aletschgletscher;hi re Bettmerhorn\"\n               data-description=\"Blick auf den Aletschgletscher;hi re Bettmerhorn\"\n               data-image-slug=\"img_7508-3\"\n               class=\"shutterset_d64eb50cfaadaf6fb4bf42c2af6f66dd\">\n                <img\n                    title=\"Blick auf den Aletschgletscher;hi re Bettmerhorn\"\n                    alt=\"Blick auf den Aletschgletscher;hi re Bettmerhorn\"\n                    src=\"http:\/\/www.freimarianne.ch\/wp-content\/gallery\/riederalp-bettmeralp-27-6-24\/cache\/IMG_7508.jpeg-nggid0533142-ngg0dyn-100x75x100-00f0w010c010r110f110r010t010.jpeg\"\n                    width=\"96\"\n                    height=\"75\"\n                    style=\"max-width:100%;\"\n                \/>\n            <\/a>\n        <\/div>\n\t\t\t\t\t\t\t<\/div> \n\t\t\t\n                            \n\t\t\t\t<div id=\"ngg-image-10\" class=\"ngg-gallery-thumbnail-box\" >\n\t\t\t\t        <div class=\"ngg-gallery-thumbnail\">\n            <a href=\"http:\/\/www.freimarianne.ch\/wp-content\/gallery\/riederalp-bettmeralp-27-6-24\/IMG_7510.jpeg\"\n               title=\"Marianne; Blick auf den Aletschgletscher\"\n               data-src=\"http:\/\/www.freimarianne.ch\/wp-content\/gallery\/riederalp-bettmeralp-27-6-24\/IMG_7510.jpeg\"\n               data-thumbnail=\"http:\/\/www.freimarianne.ch\/wp-content\/gallery\/riederalp-bettmeralp-27-6-24\/thumbs\/thumbs_IMG_7510.jpeg\"\n               data-image-id=\"33141\"\n               data-title=\"Marianne; Blick auf den Aletschgletscher\"\n               data-description=\"Marianne; Blick auf den Aletschgletscher\"\n               data-image-slug=\"img_7510-3\"\n               class=\"shutterset_d64eb50cfaadaf6fb4bf42c2af6f66dd\">\n                <img\n                    title=\"Marianne; Blick auf den Aletschgletscher\"\n                    alt=\"Marianne; Blick auf den Aletschgletscher\"\n                    src=\"http:\/\/www.freimarianne.ch\/wp-content\/gallery\/riederalp-bettmeralp-27-6-24\/cache\/IMG_7510.jpeg-nggid0533141-ngg0dyn-100x75x100-00f0w010c010r110f110r010t010.jpeg\"\n                    width=\"100\"\n                    height=\"75\"\n                    style=\"max-width:100%;\"\n                \/>\n            <\/a>\n        <\/div>\n\t\t\t\t\t\t\t<\/div> \n\t\t\t\n                            \n\t\t\t\t<div id=\"ngg-image-11\" class=\"ngg-gallery-thumbnail-box\" >\n\t\t\t\t        <div class=\"ngg-gallery-thumbnail\">\n            <a href=\"http:\/\/www.freimarianne.ch\/wp-content\/gallery\/riederalp-bettmeralp-27-6-24\/IMG_7513.jpeg\"\n               title=\"Aussichtsbank; H\u00fcbschhorn, Fletschhorn,  Glishorn, Riederhorn\"\n               data-src=\"http:\/\/www.freimarianne.ch\/wp-content\/gallery\/riederalp-bettmeralp-27-6-24\/IMG_7513.jpeg\"\n               data-thumbnail=\"http:\/\/www.freimarianne.ch\/wp-content\/gallery\/riederalp-bettmeralp-27-6-24\/thumbs\/thumbs_IMG_7513.jpeg\"\n               data-image-id=\"33140\"\n               data-title=\"Aussichtsbank; H\u00fcbschhorn, Fletschhorn,  Glishorn, Riederhorn\"\n               data-description=\"Aussichtsbank; H\u00fcbschhorn, Fletschhorn,  Glishorn, Riederhorn\"\n               data-image-slug=\"img_7513-2\"\n               class=\"shutterset_d64eb50cfaadaf6fb4bf42c2af6f66dd\">\n                <img\n                    title=\"Aussichtsbank; H\u00fcbschhorn, Fletschhorn,  Glishorn, Riederhorn\"\n                    alt=\"Aussichtsbank; H\u00fcbschhorn, Fletschhorn,  Glishorn, Riederhorn\"\n                    src=\"http:\/\/www.freimarianne.ch\/wp-content\/gallery\/riederalp-bettmeralp-27-6-24\/cache\/IMG_7513.jpeg-nggid0533140-ngg0dyn-100x75x100-00f0w010c010r110f110r010t010.jpeg\"\n                    width=\"100\"\n                    height=\"69\"\n                    style=\"max-width:100%;\"\n                \/>\n            <\/a>\n        <\/div>\n\t\t\t\t\t\t\t<\/div> \n\t\t\t\n                                    <br style=\"clear: both\" \/>\n                    \n\t\t\t\t<div id=\"ngg-image-12\" class=\"ngg-gallery-thumbnail-box\" >\n\t\t\t\t        <div class=\"ngg-gallery-thumbnail\">\n            <a href=\"http:\/\/www.freimarianne.ch\/wp-content\/gallery\/riederalp-bettmeralp-27-6-24\/IMG_7516.jpeg\"\n               title=\"re: von den Schinh\u00f6rnern bis zu Vorder Helsen uns Helsenhorn\"\n               data-src=\"http:\/\/www.freimarianne.ch\/wp-content\/gallery\/riederalp-bettmeralp-27-6-24\/IMG_7516.jpeg\"\n               data-thumbnail=\"http:\/\/www.freimarianne.ch\/wp-content\/gallery\/riederalp-bettmeralp-27-6-24\/thumbs\/thumbs_IMG_7516.jpeg\"\n               data-image-id=\"33137\"\n               data-title=\"re: von den Schinh\u00f6rnern bis zu Vorder Helsen uns Helsenhorn\"\n               data-description=\"re: von den Schinh\u00f6rnern bis zu Vorder Helsen uns Helsenhorn\"\n               data-image-slug=\"img_7516-5\"\n               class=\"shutterset_d64eb50cfaadaf6fb4bf42c2af6f66dd\">\n                <img\n                    title=\"re: von den Schinh\u00f6rnern bis zu Vorder Helsen uns Helsenhorn\"\n                    alt=\"re: von den Schinh\u00f6rnern bis zu Vorder Helsen uns Helsenhorn\"\n                    src=\"http:\/\/www.freimarianne.ch\/wp-content\/gallery\/riederalp-bettmeralp-27-6-24\/cache\/IMG_7516.jpeg-nggid0533137-ngg0dyn-100x75x100-00f0w010c010r110f110r010t010.jpeg\"\n                    width=\"100\"\n                    height=\"67\"\n                    style=\"max-width:100%;\"\n                \/>\n            <\/a>\n        <\/div>\n\t\t\t\t\t\t\t<\/div> \n\t\t\t\n                            \n\t\t\t\t<div id=\"ngg-image-13\" class=\"ngg-gallery-thumbnail-box\" >\n\t\t\t\t        <div class=\"ngg-gallery-thumbnail\">\n            <a href=\"http:\/\/www.freimarianne.ch\/wp-content\/gallery\/riederalp-bettmeralp-27-6-24\/IMG_7518.jpeg\"\n               title=\"wunderscxh\u00f6ne Sicht auf dern Aletschgletscher\"\n               data-src=\"http:\/\/www.freimarianne.ch\/wp-content\/gallery\/riederalp-bettmeralp-27-6-24\/IMG_7518.jpeg\"\n               data-thumbnail=\"http:\/\/www.freimarianne.ch\/wp-content\/gallery\/riederalp-bettmeralp-27-6-24\/thumbs\/thumbs_IMG_7518.jpeg\"\n               data-image-id=\"33139\"\n               data-title=\"wunderscxh\u00f6ne Sicht auf dern Aletschgletscher\"\n               data-description=\"wunderscxh\u00f6ne Sicht auf dern Aletschgletscher\"\n               data-image-slug=\"img_7518-2\"\n               class=\"shutterset_d64eb50cfaadaf6fb4bf42c2af6f66dd\">\n                <img\n                    title=\"wunderscxh\u00f6ne Sicht auf dern Aletschgletscher\"\n                    alt=\"wunderscxh\u00f6ne Sicht auf dern Aletschgletscher\"\n                    src=\"http:\/\/www.freimarianne.ch\/wp-content\/gallery\/riederalp-bettmeralp-27-6-24\/cache\/IMG_7518.jpeg-nggid0533139-ngg0dyn-100x75x100-00f0w010c010r110f110r010t010.jpeg\"\n                    width=\"100\"\n                    height=\"75\"\n                    style=\"max-width:100%;\"\n                \/>\n            <\/a>\n        <\/div>\n\t\t\t\t\t\t\t<\/div> \n\t\t\t\n                            \n\t\t\t\t<div id=\"ngg-image-14\" class=\"ngg-gallery-thumbnail-box\" >\n\t\t\t\t        <div class=\"ngg-gallery-thumbnail\">\n            <a href=\"http:\/\/www.freimarianne.ch\/wp-content\/gallery\/riederalp-bettmeralp-27-6-24\/IMG_7519.jpeg\"\n               title=\"Sporn Stiefm\u00fctterchen; Viola calcarata, Violaceae\"\n               data-src=\"http:\/\/www.freimarianne.ch\/wp-content\/gallery\/riederalp-bettmeralp-27-6-24\/IMG_7519.jpeg\"\n               data-thumbnail=\"http:\/\/www.freimarianne.ch\/wp-content\/gallery\/riederalp-bettmeralp-27-6-24\/thumbs\/thumbs_IMG_7519.jpeg\"\n               data-image-id=\"33138\"\n               data-title=\"Sporn Stiefm\u00fctterchen; Viola calcarata, Violaceae\"\n               data-description=\"Sporn Stiefm\u00fctterchen; Viola calcarata, Violaceae\"\n               data-image-slug=\"img_7519-7\"\n               class=\"shutterset_d64eb50cfaadaf6fb4bf42c2af6f66dd\">\n                <img\n                    title=\"Sporn Stiefm\u00fctterchen; Viola calcarata, Violaceae\"\n                    alt=\"Sporn Stiefm\u00fctterchen; Viola calcarata, Violaceae\"\n                    src=\"http:\/\/www.freimarianne.ch\/wp-content\/gallery\/riederalp-bettmeralp-27-6-24\/cache\/IMG_7519.jpeg-nggid0533138-ngg0dyn-100x75x100-00f0w010c010r110f110r010t010.jpeg\"\n                    width=\"81\"\n                    height=\"75\"\n                    style=\"max-width:100%;\"\n                \/>\n            <\/a>\n        <\/div>\n\t\t\t\t\t\t\t<\/div> \n\t\t\t\n                            \n\t\t\t\t<div id=\"ngg-image-15\" class=\"ngg-gallery-thumbnail-box\" >\n\t\t\t\t        <div class=\"ngg-gallery-thumbnail\">\n            <a href=\"http:\/\/www.freimarianne.ch\/wp-content\/gallery\/riederalp-bettmeralp-27-6-24\/IMG_7524.jpeg\"\n               title=\"Marianne; B\u00e4ttlihorn 2951m, Huwetz 2918m, F\u00fclhorn 2738m, Wasenhorn 3246m, Breithorn 3438m, H\u00fcbschorn 3187m\"\n               data-src=\"http:\/\/www.freimarianne.ch\/wp-content\/gallery\/riederalp-bettmeralp-27-6-24\/IMG_7524.jpeg\"\n               data-thumbnail=\"http:\/\/www.freimarianne.ch\/wp-content\/gallery\/riederalp-bettmeralp-27-6-24\/thumbs\/thumbs_IMG_7524.jpeg\"\n               data-image-id=\"33136\"\n               data-title=\"Marianne; B\u00e4ttlihorn 2951m, Huwetz 2918m, F\u00fclhorn 2738m, Wasenhorn 3246m, Breithorn 3438m, H\u00fcbschorn 3187m\"\n               data-description=\"Marianne; B\u00e4ttlihorn 2951m, Huwetz 2918m, F\u00fclhorn 2738m, Wasenhorn 3246m, Breithorn 3438m, H\u00fcbschorn 3187m\"\n               data-image-slug=\"img_7524-4\"\n               class=\"shutterset_d64eb50cfaadaf6fb4bf42c2af6f66dd\">\n                <img\n                    title=\"Marianne; B\u00e4ttlihorn 2951m, Huwetz 2918m, F\u00fclhorn 2738m, Wasenhorn 3246m, Breithorn 3438m, H\u00fcbschorn 3187m\"\n                    alt=\"Marianne; B\u00e4ttlihorn 2951m, Huwetz 2918m, F\u00fclhorn 2738m, Wasenhorn 3246m, Breithorn 3438m, H\u00fcbschorn 3187m\"\n                    src=\"http:\/\/www.freimarianne.ch\/wp-content\/gallery\/riederalp-bettmeralp-27-6-24\/cache\/IMG_7524.jpeg-nggid0533136-ngg0dyn-100x75x100-00f0w010c010r110f110r010t010.jpeg\"\n                    width=\"92\"\n                    height=\"75\"\n                    style=\"max-width:100%;\"\n                \/>\n            <\/a>\n        <\/div>\n\t\t\t\t\t\t\t<\/div> \n\t\t\t\n                                    <br style=\"clear: both\" \/>\n                    \n\t\t\t\t<div id=\"ngg-image-16\" class=\"ngg-gallery-thumbnail-box\" >\n\t\t\t\t        <div class=\"ngg-gallery-thumbnail\">\n            <a href=\"http:\/\/www.freimarianne.ch\/wp-content\/gallery\/riederalp-bettmeralp-27-6-24\/IMG_7526.jpeg\"\n               title=\"Krokusse\"\n               data-src=\"http:\/\/www.freimarianne.ch\/wp-content\/gallery\/riederalp-bettmeralp-27-6-24\/IMG_7526.jpeg\"\n               data-thumbnail=\"http:\/\/www.freimarianne.ch\/wp-content\/gallery\/riederalp-bettmeralp-27-6-24\/thumbs\/thumbs_IMG_7526.jpeg\"\n               data-image-id=\"33134\"\n               data-title=\"Krokusse\"\n               data-description=\"Krokusse\"\n               data-image-slug=\"img_7526-2\"\n               class=\"shutterset_d64eb50cfaadaf6fb4bf42c2af6f66dd\">\n                <img\n                    title=\"Krokusse\"\n                    alt=\"Krokusse\"\n                    src=\"http:\/\/www.freimarianne.ch\/wp-content\/gallery\/riederalp-bettmeralp-27-6-24\/cache\/IMG_7526.jpeg-nggid0533134-ngg0dyn-100x75x100-00f0w010c010r110f110r010t010.jpeg\"\n                    width=\"96\"\n                    height=\"75\"\n                    style=\"max-width:100%;\"\n                \/>\n            <\/a>\n        <\/div>\n\t\t\t\t\t\t\t<\/div> \n\t\t\t\n                            \n\t\t\t\t<div id=\"ngg-image-17\" class=\"ngg-gallery-thumbnail-box\" >\n\t\t\t\t        <div class=\"ngg-gallery-thumbnail\">\n            <a href=\"http:\/\/www.freimarianne.ch\/wp-content\/gallery\/riederalp-bettmeralp-27-6-24\/IMG_7531.jpeg\"\n               title=\"Blausee;  H\u00fcbschorn 3187m,  Fletschhorn 3996m, vo mi Glishorn\"\n               data-src=\"http:\/\/www.freimarianne.ch\/wp-content\/gallery\/riederalp-bettmeralp-27-6-24\/IMG_7531.jpeg\"\n               data-thumbnail=\"http:\/\/www.freimarianne.ch\/wp-content\/gallery\/riederalp-bettmeralp-27-6-24\/thumbs\/thumbs_IMG_7531.jpeg\"\n               data-image-id=\"33135\"\n               data-title=\"Blausee;  H\u00fcbschorn 3187m,  Fletschhorn 3996m, vo mi Glishorn\"\n               data-description=\"Blausee;  H\u00fcbschorn 3187m,  Fletschhorn 3996m, vo mi Glishorn\"\n               data-image-slug=\"img_7531-4\"\n               class=\"shutterset_d64eb50cfaadaf6fb4bf42c2af6f66dd\">\n                <img\n                    title=\"Blausee;  H\u00fcbschorn 3187m,  Fletschhorn 3996m, vo mi Glishorn\"\n                    alt=\"Blausee;  H\u00fcbschorn 3187m,  Fletschhorn 3996m, vo mi Glishorn\"\n                    src=\"http:\/\/www.freimarianne.ch\/wp-content\/gallery\/riederalp-bettmeralp-27-6-24\/cache\/IMG_7531.jpeg-nggid0533135-ngg0dyn-100x75x100-00f0w010c010r110f110r010t010.jpeg\"\n                    width=\"100\"\n                    height=\"71\"\n                    style=\"max-width:100%;\"\n                \/>\n            <\/a>\n        <\/div>\n\t\t\t\t\t\t\t<\/div> \n\t\t\t\n                            \n\t\t\t\t<div id=\"ngg-image-18\" class=\"ngg-gallery-thumbnail-box\" >\n\t\t\t\t        <div class=\"ngg-gallery-thumbnail\">\n            <a href=\"http:\/\/www.freimarianne.ch\/wp-content\/gallery\/riederalp-bettmeralp-27-6-24\/IMG_7532.jpeg\"\n               title=\"Blausee\"\n               data-src=\"http:\/\/www.freimarianne.ch\/wp-content\/gallery\/riederalp-bettmeralp-27-6-24\/IMG_7532.jpeg\"\n               data-thumbnail=\"http:\/\/www.freimarianne.ch\/wp-content\/gallery\/riederalp-bettmeralp-27-6-24\/thumbs\/thumbs_IMG_7532.jpeg\"\n               data-image-id=\"33133\"\n               data-title=\"Blausee\"\n               data-description=\"Blausee\"\n               data-image-slug=\"img_7532-2\"\n               class=\"shutterset_d64eb50cfaadaf6fb4bf42c2af6f66dd\">\n                <img\n                    title=\"Blausee\"\n                    alt=\"Blausee\"\n                    src=\"http:\/\/www.freimarianne.ch\/wp-content\/gallery\/riederalp-bettmeralp-27-6-24\/cache\/IMG_7532.jpeg-nggid0533133-ngg0dyn-100x75x100-00f0w010c010r110f110r010t010.jpeg\"\n                    width=\"100\"\n                    height=\"72\"\n                    style=\"max-width:100%;\"\n                \/>\n            <\/a>\n        <\/div>\n\t\t\t\t\t\t\t<\/div> \n\t\t\t\n                            \n\t\t\t\t<div id=\"ngg-image-19\" class=\"ngg-gallery-thumbnail-box\" >\n\t\t\t\t        <div class=\"ngg-gallery-thumbnail\">\n            <a href=\"http:\/\/www.freimarianne.ch\/wp-content\/gallery\/riederalp-bettmeralp-27-6-24\/IMG_7536.jpeg\"\n               title=\"Marianne am Blausee\"\n               data-src=\"http:\/\/www.freimarianne.ch\/wp-content\/gallery\/riederalp-bettmeralp-27-6-24\/IMG_7536.jpeg\"\n               data-thumbnail=\"http:\/\/www.freimarianne.ch\/wp-content\/gallery\/riederalp-bettmeralp-27-6-24\/thumbs\/thumbs_IMG_7536.jpeg\"\n               data-image-id=\"33131\"\n               data-title=\"Marianne am Blausee\"\n               data-description=\"Marianne am Blausee\"\n               data-image-slug=\"img_7536-2\"\n               class=\"shutterset_d64eb50cfaadaf6fb4bf42c2af6f66dd\">\n                <img\n                    title=\"Marianne am Blausee\"\n                    alt=\"Marianne am Blausee\"\n                    src=\"http:\/\/www.freimarianne.ch\/wp-content\/gallery\/riederalp-bettmeralp-27-6-24\/cache\/IMG_7536.jpeg-nggid0533131-ngg0dyn-100x75x100-00f0w010c010r110f110r010t010.jpeg\"\n                    width=\"100\"\n                    height=\"75\"\n                    style=\"max-width:100%;\"\n                \/>\n            <\/a>\n        <\/div>\n\t\t\t\t\t\t\t<\/div> \n\t\t\t\n                                    <br style=\"clear: both\" \/>\n                    \n\t\t\t\t<div id=\"ngg-image-20\" class=\"ngg-gallery-thumbnail-box\" >\n\t\t\t\t        <div class=\"ngg-gallery-thumbnail\">\n            <a href=\"http:\/\/www.freimarianne.ch\/wp-content\/gallery\/riederalp-bettmeralp-27-6-24\/IMG_7541.jpeg\"\n               title=\"Blausee\"\n               data-src=\"http:\/\/www.freimarianne.ch\/wp-content\/gallery\/riederalp-bettmeralp-27-6-24\/IMG_7541.jpeg\"\n               data-thumbnail=\"http:\/\/www.freimarianne.ch\/wp-content\/gallery\/riederalp-bettmeralp-27-6-24\/thumbs\/thumbs_IMG_7541.jpeg\"\n               data-image-id=\"33132\"\n               data-title=\"Blausee\"\n               data-description=\"Blausee\"\n               data-image-slug=\"img_7541-1\"\n               class=\"shutterset_d64eb50cfaadaf6fb4bf42c2af6f66dd\">\n                <img\n                    title=\"Blausee\"\n                    alt=\"Blausee\"\n                    src=\"http:\/\/www.freimarianne.ch\/wp-content\/gallery\/riederalp-bettmeralp-27-6-24\/cache\/IMG_7541.jpeg-nggid0533132-ngg0dyn-100x75x100-00f0w010c010r110f110r010t010.jpeg\"\n                    width=\"100\"\n                    height=\"69\"\n                    style=\"max-width:100%;\"\n                \/>\n            <\/a>\n        <\/div>\n\t\t\t\t\t\t\t<\/div> \n\t\t\t\n                            \n\t\t\t\t<div id=\"ngg-image-21\" class=\"ngg-gallery-thumbnail-box\" >\n\t\t\t\t        <div class=\"ngg-gallery-thumbnail\">\n            <a href=\"http:\/\/www.freimarianne.ch\/wp-content\/gallery\/riederalp-bettmeralp-27-6-24\/IMG_7542.jpeg\"\n               title=\"auf dem Weg zum Bettmersee ;li Bettmerhorn und Bettmersee\"\n               data-src=\"http:\/\/www.freimarianne.ch\/wp-content\/gallery\/riederalp-bettmeralp-27-6-24\/IMG_7542.jpeg\"\n               data-thumbnail=\"http:\/\/www.freimarianne.ch\/wp-content\/gallery\/riederalp-bettmeralp-27-6-24\/thumbs\/thumbs_IMG_7542.jpeg\"\n               data-image-id=\"33130\"\n               data-title=\"auf dem Weg zum Bettmersee ;li Bettmerhorn und Bettmersee\"\n               data-description=\"auf dem Weg zum Bettmersee ;li Bettmerhorn und Bettmersee\"\n               data-image-slug=\"img_7542-5\"\n               class=\"shutterset_d64eb50cfaadaf6fb4bf42c2af6f66dd\">\n                <img\n                    title=\"auf dem Weg zum Bettmersee ;li Bettmerhorn und Bettmersee\"\n                    alt=\"auf dem Weg zum Bettmersee ;li Bettmerhorn und Bettmersee\"\n                    src=\"http:\/\/www.freimarianne.ch\/wp-content\/gallery\/riederalp-bettmeralp-27-6-24\/cache\/IMG_7542.jpeg-nggid0533130-ngg0dyn-100x75x100-00f0w010c010r110f110r010t010.jpeg\"\n                    width=\"100\"\n                    height=\"71\"\n                    style=\"max-width:100%;\"\n                \/>\n            <\/a>\n        <\/div>\n\t\t\t\t\t\t\t<\/div> \n\t\t\t\n                            \n\t\t\t\t<div id=\"ngg-image-22\" class=\"ngg-gallery-thumbnail-box\" >\n\t\t\t\t        <div class=\"ngg-gallery-thumbnail\">\n            <a href=\"http:\/\/www.freimarianne.ch\/wp-content\/gallery\/riederalp-bettmeralp-27-6-24\/IMG_7544.jpeg\"\n               title=\"Schwefel Anemone; Pulsatilla alpina\"\n               data-src=\"http:\/\/www.freimarianne.ch\/wp-content\/gallery\/riederalp-bettmeralp-27-6-24\/IMG_7544.jpeg\"\n               data-thumbnail=\"http:\/\/www.freimarianne.ch\/wp-content\/gallery\/riederalp-bettmeralp-27-6-24\/thumbs\/thumbs_IMG_7544.jpeg\"\n               data-image-id=\"33129\"\n               data-title=\"Schwefel Anemone; Pulsatilla alpina\"\n               data-description=\"Schwefel Anemone; Pulsatilla alpina\"\n               data-image-slug=\"img_7544-6\"\n               class=\"shutterset_d64eb50cfaadaf6fb4bf42c2af6f66dd\">\n                <img\n                    title=\"Schwefel Anemone; Pulsatilla alpina\"\n                    alt=\"Schwefel Anemone; Pulsatilla alpina\"\n                    src=\"http:\/\/www.freimarianne.ch\/wp-content\/gallery\/riederalp-bettmeralp-27-6-24\/cache\/IMG_7544.jpeg-nggid0533129-ngg0dyn-100x75x100-00f0w010c010r110f110r010t010.jpeg\"\n                    width=\"100\"\n                    height=\"73\"\n                    style=\"max-width:100%;\"\n                \/>\n            <\/a>\n        <\/div>\n\t\t\t\t\t\t\t<\/div> \n\t\t\t\n                            \n\t\t\t\t<div id=\"ngg-image-23\" class=\"ngg-gallery-thumbnail-box\" >\n\t\t\t\t        <div class=\"ngg-gallery-thumbnail\">\n            <a href=\"http:\/\/www.freimarianne.ch\/wp-content\/gallery\/riederalp-bettmeralp-27-6-24\/IMG_7545.jpeg\"\n               title=\"Auffangbecken; Vorder Helsen 3106m, Helsenhorn 3272m, B\u00e4ttlihorn 2951m, Grosser Huwetz 2918m\"\n               data-src=\"http:\/\/www.freimarianne.ch\/wp-content\/gallery\/riederalp-bettmeralp-27-6-24\/IMG_7545.jpeg\"\n               data-thumbnail=\"http:\/\/www.freimarianne.ch\/wp-content\/gallery\/riederalp-bettmeralp-27-6-24\/thumbs\/thumbs_IMG_7545.jpeg\"\n               data-image-id=\"33127\"\n               data-title=\"Auffangbecken; Vorder Helsen 3106m, Helsenhorn 3272m, B\u00e4ttlihorn 2951m, Grosser Huwetz 2918m\"\n               data-description=\"Auffangbecken; Vorder Helsen 3106m, Helsenhorn 3272m, B\u00e4ttlihorn 2951m, Grosser Huwetz 2918m\"\n               data-image-slug=\"img_7545-3\"\n               class=\"shutterset_d64eb50cfaadaf6fb4bf42c2af6f66dd\">\n                <img\n                    title=\"Auffangbecken; Vorder Helsen 3106m, Helsenhorn 3272m, B\u00e4ttlihorn 2951m, Grosser Huwetz 2918m\"\n                    alt=\"Auffangbecken; Vorder Helsen 3106m, Helsenhorn 3272m, B\u00e4ttlihorn 2951m, Grosser Huwetz 2918m\"\n                    src=\"http:\/\/www.freimarianne.ch\/wp-content\/gallery\/riederalp-bettmeralp-27-6-24\/cache\/IMG_7545.jpeg-nggid0533127-ngg0dyn-100x75x100-00f0w010c010r110f110r010t010.jpeg\"\n                    width=\"100\"\n                    height=\"75\"\n                    style=\"max-width:100%;\"\n                \/>\n            <\/a>\n        <\/div>\n\t\t\t\t\t\t\t<\/div> \n\t\t\t\n                                    <br style=\"clear: both\" \/>\n                    \n\t\t\t\t<div id=\"ngg-image-24\" class=\"ngg-gallery-thumbnail-box\" >\n\t\t\t\t        <div class=\"ngg-gallery-thumbnail\">\n            <a href=\"http:\/\/www.freimarianne.ch\/wp-content\/gallery\/riederalp-bettmeralp-27-6-24\/IMG_7548.jpeg\"\n               title=\"Gentiana acaulis, St\u00e4ngelloser Silikat Enzian\"\n               data-src=\"http:\/\/www.freimarianne.ch\/wp-content\/gallery\/riederalp-bettmeralp-27-6-24\/IMG_7548.jpeg\"\n               data-thumbnail=\"http:\/\/www.freimarianne.ch\/wp-content\/gallery\/riederalp-bettmeralp-27-6-24\/thumbs\/thumbs_IMG_7548.jpeg\"\n               data-image-id=\"33128\"\n               data-title=\"Gentiana acaulis, St\u00e4ngelloser Silikat Enzian\"\n               data-description=\"Gentiana acaulis, St\u00e4ngelloser Silikat Enzian\"\n               data-image-slug=\"img_7548-3\"\n               class=\"shutterset_d64eb50cfaadaf6fb4bf42c2af6f66dd\">\n                <img\n                    title=\"Gentiana acaulis, St\u00e4ngelloser Silikat Enzian\"\n                    alt=\"Gentiana acaulis, St\u00e4ngelloser Silikat Enzian\"\n                    src=\"http:\/\/www.freimarianne.ch\/wp-content\/gallery\/riederalp-bettmeralp-27-6-24\/cache\/IMG_7548.jpeg-nggid0533128-ngg0dyn-100x75x100-00f0w010c010r110f110r010t010.jpeg\"\n                    width=\"89\"\n                    height=\"75\"\n                    style=\"max-width:100%;\"\n                \/>\n            <\/a>\n        <\/div>\n\t\t\t\t\t\t\t<\/div> \n\t\t\t\n                            \n\t\t\t\t<div id=\"ngg-image-25\" class=\"ngg-gallery-thumbnail-box\" >\n\t\t\t\t        <div class=\"ngg-gallery-thumbnail\">\n            <a href=\"http:\/\/www.freimarianne.ch\/wp-content\/gallery\/riederalp-bettmeralp-27-6-24\/IMG_7552.jpeg\"\n               title=\"Rostbl\u00e4ttrige Alpenrose, Rhododendron ferrugineum\"\n               data-src=\"http:\/\/www.freimarianne.ch\/wp-content\/gallery\/riederalp-bettmeralp-27-6-24\/IMG_7552.jpeg\"\n               data-thumbnail=\"http:\/\/www.freimarianne.ch\/wp-content\/gallery\/riederalp-bettmeralp-27-6-24\/thumbs\/thumbs_IMG_7552.jpeg\"\n               data-image-id=\"33126\"\n               data-title=\"Rostbl\u00e4ttrige Alpenrose, Rhododendron ferrugineum\"\n               data-description=\"Rostbl\u00e4ttrige Alpenrose, Rhododendron ferrugineum\"\n               data-image-slug=\"img_7552-3\"\n               class=\"shutterset_d64eb50cfaadaf6fb4bf42c2af6f66dd\">\n                <img\n                    title=\"Rostbl\u00e4ttrige Alpenrose, Rhododendron ferrugineum\"\n                    alt=\"Rostbl\u00e4ttrige Alpenrose, Rhododendron ferrugineum\"\n                    src=\"http:\/\/www.freimarianne.ch\/wp-content\/gallery\/riederalp-bettmeralp-27-6-24\/cache\/IMG_7552.jpeg-nggid0533126-ngg0dyn-100x75x100-00f0w010c010r110f110r010t010.jpeg\"\n                    width=\"97\"\n                    height=\"75\"\n                    style=\"max-width:100%;\"\n                \/>\n            <\/a>\n        <\/div>\n\t\t\t\t\t\t\t<\/div> \n\t\t\t\n                            \n\t\t\t\t<div id=\"ngg-image-26\" class=\"ngg-gallery-thumbnail-box\" >\n\t\t\t\t        <div class=\"ngg-gallery-thumbnail\">\n            <a href=\"http:\/\/www.freimarianne.ch\/wp-content\/gallery\/riederalp-bettmeralp-27-6-24\/IMG_7554.jpeg\"\n               title=\"am Bettmersee\"\n               data-src=\"http:\/\/www.freimarianne.ch\/wp-content\/gallery\/riederalp-bettmeralp-27-6-24\/IMG_7554.jpeg\"\n               data-thumbnail=\"http:\/\/www.freimarianne.ch\/wp-content\/gallery\/riederalp-bettmeralp-27-6-24\/thumbs\/thumbs_IMG_7554.jpeg\"\n               data-image-id=\"33125\"\n               data-title=\"am Bettmersee\"\n               data-description=\"am Bettmersee\"\n               data-image-slug=\"img_7554-3\"\n               class=\"shutterset_d64eb50cfaadaf6fb4bf42c2af6f66dd\">\n                <img\n                    title=\"am Bettmersee\"\n                    alt=\"am Bettmersee\"\n                    src=\"http:\/\/www.freimarianne.ch\/wp-content\/gallery\/riederalp-bettmeralp-27-6-24\/cache\/IMG_7554.jpeg-nggid0533125-ngg0dyn-100x75x100-00f0w010c010r110f110r010t010.jpeg\"\n                    width=\"100\"\n                    height=\"75\"\n                    style=\"max-width:100%;\"\n                \/>\n            <\/a>\n        <\/div>\n\t\t\t\t\t\t\t<\/div> \n\t\t\t\n                            \n\t\t\t\t<div id=\"ngg-image-27\" class=\"ngg-gallery-thumbnail-box\" >\n\t\t\t\t        <div class=\"ngg-gallery-thumbnail\">\n            <a href=\"http:\/\/www.freimarianne.ch\/wp-content\/gallery\/riederalp-bettmeralp-27-6-24\/IMG_7559.jpeg\"\n               title=\"Bettmeralp Kapelle\"\n               data-src=\"http:\/\/www.freimarianne.ch\/wp-content\/gallery\/riederalp-bettmeralp-27-6-24\/IMG_7559.jpeg\"\n               data-thumbnail=\"http:\/\/www.freimarianne.ch\/wp-content\/gallery\/riederalp-bettmeralp-27-6-24\/thumbs\/thumbs_IMG_7559.jpeg\"\n               data-image-id=\"33124\"\n               data-title=\"Bettmeralp Kapelle\"\n               data-description=\"Bettmeralp Kapelle\"\n               data-image-slug=\"img_7559-2\"\n               class=\"shutterset_d64eb50cfaadaf6fb4bf42c2af6f66dd\">\n                <img\n                    title=\"Bettmeralp Kapelle\"\n                    alt=\"Bettmeralp Kapelle\"\n                    src=\"http:\/\/www.freimarianne.ch\/wp-content\/gallery\/riederalp-bettmeralp-27-6-24\/cache\/IMG_7559.jpeg-nggid0533124-ngg0dyn-100x75x100-00f0w010c010r110f110r010t010.jpeg\"\n                    width=\"93\"\n                    height=\"75\"\n                    style=\"max-width:100%;\"\n                \/>\n            <\/a>\n        <\/div>\n\t\t\t\t\t\t\t<\/div> \n\t\t\t\n                                    <br style=\"clear: both\" \/>\n                    \n\t\t\n\t\t<!-- Pagination -->\n\t<div class='ngg-clear'><\/div>\t<\/div>\n\n\n\n\n<!-- index.php -->\n<div\n\tclass=\"ngg-galleryoverview ngg-ajax-pagination-none\"\n\tid=\"ngg-gallery-169b748624806c3c61a22ee76bb73787-1\">\n\n    \t<div class=\"slideshowlink\">\n        <a href='http:\/\/www.freimarianne.ch\/index.php\/nggallery\/slideshow?page_id=65080'>[Show as slideshow]<\/a>\n\t\t\n\t<\/div>\n\t\t\t<!-- Thumbnails -->\n\t\t\t\t<div id=\"ngg-image-0\" class=\"ngg-gallery-thumbnail-box\" >\n\t\t\t\t        <div class=\"ngg-gallery-thumbnail\">\n            <a href=\"http:\/\/www.freimarianne.ch\/wp-content\/gallery\/riederalp-bettmeralp-iph-27-6-24\/IMG_7082.jpeg\"\n               title=\"oberhalb Riederalp;\"\n               data-src=\"http:\/\/www.freimarianne.ch\/wp-content\/gallery\/riederalp-bettmeralp-iph-27-6-24\/IMG_7082.jpeg\"\n               data-thumbnail=\"http:\/\/www.freimarianne.ch\/wp-content\/gallery\/riederalp-bettmeralp-iph-27-6-24\/thumbs\/thumbs_IMG_7082.jpeg\"\n               data-image-id=\"33170\"\n               data-title=\"oberhalb Riederalp;\"\n               data-description=\"oberhalb Riederalp;\"\n               data-image-slug=\"img_7082-4\"\n               class=\"shutterset_169b748624806c3c61a22ee76bb73787\">\n                <img\n                    title=\"oberhalb Riederalp;\"\n                    alt=\"oberhalb Riederalp;\"\n                    src=\"http:\/\/www.freimarianne.ch\/wp-content\/gallery\/riederalp-bettmeralp-iph-27-6-24\/cache\/IMG_7082.jpeg-nggid0533170-ngg0dyn-100x75x100-00f0w010c010r110f110r010t010.jpeg\"\n                    width=\"100\"\n                    height=\"75\"\n                    style=\"max-width:100%;\"\n                \/>\n            <\/a>\n        <\/div>\n\t\t\t\t\t\t\t<\/div> \n\t\t\t\n                            \n\t\t\t\t<div id=\"ngg-image-1\" class=\"ngg-gallery-thumbnail-box\" >\n\t\t\t\t        <div class=\"ngg-gallery-thumbnail\">\n            <a href=\"http:\/\/www.freimarianne.ch\/wp-content\/gallery\/riederalp-bettmeralp-iph-27-6-24\/IMG_7085.jpeg\"\n               title=\"Blick auf die Belalp\"\n               data-src=\"http:\/\/www.freimarianne.ch\/wp-content\/gallery\/riederalp-bettmeralp-iph-27-6-24\/IMG_7085.jpeg\"\n               data-thumbnail=\"http:\/\/www.freimarianne.ch\/wp-content\/gallery\/riederalp-bettmeralp-iph-27-6-24\/thumbs\/thumbs_IMG_7085.jpeg\"\n               data-image-id=\"33169\"\n               data-title=\"Blick auf die Belalp\"\n               data-description=\"Blick auf die Belalp\"\n               data-image-slug=\"img_7085-6\"\n               class=\"shutterset_169b748624806c3c61a22ee76bb73787\">\n                <img\n                    title=\"Blick auf die Belalp\"\n                    alt=\"Blick auf die Belalp\"\n                    src=\"http:\/\/www.freimarianne.ch\/wp-content\/gallery\/riederalp-bettmeralp-iph-27-6-24\/cache\/IMG_7085.jpeg-nggid0533169-ngg0dyn-100x75x100-00f0w010c010r110f110r010t010.jpeg\"\n                    width=\"100\"\n                    height=\"72\"\n                    style=\"max-width:100%;\"\n                \/>\n            <\/a>\n        <\/div>\n\t\t\t\t\t\t\t<\/div> \n\t\t\t\n                            \n\t\t\t\t<div id=\"ngg-image-2\" class=\"ngg-gallery-thumbnail-box\" >\n\t\t\t\t        <div class=\"ngg-gallery-thumbnail\">\n            <a href=\"http:\/\/www.freimarianne.ch\/wp-content\/gallery\/riederalp-bettmeralp-iph-27-6-24\/IMG_7086.jpeg\"\n               title=\"Weg hinunter zur H\u00e4ngebr\u00fccke\"\n               data-src=\"http:\/\/www.freimarianne.ch\/wp-content\/gallery\/riederalp-bettmeralp-iph-27-6-24\/IMG_7086.jpeg\"\n               data-thumbnail=\"http:\/\/www.freimarianne.ch\/wp-content\/gallery\/riederalp-bettmeralp-iph-27-6-24\/thumbs\/thumbs_IMG_7086.jpeg\"\n               data-image-id=\"33168\"\n               data-title=\"Weg hinunter zur H\u00e4ngebr\u00fccke\"\n               data-description=\"Weg hinunter zur H\u00e4ngebr\u00fccke\"\n               data-image-slug=\"img_7086-2\"\n               class=\"shutterset_169b748624806c3c61a22ee76bb73787\">\n                <img\n                    title=\"Weg hinunter zur H\u00e4ngebr\u00fccke\"\n                    alt=\"Weg hinunter zur H\u00e4ngebr\u00fccke\"\n                    src=\"http:\/\/www.freimarianne.ch\/wp-content\/gallery\/riederalp-bettmeralp-iph-27-6-24\/cache\/IMG_7086.jpeg-nggid0533168-ngg0dyn-100x75x100-00f0w010c010r110f110r010t010.jpeg\"\n                    width=\"100\"\n                    height=\"70\"\n                    style=\"max-width:100%;\"\n                \/>\n            <\/a>\n        <\/div>\n\t\t\t\t\t\t\t<\/div> \n\t\t\t\n                            \n\t\t\t\t<div id=\"ngg-image-3\" class=\"ngg-gallery-thumbnail-box\" >\n\t\t\t\t        <div class=\"ngg-gallery-thumbnail\">\n            <a href=\"http:\/\/www.freimarianne.ch\/wp-content\/gallery\/riederalp-bettmeralp-iph-27-6-24\/IMG_7087.jpeg\"\n               title=\"mi Riederhorn\"\n               data-src=\"http:\/\/www.freimarianne.ch\/wp-content\/gallery\/riederalp-bettmeralp-iph-27-6-24\/IMG_7087.jpeg\"\n               data-thumbnail=\"http:\/\/www.freimarianne.ch\/wp-content\/gallery\/riederalp-bettmeralp-iph-27-6-24\/thumbs\/thumbs_IMG_7087.jpeg\"\n               data-image-id=\"33161\"\n               data-title=\"mi Riederhorn\"\n               data-description=\"mi Riederhorn\"\n               data-image-slug=\"img_7087-1\"\n               class=\"shutterset_169b748624806c3c61a22ee76bb73787\">\n                <img\n                    title=\"mi Riederhorn\"\n                    alt=\"mi Riederhorn\"\n                    src=\"http:\/\/www.freimarianne.ch\/wp-content\/gallery\/riederalp-bettmeralp-iph-27-6-24\/cache\/IMG_7087.jpeg-nggid0533161-ngg0dyn-100x75x100-00f0w010c010r110f110r010t010.jpeg\"\n                    width=\"100\"\n                    height=\"70\"\n                    style=\"max-width:100%;\"\n                \/>\n            <\/a>\n        <\/div>\n\t\t\t\t\t\t\t<\/div> \n\t\t\t\n                                    <br style=\"clear: both\" \/>\n                    \n\t\t\t\t<div id=\"ngg-image-4\" class=\"ngg-gallery-thumbnail-box\" >\n\t\t\t\t        <div class=\"ngg-gallery-thumbnail\">\n            <a href=\"http:\/\/www.freimarianne.ch\/wp-content\/gallery\/riederalp-bettmeralp-iph-27-6-24\/IMG_7096.jpeg\"\n               title=\"Marianne auf dem Aletsch Panoramaweg\"\n               data-src=\"http:\/\/www.freimarianne.ch\/wp-content\/gallery\/riederalp-bettmeralp-iph-27-6-24\/IMG_7096.jpeg\"\n               data-thumbnail=\"http:\/\/www.freimarianne.ch\/wp-content\/gallery\/riederalp-bettmeralp-iph-27-6-24\/thumbs\/thumbs_IMG_7096.jpeg\"\n               data-image-id=\"33159\"\n               data-title=\"Marianne auf dem Aletsch Panoramaweg\"\n               data-description=\"Marianne auf dem Aletsch Panoramaweg\"\n               data-image-slug=\"img_7096-3\"\n               class=\"shutterset_169b748624806c3c61a22ee76bb73787\">\n                <img\n                    title=\"Marianne auf dem Aletsch Panoramaweg\"\n                    alt=\"Marianne auf dem Aletsch Panoramaweg\"\n                    src=\"http:\/\/www.freimarianne.ch\/wp-content\/gallery\/riederalp-bettmeralp-iph-27-6-24\/cache\/IMG_7096.jpeg-nggid0533159-ngg0dyn-100x75x100-00f0w010c010r110f110r010t010.jpeg\"\n                    width=\"65\"\n                    height=\"75\"\n                    style=\"max-width:100%;\"\n                \/>\n            <\/a>\n        <\/div>\n\t\t\t\t\t\t\t<\/div> \n\t\t\t\n                            \n\t\t\t\t<div id=\"ngg-image-5\" class=\"ngg-gallery-thumbnail-box\" >\n\t\t\t\t        <div class=\"ngg-gallery-thumbnail\">\n            <a href=\"http:\/\/www.freimarianne.ch\/wp-content\/gallery\/riederalp-bettmeralp-iph-27-6-24\/IMG_7112.jpeg\"\n               title=\"auf dem Riederalp Panoramaweg\"\n               data-src=\"http:\/\/www.freimarianne.ch\/wp-content\/gallery\/riederalp-bettmeralp-iph-27-6-24\/IMG_7112.jpeg\"\n               data-thumbnail=\"http:\/\/www.freimarianne.ch\/wp-content\/gallery\/riederalp-bettmeralp-iph-27-6-24\/thumbs\/thumbs_IMG_7112.jpeg\"\n               data-image-id=\"33158\"\n               data-title=\"auf dem Riederalp Panoramaweg\"\n               data-description=\"auf dem Riederalp Panoramaweg\"\n               data-image-slug=\"img_7112-1\"\n               class=\"shutterset_169b748624806c3c61a22ee76bb73787\">\n                <img\n                    title=\"auf dem Riederalp Panoramaweg\"\n                    alt=\"auf dem Riederalp Panoramaweg\"\n                    src=\"http:\/\/www.freimarianne.ch\/wp-content\/gallery\/riederalp-bettmeralp-iph-27-6-24\/cache\/IMG_7112.jpeg-nggid0533158-ngg0dyn-100x75x100-00f0w010c010r110f110r010t010.jpeg\"\n                    width=\"100\"\n                    height=\"56\"\n                    style=\"max-width:100%;\"\n                \/>\n            <\/a>\n        <\/div>\n\t\t\t\t\t\t\t<\/div> \n\t\t\t\n                            \n\t\t\t\t<div id=\"ngg-image-6\" class=\"ngg-gallery-thumbnail-box\" >\n\t\t\t\t        <div class=\"ngg-gallery-thumbnail\">\n            <a href=\"http:\/\/www.freimarianne.ch\/wp-content\/gallery\/riederalp-bettmeralp-iph-27-6-24\/IMG_7101.jpeg\"\n               title=\"Pyen\u00e4en Hahnenfuss\"\n               data-src=\"http:\/\/www.freimarianne.ch\/wp-content\/gallery\/riederalp-bettmeralp-iph-27-6-24\/IMG_7101.jpeg\"\n               data-thumbnail=\"http:\/\/www.freimarianne.ch\/wp-content\/gallery\/riederalp-bettmeralp-iph-27-6-24\/thumbs\/thumbs_IMG_7101.jpeg\"\n               data-image-id=\"33156\"\n               data-title=\"Pyen\u00e4en Hahnenfuss\"\n               data-description=\"Pyen\u00e4en Hahnenfuss\"\n               data-image-slug=\"img_7101-3\"\n               class=\"shutterset_169b748624806c3c61a22ee76bb73787\">\n                <img\n                    title=\"Pyen\u00e4en Hahnenfuss\"\n                    alt=\"Pyen\u00e4en Hahnenfuss\"\n                    src=\"http:\/\/www.freimarianne.ch\/wp-content\/gallery\/riederalp-bettmeralp-iph-27-6-24\/cache\/IMG_7101.jpeg-nggid0533156-ngg0dyn-100x75x100-00f0w010c010r110f110r010t010.jpeg\"\n                    width=\"86\"\n                    height=\"75\"\n                    style=\"max-width:100%;\"\n                \/>\n            <\/a>\n        <\/div>\n\t\t\t\t\t\t\t<\/div> \n\t\t\t\n                            \n\t\t\t\t<div id=\"ngg-image-7\" class=\"ngg-gallery-thumbnail-box\" >\n\t\t\t\t        <div class=\"ngg-gallery-thumbnail\">\n            <a href=\"http:\/\/www.freimarianne.ch\/wp-content\/gallery\/riederalp-bettmeralp-iph-27-6-24\/IMG_7127.jpeg\"\n               title=\"\"\n               data-src=\"http:\/\/www.freimarianne.ch\/wp-content\/gallery\/riederalp-bettmeralp-iph-27-6-24\/IMG_7127.jpeg\"\n               data-thumbnail=\"http:\/\/www.freimarianne.ch\/wp-content\/gallery\/riederalp-bettmeralp-iph-27-6-24\/thumbs\/thumbs_IMG_7127.jpeg\"\n               data-image-id=\"33167\"\n               data-title=\"IMG_7127\"\n               data-description=\"\"\n               data-image-slug=\"img_7127-2\"\n               class=\"shutterset_169b748624806c3c61a22ee76bb73787\">\n                <img\n                    title=\"IMG_7127\"\n                    alt=\"IMG_7127\"\n                    src=\"http:\/\/www.freimarianne.ch\/wp-content\/gallery\/riederalp-bettmeralp-iph-27-6-24\/cache\/IMG_7127.jpeg-nggid0533167-ngg0dyn-100x75x100-00f0w010c010r110f110r010t010.jpeg\"\n                    width=\"100\"\n                    height=\"56\"\n                    style=\"max-width:100%;\"\n                \/>\n            <\/a>\n        <\/div>\n\t\t\t\t\t\t\t<\/div> \n\t\t\t\n                                    <br style=\"clear: both\" \/>\n                    \n\t\t\t\t<div id=\"ngg-image-8\" class=\"ngg-gallery-thumbnail-box\" >\n\t\t\t\t        <div class=\"ngg-gallery-thumbnail\">\n            <a href=\"http:\/\/www.freimarianne.ch\/wp-content\/gallery\/riederalp-bettmeralp-iph-27-6-24\/IMG_7126.jpeg\"\n               title=\"\"\n               data-src=\"http:\/\/www.freimarianne.ch\/wp-content\/gallery\/riederalp-bettmeralp-iph-27-6-24\/IMG_7126.jpeg\"\n               data-thumbnail=\"http:\/\/www.freimarianne.ch\/wp-content\/gallery\/riederalp-bettmeralp-iph-27-6-24\/thumbs\/thumbs_IMG_7126.jpeg\"\n               data-image-id=\"33166\"\n               data-title=\"IMG_7126\"\n               data-description=\"\"\n               data-image-slug=\"img_7126-4\"\n               class=\"shutterset_169b748624806c3c61a22ee76bb73787\">\n                <img\n                    title=\"IMG_7126\"\n                    alt=\"IMG_7126\"\n                    src=\"http:\/\/www.freimarianne.ch\/wp-content\/gallery\/riederalp-bettmeralp-iph-27-6-24\/cache\/IMG_7126.jpeg-nggid0533166-ngg0dyn-100x75x100-00f0w010c010r110f110r010t010.jpeg\"\n                    width=\"100\"\n                    height=\"56\"\n                    style=\"max-width:100%;\"\n                \/>\n            <\/a>\n        <\/div>\n\t\t\t\t\t\t\t<\/div> \n\t\t\t\n                            \n\t\t\t\t<div id=\"ngg-image-9\" class=\"ngg-gallery-thumbnail-box\" >\n\t\t\t\t        <div class=\"ngg-gallery-thumbnail\">\n            <a href=\"http:\/\/www.freimarianne.ch\/wp-content\/gallery\/riederalp-bettmeralp-iph-27-6-24\/IMG_7102.jpeg\"\n               title=\"Blausee;\"\n               data-src=\"http:\/\/www.freimarianne.ch\/wp-content\/gallery\/riederalp-bettmeralp-iph-27-6-24\/IMG_7102.jpeg\"\n               data-thumbnail=\"http:\/\/www.freimarianne.ch\/wp-content\/gallery\/riederalp-bettmeralp-iph-27-6-24\/thumbs\/thumbs_IMG_7102.jpeg\"\n               data-image-id=\"33154\"\n               data-title=\"Blausee;\"\n               data-description=\"Blausee;\"\n               data-image-slug=\"img_7102-4\"\n               class=\"shutterset_169b748624806c3c61a22ee76bb73787\">\n                <img\n                    title=\"Blausee;\"\n                    alt=\"Blausee;\"\n                    src=\"http:\/\/www.freimarianne.ch\/wp-content\/gallery\/riederalp-bettmeralp-iph-27-6-24\/cache\/IMG_7102.jpeg-nggid0533154-ngg0dyn-100x75x100-00f0w010c010r110f110r010t010.jpeg\"\n                    width=\"100\"\n                    height=\"75\"\n                    style=\"max-width:100%;\"\n                \/>\n            <\/a>\n        <\/div>\n\t\t\t\t\t\t\t<\/div> \n\t\t\t\n                            \n\t\t\t\t<div id=\"ngg-image-10\" class=\"ngg-gallery-thumbnail-box\" >\n\t\t\t\t        <div class=\"ngg-gallery-thumbnail\">\n            <a href=\"http:\/\/www.freimarianne.ch\/wp-content\/gallery\/riederalp-bettmeralp-iph-27-6-24\/IMG_7103.jpeg\"\n               title=\"Blausee;\"\n               data-src=\"http:\/\/www.freimarianne.ch\/wp-content\/gallery\/riederalp-bettmeralp-iph-27-6-24\/IMG_7103.jpeg\"\n               data-thumbnail=\"http:\/\/www.freimarianne.ch\/wp-content\/gallery\/riederalp-bettmeralp-iph-27-6-24\/thumbs\/thumbs_IMG_7103.jpeg\"\n               data-image-id=\"33157\"\n               data-title=\"Blausee;\"\n               data-description=\"Blausee;\"\n               data-image-slug=\"img_7103-3\"\n               class=\"shutterset_169b748624806c3c61a22ee76bb73787\">\n                <img\n                    title=\"Blausee;\"\n                    alt=\"Blausee;\"\n                    src=\"http:\/\/www.freimarianne.ch\/wp-content\/gallery\/riederalp-bettmeralp-iph-27-6-24\/cache\/IMG_7103.jpeg-nggid0533157-ngg0dyn-100x75x100-00f0w010c010r110f110r010t010.jpeg\"\n                    width=\"100\"\n                    height=\"75\"\n                    style=\"max-width:100%;\"\n                \/>\n            <\/a>\n        <\/div>\n\t\t\t\t\t\t\t<\/div> \n\t\t\t\n                            \n\t\t\t\t<div id=\"ngg-image-11\" class=\"ngg-gallery-thumbnail-box\" >\n\t\t\t\t        <div class=\"ngg-gallery-thumbnail\">\n            <a href=\"http:\/\/www.freimarianne.ch\/wp-content\/gallery\/riederalp-bettmeralp-iph-27-6-24\/IMG_7125.jpeg\"\n               title=\"\"\n               data-src=\"http:\/\/www.freimarianne.ch\/wp-content\/gallery\/riederalp-bettmeralp-iph-27-6-24\/IMG_7125.jpeg\"\n               data-thumbnail=\"http:\/\/www.freimarianne.ch\/wp-content\/gallery\/riederalp-bettmeralp-iph-27-6-24\/thumbs\/thumbs_IMG_7125.jpeg\"\n               data-image-id=\"33165\"\n               data-title=\"IMG_7125\"\n               data-description=\"\"\n               data-image-slug=\"img_7125-5\"\n               class=\"shutterset_169b748624806c3c61a22ee76bb73787\">\n                <img\n                    title=\"IMG_7125\"\n                    alt=\"IMG_7125\"\n                    src=\"http:\/\/www.freimarianne.ch\/wp-content\/gallery\/riederalp-bettmeralp-iph-27-6-24\/cache\/IMG_7125.jpeg-nggid0533165-ngg0dyn-100x75x100-00f0w010c010r110f110r010t010.jpeg\"\n                    width=\"100\"\n                    height=\"56\"\n                    style=\"max-width:100%;\"\n                \/>\n            <\/a>\n        <\/div>\n\t\t\t\t\t\t\t<\/div> \n\t\t\t\n                                    <br style=\"clear: both\" \/>\n                    \n\t\t\t\t<div id=\"ngg-image-12\" class=\"ngg-gallery-thumbnail-box\" >\n\t\t\t\t        <div class=\"ngg-gallery-thumbnail\">\n            <a href=\"http:\/\/www.freimarianne.ch\/wp-content\/gallery\/riederalp-bettmeralp-iph-27-6-24\/IMG_7124.jpeg\"\n               title=\"\"\n               data-src=\"http:\/\/www.freimarianne.ch\/wp-content\/gallery\/riederalp-bettmeralp-iph-27-6-24\/IMG_7124.jpeg\"\n               data-thumbnail=\"http:\/\/www.freimarianne.ch\/wp-content\/gallery\/riederalp-bettmeralp-iph-27-6-24\/thumbs\/thumbs_IMG_7124.jpeg\"\n               data-image-id=\"33164\"\n               data-title=\"IMG_7124\"\n               data-description=\"\"\n               data-image-slug=\"img_7124-4\"\n               class=\"shutterset_169b748624806c3c61a22ee76bb73787\">\n                <img\n                    title=\"IMG_7124\"\n                    alt=\"IMG_7124\"\n                    src=\"http:\/\/www.freimarianne.ch\/wp-content\/gallery\/riederalp-bettmeralp-iph-27-6-24\/cache\/IMG_7124.jpeg-nggid0533164-ngg0dyn-100x75x100-00f0w010c010r110f110r010t010.jpeg\"\n                    width=\"100\"\n                    height=\"56\"\n                    style=\"max-width:100%;\"\n                \/>\n            <\/a>\n        <\/div>\n\t\t\t\t\t\t\t<\/div> \n\t\t\t\n                            \n\t\t\t\t<div id=\"ngg-image-13\" class=\"ngg-gallery-thumbnail-box\" >\n\t\t\t\t        <div class=\"ngg-gallery-thumbnail\">\n            <a href=\"http:\/\/www.freimarianne.ch\/wp-content\/gallery\/riederalp-bettmeralp-iph-27-6-24\/IMG_7121.jpeg\"\n               title=\"\"\n               data-src=\"http:\/\/www.freimarianne.ch\/wp-content\/gallery\/riederalp-bettmeralp-iph-27-6-24\/IMG_7121.jpeg\"\n               data-thumbnail=\"http:\/\/www.freimarianne.ch\/wp-content\/gallery\/riederalp-bettmeralp-iph-27-6-24\/thumbs\/thumbs_IMG_7121.jpeg\"\n               data-image-id=\"33162\"\n               data-title=\"IMG_7121\"\n               data-description=\"\"\n               data-image-slug=\"img_7121-7125\"\n               class=\"shutterset_169b748624806c3c61a22ee76bb73787\">\n                <img\n                    title=\"IMG_7121\"\n                    alt=\"IMG_7121\"\n                    src=\"http:\/\/www.freimarianne.ch\/wp-content\/gallery\/riederalp-bettmeralp-iph-27-6-24\/cache\/IMG_7121.jpeg-nggid0533162-ngg0dyn-100x75x100-00f0w010c010r110f110r010t010.jpeg\"\n                    width=\"100\"\n                    height=\"56\"\n                    style=\"max-width:100%;\"\n                \/>\n            <\/a>\n        <\/div>\n\t\t\t\t\t\t\t<\/div> \n\t\t\t\n                            \n\t\t\t\t<div id=\"ngg-image-14\" class=\"ngg-gallery-thumbnail-box\" >\n\t\t\t\t        <div class=\"ngg-gallery-thumbnail\">\n            <a href=\"http:\/\/www.freimarianne.ch\/wp-content\/gallery\/riederalp-bettmeralp-iph-27-6-24\/IMG_7119.jpeg\"\n               title=\"\"\n               data-src=\"http:\/\/www.freimarianne.ch\/wp-content\/gallery\/riederalp-bettmeralp-iph-27-6-24\/IMG_7119.jpeg\"\n               data-thumbnail=\"http:\/\/www.freimarianne.ch\/wp-content\/gallery\/riederalp-bettmeralp-iph-27-6-24\/thumbs\/thumbs_IMG_7119.jpeg\"\n               data-image-id=\"33163\"\n               data-title=\"IMG_7119\"\n               data-description=\"\"\n               data-image-slug=\"img_7119-3\"\n               class=\"shutterset_169b748624806c3c61a22ee76bb73787\">\n                <img\n                    title=\"IMG_7119\"\n                    alt=\"IMG_7119\"\n                    src=\"http:\/\/www.freimarianne.ch\/wp-content\/gallery\/riederalp-bettmeralp-iph-27-6-24\/cache\/IMG_7119.jpeg-nggid0533163-ngg0dyn-100x75x100-00f0w010c010r110f110r010t010.jpeg\"\n                    width=\"100\"\n                    height=\"56\"\n                    style=\"max-width:100%;\"\n                \/>\n            <\/a>\n        <\/div>\n\t\t\t\t\t\t\t<\/div> \n\t\t\t\n                            \n\t\t\t\t<div id=\"ngg-image-15\" class=\"ngg-gallery-thumbnail-box\" >\n\t\t\t\t        <div class=\"ngg-gallery-thumbnail\">\n            <a href=\"http:\/\/www.freimarianne.ch\/wp-content\/gallery\/riederalp-bettmeralp-iph-27-6-24\/IMG_7118.jpeg\"\n               title=\"\"\n               data-src=\"http:\/\/www.freimarianne.ch\/wp-content\/gallery\/riederalp-bettmeralp-iph-27-6-24\/IMG_7118.jpeg\"\n               data-thumbnail=\"http:\/\/www.freimarianne.ch\/wp-content\/gallery\/riederalp-bettmeralp-iph-27-6-24\/thumbs\/thumbs_IMG_7118.jpeg\"\n               data-image-id=\"33160\"\n               data-title=\"IMG_7118\"\n               data-description=\"\"\n               data-image-slug=\"img_7118-4\"\n               class=\"shutterset_169b748624806c3c61a22ee76bb73787\">\n                <img\n                    title=\"IMG_7118\"\n                    alt=\"IMG_7118\"\n                    src=\"http:\/\/www.freimarianne.ch\/wp-content\/gallery\/riederalp-bettmeralp-iph-27-6-24\/cache\/IMG_7118.jpeg-nggid0533160-ngg0dyn-100x75x100-00f0w010c010r110f110r010t010.jpeg\"\n                    width=\"100\"\n                    height=\"56\"\n                    style=\"max-width:100%;\"\n                \/>\n            <\/a>\n        <\/div>\n\t\t\t\t\t\t\t<\/div> \n\t\t\t\n                                    <br style=\"clear: both\" \/>\n                    \n\t\t\t\t<div id=\"ngg-image-16\" class=\"ngg-gallery-thumbnail-box\" >\n\t\t\t\t        <div class=\"ngg-gallery-thumbnail\">\n            <a href=\"http:\/\/www.freimarianne.ch\/wp-content\/gallery\/riederalp-bettmeralp-iph-27-6-24\/IMG_7104.jpeg\"\n               title=\"Blausee;\"\n               data-src=\"http:\/\/www.freimarianne.ch\/wp-content\/gallery\/riederalp-bettmeralp-iph-27-6-24\/IMG_7104.jpeg\"\n               data-thumbnail=\"http:\/\/www.freimarianne.ch\/wp-content\/gallery\/riederalp-bettmeralp-iph-27-6-24\/thumbs\/thumbs_IMG_7104.jpeg\"\n               data-image-id=\"33155\"\n               data-title=\"Blausee;\"\n               data-description=\"Blausee;\"\n               data-image-slug=\"img_7104-2\"\n               class=\"shutterset_169b748624806c3c61a22ee76bb73787\">\n                <img\n                    title=\"Blausee;\"\n                    alt=\"Blausee;\"\n                    src=\"http:\/\/www.freimarianne.ch\/wp-content\/gallery\/riederalp-bettmeralp-iph-27-6-24\/cache\/IMG_7104.jpeg-nggid0533155-ngg0dyn-100x75x100-00f0w010c010r110f110r010t010.jpeg\"\n                    width=\"95\"\n                    height=\"75\"\n                    style=\"max-width:100%;\"\n                \/>\n            <\/a>\n        <\/div>\n\t\t\t\t\t\t\t<\/div> \n\t\t\t\n                            \n\t\t\t\t<div id=\"ngg-image-17\" class=\"ngg-gallery-thumbnail-box\" >\n\t\t\t\t        <div class=\"ngg-gallery-thumbnail\">\n            <a href=\"http:\/\/www.freimarianne.ch\/wp-content\/gallery\/riederalp-bettmeralp-iph-27-6-24\/IMG_7108.jpeg\"\n               title=\"Blausee; Gondelbahn\"\n               data-src=\"http:\/\/www.freimarianne.ch\/wp-content\/gallery\/riederalp-bettmeralp-iph-27-6-24\/IMG_7108.jpeg\"\n               data-thumbnail=\"http:\/\/www.freimarianne.ch\/wp-content\/gallery\/riederalp-bettmeralp-iph-27-6-24\/thumbs\/thumbs_IMG_7108.jpeg\"\n               data-image-id=\"33153\"\n               data-title=\"Blausee; Gondelbahn\"\n               data-description=\"Blausee; Gondelbahn\"\n               data-image-slug=\"img_7108-3\"\n               class=\"shutterset_169b748624806c3c61a22ee76bb73787\">\n                <img\n                    title=\"Blausee; Gondelbahn\"\n                    alt=\"Blausee; Gondelbahn\"\n                    src=\"http:\/\/www.freimarianne.ch\/wp-content\/gallery\/riederalp-bettmeralp-iph-27-6-24\/cache\/IMG_7108.jpeg-nggid0533153-ngg0dyn-100x75x100-00f0w010c010r110f110r010t010.jpeg\"\n                    width=\"100\"\n                    height=\"59\"\n                    style=\"max-width:100%;\"\n                \/>\n            <\/a>\n        <\/div>\n\t\t\t\t\t\t\t<\/div> \n\t\t\t\n                            \n\t\t\t\t<div id=\"ngg-image-18\" class=\"ngg-gallery-thumbnail-box\" >\n\t\t\t\t        <div class=\"ngg-gallery-thumbnail\">\n            <a href=\"http:\/\/www.freimarianne.ch\/wp-content\/gallery\/riederalp-bettmeralp-iph-27-6-24\/IMG_7110.jpeg\"\n               title=\"Blausee; Gondelbahn\"\n               data-src=\"http:\/\/www.freimarianne.ch\/wp-content\/gallery\/riederalp-bettmeralp-iph-27-6-24\/IMG_7110.jpeg\"\n               data-thumbnail=\"http:\/\/www.freimarianne.ch\/wp-content\/gallery\/riederalp-bettmeralp-iph-27-6-24\/thumbs\/thumbs_IMG_7110.jpeg\"\n               data-image-id=\"33152\"\n               data-title=\"Blausee; Gondelbahn\"\n               data-description=\"Blausee; Gondelbahn\"\n               data-image-slug=\"img_7110-1\"\n               class=\"shutterset_169b748624806c3c61a22ee76bb73787\">\n                <img\n                    title=\"Blausee; Gondelbahn\"\n                    alt=\"Blausee; Gondelbahn\"\n                    src=\"http:\/\/www.freimarianne.ch\/wp-content\/gallery\/riederalp-bettmeralp-iph-27-6-24\/cache\/IMG_7110.jpeg-nggid0533152-ngg0dyn-100x75x100-00f0w010c010r110f110r010t010.jpeg\"\n                    width=\"100\"\n                    height=\"75\"\n                    style=\"max-width:100%;\"\n                \/>\n            <\/a>\n        <\/div>\n\t\t\t\t\t\t\t<\/div> \n\t\t\t\n                            \n\t\t\n\t\t<!-- Pagination -->\n\t<div class='ngg-clear'><\/div>\t<\/div>\n\n","protected":false},"excerpt":{"rendered":"<p>Wandern auf dem Aletsch Panoramaweg von der Riederalp auf die Bettmeralp Heute gibt es in dieser Woche wieder eine Sch\u00f6nwetterfenster!Wir fahren auf die Riederalp und steigen hinauf zur Riederfurka. Das Wetter ist etwas wechselhaft aber es wird ganz sicher nicht regnen! Weiter wandern wir auf dem Wanderweg durch die pr\u00e4chtige Landschaft hinauf zur Hohfluh. Unterwegs [&hellip;]<\/p>\n","protected":false},"author":1,"featured_media":0,"parent":64849,"menu_order":4,"comment_status":"closed","ping_status":"closed","template":"","meta":{"ngg_post_thumbnail":0},"_links":{"self":[{"href":"http:\/\/www.freimarianne.ch\/index.php?rest_route=\/wp\/v2\/pages\/65080"}],"collection":[{"href":"http:\/\/www.freimarianne.ch\/index.php?rest_route=\/wp\/v2\/pages"}],"about":[{"href":"http:\/\/www.freimarianne.ch\/index.php?rest_route=\/wp\/v2\/types\/page"}],"author":[{"embeddable":true,"href":"http:\/\/www.freimarianne.ch\/index.php?rest_route=\/wp\/v2\/users\/1"}],"replies":[{"embeddable":true,"href":"http:\/\/www.freimarianne.ch\/index.php?rest_route=%2Fwp%2Fv2%2Fcomments&post=65080"}],"version-history":[{"count":2,"href":"http:\/\/www.freimarianne.ch\/index.php?rest_route=\/wp\/v2\/pages\/65080\/revisions"}],"predecessor-version":[{"id":65280,"href":"http:\/\/www.freimarianne.ch\/index.php?rest_route=\/wp\/v2\/pages\/65080\/revisions\/65280"}],"up":[{"embeddable":true,"href":"http:\/\/www.freimarianne.ch\/index.php?rest_route=\/wp\/v2\/pages\/64849"}],"wp:attachment":[{"href":"http:\/\/www.freimarianne.ch\/index.php?rest_route=%2Fwp%2Fv2%2Fmedia&parent=65080"}],"curies":[{"name":"wp","href":"https:\/\/api.w.org\/{rel}","templated":true}]}}