{"id":66439,"date":"2024-11-24T11:24:59","date_gmt":"2024-11-24T10:24:59","guid":{"rendered":"http:\/\/www.freimarianne.ch\/?page_id=66439"},"modified":"2024-11-24T12:01:13","modified_gmt":"2024-11-24T11:01:13","slug":"glarus-rundweg-26-10-2024-gl","status":"publish","type":"page","link":"http:\/\/www.freimarianne.ch\/?page_id=66439","title":{"rendered":"Glarus Rundweg 26.10.2024 GL"},"content":{"rendered":"<div id=\"attachment_66433\" style=\"width: 510px\" class=\"wp-caption alignleft\"><img aria-describedby=\"caption-attachment-66433\" loading=\"lazy\" class=\"size-full wp-image-66433\" src=\"http:\/\/www.freimarianne.ch\/wp-content\/uploads\/2024\/11\/IMG_8185._glarus_10.24_500.jpeg\" alt=\"\" width=\"500\" height=\"375\" srcset=\"http:\/\/www.freimarianne.ch\/wp-content\/uploads\/2024\/11\/IMG_8185._glarus_10.24_500.jpeg 500w, http:\/\/www.freimarianne.ch\/wp-content\/uploads\/2024\/11\/IMG_8185._glarus_10.24_500-300x225.jpeg 300w, http:\/\/www.freimarianne.ch\/wp-content\/uploads\/2024\/11\/IMG_8185._glarus_10.24_500-400x300.jpeg 400w\" sizes=\"(max-width: 500px) 100vw, 500px\" \/><p id=\"caption-attachment-66433\" class=\"wp-caption-text\">Gl\u00e4rnisch<\/p><\/div>\n<p>Heute m\u00f6chte ich den Teil der Glarus Talwanderung auf der linken Talseite erkunden (SM 815 Glarus Rundweg).<br>Ich beginne die Wanderung am Rande von Glarus und gehe bald auf Wanderwegen \u00fcber das Gebiet Halten nach Hof. Ich steige \u00fcber Wiesen hinauf und komme an eine Art von Taleinschnitt, der wie eine Art von Geschiebesammler aussieht. Ich sehe keinen Bach aber eine Ger\u00f6llspur. Diese Vertiefung muss ich umgehen und weiter steil am Rande dieser Rinne hinaufsteigen bis zu einem Querweg, auf welchem ich \u00fcber Gr\u00fct zum R\u00fctihof gelange. Hier gibt es einen kurzen Teerabschnitt. Ich wandere weiter bis zum P. 649m, wo sich der Weg senkt. Dieser Abstieg ist landschaftlich recht reizvoll. Beim P.568m gehe ich zuerst weiter in Richtung Glarus, merke aber, dass dies nicht dem Rundweg entspricht und kehre um.<br>Ich folge nun dem Rundweg, der nun aber auf der Strasse verl\u00e4uft. Unten beim Rest. Horgenberg unterquere ich die Autostrasse und wandere nun der Linth entlang bis nach Enneda, wo ich gleich einen Zug habe.<br>Dieser untere Abschnitt ist nicht empfehlenswert. Man geht besser beim P. 568m dem Waldrand entlang gegen Glarus zu.<\/p>\n<p>&nbsp;<\/p>\n<p>Laut Schweizmobil:<br>Distanz: 6.55km; Aufstieg=Abstieg: 253m; Wanderzeit:1h 57min<\/p>\n<p><a href=\"https:\/\/map.schweizmobil.ch\/?lang=de&amp;photos=yes&amp;bgLayer=pk&amp;logo=yes&amp;season=summer&amp;resolution=2.5&amp;E=2723584&amp;N=1210670&amp;detours=yes&amp;layers=Wanderland%2CStation&amp;trackId=962976369\">Karte Schweizmobil:<\/a><\/p>\n\n\n<!-- index.php -->\n<div\n\tclass=\"ngg-galleryoverview ngg-ajax-pagination-none\"\n\tid=\"ngg-gallery-e7539cc0ad02e93eb10c72dd09e6f574-1\">\n\n    \t<div class=\"slideshowlink\">\n        <a href='http:\/\/www.freimarianne.ch\/index.php\/nggallery\/slideshow?page_id=66439'>[Show as slideshow]<\/a>\n\t\t\n\t<\/div>\n\t\t\t<!-- Thumbnails -->\n\t\t\t\t<div id=\"ngg-image-0\" class=\"ngg-gallery-thumbnail-box\" >\n\t\t\t\t        <div class=\"ngg-gallery-thumbnail\">\n            <a href=\"http:\/\/www.freimarianne.ch\/wp-content\/gallery\/glarus-20-10-24\/IMG_8831.jpeg\"\n               title=\"herbstliche Stimmungvor dem Gandstock 2315m\"\n               data-src=\"http:\/\/www.freimarianne.ch\/wp-content\/gallery\/glarus-20-10-24\/IMG_8831.jpeg\"\n               data-thumbnail=\"http:\/\/www.freimarianne.ch\/wp-content\/gallery\/glarus-20-10-24\/thumbs\/thumbs_IMG_8831.jpeg\"\n               data-image-id=\"34036\"\n               data-title=\"herbstliche Stimmungvor dem Gandstock 2315m\"\n               data-description=\"herbstliche Stimmungvor dem Gandstock 2315m\"\n               data-image-slug=\"img_8831-2\"\n               class=\"shutterset_e7539cc0ad02e93eb10c72dd09e6f574\">\n                <img\n                    title=\"herbstliche Stimmungvor dem Gandstock 2315m\"\n                    alt=\"herbstliche Stimmungvor dem Gandstock 2315m\"\n                    src=\"http:\/\/www.freimarianne.ch\/wp-content\/gallery\/glarus-20-10-24\/cache\/IMG_8831.jpeg-nggid0534036-ngg0dyn-100x75x100-00f0w010c010r110f110r010t010.jpeg\"\n                    width=\"100\"\n                    height=\"75\"\n                    style=\"max-width:100%;\"\n                \/>\n            <\/a>\n        <\/div>\n\t\t\t\t\t\t\t<\/div> \n\t\t\t\n                            \n\t\t\t\t<div id=\"ngg-image-1\" class=\"ngg-gallery-thumbnail-box\" >\n\t\t\t\t        <div class=\"ngg-gallery-thumbnail\">\n            <a href=\"http:\/\/www.freimarianne.ch\/wp-content\/gallery\/glarus-20-10-24\/IMG_8832.jpeg\"\n               title=\"Glarus mit Gumenstock 2256m, Tor 2134m, Wiggis 2282m, Rautispitz 2283m\"\n               data-src=\"http:\/\/www.freimarianne.ch\/wp-content\/gallery\/glarus-20-10-24\/IMG_8832.jpeg\"\n               data-thumbnail=\"http:\/\/www.freimarianne.ch\/wp-content\/gallery\/glarus-20-10-24\/thumbs\/thumbs_IMG_8832.jpeg\"\n               data-image-id=\"34035\"\n               data-title=\"Glarus mit Gumenstock 2256m, Tor 2134m, Wiggis 2282m, Rautispitz 2283m\"\n               data-description=\"Glarus mit Gumenstock 2256m, Tor 2134m, Wiggis 2282m, Rautispitz 2283m\"\n               data-image-slug=\"img_8832-1\"\n               class=\"shutterset_e7539cc0ad02e93eb10c72dd09e6f574\">\n                <img\n                    title=\"Glarus mit Gumenstock 2256m, Tor 2134m, Wiggis 2282m, Rautispitz 2283m\"\n                    alt=\"Glarus mit Gumenstock 2256m, Tor 2134m, Wiggis 2282m, Rautispitz 2283m\"\n                    src=\"http:\/\/www.freimarianne.ch\/wp-content\/gallery\/glarus-20-10-24\/cache\/IMG_8832.jpeg-nggid0534035-ngg0dyn-100x75x100-00f0w010c010r110f110r010t010.jpeg\"\n                    width=\"100\"\n                    height=\"69\"\n                    style=\"max-width:100%;\"\n                \/>\n            <\/a>\n        <\/div>\n\t\t\t\t\t\t\t<\/div> \n\t\t\t\n                            \n\t\t\t\t<div id=\"ngg-image-2\" class=\"ngg-gallery-thumbnail-box\" >\n\t\t\t\t        <div class=\"ngg-gallery-thumbnail\">\n            <a href=\"http:\/\/www.freimarianne.ch\/wp-content\/gallery\/glarus-20-10-24\/IMG_8833.jpeg\"\n               title=\"herbsltiche Stimmung mit: Heust\u00f6ckli 1866m, Schlafstein 2057m, Schilt 2299m\"\n               data-src=\"http:\/\/www.freimarianne.ch\/wp-content\/gallery\/glarus-20-10-24\/IMG_8833.jpeg\"\n               data-thumbnail=\"http:\/\/www.freimarianne.ch\/wp-content\/gallery\/glarus-20-10-24\/thumbs\/thumbs_IMG_8833.jpeg\"\n               data-image-id=\"34034\"\n               data-title=\"herbsltiche Stimmung mit: Heust\u00f6ckli 1866m, Schlafstein 2057m, Schilt 2299m\"\n               data-description=\"herbsltiche Stimmung mit: Heust\u00f6ckli 1866m, Schlafstein 2057m, Schilt 2299m\"\n               data-image-slug=\"img_8833-1\"\n               class=\"shutterset_e7539cc0ad02e93eb10c72dd09e6f574\">\n                <img\n                    title=\"herbsltiche Stimmung mit: Heust\u00f6ckli 1866m, Schlafstein 2057m, Schilt 2299m\"\n                    alt=\"herbsltiche Stimmung mit: Heust\u00f6ckli 1866m, Schlafstein 2057m, Schilt 2299m\"\n                    src=\"http:\/\/www.freimarianne.ch\/wp-content\/gallery\/glarus-20-10-24\/cache\/IMG_8833.jpeg-nggid0534034-ngg0dyn-100x75x100-00f0w010c010r110f110r010t010.jpeg\"\n                    width=\"100\"\n                    height=\"75\"\n                    style=\"max-width:100%;\"\n                \/>\n            <\/a>\n        <\/div>\n\t\t\t\t\t\t\t<\/div> \n\t\t\t\n                            \n\t\t\t\t<div id=\"ngg-image-3\" class=\"ngg-gallery-thumbnail-box\" >\n\t\t\t\t        <div class=\"ngg-gallery-thumbnail\">\n            <a href=\"http:\/\/www.freimarianne.ch\/wp-content\/gallery\/glarus-20-10-24\/IMG_8834.jpeg\"\n               title=\"Gl\u00e4rnisch; diesen Graben muss man umgehen\"\n               data-src=\"http:\/\/www.freimarianne.ch\/wp-content\/gallery\/glarus-20-10-24\/IMG_8834.jpeg\"\n               data-thumbnail=\"http:\/\/www.freimarianne.ch\/wp-content\/gallery\/glarus-20-10-24\/thumbs\/thumbs_IMG_8834.jpeg\"\n               data-image-id=\"34033\"\n               data-title=\"Gl\u00e4rnisch; diesen Graben muss man umgehen\"\n               data-description=\"Gl\u00e4rnisch; diesen Graben muss man umgehen\"\n               data-image-slug=\"img_8834-3\"\n               class=\"shutterset_e7539cc0ad02e93eb10c72dd09e6f574\">\n                <img\n                    title=\"Gl\u00e4rnisch; diesen Graben muss man umgehen\"\n                    alt=\"Gl\u00e4rnisch; diesen Graben muss man umgehen\"\n                    src=\"http:\/\/www.freimarianne.ch\/wp-content\/gallery\/glarus-20-10-24\/cache\/IMG_8834.jpeg-nggid0534033-ngg0dyn-100x75x100-00f0w010c010r110f110r010t010.jpeg\"\n                    width=\"56\"\n                    height=\"75\"\n                    style=\"max-width:100%;\"\n                \/>\n            <\/a>\n        <\/div>\n\t\t\t\t\t\t\t<\/div> \n\t\t\t\n                                    <br style=\"clear: both\" \/>\n                    \n\t\t\t\t<div id=\"ngg-image-4\" class=\"ngg-gallery-thumbnail-box\" >\n\t\t\t\t        <div class=\"ngg-gallery-thumbnail\">\n            <a href=\"http:\/\/www.freimarianne.ch\/wp-content\/gallery\/glarus-20-10-24\/IMG_8835.jpeg\"\n               title=\"der Graben: Wiggis 2282m, Rautispitz 2283m\"\n               data-src=\"http:\/\/www.freimarianne.ch\/wp-content\/gallery\/glarus-20-10-24\/IMG_8835.jpeg\"\n               data-thumbnail=\"http:\/\/www.freimarianne.ch\/wp-content\/gallery\/glarus-20-10-24\/thumbs\/thumbs_IMG_8835.jpeg\"\n               data-image-id=\"34032\"\n               data-title=\"der Graben: Wiggis 2282m, Rautispitz 2283m\"\n               data-description=\"der Graben: Wiggis 2282m, Rautispitz 2283m\"\n               data-image-slug=\"img_8835-2\"\n               class=\"shutterset_e7539cc0ad02e93eb10c72dd09e6f574\">\n                <img\n                    title=\"der Graben: Wiggis 2282m, Rautispitz 2283m\"\n                    alt=\"der Graben: Wiggis 2282m, Rautispitz 2283m\"\n                    src=\"http:\/\/www.freimarianne.ch\/wp-content\/gallery\/glarus-20-10-24\/cache\/IMG_8835.jpeg-nggid0534032-ngg0dyn-100x75x100-00f0w010c010r110f110r010t010.jpeg\"\n                    width=\"100\"\n                    height=\"75\"\n                    style=\"max-width:100%;\"\n                \/>\n            <\/a>\n        <\/div>\n\t\t\t\t\t\t\t<\/div> \n\t\t\t\n                            \n\t\t\t\t<div id=\"ngg-image-5\" class=\"ngg-gallery-thumbnail-box\" >\n\t\t\t\t        <div class=\"ngg-gallery-thumbnail\">\n            <a href=\"http:\/\/www.freimarianne.ch\/wp-content\/gallery\/glarus-20-10-24\/IMG_8836.jpeg\"\n               title=\"Wiggis 2282m, Rautispitz 2283m\"\n               data-src=\"http:\/\/www.freimarianne.ch\/wp-content\/gallery\/glarus-20-10-24\/IMG_8836.jpeg\"\n               data-thumbnail=\"http:\/\/www.freimarianne.ch\/wp-content\/gallery\/glarus-20-10-24\/thumbs\/thumbs_IMG_8836.jpeg\"\n               data-image-id=\"34028\"\n               data-title=\"Wiggis 2282m, Rautispitz 2283m\"\n               data-description=\"Wiggis 2282m, Rautispitz 2283m\"\n               data-image-slug=\"img_8836-1\"\n               class=\"shutterset_e7539cc0ad02e93eb10c72dd09e6f574\">\n                <img\n                    title=\"Wiggis 2282m, Rautispitz 2283m\"\n                    alt=\"Wiggis 2282m, Rautispitz 2283m\"\n                    src=\"http:\/\/www.freimarianne.ch\/wp-content\/gallery\/glarus-20-10-24\/cache\/IMG_8836.jpeg-nggid0534028-ngg0dyn-100x75x100-00f0w010c010r110f110r010t010.jpeg\"\n                    width=\"100\"\n                    height=\"75\"\n                    style=\"max-width:100%;\"\n                \/>\n            <\/a>\n        <\/div>\n\t\t\t\t\t\t\t<\/div> \n\t\t\t\n                            \n\t\t\t\t<div id=\"ngg-image-6\" class=\"ngg-gallery-thumbnail-box\" >\n\t\t\t\t        <div class=\"ngg-gallery-thumbnail\">\n            <a href=\"http:\/\/www.freimarianne.ch\/wp-content\/gallery\/glarus-20-10-24\/IMG_8842.jpeg\"\n               title=\"Wolken beim Schilt\"\n               data-src=\"http:\/\/www.freimarianne.ch\/wp-content\/gallery\/glarus-20-10-24\/IMG_8842.jpeg\"\n               data-thumbnail=\"http:\/\/www.freimarianne.ch\/wp-content\/gallery\/glarus-20-10-24\/thumbs\/thumbs_IMG_8842.jpeg\"\n               data-image-id=\"34029\"\n               data-title=\"Wolken beim Schilt\"\n               data-description=\"Wolken beim Schilt\"\n               data-image-slug=\"img_8842\"\n               class=\"shutterset_e7539cc0ad02e93eb10c72dd09e6f574\">\n                <img\n                    title=\"Wolken beim Schilt\"\n                    alt=\"Wolken beim Schilt\"\n                    src=\"http:\/\/www.freimarianne.ch\/wp-content\/gallery\/glarus-20-10-24\/cache\/IMG_8842.jpeg-nggid0534029-ngg0dyn-100x75x100-00f0w010c010r110f110r010t010.jpeg\"\n                    width=\"100\"\n                    height=\"75\"\n                    style=\"max-width:100%;\"\n                \/>\n            <\/a>\n        <\/div>\n\t\t\t\t\t\t\t<\/div> \n\t\t\t\n                            \n\t\t\t\t<div id=\"ngg-image-7\" class=\"ngg-gallery-thumbnail-box\" >\n\t\t\t\t        <div class=\"ngg-gallery-thumbnail\">\n            <a href=\"http:\/\/www.freimarianne.ch\/wp-content\/gallery\/glarus-20-10-24\/IMG_8843.jpeg\"\n               title=\"beim Abstieg\"\n               data-src=\"http:\/\/www.freimarianne.ch\/wp-content\/gallery\/glarus-20-10-24\/IMG_8843.jpeg\"\n               data-thumbnail=\"http:\/\/www.freimarianne.ch\/wp-content\/gallery\/glarus-20-10-24\/thumbs\/thumbs_IMG_8843.jpeg\"\n               data-image-id=\"34031\"\n               data-title=\"beim Abstieg\"\n               data-description=\"beim Abstieg\"\n               data-image-slug=\"img_8843-4\"\n               class=\"shutterset_e7539cc0ad02e93eb10c72dd09e6f574\">\n                <img\n                    title=\"beim Abstieg\"\n                    alt=\"beim Abstieg\"\n                    src=\"http:\/\/www.freimarianne.ch\/wp-content\/gallery\/glarus-20-10-24\/cache\/IMG_8843.jpeg-nggid0534031-ngg0dyn-100x75x100-00f0w010c010r110f110r010t010.jpeg\"\n                    width=\"100\"\n                    height=\"75\"\n                    style=\"max-width:100%;\"\n                \/>\n            <\/a>\n        <\/div>\n\t\t\t\t\t\t\t<\/div> \n\t\t\t\n                                    <br style=\"clear: both\" \/>\n                    \n\t\t\t\t<div id=\"ngg-image-8\" class=\"ngg-gallery-thumbnail-box\" >\n\t\t\t\t        <div class=\"ngg-gallery-thumbnail\">\n            <a href=\"http:\/\/www.freimarianne.ch\/wp-content\/gallery\/glarus-20-10-24\/IMG_8845.jpeg\"\n               title=\"herbsltiche Stimmung\"\n               data-src=\"http:\/\/www.freimarianne.ch\/wp-content\/gallery\/glarus-20-10-24\/IMG_8845.jpeg\"\n               data-thumbnail=\"http:\/\/www.freimarianne.ch\/wp-content\/gallery\/glarus-20-10-24\/thumbs\/thumbs_IMG_8845.jpeg\"\n               data-image-id=\"34030\"\n               data-title=\"herbsltiche Stimmung\"\n               data-description=\"herbsltiche Stimmung\"\n               data-image-slug=\"img_8845-3\"\n               class=\"shutterset_e7539cc0ad02e93eb10c72dd09e6f574\">\n                <img\n                    title=\"herbsltiche Stimmung\"\n                    alt=\"herbsltiche Stimmung\"\n                    src=\"http:\/\/www.freimarianne.ch\/wp-content\/gallery\/glarus-20-10-24\/cache\/IMG_8845.jpeg-nggid0534030-ngg0dyn-100x75x100-00f0w010c010r110f110r010t010.jpeg\"\n                    width=\"100\"\n                    height=\"75\"\n                    style=\"max-width:100%;\"\n                \/>\n            <\/a>\n        <\/div>\n\t\t\t\t\t\t\t<\/div> \n\t\t\t\n                            \n\t\t\n\t\t<!-- Pagination -->\n\t<div class='ngg-clear'><\/div>\t<\/div>\n\n\n\n\n<!-- index.php -->\n<div\n\tclass=\"ngg-galleryoverview ngg-ajax-pagination-none\"\n\tid=\"ngg-gallery-a69c14222d1444b7738687efb8593289-1\">\n\n    \t<div class=\"slideshowlink\">\n        <a href='http:\/\/www.freimarianne.ch\/index.php\/nggallery\/slideshow?page_id=66439'>[Show as slideshow]<\/a>\n\t\t\n\t<\/div>\n\t\t\t<!-- Thumbnails -->\n\t\t\t\t<div id=\"ngg-image-0\" class=\"ngg-gallery-thumbnail-box\" >\n\t\t\t\t        <div class=\"ngg-gallery-thumbnail\">\n            <a href=\"http:\/\/www.freimarianne.ch\/wp-content\/gallery\/glartus-iph-26-10-24\/IMG_8177.jpeg\"\n               title=\"Tor 2134m, Wiggis 2282m, Rautispitz 2283m\"\n               data-src=\"http:\/\/www.freimarianne.ch\/wp-content\/gallery\/glartus-iph-26-10-24\/IMG_8177.jpeg\"\n               data-thumbnail=\"http:\/\/www.freimarianne.ch\/wp-content\/gallery\/glartus-iph-26-10-24\/thumbs\/thumbs_IMG_8177.jpeg\"\n               data-image-id=\"34039\"\n               data-title=\"Tor 2134m, Wiggis 2282m, Rautispitz 2283m\"\n               data-description=\"Tor 2134m, Wiggis 2282m, Rautispitz 2283m\"\n               data-image-slug=\"img_8177-2\"\n               class=\"shutterset_a69c14222d1444b7738687efb8593289\">\n                <img\n                    title=\"Tor 2134m, Wiggis 2282m, Rautispitz 2283m\"\n                    alt=\"Tor 2134m, Wiggis 2282m, Rautispitz 2283m\"\n                    src=\"http:\/\/www.freimarianne.ch\/wp-content\/gallery\/glartus-iph-26-10-24\/cache\/IMG_8177.jpeg-nggid0534039-ngg0dyn-100x75x100-00f0w010c010r110f110r010t010.jpeg\"\n                    width=\"100\"\n                    height=\"75\"\n                    style=\"max-width:100%;\"\n                \/>\n            <\/a>\n        <\/div>\n\t\t\t\t\t\t\t<\/div> \n\t\t\t\n                            \n\t\t\t\t<div id=\"ngg-image-1\" class=\"ngg-gallery-thumbnail-box\" >\n\t\t\t\t        <div class=\"ngg-gallery-thumbnail\">\n            <a href=\"http:\/\/www.freimarianne.ch\/wp-content\/gallery\/glartus-iph-26-10-24\/IMG_8179.jpeg\"\n               title=\"Glarus mit Tor 2134m, Wiggis 2282m, Rautispitz 2283m\"\n               data-src=\"http:\/\/www.freimarianne.ch\/wp-content\/gallery\/glartus-iph-26-10-24\/IMG_8179.jpeg\"\n               data-thumbnail=\"http:\/\/www.freimarianne.ch\/wp-content\/gallery\/glartus-iph-26-10-24\/thumbs\/thumbs_IMG_8179.jpeg\"\n               data-image-id=\"34040\"\n               data-title=\"Glarus mit Tor 2134m, Wiggis 2282m, Rautispitz 2283m\"\n               data-description=\"Glarus mit Tor 2134m, Wiggis 2282m, Rautispitz 2283m\"\n               data-image-slug=\"img_8179-6\"\n               class=\"shutterset_a69c14222d1444b7738687efb8593289\">\n                <img\n                    title=\"Glarus mit Tor 2134m, Wiggis 2282m, Rautispitz 2283m\"\n                    alt=\"Glarus mit Tor 2134m, Wiggis 2282m, Rautispitz 2283m\"\n                    src=\"http:\/\/www.freimarianne.ch\/wp-content\/gallery\/glartus-iph-26-10-24\/cache\/IMG_8179.jpeg-nggid0534040-ngg0dyn-100x75x100-00f0w010c010r110f110r010t010.jpeg\"\n                    width=\"100\"\n                    height=\"75\"\n                    style=\"max-width:100%;\"\n                \/>\n            <\/a>\n        <\/div>\n\t\t\t\t\t\t\t<\/div> \n\t\t\t\n                            \n\t\t\t\t<div id=\"ngg-image-2\" class=\"ngg-gallery-thumbnail-box\" >\n\t\t\t\t        <div class=\"ngg-gallery-thumbnail\">\n            <a href=\"http:\/\/www.freimarianne.ch\/wp-content\/gallery\/glartus-iph-26-10-24\/IMG_8187.jpeg\"\n               title=\"Schlafstein 2057m, Schilt 2299m, Wissenchamm 2348m,\"\n               data-src=\"http:\/\/www.freimarianne.ch\/wp-content\/gallery\/glartus-iph-26-10-24\/IMG_8187.jpeg\"\n               data-thumbnail=\"http:\/\/www.freimarianne.ch\/wp-content\/gallery\/glartus-iph-26-10-24\/thumbs\/thumbs_IMG_8187.jpeg\"\n               data-image-id=\"34041\"\n               data-title=\"Schlafstein 2057m, Schilt 2299m, Wissenchamm 2348m,\"\n               data-description=\"Schlafstein 2057m, Schilt 2299m, Wissenchamm 2348m,\"\n               data-image-slug=\"img_8187-2\"\n               class=\"shutterset_a69c14222d1444b7738687efb8593289\">\n                <img\n                    title=\"Schlafstein 2057m, Schilt 2299m, Wissenchamm 2348m,\"\n                    alt=\"Schlafstein 2057m, Schilt 2299m, Wissenchamm 2348m,\"\n                    src=\"http:\/\/www.freimarianne.ch\/wp-content\/gallery\/glartus-iph-26-10-24\/cache\/IMG_8187.jpeg-nggid0534041-ngg0dyn-100x75x100-00f0w010c010r110f110r010t010.jpeg\"\n                    width=\"100\"\n                    height=\"75\"\n                    style=\"max-width:100%;\"\n                \/>\n            <\/a>\n        <\/div>\n\t\t\t\t\t\t\t<\/div> \n\t\t\t\n                            \n\t\t\t\t<div id=\"ngg-image-3\" class=\"ngg-gallery-thumbnail-box\" >\n\t\t\t\t        <div class=\"ngg-gallery-thumbnail\">\n            <a href=\"http:\/\/www.freimarianne.ch\/wp-content\/gallery\/glartus-iph-26-10-24\/IMG_8188.jpeg\"\n               title=\"Gl\u00e4rnisch Massiv\"\n               data-src=\"http:\/\/www.freimarianne.ch\/wp-content\/gallery\/glartus-iph-26-10-24\/IMG_8188.jpeg\"\n               data-thumbnail=\"http:\/\/www.freimarianne.ch\/wp-content\/gallery\/glartus-iph-26-10-24\/thumbs\/thumbs_IMG_8188.jpeg\"\n               data-image-id=\"34042\"\n               data-title=\"Gl\u00e4rnisch Massiv\"\n               data-description=\"Gl\u00e4rnisch Massiv\"\n               data-image-slug=\"img_8188-2\"\n               class=\"shutterset_a69c14222d1444b7738687efb8593289\">\n                <img\n                    title=\"Gl\u00e4rnisch Massiv\"\n                    alt=\"Gl\u00e4rnisch Massiv\"\n                    src=\"http:\/\/www.freimarianne.ch\/wp-content\/gallery\/glartus-iph-26-10-24\/cache\/IMG_8188.jpeg-nggid0534042-ngg0dyn-100x75x100-00f0w010c010r110f110r010t010.jpeg\"\n                    width=\"100\"\n                    height=\"75\"\n                    style=\"max-width:100%;\"\n                \/>\n            <\/a>\n        <\/div>\n\t\t\t\t\t\t\t<\/div> \n\t\t\t\n                                    <br style=\"clear: both\" \/>\n                    \n\t\t\t\t<div id=\"ngg-image-4\" class=\"ngg-gallery-thumbnail-box\" >\n\t\t\t\t        <div class=\"ngg-gallery-thumbnail\">\n            <a href=\"http:\/\/www.freimarianne.ch\/wp-content\/gallery\/glartus-iph-26-10-24\/IMG_8189.jpeg\"\n               title=\"Tor 2134m, Wiggis 2282m, Rautispitz 2283m\"\n               data-src=\"http:\/\/www.freimarianne.ch\/wp-content\/gallery\/glartus-iph-26-10-24\/IMG_8189.jpeg\"\n               data-thumbnail=\"http:\/\/www.freimarianne.ch\/wp-content\/gallery\/glartus-iph-26-10-24\/thumbs\/thumbs_IMG_8189.jpeg\"\n               data-image-id=\"34038\"\n               data-title=\"Tor 2134m, Wiggis 2282m, Rautispitz 2283m\"\n               data-description=\"Tor 2134m, Wiggis 2282m, Rautispitz 2283m\"\n               data-image-slug=\"img_8189-5\"\n               class=\"shutterset_a69c14222d1444b7738687efb8593289\">\n                <img\n                    title=\"Tor 2134m, Wiggis 2282m, Rautispitz 2283m\"\n                    alt=\"Tor 2134m, Wiggis 2282m, Rautispitz 2283m\"\n                    src=\"http:\/\/www.freimarianne.ch\/wp-content\/gallery\/glartus-iph-26-10-24\/cache\/IMG_8189.jpeg-nggid0534038-ngg0dyn-100x75x100-00f0w010c010r110f110r010t010.jpeg\"\n                    width=\"100\"\n                    height=\"75\"\n                    style=\"max-width:100%;\"\n                \/>\n            <\/a>\n        <\/div>\n\t\t\t\t\t\t\t<\/div> \n\t\t\t\n                            \n\t\t\t\t<div id=\"ngg-image-5\" class=\"ngg-gallery-thumbnail-box\" >\n\t\t\t\t        <div class=\"ngg-gallery-thumbnail\">\n            <a href=\"http:\/\/www.freimarianne.ch\/wp-content\/gallery\/glartus-iph-26-10-24\/IMG_8191.jpeg\"\n               title=\"Tor 2134m, Wiggis 2282m, Rautispitz 2283m; Glarus\"\n               data-src=\"http:\/\/www.freimarianne.ch\/wp-content\/gallery\/glartus-iph-26-10-24\/IMG_8191.jpeg\"\n               data-thumbnail=\"http:\/\/www.freimarianne.ch\/wp-content\/gallery\/glartus-iph-26-10-24\/thumbs\/thumbs_IMG_8191.jpeg\"\n               data-image-id=\"34037\"\n               data-title=\"Tor 2134m, Wiggis 2282m, Rautispitz 2283m; Glarus\"\n               data-description=\"Tor 2134m, Wiggis 2282m, Rautispitz 2283m; Glarus\"\n               data-image-slug=\"img_8191-1\"\n               class=\"shutterset_a69c14222d1444b7738687efb8593289\">\n                <img\n                    title=\"Tor 2134m, Wiggis 2282m, Rautispitz 2283m; Glarus\"\n                    alt=\"Tor 2134m, Wiggis 2282m, Rautispitz 2283m; Glarus\"\n                    src=\"http:\/\/www.freimarianne.ch\/wp-content\/gallery\/glartus-iph-26-10-24\/cache\/IMG_8191.jpeg-nggid0534037-ngg0dyn-100x75x100-00f0w010c010r110f110r010t010.jpeg\"\n                    width=\"100\"\n                    height=\"75\"\n                    style=\"max-width:100%;\"\n                \/>\n            <\/a>\n        <\/div>\n\t\t\t\t\t\t\t<\/div> \n\t\t\t\n                            \n\t\t\n\t\t<!-- Pagination -->\n\t<div class='ngg-clear'><\/div>\t<\/div>\n\n","protected":false},"excerpt":{"rendered":"<p>Heute m\u00f6chte ich den Teil der Glarus Talwanderung auf der linken Talseite erkunden (SM 815 Glarus Rundweg).Ich beginne die Wanderung am Rande von Glarus und gehe bald auf Wanderwegen \u00fcber das Gebiet Halten nach Hof. Ich steige \u00fcber Wiesen hinauf und komme an eine Art von Taleinschnitt, der wie eine Art von Geschiebesammler aussieht. Ich [&hellip;]<\/p>\n","protected":false},"author":1,"featured_media":0,"parent":65961,"menu_order":13,"comment_status":"closed","ping_status":"closed","template":"","meta":{"ngg_post_thumbnail":0},"_links":{"self":[{"href":"http:\/\/www.freimarianne.ch\/index.php?rest_route=\/wp\/v2\/pages\/66439"}],"collection":[{"href":"http:\/\/www.freimarianne.ch\/index.php?rest_route=\/wp\/v2\/pages"}],"about":[{"href":"http:\/\/www.freimarianne.ch\/index.php?rest_route=\/wp\/v2\/types\/page"}],"author":[{"embeddable":true,"href":"http:\/\/www.freimarianne.ch\/index.php?rest_route=\/wp\/v2\/users\/1"}],"replies":[{"embeddable":true,"href":"http:\/\/www.freimarianne.ch\/index.php?rest_route=%2Fwp%2Fv2%2Fcomments&post=66439"}],"version-history":[{"count":3,"href":"http:\/\/www.freimarianne.ch\/index.php?rest_route=\/wp\/v2\/pages\/66439\/revisions"}],"predecessor-version":[{"id":66552,"href":"http:\/\/www.freimarianne.ch\/index.php?rest_route=\/wp\/v2\/pages\/66439\/revisions\/66552"}],"up":[{"embeddable":true,"href":"http:\/\/www.freimarianne.ch\/index.php?rest_route=\/wp\/v2\/pages\/65961"}],"wp:attachment":[{"href":"http:\/\/www.freimarianne.ch\/index.php?rest_route=%2Fwp%2Fv2%2Fmedia&parent=66439"}],"curies":[{"name":"wp","href":"https:\/\/api.w.org\/{rel}","templated":true}]}}