{"id":66861,"date":"2025-02-20T10:56:10","date_gmt":"2025-02-20T09:56:10","guid":{"rendered":"http:\/\/www.freimarianne.ch\/?page_id=66861"},"modified":"2025-02-21T08:19:38","modified_gmt":"2025-02-21T07:19:38","slug":"siat-falera-gr-16-1-2025","status":"publish","type":"page","link":"http:\/\/www.freimarianne.ch\/?page_id=66861","title":{"rendered":"Siat &#8211; Falera  GR 16.1.2025"},"content":{"rendered":"\n<p><strong>Winterwanderung von Siat nach Falera<\/strong><\/p>\n\n\n\n<div class=\"wp-block-image\"><figure class=\"alignleft\"><img loading=\"lazy\" width=\"500\" height=\"380\" src=\"http:\/\/www.freimarianne.ch\/wp-content\/uploads\/2025\/02\/IMG_8778._siat1.25_500.jpeg\" alt=\"\" class=\"wp-image-66852\" srcset=\"http:\/\/www.freimarianne.ch\/wp-content\/uploads\/2025\/02\/IMG_8778._siat1.25_500.jpeg 500w, http:\/\/www.freimarianne.ch\/wp-content\/uploads\/2025\/02\/IMG_8778._siat1.25_500-300x228.jpeg 300w, http:\/\/www.freimarianne.ch\/wp-content\/uploads\/2025\/02\/IMG_8778._siat1.25_500-395x300.jpeg 395w\" sizes=\"(max-width: 500px) 100vw, 500px\" \/><\/figure><\/div>\n\n\n<p>Heute m\u00f6chte ich den Winterwanderweg von Siat in der Surselva nach Falera machen. Auf der Fahrt von Chur Richtung Illanz wird es mir bald klar, dass ich am S\u00fcdhang nicht mit viel Schnee rechnen kann. Von Illanz fahre ich mit dem Bus hinauf ins nette Dorf Siat 1302m, in welchem ich mich zuerst etwas umschaue, bevor ich mich auf den Weg mache, der entweder leicht eisig oder aper ist. Ich gehe auf der Senda Sursilvana auf Schweizmobil No. 247. Die Kirche von Siat steht im oberen Teil des Dorfes und bietet im R\u00fcckblick ein gutes Fotosujet. Mein Weg f\u00fchrt mich anf\u00e4nglich hinunter in das Tobel des Val da Mulin und von dort hin\u00fcber zum Dorf Ruschein 1154m. Von dort steigt die Strasse an nach Ladir. Oberhalb des Dorfes beginnt endlich die Winterwanderweg, der diesen Namen verdient! Hier gibt es eine Langlaufloipe. Nun folge ich dem Winterwanderweg nach Falera. Dieser Wegabschnitt f\u00fchrt dem Hang entlang in den Taleinschnitt von Cafengns, wo ich auf einer Br\u00fccke den Bach \u00fcberqueren muss. Von dort aus dauert es noch lange, bis ich endlich das Gebiet von Falera und dann das Dorf erreiche, wo ich sp\u00e4ter den Bus nach Chur besteigen kann.<\/p>\n<p>Dies war eine interessante Wanderung, die ich mir aber anders vorgestellt habe. Eine Beschreibung dieser Wanderung in der COOP Zeitung hat mich auf diese Idee gebracht. Aber da waren nur Winterbilder zu sehen ! So kann man get\u00e4uscht werden!<\/p>\n<p><a href=\"https:\/\/map.schweizmobil.ch\/?lang=de&amp;bgLayer=pk&amp;logo=yes&amp;season=winter&amp;resolution=2.5&amp;E=2736155&amp;N=1185337&amp;photos=yes&amp;detours=yes&amp;layers=Winterhiking%2CStation&amp;trackId=634020138\">Laut Schweizmobil:<\/a><\/p>\n<p>&nbsp;<\/p>\n\n\n<!-- index.php -->\n<div\n\tclass=\"ngg-galleryoverview ngg-ajax-pagination-none\"\n\tid=\"ngg-gallery-bf40f399976ba0351ed4ff7d02a04453-1\">\n\n    \t<div class=\"slideshowlink\">\n        <a href='http:\/\/www.freimarianne.ch\/index.php\/nggallery\/slideshow?page_id=66861'>[Show as slideshow]<\/a>\n\t\t\n\t<\/div>\n\t\t\t<!-- Thumbnails -->\n\t\t\t\t<div id=\"ngg-image-0\" class=\"ngg-gallery-thumbnail-box\" >\n\t\t\t\t        <div class=\"ngg-gallery-thumbnail\">\n            <a href=\"http:\/\/www.freimarianne.ch\/wp-content\/gallery\/siat-falera-16-1-25\/IMG_9407.jpeg\"\n               title=\"das Dorf Siat; Piz Mundaun 2064m, Piz Plauncas 2089m\"\n               data-src=\"http:\/\/www.freimarianne.ch\/wp-content\/gallery\/siat-falera-16-1-25\/IMG_9407.jpeg\"\n               data-thumbnail=\"http:\/\/www.freimarianne.ch\/wp-content\/gallery\/siat-falera-16-1-25\/thumbs\/thumbs_IMG_9407.jpeg\"\n               data-image-id=\"34385\"\n               data-title=\"das Dorf Siat; Piz Mundaun 2064m, Piz Plauncas 2089m\"\n               data-description=\"das Dorf Siat; Piz Mundaun 2064m, Piz Plauncas 2089m\"\n               data-image-slug=\"img_9407-5\"\n               class=\"shutterset_bf40f399976ba0351ed4ff7d02a04453\">\n                <img\n                    title=\"das Dorf Siat; Piz Mundaun 2064m, Piz Plauncas 2089m\"\n                    alt=\"das Dorf Siat; Piz Mundaun 2064m, Piz Plauncas 2089m\"\n                    src=\"http:\/\/www.freimarianne.ch\/wp-content\/gallery\/siat-falera-16-1-25\/cache\/IMG_9407.jpeg-nggid0534385-ngg0dyn-100x75x100-00f0w010c010r110f110r010t010.jpeg\"\n                    width=\"100\"\n                    height=\"71\"\n                    style=\"max-width:100%;\"\n                \/>\n            <\/a>\n        <\/div>\n\t\t\t\t\t\t\t<\/div> \n\t\t\t\n                            \n\t\t\t\t<div id=\"ngg-image-1\" class=\"ngg-gallery-thumbnail-box\" >\n\t\t\t\t        <div class=\"ngg-gallery-thumbnail\">\n            <a href=\"http:\/\/www.freimarianne.ch\/wp-content\/gallery\/siat-falera-16-1-25\/IMG_9409.jpeg\"\n               title=\"Kirche von  Siat\"\n               data-src=\"http:\/\/www.freimarianne.ch\/wp-content\/gallery\/siat-falera-16-1-25\/IMG_9409.jpeg\"\n               data-thumbnail=\"http:\/\/www.freimarianne.ch\/wp-content\/gallery\/siat-falera-16-1-25\/thumbs\/thumbs_IMG_9409.jpeg\"\n               data-image-id=\"34384\"\n               data-title=\"Kirche von  Siat\"\n               data-description=\"Kirche von  Siat\"\n               data-image-slug=\"img_9409-4\"\n               class=\"shutterset_bf40f399976ba0351ed4ff7d02a04453\">\n                <img\n                    title=\"Kirche von  Siat\"\n                    alt=\"Kirche von  Siat\"\n                    src=\"http:\/\/www.freimarianne.ch\/wp-content\/gallery\/siat-falera-16-1-25\/cache\/IMG_9409.jpeg-nggid0534384-ngg0dyn-100x75x100-00f0w010c010r110f110r010t010.jpeg\"\n                    width=\"100\"\n                    height=\"75\"\n                    style=\"max-width:100%;\"\n                \/>\n            <\/a>\n        <\/div>\n\t\t\t\t\t\t\t<\/div> \n\t\t\t\n                            \n\t\t\t\t<div id=\"ngg-image-2\" class=\"ngg-gallery-thumbnail-box\" >\n\t\t\t\t        <div class=\"ngg-gallery-thumbnail\">\n            <a href=\"http:\/\/www.freimarianne.ch\/wp-content\/gallery\/siat-falera-16-1-25\/IMG_9412.jpeg\"\n               title=\"das Dorf Siat\"\n               data-src=\"http:\/\/www.freimarianne.ch\/wp-content\/gallery\/siat-falera-16-1-25\/IMG_9412.jpeg\"\n               data-thumbnail=\"http:\/\/www.freimarianne.ch\/wp-content\/gallery\/siat-falera-16-1-25\/thumbs\/thumbs_IMG_9412.jpeg\"\n               data-image-id=\"34383\"\n               data-title=\"das Dorf Siat\"\n               data-description=\"das Dorf Siat\"\n               data-image-slug=\"img_9412-3\"\n               class=\"shutterset_bf40f399976ba0351ed4ff7d02a04453\">\n                <img\n                    title=\"das Dorf Siat\"\n                    alt=\"das Dorf Siat\"\n                    src=\"http:\/\/www.freimarianne.ch\/wp-content\/gallery\/siat-falera-16-1-25\/cache\/IMG_9412.jpeg-nggid0534383-ngg0dyn-100x75x100-00f0w010c010r110f110r010t010.jpeg\"\n                    width=\"56\"\n                    height=\"75\"\n                    style=\"max-width:100%;\"\n                \/>\n            <\/a>\n        <\/div>\n\t\t\t\t\t\t\t<\/div> \n\t\t\t\n                            \n\t\t\t\t<div id=\"ngg-image-3\" class=\"ngg-gallery-thumbnail-box\" >\n\t\t\t\t        <div class=\"ngg-gallery-thumbnail\">\n            <a href=\"http:\/\/www.freimarianne.ch\/wp-content\/gallery\/siat-falera-16-1-25\/IMG_9414.jpeg\"\n               title=\"das Dorf  mit Brigelser H\u00f6rnern\"\n               data-src=\"http:\/\/www.freimarianne.ch\/wp-content\/gallery\/siat-falera-16-1-25\/IMG_9414.jpeg\"\n               data-thumbnail=\"http:\/\/www.freimarianne.ch\/wp-content\/gallery\/siat-falera-16-1-25\/thumbs\/thumbs_IMG_9414.jpeg\"\n               data-image-id=\"34382\"\n               data-title=\"das Dorf  mit Brigelser H\u00f6rnern\"\n               data-description=\"das Dorf  mit Brigelser H\u00f6rnern\"\n               data-image-slug=\"img_9414-2\"\n               class=\"shutterset_bf40f399976ba0351ed4ff7d02a04453\">\n                <img\n                    title=\"das Dorf  mit Brigelser H\u00f6rnern\"\n                    alt=\"das Dorf  mit Brigelser H\u00f6rnern\"\n                    src=\"http:\/\/www.freimarianne.ch\/wp-content\/gallery\/siat-falera-16-1-25\/cache\/IMG_9414.jpeg-nggid0534382-ngg0dyn-100x75x100-00f0w010c010r110f110r010t010.jpeg\"\n                    width=\"100\"\n                    height=\"75\"\n                    style=\"max-width:100%;\"\n                \/>\n            <\/a>\n        <\/div>\n\t\t\t\t\t\t\t<\/div> \n\t\t\t\n                                    <br style=\"clear: both\" \/>\n                    \n\t\t\t\t<div id=\"ngg-image-4\" class=\"ngg-gallery-thumbnail-box\" >\n\t\t\t\t        <div class=\"ngg-gallery-thumbnail\">\n            <a href=\"http:\/\/www.freimarianne.ch\/wp-content\/gallery\/siat-falera-16-1-25\/IMG_9415.jpeg\"\n               title=\"das Dorf Siat; Piz Mundaun 2064m, Piz Plauncas 2089m, Stein 2172m,  Grener Berg 2442m, Piz Cavel 2946m, Piz Gren 2890m, Piz Val Gronda  2820m, Piz Titschal 2550m, Piz Muraun  2897m, Garvera 2384m\"\n               data-src=\"http:\/\/www.freimarianne.ch\/wp-content\/gallery\/siat-falera-16-1-25\/IMG_9415.jpeg\"\n               data-thumbnail=\"http:\/\/www.freimarianne.ch\/wp-content\/gallery\/siat-falera-16-1-25\/thumbs\/thumbs_IMG_9415.jpeg\"\n               data-image-id=\"34381\"\n               data-title=\"das Dorf Siat; Piz Mundaun 2064m, Piz Plauncas 2089m, Stein 2172m,  Grener Berg 2442m, Piz Cavel 2946m, Piz Gren 2890m, Piz Val Gronda  2820m, Piz Titschal 2550m, Piz Muraun  2897m, Garvera 2384m\"\n               data-description=\"das Dorf Siat; Piz Mundaun 2064m, Piz Plauncas 2089m, Stein 2172m,  Grener Berg 2442m, Piz Cavel 2946m, Piz Gren 2890m, Piz Val Gronda  2820m, Piz Titschal 2550m, Piz Muraun  2897m, Garvera 2384m\"\n               data-image-slug=\"img_9415-5\"\n               class=\"shutterset_bf40f399976ba0351ed4ff7d02a04453\">\n                <img\n                    title=\"das Dorf Siat; Piz Mundaun 2064m, Piz Plauncas 2089m, Stein 2172m,  Grener Berg 2442m, Piz Cavel 2946m, Piz Gren 2890m, Piz Val Gronda  2820m, Piz Titschal 2550m, Piz Muraun  2897m, Garvera 2384m\"\n                    alt=\"das Dorf Siat; Piz Mundaun 2064m, Piz Plauncas 2089m, Stein 2172m,  Grener Berg 2442m, Piz Cavel 2946m, Piz Gren 2890m, Piz Val Gronda  2820m, Piz Titschal 2550m, Piz Muraun  2897m, Garvera 2384m\"\n                    src=\"http:\/\/www.freimarianne.ch\/wp-content\/gallery\/siat-falera-16-1-25\/cache\/IMG_9415.jpeg-nggid0534381-ngg0dyn-100x75x100-00f0w010c010r110f110r010t010.jpeg\"\n                    width=\"100\"\n                    height=\"75\"\n                    style=\"max-width:100%;\"\n                \/>\n            <\/a>\n        <\/div>\n\t\t\t\t\t\t\t<\/div> \n\t\t\t\n                            \n\t\t\t\t<div id=\"ngg-image-5\" class=\"ngg-gallery-thumbnail-box\" >\n\t\t\t\t        <div class=\"ngg-gallery-thumbnail\">\n            <a href=\"http:\/\/www.freimarianne.ch\/wp-content\/gallery\/siat-falera-16-1-25\/IMG_9416.jpeg\"\n               title=\"Blick auf Siat; mi Cavistrau Grond 3253m\"\n               data-src=\"http:\/\/www.freimarianne.ch\/wp-content\/gallery\/siat-falera-16-1-25\/IMG_9416.jpeg\"\n               data-thumbnail=\"http:\/\/www.freimarianne.ch\/wp-content\/gallery\/siat-falera-16-1-25\/thumbs\/thumbs_IMG_9416.jpeg\"\n               data-image-id=\"34380\"\n               data-title=\"Blick auf Siat; mi Cavistrau Grond 3253m\"\n               data-description=\"Blick auf Siat; mi Cavistrau Grond 3253m\"\n               data-image-slug=\"img_9416-5\"\n               class=\"shutterset_bf40f399976ba0351ed4ff7d02a04453\">\n                <img\n                    title=\"Blick auf Siat; mi Cavistrau Grond 3253m\"\n                    alt=\"Blick auf Siat; mi Cavistrau Grond 3253m\"\n                    src=\"http:\/\/www.freimarianne.ch\/wp-content\/gallery\/siat-falera-16-1-25\/cache\/IMG_9416.jpeg-nggid0534380-ngg0dyn-100x75x100-00f0w010c010r110f110r010t010.jpeg\"\n                    width=\"100\"\n                    height=\"75\"\n                    style=\"max-width:100%;\"\n                \/>\n            <\/a>\n        <\/div>\n\t\t\t\t\t\t\t<\/div> \n\t\t\t\n                            \n\t\t\t\t<div id=\"ngg-image-6\" class=\"ngg-gallery-thumbnail-box\" >\n\t\t\t\t        <div class=\"ngg-gallery-thumbnail\">\n            <a href=\"http:\/\/www.freimarianne.ch\/wp-content\/gallery\/siat-falera-16-1-25\/IMG_9417.jpeg\"\n               title=\"K\u00eerche von Siat\"\n               data-src=\"http:\/\/www.freimarianne.ch\/wp-content\/gallery\/siat-falera-16-1-25\/IMG_9417.jpeg\"\n               data-thumbnail=\"http:\/\/www.freimarianne.ch\/wp-content\/gallery\/siat-falera-16-1-25\/thumbs\/thumbs_IMG_9417.jpeg\"\n               data-image-id=\"34378\"\n               data-title=\"K\u00eerche von Siat\"\n               data-description=\"K\u00eerche von Siat\"\n               data-image-slug=\"img_9417-1\"\n               class=\"shutterset_bf40f399976ba0351ed4ff7d02a04453\">\n                <img\n                    title=\"K\u00eerche von Siat\"\n                    alt=\"K\u00eerche von Siat\"\n                    src=\"http:\/\/www.freimarianne.ch\/wp-content\/gallery\/siat-falera-16-1-25\/cache\/IMG_9417.jpeg-nggid0534378-ngg0dyn-100x75x100-00f0w010c010r110f110r010t010.jpeg\"\n                    width=\"98\"\n                    height=\"75\"\n                    style=\"max-width:100%;\"\n                \/>\n            <\/a>\n        <\/div>\n\t\t\t\t\t\t\t<\/div> \n\t\t\t\n                            \n\t\t\t\t<div id=\"ngg-image-7\" class=\"ngg-gallery-thumbnail-box\" >\n\t\t\t\t        <div class=\"ngg-gallery-thumbnail\">\n            <a href=\"http:\/\/www.freimarianne.ch\/wp-content\/gallery\/siat-falera-16-1-25\/IMG_9418.jpeg\"\n               title=\"das Dorf siat mit   mit Brigelser H\u00f6rnern\"\n               data-src=\"http:\/\/www.freimarianne.ch\/wp-content\/gallery\/siat-falera-16-1-25\/IMG_9418.jpeg\"\n               data-thumbnail=\"http:\/\/www.freimarianne.ch\/wp-content\/gallery\/siat-falera-16-1-25\/thumbs\/thumbs_IMG_9418.jpeg\"\n               data-image-id=\"34379\"\n               data-title=\"das Dorf siat mit   mit Brigelser H\u00f6rnern\"\n               data-description=\"das Dorf siat mit   mit Brigelser H\u00f6rnern\"\n               data-image-slug=\"img_9418-3\"\n               class=\"shutterset_bf40f399976ba0351ed4ff7d02a04453\">\n                <img\n                    title=\"das Dorf siat mit   mit Brigelser H\u00f6rnern\"\n                    alt=\"das Dorf siat mit   mit Brigelser H\u00f6rnern\"\n                    src=\"http:\/\/www.freimarianne.ch\/wp-content\/gallery\/siat-falera-16-1-25\/cache\/IMG_9418.jpeg-nggid0534379-ngg0dyn-100x75x100-00f0w010c010r110f110r010t010.jpeg\"\n                    width=\"89\"\n                    height=\"75\"\n                    style=\"max-width:100%;\"\n                \/>\n            <\/a>\n        <\/div>\n\t\t\t\t\t\t\t<\/div> \n\t\t\t\n                                    <br style=\"clear: both\" \/>\n                    \n\t\t\t\t<div id=\"ngg-image-8\" class=\"ngg-gallery-thumbnail-box\" >\n\t\t\t\t        <div class=\"ngg-gallery-thumbnail\">\n            <a href=\"http:\/\/www.freimarianne.ch\/wp-content\/gallery\/siat-falera-16-1-25\/IMG_9422.jpeg\"\n               title=\"Marianne; Piz Plauncas 2089m, Stein 2172m,  Grener Berg 2442m,\"\n               data-src=\"http:\/\/www.freimarianne.ch\/wp-content\/gallery\/siat-falera-16-1-25\/IMG_9422.jpeg\"\n               data-thumbnail=\"http:\/\/www.freimarianne.ch\/wp-content\/gallery\/siat-falera-16-1-25\/thumbs\/thumbs_IMG_9422.jpeg\"\n               data-image-id=\"34377\"\n               data-title=\"Marianne; Piz Plauncas 2089m, Stein 2172m,  Grener Berg 2442m,\"\n               data-description=\"Marianne; Piz Plauncas 2089m, Stein 2172m,  Grener Berg 2442m,\"\n               data-image-slug=\"img_9422-1\"\n               class=\"shutterset_bf40f399976ba0351ed4ff7d02a04453\">\n                <img\n                    title=\"Marianne; Piz Plauncas 2089m, Stein 2172m,  Grener Berg 2442m,\"\n                    alt=\"Marianne; Piz Plauncas 2089m, Stein 2172m,  Grener Berg 2442m,\"\n                    src=\"http:\/\/www.freimarianne.ch\/wp-content\/gallery\/siat-falera-16-1-25\/cache\/IMG_9422.jpeg-nggid0534377-ngg0dyn-100x75x100-00f0w010c010r110f110r010t010.jpeg\"\n                    width=\"93\"\n                    height=\"75\"\n                    style=\"max-width:100%;\"\n                \/>\n            <\/a>\n        <\/div>\n\t\t\t\t\t\t\t<\/div> \n\t\t\t\n                            \n\t\t\t\t<div id=\"ngg-image-9\" class=\"ngg-gallery-thumbnail-box\" >\n\t\t\t\t        <div class=\"ngg-gallery-thumbnail\">\n            <a href=\"http:\/\/www.freimarianne.ch\/wp-content\/gallery\/siat-falera-16-1-25\/IMG_9423.jpeg\"\n               title=\"Piz Mundaun 2064m, Piz Plauncas 2089m, Stein 2172m,  Grener Berg 2442m, Piz Cavel 2946m, Piz Gren 2890m, Piz Val Gronda  2820m\"\n               data-src=\"http:\/\/www.freimarianne.ch\/wp-content\/gallery\/siat-falera-16-1-25\/IMG_9423.jpeg\"\n               data-thumbnail=\"http:\/\/www.freimarianne.ch\/wp-content\/gallery\/siat-falera-16-1-25\/thumbs\/thumbs_IMG_9423.jpeg\"\n               data-image-id=\"34375\"\n               data-title=\"Piz Mundaun 2064m, Piz Plauncas 2089m, Stein 2172m,  Grener Berg 2442m, Piz Cavel 2946m, Piz Gren 2890m, Piz Val Gronda  2820m\"\n               data-description=\"Piz Mundaun 2064m, Piz Plauncas 2089m, Stein 2172m,  Grener Berg 2442m, Piz Cavel 2946m, Piz Gren 2890m, Piz Val Gronda  2820m\"\n               data-image-slug=\"img_9423-3\"\n               class=\"shutterset_bf40f399976ba0351ed4ff7d02a04453\">\n                <img\n                    title=\"Piz Mundaun 2064m, Piz Plauncas 2089m, Stein 2172m,  Grener Berg 2442m, Piz Cavel 2946m, Piz Gren 2890m, Piz Val Gronda  2820m\"\n                    alt=\"Piz Mundaun 2064m, Piz Plauncas 2089m, Stein 2172m,  Grener Berg 2442m, Piz Cavel 2946m, Piz Gren 2890m, Piz Val Gronda  2820m\"\n                    src=\"http:\/\/www.freimarianne.ch\/wp-content\/gallery\/siat-falera-16-1-25\/cache\/IMG_9423.jpeg-nggid0534375-ngg0dyn-100x75x100-00f0w010c010r110f110r010t010.jpeg\"\n                    width=\"100\"\n                    height=\"75\"\n                    style=\"max-width:100%;\"\n                \/>\n            <\/a>\n        <\/div>\n\t\t\t\t\t\t\t<\/div> \n\t\t\t\n                            \n\t\t\t\t<div id=\"ngg-image-10\" class=\"ngg-gallery-thumbnail-box\" >\n\t\t\t\t        <div class=\"ngg-gallery-thumbnail\">\n            <a href=\"http:\/\/www.freimarianne.ch\/wp-content\/gallery\/siat-falera-16-1-25\/IMG_9424.jpeg\"\n               title=\"hinunter  zur Br\u00fccke\"\n               data-src=\"http:\/\/www.freimarianne.ch\/wp-content\/gallery\/siat-falera-16-1-25\/IMG_9424.jpeg\"\n               data-thumbnail=\"http:\/\/www.freimarianne.ch\/wp-content\/gallery\/siat-falera-16-1-25\/thumbs\/thumbs_IMG_9424.jpeg\"\n               data-image-id=\"34376\"\n               data-title=\"hinunter  zur Br\u00fccke\"\n               data-description=\"hinunter  zur Br\u00fccke\"\n               data-image-slug=\"img_9424-1\"\n               class=\"shutterset_bf40f399976ba0351ed4ff7d02a04453\">\n                <img\n                    title=\"hinunter  zur Br\u00fccke\"\n                    alt=\"hinunter  zur Br\u00fccke\"\n                    src=\"http:\/\/www.freimarianne.ch\/wp-content\/gallery\/siat-falera-16-1-25\/cache\/IMG_9424.jpeg-nggid0534376-ngg0dyn-100x75x100-00f0w010c010r110f110r010t010.jpeg\"\n                    width=\"100\"\n                    height=\"75\"\n                    style=\"max-width:100%;\"\n                \/>\n            <\/a>\n        <\/div>\n\t\t\t\t\t\t\t<\/div> \n\t\t\t\n                            \n\t\t\t\t<div id=\"ngg-image-11\" class=\"ngg-gallery-thumbnail-box\" >\n\t\t\t\t        <div class=\"ngg-gallery-thumbnail\">\n            <a href=\"http:\/\/www.freimarianne.ch\/wp-content\/gallery\/siat-falera-16-1-25\/IMG_9426.jpeg\"\n               title=\"doch etwas winterlich\"\n               data-src=\"http:\/\/www.freimarianne.ch\/wp-content\/gallery\/siat-falera-16-1-25\/IMG_9426.jpeg\"\n               data-thumbnail=\"http:\/\/www.freimarianne.ch\/wp-content\/gallery\/siat-falera-16-1-25\/thumbs\/thumbs_IMG_9426.jpeg\"\n               data-image-id=\"34374\"\n               data-title=\"doch etwas winterlich\"\n               data-description=\"doch etwas winterlich\"\n               data-image-slug=\"img_9426-3\"\n               class=\"shutterset_bf40f399976ba0351ed4ff7d02a04453\">\n                <img\n                    title=\"doch etwas winterlich\"\n                    alt=\"doch etwas winterlich\"\n                    src=\"http:\/\/www.freimarianne.ch\/wp-content\/gallery\/siat-falera-16-1-25\/cache\/IMG_9426.jpeg-nggid0534374-ngg0dyn-100x75x100-00f0w010c010r110f110r010t010.jpeg\"\n                    width=\"100\"\n                    height=\"75\"\n                    style=\"max-width:100%;\"\n                \/>\n            <\/a>\n        <\/div>\n\t\t\t\t\t\t\t<\/div> \n\t\t\t\n                                    <br style=\"clear: both\" \/>\n                    \n\t\t\t\t<div id=\"ngg-image-12\" class=\"ngg-gallery-thumbnail-box\" >\n\t\t\t\t        <div class=\"ngg-gallery-thumbnail\">\n            <a href=\"http:\/\/www.freimarianne.ch\/wp-content\/gallery\/siat-falera-16-1-25\/IMG_9430.jpeg\"\n               title=\"Piz Gren 2890m, Piz Val Gronda  2820m, Piz Titschal 2550m, Piz Muraun  2897m, Garvera 2384m\"\n               data-src=\"http:\/\/www.freimarianne.ch\/wp-content\/gallery\/siat-falera-16-1-25\/IMG_9430.jpeg\"\n               data-thumbnail=\"http:\/\/www.freimarianne.ch\/wp-content\/gallery\/siat-falera-16-1-25\/thumbs\/thumbs_IMG_9430.jpeg\"\n               data-image-id=\"34373\"\n               data-title=\"Piz Gren 2890m, Piz Val Gronda  2820m, Piz Titschal 2550m, Piz Muraun  2897m, Garvera 2384m\"\n               data-description=\"Piz Gren 2890m, Piz Val Gronda  2820m, Piz Titschal 2550m, Piz Muraun  2897m, Garvera 2384m\"\n               data-image-slug=\"img_9430-3\"\n               class=\"shutterset_bf40f399976ba0351ed4ff7d02a04453\">\n                <img\n                    title=\"Piz Gren 2890m, Piz Val Gronda  2820m, Piz Titschal 2550m, Piz Muraun  2897m, Garvera 2384m\"\n                    alt=\"Piz Gren 2890m, Piz Val Gronda  2820m, Piz Titschal 2550m, Piz Muraun  2897m, Garvera 2384m\"\n                    src=\"http:\/\/www.freimarianne.ch\/wp-content\/gallery\/siat-falera-16-1-25\/cache\/IMG_9430.jpeg-nggid0534373-ngg0dyn-100x75x100-00f0w010c010r110f110r010t010.jpeg\"\n                    width=\"100\"\n                    height=\"75\"\n                    style=\"max-width:100%;\"\n                \/>\n            <\/a>\n        <\/div>\n\t\t\t\t\t\t\t<\/div> \n\t\t\t\n                            \n\t\t\t\t<div id=\"ngg-image-13\" class=\"ngg-gallery-thumbnail-box\" >\n\t\t\t\t        <div class=\"ngg-gallery-thumbnail\">\n            <a href=\"http:\/\/www.freimarianne.ch\/wp-content\/gallery\/siat-falera-16-1-25\/IMG_9431.jpeg\"\n               title=\"li Cavistrau Grond 3253m; Kirche von Siat\"\n               data-src=\"http:\/\/www.freimarianne.ch\/wp-content\/gallery\/siat-falera-16-1-25\/IMG_9431.jpeg\"\n               data-thumbnail=\"http:\/\/www.freimarianne.ch\/wp-content\/gallery\/siat-falera-16-1-25\/thumbs\/thumbs_IMG_9431.jpeg\"\n               data-image-id=\"34372\"\n               data-title=\"li Cavistrau Grond 3253m; Kirche von Siat\"\n               data-description=\"li Cavistrau Grond 3253m; Kirche von Siat\"\n               data-image-slug=\"img_9431-2\"\n               class=\"shutterset_bf40f399976ba0351ed4ff7d02a04453\">\n                <img\n                    title=\"li Cavistrau Grond 3253m; Kirche von Siat\"\n                    alt=\"li Cavistrau Grond 3253m; Kirche von Siat\"\n                    src=\"http:\/\/www.freimarianne.ch\/wp-content\/gallery\/siat-falera-16-1-25\/cache\/IMG_9431.jpeg-nggid0534372-ngg0dyn-100x75x100-00f0w010c010r110f110r010t010.jpeg\"\n                    width=\"100\"\n                    height=\"69\"\n                    style=\"max-width:100%;\"\n                \/>\n            <\/a>\n        <\/div>\n\t\t\t\t\t\t\t<\/div> \n\t\t\t\n                            \n\t\t\t\t<div id=\"ngg-image-14\" class=\"ngg-gallery-thumbnail-box\" >\n\t\t\t\t        <div class=\"ngg-gallery-thumbnail\">\n            <a href=\"http:\/\/www.freimarianne.ch\/wp-content\/gallery\/siat-falera-16-1-25\/IMG_9432.jpeg\"\n               title=\"li Cavistrau Grond 3253m; Kirche von Siat\"\n               data-src=\"http:\/\/www.freimarianne.ch\/wp-content\/gallery\/siat-falera-16-1-25\/IMG_9432.jpeg\"\n               data-thumbnail=\"http:\/\/www.freimarianne.ch\/wp-content\/gallery\/siat-falera-16-1-25\/thumbs\/thumbs_IMG_9432.jpeg\"\n               data-image-id=\"34371\"\n               data-title=\"li Cavistrau Grond 3253m; Kirche von Siat\"\n               data-description=\"li Cavistrau Grond 3253m; Kirche von Siat\"\n               data-image-slug=\"img_9432-3\"\n               class=\"shutterset_bf40f399976ba0351ed4ff7d02a04453\">\n                <img\n                    title=\"li Cavistrau Grond 3253m; Kirche von Siat\"\n                    alt=\"li Cavistrau Grond 3253m; Kirche von Siat\"\n                    src=\"http:\/\/www.freimarianne.ch\/wp-content\/gallery\/siat-falera-16-1-25\/cache\/IMG_9432.jpeg-nggid0534371-ngg0dyn-100x75x100-00f0w010c010r110f110r010t010.jpeg\"\n                    width=\"100\"\n                    height=\"75\"\n                    style=\"max-width:100%;\"\n                \/>\n            <\/a>\n        <\/div>\n\t\t\t\t\t\t\t<\/div> \n\t\t\t\n                            \n\t\t\t\t<div id=\"ngg-image-15\" class=\"ngg-gallery-thumbnail-box\" >\n\t\t\t\t        <div class=\"ngg-gallery-thumbnail\">\n            <a href=\"http:\/\/www.freimarianne.ch\/wp-content\/gallery\/siat-falera-16-1-25\/IMG_9434.jpeg\"\n               title=\"Kirche von Siat; Cavistrau Grond, Cavistrau pigne, Piz Trumpiv, Piz Frisal, vo Piz Dadens,  Piz Dado 2698m, re Bifertenstock\"\n               data-src=\"http:\/\/www.freimarianne.ch\/wp-content\/gallery\/siat-falera-16-1-25\/IMG_9434.jpeg\"\n               data-thumbnail=\"http:\/\/www.freimarianne.ch\/wp-content\/gallery\/siat-falera-16-1-25\/thumbs\/thumbs_IMG_9434.jpeg\"\n               data-image-id=\"34370\"\n               data-title=\"Kirche von Siat; Cavistrau Grond, Cavistrau pigne, Piz Trumpiv, Piz Frisal, vo Piz Dadens,  Piz Dado 2698m, re Bifertenstock\"\n               data-description=\"Kirche von Siat; Cavistrau Grond, Cavistrau pigne, Piz Trumpiv, Piz Frisal, vo Piz Dadens,  Piz Dado 2698m, re Bifertenstock\"\n               data-image-slug=\"img_9434-6\"\n               class=\"shutterset_bf40f399976ba0351ed4ff7d02a04453\">\n                <img\n                    title=\"Kirche von Siat; Cavistrau Grond, Cavistrau pigne, Piz Trumpiv, Piz Frisal, vo Piz Dadens,  Piz Dado 2698m, re Bifertenstock\"\n                    alt=\"Kirche von Siat; Cavistrau Grond, Cavistrau pigne, Piz Trumpiv, Piz Frisal, vo Piz Dadens,  Piz Dado 2698m, re Bifertenstock\"\n                    src=\"http:\/\/www.freimarianne.ch\/wp-content\/gallery\/siat-falera-16-1-25\/cache\/IMG_9434.jpeg-nggid0534370-ngg0dyn-100x75x100-00f0w010c010r110f110r010t010.jpeg\"\n                    width=\"100\"\n                    height=\"75\"\n                    style=\"max-width:100%;\"\n                \/>\n            <\/a>\n        <\/div>\n\t\t\t\t\t\t\t<\/div> \n\t\t\t\n                                    <br style=\"clear: both\" \/>\n                    \n\t\t\t\t<div id=\"ngg-image-16\" class=\"ngg-gallery-thumbnail-box\" >\n\t\t\t\t        <div class=\"ngg-gallery-thumbnail\">\n            <a href=\"http:\/\/www.freimarianne.ch\/wp-content\/gallery\/siat-falera-16-1-25\/IMG_9440.jpeg\"\n               title=\"Ruschein; li Grener Berg 2442m, Piz Cavel 2946m, Piz Gren 2890m, Piz Val Gronda  2820m, Piz Titschal 2550m, Piz Muraun  2897m, Garvera 2384m\"\n               data-src=\"http:\/\/www.freimarianne.ch\/wp-content\/gallery\/siat-falera-16-1-25\/IMG_9440.jpeg\"\n               data-thumbnail=\"http:\/\/www.freimarianne.ch\/wp-content\/gallery\/siat-falera-16-1-25\/thumbs\/thumbs_IMG_9440.jpeg\"\n               data-image-id=\"34369\"\n               data-title=\"Ruschein; li Grener Berg 2442m, Piz Cavel 2946m, Piz Gren 2890m, Piz Val Gronda  2820m, Piz Titschal 2550m, Piz Muraun  2897m, Garvera 2384m\"\n               data-description=\"Ruschein; li Grener Berg 2442m, Piz Cavel 2946m, Piz Gren 2890m, Piz Val Gronda  2820m, Piz Titschal 2550m, Piz Muraun  2897m, Garvera 2384m\"\n               data-image-slug=\"img_9440-1\"\n               class=\"shutterset_bf40f399976ba0351ed4ff7d02a04453\">\n                <img\n                    title=\"Ruschein; li Grener Berg 2442m, Piz Cavel 2946m, Piz Gren 2890m, Piz Val Gronda  2820m, Piz Titschal 2550m, Piz Muraun  2897m, Garvera 2384m\"\n                    alt=\"Ruschein; li Grener Berg 2442m, Piz Cavel 2946m, Piz Gren 2890m, Piz Val Gronda  2820m, Piz Titschal 2550m, Piz Muraun  2897m, Garvera 2384m\"\n                    src=\"http:\/\/www.freimarianne.ch\/wp-content\/gallery\/siat-falera-16-1-25\/cache\/IMG_9440.jpeg-nggid0534369-ngg0dyn-100x75x100-00f0w010c010r110f110r010t010.jpeg\"\n                    width=\"100\"\n                    height=\"75\"\n                    style=\"max-width:100%;\"\n                \/>\n            <\/a>\n        <\/div>\n\t\t\t\t\t\t\t<\/div> \n\t\t\t\n                            \n\t\t\t\t<div id=\"ngg-image-17\" class=\"ngg-gallery-thumbnail-box\" >\n\t\t\t\t        <div class=\"ngg-gallery-thumbnail\">\n            <a href=\"http:\/\/www.freimarianne.ch\/wp-content\/gallery\/siat-falera-16-1-25\/IMG_9442.jpeg\"\n               title=\"Ladir\"\n               data-src=\"http:\/\/www.freimarianne.ch\/wp-content\/gallery\/siat-falera-16-1-25\/IMG_9442.jpeg\"\n               data-thumbnail=\"http:\/\/www.freimarianne.ch\/wp-content\/gallery\/siat-falera-16-1-25\/thumbs\/thumbs_IMG_9442.jpeg\"\n               data-image-id=\"34368\"\n               data-title=\"Ladir\"\n               data-description=\"Ladir\"\n               data-image-slug=\"img_9442-3\"\n               class=\"shutterset_bf40f399976ba0351ed4ff7d02a04453\">\n                <img\n                    title=\"Ladir\"\n                    alt=\"Ladir\"\n                    src=\"http:\/\/www.freimarianne.ch\/wp-content\/gallery\/siat-falera-16-1-25\/cache\/IMG_9442.jpeg-nggid0534368-ngg0dyn-100x75x100-00f0w010c010r110f110r010t010.jpeg\"\n                    width=\"100\"\n                    height=\"75\"\n                    style=\"max-width:100%;\"\n                \/>\n            <\/a>\n        <\/div>\n\t\t\t\t\t\t\t<\/div> \n\t\t\t\n                            \n\t\t\t\t<div id=\"ngg-image-18\" class=\"ngg-gallery-thumbnail-box\" >\n\t\t\t\t        <div class=\"ngg-gallery-thumbnail\">\n            <a href=\"http:\/\/www.freimarianne.ch\/wp-content\/gallery\/siat-falera-16-1-25\/IMG_9444.jpeg\"\n               title=\"Kirche von Ladir; Piz  Riein 2761m, Piz Miezgi 2401m\"\n               data-src=\"http:\/\/www.freimarianne.ch\/wp-content\/gallery\/siat-falera-16-1-25\/IMG_9444.jpeg\"\n               data-thumbnail=\"http:\/\/www.freimarianne.ch\/wp-content\/gallery\/siat-falera-16-1-25\/thumbs\/thumbs_IMG_9444.jpeg\"\n               data-image-id=\"34367\"\n               data-title=\"Kirche von Ladir; Piz  Riein 2761m, Piz Miezgi 2401m\"\n               data-description=\"Kirche von Ladir; Piz  Riein 2761m, Piz Miezgi 2401m\"\n               data-image-slug=\"img_9444-1\"\n               class=\"shutterset_bf40f399976ba0351ed4ff7d02a04453\">\n                <img\n                    title=\"Kirche von Ladir; Piz  Riein 2761m, Piz Miezgi 2401m\"\n                    alt=\"Kirche von Ladir; Piz  Riein 2761m, Piz Miezgi 2401m\"\n                    src=\"http:\/\/www.freimarianne.ch\/wp-content\/gallery\/siat-falera-16-1-25\/cache\/IMG_9444.jpeg-nggid0534367-ngg0dyn-100x75x100-00f0w010c010r110f110r010t010.jpeg\"\n                    width=\"100\"\n                    height=\"75\"\n                    style=\"max-width:100%;\"\n                \/>\n            <\/a>\n        <\/div>\n\t\t\t\t\t\t\t<\/div> \n\t\t\t\n                            \n\t\t\t\t<div id=\"ngg-image-19\" class=\"ngg-gallery-thumbnail-box\" >\n\t\t\t\t        <div class=\"ngg-gallery-thumbnail\">\n            <a href=\"http:\/\/www.freimarianne.ch\/wp-content\/gallery\/siat-falera-16-1-25\/IMG_9445.jpeg\"\n               title=\"Blick zur\u00fcck auf Ladir\"\n               data-src=\"http:\/\/www.freimarianne.ch\/wp-content\/gallery\/siat-falera-16-1-25\/IMG_9445.jpeg\"\n               data-thumbnail=\"http:\/\/www.freimarianne.ch\/wp-content\/gallery\/siat-falera-16-1-25\/thumbs\/thumbs_IMG_9445.jpeg\"\n               data-image-id=\"34366\"\n               data-title=\"Blick zur\u00fcck auf Ladir\"\n               data-description=\"Blick zur\u00fcck auf Ladir\"\n               data-image-slug=\"img_9445-1\"\n               class=\"shutterset_bf40f399976ba0351ed4ff7d02a04453\">\n                <img\n                    title=\"Blick zur\u00fcck auf Ladir\"\n                    alt=\"Blick zur\u00fcck auf Ladir\"\n                    src=\"http:\/\/www.freimarianne.ch\/wp-content\/gallery\/siat-falera-16-1-25\/cache\/IMG_9445.jpeg-nggid0534366-ngg0dyn-100x75x100-00f0w010c010r110f110r010t010.jpeg\"\n                    width=\"100\"\n                    height=\"75\"\n                    style=\"max-width:100%;\"\n                \/>\n            <\/a>\n        <\/div>\n\t\t\t\t\t\t\t<\/div> \n\t\t\t\n                                    <br style=\"clear: both\" \/>\n                    \n\t\t\t\t<div id=\"ngg-image-20\" class=\"ngg-gallery-thumbnail-box\" >\n\t\t\t\t        <div class=\"ngg-gallery-thumbnail\">\n            <a href=\"http:\/\/www.freimarianne.ch\/wp-content\/gallery\/siat-falera-16-1-25\/IMG_9448.jpeg\"\n               title=\"oberhalb Ladir\"\n               data-src=\"http:\/\/www.freimarianne.ch\/wp-content\/gallery\/siat-falera-16-1-25\/IMG_9448.jpeg\"\n               data-thumbnail=\"http:\/\/www.freimarianne.ch\/wp-content\/gallery\/siat-falera-16-1-25\/thumbs\/thumbs_IMG_9448.jpeg\"\n               data-image-id=\"34365\"\n               data-title=\"oberhalb Ladir\"\n               data-description=\"oberhalb Ladir\"\n               data-image-slug=\"img_9448-2\"\n               class=\"shutterset_bf40f399976ba0351ed4ff7d02a04453\">\n                <img\n                    title=\"oberhalb Ladir\"\n                    alt=\"oberhalb Ladir\"\n                    src=\"http:\/\/www.freimarianne.ch\/wp-content\/gallery\/siat-falera-16-1-25\/cache\/IMG_9448.jpeg-nggid0534365-ngg0dyn-100x75x100-00f0w010c010r110f110r010t010.jpeg\"\n                    width=\"100\"\n                    height=\"75\"\n                    style=\"max-width:100%;\"\n                \/>\n            <\/a>\n        <\/div>\n\t\t\t\t\t\t\t<\/div> \n\t\t\t\n                            \n\t\t\t\t<div id=\"ngg-image-21\" class=\"ngg-gallery-thumbnail-box\" >\n\t\t\t\t        <div class=\"ngg-gallery-thumbnail\">\n            <a href=\"http:\/\/www.freimarianne.ch\/wp-content\/gallery\/siat-falera-16-1-25\/IMG_9449.jpeg\"\n               title=\"Blick zur\u00fcck auf den Piz Mundaun\"\n               data-src=\"http:\/\/www.freimarianne.ch\/wp-content\/gallery\/siat-falera-16-1-25\/IMG_9449.jpeg\"\n               data-thumbnail=\"http:\/\/www.freimarianne.ch\/wp-content\/gallery\/siat-falera-16-1-25\/thumbs\/thumbs_IMG_9449.jpeg\"\n               data-image-id=\"34360\"\n               data-title=\"Blick zur\u00fcck auf den Piz Mundaun\"\n               data-description=\"Blick zur\u00fcck auf den Piz Mundaun\"\n               data-image-slug=\"img_9449-1\"\n               class=\"shutterset_bf40f399976ba0351ed4ff7d02a04453\">\n                <img\n                    title=\"Blick zur\u00fcck auf den Piz Mundaun\"\n                    alt=\"Blick zur\u00fcck auf den Piz Mundaun\"\n                    src=\"http:\/\/www.freimarianne.ch\/wp-content\/gallery\/siat-falera-16-1-25\/cache\/IMG_9449.jpeg-nggid0534360-ngg0dyn-100x75x100-00f0w010c010r110f110r010t010.jpeg\"\n                    width=\"100\"\n                    height=\"67\"\n                    style=\"max-width:100%;\"\n                \/>\n            <\/a>\n        <\/div>\n\t\t\t\t\t\t\t<\/div> \n\t\t\t\n                            \n\t\t\t\t<div id=\"ngg-image-22\" class=\"ngg-gallery-thumbnail-box\" >\n\t\t\t\t        <div class=\"ngg-gallery-thumbnail\">\n            <a href=\"http:\/\/www.freimarianne.ch\/wp-content\/gallery\/siat-falera-16-1-25\/IMG_9450.jpeg\"\n               title=\"Blick zur\u00fcck auf den Piz Mundaun\"\n               data-src=\"http:\/\/www.freimarianne.ch\/wp-content\/gallery\/siat-falera-16-1-25\/IMG_9450.jpeg\"\n               data-thumbnail=\"http:\/\/www.freimarianne.ch\/wp-content\/gallery\/siat-falera-16-1-25\/thumbs\/thumbs_IMG_9450.jpeg\"\n               data-image-id=\"34361\"\n               data-title=\"Blick zur\u00fcck auf den Piz Mundaun\"\n               data-description=\"Blick zur\u00fcck auf den Piz Mundaun\"\n               data-image-slug=\"img_9450-3\"\n               class=\"shutterset_bf40f399976ba0351ed4ff7d02a04453\">\n                <img\n                    title=\"Blick zur\u00fcck auf den Piz Mundaun\"\n                    alt=\"Blick zur\u00fcck auf den Piz Mundaun\"\n                    src=\"http:\/\/www.freimarianne.ch\/wp-content\/gallery\/siat-falera-16-1-25\/cache\/IMG_9450.jpeg-nggid0534361-ngg0dyn-100x75x100-00f0w010c010r110f110r010t010.jpeg\"\n                    width=\"100\"\n                    height=\"75\"\n                    style=\"max-width:100%;\"\n                \/>\n            <\/a>\n        <\/div>\n\t\t\t\t\t\t\t<\/div> \n\t\t\t\n                            \n\t\t\t\t<div id=\"ngg-image-23\" class=\"ngg-gallery-thumbnail-box\" >\n\t\t\t\t        <div class=\"ngg-gallery-thumbnail\">\n            <a href=\"http:\/\/www.freimarianne.ch\/wp-content\/gallery\/siat-falera-16-1-25\/IMG_9451.jpeg\"\n               title=\"Blick gegen Flimser Skigebiet\"\n               data-src=\"http:\/\/www.freimarianne.ch\/wp-content\/gallery\/siat-falera-16-1-25\/IMG_9451.jpeg\"\n               data-thumbnail=\"http:\/\/www.freimarianne.ch\/wp-content\/gallery\/siat-falera-16-1-25\/thumbs\/thumbs_IMG_9451.jpeg\"\n               data-image-id=\"34364\"\n               data-title=\"Blick gegen Flimser Skigebiet\"\n               data-description=\"Blick gegen Flimser Skigebiet\"\n               data-image-slug=\"img_9451\"\n               class=\"shutterset_bf40f399976ba0351ed4ff7d02a04453\">\n                <img\n                    title=\"Blick gegen Flimser Skigebiet\"\n                    alt=\"Blick gegen Flimser Skigebiet\"\n                    src=\"http:\/\/www.freimarianne.ch\/wp-content\/gallery\/siat-falera-16-1-25\/cache\/IMG_9451.jpeg-nggid0534364-ngg0dyn-100x75x100-00f0w010c010r110f110r010t010.jpeg\"\n                    width=\"100\"\n                    height=\"75\"\n                    style=\"max-width:100%;\"\n                \/>\n            <\/a>\n        <\/div>\n\t\t\t\t\t\t\t<\/div> \n\t\t\t\n                                    <br style=\"clear: both\" \/>\n                    \n\t\t\t\t<div id=\"ngg-image-24\" class=\"ngg-gallery-thumbnail-box\" >\n\t\t\t\t        <div class=\"ngg-gallery-thumbnail\">\n            <a href=\"http:\/\/www.freimarianne.ch\/wp-content\/gallery\/siat-falera-16-1-25\/IMG_9452.jpeg\"\n               title=\"Blick gegen Falera\"\n               data-src=\"http:\/\/www.freimarianne.ch\/wp-content\/gallery\/siat-falera-16-1-25\/IMG_9452.jpeg\"\n               data-thumbnail=\"http:\/\/www.freimarianne.ch\/wp-content\/gallery\/siat-falera-16-1-25\/thumbs\/thumbs_IMG_9452.jpeg\"\n               data-image-id=\"34363\"\n               data-title=\"Blick gegen Falera\"\n               data-description=\"Blick gegen Falera\"\n               data-image-slug=\"img_9452-4\"\n               class=\"shutterset_bf40f399976ba0351ed4ff7d02a04453\">\n                <img\n                    title=\"Blick gegen Falera\"\n                    alt=\"Blick gegen Falera\"\n                    src=\"http:\/\/www.freimarianne.ch\/wp-content\/gallery\/siat-falera-16-1-25\/cache\/IMG_9452.jpeg-nggid0534363-ngg0dyn-100x75x100-00f0w010c010r110f110r010t010.jpeg\"\n                    width=\"100\"\n                    height=\"75\"\n                    style=\"max-width:100%;\"\n                \/>\n            <\/a>\n        <\/div>\n\t\t\t\t\t\t\t<\/div> \n\t\t\t\n                            \n\t\t\t\t<div id=\"ngg-image-25\" class=\"ngg-gallery-thumbnail-box\" >\n\t\t\t\t        <div class=\"ngg-gallery-thumbnail\">\n            <a href=\"http:\/\/www.freimarianne.ch\/wp-content\/gallery\/siat-falera-16-1-25\/IMG_9461.jpeg\"\n               title=\"gegen Falera\"\n               data-src=\"http:\/\/www.freimarianne.ch\/wp-content\/gallery\/siat-falera-16-1-25\/IMG_9461.jpeg\"\n               data-thumbnail=\"http:\/\/www.freimarianne.ch\/wp-content\/gallery\/siat-falera-16-1-25\/thumbs\/thumbs_IMG_9461.jpeg\"\n               data-image-id=\"34362\"\n               data-title=\"gegen Falera\"\n               data-description=\"gegen Falera\"\n               data-image-slug=\"img_9461-1\"\n               class=\"shutterset_bf40f399976ba0351ed4ff7d02a04453\">\n                <img\n                    title=\"gegen Falera\"\n                    alt=\"gegen Falera\"\n                    src=\"http:\/\/www.freimarianne.ch\/wp-content\/gallery\/siat-falera-16-1-25\/cache\/IMG_9461.jpeg-nggid0534362-ngg0dyn-100x75x100-00f0w010c010r110f110r010t010.jpeg\"\n                    width=\"100\"\n                    height=\"75\"\n                    style=\"max-width:100%;\"\n                \/>\n            <\/a>\n        <\/div>\n\t\t\t\t\t\t\t<\/div> \n\t\t\t\n                            \n\t\t\t\t<div id=\"ngg-image-26\" class=\"ngg-gallery-thumbnail-box\" >\n\t\t\t\t        <div class=\"ngg-gallery-thumbnail\">\n            <a href=\"http:\/\/www.freimarianne.ch\/wp-content\/gallery\/siat-falera-16-1-25\/IMG_9462.jpeg\"\n               title=\"gegen Falera\"\n               data-src=\"http:\/\/www.freimarianne.ch\/wp-content\/gallery\/siat-falera-16-1-25\/IMG_9462.jpeg\"\n               data-thumbnail=\"http:\/\/www.freimarianne.ch\/wp-content\/gallery\/siat-falera-16-1-25\/thumbs\/thumbs_IMG_9462.jpeg\"\n               data-image-id=\"34359\"\n               data-title=\"gegen Falera\"\n               data-description=\"gegen Falera\"\n               data-image-slug=\"img_9462-3\"\n               class=\"shutterset_bf40f399976ba0351ed4ff7d02a04453\">\n                <img\n                    title=\"gegen Falera\"\n                    alt=\"gegen Falera\"\n                    src=\"http:\/\/www.freimarianne.ch\/wp-content\/gallery\/siat-falera-16-1-25\/cache\/IMG_9462.jpeg-nggid0534359-ngg0dyn-100x75x100-00f0w010c010r110f110r010t010.jpeg\"\n                    width=\"100\"\n                    height=\"75\"\n                    style=\"max-width:100%;\"\n                \/>\n            <\/a>\n        <\/div>\n\t\t\t\t\t\t\t<\/div> \n\t\t\t\n                            \n\t\t\n\t\t<!-- Pagination -->\n\t<div class='ngg-clear'><\/div>\t<\/div>\n\n\n\n\n<!-- index.php -->\n<div\n\tclass=\"ngg-galleryoverview ngg-ajax-pagination-none\"\n\tid=\"ngg-gallery-08a40bc68e8d9d279dc4b74608c9c933-1\">\n\n    \t<div class=\"slideshowlink\">\n        <a href='http:\/\/www.freimarianne.ch\/index.php\/nggallery\/slideshow?page_id=66861'>[Show as slideshow]<\/a>\n\t\t\n\t<\/div>\n\t\t\t<!-- Thumbnails -->\n\t\t\t\t<div id=\"ngg-image-0\" class=\"ngg-gallery-thumbnail-box\" >\n\t\t\t\t        <div class=\"ngg-gallery-thumbnail\">\n            <a href=\"http:\/\/www.freimarianne.ch\/wp-content\/gallery\/siat-falera-iph-16-1-25\/IMG_8808.jpeg\"\n               title=\"das Dorf Siat\"\n               data-src=\"http:\/\/www.freimarianne.ch\/wp-content\/gallery\/siat-falera-iph-16-1-25\/IMG_8808.jpeg\"\n               data-thumbnail=\"http:\/\/www.freimarianne.ch\/wp-content\/gallery\/siat-falera-iph-16-1-25\/thumbs\/thumbs_IMG_8808.jpeg\"\n               data-image-id=\"34395\"\n               data-title=\"das Dorf Siat\"\n               data-description=\"das Dorf Siat\"\n               data-image-slug=\"img_8808-4\"\n               class=\"shutterset_08a40bc68e8d9d279dc4b74608c9c933\">\n                <img\n                    title=\"das Dorf Siat\"\n                    alt=\"das Dorf Siat\"\n                    src=\"http:\/\/www.freimarianne.ch\/wp-content\/gallery\/siat-falera-iph-16-1-25\/cache\/IMG_8808.jpeg-nggid0534395-ngg0dyn-100x75x100-00f0w010c010r110f110r010t010.jpeg\"\n                    width=\"100\"\n                    height=\"75\"\n                    style=\"max-width:100%;\"\n                \/>\n            <\/a>\n        <\/div>\n\t\t\t\t\t\t\t<\/div> \n\t\t\t\n                            \n\t\t\t\t<div id=\"ngg-image-1\" class=\"ngg-gallery-thumbnail-box\" >\n\t\t\t\t        <div class=\"ngg-gallery-thumbnail\">\n            <a href=\"http:\/\/www.freimarianne.ch\/wp-content\/gallery\/siat-falera-iph-16-1-25\/IMG_8807.jpeg\"\n               title=\"das Dorf Siat\"\n               data-src=\"http:\/\/www.freimarianne.ch\/wp-content\/gallery\/siat-falera-iph-16-1-25\/IMG_8807.jpeg\"\n               data-thumbnail=\"http:\/\/www.freimarianne.ch\/wp-content\/gallery\/siat-falera-iph-16-1-25\/thumbs\/thumbs_IMG_8807.jpeg\"\n               data-image-id=\"34394\"\n               data-title=\"das Dorf Siat\"\n               data-description=\"das Dorf Siat\"\n               data-image-slug=\"img_8807-4\"\n               class=\"shutterset_08a40bc68e8d9d279dc4b74608c9c933\">\n                <img\n                    title=\"das Dorf Siat\"\n                    alt=\"das Dorf Siat\"\n                    src=\"http:\/\/www.freimarianne.ch\/wp-content\/gallery\/siat-falera-iph-16-1-25\/cache\/IMG_8807.jpeg-nggid0534394-ngg0dyn-100x75x100-00f0w010c010r110f110r010t010.jpeg\"\n                    width=\"100\"\n                    height=\"75\"\n                    style=\"max-width:100%;\"\n                \/>\n            <\/a>\n        <\/div>\n\t\t\t\t\t\t\t<\/div> \n\t\t\t\n                            \n\t\t\t\t<div id=\"ngg-image-2\" class=\"ngg-gallery-thumbnail-box\" >\n\t\t\t\t        <div class=\"ngg-gallery-thumbnail\">\n            <a href=\"http:\/\/www.freimarianne.ch\/wp-content\/gallery\/siat-falera-iph-16-1-25\/IMG_8805.jpeg\"\n               title=\"das Dorf Siat\"\n               data-src=\"http:\/\/www.freimarianne.ch\/wp-content\/gallery\/siat-falera-iph-16-1-25\/IMG_8805.jpeg\"\n               data-thumbnail=\"http:\/\/www.freimarianne.ch\/wp-content\/gallery\/siat-falera-iph-16-1-25\/thumbs\/thumbs_IMG_8805.jpeg\"\n               data-image-id=\"34393\"\n               data-title=\"das Dorf Siat\"\n               data-description=\"das Dorf Siat\"\n               data-image-slug=\"img_8805-3\"\n               class=\"shutterset_08a40bc68e8d9d279dc4b74608c9c933\">\n                <img\n                    title=\"das Dorf Siat\"\n                    alt=\"das Dorf Siat\"\n                    src=\"http:\/\/www.freimarianne.ch\/wp-content\/gallery\/siat-falera-iph-16-1-25\/cache\/IMG_8805.jpeg-nggid0534393-ngg0dyn-100x75x100-00f0w010c010r110f110r010t010.jpeg\"\n                    width=\"100\"\n                    height=\"75\"\n                    style=\"max-width:100%;\"\n                \/>\n            <\/a>\n        <\/div>\n\t\t\t\t\t\t\t<\/div> \n\t\t\t\n                            \n\t\t\t\t<div id=\"ngg-image-3\" class=\"ngg-gallery-thumbnail-box\" >\n\t\t\t\t        <div class=\"ngg-gallery-thumbnail\">\n            <a href=\"http:\/\/www.freimarianne.ch\/wp-content\/gallery\/siat-falera-iph-16-1-25\/IMG_8771.jpeg\"\n               title=\"das Dorf Siat\"\n               data-src=\"http:\/\/www.freimarianne.ch\/wp-content\/gallery\/siat-falera-iph-16-1-25\/IMG_8771.jpeg\"\n               data-thumbnail=\"http:\/\/www.freimarianne.ch\/wp-content\/gallery\/siat-falera-iph-16-1-25\/thumbs\/thumbs_IMG_8771.jpeg\"\n               data-image-id=\"34392\"\n               data-title=\"das Dorf Siat\"\n               data-description=\"das Dorf Siat\"\n               data-image-slug=\"img_8771-5\"\n               class=\"shutterset_08a40bc68e8d9d279dc4b74608c9c933\">\n                <img\n                    title=\"das Dorf Siat\"\n                    alt=\"das Dorf Siat\"\n                    src=\"http:\/\/www.freimarianne.ch\/wp-content\/gallery\/siat-falera-iph-16-1-25\/cache\/IMG_8771.jpeg-nggid0534392-ngg0dyn-100x75x100-00f0w010c010r110f110r010t010.jpeg\"\n                    width=\"100\"\n                    height=\"75\"\n                    style=\"max-width:100%;\"\n                \/>\n            <\/a>\n        <\/div>\n\t\t\t\t\t\t\t<\/div> \n\t\t\t\n                                    <br style=\"clear: both\" \/>\n                    \n\t\t\t\t<div id=\"ngg-image-4\" class=\"ngg-gallery-thumbnail-box\" >\n\t\t\t\t        <div class=\"ngg-gallery-thumbnail\">\n            <a href=\"http:\/\/www.freimarianne.ch\/wp-content\/gallery\/siat-falera-iph-16-1-25\/IMG_8801.jpeg\"\n               title=\"Sicht gegen Piz Riein\"\n               data-src=\"http:\/\/www.freimarianne.ch\/wp-content\/gallery\/siat-falera-iph-16-1-25\/IMG_8801.jpeg\"\n               data-thumbnail=\"http:\/\/www.freimarianne.ch\/wp-content\/gallery\/siat-falera-iph-16-1-25\/thumbs\/thumbs_IMG_8801.jpeg\"\n               data-image-id=\"34386\"\n               data-title=\"Sicht gegen Piz Riein\"\n               data-description=\"Sicht gegen Piz Riein\"\n               data-image-slug=\"img_8801-2\"\n               class=\"shutterset_08a40bc68e8d9d279dc4b74608c9c933\">\n                <img\n                    title=\"Sicht gegen Piz Riein\"\n                    alt=\"Sicht gegen Piz Riein\"\n                    src=\"http:\/\/www.freimarianne.ch\/wp-content\/gallery\/siat-falera-iph-16-1-25\/cache\/IMG_8801.jpeg-nggid0534386-ngg0dyn-100x75x100-00f0w010c010r110f110r010t010.jpeg\"\n                    width=\"100\"\n                    height=\"75\"\n                    style=\"max-width:100%;\"\n                \/>\n            <\/a>\n        <\/div>\n\t\t\t\t\t\t\t<\/div> \n\t\t\t\n                            \n\t\t\t\t<div id=\"ngg-image-5\" class=\"ngg-gallery-thumbnail-box\" >\n\t\t\t\t        <div class=\"ngg-gallery-thumbnail\">\n            <a href=\"http:\/\/www.freimarianne.ch\/wp-content\/gallery\/siat-falera-iph-16-1-25\/IMG_8795.jpeg\"\n               title=\"Ruschein\"\n               data-src=\"http:\/\/www.freimarianne.ch\/wp-content\/gallery\/siat-falera-iph-16-1-25\/IMG_8795.jpeg\"\n               data-thumbnail=\"http:\/\/www.freimarianne.ch\/wp-content\/gallery\/siat-falera-iph-16-1-25\/thumbs\/thumbs_IMG_8795.jpeg\"\n               data-image-id=\"34391\"\n               data-title=\"Ruschein\"\n               data-description=\"Ruschein\"\n               data-image-slug=\"img_8795-1\"\n               class=\"shutterset_08a40bc68e8d9d279dc4b74608c9c933\">\n                <img\n                    title=\"Ruschein\"\n                    alt=\"Ruschein\"\n                    src=\"http:\/\/www.freimarianne.ch\/wp-content\/gallery\/siat-falera-iph-16-1-25\/cache\/IMG_8795.jpeg-nggid0534391-ngg0dyn-100x75x100-00f0w010c010r110f110r010t010.jpeg\"\n                    width=\"100\"\n                    height=\"75\"\n                    style=\"max-width:100%;\"\n                \/>\n            <\/a>\n        <\/div>\n\t\t\t\t\t\t\t<\/div> \n\t\t\t\n                            \n\t\t\t\t<div id=\"ngg-image-6\" class=\"ngg-gallery-thumbnail-box\" >\n\t\t\t\t        <div class=\"ngg-gallery-thumbnail\">\n            <a href=\"http:\/\/www.freimarianne.ch\/wp-content\/gallery\/siat-falera-iph-16-1-25\/IMG_8800.jpeg\"\n               title=\"\"\n               data-src=\"http:\/\/www.freimarianne.ch\/wp-content\/gallery\/siat-falera-iph-16-1-25\/IMG_8800.jpeg\"\n               data-thumbnail=\"http:\/\/www.freimarianne.ch\/wp-content\/gallery\/siat-falera-iph-16-1-25\/thumbs\/thumbs_IMG_8800.jpeg\"\n               data-image-id=\"34388\"\n               data-title=\"IMG_8800\"\n               data-description=\"\"\n               data-image-slug=\"img_8800\"\n               class=\"shutterset_08a40bc68e8d9d279dc4b74608c9c933\">\n                <img\n                    title=\"IMG_8800\"\n                    alt=\"IMG_8800\"\n                    src=\"http:\/\/www.freimarianne.ch\/wp-content\/gallery\/siat-falera-iph-16-1-25\/cache\/IMG_8800.jpeg-nggid0534388-ngg0dyn-100x75x100-00f0w010c010r110f110r010t010.jpeg\"\n                    width=\"100\"\n                    height=\"75\"\n                    style=\"max-width:100%;\"\n                \/>\n            <\/a>\n        <\/div>\n\t\t\t\t\t\t\t<\/div> \n\t\t\t\n                            \n\t\t\t\t<div id=\"ngg-image-7\" class=\"ngg-gallery-thumbnail-box\" >\n\t\t\t\t        <div class=\"ngg-gallery-thumbnail\">\n            <a href=\"http:\/\/www.freimarianne.ch\/wp-content\/gallery\/siat-falera-iph-16-1-25\/IMG_8792.jpeg\"\n               title=\"Ladir\"\n               data-src=\"http:\/\/www.freimarianne.ch\/wp-content\/gallery\/siat-falera-iph-16-1-25\/IMG_8792.jpeg\"\n               data-thumbnail=\"http:\/\/www.freimarianne.ch\/wp-content\/gallery\/siat-falera-iph-16-1-25\/thumbs\/thumbs_IMG_8792.jpeg\"\n               data-image-id=\"34389\"\n               data-title=\"Ladir\"\n               data-description=\"Ladir\"\n               data-image-slug=\"img_8792-2\"\n               class=\"shutterset_08a40bc68e8d9d279dc4b74608c9c933\">\n                <img\n                    title=\"Ladir\"\n                    alt=\"Ladir\"\n                    src=\"http:\/\/www.freimarianne.ch\/wp-content\/gallery\/siat-falera-iph-16-1-25\/cache\/IMG_8792.jpeg-nggid0534389-ngg0dyn-100x75x100-00f0w010c010r110f110r010t010.jpeg\"\n                    width=\"100\"\n                    height=\"75\"\n                    style=\"max-width:100%;\"\n                \/>\n            <\/a>\n        <\/div>\n\t\t\t\t\t\t\t<\/div> \n\t\t\t\n                                    <br style=\"clear: both\" \/>\n                    \n\t\t\t\t<div id=\"ngg-image-8\" class=\"ngg-gallery-thumbnail-box\" >\n\t\t\t\t        <div class=\"ngg-gallery-thumbnail\">\n            <a href=\"http:\/\/www.freimarianne.ch\/wp-content\/gallery\/siat-falera-iph-16-1-25\/IMG_8794.jpeg\"\n               title=\"\"\n               data-src=\"http:\/\/www.freimarianne.ch\/wp-content\/gallery\/siat-falera-iph-16-1-25\/IMG_8794.jpeg\"\n               data-thumbnail=\"http:\/\/www.freimarianne.ch\/wp-content\/gallery\/siat-falera-iph-16-1-25\/thumbs\/thumbs_IMG_8794.jpeg\"\n               data-image-id=\"34390\"\n               data-title=\"IMG_8794\"\n               data-description=\"\"\n               data-image-slug=\"img_8794-4\"\n               class=\"shutterset_08a40bc68e8d9d279dc4b74608c9c933\">\n                <img\n                    title=\"IMG_8794\"\n                    alt=\"IMG_8794\"\n                    src=\"http:\/\/www.freimarianne.ch\/wp-content\/gallery\/siat-falera-iph-16-1-25\/cache\/IMG_8794.jpeg-nggid0534390-ngg0dyn-100x75x100-00f0w010c010r110f110r010t010.jpeg\"\n                    width=\"100\"\n                    height=\"75\"\n                    style=\"max-width:100%;\"\n                \/>\n            <\/a>\n        <\/div>\n\t\t\t\t\t\t\t<\/div> \n\t\t\t\n                            \n\t\t\t\t<div id=\"ngg-image-9\" class=\"ngg-gallery-thumbnail-box\" >\n\t\t\t\t        <div class=\"ngg-gallery-thumbnail\">\n            <a href=\"http:\/\/www.freimarianne.ch\/wp-content\/gallery\/siat-falera-iph-16-1-25\/IMG_8789.jpeg\"\n               title=\"\"\n               data-src=\"http:\/\/www.freimarianne.ch\/wp-content\/gallery\/siat-falera-iph-16-1-25\/IMG_8789.jpeg\"\n               data-thumbnail=\"http:\/\/www.freimarianne.ch\/wp-content\/gallery\/siat-falera-iph-16-1-25\/thumbs\/thumbs_IMG_8789.jpeg\"\n               data-image-id=\"34387\"\n               data-title=\"IMG_8789\"\n               data-description=\"\"\n               data-image-slug=\"img_8789-5\"\n               class=\"shutterset_08a40bc68e8d9d279dc4b74608c9c933\">\n                <img\n                    title=\"IMG_8789\"\n                    alt=\"IMG_8789\"\n                    src=\"http:\/\/www.freimarianne.ch\/wp-content\/gallery\/siat-falera-iph-16-1-25\/cache\/IMG_8789.jpeg-nggid0534387-ngg0dyn-100x75x100-00f0w010c010r110f110r010t010.jpeg\"\n                    width=\"100\"\n                    height=\"75\"\n                    style=\"max-width:100%;\"\n                \/>\n            <\/a>\n        <\/div>\n\t\t\t\t\t\t\t<\/div> \n\t\t\t\n                            \n\t\t\n\t\t<!-- Pagination -->\n\t<div class='ngg-clear'><\/div>\t<\/div>\n\n","protected":false},"excerpt":{"rendered":"<p>Winterwanderung von Siat nach Falera Heute m\u00f6chte ich den Winterwanderweg von Siat in der Surselva nach Falera machen. Auf der Fahrt von Chur Richtung Illanz wird es mir bald klar, dass ich am S\u00fcdhang nicht mit viel Schnee rechnen kann. Von Illanz fahre ich mit dem Bus hinauf ins nette Dorf Siat 1302m, in welchem [&hellip;]<\/p>\n","protected":false},"author":1,"featured_media":0,"parent":66591,"menu_order":10,"comment_status":"closed","ping_status":"closed","template":"","meta":{"ngg_post_thumbnail":0},"_links":{"self":[{"href":"http:\/\/www.freimarianne.ch\/index.php?rest_route=\/wp\/v2\/pages\/66861"}],"collection":[{"href":"http:\/\/www.freimarianne.ch\/index.php?rest_route=\/wp\/v2\/pages"}],"about":[{"href":"http:\/\/www.freimarianne.ch\/index.php?rest_route=\/wp\/v2\/types\/page"}],"author":[{"embeddable":true,"href":"http:\/\/www.freimarianne.ch\/index.php?rest_route=\/wp\/v2\/users\/1"}],"replies":[{"embeddable":true,"href":"http:\/\/www.freimarianne.ch\/index.php?rest_route=%2Fwp%2Fv2%2Fcomments&post=66861"}],"version-history":[{"count":3,"href":"http:\/\/www.freimarianne.ch\/index.php?rest_route=\/wp\/v2\/pages\/66861\/revisions"}],"predecessor-version":[{"id":66983,"href":"http:\/\/www.freimarianne.ch\/index.php?rest_route=\/wp\/v2\/pages\/66861\/revisions\/66983"}],"up":[{"embeddable":true,"href":"http:\/\/www.freimarianne.ch\/index.php?rest_route=\/wp\/v2\/pages\/66591"}],"wp:attachment":[{"href":"http:\/\/www.freimarianne.ch\/index.php?rest_route=%2Fwp%2Fv2%2Fmedia&parent=66861"}],"curies":[{"name":"wp","href":"https:\/\/api.w.org\/{rel}","templated":true}]}}