{"id":69580,"date":"2025-12-10T09:27:07","date_gmt":"2025-12-10T08:27:07","guid":{"rendered":"https:\/\/www.freimarianne.ch\/?page_id=69580"},"modified":"2025-12-10T09:57:00","modified_gmt":"2025-12-10T08:57:00","slug":"riederalp-bettmeralp-vs-29-11-2025","status":"publish","type":"page","link":"http:\/\/www.freimarianne.ch\/?page_id=69580","title":{"rendered":"Riederalp &#8211; Bettmeralp VS  29.11.2025"},"content":{"rendered":"<div id=\"attachment_69574\" style=\"width: 510px\" class=\"wp-caption alignleft\"><img aria-describedby=\"caption-attachment-69574\" loading=\"lazy\" class=\"size-full wp-image-69574\" src=\"http:\/\/www.freimarianne.ch\/wp-content\/uploads\/2025\/12\/IMG_3069_riederalp_11.25_500.jpeg\" alt=\"\" width=\"500\" height=\"375\" srcset=\"http:\/\/www.freimarianne.ch\/wp-content\/uploads\/2025\/12\/IMG_3069_riederalp_11.25_500.jpeg 500w, http:\/\/www.freimarianne.ch\/wp-content\/uploads\/2025\/12\/IMG_3069_riederalp_11.25_500-300x225.jpeg 300w, http:\/\/www.freimarianne.ch\/wp-content\/uploads\/2025\/12\/IMG_3069_riederalp_11.25_500-400x300.jpeg 400w\" sizes=\"(max-width: 500px) 100vw, 500px\" \/><p id=\"caption-attachment-69574\" class=\"wp-caption-text\">Bettmeralp<\/p><\/div>\n<p>Nach dem fr\u00fchen Wintereinbruch in der Schweiz scheint wieder die Sonne. So fahre ich &#8211; wie schon in fr\u00fcheren Jahren &#8211; nach Saanenm\u00f6ser. Der Winterwanderweg von dort nach Gstaad ist in dieser Jahreszeit immer irgendwie etwas gespurt! In Saanenm\u00f6ser erwartet mich eine sehr winterliche Stimmung: alles ist frisch verschneit und wirkt wie verzaubert. Wundersch\u00f6n ist es, durch die frische verschneite Landschaft zu wandern und die Stille und Einsamkeit zu geniessen! Nat\u00fcrlich verlockt diese Schneelandschaft zum Fotografieren ! Zur Mittagszeit erreiche ich die einzige Bank unterwegs, die leider besetzt ist. So muss sich meinen Mittagshalt verschieben ! Bei der Abzweigung nach Saanen w\u00e4hle ich zum ersten Mal diese Richtung, um diese Route kennenzulernen. Auch hier gibt es Stellen im tiefen Schnee. Die Spur f\u00fchrt an den ersten H\u00e4usern von Saanen vorbei zur Hauptstrass, die ich \u00fcberquere. Von dort aus f\u00fchrt der Wanderweg hinunter zum Bach Saane, an welchem ich nun entlang wandere. Hier ist es wieder k\u00e4lter. Auf einer Bank mache ich eine Rast. Der herunterfallende Schnee aber treibt mich bald wieder weiter. Ich gelange dann zu einer Abzweigung links, die ich intuitiv nehme. So gelange ich nach Ebnit,Unter.Gstaad. Ich quere auf einer Br\u00fccke die Umfahrungsstrasse und gelange so zum Bahnhof.<\/p>\n<p>Dies war ein wundersch\u00f6nes Winter Erlebnis, wobei die Bahnfahrten durch die winterliche Landschaften auch dazu geh\u00f6rten.<\/p>\n\n\n<!-- index.php -->\n<div\n\tclass=\"ngg-galleryoverview ngg-ajax-pagination-none\"\n\tid=\"ngg-gallery-7d8c07a75ba7fb91d4a6a83c02ba96d8-1\">\n\n    \t<div class=\"slideshowlink\">\n        <a href='http:\/\/www.freimarianne.ch\/index.php\/nggallery\/slideshow?page_id=69580'>[Show as slideshow]<\/a>\n\t\t\n\t<\/div>\n\t\t\t<!-- Thumbnails -->\n\t\t\t\t<div id=\"ngg-image-0\" class=\"ngg-gallery-thumbnail-box\" >\n\t\t\t\t        <div class=\"ngg-gallery-thumbnail\">\n            <a href=\"http:\/\/www.freimarianne.ch\/wp-content\/gallery\/riederalp-bettmeralp-29-11-25\/IMG_3054.jpeg\"\n               title=\"Rierderalp\"\n               data-src=\"http:\/\/www.freimarianne.ch\/wp-content\/gallery\/riederalp-bettmeralp-29-11-25\/IMG_3054.jpeg\"\n               data-thumbnail=\"http:\/\/www.freimarianne.ch\/wp-content\/gallery\/riederalp-bettmeralp-29-11-25\/thumbs\/thumbs_IMG_3054.jpeg\"\n               data-image-id=\"36341\"\n               data-title=\"Rierderalp\"\n               data-description=\"Rierderalp\"\n               data-image-slug=\"img_3054-2\"\n               class=\"shutterset_7d8c07a75ba7fb91d4a6a83c02ba96d8\">\n                <img\n                    title=\"Rierderalp\"\n                    alt=\"Rierderalp\"\n                    src=\"http:\/\/www.freimarianne.ch\/wp-content\/gallery\/riederalp-bettmeralp-29-11-25\/cache\/IMG_3054.jpeg-nggid0536341-ngg0dyn-100x75x100-00f0w010c010r110f110r010t010.jpeg\"\n                    width=\"100\"\n                    height=\"75\"\n                    style=\"max-width:100%;\"\n                \/>\n            <\/a>\n        <\/div>\n\t\t\t\t\t\t\t<\/div> \n\t\t\t\n                            \n\t\t\t\t<div id=\"ngg-image-1\" class=\"ngg-gallery-thumbnail-box\" >\n\t\t\t\t        <div class=\"ngg-gallery-thumbnail\">\n            <a href=\"http:\/\/www.freimarianne.ch\/wp-content\/gallery\/riederalp-bettmeralp-29-11-25\/IMG_3057.jpeg\"\n               title=\"Winteridyll Riederalp\"\n               data-src=\"http:\/\/www.freimarianne.ch\/wp-content\/gallery\/riederalp-bettmeralp-29-11-25\/IMG_3057.jpeg\"\n               data-thumbnail=\"http:\/\/www.freimarianne.ch\/wp-content\/gallery\/riederalp-bettmeralp-29-11-25\/thumbs\/thumbs_IMG_3057.jpeg\"\n               data-image-id=\"36340\"\n               data-title=\"Winteridyll Riederalp\"\n               data-description=\"Winteridyll Riederalp\"\n               data-image-slug=\"img_3057-3\"\n               class=\"shutterset_7d8c07a75ba7fb91d4a6a83c02ba96d8\">\n                <img\n                    title=\"Winteridyll Riederalp\"\n                    alt=\"Winteridyll Riederalp\"\n                    src=\"http:\/\/www.freimarianne.ch\/wp-content\/gallery\/riederalp-bettmeralp-29-11-25\/cache\/IMG_3057.jpeg-nggid0536340-ngg0dyn-100x75x100-00f0w010c010r110f110r010t010.jpeg\"\n                    width=\"96\"\n                    height=\"75\"\n                    style=\"max-width:100%;\"\n                \/>\n            <\/a>\n        <\/div>\n\t\t\t\t\t\t\t<\/div> \n\t\t\t\n                            \n\t\t\t\t<div id=\"ngg-image-2\" class=\"ngg-gallery-thumbnail-box\" >\n\t\t\t\t        <div class=\"ngg-gallery-thumbnail\">\n            <a href=\"http:\/\/www.freimarianne.ch\/wp-content\/gallery\/riederalp-bettmeralp-29-11-25\/IMG_3058.jpeg\"\n               title=\"Winteridyll Riederalp\"\n               data-src=\"http:\/\/www.freimarianne.ch\/wp-content\/gallery\/riederalp-bettmeralp-29-11-25\/IMG_3058.jpeg\"\n               data-thumbnail=\"http:\/\/www.freimarianne.ch\/wp-content\/gallery\/riederalp-bettmeralp-29-11-25\/thumbs\/thumbs_IMG_3058.jpeg\"\n               data-image-id=\"36339\"\n               data-title=\"Winteridyll Riederalp\"\n               data-description=\"Winteridyll Riederalp\"\n               data-image-slug=\"img_3058-1\"\n               class=\"shutterset_7d8c07a75ba7fb91d4a6a83c02ba96d8\">\n                <img\n                    title=\"Winteridyll Riederalp\"\n                    alt=\"Winteridyll Riederalp\"\n                    src=\"http:\/\/www.freimarianne.ch\/wp-content\/gallery\/riederalp-bettmeralp-29-11-25\/cache\/IMG_3058.jpeg-nggid0536339-ngg0dyn-100x75x100-00f0w010c010r110f110r010t010.jpeg\"\n                    width=\"100\"\n                    height=\"75\"\n                    style=\"max-width:100%;\"\n                \/>\n            <\/a>\n        <\/div>\n\t\t\t\t\t\t\t<\/div> \n\t\t\t\n                            \n\t\t\t\t<div id=\"ngg-image-3\" class=\"ngg-gallery-thumbnail-box\" >\n\t\t\t\t        <div class=\"ngg-gallery-thumbnail\">\n            <a href=\"http:\/\/www.freimarianne.ch\/wp-content\/gallery\/riederalp-bettmeralp-29-11-25\/IMG_3059.jpeg\"\n               title=\"Winteridyll Riederalp\"\n               data-src=\"http:\/\/www.freimarianne.ch\/wp-content\/gallery\/riederalp-bettmeralp-29-11-25\/IMG_3059.jpeg\"\n               data-thumbnail=\"http:\/\/www.freimarianne.ch\/wp-content\/gallery\/riederalp-bettmeralp-29-11-25\/thumbs\/thumbs_IMG_3059.jpeg\"\n               data-image-id=\"36338\"\n               data-title=\"Winteridyll Riederalp\"\n               data-description=\"Winteridyll Riederalp\"\n               data-image-slug=\"img_3059-2\"\n               class=\"shutterset_7d8c07a75ba7fb91d4a6a83c02ba96d8\">\n                <img\n                    title=\"Winteridyll Riederalp\"\n                    alt=\"Winteridyll Riederalp\"\n                    src=\"http:\/\/www.freimarianne.ch\/wp-content\/gallery\/riederalp-bettmeralp-29-11-25\/cache\/IMG_3059.jpeg-nggid0536338-ngg0dyn-100x75x100-00f0w010c010r110f110r010t010.jpeg\"\n                    width=\"100\"\n                    height=\"75\"\n                    style=\"max-width:100%;\"\n                \/>\n            <\/a>\n        <\/div>\n\t\t\t\t\t\t\t<\/div> \n\t\t\t\n                                    <br style=\"clear: both\" \/>\n                    \n\t\t\t\t<div id=\"ngg-image-4\" class=\"ngg-gallery-thumbnail-box\" >\n\t\t\t\t        <div class=\"ngg-gallery-thumbnail\">\n            <a href=\"http:\/\/www.freimarianne.ch\/wp-content\/gallery\/riederalp-bettmeralp-29-11-25\/IMG_3060.jpeg\"\n               title=\"Winteridyll Riederalp\"\n               data-src=\"http:\/\/www.freimarianne.ch\/wp-content\/gallery\/riederalp-bettmeralp-29-11-25\/IMG_3060.jpeg\"\n               data-thumbnail=\"http:\/\/www.freimarianne.ch\/wp-content\/gallery\/riederalp-bettmeralp-29-11-25\/thumbs\/thumbs_IMG_3060.jpeg\"\n               data-image-id=\"36337\"\n               data-title=\"Winteridyll Riederalp\"\n               data-description=\"Winteridyll Riederalp\"\n               data-image-slug=\"img_3060-4\"\n               class=\"shutterset_7d8c07a75ba7fb91d4a6a83c02ba96d8\">\n                <img\n                    title=\"Winteridyll Riederalp\"\n                    alt=\"Winteridyll Riederalp\"\n                    src=\"http:\/\/www.freimarianne.ch\/wp-content\/gallery\/riederalp-bettmeralp-29-11-25\/cache\/IMG_3060.jpeg-nggid0536337-ngg0dyn-100x75x100-00f0w010c010r110f110r010t010.jpeg\"\n                    width=\"100\"\n                    height=\"75\"\n                    style=\"max-width:100%;\"\n                \/>\n            <\/a>\n        <\/div>\n\t\t\t\t\t\t\t<\/div> \n\t\t\t\n                            \n\t\t\t\t<div id=\"ngg-image-5\" class=\"ngg-gallery-thumbnail-box\" >\n\t\t\t\t        <div class=\"ngg-gallery-thumbnail\">\n            <a href=\"http:\/\/www.freimarianne.ch\/wp-content\/gallery\/riederalp-bettmeralp-29-11-25\/IMG_3061.jpeg\"\n               title=\"Winteridyll Riederalp\"\n               data-src=\"http:\/\/www.freimarianne.ch\/wp-content\/gallery\/riederalp-bettmeralp-29-11-25\/IMG_3061.jpeg\"\n               data-thumbnail=\"http:\/\/www.freimarianne.ch\/wp-content\/gallery\/riederalp-bettmeralp-29-11-25\/thumbs\/thumbs_IMG_3061.jpeg\"\n               data-image-id=\"36336\"\n               data-title=\"Winteridyll Riederalp\"\n               data-description=\"Winteridyll Riederalp\"\n               data-image-slug=\"img_3061-1\"\n               class=\"shutterset_7d8c07a75ba7fb91d4a6a83c02ba96d8\">\n                <img\n                    title=\"Winteridyll Riederalp\"\n                    alt=\"Winteridyll Riederalp\"\n                    src=\"http:\/\/www.freimarianne.ch\/wp-content\/gallery\/riederalp-bettmeralp-29-11-25\/cache\/IMG_3061.jpeg-nggid0536336-ngg0dyn-100x75x100-00f0w010c010r110f110r010t010.jpeg\"\n                    width=\"100\"\n                    height=\"75\"\n                    style=\"max-width:100%;\"\n                \/>\n            <\/a>\n        <\/div>\n\t\t\t\t\t\t\t<\/div> \n\t\t\t\n                            \n\t\t\t\t<div id=\"ngg-image-6\" class=\"ngg-gallery-thumbnail-box\" >\n\t\t\t\t        <div class=\"ngg-gallery-thumbnail\">\n            <a href=\"http:\/\/www.freimarianne.ch\/wp-content\/gallery\/riederalp-bettmeralp-29-11-25\/IMG_3064.jpeg\"\n               title=\"Winteridyll Riederalp;moi Glishorn; re Weisshorn\"\n               data-src=\"http:\/\/www.freimarianne.ch\/wp-content\/gallery\/riederalp-bettmeralp-29-11-25\/IMG_3064.jpeg\"\n               data-thumbnail=\"http:\/\/www.freimarianne.ch\/wp-content\/gallery\/riederalp-bettmeralp-29-11-25\/thumbs\/thumbs_IMG_3064.jpeg\"\n               data-image-id=\"36334\"\n               data-title=\"Winteridyll Riederalp;moi Glishorn; re Weisshorn\"\n               data-description=\"Winteridyll Riederalp;moi Glishorn; re Weisshorn\"\n               data-image-slug=\"img_3064-5\"\n               class=\"shutterset_7d8c07a75ba7fb91d4a6a83c02ba96d8\">\n                <img\n                    title=\"Winteridyll Riederalp;moi Glishorn; re Weisshorn\"\n                    alt=\"Winteridyll Riederalp;moi Glishorn; re Weisshorn\"\n                    src=\"http:\/\/www.freimarianne.ch\/wp-content\/gallery\/riederalp-bettmeralp-29-11-25\/cache\/IMG_3064.jpeg-nggid0536334-ngg0dyn-100x75x100-00f0w010c010r110f110r010t010.jpeg\"\n                    width=\"100\"\n                    height=\"75\"\n                    style=\"max-width:100%;\"\n                \/>\n            <\/a>\n        <\/div>\n\t\t\t\t\t\t\t<\/div> \n\t\t\t\n                            \n\t\t\t\t<div id=\"ngg-image-7\" class=\"ngg-gallery-thumbnail-box\" >\n\t\t\t\t        <div class=\"ngg-gallery-thumbnail\">\n            <a href=\"http:\/\/www.freimarianne.ch\/wp-content\/gallery\/riederalp-bettmeralp-29-11-25\/IMG_3066.jpeg\"\n               title=\"Sicht auf das Eggerhorn\"\n               data-src=\"http:\/\/www.freimarianne.ch\/wp-content\/gallery\/riederalp-bettmeralp-29-11-25\/IMG_3066.jpeg\"\n               data-thumbnail=\"http:\/\/www.freimarianne.ch\/wp-content\/gallery\/riederalp-bettmeralp-29-11-25\/thumbs\/thumbs_IMG_3066.jpeg\"\n               data-image-id=\"36335\"\n               data-title=\"Sicht auf das Eggerhorn\"\n               data-description=\"Sicht auf das Eggerhorn\"\n               data-image-slug=\"img_3066-6\"\n               class=\"shutterset_7d8c07a75ba7fb91d4a6a83c02ba96d8\">\n                <img\n                    title=\"Sicht auf das Eggerhorn\"\n                    alt=\"Sicht auf das Eggerhorn\"\n                    src=\"http:\/\/www.freimarianne.ch\/wp-content\/gallery\/riederalp-bettmeralp-29-11-25\/cache\/IMG_3066.jpeg-nggid0536335-ngg0dyn-100x75x100-00f0w010c010r110f110r010t010.jpeg\"\n                    width=\"100\"\n                    height=\"75\"\n                    style=\"max-width:100%;\"\n                \/>\n            <\/a>\n        <\/div>\n\t\t\t\t\t\t\t<\/div> \n\t\t\t\n                                    <br style=\"clear: both\" \/>\n                    \n\t\t\t\t<div id=\"ngg-image-8\" class=\"ngg-gallery-thumbnail-box\" >\n\t\t\t\t        <div class=\"ngg-gallery-thumbnail\">\n            <a href=\"http:\/\/www.freimarianne.ch\/wp-content\/gallery\/riederalp-bettmeralp-29-11-25\/IMG_3068.jpeg\"\n               title=\"Bettmeralp\"\n               data-src=\"http:\/\/www.freimarianne.ch\/wp-content\/gallery\/riederalp-bettmeralp-29-11-25\/IMG_3068.jpeg\"\n               data-thumbnail=\"http:\/\/www.freimarianne.ch\/wp-content\/gallery\/riederalp-bettmeralp-29-11-25\/thumbs\/thumbs_IMG_3068.jpeg\"\n               data-image-id=\"36333\"\n               data-title=\"Bettmeralp\"\n               data-description=\"Bettmeralp\"\n               data-image-slug=\"img_3068-4\"\n               class=\"shutterset_7d8c07a75ba7fb91d4a6a83c02ba96d8\">\n                <img\n                    title=\"Bettmeralp\"\n                    alt=\"Bettmeralp\"\n                    src=\"http:\/\/www.freimarianne.ch\/wp-content\/gallery\/riederalp-bettmeralp-29-11-25\/cache\/IMG_3068.jpeg-nggid0536333-ngg0dyn-100x75x100-00f0w010c010r110f110r010t010.jpeg\"\n                    width=\"100\"\n                    height=\"75\"\n                    style=\"max-width:100%;\"\n                \/>\n            <\/a>\n        <\/div>\n\t\t\t\t\t\t\t<\/div> \n\t\t\t\n                            \n\t\t\t\t<div id=\"ngg-image-9\" class=\"ngg-gallery-thumbnail-box\" >\n\t\t\t\t        <div class=\"ngg-gallery-thumbnail\">\n            <a href=\"http:\/\/www.freimarianne.ch\/wp-content\/gallery\/riederalp-bettmeralp-29-11-25\/IMG_3076.jpeg\"\n               title=\"Bettmeralp\"\n               data-src=\"http:\/\/www.freimarianne.ch\/wp-content\/gallery\/riederalp-bettmeralp-29-11-25\/IMG_3076.jpeg\"\n               data-thumbnail=\"http:\/\/www.freimarianne.ch\/wp-content\/gallery\/riederalp-bettmeralp-29-11-25\/thumbs\/thumbs_IMG_3076.jpeg\"\n               data-image-id=\"36332\"\n               data-title=\"Bettmeralp\"\n               data-description=\"Bettmeralp\"\n               data-image-slug=\"img_3076-3\"\n               class=\"shutterset_7d8c07a75ba7fb91d4a6a83c02ba96d8\">\n                <img\n                    title=\"Bettmeralp\"\n                    alt=\"Bettmeralp\"\n                    src=\"http:\/\/www.freimarianne.ch\/wp-content\/gallery\/riederalp-bettmeralp-29-11-25\/cache\/IMG_3076.jpeg-nggid0536332-ngg0dyn-100x75x100-00f0w010c010r110f110r010t010.jpeg\"\n                    width=\"100\"\n                    height=\"75\"\n                    style=\"max-width:100%;\"\n                \/>\n            <\/a>\n        <\/div>\n\t\t\t\t\t\t\t<\/div> \n\t\t\t\n                            \n\t\t\n\t\t<!-- Pagination -->\n\t<div class='ngg-clear'><\/div>\t<\/div>\n\n\n\n\n<!-- index.php -->\n<div\n\tclass=\"ngg-galleryoverview ngg-ajax-pagination-none\"\n\tid=\"ngg-gallery-957d9e7cbfe0ed805feadd5b07da11c7-1\">\n\n    \t<div class=\"slideshowlink\">\n        <a href='http:\/\/www.freimarianne.ch\/index.php\/nggallery\/slideshow?page_id=69580'>[Show as slideshow]<\/a>\n\t\t\n\t<\/div>\n\t\t\t<!-- Thumbnails -->\n\t\t\t\t<div id=\"ngg-image-0\" class=\"ngg-gallery-thumbnail-box\" >\n\t\t\t\t        <div class=\"ngg-gallery-thumbnail\">\n            <a href=\"http:\/\/www.freimarianne.ch\/wp-content\/gallery\/riederalp-bettmeralp-iph-29-11-25\/IMG_1553.jpeg\"\n               title=\"Sicht von der Riederalp; li hi H\u00fcbschhorn, Fletschhorn; vo Staldhorn; Spitzhorli und Glishorn; re hi Dom , re Matterhorn\"\n               data-src=\"http:\/\/www.freimarianne.ch\/wp-content\/gallery\/riederalp-bettmeralp-iph-29-11-25\/IMG_1553.jpeg\"\n               data-thumbnail=\"http:\/\/www.freimarianne.ch\/wp-content\/gallery\/riederalp-bettmeralp-iph-29-11-25\/thumbs\/thumbs_IMG_1553.jpeg\"\n               data-image-id=\"36350\"\n               data-title=\"Sicht von der Riederalp; li hi H\u00fcbschhorn, Fletschhorn; vo Staldhorn; Spitzhorli und Glishorn; re hi Dom , re Matterhorn\"\n               data-description=\"Sicht von der Riederalp; li hi H\u00fcbschhorn, Fletschhorn; vo Staldhorn; Spitzhorli und Glishorn; re hi Dom , re Matterhorn\"\n               data-image-slug=\"img_1553-8\"\n               class=\"shutterset_957d9e7cbfe0ed805feadd5b07da11c7\">\n                <img\n                    title=\"Sicht von der Riederalp; li hi H\u00fcbschhorn, Fletschhorn; vo Staldhorn; Spitzhorli und Glishorn; re hi Dom , re Matterhorn\"\n                    alt=\"Sicht von der Riederalp; li hi H\u00fcbschhorn, Fletschhorn; vo Staldhorn; Spitzhorli und Glishorn; re hi Dom , re Matterhorn\"\n                    src=\"http:\/\/www.freimarianne.ch\/wp-content\/gallery\/riederalp-bettmeralp-iph-29-11-25\/cache\/IMG_1553.jpeg-nggid0536350-ngg0dyn-100x75x100-00f0w010c010r110f110r010t010.jpeg\"\n                    width=\"100\"\n                    height=\"75\"\n                    style=\"max-width:100%;\"\n                \/>\n            <\/a>\n        <\/div>\n\t\t\t\t\t\t\t<\/div> \n\t\t\t\n                            \n\t\t\t\t<div id=\"ngg-image-1\" class=\"ngg-gallery-thumbnail-box\" >\n\t\t\t\t        <div class=\"ngg-gallery-thumbnail\">\n            <a href=\"http:\/\/www.freimarianne.ch\/wp-content\/gallery\/riederalp-bettmeralp-iph-29-11-25\/IMG_1554.jpeg\"\n               title=\"Riederalp BergidyllMi Eingang ins Binntal\"\n               data-src=\"http:\/\/www.freimarianne.ch\/wp-content\/gallery\/riederalp-bettmeralp-iph-29-11-25\/IMG_1554.jpeg\"\n               data-thumbnail=\"http:\/\/www.freimarianne.ch\/wp-content\/gallery\/riederalp-bettmeralp-iph-29-11-25\/thumbs\/thumbs_IMG_1554.jpeg\"\n               data-image-id=\"36349\"\n               data-title=\"Riederalp BergidyllMi Eingang ins Binntal\"\n               data-description=\"Riederalp BergidyllMi Eingang ins Binntal\"\n               data-image-slug=\"img_1554-3\"\n               class=\"shutterset_957d9e7cbfe0ed805feadd5b07da11c7\">\n                <img\n                    title=\"Riederalp BergidyllMi Eingang ins Binntal\"\n                    alt=\"Riederalp BergidyllMi Eingang ins Binntal\"\n                    src=\"http:\/\/www.freimarianne.ch\/wp-content\/gallery\/riederalp-bettmeralp-iph-29-11-25\/cache\/IMG_1554.jpeg-nggid0536349-ngg0dyn-100x75x100-00f0w010c010r110f110r010t010.jpeg\"\n                    width=\"100\"\n                    height=\"75\"\n                    style=\"max-width:100%;\"\n                \/>\n            <\/a>\n        <\/div>\n\t\t\t\t\t\t\t<\/div> \n\t\t\t\n                            \n\t\t\t\t<div id=\"ngg-image-2\" class=\"ngg-gallery-thumbnail-box\" >\n\t\t\t\t        <div class=\"ngg-gallery-thumbnail\">\n            <a href=\"http:\/\/www.freimarianne.ch\/wp-content\/gallery\/riederalp-bettmeralp-iph-29-11-25\/IMG_1558.jpeg\"\n               title=\"Winteridyll auf dem Aletsch Panoramaweg\"\n               data-src=\"http:\/\/www.freimarianne.ch\/wp-content\/gallery\/riederalp-bettmeralp-iph-29-11-25\/IMG_1558.jpeg\"\n               data-thumbnail=\"http:\/\/www.freimarianne.ch\/wp-content\/gallery\/riederalp-bettmeralp-iph-29-11-25\/thumbs\/thumbs_IMG_1558.jpeg\"\n               data-image-id=\"36348\"\n               data-title=\"Winteridyll auf dem Aletsch Panoramaweg\"\n               data-description=\"Winteridyll auf dem Aletsch Panoramaweg\"\n               data-image-slug=\"img_1558-5\"\n               class=\"shutterset_957d9e7cbfe0ed805feadd5b07da11c7\">\n                <img\n                    title=\"Winteridyll auf dem Aletsch Panoramaweg\"\n                    alt=\"Winteridyll auf dem Aletsch Panoramaweg\"\n                    src=\"http:\/\/www.freimarianne.ch\/wp-content\/gallery\/riederalp-bettmeralp-iph-29-11-25\/cache\/IMG_1558.jpeg-nggid0536348-ngg0dyn-100x75x100-00f0w010c010r110f110r010t010.jpeg\"\n                    width=\"100\"\n                    height=\"75\"\n                    style=\"max-width:100%;\"\n                \/>\n            <\/a>\n        <\/div>\n\t\t\t\t\t\t\t<\/div> \n\t\t\t\n                            \n\t\t\t\t<div id=\"ngg-image-3\" class=\"ngg-gallery-thumbnail-box\" >\n\t\t\t\t        <div class=\"ngg-gallery-thumbnail\">\n            <a href=\"http:\/\/www.freimarianne.ch\/wp-content\/gallery\/riederalp-bettmeralp-iph-29-11-25\/IMG_1569.jpeg\"\n               title=\"Winteridyll auf dem Aletsch Panoramaweg\"\n               data-src=\"http:\/\/www.freimarianne.ch\/wp-content\/gallery\/riederalp-bettmeralp-iph-29-11-25\/IMG_1569.jpeg\"\n               data-thumbnail=\"http:\/\/www.freimarianne.ch\/wp-content\/gallery\/riederalp-bettmeralp-iph-29-11-25\/thumbs\/thumbs_IMG_1569.jpeg\"\n               data-image-id=\"36347\"\n               data-title=\"Winteridyll auf dem Aletsch Panoramaweg\"\n               data-description=\"Winteridyll auf dem Aletsch Panoramaweg\"\n               data-image-slug=\"img_1569-6\"\n               class=\"shutterset_957d9e7cbfe0ed805feadd5b07da11c7\">\n                <img\n                    title=\"Winteridyll auf dem Aletsch Panoramaweg\"\n                    alt=\"Winteridyll auf dem Aletsch Panoramaweg\"\n                    src=\"http:\/\/www.freimarianne.ch\/wp-content\/gallery\/riederalp-bettmeralp-iph-29-11-25\/cache\/IMG_1569.jpeg-nggid0536347-ngg0dyn-100x75x100-00f0w010c010r110f110r010t010.jpeg\"\n                    width=\"100\"\n                    height=\"75\"\n                    style=\"max-width:100%;\"\n                \/>\n            <\/a>\n        <\/div>\n\t\t\t\t\t\t\t<\/div> \n\t\t\t\n                                    <br style=\"clear: both\" \/>\n                    \n\t\t\t\t<div id=\"ngg-image-4\" class=\"ngg-gallery-thumbnail-box\" >\n\t\t\t\t        <div class=\"ngg-gallery-thumbnail\">\n            <a href=\"http:\/\/www.freimarianne.ch\/wp-content\/gallery\/riederalp-bettmeralp-iph-29-11-25\/IMG_1566.jpeg\"\n               title=\"re Weissmies, Fletschhorn\"\n               data-src=\"http:\/\/www.freimarianne.ch\/wp-content\/gallery\/riederalp-bettmeralp-iph-29-11-25\/IMG_1566.jpeg\"\n               data-thumbnail=\"http:\/\/www.freimarianne.ch\/wp-content\/gallery\/riederalp-bettmeralp-iph-29-11-25\/thumbs\/thumbs_IMG_1566.jpeg\"\n               data-image-id=\"36346\"\n               data-title=\"re Weissmies, Fletschhorn\"\n               data-description=\"re Weissmies, Fletschhorn\"\n               data-image-slug=\"img_1566-6\"\n               class=\"shutterset_957d9e7cbfe0ed805feadd5b07da11c7\">\n                <img\n                    title=\"re Weissmies, Fletschhorn\"\n                    alt=\"re Weissmies, Fletschhorn\"\n                    src=\"http:\/\/www.freimarianne.ch\/wp-content\/gallery\/riederalp-bettmeralp-iph-29-11-25\/cache\/IMG_1566.jpeg-nggid0536346-ngg0dyn-100x75x100-00f0w010c010r110f110r010t010.jpeg\"\n                    width=\"100\"\n                    height=\"75\"\n                    style=\"max-width:100%;\"\n                \/>\n            <\/a>\n        <\/div>\n\t\t\t\t\t\t\t<\/div> \n\t\t\t\n                            \n\t\t\t\t<div id=\"ngg-image-5\" class=\"ngg-gallery-thumbnail-box\" >\n\t\t\t\t        <div class=\"ngg-gallery-thumbnail\">\n            <a href=\"http:\/\/www.freimarianne.ch\/wp-content\/gallery\/riederalp-bettmeralp-iph-29-11-25\/IMG_1561.jpeg\"\n               title=\"mi  vo Glishorn; Mischabelgruppe, Matterhorn\"\n               data-src=\"http:\/\/www.freimarianne.ch\/wp-content\/gallery\/riederalp-bettmeralp-iph-29-11-25\/IMG_1561.jpeg\"\n               data-thumbnail=\"http:\/\/www.freimarianne.ch\/wp-content\/gallery\/riederalp-bettmeralp-iph-29-11-25\/thumbs\/thumbs_IMG_1561.jpeg\"\n               data-image-id=\"36344\"\n               data-title=\"mi  vo Glishorn; Mischabelgruppe, Matterhorn\"\n               data-description=\"mi  vo Glishorn; Mischabelgruppe, Matterhorn\"\n               data-image-slug=\"img_1561-6\"\n               class=\"shutterset_957d9e7cbfe0ed805feadd5b07da11c7\">\n                <img\n                    title=\"mi  vo Glishorn; Mischabelgruppe, Matterhorn\"\n                    alt=\"mi  vo Glishorn; Mischabelgruppe, Matterhorn\"\n                    src=\"http:\/\/www.freimarianne.ch\/wp-content\/gallery\/riederalp-bettmeralp-iph-29-11-25\/cache\/IMG_1561.jpeg-nggid0536344-ngg0dyn-100x75x100-00f0w010c010r110f110r010t010.jpeg\"\n                    width=\"100\"\n                    height=\"75\"\n                    style=\"max-width:100%;\"\n                \/>\n            <\/a>\n        <\/div>\n\t\t\t\t\t\t\t<\/div> \n\t\t\t\n                            \n\t\t\t\t<div id=\"ngg-image-6\" class=\"ngg-gallery-thumbnail-box\" >\n\t\t\t\t        <div class=\"ngg-gallery-thumbnail\">\n            <a href=\"http:\/\/www.freimarianne.ch\/wp-content\/gallery\/riederalp-bettmeralp-iph-29-11-25\/IMG_1563.jpeg\"\n               title=\"Bettmeralp\"\n               data-src=\"http:\/\/www.freimarianne.ch\/wp-content\/gallery\/riederalp-bettmeralp-iph-29-11-25\/IMG_1563.jpeg\"\n               data-thumbnail=\"http:\/\/www.freimarianne.ch\/wp-content\/gallery\/riederalp-bettmeralp-iph-29-11-25\/thumbs\/thumbs_IMG_1563.jpeg\"\n               data-image-id=\"36342\"\n               data-title=\"Bettmeralp\"\n               data-description=\"Bettmeralp\"\n               data-image-slug=\"img_1563-5\"\n               class=\"shutterset_957d9e7cbfe0ed805feadd5b07da11c7\">\n                <img\n                    title=\"Bettmeralp\"\n                    alt=\"Bettmeralp\"\n                    src=\"http:\/\/www.freimarianne.ch\/wp-content\/gallery\/riederalp-bettmeralp-iph-29-11-25\/cache\/IMG_1563.jpeg-nggid0536342-ngg0dyn-100x75x100-00f0w010c010r110f110r010t010.jpeg\"\n                    width=\"94\"\n                    height=\"75\"\n                    style=\"max-width:100%;\"\n                \/>\n            <\/a>\n        <\/div>\n\t\t\t\t\t\t\t<\/div> \n\t\t\t\n                            \n\t\t\t\t<div id=\"ngg-image-7\" class=\"ngg-gallery-thumbnail-box\" >\n\t\t\t\t        <div class=\"ngg-gallery-thumbnail\">\n            <a href=\"http:\/\/www.freimarianne.ch\/wp-content\/gallery\/riederalp-bettmeralp-iph-29-11-25\/IMG_1565.jpeg\"\n               title=\"\"\n               data-src=\"http:\/\/www.freimarianne.ch\/wp-content\/gallery\/riederalp-bettmeralp-iph-29-11-25\/IMG_1565.jpeg\"\n               data-thumbnail=\"http:\/\/www.freimarianne.ch\/wp-content\/gallery\/riederalp-bettmeralp-iph-29-11-25\/thumbs\/thumbs_IMG_1565.jpeg\"\n               data-image-id=\"36345\"\n               data-title=\"IMG_1565\"\n               data-description=\"\"\n               data-image-slug=\"img_1565-3\"\n               class=\"shutterset_957d9e7cbfe0ed805feadd5b07da11c7\">\n                <img\n                    title=\"IMG_1565\"\n                    alt=\"IMG_1565\"\n                    src=\"http:\/\/www.freimarianne.ch\/wp-content\/gallery\/riederalp-bettmeralp-iph-29-11-25\/cache\/IMG_1565.jpeg-nggid0536345-ngg0dyn-100x75x100-00f0w010c010r110f110r010t010.jpeg\"\n                    width=\"100\"\n                    height=\"75\"\n                    style=\"max-width:100%;\"\n                \/>\n            <\/a>\n        <\/div>\n\t\t\t\t\t\t\t<\/div> \n\t\t\t\n                                    <br style=\"clear: both\" \/>\n                    \n\t\t\t\t<div id=\"ngg-image-8\" class=\"ngg-gallery-thumbnail-box\" >\n\t\t\t\t        <div class=\"ngg-gallery-thumbnail\">\n            <a href=\"http:\/\/www.freimarianne.ch\/wp-content\/gallery\/riederalp-bettmeralp-iph-29-11-25\/IMG_1564.jpeg\"\n               title=\"An Bettemersee imt Bettmerhorn\"\n               data-src=\"http:\/\/www.freimarianne.ch\/wp-content\/gallery\/riederalp-bettmeralp-iph-29-11-25\/IMG_1564.jpeg\"\n               data-thumbnail=\"http:\/\/www.freimarianne.ch\/wp-content\/gallery\/riederalp-bettmeralp-iph-29-11-25\/thumbs\/thumbs_IMG_1564.jpeg\"\n               data-image-id=\"36343\"\n               data-title=\"An Bettemersee imt Bettmerhorn\"\n               data-description=\"An Bettemersee imt Bettmerhorn\"\n               data-image-slug=\"img_1564-3\"\n               class=\"shutterset_957d9e7cbfe0ed805feadd5b07da11c7\">\n                <img\n                    title=\"An Bettemersee imt Bettmerhorn\"\n                    alt=\"An Bettemersee imt Bettmerhorn\"\n                    src=\"http:\/\/www.freimarianne.ch\/wp-content\/gallery\/riederalp-bettmeralp-iph-29-11-25\/cache\/IMG_1564.jpeg-nggid0536343-ngg0dyn-100x75x100-00f0w010c010r110f110r010t010.jpeg\"\n                    width=\"100\"\n                    height=\"75\"\n                    style=\"max-width:100%;\"\n                \/>\n            <\/a>\n        <\/div>\n\t\t\t\t\t\t\t<\/div> \n\t\t\t\n                            \n\t\t\n\t\t<!-- Pagination -->\n\t<div class='ngg-clear'><\/div>\t<\/div>\n\n","protected":false},"excerpt":{"rendered":"<p>Nach dem fr\u00fchen Wintereinbruch in der Schweiz scheint wieder die Sonne. So fahre ich &#8211; wie schon in fr\u00fcheren Jahren &#8211; nach Saanenm\u00f6ser. Der Winterwanderweg von dort nach Gstaad ist in dieser Jahreszeit immer irgendwie etwas gespurt! In Saanenm\u00f6ser erwartet mich eine sehr winterliche Stimmung: alles ist frisch verschneit und wirkt wie verzaubert. Wundersch\u00f6n ist [&hellip;]<\/p>\n","protected":false},"author":1,"featured_media":0,"parent":68899,"menu_order":21,"comment_status":"closed","ping_status":"closed","template":"","meta":{"ngg_post_thumbnail":0},"_links":{"self":[{"href":"http:\/\/www.freimarianne.ch\/index.php?rest_route=\/wp\/v2\/pages\/69580"}],"collection":[{"href":"http:\/\/www.freimarianne.ch\/index.php?rest_route=\/wp\/v2\/pages"}],"about":[{"href":"http:\/\/www.freimarianne.ch\/index.php?rest_route=\/wp\/v2\/types\/page"}],"author":[{"embeddable":true,"href":"http:\/\/www.freimarianne.ch\/index.php?rest_route=\/wp\/v2\/users\/1"}],"replies":[{"embeddable":true,"href":"http:\/\/www.freimarianne.ch\/index.php?rest_route=%2Fwp%2Fv2%2Fcomments&post=69580"}],"version-history":[{"count":2,"href":"http:\/\/www.freimarianne.ch\/index.php?rest_route=\/wp\/v2\/pages\/69580\/revisions"}],"predecessor-version":[{"id":69720,"href":"http:\/\/www.freimarianne.ch\/index.php?rest_route=\/wp\/v2\/pages\/69580\/revisions\/69720"}],"up":[{"embeddable":true,"href":"http:\/\/www.freimarianne.ch\/index.php?rest_route=\/wp\/v2\/pages\/68899"}],"wp:attachment":[{"href":"http:\/\/www.freimarianne.ch\/index.php?rest_route=%2Fwp%2Fv2%2Fmedia&parent=69580"}],"curies":[{"name":"wp","href":"https:\/\/api.w.org\/{rel}","templated":true}]}}