{"id":70069,"date":"2026-01-30T15:58:02","date_gmt":"2026-01-30T14:58:02","guid":{"rendered":"https:\/\/www.freimarianne.ch\/?page_id=70069"},"modified":"2026-01-30T16:18:12","modified_gmt":"2026-01-30T15:18:12","slug":"rigi-sz-24-1-2026","status":"publish","type":"page","link":"http:\/\/www.freimarianne.ch\/?page_id=70069","title":{"rendered":"Rigi SZ  24.1.2026"},"content":{"rendered":"\n<p><strong>Winterwanderung<\/strong><\/p>\n\n\n<div id=\"attachment_70063\" style=\"width: 510px\" class=\"wp-caption alignleft\"><img aria-describedby=\"caption-attachment-70063\" loading=\"lazy\" class=\"size-full wp-image-70063\" src=\"http:\/\/www.freimarianne.ch\/wp-content\/uploads\/2026\/01\/IMG_3679_rigi1.26_500.jpeg\" alt=\"\" width=\"500\" height=\"384\" srcset=\"http:\/\/www.freimarianne.ch\/wp-content\/uploads\/2026\/01\/IMG_3679_rigi1.26_500.jpeg 500w, http:\/\/www.freimarianne.ch\/wp-content\/uploads\/2026\/01\/IMG_3679_rigi1.26_500-300x230.jpeg 300w, http:\/\/www.freimarianne.ch\/wp-content\/uploads\/2026\/01\/IMG_3679_rigi1.26_500-391x300.jpeg 391w\" sizes=\"(max-width: 500px) 100vw, 500px\" \/><p id=\"caption-attachment-70063\" class=\"wp-caption-text\">beide Mythen, Gl\u00e4rnisch bis zu den Clariden<\/p><\/div>\n<p>Flucht aus dem Nebel im Mittelland! Ich fahre kurz entschlossen auf die Rigi, nachdem ich in Neuheim eine kurze Rundwanderung mit absolut keiner Sicht gemacht hatte. <br>Auf Rigi Stafel bl\u00e4st ein kalter Wind ! Aber hier oben hat es Schnee und Sonne. Ich wandere vom Stafel hin\u00fcber zum First und von dort auf dem oberen Wanderweg nach Rigi Kaltbad, von wo aus ich mit der Seilbahn hinunter nach Weggis fahre.<br>Dieses Mal muss ich den Bus nach K\u00fcssnacht a. Rigi nehmen und mit der S Bahn nach Luzern fahren.<\/p>\n<p>Noch nie bin ich an einem Tag auf so viel Linien gefahren !<\/p>\n<p>Laut Schweizmobil:<\/p>\n<p>Distanz: 3.2km; Aufstieg: 59m; Abstieg: 243m, Wanderzeit. 1h 06min<\/p>\n<p>&nbsp;<\/p>\n<p><a href=\"https:\/\/schweizmobil.ch\/de\/tour\/324372734\">Karte Schweizmobil:<\/a><\/p>\n\n\n<!-- index.php -->\n<div\n\tclass=\"ngg-galleryoverview ngg-ajax-pagination-none\"\n\tid=\"ngg-gallery-7e826ab4e36dc55bfe65fe6411793cbc-1\">\n\n    \t<div class=\"slideshowlink\">\n        <a href='http:\/\/www.freimarianne.ch\/index.php\/nggallery\/slideshow?page_id=70069'>[Show as slideshow]<\/a>\n\t\t\n\t<\/div>\n\t\t\t<!-- Thumbnails -->\n\t\t\t\t<div id=\"ngg-image-0\" class=\"ngg-gallery-thumbnail-box\" >\n\t\t\t\t        <div class=\"ngg-gallery-thumbnail\">\n            <a href=\"http:\/\/www.freimarianne.ch\/wp-content\/gallery\/rigi-24-1-26\/IMG_3677.jpeg\"\n               title=\"mi Dossen, Niderbauen; re hi Bristen, Gitschen, Rot Gitschen, Brunnistock, Uritrotstock\"\n               data-src=\"http:\/\/www.freimarianne.ch\/wp-content\/gallery\/rigi-24-1-26\/IMG_3677.jpeg\"\n               data-thumbnail=\"http:\/\/www.freimarianne.ch\/wp-content\/gallery\/rigi-24-1-26\/thumbs\/thumbs_IMG_3677.jpeg\"\n               data-image-id=\"36713\"\n               data-title=\"mi Dossen, Niderbauen; re hi Bristen, Gitschen, Rot Gitschen, Brunnistock, Uritrotstock\"\n               data-description=\"mi Dossen, Niderbauen; re hi Bristen, Gitschen, Rot Gitschen, Brunnistock, Uritrotstock\"\n               data-image-slug=\"img_3677-1\"\n               class=\"shutterset_7e826ab4e36dc55bfe65fe6411793cbc\">\n                <img\n                    title=\"mi Dossen, Niderbauen; re hi Bristen, Gitschen, Rot Gitschen, Brunnistock, Uritrotstock\"\n                    alt=\"mi Dossen, Niderbauen; re hi Bristen, Gitschen, Rot Gitschen, Brunnistock, Uritrotstock\"\n                    src=\"http:\/\/www.freimarianne.ch\/wp-content\/gallery\/rigi-24-1-26\/cache\/IMG_3677.jpeg-nggid0536713-ngg0dyn-100x75x100-00f0w010c010r110f110r010t010.jpeg\"\n                    width=\"100\"\n                    height=\"75\"\n                    style=\"max-width:100%;\"\n                \/>\n            <\/a>\n        <\/div>\n\t\t\t\t\t\t\t<\/div> \n\t\t\t\n                            \n\t\t\t\t<div id=\"ngg-image-1\" class=\"ngg-gallery-thumbnail-box\" >\n\t\t\t\t        <div class=\"ngg-gallery-thumbnail\">\n            <a href=\"http:\/\/www.freimarianne.ch\/wp-content\/gallery\/rigi-24-1-26\/IMG_3678.jpeg\"\n               title=\"wundersch\u00f6ne Landschaft; vom Gl\u00e4rnisch bis zu den Windg\u00e4llen\"\n               data-src=\"http:\/\/www.freimarianne.ch\/wp-content\/gallery\/rigi-24-1-26\/IMG_3678.jpeg\"\n               data-thumbnail=\"http:\/\/www.freimarianne.ch\/wp-content\/gallery\/rigi-24-1-26\/thumbs\/thumbs_IMG_3678.jpeg\"\n               data-image-id=\"36711\"\n               data-title=\"wundersch\u00f6ne Landschaft; vom Gl\u00e4rnisch bis zu den Windg\u00e4llen\"\n               data-description=\"wundersch\u00f6ne Landschaft; vom Gl\u00e4rnisch bis zu den Windg\u00e4llen\"\n               data-image-slug=\"img_3678-4\"\n               class=\"shutterset_7e826ab4e36dc55bfe65fe6411793cbc\">\n                <img\n                    title=\"wundersch\u00f6ne Landschaft; vom Gl\u00e4rnisch bis zu den Windg\u00e4llen\"\n                    alt=\"wundersch\u00f6ne Landschaft; vom Gl\u00e4rnisch bis zu den Windg\u00e4llen\"\n                    src=\"http:\/\/www.freimarianne.ch\/wp-content\/gallery\/rigi-24-1-26\/cache\/IMG_3678.jpeg-nggid0536711-ngg0dyn-100x75x100-00f0w010c010r110f110r010t010.jpeg\"\n                    width=\"100\"\n                    height=\"75\"\n                    style=\"max-width:100%;\"\n                \/>\n            <\/a>\n        <\/div>\n\t\t\t\t\t\t\t<\/div> \n\t\t\t\n                            \n\t\t\t\t<div id=\"ngg-image-2\" class=\"ngg-gallery-thumbnail-box\" >\n\t\t\t\t        <div class=\"ngg-gallery-thumbnail\">\n            <a href=\"http:\/\/www.freimarianne.ch\/wp-content\/gallery\/rigi-24-1-26\/IMG_3679.jpeg\"\n               title=\"beide Mythen, Gl\u00e4rnisch bis zu den Clariden\"\n               data-src=\"http:\/\/www.freimarianne.ch\/wp-content\/gallery\/rigi-24-1-26\/IMG_3679.jpeg\"\n               data-thumbnail=\"http:\/\/www.freimarianne.ch\/wp-content\/gallery\/rigi-24-1-26\/thumbs\/thumbs_IMG_3679.jpeg\"\n               data-image-id=\"36712\"\n               data-title=\"beide Mythen, Gl\u00e4rnisch bis zu den Clariden\"\n               data-description=\"beide Mythen, Gl\u00e4rnisch bis zu den Clariden\"\n               data-image-slug=\"img_3679-5\"\n               class=\"shutterset_7e826ab4e36dc55bfe65fe6411793cbc\">\n                <img\n                    title=\"beide Mythen, Gl\u00e4rnisch bis zu den Clariden\"\n                    alt=\"beide Mythen, Gl\u00e4rnisch bis zu den Clariden\"\n                    src=\"http:\/\/www.freimarianne.ch\/wp-content\/gallery\/rigi-24-1-26\/cache\/IMG_3679.jpeg-nggid0536712-ngg0dyn-100x75x100-00f0w010c010r110f110r010t010.jpeg\"\n                    width=\"98\"\n                    height=\"75\"\n                    style=\"max-width:100%;\"\n                \/>\n            <\/a>\n        <\/div>\n\t\t\t\t\t\t\t<\/div> \n\t\t\t\n                            \n\t\t\t\t<div id=\"ngg-image-3\" class=\"ngg-gallery-thumbnail-box\" >\n\t\t\t\t        <div class=\"ngg-gallery-thumbnail\">\n            <a href=\"http:\/\/www.freimarianne.ch\/wp-content\/gallery\/rigi-24-1-26\/IMG_3680.jpeg\"\n               title=\"hier hat es noch Schnee\"\n               data-src=\"http:\/\/www.freimarianne.ch\/wp-content\/gallery\/rigi-24-1-26\/IMG_3680.jpeg\"\n               data-thumbnail=\"http:\/\/www.freimarianne.ch\/wp-content\/gallery\/rigi-24-1-26\/thumbs\/thumbs_IMG_3680.jpeg\"\n               data-image-id=\"36710\"\n               data-title=\"hier hat es noch Schnee\"\n               data-description=\"hier hat es noch Schnee\"\n               data-image-slug=\"img_3680-5\"\n               class=\"shutterset_7e826ab4e36dc55bfe65fe6411793cbc\">\n                <img\n                    title=\"hier hat es noch Schnee\"\n                    alt=\"hier hat es noch Schnee\"\n                    src=\"http:\/\/www.freimarianne.ch\/wp-content\/gallery\/rigi-24-1-26\/cache\/IMG_3680.jpeg-nggid0536710-ngg0dyn-100x75x100-00f0w010c010r110f110r010t010.jpeg\"\n                    width=\"98\"\n                    height=\"75\"\n                    style=\"max-width:100%;\"\n                \/>\n            <\/a>\n        <\/div>\n\t\t\t\t\t\t\t<\/div> \n\t\t\t\n                                    <br style=\"clear: both\" \/>\n                    \n\t\t\t\t<div id=\"ngg-image-4\" class=\"ngg-gallery-thumbnail-box\" >\n\t\t\t\t        <div class=\"ngg-gallery-thumbnail\">\n            <a href=\"http:\/\/www.freimarianne.ch\/wp-content\/gallery\/rigi-24-1-26\/IMG_3682.jpeg\"\n               title=\"wundersch\u00f6ne Stimmung\"\n               data-src=\"http:\/\/www.freimarianne.ch\/wp-content\/gallery\/rigi-24-1-26\/IMG_3682.jpeg\"\n               data-thumbnail=\"http:\/\/www.freimarianne.ch\/wp-content\/gallery\/rigi-24-1-26\/thumbs\/thumbs_IMG_3682.jpeg\"\n               data-image-id=\"36709\"\n               data-title=\"wundersch\u00f6ne Stimmung\"\n               data-description=\"wundersch\u00f6ne Stimmung\"\n               data-image-slug=\"img_3682-3\"\n               class=\"shutterset_7e826ab4e36dc55bfe65fe6411793cbc\">\n                <img\n                    title=\"wundersch\u00f6ne Stimmung\"\n                    alt=\"wundersch\u00f6ne Stimmung\"\n                    src=\"http:\/\/www.freimarianne.ch\/wp-content\/gallery\/rigi-24-1-26\/cache\/IMG_3682.jpeg-nggid0536709-ngg0dyn-100x75x100-00f0w010c010r110f110r010t010.jpeg\"\n                    width=\"100\"\n                    height=\"75\"\n                    style=\"max-width:100%;\"\n                \/>\n            <\/a>\n        <\/div>\n\t\t\t\t\t\t\t<\/div> \n\t\t\t\n                            \n\t\t\t\t<div id=\"ngg-image-5\" class=\"ngg-gallery-thumbnail-box\" >\n\t\t\t\t        <div class=\"ngg-gallery-thumbnail\">\n            <a href=\"http:\/\/www.freimarianne.ch\/wp-content\/gallery\/rigi-24-1-26\/IMG_3683.jpeg\"\n               title=\"vo Nider - und Oberbauen; Gitschen, Rot Gitschen, Brunnistock, Uritrotstock, Schlossberg, Wissigstock, Engelberger Rotstock\"\n               data-src=\"http:\/\/www.freimarianne.ch\/wp-content\/gallery\/rigi-24-1-26\/IMG_3683.jpeg\"\n               data-thumbnail=\"http:\/\/www.freimarianne.ch\/wp-content\/gallery\/rigi-24-1-26\/thumbs\/thumbs_IMG_3683.jpeg\"\n               data-image-id=\"36705\"\n               data-title=\"vo Nider - und Oberbauen; Gitschen, Rot Gitschen, Brunnistock, Uritrotstock, Schlossberg, Wissigstock, Engelberger Rotstock\"\n               data-description=\"vo Nider - und Oberbauen; Gitschen, Rot Gitschen, Brunnistock, Uritrotstock, Schlossberg, Wissigstock, Engelberger Rotstock\"\n               data-image-slug=\"img_3683-2\"\n               class=\"shutterset_7e826ab4e36dc55bfe65fe6411793cbc\">\n                <img\n                    title=\"vo Nider - und Oberbauen; Gitschen, Rot Gitschen, Brunnistock, Uritrotstock, Schlossberg, Wissigstock, Engelberger Rotstock\"\n                    alt=\"vo Nider - und Oberbauen; Gitschen, Rot Gitschen, Brunnistock, Uritrotstock, Schlossberg, Wissigstock, Engelberger Rotstock\"\n                    src=\"http:\/\/www.freimarianne.ch\/wp-content\/gallery\/rigi-24-1-26\/cache\/IMG_3683.jpeg-nggid0536705-ngg0dyn-100x75x100-00f0w010c010r110f110r010t010.jpeg\"\n                    width=\"100\"\n                    height=\"75\"\n                    style=\"max-width:100%;\"\n                \/>\n            <\/a>\n        <\/div>\n\t\t\t\t\t\t\t<\/div> \n\t\t\t\n                            \n\t\t\t\t<div id=\"ngg-image-6\" class=\"ngg-gallery-thumbnail-box\" >\n\t\t\t\t        <div class=\"ngg-gallery-thumbnail\">\n            <a href=\"http:\/\/www.freimarianne.ch\/wp-content\/gallery\/rigi-24-1-26\/IMG_3686.jpeg\"\n               title=\"vo mi Dossen\"\n               data-src=\"http:\/\/www.freimarianne.ch\/wp-content\/gallery\/rigi-24-1-26\/IMG_3686.jpeg\"\n               data-thumbnail=\"http:\/\/www.freimarianne.ch\/wp-content\/gallery\/rigi-24-1-26\/thumbs\/thumbs_IMG_3686.jpeg\"\n               data-image-id=\"36704\"\n               data-title=\"vo mi Dossen\"\n               data-description=\"vo mi Dossen\"\n               data-image-slug=\"img_3686-2\"\n               class=\"shutterset_7e826ab4e36dc55bfe65fe6411793cbc\">\n                <img\n                    title=\"vo mi Dossen\"\n                    alt=\"vo mi Dossen\"\n                    src=\"http:\/\/www.freimarianne.ch\/wp-content\/gallery\/rigi-24-1-26\/cache\/IMG_3686.jpeg-nggid0536704-ngg0dyn-100x75x100-00f0w010c010r110f110r010t010.jpeg\"\n                    width=\"100\"\n                    height=\"75\"\n                    style=\"max-width:100%;\"\n                \/>\n            <\/a>\n        <\/div>\n\t\t\t\t\t\t\t<\/div> \n\t\t\t\n                            \n\t\t\t\t<div id=\"ngg-image-7\" class=\"ngg-gallery-thumbnail-box\" >\n\t\t\t\t        <div class=\"ngg-gallery-thumbnail\">\n            <a href=\"http:\/\/www.freimarianne.ch\/wp-content\/gallery\/rigi-24-1-26\/IMG_3687.jpeg\"\n               title=\"Buochserhorn, Stanserhorn, B\u00fcrgenstock ragen aus dem Nebelmeer; re Pilatus\"\n               data-src=\"http:\/\/www.freimarianne.ch\/wp-content\/gallery\/rigi-24-1-26\/IMG_3687.jpeg\"\n               data-thumbnail=\"http:\/\/www.freimarianne.ch\/wp-content\/gallery\/rigi-24-1-26\/thumbs\/thumbs_IMG_3687.jpeg\"\n               data-image-id=\"36703\"\n               data-title=\"Buochserhorn, Stanserhorn, B\u00fcrgenstock ragen aus dem Nebelmeer; re Pilatus\"\n               data-description=\"Buochserhorn, Stanserhorn, B\u00fcrgenstock ragen aus dem Nebelmeer; re Pilatus\"\n               data-image-slug=\"img_3687-2\"\n               class=\"shutterset_7e826ab4e36dc55bfe65fe6411793cbc\">\n                <img\n                    title=\"Buochserhorn, Stanserhorn, B\u00fcrgenstock ragen aus dem Nebelmeer; re Pilatus\"\n                    alt=\"Buochserhorn, Stanserhorn, B\u00fcrgenstock ragen aus dem Nebelmeer; re Pilatus\"\n                    src=\"http:\/\/www.freimarianne.ch\/wp-content\/gallery\/rigi-24-1-26\/cache\/IMG_3687.jpeg-nggid0536703-ngg0dyn-100x75x100-00f0w010c010r110f110r010t010.jpeg\"\n                    width=\"100\"\n                    height=\"75\"\n                    style=\"max-width:100%;\"\n                \/>\n            <\/a>\n        <\/div>\n\t\t\t\t\t\t\t<\/div> \n\t\t\t\n                                    <br style=\"clear: both\" \/>\n                    \n\t\t\t\t<div id=\"ngg-image-8\" class=\"ngg-gallery-thumbnail-box\" >\n\t\t\t\t        <div class=\"ngg-gallery-thumbnail\">\n            <a href=\"http:\/\/www.freimarianne.ch\/wp-content\/gallery\/rigi-24-1-26\/IMG_3689.jpeg\"\n               title=\"Chli Windg\u00e4lle, hi Witwenalpstock, Bristen, Gitschen, Rot Gitschen, Brunnistock, Urirotstock,\"\n               data-src=\"http:\/\/www.freimarianne.ch\/wp-content\/gallery\/rigi-24-1-26\/IMG_3689.jpeg\"\n               data-thumbnail=\"http:\/\/www.freimarianne.ch\/wp-content\/gallery\/rigi-24-1-26\/thumbs\/thumbs_IMG_3689.jpeg\"\n               data-image-id=\"36708\"\n               data-title=\"Chli Windg\u00e4lle, hi Witwenalpstock, Bristen, Gitschen, Rot Gitschen, Brunnistock, Urirotstock,\"\n               data-description=\"Chli Windg\u00e4lle, hi Witwenalpstock, Bristen, Gitschen, Rot Gitschen, Brunnistock, Urirotstock,\"\n               data-image-slug=\"img_3689-1\"\n               class=\"shutterset_7e826ab4e36dc55bfe65fe6411793cbc\">\n                <img\n                    title=\"Chli Windg\u00e4lle, hi Witwenalpstock, Bristen, Gitschen, Rot Gitschen, Brunnistock, Urirotstock,\"\n                    alt=\"Chli Windg\u00e4lle, hi Witwenalpstock, Bristen, Gitschen, Rot Gitschen, Brunnistock, Urirotstock,\"\n                    src=\"http:\/\/www.freimarianne.ch\/wp-content\/gallery\/rigi-24-1-26\/cache\/IMG_3689.jpeg-nggid0536708-ngg0dyn-100x75x100-00f0w010c010r110f110r010t010.jpeg\"\n                    width=\"100\"\n                    height=\"75\"\n                    style=\"max-width:100%;\"\n                \/>\n            <\/a>\n        <\/div>\n\t\t\t\t\t\t\t<\/div> \n\t\t\t\n                            \n\t\t\t\t<div id=\"ngg-image-9\" class=\"ngg-gallery-thumbnail-box\" >\n\t\t\t\t        <div class=\"ngg-gallery-thumbnail\">\n            <a href=\"http:\/\/www.freimarianne.ch\/wp-content\/gallery\/rigi-24-1-26\/IMG_3690.jpeg\"\n               title=\"Gemsfairenstock, Chaiserstock,  Clariden, T\u00f6di,Chammliberg, Gross Sch\u00e4rhorn\"\n               data-src=\"http:\/\/www.freimarianne.ch\/wp-content\/gallery\/rigi-24-1-26\/IMG_3690.jpeg\"\n               data-thumbnail=\"http:\/\/www.freimarianne.ch\/wp-content\/gallery\/rigi-24-1-26\/thumbs\/thumbs_IMG_3690.jpeg\"\n               data-image-id=\"36707\"\n               data-title=\"Gemsfairenstock, Chaiserstock,  Clariden, T\u00f6di,Chammliberg, Gross Sch\u00e4rhorn\"\n               data-description=\"Gemsfairenstock, Chaiserstock,  Clariden, T\u00f6di,Chammliberg, Gross Sch\u00e4rhorn\"\n               data-image-slug=\"img_3690-1\"\n               class=\"shutterset_7e826ab4e36dc55bfe65fe6411793cbc\">\n                <img\n                    title=\"Gemsfairenstock, Chaiserstock,  Clariden, T\u00f6di,Chammliberg, Gross Sch\u00e4rhorn\"\n                    alt=\"Gemsfairenstock, Chaiserstock,  Clariden, T\u00f6di,Chammliberg, Gross Sch\u00e4rhorn\"\n                    src=\"http:\/\/www.freimarianne.ch\/wp-content\/gallery\/rigi-24-1-26\/cache\/IMG_3690.jpeg-nggid0536707-ngg0dyn-100x75x100-00f0w010c010r110f110r010t010.jpeg\"\n                    width=\"100\"\n                    height=\"75\"\n                    style=\"max-width:100%;\"\n                \/>\n            <\/a>\n        <\/div>\n\t\t\t\t\t\t\t<\/div> \n\t\t\t\n                            \n\t\t\t\t<div id=\"ngg-image-10\" class=\"ngg-gallery-thumbnail-box\" >\n\t\t\t\t        <div class=\"ngg-gallery-thumbnail\">\n            <a href=\"http:\/\/www.freimarianne.ch\/wp-content\/gallery\/rigi-24-1-26\/IMG_3692.jpeg\"\n               title=\"Buochserhorn, Stanserhorn, B\u00fcrgenstock ragen aus dem Nebelmeer; re Pilatus\"\n               data-src=\"http:\/\/www.freimarianne.ch\/wp-content\/gallery\/rigi-24-1-26\/IMG_3692.jpeg\"\n               data-thumbnail=\"http:\/\/www.freimarianne.ch\/wp-content\/gallery\/rigi-24-1-26\/thumbs\/thumbs_IMG_3692.jpeg\"\n               data-image-id=\"36706\"\n               data-title=\"Buochserhorn, Stanserhorn, B\u00fcrgenstock ragen aus dem Nebelmeer; re Pilatus\"\n               data-description=\"Buochserhorn, Stanserhorn, B\u00fcrgenstock ragen aus dem Nebelmeer; re Pilatus\"\n               data-image-slug=\"img_3692-1\"\n               class=\"shutterset_7e826ab4e36dc55bfe65fe6411793cbc\">\n                <img\n                    title=\"Buochserhorn, Stanserhorn, B\u00fcrgenstock ragen aus dem Nebelmeer; re Pilatus\"\n                    alt=\"Buochserhorn, Stanserhorn, B\u00fcrgenstock ragen aus dem Nebelmeer; re Pilatus\"\n                    src=\"http:\/\/www.freimarianne.ch\/wp-content\/gallery\/rigi-24-1-26\/cache\/IMG_3692.jpeg-nggid0536706-ngg0dyn-100x75x100-00f0w010c010r110f110r010t010.jpeg\"\n                    width=\"100\"\n                    height=\"48\"\n                    style=\"max-width:100%;\"\n                \/>\n            <\/a>\n        <\/div>\n\t\t\t\t\t\t\t<\/div> \n\t\t\t\n                            \n\t\t\n\t\t<!-- Pagination -->\n\t<div class='ngg-clear'><\/div>\t<\/div>\n\n\n\n\n<!-- index.php -->\n<div\n\tclass=\"ngg-galleryoverview ngg-ajax-pagination-none\"\n\tid=\"ngg-gallery-731f61ecc7bf825aadacd421c7ed7870-1\">\n\n    \t<div class=\"slideshowlink\">\n        <a href='http:\/\/www.freimarianne.ch\/index.php\/nggallery\/slideshow?page_id=70069'>[Show as slideshow]<\/a>\n\t\t\n\t<\/div>\n\t\t\t<!-- Thumbnails -->\n\t\t\t\t<div id=\"ngg-image-0\" class=\"ngg-gallery-thumbnail-box\" >\n\t\t\t\t        <div class=\"ngg-gallery-thumbnail\">\n            <a href=\"http:\/\/www.freimarianne.ch\/wp-content\/gallery\/rigi-iph-24-1-26\/IMG_2024.jpeg\"\n               title=\"die beiden Mythen\"\n               data-src=\"http:\/\/www.freimarianne.ch\/wp-content\/gallery\/rigi-iph-24-1-26\/IMG_2024.jpeg\"\n               data-thumbnail=\"http:\/\/www.freimarianne.ch\/wp-content\/gallery\/rigi-iph-24-1-26\/thumbs\/thumbs_IMG_2024.jpeg\"\n               data-image-id=\"36717\"\n               data-title=\"die beiden Mythen\"\n               data-description=\"die beiden Mythen\"\n               data-image-slug=\"img_2024-3\"\n               class=\"shutterset_731f61ecc7bf825aadacd421c7ed7870\">\n                <img\n                    title=\"die beiden Mythen\"\n                    alt=\"die beiden Mythen\"\n                    src=\"http:\/\/www.freimarianne.ch\/wp-content\/gallery\/rigi-iph-24-1-26\/cache\/IMG_2024.jpeg-nggid0536717-ngg0dyn-100x75x100-00f0w010c010r110f110r010t010.jpeg\"\n                    width=\"100\"\n                    height=\"75\"\n                    style=\"max-width:100%;\"\n                \/>\n            <\/a>\n        <\/div>\n\t\t\t\t\t\t\t<\/div> \n\t\t\t\n                            \n\t\t\t\t<div id=\"ngg-image-1\" class=\"ngg-gallery-thumbnail-box\" >\n\t\t\t\t        <div class=\"ngg-gallery-thumbnail\">\n            <a href=\"http:\/\/www.freimarianne.ch\/wp-content\/gallery\/rigi-iph-24-1-26\/IMG_2020.jpeg\"\n               title=\"Gl\u00e4rnisch, B\u00f6s Fulen, Ortstock\"\n               data-src=\"http:\/\/www.freimarianne.ch\/wp-content\/gallery\/rigi-iph-24-1-26\/IMG_2020.jpeg\"\n               data-thumbnail=\"http:\/\/www.freimarianne.ch\/wp-content\/gallery\/rigi-iph-24-1-26\/thumbs\/thumbs_IMG_2020.jpeg\"\n               data-image-id=\"36716\"\n               data-title=\"Gl\u00e4rnisch, B\u00f6s Fulen, Ortstock\"\n               data-description=\"Gl\u00e4rnisch, B\u00f6s Fulen, Ortstock\"\n               data-image-slug=\"img_2020-6\"\n               class=\"shutterset_731f61ecc7bf825aadacd421c7ed7870\">\n                <img\n                    title=\"Gl\u00e4rnisch, B\u00f6s Fulen, Ortstock\"\n                    alt=\"Gl\u00e4rnisch, B\u00f6s Fulen, Ortstock\"\n                    src=\"http:\/\/www.freimarianne.ch\/wp-content\/gallery\/rigi-iph-24-1-26\/cache\/IMG_2020.jpeg-nggid0536716-ngg0dyn-100x75x100-00f0w010c010r110f110r010t010.jpeg\"\n                    width=\"100\"\n                    height=\"75\"\n                    style=\"max-width:100%;\"\n                \/>\n            <\/a>\n        <\/div>\n\t\t\t\t\t\t\t<\/div> \n\t\t\t\n                            \n\t\t\t\t<div id=\"ngg-image-2\" class=\"ngg-gallery-thumbnail-box\" >\n\t\t\t\t        <div class=\"ngg-gallery-thumbnail\">\n            <a href=\"http:\/\/www.freimarianne.ch\/wp-content\/gallery\/rigi-iph-24-1-26\/IMG_2026.jpeg\"\n               title=\"\"\n               data-src=\"http:\/\/www.freimarianne.ch\/wp-content\/gallery\/rigi-iph-24-1-26\/IMG_2026.jpeg\"\n               data-thumbnail=\"http:\/\/www.freimarianne.ch\/wp-content\/gallery\/rigi-iph-24-1-26\/thumbs\/thumbs_IMG_2026.jpeg\"\n               data-image-id=\"36715\"\n               data-title=\"IMG_2026\"\n               data-description=\"\"\n               data-image-slug=\"img_2026-1\"\n               class=\"shutterset_731f61ecc7bf825aadacd421c7ed7870\">\n                <img\n                    title=\"IMG_2026\"\n                    alt=\"IMG_2026\"\n                    src=\"http:\/\/www.freimarianne.ch\/wp-content\/gallery\/rigi-iph-24-1-26\/cache\/IMG_2026.jpeg-nggid0536715-ngg0dyn-100x75x100-00f0w010c010r110f110r010t010.jpeg\"\n                    width=\"100\"\n                    height=\"75\"\n                    style=\"max-width:100%;\"\n                \/>\n            <\/a>\n        <\/div>\n\t\t\t\t\t\t\t<\/div> \n\t\t\t\n                            \n\t\t\t\t<div id=\"ngg-image-3\" class=\"ngg-gallery-thumbnail-box\" >\n\t\t\t\t        <div class=\"ngg-gallery-thumbnail\">\n            <a href=\"http:\/\/www.freimarianne.ch\/wp-content\/gallery\/rigi-iph-24-1-26\/IMG_2027.jpeg\"\n               title=\"\"\n               data-src=\"http:\/\/www.freimarianne.ch\/wp-content\/gallery\/rigi-iph-24-1-26\/IMG_2027.jpeg\"\n               data-thumbnail=\"http:\/\/www.freimarianne.ch\/wp-content\/gallery\/rigi-iph-24-1-26\/thumbs\/thumbs_IMG_2027.jpeg\"\n               data-image-id=\"36714\"\n               data-title=\"IMG_2027\"\n               data-description=\"\"\n               data-image-slug=\"img_2027-1\"\n               class=\"shutterset_731f61ecc7bf825aadacd421c7ed7870\">\n                <img\n                    title=\"IMG_2027\"\n                    alt=\"IMG_2027\"\n                    src=\"http:\/\/www.freimarianne.ch\/wp-content\/gallery\/rigi-iph-24-1-26\/cache\/IMG_2027.jpeg-nggid0536714-ngg0dyn-100x75x100-00f0w010c010r110f110r010t010.jpeg\"\n                    width=\"89\"\n                    height=\"75\"\n                    style=\"max-width:100%;\"\n                \/>\n            <\/a>\n        <\/div>\n\t\t\t\t\t\t\t<\/div> \n\t\t\t\n                                    <br style=\"clear: both\" \/>\n                    \n\t\t\n\t\t<!-- Pagination -->\n\t<div class='ngg-clear'><\/div>\t<\/div>\n\n","protected":false},"excerpt":{"rendered":"<p>Winterwanderung Flucht aus dem Nebel im Mittelland! Ich fahre kurz entschlossen auf die Rigi, nachdem ich in Neuheim eine kurze Rundwanderung mit absolut keiner Sicht gemacht hatte. Auf Rigi Stafel bl\u00e4st ein kalter Wind ! Aber hier oben hat es Schnee und Sonne. Ich wandere vom Stafel hin\u00fcber zum First und von dort auf dem [&hellip;]<\/p>\n","protected":false},"author":1,"featured_media":0,"parent":69563,"menu_order":14,"comment_status":"closed","ping_status":"closed","template":"","meta":{"ngg_post_thumbnail":0},"_links":{"self":[{"href":"http:\/\/www.freimarianne.ch\/index.php?rest_route=\/wp\/v2\/pages\/70069"}],"collection":[{"href":"http:\/\/www.freimarianne.ch\/index.php?rest_route=\/wp\/v2\/pages"}],"about":[{"href":"http:\/\/www.freimarianne.ch\/index.php?rest_route=\/wp\/v2\/types\/page"}],"author":[{"embeddable":true,"href":"http:\/\/www.freimarianne.ch\/index.php?rest_route=\/wp\/v2\/users\/1"}],"replies":[{"embeddable":true,"href":"http:\/\/www.freimarianne.ch\/index.php?rest_route=%2Fwp%2Fv2%2Fcomments&post=70069"}],"version-history":[{"count":4,"href":"http:\/\/www.freimarianne.ch\/index.php?rest_route=\/wp\/v2\/pages\/70069\/revisions"}],"predecessor-version":[{"id":70154,"href":"http:\/\/www.freimarianne.ch\/index.php?rest_route=\/wp\/v2\/pages\/70069\/revisions\/70154"}],"up":[{"embeddable":true,"href":"http:\/\/www.freimarianne.ch\/index.php?rest_route=\/wp\/v2\/pages\/69563"}],"wp:attachment":[{"href":"http:\/\/www.freimarianne.ch\/index.php?rest_route=%2Fwp%2Fv2%2Fmedia&parent=70069"}],"curies":[{"name":"wp","href":"https:\/\/api.w.org\/{rel}","templated":true}]}}