{"id":70854,"date":"2026-05-01T14:33:27","date_gmt":"2026-05-01T13:33:27","guid":{"rendered":"https:\/\/www.freimarianne.ch\/?page_id=70854"},"modified":"2026-05-01T15:08:45","modified_gmt":"2026-05-01T14:08:45","slug":"gettnau-zell-lu-18-4-2026","status":"publish","type":"page","link":"http:\/\/www.freimarianne.ch\/?page_id=70854","title":{"rendered":"Gettnau &#8211; Zell  LU 18.4.2026"},"content":{"rendered":"<div id=\"attachment_70849\" style=\"width: 510px\" class=\"wp-caption alignleft\"><img aria-describedby=\"caption-attachment-70849\" loading=\"lazy\" class=\"size-full wp-image-70849\" src=\"http:\/\/www.freimarianne.ch\/wp-content\/uploads\/2026\/05\/IMG_4648_gettnau_500.jpeg\" alt=\"\" width=\"500\" height=\"395\" srcset=\"http:\/\/www.freimarianne.ch\/wp-content\/uploads\/2026\/05\/IMG_4648_gettnau_500.jpeg 500w, http:\/\/www.freimarianne.ch\/wp-content\/uploads\/2026\/05\/IMG_4648_gettnau_500-300x237.jpeg 300w, http:\/\/www.freimarianne.ch\/wp-content\/uploads\/2026\/05\/IMG_4648_gettnau_500-380x300.jpeg 380w\" sizes=\"(max-width: 500px) 100vw, 500px\" \/><p id=\"caption-attachment-70849\" class=\"wp-caption-text\">Sicht auf Zell<\/p><\/div>\n<p>Ich fahre heute nach Gettnau, das im Tal der Luthern liegt. Von hier aus wandere ich auf recht abwechlsungsreichen Wanderwegen \u00fcber H\u00fcbschtal<br>\nund B\u00fcndlenegg nach Zell. Die Gegend ist recht einsam und weitl\u00e4ufig aber es gibt wenig Naturwege.<br>\nDieser Wanderweg war eher eine Ausnahme.<\/p>\n<p>Laut Schweizmobil:<\/p>\n<p>Distanz: 6.4km; Aufstieg: 234m; Abstieg: 191m; Wanderzeit: 2h 11min<\/p>\n<p><a href=\"https:\/\/schweizmobil.ch\/de\/tour\/1703101548\">Karte Schweizmobil<\/a><\/p>\n\n\n<!-- index.php -->\n<div\n\tclass=\"ngg-galleryoverview ngg-ajax-pagination-none\"\n\tid=\"ngg-gallery-4590027e700de80e8cb02ed6ecb6afc4-1\">\n\n    \t<div class=\"slideshowlink\">\n        <a href='http:\/\/www.freimarianne.ch\/index.php\/nggallery\/slideshow?page_id=70854'>[Show as slideshow]<\/a>\n\t\t\n\t<\/div>\n\t\t\t<!-- Thumbnails -->\n\t\t\t\t<div id=\"ngg-image-0\" class=\"ngg-gallery-thumbnail-box\" >\n\t\t\t\t        <div class=\"ngg-gallery-thumbnail\">\n            <a href=\"http:\/\/www.freimarianne.ch\/wp-content\/gallery\/gettnau-zell-18-4-26\/IMG_4624.jpeg\"\n               title=\"Gettnau: auch  hier gibt es Drumlins\"\n               data-src=\"http:\/\/www.freimarianne.ch\/wp-content\/gallery\/gettnau-zell-18-4-26\/IMG_4624.jpeg\"\n               data-thumbnail=\"http:\/\/www.freimarianne.ch\/wp-content\/gallery\/gettnau-zell-18-4-26\/thumbs\/thumbs_IMG_4624.jpeg\"\n               data-image-id=\"37231\"\n               data-title=\"Gettnau: auch  hier gibt es Drumlins\"\n               data-description=\"Gettnau: auch  hier gibt es Drumlins\"\n               data-image-slug=\"img_4624-1\"\n               class=\"shutterset_4590027e700de80e8cb02ed6ecb6afc4\">\n                <img\n                    title=\"Gettnau: auch  hier gibt es Drumlins\"\n                    alt=\"Gettnau: auch  hier gibt es Drumlins\"\n                    src=\"http:\/\/www.freimarianne.ch\/wp-content\/gallery\/gettnau-zell-18-4-26\/cache\/IMG_4624.jpeg-nggid0537231-ngg0dyn-100x75x100-00f0w010c010r110f110r010t010.jpeg\"\n                    width=\"100\"\n                    height=\"70\"\n                    style=\"max-width:100%;\"\n                \/>\n            <\/a>\n        <\/div>\n\t\t\t\t\t\t\t<\/div> \n\t\t\t\n                            \n\t\t\t\t<div id=\"ngg-image-1\" class=\"ngg-gallery-thumbnail-box\" >\n\t\t\t\t        <div class=\"ngg-gallery-thumbnail\">\n            <a href=\"http:\/\/www.freimarianne.ch\/wp-content\/gallery\/gettnau-zell-18-4-26\/IMG_4631.jpeg\"\n               title=\"oberhalb  Gettnau\"\n               data-src=\"http:\/\/www.freimarianne.ch\/wp-content\/gallery\/gettnau-zell-18-4-26\/IMG_4631.jpeg\"\n               data-thumbnail=\"http:\/\/www.freimarianne.ch\/wp-content\/gallery\/gettnau-zell-18-4-26\/thumbs\/thumbs_IMG_4631.jpeg\"\n               data-image-id=\"37229\"\n               data-title=\"oberhalb  Gettnau\"\n               data-description=\"oberhalb  Gettnau\"\n               data-image-slug=\"img_4631\"\n               class=\"shutterset_4590027e700de80e8cb02ed6ecb6afc4\">\n                <img\n                    title=\"oberhalb  Gettnau\"\n                    alt=\"oberhalb  Gettnau\"\n                    src=\"http:\/\/www.freimarianne.ch\/wp-content\/gallery\/gettnau-zell-18-4-26\/cache\/IMG_4631.jpeg-nggid0537229-ngg0dyn-100x75x100-00f0w010c010r110f110r010t010.jpeg\"\n                    width=\"100\"\n                    height=\"67\"\n                    style=\"max-width:100%;\"\n                \/>\n            <\/a>\n        <\/div>\n\t\t\t\t\t\t\t<\/div> \n\t\t\t\n                            \n\t\t\t\t<div id=\"ngg-image-2\" class=\"ngg-gallery-thumbnail-box\" >\n\t\t\t\t        <div class=\"ngg-gallery-thumbnail\">\n            <a href=\"http:\/\/www.freimarianne.ch\/wp-content\/gallery\/gettnau-zell-18-4-26\/IMG_4632.jpeg\"\n               title=\"H\u00f6henzug oberhalb  Gettnau: Heuen im April\"\n               data-src=\"http:\/\/www.freimarianne.ch\/wp-content\/gallery\/gettnau-zell-18-4-26\/IMG_4632.jpeg\"\n               data-thumbnail=\"http:\/\/www.freimarianne.ch\/wp-content\/gallery\/gettnau-zell-18-4-26\/thumbs\/thumbs_IMG_4632.jpeg\"\n               data-image-id=\"37230\"\n               data-title=\"H\u00f6henzug oberhalb  Gettnau: Heuen im April\"\n               data-description=\"H\u00f6henzug oberhalb  Gettnau: Heuen im April\"\n               data-image-slug=\"img_4632-2\"\n               class=\"shutterset_4590027e700de80e8cb02ed6ecb6afc4\">\n                <img\n                    title=\"H\u00f6henzug oberhalb  Gettnau: Heuen im April\"\n                    alt=\"H\u00f6henzug oberhalb  Gettnau: Heuen im April\"\n                    src=\"http:\/\/www.freimarianne.ch\/wp-content\/gallery\/gettnau-zell-18-4-26\/cache\/IMG_4632.jpeg-nggid0537230-ngg0dyn-100x75x100-00f0w010c010r110f110r010t010.jpeg\"\n                    width=\"100\"\n                    height=\"68\"\n                    style=\"max-width:100%;\"\n                \/>\n            <\/a>\n        <\/div>\n\t\t\t\t\t\t\t<\/div> \n\t\t\t\n                            \n\t\t\t\t<div id=\"ngg-image-3\" class=\"ngg-gallery-thumbnail-box\" >\n\t\t\t\t        <div class=\"ngg-gallery-thumbnail\">\n            <a href=\"http:\/\/www.freimarianne.ch\/wp-content\/gallery\/gettnau-zell-18-4-26\/IMG_4633.jpeg\"\n               title=\"H\u00f6henzug oberhalb  Gettnau:\"\n               data-src=\"http:\/\/www.freimarianne.ch\/wp-content\/gallery\/gettnau-zell-18-4-26\/IMG_4633.jpeg\"\n               data-thumbnail=\"http:\/\/www.freimarianne.ch\/wp-content\/gallery\/gettnau-zell-18-4-26\/thumbs\/thumbs_IMG_4633.jpeg\"\n               data-image-id=\"37228\"\n               data-title=\"H\u00f6henzug oberhalb  Gettnau:\"\n               data-description=\"H\u00f6henzug oberhalb  Gettnau:\"\n               data-image-slug=\"img_4633\"\n               class=\"shutterset_4590027e700de80e8cb02ed6ecb6afc4\">\n                <img\n                    title=\"H\u00f6henzug oberhalb  Gettnau:\"\n                    alt=\"H\u00f6henzug oberhalb  Gettnau:\"\n                    src=\"http:\/\/www.freimarianne.ch\/wp-content\/gallery\/gettnau-zell-18-4-26\/cache\/IMG_4633.jpeg-nggid0537228-ngg0dyn-100x75x100-00f0w010c010r110f110r010t010.jpeg\"\n                    width=\"100\"\n                    height=\"75\"\n                    style=\"max-width:100%;\"\n                \/>\n            <\/a>\n        <\/div>\n\t\t\t\t\t\t\t<\/div> \n\t\t\t\n                                    <br style=\"clear: both\" \/>\n                    \n\t\t\t\t<div id=\"ngg-image-4\" class=\"ngg-gallery-thumbnail-box\" >\n\t\t\t\t        <div class=\"ngg-gallery-thumbnail\">\n            <a href=\"http:\/\/www.freimarianne.ch\/wp-content\/gallery\/gettnau-zell-18-4-26\/IMG_4635.jpeg\"\n               title=\"\u00f6henzug oberhalb  Gettnau:\"\n               data-src=\"http:\/\/www.freimarianne.ch\/wp-content\/gallery\/gettnau-zell-18-4-26\/IMG_4635.jpeg\"\n               data-thumbnail=\"http:\/\/www.freimarianne.ch\/wp-content\/gallery\/gettnau-zell-18-4-26\/thumbs\/thumbs_IMG_4635.jpeg\"\n               data-image-id=\"37225\"\n               data-title=\"\u00f6henzug oberhalb  Gettnau:\"\n               data-description=\"\u00f6henzug oberhalb  Gettnau:\"\n               data-image-slug=\"img_4635-2\"\n               class=\"shutterset_4590027e700de80e8cb02ed6ecb6afc4\">\n                <img\n                    title=\"\u00f6henzug oberhalb  Gettnau:\"\n                    alt=\"\u00f6henzug oberhalb  Gettnau:\"\n                    src=\"http:\/\/www.freimarianne.ch\/wp-content\/gallery\/gettnau-zell-18-4-26\/cache\/IMG_4635.jpeg-nggid0537225-ngg0dyn-100x75x100-00f0w010c010r110f110r010t010.jpeg\"\n                    width=\"100\"\n                    height=\"70\"\n                    style=\"max-width:100%;\"\n                \/>\n            <\/a>\n        <\/div>\n\t\t\t\t\t\t\t<\/div> \n\t\t\t\n                            \n\t\t\t\t<div id=\"ngg-image-5\" class=\"ngg-gallery-thumbnail-box\" >\n\t\t\t\t        <div class=\"ngg-gallery-thumbnail\">\n            <a href=\"http:\/\/www.freimarianne.ch\/wp-content\/gallery\/gettnau-zell-18-4-26\/IMG_4638.jpeg\"\n               title=\"H\u00f6henzug oberhalb  Gettnau:\"\n               data-src=\"http:\/\/www.freimarianne.ch\/wp-content\/gallery\/gettnau-zell-18-4-26\/IMG_4638.jpeg\"\n               data-thumbnail=\"http:\/\/www.freimarianne.ch\/wp-content\/gallery\/gettnau-zell-18-4-26\/thumbs\/thumbs_IMG_4638.jpeg\"\n               data-image-id=\"37227\"\n               data-title=\"H\u00f6henzug oberhalb  Gettnau:\"\n               data-description=\"H\u00f6henzug oberhalb  Gettnau:\"\n               data-image-slug=\"img_4638-3\"\n               class=\"shutterset_4590027e700de80e8cb02ed6ecb6afc4\">\n                <img\n                    title=\"H\u00f6henzug oberhalb  Gettnau:\"\n                    alt=\"H\u00f6henzug oberhalb  Gettnau:\"\n                    src=\"http:\/\/www.freimarianne.ch\/wp-content\/gallery\/gettnau-zell-18-4-26\/cache\/IMG_4638.jpeg-nggid0537227-ngg0dyn-100x75x100-00f0w010c010r110f110r010t010.jpeg\"\n                    width=\"100\"\n                    height=\"72\"\n                    style=\"max-width:100%;\"\n                \/>\n            <\/a>\n        <\/div>\n\t\t\t\t\t\t\t<\/div> \n\t\t\t\n                            \n\t\t\t\t<div id=\"ngg-image-6\" class=\"ngg-gallery-thumbnail-box\" >\n\t\t\t\t        <div class=\"ngg-gallery-thumbnail\">\n            <a href=\"http:\/\/www.freimarianne.ch\/wp-content\/gallery\/gettnau-zell-18-4-26\/IMG_4639.jpeg\"\n               title=\"wundersch\u00f6ne Landschaft; Hellerhof\"\n               data-src=\"http:\/\/www.freimarianne.ch\/wp-content\/gallery\/gettnau-zell-18-4-26\/IMG_4639.jpeg\"\n               data-thumbnail=\"http:\/\/www.freimarianne.ch\/wp-content\/gallery\/gettnau-zell-18-4-26\/thumbs\/thumbs_IMG_4639.jpeg\"\n               data-image-id=\"37226\"\n               data-title=\"wundersch\u00f6ne Landschaft; Hellerhof\"\n               data-description=\"wundersch\u00f6ne Landschaft; Hellerhof\"\n               data-image-slug=\"img_4639-4\"\n               class=\"shutterset_4590027e700de80e8cb02ed6ecb6afc4\">\n                <img\n                    title=\"wundersch\u00f6ne Landschaft; Hellerhof\"\n                    alt=\"wundersch\u00f6ne Landschaft; Hellerhof\"\n                    src=\"http:\/\/www.freimarianne.ch\/wp-content\/gallery\/gettnau-zell-18-4-26\/cache\/IMG_4639.jpeg-nggid0537226-ngg0dyn-100x75x100-00f0w010c010r110f110r010t010.jpeg\"\n                    width=\"100\"\n                    height=\"70\"\n                    style=\"max-width:100%;\"\n                \/>\n            <\/a>\n        <\/div>\n\t\t\t\t\t\t\t<\/div> \n\t\t\t\n                            \n\t\t\t\t<div id=\"ngg-image-7\" class=\"ngg-gallery-thumbnail-box\" >\n\t\t\t\t        <div class=\"ngg-gallery-thumbnail\">\n            <a href=\"http:\/\/www.freimarianne.ch\/wp-content\/gallery\/gettnau-zell-18-4-26\/IMG_4646.jpeg\"\n               title=\"Sicht ins Tal; Zell\"\n               data-src=\"http:\/\/www.freimarianne.ch\/wp-content\/gallery\/gettnau-zell-18-4-26\/IMG_4646.jpeg\"\n               data-thumbnail=\"http:\/\/www.freimarianne.ch\/wp-content\/gallery\/gettnau-zell-18-4-26\/thumbs\/thumbs_IMG_4646.jpeg\"\n               data-image-id=\"37224\"\n               data-title=\"Sicht ins Tal; Zell\"\n               data-description=\"Sicht ins Tal; Zell\"\n               data-image-slug=\"img_4646-4\"\n               class=\"shutterset_4590027e700de80e8cb02ed6ecb6afc4\">\n                <img\n                    title=\"Sicht ins Tal; Zell\"\n                    alt=\"Sicht ins Tal; Zell\"\n                    src=\"http:\/\/www.freimarianne.ch\/wp-content\/gallery\/gettnau-zell-18-4-26\/cache\/IMG_4646.jpeg-nggid0537224-ngg0dyn-100x75x100-00f0w010c010r110f110r010t010.jpeg\"\n                    width=\"100\"\n                    height=\"67\"\n                    style=\"max-width:100%;\"\n                \/>\n            <\/a>\n        <\/div>\n\t\t\t\t\t\t\t<\/div> \n\t\t\t\n                                    <br style=\"clear: both\" \/>\n                    \n\t\t\t\t<div id=\"ngg-image-8\" class=\"ngg-gallery-thumbnail-box\" >\n\t\t\t\t        <div class=\"ngg-gallery-thumbnail\">\n            <a href=\"http:\/\/www.freimarianne.ch\/wp-content\/gallery\/gettnau-zell-18-4-26\/IMG_4647.jpeg\"\n               title=\"sch\u00f6ner Waldweg\"\n               data-src=\"http:\/\/www.freimarianne.ch\/wp-content\/gallery\/gettnau-zell-18-4-26\/IMG_4647.jpeg\"\n               data-thumbnail=\"http:\/\/www.freimarianne.ch\/wp-content\/gallery\/gettnau-zell-18-4-26\/thumbs\/thumbs_IMG_4647.jpeg\"\n               data-image-id=\"37223\"\n               data-title=\"sch\u00f6ner Waldweg\"\n               data-description=\"sch\u00f6ner Waldweg\"\n               data-image-slug=\"img_4647-3\"\n               class=\"shutterset_4590027e700de80e8cb02ed6ecb6afc4\">\n                <img\n                    title=\"sch\u00f6ner Waldweg\"\n                    alt=\"sch\u00f6ner Waldweg\"\n                    src=\"http:\/\/www.freimarianne.ch\/wp-content\/gallery\/gettnau-zell-18-4-26\/cache\/IMG_4647.jpeg-nggid0537223-ngg0dyn-100x75x100-00f0w010c010r110f110r010t010.jpeg\"\n                    width=\"100\"\n                    height=\"67\"\n                    style=\"max-width:100%;\"\n                \/>\n            <\/a>\n        <\/div>\n\t\t\t\t\t\t\t<\/div> \n\t\t\t\n                            \n\t\t\t\t<div id=\"ngg-image-9\" class=\"ngg-gallery-thumbnail-box\" >\n\t\t\t\t        <div class=\"ngg-gallery-thumbnail\">\n            <a href=\"http:\/\/www.freimarianne.ch\/wp-content\/gallery\/gettnau-zell-18-4-26\/IMG_4650.jpeg\"\n               title=\"Sicht auf Zell\"\n               data-src=\"http:\/\/www.freimarianne.ch\/wp-content\/gallery\/gettnau-zell-18-4-26\/IMG_4650.jpeg\"\n               data-thumbnail=\"http:\/\/www.freimarianne.ch\/wp-content\/gallery\/gettnau-zell-18-4-26\/thumbs\/thumbs_IMG_4650.jpeg\"\n               data-image-id=\"37222\"\n               data-title=\"Sicht auf Zell\"\n               data-description=\"Sicht auf Zell\"\n               data-image-slug=\"img_4650-3\"\n               class=\"shutterset_4590027e700de80e8cb02ed6ecb6afc4\">\n                <img\n                    title=\"Sicht auf Zell\"\n                    alt=\"Sicht auf Zell\"\n                    src=\"http:\/\/www.freimarianne.ch\/wp-content\/gallery\/gettnau-zell-18-4-26\/cache\/IMG_4650.jpeg-nggid0537222-ngg0dyn-100x75x100-00f0w010c010r110f110r010t010.jpeg\"\n                    width=\"100\"\n                    height=\"66\"\n                    style=\"max-width:100%;\"\n                \/>\n            <\/a>\n        <\/div>\n\t\t\t\t\t\t\t<\/div> \n\t\t\t\n                            \n\t\t\n\t\t<!-- Pagination -->\n\t<div class='ngg-clear'><\/div>\t<\/div>\n\n\n\n\n<!-- index.php -->\n<div\n\tclass=\"ngg-galleryoverview ngg-ajax-pagination-none\"\n\tid=\"ngg-gallery-8c4c850fa892d35e9c575ccd3256ed0d-1\">\n\n    \t<div class=\"slideshowlink\">\n        <a href='http:\/\/www.freimarianne.ch\/index.php\/nggallery\/slideshow?page_id=70854'>[Show as slideshow]<\/a>\n\t\t\n\t<\/div>\n\t\t\t<!-- Thumbnails -->\n\t\t\t\t<div id=\"ngg-image-0\" class=\"ngg-gallery-thumbnail-box\" >\n\t\t\t\t        <div class=\"ngg-gallery-thumbnail\">\n            <a href=\"http:\/\/www.freimarianne.ch\/wp-content\/gallery\/gettnau-zell-iph-18-4-26\/IMG_2648.jpeg\"\n               title=\"Gegend bei Gettnau\"\n               data-src=\"http:\/\/www.freimarianne.ch\/wp-content\/gallery\/gettnau-zell-iph-18-4-26\/IMG_2648.jpeg\"\n               data-thumbnail=\"http:\/\/www.freimarianne.ch\/wp-content\/gallery\/gettnau-zell-iph-18-4-26\/thumbs\/thumbs_IMG_2648.jpeg\"\n               data-image-id=\"37234\"\n               data-title=\"Gegend bei Gettnau\"\n               data-description=\"Gegend bei Gettnau\"\n               data-image-slug=\"img_2648-5\"\n               class=\"shutterset_8c4c850fa892d35e9c575ccd3256ed0d\">\n                <img\n                    title=\"Gegend bei Gettnau\"\n                    alt=\"Gegend bei Gettnau\"\n                    src=\"http:\/\/www.freimarianne.ch\/wp-content\/gallery\/gettnau-zell-iph-18-4-26\/cache\/IMG_2648.jpeg-nggid0537234-ngg0dyn-100x75x100-00f0w010c010r110f110r010t010.jpeg\"\n                    width=\"100\"\n                    height=\"75\"\n                    style=\"max-width:100%;\"\n                \/>\n            <\/a>\n        <\/div>\n\t\t\t\t\t\t\t<\/div> \n\t\t\t\n                            \n\t\t\t\t<div id=\"ngg-image-1\" class=\"ngg-gallery-thumbnail-box\" >\n\t\t\t\t        <div class=\"ngg-gallery-thumbnail\">\n            <a href=\"http:\/\/www.freimarianne.ch\/wp-content\/gallery\/gettnau-zell-iph-18-4-26\/IMG_2649.jpeg\"\n               title=\"Gegend bei Gettnau\"\n               data-src=\"http:\/\/www.freimarianne.ch\/wp-content\/gallery\/gettnau-zell-iph-18-4-26\/IMG_2649.jpeg\"\n               data-thumbnail=\"http:\/\/www.freimarianne.ch\/wp-content\/gallery\/gettnau-zell-iph-18-4-26\/thumbs\/thumbs_IMG_2649.jpeg\"\n               data-image-id=\"37235\"\n               data-title=\"Gegend bei Gettnau\"\n               data-description=\"Gegend bei Gettnau\"\n               data-image-slug=\"img_2649-5\"\n               class=\"shutterset_8c4c850fa892d35e9c575ccd3256ed0d\">\n                <img\n                    title=\"Gegend bei Gettnau\"\n                    alt=\"Gegend bei Gettnau\"\n                    src=\"http:\/\/www.freimarianne.ch\/wp-content\/gallery\/gettnau-zell-iph-18-4-26\/cache\/IMG_2649.jpeg-nggid0537235-ngg0dyn-100x75x100-00f0w010c010r110f110r010t010.jpeg\"\n                    width=\"100\"\n                    height=\"75\"\n                    style=\"max-width:100%;\"\n                \/>\n            <\/a>\n        <\/div>\n\t\t\t\t\t\t\t<\/div> \n\t\t\t\n                            \n\t\t\t\t<div id=\"ngg-image-2\" class=\"ngg-gallery-thumbnail-box\" >\n\t\t\t\t        <div class=\"ngg-gallery-thumbnail\">\n            <a href=\"http:\/\/www.freimarianne.ch\/wp-content\/gallery\/gettnau-zell-iph-18-4-26\/IMG_2650.jpeg\"\n               title=\"Gegend bei Gettnau\"\n               data-src=\"http:\/\/www.freimarianne.ch\/wp-content\/gallery\/gettnau-zell-iph-18-4-26\/IMG_2650.jpeg\"\n               data-thumbnail=\"http:\/\/www.freimarianne.ch\/wp-content\/gallery\/gettnau-zell-iph-18-4-26\/thumbs\/thumbs_IMG_2650.jpeg\"\n               data-image-id=\"37233\"\n               data-title=\"Gegend bei Gettnau\"\n               data-description=\"Gegend bei Gettnau\"\n               data-image-slug=\"img_2650-5\"\n               class=\"shutterset_8c4c850fa892d35e9c575ccd3256ed0d\">\n                <img\n                    title=\"Gegend bei Gettnau\"\n                    alt=\"Gegend bei Gettnau\"\n                    src=\"http:\/\/www.freimarianne.ch\/wp-content\/gallery\/gettnau-zell-iph-18-4-26\/cache\/IMG_2650.jpeg-nggid0537233-ngg0dyn-100x75x100-00f0w010c010r110f110r010t010.jpeg\"\n                    width=\"100\"\n                    height=\"75\"\n                    style=\"max-width:100%;\"\n                \/>\n            <\/a>\n        <\/div>\n\t\t\t\t\t\t\t<\/div> \n\t\t\t\n                            \n\t\t\t\t<div id=\"ngg-image-3\" class=\"ngg-gallery-thumbnail-box\" >\n\t\t\t\t        <div class=\"ngg-gallery-thumbnail\">\n            <a href=\"http:\/\/www.freimarianne.ch\/wp-content\/gallery\/gettnau-zell-iph-18-4-26\/IMG_2652.jpeg\"\n               title=\"Gegend bei Gettnau\"\n               data-src=\"http:\/\/www.freimarianne.ch\/wp-content\/gallery\/gettnau-zell-iph-18-4-26\/IMG_2652.jpeg\"\n               data-thumbnail=\"http:\/\/www.freimarianne.ch\/wp-content\/gallery\/gettnau-zell-iph-18-4-26\/thumbs\/thumbs_IMG_2652.jpeg\"\n               data-image-id=\"37232\"\n               data-title=\"Gegend bei Gettnau\"\n               data-description=\"Gegend bei Gettnau\"\n               data-image-slug=\"img_2652-3\"\n               class=\"shutterset_8c4c850fa892d35e9c575ccd3256ed0d\">\n                <img\n                    title=\"Gegend bei Gettnau\"\n                    alt=\"Gegend bei Gettnau\"\n                    src=\"http:\/\/www.freimarianne.ch\/wp-content\/gallery\/gettnau-zell-iph-18-4-26\/cache\/IMG_2652.jpeg-nggid0537232-ngg0dyn-100x75x100-00f0w010c010r110f110r010t010.jpeg\"\n                    width=\"100\"\n                    height=\"75\"\n                    style=\"max-width:100%;\"\n                \/>\n            <\/a>\n        <\/div>\n\t\t\t\t\t\t\t<\/div> \n\t\t\t\n                                    <br style=\"clear: both\" \/>\n                    \n\t\t\n\t\t<!-- Pagination -->\n\t<div class='ngg-clear'><\/div>\t<\/div>\n\n","protected":false},"excerpt":{"rendered":"<p>Ich fahre heute nach Gettnau, das im Tal der Luthern liegt. Von hier aus wandere ich auf recht abwechlsungsreichen Wanderwegen \u00fcber H\u00fcbschtal und B\u00fcndlenegg nach Zell. Die Gegend ist recht einsam und weitl\u00e4ufig aber es gibt wenig Naturwege. Dieser Wanderweg war eher eine Ausnahme. Laut Schweizmobil: Distanz: 6.4km; Aufstieg: 234m; Abstieg: 191m; Wanderzeit: 2h 11min [&hellip;]<\/p>\n","protected":false},"author":1,"featured_media":0,"parent":70273,"menu_order":15,"comment_status":"closed","ping_status":"closed","template":"","meta":{"ngg_post_thumbnail":0},"_links":{"self":[{"href":"http:\/\/www.freimarianne.ch\/index.php?rest_route=\/wp\/v2\/pages\/70854"}],"collection":[{"href":"http:\/\/www.freimarianne.ch\/index.php?rest_route=\/wp\/v2\/pages"}],"about":[{"href":"http:\/\/www.freimarianne.ch\/index.php?rest_route=\/wp\/v2\/types\/page"}],"author":[{"embeddable":true,"href":"http:\/\/www.freimarianne.ch\/index.php?rest_route=\/wp\/v2\/users\/1"}],"replies":[{"embeddable":true,"href":"http:\/\/www.freimarianne.ch\/index.php?rest_route=%2Fwp%2Fv2%2Fcomments&post=70854"}],"version-history":[{"count":3,"href":"http:\/\/www.freimarianne.ch\/index.php?rest_route=\/wp\/v2\/pages\/70854\/revisions"}],"predecessor-version":[{"id":71000,"href":"http:\/\/www.freimarianne.ch\/index.php?rest_route=\/wp\/v2\/pages\/70854\/revisions\/71000"}],"up":[{"embeddable":true,"href":"http:\/\/www.freimarianne.ch\/index.php?rest_route=\/wp\/v2\/pages\/70273"}],"wp:attachment":[{"href":"http:\/\/www.freimarianne.ch\/index.php?rest_route=%2Fwp%2Fv2%2Fmedia&parent=70854"}],"curies":[{"name":"wp","href":"https:\/\/api.w.org\/{rel}","templated":true}]}}