{"id":70858,"date":"2026-05-01T14:44:21","date_gmt":"2026-05-01T13:44:21","guid":{"rendered":"https:\/\/www.freimarianne.ch\/?page_id=70858"},"modified":"2026-05-01T15:12:08","modified_gmt":"2026-05-01T14:12:08","slug":"finsterwald-und-kleine-emme-be23-4-2026","status":"publish","type":"page","link":"http:\/\/www.freimarianne.ch\/?page_id=70858","title":{"rendered":"Finsterwald und Kleine Emme BE23.4.2026"},"content":{"rendered":"\n<p><strong>Moorwanderung  und Flusswanderung<\/strong><\/p>\n\n\n<div id=\"attachment_70851\" style=\"width: 510px\" class=\"wp-caption alignleft\"><img aria-describedby=\"caption-attachment-70851\" loading=\"lazy\" class=\"size-full wp-image-70851\" src=\"http:\/\/www.freimarianne.ch\/wp-content\/uploads\/2026\/05\/IMG_4725_finsterwald_4.26_500.jpeg\" alt=\"\" width=\"500\" height=\"358\" srcset=\"http:\/\/www.freimarianne.ch\/wp-content\/uploads\/2026\/05\/IMG_4725_finsterwald_4.26_500.jpeg 500w, http:\/\/www.freimarianne.ch\/wp-content\/uploads\/2026\/05\/IMG_4725_finsterwald_4.26_500-300x215.jpeg 300w, http:\/\/www.freimarianne.ch\/wp-content\/uploads\/2026\/05\/IMG_4725_finsterwald_4.26_500-419x300.jpeg 419w\" sizes=\"(max-width: 500px) 100vw, 500px\" \/><p id=\"caption-attachment-70851\" class=\"wp-caption-text\">Blick ins Tal Richtung Glaubenbergpass; re Schimbrig<\/p><\/div>\n<p>Nochmals fahre ich ins Entlebuch und zwar diesmal nach Finsterwald. Der Ort ist ab Entlebuch mit dem Bus erreichbar. Die Fahrt hinauf nach Finsterwald ist sehr sch\u00f6n. Im Sommer gibt es sogar eine Postauto, das auf den Glaubenbergpass f\u00e4hrt.<br>Mein heutiges Ziel ist das Moorgebiet hier oben. Diese Moorwanderung ist sehr sch\u00f6n aber braucht nicht allzuviel Zeit. Das Panorama mit dem Schimbrig , der Schafmatt und der Farneren ist interessant. F\u00fcr diese Moorwanderun brauche ich 2 Stunden. Wenn man eine Rundwanderung macht muss man auf der Autostrasse zur\u00fcck nach Finsterwald gehen. Ca. 11h bin ich zur\u00fcck und muss auf den Bus um12.12h warten. Die Zeit verbringe ich auf einer Bank auf dem kleinen Friedhof und kann so meinen Picknick essen.<\/p>\n<p>Da ich doch noch etwas mehr wandern m\u00f6chte, beschliesse ich von Entlebuch aus an der Alten Emme nach Sch\u00fcpfheim zu wandern, was die Fortsetzung meiner vorherigen Wanderung von Wolhusen bis Entlebuch ist.<\/p>\n<p>Diese Wanderung finde ich etwas weniger attraktiv als die erste H\u00e4lfte. Es gibt Stellen, wo man wegen der Industrie einem Umweg machen muss und es gibt gegen das Ende ein wohl sch\u00f6nes aber langweiliges gerades St\u00fcck Wegs. Jedenfalls bin ich froh als ich in Sch\u00fcpfheim eintreffe.<\/p>\n<p>Es war abwechslungsreicher Tag bei besten Fr\u00fchlingswetter.<\/p>\n<p><strong>Finsterwald Wanderung<\/strong><\/p>\n<p>Distanz: 5.6km; Aufstieg: 154m; Abstieg: 166m; Wanderzeit: 1h 50min<\/p>\n<p><a href=\"https:\/\/schweizmobil.ch\/de\/tour\/1001756063\">Karte Schweizmobil:<\/a><\/p>\n\n\n<p><strong>Emmenuferweg von Entlebuch nach Sch\u00fcpfheim<\/strong><\/p>\n\n\n\n<p>Distanz: 7km; Aufstieg: 128m; Abstieg: 95m; Wanderzeit: 2h 10 Min<\/p>\n\n\n\n<p><a href=\"https:\/\/schweizmobil.ch\/de\/tour\/1432869430\">Karte Schweizmobil:<\/a><\/p>\n\n\n\n<p><\/p>\n\n\n\n<!-- index.php -->\n<div\n\tclass=\"ngg-galleryoverview ngg-ajax-pagination-none\"\n\tid=\"ngg-gallery-7e0ef077bee1eb6dd09798fb363fd320-1\">\n\n    \t<div class=\"slideshowlink\">\n        <a href='http:\/\/www.freimarianne.ch\/index.php\/nggallery\/slideshow?page_id=70858'>[Show as slideshow]<\/a>\n\t\t\n\t<\/div>\n\t\t\t<!-- Thumbnails -->\n\t\t\t\t<div id=\"ngg-image-0\" class=\"ngg-gallery-thumbnail-box\" >\n\t\t\t\t        <div class=\"ngg-gallery-thumbnail\">\n            <a href=\"http:\/\/www.freimarianne.ch\/wp-content\/gallery\/finsterwald-emme-23-4-26\/IMG_4706.jpeg\"\n               title=\"Moorlandschaft bei Finsterwald\"\n               data-src=\"http:\/\/www.freimarianne.ch\/wp-content\/gallery\/finsterwald-emme-23-4-26\/IMG_4706.jpeg\"\n               data-thumbnail=\"http:\/\/www.freimarianne.ch\/wp-content\/gallery\/finsterwald-emme-23-4-26\/thumbs\/thumbs_IMG_4706.jpeg\"\n               data-image-id=\"37268\"\n               data-title=\"Moorlandschaft bei Finsterwald\"\n               data-description=\"Moorlandschaft bei Finsterwald\"\n               data-image-slug=\"img_4706-5\"\n               class=\"shutterset_7e0ef077bee1eb6dd09798fb363fd320\">\n                <img\n                    title=\"Moorlandschaft bei Finsterwald\"\n                    alt=\"Moorlandschaft bei Finsterwald\"\n                    src=\"http:\/\/www.freimarianne.ch\/wp-content\/gallery\/finsterwald-emme-23-4-26\/cache\/IMG_4706.jpeg-nggid0537268-ngg0dyn-100x75x100-00f0w010c010r110f110r010t010.jpeg\"\n                    width=\"100\"\n                    height=\"67\"\n                    style=\"max-width:100%;\"\n                \/>\n            <\/a>\n        <\/div>\n\t\t\t\t\t\t\t<\/div> \n\t\t\t\n                            \n\t\t\t\t<div id=\"ngg-image-1\" class=\"ngg-gallery-thumbnail-box\" >\n\t\t\t\t        <div class=\"ngg-gallery-thumbnail\">\n            <a href=\"http:\/\/www.freimarianne.ch\/wp-content\/gallery\/finsterwald-emme-23-4-26\/IMG_4709.jpeg\"\n               title=\"Moorlandschaft bei Finsterwald;hi F\u00fcrstei 2040m, \u00c4bnistetteflue 1834m,  Schafmatt 1978m, trick 1947m, H\u00e4chle 2091m\"\n               data-src=\"http:\/\/www.freimarianne.ch\/wp-content\/gallery\/finsterwald-emme-23-4-26\/IMG_4709.jpeg\"\n               data-thumbnail=\"http:\/\/www.freimarianne.ch\/wp-content\/gallery\/finsterwald-emme-23-4-26\/thumbs\/thumbs_IMG_4709.jpeg\"\n               data-image-id=\"37267\"\n               data-title=\"Moorlandschaft bei Finsterwald;hi F\u00fcrstei 2040m, \u00c4bnistetteflue 1834m,  Schafmatt 1978m, trick 1947m, H\u00e4chle 2091m\"\n               data-description=\"Moorlandschaft bei Finsterwald;hi F\u00fcrstei 2040m, \u00c4bnistetteflue 1834m,  Schafmatt 1978m, trick 1947m, H\u00e4chle 2091m\"\n               data-image-slug=\"img_4709-4\"\n               class=\"shutterset_7e0ef077bee1eb6dd09798fb363fd320\">\n                <img\n                    title=\"Moorlandschaft bei Finsterwald;hi F\u00fcrstei 2040m, \u00c4bnistetteflue 1834m,  Schafmatt 1978m, trick 1947m, H\u00e4chle 2091m\"\n                    alt=\"Moorlandschaft bei Finsterwald;hi F\u00fcrstei 2040m, \u00c4bnistetteflue 1834m,  Schafmatt 1978m, trick 1947m, H\u00e4chle 2091m\"\n                    src=\"http:\/\/www.freimarianne.ch\/wp-content\/gallery\/finsterwald-emme-23-4-26\/cache\/IMG_4709.jpeg-nggid0537267-ngg0dyn-100x75x100-00f0w010c010r110f110r010t010.jpeg\"\n                    width=\"100\"\n                    height=\"71\"\n                    style=\"max-width:100%;\"\n                \/>\n            <\/a>\n        <\/div>\n\t\t\t\t\t\t\t<\/div> \n\t\t\t\n                            \n\t\t\t\t<div id=\"ngg-image-2\" class=\"ngg-gallery-thumbnail-box\" >\n\t\t\t\t        <div class=\"ngg-gallery-thumbnail\">\n            <a href=\"http:\/\/www.freimarianne.ch\/wp-content\/gallery\/finsterwald-emme-23-4-26\/IMG_4713.jpeg\"\n               title=\"Moorlandschaft bei Finsterwald; Schimbrig; Fuchserenmoos\"\n               data-src=\"http:\/\/www.freimarianne.ch\/wp-content\/gallery\/finsterwald-emme-23-4-26\/IMG_4713.jpeg\"\n               data-thumbnail=\"http:\/\/www.freimarianne.ch\/wp-content\/gallery\/finsterwald-emme-23-4-26\/thumbs\/thumbs_IMG_4713.jpeg\"\n               data-image-id=\"37266\"\n               data-title=\"Moorlandschaft bei Finsterwald; Schimbrig; Fuchserenmoos\"\n               data-description=\"Moorlandschaft bei Finsterwald; Schimbrig; Fuchserenmoos\"\n               data-image-slug=\"img_4713-5\"\n               class=\"shutterset_7e0ef077bee1eb6dd09798fb363fd320\">\n                <img\n                    title=\"Moorlandschaft bei Finsterwald; Schimbrig; Fuchserenmoos\"\n                    alt=\"Moorlandschaft bei Finsterwald; Schimbrig; Fuchserenmoos\"\n                    src=\"http:\/\/www.freimarianne.ch\/wp-content\/gallery\/finsterwald-emme-23-4-26\/cache\/IMG_4713.jpeg-nggid0537266-ngg0dyn-100x75x100-00f0w010c010r110f110r010t010.jpeg\"\n                    width=\"100\"\n                    height=\"69\"\n                    style=\"max-width:100%;\"\n                \/>\n            <\/a>\n        <\/div>\n\t\t\t\t\t\t\t<\/div> \n\t\t\t\n                            \n\t\t\t\t<div id=\"ngg-image-3\" class=\"ngg-gallery-thumbnail-box\" >\n\t\t\t\t        <div class=\"ngg-gallery-thumbnail\">\n            <a href=\"http:\/\/www.freimarianne.ch\/wp-content\/gallery\/finsterwald-emme-23-4-26\/IMG_4715.jpeg\"\n               title=\"Moorlandschaft bei Finsterwald; Moorsee\"\n               data-src=\"http:\/\/www.freimarianne.ch\/wp-content\/gallery\/finsterwald-emme-23-4-26\/IMG_4715.jpeg\"\n               data-thumbnail=\"http:\/\/www.freimarianne.ch\/wp-content\/gallery\/finsterwald-emme-23-4-26\/thumbs\/thumbs_IMG_4715.jpeg\"\n               data-image-id=\"37265\"\n               data-title=\"Moorlandschaft bei Finsterwald; Moorsee\"\n               data-description=\"Moorlandschaft bei Finsterwald; Moorsee\"\n               data-image-slug=\"img_4715-7\"\n               class=\"shutterset_7e0ef077bee1eb6dd09798fb363fd320\">\n                <img\n                    title=\"Moorlandschaft bei Finsterwald; Moorsee\"\n                    alt=\"Moorlandschaft bei Finsterwald; Moorsee\"\n                    src=\"http:\/\/www.freimarianne.ch\/wp-content\/gallery\/finsterwald-emme-23-4-26\/cache\/IMG_4715.jpeg-nggid0537265-ngg0dyn-100x75x100-00f0w010c010r110f110r010t010.jpeg\"\n                    width=\"100\"\n                    height=\"67\"\n                    style=\"max-width:100%;\"\n                \/>\n            <\/a>\n        <\/div>\n\t\t\t\t\t\t\t<\/div> \n\t\t\t\n                                    <br style=\"clear: both\" \/>\n                    \n\t\t\t\t<div id=\"ngg-image-4\" class=\"ngg-gallery-thumbnail-box\" >\n\t\t\t\t        <div class=\"ngg-gallery-thumbnail\">\n            <a href=\"http:\/\/www.freimarianne.ch\/wp-content\/gallery\/finsterwald-emme-23-4-26\/IMG_4717.jpeg\"\n               title=\"Moorlandschaft bei Finsterwald\"\n               data-src=\"http:\/\/www.freimarianne.ch\/wp-content\/gallery\/finsterwald-emme-23-4-26\/IMG_4717.jpeg\"\n               data-thumbnail=\"http:\/\/www.freimarianne.ch\/wp-content\/gallery\/finsterwald-emme-23-4-26\/thumbs\/thumbs_IMG_4717.jpeg\"\n               data-image-id=\"37264\"\n               data-title=\"Moorlandschaft bei Finsterwald\"\n               data-description=\"Moorlandschaft bei Finsterwald\"\n               data-image-slug=\"img_4717-3\"\n               class=\"shutterset_7e0ef077bee1eb6dd09798fb363fd320\">\n                <img\n                    title=\"Moorlandschaft bei Finsterwald\"\n                    alt=\"Moorlandschaft bei Finsterwald\"\n                    src=\"http:\/\/www.freimarianne.ch\/wp-content\/gallery\/finsterwald-emme-23-4-26\/cache\/IMG_4717.jpeg-nggid0537264-ngg0dyn-100x75x100-00f0w010c010r110f110r010t010.jpeg\"\n                    width=\"100\"\n                    height=\"67\"\n                    style=\"max-width:100%;\"\n                \/>\n            <\/a>\n        <\/div>\n\t\t\t\t\t\t\t<\/div> \n\t\t\t\n                            \n\t\t\t\t<div id=\"ngg-image-5\" class=\"ngg-gallery-thumbnail-box\" >\n\t\t\t\t        <div class=\"ngg-gallery-thumbnail\">\n            <a href=\"http:\/\/www.freimarianne.ch\/wp-content\/gallery\/finsterwald-emme-23-4-26\/IMG_4721.jpeg\"\n               title=\"Moorlandschaft bei Finsterwald\"\n               data-src=\"http:\/\/www.freimarianne.ch\/wp-content\/gallery\/finsterwald-emme-23-4-26\/IMG_4721.jpeg\"\n               data-thumbnail=\"http:\/\/www.freimarianne.ch\/wp-content\/gallery\/finsterwald-emme-23-4-26\/thumbs\/thumbs_IMG_4721.jpeg\"\n               data-image-id=\"37263\"\n               data-title=\"Moorlandschaft bei Finsterwald\"\n               data-description=\"Moorlandschaft bei Finsterwald\"\n               data-image-slug=\"img_4721-5\"\n               class=\"shutterset_7e0ef077bee1eb6dd09798fb363fd320\">\n                <img\n                    title=\"Moorlandschaft bei Finsterwald\"\n                    alt=\"Moorlandschaft bei Finsterwald\"\n                    src=\"http:\/\/www.freimarianne.ch\/wp-content\/gallery\/finsterwald-emme-23-4-26\/cache\/IMG_4721.jpeg-nggid0537263-ngg0dyn-100x75x100-00f0w010c010r110f110r010t010.jpeg\"\n                    width=\"100\"\n                    height=\"67\"\n                    style=\"max-width:100%;\"\n                \/>\n            <\/a>\n        <\/div>\n\t\t\t\t\t\t\t<\/div> \n\t\t\t\n                            \n\t\t\t\t<div id=\"ngg-image-6\" class=\"ngg-gallery-thumbnail-box\" >\n\t\t\t\t        <div class=\"ngg-gallery-thumbnail\">\n            <a href=\"http:\/\/www.freimarianne.ch\/wp-content\/gallery\/finsterwald-emme-23-4-26\/IMG_4722.jpeg\"\n               title=\"Schimbrig  1815m,  F\u00fcrstein 2040m, \u00c4bnistetteflue 1834m, Schafmatt 1979m\"\n               data-src=\"http:\/\/www.freimarianne.ch\/wp-content\/gallery\/finsterwald-emme-23-4-26\/IMG_4722.jpeg\"\n               data-thumbnail=\"http:\/\/www.freimarianne.ch\/wp-content\/gallery\/finsterwald-emme-23-4-26\/thumbs\/thumbs_IMG_4722.jpeg\"\n               data-image-id=\"37262\"\n               data-title=\"Schimbrig  1815m,  F\u00fcrstein 2040m, \u00c4bnistetteflue 1834m, Schafmatt 1979m\"\n               data-description=\"Schimbrig  1815m,  F\u00fcrstein 2040m, \u00c4bnistetteflue 1834m, Schafmatt 1979m\"\n               data-image-slug=\"img_4722-2\"\n               class=\"shutterset_7e0ef077bee1eb6dd09798fb363fd320\">\n                <img\n                    title=\"Schimbrig  1815m,  F\u00fcrstein 2040m, \u00c4bnistetteflue 1834m, Schafmatt 1979m\"\n                    alt=\"Schimbrig  1815m,  F\u00fcrstein 2040m, \u00c4bnistetteflue 1834m, Schafmatt 1979m\"\n                    src=\"http:\/\/www.freimarianne.ch\/wp-content\/gallery\/finsterwald-emme-23-4-26\/cache\/IMG_4722.jpeg-nggid0537262-ngg0dyn-100x75x100-00f0w010c010r110f110r010t010.jpeg\"\n                    width=\"100\"\n                    height=\"67\"\n                    style=\"max-width:100%;\"\n                \/>\n            <\/a>\n        <\/div>\n\t\t\t\t\t\t\t<\/div> \n\t\t\t\n                            \n\t\t\t\t<div id=\"ngg-image-7\" class=\"ngg-gallery-thumbnail-box\" >\n\t\t\t\t        <div class=\"ngg-gallery-thumbnail\">\n            <a href=\"http:\/\/www.freimarianne.ch\/wp-content\/gallery\/finsterwald-emme-23-4-26\/IMG_4724.jpeg\"\n               title=\"Blick zur\u00fcck\"\n               data-src=\"http:\/\/www.freimarianne.ch\/wp-content\/gallery\/finsterwald-emme-23-4-26\/IMG_4724.jpeg\"\n               data-thumbnail=\"http:\/\/www.freimarianne.ch\/wp-content\/gallery\/finsterwald-emme-23-4-26\/thumbs\/thumbs_IMG_4724.jpeg\"\n               data-image-id=\"37261\"\n               data-title=\"Blick zur\u00fcck\"\n               data-description=\"Blick zur\u00fcck\"\n               data-image-slug=\"img_4724-2\"\n               class=\"shutterset_7e0ef077bee1eb6dd09798fb363fd320\">\n                <img\n                    title=\"Blick zur\u00fcck\"\n                    alt=\"Blick zur\u00fcck\"\n                    src=\"http:\/\/www.freimarianne.ch\/wp-content\/gallery\/finsterwald-emme-23-4-26\/cache\/IMG_4724.jpeg-nggid0537261-ngg0dyn-100x75x100-00f0w010c010r110f110r010t010.jpeg\"\n                    width=\"100\"\n                    height=\"67\"\n                    style=\"max-width:100%;\"\n                \/>\n            <\/a>\n        <\/div>\n\t\t\t\t\t\t\t<\/div> \n\t\t\t\n                                    <br style=\"clear: both\" \/>\n                    \n\t\t\t\t<div id=\"ngg-image-8\" class=\"ngg-gallery-thumbnail-box\" >\n\t\t\t\t        <div class=\"ngg-gallery-thumbnail\">\n            <a href=\"http:\/\/www.freimarianne.ch\/wp-content\/gallery\/finsterwald-emme-23-4-26\/IMG_4725.jpeg\"\n               title=\"Blick ins Tal Richtung Glaubenbergpass; re Schimbrig\"\n               data-src=\"http:\/\/www.freimarianne.ch\/wp-content\/gallery\/finsterwald-emme-23-4-26\/IMG_4725.jpeg\"\n               data-thumbnail=\"http:\/\/www.freimarianne.ch\/wp-content\/gallery\/finsterwald-emme-23-4-26\/thumbs\/thumbs_IMG_4725.jpeg\"\n               data-image-id=\"37260\"\n               data-title=\"Blick ins Tal Richtung Glaubenbergpass; re Schimbrig\"\n               data-description=\"Blick ins Tal Richtung Glaubenbergpass; re Schimbrig\"\n               data-image-slug=\"img_4725-3\"\n               class=\"shutterset_7e0ef077bee1eb6dd09798fb363fd320\">\n                <img\n                    title=\"Blick ins Tal Richtung Glaubenbergpass; re Schimbrig\"\n                    alt=\"Blick ins Tal Richtung Glaubenbergpass; re Schimbrig\"\n                    src=\"http:\/\/www.freimarianne.ch\/wp-content\/gallery\/finsterwald-emme-23-4-26\/cache\/IMG_4725.jpeg-nggid0537260-ngg0dyn-100x75x100-00f0w010c010r110f110r010t010.jpeg\"\n                    width=\"100\"\n                    height=\"72\"\n                    style=\"max-width:100%;\"\n                \/>\n            <\/a>\n        <\/div>\n\t\t\t\t\t\t\t<\/div> \n\t\t\t\n                            \n\t\t\t\t<div id=\"ngg-image-9\" class=\"ngg-gallery-thumbnail-box\" >\n\t\t\t\t        <div class=\"ngg-gallery-thumbnail\">\n            <a href=\"http:\/\/www.freimarianne.ch\/wp-content\/gallery\/finsterwald-emme-23-4-26\/IMG_4726.jpeg\"\n               title=\"Blick zur Farneren 1572m\"\n               data-src=\"http:\/\/www.freimarianne.ch\/wp-content\/gallery\/finsterwald-emme-23-4-26\/IMG_4726.jpeg\"\n               data-thumbnail=\"http:\/\/www.freimarianne.ch\/wp-content\/gallery\/finsterwald-emme-23-4-26\/thumbs\/thumbs_IMG_4726.jpeg\"\n               data-image-id=\"37259\"\n               data-title=\"Blick zur Farneren 1572m\"\n               data-description=\"Blick zur Farneren 1572m\"\n               data-image-slug=\"img_4726-3\"\n               class=\"shutterset_7e0ef077bee1eb6dd09798fb363fd320\">\n                <img\n                    title=\"Blick zur Farneren 1572m\"\n                    alt=\"Blick zur Farneren 1572m\"\n                    src=\"http:\/\/www.freimarianne.ch\/wp-content\/gallery\/finsterwald-emme-23-4-26\/cache\/IMG_4726.jpeg-nggid0537259-ngg0dyn-100x75x100-00f0w010c010r110f110r010t010.jpeg\"\n                    width=\"100\"\n                    height=\"70\"\n                    style=\"max-width:100%;\"\n                \/>\n            <\/a>\n        <\/div>\n\t\t\t\t\t\t\t<\/div> \n\t\t\t\n                            \n\t\t\t\t<div id=\"ngg-image-10\" class=\"ngg-gallery-thumbnail-box\" >\n\t\t\t\t        <div class=\"ngg-gallery-thumbnail\">\n            <a href=\"http:\/\/www.freimarianne.ch\/wp-content\/gallery\/finsterwald-emme-23-4-26\/IMG_4728.jpeg\"\n               title=\"Schafmatt, Strick 1947m, H\u00e4chle 2091m\"\n               data-src=\"http:\/\/www.freimarianne.ch\/wp-content\/gallery\/finsterwald-emme-23-4-26\/IMG_4728.jpeg\"\n               data-thumbnail=\"http:\/\/www.freimarianne.ch\/wp-content\/gallery\/finsterwald-emme-23-4-26\/thumbs\/thumbs_IMG_4728.jpeg\"\n               data-image-id=\"37258\"\n               data-title=\"Schafmatt, Strick 1947m, H\u00e4chle 2091m\"\n               data-description=\"Schafmatt, Strick 1947m, H\u00e4chle 2091m\"\n               data-image-slug=\"img_4728-1\"\n               class=\"shutterset_7e0ef077bee1eb6dd09798fb363fd320\">\n                <img\n                    title=\"Schafmatt, Strick 1947m, H\u00e4chle 2091m\"\n                    alt=\"Schafmatt, Strick 1947m, H\u00e4chle 2091m\"\n                    src=\"http:\/\/www.freimarianne.ch\/wp-content\/gallery\/finsterwald-emme-23-4-26\/cache\/IMG_4728.jpeg-nggid0537258-ngg0dyn-100x75x100-00f0w010c010r110f110r010t010.jpeg\"\n                    width=\"100\"\n                    height=\"75\"\n                    style=\"max-width:100%;\"\n                \/>\n            <\/a>\n        <\/div>\n\t\t\t\t\t\t\t<\/div> \n\t\t\t\n                            \n\t\t\t\t<div id=\"ngg-image-11\" class=\"ngg-gallery-thumbnail-box\" >\n\t\t\t\t        <div class=\"ngg-gallery-thumbnail\">\n            <a href=\"http:\/\/www.freimarianne.ch\/wp-content\/gallery\/finsterwald-emme-23-4-26\/IMG_4738.jpeg\"\n               title=\"\"\n               data-src=\"http:\/\/www.freimarianne.ch\/wp-content\/gallery\/finsterwald-emme-23-4-26\/IMG_4738.jpeg\"\n               data-thumbnail=\"http:\/\/www.freimarianne.ch\/wp-content\/gallery\/finsterwald-emme-23-4-26\/thumbs\/thumbs_IMG_4738.jpeg\"\n               data-image-id=\"37257\"\n               data-title=\"IMG_4738\"\n               data-description=\"\"\n               data-image-slug=\"img_4738-2\"\n               class=\"shutterset_7e0ef077bee1eb6dd09798fb363fd320\">\n                <img\n                    title=\"IMG_4738\"\n                    alt=\"IMG_4738\"\n                    src=\"http:\/\/www.freimarianne.ch\/wp-content\/gallery\/finsterwald-emme-23-4-26\/cache\/IMG_4738.jpeg-nggid0537257-ngg0dyn-100x75x100-00f0w010c010r110f110r010t010.jpeg\"\n                    width=\"100\"\n                    height=\"67\"\n                    style=\"max-width:100%;\"\n                \/>\n            <\/a>\n        <\/div>\n\t\t\t\t\t\t\t<\/div> \n\t\t\t\n                                    <br style=\"clear: both\" \/>\n                    \n\t\t\t\t<div id=\"ngg-image-12\" class=\"ngg-gallery-thumbnail-box\" >\n\t\t\t\t        <div class=\"ngg-gallery-thumbnail\">\n            <a href=\"http:\/\/www.freimarianne.ch\/wp-content\/gallery\/finsterwald-emme-23-4-26\/IMG_4741.jpeg\"\n               title=\"Kleinen Emme\"\n               data-src=\"http:\/\/www.freimarianne.ch\/wp-content\/gallery\/finsterwald-emme-23-4-26\/IMG_4741.jpeg\"\n               data-thumbnail=\"http:\/\/www.freimarianne.ch\/wp-content\/gallery\/finsterwald-emme-23-4-26\/thumbs\/thumbs_IMG_4741.jpeg\"\n               data-image-id=\"37256\"\n               data-title=\"Kleinen Emme\"\n               data-description=\"Kleinen Emme\"\n               data-image-slug=\"img_4741-1\"\n               class=\"shutterset_7e0ef077bee1eb6dd09798fb363fd320\">\n                <img\n                    title=\"Kleinen Emme\"\n                    alt=\"Kleinen Emme\"\n                    src=\"http:\/\/www.freimarianne.ch\/wp-content\/gallery\/finsterwald-emme-23-4-26\/cache\/IMG_4741.jpeg-nggid0537256-ngg0dyn-100x75x100-00f0w010c010r110f110r010t010.jpeg\"\n                    width=\"100\"\n                    height=\"67\"\n                    style=\"max-width:100%;\"\n                \/>\n            <\/a>\n        <\/div>\n\t\t\t\t\t\t\t<\/div> \n\t\t\t\n                            \n\t\t\t\t<div id=\"ngg-image-13\" class=\"ngg-gallery-thumbnail-box\" >\n\t\t\t\t        <div class=\"ngg-gallery-thumbnail\">\n            <a href=\"http:\/\/www.freimarianne.ch\/wp-content\/gallery\/finsterwald-emme-23-4-26\/IMG_4743.jpeg\"\n               title=\"Kleinen Emme\"\n               data-src=\"http:\/\/www.freimarianne.ch\/wp-content\/gallery\/finsterwald-emme-23-4-26\/IMG_4743.jpeg\"\n               data-thumbnail=\"http:\/\/www.freimarianne.ch\/wp-content\/gallery\/finsterwald-emme-23-4-26\/thumbs\/thumbs_IMG_4743.jpeg\"\n               data-image-id=\"37255\"\n               data-title=\"Kleinen Emme\"\n               data-description=\"Kleinen Emme\"\n               data-image-slug=\"img_4743-8\"\n               class=\"shutterset_7e0ef077bee1eb6dd09798fb363fd320\">\n                <img\n                    title=\"Kleinen Emme\"\n                    alt=\"Kleinen Emme\"\n                    src=\"http:\/\/www.freimarianne.ch\/wp-content\/gallery\/finsterwald-emme-23-4-26\/cache\/IMG_4743.jpeg-nggid0537255-ngg0dyn-100x75x100-00f0w010c010r110f110r010t010.jpeg\"\n                    width=\"100\"\n                    height=\"67\"\n                    style=\"max-width:100%;\"\n                \/>\n            <\/a>\n        <\/div>\n\t\t\t\t\t\t\t<\/div> \n\t\t\t\n                            \n\t\t\t\t<div id=\"ngg-image-14\" class=\"ngg-gallery-thumbnail-box\" >\n\t\t\t\t        <div class=\"ngg-gallery-thumbnail\">\n            <a href=\"http:\/\/www.freimarianne.ch\/wp-content\/gallery\/finsterwald-emme-23-4-26\/IMG_4748.jpeg\"\n               title=\"Grabenbr\u00fccke 17. Jht.\"\n               data-src=\"http:\/\/www.freimarianne.ch\/wp-content\/gallery\/finsterwald-emme-23-4-26\/IMG_4748.jpeg\"\n               data-thumbnail=\"http:\/\/www.freimarianne.ch\/wp-content\/gallery\/finsterwald-emme-23-4-26\/thumbs\/thumbs_IMG_4748.jpeg\"\n               data-image-id=\"37254\"\n               data-title=\"Grabenbr\u00fccke 17. Jht.\"\n               data-description=\"Grabenbr\u00fccke 17. Jht.\"\n               data-image-slug=\"img_4748-5\"\n               class=\"shutterset_7e0ef077bee1eb6dd09798fb363fd320\">\n                <img\n                    title=\"Grabenbr\u00fccke 17. Jht.\"\n                    alt=\"Grabenbr\u00fccke 17. Jht.\"\n                    src=\"http:\/\/www.freimarianne.ch\/wp-content\/gallery\/finsterwald-emme-23-4-26\/cache\/IMG_4748.jpeg-nggid0537254-ngg0dyn-100x75x100-00f0w010c010r110f110r010t010.jpeg\"\n                    width=\"100\"\n                    height=\"71\"\n                    style=\"max-width:100%;\"\n                \/>\n            <\/a>\n        <\/div>\n\t\t\t\t\t\t\t<\/div> \n\t\t\t\n                            \n\t\t\t\t<div id=\"ngg-image-15\" class=\"ngg-gallery-thumbnail-box\" >\n\t\t\t\t        <div class=\"ngg-gallery-thumbnail\">\n            <a href=\"http:\/\/www.freimarianne.ch\/wp-content\/gallery\/finsterwald-emme-23-4-26\/IMG_4758.jpeg\"\n               title=\"Kleine Emme Kurve\"\n               data-src=\"http:\/\/www.freimarianne.ch\/wp-content\/gallery\/finsterwald-emme-23-4-26\/IMG_4758.jpeg\"\n               data-thumbnail=\"http:\/\/www.freimarianne.ch\/wp-content\/gallery\/finsterwald-emme-23-4-26\/thumbs\/thumbs_IMG_4758.jpeg\"\n               data-image-id=\"37253\"\n               data-title=\"Kleine Emme Kurve\"\n               data-description=\"Kleine Emme Kurve\"\n               data-image-slug=\"img_4758-4\"\n               class=\"shutterset_7e0ef077bee1eb6dd09798fb363fd320\">\n                <img\n                    title=\"Kleine Emme Kurve\"\n                    alt=\"Kleine Emme Kurve\"\n                    src=\"http:\/\/www.freimarianne.ch\/wp-content\/gallery\/finsterwald-emme-23-4-26\/cache\/IMG_4758.jpeg-nggid0537253-ngg0dyn-100x75x100-00f0w010c010r110f110r010t010.jpeg\"\n                    width=\"100\"\n                    height=\"67\"\n                    style=\"max-width:100%;\"\n                \/>\n            <\/a>\n        <\/div>\n\t\t\t\t\t\t\t<\/div> \n\t\t\t\n                                    <br style=\"clear: both\" \/>\n                    \n\t\t\t\t<div id=\"ngg-image-16\" class=\"ngg-gallery-thumbnail-box\" >\n\t\t\t\t        <div class=\"ngg-gallery-thumbnail\">\n            <a href=\"http:\/\/www.freimarianne.ch\/wp-content\/gallery\/finsterwald-emme-23-4-26\/IMG_4760.jpeg\"\n               title=\"Kleine Emme\"\n               data-src=\"http:\/\/www.freimarianne.ch\/wp-content\/gallery\/finsterwald-emme-23-4-26\/IMG_4760.jpeg\"\n               data-thumbnail=\"http:\/\/www.freimarianne.ch\/wp-content\/gallery\/finsterwald-emme-23-4-26\/thumbs\/thumbs_IMG_4760.jpeg\"\n               data-image-id=\"37252\"\n               data-title=\"Kleine Emme\"\n               data-description=\"Kleine Emme\"\n               data-image-slug=\"img_4760-5\"\n               class=\"shutterset_7e0ef077bee1eb6dd09798fb363fd320\">\n                <img\n                    title=\"Kleine Emme\"\n                    alt=\"Kleine Emme\"\n                    src=\"http:\/\/www.freimarianne.ch\/wp-content\/gallery\/finsterwald-emme-23-4-26\/cache\/IMG_4760.jpeg-nggid0537252-ngg0dyn-100x75x100-00f0w010c010r110f110r010t010.jpeg\"\n                    width=\"100\"\n                    height=\"67\"\n                    style=\"max-width:100%;\"\n                \/>\n            <\/a>\n        <\/div>\n\t\t\t\t\t\t\t<\/div> \n\t\t\t\n                            \n\t\t\t\t<div id=\"ngg-image-17\" class=\"ngg-gallery-thumbnail-box\" >\n\t\t\t\t        <div class=\"ngg-gallery-thumbnail\">\n            <a href=\"http:\/\/www.freimarianne.ch\/wp-content\/gallery\/finsterwald-emme-23-4-26\/IMG_4765.jpeg\"\n               title=\"Sch\u00fcpfheim\"\n               data-src=\"http:\/\/www.freimarianne.ch\/wp-content\/gallery\/finsterwald-emme-23-4-26\/IMG_4765.jpeg\"\n               data-thumbnail=\"http:\/\/www.freimarianne.ch\/wp-content\/gallery\/finsterwald-emme-23-4-26\/thumbs\/thumbs_IMG_4765.jpeg\"\n               data-image-id=\"37251\"\n               data-title=\"Sch\u00fcpfheim\"\n               data-description=\"Sch\u00fcpfheim\"\n               data-image-slug=\"img_4765-3\"\n               class=\"shutterset_7e0ef077bee1eb6dd09798fb363fd320\">\n                <img\n                    title=\"Sch\u00fcpfheim\"\n                    alt=\"Sch\u00fcpfheim\"\n                    src=\"http:\/\/www.freimarianne.ch\/wp-content\/gallery\/finsterwald-emme-23-4-26\/cache\/IMG_4765.jpeg-nggid0537251-ngg0dyn-100x75x100-00f0w010c010r110f110r010t010.jpeg\"\n                    width=\"100\"\n                    height=\"67\"\n                    style=\"max-width:100%;\"\n                \/>\n            <\/a>\n        <\/div>\n\t\t\t\t\t\t\t<\/div> \n\t\t\t\n                            \n\t\t\n\t\t<!-- Pagination -->\n\t<div class='ngg-clear'><\/div>\t<\/div>\n\n\n\n\n<!-- index.php -->\n<div\n\tclass=\"ngg-galleryoverview ngg-ajax-pagination-none\"\n\tid=\"ngg-gallery-8e2b76cb4f99223ec82fed8637a3ab90-1\">\n\n    \t<div class=\"slideshowlink\">\n        <a href='http:\/\/www.freimarianne.ch\/index.php\/nggallery\/slideshow?page_id=70858'>[Show as slideshow]<\/a>\n\t\t\n\t<\/div>\n\t\t\t<!-- Thumbnails -->\n\t\t\t\t<div id=\"ngg-image-0\" class=\"ngg-gallery-thumbnail-box\" >\n\t\t\t\t        <div class=\"ngg-gallery-thumbnail\">\n            <a href=\"http:\/\/www.freimarianne.ch\/wp-content\/gallery\/finsterwald-emme-iph-23-4-26\/IMG_2698.jpeg\"\n               title=\"Moorlandschaft bei Finsterwald\"\n               data-src=\"http:\/\/www.freimarianne.ch\/wp-content\/gallery\/finsterwald-emme-iph-23-4-26\/IMG_2698.jpeg\"\n               data-thumbnail=\"http:\/\/www.freimarianne.ch\/wp-content\/gallery\/finsterwald-emme-iph-23-4-26\/thumbs\/thumbs_IMG_2698.jpeg\"\n               data-image-id=\"37278\"\n               data-title=\"Moorlandschaft bei Finsterwald\"\n               data-description=\"Moorlandschaft bei Finsterwald\"\n               data-image-slug=\"img_2698-5\"\n               class=\"shutterset_8e2b76cb4f99223ec82fed8637a3ab90\">\n                <img\n                    title=\"Moorlandschaft bei Finsterwald\"\n                    alt=\"Moorlandschaft bei Finsterwald\"\n                    src=\"http:\/\/www.freimarianne.ch\/wp-content\/gallery\/finsterwald-emme-iph-23-4-26\/cache\/IMG_2698.jpeg-nggid0537278-ngg0dyn-100x75x100-00f0w010c010r110f110r010t010.jpeg\"\n                    width=\"100\"\n                    height=\"75\"\n                    style=\"max-width:100%;\"\n                \/>\n            <\/a>\n        <\/div>\n\t\t\t\t\t\t\t<\/div> \n\t\t\t\n                            \n\t\t\t\t<div id=\"ngg-image-1\" class=\"ngg-gallery-thumbnail-box\" >\n\t\t\t\t        <div class=\"ngg-gallery-thumbnail\">\n            <a href=\"http:\/\/www.freimarianne.ch\/wp-content\/gallery\/finsterwald-emme-iph-23-4-26\/IMG_2700.jpeg\"\n               title=\"Moorlandschaft bei Finsterwald\"\n               data-src=\"http:\/\/www.freimarianne.ch\/wp-content\/gallery\/finsterwald-emme-iph-23-4-26\/IMG_2700.jpeg\"\n               data-thumbnail=\"http:\/\/www.freimarianne.ch\/wp-content\/gallery\/finsterwald-emme-iph-23-4-26\/thumbs\/thumbs_IMG_2700.jpeg\"\n               data-image-id=\"37276\"\n               data-title=\"Moorlandschaft bei Finsterwald\"\n               data-description=\"Moorlandschaft bei Finsterwald\"\n               data-image-slug=\"img_2700-3\"\n               class=\"shutterset_8e2b76cb4f99223ec82fed8637a3ab90\">\n                <img\n                    title=\"Moorlandschaft bei Finsterwald\"\n                    alt=\"Moorlandschaft bei Finsterwald\"\n                    src=\"http:\/\/www.freimarianne.ch\/wp-content\/gallery\/finsterwald-emme-iph-23-4-26\/cache\/IMG_2700.jpeg-nggid0537276-ngg0dyn-100x75x100-00f0w010c010r110f110r010t010.jpeg\"\n                    width=\"100\"\n                    height=\"75\"\n                    style=\"max-width:100%;\"\n                \/>\n            <\/a>\n        <\/div>\n\t\t\t\t\t\t\t<\/div> \n\t\t\t\n                            \n\t\t\t\t<div id=\"ngg-image-2\" class=\"ngg-gallery-thumbnail-box\" >\n\t\t\t\t        <div class=\"ngg-gallery-thumbnail\">\n            <a href=\"http:\/\/www.freimarianne.ch\/wp-content\/gallery\/finsterwald-emme-iph-23-4-26\/IMG_2742.jpeg\"\n               title=\"St\u00e4ffeliflue1922m, Blaue Tosse 1802m,  Risetestock  1758m, Tosse 1531m\"\n               data-src=\"http:\/\/www.freimarianne.ch\/wp-content\/gallery\/finsterwald-emme-iph-23-4-26\/IMG_2742.jpeg\"\n               data-thumbnail=\"http:\/\/www.freimarianne.ch\/wp-content\/gallery\/finsterwald-emme-iph-23-4-26\/thumbs\/thumbs_IMG_2742.jpeg\"\n               data-image-id=\"37277\"\n               data-title=\"St\u00e4ffeliflue1922m, Blaue Tosse 1802m,  Risetestock  1758m, Tosse 1531m\"\n               data-description=\"St\u00e4ffeliflue1922m, Blaue Tosse 1802m,  Risetestock  1758m, Tosse 1531m\"\n               data-image-slug=\"img_2742-3\"\n               class=\"shutterset_8e2b76cb4f99223ec82fed8637a3ab90\">\n                <img\n                    title=\"St\u00e4ffeliflue1922m, Blaue Tosse 1802m,  Risetestock  1758m, Tosse 1531m\"\n                    alt=\"St\u00e4ffeliflue1922m, Blaue Tosse 1802m,  Risetestock  1758m, Tosse 1531m\"\n                    src=\"http:\/\/www.freimarianne.ch\/wp-content\/gallery\/finsterwald-emme-iph-23-4-26\/cache\/IMG_2742.jpeg-nggid0537277-ngg0dyn-100x75x100-00f0w010c010r110f110r010t010.jpeg\"\n                    width=\"100\"\n                    height=\"64\"\n                    style=\"max-width:100%;\"\n                \/>\n            <\/a>\n        <\/div>\n\t\t\t\t\t\t\t<\/div> \n\t\t\t\n                            \n\t\t\t\t<div id=\"ngg-image-3\" class=\"ngg-gallery-thumbnail-box\" >\n\t\t\t\t        <div class=\"ngg-gallery-thumbnail\">\n            <a href=\"http:\/\/www.freimarianne.ch\/wp-content\/gallery\/finsterwald-emme-iph-23-4-26\/IMG_2748.jpeg\"\n               title=\"Moorgebiet mit Mittagsg\u00fcpfi 1917m\"\n               data-src=\"http:\/\/www.freimarianne.ch\/wp-content\/gallery\/finsterwald-emme-iph-23-4-26\/IMG_2748.jpeg\"\n               data-thumbnail=\"http:\/\/www.freimarianne.ch\/wp-content\/gallery\/finsterwald-emme-iph-23-4-26\/thumbs\/thumbs_IMG_2748.jpeg\"\n               data-image-id=\"37275\"\n               data-title=\"Moorgebiet mit Mittagsg\u00fcpfi 1917m\"\n               data-description=\"Moorgebiet mit Mittagsg\u00fcpfi 1917m\"\n               data-image-slug=\"img_2748-3\"\n               class=\"shutterset_8e2b76cb4f99223ec82fed8637a3ab90\">\n                <img\n                    title=\"Moorgebiet mit Mittagsg\u00fcpfi 1917m\"\n                    alt=\"Moorgebiet mit Mittagsg\u00fcpfi 1917m\"\n                    src=\"http:\/\/www.freimarianne.ch\/wp-content\/gallery\/finsterwald-emme-iph-23-4-26\/cache\/IMG_2748.jpeg-nggid0537275-ngg0dyn-100x75x100-00f0w010c010r110f110r010t010.jpeg\"\n                    width=\"100\"\n                    height=\"75\"\n                    style=\"max-width:100%;\"\n                \/>\n            <\/a>\n        <\/div>\n\t\t\t\t\t\t\t<\/div> \n\t\t\t\n                                    <br style=\"clear: both\" \/>\n                    \n\t\t\t\t<div id=\"ngg-image-4\" class=\"ngg-gallery-thumbnail-box\" >\n\t\t\t\t        <div class=\"ngg-gallery-thumbnail\">\n            <a href=\"http:\/\/www.freimarianne.ch\/wp-content\/gallery\/finsterwald-emme-iph-23-4-26\/IMG_2702.jpeg\"\n               title=\"Schimbrig  1815m,  F\u00fcrstein 2040m, \u00c4bnistetteflue 1834m, Schafmatt 1979m,\"\n               data-src=\"http:\/\/www.freimarianne.ch\/wp-content\/gallery\/finsterwald-emme-iph-23-4-26\/IMG_2702.jpeg\"\n               data-thumbnail=\"http:\/\/www.freimarianne.ch\/wp-content\/gallery\/finsterwald-emme-iph-23-4-26\/thumbs\/thumbs_IMG_2702.jpeg\"\n               data-image-id=\"37274\"\n               data-title=\"Schimbrig  1815m,  F\u00fcrstein 2040m, \u00c4bnistetteflue 1834m, Schafmatt 1979m,\"\n               data-description=\"Schimbrig  1815m,  F\u00fcrstein 2040m, \u00c4bnistetteflue 1834m, Schafmatt 1979m,\"\n               data-image-slug=\"img_2702-1\"\n               class=\"shutterset_8e2b76cb4f99223ec82fed8637a3ab90\">\n                <img\n                    title=\"Schimbrig  1815m,  F\u00fcrstein 2040m, \u00c4bnistetteflue 1834m, Schafmatt 1979m,\"\n                    alt=\"Schimbrig  1815m,  F\u00fcrstein 2040m, \u00c4bnistetteflue 1834m, Schafmatt 1979m,\"\n                    src=\"http:\/\/www.freimarianne.ch\/wp-content\/gallery\/finsterwald-emme-iph-23-4-26\/cache\/IMG_2702.jpeg-nggid0537274-ngg0dyn-100x75x100-00f0w010c010r110f110r010t010.jpeg\"\n                    width=\"100\"\n                    height=\"75\"\n                    style=\"max-width:100%;\"\n                \/>\n            <\/a>\n        <\/div>\n\t\t\t\t\t\t\t<\/div> \n\t\t\t\n                            \n\t\t\t\t<div id=\"ngg-image-5\" class=\"ngg-gallery-thumbnail-box\" >\n\t\t\t\t        <div class=\"ngg-gallery-thumbnail\">\n            <a href=\"http:\/\/www.freimarianne.ch\/wp-content\/gallery\/finsterwald-emme-iph-23-4-26\/IMG_2703.jpeg\"\n               title=\"Moorgebiet mit chimbrig 1817m, \u00c4bnistetteflue 1834m,  Schafmatt 1978m, Farneren 1572m\"\n               data-src=\"http:\/\/www.freimarianne.ch\/wp-content\/gallery\/finsterwald-emme-iph-23-4-26\/IMG_2703.jpeg\"\n               data-thumbnail=\"http:\/\/www.freimarianne.ch\/wp-content\/gallery\/finsterwald-emme-iph-23-4-26\/thumbs\/thumbs_IMG_2703.jpeg\"\n               data-image-id=\"37273\"\n               data-title=\"Moorgebiet mit chimbrig 1817m, \u00c4bnistetteflue 1834m,  Schafmatt 1978m, Farneren 1572m\"\n               data-description=\"Moorgebiet mit chimbrig 1817m, \u00c4bnistetteflue 1834m,  Schafmatt 1978m, Farneren 1572m\"\n               data-image-slug=\"img_2703-4\"\n               class=\"shutterset_8e2b76cb4f99223ec82fed8637a3ab90\">\n                <img\n                    title=\"Moorgebiet mit chimbrig 1817m, \u00c4bnistetteflue 1834m,  Schafmatt 1978m, Farneren 1572m\"\n                    alt=\"Moorgebiet mit chimbrig 1817m, \u00c4bnistetteflue 1834m,  Schafmatt 1978m, Farneren 1572m\"\n                    src=\"http:\/\/www.freimarianne.ch\/wp-content\/gallery\/finsterwald-emme-iph-23-4-26\/cache\/IMG_2703.jpeg-nggid0537273-ngg0dyn-100x75x100-00f0w010c010r110f110r010t010.jpeg\"\n                    width=\"100\"\n                    height=\"75\"\n                    style=\"max-width:100%;\"\n                \/>\n            <\/a>\n        <\/div>\n\t\t\t\t\t\t\t<\/div> \n\t\t\t\n                            \n\t\t\t\t<div id=\"ngg-image-6\" class=\"ngg-gallery-thumbnail-box\" >\n\t\t\t\t        <div class=\"ngg-gallery-thumbnail\">\n            <a href=\"http:\/\/www.freimarianne.ch\/wp-content\/gallery\/finsterwald-emme-iph-23-4-26\/IMG_2715.jpeg\"\n               title=\"Finsterwald 1057m\"\n               data-src=\"http:\/\/www.freimarianne.ch\/wp-content\/gallery\/finsterwald-emme-iph-23-4-26\/IMG_2715.jpeg\"\n               data-thumbnail=\"http:\/\/www.freimarianne.ch\/wp-content\/gallery\/finsterwald-emme-iph-23-4-26\/thumbs\/thumbs_IMG_2715.jpeg\"\n               data-image-id=\"37272\"\n               data-title=\"Finsterwald 1057m\"\n               data-description=\"Finsterwald 1057m\"\n               data-image-slug=\"img_2715-4\"\n               class=\"shutterset_8e2b76cb4f99223ec82fed8637a3ab90\">\n                <img\n                    title=\"Finsterwald 1057m\"\n                    alt=\"Finsterwald 1057m\"\n                    src=\"http:\/\/www.freimarianne.ch\/wp-content\/gallery\/finsterwald-emme-iph-23-4-26\/cache\/IMG_2715.jpeg-nggid0537272-ngg0dyn-100x75x100-00f0w010c010r110f110r010t010.jpeg\"\n                    width=\"100\"\n                    height=\"68\"\n                    style=\"max-width:100%;\"\n                \/>\n            <\/a>\n        <\/div>\n\t\t\t\t\t\t\t<\/div> \n\t\t\t\n                            \n\t\t\t\t<div id=\"ngg-image-7\" class=\"ngg-gallery-thumbnail-box\" >\n\t\t\t\t        <div class=\"ngg-gallery-thumbnail\">\n            <a href=\"http:\/\/www.freimarianne.ch\/wp-content\/gallery\/finsterwald-emme-iph-23-4-26\/IMG_2721.jpeg\"\n               title=\"Sicht vom Bus aus; re Beichle\"\n               data-src=\"http:\/\/www.freimarianne.ch\/wp-content\/gallery\/finsterwald-emme-iph-23-4-26\/IMG_2721.jpeg\"\n               data-thumbnail=\"http:\/\/www.freimarianne.ch\/wp-content\/gallery\/finsterwald-emme-iph-23-4-26\/thumbs\/thumbs_IMG_2721.jpeg\"\n               data-image-id=\"37271\"\n               data-title=\"Sicht vom Bus aus; re Beichle\"\n               data-description=\"Sicht vom Bus aus; re Beichle\"\n               data-image-slug=\"img_2721-4\"\n               class=\"shutterset_8e2b76cb4f99223ec82fed8637a3ab90\">\n                <img\n                    title=\"Sicht vom Bus aus; re Beichle\"\n                    alt=\"Sicht vom Bus aus; re Beichle\"\n                    src=\"http:\/\/www.freimarianne.ch\/wp-content\/gallery\/finsterwald-emme-iph-23-4-26\/cache\/IMG_2721.jpeg-nggid0537271-ngg0dyn-100x75x100-00f0w010c010r110f110r010t010.jpeg\"\n                    width=\"100\"\n                    height=\"75\"\n                    style=\"max-width:100%;\"\n                \/>\n            <\/a>\n        <\/div>\n\t\t\t\t\t\t\t<\/div> \n\t\t\t\n                                    <br style=\"clear: both\" \/>\n                    \n\t\t\t\t<div id=\"ngg-image-8\" class=\"ngg-gallery-thumbnail-box\" >\n\t\t\t\t        <div class=\"ngg-gallery-thumbnail\">\n            <a href=\"http:\/\/www.freimarianne.ch\/wp-content\/gallery\/finsterwald-emme-iph-23-4-26\/IMG_2728.jpeg\"\n               title=\"Br\u00fccke\"\n               data-src=\"http:\/\/www.freimarianne.ch\/wp-content\/gallery\/finsterwald-emme-iph-23-4-26\/IMG_2728.jpeg\"\n               data-thumbnail=\"http:\/\/www.freimarianne.ch\/wp-content\/gallery\/finsterwald-emme-iph-23-4-26\/thumbs\/thumbs_IMG_2728.jpeg\"\n               data-image-id=\"37269\"\n               data-title=\"Br\u00fccke\"\n               data-description=\"Br\u00fccke\"\n               data-image-slug=\"img_2728-2\"\n               class=\"shutterset_8e2b76cb4f99223ec82fed8637a3ab90\">\n                <img\n                    title=\"Br\u00fccke\"\n                    alt=\"Br\u00fccke\"\n                    src=\"http:\/\/www.freimarianne.ch\/wp-content\/gallery\/finsterwald-emme-iph-23-4-26\/cache\/IMG_2728.jpeg-nggid0537269-ngg0dyn-100x75x100-00f0w010c010r110f110r010t010.jpeg\"\n                    width=\"100\"\n                    height=\"75\"\n                    style=\"max-width:100%;\"\n                \/>\n            <\/a>\n        <\/div>\n\t\t\t\t\t\t\t<\/div> \n\t\t\t\n                            \n\t\t\t\t<div id=\"ngg-image-9\" class=\"ngg-gallery-thumbnail-box\" >\n\t\t\t\t        <div class=\"ngg-gallery-thumbnail\">\n            <a href=\"http:\/\/www.freimarianne.ch\/wp-content\/gallery\/finsterwald-emme-iph-23-4-26\/IMG_2727.jpeg\"\n               title=\"\"\n               data-src=\"http:\/\/www.freimarianne.ch\/wp-content\/gallery\/finsterwald-emme-iph-23-4-26\/IMG_2727.jpeg\"\n               data-thumbnail=\"http:\/\/www.freimarianne.ch\/wp-content\/gallery\/finsterwald-emme-iph-23-4-26\/thumbs\/thumbs_IMG_2727.jpeg\"\n               data-image-id=\"37270\"\n               data-title=\"IMG_2727\"\n               data-description=\"\"\n               data-image-slug=\"img_2727-1\"\n               class=\"shutterset_8e2b76cb4f99223ec82fed8637a3ab90\">\n                <img\n                    title=\"IMG_2727\"\n                    alt=\"IMG_2727\"\n                    src=\"http:\/\/www.freimarianne.ch\/wp-content\/gallery\/finsterwald-emme-iph-23-4-26\/cache\/IMG_2727.jpeg-nggid0537270-ngg0dyn-100x75x100-00f0w010c010r110f110r010t010.jpeg\"\n                    width=\"100\"\n                    height=\"75\"\n                    style=\"max-width:100%;\"\n                \/>\n            <\/a>\n        <\/div>\n\t\t\t\t\t\t\t<\/div> \n\t\t\t\n                            \n\t\t\n\t\t<!-- Pagination -->\n\t<div class='ngg-clear'><\/div>\t<\/div>\n\n","protected":false},"excerpt":{"rendered":"<p>Moorwanderung und Flusswanderung Nochmals fahre ich ins Entlebuch und zwar diesmal nach Finsterwald. Der Ort ist ab Entlebuch mit dem Bus erreichbar. Die Fahrt hinauf nach Finsterwald ist sehr sch\u00f6n. Im Sommer gibt es sogar eine Postauto, das auf den Glaubenbergpass f\u00e4hrt.Mein heutiges Ziel ist das Moorgebiet hier oben. Diese Moorwanderung ist sehr sch\u00f6n aber [&hellip;]<\/p>\n","protected":false},"author":1,"featured_media":0,"parent":70273,"menu_order":17,"comment_status":"closed","ping_status":"closed","template":"","meta":{"ngg_post_thumbnail":0},"_links":{"self":[{"href":"http:\/\/www.freimarianne.ch\/index.php?rest_route=\/wp\/v2\/pages\/70858"}],"collection":[{"href":"http:\/\/www.freimarianne.ch\/index.php?rest_route=\/wp\/v2\/pages"}],"about":[{"href":"http:\/\/www.freimarianne.ch\/index.php?rest_route=\/wp\/v2\/types\/page"}],"author":[{"embeddable":true,"href":"http:\/\/www.freimarianne.ch\/index.php?rest_route=\/wp\/v2\/users\/1"}],"replies":[{"embeddable":true,"href":"http:\/\/www.freimarianne.ch\/index.php?rest_route=%2Fwp%2Fv2%2Fcomments&post=70858"}],"version-history":[{"count":4,"href":"http:\/\/www.freimarianne.ch\/index.php?rest_route=\/wp\/v2\/pages\/70858\/revisions"}],"predecessor-version":[{"id":71004,"href":"http:\/\/www.freimarianne.ch\/index.php?rest_route=\/wp\/v2\/pages\/70858\/revisions\/71004"}],"up":[{"embeddable":true,"href":"http:\/\/www.freimarianne.ch\/index.php?rest_route=\/wp\/v2\/pages\/70273"}],"wp:attachment":[{"href":"http:\/\/www.freimarianne.ch\/index.php?rest_route=%2Fwp%2Fv2%2Fmedia&parent=70858"}],"curies":[{"name":"wp","href":"https:\/\/api.w.org\/{rel}","templated":true}]}}