{"id":70861,"date":"2026-05-01T14:48:39","date_gmt":"2026-05-01T13:48:39","guid":{"rendered":"https:\/\/www.freimarianne.ch\/?page_id=70861"},"modified":"2026-05-01T15:13:57","modified_gmt":"2026-05-01T14:13:57","slug":"schonenberg-menzingen-zg-25-4-2026","status":"publish","type":"page","link":"http:\/\/www.freimarianne.ch\/?page_id=70861","title":{"rendered":"Sch\u00f6nenberg &#8211; Menzingen  ZG 25.4.2026"},"content":{"rendered":"\n<p><strong>Wanderung \u00fcber Finstersee<\/strong><\/p>\n\n\n<div id=\"attachment_70852\" style=\"width: 510px\" class=\"wp-caption alignleft\"><img aria-describedby=\"caption-attachment-70852\" loading=\"lazy\" class=\"size-full wp-image-70852\" src=\"http:\/\/www.freimarianne.ch\/wp-content\/uploads\/2026\/05\/Scho\u0308nenberg4.27_500.jpeg\" alt=\"\" width=\"500\" height=\"361\" srcset=\"http:\/\/www.freimarianne.ch\/wp-content\/uploads\/2026\/05\/Scho\u0308nenberg4.27_500.jpeg 500w, http:\/\/www.freimarianne.ch\/wp-content\/uploads\/2026\/05\/Scho\u0308nenberg4.27_500-300x217.jpeg 300w, http:\/\/www.freimarianne.ch\/wp-content\/uploads\/2026\/05\/Scho\u0308nenberg4.27_500-416x300.jpeg 416w\" sizes=\"(max-width: 500px) 100vw, 500px\" \/><p id=\"caption-attachment-70852\" class=\"wp-caption-text\">Landschaft bei Finstersee; Durmlins<\/p><\/div>\n<p>uf der Spur der Drumlins zieht es mich nochmals ins Gebiet Z\u00fcrich\/Zug. Ich fahre nach Sch\u00f6nenberg, ZH und wandere diesmal \u00fcber den Hof Neugut hinunter an den Teufenbachweiher. Die Sicht in die gr\u00fcne Fr\u00fchlingslandschaft ist wundersch\u00f6n. Es ist heute auch ein strahlender Tag ! Der Teufenbachweiher liegt in einem Waldgebiet und ist ein Relikt aus der Eiszeit. Mein Weg f\u00fchrt weiter nach Finsterseehalden und hinunter zur Autostrasse, die ich queren muss, um auf einem steilen, schmalen Pfad hinunter zur unteren Autostrasse und die Finsterseebrugg 651m zu gelangen, welche \u00fcber die Sihl f\u00fchrt. Es gibt nun einen Wegabschnitt mit Hartbelag. Ich steige hinauf nach Finstersee 775m, das an einem Hang liegt, der teils steil gegen die Sihl abf\u00e4llt. Die Landschaft ist wundersch\u00f6n aber der Hartbelag weniger. Von hier gehe ich bis zum Wilersee auf Hartbelag. Der Ort Finstersee ist nicht an den \u00d6V angeschlossen. Der Wilersee, ebenfalls ein Relikt aus der Eiszeit liegt in einer Senke und ist nur von einer Seite aus zug\u00e4nglich. Ich wandere oberhalb des Sees und finde bald im Abhang eines Drumlins ein Pl\u00e4tzchen f\u00fcr meinen Mittagshalt. Von diesem erh\u00f6hten Aussichtspunkt habe ich eine gute Sicht auf die umgebende H\u00fcgellandschaft. Ich geniesse die Sch\u00f6nheit dieser eher einsamen Gegend. Weiter geht meine Wanderung (immer auf Strassen) \u00fcber Buechmatt und Hintercher. Hier hatte ich Eindruck, schon einmal hier gewesen zu sein, was aber nicht so ist. Auf einer fr\u00fcheren Wanderung sah ich eine \u00e4hnliche Gegen bei Schwand. Gegen Brettigen steigt der Weg leicht an. Das Dorf liegt unterhalb dem Rehb\u00fcel, einem fotogenen Drumlin. Es gibt einen Wiesenweg hinauf nach Stalden, wo die Wendelinskapelle steht.<br>Auf einem Wanderweg gelange ich auf Umwegen hinunter nach Menzingen.<\/p>\n<p>Dies war eine interessante Wanderung. Aber in dieser Gegend muss man mit viel Hartbelag rechnen, da die vielen kleinen Str\u00e4sschen Zugangswege zu den einzelnen H\u00f6fen sind.<\/p>\n<p>Laut Schweizmobil:<\/p>\n<p>Distanz: 10.1km; Aufstieg: 383m; Abstieg: 297m; Wanderzeit: 2h 521min<\/p>\n<p><a href=\"https:\/\/schweizmobil.ch\/de\/tour\/1763139450\">Karte Schweizmobil:<\/a><\/p>\n\n\n<!-- index.php -->\n<div\n\tclass=\"ngg-galleryoverview ngg-ajax-pagination-none\"\n\tid=\"ngg-gallery-5f46c8c8a398a408507b68445f4515a2-1\">\n\n    \t<div class=\"slideshowlink\">\n        <a href='http:\/\/www.freimarianne.ch\/index.php\/nggallery\/slideshow?page_id=70861'>[Show as slideshow]<\/a>\n\t\t\n\t<\/div>\n\t\t\t<!-- Thumbnails -->\n\t\t\t\t<div id=\"ngg-image-0\" class=\"ngg-gallery-thumbnail-box\" >\n\t\t\t\t        <div class=\"ngg-gallery-thumbnail\">\n            <a href=\"http:\/\/www.freimarianne.ch\/wp-content\/gallery\/schonenberg-menzingen-25-4-26\/IMG_4830.jpeg\"\n               title=\"Drumlin Landschaft bei Brettingen\"\n               data-src=\"http:\/\/www.freimarianne.ch\/wp-content\/gallery\/schonenberg-menzingen-25-4-26\/IMG_4830.jpeg\"\n               data-thumbnail=\"http:\/\/www.freimarianne.ch\/wp-content\/gallery\/schonenberg-menzingen-25-4-26\/thumbs\/thumbs_IMG_4830.jpeg\"\n               data-image-id=\"37279\"\n               data-title=\"Drumlin Landschaft bei Brettingen\"\n               data-description=\"Drumlin Landschaft bei Brettingen\"\n               data-image-slug=\"img_4830-2\"\n               class=\"shutterset_5f46c8c8a398a408507b68445f4515a2\">\n                <img\n                    title=\"Drumlin Landschaft bei Brettingen\"\n                    alt=\"Drumlin Landschaft bei Brettingen\"\n                    src=\"http:\/\/www.freimarianne.ch\/wp-content\/gallery\/schonenberg-menzingen-25-4-26\/cache\/IMG_4830.jpeg-nggid0537279-ngg0dyn-100x75x100-00f0w010c010r110f110r010t010.jpeg\"\n                    width=\"96\"\n                    height=\"75\"\n                    style=\"max-width:100%;\"\n                \/>\n            <\/a>\n        <\/div>\n\t\t\t\t\t\t\t<\/div> \n\t\t\t\n                            \n\t\t\t\t<div id=\"ngg-image-1\" class=\"ngg-gallery-thumbnail-box\" >\n\t\t\t\t        <div class=\"ngg-gallery-thumbnail\">\n            <a href=\"http:\/\/www.freimarianne.ch\/wp-content\/gallery\/schonenberg-menzingen-25-4-26\/IMG_4829.jpeg\"\n               title=\"Brettingen; auf dem Wanderweg hinauf nach Stalden\"\n               data-src=\"http:\/\/www.freimarianne.ch\/wp-content\/gallery\/schonenberg-menzingen-25-4-26\/IMG_4829.jpeg\"\n               data-thumbnail=\"http:\/\/www.freimarianne.ch\/wp-content\/gallery\/schonenberg-menzingen-25-4-26\/thumbs\/thumbs_IMG_4829.jpeg\"\n               data-image-id=\"37280\"\n               data-title=\"Brettingen; auf dem Wanderweg hinauf nach Stalden\"\n               data-description=\"Brettingen; auf dem Wanderweg hinauf nach Stalden\"\n               data-image-slug=\"img_4829-5\"\n               class=\"shutterset_5f46c8c8a398a408507b68445f4515a2\">\n                <img\n                    title=\"Brettingen; auf dem Wanderweg hinauf nach Stalden\"\n                    alt=\"Brettingen; auf dem Wanderweg hinauf nach Stalden\"\n                    src=\"http:\/\/www.freimarianne.ch\/wp-content\/gallery\/schonenberg-menzingen-25-4-26\/cache\/IMG_4829.jpeg-nggid0537280-ngg0dyn-100x75x100-00f0w010c010r110f110r010t010.jpeg\"\n                    width=\"95\"\n                    height=\"75\"\n                    style=\"max-width:100%;\"\n                \/>\n            <\/a>\n        <\/div>\n\t\t\t\t\t\t\t<\/div> \n\t\t\t\n                            \n\t\t\t\t<div id=\"ngg-image-2\" class=\"ngg-gallery-thumbnail-box\" >\n\t\t\t\t        <div class=\"ngg-gallery-thumbnail\">\n            <a href=\"http:\/\/www.freimarianne.ch\/wp-content\/gallery\/schonenberg-menzingen-25-4-26\/IMG_4828.jpeg\"\n               title=\"Drumlin Landschaft bei Brettingen\"\n               data-src=\"http:\/\/www.freimarianne.ch\/wp-content\/gallery\/schonenberg-menzingen-25-4-26\/IMG_4828.jpeg\"\n               data-thumbnail=\"http:\/\/www.freimarianne.ch\/wp-content\/gallery\/schonenberg-menzingen-25-4-26\/thumbs\/thumbs_IMG_4828.jpeg\"\n               data-image-id=\"37281\"\n               data-title=\"Drumlin Landschaft bei Brettingen\"\n               data-description=\"Drumlin Landschaft bei Brettingen\"\n               data-image-slug=\"img_4828-4\"\n               class=\"shutterset_5f46c8c8a398a408507b68445f4515a2\">\n                <img\n                    title=\"Drumlin Landschaft bei Brettingen\"\n                    alt=\"Drumlin Landschaft bei Brettingen\"\n                    src=\"http:\/\/www.freimarianne.ch\/wp-content\/gallery\/schonenberg-menzingen-25-4-26\/cache\/IMG_4828.jpeg-nggid0537281-ngg0dyn-100x75x100-00f0w010c010r110f110r010t010.jpeg\"\n                    width=\"100\"\n                    height=\"69\"\n                    style=\"max-width:100%;\"\n                \/>\n            <\/a>\n        <\/div>\n\t\t\t\t\t\t\t<\/div> \n\t\t\t\n                            \n\t\t\t\t<div id=\"ngg-image-3\" class=\"ngg-gallery-thumbnail-box\" >\n\t\t\t\t        <div class=\"ngg-gallery-thumbnail\">\n            <a href=\"http:\/\/www.freimarianne.ch\/wp-content\/gallery\/schonenberg-menzingen-25-4-26\/IMG_4836.jpeg\"\n               title=\"Drumli bei Stalden, Menzingen\"\n               data-src=\"http:\/\/www.freimarianne.ch\/wp-content\/gallery\/schonenberg-menzingen-25-4-26\/IMG_4836.jpeg\"\n               data-thumbnail=\"http:\/\/www.freimarianne.ch\/wp-content\/gallery\/schonenberg-menzingen-25-4-26\/thumbs\/thumbs_IMG_4836.jpeg\"\n               data-image-id=\"37282\"\n               data-title=\"Drumli bei Stalden, Menzingen\"\n               data-description=\"Drumli bei Stalden, Menzingen\"\n               data-image-slug=\"img_4836-3\"\n               class=\"shutterset_5f46c8c8a398a408507b68445f4515a2\">\n                <img\n                    title=\"Drumli bei Stalden, Menzingen\"\n                    alt=\"Drumli bei Stalden, Menzingen\"\n                    src=\"http:\/\/www.freimarianne.ch\/wp-content\/gallery\/schonenberg-menzingen-25-4-26\/cache\/IMG_4836.jpeg-nggid0537282-ngg0dyn-100x75x100-00f0w010c010r110f110r010t010.jpeg\"\n                    width=\"100\"\n                    height=\"67\"\n                    style=\"max-width:100%;\"\n                \/>\n            <\/a>\n        <\/div>\n\t\t\t\t\t\t\t<\/div> \n\t\t\t\n                                    <br style=\"clear: both\" \/>\n                    \n\t\t\t\t<div id=\"ngg-image-4\" class=\"ngg-gallery-thumbnail-box\" >\n\t\t\t\t        <div class=\"ngg-gallery-thumbnail\">\n            <a href=\"http:\/\/www.freimarianne.ch\/wp-content\/gallery\/schonenberg-menzingen-25-4-26\/IMG_4832.jpeg\"\n               title=\"Kapelle St.Wendelin bei Stalden, Menzingen\"\n               data-src=\"http:\/\/www.freimarianne.ch\/wp-content\/gallery\/schonenberg-menzingen-25-4-26\/IMG_4832.jpeg\"\n               data-thumbnail=\"http:\/\/www.freimarianne.ch\/wp-content\/gallery\/schonenberg-menzingen-25-4-26\/thumbs\/thumbs_IMG_4832.jpeg\"\n               data-image-id=\"37283\"\n               data-title=\"Kapelle St.Wendelin bei Stalden, Menzingen\"\n               data-description=\"Kapelle St.Wendelin bei Stalden, Menzingen\"\n               data-image-slug=\"img_4832-3\"\n               class=\"shutterset_5f46c8c8a398a408507b68445f4515a2\">\n                <img\n                    title=\"Kapelle St.Wendelin bei Stalden, Menzingen\"\n                    alt=\"Kapelle St.Wendelin bei Stalden, Menzingen\"\n                    src=\"http:\/\/www.freimarianne.ch\/wp-content\/gallery\/schonenberg-menzingen-25-4-26\/cache\/IMG_4832.jpeg-nggid0537283-ngg0dyn-100x75x100-00f0w010c010r110f110r010t010.jpeg\"\n                    width=\"100\"\n                    height=\"75\"\n                    style=\"max-width:100%;\"\n                \/>\n            <\/a>\n        <\/div>\n\t\t\t\t\t\t\t<\/div> \n\t\t\t\n                            \n\t\t\t\t<div id=\"ngg-image-5\" class=\"ngg-gallery-thumbnail-box\" >\n\t\t\t\t        <div class=\"ngg-gallery-thumbnail\">\n            <a href=\"http:\/\/www.freimarianne.ch\/wp-content\/gallery\/schonenberg-menzingen-25-4-26\/IMG_4834.jpeg\"\n               title=\"li Sch\u00f6nenberg; Gottschalkenberg\"\n               data-src=\"http:\/\/www.freimarianne.ch\/wp-content\/gallery\/schonenberg-menzingen-25-4-26\/IMG_4834.jpeg\"\n               data-thumbnail=\"http:\/\/www.freimarianne.ch\/wp-content\/gallery\/schonenberg-menzingen-25-4-26\/thumbs\/thumbs_IMG_4834.jpeg\"\n               data-image-id=\"37284\"\n               data-title=\"li Sch\u00f6nenberg; Gottschalkenberg\"\n               data-description=\"li Sch\u00f6nenberg; Gottschalkenberg\"\n               data-image-slug=\"img_4834-7\"\n               class=\"shutterset_5f46c8c8a398a408507b68445f4515a2\">\n                <img\n                    title=\"li Sch\u00f6nenberg; Gottschalkenberg\"\n                    alt=\"li Sch\u00f6nenberg; Gottschalkenberg\"\n                    src=\"http:\/\/www.freimarianne.ch\/wp-content\/gallery\/schonenberg-menzingen-25-4-26\/cache\/IMG_4834.jpeg-nggid0537284-ngg0dyn-100x75x100-00f0w010c010r110f110r010t010.jpeg\"\n                    width=\"100\"\n                    height=\"67\"\n                    style=\"max-width:100%;\"\n                \/>\n            <\/a>\n        <\/div>\n\t\t\t\t\t\t\t<\/div> \n\t\t\t\n                            \n\t\t\t\t<div id=\"ngg-image-6\" class=\"ngg-gallery-thumbnail-box\" >\n\t\t\t\t        <div class=\"ngg-gallery-thumbnail\">\n            <a href=\"http:\/\/www.freimarianne.ch\/wp-content\/gallery\/schonenberg-menzingen-25-4-26\/IMG_4826.jpeg\"\n               title=\"Drumlin Landschaft\"\n               data-src=\"http:\/\/www.freimarianne.ch\/wp-content\/gallery\/schonenberg-menzingen-25-4-26\/IMG_4826.jpeg\"\n               data-thumbnail=\"http:\/\/www.freimarianne.ch\/wp-content\/gallery\/schonenberg-menzingen-25-4-26\/thumbs\/thumbs_IMG_4826.jpeg\"\n               data-image-id=\"37285\"\n               data-title=\"Drumlin Landschaft\"\n               data-description=\"Drumlin Landschaft\"\n               data-image-slug=\"img_4826-1\"\n               class=\"shutterset_5f46c8c8a398a408507b68445f4515a2\">\n                <img\n                    title=\"Drumlin Landschaft\"\n                    alt=\"Drumlin Landschaft\"\n                    src=\"http:\/\/www.freimarianne.ch\/wp-content\/gallery\/schonenberg-menzingen-25-4-26\/cache\/IMG_4826.jpeg-nggid0537285-ngg0dyn-100x75x100-00f0w010c010r110f110r010t010.jpeg\"\n                    width=\"100\"\n                    height=\"69\"\n                    style=\"max-width:100%;\"\n                \/>\n            <\/a>\n        <\/div>\n\t\t\t\t\t\t\t<\/div> \n\t\t\t\n                            \n\t\t\t\t<div id=\"ngg-image-7\" class=\"ngg-gallery-thumbnail-box\" >\n\t\t\t\t        <div class=\"ngg-gallery-thumbnail\">\n            <a href=\"http:\/\/www.freimarianne.ch\/wp-content\/gallery\/schonenberg-menzingen-25-4-26\/IMG_4823.jpeg\"\n               title=\"Blick gegen Sch\u00f6nenberg\"\n               data-src=\"http:\/\/www.freimarianne.ch\/wp-content\/gallery\/schonenberg-menzingen-25-4-26\/IMG_4823.jpeg\"\n               data-thumbnail=\"http:\/\/www.freimarianne.ch\/wp-content\/gallery\/schonenberg-menzingen-25-4-26\/thumbs\/thumbs_IMG_4823.jpeg\"\n               data-image-id=\"37286\"\n               data-title=\"Blick gegen Sch\u00f6nenberg\"\n               data-description=\"Blick gegen Sch\u00f6nenberg\"\n               data-image-slug=\"img_4823-3\"\n               class=\"shutterset_5f46c8c8a398a408507b68445f4515a2\">\n                <img\n                    title=\"Blick gegen Sch\u00f6nenberg\"\n                    alt=\"Blick gegen Sch\u00f6nenberg\"\n                    src=\"http:\/\/www.freimarianne.ch\/wp-content\/gallery\/schonenberg-menzingen-25-4-26\/cache\/IMG_4823.jpeg-nggid0537286-ngg0dyn-100x75x100-00f0w010c010r110f110r010t010.jpeg\"\n                    width=\"100\"\n                    height=\"64\"\n                    style=\"max-width:100%;\"\n                \/>\n            <\/a>\n        <\/div>\n\t\t\t\t\t\t\t<\/div> \n\t\t\t\n                                    <br style=\"clear: both\" \/>\n                    \n\t\t\t\t<div id=\"ngg-image-8\" class=\"ngg-gallery-thumbnail-box\" >\n\t\t\t\t        <div class=\"ngg-gallery-thumbnail\">\n            <a href=\"http:\/\/www.freimarianne.ch\/wp-content\/gallery\/schonenberg-menzingen-25-4-26\/IMG_4821.jpeg\"\n               title=\"Blust bei Hinterkehr 712m\"\n               data-src=\"http:\/\/www.freimarianne.ch\/wp-content\/gallery\/schonenberg-menzingen-25-4-26\/IMG_4821.jpeg\"\n               data-thumbnail=\"http:\/\/www.freimarianne.ch\/wp-content\/gallery\/schonenberg-menzingen-25-4-26\/thumbs\/thumbs_IMG_4821.jpeg\"\n               data-image-id=\"37287\"\n               data-title=\"Blust bei Hinterkehr 712m\"\n               data-description=\"Blust bei Hinterkehr 712m\"\n               data-image-slug=\"img_4821-1\"\n               class=\"shutterset_5f46c8c8a398a408507b68445f4515a2\">\n                <img\n                    title=\"Blust bei Hinterkehr 712m\"\n                    alt=\"Blust bei Hinterkehr 712m\"\n                    src=\"http:\/\/www.freimarianne.ch\/wp-content\/gallery\/schonenberg-menzingen-25-4-26\/cache\/IMG_4821.jpeg-nggid0537287-ngg0dyn-100x75x100-00f0w010c010r110f110r010t010.jpeg\"\n                    width=\"100\"\n                    height=\"75\"\n                    style=\"max-width:100%;\"\n                \/>\n            <\/a>\n        <\/div>\n\t\t\t\t\t\t\t<\/div> \n\t\t\t\n                            \n\t\t\t\t<div id=\"ngg-image-9\" class=\"ngg-gallery-thumbnail-box\" >\n\t\t\t\t        <div class=\"ngg-gallery-thumbnail\">\n            <a href=\"http:\/\/www.freimarianne.ch\/wp-content\/gallery\/schonenberg-menzingen-25-4-26\/IMG_4813.jpeg\"\n               title=\"die Drumlins ; unten Hof Buechmatt\"\n               data-src=\"http:\/\/www.freimarianne.ch\/wp-content\/gallery\/schonenberg-menzingen-25-4-26\/IMG_4813.jpeg\"\n               data-thumbnail=\"http:\/\/www.freimarianne.ch\/wp-content\/gallery\/schonenberg-menzingen-25-4-26\/thumbs\/thumbs_IMG_4813.jpeg\"\n               data-image-id=\"37288\"\n               data-title=\"die Drumlins ; unten Hof Buechmatt\"\n               data-description=\"die Drumlins ; unten Hof Buechmatt\"\n               data-image-slug=\"img_4813-3\"\n               class=\"shutterset_5f46c8c8a398a408507b68445f4515a2\">\n                <img\n                    title=\"die Drumlins ; unten Hof Buechmatt\"\n                    alt=\"die Drumlins ; unten Hof Buechmatt\"\n                    src=\"http:\/\/www.freimarianne.ch\/wp-content\/gallery\/schonenberg-menzingen-25-4-26\/cache\/IMG_4813.jpeg-nggid0537288-ngg0dyn-100x75x100-00f0w010c010r110f110r010t010.jpeg\"\n                    width=\"100\"\n                    height=\"67\"\n                    style=\"max-width:100%;\"\n                \/>\n            <\/a>\n        <\/div>\n\t\t\t\t\t\t\t<\/div> \n\t\t\t\n                            \n\t\t\t\t<div id=\"ngg-image-10\" class=\"ngg-gallery-thumbnail-box\" >\n\t\t\t\t        <div class=\"ngg-gallery-thumbnail\">\n            <a href=\"http:\/\/www.freimarianne.ch\/wp-content\/gallery\/schonenberg-menzingen-25-4-26\/IMG_4812.jpeg\"\n               title=\"Sicht vom meinem Rastplatz aus; Hof Buechmatt\"\n               data-src=\"http:\/\/www.freimarianne.ch\/wp-content\/gallery\/schonenberg-menzingen-25-4-26\/IMG_4812.jpeg\"\n               data-thumbnail=\"http:\/\/www.freimarianne.ch\/wp-content\/gallery\/schonenberg-menzingen-25-4-26\/thumbs\/thumbs_IMG_4812.jpeg\"\n               data-image-id=\"37289\"\n               data-title=\"Sicht vom meinem Rastplatz aus; Hof Buechmatt\"\n               data-description=\"Sicht vom meinem Rastplatz aus; Hof Buechmatt\"\n               data-image-slug=\"img_4812-1\"\n               class=\"shutterset_5f46c8c8a398a408507b68445f4515a2\">\n                <img\n                    title=\"Sicht vom meinem Rastplatz aus; Hof Buechmatt\"\n                    alt=\"Sicht vom meinem Rastplatz aus; Hof Buechmatt\"\n                    src=\"http:\/\/www.freimarianne.ch\/wp-content\/gallery\/schonenberg-menzingen-25-4-26\/cache\/IMG_4812.jpeg-nggid0537289-ngg0dyn-100x75x100-00f0w010c010r110f110r010t010.jpeg\"\n                    width=\"100\"\n                    height=\"68\"\n                    style=\"max-width:100%;\"\n                \/>\n            <\/a>\n        <\/div>\n\t\t\t\t\t\t\t<\/div> \n\t\t\t\n                            \n\t\t\t\t<div id=\"ngg-image-11\" class=\"ngg-gallery-thumbnail-box\" >\n\t\t\t\t        <div class=\"ngg-gallery-thumbnail\">\n            <a href=\"http:\/\/www.freimarianne.ch\/wp-content\/gallery\/schonenberg-menzingen-25-4-26\/IMG_4810.jpeg\"\n               title=\"Wilersee  729m\"\n               data-src=\"http:\/\/www.freimarianne.ch\/wp-content\/gallery\/schonenberg-menzingen-25-4-26\/IMG_4810.jpeg\"\n               data-thumbnail=\"http:\/\/www.freimarianne.ch\/wp-content\/gallery\/schonenberg-menzingen-25-4-26\/thumbs\/thumbs_IMG_4810.jpeg\"\n               data-image-id=\"37290\"\n               data-title=\"Wilersee  729m\"\n               data-description=\"Wilersee  729m\"\n               data-image-slug=\"img_4810-1\"\n               class=\"shutterset_5f46c8c8a398a408507b68445f4515a2\">\n                <img\n                    title=\"Wilersee  729m\"\n                    alt=\"Wilersee  729m\"\n                    src=\"http:\/\/www.freimarianne.ch\/wp-content\/gallery\/schonenberg-menzingen-25-4-26\/cache\/IMG_4810.jpeg-nggid0537290-ngg0dyn-100x75x100-00f0w010c010r110f110r010t010.jpeg\"\n                    width=\"100\"\n                    height=\"73\"\n                    style=\"max-width:100%;\"\n                \/>\n            <\/a>\n        <\/div>\n\t\t\t\t\t\t\t<\/div> \n\t\t\t\n                                    <br style=\"clear: both\" \/>\n                    \n\t\t\t\t<div id=\"ngg-image-12\" class=\"ngg-gallery-thumbnail-box\" >\n\t\t\t\t        <div class=\"ngg-gallery-thumbnail\">\n            <a href=\"http:\/\/www.freimarianne.ch\/wp-content\/gallery\/schonenberg-menzingen-25-4-26\/IMG_4809.jpeg\"\n               title=\"Wilersee  729m\"\n               data-src=\"http:\/\/www.freimarianne.ch\/wp-content\/gallery\/schonenberg-menzingen-25-4-26\/IMG_4809.jpeg\"\n               data-thumbnail=\"http:\/\/www.freimarianne.ch\/wp-content\/gallery\/schonenberg-menzingen-25-4-26\/thumbs\/thumbs_IMG_4809.jpeg\"\n               data-image-id=\"37291\"\n               data-title=\"Wilersee  729m\"\n               data-description=\"Wilersee  729m\"\n               data-image-slug=\"img_4809-1\"\n               class=\"shutterset_5f46c8c8a398a408507b68445f4515a2\">\n                <img\n                    title=\"Wilersee  729m\"\n                    alt=\"Wilersee  729m\"\n                    src=\"http:\/\/www.freimarianne.ch\/wp-content\/gallery\/schonenberg-menzingen-25-4-26\/cache\/IMG_4809.jpeg-nggid0537291-ngg0dyn-100x75x100-00f0w010c010r110f110r010t010.jpeg\"\n                    width=\"100\"\n                    height=\"67\"\n                    style=\"max-width:100%;\"\n                \/>\n            <\/a>\n        <\/div>\n\t\t\t\t\t\t\t<\/div> \n\t\t\t\n                            \n\t\t\t\t<div id=\"ngg-image-13\" class=\"ngg-gallery-thumbnail-box\" >\n\t\t\t\t        <div class=\"ngg-gallery-thumbnail\">\n            <a href=\"http:\/\/www.freimarianne.ch\/wp-content\/gallery\/schonenberg-menzingen-25-4-26\/IMG_4808.jpeg\"\n               title=\"der Wilersee  729m\"\n               data-src=\"http:\/\/www.freimarianne.ch\/wp-content\/gallery\/schonenberg-menzingen-25-4-26\/IMG_4808.jpeg\"\n               data-thumbnail=\"http:\/\/www.freimarianne.ch\/wp-content\/gallery\/schonenberg-menzingen-25-4-26\/thumbs\/thumbs_IMG_4808.jpeg\"\n               data-image-id=\"37292\"\n               data-title=\"der Wilersee  729m\"\n               data-description=\"der Wilersee  729m\"\n               data-image-slug=\"img_4808-3\"\n               class=\"shutterset_5f46c8c8a398a408507b68445f4515a2\">\n                <img\n                    title=\"der Wilersee  729m\"\n                    alt=\"der Wilersee  729m\"\n                    src=\"http:\/\/www.freimarianne.ch\/wp-content\/gallery\/schonenberg-menzingen-25-4-26\/cache\/IMG_4808.jpeg-nggid0537292-ngg0dyn-100x75x100-00f0w010c010r110f110r010t010.jpeg\"\n                    width=\"100\"\n                    height=\"67\"\n                    style=\"max-width:100%;\"\n                \/>\n            <\/a>\n        <\/div>\n\t\t\t\t\t\t\t<\/div> \n\t\t\t\n                            \n\t\t\t\t<div id=\"ngg-image-14\" class=\"ngg-gallery-thumbnail-box\" >\n\t\t\t\t        <div class=\"ngg-gallery-thumbnail\">\n            <a href=\"http:\/\/www.freimarianne.ch\/wp-content\/gallery\/schonenberg-menzingen-25-4-26\/IMG_4803.jpeg\"\n               title=\"Finstersee    769m\"\n               data-src=\"http:\/\/www.freimarianne.ch\/wp-content\/gallery\/schonenberg-menzingen-25-4-26\/IMG_4803.jpeg\"\n               data-thumbnail=\"http:\/\/www.freimarianne.ch\/wp-content\/gallery\/schonenberg-menzingen-25-4-26\/thumbs\/thumbs_IMG_4803.jpeg\"\n               data-image-id=\"37293\"\n               data-title=\"Finstersee    769m\"\n               data-description=\"Finstersee    769m\"\n               data-image-slug=\"img_4803-4\"\n               class=\"shutterset_5f46c8c8a398a408507b68445f4515a2\">\n                <img\n                    title=\"Finstersee    769m\"\n                    alt=\"Finstersee    769m\"\n                    src=\"http:\/\/www.freimarianne.ch\/wp-content\/gallery\/schonenberg-menzingen-25-4-26\/cache\/IMG_4803.jpeg-nggid0537293-ngg0dyn-100x75x100-00f0w010c010r110f110r010t010.jpeg\"\n                    width=\"100\"\n                    height=\"70\"\n                    style=\"max-width:100%;\"\n                \/>\n            <\/a>\n        <\/div>\n\t\t\t\t\t\t\t<\/div> \n\t\t\t\n                            \n\t\t\t\t<div id=\"ngg-image-15\" class=\"ngg-gallery-thumbnail-box\" >\n\t\t\t\t        <div class=\"ngg-gallery-thumbnail\">\n            <a href=\"http:\/\/www.freimarianne.ch\/wp-content\/gallery\/schonenberg-menzingen-25-4-26\/IMG_4800.jpeg\"\n               title=\"Landschaft bei Finstersee; Durmlins\"\n               data-src=\"http:\/\/www.freimarianne.ch\/wp-content\/gallery\/schonenberg-menzingen-25-4-26\/IMG_4800.jpeg\"\n               data-thumbnail=\"http:\/\/www.freimarianne.ch\/wp-content\/gallery\/schonenberg-menzingen-25-4-26\/thumbs\/thumbs_IMG_4800.jpeg\"\n               data-image-id=\"37294\"\n               data-title=\"Landschaft bei Finstersee; Durmlins\"\n               data-description=\"Landschaft bei Finstersee; Durmlins\"\n               data-image-slug=\"img_4800-1\"\n               class=\"shutterset_5f46c8c8a398a408507b68445f4515a2\">\n                <img\n                    title=\"Landschaft bei Finstersee; Durmlins\"\n                    alt=\"Landschaft bei Finstersee; Durmlins\"\n                    src=\"http:\/\/www.freimarianne.ch\/wp-content\/gallery\/schonenberg-menzingen-25-4-26\/cache\/IMG_4800.jpeg-nggid0537294-ngg0dyn-100x75x100-00f0w010c010r110f110r010t010.jpeg\"\n                    width=\"100\"\n                    height=\"73\"\n                    style=\"max-width:100%;\"\n                \/>\n            <\/a>\n        <\/div>\n\t\t\t\t\t\t\t<\/div> \n\t\t\t\n                                    <br style=\"clear: both\" \/>\n                    \n\t\t\t\t<div id=\"ngg-image-16\" class=\"ngg-gallery-thumbnail-box\" >\n\t\t\t\t        <div class=\"ngg-gallery-thumbnail\">\n            <a href=\"http:\/\/www.freimarianne.ch\/wp-content\/gallery\/schonenberg-menzingen-25-4-26\/IMG_4798.jpeg\"\n               title=\"Blick zur\u00fcck auf Sch\u00f6nenberg\"\n               data-src=\"http:\/\/www.freimarianne.ch\/wp-content\/gallery\/schonenberg-menzingen-25-4-26\/IMG_4798.jpeg\"\n               data-thumbnail=\"http:\/\/www.freimarianne.ch\/wp-content\/gallery\/schonenberg-menzingen-25-4-26\/thumbs\/thumbs_IMG_4798.jpeg\"\n               data-image-id=\"37295\"\n               data-title=\"Blick zur\u00fcck auf Sch\u00f6nenberg\"\n               data-description=\"Blick zur\u00fcck auf Sch\u00f6nenberg\"\n               data-image-slug=\"img_4798-4\"\n               class=\"shutterset_5f46c8c8a398a408507b68445f4515a2\">\n                <img\n                    title=\"Blick zur\u00fcck auf Sch\u00f6nenberg\"\n                    alt=\"Blick zur\u00fcck auf Sch\u00f6nenberg\"\n                    src=\"http:\/\/www.freimarianne.ch\/wp-content\/gallery\/schonenberg-menzingen-25-4-26\/cache\/IMG_4798.jpeg-nggid0537295-ngg0dyn-100x75x100-00f0w010c010r110f110r010t010.jpeg\"\n                    width=\"100\"\n                    height=\"72\"\n                    style=\"max-width:100%;\"\n                \/>\n            <\/a>\n        <\/div>\n\t\t\t\t\t\t\t<\/div> \n\t\t\t\n                            \n\t\t\t\t<div id=\"ngg-image-17\" class=\"ngg-gallery-thumbnail-box\" >\n\t\t\t\t        <div class=\"ngg-gallery-thumbnail\">\n            <a href=\"http:\/\/www.freimarianne.ch\/wp-content\/gallery\/schonenberg-menzingen-25-4-26\/IMG_4797.jpeg\"\n               title=\"Blust in Finstersee\"\n               data-src=\"http:\/\/www.freimarianne.ch\/wp-content\/gallery\/schonenberg-menzingen-25-4-26\/IMG_4797.jpeg\"\n               data-thumbnail=\"http:\/\/www.freimarianne.ch\/wp-content\/gallery\/schonenberg-menzingen-25-4-26\/thumbs\/thumbs_IMG_4797.jpeg\"\n               data-image-id=\"37296\"\n               data-title=\"Blust in Finstersee\"\n               data-description=\"Blust in Finstersee\"\n               data-image-slug=\"img_4797-2\"\n               class=\"shutterset_5f46c8c8a398a408507b68445f4515a2\">\n                <img\n                    title=\"Blust in Finstersee\"\n                    alt=\"Blust in Finstersee\"\n                    src=\"http:\/\/www.freimarianne.ch\/wp-content\/gallery\/schonenberg-menzingen-25-4-26\/cache\/IMG_4797.jpeg-nggid0537296-ngg0dyn-100x75x100-00f0w010c010r110f110r010t010.jpeg\"\n                    width=\"100\"\n                    height=\"67\"\n                    style=\"max-width:100%;\"\n                \/>\n            <\/a>\n        <\/div>\n\t\t\t\t\t\t\t<\/div> \n\t\t\t\n                            \n\t\t\t\t<div id=\"ngg-image-18\" class=\"ngg-gallery-thumbnail-box\" >\n\t\t\t\t        <div class=\"ngg-gallery-thumbnail\">\n            <a href=\"http:\/\/www.freimarianne.ch\/wp-content\/gallery\/schonenberg-menzingen-25-4-26\/IMG_4795.jpeg\"\n               title=\"Blust in Finstersee\"\n               data-src=\"http:\/\/www.freimarianne.ch\/wp-content\/gallery\/schonenberg-menzingen-25-4-26\/IMG_4795.jpeg\"\n               data-thumbnail=\"http:\/\/www.freimarianne.ch\/wp-content\/gallery\/schonenberg-menzingen-25-4-26\/thumbs\/thumbs_IMG_4795.jpeg\"\n               data-image-id=\"37297\"\n               data-title=\"Blust in Finstersee\"\n               data-description=\"Blust in Finstersee\"\n               data-image-slug=\"img_4795-3\"\n               class=\"shutterset_5f46c8c8a398a408507b68445f4515a2\">\n                <img\n                    title=\"Blust in Finstersee\"\n                    alt=\"Blust in Finstersee\"\n                    src=\"http:\/\/www.freimarianne.ch\/wp-content\/gallery\/schonenberg-menzingen-25-4-26\/cache\/IMG_4795.jpeg-nggid0537297-ngg0dyn-100x75x100-00f0w010c010r110f110r010t010.jpeg\"\n                    width=\"100\"\n                    height=\"70\"\n                    style=\"max-width:100%;\"\n                \/>\n            <\/a>\n        <\/div>\n\t\t\t\t\t\t\t<\/div> \n\t\t\t\n                            \n\t\t\t\t<div id=\"ngg-image-19\" class=\"ngg-gallery-thumbnail-box\" >\n\t\t\t\t        <div class=\"ngg-gallery-thumbnail\">\n            <a href=\"http:\/\/www.freimarianne.ch\/wp-content\/gallery\/schonenberg-menzingen-25-4-26\/IMG_4793.jpeg\"\n               title=\"auf dem Weg nach Finstersee\"\n               data-src=\"http:\/\/www.freimarianne.ch\/wp-content\/gallery\/schonenberg-menzingen-25-4-26\/IMG_4793.jpeg\"\n               data-thumbnail=\"http:\/\/www.freimarianne.ch\/wp-content\/gallery\/schonenberg-menzingen-25-4-26\/thumbs\/thumbs_IMG_4793.jpeg\"\n               data-image-id=\"37298\"\n               data-title=\"auf dem Weg nach Finstersee\"\n               data-description=\"auf dem Weg nach Finstersee\"\n               data-image-slug=\"img_4793-4\"\n               class=\"shutterset_5f46c8c8a398a408507b68445f4515a2\">\n                <img\n                    title=\"auf dem Weg nach Finstersee\"\n                    alt=\"auf dem Weg nach Finstersee\"\n                    src=\"http:\/\/www.freimarianne.ch\/wp-content\/gallery\/schonenberg-menzingen-25-4-26\/cache\/IMG_4793.jpeg-nggid0537298-ngg0dyn-100x75x100-00f0w010c010r110f110r010t010.jpeg\"\n                    width=\"100\"\n                    height=\"75\"\n                    style=\"max-width:100%;\"\n                \/>\n            <\/a>\n        <\/div>\n\t\t\t\t\t\t\t<\/div> \n\t\t\t\n                                    <br style=\"clear: both\" \/>\n                    \n\t\t\t\t<div id=\"ngg-image-20\" class=\"ngg-gallery-thumbnail-box\" >\n\t\t\t\t        <div class=\"ngg-gallery-thumbnail\">\n            <a href=\"http:\/\/www.freimarianne.ch\/wp-content\/gallery\/schonenberg-menzingen-25-4-26\/IMG_4792.jpeg\"\n               title=\"Unterm\u00fclostock  693m\"\n               data-src=\"http:\/\/www.freimarianne.ch\/wp-content\/gallery\/schonenberg-menzingen-25-4-26\/IMG_4792.jpeg\"\n               data-thumbnail=\"http:\/\/www.freimarianne.ch\/wp-content\/gallery\/schonenberg-menzingen-25-4-26\/thumbs\/thumbs_IMG_4792.jpeg\"\n               data-image-id=\"37299\"\n               data-title=\"Unterm\u00fclostock  693m\"\n               data-description=\"Unterm\u00fclostock  693m\"\n               data-image-slug=\"img_4792-6\"\n               class=\"shutterset_5f46c8c8a398a408507b68445f4515a2\">\n                <img\n                    title=\"Unterm\u00fclostock  693m\"\n                    alt=\"Unterm\u00fclostock  693m\"\n                    src=\"http:\/\/www.freimarianne.ch\/wp-content\/gallery\/schonenberg-menzingen-25-4-26\/cache\/IMG_4792.jpeg-nggid0537299-ngg0dyn-100x75x100-00f0w010c010r110f110r010t010.jpeg\"\n                    width=\"100\"\n                    height=\"67\"\n                    style=\"max-width:100%;\"\n                \/>\n            <\/a>\n        <\/div>\n\t\t\t\t\t\t\t<\/div> \n\t\t\t\n                            \n\t\t\t\t<div id=\"ngg-image-21\" class=\"ngg-gallery-thumbnail-box\" >\n\t\t\t\t        <div class=\"ngg-gallery-thumbnail\">\n            <a href=\"http:\/\/www.freimarianne.ch\/wp-content\/gallery\/schonenberg-menzingen-25-4-26\/IMG_4787.jpeg\"\n               title=\"Blick auf das Dorf Finstersee\"\n               data-src=\"http:\/\/www.freimarianne.ch\/wp-content\/gallery\/schonenberg-menzingen-25-4-26\/IMG_4787.jpeg\"\n               data-thumbnail=\"http:\/\/www.freimarianne.ch\/wp-content\/gallery\/schonenberg-menzingen-25-4-26\/thumbs\/thumbs_IMG_4787.jpeg\"\n               data-image-id=\"37300\"\n               data-title=\"Blick auf das Dorf Finstersee\"\n               data-description=\"Blick auf das Dorf Finstersee\"\n               data-image-slug=\"img_4787-5\"\n               class=\"shutterset_5f46c8c8a398a408507b68445f4515a2\">\n                <img\n                    title=\"Blick auf das Dorf Finstersee\"\n                    alt=\"Blick auf das Dorf Finstersee\"\n                    src=\"http:\/\/www.freimarianne.ch\/wp-content\/gallery\/schonenberg-menzingen-25-4-26\/cache\/IMG_4787.jpeg-nggid0537300-ngg0dyn-100x75x100-00f0w010c010r110f110r010t010.jpeg\"\n                    width=\"100\"\n                    height=\"68\"\n                    style=\"max-width:100%;\"\n                \/>\n            <\/a>\n        <\/div>\n\t\t\t\t\t\t\t<\/div> \n\t\t\t\n                            \n\t\t\t\t<div id=\"ngg-image-22\" class=\"ngg-gallery-thumbnail-box\" >\n\t\t\t\t        <div class=\"ngg-gallery-thumbnail\">\n            <a href=\"http:\/\/www.freimarianne.ch\/wp-content\/gallery\/schonenberg-menzingen-25-4-26\/IMG_4783.jpeg\"\n               title=\"bald an der Strasse unten\"\n               data-src=\"http:\/\/www.freimarianne.ch\/wp-content\/gallery\/schonenberg-menzingen-25-4-26\/IMG_4783.jpeg\"\n               data-thumbnail=\"http:\/\/www.freimarianne.ch\/wp-content\/gallery\/schonenberg-menzingen-25-4-26\/thumbs\/thumbs_IMG_4783.jpeg\"\n               data-image-id=\"37301\"\n               data-title=\"bald an der Strasse unten\"\n               data-description=\"bald an der Strasse unten\"\n               data-image-slug=\"img_4783-5\"\n               class=\"shutterset_5f46c8c8a398a408507b68445f4515a2\">\n                <img\n                    title=\"bald an der Strasse unten\"\n                    alt=\"bald an der Strasse unten\"\n                    src=\"http:\/\/www.freimarianne.ch\/wp-content\/gallery\/schonenberg-menzingen-25-4-26\/cache\/IMG_4783.jpeg-nggid0537301-ngg0dyn-100x75x100-00f0w010c010r110f110r010t010.jpeg\"\n                    width=\"100\"\n                    height=\"75\"\n                    style=\"max-width:100%;\"\n                \/>\n            <\/a>\n        <\/div>\n\t\t\t\t\t\t\t<\/div> \n\t\t\t\n                            \n\t\t\t\t<div id=\"ngg-image-23\" class=\"ngg-gallery-thumbnail-box\" >\n\t\t\t\t        <div class=\"ngg-gallery-thumbnail\">\n            <a href=\"http:\/\/www.freimarianne.ch\/wp-content\/gallery\/schonenberg-menzingen-25-4-26\/IMG_4782.jpeg\"\n               title=\"Blick auf das Dorf Finstersee\"\n               data-src=\"http:\/\/www.freimarianne.ch\/wp-content\/gallery\/schonenberg-menzingen-25-4-26\/IMG_4782.jpeg\"\n               data-thumbnail=\"http:\/\/www.freimarianne.ch\/wp-content\/gallery\/schonenberg-menzingen-25-4-26\/thumbs\/thumbs_IMG_4782.jpeg\"\n               data-image-id=\"37302\"\n               data-title=\"Blick auf das Dorf Finstersee\"\n               data-description=\"Blick auf das Dorf Finstersee\"\n               data-image-slug=\"img_4782-6\"\n               class=\"shutterset_5f46c8c8a398a408507b68445f4515a2\">\n                <img\n                    title=\"Blick auf das Dorf Finstersee\"\n                    alt=\"Blick auf das Dorf Finstersee\"\n                    src=\"http:\/\/www.freimarianne.ch\/wp-content\/gallery\/schonenberg-menzingen-25-4-26\/cache\/IMG_4782.jpeg-nggid0537302-ngg0dyn-100x75x100-00f0w010c010r110f110r010t010.jpeg\"\n                    width=\"100\"\n                    height=\"68\"\n                    style=\"max-width:100%;\"\n                \/>\n            <\/a>\n        <\/div>\n\t\t\t\t\t\t\t<\/div> \n\t\t\t\n                                    <br style=\"clear: both\" \/>\n                    \n\t\t\t\t<div id=\"ngg-image-24\" class=\"ngg-gallery-thumbnail-box\" >\n\t\t\t\t        <div class=\"ngg-gallery-thumbnail\">\n            <a href=\"http:\/\/www.freimarianne.ch\/wp-content\/gallery\/schonenberg-menzingen-25-4-26\/IMG_4780.jpeg\"\n               title=\"Teufenbachweiher 685m\"\n               data-src=\"http:\/\/www.freimarianne.ch\/wp-content\/gallery\/schonenberg-menzingen-25-4-26\/IMG_4780.jpeg\"\n               data-thumbnail=\"http:\/\/www.freimarianne.ch\/wp-content\/gallery\/schonenberg-menzingen-25-4-26\/thumbs\/thumbs_IMG_4780.jpeg\"\n               data-image-id=\"37303\"\n               data-title=\"Teufenbachweiher 685m\"\n               data-description=\"Teufenbachweiher 685m\"\n               data-image-slug=\"img_4780-5\"\n               class=\"shutterset_5f46c8c8a398a408507b68445f4515a2\">\n                <img\n                    title=\"Teufenbachweiher 685m\"\n                    alt=\"Teufenbachweiher 685m\"\n                    src=\"http:\/\/www.freimarianne.ch\/wp-content\/gallery\/schonenberg-menzingen-25-4-26\/cache\/IMG_4780.jpeg-nggid0537303-ngg0dyn-100x75x100-00f0w010c010r110f110r010t010.jpeg\"\n                    width=\"100\"\n                    height=\"66\"\n                    style=\"max-width:100%;\"\n                \/>\n            <\/a>\n        <\/div>\n\t\t\t\t\t\t\t<\/div> \n\t\t\t\n                            \n\t\t\t\t<div id=\"ngg-image-25\" class=\"ngg-gallery-thumbnail-box\" >\n\t\t\t\t        <div class=\"ngg-gallery-thumbnail\">\n            <a href=\"http:\/\/www.freimarianne.ch\/wp-content\/gallery\/schonenberg-menzingen-25-4-26\/IMG_4776.jpeg\"\n               title=\"Teufenbachweiher 685m\"\n               data-src=\"http:\/\/www.freimarianne.ch\/wp-content\/gallery\/schonenberg-menzingen-25-4-26\/IMG_4776.jpeg\"\n               data-thumbnail=\"http:\/\/www.freimarianne.ch\/wp-content\/gallery\/schonenberg-menzingen-25-4-26\/thumbs\/thumbs_IMG_4776.jpeg\"\n               data-image-id=\"37304\"\n               data-title=\"Teufenbachweiher 685m\"\n               data-description=\"Teufenbachweiher 685m\"\n               data-image-slug=\"img_4776-6\"\n               class=\"shutterset_5f46c8c8a398a408507b68445f4515a2\">\n                <img\n                    title=\"Teufenbachweiher 685m\"\n                    alt=\"Teufenbachweiher 685m\"\n                    src=\"http:\/\/www.freimarianne.ch\/wp-content\/gallery\/schonenberg-menzingen-25-4-26\/cache\/IMG_4776.jpeg-nggid0537304-ngg0dyn-100x75x100-00f0w010c010r110f110r010t010.jpeg\"\n                    width=\"100\"\n                    height=\"67\"\n                    style=\"max-width:100%;\"\n                \/>\n            <\/a>\n        <\/div>\n\t\t\t\t\t\t\t<\/div> \n\t\t\t\n                            \n\t\t\t\t<div id=\"ngg-image-26\" class=\"ngg-gallery-thumbnail-box\" >\n\t\t\t\t        <div class=\"ngg-gallery-thumbnail\">\n            <a href=\"http:\/\/www.freimarianne.ch\/wp-content\/gallery\/schonenberg-menzingen-25-4-26\/IMG_4775.jpeg\"\n               title=\"Teufenbachweiher 685m\"\n               data-src=\"http:\/\/www.freimarianne.ch\/wp-content\/gallery\/schonenberg-menzingen-25-4-26\/IMG_4775.jpeg\"\n               data-thumbnail=\"http:\/\/www.freimarianne.ch\/wp-content\/gallery\/schonenberg-menzingen-25-4-26\/thumbs\/thumbs_IMG_4775.jpeg\"\n               data-image-id=\"37305\"\n               data-title=\"Teufenbachweiher 685m\"\n               data-description=\"Teufenbachweiher 685m\"\n               data-image-slug=\"img_4775-3\"\n               class=\"shutterset_5f46c8c8a398a408507b68445f4515a2\">\n                <img\n                    title=\"Teufenbachweiher 685m\"\n                    alt=\"Teufenbachweiher 685m\"\n                    src=\"http:\/\/www.freimarianne.ch\/wp-content\/gallery\/schonenberg-menzingen-25-4-26\/cache\/IMG_4775.jpeg-nggid0537305-ngg0dyn-100x75x100-00f0w010c010r110f110r010t010.jpeg\"\n                    width=\"100\"\n                    height=\"67\"\n                    style=\"max-width:100%;\"\n                \/>\n            <\/a>\n        <\/div>\n\t\t\t\t\t\t\t<\/div> \n\t\t\t\n                            \n\t\t\t\t<div id=\"ngg-image-27\" class=\"ngg-gallery-thumbnail-box\" >\n\t\t\t\t        <div class=\"ngg-gallery-thumbnail\">\n            <a href=\"http:\/\/www.freimarianne.ch\/wp-content\/gallery\/schonenberg-menzingen-25-4-26\/IMG_4770.jpeg\"\n               title=\"Drumlins\"\n               data-src=\"http:\/\/www.freimarianne.ch\/wp-content\/gallery\/schonenberg-menzingen-25-4-26\/IMG_4770.jpeg\"\n               data-thumbnail=\"http:\/\/www.freimarianne.ch\/wp-content\/gallery\/schonenberg-menzingen-25-4-26\/thumbs\/thumbs_IMG_4770.jpeg\"\n               data-image-id=\"37306\"\n               data-title=\"Drumlins\"\n               data-description=\"Drumlins\"\n               data-image-slug=\"img_4770-2\"\n               class=\"shutterset_5f46c8c8a398a408507b68445f4515a2\">\n                <img\n                    title=\"Drumlins\"\n                    alt=\"Drumlins\"\n                    src=\"http:\/\/www.freimarianne.ch\/wp-content\/gallery\/schonenberg-menzingen-25-4-26\/cache\/IMG_4770.jpeg-nggid0537306-ngg0dyn-100x75x100-00f0w010c010r110f110r010t010.jpeg\"\n                    width=\"100\"\n                    height=\"67\"\n                    style=\"max-width:100%;\"\n                \/>\n            <\/a>\n        <\/div>\n\t\t\t\t\t\t\t<\/div> \n\t\t\t\n                                    <br style=\"clear: both\" \/>\n                    \n\t\t\t\t<div id=\"ngg-image-28\" class=\"ngg-gallery-thumbnail-box\" >\n\t\t\t\t        <div class=\"ngg-gallery-thumbnail\">\n            <a href=\"http:\/\/www.freimarianne.ch\/wp-content\/gallery\/schonenberg-menzingen-25-4-26\/IMG_4769.jpeg\"\n               title=\"Drumlin\"\n               data-src=\"http:\/\/www.freimarianne.ch\/wp-content\/gallery\/schonenberg-menzingen-25-4-26\/IMG_4769.jpeg\"\n               data-thumbnail=\"http:\/\/www.freimarianne.ch\/wp-content\/gallery\/schonenberg-menzingen-25-4-26\/thumbs\/thumbs_IMG_4769.jpeg\"\n               data-image-id=\"37307\"\n               data-title=\"Drumlin\"\n               data-description=\"Drumlin\"\n               data-image-slug=\"img_4769-3\"\n               class=\"shutterset_5f46c8c8a398a408507b68445f4515a2\">\n                <img\n                    title=\"Drumlin\"\n                    alt=\"Drumlin\"\n                    src=\"http:\/\/www.freimarianne.ch\/wp-content\/gallery\/schonenberg-menzingen-25-4-26\/cache\/IMG_4769.jpeg-nggid0537307-ngg0dyn-100x75x100-00f0w010c010r110f110r010t010.jpeg\"\n                    width=\"100\"\n                    height=\"75\"\n                    style=\"max-width:100%;\"\n                \/>\n            <\/a>\n        <\/div>\n\t\t\t\t\t\t\t<\/div> \n\t\t\t\n                            \n\t\t\n\t\t<!-- Pagination -->\n\t<div class='ngg-clear'><\/div>\t<\/div>\n\n\n\n\n<!-- index.php -->\n<div\n\tclass=\"ngg-galleryoverview ngg-ajax-pagination-none\"\n\tid=\"ngg-gallery-a17afd3282e242ff50107a6d40a2bb37-1\">\n\n    \t<div class=\"slideshowlink\">\n        <a href='http:\/\/www.freimarianne.ch\/index.php\/nggallery\/slideshow?page_id=70861'>[Show as slideshow]<\/a>\n\t\t\n\t<\/div>\n\t\t\t<!-- Thumbnails -->\n\t\t\t\t<div id=\"ngg-image-0\" class=\"ngg-gallery-thumbnail-box\" >\n\t\t\t\t        <div class=\"ngg-gallery-thumbnail\">\n            <a href=\"http:\/\/www.freimarianne.ch\/wp-content\/gallery\/schonenberg-menzingen-iph-25-4-26\/IMG_2759.jpeg\"\n               title=\"Sicht auf Drumlins\"\n               data-src=\"http:\/\/www.freimarianne.ch\/wp-content\/gallery\/schonenberg-menzingen-iph-25-4-26\/IMG_2759.jpeg\"\n               data-thumbnail=\"http:\/\/www.freimarianne.ch\/wp-content\/gallery\/schonenberg-menzingen-iph-25-4-26\/thumbs\/thumbs_IMG_2759.jpeg\"\n               data-image-id=\"37315\"\n               data-title=\"Sicht auf Drumlins\"\n               data-description=\"Sicht auf Drumlins\"\n               data-image-slug=\"img_2759-4\"\n               class=\"shutterset_a17afd3282e242ff50107a6d40a2bb37\">\n                <img\n                    title=\"Sicht auf Drumlins\"\n                    alt=\"Sicht auf Drumlins\"\n                    src=\"http:\/\/www.freimarianne.ch\/wp-content\/gallery\/schonenberg-menzingen-iph-25-4-26\/cache\/IMG_2759.jpeg-nggid0537315-ngg0dyn-100x75x100-00f0w010c010r110f110r010t010.jpeg\"\n                    width=\"100\"\n                    height=\"68\"\n                    style=\"max-width:100%;\"\n                \/>\n            <\/a>\n        <\/div>\n\t\t\t\t\t\t\t<\/div> \n\t\t\t\n                            \n\t\t\t\t<div id=\"ngg-image-1\" class=\"ngg-gallery-thumbnail-box\" >\n\t\t\t\t        <div class=\"ngg-gallery-thumbnail\">\n            <a href=\"http:\/\/www.freimarianne.ch\/wp-content\/gallery\/schonenberg-menzingen-iph-25-4-26\/IMG_2761.jpeg\"\n               title=\"Drumlin\"\n               data-src=\"http:\/\/www.freimarianne.ch\/wp-content\/gallery\/schonenberg-menzingen-iph-25-4-26\/IMG_2761.jpeg\"\n               data-thumbnail=\"http:\/\/www.freimarianne.ch\/wp-content\/gallery\/schonenberg-menzingen-iph-25-4-26\/thumbs\/thumbs_IMG_2761.jpeg\"\n               data-image-id=\"37314\"\n               data-title=\"Drumlin\"\n               data-description=\"Drumlin\"\n               data-image-slug=\"img_2761-5\"\n               class=\"shutterset_a17afd3282e242ff50107a6d40a2bb37\">\n                <img\n                    title=\"Drumlin\"\n                    alt=\"Drumlin\"\n                    src=\"http:\/\/www.freimarianne.ch\/wp-content\/gallery\/schonenberg-menzingen-iph-25-4-26\/cache\/IMG_2761.jpeg-nggid0537314-ngg0dyn-100x75x100-00f0w010c010r110f110r010t010.jpeg\"\n                    width=\"100\"\n                    height=\"73\"\n                    style=\"max-width:100%;\"\n                \/>\n            <\/a>\n        <\/div>\n\t\t\t\t\t\t\t<\/div> \n\t\t\t\n                            \n\t\t\t\t<div id=\"ngg-image-2\" class=\"ngg-gallery-thumbnail-box\" >\n\t\t\t\t        <div class=\"ngg-gallery-thumbnail\">\n            <a href=\"http:\/\/www.freimarianne.ch\/wp-content\/gallery\/schonenberg-menzingen-iph-25-4-26\/IMG_2766.jpeg\"\n               title=\"am Teufenbachweiher\"\n               data-src=\"http:\/\/www.freimarianne.ch\/wp-content\/gallery\/schonenberg-menzingen-iph-25-4-26\/IMG_2766.jpeg\"\n               data-thumbnail=\"http:\/\/www.freimarianne.ch\/wp-content\/gallery\/schonenberg-menzingen-iph-25-4-26\/thumbs\/thumbs_IMG_2766.jpeg\"\n               data-image-id=\"37313\"\n               data-title=\"am Teufenbachweiher\"\n               data-description=\"am Teufenbachweiher\"\n               data-image-slug=\"img_2766-2\"\n               class=\"shutterset_a17afd3282e242ff50107a6d40a2bb37\">\n                <img\n                    title=\"am Teufenbachweiher\"\n                    alt=\"am Teufenbachweiher\"\n                    src=\"http:\/\/www.freimarianne.ch\/wp-content\/gallery\/schonenberg-menzingen-iph-25-4-26\/cache\/IMG_2766.jpeg-nggid0537313-ngg0dyn-100x75x100-00f0w010c010r110f110r010t010.jpeg\"\n                    width=\"100\"\n                    height=\"75\"\n                    style=\"max-width:100%;\"\n                \/>\n            <\/a>\n        <\/div>\n\t\t\t\t\t\t\t<\/div> \n\t\t\t\n                            \n\t\t\t\t<div id=\"ngg-image-3\" class=\"ngg-gallery-thumbnail-box\" >\n\t\t\t\t        <div class=\"ngg-gallery-thumbnail\">\n            <a href=\"http:\/\/www.freimarianne.ch\/wp-content\/gallery\/schonenberg-menzingen-iph-25-4-26\/IMG_2771.jpeg\"\n               title=\"Drumlins\"\n               data-src=\"http:\/\/www.freimarianne.ch\/wp-content\/gallery\/schonenberg-menzingen-iph-25-4-26\/IMG_2771.jpeg\"\n               data-thumbnail=\"http:\/\/www.freimarianne.ch\/wp-content\/gallery\/schonenberg-menzingen-iph-25-4-26\/thumbs\/thumbs_IMG_2771.jpeg\"\n               data-image-id=\"37312\"\n               data-title=\"Drumlins\"\n               data-description=\"Drumlins\"\n               data-image-slug=\"img_2771-5\"\n               class=\"shutterset_a17afd3282e242ff50107a6d40a2bb37\">\n                <img\n                    title=\"Drumlins\"\n                    alt=\"Drumlins\"\n                    src=\"http:\/\/www.freimarianne.ch\/wp-content\/gallery\/schonenberg-menzingen-iph-25-4-26\/cache\/IMG_2771.jpeg-nggid0537312-ngg0dyn-100x75x100-00f0w010c010r110f110r010t010.jpeg\"\n                    width=\"100\"\n                    height=\"75\"\n                    style=\"max-width:100%;\"\n                \/>\n            <\/a>\n        <\/div>\n\t\t\t\t\t\t\t<\/div> \n\t\t\t\n                                    <br style=\"clear: both\" \/>\n                    \n\t\t\t\t<div id=\"ngg-image-4\" class=\"ngg-gallery-thumbnail-box\" >\n\t\t\t\t        <div class=\"ngg-gallery-thumbnail\">\n            <a href=\"http:\/\/www.freimarianne.ch\/wp-content\/gallery\/schonenberg-menzingen-iph-25-4-26\/IMG_2774.jpeg\"\n               title=\"Drumlin;\"\n               data-src=\"http:\/\/www.freimarianne.ch\/wp-content\/gallery\/schonenberg-menzingen-iph-25-4-26\/IMG_2774.jpeg\"\n               data-thumbnail=\"http:\/\/www.freimarianne.ch\/wp-content\/gallery\/schonenberg-menzingen-iph-25-4-26\/thumbs\/thumbs_IMG_2774.jpeg\"\n               data-image-id=\"37311\"\n               data-title=\"Drumlin;\"\n               data-description=\"Drumlin;\"\n               data-image-slug=\"img_2774-6\"\n               class=\"shutterset_a17afd3282e242ff50107a6d40a2bb37\">\n                <img\n                    title=\"Drumlin;\"\n                    alt=\"Drumlin;\"\n                    src=\"http:\/\/www.freimarianne.ch\/wp-content\/gallery\/schonenberg-menzingen-iph-25-4-26\/cache\/IMG_2774.jpeg-nggid0537311-ngg0dyn-100x75x100-00f0w010c010r110f110r010t010.jpeg\"\n                    width=\"100\"\n                    height=\"75\"\n                    style=\"max-width:100%;\"\n                \/>\n            <\/a>\n        <\/div>\n\t\t\t\t\t\t\t<\/div> \n\t\t\t\n                            \n\t\t\t\t<div id=\"ngg-image-5\" class=\"ngg-gallery-thumbnail-box\" >\n\t\t\t\t        <div class=\"ngg-gallery-thumbnail\">\n            <a href=\"http:\/\/www.freimarianne.ch\/wp-content\/gallery\/schonenberg-menzingen-iph-25-4-26\/IMG_2778.jpeg\"\n               title=\"Drumlin\"\n               data-src=\"http:\/\/www.freimarianne.ch\/wp-content\/gallery\/schonenberg-menzingen-iph-25-4-26\/IMG_2778.jpeg\"\n               data-thumbnail=\"http:\/\/www.freimarianne.ch\/wp-content\/gallery\/schonenberg-menzingen-iph-25-4-26\/thumbs\/thumbs_IMG_2778.jpeg\"\n               data-image-id=\"37310\"\n               data-title=\"Drumlin\"\n               data-description=\"Drumlin\"\n               data-image-slug=\"img_2778-4\"\n               class=\"shutterset_a17afd3282e242ff50107a6d40a2bb37\">\n                <img\n                    title=\"Drumlin\"\n                    alt=\"Drumlin\"\n                    src=\"http:\/\/www.freimarianne.ch\/wp-content\/gallery\/schonenberg-menzingen-iph-25-4-26\/cache\/IMG_2778.jpeg-nggid0537310-ngg0dyn-100x75x100-00f0w010c010r110f110r010t010.jpeg\"\n                    width=\"100\"\n                    height=\"61\"\n                    style=\"max-width:100%;\"\n                \/>\n            <\/a>\n        <\/div>\n\t\t\t\t\t\t\t<\/div> \n\t\t\t\n                            \n\t\t\t\t<div id=\"ngg-image-6\" class=\"ngg-gallery-thumbnail-box\" >\n\t\t\t\t        <div class=\"ngg-gallery-thumbnail\">\n            <a href=\"http:\/\/www.freimarianne.ch\/wp-content\/gallery\/schonenberg-menzingen-iph-25-4-26\/IMG_2780.jpeg\"\n               title=\"Drumlin bei Brettigen\"\n               data-src=\"http:\/\/www.freimarianne.ch\/wp-content\/gallery\/schonenberg-menzingen-iph-25-4-26\/IMG_2780.jpeg\"\n               data-thumbnail=\"http:\/\/www.freimarianne.ch\/wp-content\/gallery\/schonenberg-menzingen-iph-25-4-26\/thumbs\/thumbs_IMG_2780.jpeg\"\n               data-image-id=\"37309\"\n               data-title=\"Drumlin bei Brettigen\"\n               data-description=\"Drumlin bei Brettigen\"\n               data-image-slug=\"img_2780-2\"\n               class=\"shutterset_a17afd3282e242ff50107a6d40a2bb37\">\n                <img\n                    title=\"Drumlin bei Brettigen\"\n                    alt=\"Drumlin bei Brettigen\"\n                    src=\"http:\/\/www.freimarianne.ch\/wp-content\/gallery\/schonenberg-menzingen-iph-25-4-26\/cache\/IMG_2780.jpeg-nggid0537309-ngg0dyn-100x75x100-00f0w010c010r110f110r010t010.jpeg\"\n                    width=\"91\"\n                    height=\"75\"\n                    style=\"max-width:100%;\"\n                \/>\n            <\/a>\n        <\/div>\n\t\t\t\t\t\t\t<\/div> \n\t\t\t\n                            \n\t\t\t\t<div id=\"ngg-image-7\" class=\"ngg-gallery-thumbnail-box\" >\n\t\t\t\t        <div class=\"ngg-gallery-thumbnail\">\n            <a href=\"http:\/\/www.freimarianne.ch\/wp-content\/gallery\/schonenberg-menzingen-iph-25-4-26\/IMG_2781.jpeg\"\n               title=\"Drumlin bei Brettigen; S\u00e4ntis und Speer\"\n               data-src=\"http:\/\/www.freimarianne.ch\/wp-content\/gallery\/schonenberg-menzingen-iph-25-4-26\/IMG_2781.jpeg\"\n               data-thumbnail=\"http:\/\/www.freimarianne.ch\/wp-content\/gallery\/schonenberg-menzingen-iph-25-4-26\/thumbs\/thumbs_IMG_2781.jpeg\"\n               data-image-id=\"37308\"\n               data-title=\"Drumlin bei Brettigen; S\u00e4ntis und Speer\"\n               data-description=\"Drumlin bei Brettigen; S\u00e4ntis und Speer\"\n               data-image-slug=\"img_2781-7\"\n               class=\"shutterset_a17afd3282e242ff50107a6d40a2bb37\">\n                <img\n                    title=\"Drumlin bei Brettigen; S\u00e4ntis und Speer\"\n                    alt=\"Drumlin bei Brettigen; S\u00e4ntis und Speer\"\n                    src=\"http:\/\/www.freimarianne.ch\/wp-content\/gallery\/schonenberg-menzingen-iph-25-4-26\/cache\/IMG_2781.jpeg-nggid0537308-ngg0dyn-100x75x100-00f0w010c010r110f110r010t010.jpeg\"\n                    width=\"90\"\n                    height=\"75\"\n                    style=\"max-width:100%;\"\n                \/>\n            <\/a>\n        <\/div>\n\t\t\t\t\t\t\t<\/div> \n\t\t\t\n                                    <br style=\"clear: both\" \/>\n                    \n\t\t\n\t\t<!-- Pagination -->\n\t<div class='ngg-clear'><\/div>\t<\/div>\n\n\n\n\n<p><\/p>\n","protected":false},"excerpt":{"rendered":"<p>Wanderung \u00fcber Finstersee uf der Spur der Drumlins zieht es mich nochmals ins Gebiet Z\u00fcrich\/Zug. Ich fahre nach Sch\u00f6nenberg, ZH und wandere diesmal \u00fcber den Hof Neugut hinunter an den Teufenbachweiher. Die Sicht in die gr\u00fcne Fr\u00fchlingslandschaft ist wundersch\u00f6n. Es ist heute auch ein strahlender Tag ! Der Teufenbachweiher liegt in einem Waldgebiet und ist [&hellip;]<\/p>\n","protected":false},"author":1,"featured_media":0,"parent":70273,"menu_order":18,"comment_status":"closed","ping_status":"closed","template":"","meta":{"ngg_post_thumbnail":0},"_links":{"self":[{"href":"http:\/\/www.freimarianne.ch\/index.php?rest_route=\/wp\/v2\/pages\/70861"}],"collection":[{"href":"http:\/\/www.freimarianne.ch\/index.php?rest_route=\/wp\/v2\/pages"}],"about":[{"href":"http:\/\/www.freimarianne.ch\/index.php?rest_route=\/wp\/v2\/types\/page"}],"author":[{"embeddable":true,"href":"http:\/\/www.freimarianne.ch\/index.php?rest_route=\/wp\/v2\/users\/1"}],"replies":[{"embeddable":true,"href":"http:\/\/www.freimarianne.ch\/index.php?rest_route=%2Fwp%2Fv2%2Fcomments&post=70861"}],"version-history":[{"count":5,"href":"http:\/\/www.freimarianne.ch\/index.php?rest_route=\/wp\/v2\/pages\/70861\/revisions"}],"predecessor-version":[{"id":71007,"href":"http:\/\/www.freimarianne.ch\/index.php?rest_route=\/wp\/v2\/pages\/70861\/revisions\/71007"}],"up":[{"embeddable":true,"href":"http:\/\/www.freimarianne.ch\/index.php?rest_route=\/wp\/v2\/pages\/70273"}],"wp:attachment":[{"href":"http:\/\/www.freimarianne.ch\/index.php?rest_route=%2Fwp%2Fv2%2Fmedia&parent=70861"}],"curies":[{"name":"wp","href":"https:\/\/api.w.org\/{rel}","templated":true}]}}