{"id":734,"date":"2010-08-27T11:22:04","date_gmt":"2010-08-27T10:22:04","guid":{"rendered":"http:\/\/www.freimarianne.ch\/?page_id=734"},"modified":"2010-12-15T09:59:32","modified_gmt":"2010-12-15T08:59:32","slug":"21-8-2010-breccaschlund","status":"publish","type":"page","link":"http:\/\/www.freimarianne.ch\/?page_id=734","title":{"rendered":"21.8.2010: Breccaschlund"},"content":{"rendered":"<p>Bergwanderung beim Schwarzsee ( Fribourg)<br \/>\nVom Schwarzsee fahren wir mit der Sesselbahn auf die Riggisalp und wandern von dort aus zur unteren Euschels und dann \u00fcber den Stierenberg in den Breccaschlund hinein. Die Hangwanderung f\u00fchrt uns bis nach les Cerniets und nach Bremingard und hinunter \u00fcber Obere- und Untere Rippa zu Hubel Rippa und dann zum Schwarzsee. Eine gem\u00fctliche Wanderung in einer wild-romantischen Gegend.<br \/>\n<img loading=\"lazy\" src=\"http:\/\/www.freimarianne.ch\/wp-content\/uploads\/2010\/08\/breccaschlund_500.jpg\" alt=\"breccaschlund_500\" title=\"breccaschlund_500\" width=\"500\" height=\"375\" class=\"alignleft size-full wp-image-738\" srcset=\"http:\/\/www.freimarianne.ch\/wp-content\/uploads\/2010\/08\/breccaschlund_500.jpg 500w, http:\/\/www.freimarianne.ch\/wp-content\/uploads\/2010\/08\/breccaschlund_500-300x225.jpg 300w\" sizes=\"(max-width: 500px) 100vw, 500px\" \/><br \/>\n<!-- index.php -->\n<div\n\tclass=\"ngg-galleryoverview ngg-ajax-pagination-none\"\n\tid=\"ngg-gallery-f7c6b372e52425693a27cd13dc32bb96-1\">\n\n    \t<div class=\"slideshowlink\">\n        <a href='http:\/\/www.freimarianne.ch\/index.php\/nggallery\/slideshow?page_id=734'>[Show as slideshow]<\/a>\n\t\t\n\t<\/div>\n\t\t\t<!-- Thumbnails -->\n\t\t\t\t<div id=\"ngg-image-0\" class=\"ngg-gallery-thumbnail-box\" >\n\t\t\t\t        <div class=\"ngg-gallery-thumbnail\">\n            <a href=\"http:\/\/www.freimarianne.ch\/wp-content\/gallery\/breccaschlund-2010\/IMG_3149.jpg\"\n               title=\"Schwarzsee im Rahmen\"\n               data-src=\"http:\/\/www.freimarianne.ch\/wp-content\/gallery\/breccaschlund-2010\/IMG_3149.jpg\"\n               data-thumbnail=\"http:\/\/www.freimarianne.ch\/wp-content\/gallery\/breccaschlund-2010\/thumbs\/thumbs_IMG_3149.jpg\"\n               data-image-id=\"1761\"\n               data-title=\"IMG_3149\"\n               data-description=\"Schwarzsee im Rahmen\"\n               data-image-slug=\"img_3149\"\n               class=\"shutterset_f7c6b372e52425693a27cd13dc32bb96\">\n                <img\n                    title=\"IMG_3149\"\n                    alt=\"IMG_3149\"\n                    src=\"http:\/\/www.freimarianne.ch\/wp-content\/gallery\/breccaschlund-2010\/cache\/IMG_3149.jpg-nggid041761-ngg0dyn-100x75x100-00f0w010c010r110f110r010t010.jpg\"\n                    width=\"100\"\n                    height=\"75\"\n                    style=\"max-width:100%;\"\n                \/>\n            <\/a>\n        <\/div>\n\t\t\t\t\t\t\t<\/div> \n\t\t\t\n                            \n\t\t\t\t<div id=\"ngg-image-1\" class=\"ngg-gallery-thumbnail-box\" >\n\t\t\t\t        <div class=\"ngg-gallery-thumbnail\">\n            <a href=\"http:\/\/www.freimarianne.ch\/wp-content\/gallery\/breccaschlund-2010\/IMG_3160.jpg\"\n               title=\"Schwarzsee mit li Spitzflue\"\n               data-src=\"http:\/\/www.freimarianne.ch\/wp-content\/gallery\/breccaschlund-2010\/IMG_3160.jpg\"\n               data-thumbnail=\"http:\/\/www.freimarianne.ch\/wp-content\/gallery\/breccaschlund-2010\/thumbs\/thumbs_IMG_3160.jpg\"\n               data-image-id=\"1762\"\n               data-title=\"IMG_3160\"\n               data-description=\"Schwarzsee mit li Spitzflue\"\n               data-image-slug=\"img_3160\"\n               class=\"shutterset_f7c6b372e52425693a27cd13dc32bb96\">\n                <img\n                    title=\"IMG_3160\"\n                    alt=\"IMG_3160\"\n                    src=\"http:\/\/www.freimarianne.ch\/wp-content\/gallery\/breccaschlund-2010\/cache\/IMG_3160.jpg-nggid041762-ngg0dyn-100x75x100-00f0w010c010r110f110r010t010.jpg\"\n                    width=\"100\"\n                    height=\"75\"\n                    style=\"max-width:100%;\"\n                \/>\n            <\/a>\n        <\/div>\n\t\t\t\t\t\t\t<\/div> \n\t\t\t\n                            \n\t\t\t\t<div id=\"ngg-image-2\" class=\"ngg-gallery-thumbnail-box\" >\n\t\t\t\t        <div class=\"ngg-gallery-thumbnail\">\n            <a href=\"http:\/\/www.freimarianne.ch\/wp-content\/gallery\/breccaschlund-2010\/IMG_3172.jpg\"\n               title=\"Spitzflue mit Euschelspass und Fribourger Alpen\"\n               data-src=\"http:\/\/www.freimarianne.ch\/wp-content\/gallery\/breccaschlund-2010\/IMG_3172.jpg\"\n               data-thumbnail=\"http:\/\/www.freimarianne.ch\/wp-content\/gallery\/breccaschlund-2010\/thumbs\/thumbs_IMG_3172.jpg\"\n               data-image-id=\"1763\"\n               data-title=\"IMG_3172\"\n               data-description=\"Spitzflue mit Euschelspass und Fribourger Alpen\"\n               data-image-slug=\"img_3172\"\n               class=\"shutterset_f7c6b372e52425693a27cd13dc32bb96\">\n                <img\n                    title=\"IMG_3172\"\n                    alt=\"IMG_3172\"\n                    src=\"http:\/\/www.freimarianne.ch\/wp-content\/gallery\/breccaschlund-2010\/cache\/IMG_3172.jpg-nggid041763-ngg0dyn-100x75x100-00f0w010c010r110f110r010t010.jpg\"\n                    width=\"100\"\n                    height=\"75\"\n                    style=\"max-width:100%;\"\n                \/>\n            <\/a>\n        <\/div>\n\t\t\t\t\t\t\t<\/div> \n\t\t\t\n                            \n\t\t\t\t<div id=\"ngg-image-3\" class=\"ngg-gallery-thumbnail-box\" >\n\t\t\t\t        <div class=\"ngg-gallery-thumbnail\">\n            <a href=\"http:\/\/www.freimarianne.ch\/wp-content\/gallery\/breccaschlund-2010\/IMG_3173.jpg\"\n               title=\"Bockmattli von der Riggisalp\"\n               data-src=\"http:\/\/www.freimarianne.ch\/wp-content\/gallery\/breccaschlund-2010\/IMG_3173.jpg\"\n               data-thumbnail=\"http:\/\/www.freimarianne.ch\/wp-content\/gallery\/breccaschlund-2010\/thumbs\/thumbs_IMG_3173.jpg\"\n               data-image-id=\"1764\"\n               data-title=\"IMG_3173\"\n               data-description=\"Bockmattli von der Riggisalp\"\n               data-image-slug=\"img_3173\"\n               class=\"shutterset_f7c6b372e52425693a27cd13dc32bb96\">\n                <img\n                    title=\"IMG_3173\"\n                    alt=\"IMG_3173\"\n                    src=\"http:\/\/www.freimarianne.ch\/wp-content\/gallery\/breccaschlund-2010\/cache\/IMG_3173.jpg-nggid041764-ngg0dyn-100x75x100-00f0w010c010r110f110r010t010.jpg\"\n                    width=\"100\"\n                    height=\"75\"\n                    style=\"max-width:100%;\"\n                \/>\n            <\/a>\n        <\/div>\n\t\t\t\t\t\t\t<\/div> \n\t\t\t\n                                    <br style=\"clear: both\" \/>\n                    \n\t\t\t\t<div id=\"ngg-image-4\" class=\"ngg-gallery-thumbnail-box\" >\n\t\t\t\t        <div class=\"ngg-gallery-thumbnail\">\n            <a href=\"http:\/\/www.freimarianne.ch\/wp-content\/gallery\/breccaschlund-2010\/IMG_3176.jpg\"\n               title=\"Blick gegen Euschlelspass\"\n               data-src=\"http:\/\/www.freimarianne.ch\/wp-content\/gallery\/breccaschlund-2010\/IMG_3176.jpg\"\n               data-thumbnail=\"http:\/\/www.freimarianne.ch\/wp-content\/gallery\/breccaschlund-2010\/thumbs\/thumbs_IMG_3176.jpg\"\n               data-image-id=\"1765\"\n               data-title=\"IMG_3176\"\n               data-description=\"Blick gegen Euschlelspass\"\n               data-image-slug=\"img_3176\"\n               class=\"shutterset_f7c6b372e52425693a27cd13dc32bb96\">\n                <img\n                    title=\"IMG_3176\"\n                    alt=\"IMG_3176\"\n                    src=\"http:\/\/www.freimarianne.ch\/wp-content\/gallery\/breccaschlund-2010\/cache\/IMG_3176.jpg-nggid041765-ngg0dyn-100x75x100-00f0w010c010r110f110r010t010.jpg\"\n                    width=\"100\"\n                    height=\"75\"\n                    style=\"max-width:100%;\"\n                \/>\n            <\/a>\n        <\/div>\n\t\t\t\t\t\t\t<\/div> \n\t\t\t\n                            \n\t\t\t\t<div id=\"ngg-image-5\" class=\"ngg-gallery-thumbnail-box\" >\n\t\t\t\t        <div class=\"ngg-gallery-thumbnail\">\n            <a href=\"http:\/\/www.freimarianne.ch\/wp-content\/gallery\/breccaschlund-2010\/IMG_3180.jpg\"\n               title=\"Untere Euschels\"\n               data-src=\"http:\/\/www.freimarianne.ch\/wp-content\/gallery\/breccaschlund-2010\/IMG_3180.jpg\"\n               data-thumbnail=\"http:\/\/www.freimarianne.ch\/wp-content\/gallery\/breccaschlund-2010\/thumbs\/thumbs_IMG_3180.jpg\"\n               data-image-id=\"1766\"\n               data-title=\"IMG_3180\"\n               data-description=\"Untere Euschels\"\n               data-image-slug=\"img_3180\"\n               class=\"shutterset_f7c6b372e52425693a27cd13dc32bb96\">\n                <img\n                    title=\"IMG_3180\"\n                    alt=\"IMG_3180\"\n                    src=\"http:\/\/www.freimarianne.ch\/wp-content\/gallery\/breccaschlund-2010\/cache\/IMG_3180.jpg-nggid041766-ngg0dyn-100x75x100-00f0w010c010r110f110r010t010.jpg\"\n                    width=\"100\"\n                    height=\"75\"\n                    style=\"max-width:100%;\"\n                \/>\n            <\/a>\n        <\/div>\n\t\t\t\t\t\t\t<\/div> \n\t\t\t\n                            \n\t\t\t\t<div id=\"ngg-image-6\" class=\"ngg-gallery-thumbnail-box\" >\n\t\t\t\t        <div class=\"ngg-gallery-thumbnail\">\n            <a href=\"http:\/\/www.freimarianne.ch\/wp-content\/gallery\/breccaschlund-2010\/IMG_3190.jpg\"\n               title=\"typ. Fribourger Alph\u00fctte\"\n               data-src=\"http:\/\/www.freimarianne.ch\/wp-content\/gallery\/breccaschlund-2010\/IMG_3190.jpg\"\n               data-thumbnail=\"http:\/\/www.freimarianne.ch\/wp-content\/gallery\/breccaschlund-2010\/thumbs\/thumbs_IMG_3190.jpg\"\n               data-image-id=\"1767\"\n               data-title=\"IMG_3190\"\n               data-description=\"typ. Fribourger Alph\u00fctte\"\n               data-image-slug=\"img_3190\"\n               class=\"shutterset_f7c6b372e52425693a27cd13dc32bb96\">\n                <img\n                    title=\"IMG_3190\"\n                    alt=\"IMG_3190\"\n                    src=\"http:\/\/www.freimarianne.ch\/wp-content\/gallery\/breccaschlund-2010\/cache\/IMG_3190.jpg-nggid041767-ngg0dyn-100x75x100-00f0w010c010r110f110r010t010.jpg\"\n                    width=\"100\"\n                    height=\"75\"\n                    style=\"max-width:100%;\"\n                \/>\n            <\/a>\n        <\/div>\n\t\t\t\t\t\t\t<\/div> \n\t\t\t\n                            \n\t\t\t\t<div id=\"ngg-image-7\" class=\"ngg-gallery-thumbnail-box\" >\n\t\t\t\t        <div class=\"ngg-gallery-thumbnail\">\n            <a href=\"http:\/\/www.freimarianne.ch\/wp-content\/gallery\/breccaschlund-2010\/IMG_3196.jpg\"\n               title=\"Bergahorn typisch f\u00fcr den Breccaschlund\"\n               data-src=\"http:\/\/www.freimarianne.ch\/wp-content\/gallery\/breccaschlund-2010\/IMG_3196.jpg\"\n               data-thumbnail=\"http:\/\/www.freimarianne.ch\/wp-content\/gallery\/breccaschlund-2010\/thumbs\/thumbs_IMG_3196.jpg\"\n               data-image-id=\"1768\"\n               data-title=\"IMG_3196\"\n               data-description=\"Bergahorn typisch f\u00fcr den Breccaschlund\"\n               data-image-slug=\"img_3196\"\n               class=\"shutterset_f7c6b372e52425693a27cd13dc32bb96\">\n                <img\n                    title=\"IMG_3196\"\n                    alt=\"IMG_3196\"\n                    src=\"http:\/\/www.freimarianne.ch\/wp-content\/gallery\/breccaschlund-2010\/cache\/IMG_3196.jpg-nggid041768-ngg0dyn-100x75x100-00f0w010c010r110f110r010t010.jpg\"\n                    width=\"100\"\n                    height=\"75\"\n                    style=\"max-width:100%;\"\n                \/>\n            <\/a>\n        <\/div>\n\t\t\t\t\t\t\t<\/div> \n\t\t\t\n                                    <br style=\"clear: both\" \/>\n                    \n\t\t\t\t<div id=\"ngg-image-8\" class=\"ngg-gallery-thumbnail-box\" >\n\t\t\t\t        <div class=\"ngg-gallery-thumbnail\">\n            <a href=\"http:\/\/www.freimarianne.ch\/wp-content\/gallery\/breccaschlund-2010\/IMG_3202.jpg\"\n               title=\"Sicht auf den Schwarzsee\"\n               data-src=\"http:\/\/www.freimarianne.ch\/wp-content\/gallery\/breccaschlund-2010\/IMG_3202.jpg\"\n               data-thumbnail=\"http:\/\/www.freimarianne.ch\/wp-content\/gallery\/breccaschlund-2010\/thumbs\/thumbs_IMG_3202.jpg\"\n               data-image-id=\"1769\"\n               data-title=\"IMG_3202\"\n               data-description=\"Sicht auf den Schwarzsee\"\n               data-image-slug=\"img_3202\"\n               class=\"shutterset_f7c6b372e52425693a27cd13dc32bb96\">\n                <img\n                    title=\"IMG_3202\"\n                    alt=\"IMG_3202\"\n                    src=\"http:\/\/www.freimarianne.ch\/wp-content\/gallery\/breccaschlund-2010\/cache\/IMG_3202.jpg-nggid041769-ngg0dyn-100x75x100-00f0w010c010r110f110r010t010.jpg\"\n                    width=\"100\"\n                    height=\"75\"\n                    style=\"max-width:100%;\"\n                \/>\n            <\/a>\n        <\/div>\n\t\t\t\t\t\t\t<\/div> \n\t\t\t\n                            \n\t\t\t\t<div id=\"ngg-image-9\" class=\"ngg-gallery-thumbnail-box\" >\n\t\t\t\t        <div class=\"ngg-gallery-thumbnail\">\n            <a href=\"http:\/\/www.freimarianne.ch\/wp-content\/gallery\/breccaschlund-2010\/IMG_3212.jpg\"\n               title=\"Sicht in den Breccaschlund\"\n               data-src=\"http:\/\/www.freimarianne.ch\/wp-content\/gallery\/breccaschlund-2010\/IMG_3212.jpg\"\n               data-thumbnail=\"http:\/\/www.freimarianne.ch\/wp-content\/gallery\/breccaschlund-2010\/thumbs\/thumbs_IMG_3212.jpg\"\n               data-image-id=\"1770\"\n               data-title=\"IMG_3212\"\n               data-description=\"Sicht in den Breccaschlund\"\n               data-image-slug=\"img_3212\"\n               class=\"shutterset_f7c6b372e52425693a27cd13dc32bb96\">\n                <img\n                    title=\"IMG_3212\"\n                    alt=\"IMG_3212\"\n                    src=\"http:\/\/www.freimarianne.ch\/wp-content\/gallery\/breccaschlund-2010\/cache\/IMG_3212.jpg-nggid041770-ngg0dyn-100x75x100-00f0w010c010r110f110r010t010.jpg\"\n                    width=\"100\"\n                    height=\"75\"\n                    style=\"max-width:100%;\"\n                \/>\n            <\/a>\n        <\/div>\n\t\t\t\t\t\t\t<\/div> \n\t\t\t\n                            \n\t\t\t\t<div id=\"ngg-image-10\" class=\"ngg-gallery-thumbnail-box\" >\n\t\t\t\t        <div class=\"ngg-gallery-thumbnail\">\n            <a href=\"http:\/\/www.freimarianne.ch\/wp-content\/gallery\/breccaschlund-2010\/IMG_3218.jpg\"\n               title=\"Hangwanderung\"\n               data-src=\"http:\/\/www.freimarianne.ch\/wp-content\/gallery\/breccaschlund-2010\/IMG_3218.jpg\"\n               data-thumbnail=\"http:\/\/www.freimarianne.ch\/wp-content\/gallery\/breccaschlund-2010\/thumbs\/thumbs_IMG_3218.jpg\"\n               data-image-id=\"1771\"\n               data-title=\"IMG_3218\"\n               data-description=\"Hangwanderung\"\n               data-image-slug=\"img_3218\"\n               class=\"shutterset_f7c6b372e52425693a27cd13dc32bb96\">\n                <img\n                    title=\"IMG_3218\"\n                    alt=\"IMG_3218\"\n                    src=\"http:\/\/www.freimarianne.ch\/wp-content\/gallery\/breccaschlund-2010\/cache\/IMG_3218.jpg-nggid041771-ngg0dyn-100x75x100-00f0w010c010r110f110r010t010.jpg\"\n                    width=\"100\"\n                    height=\"75\"\n                    style=\"max-width:100%;\"\n                \/>\n            <\/a>\n        <\/div>\n\t\t\t\t\t\t\t<\/div> \n\t\t\t\n                            \n\t\t\t\t<div id=\"ngg-image-11\" class=\"ngg-gallery-thumbnail-box\" >\n\t\t\t\t        <div class=\"ngg-gallery-thumbnail\">\n            <a href=\"http:\/\/www.freimarianne.ch\/wp-content\/gallery\/breccaschlund-2010\/IMG_3232.jpg\"\n               title=\"Bergahorn  mit \\&quot;T\u00fcrmli\\&quot;\"\n               data-src=\"http:\/\/www.freimarianne.ch\/wp-content\/gallery\/breccaschlund-2010\/IMG_3232.jpg\"\n               data-thumbnail=\"http:\/\/www.freimarianne.ch\/wp-content\/gallery\/breccaschlund-2010\/thumbs\/thumbs_IMG_3232.jpg\"\n               data-image-id=\"1772\"\n               data-title=\"IMG_3232\"\n               data-description=\"Bergahorn  mit &quot;T\u00fcrmli&quot;\"\n               data-image-slug=\"img_3232\"\n               class=\"shutterset_f7c6b372e52425693a27cd13dc32bb96\">\n                <img\n                    title=\"IMG_3232\"\n                    alt=\"IMG_3232\"\n                    src=\"http:\/\/www.freimarianne.ch\/wp-content\/gallery\/breccaschlund-2010\/cache\/IMG_3232.jpg-nggid041772-ngg0dyn-100x75x100-00f0w010c010r110f110r010t010.jpg\"\n                    width=\"100\"\n                    height=\"75\"\n                    style=\"max-width:100%;\"\n                \/>\n            <\/a>\n        <\/div>\n\t\t\t\t\t\t\t<\/div> \n\t\t\t\n                                    <br style=\"clear: both\" \/>\n                    \n\t\t\t\t<div id=\"ngg-image-12\" class=\"ngg-gallery-thumbnail-box\" >\n\t\t\t\t        <div class=\"ngg-gallery-thumbnail\">\n            <a href=\"http:\/\/www.freimarianne.ch\/wp-content\/gallery\/breccaschlund-2010\/IMG_3250_2.jpg\"\n               title=\"Bruni und Marianne\"\n               data-src=\"http:\/\/www.freimarianne.ch\/wp-content\/gallery\/breccaschlund-2010\/IMG_3250_2.jpg\"\n               data-thumbnail=\"http:\/\/www.freimarianne.ch\/wp-content\/gallery\/breccaschlund-2010\/thumbs\/thumbs_IMG_3250_2.jpg\"\n               data-image-id=\"1773\"\n               data-title=\"IMG_3250_2\"\n               data-description=\"Bruni und Marianne\"\n               data-image-slug=\"img_3250_2\"\n               class=\"shutterset_f7c6b372e52425693a27cd13dc32bb96\">\n                <img\n                    title=\"IMG_3250_2\"\n                    alt=\"IMG_3250_2\"\n                    src=\"http:\/\/www.freimarianne.ch\/wp-content\/gallery\/breccaschlund-2010\/cache\/IMG_3250_2.jpg-nggid041773-ngg0dyn-100x75x100-00f0w010c010r110f110r010t010.jpg\"\n                    width=\"90\"\n                    height=\"75\"\n                    style=\"max-width:100%;\"\n                \/>\n            <\/a>\n        <\/div>\n\t\t\t\t\t\t\t<\/div> \n\t\t\t\n                            \n\t\t\t\t<div id=\"ngg-image-13\" class=\"ngg-gallery-thumbnail-box\" >\n\t\t\t\t        <div class=\"ngg-gallery-thumbnail\">\n            <a href=\"http:\/\/www.freimarianne.ch\/wp-content\/gallery\/breccaschlund-2010\/IMG_3260.jpg\"\n               title=\"Blick in den Breccaschlund\"\n               data-src=\"http:\/\/www.freimarianne.ch\/wp-content\/gallery\/breccaschlund-2010\/IMG_3260.jpg\"\n               data-thumbnail=\"http:\/\/www.freimarianne.ch\/wp-content\/gallery\/breccaschlund-2010\/thumbs\/thumbs_IMG_3260.jpg\"\n               data-image-id=\"1774\"\n               data-title=\"IMG_3260\"\n               data-description=\"Blick in den Breccaschlund\"\n               data-image-slug=\"img_3260\"\n               class=\"shutterset_f7c6b372e52425693a27cd13dc32bb96\">\n                <img\n                    title=\"IMG_3260\"\n                    alt=\"IMG_3260\"\n                    src=\"http:\/\/www.freimarianne.ch\/wp-content\/gallery\/breccaschlund-2010\/cache\/IMG_3260.jpg-nggid041774-ngg0dyn-100x75x100-00f0w010c010r110f110r010t010.jpg\"\n                    width=\"100\"\n                    height=\"75\"\n                    style=\"max-width:100%;\"\n                \/>\n            <\/a>\n        <\/div>\n\t\t\t\t\t\t\t<\/div> \n\t\t\t\n                            \n\t\t\t\t<div id=\"ngg-image-14\" class=\"ngg-gallery-thumbnail-box\" >\n\t\t\t\t        <div class=\"ngg-gallery-thumbnail\">\n            <a href=\"http:\/\/www.freimarianne.ch\/wp-content\/gallery\/breccaschlund-2010\/IMG_3264.jpg\"\n               title=\"Alp les Cerniets\"\n               data-src=\"http:\/\/www.freimarianne.ch\/wp-content\/gallery\/breccaschlund-2010\/IMG_3264.jpg\"\n               data-thumbnail=\"http:\/\/www.freimarianne.ch\/wp-content\/gallery\/breccaschlund-2010\/thumbs\/thumbs_IMG_3264.jpg\"\n               data-image-id=\"1775\"\n               data-title=\"IMG_3264\"\n               data-description=\"Alp les Cerniets\"\n               data-image-slug=\"img_3264\"\n               class=\"shutterset_f7c6b372e52425693a27cd13dc32bb96\">\n                <img\n                    title=\"IMG_3264\"\n                    alt=\"IMG_3264\"\n                    src=\"http:\/\/www.freimarianne.ch\/wp-content\/gallery\/breccaschlund-2010\/cache\/IMG_3264.jpg-nggid041775-ngg0dyn-100x75x100-00f0w010c010r110f110r010t010.jpg\"\n                    width=\"100\"\n                    height=\"75\"\n                    style=\"max-width:100%;\"\n                \/>\n            <\/a>\n        <\/div>\n\t\t\t\t\t\t\t<\/div> \n\t\t\t\n                            \n\t\t\t\t<div id=\"ngg-image-15\" class=\"ngg-gallery-thumbnail-box\" >\n\t\t\t\t        <div class=\"ngg-gallery-thumbnail\">\n            <a href=\"http:\/\/www.freimarianne.ch\/wp-content\/gallery\/breccaschlund-2010\/IMG_3278.jpg\"\n               title=\"Alp Bremingard\"\n               data-src=\"http:\/\/www.freimarianne.ch\/wp-content\/gallery\/breccaschlund-2010\/IMG_3278.jpg\"\n               data-thumbnail=\"http:\/\/www.freimarianne.ch\/wp-content\/gallery\/breccaschlund-2010\/thumbs\/thumbs_IMG_3278.jpg\"\n               data-image-id=\"1776\"\n               data-title=\"IMG_3278\"\n               data-description=\"Alp Bremingard\"\n               data-image-slug=\"img_3278\"\n               class=\"shutterset_f7c6b372e52425693a27cd13dc32bb96\">\n                <img\n                    title=\"IMG_3278\"\n                    alt=\"IMG_3278\"\n                    src=\"http:\/\/www.freimarianne.ch\/wp-content\/gallery\/breccaschlund-2010\/cache\/IMG_3278.jpg-nggid041776-ngg0dyn-100x75x100-00f0w010c010r110f110r010t010.jpg\"\n                    width=\"100\"\n                    height=\"75\"\n                    style=\"max-width:100%;\"\n                \/>\n            <\/a>\n        <\/div>\n\t\t\t\t\t\t\t<\/div> \n\t\t\t\n                                    <br style=\"clear: both\" \/>\n                    \n\t\t\t\t<div id=\"ngg-image-16\" class=\"ngg-gallery-thumbnail-box\" >\n\t\t\t\t        <div class=\"ngg-gallery-thumbnail\">\n            <a href=\"http:\/\/www.freimarianne.ch\/wp-content\/gallery\/breccaschlund-2010\/IMG_3283.jpg\"\n               title=\"Alpweide\"\n               data-src=\"http:\/\/www.freimarianne.ch\/wp-content\/gallery\/breccaschlund-2010\/IMG_3283.jpg\"\n               data-thumbnail=\"http:\/\/www.freimarianne.ch\/wp-content\/gallery\/breccaschlund-2010\/thumbs\/thumbs_IMG_3283.jpg\"\n               data-image-id=\"1777\"\n               data-title=\"IMG_3283\"\n               data-description=\"Alpweide\"\n               data-image-slug=\"img_3283\"\n               class=\"shutterset_f7c6b372e52425693a27cd13dc32bb96\">\n                <img\n                    title=\"IMG_3283\"\n                    alt=\"IMG_3283\"\n                    src=\"http:\/\/www.freimarianne.ch\/wp-content\/gallery\/breccaschlund-2010\/cache\/IMG_3283.jpg-nggid041777-ngg0dyn-100x75x100-00f0w010c010r110f110r010t010.jpg\"\n                    width=\"100\"\n                    height=\"75\"\n                    style=\"max-width:100%;\"\n                \/>\n            <\/a>\n        <\/div>\n\t\t\t\t\t\t\t<\/div> \n\t\t\t\n                            \n\t\t\t\t<div id=\"ngg-image-17\" class=\"ngg-gallery-thumbnail-box\" >\n\t\t\t\t        <div class=\"ngg-gallery-thumbnail\">\n            <a href=\"http:\/\/www.freimarianne.ch\/wp-content\/gallery\/breccaschlund-2010\/IMG_3301.jpg\"\n               title=\"dem Hang entlang\"\n               data-src=\"http:\/\/www.freimarianne.ch\/wp-content\/gallery\/breccaschlund-2010\/IMG_3301.jpg\"\n               data-thumbnail=\"http:\/\/www.freimarianne.ch\/wp-content\/gallery\/breccaschlund-2010\/thumbs\/thumbs_IMG_3301.jpg\"\n               data-image-id=\"1778\"\n               data-title=\"IMG_3301\"\n               data-description=\"dem Hang entlang\"\n               data-image-slug=\"img_3301\"\n               class=\"shutterset_f7c6b372e52425693a27cd13dc32bb96\">\n                <img\n                    title=\"IMG_3301\"\n                    alt=\"IMG_3301\"\n                    src=\"http:\/\/www.freimarianne.ch\/wp-content\/gallery\/breccaschlund-2010\/cache\/IMG_3301.jpg-nggid041778-ngg0dyn-100x75x100-00f0w010c010r110f110r010t010.jpg\"\n                    width=\"100\"\n                    height=\"75\"\n                    style=\"max-width:100%;\"\n                \/>\n            <\/a>\n        <\/div>\n\t\t\t\t\t\t\t<\/div> \n\t\t\t\n                            \n\t\t\t\t<div id=\"ngg-image-18\" class=\"ngg-gallery-thumbnail-box\" >\n\t\t\t\t        <div class=\"ngg-gallery-thumbnail\">\n            <a href=\"http:\/\/www.freimarianne.ch\/wp-content\/gallery\/breccaschlund-2010\/IMG_3312.jpg\"\n               title=\"bei  obere Rippa\"\n               data-src=\"http:\/\/www.freimarianne.ch\/wp-content\/gallery\/breccaschlund-2010\/IMG_3312.jpg\"\n               data-thumbnail=\"http:\/\/www.freimarianne.ch\/wp-content\/gallery\/breccaschlund-2010\/thumbs\/thumbs_IMG_3312.jpg\"\n               data-image-id=\"1779\"\n               data-title=\"IMG_3312\"\n               data-description=\"bei  obere Rippa\"\n               data-image-slug=\"img_3312\"\n               class=\"shutterset_f7c6b372e52425693a27cd13dc32bb96\">\n                <img\n                    title=\"IMG_3312\"\n                    alt=\"IMG_3312\"\n                    src=\"http:\/\/www.freimarianne.ch\/wp-content\/gallery\/breccaschlund-2010\/cache\/IMG_3312.jpg-nggid041779-ngg0dyn-100x75x100-00f0w010c010r110f110r010t010.jpg\"\n                    width=\"100\"\n                    height=\"75\"\n                    style=\"max-width:100%;\"\n                \/>\n            <\/a>\n        <\/div>\n\t\t\t\t\t\t\t<\/div> \n\t\t\t\n                            \n\t\t\t\t<div id=\"ngg-image-19\" class=\"ngg-gallery-thumbnail-box\" >\n\t\t\t\t        <div class=\"ngg-gallery-thumbnail\">\n            <a href=\"http:\/\/www.freimarianne.ch\/wp-content\/gallery\/breccaschlund-2010\/IMG_3325.jpg\"\n               title=\"bei untere Rippa\"\n               data-src=\"http:\/\/www.freimarianne.ch\/wp-content\/gallery\/breccaschlund-2010\/IMG_3325.jpg\"\n               data-thumbnail=\"http:\/\/www.freimarianne.ch\/wp-content\/gallery\/breccaschlund-2010\/thumbs\/thumbs_IMG_3325.jpg\"\n               data-image-id=\"1780\"\n               data-title=\"IMG_3325\"\n               data-description=\"bei untere Rippa\"\n               data-image-slug=\"img_3325\"\n               class=\"shutterset_f7c6b372e52425693a27cd13dc32bb96\">\n                <img\n                    title=\"IMG_3325\"\n                    alt=\"IMG_3325\"\n                    src=\"http:\/\/www.freimarianne.ch\/wp-content\/gallery\/breccaschlund-2010\/cache\/IMG_3325.jpg-nggid041780-ngg0dyn-100x75x100-00f0w010c010r110f110r010t010.jpg\"\n                    width=\"100\"\n                    height=\"75\"\n                    style=\"max-width:100%;\"\n                \/>\n            <\/a>\n        <\/div>\n\t\t\t\t\t\t\t<\/div> \n\t\t\t\n                                    <br style=\"clear: both\" \/>\n                    \n\t\t\t\t<div id=\"ngg-image-20\" class=\"ngg-gallery-thumbnail-box\" >\n\t\t\t\t        <div class=\"ngg-gallery-thumbnail\">\n            <a href=\"http:\/\/www.freimarianne.ch\/wp-content\/gallery\/breccaschlund-2010\/IMG_3329.jpg\"\n               title=\"untere Rippa\"\n               data-src=\"http:\/\/www.freimarianne.ch\/wp-content\/gallery\/breccaschlund-2010\/IMG_3329.jpg\"\n               data-thumbnail=\"http:\/\/www.freimarianne.ch\/wp-content\/gallery\/breccaschlund-2010\/thumbs\/thumbs_IMG_3329.jpg\"\n               data-image-id=\"1781\"\n               data-title=\"IMG_3329\"\n               data-description=\"untere Rippa\"\n               data-image-slug=\"img_3329\"\n               class=\"shutterset_f7c6b372e52425693a27cd13dc32bb96\">\n                <img\n                    title=\"IMG_3329\"\n                    alt=\"IMG_3329\"\n                    src=\"http:\/\/www.freimarianne.ch\/wp-content\/gallery\/breccaschlund-2010\/cache\/IMG_3329.jpg-nggid041781-ngg0dyn-100x75x100-00f0w010c010r110f110r010t010.jpg\"\n                    width=\"100\"\n                    height=\"75\"\n                    style=\"max-width:100%;\"\n                \/>\n            <\/a>\n        <\/div>\n\t\t\t\t\t\t\t<\/div> \n\t\t\t\n                            \n\t\t\t\t<div id=\"ngg-image-21\" class=\"ngg-gallery-thumbnail-box\" >\n\t\t\t\t        <div class=\"ngg-gallery-thumbnail\">\n            <a href=\"http:\/\/www.freimarianne.ch\/wp-content\/gallery\/breccaschlund-2010\/IMG_3333.jpg\"\n               title=\"untere Rippa\"\n               data-src=\"http:\/\/www.freimarianne.ch\/wp-content\/gallery\/breccaschlund-2010\/IMG_3333.jpg\"\n               data-thumbnail=\"http:\/\/www.freimarianne.ch\/wp-content\/gallery\/breccaschlund-2010\/thumbs\/thumbs_IMG_3333.jpg\"\n               data-image-id=\"1782\"\n               data-title=\"IMG_3333\"\n               data-description=\"untere Rippa\"\n               data-image-slug=\"img_3333\"\n               class=\"shutterset_f7c6b372e52425693a27cd13dc32bb96\">\n                <img\n                    title=\"IMG_3333\"\n                    alt=\"IMG_3333\"\n                    src=\"http:\/\/www.freimarianne.ch\/wp-content\/gallery\/breccaschlund-2010\/cache\/IMG_3333.jpg-nggid041782-ngg0dyn-100x75x100-00f0w010c010r110f110r010t010.jpg\"\n                    width=\"100\"\n                    height=\"75\"\n                    style=\"max-width:100%;\"\n                \/>\n            <\/a>\n        <\/div>\n\t\t\t\t\t\t\t<\/div> \n\t\t\t\n                            \n\t\t\t\t<div id=\"ngg-image-22\" class=\"ngg-gallery-thumbnail-box\" >\n\t\t\t\t        <div class=\"ngg-gallery-thumbnail\">\n            <a href=\"http:\/\/www.freimarianne.ch\/wp-content\/gallery\/breccaschlund-2010\/IMG_3348.jpg\"\n               title=\"bei Hubel Rippa\"\n               data-src=\"http:\/\/www.freimarianne.ch\/wp-content\/gallery\/breccaschlund-2010\/IMG_3348.jpg\"\n               data-thumbnail=\"http:\/\/www.freimarianne.ch\/wp-content\/gallery\/breccaschlund-2010\/thumbs\/thumbs_IMG_3348.jpg\"\n               data-image-id=\"1783\"\n               data-title=\"IMG_3348\"\n               data-description=\"bei Hubel Rippa\"\n               data-image-slug=\"img_3348\"\n               class=\"shutterset_f7c6b372e52425693a27cd13dc32bb96\">\n                <img\n                    title=\"IMG_3348\"\n                    alt=\"IMG_3348\"\n                    src=\"http:\/\/www.freimarianne.ch\/wp-content\/gallery\/breccaschlund-2010\/cache\/IMG_3348.jpg-nggid041783-ngg0dyn-100x75x100-00f0w010c010r110f110r010t010.jpg\"\n                    width=\"100\"\n                    height=\"75\"\n                    style=\"max-width:100%;\"\n                \/>\n            <\/a>\n        <\/div>\n\t\t\t\t\t\t\t<\/div> \n\t\t\t\n                            \n\t\t\t\t<div id=\"ngg-image-23\" class=\"ngg-gallery-thumbnail-box\" >\n\t\t\t\t        <div class=\"ngg-gallery-thumbnail\">\n            <a href=\"http:\/\/www.freimarianne.ch\/wp-content\/gallery\/breccaschlund-2010\/IMG_3357.jpg\"\n               title=\"M\u00fcndung des Euschelbaches in den Schwarzsee\"\n               data-src=\"http:\/\/www.freimarianne.ch\/wp-content\/gallery\/breccaschlund-2010\/IMG_3357.jpg\"\n               data-thumbnail=\"http:\/\/www.freimarianne.ch\/wp-content\/gallery\/breccaschlund-2010\/thumbs\/thumbs_IMG_3357.jpg\"\n               data-image-id=\"1784\"\n               data-title=\"IMG_3357\"\n               data-description=\"M\u00fcndung des Euschelbaches in den Schwarzsee\"\n               data-image-slug=\"img_3357\"\n               class=\"shutterset_f7c6b372e52425693a27cd13dc32bb96\">\n                <img\n                    title=\"IMG_3357\"\n                    alt=\"IMG_3357\"\n                    src=\"http:\/\/www.freimarianne.ch\/wp-content\/gallery\/breccaschlund-2010\/cache\/IMG_3357.jpg-nggid041784-ngg0dyn-100x75x100-00f0w010c010r110f110r010t010.jpg\"\n                    width=\"100\"\n                    height=\"75\"\n                    style=\"max-width:100%;\"\n                \/>\n            <\/a>\n        <\/div>\n\t\t\t\t\t\t\t<\/div> \n\t\t\t\n                                    <br style=\"clear: both\" \/>\n                    \n\t\t\t\t<div id=\"ngg-image-24\" class=\"ngg-gallery-thumbnail-box\" >\n\t\t\t\t        <div class=\"ngg-gallery-thumbnail\">\n            <a href=\"http:\/\/www.freimarianne.ch\/wp-content\/gallery\/breccaschlund-2010\/IMG_3364.jpg\"\n               title=\"am Schwarzsee gegen Gypsera\"\n               data-src=\"http:\/\/www.freimarianne.ch\/wp-content\/gallery\/breccaschlund-2010\/IMG_3364.jpg\"\n               data-thumbnail=\"http:\/\/www.freimarianne.ch\/wp-content\/gallery\/breccaschlund-2010\/thumbs\/thumbs_IMG_3364.jpg\"\n               data-image-id=\"1785\"\n               data-title=\"IMG_3364\"\n               data-description=\"am Schwarzsee gegen Gypsera\"\n               data-image-slug=\"img_3364\"\n               class=\"shutterset_f7c6b372e52425693a27cd13dc32bb96\">\n                <img\n                    title=\"IMG_3364\"\n                    alt=\"IMG_3364\"\n                    src=\"http:\/\/www.freimarianne.ch\/wp-content\/gallery\/breccaschlund-2010\/cache\/IMG_3364.jpg-nggid041785-ngg0dyn-100x75x100-00f0w010c010r110f110r010t010.jpg\"\n                    width=\"100\"\n                    height=\"75\"\n                    style=\"max-width:100%;\"\n                \/>\n            <\/a>\n        <\/div>\n\t\t\t\t\t\t\t<\/div> \n\t\t\t\n                            \n\t\t\n\t\t<!-- Pagination -->\n\t<div class='ngg-clear'><\/div>\t<\/div>\n<\/p>\n","protected":false},"excerpt":{"rendered":"<p>Bergwanderung beim Schwarzsee ( Fribourg) Vom Schwarzsee fahren wir mit der Sesselbahn auf die Riggisalp und wandern von dort aus zur unteren Euschels und dann \u00fcber den Stierenberg in den Breccaschlund hinein. Die Hangwanderung f\u00fchrt uns bis nach les Cerniets und nach Bremingard und hinunter \u00fcber Obere- und Untere Rippa zu Hubel Rippa und dann [&hellip;]<\/p>\n","protected":false},"author":1,"featured_media":0,"parent":475,"menu_order":6,"comment_status":"closed","ping_status":"closed","template":"","meta":{"ngg_post_thumbnail":0},"_links":{"self":[{"href":"http:\/\/www.freimarianne.ch\/index.php?rest_route=\/wp\/v2\/pages\/734"}],"collection":[{"href":"http:\/\/www.freimarianne.ch\/index.php?rest_route=\/wp\/v2\/pages"}],"about":[{"href":"http:\/\/www.freimarianne.ch\/index.php?rest_route=\/wp\/v2\/types\/page"}],"author":[{"embeddable":true,"href":"http:\/\/www.freimarianne.ch\/index.php?rest_route=\/wp\/v2\/users\/1"}],"replies":[{"embeddable":true,"href":"http:\/\/www.freimarianne.ch\/index.php?rest_route=%2Fwp%2Fv2%2Fcomments&post=734"}],"version-history":[{"count":9,"href":"http:\/\/www.freimarianne.ch\/index.php?rest_route=\/wp\/v2\/pages\/734\/revisions"}],"predecessor-version":[{"id":823,"href":"http:\/\/www.freimarianne.ch\/index.php?rest_route=\/wp\/v2\/pages\/734\/revisions\/823"}],"up":[{"embeddable":true,"href":"http:\/\/www.freimarianne.ch\/index.php?rest_route=\/wp\/v2\/pages\/475"}],"wp:attachment":[{"href":"http:\/\/www.freimarianne.ch\/index.php?rest_route=%2Fwp%2Fv2%2Fmedia&parent=734"}],"curies":[{"name":"wp","href":"https:\/\/api.w.org\/{rel}","templated":true}]}}