{"id":17015,"date":"2016-06-12T09:08:32","date_gmt":"2016-06-12T08:08:32","guid":{"rendered":"http:\/\/www.freimarianne.ch\/?page_id=17015"},"modified":"2019-10-08T10:38:02","modified_gmt":"2019-10-08T09:38:02","slug":"torbel-stand-zeneggen-vs-10-6-2016","status":"publish","type":"page","link":"https:\/\/www.freimarianne.ch\/?page_id=17015","title":{"rendered":"T\u00f6rbel &#8211; Stand &#8211; Zeneggen  VS  10.6.2016"},"content":{"rendered":"<p><strong>Bergwanderung von T\u00f6rbel zur Moosalp &#8211; Stand &#8211; Breitmatte &#8211; Zeneggen<\/strong><\/p>\n<p><img loading=\"lazy\" class=\"size-full wp-image-17029\" src=\"http:\/\/www.freimarianne.ch\/wp-content\/uploads\/2016\/06\/IMG_8782_stand_500.jpg\" alt=\"Marianne B. und Adrian auf dem Stand 2212m\" width=\"500\" height=\"375\" srcset=\"https:\/\/www.freimarianne.ch\/wp-content\/uploads\/2016\/06\/IMG_8782_stand_500.jpg 500w, https:\/\/www.freimarianne.ch\/wp-content\/uploads\/2016\/06\/IMG_8782_stand_500-300x225.jpg 300w, https:\/\/www.freimarianne.ch\/wp-content\/uploads\/2016\/06\/IMG_8782_stand_500-400x300.jpg 400w\" sizes=\"(max-width: 500px) 100vw, 500px\" \/><\/p>\n<p>Heute gibt es ein sog.\u201cSch\u00f6nwetterfenster\u201c wie schon einmal diese Woche. Und dieses Fenster scheint im Wallis besonders offen zu sein!<br \/>\nWir beginnen unsere Wanderung im sonnigen T\u00f6rbel kurz nach 11 h und steigen den Wanderweg durch die bl\u00fchenden Wiesen\u00a0 (der Pfad wurde gem\u00e4ht)\u00a0 hinauf \u00fcber Ze Springu zur Kapelle\u00a0 im Eischbiel. Von dort geht es stetig weiter\u00a0 \u00fcber Wasme in den lichten Wald unterhab der Moosalp. Auf den Wiesen und im\u00a0 lichten Wald wachsen Schwefelanemonen\u00a0 und Enzianen in grosser Zahl. Wir sind sehr beeindruckt.<br \/>\nAuf der Moosalp\u00a0 2048m machen wir eine Pause im rustikalen Restaurant und geniessen unseren Trank auf breiten mit Fellen belegten Holzb\u00e4nken sitzend. Um halb zwei\u00a0 machen wir uns auf und wandern durch die pr\u00e4chtige Landschaft hinauf zum Stand 2122m, wobei es wieder etliche Photopausen gibt. Der Aussichtspunkt Stand bietet eine in allen Himmelsrichtung wunderbare\u00a0 Aussicht, die fast \u00fcberw\u00e4ltigend ist.<br \/>\nPanorama vom Stand:<br \/>\n<a href=\"http:\/\/www.alpen-panoramen.de\/panorama.php?pid=4242&amp;srch=Moosalp\">http:\/\/www.alpen-panoramen.de\/panorama.php?pid=4242&amp;srch=Moosalp<\/a><br \/>\nWir machen hier oben eine versp\u00e4tete Mittagspause und wenden dann unsere Schritte nach Norden und steigen hinunter zum idylischen\u00a0 Bonigersee und dann zum Breitmattsee und erreichen die sch\u00f6n gelegenen Lichtung Breitmatte. Von hier aus gehen wir Richtung Eischmatte &#8211; eine andere Lichtung im\u00a0 grossen Waldgebiet rund um den Stand. Nach der Querung des Panoramaweges (B\u00fcrchen -T\u00f6rbel), den wir diesen Winter gemacht haben, kommen wir in die n\u00e4chste\u00a0 Lichtung, Diepja, von welcher ich auch eine Erinnerung an diesen Winter habe.<br \/>\nVon hier aus steigen wir steil hinunter durch den Bergwald nach Zeneggen, wo es noch zu einer Glac\u00e9 und einem Bier reicht, bis der Bus um 17.21 h nach Visp f\u00e4hrt.<br \/>\nDies war eine sehr sch\u00f6ne Wanderung, die ich als Einzige schon kannte.<\/p>\n<p>Laut Schweizmobil:<br \/>\nDistanz; 9.85km; Aufstieg: 580m; Abstieg: 786m; Marschzeit: 3 h 29 h<br \/>\nWir waren von 11.00 h bis 17. 00 h unterwegs mit vielen Photopausen, Einkehr auf der Moosalp und Rast auf dem Stand.<br \/>\nDies war eine Photo -und Panoramawanderung!<\/p>\n<p><a href=\"https:\/\/map.wanderland.ch\/?lang=de&#038;route=all&#038;bgLayer=pk&#038;resolution=10&#038;X=631556&#038;Y=122836&#038;layers=Wanderland%2CStation&#038;trackId=2733785\">Karte Schweizmobil: <\/a><\/p>\n<p><!-- index.php -->\n<div\n\tclass=\"ngg-galleryoverview ngg-ajax-pagination-none\"\n\tid=\"ngg-gallery-17149-1\">\n\n    \t<div class=\"slideshowlink\">\n        <a href='https:\/\/www.freimarianne.ch\/index.php\/nggallery\/slideshow?page_id=17015'>[Show as slideshow]<\/a>\n\t\t\n\t<\/div>\n\t\t\t<!-- Thumbnails -->\n\t\t\t\t<div id=\"ngg-image-0\" class=\"ngg-gallery-thumbnail-box\" >\n\t\t\t\t        <div class=\"ngg-gallery-thumbnail\">\n            <a href=\"https:\/\/www.freimarianne.ch\/wp-content\/gallery\/torbel-zeneggen-10-6-16\/IMG_8690.jpg\"\n               title=\"Weg zur Moosalp; hi Grat\"\n               data-src=\"https:\/\/www.freimarianne.ch\/wp-content\/gallery\/torbel-zeneggen-10-6-16\/IMG_8690.jpg\"\n               data-thumbnail=\"https:\/\/www.freimarianne.ch\/wp-content\/gallery\/torbel-zeneggen-10-6-16\/thumbs\/thumbs_IMG_8690.jpg\"\n               data-image-id=\"12957\"\n               data-title=\"Weg zur Moosalp; hi Grat\"\n               data-description=\"Weg zur Moosalp; hi Grat\"\n               data-image-slug=\"img_8690\"\n               class=\"shutterset_17149\">\n                <img\n                    title=\"Weg zur Moosalp; hi Grat\"\n                    alt=\"Weg zur Moosalp; hi Grat\"\n                    src=\"https:\/\/www.freimarianne.ch\/wp-content\/gallery\/torbel-zeneggen-10-6-16\/thumbs\/thumbs_IMG_8690.jpg\"\n                    width=\"100\"\n                    height=\"75\"\n                    style=\"max-width:100%;\"\n                \/>\n            <\/a>\n        <\/div>\n\t\t\t\t\t\t\t<\/div> \n\t\t\t\n        \n\t\t\t\t<div id=\"ngg-image-1\" class=\"ngg-gallery-thumbnail-box\" >\n\t\t\t\t        <div class=\"ngg-gallery-thumbnail\">\n            <a href=\"https:\/\/www.freimarianne.ch\/wp-content\/gallery\/torbel-zeneggen-10-6-16\/IMG_8691.jpg\"\n               title=\"Blick auf T\u00f6rbel\"\n               data-src=\"https:\/\/www.freimarianne.ch\/wp-content\/gallery\/torbel-zeneggen-10-6-16\/IMG_8691.jpg\"\n               data-thumbnail=\"https:\/\/www.freimarianne.ch\/wp-content\/gallery\/torbel-zeneggen-10-6-16\/thumbs\/thumbs_IMG_8691.jpg\"\n               data-image-id=\"12958\"\n               data-title=\"Blick auf T\u00c3\u00b6rbel\"\n               data-description=\"Blick auf T\u00f6rbel\"\n               data-image-slug=\"img_8691-4\"\n               class=\"shutterset_17149\">\n                <img\n                    title=\"Blick auf T\u00c3\u00b6rbel\"\n                    alt=\"Blick auf T\u00c3\u00b6rbel\"\n                    src=\"https:\/\/www.freimarianne.ch\/wp-content\/gallery\/torbel-zeneggen-10-6-16\/thumbs\/thumbs_IMG_8691.jpg\"\n                    width=\"100\"\n                    height=\"75\"\n                    style=\"max-width:100%;\"\n                \/>\n            <\/a>\n        <\/div>\n\t\t\t\t\t\t\t<\/div> \n\t\t\t\n        \n\t\t\t\t<div id=\"ngg-image-2\" class=\"ngg-gallery-thumbnail-box\" >\n\t\t\t\t        <div class=\"ngg-gallery-thumbnail\">\n            <a href=\"https:\/\/www.freimarianne.ch\/wp-content\/gallery\/torbel-zeneggen-10-6-16\/IMG_8697.jpg\"\n               title=\"Graslilie\"\n               data-src=\"https:\/\/www.freimarianne.ch\/wp-content\/gallery\/torbel-zeneggen-10-6-16\/IMG_8697.jpg\"\n               data-thumbnail=\"https:\/\/www.freimarianne.ch\/wp-content\/gallery\/torbel-zeneggen-10-6-16\/thumbs\/thumbs_IMG_8697.jpg\"\n               data-image-id=\"12959\"\n               data-title=\"Grslilie\"\n               data-description=\"Graslilie\"\n               data-image-slug=\"img_8697\"\n               class=\"shutterset_17149\">\n                <img\n                    title=\"Grslilie\"\n                    alt=\"Grslilie\"\n                    src=\"https:\/\/www.freimarianne.ch\/wp-content\/gallery\/torbel-zeneggen-10-6-16\/thumbs\/thumbs_IMG_8697.jpg\"\n                    width=\"100\"\n                    height=\"75\"\n                    style=\"max-width:100%;\"\n                \/>\n            <\/a>\n        <\/div>\n\t\t\t\t\t\t\t<\/div> \n\t\t\t\n        \n\t\t\t\t<div id=\"ngg-image-3\" class=\"ngg-gallery-thumbnail-box\" >\n\t\t\t\t        <div class=\"ngg-gallery-thumbnail\">\n            <a href=\"https:\/\/www.freimarianne.ch\/wp-content\/gallery\/torbel-zeneggen-10-6-16\/IMG_8701.jpg\"\n               title=\"Wiesenidyll\"\n               data-src=\"https:\/\/www.freimarianne.ch\/wp-content\/gallery\/torbel-zeneggen-10-6-16\/IMG_8701.jpg\"\n               data-thumbnail=\"https:\/\/www.freimarianne.ch\/wp-content\/gallery\/torbel-zeneggen-10-6-16\/thumbs\/thumbs_IMG_8701.jpg\"\n               data-image-id=\"12960\"\n               data-title=\"Wiesenidyll\"\n               data-description=\"Wiesenidyll\"\n               data-image-slug=\"img_8701\"\n               class=\"shutterset_17149\">\n                <img\n                    title=\"Wiesenidyll\"\n                    alt=\"Wiesenidyll\"\n                    src=\"https:\/\/www.freimarianne.ch\/wp-content\/gallery\/torbel-zeneggen-10-6-16\/thumbs\/thumbs_IMG_8701.jpg\"\n                    width=\"100\"\n                    height=\"75\"\n                    style=\"max-width:100%;\"\n                \/>\n            <\/a>\n        <\/div>\n\t\t\t\t\t\t\t<\/div> \n\t\t\t\n        \n\t\t\t\t<div id=\"ngg-image-4\" class=\"ngg-gallery-thumbnail-box\" >\n\t\t\t\t        <div class=\"ngg-gallery-thumbnail\">\n            <a href=\"https:\/\/www.freimarianne.ch\/wp-content\/gallery\/torbel-zeneggen-10-6-16\/IMG_8704.jpg\"\n               title=\"Siedlung Ze Springu\"\n               data-src=\"https:\/\/www.freimarianne.ch\/wp-content\/gallery\/torbel-zeneggen-10-6-16\/IMG_8704.jpg\"\n               data-thumbnail=\"https:\/\/www.freimarianne.ch\/wp-content\/gallery\/torbel-zeneggen-10-6-16\/thumbs\/thumbs_IMG_8704.jpg\"\n               data-image-id=\"12961\"\n               data-title=\"Siedlung Ze Springu\"\n               data-description=\"Siedlung Ze Springu\"\n               data-image-slug=\"img_8704\"\n               class=\"shutterset_17149\">\n                <img\n                    title=\"Siedlung Ze Springu\"\n                    alt=\"Siedlung Ze Springu\"\n                    src=\"https:\/\/www.freimarianne.ch\/wp-content\/gallery\/torbel-zeneggen-10-6-16\/thumbs\/thumbs_IMG_8704.jpg\"\n                    width=\"100\"\n                    height=\"75\"\n                    style=\"max-width:100%;\"\n                \/>\n            <\/a>\n        <\/div>\n\t\t\t\t\t\t\t<\/div> \n\t\t\t\n        \n\t\t\t\t<div id=\"ngg-image-5\" class=\"ngg-gallery-thumbnail-box\" >\n\t\t\t\t        <div class=\"ngg-gallery-thumbnail\">\n            <a href=\"https:\/\/www.freimarianne.ch\/wp-content\/gallery\/torbel-zeneggen-10-6-16\/IMG_8706.jpg\"\n               title=\"Fletschhorn, Lagginhorn\"\n               data-src=\"https:\/\/www.freimarianne.ch\/wp-content\/gallery\/torbel-zeneggen-10-6-16\/IMG_8706.jpg\"\n               data-thumbnail=\"https:\/\/www.freimarianne.ch\/wp-content\/gallery\/torbel-zeneggen-10-6-16\/thumbs\/thumbs_IMG_8706.jpg\"\n               data-image-id=\"12962\"\n               data-title=\"Fletschhorn, Lagginhorn\"\n               data-description=\"Fletschhorn, Lagginhorn\"\n               data-image-slug=\"img_8706-2\"\n               class=\"shutterset_17149\">\n                <img\n                    title=\"Fletschhorn, Lagginhorn\"\n                    alt=\"Fletschhorn, Lagginhorn\"\n                    src=\"https:\/\/www.freimarianne.ch\/wp-content\/gallery\/torbel-zeneggen-10-6-16\/thumbs\/thumbs_IMG_8706.jpg\"\n                    width=\"100\"\n                    height=\"75\"\n                    style=\"max-width:100%;\"\n                \/>\n            <\/a>\n        <\/div>\n\t\t\t\t\t\t\t<\/div> \n\t\t\t\n        \n\t\t\t\t<div id=\"ngg-image-6\" class=\"ngg-gallery-thumbnail-box\" >\n\t\t\t\t        <div class=\"ngg-gallery-thumbnail\">\n            <a href=\"https:\/\/www.freimarianne.ch\/wp-content\/gallery\/torbel-zeneggen-10-6-16\/IMG_8711.jpg\"\n               title=\"Pulsatilla vulgaris; K\u00fcchenschelle\"\n               data-src=\"https:\/\/www.freimarianne.ch\/wp-content\/gallery\/torbel-zeneggen-10-6-16\/IMG_8711.jpg\"\n               data-thumbnail=\"https:\/\/www.freimarianne.ch\/wp-content\/gallery\/torbel-zeneggen-10-6-16\/thumbs\/thumbs_IMG_8711.jpg\"\n               data-image-id=\"12963\"\n               data-title=\"Pulsatilla vulgaris; K\u00c3\u00bcchenschelle\"\n               data-description=\"Pulsatilla vulgaris; K\u00fcchenschelle\"\n               data-image-slug=\"img_8711-1\"\n               class=\"shutterset_17149\">\n                <img\n                    title=\"Pulsatilla vulgaris; K\u00c3\u00bcchenschelle\"\n                    alt=\"Pulsatilla vulgaris; K\u00c3\u00bcchenschelle\"\n                    src=\"https:\/\/www.freimarianne.ch\/wp-content\/gallery\/torbel-zeneggen-10-6-16\/thumbs\/thumbs_IMG_8711.jpg\"\n                    width=\"100\"\n                    height=\"75\"\n                    style=\"max-width:100%;\"\n                \/>\n            <\/a>\n        <\/div>\n\t\t\t\t\t\t\t<\/div> \n\t\t\t\n        \n\t\t\t\t<div id=\"ngg-image-7\" class=\"ngg-gallery-thumbnail-box\" >\n\t\t\t\t        <div class=\"ngg-gallery-thumbnail\">\n            <a href=\"https:\/\/www.freimarianne.ch\/wp-content\/gallery\/torbel-zeneggen-10-6-16\/IMG_8713.jpg\"\n               title=\"Kapelle Eischbiel mit Balfrin und Mischabelgruppe\"\n               data-src=\"https:\/\/www.freimarianne.ch\/wp-content\/gallery\/torbel-zeneggen-10-6-16\/IMG_8713.jpg\"\n               data-thumbnail=\"https:\/\/www.freimarianne.ch\/wp-content\/gallery\/torbel-zeneggen-10-6-16\/thumbs\/thumbs_IMG_8713.jpg\"\n               data-image-id=\"12964\"\n               data-title=\"Kapelle Eischbiel mit Balfrin und Mischabelgruppe\"\n               data-description=\"Kapelle Eischbiel mit Balfrin und Mischabelgruppe\"\n               data-image-slug=\"img_8713-3\"\n               class=\"shutterset_17149\">\n                <img\n                    title=\"Kapelle Eischbiel mit Balfrin und Mischabelgruppe\"\n                    alt=\"Kapelle Eischbiel mit Balfrin und Mischabelgruppe\"\n                    src=\"https:\/\/www.freimarianne.ch\/wp-content\/gallery\/torbel-zeneggen-10-6-16\/thumbs\/thumbs_IMG_8713.jpg\"\n                    width=\"100\"\n                    height=\"75\"\n                    style=\"max-width:100%;\"\n                \/>\n            <\/a>\n        <\/div>\n\t\t\t\t\t\t\t<\/div> \n\t\t\t\n        \n\t\t\t\t<div id=\"ngg-image-8\" class=\"ngg-gallery-thumbnail-box\" >\n\t\t\t\t        <div class=\"ngg-gallery-thumbnail\">\n            <a href=\"https:\/\/www.freimarianne.ch\/wp-content\/gallery\/torbel-zeneggen-10-6-16\/IMG_8727.jpg\"\n               title=\"Schwefelanemone; Pulsatilla alpina, subsp.  apiifolia, Ranunculaceae\"\n               data-src=\"https:\/\/www.freimarianne.ch\/wp-content\/gallery\/torbel-zeneggen-10-6-16\/IMG_8727.jpg\"\n               data-thumbnail=\"https:\/\/www.freimarianne.ch\/wp-content\/gallery\/torbel-zeneggen-10-6-16\/thumbs\/thumbs_IMG_8727.jpg\"\n               data-image-id=\"12965\"\n               data-title=\"Schwefelanemone; Pulsatilla alpina, subsp.  apiifolia, Ranunculaceae\"\n               data-description=\"Schwefelanemone; Pulsatilla alpina, subsp.  apiifolia, Ranunculaceae\"\n               data-image-slug=\"img_8727-1\"\n               class=\"shutterset_17149\">\n                <img\n                    title=\"Schwefelanemone; Pulsatilla alpina, subsp.  apiifolia, Ranunculaceae\"\n                    alt=\"Schwefelanemone; Pulsatilla alpina, subsp.  apiifolia, Ranunculaceae\"\n                    src=\"https:\/\/www.freimarianne.ch\/wp-content\/gallery\/torbel-zeneggen-10-6-16\/thumbs\/thumbs_IMG_8727.jpg\"\n                    width=\"100\"\n                    height=\"75\"\n                    style=\"max-width:100%;\"\n                \/>\n            <\/a>\n        <\/div>\n\t\t\t\t\t\t\t<\/div> \n\t\t\t\n        \n\t\t\t\t<div id=\"ngg-image-9\" class=\"ngg-gallery-thumbnail-box\" >\n\t\t\t\t        <div class=\"ngg-gallery-thumbnail\">\n            <a href=\"https:\/\/www.freimarianne.ch\/wp-content\/gallery\/torbel-zeneggen-10-6-16\/IMG_8732.jpg\"\n               title=\"Schwefelanemone; Pulsatilla alpina, subsp.  apiifolia, Ranunculaceae\"\n               data-src=\"https:\/\/www.freimarianne.ch\/wp-content\/gallery\/torbel-zeneggen-10-6-16\/IMG_8732.jpg\"\n               data-thumbnail=\"https:\/\/www.freimarianne.ch\/wp-content\/gallery\/torbel-zeneggen-10-6-16\/thumbs\/thumbs_IMG_8732.jpg\"\n               data-image-id=\"12966\"\n               data-title=\"Schwefelanemone; Pulsatilla alpina, subsp.  apiifolia, Ranunculaceae\"\n               data-description=\"Schwefelanemone; Pulsatilla alpina, subsp.  apiifolia, Ranunculaceae\"\n               data-image-slug=\"img_8732-1\"\n               class=\"shutterset_17149\">\n                <img\n                    title=\"Schwefelanemone; Pulsatilla alpina, subsp.  apiifolia, Ranunculaceae\"\n                    alt=\"Schwefelanemone; Pulsatilla alpina, subsp.  apiifolia, Ranunculaceae\"\n                    src=\"https:\/\/www.freimarianne.ch\/wp-content\/gallery\/torbel-zeneggen-10-6-16\/thumbs\/thumbs_IMG_8732.jpg\"\n                    width=\"100\"\n                    height=\"75\"\n                    style=\"max-width:100%;\"\n                \/>\n            <\/a>\n        <\/div>\n\t\t\t\t\t\t\t<\/div> \n\t\t\t\n        \n\t\t\t\t<div id=\"ngg-image-10\" class=\"ngg-gallery-thumbnail-box\" >\n\t\t\t\t        <div class=\"ngg-gallery-thumbnail\">\n            <a href=\"https:\/\/www.freimarianne.ch\/wp-content\/gallery\/torbel-zeneggen-10-6-16\/IMG_8742.jpg\"\n               title=\"Gentiana acaulis\"\n               data-src=\"https:\/\/www.freimarianne.ch\/wp-content\/gallery\/torbel-zeneggen-10-6-16\/IMG_8742.jpg\"\n               data-thumbnail=\"https:\/\/www.freimarianne.ch\/wp-content\/gallery\/torbel-zeneggen-10-6-16\/thumbs\/thumbs_IMG_8742.jpg\"\n               data-image-id=\"12967\"\n               data-title=\"Gentiana acaulis\"\n               data-description=\"Gentiana acaulis\"\n               data-image-slug=\"img_8742-3\"\n               class=\"shutterset_17149\">\n                <img\n                    title=\"Gentiana acaulis\"\n                    alt=\"Gentiana acaulis\"\n                    src=\"https:\/\/www.freimarianne.ch\/wp-content\/gallery\/torbel-zeneggen-10-6-16\/thumbs\/thumbs_IMG_8742.jpg\"\n                    width=\"100\"\n                    height=\"75\"\n                    style=\"max-width:100%;\"\n                \/>\n            <\/a>\n        <\/div>\n\t\t\t\t\t\t\t<\/div> \n\t\t\t\n        \n\t\t\t\t<div id=\"ngg-image-11\" class=\"ngg-gallery-thumbnail-box\" >\n\t\t\t\t        <div class=\"ngg-gallery-thumbnail\">\n            <a href=\"https:\/\/www.freimarianne.ch\/wp-content\/gallery\/torbel-zeneggen-10-6-16\/IMG_8744.jpg\"\n               title=\"Restaurant Moosalp\"\n               data-src=\"https:\/\/www.freimarianne.ch\/wp-content\/gallery\/torbel-zeneggen-10-6-16\/IMG_8744.jpg\"\n               data-thumbnail=\"https:\/\/www.freimarianne.ch\/wp-content\/gallery\/torbel-zeneggen-10-6-16\/thumbs\/thumbs_IMG_8744.jpg\"\n               data-image-id=\"12968\"\n               data-title=\"Restaurant Moosalp\"\n               data-description=\"Restaurant Moosalp\"\n               data-image-slug=\"img_8744\"\n               class=\"shutterset_17149\">\n                <img\n                    title=\"Restaurant Moosalp\"\n                    alt=\"Restaurant Moosalp\"\n                    src=\"https:\/\/www.freimarianne.ch\/wp-content\/gallery\/torbel-zeneggen-10-6-16\/thumbs\/thumbs_IMG_8744.jpg\"\n                    width=\"100\"\n                    height=\"75\"\n                    style=\"max-width:100%;\"\n                \/>\n            <\/a>\n        <\/div>\n\t\t\t\t\t\t\t<\/div> \n\t\t\t\n        \n\t\t\t\t<div id=\"ngg-image-12\" class=\"ngg-gallery-thumbnail-box\" >\n\t\t\t\t        <div class=\"ngg-gallery-thumbnail\">\n            <a href=\"https:\/\/www.freimarianne.ch\/wp-content\/gallery\/torbel-zeneggen-10-6-16\/IMG_8746.jpg\"\n               title=\"Lammenhorn 3190m, Schilthorn 3402m, Balfrin 3783m, Ulrichshorn 3 925m, Lenzspitze 4294m, Nadelhorn 4327m,  Stecknadlehorn 4241m, Dom 4545m,  Hohb\u00e4rghorn 4219m, D\u00fcrrenhorn 4035m,  Riedgletscher, Galenjoch 3303m\"\n               data-src=\"https:\/\/www.freimarianne.ch\/wp-content\/gallery\/torbel-zeneggen-10-6-16\/IMG_8746.jpg\"\n               data-thumbnail=\"https:\/\/www.freimarianne.ch\/wp-content\/gallery\/torbel-zeneggen-10-6-16\/thumbs\/thumbs_IMG_8746.jpg\"\n               data-image-id=\"12969\"\n               data-title=\"Lammenhorn 3190m, Schilthorn 3402m, Balfrin 3783m, Ulrichshorn 3 925m, Lenzspitze 4294m, Nadelhorn 4327m,  Stecknadlehorn 4241m, Dom 4545m,  Hohb\u00c3\u00a4rghorn 4219m, D\u00c3\u00bcrrenhorn 4035m,  Riedgletscher, Galenjoch 3303m\"\n               data-description=\"Lammenhorn 3190m, Schilthorn 3402m, Balfrin 3783m, Ulrichshorn 3 925m, Lenzspitze 4294m, Nadelhorn 4327m,  Stecknadlehorn 4241m, Dom 4545m,  Hohb\u00e4rghorn 4219m, D\u00fcrrenhorn 4035m,  Riedgletscher, Galenjoch 3303m\"\n               data-image-slug=\"img_8746\"\n               class=\"shutterset_17149\">\n                <img\n                    title=\"Lammenhorn 3190m, Schilthorn 3402m, Balfrin 3783m, Ulrichshorn 3 925m, Lenzspitze 4294m, Nadelhorn 4327m,  Stecknadlehorn 4241m, Dom 4545m,  Hohb\u00c3\u00a4rghorn 4219m, D\u00c3\u00bcrrenhorn 4035m,  Riedgletscher, Galenjoch 3303m\"\n                    alt=\"Lammenhorn 3190m, Schilthorn 3402m, Balfrin 3783m, Ulrichshorn 3 925m, Lenzspitze 4294m, Nadelhorn 4327m,  Stecknadlehorn 4241m, Dom 4545m,  Hohb\u00c3\u00a4rghorn 4219m, D\u00c3\u00bcrrenhorn 4035m,  Riedgletscher, Galenjoch 3303m\"\n                    src=\"https:\/\/www.freimarianne.ch\/wp-content\/gallery\/torbel-zeneggen-10-6-16\/thumbs\/thumbs_IMG_8746.jpg\"\n                    width=\"100\"\n                    height=\"75\"\n                    style=\"max-width:100%;\"\n                \/>\n            <\/a>\n        <\/div>\n\t\t\t\t\t\t\t<\/div> \n\t\t\t\n        \n\t\t\t\t<div id=\"ngg-image-13\" class=\"ngg-gallery-thumbnail-box\" >\n\t\t\t\t        <div class=\"ngg-gallery-thumbnail\">\n            <a href=\"https:\/\/www.freimarianne.ch\/wp-content\/gallery\/torbel-zeneggen-10-6-16\/IMG_8754.jpg\"\n               title=\"M\u00e4lich 2666m,  Schwarzhorn 2776m,  Augstbordhorn 2973m, Grat 2798m\"\n               data-src=\"https:\/\/www.freimarianne.ch\/wp-content\/gallery\/torbel-zeneggen-10-6-16\/IMG_8754.jpg\"\n               data-thumbnail=\"https:\/\/www.freimarianne.ch\/wp-content\/gallery\/torbel-zeneggen-10-6-16\/thumbs\/thumbs_IMG_8754.jpg\"\n               data-image-id=\"12970\"\n               data-title=\"M\u00c3\u00a4lich 2666m,  Schwarzhorn 2776m,  Augstbordhorn 2973m, Grat 2798m\"\n               data-description=\"M\u00e4lich 2666m,  Schwarzhorn 2776m,  Augstbordhorn 2973m, Grat 2798m\"\n               data-image-slug=\"img_8754-1\"\n               class=\"shutterset_17149\">\n                <img\n                    title=\"M\u00c3\u00a4lich 2666m,  Schwarzhorn 2776m,  Augstbordhorn 2973m, Grat 2798m\"\n                    alt=\"M\u00c3\u00a4lich 2666m,  Schwarzhorn 2776m,  Augstbordhorn 2973m, Grat 2798m\"\n                    src=\"https:\/\/www.freimarianne.ch\/wp-content\/gallery\/torbel-zeneggen-10-6-16\/thumbs\/thumbs_IMG_8754.jpg\"\n                    width=\"100\"\n                    height=\"75\"\n                    style=\"max-width:100%;\"\n                \/>\n            <\/a>\n        <\/div>\n\t\t\t\t\t\t\t<\/div> \n\t\t\t\n        \n\t\t\t\t<div id=\"ngg-image-14\" class=\"ngg-gallery-thumbnail-box\" >\n\t\t\t\t        <div class=\"ngg-gallery-thumbnail\">\n            <a href=\"https:\/\/www.freimarianne.ch\/wp-content\/gallery\/torbel-zeneggen-10-6-16\/IMG_8764.jpg\"\n               title=\"SIcht ins Saasertal\"\n               data-src=\"https:\/\/www.freimarianne.ch\/wp-content\/gallery\/torbel-zeneggen-10-6-16\/IMG_8764.jpg\"\n               data-thumbnail=\"https:\/\/www.freimarianne.ch\/wp-content\/gallery\/torbel-zeneggen-10-6-16\/thumbs\/thumbs_IMG_8764.jpg\"\n               data-image-id=\"12971\"\n               data-title=\"SIcht ins Saasertal\"\n               data-description=\"SIcht ins Saasertal\"\n               data-image-slug=\"img_8764-4\"\n               class=\"shutterset_17149\">\n                <img\n                    title=\"SIcht ins Saasertal\"\n                    alt=\"SIcht ins Saasertal\"\n                    src=\"https:\/\/www.freimarianne.ch\/wp-content\/gallery\/torbel-zeneggen-10-6-16\/thumbs\/thumbs_IMG_8764.jpg\"\n                    width=\"100\"\n                    height=\"75\"\n                    style=\"max-width:100%;\"\n                \/>\n            <\/a>\n        <\/div>\n\t\t\t\t\t\t\t<\/div> \n\t\t\t\n        \n\t\t\t\t<div id=\"ngg-image-15\" class=\"ngg-gallery-thumbnail-box\" >\n\t\t\t\t        <div class=\"ngg-gallery-thumbnail\">\n            <a href=\"https:\/\/www.freimarianne.ch\/wp-content\/gallery\/torbel-zeneggen-10-6-16\/IMG_8778.jpg\"\n               title=\"Marianne  auf dem Stand 2122m mit Bietschhorn\"\n               data-src=\"https:\/\/www.freimarianne.ch\/wp-content\/gallery\/torbel-zeneggen-10-6-16\/IMG_8778.jpg\"\n               data-thumbnail=\"https:\/\/www.freimarianne.ch\/wp-content\/gallery\/torbel-zeneggen-10-6-16\/thumbs\/thumbs_IMG_8778.jpg\"\n               data-image-id=\"12972\"\n               data-title=\"Marianne  auf dem Stand 2122m mit Bietschhorn\"\n               data-description=\"Marianne  auf dem Stand 2122m mit Bietschhorn\"\n               data-image-slug=\"img_8778\"\n               class=\"shutterset_17149\">\n                <img\n                    title=\"Marianne  auf dem Stand 2122m mit Bietschhorn\"\n                    alt=\"Marianne  auf dem Stand 2122m mit Bietschhorn\"\n                    src=\"https:\/\/www.freimarianne.ch\/wp-content\/gallery\/torbel-zeneggen-10-6-16\/thumbs\/thumbs_IMG_8778.jpg\"\n                    width=\"100\"\n                    height=\"75\"\n                    style=\"max-width:100%;\"\n                \/>\n            <\/a>\n        <\/div>\n\t\t\t\t\t\t\t<\/div> \n\t\t\t\n        \n\t\t\t\t<div id=\"ngg-image-16\" class=\"ngg-gallery-thumbnail-box\" >\n\t\t\t\t        <div class=\"ngg-gallery-thumbnail\">\n            <a href=\"https:\/\/www.freimarianne.ch\/wp-content\/gallery\/torbel-zeneggen-10-6-16\/IMG_8780.jpg\"\n               title=\"Bruni auf dem Stand 2122m mit Bietschhorn\"\n               data-src=\"https:\/\/www.freimarianne.ch\/wp-content\/gallery\/torbel-zeneggen-10-6-16\/IMG_8780.jpg\"\n               data-thumbnail=\"https:\/\/www.freimarianne.ch\/wp-content\/gallery\/torbel-zeneggen-10-6-16\/thumbs\/thumbs_IMG_8780.jpg\"\n               data-image-id=\"12973\"\n               data-title=\"Bruni auf dem Stand 2122m mit Bietschhorn\"\n               data-description=\"Bruni auf dem Stand 2122m mit Bietschhorn\"\n               data-image-slug=\"img_8780-1\"\n               class=\"shutterset_17149\">\n                <img\n                    title=\"Bruni auf dem Stand 2122m mit Bietschhorn\"\n                    alt=\"Bruni auf dem Stand 2122m mit Bietschhorn\"\n                    src=\"https:\/\/www.freimarianne.ch\/wp-content\/gallery\/torbel-zeneggen-10-6-16\/thumbs\/thumbs_IMG_8780.jpg\"\n                    width=\"100\"\n                    height=\"75\"\n                    style=\"max-width:100%;\"\n                \/>\n            <\/a>\n        <\/div>\n\t\t\t\t\t\t\t<\/div> \n\t\t\t\n        \n\t\t\t\t<div id=\"ngg-image-17\" class=\"ngg-gallery-thumbnail-box\" >\n\t\t\t\t        <div class=\"ngg-gallery-thumbnail\">\n            <a href=\"https:\/\/www.freimarianne.ch\/wp-content\/gallery\/torbel-zeneggen-10-6-16\/IMG_8783.jpg\"\n               title=\"Bietschhorn 3934m, L\u00f6tschentaler Breithorn 3785m,  Gredetschh\u00f6rli, Nesthorn 3824m,  Aletschhorn 4195m, Geisshorn 3740m, Finsteraarhorn 4247m, Gr. Wannenhorn\"\n               data-src=\"https:\/\/www.freimarianne.ch\/wp-content\/gallery\/torbel-zeneggen-10-6-16\/IMG_8783.jpg\"\n               data-thumbnail=\"https:\/\/www.freimarianne.ch\/wp-content\/gallery\/torbel-zeneggen-10-6-16\/thumbs\/thumbs_IMG_8783.jpg\"\n               data-image-id=\"12974\"\n               data-title=\"Bietschhorn 3934m, L\u00c3\u00b6tschentaler Breithorn 3785m,  Gredetschh\u00c3\u00b6rli, Nesthorn 3824m,  Aletschhorn 4195m, Geisshorn 3740m, Finsteraarhorn 4247m, Gr. Wannenhorn\"\n               data-description=\"Bietschhorn 3934m, L\u00f6tschentaler Breithorn 3785m,  Gredetschh\u00f6rli, Nesthorn 3824m,  Aletschhorn 4195m, Geisshorn 3740m, Finsteraarhorn 4247m, Gr. Wannenhorn\"\n               data-image-slug=\"img_8783-3\"\n               class=\"shutterset_17149\">\n                <img\n                    title=\"Bietschhorn 3934m, L\u00c3\u00b6tschentaler Breithorn 3785m,  Gredetschh\u00c3\u00b6rli, Nesthorn 3824m,  Aletschhorn 4195m, Geisshorn 3740m, Finsteraarhorn 4247m, Gr. Wannenhorn\"\n                    alt=\"Bietschhorn 3934m, L\u00c3\u00b6tschentaler Breithorn 3785m,  Gredetschh\u00c3\u00b6rli, Nesthorn 3824m,  Aletschhorn 4195m, Geisshorn 3740m, Finsteraarhorn 4247m, Gr. Wannenhorn\"\n                    src=\"https:\/\/www.freimarianne.ch\/wp-content\/gallery\/torbel-zeneggen-10-6-16\/thumbs\/thumbs_IMG_8783.jpg\"\n                    width=\"100\"\n                    height=\"75\"\n                    style=\"max-width:100%;\"\n                \/>\n            <\/a>\n        <\/div>\n\t\t\t\t\t\t\t<\/div> \n\t\t\t\n        \n\t\t\t\t<div id=\"ngg-image-18\" class=\"ngg-gallery-thumbnail-box\" >\n\t\t\t\t        <div class=\"ngg-gallery-thumbnail\">\n            <a href=\"https:\/\/www.freimarianne.ch\/wp-content\/gallery\/torbel-zeneggen-10-6-16\/IMG_8785.jpg\"\n               title=\"Bonigersee\"\n               data-src=\"https:\/\/www.freimarianne.ch\/wp-content\/gallery\/torbel-zeneggen-10-6-16\/IMG_8785.jpg\"\n               data-thumbnail=\"https:\/\/www.freimarianne.ch\/wp-content\/gallery\/torbel-zeneggen-10-6-16\/thumbs\/thumbs_IMG_8785.jpg\"\n               data-image-id=\"12975\"\n               data-title=\"Bonigersee\"\n               data-description=\"Bonigersee\"\n               data-image-slug=\"img_8785-1\"\n               class=\"shutterset_17149\">\n                <img\n                    title=\"Bonigersee\"\n                    alt=\"Bonigersee\"\n                    src=\"https:\/\/www.freimarianne.ch\/wp-content\/gallery\/torbel-zeneggen-10-6-16\/thumbs\/thumbs_IMG_8785.jpg\"\n                    width=\"100\"\n                    height=\"75\"\n                    style=\"max-width:100%;\"\n                \/>\n            <\/a>\n        <\/div>\n\t\t\t\t\t\t\t<\/div> \n\t\t\t\n        \n\t\t\t\t<div id=\"ngg-image-19\" class=\"ngg-gallery-thumbnail-box\" >\n\t\t\t\t        <div class=\"ngg-gallery-thumbnail\">\n            <a href=\"https:\/\/www.freimarianne.ch\/wp-content\/gallery\/torbel-zeneggen-10-6-16\/IMG_8806.jpg\"\n               title=\"Schwefelanemonen in der Lichtung Diepja; Nesthorn, Aletschhorn, G\u00e4rsthorn\"\n               data-src=\"https:\/\/www.freimarianne.ch\/wp-content\/gallery\/torbel-zeneggen-10-6-16\/IMG_8806.jpg\"\n               data-thumbnail=\"https:\/\/www.freimarianne.ch\/wp-content\/gallery\/torbel-zeneggen-10-6-16\/thumbs\/thumbs_IMG_8806.jpg\"\n               data-image-id=\"12976\"\n               data-title=\"Schwefelanemonen in der Lichtung Diepja; Nesthorn, Aletschhorn, G\u00c3\u00a4rsthorn\"\n               data-description=\"Schwefelanemonen in der Lichtung Diepja; Nesthorn, Aletschhorn, G\u00e4rsthorn\"\n               data-image-slug=\"img_8806-1\"\n               class=\"shutterset_17149\">\n                <img\n                    title=\"Schwefelanemonen in der Lichtung Diepja; Nesthorn, Aletschhorn, G\u00c3\u00a4rsthorn\"\n                    alt=\"Schwefelanemonen in der Lichtung Diepja; Nesthorn, Aletschhorn, G\u00c3\u00a4rsthorn\"\n                    src=\"https:\/\/www.freimarianne.ch\/wp-content\/gallery\/torbel-zeneggen-10-6-16\/thumbs\/thumbs_IMG_8806.jpg\"\n                    width=\"100\"\n                    height=\"75\"\n                    style=\"max-width:100%;\"\n                \/>\n            <\/a>\n        <\/div>\n\t\t\t\t\t\t\t<\/div> \n\t\t\t\n        \n\t\t\t\t<div id=\"ngg-image-20\" class=\"ngg-gallery-thumbnail-box\" >\n\t\t\t\t        <div class=\"ngg-gallery-thumbnail\">\n            <a href=\"https:\/\/www.freimarianne.ch\/wp-content\/gallery\/torbel-zeneggen-10-6-16\/IMG_8811.jpg\"\n               title=\"Diepja mit Visperterminen\"\n               data-src=\"https:\/\/www.freimarianne.ch\/wp-content\/gallery\/torbel-zeneggen-10-6-16\/IMG_8811.jpg\"\n               data-thumbnail=\"https:\/\/www.freimarianne.ch\/wp-content\/gallery\/torbel-zeneggen-10-6-16\/thumbs\/thumbs_IMG_8811.jpg\"\n               data-image-id=\"12977\"\n               data-title=\"Diepja mit Visperterminen\"\n               data-description=\"Diepja mit Visperterminen\"\n               data-image-slug=\"img_8811-2\"\n               class=\"shutterset_17149\">\n                <img\n                    title=\"Diepja mit Visperterminen\"\n                    alt=\"Diepja mit Visperterminen\"\n                    src=\"https:\/\/www.freimarianne.ch\/wp-content\/gallery\/torbel-zeneggen-10-6-16\/thumbs\/thumbs_IMG_8811.jpg\"\n                    width=\"100\"\n                    height=\"75\"\n                    style=\"max-width:100%;\"\n                \/>\n            <\/a>\n        <\/div>\n\t\t\t\t\t\t\t<\/div> \n\t\t\t\n        \n\t\t\t\t<div id=\"ngg-image-21\" class=\"ngg-gallery-thumbnail-box\" >\n\t\t\t\t        <div class=\"ngg-gallery-thumbnail\">\n            <a href=\"https:\/\/www.freimarianne.ch\/wp-content\/gallery\/torbel-zeneggen-10-6-16\/IMG_8815.jpg\"\n               title=\"Brand- Knabenkraut, Neotinea ustulata\"\n               data-src=\"https:\/\/www.freimarianne.ch\/wp-content\/gallery\/torbel-zeneggen-10-6-16\/IMG_8815.jpg\"\n               data-thumbnail=\"https:\/\/www.freimarianne.ch\/wp-content\/gallery\/torbel-zeneggen-10-6-16\/thumbs\/thumbs_IMG_8815.jpg\"\n               data-image-id=\"12978\"\n               data-title=\"Brand- Knabenkraut, Neotinea ustulata\"\n               data-description=\"Brand- Knabenkraut, Neotinea ustulata\"\n               data-image-slug=\"img_8815\"\n               class=\"shutterset_17149\">\n                <img\n                    title=\"Brand- Knabenkraut, Neotinea ustulata\"\n                    alt=\"Brand- Knabenkraut, Neotinea ustulata\"\n                    src=\"https:\/\/www.freimarianne.ch\/wp-content\/gallery\/torbel-zeneggen-10-6-16\/thumbs\/thumbs_IMG_8815.jpg\"\n                    width=\"100\"\n                    height=\"75\"\n                    style=\"max-width:100%;\"\n                \/>\n            <\/a>\n        <\/div>\n\t\t\t\t\t\t\t<\/div> \n\t\t\t\n        \n\t\t\t\t<div id=\"ngg-image-22\" class=\"ngg-gallery-thumbnail-box\" >\n\t\t\t\t        <div class=\"ngg-gallery-thumbnail\">\n            <a href=\"https:\/\/www.freimarianne.ch\/wp-content\/gallery\/torbel-zeneggen-10-6-16\/IMG_8818.jpg\"\n               title=\"Zeneggen mit Visperterminen\"\n               data-src=\"https:\/\/www.freimarianne.ch\/wp-content\/gallery\/torbel-zeneggen-10-6-16\/IMG_8818.jpg\"\n               data-thumbnail=\"https:\/\/www.freimarianne.ch\/wp-content\/gallery\/torbel-zeneggen-10-6-16\/thumbs\/thumbs_IMG_8818.jpg\"\n               data-image-id=\"12979\"\n               data-title=\"Zeneggen mit Visperterminen\"\n               data-description=\"Zeneggen mit Visperterminen\"\n               data-image-slug=\"img_8818-1\"\n               class=\"shutterset_17149\">\n                <img\n                    title=\"Zeneggen mit Visperterminen\"\n                    alt=\"Zeneggen mit Visperterminen\"\n                    src=\"https:\/\/www.freimarianne.ch\/wp-content\/gallery\/torbel-zeneggen-10-6-16\/thumbs\/thumbs_IMG_8818.jpg\"\n                    width=\"100\"\n                    height=\"75\"\n                    style=\"max-width:100%;\"\n                \/>\n            <\/a>\n        <\/div>\n\t\t\t\t\t\t\t<\/div> \n\t\t\t\n        \n\t\t\t\t<div id=\"ngg-image-23\" class=\"ngg-gallery-thumbnail-box\" >\n\t\t\t\t        <div class=\"ngg-gallery-thumbnail\">\n            <a href=\"https:\/\/www.freimarianne.ch\/wp-content\/gallery\/torbel-zeneggen-10-6-16\/pano-8716-20.jpg\"\n               title=\"Fletschhorn, Lagginhorn, Weissmies und Balfrin und Mischabelgruppe\"\n               data-src=\"https:\/\/www.freimarianne.ch\/wp-content\/gallery\/torbel-zeneggen-10-6-16\/pano-8716-20.jpg\"\n               data-thumbnail=\"https:\/\/www.freimarianne.ch\/wp-content\/gallery\/torbel-zeneggen-10-6-16\/thumbs\/thumbs_pano-8716-20.jpg\"\n               data-image-id=\"12980\"\n               data-title=\"Fletschhorn, Lagginhorn, Weissmis und Balfrin und Mischabelgruppe\"\n               data-description=\"Fletschhorn, Lagginhorn, Weissmies und Balfrin und Mischabelgruppe\"\n               data-image-slug=\"pano-8716-20\"\n               class=\"shutterset_17149\">\n                <img\n                    title=\"Fletschhorn, Lagginhorn, Weissmis und Balfrin und Mischabelgruppe\"\n                    alt=\"Fletschhorn, Lagginhorn, Weissmis und Balfrin und Mischabelgruppe\"\n                    src=\"https:\/\/www.freimarianne.ch\/wp-content\/gallery\/torbel-zeneggen-10-6-16\/thumbs\/thumbs_pano-8716-20.jpg\"\n                    width=\"100\"\n                    height=\"75\"\n                    style=\"max-width:100%;\"\n                \/>\n            <\/a>\n        <\/div>\n\t\t\t\t\t\t\t<\/div> \n\t\t\t\n        \n\t\t\n\t\t<!-- Pagination -->\n\t<div class='ngg-clear'><\/div>\t<\/div>\n<\/p>\n","protected":false},"excerpt":{"rendered":"<p>Bergwanderung von T\u00f6rbel zur Moosalp &#8211; Stand &#8211; Breitmatte &#8211; Zeneggen Heute gibt es ein sog.\u201cSch\u00f6nwetterfenster\u201c wie schon einmal diese Woche. Und dieses Fenster scheint im Wallis besonders offen zu sein! Wir beginnen unsere Wanderung im sonnigen T\u00f6rbel kurz nach 11 h und steigen den Wanderweg durch die bl\u00fchenden Wiesen\u00a0 (der Pfad wurde gem\u00e4ht)\u00a0 hinauf [&hellip;]<\/p>\n","protected":false},"author":1,"featured_media":0,"parent":17006,"menu_order":4,"comment_status":"closed","ping_status":"closed","template":"","meta":{"ngg_post_thumbnail":0},"_links":{"self":[{"href":"https:\/\/www.freimarianne.ch\/index.php?rest_route=\/wp\/v2\/pages\/17015"}],"collection":[{"href":"https:\/\/www.freimarianne.ch\/index.php?rest_route=\/wp\/v2\/pages"}],"about":[{"href":"https:\/\/www.freimarianne.ch\/index.php?rest_route=\/wp\/v2\/types\/page"}],"author":[{"embeddable":true,"href":"https:\/\/www.freimarianne.ch\/index.php?rest_route=\/wp\/v2\/users\/1"}],"replies":[{"embeddable":true,"href":"https:\/\/www.freimarianne.ch\/index.php?rest_route=%2Fwp%2Fv2%2Fcomments&post=17015"}],"version-history":[{"count":9,"href":"https:\/\/www.freimarianne.ch\/index.php?rest_route=\/wp\/v2\/pages\/17015\/revisions"}],"predecessor-version":[{"id":38969,"href":"https:\/\/www.freimarianne.ch\/index.php?rest_route=\/wp\/v2\/pages\/17015\/revisions\/38969"}],"up":[{"embeddable":true,"href":"https:\/\/www.freimarianne.ch\/index.php?rest_route=\/wp\/v2\/pages\/17006"}],"wp:attachment":[{"href":"https:\/\/www.freimarianne.ch\/index.php?rest_route=%2Fwp%2Fv2%2Fmedia&parent=17015"}],"curies":[{"name":"wp","href":"https:\/\/api.w.org\/{rel}","templated":true}]}}