{"id":21893,"date":"2016-12-12T17:49:20","date_gmt":"2016-12-12T16:49:20","guid":{"rendered":"http:\/\/www.freimarianne.ch\/?page_id=21893"},"modified":"2016-12-31T08:56:43","modified_gmt":"2016-12-31T07:56:43","slug":"chli-aubrig-sz-6-12-2016","status":"publish","type":"page","link":"https:\/\/www.freimarianne.ch\/?page_id=21893","title":{"rendered":"Chli Aubrig  SZ  6.12.2016"},"content":{"rendered":"<p><strong>Bergwanderung vom W\u00e4gitalersee aus auf den Chli Aubrig und hinuntr nach Euthal<\/strong><\/p>\n<p><img loading=\"lazy\" class=\"alignleft size-full wp-image-21895\" src=\"http:\/\/www.freimarianne.ch\/wp-content\/uploads\/2016\/12\/IMG_3217_chliaubrig_500.jpg\" alt=\"img_3217_chliaubrig_500\" width=\"500\" height=\"375\" srcset=\"https:\/\/www.freimarianne.ch\/wp-content\/uploads\/2016\/12\/IMG_3217_chliaubrig_500.jpg 500w, https:\/\/www.freimarianne.ch\/wp-content\/uploads\/2016\/12\/IMG_3217_chliaubrig_500-300x225.jpg 300w, https:\/\/www.freimarianne.ch\/wp-content\/uploads\/2016\/12\/IMG_3217_chliaubrig_500-400x300.jpg 400w\" sizes=\"(max-width: 500px) 100vw, 500px\" \/><\/p>\n<p>Heute ist ein sonniger Prachtstag &#8211; aber es ist recht kalt, was gut f\u00fcr die Wanderwege in diesem Gebiet ist &#8211; sind sie doch sonst eher nass. Der gefrorene Boden l\u00e4sst uns auf der fogenden Wanderung gut vorankommen.<br \/>\nUm 10.00 marschieren wir bei der Staumauer des W\u00e4gitalersees los in Richtung Brandhalti, wo sich der Einstieg in den Wanderweg hinauf nach Rohr befindet. Es wird gleich recht steil und in Rohr 1210m oben haben wir eine Trinkpause verdient. Weiter geht es hinauf nach Eggstoffel 1392m.<br \/>\nSobald wir auf die Anh\u00f6he der Salzl\u00e4cki kommen haben wir ein sch\u00f6nes Panorama vor uns:<a href=\"http:\/\/www.alpen-panoramen.de\/panorama.php?pid=24605\">Panorama:vom Chli Aubrig<\/a><\/p>\n<p>Vor der H\u00fctte bei der Salzl\u00e4cki folgen wir den Wegweisern den Hang hinauf und hin\u00fcber nach N\u00fcssen 1510m. Wir befinden uns auf der ausgesteckten Route der Schneeschuhtour auf den Chli Aubrig.<br \/>\nDie Gegend hier oben ist sehr malerisch und es bieten sich pr\u00e4chtige Ausblicke. Von der Wildegg 1509m aus m\u00fcssen wir noch einige H\u00f6henmeter \u00fcberwinden, bis wir auf dem Grat des Chli Aubrig 1617m stehen. Hier halten wir unser Mittagsrast und geniessen den Sonnenschein und das Panorama. Nat\u00fcrlich d\u00fcrfen die Gipfelfotos nicht fehlen!<br \/>\nDer Abstieg erfolgt zuerst auf der Aufstiegsroute zur\u00fcck zur Wildegg. Von dort f\u00fchrt der Wanderweg steil hiunter in die Gegend der Chrumfluh und dann rechts oberhalb des Chilentobels hiunter ins Euthal zur Sagenweid. Ab hier geht es flott meist auf Wanderwegen weiter bis zum Dorf Euthal, wo wir bald das Postauto nach Einsiedeln besteigen k\u00f6nnen.<br \/>\nDies war eine sehr sch\u00f6ne Wintertour bei besten Verh\u00e4ltnissen.<\/p>\n<p>Laut Schweizmobil:<br \/>\nDistanz: 13.14km; Aufstieg: 832m; Abstieg: 842m; Marschzeit: 4 h 47 min<\/p>\n<p><a href=\"https:\/\/map.wanderland.ch\/?lang=de&amp;route=all&amp;bgLayer=pk&amp;resolution=10&amp;X=707927&amp;Y=217695&amp;layers=Wanderland%2CStation&amp;trackId=3198610\">Karte Schweizmobil:<\/a><\/p>\n<p>Laut GPS:<br \/>\nDistanz: 13.1km; Aufstieg:796m; Abstieg: 820m; Marschzeit: 5h 21 min<\/p>\n<p><!-- index.php -->\n<div\n\tclass=\"ngg-galleryoverview ngg-ajax-pagination-none\"\n\tid=\"ngg-gallery-22276-1\">\n\n    \t<div class=\"slideshowlink\">\n        <a href='https:\/\/www.freimarianne.ch\/index.php\/nggallery\/slideshow?page_id=21893'>[Show as slideshow]<\/a>\n\t\t\n\t<\/div>\n\t\t\t<!-- Thumbnails -->\n\t\t\t\t<div id=\"ngg-image-0\" class=\"ngg-gallery-thumbnail-box\" >\n\t\t\t\t        <div class=\"ngg-gallery-thumbnail\">\n            <a href=\"https:\/\/www.freimarianne.ch\/wp-content\/gallery\/chli-aubrig-6-12-16\/IMG_3159.jpg\"\n               title=\"W\u00e4gitalersee mit re Tierberg\"\n               data-src=\"https:\/\/www.freimarianne.ch\/wp-content\/gallery\/chli-aubrig-6-12-16\/IMG_3159.jpg\"\n               data-thumbnail=\"https:\/\/www.freimarianne.ch\/wp-content\/gallery\/chli-aubrig-6-12-16\/thumbs\/thumbs_IMG_3159.jpg\"\n               data-image-id=\"15035\"\n               data-title=\"W\u00c3\u00a4gitalersee mit re Tierberg\"\n               data-description=\"W\u00e4gitalersee mit re Tierberg\"\n               data-image-slug=\"img_3159\"\n               class=\"shutterset_22276\">\n                <img\n                    title=\"W\u00c3\u00a4gitalersee mit re Tierberg\"\n                    alt=\"W\u00c3\u00a4gitalersee mit re Tierberg\"\n                    src=\"https:\/\/www.freimarianne.ch\/wp-content\/gallery\/chli-aubrig-6-12-16\/thumbs\/thumbs_IMG_3159.jpg\"\n                    width=\"100\"\n                    height=\"75\"\n                    style=\"max-width:100%;\"\n                \/>\n            <\/a>\n        <\/div>\n\t\t\t\t\t\t\t<\/div> \n\t\t\t\n        \n\t\t\t\t<div id=\"ngg-image-1\" class=\"ngg-gallery-thumbnail-box\" >\n\t\t\t\t        <div class=\"ngg-gallery-thumbnail\">\n            <a href=\"https:\/\/www.freimarianne.ch\/wp-content\/gallery\/chli-aubrig-6-12-16\/IMG_3163.jpg\"\n               title=\"Brigitte und Hanspeter vor dem W\u00e4gitalersee\"\n               data-src=\"https:\/\/www.freimarianne.ch\/wp-content\/gallery\/chli-aubrig-6-12-16\/IMG_3163.jpg\"\n               data-thumbnail=\"https:\/\/www.freimarianne.ch\/wp-content\/gallery\/chli-aubrig-6-12-16\/thumbs\/thumbs_IMG_3163.jpg\"\n               data-image-id=\"15034\"\n               data-title=\"Brigitte und Hanspeter vor dem W\u00c3\u00a4gitalersee\"\n               data-description=\"Brigitte und Hanspeter vor dem W\u00e4gitalersee\"\n               data-image-slug=\"img_3163-1\"\n               class=\"shutterset_22276\">\n                <img\n                    title=\"Brigitte und Hanspeter vor dem W\u00c3\u00a4gitalersee\"\n                    alt=\"Brigitte und Hanspeter vor dem W\u00c3\u00a4gitalersee\"\n                    src=\"https:\/\/www.freimarianne.ch\/wp-content\/gallery\/chli-aubrig-6-12-16\/thumbs\/thumbs_IMG_3163.jpg\"\n                    width=\"100\"\n                    height=\"75\"\n                    style=\"max-width:100%;\"\n                \/>\n            <\/a>\n        <\/div>\n\t\t\t\t\t\t\t<\/div> \n\t\t\t\n        \n\t\t\t\t<div id=\"ngg-image-2\" class=\"ngg-gallery-thumbnail-box\" >\n\t\t\t\t        <div class=\"ngg-gallery-thumbnail\">\n            <a href=\"https:\/\/www.freimarianne.ch\/wp-content\/gallery\/chli-aubrig-6-12-16\/IMG_3166.jpg\"\n               title=\"beim Aufstieg nach Rohr\"\n               data-src=\"https:\/\/www.freimarianne.ch\/wp-content\/gallery\/chli-aubrig-6-12-16\/IMG_3166.jpg\"\n               data-thumbnail=\"https:\/\/www.freimarianne.ch\/wp-content\/gallery\/chli-aubrig-6-12-16\/thumbs\/thumbs_IMG_3166.jpg\"\n               data-image-id=\"15033\"\n               data-title=\"beim Aufstieg nach Rohr\"\n               data-description=\"beim Aufstieg nach Rohr\"\n               data-image-slug=\"img_3166-2\"\n               class=\"shutterset_22276\">\n                <img\n                    title=\"beim Aufstieg nach Rohr\"\n                    alt=\"beim Aufstieg nach Rohr\"\n                    src=\"https:\/\/www.freimarianne.ch\/wp-content\/gallery\/chli-aubrig-6-12-16\/thumbs\/thumbs_IMG_3166.jpg\"\n                    width=\"100\"\n                    height=\"75\"\n                    style=\"max-width:100%;\"\n                \/>\n            <\/a>\n        <\/div>\n\t\t\t\t\t\t\t<\/div> \n\t\t\t\n        \n\t\t\t\t<div id=\"ngg-image-3\" class=\"ngg-gallery-thumbnail-box\" >\n\t\t\t\t        <div class=\"ngg-gallery-thumbnail\">\n            <a href=\"https:\/\/www.freimarianne.ch\/wp-content\/gallery\/chli-aubrig-6-12-16\/IMG_3168.jpg\"\n               title=\"oberhalb Rohr: Ch\u00f6pfenberg 1896m,  Tierberg 1989m, Bockmattli  1932m, Schiberg 2043m\"\n               data-src=\"https:\/\/www.freimarianne.ch\/wp-content\/gallery\/chli-aubrig-6-12-16\/IMG_3168.jpg\"\n               data-thumbnail=\"https:\/\/www.freimarianne.ch\/wp-content\/gallery\/chli-aubrig-6-12-16\/thumbs\/thumbs_IMG_3168.jpg\"\n               data-image-id=\"15032\"\n               data-title=\"oberhalb Rohr: Ch\u00c3\u00b6pfenberg 1896m,  Tierberg 1989m, Bockmattli  1932m, Schiberg 2043m\"\n               data-description=\"oberhalb Rohr: Ch\u00f6pfenberg 1896m,  Tierberg 1989m, Bockmattli  1932m, Schiberg 2043m\"\n               data-image-slug=\"img_3168\"\n               class=\"shutterset_22276\">\n                <img\n                    title=\"oberhalb Rohr: Ch\u00c3\u00b6pfenberg 1896m,  Tierberg 1989m, Bockmattli  1932m, Schiberg 2043m\"\n                    alt=\"oberhalb Rohr: Ch\u00c3\u00b6pfenberg 1896m,  Tierberg 1989m, Bockmattli  1932m, Schiberg 2043m\"\n                    src=\"https:\/\/www.freimarianne.ch\/wp-content\/gallery\/chli-aubrig-6-12-16\/thumbs\/thumbs_IMG_3168.jpg\"\n                    width=\"100\"\n                    height=\"75\"\n                    style=\"max-width:100%;\"\n                \/>\n            <\/a>\n        <\/div>\n\t\t\t\t\t\t\t<\/div> \n\t\t\t\n        \n\t\t\t\t<div id=\"ngg-image-4\" class=\"ngg-gallery-thumbnail-box\" >\n\t\t\t\t        <div class=\"ngg-gallery-thumbnail\">\n            <a href=\"https:\/\/www.freimarianne.ch\/wp-content\/gallery\/chli-aubrig-6-12-16\/IMG_3173.jpg\"\n               title=\"Turner 2069m, Wyss R\u00f6ssli 2018m, Diethelm\/ Fluebrig 2093m\"\n               data-src=\"https:\/\/www.freimarianne.ch\/wp-content\/gallery\/chli-aubrig-6-12-16\/IMG_3173.jpg\"\n               data-thumbnail=\"https:\/\/www.freimarianne.ch\/wp-content\/gallery\/chli-aubrig-6-12-16\/thumbs\/thumbs_IMG_3173.jpg\"\n               data-image-id=\"15031\"\n               data-title=\"Turner 2069m, Wyss R\u00c3\u00b6ssli 2018m, Diethelm\/ Fluebrig 2093m\"\n               data-description=\"Turner 2069m, Wyss R\u00f6ssli 2018m, Diethelm\/ Fluebrig 2093m\"\n               data-image-slug=\"img_3173-2\"\n               class=\"shutterset_22276\">\n                <img\n                    title=\"Turner 2069m, Wyss R\u00c3\u00b6ssli 2018m, Diethelm\/ Fluebrig 2093m\"\n                    alt=\"Turner 2069m, Wyss R\u00c3\u00b6ssli 2018m, Diethelm\/ Fluebrig 2093m\"\n                    src=\"https:\/\/www.freimarianne.ch\/wp-content\/gallery\/chli-aubrig-6-12-16\/thumbs\/thumbs_IMG_3173.jpg\"\n                    width=\"100\"\n                    height=\"75\"\n                    style=\"max-width:100%;\"\n                \/>\n            <\/a>\n        <\/div>\n\t\t\t\t\t\t\t<\/div> \n\t\t\t\n        \n\t\t\t\t<div id=\"ngg-image-5\" class=\"ngg-gallery-thumbnail-box\" >\n\t\t\t\t        <div class=\"ngg-gallery-thumbnail\">\n            <a href=\"https:\/\/www.freimarianne.ch\/wp-content\/gallery\/chli-aubrig-6-12-16\/IMG_3182.jpg\"\n               title=\"Ch\u00f6pfenberg 1896m,  Tierberg 1989m, Bockmattli  1932m, Schiberg 2043m\"\n               data-src=\"https:\/\/www.freimarianne.ch\/wp-content\/gallery\/chli-aubrig-6-12-16\/IMG_3182.jpg\"\n               data-thumbnail=\"https:\/\/www.freimarianne.ch\/wp-content\/gallery\/chli-aubrig-6-12-16\/thumbs\/thumbs_IMG_3182.jpg\"\n               data-image-id=\"15030\"\n               data-title=\"Ch\u00c3\u00b6pfenberg 1896m,  Tierberg 1989m, Bockmattli  1932m, Schiberg 2043m\"\n               data-description=\"Ch\u00f6pfenberg 1896m,  Tierberg 1989m, Bockmattli  1932m, Schiberg 2043m\"\n               data-image-slug=\"img_3182-1\"\n               class=\"shutterset_22276\">\n                <img\n                    title=\"Ch\u00c3\u00b6pfenberg 1896m,  Tierberg 1989m, Bockmattli  1932m, Schiberg 2043m\"\n                    alt=\"Ch\u00c3\u00b6pfenberg 1896m,  Tierberg 1989m, Bockmattli  1932m, Schiberg 2043m\"\n                    src=\"https:\/\/www.freimarianne.ch\/wp-content\/gallery\/chli-aubrig-6-12-16\/thumbs\/thumbs_IMG_3182.jpg\"\n                    width=\"100\"\n                    height=\"75\"\n                    style=\"max-width:100%;\"\n                \/>\n            <\/a>\n        <\/div>\n\t\t\t\t\t\t\t<\/div> \n\t\t\t\n        \n\t\t\t\t<div id=\"ngg-image-6\" class=\"ngg-gallery-thumbnail-box\" >\n\t\t\t\t        <div class=\"ngg-gallery-thumbnail\">\n            <a href=\"https:\/\/www.freimarianne.ch\/wp-content\/gallery\/chli-aubrig-6-12-16\/IMG_3184.jpg\"\n               title=\"Eggstofel 1392m\"\n               data-src=\"https:\/\/www.freimarianne.ch\/wp-content\/gallery\/chli-aubrig-6-12-16\/IMG_3184.jpg\"\n               data-thumbnail=\"https:\/\/www.freimarianne.ch\/wp-content\/gallery\/chli-aubrig-6-12-16\/thumbs\/thumbs_IMG_3184.jpg\"\n               data-image-id=\"15029\"\n               data-title=\"Eggstofel 1392m\"\n               data-description=\"Eggstofel 1392m\"\n               data-image-slug=\"img_3184-1\"\n               class=\"shutterset_22276\">\n                <img\n                    title=\"Eggstofel 1392m\"\n                    alt=\"Eggstofel 1392m\"\n                    src=\"https:\/\/www.freimarianne.ch\/wp-content\/gallery\/chli-aubrig-6-12-16\/thumbs\/thumbs_IMG_3184.jpg\"\n                    width=\"100\"\n                    height=\"75\"\n                    style=\"max-width:100%;\"\n                \/>\n            <\/a>\n        <\/div>\n\t\t\t\t\t\t\t<\/div> \n\t\t\t\n        \n\t\t\t\t<div id=\"ngg-image-7\" class=\"ngg-gallery-thumbnail-box\" >\n\t\t\t\t        <div class=\"ngg-gallery-thumbnail\">\n            <a href=\"https:\/\/www.freimarianne.ch\/wp-content\/gallery\/chli-aubrig-6-12-16\/IMG_3185.jpg\"\n               title=\"Sicht von Eggstofel 1392m auf den Ch\u00f6pfenberg\"\n               data-src=\"https:\/\/www.freimarianne.ch\/wp-content\/gallery\/chli-aubrig-6-12-16\/IMG_3185.jpg\"\n               data-thumbnail=\"https:\/\/www.freimarianne.ch\/wp-content\/gallery\/chli-aubrig-6-12-16\/thumbs\/thumbs_IMG_3185.jpg\"\n               data-image-id=\"15028\"\n               data-title=\"Sicht von Eggstofel 1392m auf den Ch\u00c3\u00b6pfenberg\"\n               data-description=\"Sicht von Eggstofel 1392m auf den Ch\u00f6pfenberg\"\n               data-image-slug=\"img_3185\"\n               class=\"shutterset_22276\">\n                <img\n                    title=\"Sicht von Eggstofel 1392m auf den Ch\u00c3\u00b6pfenberg\"\n                    alt=\"Sicht von Eggstofel 1392m auf den Ch\u00c3\u00b6pfenberg\"\n                    src=\"https:\/\/www.freimarianne.ch\/wp-content\/gallery\/chli-aubrig-6-12-16\/thumbs\/thumbs_IMG_3185.jpg\"\n                    width=\"100\"\n                    height=\"75\"\n                    style=\"max-width:100%;\"\n                \/>\n            <\/a>\n        <\/div>\n\t\t\t\t\t\t\t<\/div> \n\t\t\t\n        \n\t\t\t\t<div id=\"ngg-image-8\" class=\"ngg-gallery-thumbnail-box\" >\n\t\t\t\t        <div class=\"ngg-gallery-thumbnail\">\n            <a href=\"https:\/\/www.freimarianne.ch\/wp-content\/gallery\/chli-aubrig-6-12-16\/IMG_3186.jpg\"\n               title=\"Sicht von Eggstofel 1392m auf den Chli Aubrig 1617m\"\n               data-src=\"https:\/\/www.freimarianne.ch\/wp-content\/gallery\/chli-aubrig-6-12-16\/IMG_3186.jpg\"\n               data-thumbnail=\"https:\/\/www.freimarianne.ch\/wp-content\/gallery\/chli-aubrig-6-12-16\/thumbs\/thumbs_IMG_3186.jpg\"\n               data-image-id=\"15027\"\n               data-title=\"Sicht von Eggstofel 1392m auf den Chli Aubrig 1617m\"\n               data-description=\"Sicht von Eggstofel 1392m auf den Chli Aubrig 1617m\"\n               data-image-slug=\"img_3186-1\"\n               class=\"shutterset_22276\">\n                <img\n                    title=\"Sicht von Eggstofel 1392m auf den Chli Aubrig 1617m\"\n                    alt=\"Sicht von Eggstofel 1392m auf den Chli Aubrig 1617m\"\n                    src=\"https:\/\/www.freimarianne.ch\/wp-content\/gallery\/chli-aubrig-6-12-16\/thumbs\/thumbs_IMG_3186.jpg\"\n                    width=\"100\"\n                    height=\"75\"\n                    style=\"max-width:100%;\"\n                \/>\n            <\/a>\n        <\/div>\n\t\t\t\t\t\t\t<\/div> \n\t\t\t\n        \n\t\t\t\t<div id=\"ngg-image-9\" class=\"ngg-gallery-thumbnail-box\" >\n\t\t\t\t        <div class=\"ngg-gallery-thumbnail\">\n            <a href=\"https:\/\/www.freimarianne.ch\/wp-content\/gallery\/chli-aubrig-6-12-16\/IMG_3187.jpg\"\n               title=\"Sicht von Eggstofel 1392m auf den Ch\u00f6pfenberg 1896m,  Tierberg 1989m, Bockmattli  1932m\"\n               data-src=\"https:\/\/www.freimarianne.ch\/wp-content\/gallery\/chli-aubrig-6-12-16\/IMG_3187.jpg\"\n               data-thumbnail=\"https:\/\/www.freimarianne.ch\/wp-content\/gallery\/chli-aubrig-6-12-16\/thumbs\/thumbs_IMG_3187.jpg\"\n               data-image-id=\"15026\"\n               data-title=\"Sicht von Eggstofel 1392m auf den Ch\u00c3\u00b6pfenberg 1896m,  Tierberg 1989m, Bockmattli  1932m\"\n               data-description=\"Sicht von Eggstofel 1392m auf den Ch\u00f6pfenberg 1896m,  Tierberg 1989m, Bockmattli  1932m\"\n               data-image-slug=\"img_3187\"\n               class=\"shutterset_22276\">\n                <img\n                    title=\"Sicht von Eggstofel 1392m auf den Ch\u00c3\u00b6pfenberg 1896m,  Tierberg 1989m, Bockmattli  1932m\"\n                    alt=\"Sicht von Eggstofel 1392m auf den Ch\u00c3\u00b6pfenberg 1896m,  Tierberg 1989m, Bockmattli  1932m\"\n                    src=\"https:\/\/www.freimarianne.ch\/wp-content\/gallery\/chli-aubrig-6-12-16\/thumbs\/thumbs_IMG_3187.jpg\"\n                    width=\"100\"\n                    height=\"75\"\n                    style=\"max-width:100%;\"\n                \/>\n            <\/a>\n        <\/div>\n\t\t\t\t\t\t\t<\/div> \n\t\t\t\n        \n\t\t\t\t<div id=\"ngg-image-10\" class=\"ngg-gallery-thumbnail-box\" >\n\t\t\t\t        <div class=\"ngg-gallery-thumbnail\">\n            <a href=\"https:\/\/www.freimarianne.ch\/wp-content\/gallery\/chli-aubrig-6-12-16\/IMG_3192.jpg\"\n               title=\"Eis - wir haben WInter !\"\n               data-src=\"https:\/\/www.freimarianne.ch\/wp-content\/gallery\/chli-aubrig-6-12-16\/IMG_3192.jpg\"\n               data-thumbnail=\"https:\/\/www.freimarianne.ch\/wp-content\/gallery\/chli-aubrig-6-12-16\/thumbs\/thumbs_IMG_3192.jpg\"\n               data-image-id=\"15025\"\n               data-title=\"Eis - wir haben WInter !\"\n               data-description=\"Eis - wir haben WInter !\"\n               data-image-slug=\"img_3192\"\n               class=\"shutterset_22276\">\n                <img\n                    title=\"Eis - wir haben WInter !\"\n                    alt=\"Eis - wir haben WInter !\"\n                    src=\"https:\/\/www.freimarianne.ch\/wp-content\/gallery\/chli-aubrig-6-12-16\/thumbs\/thumbs_IMG_3192.jpg\"\n                    width=\"100\"\n                    height=\"75\"\n                    style=\"max-width:100%;\"\n                \/>\n            <\/a>\n        <\/div>\n\t\t\t\t\t\t\t<\/div> \n\t\t\t\n        \n\t\t\t\t<div id=\"ngg-image-11\" class=\"ngg-gallery-thumbnail-box\" >\n\t\t\t\t        <div class=\"ngg-gallery-thumbnail\">\n            <a href=\"https:\/\/www.freimarianne.ch\/wp-content\/gallery\/chli-aubrig-6-12-16\/IMG_3194.jpg\"\n               title=\"gegen Salzl\u00e4cki\"\n               data-src=\"https:\/\/www.freimarianne.ch\/wp-content\/gallery\/chli-aubrig-6-12-16\/IMG_3194.jpg\"\n               data-thumbnail=\"https:\/\/www.freimarianne.ch\/wp-content\/gallery\/chli-aubrig-6-12-16\/thumbs\/thumbs_IMG_3194.jpg\"\n               data-image-id=\"15024\"\n               data-title=\"gegen Salzl\u00c3\u00a4cki\"\n               data-description=\"gegen Salzl\u00e4cki\"\n               data-image-slug=\"img_3194\"\n               class=\"shutterset_22276\">\n                <img\n                    title=\"gegen Salzl\u00c3\u00a4cki\"\n                    alt=\"gegen Salzl\u00c3\u00a4cki\"\n                    src=\"https:\/\/www.freimarianne.ch\/wp-content\/gallery\/chli-aubrig-6-12-16\/thumbs\/thumbs_IMG_3194.jpg\"\n                    width=\"100\"\n                    height=\"75\"\n                    style=\"max-width:100%;\"\n                \/>\n            <\/a>\n        <\/div>\n\t\t\t\t\t\t\t<\/div> \n\t\t\t\n        \n\t\t\t\t<div id=\"ngg-image-12\" class=\"ngg-gallery-thumbnail-box\" >\n\t\t\t\t        <div class=\"ngg-gallery-thumbnail\">\n            <a href=\"https:\/\/www.freimarianne.ch\/wp-content\/gallery\/chli-aubrig-6-12-16\/IMG_3209.jpg\"\n               title=\"auf dem Weg zum Chli Aubrig\"\n               data-src=\"https:\/\/www.freimarianne.ch\/wp-content\/gallery\/chli-aubrig-6-12-16\/IMG_3209.jpg\"\n               data-thumbnail=\"https:\/\/www.freimarianne.ch\/wp-content\/gallery\/chli-aubrig-6-12-16\/thumbs\/thumbs_IMG_3209.jpg\"\n               data-image-id=\"15023\"\n               data-title=\"auf dem Weg zum Chli Aubrig\"\n               data-description=\"auf dem Weg zum Chli Aubrig\"\n               data-image-slug=\"img_3209-1\"\n               class=\"shutterset_22276\">\n                <img\n                    title=\"auf dem Weg zum Chli Aubrig\"\n                    alt=\"auf dem Weg zum Chli Aubrig\"\n                    src=\"https:\/\/www.freimarianne.ch\/wp-content\/gallery\/chli-aubrig-6-12-16\/thumbs\/thumbs_IMG_3209.jpg\"\n                    width=\"100\"\n                    height=\"75\"\n                    style=\"max-width:100%;\"\n                \/>\n            <\/a>\n        <\/div>\n\t\t\t\t\t\t\t<\/div> \n\t\t\t\n        \n\t\t\t\t<div id=\"ngg-image-13\" class=\"ngg-gallery-thumbnail-box\" >\n\t\t\t\t        <div class=\"ngg-gallery-thumbnail\">\n            <a href=\"https:\/\/www.freimarianne.ch\/wp-content\/gallery\/chli-aubrig-6-12-16\/IMG_3211.jpg\"\n               title=\"sch\u00f6ne Stimmung vor N\u00fcssen\"\n               data-src=\"https:\/\/www.freimarianne.ch\/wp-content\/gallery\/chli-aubrig-6-12-16\/IMG_3211.jpg\"\n               data-thumbnail=\"https:\/\/www.freimarianne.ch\/wp-content\/gallery\/chli-aubrig-6-12-16\/thumbs\/thumbs_IMG_3211.jpg\"\n               data-image-id=\"15022\"\n               data-title=\"sch\u00c3\u00b6ne Stimmung vor N\u00c3\u00bcssen\"\n               data-description=\"sch\u00f6ne Stimmung vor N\u00fcssen\"\n               data-image-slug=\"img_3211-4\"\n               class=\"shutterset_22276\">\n                <img\n                    title=\"sch\u00c3\u00b6ne Stimmung vor N\u00c3\u00bcssen\"\n                    alt=\"sch\u00c3\u00b6ne Stimmung vor N\u00c3\u00bcssen\"\n                    src=\"https:\/\/www.freimarianne.ch\/wp-content\/gallery\/chli-aubrig-6-12-16\/thumbs\/thumbs_IMG_3211.jpg\"\n                    width=\"100\"\n                    height=\"75\"\n                    style=\"max-width:100%;\"\n                \/>\n            <\/a>\n        <\/div>\n\t\t\t\t\t\t\t<\/div> \n\t\t\t\n        \n\t\t\t\t<div id=\"ngg-image-14\" class=\"ngg-gallery-thumbnail-box\" >\n\t\t\t\t        <div class=\"ngg-gallery-thumbnail\">\n            <a href=\"https:\/\/www.freimarianne.ch\/wp-content\/gallery\/chli-aubrig-6-12-16\/IMG_3219.jpg\"\n               title=\"Sicht auf den Grat zur Windegg; Chli Aubrig\"\n               data-src=\"https:\/\/www.freimarianne.ch\/wp-content\/gallery\/chli-aubrig-6-12-16\/IMG_3219.jpg\"\n               data-thumbnail=\"https:\/\/www.freimarianne.ch\/wp-content\/gallery\/chli-aubrig-6-12-16\/thumbs\/thumbs_IMG_3219.jpg\"\n               data-image-id=\"15021\"\n               data-title=\"Sicht auf den Grat zur Windegg; Chli Aubrig\"\n               data-description=\"Sicht auf den Grat zur Windegg; Chli Aubrig\"\n               data-image-slug=\"img_3219-1\"\n               class=\"shutterset_22276\">\n                <img\n                    title=\"Sicht auf den Grat zur Windegg; Chli Aubrig\"\n                    alt=\"Sicht auf den Grat zur Windegg; Chli Aubrig\"\n                    src=\"https:\/\/www.freimarianne.ch\/wp-content\/gallery\/chli-aubrig-6-12-16\/thumbs\/thumbs_IMG_3219.jpg\"\n                    width=\"100\"\n                    height=\"75\"\n                    style=\"max-width:100%;\"\n                \/>\n            <\/a>\n        <\/div>\n\t\t\t\t\t\t\t<\/div> \n\t\t\t\n        \n\t\t\t\t<div id=\"ngg-image-15\" class=\"ngg-gallery-thumbnail-box\" >\n\t\t\t\t        <div class=\"ngg-gallery-thumbnail\">\n            <a href=\"https:\/\/www.freimarianne.ch\/wp-content\/gallery\/chli-aubrig-6-12-16\/IMG_3220.jpg\"\n               title=\"Marainne vor dem Chli Aubrig 1617m\"\n               data-src=\"https:\/\/www.freimarianne.ch\/wp-content\/gallery\/chli-aubrig-6-12-16\/IMG_3220.jpg\"\n               data-thumbnail=\"https:\/\/www.freimarianne.ch\/wp-content\/gallery\/chli-aubrig-6-12-16\/thumbs\/thumbs_IMG_3220.jpg\"\n               data-image-id=\"15020\"\n               data-title=\"Marianne vor dem Chli Aubrig 1617m\"\n               data-description=\"Marainne vor dem Chli Aubrig 1617m\"\n               data-image-slug=\"img_3220-3\"\n               class=\"shutterset_22276\">\n                <img\n                    title=\"Marianne vor dem Chli Aubrig 1617m\"\n                    alt=\"Marianne vor dem Chli Aubrig 1617m\"\n                    src=\"https:\/\/www.freimarianne.ch\/wp-content\/gallery\/chli-aubrig-6-12-16\/thumbs\/thumbs_IMG_3220.jpg\"\n                    width=\"100\"\n                    height=\"75\"\n                    style=\"max-width:100%;\"\n                \/>\n            <\/a>\n        <\/div>\n\t\t\t\t\t\t\t<\/div> \n\t\t\t\n        \n\t\t\t\t<div id=\"ngg-image-16\" class=\"ngg-gallery-thumbnail-box\" >\n\t\t\t\t        <div class=\"ngg-gallery-thumbnail\">\n            <a href=\"https:\/\/www.freimarianne.ch\/wp-content\/gallery\/chli-aubrig-6-12-16\/IMG_3223.jpg\"\n               title=\"Chli Aubrig 1617m\"\n               data-src=\"https:\/\/www.freimarianne.ch\/wp-content\/gallery\/chli-aubrig-6-12-16\/IMG_3223.jpg\"\n               data-thumbnail=\"https:\/\/www.freimarianne.ch\/wp-content\/gallery\/chli-aubrig-6-12-16\/thumbs\/thumbs_IMG_3223.jpg\"\n               data-image-id=\"15019\"\n               data-title=\"Chli Aubrig 1617m\"\n               data-description=\"Chli Aubrig 1617m\"\n               data-image-slug=\"img_3223-1\"\n               class=\"shutterset_22276\">\n                <img\n                    title=\"Chli Aubrig 1617m\"\n                    alt=\"Chli Aubrig 1617m\"\n                    src=\"https:\/\/www.freimarianne.ch\/wp-content\/gallery\/chli-aubrig-6-12-16\/thumbs\/thumbs_IMG_3223.jpg\"\n                    width=\"100\"\n                    height=\"75\"\n                    style=\"max-width:100%;\"\n                \/>\n            <\/a>\n        <\/div>\n\t\t\t\t\t\t\t<\/div> \n\t\t\t\n        \n\t\t\t\t<div id=\"ngg-image-17\" class=\"ngg-gallery-thumbnail-box\" >\n\t\t\t\t        <div class=\"ngg-gallery-thumbnail\">\n            <a href=\"https:\/\/www.freimarianne.ch\/wp-content\/gallery\/chli-aubrig-6-12-16\/IMG_3226.jpg\"\n               title=\"zur Windegg\"\n               data-src=\"https:\/\/www.freimarianne.ch\/wp-content\/gallery\/chli-aubrig-6-12-16\/IMG_3226.jpg\"\n               data-thumbnail=\"https:\/\/www.freimarianne.ch\/wp-content\/gallery\/chli-aubrig-6-12-16\/thumbs\/thumbs_IMG_3226.jpg\"\n               data-image-id=\"15018\"\n               data-title=\"zur Windegg\"\n               data-description=\"zur Windegg\"\n               data-image-slug=\"img_3226-1\"\n               class=\"shutterset_22276\">\n                <img\n                    title=\"zur Windegg\"\n                    alt=\"zur Windegg\"\n                    src=\"https:\/\/www.freimarianne.ch\/wp-content\/gallery\/chli-aubrig-6-12-16\/thumbs\/thumbs_IMG_3226.jpg\"\n                    width=\"100\"\n                    height=\"75\"\n                    style=\"max-width:100%;\"\n                \/>\n            <\/a>\n        <\/div>\n\t\t\t\t\t\t\t<\/div> \n\t\t\t\n        \n\t\t\t\t<div id=\"ngg-image-18\" class=\"ngg-gallery-thumbnail-box\" >\n\t\t\t\t        <div class=\"ngg-gallery-thumbnail\">\n            <a href=\"https:\/\/www.freimarianne.ch\/wp-content\/gallery\/chli-aubrig-6-12-16\/IMG_3227.jpg\"\n               title=\"zur Windegg\"\n               data-src=\"https:\/\/www.freimarianne.ch\/wp-content\/gallery\/chli-aubrig-6-12-16\/IMG_3227.jpg\"\n               data-thumbnail=\"https:\/\/www.freimarianne.ch\/wp-content\/gallery\/chli-aubrig-6-12-16\/thumbs\/thumbs_IMG_3227.jpg\"\n               data-image-id=\"15017\"\n               data-title=\"zur Windegg\"\n               data-description=\"zur Windegg\"\n               data-image-slug=\"img_3227\"\n               class=\"shutterset_22276\">\n                <img\n                    title=\"zur Windegg\"\n                    alt=\"zur Windegg\"\n                    src=\"https:\/\/www.freimarianne.ch\/wp-content\/gallery\/chli-aubrig-6-12-16\/thumbs\/thumbs_IMG_3227.jpg\"\n                    width=\"100\"\n                    height=\"75\"\n                    style=\"max-width:100%;\"\n                \/>\n            <\/a>\n        <\/div>\n\t\t\t\t\t\t\t<\/div> \n\t\t\t\n        \n\t\t\t\t<div id=\"ngg-image-19\" class=\"ngg-gallery-thumbnail-box\" >\n\t\t\t\t        <div class=\"ngg-gallery-thumbnail\">\n            <a href=\"https:\/\/www.freimarianne.ch\/wp-content\/gallery\/chli-aubrig-6-12-16\/IMG_3232.jpg\"\n               title=\"Gross  Aubrig 1695m und Ch\u00f6pfenberg\"\n               data-src=\"https:\/\/www.freimarianne.ch\/wp-content\/gallery\/chli-aubrig-6-12-16\/IMG_3232.jpg\"\n               data-thumbnail=\"https:\/\/www.freimarianne.ch\/wp-content\/gallery\/chli-aubrig-6-12-16\/thumbs\/thumbs_IMG_3232.jpg\"\n               data-image-id=\"15016\"\n               data-title=\"Gross  Aubrig 1695m und Ch\u00c3\u00b6pfenberg\"\n               data-description=\"Gross  Aubrig 1695m und Ch\u00f6pfenberg\"\n               data-image-slug=\"img_3232-1\"\n               class=\"shutterset_22276\">\n                <img\n                    title=\"Gross  Aubrig 1695m und Ch\u00c3\u00b6pfenberg\"\n                    alt=\"Gross  Aubrig 1695m und Ch\u00c3\u00b6pfenberg\"\n                    src=\"https:\/\/www.freimarianne.ch\/wp-content\/gallery\/chli-aubrig-6-12-16\/thumbs\/thumbs_IMG_3232.jpg\"\n                    width=\"100\"\n                    height=\"75\"\n                    style=\"max-width:100%;\"\n                \/>\n            <\/a>\n        <\/div>\n\t\t\t\t\t\t\t<\/div> \n\t\t\t\n        \n\t\t\t\t<div id=\"ngg-image-20\" class=\"ngg-gallery-thumbnail-box\" >\n\t\t\t\t        <div class=\"ngg-gallery-thumbnail\">\n            <a href=\"https:\/\/www.freimarianne.ch\/wp-content\/gallery\/chli-aubrig-6-12-16\/IMG_3235.jpg\"\n               title=\"Gross Aubrig 1695m\"\n               data-src=\"https:\/\/www.freimarianne.ch\/wp-content\/gallery\/chli-aubrig-6-12-16\/IMG_3235.jpg\"\n               data-thumbnail=\"https:\/\/www.freimarianne.ch\/wp-content\/gallery\/chli-aubrig-6-12-16\/thumbs\/thumbs_IMG_3235.jpg\"\n               data-image-id=\"15015\"\n               data-title=\"Gross Aubrig 1695m\"\n               data-description=\"Gross Aubrig 1695m\"\n               data-image-slug=\"img_3235-2\"\n               class=\"shutterset_22276\">\n                <img\n                    title=\"Gross Aubrig 1695m\"\n                    alt=\"Gross Aubrig 1695m\"\n                    src=\"https:\/\/www.freimarianne.ch\/wp-content\/gallery\/chli-aubrig-6-12-16\/thumbs\/thumbs_IMG_3235.jpg\"\n                    width=\"100\"\n                    height=\"75\"\n                    style=\"max-width:100%;\"\n                \/>\n            <\/a>\n        <\/div>\n\t\t\t\t\t\t\t<\/div> \n\t\t\t\n        \n\t\t\t\t<div id=\"ngg-image-21\" class=\"ngg-gallery-thumbnail-box\" >\n\t\t\t\t        <div class=\"ngg-gallery-thumbnail\">\n            <a href=\"https:\/\/www.freimarianne.ch\/wp-content\/gallery\/chli-aubrig-6-12-16\/IMG_3237.jpg\"\n               title=\"Blick gegen Z\u00fcrichsee\"\n               data-src=\"https:\/\/www.freimarianne.ch\/wp-content\/gallery\/chli-aubrig-6-12-16\/IMG_3237.jpg\"\n               data-thumbnail=\"https:\/\/www.freimarianne.ch\/wp-content\/gallery\/chli-aubrig-6-12-16\/thumbs\/thumbs_IMG_3237.jpg\"\n               data-image-id=\"15014\"\n               data-title=\"Blick gegen Z\u00c3\u00bcrichsee\"\n               data-description=\"Blick gegen Z\u00fcrichsee\"\n               data-image-slug=\"img_3237-1\"\n               class=\"shutterset_22276\">\n                <img\n                    title=\"Blick gegen Z\u00c3\u00bcrichsee\"\n                    alt=\"Blick gegen Z\u00c3\u00bcrichsee\"\n                    src=\"https:\/\/www.freimarianne.ch\/wp-content\/gallery\/chli-aubrig-6-12-16\/thumbs\/thumbs_IMG_3237.jpg\"\n                    width=\"100\"\n                    height=\"75\"\n                    style=\"max-width:100%;\"\n                \/>\n            <\/a>\n        <\/div>\n\t\t\t\t\t\t\t<\/div> \n\t\t\t\n        \n\t\t\t\t<div id=\"ngg-image-22\" class=\"ngg-gallery-thumbnail-box\" >\n\t\t\t\t        <div class=\"ngg-gallery-thumbnail\">\n            <a href=\"https:\/\/www.freimarianne.ch\/wp-content\/gallery\/chli-aubrig-6-12-16\/IMG_3240.jpg\"\n               title=\"Blick auf die Windegg 1509m; li   hi Sihlsee\"\n               data-src=\"https:\/\/www.freimarianne.ch\/wp-content\/gallery\/chli-aubrig-6-12-16\/IMG_3240.jpg\"\n               data-thumbnail=\"https:\/\/www.freimarianne.ch\/wp-content\/gallery\/chli-aubrig-6-12-16\/thumbs\/thumbs_IMG_3240.jpg\"\n               data-image-id=\"15013\"\n               data-title=\"Blick auf die Windegg 1509m; li   hi Sihlsee\"\n               data-description=\"Blick auf die Windegg 1509m; li   hi Sihlsee\"\n               data-image-slug=\"img_3240\"\n               class=\"shutterset_22276\">\n                <img\n                    title=\"Blick auf die Windegg 1509m; li   hi Sihlsee\"\n                    alt=\"Blick auf die Windegg 1509m; li   hi Sihlsee\"\n                    src=\"https:\/\/www.freimarianne.ch\/wp-content\/gallery\/chli-aubrig-6-12-16\/thumbs\/thumbs_IMG_3240.jpg\"\n                    width=\"100\"\n                    height=\"75\"\n                    style=\"max-width:100%;\"\n                \/>\n            <\/a>\n        <\/div>\n\t\t\t\t\t\t\t<\/div> \n\t\t\t\n        \n\t\t\t\t<div id=\"ngg-image-23\" class=\"ngg-gallery-thumbnail-box\" >\n\t\t\t\t        <div class=\"ngg-gallery-thumbnail\">\n            <a href=\"https:\/\/www.freimarianne.ch\/wp-content\/gallery\/chli-aubrig-6-12-16\/IMG_3244.jpg\"\n               title=\"Brigitte beim Aufstieg zum Chli Aubrig\"\n               data-src=\"https:\/\/www.freimarianne.ch\/wp-content\/gallery\/chli-aubrig-6-12-16\/IMG_3244.jpg\"\n               data-thumbnail=\"https:\/\/www.freimarianne.ch\/wp-content\/gallery\/chli-aubrig-6-12-16\/thumbs\/thumbs_IMG_3244.jpg\"\n               data-image-id=\"15012\"\n               data-title=\"Brigitte beim Aufstieg zum Chli Aubrig\"\n               data-description=\"Brigitte beim Aufstieg zum Chli Aubrig\"\n               data-image-slug=\"img_3244\"\n               class=\"shutterset_22276\">\n                <img\n                    title=\"Brigitte beim Aufstieg zum Chli Aubrig\"\n                    alt=\"Brigitte beim Aufstieg zum Chli Aubrig\"\n                    src=\"https:\/\/www.freimarianne.ch\/wp-content\/gallery\/chli-aubrig-6-12-16\/thumbs\/thumbs_IMG_3244.jpg\"\n                    width=\"100\"\n                    height=\"75\"\n                    style=\"max-width:100%;\"\n                \/>\n            <\/a>\n        <\/div>\n\t\t\t\t\t\t\t<\/div> \n\t\t\t\n        \n\t\t\t\t<div id=\"ngg-image-24\" class=\"ngg-gallery-thumbnail-box\" >\n\t\t\t\t        <div class=\"ngg-gallery-thumbnail\">\n            <a href=\"https:\/\/www.freimarianne.ch\/wp-content\/gallery\/chli-aubrig-6-12-16\/IMG_3246.jpg\"\n               title=\"Vrenelisg\u00e4rtli 2080m, Ruchen 2901m, Mutteristock 2294m, Gl\u00e4rnisch 2914m, B\u00e4chistock 2914m, Uesser F\u00fcrberg 2605m; Turner 2069m, Wyss R\u00f6ssli 2018m, Diethelm\/ Fluebrig 2093m\"\n               data-src=\"https:\/\/www.freimarianne.ch\/wp-content\/gallery\/chli-aubrig-6-12-16\/IMG_3246.jpg\"\n               data-thumbnail=\"https:\/\/www.freimarianne.ch\/wp-content\/gallery\/chli-aubrig-6-12-16\/thumbs\/thumbs_IMG_3246.jpg\"\n               data-image-id=\"15011\"\n               data-title=\"Vrenelisg\u00c3\u00a4rtli 2080m, Ruchen 2901m, Mutteristock 2294m, Gl\u00c3\u00a4rnisch 2914m, B\u00c3\u00a4chistock 2914m, Uesser F\u00c3\u00bcrberg 2605m; Turner 2069m, Wyss R\u00c3\u00b6ssli 2018m, Diethelm\/ Fluebrig 2093m\"\n               data-description=\"Vrenelisg\u00e4rtli 2080m, Ruchen 2901m, Mutteristock 2294m, Gl\u00e4rnisch 2914m, B\u00e4chistock 2914m, Uesser F\u00fcrberg 2605m; Turner 2069m, Wyss R\u00f6ssli 2018m, Diethelm\/ Fluebrig 2093m\"\n               data-image-slug=\"img_3246-1\"\n               class=\"shutterset_22276\">\n                <img\n                    title=\"Vrenelisg\u00c3\u00a4rtli 2080m, Ruchen 2901m, Mutteristock 2294m, Gl\u00c3\u00a4rnisch 2914m, B\u00c3\u00a4chistock 2914m, Uesser F\u00c3\u00bcrberg 2605m; Turner 2069m, Wyss R\u00c3\u00b6ssli 2018m, Diethelm\/ Fluebrig 2093m\"\n                    alt=\"Vrenelisg\u00c3\u00a4rtli 2080m, Ruchen 2901m, Mutteristock 2294m, Gl\u00c3\u00a4rnisch 2914m, B\u00c3\u00a4chistock 2914m, Uesser F\u00c3\u00bcrberg 2605m; Turner 2069m, Wyss R\u00c3\u00b6ssli 2018m, Diethelm\/ Fluebrig 2093m\"\n                    src=\"https:\/\/www.freimarianne.ch\/wp-content\/gallery\/chli-aubrig-6-12-16\/thumbs\/thumbs_IMG_3246.jpg\"\n                    width=\"100\"\n                    height=\"75\"\n                    style=\"max-width:100%;\"\n                \/>\n            <\/a>\n        <\/div>\n\t\t\t\t\t\t\t<\/div> \n\t\t\t\n        \n\t\t\t\t<div id=\"ngg-image-25\" class=\"ngg-gallery-thumbnail-box\" >\n\t\t\t\t        <div class=\"ngg-gallery-thumbnail\">\n            <a href=\"https:\/\/www.freimarianne.ch\/wp-content\/gallery\/chli-aubrig-6-12-16\/IMG_3248.jpg\"\n               title=\"Gross Mythen, Klein Mythen und Haggenspitz\"\n               data-src=\"https:\/\/www.freimarianne.ch\/wp-content\/gallery\/chli-aubrig-6-12-16\/IMG_3248.jpg\"\n               data-thumbnail=\"https:\/\/www.freimarianne.ch\/wp-content\/gallery\/chli-aubrig-6-12-16\/thumbs\/thumbs_IMG_3248.jpg\"\n               data-image-id=\"15010\"\n               data-title=\"Gross Mythen, Klein Mythen und Haggenspitz\"\n               data-description=\"Gross Mythen, Klein Mythen und Haggenspitz\"\n               data-image-slug=\"img_3248-3\"\n               class=\"shutterset_22276\">\n                <img\n                    title=\"Gross Mythen, Klein Mythen und Haggenspitz\"\n                    alt=\"Gross Mythen, Klein Mythen und Haggenspitz\"\n                    src=\"https:\/\/www.freimarianne.ch\/wp-content\/gallery\/chli-aubrig-6-12-16\/thumbs\/thumbs_IMG_3248.jpg\"\n                    width=\"100\"\n                    height=\"75\"\n                    style=\"max-width:100%;\"\n                \/>\n            <\/a>\n        <\/div>\n\t\t\t\t\t\t\t<\/div> \n\t\t\t\n        \n\t\t\t\t<div id=\"ngg-image-26\" class=\"ngg-gallery-thumbnail-box\" >\n\t\t\t\t        <div class=\"ngg-gallery-thumbnail\">\n            <a href=\"https:\/\/www.freimarianne.ch\/wp-content\/gallery\/chli-aubrig-6-12-16\/IMG_3249.jpg\"\n               title=\"Sicht vom Chli Aubrig hinunter auf den Sihlsee\"\n               data-src=\"https:\/\/www.freimarianne.ch\/wp-content\/gallery\/chli-aubrig-6-12-16\/IMG_3249.jpg\"\n               data-thumbnail=\"https:\/\/www.freimarianne.ch\/wp-content\/gallery\/chli-aubrig-6-12-16\/thumbs\/thumbs_IMG_3249.jpg\"\n               data-image-id=\"15009\"\n               data-title=\"Sicht vom Chli Aubrig hinunter auf den Sihlsee\"\n               data-description=\"Sicht vom Chli Aubrig hinunter auf den Sihlsee\"\n               data-image-slug=\"img_3249-1\"\n               class=\"shutterset_22276\">\n                <img\n                    title=\"Sicht vom Chli Aubrig hinunter auf den Sihlsee\"\n                    alt=\"Sicht vom Chli Aubrig hinunter auf den Sihlsee\"\n                    src=\"https:\/\/www.freimarianne.ch\/wp-content\/gallery\/chli-aubrig-6-12-16\/thumbs\/thumbs_IMG_3249.jpg\"\n                    width=\"100\"\n                    height=\"75\"\n                    style=\"max-width:100%;\"\n                \/>\n            <\/a>\n        <\/div>\n\t\t\t\t\t\t\t<\/div> \n\t\t\t\n        \n\t\t\t\t<div id=\"ngg-image-27\" class=\"ngg-gallery-thumbnail-box\" >\n\t\t\t\t        <div class=\"ngg-gallery-thumbnail\">\n            <a href=\"https:\/\/www.freimarianne.ch\/wp-content\/gallery\/chli-aubrig-6-12-16\/IMG_3251.jpg\"\n               title=\"Sicht vom Chli Aubrig hinunter auf den Sihlsee\"\n               data-src=\"https:\/\/www.freimarianne.ch\/wp-content\/gallery\/chli-aubrig-6-12-16\/IMG_3251.jpg\"\n               data-thumbnail=\"https:\/\/www.freimarianne.ch\/wp-content\/gallery\/chli-aubrig-6-12-16\/thumbs\/thumbs_IMG_3251.jpg\"\n               data-image-id=\"15008\"\n               data-title=\"Sicht vom Chli Aubrig hinunter auf den Sihlsee\"\n               data-description=\"Sicht vom Chli Aubrig hinunter auf den Sihlsee\"\n               data-image-slug=\"img_3251\"\n               class=\"shutterset_22276\">\n                <img\n                    title=\"Sicht vom Chli Aubrig hinunter auf den Sihlsee\"\n                    alt=\"Sicht vom Chli Aubrig hinunter auf den Sihlsee\"\n                    src=\"https:\/\/www.freimarianne.ch\/wp-content\/gallery\/chli-aubrig-6-12-16\/thumbs\/thumbs_IMG_3251.jpg\"\n                    width=\"100\"\n                    height=\"75\"\n                    style=\"max-width:100%;\"\n                \/>\n            <\/a>\n        <\/div>\n\t\t\t\t\t\t\t<\/div> \n\t\t\t\n        \n\t\t\t\t<div id=\"ngg-image-28\" class=\"ngg-gallery-thumbnail-box\" >\n\t\t\t\t        <div class=\"ngg-gallery-thumbnail\">\n            <a href=\"https:\/\/www.freimarianne.ch\/wp-content\/gallery\/chli-aubrig-6-12-16\/IMG_3256.jpg\"\n               title=\"Sicht vom Chli Aubrig 1617m\"\n               data-src=\"https:\/\/www.freimarianne.ch\/wp-content\/gallery\/chli-aubrig-6-12-16\/IMG_3256.jpg\"\n               data-thumbnail=\"https:\/\/www.freimarianne.ch\/wp-content\/gallery\/chli-aubrig-6-12-16\/thumbs\/thumbs_IMG_3256.jpg\"\n               data-image-id=\"15007\"\n               data-title=\"Sicht vom Chli Aubrig 1617m\"\n               data-description=\"Sicht vom Chli Aubrig 1617m\"\n               data-image-slug=\"img_3256\"\n               class=\"shutterset_22276\">\n                <img\n                    title=\"Sicht vom Chli Aubrig 1617m\"\n                    alt=\"Sicht vom Chli Aubrig 1617m\"\n                    src=\"https:\/\/www.freimarianne.ch\/wp-content\/gallery\/chli-aubrig-6-12-16\/thumbs\/thumbs_IMG_3256.jpg\"\n                    width=\"100\"\n                    height=\"75\"\n                    style=\"max-width:100%;\"\n                \/>\n            <\/a>\n        <\/div>\n\t\t\t\t\t\t\t<\/div> \n\t\t\t\n        \n\t\t\t\t<div id=\"ngg-image-29\" class=\"ngg-gallery-thumbnail-box\" >\n\t\t\t\t        <div class=\"ngg-gallery-thumbnail\">\n            <a href=\"https:\/\/www.freimarianne.ch\/wp-content\/gallery\/chli-aubrig-6-12-16\/IMG_3270.jpg\"\n               title=\"Marianne  und Hanspeter auf dem Chli Aubrig 1617m\"\n               data-src=\"https:\/\/www.freimarianne.ch\/wp-content\/gallery\/chli-aubrig-6-12-16\/IMG_3270.jpg\"\n               data-thumbnail=\"https:\/\/www.freimarianne.ch\/wp-content\/gallery\/chli-aubrig-6-12-16\/thumbs\/thumbs_IMG_3270.jpg\"\n               data-image-id=\"15006\"\n               data-title=\"Marianne  und Hanspeter auf dem Chli Aubrig 1617m\"\n               data-description=\"Marianne  und Hanspeter auf dem Chli Aubrig 1617m\"\n               data-image-slug=\"img_3270\"\n               class=\"shutterset_22276\">\n                <img\n                    title=\"Marianne  und Hanspeter auf dem Chli Aubrig 1617m\"\n                    alt=\"Marianne  und Hanspeter auf dem Chli Aubrig 1617m\"\n                    src=\"https:\/\/www.freimarianne.ch\/wp-content\/gallery\/chli-aubrig-6-12-16\/thumbs\/thumbs_IMG_3270.jpg\"\n                    width=\"100\"\n                    height=\"75\"\n                    style=\"max-width:100%;\"\n                \/>\n            <\/a>\n        <\/div>\n\t\t\t\t\t\t\t<\/div> \n\t\t\t\n        \n\t\t\t\t<div id=\"ngg-image-30\" class=\"ngg-gallery-thumbnail-box\" >\n\t\t\t\t        <div class=\"ngg-gallery-thumbnail\">\n            <a href=\"https:\/\/www.freimarianne.ch\/wp-content\/gallery\/chli-aubrig-6-12-16\/IMG_3274.jpg\"\n               title=\"Brigitte  und Marianne  auf dem Chli Aubrig 1617m\"\n               data-src=\"https:\/\/www.freimarianne.ch\/wp-content\/gallery\/chli-aubrig-6-12-16\/IMG_3274.jpg\"\n               data-thumbnail=\"https:\/\/www.freimarianne.ch\/wp-content\/gallery\/chli-aubrig-6-12-16\/thumbs\/thumbs_IMG_3274.jpg\"\n               data-image-id=\"15005\"\n               data-title=\"Brigitte  und Marianne  auf dem Chli Aubrig 1617m\"\n               data-description=\"Brigitte  und Marianne  auf dem Chli Aubrig 1617m\"\n               data-image-slug=\"img_3274-1\"\n               class=\"shutterset_22276\">\n                <img\n                    title=\"Brigitte  und Marianne  auf dem Chli Aubrig 1617m\"\n                    alt=\"Brigitte  und Marianne  auf dem Chli Aubrig 1617m\"\n                    src=\"https:\/\/www.freimarianne.ch\/wp-content\/gallery\/chli-aubrig-6-12-16\/thumbs\/thumbs_IMG_3274.jpg\"\n                    width=\"100\"\n                    height=\"75\"\n                    style=\"max-width:100%;\"\n                \/>\n            <\/a>\n        <\/div>\n\t\t\t\t\t\t\t<\/div> \n\t\t\t\n        \n\t\t\t\t<div id=\"ngg-image-31\" class=\"ngg-gallery-thumbnail-box\" >\n\t\t\t\t        <div class=\"ngg-gallery-thumbnail\">\n            <a href=\"https:\/\/www.freimarianne.ch\/wp-content\/gallery\/chli-aubrig-6-12-16\/IMG_3284.jpg\"\n               title=\"Hanspeter und Brigitte auf dem Chli Aubrig 1617m\"\n               data-src=\"https:\/\/www.freimarianne.ch\/wp-content\/gallery\/chli-aubrig-6-12-16\/IMG_3284.jpg\"\n               data-thumbnail=\"https:\/\/www.freimarianne.ch\/wp-content\/gallery\/chli-aubrig-6-12-16\/thumbs\/thumbs_IMG_3284.jpg\"\n               data-image-id=\"15004\"\n               data-title=\"Hanspeter und Brigitte auf dem Chli Aubrig 1617m\"\n               data-description=\"Hanspeter und Brigitte auf dem Chli Aubrig 1617m\"\n               data-image-slug=\"img_3284\"\n               class=\"shutterset_22276\">\n                <img\n                    title=\"Hanspeter und Brigitte auf dem Chli Aubrig 1617m\"\n                    alt=\"Hanspeter und Brigitte auf dem Chli Aubrig 1617m\"\n                    src=\"https:\/\/www.freimarianne.ch\/wp-content\/gallery\/chli-aubrig-6-12-16\/thumbs\/thumbs_IMG_3284.jpg\"\n                    width=\"100\"\n                    height=\"75\"\n                    style=\"max-width:100%;\"\n                \/>\n            <\/a>\n        <\/div>\n\t\t\t\t\t\t\t<\/div> \n\t\t\t\n        \n\t\t\t\t<div id=\"ngg-image-32\" class=\"ngg-gallery-thumbnail-box\" >\n\t\t\t\t        <div class=\"ngg-gallery-thumbnail\">\n            <a href=\"https:\/\/www.freimarianne.ch\/wp-content\/gallery\/chli-aubrig-6-12-16\/IMG_3288.jpg\"\n               title=\"Windegg 1509m\"\n               data-src=\"https:\/\/www.freimarianne.ch\/wp-content\/gallery\/chli-aubrig-6-12-16\/IMG_3288.jpg\"\n               data-thumbnail=\"https:\/\/www.freimarianne.ch\/wp-content\/gallery\/chli-aubrig-6-12-16\/thumbs\/thumbs_IMG_3288.jpg\"\n               data-image-id=\"15003\"\n               data-title=\"Windegg 1509m\"\n               data-description=\"Windegg 1509m\"\n               data-image-slug=\"img_3288-2\"\n               class=\"shutterset_22276\">\n                <img\n                    title=\"Windegg 1509m\"\n                    alt=\"Windegg 1509m\"\n                    src=\"https:\/\/www.freimarianne.ch\/wp-content\/gallery\/chli-aubrig-6-12-16\/thumbs\/thumbs_IMG_3288.jpg\"\n                    width=\"100\"\n                    height=\"75\"\n                    style=\"max-width:100%;\"\n                \/>\n            <\/a>\n        <\/div>\n\t\t\t\t\t\t\t<\/div> \n\t\t\t\n        \n\t\t\t\t<div id=\"ngg-image-33\" class=\"ngg-gallery-thumbnail-box\" >\n\t\t\t\t        <div class=\"ngg-gallery-thumbnail\">\n            <a href=\"https:\/\/www.freimarianne.ch\/wp-content\/gallery\/chli-aubrig-6-12-16\/IMG_3290.jpg\"\n               title=\"ein Blick zur\u00fcck zu den W\u00e4gitaler Bergen\"\n               data-src=\"https:\/\/www.freimarianne.ch\/wp-content\/gallery\/chli-aubrig-6-12-16\/IMG_3290.jpg\"\n               data-thumbnail=\"https:\/\/www.freimarianne.ch\/wp-content\/gallery\/chli-aubrig-6-12-16\/thumbs\/thumbs_IMG_3290.jpg\"\n               data-image-id=\"15002\"\n               data-title=\"ein Blick zur\u00c3\u00bcck zu den W\u00c3\u00a4gitaler Bergen\"\n               data-description=\"ein Blick zur\u00fcck zu den W\u00e4gitaler Bergen\"\n               data-image-slug=\"img_3290-1\"\n               class=\"shutterset_22276\">\n                <img\n                    title=\"ein Blick zur\u00c3\u00bcck zu den W\u00c3\u00a4gitaler Bergen\"\n                    alt=\"ein Blick zur\u00c3\u00bcck zu den W\u00c3\u00a4gitaler Bergen\"\n                    src=\"https:\/\/www.freimarianne.ch\/wp-content\/gallery\/chli-aubrig-6-12-16\/thumbs\/thumbs_IMG_3290.jpg\"\n                    width=\"100\"\n                    height=\"75\"\n                    style=\"max-width:100%;\"\n                \/>\n            <\/a>\n        <\/div>\n\t\t\t\t\t\t\t<\/div> \n\t\t\t\n        \n\t\t\t\t<div id=\"ngg-image-34\" class=\"ngg-gallery-thumbnail-box\" >\n\t\t\t\t        <div class=\"ngg-gallery-thumbnail\">\n            <a href=\"https:\/\/www.freimarianne.ch\/wp-content\/gallery\/chli-aubrig-6-12-16\/IMG_3291.jpg\"\n               title=\"Windegg 1509m\"\n               data-src=\"https:\/\/www.freimarianne.ch\/wp-content\/gallery\/chli-aubrig-6-12-16\/IMG_3291.jpg\"\n               data-thumbnail=\"https:\/\/www.freimarianne.ch\/wp-content\/gallery\/chli-aubrig-6-12-16\/thumbs\/thumbs_IMG_3291.jpg\"\n               data-image-id=\"15001\"\n               data-title=\"Windegg 1509m\"\n               data-description=\"Windegg 1509m\"\n               data-image-slug=\"img_3291-2\"\n               class=\"shutterset_22276\">\n                <img\n                    title=\"Windegg 1509m\"\n                    alt=\"Windegg 1509m\"\n                    src=\"https:\/\/www.freimarianne.ch\/wp-content\/gallery\/chli-aubrig-6-12-16\/thumbs\/thumbs_IMG_3291.jpg\"\n                    width=\"100\"\n                    height=\"75\"\n                    style=\"max-width:100%;\"\n                \/>\n            <\/a>\n        <\/div>\n\t\t\t\t\t\t\t<\/div> \n\t\t\t\n        \n\t\t\t\t<div id=\"ngg-image-35\" class=\"ngg-gallery-thumbnail-box\" >\n\t\t\t\t        <div class=\"ngg-gallery-thumbnail\">\n            <a href=\"https:\/\/www.freimarianne.ch\/wp-content\/gallery\/chli-aubrig-6-12-16\/IMG_3292.jpg\"\n               title=\"Abstieg ins Euthal\"\n               data-src=\"https:\/\/www.freimarianne.ch\/wp-content\/gallery\/chli-aubrig-6-12-16\/IMG_3292.jpg\"\n               data-thumbnail=\"https:\/\/www.freimarianne.ch\/wp-content\/gallery\/chli-aubrig-6-12-16\/thumbs\/thumbs_IMG_3292.jpg\"\n               data-image-id=\"15000\"\n               data-title=\"Abstieg ins Euthal\"\n               data-description=\"Abstieg ins Euthal\"\n               data-image-slug=\"img_3292\"\n               class=\"shutterset_22276\">\n                <img\n                    title=\"Abstieg ins Euthal\"\n                    alt=\"Abstieg ins Euthal\"\n                    src=\"https:\/\/www.freimarianne.ch\/wp-content\/gallery\/chli-aubrig-6-12-16\/thumbs\/thumbs_IMG_3292.jpg\"\n                    width=\"100\"\n                    height=\"75\"\n                    style=\"max-width:100%;\"\n                \/>\n            <\/a>\n        <\/div>\n\t\t\t\t\t\t\t<\/div> \n\t\t\t\n        \n\t\t\t\t<div id=\"ngg-image-36\" class=\"ngg-gallery-thumbnail-box\" >\n\t\t\t\t        <div class=\"ngg-gallery-thumbnail\">\n            <a href=\"https:\/\/www.freimarianne.ch\/wp-content\/gallery\/chli-aubrig-6-12-16\/IMG_3305.jpg\"\n               title=\"Bach mit Eisplatten\"\n               data-src=\"https:\/\/www.freimarianne.ch\/wp-content\/gallery\/chli-aubrig-6-12-16\/IMG_3305.jpg\"\n               data-thumbnail=\"https:\/\/www.freimarianne.ch\/wp-content\/gallery\/chli-aubrig-6-12-16\/thumbs\/thumbs_IMG_3305.jpg\"\n               data-image-id=\"14999\"\n               data-title=\"Bach mit Eisplatten\"\n               data-description=\"Bach mit Eisplatten\"\n               data-image-slug=\"img_3305\"\n               class=\"shutterset_22276\">\n                <img\n                    title=\"Bach mit Eisplatten\"\n                    alt=\"Bach mit Eisplatten\"\n                    src=\"https:\/\/www.freimarianne.ch\/wp-content\/gallery\/chli-aubrig-6-12-16\/thumbs\/thumbs_IMG_3305.jpg\"\n                    width=\"100\"\n                    height=\"75\"\n                    style=\"max-width:100%;\"\n                \/>\n            <\/a>\n        <\/div>\n\t\t\t\t\t\t\t<\/div> \n\t\t\t\n        \n\t\t\t\t<div id=\"ngg-image-37\" class=\"ngg-gallery-thumbnail-box\" >\n\t\t\t\t        <div class=\"ngg-gallery-thumbnail\">\n            <a href=\"https:\/\/www.freimarianne.ch\/wp-content\/gallery\/chli-aubrig-6-12-16\/IMG_3309.jpg\"\n               title=\"Chli Aubrig 1617m im Abendlicht\"\n               data-src=\"https:\/\/www.freimarianne.ch\/wp-content\/gallery\/chli-aubrig-6-12-16\/IMG_3309.jpg\"\n               data-thumbnail=\"https:\/\/www.freimarianne.ch\/wp-content\/gallery\/chli-aubrig-6-12-16\/thumbs\/thumbs_IMG_3309.jpg\"\n               data-image-id=\"14998\"\n               data-title=\"Chli Aubrig 1617m im Abendlicht\"\n               data-description=\"Chli Aubrig 1617m im Abendlicht\"\n               data-image-slug=\"img_3309-2\"\n               class=\"shutterset_22276\">\n                <img\n                    title=\"Chli Aubrig 1617m im Abendlicht\"\n                    alt=\"Chli Aubrig 1617m im Abendlicht\"\n                    src=\"https:\/\/www.freimarianne.ch\/wp-content\/gallery\/chli-aubrig-6-12-16\/thumbs\/thumbs_IMG_3309.jpg\"\n                    width=\"100\"\n                    height=\"75\"\n                    style=\"max-width:100%;\"\n                \/>\n            <\/a>\n        <\/div>\n\t\t\t\t\t\t\t<\/div> \n\t\t\t\n        \n\t\t\n\t\t<!-- Pagination -->\n\t<div class='ngg-clear'><\/div>\t<\/div>\n<\/p>\n","protected":false},"excerpt":{"rendered":"<p>Bergwanderung vom W\u00e4gitalersee aus auf den Chli Aubrig und hinuntr nach Euthal Heute ist ein sonniger Prachtstag &#8211; aber es ist recht kalt, was gut f\u00fcr die Wanderwege in diesem Gebiet ist &#8211; sind sie doch sonst eher nass. Der gefrorene Boden l\u00e4sst uns auf der fogenden Wanderung gut vorankommen. Um 10.00 marschieren wir bei [&hellip;]<\/p>\n","protected":false},"author":1,"featured_media":0,"parent":21879,"menu_order":3,"comment_status":"closed","ping_status":"closed","template":"","meta":{"ngg_post_thumbnail":0},"_links":{"self":[{"href":"https:\/\/www.freimarianne.ch\/index.php?rest_route=\/wp\/v2\/pages\/21893"}],"collection":[{"href":"https:\/\/www.freimarianne.ch\/index.php?rest_route=\/wp\/v2\/pages"}],"about":[{"href":"https:\/\/www.freimarianne.ch\/index.php?rest_route=\/wp\/v2\/types\/page"}],"author":[{"embeddable":true,"href":"https:\/\/www.freimarianne.ch\/index.php?rest_route=\/wp\/v2\/users\/1"}],"replies":[{"embeddable":true,"href":"https:\/\/www.freimarianne.ch\/index.php?rest_route=%2Fwp%2Fv2%2Fcomments&post=21893"}],"version-history":[{"count":4,"href":"https:\/\/www.freimarianne.ch\/index.php?rest_route=\/wp\/v2\/pages\/21893\/revisions"}],"predecessor-version":[{"id":22277,"href":"https:\/\/www.freimarianne.ch\/index.php?rest_route=\/wp\/v2\/pages\/21893\/revisions\/22277"}],"up":[{"embeddable":true,"href":"https:\/\/www.freimarianne.ch\/index.php?rest_route=\/wp\/v2\/pages\/21879"}],"wp:attachment":[{"href":"https:\/\/www.freimarianne.ch\/index.php?rest_route=%2Fwp%2Fv2%2Fmedia&parent=21893"}],"curies":[{"name":"wp","href":"https:\/\/api.w.org\/{rel}","templated":true}]}}