{"id":22287,"date":"2016-12-20T16:45:30","date_gmt":"2016-12-20T15:45:30","guid":{"rendered":"http:\/\/www.freimarianne.ch\/?page_id=22287"},"modified":"2017-12-12T16:53:47","modified_gmt":"2017-12-12T15:53:47","slug":"bitsch-eiche-riedmorel-vs-15-12-2016","status":"publish","type":"page","link":"https:\/\/www.freimarianne.ch\/?page_id=22287","title":{"rendered":"Bitsch\/ Eiche &#8211; Ried\/M\u00f6rel   VS  15.12.2016"},"content":{"rendered":"<p><strong>Wanderung von Bitsch\/ Eiche \u00fcber Flesche nach Ried\/M\u00f6rel<\/strong><\/p>\n<p><img loading=\"lazy\" class=\"size-full wp-image-21922\" src=\"http:\/\/www.freimarianne.ch\/wp-content\/uploads\/2016\/12\/IMG_3513_eich_500.jpg\" alt=\"B\u00c4TTLIHORN, MONTE LEONE, H\u00dcBSCHHORN; Brig Glis\" width=\"500\" height=\"375\" srcset=\"https:\/\/www.freimarianne.ch\/wp-content\/uploads\/2016\/12\/IMG_3513_eich_500.jpg 500w, https:\/\/www.freimarianne.ch\/wp-content\/uploads\/2016\/12\/IMG_3513_eich_500-300x225.jpg 300w, https:\/\/www.freimarianne.ch\/wp-content\/uploads\/2016\/12\/IMG_3513_eich_500-400x300.jpg 400w\" sizes=\"(max-width: 500px) 100vw, 500px\" \/> B\u00e4ttlihorn, Monte Leone, H\u00fcbschhorn; Brig Glis<\/p>\n<p>Heute m\u00f6chte ich einen anderen Weg von Bisch nach Ried\/ M\u00f6rel ausprobieren! Das Wetter ist wundersch\u00f6n!<br \/>\nVon Bitsche muss ich de Bus 611 nehemn, um nach Eiche hianufzukommen. Der Chauffeur erkl\u00e4rt mir den Weg von Eiche aus. Es gibt eine direkt, unausschilderte Route und eine ausschilderte, die aber einen rechten Umweg macht. Ich entscheide mich f\u00fcr die erstere, die oben bei den H\u00e4usern bei Eiche beginnt. Ich finde den Einsteig in den Weg und steige hinauf und komme an wenigen H\u00e4usern vorbei, bei denen auch ein gr\u00f6sserer oder kleinerer Teich liegt. Aber unter halb Flesche verliere ich dne Weg und irre herum. Ich gehe eine Art Weg zwischen Felsbl\u00f6cken hindurch abw\u00e4rs zu einem Haus aber da ist nichts. Oben sehe ich ein Haus, also steige ich im steilen Hang \u00fcber Wiesen und viel d\u00fcrre Aeste am Boden hinauf zu diesen Haus. Weiter oben sehe ich einen Weg. Also steige ich noch weiter hinauf und komme tats\u00e4ch- lich auf einen Pfad, den ich in umgekehrter Richtung verfolge bis ich zur Flesche 1110m komme, wo es Wegweiser hat.<\/p>\n<p>Von nun an bin ich wieder auf sicheren Wegen ! Es geht nochmals hinauf zu einer Verzweigung (Massaweg) und nun wandere ich auf einem malerischen Bergweg mit vielen sch\u00f6nen Ausblicken durch den Rischwald und oberhalb der roten Flue vorbei nach Sommerseili. Zuvor gibt es einen Mittagshalt auf der ersten Bank, die am Wege steht. Hier ist auch eine Verzweigung ( Riederalp, Wasen, Sommerseili).<br \/>\nIn Ried\/M\u00f6rel begebe ich mich zur Seilbahn, wo ich bald eine Gondel hinauf auf die Riederalp besteigen kann. Ich m\u00f6chte noch eine Weile an der Sonne wandern ! Auf der Riederalp sowie auf der Bettmeralp sieht es gar nicht winterlich aus!<br \/>\nAuf dem Weg zur Bettmeralp geniesse ich das sch\u00f6ne Panorama.<br \/>\nUm 15.00 h f\u00e4hrt die Gondel hinunter nach Betten.<br \/>\nDies war eine interessante Wanderung. Schade, dass der Wanderweg von Eiche aus nicht mehr intakt ist. Um mich zurechtzufinden h\u00e4tte ich eine ganz detaillierte Karte der Umgebung gebraucht<\/p>\n<p>Schweizmobil: Eiche (Bitsch) &#8211; Ried\/ M\u00f6rel<br \/>\nDistanz: 4.99 km; Aufstieg: 410m; Abstieg: 168m; Wanderzeit: 1 h 52 min<\/p>\n<p><a href=\"https:\/\/map.wanderland.ch\/?lang=de&amp;route=all&amp;bgLayer=pk&amp;resolution=5&amp;X=644605&amp;Y=133240&amp;layers=Wanderland%2CStation&amp;trackId=3209096\">Karte Schweizmobil:<\/a><br \/>\nIch war von 11h bis 13.15h unterwegs<\/p>\n<p><!-- index.php -->\n<div\n\tclass=\"ngg-galleryoverview ngg-ajax-pagination-none\"\n\tid=\"ngg-gallery-22289-1\">\n\n    \t<div class=\"slideshowlink\">\n        <a href='https:\/\/www.freimarianne.ch\/index.php\/nggallery\/slideshow?page_id=22287'>[Show as slideshow]<\/a>\n\t\t\n\t<\/div>\n\t\t\t<!-- Thumbnails -->\n\t\t\t\t<div id=\"ngg-image-0\" class=\"ngg-gallery-thumbnail-box\" >\n\t\t\t\t        <div class=\"ngg-gallery-thumbnail\">\n            <a href=\"https:\/\/www.freimarianne.ch\/wp-content\/gallery\/bitsch-eiche-15-12-16\/IMG_3480.jpg\"\n               title=\"bei Eiche 972m\"\n               data-src=\"https:\/\/www.freimarianne.ch\/wp-content\/gallery\/bitsch-eiche-15-12-16\/IMG_3480.jpg\"\n               data-thumbnail=\"https:\/\/www.freimarianne.ch\/wp-content\/gallery\/bitsch-eiche-15-12-16\/thumbs\/thumbs_IMG_3480.jpg\"\n               data-image-id=\"14976\"\n               data-title=\"bei Eiche 972m\"\n               data-description=\"bei Eiche 972m\"\n               data-image-slug=\"img_3480\"\n               class=\"shutterset_22289\">\n                <img\n                    title=\"bei Eiche 972m\"\n                    alt=\"bei Eiche 972m\"\n                    src=\"https:\/\/www.freimarianne.ch\/wp-content\/gallery\/bitsch-eiche-15-12-16\/thumbs\/thumbs_IMG_3480.jpg\"\n                    width=\"100\"\n                    height=\"75\"\n                    style=\"max-width:100%;\"\n                \/>\n            <\/a>\n        <\/div>\n\t\t\t\t\t\t\t<\/div> \n\t\t\t\n        \n\t\t\t\t<div id=\"ngg-image-1\" class=\"ngg-gallery-thumbnail-box\" >\n\t\t\t\t        <div class=\"ngg-gallery-thumbnail\">\n            <a href=\"https:\/\/www.freimarianne.ch\/wp-content\/gallery\/bitsch-eiche-15-12-16\/IMG_3483.jpg\"\n               title=\"gegen Pkt. 1064m\"\n               data-src=\"https:\/\/www.freimarianne.ch\/wp-content\/gallery\/bitsch-eiche-15-12-16\/IMG_3483.jpg\"\n               data-thumbnail=\"https:\/\/www.freimarianne.ch\/wp-content\/gallery\/bitsch-eiche-15-12-16\/thumbs\/thumbs_IMG_3483.jpg\"\n               data-image-id=\"14975\"\n               data-title=\"gegen Pkt. 1064m\"\n               data-description=\"gegen Pkt. 1064m\"\n               data-image-slug=\"img_3483-1\"\n               class=\"shutterset_22289\">\n                <img\n                    title=\"gegen Pkt. 1064m\"\n                    alt=\"gegen Pkt. 1064m\"\n                    src=\"https:\/\/www.freimarianne.ch\/wp-content\/gallery\/bitsch-eiche-15-12-16\/thumbs\/thumbs_IMG_3483.jpg\"\n                    width=\"100\"\n                    height=\"75\"\n                    style=\"max-width:100%;\"\n                \/>\n            <\/a>\n        <\/div>\n\t\t\t\t\t\t\t<\/div> \n\t\t\t\n        \n\t\t\t\t<div id=\"ngg-image-2\" class=\"ngg-gallery-thumbnail-box\" >\n\t\t\t\t        <div class=\"ngg-gallery-thumbnail\">\n            <a href=\"https:\/\/www.freimarianne.ch\/wp-content\/gallery\/bitsch-eiche-15-12-16\/IMG_3487.jpg\"\n               title=\"Teich  hinter dem Haus bei Pkt. 1046m\"\n               data-src=\"https:\/\/www.freimarianne.ch\/wp-content\/gallery\/bitsch-eiche-15-12-16\/IMG_3487.jpg\"\n               data-thumbnail=\"https:\/\/www.freimarianne.ch\/wp-content\/gallery\/bitsch-eiche-15-12-16\/thumbs\/thumbs_IMG_3487.jpg\"\n               data-image-id=\"14974\"\n               data-title=\"Teich  hinter dem Haus bei Pkt. 1046m\"\n               data-description=\"Teich  hinter dem Haus bei Pkt. 1046m\"\n               data-image-slug=\"img_3487-1\"\n               class=\"shutterset_22289\">\n                <img\n                    title=\"Teich  hinter dem Haus bei Pkt. 1046m\"\n                    alt=\"Teich  hinter dem Haus bei Pkt. 1046m\"\n                    src=\"https:\/\/www.freimarianne.ch\/wp-content\/gallery\/bitsch-eiche-15-12-16\/thumbs\/thumbs_IMG_3487.jpg\"\n                    width=\"100\"\n                    height=\"75\"\n                    style=\"max-width:100%;\"\n                \/>\n            <\/a>\n        <\/div>\n\t\t\t\t\t\t\t<\/div> \n\t\t\t\n        \n\t\t\t\t<div id=\"ngg-image-3\" class=\"ngg-gallery-thumbnail-box\" >\n\t\t\t\t        <div class=\"ngg-gallery-thumbnail\">\n            <a href=\"https:\/\/www.freimarianne.ch\/wp-content\/gallery\/bitsch-eiche-15-12-16\/IMG_3491.jpg\"\n               title=\"Blick talausw\u00e4rts zur Mischabel Gruppe\"\n               data-src=\"https:\/\/www.freimarianne.ch\/wp-content\/gallery\/bitsch-eiche-15-12-16\/IMG_3491.jpg\"\n               data-thumbnail=\"https:\/\/www.freimarianne.ch\/wp-content\/gallery\/bitsch-eiche-15-12-16\/thumbs\/thumbs_IMG_3491.jpg\"\n               data-image-id=\"14973\"\n               data-title=\"Blick talausw\u00c3\u00a4rts zur Mischabel Gruppe\"\n               data-description=\"Blick talausw\u00e4rts zur Mischabel Gruppe\"\n               data-image-slug=\"img_3491-1\"\n               class=\"shutterset_22289\">\n                <img\n                    title=\"Blick talausw\u00c3\u00a4rts zur Mischabel Gruppe\"\n                    alt=\"Blick talausw\u00c3\u00a4rts zur Mischabel Gruppe\"\n                    src=\"https:\/\/www.freimarianne.ch\/wp-content\/gallery\/bitsch-eiche-15-12-16\/thumbs\/thumbs_IMG_3491.jpg\"\n                    width=\"100\"\n                    height=\"75\"\n                    style=\"max-width:100%;\"\n                \/>\n            <\/a>\n        <\/div>\n\t\t\t\t\t\t\t<\/div> \n\t\t\t\n        \n\t\t\t\t<div id=\"ngg-image-4\" class=\"ngg-gallery-thumbnail-box\" >\n\t\t\t\t        <div class=\"ngg-gallery-thumbnail\">\n            <a href=\"https:\/\/www.freimarianne.ch\/wp-content\/gallery\/bitsch-eiche-15-12-16\/IMG_3497.jpg\"\n               title=\"bei Haus mit kl. Teich\"\n               data-src=\"https:\/\/www.freimarianne.ch\/wp-content\/gallery\/bitsch-eiche-15-12-16\/IMG_3497.jpg\"\n               data-thumbnail=\"https:\/\/www.freimarianne.ch\/wp-content\/gallery\/bitsch-eiche-15-12-16\/thumbs\/thumbs_IMG_3497.jpg\"\n               data-image-id=\"14972\"\n               data-title=\"bei Haus mit kl. Teich\"\n               data-description=\"bei Haus mit kl. Teich\"\n               data-image-slug=\"img_3497-4\"\n               class=\"shutterset_22289\">\n                <img\n                    title=\"bei Haus mit kl. Teich\"\n                    alt=\"bei Haus mit kl. Teich\"\n                    src=\"https:\/\/www.freimarianne.ch\/wp-content\/gallery\/bitsch-eiche-15-12-16\/thumbs\/thumbs_IMG_3497.jpg\"\n                    width=\"100\"\n                    height=\"75\"\n                    style=\"max-width:100%;\"\n                \/>\n            <\/a>\n        <\/div>\n\t\t\t\t\t\t\t<\/div> \n\t\t\t\n        \n\t\t\t\t<div id=\"ngg-image-5\" class=\"ngg-gallery-thumbnail-box\" >\n\t\t\t\t        <div class=\"ngg-gallery-thumbnail\">\n            <a href=\"https:\/\/www.freimarianne.ch\/wp-content\/gallery\/bitsch-eiche-15-12-16\/IMG_3498.jpg\"\n               title=\"Plateau mit  Haus; B\u00e4ttlihorn 2951m, Gross Huwetz 2923m, F\u00fcllhorn 2738m\"\n               data-src=\"https:\/\/www.freimarianne.ch\/wp-content\/gallery\/bitsch-eiche-15-12-16\/IMG_3498.jpg\"\n               data-thumbnail=\"https:\/\/www.freimarianne.ch\/wp-content\/gallery\/bitsch-eiche-15-12-16\/thumbs\/thumbs_IMG_3498.jpg\"\n               data-image-id=\"14971\"\n               data-title=\"Plateau mit  Haus; B\u00c3\u00a4ttlihorn 2951m, Gross Huwetz 2923m, F\u00c3\u00bcllhorn 2738m\"\n               data-description=\"Plateau mit  Haus; B\u00e4ttlihorn 2951m, Gross Huwetz 2923m, F\u00fcllhorn 2738m\"\n               data-image-slug=\"img_3498-1\"\n               class=\"shutterset_22289\">\n                <img\n                    title=\"Plateau mit  Haus; B\u00c3\u00a4ttlihorn 2951m, Gross Huwetz 2923m, F\u00c3\u00bcllhorn 2738m\"\n                    alt=\"Plateau mit  Haus; B\u00c3\u00a4ttlihorn 2951m, Gross Huwetz 2923m, F\u00c3\u00bcllhorn 2738m\"\n                    src=\"https:\/\/www.freimarianne.ch\/wp-content\/gallery\/bitsch-eiche-15-12-16\/thumbs\/thumbs_IMG_3498.jpg\"\n                    width=\"100\"\n                    height=\"75\"\n                    style=\"max-width:100%;\"\n                \/>\n            <\/a>\n        <\/div>\n\t\t\t\t\t\t\t<\/div> \n\t\t\t\n        \n\t\t\t\t<div id=\"ngg-image-6\" class=\"ngg-gallery-thumbnail-box\" >\n\t\t\t\t        <div class=\"ngg-gallery-thumbnail\">\n            <a href=\"https:\/\/www.freimarianne.ch\/wp-content\/gallery\/bitsch-eiche-15-12-16\/IMG_3505.jpg\"\n               title=\"Haus bei Flesche 1110m; B\u00e4ttlihorn 2951m, Gross Huwetz 2923m, F\u00fcllhorn 2738m,\"\n               data-src=\"https:\/\/www.freimarianne.ch\/wp-content\/gallery\/bitsch-eiche-15-12-16\/IMG_3505.jpg\"\n               data-thumbnail=\"https:\/\/www.freimarianne.ch\/wp-content\/gallery\/bitsch-eiche-15-12-16\/thumbs\/thumbs_IMG_3505.jpg\"\n               data-image-id=\"14970\"\n               data-title=\"Haus bei Flesche 1110m; B\u00c3\u00a4ttlihorn 2951m, Gross Huwetz 2923m, F\u00c3\u00bcllhorn 2738m,\"\n               data-description=\"Haus bei Flesche 1110m; B\u00e4ttlihorn 2951m, Gross Huwetz 2923m, F\u00fcllhorn 2738m,\"\n               data-image-slug=\"img_3505-1\"\n               class=\"shutterset_22289\">\n                <img\n                    title=\"Haus bei Flesche 1110m; B\u00c3\u00a4ttlihorn 2951m, Gross Huwetz 2923m, F\u00c3\u00bcllhorn 2738m,\"\n                    alt=\"Haus bei Flesche 1110m; B\u00c3\u00a4ttlihorn 2951m, Gross Huwetz 2923m, F\u00c3\u00bcllhorn 2738m,\"\n                    src=\"https:\/\/www.freimarianne.ch\/wp-content\/gallery\/bitsch-eiche-15-12-16\/thumbs\/thumbs_IMG_3505.jpg\"\n                    width=\"100\"\n                    height=\"75\"\n                    style=\"max-width:100%;\"\n                \/>\n            <\/a>\n        <\/div>\n\t\t\t\t\t\t\t<\/div> \n\t\t\t\n        \n\t\t\t\t<div id=\"ngg-image-7\" class=\"ngg-gallery-thumbnail-box\" >\n\t\t\t\t        <div class=\"ngg-gallery-thumbnail\">\n            <a href=\"https:\/\/www.freimarianne.ch\/wp-content\/gallery\/bitsch-eiche-15-12-16\/IMG_3507.jpg\"\n               title=\"der Suone entlang\"\n               data-src=\"https:\/\/www.freimarianne.ch\/wp-content\/gallery\/bitsch-eiche-15-12-16\/IMG_3507.jpg\"\n               data-thumbnail=\"https:\/\/www.freimarianne.ch\/wp-content\/gallery\/bitsch-eiche-15-12-16\/thumbs\/thumbs_IMG_3507.jpg\"\n               data-image-id=\"14969\"\n               data-title=\"der Suone entlang\"\n               data-description=\"der Suone entlang\"\n               data-image-slug=\"img_3507\"\n               class=\"shutterset_22289\">\n                <img\n                    title=\"der Suone entlang\"\n                    alt=\"der Suone entlang\"\n                    src=\"https:\/\/www.freimarianne.ch\/wp-content\/gallery\/bitsch-eiche-15-12-16\/thumbs\/thumbs_IMG_3507.jpg\"\n                    width=\"100\"\n                    height=\"75\"\n                    style=\"max-width:100%;\"\n                \/>\n            <\/a>\n        <\/div>\n\t\t\t\t\t\t\t<\/div> \n\t\t\t\n        \n\t\t\t\t<div id=\"ngg-image-8\" class=\"ngg-gallery-thumbnail-box\" >\n\t\t\t\t        <div class=\"ngg-gallery-thumbnail\">\n            <a href=\"https:\/\/www.freimarianne.ch\/wp-content\/gallery\/bitsch-eiche-15-12-16\/IMG_3512.jpg\"\n               title=\"B\u00c4TTLIHORN, MONTE LEONE, H\u00dcBSCHHORN\"\n               data-src=\"https:\/\/www.freimarianne.ch\/wp-content\/gallery\/bitsch-eiche-15-12-16\/IMG_3512.jpg\"\n               data-thumbnail=\"https:\/\/www.freimarianne.ch\/wp-content\/gallery\/bitsch-eiche-15-12-16\/thumbs\/thumbs_IMG_3512.jpg\"\n               data-image-id=\"14968\"\n               data-title=\"B\u00c3\u0084TTLIHORN, MONTE LEONE, H\u00c3\u009cBSCHHORN\"\n               data-description=\"B\u00c4TTLIHORN, MONTE LEONE, H\u00dcBSCHHORN\"\n               data-image-slug=\"img_3512-1\"\n               class=\"shutterset_22289\">\n                <img\n                    title=\"B\u00c3\u0084TTLIHORN, MONTE LEONE, H\u00c3\u009cBSCHHORN\"\n                    alt=\"B\u00c3\u0084TTLIHORN, MONTE LEONE, H\u00c3\u009cBSCHHORN\"\n                    src=\"https:\/\/www.freimarianne.ch\/wp-content\/gallery\/bitsch-eiche-15-12-16\/thumbs\/thumbs_IMG_3512.jpg\"\n                    width=\"100\"\n                    height=\"75\"\n                    style=\"max-width:100%;\"\n                \/>\n            <\/a>\n        <\/div>\n\t\t\t\t\t\t\t<\/div> \n\t\t\t\n        \n\t\t\t\t<div id=\"ngg-image-9\" class=\"ngg-gallery-thumbnail-box\" >\n\t\t\t\t        <div class=\"ngg-gallery-thumbnail\">\n            <a href=\"https:\/\/www.freimarianne.ch\/wp-content\/gallery\/bitsch-eiche-15-12-16\/IMG_3516.jpg\"\n               title=\"F\u00fcllhorn 2738m, Berglehne mit Rosswald , B\u00c4TTLIHORN, MONTE LEONE, H\u00dcBSCHHORN\"\n               data-src=\"https:\/\/www.freimarianne.ch\/wp-content\/gallery\/bitsch-eiche-15-12-16\/IMG_3516.jpg\"\n               data-thumbnail=\"https:\/\/www.freimarianne.ch\/wp-content\/gallery\/bitsch-eiche-15-12-16\/thumbs\/thumbs_IMG_3516.jpg\"\n               data-image-id=\"14967\"\n               data-title=\"F\u00c3\u00bcllhorn 2738m, Berglehne mit Rosswald , B\u00c3\u0084TTLIHORN, MONTE LEONE, H\u00c3\u009cBSCHHORN\"\n               data-description=\"F\u00fcllhorn 2738m, Berglehne mit Rosswald , B\u00c4TTLIHORN, MONTE LEONE, H\u00dcBSCHHORN\"\n               data-image-slug=\"img_3516-1\"\n               class=\"shutterset_22289\">\n                <img\n                    title=\"F\u00c3\u00bcllhorn 2738m, Berglehne mit Rosswald , B\u00c3\u0084TTLIHORN, MONTE LEONE, H\u00c3\u009cBSCHHORN\"\n                    alt=\"F\u00c3\u00bcllhorn 2738m, Berglehne mit Rosswald , B\u00c3\u0084TTLIHORN, MONTE LEONE, H\u00c3\u009cBSCHHORN\"\n                    src=\"https:\/\/www.freimarianne.ch\/wp-content\/gallery\/bitsch-eiche-15-12-16\/thumbs\/thumbs_IMG_3516.jpg\"\n                    width=\"100\"\n                    height=\"75\"\n                    style=\"max-width:100%;\"\n                \/>\n            <\/a>\n        <\/div>\n\t\t\t\t\t\t\t<\/div> \n\t\t\t\n        \n\t\t\t\t<div id=\"ngg-image-10\" class=\"ngg-gallery-thumbnail-box\" >\n\t\t\t\t        <div class=\"ngg-gallery-thumbnail\">\n            <a href=\"https:\/\/www.freimarianne.ch\/wp-content\/gallery\/bitsch-eiche-15-12-16\/IMG_3520.jpg\"\n               title=\"Detail\"\n               data-src=\"https:\/\/www.freimarianne.ch\/wp-content\/gallery\/bitsch-eiche-15-12-16\/IMG_3520.jpg\"\n               data-thumbnail=\"https:\/\/www.freimarianne.ch\/wp-content\/gallery\/bitsch-eiche-15-12-16\/thumbs\/thumbs_IMG_3520.jpg\"\n               data-image-id=\"14966\"\n               data-title=\"Detail\"\n               data-description=\"Detail\"\n               data-image-slug=\"img_3520\"\n               class=\"shutterset_22289\">\n                <img\n                    title=\"Detail\"\n                    alt=\"Detail\"\n                    src=\"https:\/\/www.freimarianne.ch\/wp-content\/gallery\/bitsch-eiche-15-12-16\/thumbs\/thumbs_IMG_3520.jpg\"\n                    width=\"100\"\n                    height=\"75\"\n                    style=\"max-width:100%;\"\n                \/>\n            <\/a>\n        <\/div>\n\t\t\t\t\t\t\t<\/div> \n\t\t\t\n        \n\t\t\t\t<div id=\"ngg-image-11\" class=\"ngg-gallery-thumbnail-box\" >\n\t\t\t\t        <div class=\"ngg-gallery-thumbnail\">\n            <a href=\"https:\/\/www.freimarianne.ch\/wp-content\/gallery\/bitsch-eiche-15-12-16\/IMG_3531.jpg\"\n               title=\"ein wundersch\u00f6ner Rastplatz bei einer Verzweigung\"\n               data-src=\"https:\/\/www.freimarianne.ch\/wp-content\/gallery\/bitsch-eiche-15-12-16\/IMG_3531.jpg\"\n               data-thumbnail=\"https:\/\/www.freimarianne.ch\/wp-content\/gallery\/bitsch-eiche-15-12-16\/thumbs\/thumbs_IMG_3531.jpg\"\n               data-image-id=\"14965\"\n               data-title=\"ein wundersch\u00c3\u00b6ner Rastplatz bei einer Verzweigung\"\n               data-description=\"ein wundersch\u00f6ner Rastplatz bei einer Verzweigung\"\n               data-image-slug=\"img_3531-1\"\n               class=\"shutterset_22289\">\n                <img\n                    title=\"ein wundersch\u00c3\u00b6ner Rastplatz bei einer Verzweigung\"\n                    alt=\"ein wundersch\u00c3\u00b6ner Rastplatz bei einer Verzweigung\"\n                    src=\"https:\/\/www.freimarianne.ch\/wp-content\/gallery\/bitsch-eiche-15-12-16\/thumbs\/thumbs_IMG_3531.jpg\"\n                    width=\"100\"\n                    height=\"75\"\n                    style=\"max-width:100%;\"\n                \/>\n            <\/a>\n        <\/div>\n\t\t\t\t\t\t\t<\/div> \n\t\t\t\n        \n\t\t\t\t<div id=\"ngg-image-12\" class=\"ngg-gallery-thumbnail-box\" >\n\t\t\t\t        <div class=\"ngg-gallery-thumbnail\">\n            <a href=\"https:\/\/www.freimarianne.ch\/wp-content\/gallery\/bitsch-eiche-15-12-16\/IMG_3533.jpg\"\n               title=\"Marianne\"\n               data-src=\"https:\/\/www.freimarianne.ch\/wp-content\/gallery\/bitsch-eiche-15-12-16\/IMG_3533.jpg\"\n               data-thumbnail=\"https:\/\/www.freimarianne.ch\/wp-content\/gallery\/bitsch-eiche-15-12-16\/thumbs\/thumbs_IMG_3533.jpg\"\n               data-image-id=\"14964\"\n               data-title=\"Marianne\"\n               data-description=\"Marianne\"\n               data-image-slug=\"img_3533-3\"\n               class=\"shutterset_22289\">\n                <img\n                    title=\"Marianne\"\n                    alt=\"Marianne\"\n                    src=\"https:\/\/www.freimarianne.ch\/wp-content\/gallery\/bitsch-eiche-15-12-16\/thumbs\/thumbs_IMG_3533.jpg\"\n                    width=\"100\"\n                    height=\"75\"\n                    style=\"max-width:100%;\"\n                \/>\n            <\/a>\n        <\/div>\n\t\t\t\t\t\t\t<\/div> \n\t\t\t\n        \n\t\t\t\t<div id=\"ngg-image-13\" class=\"ngg-gallery-thumbnail-box\" >\n\t\t\t\t        <div class=\"ngg-gallery-thumbnail\">\n            <a href=\"https:\/\/www.freimarianne.ch\/wp-content\/gallery\/bitsch-eiche-15-12-16\/IMG_3542.jpg\"\n               title=\"B\u00e4ttlihorn 2951m, Gross Huwetz 2923m, F\u00fcllhorn 2738m\"\n               data-src=\"https:\/\/www.freimarianne.ch\/wp-content\/gallery\/bitsch-eiche-15-12-16\/IMG_3542.jpg\"\n               data-thumbnail=\"https:\/\/www.freimarianne.ch\/wp-content\/gallery\/bitsch-eiche-15-12-16\/thumbs\/thumbs_IMG_3542.jpg\"\n               data-image-id=\"14963\"\n               data-title=\"B\u00c3\u00a4ttlihorn 2951m, Gross Huwetz 2923m, F\u00c3\u00bcllhorn 2738m\"\n               data-description=\"B\u00e4ttlihorn 2951m, Gross Huwetz 2923m, F\u00fcllhorn 2738m\"\n               data-image-slug=\"img_3542\"\n               class=\"shutterset_22289\">\n                <img\n                    title=\"B\u00c3\u00a4ttlihorn 2951m, Gross Huwetz 2923m, F\u00c3\u00bcllhorn 2738m\"\n                    alt=\"B\u00c3\u00a4ttlihorn 2951m, Gross Huwetz 2923m, F\u00c3\u00bcllhorn 2738m\"\n                    src=\"https:\/\/www.freimarianne.ch\/wp-content\/gallery\/bitsch-eiche-15-12-16\/thumbs\/thumbs_IMG_3542.jpg\"\n                    width=\"100\"\n                    height=\"75\"\n                    style=\"max-width:100%;\"\n                \/>\n            <\/a>\n        <\/div>\n\t\t\t\t\t\t\t<\/div> \n\t\t\t\n        \n\t\t\t\t<div id=\"ngg-image-14\" class=\"ngg-gallery-thumbnail-box\" >\n\t\t\t\t        <div class=\"ngg-gallery-thumbnail\">\n            <a href=\"https:\/\/www.freimarianne.ch\/wp-content\/gallery\/bitsch-eiche-15-12-16\/IMG_3548.jpg\"\n               title=\"ein malerischer Weg\"\n               data-src=\"https:\/\/www.freimarianne.ch\/wp-content\/gallery\/bitsch-eiche-15-12-16\/IMG_3548.jpg\"\n               data-thumbnail=\"https:\/\/www.freimarianne.ch\/wp-content\/gallery\/bitsch-eiche-15-12-16\/thumbs\/thumbs_IMG_3548.jpg\"\n               data-image-id=\"14962\"\n               data-title=\"ein malerischer Weg\"\n               data-description=\"ein malerischer Weg\"\n               data-image-slug=\"img_3548-1\"\n               class=\"shutterset_22289\">\n                <img\n                    title=\"ein malerischer Weg\"\n                    alt=\"ein malerischer Weg\"\n                    src=\"https:\/\/www.freimarianne.ch\/wp-content\/gallery\/bitsch-eiche-15-12-16\/thumbs\/thumbs_IMG_3548.jpg\"\n                    width=\"100\"\n                    height=\"75\"\n                    style=\"max-width:100%;\"\n                \/>\n            <\/a>\n        <\/div>\n\t\t\t\t\t\t\t<\/div> \n\t\t\t\n        \n\t\t\t\t<div id=\"ngg-image-15\" class=\"ngg-gallery-thumbnail-box\" >\n\t\t\t\t        <div class=\"ngg-gallery-thumbnail\">\n            <a href=\"https:\/\/www.freimarianne.ch\/wp-content\/gallery\/bitsch-eiche-15-12-16\/IMG_3553.jpg\"\n               title=\"der Suone entlang nach Sommerseili\"\n               data-src=\"https:\/\/www.freimarianne.ch\/wp-content\/gallery\/bitsch-eiche-15-12-16\/IMG_3553.jpg\"\n               data-thumbnail=\"https:\/\/www.freimarianne.ch\/wp-content\/gallery\/bitsch-eiche-15-12-16\/thumbs\/thumbs_IMG_3553.jpg\"\n               data-image-id=\"14961\"\n               data-title=\"der Suone entlang nach Sommerseili\"\n               data-description=\"der Suone entlang nach Sommerseili\"\n               data-image-slug=\"img_3553-5\"\n               class=\"shutterset_22289\">\n                <img\n                    title=\"der Suone entlang nach Sommerseili\"\n                    alt=\"der Suone entlang nach Sommerseili\"\n                    src=\"https:\/\/www.freimarianne.ch\/wp-content\/gallery\/bitsch-eiche-15-12-16\/thumbs\/thumbs_IMG_3553.jpg\"\n                    width=\"100\"\n                    height=\"75\"\n                    style=\"max-width:100%;\"\n                \/>\n            <\/a>\n        <\/div>\n\t\t\t\t\t\t\t<\/div> \n\t\t\t\n        \n\t\t\t\t<div id=\"ngg-image-16\" class=\"ngg-gallery-thumbnail-box\" >\n\t\t\t\t        <div class=\"ngg-gallery-thumbnail\">\n            <a href=\"https:\/\/www.freimarianne.ch\/wp-content\/gallery\/bitsch-eiche-15-12-16\/IMG_3561.jpg\"\n               title=\"die Kirche von Ried\/M\u00f6rel\"\n               data-src=\"https:\/\/www.freimarianne.ch\/wp-content\/gallery\/bitsch-eiche-15-12-16\/IMG_3561.jpg\"\n               data-thumbnail=\"https:\/\/www.freimarianne.ch\/wp-content\/gallery\/bitsch-eiche-15-12-16\/thumbs\/thumbs_IMG_3561.jpg\"\n               data-image-id=\"14960\"\n               data-title=\"die Kirche von Ried\/M\u00c3\u00b6rel\"\n               data-description=\"die Kirche von Ried\/M\u00f6rel\"\n               data-image-slug=\"img_3561-3\"\n               class=\"shutterset_22289\">\n                <img\n                    title=\"die Kirche von Ried\/M\u00c3\u00b6rel\"\n                    alt=\"die Kirche von Ried\/M\u00c3\u00b6rel\"\n                    src=\"https:\/\/www.freimarianne.ch\/wp-content\/gallery\/bitsch-eiche-15-12-16\/thumbs\/thumbs_IMG_3561.jpg\"\n                    width=\"100\"\n                    height=\"75\"\n                    style=\"max-width:100%;\"\n                \/>\n            <\/a>\n        <\/div>\n\t\t\t\t\t\t\t<\/div> \n\t\t\t\n        \n\t\t\t\t<div id=\"ngg-image-17\" class=\"ngg-gallery-thumbnail-box\" >\n\t\t\t\t        <div class=\"ngg-gallery-thumbnail\">\n            <a href=\"https:\/\/www.freimarianne.ch\/wp-content\/gallery\/bitsch-eiche-15-12-16\/IMG_3568.jpg\"\n               title=\"Riederalp mit Blinnenh\u00f6rner, Rappenh\u00f6rner und Turbhorn\"\n               data-src=\"https:\/\/www.freimarianne.ch\/wp-content\/gallery\/bitsch-eiche-15-12-16\/IMG_3568.jpg\"\n               data-thumbnail=\"https:\/\/www.freimarianne.ch\/wp-content\/gallery\/bitsch-eiche-15-12-16\/thumbs\/thumbs_IMG_3568.jpg\"\n               data-image-id=\"14959\"\n               data-title=\"Riederalp mit Blinnenh\u00c3\u00b6rner, Rappenh\u00c3\u00b6rner und Turbhorn\"\n               data-description=\"Riederalp mit Blinnenh\u00f6rner, Rappenh\u00f6rner und Turbhorn\"\n               data-image-slug=\"img_3568\"\n               class=\"shutterset_22289\">\n                <img\n                    title=\"Riederalp mit Blinnenh\u00c3\u00b6rner, Rappenh\u00c3\u00b6rner und Turbhorn\"\n                    alt=\"Riederalp mit Blinnenh\u00c3\u00b6rner, Rappenh\u00c3\u00b6rner und Turbhorn\"\n                    src=\"https:\/\/www.freimarianne.ch\/wp-content\/gallery\/bitsch-eiche-15-12-16\/thumbs\/thumbs_IMG_3568.jpg\"\n                    width=\"100\"\n                    height=\"75\"\n                    style=\"max-width:100%;\"\n                \/>\n            <\/a>\n        <\/div>\n\t\t\t\t\t\t\t<\/div> \n\t\t\t\n        \n\t\t\t\t<div id=\"ngg-image-18\" class=\"ngg-gallery-thumbnail-box\" >\n\t\t\t\t        <div class=\"ngg-gallery-thumbnail\">\n            <a href=\"https:\/\/www.freimarianne.ch\/wp-content\/gallery\/bitsch-eiche-15-12-16\/IMG_3572.jpg\"\n               title=\"auf der Riederalp\"\n               data-src=\"https:\/\/www.freimarianne.ch\/wp-content\/gallery\/bitsch-eiche-15-12-16\/IMG_3572.jpg\"\n               data-thumbnail=\"https:\/\/www.freimarianne.ch\/wp-content\/gallery\/bitsch-eiche-15-12-16\/thumbs\/thumbs_IMG_3572.jpg\"\n               data-image-id=\"14958\"\n               data-title=\"auf der Riederalp\"\n               data-description=\"auf der Riederalp\"\n               data-image-slug=\"img_3572-4\"\n               class=\"shutterset_22289\">\n                <img\n                    title=\"auf der Riederalp\"\n                    alt=\"auf der Riederalp\"\n                    src=\"https:\/\/www.freimarianne.ch\/wp-content\/gallery\/bitsch-eiche-15-12-16\/thumbs\/thumbs_IMG_3572.jpg\"\n                    width=\"100\"\n                    height=\"75\"\n                    style=\"max-width:100%;\"\n                \/>\n            <\/a>\n        <\/div>\n\t\t\t\t\t\t\t<\/div> \n\t\t\t\n        \n\t\t\t\t<div id=\"ngg-image-19\" class=\"ngg-gallery-thumbnail-box\" >\n\t\t\t\t        <div class=\"ngg-gallery-thumbnail\">\n            <a href=\"https:\/\/www.freimarianne.ch\/wp-content\/gallery\/bitsch-eiche-15-12-16\/IMG_3580.jpg\"\n               title=\"Ernergalen:; Blinnenhorn 3373m, Rappehorn 3158m, Turbhorn 3245m\"\n               data-src=\"https:\/\/www.freimarianne.ch\/wp-content\/gallery\/bitsch-eiche-15-12-16\/IMG_3580.jpg\"\n               data-thumbnail=\"https:\/\/www.freimarianne.ch\/wp-content\/gallery\/bitsch-eiche-15-12-16\/thumbs\/thumbs_IMG_3580.jpg\"\n               data-image-id=\"14957\"\n               data-title=\"Ernergalen:; Blinnenhorn 3373m, Rappehorn 3158m, Turbhorn 3245m\"\n               data-description=\"Ernergalen:; Blinnenhorn 3373m, Rappehorn 3158m, Turbhorn 3245m\"\n               data-image-slug=\"img_3580-1\"\n               class=\"shutterset_22289\">\n                <img\n                    title=\"Ernergalen:; Blinnenhorn 3373m, Rappehorn 3158m, Turbhorn 3245m\"\n                    alt=\"Ernergalen:; Blinnenhorn 3373m, Rappehorn 3158m, Turbhorn 3245m\"\n                    src=\"https:\/\/www.freimarianne.ch\/wp-content\/gallery\/bitsch-eiche-15-12-16\/thumbs\/thumbs_IMG_3580.jpg\"\n                    width=\"100\"\n                    height=\"75\"\n                    style=\"max-width:100%;\"\n                \/>\n            <\/a>\n        <\/div>\n\t\t\t\t\t\t\t<\/div> \n\t\t\t\n        \n\t\t\t\t<div id=\"ngg-image-20\" class=\"ngg-gallery-thumbnail-box\" >\n\t\t\t\t        <div class=\"ngg-gallery-thumbnail\">\n            <a href=\"https:\/\/www.freimarianne.ch\/wp-content\/gallery\/bitsch-eiche-15-12-16\/IMG_3587.jpg\"\n               title=\"Kapelle auf der Bettmeralp; re Eggerhorn\"\n               data-src=\"https:\/\/www.freimarianne.ch\/wp-content\/gallery\/bitsch-eiche-15-12-16\/IMG_3587.jpg\"\n               data-thumbnail=\"https:\/\/www.freimarianne.ch\/wp-content\/gallery\/bitsch-eiche-15-12-16\/thumbs\/thumbs_IMG_3587.jpg\"\n               data-image-id=\"14956\"\n               data-title=\"Kapelle auf der Bettmeralp; re Eggerhorn\"\n               data-description=\"Kapelle auf der Bettmeralp; re Eggerhorn\"\n               data-image-slug=\"img_3587\"\n               class=\"shutterset_22289\">\n                <img\n                    title=\"Kapelle auf der Bettmeralp; re Eggerhorn\"\n                    alt=\"Kapelle auf der Bettmeralp; re Eggerhorn\"\n                    src=\"https:\/\/www.freimarianne.ch\/wp-content\/gallery\/bitsch-eiche-15-12-16\/thumbs\/thumbs_IMG_3587.jpg\"\n                    width=\"100\"\n                    height=\"75\"\n                    style=\"max-width:100%;\"\n                \/>\n            <\/a>\n        <\/div>\n\t\t\t\t\t\t\t<\/div> \n\t\t\t\n        \n\t\t\n\t\t<!-- Pagination -->\n\t<div class='ngg-clear'><\/div>\t<\/div>\n<\/p>\n","protected":false},"excerpt":{"rendered":"<p>Wanderung von Bitsch\/ Eiche \u00fcber Flesche nach Ried\/M\u00f6rel B\u00e4ttlihorn, Monte Leone, H\u00fcbschhorn; Brig Glis Heute m\u00f6chte ich einen anderen Weg von Bisch nach Ried\/ M\u00f6rel ausprobieren! Das Wetter ist wundersch\u00f6n! Von Bitsche muss ich de Bus 611 nehemn, um nach Eiche hianufzukommen. Der Chauffeur erkl\u00e4rt mir den Weg von Eiche aus. Es gibt eine direkt, [&hellip;]<\/p>\n","protected":false},"author":1,"featured_media":0,"parent":21879,"menu_order":6,"comment_status":"closed","ping_status":"closed","template":"","meta":{"ngg_post_thumbnail":0},"_links":{"self":[{"href":"https:\/\/www.freimarianne.ch\/index.php?rest_route=\/wp\/v2\/pages\/22287"}],"collection":[{"href":"https:\/\/www.freimarianne.ch\/index.php?rest_route=\/wp\/v2\/pages"}],"about":[{"href":"https:\/\/www.freimarianne.ch\/index.php?rest_route=\/wp\/v2\/types\/page"}],"author":[{"embeddable":true,"href":"https:\/\/www.freimarianne.ch\/index.php?rest_route=\/wp\/v2\/users\/1"}],"replies":[{"embeddable":true,"href":"https:\/\/www.freimarianne.ch\/index.php?rest_route=%2Fwp%2Fv2%2Fcomments&post=22287"}],"version-history":[{"count":4,"href":"https:\/\/www.freimarianne.ch\/index.php?rest_route=\/wp\/v2\/pages\/22287\/revisions"}],"predecessor-version":[{"id":28301,"href":"https:\/\/www.freimarianne.ch\/index.php?rest_route=\/wp\/v2\/pages\/22287\/revisions\/28301"}],"up":[{"embeddable":true,"href":"https:\/\/www.freimarianne.ch\/index.php?rest_route=\/wp\/v2\/pages\/21879"}],"wp:attachment":[{"href":"https:\/\/www.freimarianne.ch\/index.php?rest_route=%2Fwp%2Fv2%2Fmedia&parent=22287"}],"curies":[{"name":"wp","href":"https:\/\/api.w.org\/{rel}","templated":true}]}}