{"id":24240,"date":"2017-06-07T08:28:31","date_gmt":"2017-06-07T07:28:31","guid":{"rendered":"http:\/\/www.freimarianne.ch\/?page_id=24240"},"modified":"2017-06-10T08:51:35","modified_gmt":"2017-06-10T07:51:35","slug":"gran-canaria-2-5-2017","status":"publish","type":"page","link":"https:\/\/www.freimarianne.ch\/?page_id=24240","title":{"rendered":"Gran Canaria   2.5.2017"},"content":{"rendered":"<p><strong>7.Tag:<br \/>\nRoque Nublo 1700m<\/strong><br \/>\nVon der K\u00fcste m\u00fcssen wir hinauf nach San Bartholom\u00e9 und noch weiter hinauf in die Berge fahren. Heute soll das Wetter dort oben gut sein. Es scheint , dass diese Wanderung auch die &#8220;K\u00f6nigsetappe&#8221; unseres Aufenthalts in Gran Canaria ist.<br \/>\nUnsere Wanderung f\u00fchrt uns zum \u201cRoque Nublo\u201d, den Wolkenfels im Inselzentrum. Ein schmaler Steinpfad bringt uns zum Felssockel und seinen altkanarischen Kultpl\u00e4tzen hinauf. Als urspr\u00fcnglicher Vulkanschlot ist er durch Erosion gepr\u00e4gt und ragt gut 65 m steil vor uns auf. Wir genie\u00dfen die grandiosen Ausblicke auf die bizarre Berglandschaft Gran Canarias und durchwandern das Tal von Asserado. Am Ende erwartet uns eine Einkehr bei einem freundlichen Canario mit K\u00e4se und Wein.<br \/>\nDies ist eine ausgesprochen sch\u00f6ne Tour in einer beeindruckenden Landschaft.<\/p>\n<p><img loading=\"lazy\" class=\"size-full wp-image-24260\" src=\"http:\/\/www.freimarianne.ch\/wp-content\/uploads\/2017\/06\/IMG_6568_2.5._500.jpg\" alt=\"\" width=\"500\" height=\"312\" srcset=\"https:\/\/www.freimarianne.ch\/wp-content\/uploads\/2017\/06\/IMG_6568_2.5._500.jpg 500w, https:\/\/www.freimarianne.ch\/wp-content\/uploads\/2017\/06\/IMG_6568_2.5._500-300x187.jpg 300w, https:\/\/www.freimarianne.ch\/wp-content\/uploads\/2017\/06\/IMG_6568_2.5._500-481x300.jpg 481w\" sizes=\"(max-width: 500px) 100vw, 500px\" \/> Roque Nublo 1709m<\/p>\n<p><!-- index.php -->\n<div\n\tclass=\"ngg-galleryoverview ngg-ajax-pagination-none\"\n\tid=\"ngg-gallery-24970-1\">\n\n    \t<div class=\"slideshowlink\">\n        <a href='https:\/\/www.freimarianne.ch\/index.php\/nggallery\/slideshow?page_id=24240'>[Show as slideshow]<\/a>\n\t\t\n\t<\/div>\n\t\t\t<!-- Thumbnails -->\n\t\t\t\t<div id=\"ngg-image-0\" class=\"ngg-gallery-thumbnail-box\" >\n\t\t\t\t        <div class=\"ngg-gallery-thumbnail\">\n            <a href=\"https:\/\/www.freimarianne.ch\/wp-content\/gallery\/canaria-2-5-17\/IMG_6540.jpg\"\n               title=\"Roque Nublo\"\n               data-src=\"https:\/\/www.freimarianne.ch\/wp-content\/gallery\/canaria-2-5-17\/IMG_6540.jpg\"\n               data-thumbnail=\"https:\/\/www.freimarianne.ch\/wp-content\/gallery\/canaria-2-5-17\/thumbs\/thumbs_IMG_6540.jpg\"\n               data-image-id=\"15875\"\n               data-title=\"Roque Nublo\"\n               data-description=\"Roque Nublo\"\n               data-image-slug=\"img_6540\"\n               class=\"shutterset_24970\">\n                <img\n                    title=\"Roque Nublo\"\n                    alt=\"Roque Nublo\"\n                    src=\"https:\/\/www.freimarianne.ch\/wp-content\/gallery\/canaria-2-5-17\/thumbs\/thumbs_IMG_6540.jpg\"\n                    width=\"100\"\n                    height=\"75\"\n                    style=\"max-width:100%;\"\n                \/>\n            <\/a>\n        <\/div>\n\t\t\t\t\t\t\t<\/div> \n\t\t\t\n        \n\t\t\t\t<div id=\"ngg-image-1\" class=\"ngg-gallery-thumbnail-box\" >\n\t\t\t\t        <div class=\"ngg-gallery-thumbnail\">\n            <a href=\"https:\/\/www.freimarianne.ch\/wp-content\/gallery\/canaria-2-5-17\/IMG_6542.jpg\"\n               title=\"zum Roque Nublo\"\n               data-src=\"https:\/\/www.freimarianne.ch\/wp-content\/gallery\/canaria-2-5-17\/IMG_6542.jpg\"\n               data-thumbnail=\"https:\/\/www.freimarianne.ch\/wp-content\/gallery\/canaria-2-5-17\/thumbs\/thumbs_IMG_6542.jpg\"\n               data-image-id=\"15876\"\n               data-title=\"zum Roque Nublo\"\n               data-description=\"zum Roque Nublo\"\n               data-image-slug=\"img_6542\"\n               class=\"shutterset_24970\">\n                <img\n                    title=\"zum Roque Nublo\"\n                    alt=\"zum Roque Nublo\"\n                    src=\"https:\/\/www.freimarianne.ch\/wp-content\/gallery\/canaria-2-5-17\/thumbs\/thumbs_IMG_6542.jpg\"\n                    width=\"100\"\n                    height=\"75\"\n                    style=\"max-width:100%;\"\n                \/>\n            <\/a>\n        <\/div>\n\t\t\t\t\t\t\t<\/div> \n\t\t\t\n        \n\t\t\t\t<div id=\"ngg-image-2\" class=\"ngg-gallery-thumbnail-box\" >\n\t\t\t\t        <div class=\"ngg-gallery-thumbnail\">\n            <a href=\"https:\/\/www.freimarianne.ch\/wp-content\/gallery\/canaria-2-5-17\/IMG_6544.jpg\"\n               title=\"zum Roque Nublo\"\n               data-src=\"https:\/\/www.freimarianne.ch\/wp-content\/gallery\/canaria-2-5-17\/IMG_6544.jpg\"\n               data-thumbnail=\"https:\/\/www.freimarianne.ch\/wp-content\/gallery\/canaria-2-5-17\/thumbs\/thumbs_IMG_6544.jpg\"\n               data-image-id=\"15877\"\n               data-title=\"zum Roque Nublo\"\n               data-description=\"zum Roque Nublo\"\n               data-image-slug=\"img_6544\"\n               class=\"shutterset_24970\">\n                <img\n                    title=\"zum Roque Nublo\"\n                    alt=\"zum Roque Nublo\"\n                    src=\"https:\/\/www.freimarianne.ch\/wp-content\/gallery\/canaria-2-5-17\/thumbs\/thumbs_IMG_6544.jpg\"\n                    width=\"100\"\n                    height=\"75\"\n                    style=\"max-width:100%;\"\n                \/>\n            <\/a>\n        <\/div>\n\t\t\t\t\t\t\t<\/div> \n\t\t\t\n        \n\t\t\t\t<div id=\"ngg-image-3\" class=\"ngg-gallery-thumbnail-box\" >\n\t\t\t\t        <div class=\"ngg-gallery-thumbnail\">\n            <a href=\"https:\/\/www.freimarianne.ch\/wp-content\/gallery\/canaria-2-5-17\/IMG_6548.jpg\"\n               title=\"Natternk\u00f6pfe\"\n               data-src=\"https:\/\/www.freimarianne.ch\/wp-content\/gallery\/canaria-2-5-17\/IMG_6548.jpg\"\n               data-thumbnail=\"https:\/\/www.freimarianne.ch\/wp-content\/gallery\/canaria-2-5-17\/thumbs\/thumbs_IMG_6548.jpg\"\n               data-image-id=\"15878\"\n               data-title=\"Natternk\u00c3\u00b6pfe\"\n               data-description=\"Natternk\u00f6pfe\"\n               data-image-slug=\"img_6548-2\"\n               class=\"shutterset_24970\">\n                <img\n                    title=\"Natternk\u00c3\u00b6pfe\"\n                    alt=\"Natternk\u00c3\u00b6pfe\"\n                    src=\"https:\/\/www.freimarianne.ch\/wp-content\/gallery\/canaria-2-5-17\/thumbs\/thumbs_IMG_6548.jpg\"\n                    width=\"100\"\n                    height=\"75\"\n                    style=\"max-width:100%;\"\n                \/>\n            <\/a>\n        <\/div>\n\t\t\t\t\t\t\t<\/div> \n\t\t\t\n        \n\t\t\t\t<div id=\"ngg-image-4\" class=\"ngg-gallery-thumbnail-box\" >\n\t\t\t\t        <div class=\"ngg-gallery-thumbnail\">\n            <a href=\"https:\/\/www.freimarianne.ch\/wp-content\/gallery\/canaria-2-5-17\/IMG_6552.jpg\"\n               title=\"Marianne  auf dem Weg zum Roque Nublo\"\n               data-src=\"https:\/\/www.freimarianne.ch\/wp-content\/gallery\/canaria-2-5-17\/IMG_6552.jpg\"\n               data-thumbnail=\"https:\/\/www.freimarianne.ch\/wp-content\/gallery\/canaria-2-5-17\/thumbs\/thumbs_IMG_6552.jpg\"\n               data-image-id=\"15879\"\n               data-title=\"Marianne  auf dem Weg zum Roque Nublo\"\n               data-description=\"Marianne  auf dem Weg zum Roque Nublo\"\n               data-image-slug=\"img_6552-1\"\n               class=\"shutterset_24970\">\n                <img\n                    title=\"Marianne  auf dem Weg zum Roque Nublo\"\n                    alt=\"Marianne  auf dem Weg zum Roque Nublo\"\n                    src=\"https:\/\/www.freimarianne.ch\/wp-content\/gallery\/canaria-2-5-17\/thumbs\/thumbs_IMG_6552.jpg\"\n                    width=\"100\"\n                    height=\"75\"\n                    style=\"max-width:100%;\"\n                \/>\n            <\/a>\n        <\/div>\n\t\t\t\t\t\t\t<\/div> \n\t\t\t\n        \n\t\t\t\t<div id=\"ngg-image-5\" class=\"ngg-gallery-thumbnail-box\" >\n\t\t\t\t        <div class=\"ngg-gallery-thumbnail\">\n            <a href=\"https:\/\/www.freimarianne.ch\/wp-content\/gallery\/canaria-2-5-17\/IMG_6561.jpg\"\n               title=\"Sicht vom Roque Nublo 1709m\"\n               data-src=\"https:\/\/www.freimarianne.ch\/wp-content\/gallery\/canaria-2-5-17\/IMG_6561.jpg\"\n               data-thumbnail=\"https:\/\/www.freimarianne.ch\/wp-content\/gallery\/canaria-2-5-17\/thumbs\/thumbs_IMG_6561.jpg\"\n               data-image-id=\"15880\"\n               data-title=\"Sicht vom Roque Nublo 1709m\"\n               data-description=\"Sicht vom Roque Nublo 1709m\"\n               data-image-slug=\"img_6561\"\n               class=\"shutterset_24970\">\n                <img\n                    title=\"Sicht vom Roque Nublo 1709m\"\n                    alt=\"Sicht vom Roque Nublo 1709m\"\n                    src=\"https:\/\/www.freimarianne.ch\/wp-content\/gallery\/canaria-2-5-17\/thumbs\/thumbs_IMG_6561.jpg\"\n                    width=\"100\"\n                    height=\"75\"\n                    style=\"max-width:100%;\"\n                \/>\n            <\/a>\n        <\/div>\n\t\t\t\t\t\t\t<\/div> \n\t\t\t\n        \n\t\t\t\t<div id=\"ngg-image-6\" class=\"ngg-gallery-thumbnail-box\" >\n\t\t\t\t        <div class=\"ngg-gallery-thumbnail\">\n            <a href=\"https:\/\/www.freimarianne.ch\/wp-content\/gallery\/canaria-2-5-17\/IMG_6564.jpg\"\n               title=\"Marianne  und Bruni vor dem Roque Nublo\"\n               data-src=\"https:\/\/www.freimarianne.ch\/wp-content\/gallery\/canaria-2-5-17\/IMG_6564.jpg\"\n               data-thumbnail=\"https:\/\/www.freimarianne.ch\/wp-content\/gallery\/canaria-2-5-17\/thumbs\/thumbs_IMG_6564.jpg\"\n               data-image-id=\"15881\"\n               data-title=\"Marianne  und Bruni vor dem Roque Nublo\"\n               data-description=\"Marianne  und Bruni vor dem Roque Nublo\"\n               data-image-slug=\"img_6564-1\"\n               class=\"shutterset_24970\">\n                <img\n                    title=\"Marianne  und Bruni vor dem Roque Nublo\"\n                    alt=\"Marianne  und Bruni vor dem Roque Nublo\"\n                    src=\"https:\/\/www.freimarianne.ch\/wp-content\/gallery\/canaria-2-5-17\/thumbs\/thumbs_IMG_6564.jpg\"\n                    width=\"100\"\n                    height=\"75\"\n                    style=\"max-width:100%;\"\n                \/>\n            <\/a>\n        <\/div>\n\t\t\t\t\t\t\t<\/div> \n\t\t\t\n        \n\t\t\t\t<div id=\"ngg-image-7\" class=\"ngg-gallery-thumbnail-box\" >\n\t\t\t\t        <div class=\"ngg-gallery-thumbnail\">\n            <a href=\"https:\/\/www.freimarianne.ch\/wp-content\/gallery\/canaria-2-5-17\/IMG_6576.jpg\"\n               title=\"beim Roque nublo\"\n               data-src=\"https:\/\/www.freimarianne.ch\/wp-content\/gallery\/canaria-2-5-17\/IMG_6576.jpg\"\n               data-thumbnail=\"https:\/\/www.freimarianne.ch\/wp-content\/gallery\/canaria-2-5-17\/thumbs\/thumbs_IMG_6576.jpg\"\n               data-image-id=\"15882\"\n               data-title=\"beim Roque nublo\"\n               data-description=\"beim Roque nublo\"\n               data-image-slug=\"img_6576\"\n               class=\"shutterset_24970\">\n                <img\n                    title=\"beim Roque nublo\"\n                    alt=\"beim Roque nublo\"\n                    src=\"https:\/\/www.freimarianne.ch\/wp-content\/gallery\/canaria-2-5-17\/thumbs\/thumbs_IMG_6576.jpg\"\n                    width=\"100\"\n                    height=\"75\"\n                    style=\"max-width:100%;\"\n                \/>\n            <\/a>\n        <\/div>\n\t\t\t\t\t\t\t<\/div> \n\t\t\t\n        \n\t\t\t\t<div id=\"ngg-image-8\" class=\"ngg-gallery-thumbnail-box\" >\n\t\t\t\t        <div class=\"ngg-gallery-thumbnail\">\n            <a href=\"https:\/\/www.freimarianne.ch\/wp-content\/gallery\/canaria-2-5-17\/IMG_6577.jpg\"\n               title=\"Klettern beim Roque nublo\"\n               data-src=\"https:\/\/www.freimarianne.ch\/wp-content\/gallery\/canaria-2-5-17\/IMG_6577.jpg\"\n               data-thumbnail=\"https:\/\/www.freimarianne.ch\/wp-content\/gallery\/canaria-2-5-17\/thumbs\/thumbs_IMG_6577.jpg\"\n               data-image-id=\"15883\"\n               data-title=\"Klettern beim Roque nublo\"\n               data-description=\"Klettern beim Roque nublo\"\n               data-image-slug=\"img_6577-3\"\n               class=\"shutterset_24970\">\n                <img\n                    title=\"Klettern beim Roque nublo\"\n                    alt=\"Klettern beim Roque nublo\"\n                    src=\"https:\/\/www.freimarianne.ch\/wp-content\/gallery\/canaria-2-5-17\/thumbs\/thumbs_IMG_6577.jpg\"\n                    width=\"100\"\n                    height=\"75\"\n                    style=\"max-width:100%;\"\n                \/>\n            <\/a>\n        <\/div>\n\t\t\t\t\t\t\t<\/div> \n\t\t\t\n        \n\t\t\t\t<div id=\"ngg-image-9\" class=\"ngg-gallery-thumbnail-box\" >\n\t\t\t\t        <div class=\"ngg-gallery-thumbnail\">\n            <a href=\"https:\/\/www.freimarianne.ch\/wp-content\/gallery\/canaria-2-5-17\/IMG_6581.jpg\"\n               title=\"Adrian beim Roque nublo\"\n               data-src=\"https:\/\/www.freimarianne.ch\/wp-content\/gallery\/canaria-2-5-17\/IMG_6581.jpg\"\n               data-thumbnail=\"https:\/\/www.freimarianne.ch\/wp-content\/gallery\/canaria-2-5-17\/thumbs\/thumbs_IMG_6581.jpg\"\n               data-image-id=\"15884\"\n               data-title=\"Adrian beim Roque nublo\"\n               data-description=\"Adrian beim Roque nublo\"\n               data-image-slug=\"img_6581-1\"\n               class=\"shutterset_24970\">\n                <img\n                    title=\"Adrian beim Roque nublo\"\n                    alt=\"Adrian beim Roque nublo\"\n                    src=\"https:\/\/www.freimarianne.ch\/wp-content\/gallery\/canaria-2-5-17\/thumbs\/thumbs_IMG_6581.jpg\"\n                    width=\"100\"\n                    height=\"75\"\n                    style=\"max-width:100%;\"\n                \/>\n            <\/a>\n        <\/div>\n\t\t\t\t\t\t\t<\/div> \n\t\t\t\n        \n\t\t\t\t<div id=\"ngg-image-10\" class=\"ngg-gallery-thumbnail-box\" >\n\t\t\t\t        <div class=\"ngg-gallery-thumbnail\">\n            <a href=\"https:\/\/www.freimarianne.ch\/wp-content\/gallery\/canaria-2-5-17\/IMG_6584.jpg\"\n               title=\"Klettern beim Roque nublo\"\n               data-src=\"https:\/\/www.freimarianne.ch\/wp-content\/gallery\/canaria-2-5-17\/IMG_6584.jpg\"\n               data-thumbnail=\"https:\/\/www.freimarianne.ch\/wp-content\/gallery\/canaria-2-5-17\/thumbs\/thumbs_IMG_6584.jpg\"\n               data-image-id=\"15885\"\n               data-title=\"Klettern beim Roque nublo\"\n               data-description=\"Klettern beim Roque nublo\"\n               data-image-slug=\"img_6584-2\"\n               class=\"shutterset_24970\">\n                <img\n                    title=\"Klettern beim Roque nublo\"\n                    alt=\"Klettern beim Roque nublo\"\n                    src=\"https:\/\/www.freimarianne.ch\/wp-content\/gallery\/canaria-2-5-17\/thumbs\/thumbs_IMG_6584.jpg\"\n                    width=\"100\"\n                    height=\"75\"\n                    style=\"max-width:100%;\"\n                \/>\n            <\/a>\n        <\/div>\n\t\t\t\t\t\t\t<\/div> \n\t\t\t\n        \n\t\t\t\t<div id=\"ngg-image-11\" class=\"ngg-gallery-thumbnail-box\" >\n\t\t\t\t        <div class=\"ngg-gallery-thumbnail\">\n            <a href=\"https:\/\/www.freimarianne.ch\/wp-content\/gallery\/canaria-2-5-17\/IMG_6588.jpg\"\n               title=\"Klettern beim Roque nublo\"\n               data-src=\"https:\/\/www.freimarianne.ch\/wp-content\/gallery\/canaria-2-5-17\/IMG_6588.jpg\"\n               data-thumbnail=\"https:\/\/www.freimarianne.ch\/wp-content\/gallery\/canaria-2-5-17\/thumbs\/thumbs_IMG_6588.jpg\"\n               data-image-id=\"15886\"\n               data-title=\"Klettern beim Roque nublo\"\n               data-description=\"Klettern beim Roque nublo\"\n               data-image-slug=\"img_6588\"\n               class=\"shutterset_24970\">\n                <img\n                    title=\"Klettern beim Roque nublo\"\n                    alt=\"Klettern beim Roque nublo\"\n                    src=\"https:\/\/www.freimarianne.ch\/wp-content\/gallery\/canaria-2-5-17\/thumbs\/thumbs_IMG_6588.jpg\"\n                    width=\"100\"\n                    height=\"75\"\n                    style=\"max-width:100%;\"\n                \/>\n            <\/a>\n        <\/div>\n\t\t\t\t\t\t\t<\/div> \n\t\t\t\n        \n\t\t\t\t<div id=\"ngg-image-12\" class=\"ngg-gallery-thumbnail-box\" >\n\t\t\t\t        <div class=\"ngg-gallery-thumbnail\">\n            <a href=\"https:\/\/www.freimarianne.ch\/wp-content\/gallery\/canaria-2-5-17\/IMG_6592.jpg\"\n               title=\"Roque nublo\"\n               data-src=\"https:\/\/www.freimarianne.ch\/wp-content\/gallery\/canaria-2-5-17\/IMG_6592.jpg\"\n               data-thumbnail=\"https:\/\/www.freimarianne.ch\/wp-content\/gallery\/canaria-2-5-17\/thumbs\/thumbs_IMG_6592.jpg\"\n               data-image-id=\"15887\"\n               data-title=\"Roque nublo\"\n               data-description=\"Roque nublo\"\n               data-image-slug=\"img_6592-2\"\n               class=\"shutterset_24970\">\n                <img\n                    title=\"Roque nublo\"\n                    alt=\"Roque nublo\"\n                    src=\"https:\/\/www.freimarianne.ch\/wp-content\/gallery\/canaria-2-5-17\/thumbs\/thumbs_IMG_6592.jpg\"\n                    width=\"100\"\n                    height=\"75\"\n                    style=\"max-width:100%;\"\n                \/>\n            <\/a>\n        <\/div>\n\t\t\t\t\t\t\t<\/div> \n\t\t\t\n        \n\t\t\t\t<div id=\"ngg-image-13\" class=\"ngg-gallery-thumbnail-box\" >\n\t\t\t\t        <div class=\"ngg-gallery-thumbnail\">\n            <a href=\"https:\/\/www.freimarianne.ch\/wp-content\/gallery\/canaria-2-5-17\/IMG_6595.jpg\"\n               title=\"unterwegs in pr\u00e4chtiger Landschaft\"\n               data-src=\"https:\/\/www.freimarianne.ch\/wp-content\/gallery\/canaria-2-5-17\/IMG_6595.jpg\"\n               data-thumbnail=\"https:\/\/www.freimarianne.ch\/wp-content\/gallery\/canaria-2-5-17\/thumbs\/thumbs_IMG_6595.jpg\"\n               data-image-id=\"15888\"\n               data-title=\"unterwegs in pr\u00c3\u00a4chtiger Landschaft\"\n               data-description=\"unterwegs in pr\u00e4chtiger Landschaft\"\n               data-image-slug=\"img_6595-1\"\n               class=\"shutterset_24970\">\n                <img\n                    title=\"unterwegs in pr\u00c3\u00a4chtiger Landschaft\"\n                    alt=\"unterwegs in pr\u00c3\u00a4chtiger Landschaft\"\n                    src=\"https:\/\/www.freimarianne.ch\/wp-content\/gallery\/canaria-2-5-17\/thumbs\/thumbs_IMG_6595.jpg\"\n                    width=\"100\"\n                    height=\"75\"\n                    style=\"max-width:100%;\"\n                \/>\n            <\/a>\n        <\/div>\n\t\t\t\t\t\t\t<\/div> \n\t\t\t\n        \n\t\t\t\t<div id=\"ngg-image-14\" class=\"ngg-gallery-thumbnail-box\" >\n\t\t\t\t        <div class=\"ngg-gallery-thumbnail\">\n            <a href=\"https:\/\/www.freimarianne.ch\/wp-content\/gallery\/canaria-2-5-17\/IMG_6602.jpg\"\n               title=\"Kerbel\"\n               data-src=\"https:\/\/www.freimarianne.ch\/wp-content\/gallery\/canaria-2-5-17\/IMG_6602.jpg\"\n               data-thumbnail=\"https:\/\/www.freimarianne.ch\/wp-content\/gallery\/canaria-2-5-17\/thumbs\/thumbs_IMG_6602.jpg\"\n               data-image-id=\"15889\"\n               data-title=\"Kerbel\"\n               data-description=\"Kerbel\"\n               data-image-slug=\"img_6602-3\"\n               class=\"shutterset_24970\">\n                <img\n                    title=\"Kerbel\"\n                    alt=\"Kerbel\"\n                    src=\"https:\/\/www.freimarianne.ch\/wp-content\/gallery\/canaria-2-5-17\/thumbs\/thumbs_IMG_6602.jpg\"\n                    width=\"100\"\n                    height=\"75\"\n                    style=\"max-width:100%;\"\n                \/>\n            <\/a>\n        <\/div>\n\t\t\t\t\t\t\t<\/div> \n\t\t\t\n        \n\t\t\t\t<div id=\"ngg-image-15\" class=\"ngg-gallery-thumbnail-box\" >\n\t\t\t\t        <div class=\"ngg-gallery-thumbnail\">\n            <a href=\"https:\/\/www.freimarianne.ch\/wp-content\/gallery\/canaria-2-5-17\/IMG_6608.jpg\"\n               title=\"unterwegs in pr\u00e4chtiger Landschaft\"\n               data-src=\"https:\/\/www.freimarianne.ch\/wp-content\/gallery\/canaria-2-5-17\/IMG_6608.jpg\"\n               data-thumbnail=\"https:\/\/www.freimarianne.ch\/wp-content\/gallery\/canaria-2-5-17\/thumbs\/thumbs_IMG_6608.jpg\"\n               data-image-id=\"15890\"\n               data-title=\"unterwegs in pr\u00c3\u00a4chtiger Landschaft\"\n               data-description=\"unterwegs in pr\u00e4chtiger Landschaft\"\n               data-image-slug=\"img_6608-3\"\n               class=\"shutterset_24970\">\n                <img\n                    title=\"unterwegs in pr\u00c3\u00a4chtiger Landschaft\"\n                    alt=\"unterwegs in pr\u00c3\u00a4chtiger Landschaft\"\n                    src=\"https:\/\/www.freimarianne.ch\/wp-content\/gallery\/canaria-2-5-17\/thumbs\/thumbs_IMG_6608.jpg\"\n                    width=\"100\"\n                    height=\"75\"\n                    style=\"max-width:100%;\"\n                \/>\n            <\/a>\n        <\/div>\n\t\t\t\t\t\t\t<\/div> \n\t\t\t\n        \n\t\t\t\t<div id=\"ngg-image-16\" class=\"ngg-gallery-thumbnail-box\" >\n\t\t\t\t        <div class=\"ngg-gallery-thumbnail\">\n            <a href=\"https:\/\/www.freimarianne.ch\/wp-content\/gallery\/canaria-2-5-17\/IMG_6611.jpg\"\n               title=\"unterwegs in pr\u00e4chtiger Landschaft\"\n               data-src=\"https:\/\/www.freimarianne.ch\/wp-content\/gallery\/canaria-2-5-17\/IMG_6611.jpg\"\n               data-thumbnail=\"https:\/\/www.freimarianne.ch\/wp-content\/gallery\/canaria-2-5-17\/thumbs\/thumbs_IMG_6611.jpg\"\n               data-image-id=\"15891\"\n               data-title=\"unterwegs in pr\u00c3\u00a4chtiger Landschaft\"\n               data-description=\"unterwegs in pr\u00e4chtiger Landschaft\"\n               data-image-slug=\"img_6611-2\"\n               class=\"shutterset_24970\">\n                <img\n                    title=\"unterwegs in pr\u00c3\u00a4chtiger Landschaft\"\n                    alt=\"unterwegs in pr\u00c3\u00a4chtiger Landschaft\"\n                    src=\"https:\/\/www.freimarianne.ch\/wp-content\/gallery\/canaria-2-5-17\/thumbs\/thumbs_IMG_6611.jpg\"\n                    width=\"100\"\n                    height=\"75\"\n                    style=\"max-width:100%;\"\n                \/>\n            <\/a>\n        <\/div>\n\t\t\t\t\t\t\t<\/div> \n\t\t\t\n        \n\t\t\t\t<div id=\"ngg-image-17\" class=\"ngg-gallery-thumbnail-box\" >\n\t\t\t\t        <div class=\"ngg-gallery-thumbnail\">\n            <a href=\"https:\/\/www.freimarianne.ch\/wp-content\/gallery\/canaria-2-5-17\/IMG_6618.jpg\"\n               title=\"ein kleiner Stausee; Froschgequacke in der trockenen Landschaft!\"\n               data-src=\"https:\/\/www.freimarianne.ch\/wp-content\/gallery\/canaria-2-5-17\/IMG_6618.jpg\"\n               data-thumbnail=\"https:\/\/www.freimarianne.ch\/wp-content\/gallery\/canaria-2-5-17\/thumbs\/thumbs_IMG_6618.jpg\"\n               data-image-id=\"15892\"\n               data-title=\"ein kleiner Stausee; Froschgequacke in der trockenen Landschaft!\"\n               data-description=\"ein kleiner Stausee; Froschgequacke in der trockenen Landschaft!\"\n               data-image-slug=\"img_6618-1\"\n               class=\"shutterset_24970\">\n                <img\n                    title=\"ein kleiner Stausee; Froschgequacke in der trockenen Landschaft!\"\n                    alt=\"ein kleiner Stausee; Froschgequacke in der trockenen Landschaft!\"\n                    src=\"https:\/\/www.freimarianne.ch\/wp-content\/gallery\/canaria-2-5-17\/thumbs\/thumbs_IMG_6618.jpg\"\n                    width=\"100\"\n                    height=\"75\"\n                    style=\"max-width:100%;\"\n                \/>\n            <\/a>\n        <\/div>\n\t\t\t\t\t\t\t<\/div> \n\t\t\t\n        \n\t\t\t\t<div id=\"ngg-image-18\" class=\"ngg-gallery-thumbnail-box\" >\n\t\t\t\t        <div class=\"ngg-gallery-thumbnail\">\n            <a href=\"https:\/\/www.freimarianne.ch\/wp-content\/gallery\/canaria-2-5-17\/IMG_6630.jpg\"\n               title=\"unterwegs in pr\u00e4chtiger Landschaft\"\n               data-src=\"https:\/\/www.freimarianne.ch\/wp-content\/gallery\/canaria-2-5-17\/IMG_6630.jpg\"\n               data-thumbnail=\"https:\/\/www.freimarianne.ch\/wp-content\/gallery\/canaria-2-5-17\/thumbs\/thumbs_IMG_6630.jpg\"\n               data-image-id=\"15893\"\n               data-title=\"unterwegs in pr\u00c3\u00a4chtiger Landschaft\"\n               data-description=\"unterwegs in pr\u00e4chtiger Landschaft\"\n               data-image-slug=\"img_6630-1\"\n               class=\"shutterset_24970\">\n                <img\n                    title=\"unterwegs in pr\u00c3\u00a4chtiger Landschaft\"\n                    alt=\"unterwegs in pr\u00c3\u00a4chtiger Landschaft\"\n                    src=\"https:\/\/www.freimarianne.ch\/wp-content\/gallery\/canaria-2-5-17\/thumbs\/thumbs_IMG_6630.jpg\"\n                    width=\"100\"\n                    height=\"75\"\n                    style=\"max-width:100%;\"\n                \/>\n            <\/a>\n        <\/div>\n\t\t\t\t\t\t\t<\/div> \n\t\t\t\n        \n\t\t\t\t<div id=\"ngg-image-19\" class=\"ngg-gallery-thumbnail-box\" >\n\t\t\t\t        <div class=\"ngg-gallery-thumbnail\">\n            <a href=\"https:\/\/www.freimarianne.ch\/wp-content\/gallery\/canaria-2-5-17\/IMG_6635.jpg\"\n               title=\"beim  Restaurant\"\n               data-src=\"https:\/\/www.freimarianne.ch\/wp-content\/gallery\/canaria-2-5-17\/IMG_6635.jpg\"\n               data-thumbnail=\"https:\/\/www.freimarianne.ch\/wp-content\/gallery\/canaria-2-5-17\/thumbs\/thumbs_IMG_6635.jpg\"\n               data-image-id=\"15894\"\n               data-title=\"beim  Restaurant\"\n               data-description=\"beim  Restaurant\"\n               data-image-slug=\"img_6635-2\"\n               class=\"shutterset_24970\">\n                <img\n                    title=\"beim  Restaurant\"\n                    alt=\"beim  Restaurant\"\n                    src=\"https:\/\/www.freimarianne.ch\/wp-content\/gallery\/canaria-2-5-17\/thumbs\/thumbs_IMG_6635.jpg\"\n                    width=\"100\"\n                    height=\"75\"\n                    style=\"max-width:100%;\"\n                \/>\n            <\/a>\n        <\/div>\n\t\t\t\t\t\t\t<\/div> \n\t\t\t\n        \n\t\t\n\t\t<!-- Pagination -->\n\t<div class='ngg-clear'><\/div>\t<\/div>\n<\/p>\n","protected":false},"excerpt":{"rendered":"<p>7.Tag: Roque Nublo 1700m Von der K\u00fcste m\u00fcssen wir hinauf nach San Bartholom\u00e9 und noch weiter hinauf in die Berge fahren. Heute soll das Wetter dort oben gut sein. Es scheint , dass diese Wanderung auch die &#8220;K\u00f6nigsetappe&#8221; unseres Aufenthalts in Gran Canaria ist. Unsere Wanderung f\u00fchrt uns zum \u201cRoque Nublo\u201d, den Wolkenfels im Inselzentrum. [&hellip;]<\/p>\n","protected":false},"author":1,"featured_media":0,"parent":24226,"menu_order":7,"comment_status":"closed","ping_status":"closed","template":"","meta":{"ngg_post_thumbnail":0},"_links":{"self":[{"href":"https:\/\/www.freimarianne.ch\/index.php?rest_route=\/wp\/v2\/pages\/24240"}],"collection":[{"href":"https:\/\/www.freimarianne.ch\/index.php?rest_route=\/wp\/v2\/pages"}],"about":[{"href":"https:\/\/www.freimarianne.ch\/index.php?rest_route=\/wp\/v2\/types\/page"}],"author":[{"embeddable":true,"href":"https:\/\/www.freimarianne.ch\/index.php?rest_route=\/wp\/v2\/users\/1"}],"replies":[{"embeddable":true,"href":"https:\/\/www.freimarianne.ch\/index.php?rest_route=%2Fwp%2Fv2%2Fcomments&post=24240"}],"version-history":[{"count":6,"href":"https:\/\/www.freimarianne.ch\/index.php?rest_route=\/wp\/v2\/pages\/24240\/revisions"}],"predecessor-version":[{"id":24971,"href":"https:\/\/www.freimarianne.ch\/index.php?rest_route=\/wp\/v2\/pages\/24240\/revisions\/24971"}],"up":[{"embeddable":true,"href":"https:\/\/www.freimarianne.ch\/index.php?rest_route=\/wp\/v2\/pages\/24226"}],"wp:attachment":[{"href":"https:\/\/www.freimarianne.ch\/index.php?rest_route=%2Fwp%2Fv2%2Fmedia&parent=24240"}],"curies":[{"name":"wp","href":"https:\/\/api.w.org\/{rel}","templated":true}]}}