{"id":24242,"date":"2017-06-07T08:28:56","date_gmt":"2017-06-07T07:28:56","guid":{"rendered":"http:\/\/www.freimarianne.ch\/?page_id=24242"},"modified":"2017-06-10T08:53:20","modified_gmt":"2017-06-10T07:53:20","slug":"gran-canaria-3-5-2017","status":"publish","type":"page","link":"https:\/\/www.freimarianne.ch\/?page_id=24242","title":{"rendered":"Gran Canaria   3.5.2017"},"content":{"rendered":"<p><strong>8.Tag:<br \/>\nAussichtsreicher Abstieg durch den Natternkopfwald bei Valsequillo<\/strong><\/p>\n<p>Der eindrucksvolle Krater Los Marteles liegt auf einer H\u00f6he von 650 m. Nachdem wir ihn durchquert haben, f\u00fchrt uns ein geschwungener Felsenpfad durch den prachtvollen, blau bl\u00fchenden Natternkopfwald ins Tal von Valsequillo und seinen traditionellen K\u00e4sereien. Leider sind die Natternk\u00f6pfe bereits verbl\u00fcht.<br \/>\nAn den sch\u00f6nsten Aussichtspl\u00e4tzen verweilen wir und genie\u00dfen die phantastische Aussicht auf die sanft h\u00fcgelige Landschaft des Roque Grande.<br \/>\nDer Weg ins Tal hinuntrist sehr rutschig. Unsere Wanderung endet in Tenteniguada in einer lokalen K\u00e4serei, in der wir den einheimischen K\u00e4se probieren k\u00f6nnen (nur eine Sorte von K\u00e4se und Rot-und Weisswein)<\/p>\n<p><img loading=\"lazy\" class=\"size-full wp-image-24261\" src=\"http:\/\/www.freimarianne.ch\/wp-content\/uploads\/2017\/06\/IMG_6637_3.5_500.jpg\" alt=\"\" width=\"500\" height=\"375\" srcset=\"https:\/\/www.freimarianne.ch\/wp-content\/uploads\/2017\/06\/IMG_6637_3.5_500.jpg 500w, https:\/\/www.freimarianne.ch\/wp-content\/uploads\/2017\/06\/IMG_6637_3.5_500-300x225.jpg 300w, https:\/\/www.freimarianne.ch\/wp-content\/uploads\/2017\/06\/IMG_6637_3.5_500-400x300.jpg 400w\" sizes=\"(max-width: 500px) 100vw, 500px\" \/> Caldera Los Marteles 1528m<\/p>\n<p><!-- index.php -->\n<div\n\tclass=\"ngg-galleryoverview ngg-ajax-pagination-none\"\n\tid=\"ngg-gallery-24972-1\">\n\n    \t<div class=\"slideshowlink\">\n        <a href='https:\/\/www.freimarianne.ch\/index.php\/nggallery\/slideshow?page_id=24242'>[Show as slideshow]<\/a>\n\t\t\n\t<\/div>\n\t\t\t<!-- Thumbnails -->\n\t\t\t\t<div id=\"ngg-image-0\" class=\"ngg-gallery-thumbnail-box\" >\n\t\t\t\t        <div class=\"ngg-gallery-thumbnail\">\n            <a href=\"https:\/\/www.freimarianne.ch\/wp-content\/gallery\/canaria-3-5-17\/IMG_6639.jpg\"\n               title=\"Caldera   Los Marteles  1528m\"\n               data-src=\"https:\/\/www.freimarianne.ch\/wp-content\/gallery\/canaria-3-5-17\/IMG_6639.jpg\"\n               data-thumbnail=\"https:\/\/www.freimarianne.ch\/wp-content\/gallery\/canaria-3-5-17\/thumbs\/thumbs_IMG_6639.jpg\"\n               data-image-id=\"15895\"\n               data-title=\"Caldera   Los Marteles  1528m\"\n               data-description=\"Caldera   Los Marteles  1528m\"\n               data-image-slug=\"img_6639-1\"\n               class=\"shutterset_24972\">\n                <img\n                    title=\"Caldera   Los Marteles  1528m\"\n                    alt=\"Caldera   Los Marteles  1528m\"\n                    src=\"https:\/\/www.freimarianne.ch\/wp-content\/gallery\/canaria-3-5-17\/thumbs\/thumbs_IMG_6639.jpg\"\n                    width=\"100\"\n                    height=\"75\"\n                    style=\"max-width:100%;\"\n                \/>\n            <\/a>\n        <\/div>\n\t\t\t\t\t\t\t<\/div> \n\t\t\t\n        \n\t\t\t\t<div id=\"ngg-image-1\" class=\"ngg-gallery-thumbnail-box\" >\n\t\t\t\t        <div class=\"ngg-gallery-thumbnail\">\n            <a href=\"https:\/\/www.freimarianne.ch\/wp-content\/gallery\/canaria-3-5-17\/IMG_6642.jpg\"\n               title=\"Caldera   Los Marteles  1528m\"\n               data-src=\"https:\/\/www.freimarianne.ch\/wp-content\/gallery\/canaria-3-5-17\/IMG_6642.jpg\"\n               data-thumbnail=\"https:\/\/www.freimarianne.ch\/wp-content\/gallery\/canaria-3-5-17\/thumbs\/thumbs_IMG_6642.jpg\"\n               data-image-id=\"15896\"\n               data-title=\"Caldera   Los Marteles  1528m\"\n               data-description=\"Caldera   Los Marteles  1528m\"\n               data-image-slug=\"img_6642-4\"\n               class=\"shutterset_24972\">\n                <img\n                    title=\"Caldera   Los Marteles  1528m\"\n                    alt=\"Caldera   Los Marteles  1528m\"\n                    src=\"https:\/\/www.freimarianne.ch\/wp-content\/gallery\/canaria-3-5-17\/thumbs\/thumbs_IMG_6642.jpg\"\n                    width=\"100\"\n                    height=\"75\"\n                    style=\"max-width:100%;\"\n                \/>\n            <\/a>\n        <\/div>\n\t\t\t\t\t\t\t<\/div> \n\t\t\t\n        \n\t\t\t\t<div id=\"ngg-image-2\" class=\"ngg-gallery-thumbnail-box\" >\n\t\t\t\t        <div class=\"ngg-gallery-thumbnail\">\n            <a href=\"https:\/\/www.freimarianne.ch\/wp-content\/gallery\/canaria-3-5-17\/IMG_6647.jpg\"\n               title=\"Kanarische Wucherblumen\"\n               data-src=\"https:\/\/www.freimarianne.ch\/wp-content\/gallery\/canaria-3-5-17\/IMG_6647.jpg\"\n               data-thumbnail=\"https:\/\/www.freimarianne.ch\/wp-content\/gallery\/canaria-3-5-17\/thumbs\/thumbs_IMG_6647.jpg\"\n               data-image-id=\"15897\"\n               data-title=\"Kanarische Wucherblumen\"\n               data-description=\"Kanarische Wucherblumen\"\n               data-image-slug=\"img_6647-2\"\n               class=\"shutterset_24972\">\n                <img\n                    title=\"Kanarische Wucherblumen\"\n                    alt=\"Kanarische Wucherblumen\"\n                    src=\"https:\/\/www.freimarianne.ch\/wp-content\/gallery\/canaria-3-5-17\/thumbs\/thumbs_IMG_6647.jpg\"\n                    width=\"100\"\n                    height=\"75\"\n                    style=\"max-width:100%;\"\n                \/>\n            <\/a>\n        <\/div>\n\t\t\t\t\t\t\t<\/div> \n\t\t\t\n        \n\t\t\t\t<div id=\"ngg-image-3\" class=\"ngg-gallery-thumbnail-box\" >\n\t\t\t\t        <div class=\"ngg-gallery-thumbnail\">\n            <a href=\"https:\/\/www.freimarianne.ch\/wp-content\/gallery\/canaria-3-5-17\/IMG_6648.jpg\"\n               title=\"Kerbel\"\n               data-src=\"https:\/\/www.freimarianne.ch\/wp-content\/gallery\/canaria-3-5-17\/IMG_6648.jpg\"\n               data-thumbnail=\"https:\/\/www.freimarianne.ch\/wp-content\/gallery\/canaria-3-5-17\/thumbs\/thumbs_IMG_6648.jpg\"\n               data-image-id=\"15898\"\n               data-title=\"Kerbel\"\n               data-description=\"Kerbel\"\n               data-image-slug=\"img_6648-4\"\n               class=\"shutterset_24972\">\n                <img\n                    title=\"Kerbel\"\n                    alt=\"Kerbel\"\n                    src=\"https:\/\/www.freimarianne.ch\/wp-content\/gallery\/canaria-3-5-17\/thumbs\/thumbs_IMG_6648.jpg\"\n                    width=\"100\"\n                    height=\"75\"\n                    style=\"max-width:100%;\"\n                \/>\n            <\/a>\n        <\/div>\n\t\t\t\t\t\t\t<\/div> \n\t\t\t\n        \n\t\t\t\t<div id=\"ngg-image-4\" class=\"ngg-gallery-thumbnail-box\" >\n\t\t\t\t        <div class=\"ngg-gallery-thumbnail\">\n            <a href=\"https:\/\/www.freimarianne.ch\/wp-content\/gallery\/canaria-3-5-17\/IMG_6649.jpg\"\n               title=\"Aeonium\"\n               data-src=\"https:\/\/www.freimarianne.ch\/wp-content\/gallery\/canaria-3-5-17\/IMG_6649.jpg\"\n               data-thumbnail=\"https:\/\/www.freimarianne.ch\/wp-content\/gallery\/canaria-3-5-17\/thumbs\/thumbs_IMG_6649.jpg\"\n               data-image-id=\"15899\"\n               data-title=\"Aeonium\"\n               data-description=\"Aeonium\"\n               data-image-slug=\"img_6649-1\"\n               class=\"shutterset_24972\">\n                <img\n                    title=\"Aeonium\"\n                    alt=\"Aeonium\"\n                    src=\"https:\/\/www.freimarianne.ch\/wp-content\/gallery\/canaria-3-5-17\/thumbs\/thumbs_IMG_6649.jpg\"\n                    width=\"100\"\n                    height=\"75\"\n                    style=\"max-width:100%;\"\n                \/>\n            <\/a>\n        <\/div>\n\t\t\t\t\t\t\t<\/div> \n\t\t\t\n        \n\t\t\t\t<div id=\"ngg-image-5\" class=\"ngg-gallery-thumbnail-box\" >\n\t\t\t\t        <div class=\"ngg-gallery-thumbnail\">\n            <a href=\"https:\/\/www.freimarianne.ch\/wp-content\/gallery\/canaria-3-5-17\/IMG_6652.jpg\"\n               title=\"Kerbel und Telinen\"\n               data-src=\"https:\/\/www.freimarianne.ch\/wp-content\/gallery\/canaria-3-5-17\/IMG_6652.jpg\"\n               data-thumbnail=\"https:\/\/www.freimarianne.ch\/wp-content\/gallery\/canaria-3-5-17\/thumbs\/thumbs_IMG_6652.jpg\"\n               data-image-id=\"15900\"\n               data-title=\"Kerbel und Telinen\"\n               data-description=\"Kerbel und Telinen\"\n               data-image-slug=\"img_6652-1\"\n               class=\"shutterset_24972\">\n                <img\n                    title=\"Kerbel und Telinen\"\n                    alt=\"Kerbel und Telinen\"\n                    src=\"https:\/\/www.freimarianne.ch\/wp-content\/gallery\/canaria-3-5-17\/thumbs\/thumbs_IMG_6652.jpg\"\n                    width=\"100\"\n                    height=\"75\"\n                    style=\"max-width:100%;\"\n                \/>\n            <\/a>\n        <\/div>\n\t\t\t\t\t\t\t<\/div> \n\t\t\t\n        \n\t\t\t\t<div id=\"ngg-image-6\" class=\"ngg-gallery-thumbnail-box\" >\n\t\t\t\t        <div class=\"ngg-gallery-thumbnail\">\n            <a href=\"https:\/\/www.freimarianne.ch\/wp-content\/gallery\/canaria-3-5-17\/IMG_6656.jpg\"\n               title=\"hinunter uaf rutschigen Pfad ins Tal\"\n               data-src=\"https:\/\/www.freimarianne.ch\/wp-content\/gallery\/canaria-3-5-17\/IMG_6656.jpg\"\n               data-thumbnail=\"https:\/\/www.freimarianne.ch\/wp-content\/gallery\/canaria-3-5-17\/thumbs\/thumbs_IMG_6656.jpg\"\n               data-image-id=\"15901\"\n               data-title=\"hinunter uaf rutschigen Pfad ins Tal\"\n               data-description=\"hinunter uaf rutschigen Pfad ins Tal\"\n               data-image-slug=\"img_6656-1\"\n               class=\"shutterset_24972\">\n                <img\n                    title=\"hinunter uaf rutschigen Pfad ins Tal\"\n                    alt=\"hinunter uaf rutschigen Pfad ins Tal\"\n                    src=\"https:\/\/www.freimarianne.ch\/wp-content\/gallery\/canaria-3-5-17\/thumbs\/thumbs_IMG_6656.jpg\"\n                    width=\"100\"\n                    height=\"75\"\n                    style=\"max-width:100%;\"\n                \/>\n            <\/a>\n        <\/div>\n\t\t\t\t\t\t\t<\/div> \n\t\t\t\n        \n\t\t\t\t<div id=\"ngg-image-7\" class=\"ngg-gallery-thumbnail-box\" >\n\t\t\t\t        <div class=\"ngg-gallery-thumbnail\">\n            <a href=\"https:\/\/www.freimarianne.ch\/wp-content\/gallery\/canaria-3-5-17\/IMG_6657.jpg\"\n               title=\"einer der wenigen noch bl\u00fchenden Natternk\u00f6pfe\"\n               data-src=\"https:\/\/www.freimarianne.ch\/wp-content\/gallery\/canaria-3-5-17\/IMG_6657.jpg\"\n               data-thumbnail=\"https:\/\/www.freimarianne.ch\/wp-content\/gallery\/canaria-3-5-17\/thumbs\/thumbs_IMG_6657.jpg\"\n               data-image-id=\"15902\"\n               data-title=\"einer der wenigen noch bl\u00c3\u00bchenden Natternk\u00c3\u00b6pfe\"\n               data-description=\"einer der wenigen noch bl\u00fchenden Natternk\u00f6pfe\"\n               data-image-slug=\"img_6657-1\"\n               class=\"shutterset_24972\">\n                <img\n                    title=\"einer der wenigen noch bl\u00c3\u00bchenden Natternk\u00c3\u00b6pfe\"\n                    alt=\"einer der wenigen noch bl\u00c3\u00bchenden Natternk\u00c3\u00b6pfe\"\n                    src=\"https:\/\/www.freimarianne.ch\/wp-content\/gallery\/canaria-3-5-17\/thumbs\/thumbs_IMG_6657.jpg\"\n                    width=\"100\"\n                    height=\"75\"\n                    style=\"max-width:100%;\"\n                \/>\n            <\/a>\n        <\/div>\n\t\t\t\t\t\t\t<\/div> \n\t\t\t\n        \n\t\t\t\t<div id=\"ngg-image-8\" class=\"ngg-gallery-thumbnail-box\" >\n\t\t\t\t        <div class=\"ngg-gallery-thumbnail\">\n            <a href=\"https:\/\/www.freimarianne.ch\/wp-content\/gallery\/canaria-3-5-17\/IMG_6662.jpg\"\n               title=\"Blumenpracht vor Felsen\"\n               data-src=\"https:\/\/www.freimarianne.ch\/wp-content\/gallery\/canaria-3-5-17\/IMG_6662.jpg\"\n               data-thumbnail=\"https:\/\/www.freimarianne.ch\/wp-content\/gallery\/canaria-3-5-17\/thumbs\/thumbs_IMG_6662.jpg\"\n               data-image-id=\"15903\"\n               data-title=\"Blumenpracht vor Felsen\"\n               data-description=\"Blumenpracht vor Felsen\"\n               data-image-slug=\"img_6662-3\"\n               class=\"shutterset_24972\">\n                <img\n                    title=\"Blumenpracht vor Felsen\"\n                    alt=\"Blumenpracht vor Felsen\"\n                    src=\"https:\/\/www.freimarianne.ch\/wp-content\/gallery\/canaria-3-5-17\/thumbs\/thumbs_IMG_6662.jpg\"\n                    width=\"100\"\n                    height=\"75\"\n                    style=\"max-width:100%;\"\n                \/>\n            <\/a>\n        <\/div>\n\t\t\t\t\t\t\t<\/div> \n\t\t\t\n        \n\t\t\t\t<div id=\"ngg-image-9\" class=\"ngg-gallery-thumbnail-box\" >\n\t\t\t\t        <div class=\"ngg-gallery-thumbnail\">\n            <a href=\"https:\/\/www.freimarianne.ch\/wp-content\/gallery\/canaria-3-5-17\/IMG_6666.jpg\"\n               title=\"Zynerarien\"\n               data-src=\"https:\/\/www.freimarianne.ch\/wp-content\/gallery\/canaria-3-5-17\/IMG_6666.jpg\"\n               data-thumbnail=\"https:\/\/www.freimarianne.ch\/wp-content\/gallery\/canaria-3-5-17\/thumbs\/thumbs_IMG_6666.jpg\"\n               data-image-id=\"15904\"\n               data-title=\"Zynerarien\"\n               data-description=\"Zynerarien\"\n               data-image-slug=\"img_6666-1\"\n               class=\"shutterset_24972\">\n                <img\n                    title=\"Zynerarien\"\n                    alt=\"Zynerarien\"\n                    src=\"https:\/\/www.freimarianne.ch\/wp-content\/gallery\/canaria-3-5-17\/thumbs\/thumbs_IMG_6666.jpg\"\n                    width=\"100\"\n                    height=\"75\"\n                    style=\"max-width:100%;\"\n                \/>\n            <\/a>\n        <\/div>\n\t\t\t\t\t\t\t<\/div> \n\t\t\t\n        \n\t\t\t\t<div id=\"ngg-image-10\" class=\"ngg-gallery-thumbnail-box\" >\n\t\t\t\t        <div class=\"ngg-gallery-thumbnail\">\n            <a href=\"https:\/\/www.freimarianne.ch\/wp-content\/gallery\/canaria-3-5-17\/IMG_6669.jpg\"\n               title=\"hinunter ins Tal\"\n               data-src=\"https:\/\/www.freimarianne.ch\/wp-content\/gallery\/canaria-3-5-17\/IMG_6669.jpg\"\n               data-thumbnail=\"https:\/\/www.freimarianne.ch\/wp-content\/gallery\/canaria-3-5-17\/thumbs\/thumbs_IMG_6669.jpg\"\n               data-image-id=\"15905\"\n               data-title=\"hinunter ins Tal\"\n               data-description=\"hinunter ins Tal\"\n               data-image-slug=\"img_6669-2\"\n               class=\"shutterset_24972\">\n                <img\n                    title=\"hinunter ins Tal\"\n                    alt=\"hinunter ins Tal\"\n                    src=\"https:\/\/www.freimarianne.ch\/wp-content\/gallery\/canaria-3-5-17\/thumbs\/thumbs_IMG_6669.jpg\"\n                    width=\"100\"\n                    height=\"75\"\n                    style=\"max-width:100%;\"\n                \/>\n            <\/a>\n        <\/div>\n\t\t\t\t\t\t\t<\/div> \n\t\t\t\n        \n\t\t\t\t<div id=\"ngg-image-11\" class=\"ngg-gallery-thumbnail-box\" >\n\t\t\t\t        <div class=\"ngg-gallery-thumbnail\">\n            <a href=\"https:\/\/www.freimarianne.ch\/wp-content\/gallery\/canaria-3-5-17\/IMG_6674.jpg\"\n               title=\"die einzgen Schafe, die wir  bis jetzt sahen\"\n               data-src=\"https:\/\/www.freimarianne.ch\/wp-content\/gallery\/canaria-3-5-17\/IMG_6674.jpg\"\n               data-thumbnail=\"https:\/\/www.freimarianne.ch\/wp-content\/gallery\/canaria-3-5-17\/thumbs\/thumbs_IMG_6674.jpg\"\n               data-image-id=\"15906\"\n               data-title=\"die einzgen Schafe, die wir  bis jetzt sahen\"\n               data-description=\"die einzgen Schafe, die wir  bis jetzt sahen\"\n               data-image-slug=\"img_6674\"\n               class=\"shutterset_24972\">\n                <img\n                    title=\"die einzgen Schafe, die wir  bis jetzt sahen\"\n                    alt=\"die einzgen Schafe, die wir  bis jetzt sahen\"\n                    src=\"https:\/\/www.freimarianne.ch\/wp-content\/gallery\/canaria-3-5-17\/thumbs\/thumbs_IMG_6674.jpg\"\n                    width=\"100\"\n                    height=\"75\"\n                    style=\"max-width:100%;\"\n                \/>\n            <\/a>\n        <\/div>\n\t\t\t\t\t\t\t<\/div> \n\t\t\t\n        \n\t\t\t\t<div id=\"ngg-image-12\" class=\"ngg-gallery-thumbnail-box\" >\n\t\t\t\t        <div class=\"ngg-gallery-thumbnail\">\n            <a href=\"https:\/\/www.freimarianne.ch\/wp-content\/gallery\/canaria-3-5-17\/IMG_6675.jpg\"\n               title=\"Wunderblume\"\n               data-src=\"https:\/\/www.freimarianne.ch\/wp-content\/gallery\/canaria-3-5-17\/IMG_6675.jpg\"\n               data-thumbnail=\"https:\/\/www.freimarianne.ch\/wp-content\/gallery\/canaria-3-5-17\/thumbs\/thumbs_IMG_6675.jpg\"\n               data-image-id=\"15907\"\n               data-title=\"Wunderblume\"\n               data-description=\"Wunderblume\"\n               data-image-slug=\"img_6675-1\"\n               class=\"shutterset_24972\">\n                <img\n                    title=\"Wunderblume\"\n                    alt=\"Wunderblume\"\n                    src=\"https:\/\/www.freimarianne.ch\/wp-content\/gallery\/canaria-3-5-17\/thumbs\/thumbs_IMG_6675.jpg\"\n                    width=\"100\"\n                    height=\"75\"\n                    style=\"max-width:100%;\"\n                \/>\n            <\/a>\n        <\/div>\n\t\t\t\t\t\t\t<\/div> \n\t\t\t\n        \n\t\t\t\t<div id=\"ngg-image-13\" class=\"ngg-gallery-thumbnail-box\" >\n\t\t\t\t        <div class=\"ngg-gallery-thumbnail\">\n            <a href=\"https:\/\/www.freimarianne.ch\/wp-content\/gallery\/canaria-3-5-17\/IMG_6679.jpg\"\n               title=\"K\u00e4seprobe\"\n               data-src=\"https:\/\/www.freimarianne.ch\/wp-content\/gallery\/canaria-3-5-17\/IMG_6679.jpg\"\n               data-thumbnail=\"https:\/\/www.freimarianne.ch\/wp-content\/gallery\/canaria-3-5-17\/thumbs\/thumbs_IMG_6679.jpg\"\n               data-image-id=\"15908\"\n               data-title=\"K\u00c3\u00a4seprobe\"\n               data-description=\"K\u00e4seprobe\"\n               data-image-slug=\"img_6679\"\n               class=\"shutterset_24972\">\n                <img\n                    title=\"K\u00c3\u00a4seprobe\"\n                    alt=\"K\u00c3\u00a4seprobe\"\n                    src=\"https:\/\/www.freimarianne.ch\/wp-content\/gallery\/canaria-3-5-17\/thumbs\/thumbs_IMG_6679.jpg\"\n                    width=\"100\"\n                    height=\"75\"\n                    style=\"max-width:100%;\"\n                \/>\n            <\/a>\n        <\/div>\n\t\t\t\t\t\t\t<\/div> \n\t\t\t\n        \n\t\t\t\t<div id=\"ngg-image-14\" class=\"ngg-gallery-thumbnail-box\" >\n\t\t\t\t        <div class=\"ngg-gallery-thumbnail\">\n            <a href=\"https:\/\/www.freimarianne.ch\/wp-content\/gallery\/canaria-3-5-17\/IMG_6680.jpg\"\n               title=\"Marianne und Bruni\"\n               data-src=\"https:\/\/www.freimarianne.ch\/wp-content\/gallery\/canaria-3-5-17\/IMG_6680.jpg\"\n               data-thumbnail=\"https:\/\/www.freimarianne.ch\/wp-content\/gallery\/canaria-3-5-17\/thumbs\/thumbs_IMG_6680.jpg\"\n               data-image-id=\"15909\"\n               data-title=\"Marianne und Bruni\"\n               data-description=\"Marianne und Bruni\"\n               data-image-slug=\"img_6680-1\"\n               class=\"shutterset_24972\">\n                <img\n                    title=\"Marianne und Bruni\"\n                    alt=\"Marianne und Bruni\"\n                    src=\"https:\/\/www.freimarianne.ch\/wp-content\/gallery\/canaria-3-5-17\/thumbs\/thumbs_IMG_6680.jpg\"\n                    width=\"100\"\n                    height=\"75\"\n                    style=\"max-width:100%;\"\n                \/>\n            <\/a>\n        <\/div>\n\t\t\t\t\t\t\t<\/div> \n\t\t\t\n        \n\t\t\n\t\t<!-- Pagination -->\n\t<div class='ngg-clear'><\/div>\t<\/div>\n<\/p>\n","protected":false},"excerpt":{"rendered":"<p>8.Tag: Aussichtsreicher Abstieg durch den Natternkopfwald bei Valsequillo Der eindrucksvolle Krater Los Marteles liegt auf einer H\u00f6he von 650 m. Nachdem wir ihn durchquert haben, f\u00fchrt uns ein geschwungener Felsenpfad durch den prachtvollen, blau bl\u00fchenden Natternkopfwald ins Tal von Valsequillo und seinen traditionellen K\u00e4sereien. Leider sind die Natternk\u00f6pfe bereits verbl\u00fcht. An den sch\u00f6nsten Aussichtspl\u00e4tzen verweilen [&hellip;]<\/p>\n","protected":false},"author":1,"featured_media":0,"parent":24226,"menu_order":8,"comment_status":"closed","ping_status":"closed","template":"","meta":{"ngg_post_thumbnail":0},"_links":{"self":[{"href":"https:\/\/www.freimarianne.ch\/index.php?rest_route=\/wp\/v2\/pages\/24242"}],"collection":[{"href":"https:\/\/www.freimarianne.ch\/index.php?rest_route=\/wp\/v2\/pages"}],"about":[{"href":"https:\/\/www.freimarianne.ch\/index.php?rest_route=\/wp\/v2\/types\/page"}],"author":[{"embeddable":true,"href":"https:\/\/www.freimarianne.ch\/index.php?rest_route=\/wp\/v2\/users\/1"}],"replies":[{"embeddable":true,"href":"https:\/\/www.freimarianne.ch\/index.php?rest_route=%2Fwp%2Fv2%2Fcomments&post=24242"}],"version-history":[{"count":5,"href":"https:\/\/www.freimarianne.ch\/index.php?rest_route=\/wp\/v2\/pages\/24242\/revisions"}],"predecessor-version":[{"id":24973,"href":"https:\/\/www.freimarianne.ch\/index.php?rest_route=\/wp\/v2\/pages\/24242\/revisions\/24973"}],"up":[{"embeddable":true,"href":"https:\/\/www.freimarianne.ch\/index.php?rest_route=\/wp\/v2\/pages\/24226"}],"wp:attachment":[{"href":"https:\/\/www.freimarianne.ch\/index.php?rest_route=%2Fwp%2Fv2%2Fmedia&parent=24242"}],"curies":[{"name":"wp","href":"https:\/\/api.w.org\/{rel}","templated":true}]}}