{"id":28179,"date":"2017-12-10T09:23:07","date_gmt":"2017-12-10T08:23:07","guid":{"rendered":"http:\/\/www.freimarianne.ch\/?page_id=28179"},"modified":"2017-12-12T16:38:04","modified_gmt":"2017-12-12T15:38:04","slug":"grachen-vs-3-12-2017","status":"publish","type":"page","link":"https:\/\/www.freimarianne.ch\/?page_id=28179","title":{"rendered":"Gr\u00e4chen   VS  3.12.2017"},"content":{"rendered":"<p><strong>Winterwanderung in Gr\u00e4chen<\/strong><\/p>\n<p><img loading=\"lazy\" class=\"size-full wp-image-28185\" src=\"http:\/\/www.freimarianne.ch\/wp-content\/uploads\/2017\/12\/IMG_1926_gra\u0308chen_500.jpg\" alt=\"\" width=\"500\" height=\"375\" srcset=\"https:\/\/www.freimarianne.ch\/wp-content\/uploads\/2017\/12\/IMG_1926_gra\u0308chen_500.jpg 500w, https:\/\/www.freimarianne.ch\/wp-content\/uploads\/2017\/12\/IMG_1926_gra\u0308chen_500-300x225.jpg 300w, https:\/\/www.freimarianne.ch\/wp-content\/uploads\/2017\/12\/IMG_1926_gra\u0308chen_500-400x300.jpg 400w\" sizes=\"(max-width: 500px) 100vw, 500px\" \/><\/p>\n<p>Inn. Barrhorn 3583m, Uess. Barrhorn 3610m, Festihorn 3092m, Wasuhorn 3343m<br \/>\nEigentlich wollte ich in Gr\u00e4chen eine Schneschuhtour machen. Aber es hat zu wenig Schnee hier oben und dann ist es erst noch bew\u00f6lkt und daher schattig.<br \/>\nIch finde den Einstieg in die Bineri Wasserleiti, der wir nun folgen bis nach Gassenried. Wir gehen hier im Schnee und kommen einmal kurz an die Sonne um dann wieder ein Schatten gehen zu m\u00fcssen. Bei Gassenlied begegnen wir dem St. Niklaus und seinen zwei Schmutzlis. Wir nehmen dann die Wanderweg zur\u00fcck nach Gr\u00e4chen, wobei wir bald an der Sonne wandern k\u00f6nnen. Wir lernen eine Frau kennen, die uns spontan zu sich nachhause zu einem Kaffee einl\u00e4dt. So etwas haben wir noch nie erlebt!<br \/>\nVon ihrer Stube aus geniessen wir den Sonnenschein und fahren dann zufrieden von Bina zur\u00fcck ins Tal, wo der als St. Niklaus verkleidete Kirchturm von St. Niklaus gr\u00fcsst.<br \/>\nDieser Tag ist ganz anders als vorgesehen herausgekommen! Aber wir sind zum Gl\u00fcck flexibel!<\/p>\n<p><strong><!-- index.php -->\n<div\n\tclass=\"ngg-galleryoverview ngg-ajax-pagination-none\"\n\tid=\"ngg-gallery-28289-1\">\n\n    \t<div class=\"slideshowlink\">\n        <a href='https:\/\/www.freimarianne.ch\/index.php\/nggallery\/slideshow?page_id=28179'>[Show as slideshow]<\/a>\n\t\t\n\t<\/div>\n\t\t\t<!-- Thumbnails -->\n\t\t\t\t<div id=\"ngg-image-0\" class=\"ngg-gallery-thumbnail-box\" >\n\t\t\t\t        <div class=\"ngg-gallery-thumbnail\">\n            <a href=\"https:\/\/www.freimarianne.ch\/wp-content\/gallery\/grachen-3-12-17\/IMG_1920.jpg\"\n               title=\"Brunegghorn 3833m, Bishorn 4153m, Sch\u00f6llihorn 3500m,  Inn. Barrhorn 3583m, Uess. Barrhorn 3610m\"\n               data-src=\"https:\/\/www.freimarianne.ch\/wp-content\/gallery\/grachen-3-12-17\/IMG_1920.jpg\"\n               data-thumbnail=\"https:\/\/www.freimarianne.ch\/wp-content\/gallery\/grachen-3-12-17\/thumbs\/thumbs_IMG_1920.jpg\"\n               data-image-id=\"17372\"\n               data-title=\"Brunegghorn 3833m, Bishorn 4153m, Sch\u00c3\u00b6llihorn 3500m,  Inn. Barrhorn 3583m, Uess. Barrhorn 3610m\"\n               data-description=\"Brunegghorn 3833m, Bishorn 4153m, Sch\u00f6llihorn 3500m,  Inn. Barrhorn 3583m, Uess. Barrhorn 3610m\"\n               data-image-slug=\"img_1920-4\"\n               class=\"shutterset_28289\">\n                <img\n                    title=\"Brunegghorn 3833m, Bishorn 4153m, Sch\u00c3\u00b6llihorn 3500m,  Inn. Barrhorn 3583m, Uess. Barrhorn 3610m\"\n                    alt=\"Brunegghorn 3833m, Bishorn 4153m, Sch\u00c3\u00b6llihorn 3500m,  Inn. Barrhorn 3583m, Uess. Barrhorn 3610m\"\n                    src=\"https:\/\/www.freimarianne.ch\/wp-content\/gallery\/grachen-3-12-17\/thumbs\/thumbs_IMG_1920.jpg\"\n                    width=\"100\"\n                    height=\"75\"\n                    style=\"max-width:100%;\"\n                \/>\n            <\/a>\n        <\/div>\n\t\t\t\t\t\t\t<\/div> \n\t\t\t\n        \n\t\t\t\t<div id=\"ngg-image-1\" class=\"ngg-gallery-thumbnail-box\" >\n\t\t\t\t        <div class=\"ngg-gallery-thumbnail\">\n            <a href=\"https:\/\/www.freimarianne.ch\/wp-content\/gallery\/grachen-3-12-17\/IMG_1922.jpg\"\n               title=\"Stadel\"\n               data-src=\"https:\/\/www.freimarianne.ch\/wp-content\/gallery\/grachen-3-12-17\/IMG_1922.jpg\"\n               data-thumbnail=\"https:\/\/www.freimarianne.ch\/wp-content\/gallery\/grachen-3-12-17\/thumbs\/thumbs_IMG_1922.jpg\"\n               data-image-id=\"17371\"\n               data-title=\"Stadel\"\n               data-description=\"Stadel\"\n               data-image-slug=\"img_1922\"\n               class=\"shutterset_28289\">\n                <img\n                    title=\"Stadel\"\n                    alt=\"Stadel\"\n                    src=\"https:\/\/www.freimarianne.ch\/wp-content\/gallery\/grachen-3-12-17\/thumbs\/thumbs_IMG_1922.jpg\"\n                    width=\"100\"\n                    height=\"75\"\n                    style=\"max-width:100%;\"\n                \/>\n            <\/a>\n        <\/div>\n\t\t\t\t\t\t\t<\/div> \n\t\t\t\n        \n\t\t\t\t<div id=\"ngg-image-2\" class=\"ngg-gallery-thumbnail-box\" >\n\t\t\t\t        <div class=\"ngg-gallery-thumbnail\">\n            <a href=\"https:\/\/www.freimarianne.ch\/wp-content\/gallery\/grachen-3-12-17\/IMG_1928.jpg\"\n               title=\"Gasenreid\"\n               data-src=\"https:\/\/www.freimarianne.ch\/wp-content\/gallery\/grachen-3-12-17\/IMG_1928.jpg\"\n               data-thumbnail=\"https:\/\/www.freimarianne.ch\/wp-content\/gallery\/grachen-3-12-17\/thumbs\/thumbs_IMG_1928.jpg\"\n               data-image-id=\"17370\"\n               data-title=\"Gasenreid\"\n               data-description=\"Gasenreid\"\n               data-image-slug=\"img_1928-6\"\n               class=\"shutterset_28289\">\n                <img\n                    title=\"Gasenreid\"\n                    alt=\"Gasenreid\"\n                    src=\"https:\/\/www.freimarianne.ch\/wp-content\/gallery\/grachen-3-12-17\/thumbs\/thumbs_IMG_1928.jpg\"\n                    width=\"100\"\n                    height=\"75\"\n                    style=\"max-width:100%;\"\n                \/>\n            <\/a>\n        <\/div>\n\t\t\t\t\t\t\t<\/div> \n\t\t\t\n        \n\t\t\t\t<div id=\"ngg-image-3\" class=\"ngg-gallery-thumbnail-box\" >\n\t\t\t\t        <div class=\"ngg-gallery-thumbnail\">\n            <a href=\"https:\/\/www.freimarianne.ch\/wp-content\/gallery\/grachen-3-12-17\/IMG_1930.jpg\"\n               title=\"Schafe bei Gasenried\"\n               data-src=\"https:\/\/www.freimarianne.ch\/wp-content\/gallery\/grachen-3-12-17\/IMG_1930.jpg\"\n               data-thumbnail=\"https:\/\/www.freimarianne.ch\/wp-content\/gallery\/grachen-3-12-17\/thumbs\/thumbs_IMG_1930.jpg\"\n               data-image-id=\"17369\"\n               data-title=\"Schafe bei Gasenried\"\n               data-description=\"Schafe bei Gasenried\"\n               data-image-slug=\"img_1930\"\n               class=\"shutterset_28289\">\n                <img\n                    title=\"Schafe bei Gasenried\"\n                    alt=\"Schafe bei Gasenried\"\n                    src=\"https:\/\/www.freimarianne.ch\/wp-content\/gallery\/grachen-3-12-17\/thumbs\/thumbs_IMG_1930.jpg\"\n                    width=\"100\"\n                    height=\"75\"\n                    style=\"max-width:100%;\"\n                \/>\n            <\/a>\n        <\/div>\n\t\t\t\t\t\t\t<\/div> \n\t\t\t\n        \n\t\t\t\t<div id=\"ngg-image-4\" class=\"ngg-gallery-thumbnail-box\" >\n\t\t\t\t        <div class=\"ngg-gallery-thumbnail\">\n            <a href=\"https:\/\/www.freimarianne.ch\/wp-content\/gallery\/grachen-3-12-17\/IMG_1934.jpg\"\n               title=\"H\u00e4user von Gasenried\"\n               data-src=\"https:\/\/www.freimarianne.ch\/wp-content\/gallery\/grachen-3-12-17\/IMG_1934.jpg\"\n               data-thumbnail=\"https:\/\/www.freimarianne.ch\/wp-content\/gallery\/grachen-3-12-17\/thumbs\/thumbs_IMG_1934.jpg\"\n               data-image-id=\"17368\"\n               data-title=\"H\u00c3\u00a4user von Gasenried\"\n               data-description=\"H\u00e4user von Gasenried\"\n               data-image-slug=\"img_1934-1\"\n               class=\"shutterset_28289\">\n                <img\n                    title=\"H\u00c3\u00a4user von Gasenried\"\n                    alt=\"H\u00c3\u00a4user von Gasenried\"\n                    src=\"https:\/\/www.freimarianne.ch\/wp-content\/gallery\/grachen-3-12-17\/thumbs\/thumbs_IMG_1934.jpg\"\n                    width=\"100\"\n                    height=\"75\"\n                    style=\"max-width:100%;\"\n                \/>\n            <\/a>\n        <\/div>\n\t\t\t\t\t\t\t<\/div> \n\t\t\t\n        \n\t\t\t\t<div id=\"ngg-image-5\" class=\"ngg-gallery-thumbnail-box\" >\n\t\t\t\t        <div class=\"ngg-gallery-thumbnail\">\n            <a href=\"https:\/\/www.freimarianne.ch\/wp-content\/gallery\/grachen-3-12-17\/IMG_1937.jpg\"\n               title=\"Schmutzlis und St. Nikolaus in Gasenied\"\n               data-src=\"https:\/\/www.freimarianne.ch\/wp-content\/gallery\/grachen-3-12-17\/IMG_1937.jpg\"\n               data-thumbnail=\"https:\/\/www.freimarianne.ch\/wp-content\/gallery\/grachen-3-12-17\/thumbs\/thumbs_IMG_1937.jpg\"\n               data-image-id=\"17367\"\n               data-title=\"Schmutzlis und St. Nikolaus in Gasenied\"\n               data-description=\"Schmutzlis und St. Nikolaus in Gasenied\"\n               data-image-slug=\"img_1937-2\"\n               class=\"shutterset_28289\">\n                <img\n                    title=\"Schmutzlis und St. Nikolaus in Gasenied\"\n                    alt=\"Schmutzlis und St. Nikolaus in Gasenied\"\n                    src=\"https:\/\/www.freimarianne.ch\/wp-content\/gallery\/grachen-3-12-17\/thumbs\/thumbs_IMG_1937.jpg\"\n                    width=\"100\"\n                    height=\"75\"\n                    style=\"max-width:100%;\"\n                \/>\n            <\/a>\n        <\/div>\n\t\t\t\t\t\t\t<\/div> \n\t\t\t\n        \n\t\t\t\t<div id=\"ngg-image-6\" class=\"ngg-gallery-thumbnail-box\" >\n\t\t\t\t        <div class=\"ngg-gallery-thumbnail\">\n            <a href=\"https:\/\/www.freimarianne.ch\/wp-content\/gallery\/grachen-3-12-17\/IMG_1941.jpg\"\n               title=\"endlich an der Sonne\"\n               data-src=\"https:\/\/www.freimarianne.ch\/wp-content\/gallery\/grachen-3-12-17\/IMG_1941.jpg\"\n               data-thumbnail=\"https:\/\/www.freimarianne.ch\/wp-content\/gallery\/grachen-3-12-17\/thumbs\/thumbs_IMG_1941.jpg\"\n               data-image-id=\"17366\"\n               data-title=\"endlich an der Sonne\"\n               data-description=\"endlich an der Sonne\"\n               data-image-slug=\"img_1941-1\"\n               class=\"shutterset_28289\">\n                <img\n                    title=\"endlich an der Sonne\"\n                    alt=\"endlich an der Sonne\"\n                    src=\"https:\/\/www.freimarianne.ch\/wp-content\/gallery\/grachen-3-12-17\/thumbs\/thumbs_IMG_1941.jpg\"\n                    width=\"100\"\n                    height=\"75\"\n                    style=\"max-width:100%;\"\n                \/>\n            <\/a>\n        <\/div>\n\t\t\t\t\t\t\t<\/div> \n\t\t\t\n        \n\t\t\t\t<div id=\"ngg-image-7\" class=\"ngg-gallery-thumbnail-box\" >\n\t\t\t\t        <div class=\"ngg-gallery-thumbnail\">\n            <a href=\"https:\/\/www.freimarianne.ch\/wp-content\/gallery\/grachen-3-12-17\/IMG_1951.jpg\"\n               title=\"Der Kirchturm  von St. Niklaus\"\n               data-src=\"https:\/\/www.freimarianne.ch\/wp-content\/gallery\/grachen-3-12-17\/IMG_1951.jpg\"\n               data-thumbnail=\"https:\/\/www.freimarianne.ch\/wp-content\/gallery\/grachen-3-12-17\/thumbs\/thumbs_IMG_1951.jpg\"\n               data-image-id=\"17365\"\n               data-title=\"Der Kirchturm  von St. Niklaus\"\n               data-description=\"Der Kirchturm  von St. Niklaus\"\n               data-image-slug=\"img_1951-1\"\n               class=\"shutterset_28289\">\n                <img\n                    title=\"Der Kirchturm  von St. Niklaus\"\n                    alt=\"Der Kirchturm  von St. Niklaus\"\n                    src=\"https:\/\/www.freimarianne.ch\/wp-content\/gallery\/grachen-3-12-17\/thumbs\/thumbs_IMG_1951.jpg\"\n                    width=\"100\"\n                    height=\"75\"\n                    style=\"max-width:100%;\"\n                \/>\n            <\/a>\n        <\/div>\n\t\t\t\t\t\t\t<\/div> \n\t\t\t\n        \n\t\t\n\t\t<!-- Pagination -->\n\t<div class='ngg-clear'><\/div>\t<\/div>\n<\/strong><\/p>\n","protected":false},"excerpt":{"rendered":"<p>Winterwanderung in Gr\u00e4chen Inn. Barrhorn 3583m, Uess. Barrhorn 3610m, Festihorn 3092m, Wasuhorn 3343m Eigentlich wollte ich in Gr\u00e4chen eine Schneschuhtour machen. Aber es hat zu wenig Schnee hier oben und dann ist es erst noch bew\u00f6lkt und daher schattig. Ich finde den Einstieg in die Bineri Wasserleiti, der wir nun folgen bis nach Gassenried. Wir [&hellip;]<\/p>\n","protected":false},"author":1,"featured_media":0,"parent":28172,"menu_order":1,"comment_status":"closed","ping_status":"closed","template":"","meta":{"ngg_post_thumbnail":0},"_links":{"self":[{"href":"https:\/\/www.freimarianne.ch\/index.php?rest_route=\/wp\/v2\/pages\/28179"}],"collection":[{"href":"https:\/\/www.freimarianne.ch\/index.php?rest_route=\/wp\/v2\/pages"}],"about":[{"href":"https:\/\/www.freimarianne.ch\/index.php?rest_route=\/wp\/v2\/types\/page"}],"author":[{"embeddable":true,"href":"https:\/\/www.freimarianne.ch\/index.php?rest_route=\/wp\/v2\/users\/1"}],"replies":[{"embeddable":true,"href":"https:\/\/www.freimarianne.ch\/index.php?rest_route=%2Fwp%2Fv2%2Fcomments&post=28179"}],"version-history":[{"count":5,"href":"https:\/\/www.freimarianne.ch\/index.php?rest_route=\/wp\/v2\/pages\/28179\/revisions"}],"predecessor-version":[{"id":28292,"href":"https:\/\/www.freimarianne.ch\/index.php?rest_route=\/wp\/v2\/pages\/28179\/revisions\/28292"}],"up":[{"embeddable":true,"href":"https:\/\/www.freimarianne.ch\/index.php?rest_route=\/wp\/v2\/pages\/28172"}],"wp:attachment":[{"href":"https:\/\/www.freimarianne.ch\/index.php?rest_route=%2Fwp%2Fv2%2Fmedia&parent=28179"}],"curies":[{"name":"wp","href":"https:\/\/api.w.org\/{rel}","templated":true}]}}