{"id":28754,"date":"2018-02-08T17:37:18","date_gmt":"2018-02-08T16:37:18","guid":{"rendered":"http:\/\/www.freimarianne.ch\/?page_id=28754"},"modified":"2018-02-08T17:45:35","modified_gmt":"2018-02-08T16:45:35","slug":"mostelberg-sz-6-2-2018","status":"publish","type":"page","link":"https:\/\/www.freimarianne.ch\/?page_id=28754","title":{"rendered":"Mostelberg   SZ 6.2.2018"},"content":{"rendered":"<p><strong>Winterwanderung um den Engelstock<\/strong><\/p>\n<p><img loading=\"lazy\" class=\"size-full wp-image-28753\" src=\"http:\/\/www.freimarianne.ch\/wp-content\/uploads\/2018\/02\/IMG_2360_mostelberg_500.jpg\" alt=\"\" width=\"500\" height=\"375\" srcset=\"https:\/\/www.freimarianne.ch\/wp-content\/uploads\/2018\/02\/IMG_2360_mostelberg_500.jpg 500w, https:\/\/www.freimarianne.ch\/wp-content\/uploads\/2018\/02\/IMG_2360_mostelberg_500-300x225.jpg 300w, https:\/\/www.freimarianne.ch\/wp-content\/uploads\/2018\/02\/IMG_2360_mostelberg_500-400x300.jpg 400w\" sizes=\"(max-width: 500px) 100vw, 500px\" \/><\/p>\n<p>Um 10.30h beginnen wir unsere Winterwanderung um den Engelstock. Bald lassen wir den Wald hinter uns und treten bei der Engestockweid ins Freie und sind \u00fcberrascht vom grossartigen Panorama und der wundersch\u00f6nen Winterlandschaft. Wir wandern \u00fcber dem Nebelmeer im Sonnenschein ! Auf der Hinfahrt durch die d\u00fcstere Landschaft haben wir noch am sch\u00f6nen Wetter gezweifelt!<br \/>\nWir wandern \u00fcber Bl\u00fcemlisberg 1164m hin\u00fcber zur Mostelegg 1262m. Leider m\u00fcssen wir zwischendurch auf Teer gehen (wir befinden uns eben an einem S\u00fcdhang). Auf der Mostelegg halten wir unsere Mittagspause und studieren die Panoramakarte.<\/p>\n<p><a href=\"http:\/\/www.alpen-panoramen.de\/panorama.php?pid=17052\">Panorama vom Hochstuckli<\/a><br \/>\nDann geht es weiter. Wir folgen aber nicht dem ausgeschilderten Winterwanderweg nach Herrenboden sondern steigen auf einer Schneeschuhspur den Hang hinauf, was mit unseren \u201eIseli\u201c an den Schuhen ganz gut geht. So wandern wir auf unbekannten Pfaden auf und ab und kommen in die N\u00e4he des Engelstocks. Dorthin k\u00f6nnen wir aber durch den tiefen Schnee nicht gelangen. Wir kehren um und folgen den Spuren durch eine Waldlichtung hinunter gegen die Mostelegg.<br \/>\nDies war keine sehr lange Wanderung aber sie war sehr lohnenswert.<br \/>\nWir wollten auch etwas die Gegend kennenlernen, um ein anderes Mal eine Schneeschuhtour zu machen.<br \/>\nIm Restaurant geniessen wir noch lange den Sonnenschein, bevor wir wieder hinunter nach Sattel fahren. Inzwischen hat sich der Hochnebel aufgel\u00f6st und auch Schwyz liegt im Sonnenschein.<\/p>\n<p>Laut Schweizmobil:<br \/>\nDistanz: 5.47km; Auf-Abstieg: 254m; Wanderzeti 1 h 41h min ( Sommer)<\/p>\n<p><a href=\"https:\/\/map.schweizmobil.ch\/?lang=de&amp;land=winterhiking&amp;route=all&amp;resolution=5&amp;bgLayer=pk&amp;layers=Winterhiking&amp;season=winter&amp;E=2692078&amp;N=1212946&amp;trackId=4155111\">Karte Schweizmobil:<\/a><\/p>\n<p><!-- index.php -->\n<div\n\tclass=\"ngg-galleryoverview ngg-ajax-pagination-none\"\n\tid=\"ngg-gallery-28801-1\">\n\n    \t<div class=\"slideshowlink\">\n        <a href='https:\/\/www.freimarianne.ch\/index.php\/nggallery\/slideshow?page_id=28754'>[Show as slideshow]<\/a>\n\t\t\n\t<\/div>\n\t\t\t<!-- Thumbnails -->\n\t\t\t\t<div id=\"ngg-image-0\" class=\"ngg-gallery-thumbnail-box\" >\n\t\t\t\t        <div class=\"ngg-gallery-thumbnail\">\n            <a href=\"https:\/\/www.freimarianne.ch\/wp-content\/gallery\/mostelberg-6-2-18\/IMG_2321.jpg\"\n               title=\"Sicht zum Morgartenberg und Mostelberg vorne\"\n               data-src=\"https:\/\/www.freimarianne.ch\/wp-content\/gallery\/mostelberg-6-2-18\/IMG_2321.jpg\"\n               data-thumbnail=\"https:\/\/www.freimarianne.ch\/wp-content\/gallery\/mostelberg-6-2-18\/thumbs\/thumbs_IMG_2321.jpg\"\n               data-image-id=\"17599\"\n               data-title=\"Sicht zum Morgartenberg und Mostelberg vorne\"\n               data-description=\"Sicht zum Morgartenberg und Mostelberg vorne\"\n               data-image-slug=\"img_2321-1\"\n               class=\"shutterset_28801\">\n                <img\n                    title=\"Sicht zum Morgartenberg und Mostelberg vorne\"\n                    alt=\"Sicht zum Morgartenberg und Mostelberg vorne\"\n                    src=\"https:\/\/www.freimarianne.ch\/wp-content\/gallery\/mostelberg-6-2-18\/thumbs\/thumbs_IMG_2321.jpg\"\n                    width=\"100\"\n                    height=\"75\"\n                    style=\"max-width:100%;\"\n                \/>\n            <\/a>\n        <\/div>\n\t\t\t\t\t\t\t<\/div> \n\t\t\t\n        \n\t\t\t\t<div id=\"ngg-image-1\" class=\"ngg-gallery-thumbnail-box\" >\n\t\t\t\t        <div class=\"ngg-gallery-thumbnail\">\n            <a href=\"https:\/\/www.freimarianne.ch\/wp-content\/gallery\/mostelberg-6-2-18\/IMG_2326.jpg\"\n               title=\"gegen Engelstockweid 1149m\"\n               data-src=\"https:\/\/www.freimarianne.ch\/wp-content\/gallery\/mostelberg-6-2-18\/IMG_2326.jpg\"\n               data-thumbnail=\"https:\/\/www.freimarianne.ch\/wp-content\/gallery\/mostelberg-6-2-18\/thumbs\/thumbs_IMG_2326.jpg\"\n               data-image-id=\"17598\"\n               data-title=\"gegen Engelstockweid 1149m\"\n               data-description=\"gegen Engelstockweid 1149m\"\n               data-image-slug=\"img_2326-4\"\n               class=\"shutterset_28801\">\n                <img\n                    title=\"gegen Engelstockweid 1149m\"\n                    alt=\"gegen Engelstockweid 1149m\"\n                    src=\"https:\/\/www.freimarianne.ch\/wp-content\/gallery\/mostelberg-6-2-18\/thumbs\/thumbs_IMG_2326.jpg\"\n                    width=\"100\"\n                    height=\"75\"\n                    style=\"max-width:100%;\"\n                \/>\n            <\/a>\n        <\/div>\n\t\t\t\t\t\t\t<\/div> \n\t\t\t\n        \n\t\t\t\t<div id=\"ngg-image-2\" class=\"ngg-gallery-thumbnail-box\" >\n\t\t\t\t        <div class=\"ngg-gallery-thumbnail\">\n            <a href=\"https:\/\/www.freimarianne.ch\/wp-content\/gallery\/mostelberg-6-2-18\/IMG_2328.jpg\"\n               title=\"bei Engelstockweid 1149m; Winterlandschaft; li Fronalpstock;mi  Gitschen, Brunnistock, Uri Rotstock, Schlieren, Wissigstock\"\n               data-src=\"https:\/\/www.freimarianne.ch\/wp-content\/gallery\/mostelberg-6-2-18\/IMG_2328.jpg\"\n               data-thumbnail=\"https:\/\/www.freimarianne.ch\/wp-content\/gallery\/mostelberg-6-2-18\/thumbs\/thumbs_IMG_2328.jpg\"\n               data-image-id=\"17597\"\n               data-title=\"bei Engelstockweid 1149m; Winterlandschaft; li Fronalpstock;mi  Gitschen, Brunnistock, Uri Rotstock, Schlieren, Wissigstock\"\n               data-description=\"bei Engelstockweid 1149m; Winterlandschaft; li Fronalpstock;mi  Gitschen, Brunnistock, Uri Rotstock, Schlieren, Wissigstock\"\n               data-image-slug=\"img_2328-1\"\n               class=\"shutterset_28801\">\n                <img\n                    title=\"bei Engelstockweid 1149m; Winterlandschaft; li Fronalpstock;mi  Gitschen, Brunnistock, Uri Rotstock, Schlieren, Wissigstock\"\n                    alt=\"bei Engelstockweid 1149m; Winterlandschaft; li Fronalpstock;mi  Gitschen, Brunnistock, Uri Rotstock, Schlieren, Wissigstock\"\n                    src=\"https:\/\/www.freimarianne.ch\/wp-content\/gallery\/mostelberg-6-2-18\/thumbs\/thumbs_IMG_2328.jpg\"\n                    width=\"100\"\n                    height=\"75\"\n                    style=\"max-width:100%;\"\n                \/>\n            <\/a>\n        <\/div>\n\t\t\t\t\t\t\t<\/div> \n\t\t\t\n        \n\t\t\t\t<div id=\"ngg-image-3\" class=\"ngg-gallery-thumbnail-box\" >\n\t\t\t\t        <div class=\"ngg-gallery-thumbnail\">\n            <a href=\"https:\/\/www.freimarianne.ch\/wp-content\/gallery\/mostelberg-6-2-18\/IMG_2334.jpg\"\n               title=\"pr\u00e4chtige Winterlandschaft bei Engelstockweid\"\n               data-src=\"https:\/\/www.freimarianne.ch\/wp-content\/gallery\/mostelberg-6-2-18\/IMG_2334.jpg\"\n               data-thumbnail=\"https:\/\/www.freimarianne.ch\/wp-content\/gallery\/mostelberg-6-2-18\/thumbs\/thumbs_IMG_2334.jpg\"\n               data-image-id=\"17596\"\n               data-title=\"pr\u00c3\u00a4chtige Winterlandschaft bei Engelstockweid\"\n               data-description=\"pr\u00e4chtige Winterlandschaft bei Engelstockweid\"\n               data-image-slug=\"img_2334\"\n               class=\"shutterset_28801\">\n                <img\n                    title=\"pr\u00c3\u00a4chtige Winterlandschaft bei Engelstockweid\"\n                    alt=\"pr\u00c3\u00a4chtige Winterlandschaft bei Engelstockweid\"\n                    src=\"https:\/\/www.freimarianne.ch\/wp-content\/gallery\/mostelberg-6-2-18\/thumbs\/thumbs_IMG_2334.jpg\"\n                    width=\"100\"\n                    height=\"75\"\n                    style=\"max-width:100%;\"\n                \/>\n            <\/a>\n        <\/div>\n\t\t\t\t\t\t\t<\/div> \n\t\t\t\n        \n\t\t\t\t<div id=\"ngg-image-4\" class=\"ngg-gallery-thumbnail-box\" >\n\t\t\t\t        <div class=\"ngg-gallery-thumbnail\">\n            <a href=\"https:\/\/www.freimarianne.ch\/wp-content\/gallery\/mostelberg-6-2-18\/IMG_2337.jpg\"\n               title=\"bei Engelstockweid\"\n               data-src=\"https:\/\/www.freimarianne.ch\/wp-content\/gallery\/mostelberg-6-2-18\/IMG_2337.jpg\"\n               data-thumbnail=\"https:\/\/www.freimarianne.ch\/wp-content\/gallery\/mostelberg-6-2-18\/thumbs\/thumbs_IMG_2337.jpg\"\n               data-image-id=\"17595\"\n               data-title=\"bei Engelstockweid\"\n               data-description=\"bei Engelstockweid\"\n               data-image-slug=\"img_2337-1\"\n               class=\"shutterset_28801\">\n                <img\n                    title=\"bei Engelstockweid\"\n                    alt=\"bei Engelstockweid\"\n                    src=\"https:\/\/www.freimarianne.ch\/wp-content\/gallery\/mostelberg-6-2-18\/thumbs\/thumbs_IMG_2337.jpg\"\n                    width=\"100\"\n                    height=\"75\"\n                    style=\"max-width:100%;\"\n                \/>\n            <\/a>\n        <\/div>\n\t\t\t\t\t\t\t<\/div> \n\t\t\t\n        \n\t\t\t\t<div id=\"ngg-image-5\" class=\"ngg-gallery-thumbnail-box\" >\n\t\t\t\t        <div class=\"ngg-gallery-thumbnail\">\n            <a href=\"https:\/\/www.freimarianne.ch\/wp-content\/gallery\/mostelberg-6-2-18\/IMG_2339.jpg\"\n               title=\"Winterlandschaft im Gegenlicht\"\n               data-src=\"https:\/\/www.freimarianne.ch\/wp-content\/gallery\/mostelberg-6-2-18\/IMG_2339.jpg\"\n               data-thumbnail=\"https:\/\/www.freimarianne.ch\/wp-content\/gallery\/mostelberg-6-2-18\/thumbs\/thumbs_IMG_2339.jpg\"\n               data-image-id=\"17594\"\n               data-title=\"Winterlandschaft im Gegenlicht\"\n               data-description=\"Winterlandschaft im Gegenlicht\"\n               data-image-slug=\"img_2339-1\"\n               class=\"shutterset_28801\">\n                <img\n                    title=\"Winterlandschaft im Gegenlicht\"\n                    alt=\"Winterlandschaft im Gegenlicht\"\n                    src=\"https:\/\/www.freimarianne.ch\/wp-content\/gallery\/mostelberg-6-2-18\/thumbs\/thumbs_IMG_2339.jpg\"\n                    width=\"100\"\n                    height=\"75\"\n                    style=\"max-width:100%;\"\n                \/>\n            <\/a>\n        <\/div>\n\t\t\t\t\t\t\t<\/div> \n\t\t\t\n        \n\t\t\t\t<div id=\"ngg-image-6\" class=\"ngg-gallery-thumbnail-box\" >\n\t\t\t\t        <div class=\"ngg-gallery-thumbnail\">\n            <a href=\"https:\/\/www.freimarianne.ch\/wp-content\/gallery\/mostelberg-6-2-18\/IMG_2341.jpg\"\n               title=\"Wegkreuz: oben Engelstock\"\n               data-src=\"https:\/\/www.freimarianne.ch\/wp-content\/gallery\/mostelberg-6-2-18\/IMG_2341.jpg\"\n               data-thumbnail=\"https:\/\/www.freimarianne.ch\/wp-content\/gallery\/mostelberg-6-2-18\/thumbs\/thumbs_IMG_2341.jpg\"\n               data-image-id=\"17593\"\n               data-title=\"Wegkreuz: oben Engelstock\"\n               data-description=\"Wegkreuz: oben Engelstock\"\n               data-image-slug=\"img_2341-2\"\n               class=\"shutterset_28801\">\n                <img\n                    title=\"Wegkreuz: oben Engelstock\"\n                    alt=\"Wegkreuz: oben Engelstock\"\n                    src=\"https:\/\/www.freimarianne.ch\/wp-content\/gallery\/mostelberg-6-2-18\/thumbs\/thumbs_IMG_2341.jpg\"\n                    width=\"100\"\n                    height=\"75\"\n                    style=\"max-width:100%;\"\n                \/>\n            <\/a>\n        <\/div>\n\t\t\t\t\t\t\t<\/div> \n\t\t\t\n        \n\t\t\t\t<div id=\"ngg-image-7\" class=\"ngg-gallery-thumbnail-box\" >\n\t\t\t\t        <div class=\"ngg-gallery-thumbnail\">\n            <a href=\"https:\/\/www.freimarianne.ch\/wp-content\/gallery\/mostelberg-6-2-18\/IMG_2344.jpg\"\n               title=\"die beiden Mythen\"\n               data-src=\"https:\/\/www.freimarianne.ch\/wp-content\/gallery\/mostelberg-6-2-18\/IMG_2344.jpg\"\n               data-thumbnail=\"https:\/\/www.freimarianne.ch\/wp-content\/gallery\/mostelberg-6-2-18\/thumbs\/thumbs_IMG_2344.jpg\"\n               data-image-id=\"17592\"\n               data-title=\"die beiden Mythen\"\n               data-description=\"die beiden Mythen\"\n               data-image-slug=\"img_2344-1\"\n               class=\"shutterset_28801\">\n                <img\n                    title=\"die beiden Mythen\"\n                    alt=\"die beiden Mythen\"\n                    src=\"https:\/\/www.freimarianne.ch\/wp-content\/gallery\/mostelberg-6-2-18\/thumbs\/thumbs_IMG_2344.jpg\"\n                    width=\"100\"\n                    height=\"75\"\n                    style=\"max-width:100%;\"\n                \/>\n            <\/a>\n        <\/div>\n\t\t\t\t\t\t\t<\/div> \n\t\t\t\n        \n\t\t\t\t<div id=\"ngg-image-8\" class=\"ngg-gallery-thumbnail-box\" >\n\t\t\t\t        <div class=\"ngg-gallery-thumbnail\">\n            <a href=\"https:\/\/www.freimarianne.ch\/wp-content\/gallery\/mostelberg-6-2-18\/IMG_2346.jpg\"\n               title=\"die beiden Mythen, Chaiserstock, Fulen, Rosstock\"\n               data-src=\"https:\/\/www.freimarianne.ch\/wp-content\/gallery\/mostelberg-6-2-18\/IMG_2346.jpg\"\n               data-thumbnail=\"https:\/\/www.freimarianne.ch\/wp-content\/gallery\/mostelberg-6-2-18\/thumbs\/thumbs_IMG_2346.jpg\"\n               data-image-id=\"17591\"\n               data-title=\"die beiden Mythen, Chaiserstock, Fulen, Rosstock\"\n               data-description=\"die beiden Mythen, Chaiserstock, Fulen, Rosstock\"\n               data-image-slug=\"img_2346\"\n               class=\"shutterset_28801\">\n                <img\n                    title=\"die beiden Mythen, Chaiserstock, Fulen, Rosstock\"\n                    alt=\"die beiden Mythen, Chaiserstock, Fulen, Rosstock\"\n                    src=\"https:\/\/www.freimarianne.ch\/wp-content\/gallery\/mostelberg-6-2-18\/thumbs\/thumbs_IMG_2346.jpg\"\n                    width=\"100\"\n                    height=\"75\"\n                    style=\"max-width:100%;\"\n                \/>\n            <\/a>\n        <\/div>\n\t\t\t\t\t\t\t<\/div> \n\t\t\t\n        \n\t\t\t\t<div id=\"ngg-image-9\" class=\"ngg-gallery-thumbnail-box\" >\n\t\t\t\t        <div class=\"ngg-gallery-thumbnail\">\n            <a href=\"https:\/\/www.freimarianne.ch\/wp-content\/gallery\/mostelberg-6-2-18\/IMG_2351.jpg\"\n               title=\"Blick auf die Route; hi li Fronalpstock: mi Uri Rotstock, Schlieren\"\n               data-src=\"https:\/\/www.freimarianne.ch\/wp-content\/gallery\/mostelberg-6-2-18\/IMG_2351.jpg\"\n               data-thumbnail=\"https:\/\/www.freimarianne.ch\/wp-content\/gallery\/mostelberg-6-2-18\/thumbs\/thumbs_IMG_2351.jpg\"\n               data-image-id=\"17590\"\n               data-title=\"Blick auf die Route; hi li Fronalpstock: mi Uri Rotstock, Schlieren\"\n               data-description=\"Blick auf die Route; hi li Fronalpstock: mi Uri Rotstock, Schlieren\"\n               data-image-slug=\"img_2351-3\"\n               class=\"shutterset_28801\">\n                <img\n                    title=\"Blick auf die Route; hi li Fronalpstock: mi Uri Rotstock, Schlieren\"\n                    alt=\"Blick auf die Route; hi li Fronalpstock: mi Uri Rotstock, Schlieren\"\n                    src=\"https:\/\/www.freimarianne.ch\/wp-content\/gallery\/mostelberg-6-2-18\/thumbs\/thumbs_IMG_2351.jpg\"\n                    width=\"100\"\n                    height=\"75\"\n                    style=\"max-width:100%;\"\n                \/>\n            <\/a>\n        <\/div>\n\t\t\t\t\t\t\t<\/div> \n\t\t\t\n        \n\t\t\t\t<div id=\"ngg-image-10\" class=\"ngg-gallery-thumbnail-box\" >\n\t\t\t\t        <div class=\"ngg-gallery-thumbnail\">\n            <a href=\"https:\/\/www.freimarianne.ch\/wp-content\/gallery\/mostelberg-6-2-18\/IMG_2353.jpg\"\n               title=\"Haus beim Bl\u00fcemlisberg 1164m\"\n               data-src=\"https:\/\/www.freimarianne.ch\/wp-content\/gallery\/mostelberg-6-2-18\/IMG_2353.jpg\"\n               data-thumbnail=\"https:\/\/www.freimarianne.ch\/wp-content\/gallery\/mostelberg-6-2-18\/thumbs\/thumbs_IMG_2353.jpg\"\n               data-image-id=\"17589\"\n               data-title=\"Haus beim Bl\u00c3\u00bcemlisberg 1164m\"\n               data-description=\"Haus beim Bl\u00fcemlisberg 1164m\"\n               data-image-slug=\"img_2353\"\n               class=\"shutterset_28801\">\n                <img\n                    title=\"Haus beim Bl\u00c3\u00bcemlisberg 1164m\"\n                    alt=\"Haus beim Bl\u00c3\u00bcemlisberg 1164m\"\n                    src=\"https:\/\/www.freimarianne.ch\/wp-content\/gallery\/mostelberg-6-2-18\/thumbs\/thumbs_IMG_2353.jpg\"\n                    width=\"100\"\n                    height=\"75\"\n                    style=\"max-width:100%;\"\n                \/>\n            <\/a>\n        <\/div>\n\t\t\t\t\t\t\t<\/div> \n\t\t\t\n        \n\t\t\t\t<div id=\"ngg-image-11\" class=\"ngg-gallery-thumbnail-box\" >\n\t\t\t\t        <div class=\"ngg-gallery-thumbnail\">\n            <a href=\"https:\/\/www.freimarianne.ch\/wp-content\/gallery\/mostelberg-6-2-18\/IMG_2359.jpg\"\n               title=\"Winterlandschaft\"\n               data-src=\"https:\/\/www.freimarianne.ch\/wp-content\/gallery\/mostelberg-6-2-18\/IMG_2359.jpg\"\n               data-thumbnail=\"https:\/\/www.freimarianne.ch\/wp-content\/gallery\/mostelberg-6-2-18\/thumbs\/thumbs_IMG_2359.jpg\"\n               data-image-id=\"17588\"\n               data-title=\"Winterlandschaft\"\n               data-description=\"Winterlandschaft\"\n               data-image-slug=\"img_2359-3\"\n               class=\"shutterset_28801\">\n                <img\n                    title=\"Winterlandschaft\"\n                    alt=\"Winterlandschaft\"\n                    src=\"https:\/\/www.freimarianne.ch\/wp-content\/gallery\/mostelberg-6-2-18\/thumbs\/thumbs_IMG_2359.jpg\"\n                    width=\"100\"\n                    height=\"75\"\n                    style=\"max-width:100%;\"\n                \/>\n            <\/a>\n        <\/div>\n\t\t\t\t\t\t\t<\/div> \n\t\t\t\n        \n\t\t\t\t<div id=\"ngg-image-12\" class=\"ngg-gallery-thumbnail-box\" >\n\t\t\t\t        <div class=\"ngg-gallery-thumbnail\">\n            <a href=\"https:\/\/www.freimarianne.ch\/wp-content\/gallery\/mostelberg-6-2-18\/IMG_2370.jpg\"\n               title=\"Panorama: von Fronalpstock, Spannort, Uri Rotstock, Schlieren, Wissigstock, Engelbergr berge, Schwalmis, Brisen, Rigi Hohfluh, Stanserhorn\"\n               data-src=\"https:\/\/www.freimarianne.ch\/wp-content\/gallery\/mostelberg-6-2-18\/IMG_2370.jpg\"\n               data-thumbnail=\"https:\/\/www.freimarianne.ch\/wp-content\/gallery\/mostelberg-6-2-18\/thumbs\/thumbs_IMG_2370.jpg\"\n               data-image-id=\"17587\"\n               data-title=\"Panorama: von Fronalpstock, Spannort, Uri Rotstock, Schlieren, Wissigstock, Engelbergr berge, Schwalmis, Brisen, Rigi Hohfluh, Stanserhorn\"\n               data-description=\"Panorama: von Fronalpstock, Spannort, Uri Rotstock, Schlieren, Wissigstock, Engelbergr berge, Schwalmis, Brisen, Rigi Hohfluh, Stanserhorn\"\n               data-image-slug=\"img_2370-2\"\n               class=\"shutterset_28801\">\n                <img\n                    title=\"Panorama: von Fronalpstock, Spannort, Uri Rotstock, Schlieren, Wissigstock, Engelbergr berge, Schwalmis, Brisen, Rigi Hohfluh, Stanserhorn\"\n                    alt=\"Panorama: von Fronalpstock, Spannort, Uri Rotstock, Schlieren, Wissigstock, Engelbergr berge, Schwalmis, Brisen, Rigi Hohfluh, Stanserhorn\"\n                    src=\"https:\/\/www.freimarianne.ch\/wp-content\/gallery\/mostelberg-6-2-18\/thumbs\/thumbs_IMG_2370.jpg\"\n                    width=\"100\"\n                    height=\"75\"\n                    style=\"max-width:100%;\"\n                \/>\n            <\/a>\n        <\/div>\n\t\t\t\t\t\t\t<\/div> \n\t\t\t\n        \n\t\t\t\t<div id=\"ngg-image-13\" class=\"ngg-gallery-thumbnail-box\" >\n\t\t\t\t        <div class=\"ngg-gallery-thumbnail\">\n            <a href=\"https:\/\/www.freimarianne.ch\/wp-content\/gallery\/mostelberg-6-2-18\/IMG_2372.jpg\"\n               title=\"auf der Mostelegg 1262m\"\n               data-src=\"https:\/\/www.freimarianne.ch\/wp-content\/gallery\/mostelberg-6-2-18\/IMG_2372.jpg\"\n               data-thumbnail=\"https:\/\/www.freimarianne.ch\/wp-content\/gallery\/mostelberg-6-2-18\/thumbs\/thumbs_IMG_2372.jpg\"\n               data-image-id=\"17586\"\n               data-title=\"auf der Mostelegg 1262m\"\n               data-description=\"auf der Mostelegg 1262m\"\n               data-image-slug=\"img_2372-1\"\n               class=\"shutterset_28801\">\n                <img\n                    title=\"auf der Mostelegg 1262m\"\n                    alt=\"auf der Mostelegg 1262m\"\n                    src=\"https:\/\/www.freimarianne.ch\/wp-content\/gallery\/mostelberg-6-2-18\/thumbs\/thumbs_IMG_2372.jpg\"\n                    width=\"100\"\n                    height=\"75\"\n                    style=\"max-width:100%;\"\n                \/>\n            <\/a>\n        <\/div>\n\t\t\t\t\t\t\t<\/div> \n\t\t\t\n        \n\t\t\t\t<div id=\"ngg-image-14\" class=\"ngg-gallery-thumbnail-box\" >\n\t\t\t\t        <div class=\"ngg-gallery-thumbnail\">\n            <a href=\"https:\/\/www.freimarianne.ch\/wp-content\/gallery\/mostelberg-6-2-18\/IMG_2379.jpg\"\n               title=\"Marianne auf Anh\u00f6he; Rigi Hohfluh, Dossen\"\n               data-src=\"https:\/\/www.freimarianne.ch\/wp-content\/gallery\/mostelberg-6-2-18\/IMG_2379.jpg\"\n               data-thumbnail=\"https:\/\/www.freimarianne.ch\/wp-content\/gallery\/mostelberg-6-2-18\/thumbs\/thumbs_IMG_2379.jpg\"\n               data-image-id=\"17585\"\n               data-title=\"Marianne auf Anh\u00c3\u00b6he; Rigi Hohfluh, Dossen\"\n               data-description=\"Marianne auf Anh\u00f6he; Rigi Hohfluh, Dossen\"\n               data-image-slug=\"img_2379-1\"\n               class=\"shutterset_28801\">\n                <img\n                    title=\"Marianne auf Anh\u00c3\u00b6he; Rigi Hohfluh, Dossen\"\n                    alt=\"Marianne auf Anh\u00c3\u00b6he; Rigi Hohfluh, Dossen\"\n                    src=\"https:\/\/www.freimarianne.ch\/wp-content\/gallery\/mostelberg-6-2-18\/thumbs\/thumbs_IMG_2379.jpg\"\n                    width=\"100\"\n                    height=\"75\"\n                    style=\"max-width:100%;\"\n                \/>\n            <\/a>\n        <\/div>\n\t\t\t\t\t\t\t<\/div> \n\t\t\t\n        \n\t\t\t\t<div id=\"ngg-image-15\" class=\"ngg-gallery-thumbnail-box\" >\n\t\t\t\t        <div class=\"ngg-gallery-thumbnail\">\n            <a href=\"https:\/\/www.freimarianne.ch\/wp-content\/gallery\/mostelberg-6-2-18\/IMG_2382.jpg\"\n               title=\"Brigitte; vor der H\u00fctte nahe am Engelstock\"\n               data-src=\"https:\/\/www.freimarianne.ch\/wp-content\/gallery\/mostelberg-6-2-18\/IMG_2382.jpg\"\n               data-thumbnail=\"https:\/\/www.freimarianne.ch\/wp-content\/gallery\/mostelberg-6-2-18\/thumbs\/thumbs_IMG_2382.jpg\"\n               data-image-id=\"17584\"\n               data-title=\"Brigitte; vor der H\u00c3\u00bctte nahe am Engelstock\"\n               data-description=\"Brigitte; vor der H\u00fctte nahe am Engelstock\"\n               data-image-slug=\"img_2382-1\"\n               class=\"shutterset_28801\">\n                <img\n                    title=\"Brigitte; vor der H\u00c3\u00bctte nahe am Engelstock\"\n                    alt=\"Brigitte; vor der H\u00c3\u00bctte nahe am Engelstock\"\n                    src=\"https:\/\/www.freimarianne.ch\/wp-content\/gallery\/mostelberg-6-2-18\/thumbs\/thumbs_IMG_2382.jpg\"\n                    width=\"100\"\n                    height=\"75\"\n                    style=\"max-width:100%;\"\n                \/>\n            <\/a>\n        <\/div>\n\t\t\t\t\t\t\t<\/div> \n\t\t\t\n        \n\t\t\t\t<div id=\"ngg-image-16\" class=\"ngg-gallery-thumbnail-box\" >\n\t\t\t\t        <div class=\"ngg-gallery-thumbnail\">\n            <a href=\"https:\/\/www.freimarianne.ch\/wp-content\/gallery\/mostelberg-6-2-18\/IMG_2385.jpg\"\n               title=\"gegen den Engelstock; hi Rigi Kulm\"\n               data-src=\"https:\/\/www.freimarianne.ch\/wp-content\/gallery\/mostelberg-6-2-18\/IMG_2385.jpg\"\n               data-thumbnail=\"https:\/\/www.freimarianne.ch\/wp-content\/gallery\/mostelberg-6-2-18\/thumbs\/thumbs_IMG_2385.jpg\"\n               data-image-id=\"17583\"\n               data-title=\"gegen den Engelstock; hi Rigi Kulm\"\n               data-description=\"gegen den Engelstock; hi Rigi Kulm\"\n               data-image-slug=\"img_2385-3\"\n               class=\"shutterset_28801\">\n                <img\n                    title=\"gegen den Engelstock; hi Rigi Kulm\"\n                    alt=\"gegen den Engelstock; hi Rigi Kulm\"\n                    src=\"https:\/\/www.freimarianne.ch\/wp-content\/gallery\/mostelberg-6-2-18\/thumbs\/thumbs_IMG_2385.jpg\"\n                    width=\"100\"\n                    height=\"75\"\n                    style=\"max-width:100%;\"\n                \/>\n            <\/a>\n        <\/div>\n\t\t\t\t\t\t\t<\/div> \n\t\t\t\n        \n\t\t\t\t<div id=\"ngg-image-17\" class=\"ngg-gallery-thumbnail-box\" >\n\t\t\t\t        <div class=\"ngg-gallery-thumbnail\">\n            <a href=\"https:\/\/www.freimarianne.ch\/wp-content\/gallery\/mostelberg-6-2-18\/IMG_2387.jpg\"\n               title=\"Brigitte  vor den beiden Mythen\"\n               data-src=\"https:\/\/www.freimarianne.ch\/wp-content\/gallery\/mostelberg-6-2-18\/IMG_2387.jpg\"\n               data-thumbnail=\"https:\/\/www.freimarianne.ch\/wp-content\/gallery\/mostelberg-6-2-18\/thumbs\/thumbs_IMG_2387.jpg\"\n               data-image-id=\"17582\"\n               data-title=\"Brigitte  vor den beiden Mythen\"\n               data-description=\"Brigitte  vor den beiden Mythen\"\n               data-image-slug=\"img_2387-2\"\n               class=\"shutterset_28801\">\n                <img\n                    title=\"Brigitte  vor den beiden Mythen\"\n                    alt=\"Brigitte  vor den beiden Mythen\"\n                    src=\"https:\/\/www.freimarianne.ch\/wp-content\/gallery\/mostelberg-6-2-18\/thumbs\/thumbs_IMG_2387.jpg\"\n                    width=\"100\"\n                    height=\"75\"\n                    style=\"max-width:100%;\"\n                \/>\n            <\/a>\n        <\/div>\n\t\t\t\t\t\t\t<\/div> \n\t\t\t\n        \n\t\t\t\t<div id=\"ngg-image-18\" class=\"ngg-gallery-thumbnail-box\" >\n\t\t\t\t        <div class=\"ngg-gallery-thumbnail\">\n            <a href=\"https:\/\/www.freimarianne.ch\/wp-content\/gallery\/mostelberg-6-2-18\/IMG_2389.jpg\"\n               title=\"Marianne vor den beiden Mythen\"\n               data-src=\"https:\/\/www.freimarianne.ch\/wp-content\/gallery\/mostelberg-6-2-18\/IMG_2389.jpg\"\n               data-thumbnail=\"https:\/\/www.freimarianne.ch\/wp-content\/gallery\/mostelberg-6-2-18\/thumbs\/thumbs_IMG_2389.jpg\"\n               data-image-id=\"17581\"\n               data-title=\"Marianne vor den beiden Mythen\"\n               data-description=\"Marianne vor den beiden Mythen\"\n               data-image-slug=\"img_2389-3\"\n               class=\"shutterset_28801\">\n                <img\n                    title=\"Marianne vor den beiden Mythen\"\n                    alt=\"Marianne vor den beiden Mythen\"\n                    src=\"https:\/\/www.freimarianne.ch\/wp-content\/gallery\/mostelberg-6-2-18\/thumbs\/thumbs_IMG_2389.jpg\"\n                    width=\"100\"\n                    height=\"75\"\n                    style=\"max-width:100%;\"\n                \/>\n            <\/a>\n        <\/div>\n\t\t\t\t\t\t\t<\/div> \n\t\t\t\n        \n\t\t\t\t<div id=\"ngg-image-19\" class=\"ngg-gallery-thumbnail-box\" >\n\t\t\t\t        <div class=\"ngg-gallery-thumbnail\">\n            <a href=\"https:\/\/www.freimarianne.ch\/wp-content\/gallery\/mostelberg-6-2-18\/IMG_2390.jpg\"\n               title=\"hier gehen wir wieder zur\u00fcck; die beiden Mythen\"\n               data-src=\"https:\/\/www.freimarianne.ch\/wp-content\/gallery\/mostelberg-6-2-18\/IMG_2390.jpg\"\n               data-thumbnail=\"https:\/\/www.freimarianne.ch\/wp-content\/gallery\/mostelberg-6-2-18\/thumbs\/thumbs_IMG_2390.jpg\"\n               data-image-id=\"17580\"\n               data-title=\"hier gehen wir wieder zur\u00c3\u00bcck; die beiden Mythen\"\n               data-description=\"hier gehen wir wieder zur\u00fcck; die beiden Mythen\"\n               data-image-slug=\"img_2390-3\"\n               class=\"shutterset_28801\">\n                <img\n                    title=\"hier gehen wir wieder zur\u00c3\u00bcck; die beiden Mythen\"\n                    alt=\"hier gehen wir wieder zur\u00c3\u00bcck; die beiden Mythen\"\n                    src=\"https:\/\/www.freimarianne.ch\/wp-content\/gallery\/mostelberg-6-2-18\/thumbs\/thumbs_IMG_2390.jpg\"\n                    width=\"100\"\n                    height=\"75\"\n                    style=\"max-width:100%;\"\n                \/>\n            <\/a>\n        <\/div>\n\t\t\t\t\t\t\t<\/div> \n\t\t\t\n        \n\t\t\t\t<div id=\"ngg-image-20\" class=\"ngg-gallery-thumbnail-box\" >\n\t\t\t\t        <div class=\"ngg-gallery-thumbnail\">\n            <a href=\"https:\/\/www.freimarianne.ch\/wp-content\/gallery\/mostelberg-6-2-18\/IMG_2392.jpg\"\n               title=\"der Mostelberg in Sicht\"\n               data-src=\"https:\/\/www.freimarianne.ch\/wp-content\/gallery\/mostelberg-6-2-18\/IMG_2392.jpg\"\n               data-thumbnail=\"https:\/\/www.freimarianne.ch\/wp-content\/gallery\/mostelberg-6-2-18\/thumbs\/thumbs_IMG_2392.jpg\"\n               data-image-id=\"17579\"\n               data-title=\"der Mostelberg in Sicht\"\n               data-description=\"der Mostelberg in Sicht\"\n               data-image-slug=\"img_2392-1\"\n               class=\"shutterset_28801\">\n                <img\n                    title=\"der Mostelberg in Sicht\"\n                    alt=\"der Mostelberg in Sicht\"\n                    src=\"https:\/\/www.freimarianne.ch\/wp-content\/gallery\/mostelberg-6-2-18\/thumbs\/thumbs_IMG_2392.jpg\"\n                    width=\"100\"\n                    height=\"75\"\n                    style=\"max-width:100%;\"\n                \/>\n            <\/a>\n        <\/div>\n\t\t\t\t\t\t\t<\/div> \n\t\t\t\n        \n\t\t\n\t\t<!-- Pagination -->\n\t<div class='ngg-clear'><\/div>\t<\/div>\n<\/p>\n","protected":false},"excerpt":{"rendered":"<p>Winterwanderung um den Engelstock Um 10.30h beginnen wir unsere Winterwanderung um den Engelstock. Bald lassen wir den Wald hinter uns und treten bei der Engestockweid ins Freie und sind \u00fcberrascht vom grossartigen Panorama und der wundersch\u00f6nen Winterlandschaft. Wir wandern \u00fcber dem Nebelmeer im Sonnenschein ! Auf der Hinfahrt durch die d\u00fcstere Landschaft haben wir noch [&hellip;]<\/p>\n","protected":false},"author":1,"featured_media":0,"parent":28172,"menu_order":13,"comment_status":"closed","ping_status":"closed","template":"","meta":{"ngg_post_thumbnail":0},"_links":{"self":[{"href":"https:\/\/www.freimarianne.ch\/index.php?rest_route=\/wp\/v2\/pages\/28754"}],"collection":[{"href":"https:\/\/www.freimarianne.ch\/index.php?rest_route=\/wp\/v2\/pages"}],"about":[{"href":"https:\/\/www.freimarianne.ch\/index.php?rest_route=\/wp\/v2\/types\/page"}],"author":[{"embeddable":true,"href":"https:\/\/www.freimarianne.ch\/index.php?rest_route=\/wp\/v2\/users\/1"}],"replies":[{"embeddable":true,"href":"https:\/\/www.freimarianne.ch\/index.php?rest_route=%2Fwp%2Fv2%2Fcomments&post=28754"}],"version-history":[{"count":5,"href":"https:\/\/www.freimarianne.ch\/index.php?rest_route=\/wp\/v2\/pages\/28754\/revisions"}],"predecessor-version":[{"id":28804,"href":"https:\/\/www.freimarianne.ch\/index.php?rest_route=\/wp\/v2\/pages\/28754\/revisions\/28804"}],"up":[{"embeddable":true,"href":"https:\/\/www.freimarianne.ch\/index.php?rest_route=\/wp\/v2\/pages\/28172"}],"wp:attachment":[{"href":"https:\/\/www.freimarianne.ch\/index.php?rest_route=%2Fwp%2Fv2%2Fmedia&parent=28754"}],"curies":[{"name":"wp","href":"https:\/\/api.w.org\/{rel}","templated":true}]}}