{"id":31831,"date":"2018-08-10T07:18:01","date_gmt":"2018-08-10T06:18:01","guid":{"rendered":"http:\/\/www.freimarianne.ch\/?page_id=31831"},"modified":"2018-08-10T08:22:19","modified_gmt":"2018-08-10T07:22:19","slug":"adelboden-be-29-7-2018","status":"publish","type":"page","link":"https:\/\/www.freimarianne.ch\/?page_id=31831","title":{"rendered":"Adelboden  BE  29.7.2018"},"content":{"rendered":"<p><strong>Panoramawanderung in Adelboden<\/strong><br \/>\n<strong>Vom H\u00f6chsthorn zum Hahnenmoospass<\/strong><\/p>\n<p><img loading=\"lazy\" class=\"size-full wp-image-31820\" src=\"http:\/\/www.freimarianne.ch\/wp-content\/uploads\/2018\/08\/IMG_1020._Adelboden_500jpg.jpg\" alt=\"\" width=\"500\" height=\"375\" srcset=\"https:\/\/www.freimarianne.ch\/wp-content\/uploads\/2018\/08\/IMG_1020._Adelboden_500jpg.jpg 500w, https:\/\/www.freimarianne.ch\/wp-content\/uploads\/2018\/08\/IMG_1020._Adelboden_500jpg-300x225.jpg 300w, https:\/\/www.freimarianne.ch\/wp-content\/uploads\/2018\/08\/IMG_1020._Adelboden_500jpg-400x300.jpg 400w\" sizes=\"(max-width: 500px) 100vw, 500px\" \/><br \/>\nli Ammertenspitz 2613m, Wildstrubel 3244m<\/p>\n<p>Schon lange wollte ich das Gebiet um Adelboden auskundschaften. Da bietet sich der Panoramaweg vom H\u00f6chshorn zum Bummerenpass, Hahnenmoospass, Sillerenb\u00fchl an. Um aber diese Wanderung zu machen, muss man sehr viel Geld f\u00fcr den Transport in Adelboden ausgeben! Die Preise f\u00fcr den Lokalbus sind sehr hoch und ohne den Bus kommt man hier nirgends hin! Die Preise f\u00fcr die Bahnen sind ok.<\/p>\n<p>Ich fahre also mit dem Bus nach Bergl\u00e4ger und mit dem Sessellift hinauf zum H\u00f6chshorn 1903m, von wo man eine pr\u00e4chtige Sicht ins Adelbodmedrtal, die Lohnerkette, die Enstligenalp und den Laveygrat, Albristhorn und Gs\u00fcr hat.<br \/>\nDer Panoramaweg ist s\u00eahr sch\u00f6n und f\u00fchrt \u00fcber den Tuniggrat 1900m ins weite Tal hinein,an dessen Ende der<br \/>\nBummerepass 2055m liegt. \u00dcber den Pfad durch die Ger\u00f6llfelder ( ist eigentlich gesperrt) wandere ich in den Talgrund hinein,wobei es noch einen kleinen Berg zu erklimmen gibt. Hier oben sieht die Landschaft ganz anders aus; hier wachsen Alpenrosen zwischen die vielen Felsbrocken. Es geht dann hinunter und auf einer Alpstrasse hinauf nach Luegli 2080m, von wo aus ein Pfad unterhalb dem Regenboldshorn hin\u00fcber zur Abzweigung zum Hahnenmoospass f\u00fchrt. Ich nehme den Weg hinauf zum Bummerepass 2055m, weil ich die Aussicht in die Lenk sehen m\u00f6chte. Tats\u00e4chlich tut sich hier ein pr\u00e4chtiges Panorama auf. Ich sehe den Wildstrubel, das Gletscherhorn und die Pleine morte. etc.<br \/>\nNach einer ausgedehnten Fotopause wandere ich hin\u00fcber zum Metschenstand 2087m. Ich k\u00f6nnte ja auch hier hinunterfahren ind die Lenk! Aber Fr.20 sind doch etwas viel! So steige in in einer Schlaufe hinunter nach Brengemeder wo der Speichersee liegt und hinauf zum Hahnenmoospass. Soll ich noch weiter zum Sillerenb\u00fchl wandern? Ich sehe in der Ferne eine Strasse!<br \/>\nDa fahre ich lieber mit der Hahnenmoosbahn hinunter nach Geils, wo ich den Bus nach Adelboden nehme.<\/p>\n<p>Die Wanderung hat mir gut gefallen aber die vielen Teerstrassen weiter unten weniger. Die Anfahrt ist einfach zu lange und zu teuer. Die Landschaft aber ist sehr interessant.<\/p>\n<p>Ich war von 10.30h bis 15.30h unterwegs mit kurzen Pausen und vielen Fotopausen.<\/p>\n<p>Laut Schweizmobil:<br \/>\nDistanz: 8.55km; Aufstieg: 532m; Abstieg: 469m; Wanderzeit: 2h 56h<\/p>\n<p><a href=\"https:\/\/map.schweizmobil.ch\/?lang=de&amp;bgLayer=pk&amp;season=summer&amp;resolution=10&amp;E=2606171&amp;N=1144776&amp;trackId=4708155\">Karte Schweizmobil:<\/a><\/p>\n<p><!-- index.php -->\n<div\n\tclass=\"ngg-galleryoverview ngg-ajax-pagination-none\"\n\tid=\"ngg-gallery-32210-1\">\n\n    \t<div class=\"slideshowlink\">\n        <a href='https:\/\/www.freimarianne.ch\/index.php\/nggallery\/slideshow?page_id=31831'>[Show as slideshow]<\/a>\n\t\t\n\t<\/div>\n\t\t\t<!-- Thumbnails -->\n\t\t\t\t<div id=\"ngg-image-0\" class=\"ngg-gallery-thumbnail-box\" >\n\t\t\t\t        <div class=\"ngg-gallery-thumbnail\">\n            <a href=\"https:\/\/www.freimarianne.ch\/wp-content\/gallery\/adelboden-29-7-18\/IMG_0906.jpg\"\n               title=\"Sicht auf die Engstligenalp; Tschingellochtihorn 2735m, Chindbettihore 2691m, Tierh\u00f6rnli 2894m, Steghorn 3146m, WIldstrubel; re Fitzer 2458m\"\n               data-src=\"https:\/\/www.freimarianne.ch\/wp-content\/gallery\/adelboden-29-7-18\/IMG_0906.jpg\"\n               data-thumbnail=\"https:\/\/www.freimarianne.ch\/wp-content\/gallery\/adelboden-29-7-18\/thumbs\/thumbs_IMG_0906.jpg\"\n               data-image-id=\"18852\"\n               data-title=\"Sicht auf die Engstligenalp; Tschingellochtihorn 2735m, Chindbettihore 2691m, Tierh\u00c3\u00b6rnli 2894m, Steghorn 3146m, WIldstrubel; re Fitzer 2458m\"\n               data-description=\"Sicht auf die Engstligenalp; Tschingellochtihorn 2735m, Chindbettihore 2691m, Tierh\u00f6rnli 2894m, Steghorn 3146m, WIldstrubel; re Fitzer 2458m\"\n               data-image-slug=\"img_0906-4\"\n               class=\"shutterset_32210\">\n                <img\n                    title=\"Sicht auf die Engstligenalp; Tschingellochtihorn 2735m, Chindbettihore 2691m, Tierh\u00c3\u00b6rnli 2894m, Steghorn 3146m, WIldstrubel; re Fitzer 2458m\"\n                    alt=\"Sicht auf die Engstligenalp; Tschingellochtihorn 2735m, Chindbettihore 2691m, Tierh\u00c3\u00b6rnli 2894m, Steghorn 3146m, WIldstrubel; re Fitzer 2458m\"\n                    src=\"https:\/\/www.freimarianne.ch\/wp-content\/gallery\/adelboden-29-7-18\/thumbs\/thumbs_IMG_0906.jpg\"\n                    width=\"100\"\n                    height=\"75\"\n                    style=\"max-width:100%;\"\n                \/>\n            <\/a>\n        <\/div>\n\t\t\t\t\t\t\t<\/div> \n\t\t\t\n        \n\t\t\t\t<div id=\"ngg-image-1\" class=\"ngg-gallery-thumbnail-box\" >\n\t\t\t\t        <div class=\"ngg-gallery-thumbnail\">\n            <a href=\"https:\/\/www.freimarianne.ch\/wp-content\/gallery\/adelboden-29-7-18\/IMG_0907.jpg\"\n               title=\"Sicht vom H\u00f6chsthore auf Adelboden; \u00c4rmighorn 2742m, Howang 2591m, First 2549m, Bunderspitz 2546m\"\n               data-src=\"https:\/\/www.freimarianne.ch\/wp-content\/gallery\/adelboden-29-7-18\/IMG_0907.jpg\"\n               data-thumbnail=\"https:\/\/www.freimarianne.ch\/wp-content\/gallery\/adelboden-29-7-18\/thumbs\/thumbs_IMG_0907.jpg\"\n               data-image-id=\"18851\"\n               data-title=\"Sicht vom H\u00c3\u00b6chsthore auf Adelboden; \u00c3\u0084rmighorn 2742m, Howang 2591m, First 2549m, Bunderspitz 2546m\"\n               data-description=\"Sicht vom H\u00f6chsthore auf Adelboden; \u00c4rmighorn 2742m, Howang 2591m, First 2549m, Bunderspitz 2546m\"\n               data-image-slug=\"img_0907\"\n               class=\"shutterset_32210\">\n                <img\n                    title=\"Sicht vom H\u00c3\u00b6chsthore auf Adelboden; \u00c3\u0084rmighorn 2742m, Howang 2591m, First 2549m, Bunderspitz 2546m\"\n                    alt=\"Sicht vom H\u00c3\u00b6chsthore auf Adelboden; \u00c3\u0084rmighorn 2742m, Howang 2591m, First 2549m, Bunderspitz 2546m\"\n                    src=\"https:\/\/www.freimarianne.ch\/wp-content\/gallery\/adelboden-29-7-18\/thumbs\/thumbs_IMG_0907.jpg\"\n                    width=\"100\"\n                    height=\"75\"\n                    style=\"max-width:100%;\"\n                \/>\n            <\/a>\n        <\/div>\n\t\t\t\t\t\t\t<\/div> \n\t\t\t\n        \n\t\t\t\t<div id=\"ngg-image-2\" class=\"ngg-gallery-thumbnail-box\" >\n\t\t\t\t        <div class=\"ngg-gallery-thumbnail\">\n            <a href=\"https:\/\/www.freimarianne.ch\/wp-content\/gallery\/adelboden-29-7-18\/IMG_0913.jpg\"\n               title=\"vo Sillereb\u00fchl; hi aveygrat 2248m, hi Tierberg 2371m, Seewlihorn 2467m, Sattligrat 2539m, P. 2728m, Albristhorn 2763m\"\n               data-src=\"https:\/\/www.freimarianne.ch\/wp-content\/gallery\/adelboden-29-7-18\/IMG_0913.jpg\"\n               data-thumbnail=\"https:\/\/www.freimarianne.ch\/wp-content\/gallery\/adelboden-29-7-18\/thumbs\/thumbs_IMG_0913.jpg\"\n               data-image-id=\"18850\"\n               data-title=\"vo Sillereb\u00c3\u00bchl; hi aveygrat 2248m, hi Tierberg 2371m, Seewlihorn 2467m, Sattligrat 2539m, P. 2728m, Albristhorn 2763m\"\n               data-description=\"vo Sillereb\u00fchl; hi aveygrat 2248m, hi Tierberg 2371m, Seewlihorn 2467m, Sattligrat 2539m, P. 2728m, Albristhorn 2763m\"\n               data-image-slug=\"img_0913-3\"\n               class=\"shutterset_32210\">\n                <img\n                    title=\"vo Sillereb\u00c3\u00bchl; hi aveygrat 2248m, hi Tierberg 2371m, Seewlihorn 2467m, Sattligrat 2539m, P. 2728m, Albristhorn 2763m\"\n                    alt=\"vo Sillereb\u00c3\u00bchl; hi aveygrat 2248m, hi Tierberg 2371m, Seewlihorn 2467m, Sattligrat 2539m, P. 2728m, Albristhorn 2763m\"\n                    src=\"https:\/\/www.freimarianne.ch\/wp-content\/gallery\/adelboden-29-7-18\/thumbs\/thumbs_IMG_0913.jpg\"\n                    width=\"100\"\n                    height=\"75\"\n                    style=\"max-width:100%;\"\n                \/>\n            <\/a>\n        <\/div>\n\t\t\t\t\t\t\t<\/div> \n\t\t\t\n        \n\t\t\t\t<div id=\"ngg-image-3\" class=\"ngg-gallery-thumbnail-box\" >\n\t\t\t\t        <div class=\"ngg-gallery-thumbnail\">\n            <a href=\"https:\/\/www.freimarianne.ch\/wp-content\/gallery\/adelboden-29-7-18\/IMG_0917.jpg\"\n               title=\"Wildstrubel Grossstrubel  3243m, l  vo Fitzer 2458m\"\n               data-src=\"https:\/\/www.freimarianne.ch\/wp-content\/gallery\/adelboden-29-7-18\/IMG_0917.jpg\"\n               data-thumbnail=\"https:\/\/www.freimarianne.ch\/wp-content\/gallery\/adelboden-29-7-18\/thumbs\/thumbs_IMG_0917.jpg\"\n               data-image-id=\"18849\"\n               data-title=\"Wildstrubel Grossstrubel  3243m, l  vo Fitzer 2458m\"\n               data-description=\"Wildstrubel Grossstrubel  3243m, l  vo Fitzer 2458m\"\n               data-image-slug=\"img_0917-2\"\n               class=\"shutterset_32210\">\n                <img\n                    title=\"Wildstrubel Grossstrubel  3243m, l  vo Fitzer 2458m\"\n                    alt=\"Wildstrubel Grossstrubel  3243m, l  vo Fitzer 2458m\"\n                    src=\"https:\/\/www.freimarianne.ch\/wp-content\/gallery\/adelboden-29-7-18\/thumbs\/thumbs_IMG_0917.jpg\"\n                    width=\"100\"\n                    height=\"75\"\n                    style=\"max-width:100%;\"\n                \/>\n            <\/a>\n        <\/div>\n\t\t\t\t\t\t\t<\/div> \n\t\t\t\n        \n\t\t\t\t<div id=\"ngg-image-4\" class=\"ngg-gallery-thumbnail-box\" >\n\t\t\t\t        <div class=\"ngg-gallery-thumbnail\">\n            <a href=\"https:\/\/www.freimarianne.ch\/wp-content\/gallery\/adelboden-29-7-18\/IMG_0922.jpg\"\n               title=\"Ammertenspitz 2613m, Aeugi 2435m, Bummerengrat, hi  Regenboldshorn ; 2193mGrat: H\u00fcenders\u00e4del\"\n               data-src=\"https:\/\/www.freimarianne.ch\/wp-content\/gallery\/adelboden-29-7-18\/IMG_0922.jpg\"\n               data-thumbnail=\"https:\/\/www.freimarianne.ch\/wp-content\/gallery\/adelboden-29-7-18\/thumbs\/thumbs_IMG_0922.jpg\"\n               data-image-id=\"18848\"\n               data-title=\"Ammertenspitz 2613m, Aeugi 2435m, Bummerengrat, hi  Regenboldshorn ; 2193mGrat: H\u00c3\u00bcenders\u00c3\u00a4del\"\n               data-description=\"Ammertenspitz 2613m, Aeugi 2435m, Bummerengrat, hi  Regenboldshorn ; 2193mGrat: H\u00fcenders\u00e4del\"\n               data-image-slug=\"img_0922-4\"\n               class=\"shutterset_32210\">\n                <img\n                    title=\"Ammertenspitz 2613m, Aeugi 2435m, Bummerengrat, hi  Regenboldshorn ; 2193mGrat: H\u00c3\u00bcenders\u00c3\u00a4del\"\n                    alt=\"Ammertenspitz 2613m, Aeugi 2435m, Bummerengrat, hi  Regenboldshorn ; 2193mGrat: H\u00c3\u00bcenders\u00c3\u00a4del\"\n                    src=\"https:\/\/www.freimarianne.ch\/wp-content\/gallery\/adelboden-29-7-18\/thumbs\/thumbs_IMG_0922.jpg\"\n                    width=\"100\"\n                    height=\"75\"\n                    style=\"max-width:100%;\"\n                \/>\n            <\/a>\n        <\/div>\n\t\t\t\t\t\t\t<\/div> \n\t\t\t\n        \n\t\t\t\t<div id=\"ngg-image-5\" class=\"ngg-gallery-thumbnail-box\" >\n\t\t\t\t        <div class=\"ngg-gallery-thumbnail\">\n            <a href=\"https:\/\/www.freimarianne.ch\/wp-content\/gallery\/adelboden-29-7-18\/IMG_0927.jpg\"\n               title=\"Fitzer 2458m, P. 2542m, P.2559m,  Rotstock 2637m, B\u00fctschiflue 2620m, Aeugi 2435m, Bummerengrat ; unten Alp Farni\"\n               data-src=\"https:\/\/www.freimarianne.ch\/wp-content\/gallery\/adelboden-29-7-18\/IMG_0927.jpg\"\n               data-thumbnail=\"https:\/\/www.freimarianne.ch\/wp-content\/gallery\/adelboden-29-7-18\/thumbs\/thumbs_IMG_0927.jpg\"\n               data-image-id=\"18847\"\n               data-title=\"Fitzer 2458m, P. 2542m, P.2559m,  Rotstock 2637m, B\u00c3\u00bctschiflue 2620m, Aeugi 2435m, Bummerengrat ; unten Alp Farni\"\n               data-description=\"Fitzer 2458m, P. 2542m, P.2559m,  Rotstock 2637m, B\u00fctschiflue 2620m, Aeugi 2435m, Bummerengrat ; unten Alp Farni\"\n               data-image-slug=\"img_0927-5\"\n               class=\"shutterset_32210\">\n                <img\n                    title=\"Fitzer 2458m, P. 2542m, P.2559m,  Rotstock 2637m, B\u00c3\u00bctschiflue 2620m, Aeugi 2435m, Bummerengrat ; unten Alp Farni\"\n                    alt=\"Fitzer 2458m, P. 2542m, P.2559m,  Rotstock 2637m, B\u00c3\u00bctschiflue 2620m, Aeugi 2435m, Bummerengrat ; unten Alp Farni\"\n                    src=\"https:\/\/www.freimarianne.ch\/wp-content\/gallery\/adelboden-29-7-18\/thumbs\/thumbs_IMG_0927.jpg\"\n                    width=\"100\"\n                    height=\"75\"\n                    style=\"max-width:100%;\"\n                \/>\n            <\/a>\n        <\/div>\n\t\t\t\t\t\t\t<\/div> \n\t\t\t\n        \n\t\t\t\t<div id=\"ngg-image-6\" class=\"ngg-gallery-thumbnail-box\" >\n\t\t\t\t        <div class=\"ngg-gallery-thumbnail\">\n            <a href=\"https:\/\/www.freimarianne.ch\/wp-content\/gallery\/adelboden-29-7-18\/IMG_0931.jpg\"\n               title=\"Blick auf die Engstligenalp: Tschingellochtihorn 2735m, Chinbettihore 2691m, Tierh\u00f6rnli 2894m,Steghorn, re Fitzen\"\n               data-src=\"https:\/\/www.freimarianne.ch\/wp-content\/gallery\/adelboden-29-7-18\/IMG_0931.jpg\"\n               data-thumbnail=\"https:\/\/www.freimarianne.ch\/wp-content\/gallery\/adelboden-29-7-18\/thumbs\/thumbs_IMG_0931.jpg\"\n               data-image-id=\"18846\"\n               data-title=\"Blick auf die Engstligenalp: Tschingellochtihorn 2735m, Chinbettihore 2691m, Tierh\u00c3\u00b6rnli 2894m,Steghorn, re Fitzen\"\n               data-description=\"Blick auf die Engstligenalp: Tschingellochtihorn 2735m, Chinbettihore 2691m, Tierh\u00f6rnli 2894m,Steghorn, re Fitzen\"\n               data-image-slug=\"img_0931-7\"\n               class=\"shutterset_32210\">\n                <img\n                    title=\"Blick auf die Engstligenalp: Tschingellochtihorn 2735m, Chinbettihore 2691m, Tierh\u00c3\u00b6rnli 2894m,Steghorn, re Fitzen\"\n                    alt=\"Blick auf die Engstligenalp: Tschingellochtihorn 2735m, Chinbettihore 2691m, Tierh\u00c3\u00b6rnli 2894m,Steghorn, re Fitzen\"\n                    src=\"https:\/\/www.freimarianne.ch\/wp-content\/gallery\/adelboden-29-7-18\/thumbs\/thumbs_IMG_0931.jpg\"\n                    width=\"100\"\n                    height=\"75\"\n                    style=\"max-width:100%;\"\n                \/>\n            <\/a>\n        <\/div>\n\t\t\t\t\t\t\t<\/div> \n\t\t\t\n        \n\t\t\t\t<div id=\"ngg-image-7\" class=\"ngg-gallery-thumbnail-box\" >\n\t\t\t\t        <div class=\"ngg-gallery-thumbnail\">\n            <a href=\"https:\/\/www.freimarianne.ch\/wp-content\/gallery\/adelboden-29-7-18\/IMG_0933.jpg\"\n               title=\"Fitzer 2458m, Rotstock 2637m, B\u00fctschiflue 2620m, Aeugi 2435m, Bummerengrat\"\n               data-src=\"https:\/\/www.freimarianne.ch\/wp-content\/gallery\/adelboden-29-7-18\/IMG_0933.jpg\"\n               data-thumbnail=\"https:\/\/www.freimarianne.ch\/wp-content\/gallery\/adelboden-29-7-18\/thumbs\/thumbs_IMG_0933.jpg\"\n               data-image-id=\"18845\"\n               data-title=\"Fitzer 2458m, Rotstock 2637m, B\u00c3\u00bctschiflue 2620m, Aeugi 2435m, Bummerengrat\"\n               data-description=\"Fitzer 2458m, Rotstock 2637m, B\u00fctschiflue 2620m, Aeugi 2435m, Bummerengrat\"\n               data-image-slug=\"img_0933-5\"\n               class=\"shutterset_32210\">\n                <img\n                    title=\"Fitzer 2458m, Rotstock 2637m, B\u00c3\u00bctschiflue 2620m, Aeugi 2435m, Bummerengrat\"\n                    alt=\"Fitzer 2458m, Rotstock 2637m, B\u00c3\u00bctschiflue 2620m, Aeugi 2435m, Bummerengrat\"\n                    src=\"https:\/\/www.freimarianne.ch\/wp-content\/gallery\/adelboden-29-7-18\/thumbs\/thumbs_IMG_0933.jpg\"\n                    width=\"100\"\n                    height=\"75\"\n                    style=\"max-width:100%;\"\n                \/>\n            <\/a>\n        <\/div>\n\t\t\t\t\t\t\t<\/div> \n\t\t\t\n        \n\t\t\t\t<div id=\"ngg-image-8\" class=\"ngg-gallery-thumbnail-box\" >\n\t\t\t\t        <div class=\"ngg-gallery-thumbnail\">\n            <a href=\"https:\/\/www.freimarianne.ch\/wp-content\/gallery\/adelboden-29-7-18\/IMG_0937.jpg\"\n               title=\"K\u00fche auf dem Tuniggrat 1900m\"\n               data-src=\"https:\/\/www.freimarianne.ch\/wp-content\/gallery\/adelboden-29-7-18\/IMG_0937.jpg\"\n               data-thumbnail=\"https:\/\/www.freimarianne.ch\/wp-content\/gallery\/adelboden-29-7-18\/thumbs\/thumbs_IMG_0937.jpg\"\n               data-image-id=\"18844\"\n               data-title=\"K\u00c3\u00bche auf dem Tuniggrat 1900m\"\n               data-description=\"K\u00fche auf dem Tuniggrat 1900m\"\n               data-image-slug=\"img_0937-2\"\n               class=\"shutterset_32210\">\n                <img\n                    title=\"K\u00c3\u00bche auf dem Tuniggrat 1900m\"\n                    alt=\"K\u00c3\u00bche auf dem Tuniggrat 1900m\"\n                    src=\"https:\/\/www.freimarianne.ch\/wp-content\/gallery\/adelboden-29-7-18\/thumbs\/thumbs_IMG_0937.jpg\"\n                    width=\"100\"\n                    height=\"75\"\n                    style=\"max-width:100%;\"\n                \/>\n            <\/a>\n        <\/div>\n\t\t\t\t\t\t\t<\/div> \n\t\t\t\n        \n\t\t\t\t<div id=\"ngg-image-9\" class=\"ngg-gallery-thumbnail-box\" >\n\t\t\t\t        <div class=\"ngg-gallery-thumbnail\">\n            <a href=\"https:\/\/www.freimarianne.ch\/wp-content\/gallery\/adelboden-29-7-18\/IMG_0939.jpg\"\n               title=\"K\u00fche auf dem Tuniggrat 1900m mit Gs\u00fcr\"\n               data-src=\"https:\/\/www.freimarianne.ch\/wp-content\/gallery\/adelboden-29-7-18\/IMG_0939.jpg\"\n               data-thumbnail=\"https:\/\/www.freimarianne.ch\/wp-content\/gallery\/adelboden-29-7-18\/thumbs\/thumbs_IMG_0939.jpg\"\n               data-image-id=\"18843\"\n               data-title=\"K\u00c3\u00bche auf dem Tuniggrat 1900m mit Gs\u00c3\u00bcr\"\n               data-description=\"K\u00fche auf dem Tuniggrat 1900m mit Gs\u00fcr\"\n               data-image-slug=\"img_0939-2\"\n               class=\"shutterset_32210\">\n                <img\n                    title=\"K\u00c3\u00bche auf dem Tuniggrat 1900m mit Gs\u00c3\u00bcr\"\n                    alt=\"K\u00c3\u00bche auf dem Tuniggrat 1900m mit Gs\u00c3\u00bcr\"\n                    src=\"https:\/\/www.freimarianne.ch\/wp-content\/gallery\/adelboden-29-7-18\/thumbs\/thumbs_IMG_0939.jpg\"\n                    width=\"100\"\n                    height=\"75\"\n                    style=\"max-width:100%;\"\n                \/>\n            <\/a>\n        <\/div>\n\t\t\t\t\t\t\t<\/div> \n\t\t\t\n        \n\t\t\t\t<div id=\"ngg-image-10\" class=\"ngg-gallery-thumbnail-box\" >\n\t\t\t\t        <div class=\"ngg-gallery-thumbnail\">\n            <a href=\"https:\/\/www.freimarianne.ch\/wp-content\/gallery\/adelboden-29-7-18\/IMG_0940.jpg\"\n               title=\"auf dem Tuniggrat 1900m : Fitzer 2458m, P. 2542m, P.2559m\"\n               data-src=\"https:\/\/www.freimarianne.ch\/wp-content\/gallery\/adelboden-29-7-18\/IMG_0940.jpg\"\n               data-thumbnail=\"https:\/\/www.freimarianne.ch\/wp-content\/gallery\/adelboden-29-7-18\/thumbs\/thumbs_IMG_0940.jpg\"\n               data-image-id=\"18842\"\n               data-title=\"auf dem Tuniggrat 1900m : Fitzer 2458m, P. 2542m, P.2559m\"\n               data-description=\"auf dem Tuniggrat 1900m : Fitzer 2458m, P. 2542m, P.2559m\"\n               data-image-slug=\"img_0940-2\"\n               class=\"shutterset_32210\">\n                <img\n                    title=\"auf dem Tuniggrat 1900m : Fitzer 2458m, P. 2542m, P.2559m\"\n                    alt=\"auf dem Tuniggrat 1900m : Fitzer 2458m, P. 2542m, P.2559m\"\n                    src=\"https:\/\/www.freimarianne.ch\/wp-content\/gallery\/adelboden-29-7-18\/thumbs\/thumbs_IMG_0940.jpg\"\n                    width=\"100\"\n                    height=\"75\"\n                    style=\"max-width:100%;\"\n                \/>\n            <\/a>\n        <\/div>\n\t\t\t\t\t\t\t<\/div> \n\t\t\t\n        \n\t\t\t\t<div id=\"ngg-image-11\" class=\"ngg-gallery-thumbnail-box\" >\n\t\t\t\t        <div class=\"ngg-gallery-thumbnail\">\n            <a href=\"https:\/\/www.freimarianne.ch\/wp-content\/gallery\/adelboden-29-7-18\/IMG_0948.jpg\"\n               title=\"ein Blick zur\u00fcck auf den H\u00f6henweg;  Elsighorn 2341m, Howang 2591m, First 2549m, Almegrat 2521m, Bunderspitz 2546m, Chlyne Lohnder 2587m, N\u00fcnihorn 2171m\"\n               data-src=\"https:\/\/www.freimarianne.ch\/wp-content\/gallery\/adelboden-29-7-18\/IMG_0948.jpg\"\n               data-thumbnail=\"https:\/\/www.freimarianne.ch\/wp-content\/gallery\/adelboden-29-7-18\/thumbs\/thumbs_IMG_0948.jpg\"\n               data-image-id=\"18841\"\n               data-title=\"ein Blick zur\u00c3\u00bcck auf den H\u00c3\u00b6henweg;  Elsighorn 2341m, Howang 2591m, First 2549m, Almegrat 2521m, Bunderspitz 2546m, Chlyne Lohnder 2587m, N\u00c3\u00bcnihorn 2171m\"\n               data-description=\"ein Blick zur\u00fcck auf den H\u00f6henweg;  Elsighorn 2341m, Howang 2591m, First 2549m, Almegrat 2521m, Bunderspitz 2546m, Chlyne Lohnder 2587m, N\u00fcnihorn 2171m\"\n               data-image-slug=\"img_0948-3\"\n               class=\"shutterset_32210\">\n                <img\n                    title=\"ein Blick zur\u00c3\u00bcck auf den H\u00c3\u00b6henweg;  Elsighorn 2341m, Howang 2591m, First 2549m, Almegrat 2521m, Bunderspitz 2546m, Chlyne Lohnder 2587m, N\u00c3\u00bcnihorn 2171m\"\n                    alt=\"ein Blick zur\u00c3\u00bcck auf den H\u00c3\u00b6henweg;  Elsighorn 2341m, Howang 2591m, First 2549m, Almegrat 2521m, Bunderspitz 2546m, Chlyne Lohnder 2587m, N\u00c3\u00bcnihorn 2171m\"\n                    src=\"https:\/\/www.freimarianne.ch\/wp-content\/gallery\/adelboden-29-7-18\/thumbs\/thumbs_IMG_0948.jpg\"\n                    width=\"100\"\n                    height=\"75\"\n                    style=\"max-width:100%;\"\n                \/>\n            <\/a>\n        <\/div>\n\t\t\t\t\t\t\t<\/div> \n\t\t\t\n        \n\t\t\t\t<div id=\"ngg-image-12\" class=\"ngg-gallery-thumbnail-box\" >\n\t\t\t\t        <div class=\"ngg-gallery-thumbnail\">\n            <a href=\"https:\/\/www.freimarianne.ch\/wp-content\/gallery\/adelboden-29-7-18\/IMG_0950.jpg\"\n               title=\"\u00fctschiflue 2620m, Aeugi 2435m, Bummerengrat, hi  Regenboldshorn 2193m, H\u00fcenders\u00e4del\"\n               data-src=\"https:\/\/www.freimarianne.ch\/wp-content\/gallery\/adelboden-29-7-18\/IMG_0950.jpg\"\n               data-thumbnail=\"https:\/\/www.freimarianne.ch\/wp-content\/gallery\/adelboden-29-7-18\/thumbs\/thumbs_IMG_0950.jpg\"\n               data-image-id=\"18840\"\n               data-title=\"\u00c3\u00bctschiflue 2620m, Aeugi 2435m, Bummerengrat, hi  Regenboldshorn 2193m, H\u00c3\u00bcenders\u00c3\u00a4del\"\n               data-description=\"\u00fctschiflue 2620m, Aeugi 2435m, Bummerengrat, hi  Regenboldshorn 2193m, H\u00fcenders\u00e4del\"\n               data-image-slug=\"img_0950-1\"\n               class=\"shutterset_32210\">\n                <img\n                    title=\"\u00c3\u00bctschiflue 2620m, Aeugi 2435m, Bummerengrat, hi  Regenboldshorn 2193m, H\u00c3\u00bcenders\u00c3\u00a4del\"\n                    alt=\"\u00c3\u00bctschiflue 2620m, Aeugi 2435m, Bummerengrat, hi  Regenboldshorn 2193m, H\u00c3\u00bcenders\u00c3\u00a4del\"\n                    src=\"https:\/\/www.freimarianne.ch\/wp-content\/gallery\/adelboden-29-7-18\/thumbs\/thumbs_IMG_0950.jpg\"\n                    width=\"100\"\n                    height=\"75\"\n                    style=\"max-width:100%;\"\n                \/>\n            <\/a>\n        <\/div>\n\t\t\t\t\t\t\t<\/div> \n\t\t\t\n        \n\t\t\t\t<div id=\"ngg-image-13\" class=\"ngg-gallery-thumbnail-box\" >\n\t\t\t\t        <div class=\"ngg-gallery-thumbnail\">\n            <a href=\"https:\/\/www.freimarianne.ch\/wp-content\/gallery\/adelboden-29-7-18\/IMG_0955.jpg\"\n               title=\"die letzen Alpenrosen; B\u00fctschiflue 2620m, Aeugi 2435m, Bummerengrat, hi  Regenboldshorn 2193m, H\u00fcenders\u00e4del\"\n               data-src=\"https:\/\/www.freimarianne.ch\/wp-content\/gallery\/adelboden-29-7-18\/IMG_0955.jpg\"\n               data-thumbnail=\"https:\/\/www.freimarianne.ch\/wp-content\/gallery\/adelboden-29-7-18\/thumbs\/thumbs_IMG_0955.jpg\"\n               data-image-id=\"18839\"\n               data-title=\"die letzen Alpenrosen; B\u00c3\u00bctschiflue 2620m, Aeugi 2435m, Bummerengrat, hi  Regenboldshorn 2193m, H\u00c3\u00bcenders\u00c3\u00a4del\"\n               data-description=\"die letzen Alpenrosen; B\u00fctschiflue 2620m, Aeugi 2435m, Bummerengrat, hi  Regenboldshorn 2193m, H\u00fcenders\u00e4del\"\n               data-image-slug=\"img_0955-4\"\n               class=\"shutterset_32210\">\n                <img\n                    title=\"die letzen Alpenrosen; B\u00c3\u00bctschiflue 2620m, Aeugi 2435m, Bummerengrat, hi  Regenboldshorn 2193m, H\u00c3\u00bcenders\u00c3\u00a4del\"\n                    alt=\"die letzen Alpenrosen; B\u00c3\u00bctschiflue 2620m, Aeugi 2435m, Bummerengrat, hi  Regenboldshorn 2193m, H\u00c3\u00bcenders\u00c3\u00a4del\"\n                    src=\"https:\/\/www.freimarianne.ch\/wp-content\/gallery\/adelboden-29-7-18\/thumbs\/thumbs_IMG_0955.jpg\"\n                    width=\"100\"\n                    height=\"75\"\n                    style=\"max-width:100%;\"\n                \/>\n            <\/a>\n        <\/div>\n\t\t\t\t\t\t\t<\/div> \n\t\t\t\n        \n\t\t\t\t<div id=\"ngg-image-14\" class=\"ngg-gallery-thumbnail-box\" >\n\t\t\t\t        <div class=\"ngg-gallery-thumbnail\">\n            <a href=\"https:\/\/www.freimarianne.ch\/wp-content\/gallery\/adelboden-29-7-18\/IMG_0957.jpg\"\n               title=\"ein Blick auf denWeg durch die Ger\u00f6llfelder\"\n               data-src=\"https:\/\/www.freimarianne.ch\/wp-content\/gallery\/adelboden-29-7-18\/IMG_0957.jpg\"\n               data-thumbnail=\"https:\/\/www.freimarianne.ch\/wp-content\/gallery\/adelboden-29-7-18\/thumbs\/thumbs_IMG_0957.jpg\"\n               data-image-id=\"18838\"\n               data-title=\"ein Blick auf denWeg durch die Ger\u00c3\u00b6llfelder\"\n               data-description=\"ein Blick auf denWeg durch die Ger\u00f6llfelder\"\n               data-image-slug=\"img_0957\"\n               class=\"shutterset_32210\">\n                <img\n                    title=\"ein Blick auf denWeg durch die Ger\u00c3\u00b6llfelder\"\n                    alt=\"ein Blick auf denWeg durch die Ger\u00c3\u00b6llfelder\"\n                    src=\"https:\/\/www.freimarianne.ch\/wp-content\/gallery\/adelboden-29-7-18\/thumbs\/thumbs_IMG_0957.jpg\"\n                    width=\"100\"\n                    height=\"75\"\n                    style=\"max-width:100%;\"\n                \/>\n            <\/a>\n        <\/div>\n\t\t\t\t\t\t\t<\/div> \n\t\t\t\n        \n\t\t\t\t<div id=\"ngg-image-15\" class=\"ngg-gallery-thumbnail-box\" >\n\t\t\t\t        <div class=\"ngg-gallery-thumbnail\">\n            <a href=\"https:\/\/www.freimarianne.ch\/wp-content\/gallery\/adelboden-29-7-18\/IMG_0964.jpg\"\n               title=\"Marianne vor Bummerengrat, hi  Regenboldshorn 2193m\"\n               data-src=\"https:\/\/www.freimarianne.ch\/wp-content\/gallery\/adelboden-29-7-18\/IMG_0964.jpg\"\n               data-thumbnail=\"https:\/\/www.freimarianne.ch\/wp-content\/gallery\/adelboden-29-7-18\/thumbs\/thumbs_IMG_0964.jpg\"\n               data-image-id=\"18837\"\n               data-title=\"Marianne vor Bummerengrat, hi  Regenboldshorn 2193m\"\n               data-description=\"Marianne vor Bummerengrat, hi  Regenboldshorn 2193m\"\n               data-image-slug=\"img_0964-2\"\n               class=\"shutterset_32210\">\n                <img\n                    title=\"Marianne vor Bummerengrat, hi  Regenboldshorn 2193m\"\n                    alt=\"Marianne vor Bummerengrat, hi  Regenboldshorn 2193m\"\n                    src=\"https:\/\/www.freimarianne.ch\/wp-content\/gallery\/adelboden-29-7-18\/thumbs\/thumbs_IMG_0964.jpg\"\n                    width=\"100\"\n                    height=\"75\"\n                    style=\"max-width:100%;\"\n                \/>\n            <\/a>\n        <\/div>\n\t\t\t\t\t\t\t<\/div> \n\t\t\t\n        \n\t\t\t\t<div id=\"ngg-image-16\" class=\"ngg-gallery-thumbnail-box\" >\n\t\t\t\t        <div class=\"ngg-gallery-thumbnail\">\n            <a href=\"https:\/\/www.freimarianne.ch\/wp-content\/gallery\/adelboden-29-7-18\/IMG_0965.jpg\"\n               title=\"Marianne vor Bummerengrat, hi  Regenboldshorn 2193m\"\n               data-src=\"https:\/\/www.freimarianne.ch\/wp-content\/gallery\/adelboden-29-7-18\/IMG_0965.jpg\"\n               data-thumbnail=\"https:\/\/www.freimarianne.ch\/wp-content\/gallery\/adelboden-29-7-18\/thumbs\/thumbs_IMG_0965.jpg\"\n               data-image-id=\"18836\"\n               data-title=\"Marianne vor Bummerengrat, hi  Regenboldshorn 2193m\"\n               data-description=\"Marianne vor Bummerengrat, hi  Regenboldshorn 2193m\"\n               data-image-slug=\"img_0965-1\"\n               class=\"shutterset_32210\">\n                <img\n                    title=\"Marianne vor Bummerengrat, hi  Regenboldshorn 2193m\"\n                    alt=\"Marianne vor Bummerengrat, hi  Regenboldshorn 2193m\"\n                    src=\"https:\/\/www.freimarianne.ch\/wp-content\/gallery\/adelboden-29-7-18\/thumbs\/thumbs_IMG_0965.jpg\"\n                    width=\"100\"\n                    height=\"75\"\n                    style=\"max-width:100%;\"\n                \/>\n            <\/a>\n        <\/div>\n\t\t\t\t\t\t\t<\/div> \n\t\t\t\n        \n\t\t\t\t<div id=\"ngg-image-17\" class=\"ngg-gallery-thumbnail-box\" >\n\t\t\t\t        <div class=\"ngg-gallery-thumbnail\">\n            <a href=\"https:\/\/www.freimarianne.ch\/wp-content\/gallery\/adelboden-29-7-18\/IMG_0971.jpg\"\n               title=\"Gs\u00fcr; Blick  gegen Adelboden\"\n               data-src=\"https:\/\/www.freimarianne.ch\/wp-content\/gallery\/adelboden-29-7-18\/IMG_0971.jpg\"\n               data-thumbnail=\"https:\/\/www.freimarianne.ch\/wp-content\/gallery\/adelboden-29-7-18\/thumbs\/thumbs_IMG_0971.jpg\"\n               data-image-id=\"18835\"\n               data-title=\"Gs\u00c3\u00bcr; Blick  gegen Adelboden\"\n               data-description=\"Gs\u00fcr; Blick  gegen Adelboden\"\n               data-image-slug=\"img_0971\"\n               class=\"shutterset_32210\">\n                <img\n                    title=\"Gs\u00c3\u00bcr; Blick  gegen Adelboden\"\n                    alt=\"Gs\u00c3\u00bcr; Blick  gegen Adelboden\"\n                    src=\"https:\/\/www.freimarianne.ch\/wp-content\/gallery\/adelboden-29-7-18\/thumbs\/thumbs_IMG_0971.jpg\"\n                    width=\"100\"\n                    height=\"75\"\n                    style=\"max-width:100%;\"\n                \/>\n            <\/a>\n        <\/div>\n\t\t\t\t\t\t\t<\/div> \n\t\t\t\n        \n\t\t\t\t<div id=\"ngg-image-18\" class=\"ngg-gallery-thumbnail-box\" >\n\t\t\t\t        <div class=\"ngg-gallery-thumbnail\">\n            <a href=\"https:\/\/www.freimarianne.ch\/wp-content\/gallery\/adelboden-29-7-18\/IMG_0975.jpg\"\n               title=\"Bewimperte Alpenrose, Rhododenrum  hirsutum, Ericaceae; Bummerengrat, hi  Regenboldshorn 2193m\"\n               data-src=\"https:\/\/www.freimarianne.ch\/wp-content\/gallery\/adelboden-29-7-18\/IMG_0975.jpg\"\n               data-thumbnail=\"https:\/\/www.freimarianne.ch\/wp-content\/gallery\/adelboden-29-7-18\/thumbs\/thumbs_IMG_0975.jpg\"\n               data-image-id=\"18834\"\n               data-title=\"Bewimperte Alpenrose, Rhododenrum  hirsutum, Ericaceae; Bummerengrat, hi  Regenboldshorn 2193m\"\n               data-description=\"Bewimperte Alpenrose, Rhododenrum  hirsutum, Ericaceae; Bummerengrat, hi  Regenboldshorn 2193m\"\n               data-image-slug=\"img_0975-2\"\n               class=\"shutterset_32210\">\n                <img\n                    title=\"Bewimperte Alpenrose, Rhododenrum  hirsutum, Ericaceae; Bummerengrat, hi  Regenboldshorn 2193m\"\n                    alt=\"Bewimperte Alpenrose, Rhododenrum  hirsutum, Ericaceae; Bummerengrat, hi  Regenboldshorn 2193m\"\n                    src=\"https:\/\/www.freimarianne.ch\/wp-content\/gallery\/adelboden-29-7-18\/thumbs\/thumbs_IMG_0975.jpg\"\n                    width=\"100\"\n                    height=\"75\"\n                    style=\"max-width:100%;\"\n                \/>\n            <\/a>\n        <\/div>\n\t\t\t\t\t\t\t<\/div> \n\t\t\t\n        \n\t\t\t\t<div id=\"ngg-image-19\" class=\"ngg-gallery-thumbnail-box\" >\n\t\t\t\t        <div class=\"ngg-gallery-thumbnail\">\n            <a href=\"https:\/\/www.freimarianne.ch\/wp-content\/gallery\/adelboden-29-7-18\/IMG_0977.jpg\"\n               title=\"Zwerge Glockenblume,Campanula cochleariifolia, Campanulacea\"\n               data-src=\"https:\/\/www.freimarianne.ch\/wp-content\/gallery\/adelboden-29-7-18\/IMG_0977.jpg\"\n               data-thumbnail=\"https:\/\/www.freimarianne.ch\/wp-content\/gallery\/adelboden-29-7-18\/thumbs\/thumbs_IMG_0977.jpg\"\n               data-image-id=\"18833\"\n               data-title=\"Zwerge Glockenblume,Campanula cochleariifolia, Campanulacea\"\n               data-description=\"Zwerge Glockenblume,Campanula cochleariifolia, Campanulacea\"\n               data-image-slug=\"img_0977-1\"\n               class=\"shutterset_32210\">\n                <img\n                    title=\"Zwerge Glockenblume,Campanula cochleariifolia, Campanulacea\"\n                    alt=\"Zwerge Glockenblume,Campanula cochleariifolia, Campanulacea\"\n                    src=\"https:\/\/www.freimarianne.ch\/wp-content\/gallery\/adelboden-29-7-18\/thumbs\/thumbs_IMG_0977.jpg\"\n                    width=\"100\"\n                    height=\"75\"\n                    style=\"max-width:100%;\"\n                \/>\n            <\/a>\n        <\/div>\n\t\t\t\t\t\t\t<\/div> \n\t\t\t\n        \n\t\t\t\t<div id=\"ngg-image-20\" class=\"ngg-gallery-thumbnail-box\" >\n\t\t\t\t        <div class=\"ngg-gallery-thumbnail\">\n            <a href=\"https:\/\/www.freimarianne.ch\/wp-content\/gallery\/adelboden-29-7-18\/IMG_0979.jpg\"\n               title=\"viele Arnika ; Bummerengrat, hi  Regenboldshorn 2193m\"\n               data-src=\"https:\/\/www.freimarianne.ch\/wp-content\/gallery\/adelboden-29-7-18\/IMG_0979.jpg\"\n               data-thumbnail=\"https:\/\/www.freimarianne.ch\/wp-content\/gallery\/adelboden-29-7-18\/thumbs\/thumbs_IMG_0979.jpg\"\n               data-image-id=\"18832\"\n               data-title=\"viele Arnika ; Bummerengrat, hi  Regenboldshorn 2193m\"\n               data-description=\"viele Arnika ; Bummerengrat, hi  Regenboldshorn 2193m\"\n               data-image-slug=\"img_0979-2\"\n               class=\"shutterset_32210\">\n                <img\n                    title=\"viele Arnika ; Bummerengrat, hi  Regenboldshorn 2193m\"\n                    alt=\"viele Arnika ; Bummerengrat, hi  Regenboldshorn 2193m\"\n                    src=\"https:\/\/www.freimarianne.ch\/wp-content\/gallery\/adelboden-29-7-18\/thumbs\/thumbs_IMG_0979.jpg\"\n                    width=\"100\"\n                    height=\"75\"\n                    style=\"max-width:100%;\"\n                \/>\n            <\/a>\n        <\/div>\n\t\t\t\t\t\t\t<\/div> \n\t\t\t\n        \n\t\t\t\t<div id=\"ngg-image-21\" class=\"ngg-gallery-thumbnail-box\" >\n\t\t\t\t        <div class=\"ngg-gallery-thumbnail\">\n            <a href=\"https:\/\/www.freimarianne.ch\/wp-content\/gallery\/adelboden-29-7-18\/IMG_0983.jpg\"\n               title=\"Ruhepause\"\n               data-src=\"https:\/\/www.freimarianne.ch\/wp-content\/gallery\/adelboden-29-7-18\/IMG_0983.jpg\"\n               data-thumbnail=\"https:\/\/www.freimarianne.ch\/wp-content\/gallery\/adelboden-29-7-18\/thumbs\/thumbs_IMG_0983.jpg\"\n               data-image-id=\"18831\"\n               data-title=\"Ruhepause\"\n               data-description=\"Ruhepause\"\n               data-image-slug=\"img_0983-1\"\n               class=\"shutterset_32210\">\n                <img\n                    title=\"Ruhepause\"\n                    alt=\"Ruhepause\"\n                    src=\"https:\/\/www.freimarianne.ch\/wp-content\/gallery\/adelboden-29-7-18\/thumbs\/thumbs_IMG_0983.jpg\"\n                    width=\"100\"\n                    height=\"75\"\n                    style=\"max-width:100%;\"\n                \/>\n            <\/a>\n        <\/div>\n\t\t\t\t\t\t\t<\/div> \n\t\t\t\n        \n\t\t\t\t<div id=\"ngg-image-22\" class=\"ngg-gallery-thumbnail-box\" >\n\t\t\t\t        <div class=\"ngg-gallery-thumbnail\">\n            <a href=\"https:\/\/www.freimarianne.ch\/wp-content\/gallery\/adelboden-29-7-18\/IMG_0987.jpg\"\n               title=\"vo Elsighorn; H\u00f6chsthorn, wo ich gestartet bin\"\n               data-src=\"https:\/\/www.freimarianne.ch\/wp-content\/gallery\/adelboden-29-7-18\/IMG_0987.jpg\"\n               data-thumbnail=\"https:\/\/www.freimarianne.ch\/wp-content\/gallery\/adelboden-29-7-18\/thumbs\/thumbs_IMG_0987.jpg\"\n               data-image-id=\"18830\"\n               data-title=\"vo Elsighorn; H\u00c3\u00b6chsthorn, wo ich gestartet bin\"\n               data-description=\"vo Elsighorn; H\u00f6chsthorn, wo ich gestartet bin\"\n               data-image-slug=\"img_0987-1\"\n               class=\"shutterset_32210\">\n                <img\n                    title=\"vo Elsighorn; H\u00c3\u00b6chsthorn, wo ich gestartet bin\"\n                    alt=\"vo Elsighorn; H\u00c3\u00b6chsthorn, wo ich gestartet bin\"\n                    src=\"https:\/\/www.freimarianne.ch\/wp-content\/gallery\/adelboden-29-7-18\/thumbs\/thumbs_IMG_0987.jpg\"\n                    width=\"100\"\n                    height=\"75\"\n                    style=\"max-width:100%;\"\n                \/>\n            <\/a>\n        <\/div>\n\t\t\t\t\t\t\t<\/div> \n\t\t\t\n        \n\t\t\t\t<div id=\"ngg-image-23\" class=\"ngg-gallery-thumbnail-box\" >\n\t\t\t\t        <div class=\"ngg-gallery-thumbnail\">\n            <a href=\"https:\/\/www.freimarianne.ch\/wp-content\/gallery\/adelboden-29-7-18\/IMG_0992.jpg\"\n               title=\"B\u00e4rtige Glockenblumen, Campanula barbata\"\n               data-src=\"https:\/\/www.freimarianne.ch\/wp-content\/gallery\/adelboden-29-7-18\/IMG_0992.jpg\"\n               data-thumbnail=\"https:\/\/www.freimarianne.ch\/wp-content\/gallery\/adelboden-29-7-18\/thumbs\/thumbs_IMG_0992.jpg\"\n               data-image-id=\"18829\"\n               data-title=\"B\u00c3\u00a4rtige Glockenblumen, Campanula barbata\"\n               data-description=\"B\u00e4rtige Glockenblumen, Campanula barbata\"\n               data-image-slug=\"img_0992-4\"\n               class=\"shutterset_32210\">\n                <img\n                    title=\"B\u00c3\u00a4rtige Glockenblumen, Campanula barbata\"\n                    alt=\"B\u00c3\u00a4rtige Glockenblumen, Campanula barbata\"\n                    src=\"https:\/\/www.freimarianne.ch\/wp-content\/gallery\/adelboden-29-7-18\/thumbs\/thumbs_IMG_0992.jpg\"\n                    width=\"100\"\n                    height=\"75\"\n                    style=\"max-width:100%;\"\n                \/>\n            <\/a>\n        <\/div>\n\t\t\t\t\t\t\t<\/div> \n\t\t\t\n        \n\t\t\t\t<div id=\"ngg-image-24\" class=\"ngg-gallery-thumbnail-box\" >\n\t\t\t\t        <div class=\"ngg-gallery-thumbnail\">\n            <a href=\"https:\/\/www.freimarianne.ch\/wp-content\/gallery\/adelboden-29-7-18\/IMG_0993.jpg\"\n               title=\"Fitzer, Rotstock, B\u00fctschiflue\"\n               data-src=\"https:\/\/www.freimarianne.ch\/wp-content\/gallery\/adelboden-29-7-18\/IMG_0993.jpg\"\n               data-thumbnail=\"https:\/\/www.freimarianne.ch\/wp-content\/gallery\/adelboden-29-7-18\/thumbs\/thumbs_IMG_0993.jpg\"\n               data-image-id=\"18828\"\n               data-title=\"Fitzer, Rotstock, B\u00c3\u00bctschiflue\"\n               data-description=\"Fitzer, Rotstock, B\u00fctschiflue\"\n               data-image-slug=\"img_0993-2\"\n               class=\"shutterset_32210\">\n                <img\n                    title=\"Fitzer, Rotstock, B\u00c3\u00bctschiflue\"\n                    alt=\"Fitzer, Rotstock, B\u00c3\u00bctschiflue\"\n                    src=\"https:\/\/www.freimarianne.ch\/wp-content\/gallery\/adelboden-29-7-18\/thumbs\/thumbs_IMG_0993.jpg\"\n                    width=\"100\"\n                    height=\"75\"\n                    style=\"max-width:100%;\"\n                \/>\n            <\/a>\n        <\/div>\n\t\t\t\t\t\t\t<\/div> \n\t\t\t\n        \n\t\t\t\t<div id=\"ngg-image-25\" class=\"ngg-gallery-thumbnail-box\" >\n\t\t\t\t        <div class=\"ngg-gallery-thumbnail\">\n            <a href=\"https:\/\/www.freimarianne.ch\/wp-content\/gallery\/adelboden-29-7-18\/IMG_0996.jpg\"\n               title=\"Aeugi 2435m, Ammertenspitz 2613m, Plattenh\u00f6rner ( Mittlerer Gipfel), Wildstrubel  3244m\"\n               data-src=\"https:\/\/www.freimarianne.ch\/wp-content\/gallery\/adelboden-29-7-18\/IMG_0996.jpg\"\n               data-thumbnail=\"https:\/\/www.freimarianne.ch\/wp-content\/gallery\/adelboden-29-7-18\/thumbs\/thumbs_IMG_0996.jpg\"\n               data-image-id=\"18827\"\n               data-title=\"Aeugi 2435m, Ammertenspitz 2613m, Plattenh\u00c3\u00b6rner ( Mittlerer Gipfel), Wildstrubel  3244m\"\n               data-description=\"Aeugi 2435m, Ammertenspitz 2613m, Plattenh\u00f6rner ( Mittlerer Gipfel), Wildstrubel  3244m\"\n               data-image-slug=\"img_0996-2\"\n               class=\"shutterset_32210\">\n                <img\n                    title=\"Aeugi 2435m, Ammertenspitz 2613m, Plattenh\u00c3\u00b6rner ( Mittlerer Gipfel), Wildstrubel  3244m\"\n                    alt=\"Aeugi 2435m, Ammertenspitz 2613m, Plattenh\u00c3\u00b6rner ( Mittlerer Gipfel), Wildstrubel  3244m\"\n                    src=\"https:\/\/www.freimarianne.ch\/wp-content\/gallery\/adelboden-29-7-18\/thumbs\/thumbs_IMG_0996.jpg\"\n                    width=\"100\"\n                    height=\"75\"\n                    style=\"max-width:100%;\"\n                \/>\n            <\/a>\n        <\/div>\n\t\t\t\t\t\t\t<\/div> \n\t\t\t\n        \n\t\t\t\t<div id=\"ngg-image-26\" class=\"ngg-gallery-thumbnail-box\" >\n\t\t\t\t        <div class=\"ngg-gallery-thumbnail\">\n            <a href=\"https:\/\/www.freimarianne.ch\/wp-content\/gallery\/adelboden-29-7-18\/IMG_0998.jpg\"\n               title=\"Weg unterhalb dem Regenboldshorn  2193\"\n               data-src=\"https:\/\/www.freimarianne.ch\/wp-content\/gallery\/adelboden-29-7-18\/IMG_0998.jpg\"\n               data-thumbnail=\"https:\/\/www.freimarianne.ch\/wp-content\/gallery\/adelboden-29-7-18\/thumbs\/thumbs_IMG_0998.jpg\"\n               data-image-id=\"18826\"\n               data-title=\"Weg unterhalb dem Regenboldshorn  2193\"\n               data-description=\"Weg unterhalb dem Regenboldshorn  2193\"\n               data-image-slug=\"img_0998-1\"\n               class=\"shutterset_32210\">\n                <img\n                    title=\"Weg unterhalb dem Regenboldshorn  2193\"\n                    alt=\"Weg unterhalb dem Regenboldshorn  2193\"\n                    src=\"https:\/\/www.freimarianne.ch\/wp-content\/gallery\/adelboden-29-7-18\/thumbs\/thumbs_IMG_0998.jpg\"\n                    width=\"100\"\n                    height=\"75\"\n                    style=\"max-width:100%;\"\n                \/>\n            <\/a>\n        <\/div>\n\t\t\t\t\t\t\t<\/div> \n\t\t\t\n        \n\t\t\t\t<div id=\"ngg-image-27\" class=\"ngg-gallery-thumbnail-box\" >\n\t\t\t\t        <div class=\"ngg-gallery-thumbnail\">\n            <a href=\"https:\/\/www.freimarianne.ch\/wp-content\/gallery\/adelboden-29-7-18\/IMG_1005.jpg\"\n               title=\"Blick auf den Hahnenmoospass  1949m; Laveygrat 2248m, hi Tierberg 2371m, Seewlihorn 2467m, Sattligrat 2539m, P. 2728m, Albristhorn 2763m\"\n               data-src=\"https:\/\/www.freimarianne.ch\/wp-content\/gallery\/adelboden-29-7-18\/IMG_1005.jpg\"\n               data-thumbnail=\"https:\/\/www.freimarianne.ch\/wp-content\/gallery\/adelboden-29-7-18\/thumbs\/thumbs_IMG_1005.jpg\"\n               data-image-id=\"18825\"\n               data-title=\"Blick auf den Hahnenmoospass  1949m; Laveygrat 2248m, hi Tierberg 2371m, Seewlihorn 2467m, Sattligrat 2539m, P. 2728m, Albristhorn 2763m\"\n               data-description=\"Blick auf den Hahnenmoospass  1949m; Laveygrat 2248m, hi Tierberg 2371m, Seewlihorn 2467m, Sattligrat 2539m, P. 2728m, Albristhorn 2763m\"\n               data-image-slug=\"img_1005-2\"\n               class=\"shutterset_32210\">\n                <img\n                    title=\"Blick auf den Hahnenmoospass  1949m; Laveygrat 2248m, hi Tierberg 2371m, Seewlihorn 2467m, Sattligrat 2539m, P. 2728m, Albristhorn 2763m\"\n                    alt=\"Blick auf den Hahnenmoospass  1949m; Laveygrat 2248m, hi Tierberg 2371m, Seewlihorn 2467m, Sattligrat 2539m, P. 2728m, Albristhorn 2763m\"\n                    src=\"https:\/\/www.freimarianne.ch\/wp-content\/gallery\/adelboden-29-7-18\/thumbs\/thumbs_IMG_1005.jpg\"\n                    width=\"100\"\n                    height=\"75\"\n                    style=\"max-width:100%;\"\n                \/>\n            <\/a>\n        <\/div>\n\t\t\t\t\t\t\t<\/div> \n\t\t\t\n        \n\t\t\t\t<div id=\"ngg-image-28\" class=\"ngg-gallery-thumbnail-box\" >\n\t\t\t\t        <div class=\"ngg-gallery-thumbnail\">\n            <a href=\"https:\/\/www.freimarianne.ch\/wp-content\/gallery\/adelboden-29-7-18\/IMG_1011.jpg\"\n               title=\"\"\n               data-src=\"https:\/\/www.freimarianne.ch\/wp-content\/gallery\/adelboden-29-7-18\/IMG_1011.jpg\"\n               data-thumbnail=\"https:\/\/www.freimarianne.ch\/wp-content\/gallery\/adelboden-29-7-18\/thumbs\/thumbs_IMG_1011.jpg\"\n               data-image-id=\"18824\"\n               data-title=\"IMG_1011\"\n               data-description=\"\"\n               data-image-slug=\"img_1011-1\"\n               class=\"shutterset_32210\">\n                <img\n                    title=\"IMG_1011\"\n                    alt=\"IMG_1011\"\n                    src=\"https:\/\/www.freimarianne.ch\/wp-content\/gallery\/adelboden-29-7-18\/thumbs\/thumbs_IMG_1011.jpg\"\n                    width=\"100\"\n                    height=\"75\"\n                    style=\"max-width:100%;\"\n                \/>\n            <\/a>\n        <\/div>\n\t\t\t\t\t\t\t<\/div> \n\t\t\t\n        \n\t\t\t\t<div id=\"ngg-image-29\" class=\"ngg-gallery-thumbnail-box\" >\n\t\t\t\t        <div class=\"ngg-gallery-thumbnail\">\n            <a href=\"https:\/\/www.freimarianne.ch\/wp-content\/gallery\/adelboden-29-7-18\/IMG_1022.jpg\"\n               title=\"li Ammertenspitz 2613m; Grossstrubel 3243m, Plattenh\u00f6rner ( Mittlerer Gipfel), Wildstrubel  3244m, vo Ammertenhorn 2935m\"\n               data-src=\"https:\/\/www.freimarianne.ch\/wp-content\/gallery\/adelboden-29-7-18\/IMG_1022.jpg\"\n               data-thumbnail=\"https:\/\/www.freimarianne.ch\/wp-content\/gallery\/adelboden-29-7-18\/thumbs\/thumbs_IMG_1022.jpg\"\n               data-image-id=\"18823\"\n               data-title=\"li Ammertenspitz 2613m; Grossstrubel 3243m, Plattenh\u00c3\u00b6rner ( Mittlerer Gipfel), Wildstrubel  3244m, vo Ammertenhorn 2935m\"\n               data-description=\"li Ammertenspitz 2613m; Grossstrubel 3243m, Plattenh\u00f6rner ( Mittlerer Gipfel), Wildstrubel  3244m, vo Ammertenhorn 2935m\"\n               data-image-slug=\"img_1022-5\"\n               class=\"shutterset_32210\">\n                <img\n                    title=\"li Ammertenspitz 2613m; Grossstrubel 3243m, Plattenh\u00c3\u00b6rner ( Mittlerer Gipfel), Wildstrubel  3244m, vo Ammertenhorn 2935m\"\n                    alt=\"li Ammertenspitz 2613m; Grossstrubel 3243m, Plattenh\u00c3\u00b6rner ( Mittlerer Gipfel), Wildstrubel  3244m, vo Ammertenhorn 2935m\"\n                    src=\"https:\/\/www.freimarianne.ch\/wp-content\/gallery\/adelboden-29-7-18\/thumbs\/thumbs_IMG_1022.jpg\"\n                    width=\"100\"\n                    height=\"75\"\n                    style=\"max-width:100%;\"\n                \/>\n            <\/a>\n        <\/div>\n\t\t\t\t\t\t\t<\/div> \n\t\t\t\n        \n\t\t\t\t<div id=\"ngg-image-30\" class=\"ngg-gallery-thumbnail-box\" >\n\t\t\t\t        <div class=\"ngg-gallery-thumbnail\">\n            <a href=\"https:\/\/www.freimarianne.ch\/wp-content\/gallery\/adelboden-29-7-18\/IMG_1025.jpg\"\n               title=\"Gletscherhorn 2943m, Wisshorn 2948m, Rohrbachstein 2950m, Laufbodenhorn 2701m, Schnidenhorn 2937m, WIldhorn 3248m, Niesenhorn 2776m, Arpelihorn 2921m\"\n               data-src=\"https:\/\/www.freimarianne.ch\/wp-content\/gallery\/adelboden-29-7-18\/IMG_1025.jpg\"\n               data-thumbnail=\"https:\/\/www.freimarianne.ch\/wp-content\/gallery\/adelboden-29-7-18\/thumbs\/thumbs_IMG_1025.jpg\"\n               data-image-id=\"18822\"\n               data-title=\"Gletscherhorn 2943m, Wisshorn 2948m, Rohrbachstein 2950m, Laufbodenhorn 2701m, Schnidenhorn 2937m, WIldhorn 3248m, Niesenhorn 2776m, Arpelihorn 2921m\"\n               data-description=\"Gletscherhorn 2943m, Wisshorn 2948m, Rohrbachstein 2950m, Laufbodenhorn 2701m, Schnidenhorn 2937m, WIldhorn 3248m, Niesenhorn 2776m, Arpelihorn 2921m\"\n               data-image-slug=\"img_1025\"\n               class=\"shutterset_32210\">\n                <img\n                    title=\"Gletscherhorn 2943m, Wisshorn 2948m, Rohrbachstein 2950m, Laufbodenhorn 2701m, Schnidenhorn 2937m, WIldhorn 3248m, Niesenhorn 2776m, Arpelihorn 2921m\"\n                    alt=\"Gletscherhorn 2943m, Wisshorn 2948m, Rohrbachstein 2950m, Laufbodenhorn 2701m, Schnidenhorn 2937m, WIldhorn 3248m, Niesenhorn 2776m, Arpelihorn 2921m\"\n                    src=\"https:\/\/www.freimarianne.ch\/wp-content\/gallery\/adelboden-29-7-18\/thumbs\/thumbs_IMG_1025.jpg\"\n                    width=\"100\"\n                    height=\"75\"\n                    style=\"max-width:100%;\"\n                \/>\n            <\/a>\n        <\/div>\n\t\t\t\t\t\t\t<\/div> \n\t\t\t\n        \n\t\t\t\t<div id=\"ngg-image-31\" class=\"ngg-gallery-thumbnail-box\" >\n\t\t\t\t        <div class=\"ngg-gallery-thumbnail\">\n            <a href=\"https:\/\/www.freimarianne.ch\/wp-content\/gallery\/adelboden-29-7-18\/IMG_1036.jpg\"\n               title=\"Marianne vor: Mittaghorn 2686m, Schnidenhorn 2937m, WIldhorn 3248m, Niesenhorn 2776m, Arpelihorn 2921m\"\n               data-src=\"https:\/\/www.freimarianne.ch\/wp-content\/gallery\/adelboden-29-7-18\/IMG_1036.jpg\"\n               data-thumbnail=\"https:\/\/www.freimarianne.ch\/wp-content\/gallery\/adelboden-29-7-18\/thumbs\/thumbs_IMG_1036.jpg\"\n               data-image-id=\"18821\"\n               data-title=\"Marianne vor: Mittaghorn 2686m, Schnidenhorn 2937m, WIldhorn 3248m, Niesenhorn 2776m, Arpelihorn 2921m\"\n               data-description=\"Marianne vor: Mittaghorn 2686m, Schnidenhorn 2937m, WIldhorn 3248m, Niesenhorn 2776m, Arpelihorn 2921m\"\n               data-image-slug=\"img_1036-2\"\n               class=\"shutterset_32210\">\n                <img\n                    title=\"Marianne vor: Mittaghorn 2686m, Schnidenhorn 2937m, WIldhorn 3248m, Niesenhorn 2776m, Arpelihorn 2921m\"\n                    alt=\"Marianne vor: Mittaghorn 2686m, Schnidenhorn 2937m, WIldhorn 3248m, Niesenhorn 2776m, Arpelihorn 2921m\"\n                    src=\"https:\/\/www.freimarianne.ch\/wp-content\/gallery\/adelboden-29-7-18\/thumbs\/thumbs_IMG_1036.jpg\"\n                    width=\"100\"\n                    height=\"75\"\n                    style=\"max-width:100%;\"\n                \/>\n            <\/a>\n        <\/div>\n\t\t\t\t\t\t\t<\/div> \n\t\t\t\n        \n\t\t\t\t<div id=\"ngg-image-32\" class=\"ngg-gallery-thumbnail-box\" >\n\t\t\t\t        <div class=\"ngg-gallery-thumbnail\">\n            <a href=\"https:\/\/www.freimarianne.ch\/wp-content\/gallery\/adelboden-29-7-18\/IMG_1037.jpg\"\n               title=\"Gletscherhorn 2943m, Wisshorn 2948m, Rohrbachstein 2950m, Laufbodenhorn 2701m,  P.2819m, Mittaghorn 2686m\"\n               data-src=\"https:\/\/www.freimarianne.ch\/wp-content\/gallery\/adelboden-29-7-18\/IMG_1037.jpg\"\n               data-thumbnail=\"https:\/\/www.freimarianne.ch\/wp-content\/gallery\/adelboden-29-7-18\/thumbs\/thumbs_IMG_1037.jpg\"\n               data-image-id=\"18820\"\n               data-title=\"Gletscherhorn 2943m, Wisshorn 2948m, Rohrbachstein 2950m, Laufbodenhorn 2701m,  P.2819m, Mittaghorn 2686m\"\n               data-description=\"Gletscherhorn 2943m, Wisshorn 2948m, Rohrbachstein 2950m, Laufbodenhorn 2701m,  P.2819m, Mittaghorn 2686m\"\n               data-image-slug=\"img_1037-1\"\n               class=\"shutterset_32210\">\n                <img\n                    title=\"Gletscherhorn 2943m, Wisshorn 2948m, Rohrbachstein 2950m, Laufbodenhorn 2701m,  P.2819m, Mittaghorn 2686m\"\n                    alt=\"Gletscherhorn 2943m, Wisshorn 2948m, Rohrbachstein 2950m, Laufbodenhorn 2701m,  P.2819m, Mittaghorn 2686m\"\n                    src=\"https:\/\/www.freimarianne.ch\/wp-content\/gallery\/adelboden-29-7-18\/thumbs\/thumbs_IMG_1037.jpg\"\n                    width=\"100\"\n                    height=\"75\"\n                    style=\"max-width:100%;\"\n                \/>\n            <\/a>\n        <\/div>\n\t\t\t\t\t\t\t<\/div> \n\t\t\t\n        \n\t\t\t\t<div id=\"ngg-image-33\" class=\"ngg-gallery-thumbnail-box\" >\n\t\t\t\t        <div class=\"ngg-gallery-thumbnail\">\n            <a href=\"https:\/\/www.freimarianne.ch\/wp-content\/gallery\/adelboden-29-7-18\/IMG_1041.jpg\"\n               title=\"Regenboldhorn 2193m, Rotstock ,Aeugi, Ammertenspitz 2613m, Grossstrubel 3243m\"\n               data-src=\"https:\/\/www.freimarianne.ch\/wp-content\/gallery\/adelboden-29-7-18\/IMG_1041.jpg\"\n               data-thumbnail=\"https:\/\/www.freimarianne.ch\/wp-content\/gallery\/adelboden-29-7-18\/thumbs\/thumbs_IMG_1041.jpg\"\n               data-image-id=\"18819\"\n               data-title=\"Regenboldhorn 2193m, Rotstock ,Aeugi, Ammertenspitz 2613m, Grossstrubel 3243m\"\n               data-description=\"Regenboldhorn 2193m, Rotstock ,Aeugi, Ammertenspitz 2613m, Grossstrubel 3243m\"\n               data-image-slug=\"img_1041-2\"\n               class=\"shutterset_32210\">\n                <img\n                    title=\"Regenboldhorn 2193m, Rotstock ,Aeugi, Ammertenspitz 2613m, Grossstrubel 3243m\"\n                    alt=\"Regenboldhorn 2193m, Rotstock ,Aeugi, Ammertenspitz 2613m, Grossstrubel 3243m\"\n                    src=\"https:\/\/www.freimarianne.ch\/wp-content\/gallery\/adelboden-29-7-18\/thumbs\/thumbs_IMG_1041.jpg\"\n                    width=\"100\"\n                    height=\"75\"\n                    style=\"max-width:100%;\"\n                \/>\n            <\/a>\n        <\/div>\n\t\t\t\t\t\t\t<\/div> \n\t\t\t\n        \n\t\t\t\t<div id=\"ngg-image-34\" class=\"ngg-gallery-thumbnail-box\" >\n\t\t\t\t        <div class=\"ngg-gallery-thumbnail\">\n            <a href=\"https:\/\/www.freimarianne.ch\/wp-content\/gallery\/adelboden-29-7-18\/IMG_1046.jpg\"\n               title=\"Blick gegen Adelboden;  hi Tierberg 2371m, Seewlihorn 2467m, Sattligrat 2539m, P. 2728m, Albristhorn 2763m, Hempliger 2483m, Gs\u00fcr 2708m\"\n               data-src=\"https:\/\/www.freimarianne.ch\/wp-content\/gallery\/adelboden-29-7-18\/IMG_1046.jpg\"\n               data-thumbnail=\"https:\/\/www.freimarianne.ch\/wp-content\/gallery\/adelboden-29-7-18\/thumbs\/thumbs_IMG_1046.jpg\"\n               data-image-id=\"18818\"\n               data-title=\"Blick gegen Adelboden;  hi Tierberg 2371m, Seewlihorn 2467m, Sattligrat 2539m, P. 2728m, Albristhorn 2763m, Hempliger 2483m, Gs\u00c3\u00bcr 2708m\"\n               data-description=\"Blick gegen Adelboden;  hi Tierberg 2371m, Seewlihorn 2467m, Sattligrat 2539m, P. 2728m, Albristhorn 2763m, Hempliger 2483m, Gs\u00fcr 2708m\"\n               data-image-slug=\"img_1046-3\"\n               class=\"shutterset_32210\">\n                <img\n                    title=\"Blick gegen Adelboden;  hi Tierberg 2371m, Seewlihorn 2467m, Sattligrat 2539m, P. 2728m, Albristhorn 2763m, Hempliger 2483m, Gs\u00c3\u00bcr 2708m\"\n                    alt=\"Blick gegen Adelboden;  hi Tierberg 2371m, Seewlihorn 2467m, Sattligrat 2539m, P. 2728m, Albristhorn 2763m, Hempliger 2483m, Gs\u00c3\u00bcr 2708m\"\n                    src=\"https:\/\/www.freimarianne.ch\/wp-content\/gallery\/adelboden-29-7-18\/thumbs\/thumbs_IMG_1046.jpg\"\n                    width=\"100\"\n                    height=\"75\"\n                    style=\"max-width:100%;\"\n                \/>\n            <\/a>\n        <\/div>\n\t\t\t\t\t\t\t<\/div> \n\t\t\t\n        \n\t\t\t\t<div id=\"ngg-image-35\" class=\"ngg-gallery-thumbnail-box\" >\n\t\t\t\t        <div class=\"ngg-gallery-thumbnail\">\n            <a href=\"https:\/\/www.freimarianne.ch\/wp-content\/gallery\/adelboden-29-7-18\/IMG_1048.jpg\"\n               title=\"Kuhweide auf dem Metschenstand; Laveygrat 2248m, hi Tierberg 2371m, Seewlihorn 2467m, Sattligrat 2539m,\"\n               data-src=\"https:\/\/www.freimarianne.ch\/wp-content\/gallery\/adelboden-29-7-18\/IMG_1048.jpg\"\n               data-thumbnail=\"https:\/\/www.freimarianne.ch\/wp-content\/gallery\/adelboden-29-7-18\/thumbs\/thumbs_IMG_1048.jpg\"\n               data-image-id=\"18817\"\n               data-title=\"Kuhweide auf dem Metschenstand; Laveygrat 2248m, hi Tierberg 2371m, Seewlihorn 2467m, Sattligrat 2539m,\"\n               data-description=\"Kuhweide auf dem Metschenstand; Laveygrat 2248m, hi Tierberg 2371m, Seewlihorn 2467m, Sattligrat 2539m,\"\n               data-image-slug=\"img_1048-1\"\n               class=\"shutterset_32210\">\n                <img\n                    title=\"Kuhweide auf dem Metschenstand; Laveygrat 2248m, hi Tierberg 2371m, Seewlihorn 2467m, Sattligrat 2539m,\"\n                    alt=\"Kuhweide auf dem Metschenstand; Laveygrat 2248m, hi Tierberg 2371m, Seewlihorn 2467m, Sattligrat 2539m,\"\n                    src=\"https:\/\/www.freimarianne.ch\/wp-content\/gallery\/adelboden-29-7-18\/thumbs\/thumbs_IMG_1048.jpg\"\n                    width=\"100\"\n                    height=\"75\"\n                    style=\"max-width:100%;\"\n                \/>\n            <\/a>\n        <\/div>\n\t\t\t\t\t\t\t<\/div> \n\t\t\t\n        \n\t\t\t\t<div id=\"ngg-image-36\" class=\"ngg-gallery-thumbnail-box\" >\n\t\t\t\t        <div class=\"ngg-gallery-thumbnail\">\n            <a href=\"https:\/\/www.freimarianne.ch\/wp-content\/gallery\/adelboden-29-7-18\/IMG_1061.jpg\"\n               title=\"Speichersee 1910m bei Brenggemeder,Hahnenmoospass; Laveygrat 2248m\"\n               data-src=\"https:\/\/www.freimarianne.ch\/wp-content\/gallery\/adelboden-29-7-18\/IMG_1061.jpg\"\n               data-thumbnail=\"https:\/\/www.freimarianne.ch\/wp-content\/gallery\/adelboden-29-7-18\/thumbs\/thumbs_IMG_1061.jpg\"\n               data-image-id=\"18816\"\n               data-title=\"Speichersee 1910m bei Brenggemeder,Hahnenmoospass; Laveygrat 2248m\"\n               data-description=\"Speichersee 1910m bei Brenggemeder,Hahnenmoospass; Laveygrat 2248m\"\n               data-image-slug=\"img_1061\"\n               class=\"shutterset_32210\">\n                <img\n                    title=\"Speichersee 1910m bei Brenggemeder,Hahnenmoospass; Laveygrat 2248m\"\n                    alt=\"Speichersee 1910m bei Brenggemeder,Hahnenmoospass; Laveygrat 2248m\"\n                    src=\"https:\/\/www.freimarianne.ch\/wp-content\/gallery\/adelboden-29-7-18\/thumbs\/thumbs_IMG_1061.jpg\"\n                    width=\"100\"\n                    height=\"75\"\n                    style=\"max-width:100%;\"\n                \/>\n            <\/a>\n        <\/div>\n\t\t\t\t\t\t\t<\/div> \n\t\t\t\n        \n\t\t\n\t\t<!-- Pagination -->\n\t<div class='ngg-clear'><\/div>\t<\/div>\n<\/p>\n","protected":false},"excerpt":{"rendered":"<p>Panoramawanderung in Adelboden Vom H\u00f6chsthorn zum Hahnenmoospass li Ammertenspitz 2613m, Wildstrubel 3244m Schon lange wollte ich das Gebiet um Adelboden auskundschaften. Da bietet sich der Panoramaweg vom H\u00f6chshorn zum Bummerenpass, Hahnenmoospass, Sillerenb\u00fchl an. Um aber diese Wanderung zu machen, muss man sehr viel Geld f\u00fcr den Transport in Adelboden ausgeben! Die Preise f\u00fcr den Lokalbus [&hellip;]<\/p>\n","protected":false},"author":1,"featured_media":0,"parent":30992,"menu_order":20,"comment_status":"closed","ping_status":"closed","template":"","meta":{"ngg_post_thumbnail":0},"_links":{"self":[{"href":"https:\/\/www.freimarianne.ch\/index.php?rest_route=\/wp\/v2\/pages\/31831"}],"collection":[{"href":"https:\/\/www.freimarianne.ch\/index.php?rest_route=\/wp\/v2\/pages"}],"about":[{"href":"https:\/\/www.freimarianne.ch\/index.php?rest_route=\/wp\/v2\/types\/page"}],"author":[{"embeddable":true,"href":"https:\/\/www.freimarianne.ch\/index.php?rest_route=\/wp\/v2\/users\/1"}],"replies":[{"embeddable":true,"href":"https:\/\/www.freimarianne.ch\/index.php?rest_route=%2Fwp%2Fv2%2Fcomments&post=31831"}],"version-history":[{"count":4,"href":"https:\/\/www.freimarianne.ch\/index.php?rest_route=\/wp\/v2\/pages\/31831\/revisions"}],"predecessor-version":[{"id":32211,"href":"https:\/\/www.freimarianne.ch\/index.php?rest_route=\/wp\/v2\/pages\/31831\/revisions\/32211"}],"up":[{"embeddable":true,"href":"https:\/\/www.freimarianne.ch\/index.php?rest_route=\/wp\/v2\/pages\/30992"}],"wp:attachment":[{"href":"https:\/\/www.freimarianne.ch\/index.php?rest_route=%2Fwp%2Fv2%2Fmedia&parent=31831"}],"curies":[{"name":"wp","href":"https:\/\/api.w.org\/{rel}","templated":true}]}}