{"id":33179,"date":"2018-10-02T16:44:31","date_gmt":"2018-10-02T15:44:31","guid":{"rendered":"http:\/\/www.freimarianne.ch\/?page_id=33179"},"modified":"2018-10-03T06:45:17","modified_gmt":"2018-10-03T05:45:17","slug":"schwarzwaldalpgrosse-scheidegg-grindelwald-be-21-9-2018","status":"publish","type":"page","link":"https:\/\/www.freimarianne.ch\/?page_id=33179","title":{"rendered":"Schwarzwaldalp-Grosse Scheidegg-Grindelwald  BE 21.9.2018"},"content":{"rendered":"<p><strong>Bergwanderung von der Schwarzwaldalp \u00fcber Pfanni und Hornseeli zur Grossen Scheidegg und hinunter zum Oberen Gletscher Restaurant<\/strong><\/p>\n<div id=\"attachment_33172\" style=\"width: 510px\" class=\"wp-caption alignleft\"><img aria-describedby=\"caption-attachment-33172\" loading=\"lazy\" class=\"size-full wp-image-33172\" src=\"http:\/\/www.freimarianne.ch\/wp-content\/uploads\/2018\/10\/IMG_3287_schwarzwaldalp_500.jpg\" alt=\"\" width=\"500\" height=\"375\" srcset=\"https:\/\/www.freimarianne.ch\/wp-content\/uploads\/2018\/10\/IMG_3287_schwarzwaldalp_500.jpg 500w, https:\/\/www.freimarianne.ch\/wp-content\/uploads\/2018\/10\/IMG_3287_schwarzwaldalp_500-300x225.jpg 300w, https:\/\/www.freimarianne.ch\/wp-content\/uploads\/2018\/10\/IMG_3287_schwarzwaldalp_500-400x300.jpg 400w\" sizes=\"(max-width: 500px) 100vw, 500px\" \/><p id=\"caption-attachment-33172\" class=\"wp-caption-text\">Aufstieg auf das Grindelband; mit Schwarzhorn, G\u00e4rsthorn<\/p><\/div>\n<p>Heute k\u00f6nnte der letzte Sommertag dieses Jahres sein! Ich m\u00f6chte die schon lang geplante Wanderung von der Schwarzwaldalp \u00fcber Pfanni, Hornseeli, Grosse Scheidegg zur Haltestelle Oberen Gletscher machen.<br \/>\nNach einer sch\u00f6nen Panoramafahrt \u00fcber den Br\u00fcnig und das Reichenbachtal hinauf erreichen wir 10.13h die Schwarzwaldalp 1455m, die noch im Schatten liegt. Wir wandern von hier aus \u00fcber den Unterstafel Broch mit seinen malerischen H\u00fctten und St\u00e4llen durch eine park\u00e4hnliche, von Bergahornb\u00e4umen gepr\u00e4gten Landschaft. Weiter geht es auf der Alpstrasse in Kehren hinauf zur Alp Pfanni 1778m. Wir befinden uns in einer<br \/>\nv\u00f6llig einsamen Landschaft. Bei Pfanni machen wir unterhalb des sch\u00f6nen Wasserfalls einen Zwischenhalt, um dann mit neuen Kr\u00e4ften hinauf zum Punkt 2008m zu steigen. Hier gibt es eine Verzweigung zur Alp Im Oberen Breitenfeld.<br \/>\nBei Pfanni h\u00e4ten wir auch den Panoramaweg im Abhang des Cheerhubels nehmen k\u00f6nnen.<br \/>\nNun haben wir noch ca. 150 H\u00f6henmeter, um auf das Grindelband zu steigen, womit wir den h\u00f6chsten Punkt unserer Wanderung erreicht haben. \u00dcber eine kleine Hochebene gelangen wir um 12.52h zum Hornseeli 2147m, welches ein gutes Fotosujet ist. Leider ist es etwas bew\u00f6lkt.<br \/>\nVon hier steigen wir auf einem Bergweg hinunter zur Alp Scheidegg Oberl\u00e4ger 1950m. Wir m\u00fcssen wieder auf einer Alpstrasse gehen. So kommen wir um 14.15h zur Grossen Scheidegg 1962m. Von hier aus steigen wir direkt auf dem abwechslungsreichen Wanderweg hinunter zur Postauthaltestelle Oberer Gletscher 1230m. Es reicht noch zur Einkehr im Restaurant, bevor wir um 16h den Bus nach Grindelwald nehmen k\u00f6nnen. Dort unten sind wir wieder im Touristentrubel, nachdem wir den ganzen Tag alleine unterwegs gewesen waren.<\/p>\n<p>Dies war eine sehr interessante Wanderung in einer total einsamen Gegend. Man geht zwar viel auf Alpstrassen ( bis hinauf zu P. 2008m), was aber ein z\u00fcgiges Ausschreiten erm\u00f6glicht.<\/p>\n<p>Laut Schweizmobil:<br \/>\nDistanz: 13.17km; Aufstieg: 820m; Abstieg: 10444m,; Wanderzeit: 4 h41 h<br \/>\n<a href=\"https:\/\/map.wanderland.ch\/?lang=de&amp;route=all&amp;bgLayer=pk&amp;resolution=20&amp;season=summer&amp;E=2651025&amp;N=1167776&amp;layers=Wanderland%2CStation&amp;trackId=4948996\">Karte Schweizmobil:<\/a><\/p>\n<p><!-- index.php -->\n<div\n\tclass=\"ngg-galleryoverview ngg-ajax-pagination-none\"\n\tid=\"ngg-gallery-33541-1\">\n\n    \t<div class=\"slideshowlink\">\n        <a href='https:\/\/www.freimarianne.ch\/index.php\/nggallery\/slideshow?page_id=33179'>[Show as slideshow]<\/a>\n\t\t\n\t<\/div>\n\t\t\t<!-- Thumbnails -->\n\t\t\t\t<div id=\"ngg-image-0\" class=\"ngg-gallery-thumbnail-box\" >\n\t\t\t\t        <div class=\"ngg-gallery-thumbnail\">\n            <a href=\"https:\/\/www.freimarianne.ch\/wp-content\/gallery\/schwarzwaldalp-21-9-18\/IMG_3232.jpg\"\n               title=\"Mittelhorn 3704m,  Wetterhorn 3692m\"\n               data-src=\"https:\/\/www.freimarianne.ch\/wp-content\/gallery\/schwarzwaldalp-21-9-18\/IMG_3232.jpg\"\n               data-thumbnail=\"https:\/\/www.freimarianne.ch\/wp-content\/gallery\/schwarzwaldalp-21-9-18\/thumbs\/thumbs_IMG_3232.jpg\"\n               data-image-id=\"19321\"\n               data-title=\"Mittelhorn 3704m,  Wetterhorn 3692m\"\n               data-description=\"Mittelhorn 3704m,  Wetterhorn 3692m\"\n               data-image-slug=\"img_3232-2\"\n               class=\"shutterset_33541\">\n                <img\n                    title=\"Mittelhorn 3704m,  Wetterhorn 3692m\"\n                    alt=\"Mittelhorn 3704m,  Wetterhorn 3692m\"\n                    src=\"https:\/\/www.freimarianne.ch\/wp-content\/gallery\/schwarzwaldalp-21-9-18\/thumbs\/thumbs_IMG_3232.jpg\"\n                    width=\"100\"\n                    height=\"75\"\n                    style=\"max-width:100%;\"\n                \/>\n            <\/a>\n        <\/div>\n\t\t\t\t\t\t\t<\/div> \n\t\t\t\n        \n\t\t\t\t<div id=\"ngg-image-1\" class=\"ngg-gallery-thumbnail-box\" >\n\t\t\t\t        <div class=\"ngg-gallery-thumbnail\">\n            <a href=\"https:\/\/www.freimarianne.ch\/wp-content\/gallery\/schwarzwaldalp-21-9-18\/IMG_3235.jpg\"\n               title=\"Rosenhorn 3689m, Mittelhorn 3704m, Wetterhorn 3692m, Scheideggwetterhorn 3361m\"\n               data-src=\"https:\/\/www.freimarianne.ch\/wp-content\/gallery\/schwarzwaldalp-21-9-18\/IMG_3235.jpg\"\n               data-thumbnail=\"https:\/\/www.freimarianne.ch\/wp-content\/gallery\/schwarzwaldalp-21-9-18\/thumbs\/thumbs_IMG_3235.jpg\"\n               data-image-id=\"19322\"\n               data-title=\"Rosenhorn 3689m, Mittelhorn 3704m, Wetterhorn 3692m, Scheideggwetterhorn 3361m\"\n               data-description=\"Rosenhorn 3689m, Mittelhorn 3704m, Wetterhorn 3692m, Scheideggwetterhorn 3361m\"\n               data-image-slug=\"img_3235-3\"\n               class=\"shutterset_33541\">\n                <img\n                    title=\"Rosenhorn 3689m, Mittelhorn 3704m, Wetterhorn 3692m, Scheideggwetterhorn 3361m\"\n                    alt=\"Rosenhorn 3689m, Mittelhorn 3704m, Wetterhorn 3692m, Scheideggwetterhorn 3361m\"\n                    src=\"https:\/\/www.freimarianne.ch\/wp-content\/gallery\/schwarzwaldalp-21-9-18\/thumbs\/thumbs_IMG_3235.jpg\"\n                    width=\"100\"\n                    height=\"75\"\n                    style=\"max-width:100%;\"\n                \/>\n            <\/a>\n        <\/div>\n\t\t\t\t\t\t\t<\/div> \n\t\t\t\n        \n\t\t\t\t<div id=\"ngg-image-2\" class=\"ngg-gallery-thumbnail-box\" >\n\t\t\t\t        <div class=\"ngg-gallery-thumbnail\">\n            <a href=\"https:\/\/www.freimarianne.ch\/wp-content\/gallery\/schwarzwaldalp-21-9-18\/IMG_3237.jpg\"\n               title=\"oberhalb der Schwarzwaldalp\"\n               data-src=\"https:\/\/www.freimarianne.ch\/wp-content\/gallery\/schwarzwaldalp-21-9-18\/IMG_3237.jpg\"\n               data-thumbnail=\"https:\/\/www.freimarianne.ch\/wp-content\/gallery\/schwarzwaldalp-21-9-18\/thumbs\/thumbs_IMG_3237.jpg\"\n               data-image-id=\"19323\"\n               data-title=\"oberhalb der Schwarzwaldalp\"\n               data-description=\"oberhalb der Schwarzwaldalp\"\n               data-image-slug=\"img_3237-2\"\n               class=\"shutterset_33541\">\n                <img\n                    title=\"oberhalb der Schwarzwaldalp\"\n                    alt=\"oberhalb der Schwarzwaldalp\"\n                    src=\"https:\/\/www.freimarianne.ch\/wp-content\/gallery\/schwarzwaldalp-21-9-18\/thumbs\/thumbs_IMG_3237.jpg\"\n                    width=\"100\"\n                    height=\"75\"\n                    style=\"max-width:100%;\"\n                \/>\n            <\/a>\n        <\/div>\n\t\t\t\t\t\t\t<\/div> \n\t\t\t\n        \n\t\t\t\t<div id=\"ngg-image-3\" class=\"ngg-gallery-thumbnail-box\" >\n\t\t\t\t        <div class=\"ngg-gallery-thumbnail\">\n            <a href=\"https:\/\/www.freimarianne.ch\/wp-content\/gallery\/schwarzwaldalp-21-9-18\/IMG_3239.jpg\"\n               title=\"Rosenhorn 3689m, Mittelhorn 3704m, Wetterhorn 3692m, Scheideggwetterhorn 3361m  ; M\u00f6nch und Eiger\"\n               data-src=\"https:\/\/www.freimarianne.ch\/wp-content\/gallery\/schwarzwaldalp-21-9-18\/IMG_3239.jpg\"\n               data-thumbnail=\"https:\/\/www.freimarianne.ch\/wp-content\/gallery\/schwarzwaldalp-21-9-18\/thumbs\/thumbs_IMG_3239.jpg\"\n               data-image-id=\"19324\"\n               data-title=\"Rosenhorn 3689m, Mittelhorn 3704m, Wetterhorn 3692m, Scheideggwetterhorn 3361m  ; M\u00c3\u00b6nch und Eiger\"\n               data-description=\"Rosenhorn 3689m, Mittelhorn 3704m, Wetterhorn 3692m, Scheideggwetterhorn 3361m  ; M\u00f6nch und Eiger\"\n               data-image-slug=\"img_3239-1\"\n               class=\"shutterset_33541\">\n                <img\n                    title=\"Rosenhorn 3689m, Mittelhorn 3704m, Wetterhorn 3692m, Scheideggwetterhorn 3361m  ; M\u00c3\u00b6nch und Eiger\"\n                    alt=\"Rosenhorn 3689m, Mittelhorn 3704m, Wetterhorn 3692m, Scheideggwetterhorn 3361m  ; M\u00c3\u00b6nch und Eiger\"\n                    src=\"https:\/\/www.freimarianne.ch\/wp-content\/gallery\/schwarzwaldalp-21-9-18\/thumbs\/thumbs_IMG_3239.jpg\"\n                    width=\"100\"\n                    height=\"75\"\n                    style=\"max-width:100%;\"\n                \/>\n            <\/a>\n        <\/div>\n\t\t\t\t\t\t\t<\/div> \n\t\t\t\n        \n\t\t\t\t<div id=\"ngg-image-4\" class=\"ngg-gallery-thumbnail-box\" >\n\t\t\t\t        <div class=\"ngg-gallery-thumbnail\">\n            <a href=\"https:\/\/www.freimarianne.ch\/wp-content\/gallery\/schwarzwaldalp-21-9-18\/IMG_3240.jpg\"\n               title=\"M\u00f6nch und Eiger ragen \u00fcber der grossen Scheidegg hervor\"\n               data-src=\"https:\/\/www.freimarianne.ch\/wp-content\/gallery\/schwarzwaldalp-21-9-18\/IMG_3240.jpg\"\n               data-thumbnail=\"https:\/\/www.freimarianne.ch\/wp-content\/gallery\/schwarzwaldalp-21-9-18\/thumbs\/thumbs_IMG_3240.jpg\"\n               data-image-id=\"19325\"\n               data-title=\"M\u00c3\u00b6nch und Eiger ragen \u00c3\u00bcber der grossen Scheidegg hervor\"\n               data-description=\"M\u00f6nch und Eiger ragen \u00fcber der grossen Scheidegg hervor\"\n               data-image-slug=\"img_3240-1\"\n               class=\"shutterset_33541\">\n                <img\n                    title=\"M\u00c3\u00b6nch und Eiger ragen \u00c3\u00bcber der grossen Scheidegg hervor\"\n                    alt=\"M\u00c3\u00b6nch und Eiger ragen \u00c3\u00bcber der grossen Scheidegg hervor\"\n                    src=\"https:\/\/www.freimarianne.ch\/wp-content\/gallery\/schwarzwaldalp-21-9-18\/thumbs\/thumbs_IMG_3240.jpg\"\n                    width=\"100\"\n                    height=\"75\"\n                    style=\"max-width:100%;\"\n                \/>\n            <\/a>\n        <\/div>\n\t\t\t\t\t\t\t<\/div> \n\t\t\t\n        \n\t\t\t\t<div id=\"ngg-image-5\" class=\"ngg-gallery-thumbnail-box\" >\n\t\t\t\t        <div class=\"ngg-gallery-thumbnail\">\n            <a href=\"https:\/\/www.freimarianne.ch\/wp-content\/gallery\/schwarzwaldalp-21-9-18\/IMG_3243.jpg\"\n               title=\"der Weg hinauf zur Alp Pfanni\"\n               data-src=\"https:\/\/www.freimarianne.ch\/wp-content\/gallery\/schwarzwaldalp-21-9-18\/IMG_3243.jpg\"\n               data-thumbnail=\"https:\/\/www.freimarianne.ch\/wp-content\/gallery\/schwarzwaldalp-21-9-18\/thumbs\/thumbs_IMG_3243.jpg\"\n               data-image-id=\"19326\"\n               data-title=\"der Weg hinauf zur Alp Pfanni\"\n               data-description=\"der Weg hinauf zur Alp Pfanni\"\n               data-image-slug=\"img_3243-1\"\n               class=\"shutterset_33541\">\n                <img\n                    title=\"der Weg hinauf zur Alp Pfanni\"\n                    alt=\"der Weg hinauf zur Alp Pfanni\"\n                    src=\"https:\/\/www.freimarianne.ch\/wp-content\/gallery\/schwarzwaldalp-21-9-18\/thumbs\/thumbs_IMG_3243.jpg\"\n                    width=\"100\"\n                    height=\"75\"\n                    style=\"max-width:100%;\"\n                \/>\n            <\/a>\n        <\/div>\n\t\t\t\t\t\t\t<\/div> \n\t\t\t\n        \n\t\t\t\t<div id=\"ngg-image-6\" class=\"ngg-gallery-thumbnail-box\" >\n\t\t\t\t        <div class=\"ngg-gallery-thumbnail\">\n            <a href=\"https:\/\/www.freimarianne.ch\/wp-content\/gallery\/schwarzwaldalp-21-9-18\/IMG_3246.jpg\"\n               title=\"der Weg hinauf zur Alp Pfanni\"\n               data-src=\"https:\/\/www.freimarianne.ch\/wp-content\/gallery\/schwarzwaldalp-21-9-18\/IMG_3246.jpg\"\n               data-thumbnail=\"https:\/\/www.freimarianne.ch\/wp-content\/gallery\/schwarzwaldalp-21-9-18\/thumbs\/thumbs_IMG_3246.jpg\"\n               data-image-id=\"19327\"\n               data-title=\"der Weg hinauf zur Alp Pfanni\"\n               data-description=\"der Weg hinauf zur Alp Pfanni\"\n               data-image-slug=\"img_3246-2\"\n               class=\"shutterset_33541\">\n                <img\n                    title=\"der Weg hinauf zur Alp Pfanni\"\n                    alt=\"der Weg hinauf zur Alp Pfanni\"\n                    src=\"https:\/\/www.freimarianne.ch\/wp-content\/gallery\/schwarzwaldalp-21-9-18\/thumbs\/thumbs_IMG_3246.jpg\"\n                    width=\"100\"\n                    height=\"75\"\n                    style=\"max-width:100%;\"\n                \/>\n            <\/a>\n        <\/div>\n\t\t\t\t\t\t\t<\/div> \n\t\t\t\n        \n\t\t\t\t<div id=\"ngg-image-7\" class=\"ngg-gallery-thumbnail-box\" >\n\t\t\t\t        <div class=\"ngg-gallery-thumbnail\">\n            <a href=\"https:\/\/www.freimarianne.ch\/wp-content\/gallery\/schwarzwaldalp-21-9-18\/IMG_3254.jpg\"\n               title=\"Alp Pfanni 1778m; der Wasserfall des Pfannibaches\"\n               data-src=\"https:\/\/www.freimarianne.ch\/wp-content\/gallery\/schwarzwaldalp-21-9-18\/IMG_3254.jpg\"\n               data-thumbnail=\"https:\/\/www.freimarianne.ch\/wp-content\/gallery\/schwarzwaldalp-21-9-18\/thumbs\/thumbs_IMG_3254.jpg\"\n               data-image-id=\"19328\"\n               data-title=\"Alp Pfanni 1778m; der Wasserfall des Pfannibaches\"\n               data-description=\"Alp Pfanni 1778m; der Wasserfall des Pfannibaches\"\n               data-image-slug=\"img_3254\"\n               class=\"shutterset_33541\">\n                <img\n                    title=\"Alp Pfanni 1778m; der Wasserfall des Pfannibaches\"\n                    alt=\"Alp Pfanni 1778m; der Wasserfall des Pfannibaches\"\n                    src=\"https:\/\/www.freimarianne.ch\/wp-content\/gallery\/schwarzwaldalp-21-9-18\/thumbs\/thumbs_IMG_3254.jpg\"\n                    width=\"100\"\n                    height=\"75\"\n                    style=\"max-width:100%;\"\n                \/>\n            <\/a>\n        <\/div>\n\t\t\t\t\t\t\t<\/div> \n\t\t\t\n        \n\t\t\t\t<div id=\"ngg-image-8\" class=\"ngg-gallery-thumbnail-box\" >\n\t\t\t\t        <div class=\"ngg-gallery-thumbnail\">\n            <a href=\"https:\/\/www.freimarianne.ch\/wp-content\/gallery\/schwarzwaldalp-21-9-18\/IMG_3258.jpg\"\n               title=\"Alp Pfanni 1778m; der Pfannibach; li Weg hinauf\"\n               data-src=\"https:\/\/www.freimarianne.ch\/wp-content\/gallery\/schwarzwaldalp-21-9-18\/IMG_3258.jpg\"\n               data-thumbnail=\"https:\/\/www.freimarianne.ch\/wp-content\/gallery\/schwarzwaldalp-21-9-18\/thumbs\/thumbs_IMG_3258.jpg\"\n               data-image-id=\"19329\"\n               data-title=\"Alp Pfanni 1778m; der Pfannibach; li Weg hinauf\"\n               data-description=\"Alp Pfanni 1778m; der Pfannibach; li Weg hinauf\"\n               data-image-slug=\"img_3258-2\"\n               class=\"shutterset_33541\">\n                <img\n                    title=\"Alp Pfanni 1778m; der Pfannibach; li Weg hinauf\"\n                    alt=\"Alp Pfanni 1778m; der Pfannibach; li Weg hinauf\"\n                    src=\"https:\/\/www.freimarianne.ch\/wp-content\/gallery\/schwarzwaldalp-21-9-18\/thumbs\/thumbs_IMG_3258.jpg\"\n                    width=\"100\"\n                    height=\"75\"\n                    style=\"max-width:100%;\"\n                \/>\n            <\/a>\n        <\/div>\n\t\t\t\t\t\t\t<\/div> \n\t\t\t\n        \n\t\t\t\t<div id=\"ngg-image-9\" class=\"ngg-gallery-thumbnail-box\" >\n\t\t\t\t        <div class=\"ngg-gallery-thumbnail\">\n            <a href=\"https:\/\/www.freimarianne.ch\/wp-content\/gallery\/schwarzwaldalp-21-9-18\/IMG_3264.jpg\"\n               title=\"Bandspitz oberhalb Alp IOberen Breitenboden\"\n               data-src=\"https:\/\/www.freimarianne.ch\/wp-content\/gallery\/schwarzwaldalp-21-9-18\/IMG_3264.jpg\"\n               data-thumbnail=\"https:\/\/www.freimarianne.ch\/wp-content\/gallery\/schwarzwaldalp-21-9-18\/thumbs\/thumbs_IMG_3264.jpg\"\n               data-image-id=\"19330\"\n               data-title=\"Bandspitz oberhalb Alp IOberen Breitenboden\"\n               data-description=\"Bandspitz oberhalb Alp IOberen Breitenboden\"\n               data-image-slug=\"img_3264-3\"\n               class=\"shutterset_33541\">\n                <img\n                    title=\"Bandspitz oberhalb Alp IOberen Breitenboden\"\n                    alt=\"Bandspitz oberhalb Alp IOberen Breitenboden\"\n                    src=\"https:\/\/www.freimarianne.ch\/wp-content\/gallery\/schwarzwaldalp-21-9-18\/thumbs\/thumbs_IMG_3264.jpg\"\n                    width=\"100\"\n                    height=\"75\"\n                    style=\"max-width:100%;\"\n                \/>\n            <\/a>\n        <\/div>\n\t\t\t\t\t\t\t<\/div> \n\t\t\t\n        \n\t\t\t\t<div id=\"ngg-image-10\" class=\"ngg-gallery-thumbnail-box\" >\n\t\t\t\t        <div class=\"ngg-gallery-thumbnail\">\n            <a href=\"https:\/\/www.freimarianne.ch\/wp-content\/gallery\/schwarzwaldalp-21-9-18\/IMG_3266.jpg\"\n               title=\"Aufstieg zu P.2024m; Engelsh\u00f6rner und Wellhorn\"\n               data-src=\"https:\/\/www.freimarianne.ch\/wp-content\/gallery\/schwarzwaldalp-21-9-18\/IMG_3266.jpg\"\n               data-thumbnail=\"https:\/\/www.freimarianne.ch\/wp-content\/gallery\/schwarzwaldalp-21-9-18\/thumbs\/thumbs_IMG_3266.jpg\"\n               data-image-id=\"19331\"\n               data-title=\"Aufstieg zu P.2024m; Engelsh\u00c3\u00b6rner und Wellhorn\"\n               data-description=\"Aufstieg zu P.2024m; Engelsh\u00f6rner und Wellhorn\"\n               data-image-slug=\"img_3266-1\"\n               class=\"shutterset_33541\">\n                <img\n                    title=\"Aufstieg zu P.2024m; Engelsh\u00c3\u00b6rner und Wellhorn\"\n                    alt=\"Aufstieg zu P.2024m; Engelsh\u00c3\u00b6rner und Wellhorn\"\n                    src=\"https:\/\/www.freimarianne.ch\/wp-content\/gallery\/schwarzwaldalp-21-9-18\/thumbs\/thumbs_IMG_3266.jpg\"\n                    width=\"100\"\n                    height=\"75\"\n                    style=\"max-width:100%;\"\n                \/>\n            <\/a>\n        <\/div>\n\t\t\t\t\t\t\t<\/div> \n\t\t\t\n        \n\t\t\t\t<div id=\"ngg-image-11\" class=\"ngg-gallery-thumbnail-box\" >\n\t\t\t\t        <div class=\"ngg-gallery-thumbnail\">\n            <a href=\"https:\/\/www.freimarianne.ch\/wp-content\/gallery\/schwarzwaldalp-21-9-18\/IMG_3270.jpg\"\n               title=\"Aufsieig zu P.2008m\"\n               data-src=\"https:\/\/www.freimarianne.ch\/wp-content\/gallery\/schwarzwaldalp-21-9-18\/IMG_3270.jpg\"\n               data-thumbnail=\"https:\/\/www.freimarianne.ch\/wp-content\/gallery\/schwarzwaldalp-21-9-18\/thumbs\/thumbs_IMG_3270.jpg\"\n               data-image-id=\"19332\"\n               data-title=\"Aufsieig zu P.2008m\"\n               data-description=\"Aufsieig zu P.2008m\"\n               data-image-slug=\"img_3270-1\"\n               class=\"shutterset_33541\">\n                <img\n                    title=\"Aufsieig zu P.2008m\"\n                    alt=\"Aufsieig zu P.2008m\"\n                    src=\"https:\/\/www.freimarianne.ch\/wp-content\/gallery\/schwarzwaldalp-21-9-18\/thumbs\/thumbs_IMG_3270.jpg\"\n                    width=\"100\"\n                    height=\"75\"\n                    style=\"max-width:100%;\"\n                \/>\n            <\/a>\n        <\/div>\n\t\t\t\t\t\t\t<\/div> \n\t\t\t\n        \n\t\t\t\t<div id=\"ngg-image-12\" class=\"ngg-gallery-thumbnail-box\" >\n\t\t\t\t        <div class=\"ngg-gallery-thumbnail\">\n            <a href=\"https:\/\/www.freimarianne.ch\/wp-content\/gallery\/schwarzwaldalp-21-9-18\/IMG_3277.jpg\"\n               title=\"auf der H\u00f6he der Alp Im Obersten Breitenfeld; Schwarzhorn 2928m, Wildg\u00e4rst 2890m,P.2685m, P. 2713m; vorne: Am H\u00e4ngenden Wang\"\n               data-src=\"https:\/\/www.freimarianne.ch\/wp-content\/gallery\/schwarzwaldalp-21-9-18\/IMG_3277.jpg\"\n               data-thumbnail=\"https:\/\/www.freimarianne.ch\/wp-content\/gallery\/schwarzwaldalp-21-9-18\/thumbs\/thumbs_IMG_3277.jpg\"\n               data-image-id=\"19333\"\n               data-title=\"auf der H\u00c3\u00b6he der Alp Im Obersten Breitenfeld; Schwarzhorn 2928m, Wildg\u00c3\u00a4rst 2890m,P.2685m, P. 2713m; vorne: Am H\u00c3\u00a4ngenden Wang\"\n               data-description=\"auf der H\u00f6he der Alp Im Obersten Breitenfeld; Schwarzhorn 2928m, Wildg\u00e4rst 2890m,P.2685m, P. 2713m; vorne: Am H\u00e4ngenden Wang\"\n               data-image-slug=\"img_3277-1\"\n               class=\"shutterset_33541\">\n                <img\n                    title=\"auf der H\u00c3\u00b6he der Alp Im Obersten Breitenfeld; Schwarzhorn 2928m, Wildg\u00c3\u00a4rst 2890m,P.2685m, P. 2713m; vorne: Am H\u00c3\u00a4ngenden Wang\"\n                    alt=\"auf der H\u00c3\u00b6he der Alp Im Obersten Breitenfeld; Schwarzhorn 2928m, Wildg\u00c3\u00a4rst 2890m,P.2685m, P. 2713m; vorne: Am H\u00c3\u00a4ngenden Wang\"\n                    src=\"https:\/\/www.freimarianne.ch\/wp-content\/gallery\/schwarzwaldalp-21-9-18\/thumbs\/thumbs_IMG_3277.jpg\"\n                    width=\"100\"\n                    height=\"75\"\n                    style=\"max-width:100%;\"\n                \/>\n            <\/a>\n        <\/div>\n\t\t\t\t\t\t\t<\/div> \n\t\t\t\n        \n\t\t\t\t<div id=\"ngg-image-13\" class=\"ngg-gallery-thumbnail-box\" >\n\t\t\t\t        <div class=\"ngg-gallery-thumbnail\">\n            <a href=\"https:\/\/www.freimarianne.ch\/wp-content\/gallery\/schwarzwaldalp-21-9-18\/IMG_3281.jpg\"\n               title=\"ENGELH\u00d6RNER\"\n               data-src=\"https:\/\/www.freimarianne.ch\/wp-content\/gallery\/schwarzwaldalp-21-9-18\/IMG_3281.jpg\"\n               data-thumbnail=\"https:\/\/www.freimarianne.ch\/wp-content\/gallery\/schwarzwaldalp-21-9-18\/thumbs\/thumbs_IMG_3281.jpg\"\n               data-image-id=\"19334\"\n               data-title=\"ENGELH\u00c3\u0096RNER\"\n               data-description=\"ENGELH\u00d6RNER\"\n               data-image-slug=\"img_3281-1\"\n               class=\"shutterset_33541\">\n                <img\n                    title=\"ENGELH\u00c3\u0096RNER\"\n                    alt=\"ENGELH\u00c3\u0096RNER\"\n                    src=\"https:\/\/www.freimarianne.ch\/wp-content\/gallery\/schwarzwaldalp-21-9-18\/thumbs\/thumbs_IMG_3281.jpg\"\n                    width=\"100\"\n                    height=\"75\"\n                    style=\"max-width:100%;\"\n                \/>\n            <\/a>\n        <\/div>\n\t\t\t\t\t\t\t<\/div> \n\t\t\t\n        \n\t\t\t\t<div id=\"ngg-image-14\" class=\"ngg-gallery-thumbnail-box\" >\n\t\t\t\t        <div class=\"ngg-gallery-thumbnail\">\n            <a href=\"https:\/\/www.freimarianne.ch\/wp-content\/gallery\/schwarzwaldalp-21-9-18\/IMG_3284.jpg\"\n               title=\"Fr\u00fchlingsenzianen im Herbst\"\n               data-src=\"https:\/\/www.freimarianne.ch\/wp-content\/gallery\/schwarzwaldalp-21-9-18\/IMG_3284.jpg\"\n               data-thumbnail=\"https:\/\/www.freimarianne.ch\/wp-content\/gallery\/schwarzwaldalp-21-9-18\/thumbs\/thumbs_IMG_3284.jpg\"\n               data-image-id=\"19335\"\n               data-title=\"Fr\u00c3\u00bchlingsenzianen im Herbst\"\n               data-description=\"Fr\u00fchlingsenzianen im Herbst\"\n               data-image-slug=\"img_3284-2\"\n               class=\"shutterset_33541\">\n                <img\n                    title=\"Fr\u00c3\u00bchlingsenzianen im Herbst\"\n                    alt=\"Fr\u00c3\u00bchlingsenzianen im Herbst\"\n                    src=\"https:\/\/www.freimarianne.ch\/wp-content\/gallery\/schwarzwaldalp-21-9-18\/thumbs\/thumbs_IMG_3284.jpg\"\n                    width=\"100\"\n                    height=\"75\"\n                    style=\"max-width:100%;\"\n                \/>\n            <\/a>\n        <\/div>\n\t\t\t\t\t\t\t<\/div> \n\t\t\t\n        \n\t\t\t\t<div id=\"ngg-image-15\" class=\"ngg-gallery-thumbnail-box\" >\n\t\t\t\t        <div class=\"ngg-gallery-thumbnail\">\n            <a href=\"https:\/\/www.freimarianne.ch\/wp-content\/gallery\/schwarzwaldalp-21-9-18\/IMG_3286.jpg\"\n               title=\"Bruni beim Aufstieg auf das Grindelband; mit Schwarzhorn, G\u00e4rsthorn\"\n               data-src=\"https:\/\/www.freimarianne.ch\/wp-content\/gallery\/schwarzwaldalp-21-9-18\/IMG_3286.jpg\"\n               data-thumbnail=\"https:\/\/www.freimarianne.ch\/wp-content\/gallery\/schwarzwaldalp-21-9-18\/thumbs\/thumbs_IMG_3286.jpg\"\n               data-image-id=\"19336\"\n               data-title=\"Bruni beim Aufstieg auf das Grindelband; mit Schwarzhorn, G\u00c3\u00a4rsthorn\"\n               data-description=\"Bruni beim Aufstieg auf das Grindelband; mit Schwarzhorn, G\u00e4rsthorn\"\n               data-image-slug=\"img_3286-2\"\n               class=\"shutterset_33541\">\n                <img\n                    title=\"Bruni beim Aufstieg auf das Grindelband; mit Schwarzhorn, G\u00c3\u00a4rsthorn\"\n                    alt=\"Bruni beim Aufstieg auf das Grindelband; mit Schwarzhorn, G\u00c3\u00a4rsthorn\"\n                    src=\"https:\/\/www.freimarianne.ch\/wp-content\/gallery\/schwarzwaldalp-21-9-18\/thumbs\/thumbs_IMG_3286.jpg\"\n                    width=\"100\"\n                    height=\"75\"\n                    style=\"max-width:100%;\"\n                \/>\n            <\/a>\n        <\/div>\n\t\t\t\t\t\t\t<\/div> \n\t\t\t\n        \n\t\t\t\t<div id=\"ngg-image-16\" class=\"ngg-gallery-thumbnail-box\" >\n\t\t\t\t        <div class=\"ngg-gallery-thumbnail\">\n            <a href=\"https:\/\/www.freimarianne.ch\/wp-content\/gallery\/schwarzwaldalp-21-9-18\/IMG_3291.jpg\"\n               title=\"li Pfaffenhuet 3009m, Titlis 3238m, Gross Spannort 3198m, F\u00fcnffingerstock 2998m; re Engelh\u00f6rner\"\n               data-src=\"https:\/\/www.freimarianne.ch\/wp-content\/gallery\/schwarzwaldalp-21-9-18\/IMG_3291.jpg\"\n               data-thumbnail=\"https:\/\/www.freimarianne.ch\/wp-content\/gallery\/schwarzwaldalp-21-9-18\/thumbs\/thumbs_IMG_3291.jpg\"\n               data-image-id=\"19337\"\n               data-title=\"li Pfaffenhuet 3009m, Titlis 3238m, Gross Spannort 3198m, F\u00c3\u00bcnffingerstock 2998m; re Engelh\u00c3\u00b6rner\"\n               data-description=\"li Pfaffenhuet 3009m, Titlis 3238m, Gross Spannort 3198m, F\u00fcnffingerstock 2998m; re Engelh\u00f6rner\"\n               data-image-slug=\"img_3291-3\"\n               class=\"shutterset_33541\">\n                <img\n                    title=\"li Pfaffenhuet 3009m, Titlis 3238m, Gross Spannort 3198m, F\u00c3\u00bcnffingerstock 2998m; re Engelh\u00c3\u00b6rner\"\n                    alt=\"li Pfaffenhuet 3009m, Titlis 3238m, Gross Spannort 3198m, F\u00c3\u00bcnffingerstock 2998m; re Engelh\u00c3\u00b6rner\"\n                    src=\"https:\/\/www.freimarianne.ch\/wp-content\/gallery\/schwarzwaldalp-21-9-18\/thumbs\/thumbs_IMG_3291.jpg\"\n                    width=\"100\"\n                    height=\"75\"\n                    style=\"max-width:100%;\"\n                \/>\n            <\/a>\n        <\/div>\n\t\t\t\t\t\t\t<\/div> \n\t\t\t\n        \n\t\t\t\t<div id=\"ngg-image-17\" class=\"ngg-gallery-thumbnail-box\" >\n\t\t\t\t        <div class=\"ngg-gallery-thumbnail\">\n            <a href=\"https:\/\/www.freimarianne.ch\/wp-content\/gallery\/schwarzwaldalp-21-9-18\/IMG_3294.jpg\"\n               title=\"Ochs 3895m, Gross Fieschhorn 4049m, Fiescherh\u00f6rner 4094m, Trugberg 3933m, M\u00f6nch 4107m, Eiger 3970m\"\n               data-src=\"https:\/\/www.freimarianne.ch\/wp-content\/gallery\/schwarzwaldalp-21-9-18\/IMG_3294.jpg\"\n               data-thumbnail=\"https:\/\/www.freimarianne.ch\/wp-content\/gallery\/schwarzwaldalp-21-9-18\/thumbs\/thumbs_IMG_3294.jpg\"\n               data-image-id=\"19338\"\n               data-title=\"Ochs 3895m, Gross Fieschhorn 4049m, Fiescherh\u00c3\u00b6rner 4094m, Trugberg 3933m, M\u00c3\u00b6nch 4107m, Eiger 3970m\"\n               data-description=\"Ochs 3895m, Gross Fieschhorn 4049m, Fiescherh\u00f6rner 4094m, Trugberg 3933m, M\u00f6nch 4107m, Eiger 3970m\"\n               data-image-slug=\"img_3294\"\n               class=\"shutterset_33541\">\n                <img\n                    title=\"Ochs 3895m, Gross Fieschhorn 4049m, Fiescherh\u00c3\u00b6rner 4094m, Trugberg 3933m, M\u00c3\u00b6nch 4107m, Eiger 3970m\"\n                    alt=\"Ochs 3895m, Gross Fieschhorn 4049m, Fiescherh\u00c3\u00b6rner 4094m, Trugberg 3933m, M\u00c3\u00b6nch 4107m, Eiger 3970m\"\n                    src=\"https:\/\/www.freimarianne.ch\/wp-content\/gallery\/schwarzwaldalp-21-9-18\/thumbs\/thumbs_IMG_3294.jpg\"\n                    width=\"100\"\n                    height=\"75\"\n                    style=\"max-width:100%;\"\n                \/>\n            <\/a>\n        <\/div>\n\t\t\t\t\t\t\t<\/div> \n\t\t\t\n        \n\t\t\t\t<div id=\"ngg-image-18\" class=\"ngg-gallery-thumbnail-box\" >\n\t\t\t\t        <div class=\"ngg-gallery-thumbnail\">\n            <a href=\"https:\/\/www.freimarianne.ch\/wp-content\/gallery\/schwarzwaldalp-21-9-18\/IMG_3299.jpg\"\n               title=\"Marianne oberhalb Hornseeli, Fiescherh\u00f6rner\"\n               data-src=\"https:\/\/www.freimarianne.ch\/wp-content\/gallery\/schwarzwaldalp-21-9-18\/IMG_3299.jpg\"\n               data-thumbnail=\"https:\/\/www.freimarianne.ch\/wp-content\/gallery\/schwarzwaldalp-21-9-18\/thumbs\/thumbs_IMG_3299.jpg\"\n               data-image-id=\"19339\"\n               data-title=\"Marianne oberhalb Hornseeli, Fiescherh\u00c3\u00b6rner\"\n               data-description=\"Marianne oberhalb Hornseeli, Fiescherh\u00f6rner\"\n               data-image-slug=\"img_3299-1\"\n               class=\"shutterset_33541\">\n                <img\n                    title=\"Marianne oberhalb Hornseeli, Fiescherh\u00c3\u00b6rner\"\n                    alt=\"Marianne oberhalb Hornseeli, Fiescherh\u00c3\u00b6rner\"\n                    src=\"https:\/\/www.freimarianne.ch\/wp-content\/gallery\/schwarzwaldalp-21-9-18\/thumbs\/thumbs_IMG_3299.jpg\"\n                    width=\"100\"\n                    height=\"75\"\n                    style=\"max-width:100%;\"\n                \/>\n            <\/a>\n        <\/div>\n\t\t\t\t\t\t\t<\/div> \n\t\t\t\n        \n\t\t\t\t<div id=\"ngg-image-19\" class=\"ngg-gallery-thumbnail-box\" >\n\t\t\t\t        <div class=\"ngg-gallery-thumbnail\">\n            <a href=\"https:\/\/www.freimarianne.ch\/wp-content\/gallery\/schwarzwaldalp-21-9-18\/IMG_3303.jpg\"\n               title=\"Hornseeli 2147m; Wellhorn, Mettenberg, Eiger\"\n               data-src=\"https:\/\/www.freimarianne.ch\/wp-content\/gallery\/schwarzwaldalp-21-9-18\/IMG_3303.jpg\"\n               data-thumbnail=\"https:\/\/www.freimarianne.ch\/wp-content\/gallery\/schwarzwaldalp-21-9-18\/thumbs\/thumbs_IMG_3303.jpg\"\n               data-image-id=\"19340\"\n               data-title=\"Hornseeli 2147m; Wellhorn, Mettenberg, Eiger\"\n               data-description=\"Hornseeli 2147m; Wellhorn, Mettenberg, Eiger\"\n               data-image-slug=\"img_3303\"\n               class=\"shutterset_33541\">\n                <img\n                    title=\"Hornseeli 2147m; Wellhorn, Mettenberg, Eiger\"\n                    alt=\"Hornseeli 2147m; Wellhorn, Mettenberg, Eiger\"\n                    src=\"https:\/\/www.freimarianne.ch\/wp-content\/gallery\/schwarzwaldalp-21-9-18\/thumbs\/thumbs_IMG_3303.jpg\"\n                    width=\"100\"\n                    height=\"75\"\n                    style=\"max-width:100%;\"\n                \/>\n            <\/a>\n        <\/div>\n\t\t\t\t\t\t\t<\/div> \n\t\t\t\n        \n\t\t\t\t<div id=\"ngg-image-20\" class=\"ngg-gallery-thumbnail-box\" >\n\t\t\t\t        <div class=\"ngg-gallery-thumbnail\">\n            <a href=\"https:\/\/www.freimarianne.ch\/wp-content\/gallery\/schwarzwaldalp-21-9-18\/IMG_3306.jpg\"\n               title=\"Marianne am Hornseeli 2147m mit Eiger\"\n               data-src=\"https:\/\/www.freimarianne.ch\/wp-content\/gallery\/schwarzwaldalp-21-9-18\/IMG_3306.jpg\"\n               data-thumbnail=\"https:\/\/www.freimarianne.ch\/wp-content\/gallery\/schwarzwaldalp-21-9-18\/thumbs\/thumbs_IMG_3306.jpg\"\n               data-image-id=\"19341\"\n               data-title=\"Marianne am Hornseeli 2147m mit Eiger\"\n               data-description=\"Marianne am Hornseeli 2147m mit Eiger\"\n               data-image-slug=\"img_3306-3\"\n               class=\"shutterset_33541\">\n                <img\n                    title=\"Marianne am Hornseeli 2147m mit Eiger\"\n                    alt=\"Marianne am Hornseeli 2147m mit Eiger\"\n                    src=\"https:\/\/www.freimarianne.ch\/wp-content\/gallery\/schwarzwaldalp-21-9-18\/thumbs\/thumbs_IMG_3306.jpg\"\n                    width=\"100\"\n                    height=\"75\"\n                    style=\"max-width:100%;\"\n                \/>\n            <\/a>\n        <\/div>\n\t\t\t\t\t\t\t<\/div> \n\t\t\t\n        \n\t\t\t\t<div id=\"ngg-image-21\" class=\"ngg-gallery-thumbnail-box\" >\n\t\t\t\t        <div class=\"ngg-gallery-thumbnail\">\n            <a href=\"https:\/\/www.freimarianne.ch\/wp-content\/gallery\/schwarzwaldalp-21-9-18\/IMG_3309.jpg\"\n               title=\"Hornseeli 2147m\"\n               data-src=\"https:\/\/www.freimarianne.ch\/wp-content\/gallery\/schwarzwaldalp-21-9-18\/IMG_3309.jpg\"\n               data-thumbnail=\"https:\/\/www.freimarianne.ch\/wp-content\/gallery\/schwarzwaldalp-21-9-18\/thumbs\/thumbs_IMG_3309.jpg\"\n               data-image-id=\"19342\"\n               data-title=\"Hornseeli 2147m\"\n               data-description=\"Hornseeli 2147m\"\n               data-image-slug=\"img_3309-3\"\n               class=\"shutterset_33541\">\n                <img\n                    title=\"Hornseeli 2147m\"\n                    alt=\"Hornseeli 2147m\"\n                    src=\"https:\/\/www.freimarianne.ch\/wp-content\/gallery\/schwarzwaldalp-21-9-18\/thumbs\/thumbs_IMG_3309.jpg\"\n                    width=\"100\"\n                    height=\"75\"\n                    style=\"max-width:100%;\"\n                \/>\n            <\/a>\n        <\/div>\n\t\t\t\t\t\t\t<\/div> \n\t\t\t\n        \n\t\t\t\t<div id=\"ngg-image-22\" class=\"ngg-gallery-thumbnail-box\" >\n\t\t\t\t        <div class=\"ngg-gallery-thumbnail\">\n            <a href=\"https:\/\/www.freimarianne.ch\/wp-content\/gallery\/schwarzwaldalp-21-9-18\/IMG_3311.jpg\"\n               title=\"hi Ochs 3895m, Gross Fieschhorn 4049m; Ob. Grindelwaldgletscher\"\n               data-src=\"https:\/\/www.freimarianne.ch\/wp-content\/gallery\/schwarzwaldalp-21-9-18\/IMG_3311.jpg\"\n               data-thumbnail=\"https:\/\/www.freimarianne.ch\/wp-content\/gallery\/schwarzwaldalp-21-9-18\/thumbs\/thumbs_IMG_3311.jpg\"\n               data-image-id=\"19343\"\n               data-title=\"hi Ochs 3895m, Gross Fieschhorn 4049m; Ob. Grindelwaldgletscher\"\n               data-description=\"hi Ochs 3895m, Gross Fieschhorn 4049m; Ob. Grindelwaldgletscher\"\n               data-image-slug=\"img_3311\"\n               class=\"shutterset_33541\">\n                <img\n                    title=\"hi Ochs 3895m, Gross Fieschhorn 4049m; Ob. Grindelwaldgletscher\"\n                    alt=\"hi Ochs 3895m, Gross Fieschhorn 4049m; Ob. Grindelwaldgletscher\"\n                    src=\"https:\/\/www.freimarianne.ch\/wp-content\/gallery\/schwarzwaldalp-21-9-18\/thumbs\/thumbs_IMG_3311.jpg\"\n                    width=\"100\"\n                    height=\"75\"\n                    style=\"max-width:100%;\"\n                \/>\n            <\/a>\n        <\/div>\n\t\t\t\t\t\t\t<\/div> \n\t\t\t\n        \n\t\t\t\t<div id=\"ngg-image-23\" class=\"ngg-gallery-thumbnail-box\" >\n\t\t\t\t        <div class=\"ngg-gallery-thumbnail\">\n            <a href=\"https:\/\/www.freimarianne.ch\/wp-content\/gallery\/schwarzwaldalp-21-9-18\/IMG_3313.jpg\"\n               title=\"Blick auf die Grosse Scheidegg; Mettenberg und Eiger 3970m\"\n               data-src=\"https:\/\/www.freimarianne.ch\/wp-content\/gallery\/schwarzwaldalp-21-9-18\/IMG_3313.jpg\"\n               data-thumbnail=\"https:\/\/www.freimarianne.ch\/wp-content\/gallery\/schwarzwaldalp-21-9-18\/thumbs\/thumbs_IMG_3313.jpg\"\n               data-image-id=\"19344\"\n               data-title=\"Blick auf die Grosse Scheidegg; Mettenberg und Eiger 3970m\"\n               data-description=\"Blick auf die Grosse Scheidegg; Mettenberg und Eiger 3970m\"\n               data-image-slug=\"img_3313-16\"\n               class=\"shutterset_33541\">\n                <img\n                    title=\"Blick auf die Grosse Scheidegg; Mettenberg und Eiger 3970m\"\n                    alt=\"Blick auf die Grosse Scheidegg; Mettenberg und Eiger 3970m\"\n                    src=\"https:\/\/www.freimarianne.ch\/wp-content\/gallery\/schwarzwaldalp-21-9-18\/thumbs\/thumbs_IMG_3313.jpg\"\n                    width=\"100\"\n                    height=\"75\"\n                    style=\"max-width:100%;\"\n                \/>\n            <\/a>\n        <\/div>\n\t\t\t\t\t\t\t<\/div> \n\t\t\t\n        \n\t\t\t\t<div id=\"ngg-image-24\" class=\"ngg-gallery-thumbnail-box\" >\n\t\t\t\t        <div class=\"ngg-gallery-thumbnail\">\n            <a href=\"https:\/\/www.freimarianne.ch\/wp-content\/gallery\/schwarzwaldalp-21-9-18\/IMG_3322.jpg\"\n               title=\"Scheidegg Oberl\u00e4ger 1950m; hi Pfaffenhuet 3009m, Titlis 3238m, Gross Spannort 3198m, F\u00fcnffingerstock 2998m\"\n               data-src=\"https:\/\/www.freimarianne.ch\/wp-content\/gallery\/schwarzwaldalp-21-9-18\/IMG_3322.jpg\"\n               data-thumbnail=\"https:\/\/www.freimarianne.ch\/wp-content\/gallery\/schwarzwaldalp-21-9-18\/thumbs\/thumbs_IMG_3322.jpg\"\n               data-image-id=\"19345\"\n               data-title=\"Scheidegg Oberl\u00c3\u00a4ger 1950m; hi Pfaffenhuet 3009m, Titlis 3238m, Gross Spannort 3198m, F\u00c3\u00bcnffingerstock 2998m\"\n               data-description=\"Scheidegg Oberl\u00e4ger 1950m; hi Pfaffenhuet 3009m, Titlis 3238m, Gross Spannort 3198m, F\u00fcnffingerstock 2998m\"\n               data-image-slug=\"img_3322-1\"\n               class=\"shutterset_33541\">\n                <img\n                    title=\"Scheidegg Oberl\u00c3\u00a4ger 1950m; hi Pfaffenhuet 3009m, Titlis 3238m, Gross Spannort 3198m, F\u00c3\u00bcnffingerstock 2998m\"\n                    alt=\"Scheidegg Oberl\u00c3\u00a4ger 1950m; hi Pfaffenhuet 3009m, Titlis 3238m, Gross Spannort 3198m, F\u00c3\u00bcnffingerstock 2998m\"\n                    src=\"https:\/\/www.freimarianne.ch\/wp-content\/gallery\/schwarzwaldalp-21-9-18\/thumbs\/thumbs_IMG_3322.jpg\"\n                    width=\"100\"\n                    height=\"75\"\n                    style=\"max-width:100%;\"\n                \/>\n            <\/a>\n        <\/div>\n\t\t\t\t\t\t\t<\/div> \n\t\t\t\n        \n\t\t\t\t<div id=\"ngg-image-25\" class=\"ngg-gallery-thumbnail-box\" >\n\t\t\t\t        <div class=\"ngg-gallery-thumbnail\">\n            <a href=\"https:\/\/www.freimarianne.ch\/wp-content\/gallery\/schwarzwaldalp-21-9-18\/IMG_3328.jpg\"\n               title=\"Blick ins Reichenbalchtal\"\n               data-src=\"https:\/\/www.freimarianne.ch\/wp-content\/gallery\/schwarzwaldalp-21-9-18\/IMG_3328.jpg\"\n               data-thumbnail=\"https:\/\/www.freimarianne.ch\/wp-content\/gallery\/schwarzwaldalp-21-9-18\/thumbs\/thumbs_IMG_3328.jpg\"\n               data-image-id=\"19346\"\n               data-title=\"Blick ins Reichenbalchtal\"\n               data-description=\"Blick ins Reichenbalchtal\"\n               data-image-slug=\"img_3328\"\n               class=\"shutterset_33541\">\n                <img\n                    title=\"Blick ins Reichenbalchtal\"\n                    alt=\"Blick ins Reichenbalchtal\"\n                    src=\"https:\/\/www.freimarianne.ch\/wp-content\/gallery\/schwarzwaldalp-21-9-18\/thumbs\/thumbs_IMG_3328.jpg\"\n                    width=\"100\"\n                    height=\"75\"\n                    style=\"max-width:100%;\"\n                \/>\n            <\/a>\n        <\/div>\n\t\t\t\t\t\t\t<\/div> \n\t\t\t\n        \n\t\t\t\t<div id=\"ngg-image-26\" class=\"ngg-gallery-thumbnail-box\" >\n\t\t\t\t        <div class=\"ngg-gallery-thumbnail\">\n            <a href=\"https:\/\/www.freimarianne.ch\/wp-content\/gallery\/schwarzwaldalp-21-9-18\/IMG_3334.jpg\"\n               title=\"Wetterhorn mit Postauto\"\n               data-src=\"https:\/\/www.freimarianne.ch\/wp-content\/gallery\/schwarzwaldalp-21-9-18\/IMG_3334.jpg\"\n               data-thumbnail=\"https:\/\/www.freimarianne.ch\/wp-content\/gallery\/schwarzwaldalp-21-9-18\/thumbs\/thumbs_IMG_3334.jpg\"\n               data-image-id=\"19347\"\n               data-title=\"Wetterhorn mit Postauto\"\n               data-description=\"Wetterhorn mit Postauto\"\n               data-image-slug=\"img_3334-3\"\n               class=\"shutterset_33541\">\n                <img\n                    title=\"Wetterhorn mit Postauto\"\n                    alt=\"Wetterhorn mit Postauto\"\n                    src=\"https:\/\/www.freimarianne.ch\/wp-content\/gallery\/schwarzwaldalp-21-9-18\/thumbs\/thumbs_IMG_3334.jpg\"\n                    width=\"100\"\n                    height=\"75\"\n                    style=\"max-width:100%;\"\n                \/>\n            <\/a>\n        <\/div>\n\t\t\t\t\t\t\t<\/div> \n\t\t\t\n        \n\t\t\t\t<div id=\"ngg-image-27\" class=\"ngg-gallery-thumbnail-box\" >\n\t\t\t\t        <div class=\"ngg-gallery-thumbnail\">\n            <a href=\"https:\/\/www.freimarianne.ch\/wp-content\/gallery\/schwarzwaldalp-21-9-18\/IMG_3336.jpg\"\n               title=\"beim Abstieg zum Ob.Gletscher; Mettenberg und Eiger\"\n               data-src=\"https:\/\/www.freimarianne.ch\/wp-content\/gallery\/schwarzwaldalp-21-9-18\/IMG_3336.jpg\"\n               data-thumbnail=\"https:\/\/www.freimarianne.ch\/wp-content\/gallery\/schwarzwaldalp-21-9-18\/thumbs\/thumbs_IMG_3336.jpg\"\n               data-image-id=\"19348\"\n               data-title=\"beim Abstieg zum Ob.Gletscher; Mettenberg und Eiger\"\n               data-description=\"beim Abstieg zum Ob.Gletscher; Mettenberg und Eiger\"\n               data-image-slug=\"img_3336-1\"\n               class=\"shutterset_33541\">\n                <img\n                    title=\"beim Abstieg zum Ob.Gletscher; Mettenberg und Eiger\"\n                    alt=\"beim Abstieg zum Ob.Gletscher; Mettenberg und Eiger\"\n                    src=\"https:\/\/www.freimarianne.ch\/wp-content\/gallery\/schwarzwaldalp-21-9-18\/thumbs\/thumbs_IMG_3336.jpg\"\n                    width=\"100\"\n                    height=\"75\"\n                    style=\"max-width:100%;\"\n                \/>\n            <\/a>\n        <\/div>\n\t\t\t\t\t\t\t<\/div> \n\t\t\t\n        \n\t\t\t\t<div id=\"ngg-image-28\" class=\"ngg-gallery-thumbnail-box\" >\n\t\t\t\t        <div class=\"ngg-gallery-thumbnail\">\n            <a href=\"https:\/\/www.freimarianne.ch\/wp-content\/gallery\/schwarzwaldalp-21-9-18\/IMG_3344.jpg\"\n               title=\"beim Abstieg zum Ob.Gletscher\"\n               data-src=\"https:\/\/www.freimarianne.ch\/wp-content\/gallery\/schwarzwaldalp-21-9-18\/IMG_3344.jpg\"\n               data-thumbnail=\"https:\/\/www.freimarianne.ch\/wp-content\/gallery\/schwarzwaldalp-21-9-18\/thumbs\/thumbs_IMG_3344.jpg\"\n               data-image-id=\"19349\"\n               data-title=\"beim Abstieg zum Ob.Gletscher\"\n               data-description=\"beim Abstieg zum Ob.Gletscher\"\n               data-image-slug=\"img_3344\"\n               class=\"shutterset_33541\">\n                <img\n                    title=\"beim Abstieg zum Ob.Gletscher\"\n                    alt=\"beim Abstieg zum Ob.Gletscher\"\n                    src=\"https:\/\/www.freimarianne.ch\/wp-content\/gallery\/schwarzwaldalp-21-9-18\/thumbs\/thumbs_IMG_3344.jpg\"\n                    width=\"100\"\n                    height=\"75\"\n                    style=\"max-width:100%;\"\n                \/>\n            <\/a>\n        <\/div>\n\t\t\t\t\t\t\t<\/div> \n\t\t\t\n        \n\t\t\n\t\t<!-- Pagination -->\n\t<div class='ngg-clear'><\/div>\t<\/div>\n<\/p>\n","protected":false},"excerpt":{"rendered":"<p>Bergwanderung von der Schwarzwaldalp \u00fcber Pfanni und Hornseeli zur Grossen Scheidegg und hinunter zum Oberen Gletscher Restaurant Heute k\u00f6nnte der letzte Sommertag dieses Jahres sein! Ich m\u00f6chte die schon lang geplante Wanderung von der Schwarzwaldalp \u00fcber Pfanni, Hornseeli, Grosse Scheidegg zur Haltestelle Oberen Gletscher machen. Nach einer sch\u00f6nen Panoramafahrt \u00fcber den Br\u00fcnig und das Reichenbachtal [&hellip;]<\/p>\n","protected":false},"author":1,"featured_media":0,"parent":32741,"menu_order":9,"comment_status":"closed","ping_status":"closed","template":"","meta":{"ngg_post_thumbnail":0},"_links":{"self":[{"href":"https:\/\/www.freimarianne.ch\/index.php?rest_route=\/wp\/v2\/pages\/33179"}],"collection":[{"href":"https:\/\/www.freimarianne.ch\/index.php?rest_route=\/wp\/v2\/pages"}],"about":[{"href":"https:\/\/www.freimarianne.ch\/index.php?rest_route=\/wp\/v2\/types\/page"}],"author":[{"embeddable":true,"href":"https:\/\/www.freimarianne.ch\/index.php?rest_route=\/wp\/v2\/users\/1"}],"replies":[{"embeddable":true,"href":"https:\/\/www.freimarianne.ch\/index.php?rest_route=%2Fwp%2Fv2%2Fcomments&post=33179"}],"version-history":[{"count":5,"href":"https:\/\/www.freimarianne.ch\/index.php?rest_route=\/wp\/v2\/pages\/33179\/revisions"}],"predecessor-version":[{"id":33543,"href":"https:\/\/www.freimarianne.ch\/index.php?rest_route=\/wp\/v2\/pages\/33179\/revisions\/33543"}],"up":[{"embeddable":true,"href":"https:\/\/www.freimarianne.ch\/index.php?rest_route=\/wp\/v2\/pages\/32741"}],"wp:attachment":[{"href":"https:\/\/www.freimarianne.ch\/index.php?rest_route=%2Fwp%2Fv2%2Fmedia&parent=33179"}],"curies":[{"name":"wp","href":"https:\/\/api.w.org\/{rel}","templated":true}]}}