{"id":34453,"date":"2018-11-18T14:55:08","date_gmt":"2018-11-18T13:55:08","guid":{"rendered":"http:\/\/www.freimarianne.ch\/?page_id=34453"},"modified":"2018-11-25T09:41:52","modified_gmt":"2018-11-25T08:41:52","slug":"seewisprattigau-gr-15-11-2018","status":"publish","type":"page","link":"https:\/\/www.freimarianne.ch\/?page_id=34453","title":{"rendered":"Seewis,Pr\u00e4ttigau  GR 15.11.2018"},"content":{"rendered":"<p><strong>Wanderung von Seewis durch das Islastal, auf den Crupspitz, den Fad\u00e4rastein und \u00fcber Seewis hinunter nach Gr\u00fcsch<\/strong><\/p>\n<div id=\"attachment_34451\" style=\"width: 510px\" class=\"wp-caption alignleft\"><img aria-describedby=\"caption-attachment-34451\" loading=\"lazy\" class=\"size-full wp-image-34451\" src=\"http:\/\/www.freimarianne.ch\/wp-content\/uploads\/2018\/11\/IMG_5541_seewis_500.jpg\" alt=\"\" width=\"500\" height=\"333\" srcset=\"https:\/\/www.freimarianne.ch\/wp-content\/uploads\/2018\/11\/IMG_5541_seewis_500.jpg 500w, https:\/\/www.freimarianne.ch\/wp-content\/uploads\/2018\/11\/IMG_5541_seewis_500-300x200.jpg 300w, https:\/\/www.freimarianne.ch\/wp-content\/uploads\/2018\/11\/IMG_5541_seewis_500-450x300.jpg 450w\" sizes=\"(max-width: 500px) 100vw, 500px\" \/><p id=\"caption-attachment-34451\" class=\"wp-caption-text\">Fad\u00e4ra mit Vilan<\/p><\/div>\n<p>Heute sollte es im Osten sonnig sein! Ich fahre nach Seewis im Pr\u00e4ttigau und wandere ins Islastal hinein und von dort hinauf im Wald auf den Chrupspitz 1164m, wo ich einen Halt einschalte. Von dort geht es auf demselben Weg wieder hinunter zum Ausgangspunkt und \u00fcber Fad\u00e4ra hinauf zum Fad\u00e4rastein 1163m, wo ich bereits einmal war. Hier geniesse ich eine pr\u00e4chtige Aussicht hinein ins Rheintal. Ich steige wieder hinunter und wandere auf der Strasse nach Seewis, wobei ich den Nachmittagssonnen schein geniessen kann. Da um 15 h kein Postauto f\u00e4hrt, wandere ich auf dem Wanderweg hiunter nach Gr\u00fcsch, wo ich nach 16 h den Zug besteigen kann. Diese Wanderung k\u00f6nnte man auch als Winterwanderung machen, sofern es Schnee gegen wird. Das Rekognoszieren war ach das heutige Ziel dieser Wanderung.<\/p>\n<p>Laut Schweizmobil:<br \/>\nDistanz: 12.82km; Aufstieg: 599m; Abstieg: 913m; Wanderzeit: 4h 11min<\/p>\n<p><a href=\"https:\/\/map.schweizmobil.ch\/?lang=de&amp;bgLayer=pk&amp;season=summer&amp;resolution=5&amp;E=2765885&amp;N=1206047&amp;trackId=5115712\">Karte Schweizmobil:<\/a><\/p>\n<p><!-- index.php -->\n<div\n\tclass=\"ngg-galleryoverview ngg-ajax-pagination-none\"\n\tid=\"ngg-gallery-34535-1\">\n\n    \t<div class=\"slideshowlink\">\n        <a href='https:\/\/www.freimarianne.ch\/index.php\/nggallery\/slideshow?page_id=34453'>[Show as slideshow]<\/a>\n\t\t\n\t<\/div>\n\t\t\t<!-- Thumbnails -->\n\t\t\t\t<div id=\"ngg-image-0\" class=\"ngg-gallery-thumbnail-box\" >\n\t\t\t\t        <div class=\"ngg-gallery-thumbnail\">\n            <a href=\"https:\/\/www.freimarianne.ch\/wp-content\/gallery\/seewis-15-11-18\/IMG_5512.jpg\"\n               title=\"auf der Strasse ausserhalb des Dorfes\"\n               data-src=\"https:\/\/www.freimarianne.ch\/wp-content\/gallery\/seewis-15-11-18\/IMG_5512.jpg\"\n               data-thumbnail=\"https:\/\/www.freimarianne.ch\/wp-content\/gallery\/seewis-15-11-18\/thumbs\/thumbs_IMG_5512.jpg\"\n               data-image-id=\"19846\"\n               data-title=\"auf der Strasse ausserhalb des Dorfes\"\n               data-description=\"auf der Strasse ausserhalb des Dorfes\"\n               data-image-slug=\"img_5512-2\"\n               class=\"shutterset_34535\">\n                <img\n                    title=\"auf der Strasse ausserhalb des Dorfes\"\n                    alt=\"auf der Strasse ausserhalb des Dorfes\"\n                    src=\"https:\/\/www.freimarianne.ch\/wp-content\/gallery\/seewis-15-11-18\/thumbs\/thumbs_IMG_5512.jpg\"\n                    width=\"100\"\n                    height=\"75\"\n                    style=\"max-width:100%;\"\n                \/>\n            <\/a>\n        <\/div>\n\t\t\t\t\t\t\t<\/div> \n\t\t\t\n        \n\t\t\t\t<div id=\"ngg-image-1\" class=\"ngg-gallery-thumbnail-box\" >\n\t\t\t\t        <div class=\"ngg-gallery-thumbnail\">\n            <a href=\"https:\/\/www.freimarianne.ch\/wp-content\/gallery\/seewis-15-11-18\/IMG_5517.jpg\"\n               title=\"Schesaplana 2964m, re Sassauna 2308m\"\n               data-src=\"https:\/\/www.freimarianne.ch\/wp-content\/gallery\/seewis-15-11-18\/IMG_5517.jpg\"\n               data-thumbnail=\"https:\/\/www.freimarianne.ch\/wp-content\/gallery\/seewis-15-11-18\/thumbs\/thumbs_IMG_5517.jpg\"\n               data-image-id=\"19847\"\n               data-title=\"Schesaplana 2964m, re Sassauna 2308m\"\n               data-description=\"Schesaplana 2964m, re Sassauna 2308m\"\n               data-image-slug=\"img_5517-1\"\n               class=\"shutterset_34535\">\n                <img\n                    title=\"Schesaplana 2964m, re Sassauna 2308m\"\n                    alt=\"Schesaplana 2964m, re Sassauna 2308m\"\n                    src=\"https:\/\/www.freimarianne.ch\/wp-content\/gallery\/seewis-15-11-18\/thumbs\/thumbs_IMG_5517.jpg\"\n                    width=\"100\"\n                    height=\"75\"\n                    style=\"max-width:100%;\"\n                \/>\n            <\/a>\n        <\/div>\n\t\t\t\t\t\t\t<\/div> \n\t\t\t\n        \n\t\t\t\t<div id=\"ngg-image-2\" class=\"ngg-gallery-thumbnail-box\" >\n\t\t\t\t        <div class=\"ngg-gallery-thumbnail\">\n            <a href=\"https:\/\/www.freimarianne.ch\/wp-content\/gallery\/seewis-15-11-18\/IMG_5523.jpg\"\n               title=\"Abzweigung zur Crupspitze\"\n               data-src=\"https:\/\/www.freimarianne.ch\/wp-content\/gallery\/seewis-15-11-18\/IMG_5523.jpg\"\n               data-thumbnail=\"https:\/\/www.freimarianne.ch\/wp-content\/gallery\/seewis-15-11-18\/thumbs\/thumbs_IMG_5523.jpg\"\n               data-image-id=\"19848\"\n               data-title=\"Abzweigung zur Crupspitze\"\n               data-description=\"Abzweigung zur Crupspitze\"\n               data-image-slug=\"img_5523-1\"\n               class=\"shutterset_34535\">\n                <img\n                    title=\"Abzweigung zur Crupspitze\"\n                    alt=\"Abzweigung zur Crupspitze\"\n                    src=\"https:\/\/www.freimarianne.ch\/wp-content\/gallery\/seewis-15-11-18\/thumbs\/thumbs_IMG_5523.jpg\"\n                    width=\"100\"\n                    height=\"75\"\n                    style=\"max-width:100%;\"\n                \/>\n            <\/a>\n        <\/div>\n\t\t\t\t\t\t\t<\/div> \n\t\t\t\n        \n\t\t\t\t<div id=\"ngg-image-3\" class=\"ngg-gallery-thumbnail-box\" >\n\t\t\t\t        <div class=\"ngg-gallery-thumbnail\">\n            <a href=\"https:\/\/www.freimarianne.ch\/wp-content\/gallery\/seewis-15-11-18\/IMG_5526.jpg\"\n               title=\"auf dem Gipfel der Crupspitze  1164m\"\n               data-src=\"https:\/\/www.freimarianne.ch\/wp-content\/gallery\/seewis-15-11-18\/IMG_5526.jpg\"\n               data-thumbnail=\"https:\/\/www.freimarianne.ch\/wp-content\/gallery\/seewis-15-11-18\/thumbs\/thumbs_IMG_5526.jpg\"\n               data-image-id=\"19849\"\n               data-title=\"auf dem Gipfel der Crupspitze  1164m\"\n               data-description=\"auf dem Gipfel der Crupspitze  1164m\"\n               data-image-slug=\"img_5526-2\"\n               class=\"shutterset_34535\">\n                <img\n                    title=\"auf dem Gipfel der Crupspitze  1164m\"\n                    alt=\"auf dem Gipfel der Crupspitze  1164m\"\n                    src=\"https:\/\/www.freimarianne.ch\/wp-content\/gallery\/seewis-15-11-18\/thumbs\/thumbs_IMG_5526.jpg\"\n                    width=\"100\"\n                    height=\"75\"\n                    style=\"max-width:100%;\"\n                \/>\n            <\/a>\n        <\/div>\n\t\t\t\t\t\t\t<\/div> \n\t\t\t\n        \n\t\t\t\t<div id=\"ngg-image-4\" class=\"ngg-gallery-thumbnail-box\" >\n\t\t\t\t        <div class=\"ngg-gallery-thumbnail\">\n            <a href=\"https:\/\/www.freimarianne.ch\/wp-content\/gallery\/seewis-15-11-18\/IMG_5535.jpg\"\n               title=\"Marianne auf der Crupspitze 1184m\"\n               data-src=\"https:\/\/www.freimarianne.ch\/wp-content\/gallery\/seewis-15-11-18\/IMG_5535.jpg\"\n               data-thumbnail=\"https:\/\/www.freimarianne.ch\/wp-content\/gallery\/seewis-15-11-18\/thumbs\/thumbs_IMG_5535.jpg\"\n               data-image-id=\"19850\"\n               data-title=\"Marianne auf der Crupspitze 1184m\"\n               data-description=\"Marianne auf der Crupspitze 1184m\"\n               data-image-slug=\"img_5535-2\"\n               class=\"shutterset_34535\">\n                <img\n                    title=\"Marianne auf der Crupspitze 1184m\"\n                    alt=\"Marianne auf der Crupspitze 1184m\"\n                    src=\"https:\/\/www.freimarianne.ch\/wp-content\/gallery\/seewis-15-11-18\/thumbs\/thumbs_IMG_5535.jpg\"\n                    width=\"100\"\n                    height=\"75\"\n                    style=\"max-width:100%;\"\n                \/>\n            <\/a>\n        <\/div>\n\t\t\t\t\t\t\t<\/div> \n\t\t\t\n        \n\t\t\t\t<div id=\"ngg-image-5\" class=\"ngg-gallery-thumbnail-box\" >\n\t\t\t\t        <div class=\"ngg-gallery-thumbnail\">\n            <a href=\"https:\/\/www.freimarianne.ch\/wp-content\/gallery\/seewis-15-11-18\/IMG_5536.jpg\"\n               title=\"Blick auf Fad\u00e4ra und Fad\u00e4rastein\"\n               data-src=\"https:\/\/www.freimarianne.ch\/wp-content\/gallery\/seewis-15-11-18\/IMG_5536.jpg\"\n               data-thumbnail=\"https:\/\/www.freimarianne.ch\/wp-content\/gallery\/seewis-15-11-18\/thumbs\/thumbs_IMG_5536.jpg\"\n               data-image-id=\"19851\"\n               data-title=\"Blick auf Fad\u00c3\u00a4ra und Fad\u00c3\u00a4rastein\"\n               data-description=\"Blick auf Fad\u00e4ra und Fad\u00e4rastein\"\n               data-image-slug=\"img_5536-2\"\n               class=\"shutterset_34535\">\n                <img\n                    title=\"Blick auf Fad\u00c3\u00a4ra und Fad\u00c3\u00a4rastein\"\n                    alt=\"Blick auf Fad\u00c3\u00a4ra und Fad\u00c3\u00a4rastein\"\n                    src=\"https:\/\/www.freimarianne.ch\/wp-content\/gallery\/seewis-15-11-18\/thumbs\/thumbs_IMG_5536.jpg\"\n                    width=\"100\"\n                    height=\"75\"\n                    style=\"max-width:100%;\"\n                \/>\n            <\/a>\n        <\/div>\n\t\t\t\t\t\t\t<\/div> \n\t\t\t\n        \n\t\t\t\t<div id=\"ngg-image-6\" class=\"ngg-gallery-thumbnail-box\" >\n\t\t\t\t        <div class=\"ngg-gallery-thumbnail\">\n            <a href=\"https:\/\/www.freimarianne.ch\/wp-content\/gallery\/seewis-15-11-18\/IMG_5540.jpg\"\n               title=\"Fad\u00e4ra\"\n               data-src=\"https:\/\/www.freimarianne.ch\/wp-content\/gallery\/seewis-15-11-18\/IMG_5540.jpg\"\n               data-thumbnail=\"https:\/\/www.freimarianne.ch\/wp-content\/gallery\/seewis-15-11-18\/thumbs\/thumbs_IMG_5540.jpg\"\n               data-image-id=\"19852\"\n               data-title=\"Fad\u00c3\u00a4ra\"\n               data-description=\"Fad\u00e4ra\"\n               data-image-slug=\"img_5540-1\"\n               class=\"shutterset_34535\">\n                <img\n                    title=\"Fad\u00c3\u00a4ra\"\n                    alt=\"Fad\u00c3\u00a4ra\"\n                    src=\"https:\/\/www.freimarianne.ch\/wp-content\/gallery\/seewis-15-11-18\/thumbs\/thumbs_IMG_5540.jpg\"\n                    width=\"100\"\n                    height=\"75\"\n                    style=\"max-width:100%;\"\n                \/>\n            <\/a>\n        <\/div>\n\t\t\t\t\t\t\t<\/div> \n\t\t\t\n        \n\t\t\t\t<div id=\"ngg-image-7\" class=\"ngg-gallery-thumbnail-box\" >\n\t\t\t\t        <div class=\"ngg-gallery-thumbnail\">\n            <a href=\"https:\/\/www.freimarianne.ch\/wp-content\/gallery\/seewis-15-11-18\/IMG_5547.jpg\"\n               title=\"Hof P.1099m mit Sassauna\"\n               data-src=\"https:\/\/www.freimarianne.ch\/wp-content\/gallery\/seewis-15-11-18\/IMG_5547.jpg\"\n               data-thumbnail=\"https:\/\/www.freimarianne.ch\/wp-content\/gallery\/seewis-15-11-18\/thumbs\/thumbs_IMG_5547.jpg\"\n               data-image-id=\"19853\"\n               data-title=\"Hof P.1099m mit Sassauna\"\n               data-description=\"Hof P.1099m mit Sassauna\"\n               data-image-slug=\"img_5547-3\"\n               class=\"shutterset_34535\">\n                <img\n                    title=\"Hof P.1099m mit Sassauna\"\n                    alt=\"Hof P.1099m mit Sassauna\"\n                    src=\"https:\/\/www.freimarianne.ch\/wp-content\/gallery\/seewis-15-11-18\/thumbs\/thumbs_IMG_5547.jpg\"\n                    width=\"100\"\n                    height=\"75\"\n                    style=\"max-width:100%;\"\n                \/>\n            <\/a>\n        <\/div>\n\t\t\t\t\t\t\t<\/div> \n\t\t\t\n        \n\t\t\t\t<div id=\"ngg-image-8\" class=\"ngg-gallery-thumbnail-box\" >\n\t\t\t\t        <div class=\"ngg-gallery-thumbnail\">\n            <a href=\"https:\/\/www.freimarianne.ch\/wp-content\/gallery\/seewis-15-11-18\/IMG_5551.jpg\"\n               title=\"Sicht nacn Malans, Gonzen, Gauschla\"\n               data-src=\"https:\/\/www.freimarianne.ch\/wp-content\/gallery\/seewis-15-11-18\/IMG_5551.jpg\"\n               data-thumbnail=\"https:\/\/www.freimarianne.ch\/wp-content\/gallery\/seewis-15-11-18\/thumbs\/thumbs_IMG_5551.jpg\"\n               data-image-id=\"19854\"\n               data-title=\"Sicht nacn Malans, Gonzen, Gauschla\"\n               data-description=\"Sicht nacn Malans, Gonzen, Gauschla\"\n               data-image-slug=\"img_5551-3\"\n               class=\"shutterset_34535\">\n                <img\n                    title=\"Sicht nacn Malans, Gonzen, Gauschla\"\n                    alt=\"Sicht nacn Malans, Gonzen, Gauschla\"\n                    src=\"https:\/\/www.freimarianne.ch\/wp-content\/gallery\/seewis-15-11-18\/thumbs\/thumbs_IMG_5551.jpg\"\n                    width=\"100\"\n                    height=\"75\"\n                    style=\"max-width:100%;\"\n                \/>\n            <\/a>\n        <\/div>\n\t\t\t\t\t\t\t<\/div> \n\t\t\t\n        \n\t\t\t\t<div id=\"ngg-image-9\" class=\"ngg-gallery-thumbnail-box\" >\n\t\t\t\t        <div class=\"ngg-gallery-thumbnail\">\n            <a href=\"https:\/\/www.freimarianne.ch\/wp-content\/gallery\/seewis-15-11-18\/IMG_5554.jpg\"\n               title=\"Marianne auf dem Fad\u00e4rastein 1179m\"\n               data-src=\"https:\/\/www.freimarianne.ch\/wp-content\/gallery\/seewis-15-11-18\/IMG_5554.jpg\"\n               data-thumbnail=\"https:\/\/www.freimarianne.ch\/wp-content\/gallery\/seewis-15-11-18\/thumbs\/thumbs_IMG_5554.jpg\"\n               data-image-id=\"19855\"\n               data-title=\"Marianne auf dem Fad\u00c3\u00a4rastein 1179m\"\n               data-description=\"Marianne auf dem Fad\u00e4rastein 1179m\"\n               data-image-slug=\"img_5554-3\"\n               class=\"shutterset_34535\">\n                <img\n                    title=\"Marianne auf dem Fad\u00c3\u00a4rastein 1179m\"\n                    alt=\"Marianne auf dem Fad\u00c3\u00a4rastein 1179m\"\n                    src=\"https:\/\/www.freimarianne.ch\/wp-content\/gallery\/seewis-15-11-18\/thumbs\/thumbs_IMG_5554.jpg\"\n                    width=\"100\"\n                    height=\"75\"\n                    style=\"max-width:100%;\"\n                \/>\n            <\/a>\n        <\/div>\n\t\t\t\t\t\t\t<\/div> \n\t\t\t\n        \n\t\t\t\t<div id=\"ngg-image-10\" class=\"ngg-gallery-thumbnail-box\" >\n\t\t\t\t        <div class=\"ngg-gallery-thumbnail\">\n            <a href=\"https:\/\/www.freimarianne.ch\/wp-content\/gallery\/seewis-15-11-18\/IMG_5555.jpg\"\n               title=\"Blick zur Haldensteiner Calanda\"\n               data-src=\"https:\/\/www.freimarianne.ch\/wp-content\/gallery\/seewis-15-11-18\/IMG_5555.jpg\"\n               data-thumbnail=\"https:\/\/www.freimarianne.ch\/wp-content\/gallery\/seewis-15-11-18\/thumbs\/thumbs_IMG_5555.jpg\"\n               data-image-id=\"19856\"\n               data-title=\"Blick zur Haldensteiner Calanda\"\n               data-description=\"Blick zur Haldensteiner Calanda\"\n               data-image-slug=\"img_5555-3\"\n               class=\"shutterset_34535\">\n                <img\n                    title=\"Blick zur Haldensteiner Calanda\"\n                    alt=\"Blick zur Haldensteiner Calanda\"\n                    src=\"https:\/\/www.freimarianne.ch\/wp-content\/gallery\/seewis-15-11-18\/thumbs\/thumbs_IMG_5555.jpg\"\n                    width=\"100\"\n                    height=\"75\"\n                    style=\"max-width:100%;\"\n                \/>\n            <\/a>\n        <\/div>\n\t\t\t\t\t\t\t<\/div> \n\t\t\t\n        \n\t\t\t\t<div id=\"ngg-image-11\" class=\"ngg-gallery-thumbnail-box\" >\n\t\t\t\t        <div class=\"ngg-gallery-thumbnail\">\n            <a href=\"https:\/\/www.freimarianne.ch\/wp-content\/gallery\/seewis-15-11-18\/IMG_5560.jpg\"\n               title=\"Herbstbild; Landschaft bei Seewis; Fad\u00e4rastein\"\n               data-src=\"https:\/\/www.freimarianne.ch\/wp-content\/gallery\/seewis-15-11-18\/IMG_5560.jpg\"\n               data-thumbnail=\"https:\/\/www.freimarianne.ch\/wp-content\/gallery\/seewis-15-11-18\/thumbs\/thumbs_IMG_5560.jpg\"\n               data-image-id=\"19857\"\n               data-title=\"Herbstbild; Landschaft bei Seewis; Fad\u00c3\u00a4rastein\"\n               data-description=\"Herbstbild; Landschaft bei Seewis; Fad\u00e4rastein\"\n               data-image-slug=\"img_5560\"\n               class=\"shutterset_34535\">\n                <img\n                    title=\"Herbstbild; Landschaft bei Seewis; Fad\u00c3\u00a4rastein\"\n                    alt=\"Herbstbild; Landschaft bei Seewis; Fad\u00c3\u00a4rastein\"\n                    src=\"https:\/\/www.freimarianne.ch\/wp-content\/gallery\/seewis-15-11-18\/thumbs\/thumbs_IMG_5560.jpg\"\n                    width=\"100\"\n                    height=\"75\"\n                    style=\"max-width:100%;\"\n                \/>\n            <\/a>\n        <\/div>\n\t\t\t\t\t\t\t<\/div> \n\t\t\t\n        \n\t\t\t\t<div id=\"ngg-image-12\" class=\"ngg-gallery-thumbnail-box\" >\n\t\t\t\t        <div class=\"ngg-gallery-thumbnail\">\n            <a href=\"https:\/\/www.freimarianne.ch\/wp-content\/gallery\/seewis-15-11-18\/IMG_5570.jpg\"\n               title=\"Herbstbild; Landschaft bei Seewis;\"\n               data-src=\"https:\/\/www.freimarianne.ch\/wp-content\/gallery\/seewis-15-11-18\/IMG_5570.jpg\"\n               data-thumbnail=\"https:\/\/www.freimarianne.ch\/wp-content\/gallery\/seewis-15-11-18\/thumbs\/thumbs_IMG_5570.jpg\"\n               data-image-id=\"19858\"\n               data-title=\"Herbstbild; Landschaft bei Seewis;\"\n               data-description=\"Herbstbild; Landschaft bei Seewis;\"\n               data-image-slug=\"img_5570\"\n               class=\"shutterset_34535\">\n                <img\n                    title=\"Herbstbild; Landschaft bei Seewis;\"\n                    alt=\"Herbstbild; Landschaft bei Seewis;\"\n                    src=\"https:\/\/www.freimarianne.ch\/wp-content\/gallery\/seewis-15-11-18\/thumbs\/thumbs_IMG_5570.jpg\"\n                    width=\"100\"\n                    height=\"75\"\n                    style=\"max-width:100%;\"\n                \/>\n            <\/a>\n        <\/div>\n\t\t\t\t\t\t\t<\/div> \n\t\t\t\n        \n\t\t\t\t<div id=\"ngg-image-13\" class=\"ngg-gallery-thumbnail-box\" >\n\t\t\t\t        <div class=\"ngg-gallery-thumbnail\">\n            <a href=\"https:\/\/www.freimarianne.ch\/wp-content\/gallery\/seewis-15-11-18\/IMG_5575.jpg\"\n               title=\"Herbstbild; Landschaft bei Seewis;\"\n               data-src=\"https:\/\/www.freimarianne.ch\/wp-content\/gallery\/seewis-15-11-18\/IMG_5575.jpg\"\n               data-thumbnail=\"https:\/\/www.freimarianne.ch\/wp-content\/gallery\/seewis-15-11-18\/thumbs\/thumbs_IMG_5575.jpg\"\n               data-image-id=\"19859\"\n               data-title=\"Herbstbild; Landschaft bei Seewis;\"\n               data-description=\"Herbstbild; Landschaft bei Seewis;\"\n               data-image-slug=\"img_5575-1\"\n               class=\"shutterset_34535\">\n                <img\n                    title=\"Herbstbild; Landschaft bei Seewis;\"\n                    alt=\"Herbstbild; Landschaft bei Seewis;\"\n                    src=\"https:\/\/www.freimarianne.ch\/wp-content\/gallery\/seewis-15-11-18\/thumbs\/thumbs_IMG_5575.jpg\"\n                    width=\"100\"\n                    height=\"75\"\n                    style=\"max-width:100%;\"\n                \/>\n            <\/a>\n        <\/div>\n\t\t\t\t\t\t\t<\/div> \n\t\t\t\n        \n\t\t\t\t<div id=\"ngg-image-14\" class=\"ngg-gallery-thumbnail-box\" >\n\t\t\t\t        <div class=\"ngg-gallery-thumbnail\">\n            <a href=\"https:\/\/www.freimarianne.ch\/wp-content\/gallery\/seewis-15-11-18\/IMG_5582.jpg\"\n               title=\"die Kirche von Seewis\"\n               data-src=\"https:\/\/www.freimarianne.ch\/wp-content\/gallery\/seewis-15-11-18\/IMG_5582.jpg\"\n               data-thumbnail=\"https:\/\/www.freimarianne.ch\/wp-content\/gallery\/seewis-15-11-18\/thumbs\/thumbs_IMG_5582.jpg\"\n               data-image-id=\"19860\"\n               data-title=\"die Kirche von Seewis\"\n               data-description=\"die Kirche von Seewis\"\n               data-image-slug=\"img_5582-3\"\n               class=\"shutterset_34535\">\n                <img\n                    title=\"die Kirche von Seewis\"\n                    alt=\"die Kirche von Seewis\"\n                    src=\"https:\/\/www.freimarianne.ch\/wp-content\/gallery\/seewis-15-11-18\/thumbs\/thumbs_IMG_5582.jpg\"\n                    width=\"100\"\n                    height=\"75\"\n                    style=\"max-width:100%;\"\n                \/>\n            <\/a>\n        <\/div>\n\t\t\t\t\t\t\t<\/div> \n\t\t\t\n        \n\t\t\t\t<div id=\"ngg-image-15\" class=\"ngg-gallery-thumbnail-box\" >\n\t\t\t\t        <div class=\"ngg-gallery-thumbnail\">\n            <a href=\"https:\/\/www.freimarianne.ch\/wp-content\/gallery\/seewis-15-11-18\/IMG_5583.jpg\"\n               title=\"Ruine  Solavers mit Gr\u00fcsch\"\n               data-src=\"https:\/\/www.freimarianne.ch\/wp-content\/gallery\/seewis-15-11-18\/IMG_5583.jpg\"\n               data-thumbnail=\"https:\/\/www.freimarianne.ch\/wp-content\/gallery\/seewis-15-11-18\/thumbs\/thumbs_IMG_5583.jpg\"\n               data-image-id=\"19861\"\n               data-title=\"Ruine  Solavers mit Gr\u00c3\u00bcsch\"\n               data-description=\"Ruine  Solavers mit Gr\u00fcsch\"\n               data-image-slug=\"img_5583-1\"\n               class=\"shutterset_34535\">\n                <img\n                    title=\"Ruine  Solavers mit Gr\u00c3\u00bcsch\"\n                    alt=\"Ruine  Solavers mit Gr\u00c3\u00bcsch\"\n                    src=\"https:\/\/www.freimarianne.ch\/wp-content\/gallery\/seewis-15-11-18\/thumbs\/thumbs_IMG_5583.jpg\"\n                    width=\"100\"\n                    height=\"75\"\n                    style=\"max-width:100%;\"\n                \/>\n            <\/a>\n        <\/div>\n\t\t\t\t\t\t\t<\/div> \n\t\t\t\n        \n\t\t\n\t\t<!-- Pagination -->\n\t<div class='ngg-clear'><\/div>\t<\/div>\n<\/p>\n","protected":false},"excerpt":{"rendered":"<p>Wanderung von Seewis durch das Islastal, auf den Crupspitz, den Fad\u00e4rastein und \u00fcber Seewis hinunter nach Gr\u00fcsch Heute sollte es im Osten sonnig sein! Ich fahre nach Seewis im Pr\u00e4ttigau und wandere ins Islastal hinein und von dort hinauf im Wald auf den Chrupspitz 1164m, wo ich einen Halt einschalte. Von dort geht es auf [&hellip;]<\/p>\n","protected":false},"author":1,"featured_media":0,"parent":32741,"menu_order":27,"comment_status":"closed","ping_status":"closed","template":"","meta":{"ngg_post_thumbnail":0},"_links":{"self":[{"href":"https:\/\/www.freimarianne.ch\/index.php?rest_route=\/wp\/v2\/pages\/34453"}],"collection":[{"href":"https:\/\/www.freimarianne.ch\/index.php?rest_route=\/wp\/v2\/pages"}],"about":[{"href":"https:\/\/www.freimarianne.ch\/index.php?rest_route=\/wp\/v2\/types\/page"}],"author":[{"embeddable":true,"href":"https:\/\/www.freimarianne.ch\/index.php?rest_route=\/wp\/v2\/users\/1"}],"replies":[{"embeddable":true,"href":"https:\/\/www.freimarianne.ch\/index.php?rest_route=%2Fwp%2Fv2%2Fcomments&post=34453"}],"version-history":[{"count":4,"href":"https:\/\/www.freimarianne.ch\/index.php?rest_route=\/wp\/v2\/pages\/34453\/revisions"}],"predecessor-version":[{"id":34565,"href":"https:\/\/www.freimarianne.ch\/index.php?rest_route=\/wp\/v2\/pages\/34453\/revisions\/34565"}],"up":[{"embeddable":true,"href":"https:\/\/www.freimarianne.ch\/index.php?rest_route=\/wp\/v2\/pages\/32741"}],"wp:attachment":[{"href":"https:\/\/www.freimarianne.ch\/index.php?rest_route=%2Fwp%2Fv2%2Fmedia&parent=34453"}],"curies":[{"name":"wp","href":"https:\/\/api.w.org\/{rel}","templated":true}]}}