{"id":3594,"date":"2013-02-17T12:10:28","date_gmt":"2013-02-17T11:10:28","guid":{"rendered":"http:\/\/www.freimarianne.ch\/?page_id=3594"},"modified":"2013-02-17T12:18:32","modified_gmt":"2013-02-17T11:18:32","slug":"waldegg-habkern-17-2-2013","status":"publish","type":"page","link":"https:\/\/www.freimarianne.ch\/?page_id=3594","title":{"rendered":"Waldegg-Habkern 17.2.2013"},"content":{"rendered":"<p><strong>Winterwanderung<\/strong> von Waldegg\/Beatenberg nach Habkern; von Habkern nach Schwendi und zur\u00fcck.<br \/>\nEine wundersch\u00f6ne Winterwanderung auf pr\u00e4parierten Winterwanderweg bei recht gutem Wetter!<br \/>\nNach Swissmap:<br \/>\nAufstieg: 475m; Abstieg: 610m; Distanz: 9.68km, Dauer  3 Std.<br \/>\n<img loading=\"lazy\" src=\"http:\/\/www.freimarianne.ch\/wp-content\/uploads\/2013\/02\/IMG_2506_waldegg_500.jpg\" alt=\"\" title=\"IMG_2506_waldegg_500\" width=\"500\" height=\"375\" class=\"alignright size-full wp-image-3596\" srcset=\"https:\/\/www.freimarianne.ch\/wp-content\/uploads\/2013\/02\/IMG_2506_waldegg_500.jpg 500w, https:\/\/www.freimarianne.ch\/wp-content\/uploads\/2013\/02\/IMG_2506_waldegg_500-300x225.jpg 300w, https:\/\/www.freimarianne.ch\/wp-content\/uploads\/2013\/02\/IMG_2506_waldegg_500-400x300.jpg 400w\" sizes=\"(max-width: 500px) 100vw, 500px\" \/><\/a><br \/>\n<!-- index.php -->\n<div\n\tclass=\"ngg-galleryoverview ngg-ajax-pagination-none\"\n\tid=\"ngg-gallery-41e11f22066066d56910078ed3b01e2b-1\">\n\n    \t<div class=\"slideshowlink\">\n        <a href='https:\/\/www.freimarianne.ch\/index.php\/nggallery\/slideshow?page_id=3594'>[Show as slideshow]<\/a>\n\t\t\n\t<\/div>\n\t\t\t<!-- Thumbnails -->\n\t\t\t\t<div id=\"ngg-image-0\" class=\"ngg-gallery-thumbnail-box\" >\n\t\t\t\t        <div class=\"ngg-gallery-thumbnail\">\n            <a href=\"https:\/\/www.freimarianne.ch\/wp-content\/gallery\/waldegg-habkern-17-2-2013\/img_2452.jpg\"\n               title=\"\"\n               data-src=\"https:\/\/www.freimarianne.ch\/wp-content\/gallery\/waldegg-habkern-17-2-2013\/img_2452.jpg\"\n               data-thumbnail=\"https:\/\/www.freimarianne.ch\/wp-content\/gallery\/waldegg-habkern-17-2-2013\/thumbs\/thumbs_img_2452.jpg\"\n               data-image-id=\"6240\"\n               data-title=\"img_2452\"\n               data-description=\"\"\n               data-image-slug=\"img_2452\"\n               class=\"shutterset_41e11f22066066d56910078ed3b01e2b\">\n                <img\n                    title=\"img_2452\"\n                    alt=\"img_2452\"\n                    src=\"https:\/\/www.freimarianne.ch\/wp-content\/gallery\/waldegg-habkern-17-2-2013\/cache\/img_2452.jpg-nggid046240-ngg0dyn-100x75x100-00f0w010c010r110f110r010t010.jpg\"\n                    width=\"100\"\n                    height=\"75\"\n                    style=\"max-width:100%;\"\n                \/>\n            <\/a>\n        <\/div>\n\t\t\t\t\t\t\t<\/div> \n\t\t\t\n                            \n\t\t\t\t<div id=\"ngg-image-1\" class=\"ngg-gallery-thumbnail-box\" >\n\t\t\t\t        <div class=\"ngg-gallery-thumbnail\">\n            <a href=\"https:\/\/www.freimarianne.ch\/wp-content\/gallery\/waldegg-habkern-17-2-2013\/img_2453.jpg\"\n               title=\"\"\n               data-src=\"https:\/\/www.freimarianne.ch\/wp-content\/gallery\/waldegg-habkern-17-2-2013\/img_2453.jpg\"\n               data-thumbnail=\"https:\/\/www.freimarianne.ch\/wp-content\/gallery\/waldegg-habkern-17-2-2013\/thumbs\/thumbs_img_2453.jpg\"\n               data-image-id=\"6241\"\n               data-title=\"img_2453\"\n               data-description=\"\"\n               data-image-slug=\"img_2453\"\n               class=\"shutterset_41e11f22066066d56910078ed3b01e2b\">\n                <img\n                    title=\"img_2453\"\n                    alt=\"img_2453\"\n                    src=\"https:\/\/www.freimarianne.ch\/wp-content\/gallery\/waldegg-habkern-17-2-2013\/cache\/img_2453.jpg-nggid046241-ngg0dyn-100x75x100-00f0w010c010r110f110r010t010.jpg\"\n                    width=\"100\"\n                    height=\"75\"\n                    style=\"max-width:100%;\"\n                \/>\n            <\/a>\n        <\/div>\n\t\t\t\t\t\t\t<\/div> \n\t\t\t\n                            \n\t\t\t\t<div id=\"ngg-image-2\" class=\"ngg-gallery-thumbnail-box\" >\n\t\t\t\t        <div class=\"ngg-gallery-thumbnail\">\n            <a href=\"https:\/\/www.freimarianne.ch\/wp-content\/gallery\/waldegg-habkern-17-2-2013\/img_2455.jpg\"\n               title=\"\"\n               data-src=\"https:\/\/www.freimarianne.ch\/wp-content\/gallery\/waldegg-habkern-17-2-2013\/img_2455.jpg\"\n               data-thumbnail=\"https:\/\/www.freimarianne.ch\/wp-content\/gallery\/waldegg-habkern-17-2-2013\/thumbs\/thumbs_img_2455.jpg\"\n               data-image-id=\"6242\"\n               data-title=\"img_2455\"\n               data-description=\"\"\n               data-image-slug=\"img_2455\"\n               class=\"shutterset_41e11f22066066d56910078ed3b01e2b\">\n                <img\n                    title=\"img_2455\"\n                    alt=\"img_2455\"\n                    src=\"https:\/\/www.freimarianne.ch\/wp-content\/gallery\/waldegg-habkern-17-2-2013\/cache\/img_2455.jpg-nggid046242-ngg0dyn-100x75x100-00f0w010c010r110f110r010t010.jpg\"\n                    width=\"100\"\n                    height=\"75\"\n                    style=\"max-width:100%;\"\n                \/>\n            <\/a>\n        <\/div>\n\t\t\t\t\t\t\t<\/div> \n\t\t\t\n                            \n\t\t\t\t<div id=\"ngg-image-3\" class=\"ngg-gallery-thumbnail-box\" >\n\t\t\t\t        <div class=\"ngg-gallery-thumbnail\">\n            <a href=\"https:\/\/www.freimarianne.ch\/wp-content\/gallery\/waldegg-habkern-17-2-2013\/img_2462.jpg\"\n               title=\"\"\n               data-src=\"https:\/\/www.freimarianne.ch\/wp-content\/gallery\/waldegg-habkern-17-2-2013\/img_2462.jpg\"\n               data-thumbnail=\"https:\/\/www.freimarianne.ch\/wp-content\/gallery\/waldegg-habkern-17-2-2013\/thumbs\/thumbs_img_2462.jpg\"\n               data-image-id=\"6243\"\n               data-title=\"img_2462\"\n               data-description=\"\"\n               data-image-slug=\"img_2462\"\n               class=\"shutterset_41e11f22066066d56910078ed3b01e2b\">\n                <img\n                    title=\"img_2462\"\n                    alt=\"img_2462\"\n                    src=\"https:\/\/www.freimarianne.ch\/wp-content\/gallery\/waldegg-habkern-17-2-2013\/cache\/img_2462.jpg-nggid046243-ngg0dyn-100x75x100-00f0w010c010r110f110r010t010.jpg\"\n                    width=\"100\"\n                    height=\"75\"\n                    style=\"max-width:100%;\"\n                \/>\n            <\/a>\n        <\/div>\n\t\t\t\t\t\t\t<\/div> \n\t\t\t\n                                    <br style=\"clear: both\" \/>\n                    \n\t\t\t\t<div id=\"ngg-image-4\" class=\"ngg-gallery-thumbnail-box\" >\n\t\t\t\t        <div class=\"ngg-gallery-thumbnail\">\n            <a href=\"https:\/\/www.freimarianne.ch\/wp-content\/gallery\/waldegg-habkern-17-2-2013\/img_2466.jpg\"\n               title=\"\"\n               data-src=\"https:\/\/www.freimarianne.ch\/wp-content\/gallery\/waldegg-habkern-17-2-2013\/img_2466.jpg\"\n               data-thumbnail=\"https:\/\/www.freimarianne.ch\/wp-content\/gallery\/waldegg-habkern-17-2-2013\/thumbs\/thumbs_img_2466.jpg\"\n               data-image-id=\"6244\"\n               data-title=\"img_2466\"\n               data-description=\"\"\n               data-image-slug=\"img_2466-3\"\n               class=\"shutterset_41e11f22066066d56910078ed3b01e2b\">\n                <img\n                    title=\"img_2466\"\n                    alt=\"img_2466\"\n                    src=\"https:\/\/www.freimarianne.ch\/wp-content\/gallery\/waldegg-habkern-17-2-2013\/cache\/img_2466.jpg-nggid046244-ngg0dyn-100x75x100-00f0w010c010r110f110r010t010.jpg\"\n                    width=\"100\"\n                    height=\"75\"\n                    style=\"max-width:100%;\"\n                \/>\n            <\/a>\n        <\/div>\n\t\t\t\t\t\t\t<\/div> \n\t\t\t\n                            \n\t\t\t\t<div id=\"ngg-image-5\" class=\"ngg-gallery-thumbnail-box\" >\n\t\t\t\t        <div class=\"ngg-gallery-thumbnail\">\n            <a href=\"https:\/\/www.freimarianne.ch\/wp-content\/gallery\/waldegg-habkern-17-2-2013\/img_2471.jpg\"\n               title=\"\"\n               data-src=\"https:\/\/www.freimarianne.ch\/wp-content\/gallery\/waldegg-habkern-17-2-2013\/img_2471.jpg\"\n               data-thumbnail=\"https:\/\/www.freimarianne.ch\/wp-content\/gallery\/waldegg-habkern-17-2-2013\/thumbs\/thumbs_img_2471.jpg\"\n               data-image-id=\"6245\"\n               data-title=\"img_2471\"\n               data-description=\"\"\n               data-image-slug=\"img_2471-2\"\n               class=\"shutterset_41e11f22066066d56910078ed3b01e2b\">\n                <img\n                    title=\"img_2471\"\n                    alt=\"img_2471\"\n                    src=\"https:\/\/www.freimarianne.ch\/wp-content\/gallery\/waldegg-habkern-17-2-2013\/cache\/img_2471.jpg-nggid046245-ngg0dyn-100x75x100-00f0w010c010r110f110r010t010.jpg\"\n                    width=\"100\"\n                    height=\"75\"\n                    style=\"max-width:100%;\"\n                \/>\n            <\/a>\n        <\/div>\n\t\t\t\t\t\t\t<\/div> \n\t\t\t\n                            \n\t\t\t\t<div id=\"ngg-image-6\" class=\"ngg-gallery-thumbnail-box\" >\n\t\t\t\t        <div class=\"ngg-gallery-thumbnail\">\n            <a href=\"https:\/\/www.freimarianne.ch\/wp-content\/gallery\/waldegg-habkern-17-2-2013\/img_2473.jpg\"\n               title=\"\"\n               data-src=\"https:\/\/www.freimarianne.ch\/wp-content\/gallery\/waldegg-habkern-17-2-2013\/img_2473.jpg\"\n               data-thumbnail=\"https:\/\/www.freimarianne.ch\/wp-content\/gallery\/waldegg-habkern-17-2-2013\/thumbs\/thumbs_img_2473.jpg\"\n               data-image-id=\"6246\"\n               data-title=\"img_2473\"\n               data-description=\"\"\n               data-image-slug=\"img_2473\"\n               class=\"shutterset_41e11f22066066d56910078ed3b01e2b\">\n                <img\n                    title=\"img_2473\"\n                    alt=\"img_2473\"\n                    src=\"https:\/\/www.freimarianne.ch\/wp-content\/gallery\/waldegg-habkern-17-2-2013\/cache\/img_2473.jpg-nggid046246-ngg0dyn-100x75x100-00f0w010c010r110f110r010t010.jpg\"\n                    width=\"100\"\n                    height=\"75\"\n                    style=\"max-width:100%;\"\n                \/>\n            <\/a>\n        <\/div>\n\t\t\t\t\t\t\t<\/div> \n\t\t\t\n                            \n\t\t\t\t<div id=\"ngg-image-7\" class=\"ngg-gallery-thumbnail-box\" >\n\t\t\t\t        <div class=\"ngg-gallery-thumbnail\">\n            <a href=\"https:\/\/www.freimarianne.ch\/wp-content\/gallery\/waldegg-habkern-17-2-2013\/img_2478.jpg\"\n               title=\"\"\n               data-src=\"https:\/\/www.freimarianne.ch\/wp-content\/gallery\/waldegg-habkern-17-2-2013\/img_2478.jpg\"\n               data-thumbnail=\"https:\/\/www.freimarianne.ch\/wp-content\/gallery\/waldegg-habkern-17-2-2013\/thumbs\/thumbs_img_2478.jpg\"\n               data-image-id=\"6247\"\n               data-title=\"img_2478\"\n               data-description=\"\"\n               data-image-slug=\"img_2478-2\"\n               class=\"shutterset_41e11f22066066d56910078ed3b01e2b\">\n                <img\n                    title=\"img_2478\"\n                    alt=\"img_2478\"\n                    src=\"https:\/\/www.freimarianne.ch\/wp-content\/gallery\/waldegg-habkern-17-2-2013\/cache\/img_2478.jpg-nggid046247-ngg0dyn-100x75x100-00f0w010c010r110f110r010t010.jpg\"\n                    width=\"100\"\n                    height=\"75\"\n                    style=\"max-width:100%;\"\n                \/>\n            <\/a>\n        <\/div>\n\t\t\t\t\t\t\t<\/div> \n\t\t\t\n                                    <br style=\"clear: both\" \/>\n                    \n\t\t\t\t<div id=\"ngg-image-8\" class=\"ngg-gallery-thumbnail-box\" >\n\t\t\t\t        <div class=\"ngg-gallery-thumbnail\">\n            <a href=\"https:\/\/www.freimarianne.ch\/wp-content\/gallery\/waldegg-habkern-17-2-2013\/img_2483.jpg\"\n               title=\"\"\n               data-src=\"https:\/\/www.freimarianne.ch\/wp-content\/gallery\/waldegg-habkern-17-2-2013\/img_2483.jpg\"\n               data-thumbnail=\"https:\/\/www.freimarianne.ch\/wp-content\/gallery\/waldegg-habkern-17-2-2013\/thumbs\/thumbs_img_2483.jpg\"\n               data-image-id=\"6248\"\n               data-title=\"img_2483\"\n               data-description=\"\"\n               data-image-slug=\"img_2483-2\"\n               class=\"shutterset_41e11f22066066d56910078ed3b01e2b\">\n                <img\n                    title=\"img_2483\"\n                    alt=\"img_2483\"\n                    src=\"https:\/\/www.freimarianne.ch\/wp-content\/gallery\/waldegg-habkern-17-2-2013\/cache\/img_2483.jpg-nggid046248-ngg0dyn-100x75x100-00f0w010c010r110f110r010t010.jpg\"\n                    width=\"100\"\n                    height=\"75\"\n                    style=\"max-width:100%;\"\n                \/>\n            <\/a>\n        <\/div>\n\t\t\t\t\t\t\t<\/div> \n\t\t\t\n                            \n\t\t\t\t<div id=\"ngg-image-9\" class=\"ngg-gallery-thumbnail-box\" >\n\t\t\t\t        <div class=\"ngg-gallery-thumbnail\">\n            <a href=\"https:\/\/www.freimarianne.ch\/wp-content\/gallery\/waldegg-habkern-17-2-2013\/img_2489.jpg\"\n               title=\"\"\n               data-src=\"https:\/\/www.freimarianne.ch\/wp-content\/gallery\/waldegg-habkern-17-2-2013\/img_2489.jpg\"\n               data-thumbnail=\"https:\/\/www.freimarianne.ch\/wp-content\/gallery\/waldegg-habkern-17-2-2013\/thumbs\/thumbs_img_2489.jpg\"\n               data-image-id=\"6249\"\n               data-title=\"img_2489\"\n               data-description=\"\"\n               data-image-slug=\"img_2489\"\n               class=\"shutterset_41e11f22066066d56910078ed3b01e2b\">\n                <img\n                    title=\"img_2489\"\n                    alt=\"img_2489\"\n                    src=\"https:\/\/www.freimarianne.ch\/wp-content\/gallery\/waldegg-habkern-17-2-2013\/cache\/img_2489.jpg-nggid046249-ngg0dyn-100x75x100-00f0w010c010r110f110r010t010.jpg\"\n                    width=\"100\"\n                    height=\"75\"\n                    style=\"max-width:100%;\"\n                \/>\n            <\/a>\n        <\/div>\n\t\t\t\t\t\t\t<\/div> \n\t\t\t\n                            \n\t\t\t\t<div id=\"ngg-image-10\" class=\"ngg-gallery-thumbnail-box\" >\n\t\t\t\t        <div class=\"ngg-gallery-thumbnail\">\n            <a href=\"https:\/\/www.freimarianne.ch\/wp-content\/gallery\/waldegg-habkern-17-2-2013\/img_2490.jpg\"\n               title=\"\"\n               data-src=\"https:\/\/www.freimarianne.ch\/wp-content\/gallery\/waldegg-habkern-17-2-2013\/img_2490.jpg\"\n               data-thumbnail=\"https:\/\/www.freimarianne.ch\/wp-content\/gallery\/waldegg-habkern-17-2-2013\/thumbs\/thumbs_img_2490.jpg\"\n               data-image-id=\"6250\"\n               data-title=\"img_2490\"\n               data-description=\"\"\n               data-image-slug=\"img_2490-2\"\n               class=\"shutterset_41e11f22066066d56910078ed3b01e2b\">\n                <img\n                    title=\"img_2490\"\n                    alt=\"img_2490\"\n                    src=\"https:\/\/www.freimarianne.ch\/wp-content\/gallery\/waldegg-habkern-17-2-2013\/cache\/img_2490.jpg-nggid046250-ngg0dyn-100x75x100-00f0w010c010r110f110r010t010.jpg\"\n                    width=\"100\"\n                    height=\"75\"\n                    style=\"max-width:100%;\"\n                \/>\n            <\/a>\n        <\/div>\n\t\t\t\t\t\t\t<\/div> \n\t\t\t\n                            \n\t\t\t\t<div id=\"ngg-image-11\" class=\"ngg-gallery-thumbnail-box\" >\n\t\t\t\t        <div class=\"ngg-gallery-thumbnail\">\n            <a href=\"https:\/\/www.freimarianne.ch\/wp-content\/gallery\/waldegg-habkern-17-2-2013\/img_2493.jpg\"\n               title=\"\"\n               data-src=\"https:\/\/www.freimarianne.ch\/wp-content\/gallery\/waldegg-habkern-17-2-2013\/img_2493.jpg\"\n               data-thumbnail=\"https:\/\/www.freimarianne.ch\/wp-content\/gallery\/waldegg-habkern-17-2-2013\/thumbs\/thumbs_img_2493.jpg\"\n               data-image-id=\"6251\"\n               data-title=\"img_2493\"\n               data-description=\"\"\n               data-image-slug=\"img_2493\"\n               class=\"shutterset_41e11f22066066d56910078ed3b01e2b\">\n                <img\n                    title=\"img_2493\"\n                    alt=\"img_2493\"\n                    src=\"https:\/\/www.freimarianne.ch\/wp-content\/gallery\/waldegg-habkern-17-2-2013\/cache\/img_2493.jpg-nggid046251-ngg0dyn-100x75x100-00f0w010c010r110f110r010t010.jpg\"\n                    width=\"100\"\n                    height=\"75\"\n                    style=\"max-width:100%;\"\n                \/>\n            <\/a>\n        <\/div>\n\t\t\t\t\t\t\t<\/div> \n\t\t\t\n                                    <br style=\"clear: both\" \/>\n                    \n\t\t\t\t<div id=\"ngg-image-12\" class=\"ngg-gallery-thumbnail-box\" >\n\t\t\t\t        <div class=\"ngg-gallery-thumbnail\">\n            <a href=\"https:\/\/www.freimarianne.ch\/wp-content\/gallery\/waldegg-habkern-17-2-2013\/img_2496.jpg\"\n               title=\"\"\n               data-src=\"https:\/\/www.freimarianne.ch\/wp-content\/gallery\/waldegg-habkern-17-2-2013\/img_2496.jpg\"\n               data-thumbnail=\"https:\/\/www.freimarianne.ch\/wp-content\/gallery\/waldegg-habkern-17-2-2013\/thumbs\/thumbs_img_2496.jpg\"\n               data-image-id=\"6252\"\n               data-title=\"img_2496\"\n               data-description=\"\"\n               data-image-slug=\"img_2496\"\n               class=\"shutterset_41e11f22066066d56910078ed3b01e2b\">\n                <img\n                    title=\"img_2496\"\n                    alt=\"img_2496\"\n                    src=\"https:\/\/www.freimarianne.ch\/wp-content\/gallery\/waldegg-habkern-17-2-2013\/cache\/img_2496.jpg-nggid046252-ngg0dyn-100x75x100-00f0w010c010r110f110r010t010.jpg\"\n                    width=\"100\"\n                    height=\"75\"\n                    style=\"max-width:100%;\"\n                \/>\n            <\/a>\n        <\/div>\n\t\t\t\t\t\t\t<\/div> \n\t\t\t\n                            \n\t\t\t\t<div id=\"ngg-image-13\" class=\"ngg-gallery-thumbnail-box\" >\n\t\t\t\t        <div class=\"ngg-gallery-thumbnail\">\n            <a href=\"https:\/\/www.freimarianne.ch\/wp-content\/gallery\/waldegg-habkern-17-2-2013\/img_2503.jpg\"\n               title=\"\"\n               data-src=\"https:\/\/www.freimarianne.ch\/wp-content\/gallery\/waldegg-habkern-17-2-2013\/img_2503.jpg\"\n               data-thumbnail=\"https:\/\/www.freimarianne.ch\/wp-content\/gallery\/waldegg-habkern-17-2-2013\/thumbs\/thumbs_img_2503.jpg\"\n               data-image-id=\"6253\"\n               data-title=\"img_2503\"\n               data-description=\"\"\n               data-image-slug=\"img_2503\"\n               class=\"shutterset_41e11f22066066d56910078ed3b01e2b\">\n                <img\n                    title=\"img_2503\"\n                    alt=\"img_2503\"\n                    src=\"https:\/\/www.freimarianne.ch\/wp-content\/gallery\/waldegg-habkern-17-2-2013\/cache\/img_2503.jpg-nggid046253-ngg0dyn-100x75x100-00f0w010c010r110f110r010t010.jpg\"\n                    width=\"100\"\n                    height=\"75\"\n                    style=\"max-width:100%;\"\n                \/>\n            <\/a>\n        <\/div>\n\t\t\t\t\t\t\t<\/div> \n\t\t\t\n                            \n\t\t\t\t<div id=\"ngg-image-14\" class=\"ngg-gallery-thumbnail-box\" >\n\t\t\t\t        <div class=\"ngg-gallery-thumbnail\">\n            <a href=\"https:\/\/www.freimarianne.ch\/wp-content\/gallery\/waldegg-habkern-17-2-2013\/img_2512.jpg\"\n               title=\"\"\n               data-src=\"https:\/\/www.freimarianne.ch\/wp-content\/gallery\/waldegg-habkern-17-2-2013\/img_2512.jpg\"\n               data-thumbnail=\"https:\/\/www.freimarianne.ch\/wp-content\/gallery\/waldegg-habkern-17-2-2013\/thumbs\/thumbs_img_2512.jpg\"\n               data-image-id=\"6254\"\n               data-title=\"img_2512\"\n               data-description=\"\"\n               data-image-slug=\"img_2512-3\"\n               class=\"shutterset_41e11f22066066d56910078ed3b01e2b\">\n                <img\n                    title=\"img_2512\"\n                    alt=\"img_2512\"\n                    src=\"https:\/\/www.freimarianne.ch\/wp-content\/gallery\/waldegg-habkern-17-2-2013\/cache\/img_2512.jpg-nggid046254-ngg0dyn-100x75x100-00f0w010c010r110f110r010t010.jpg\"\n                    width=\"100\"\n                    height=\"75\"\n                    style=\"max-width:100%;\"\n                \/>\n            <\/a>\n        <\/div>\n\t\t\t\t\t\t\t<\/div> \n\t\t\t\n                            \n\t\t\t\t<div id=\"ngg-image-15\" class=\"ngg-gallery-thumbnail-box\" >\n\t\t\t\t        <div class=\"ngg-gallery-thumbnail\">\n            <a href=\"https:\/\/www.freimarianne.ch\/wp-content\/gallery\/waldegg-habkern-17-2-2013\/img_2515.jpg\"\n               title=\"\"\n               data-src=\"https:\/\/www.freimarianne.ch\/wp-content\/gallery\/waldegg-habkern-17-2-2013\/img_2515.jpg\"\n               data-thumbnail=\"https:\/\/www.freimarianne.ch\/wp-content\/gallery\/waldegg-habkern-17-2-2013\/thumbs\/thumbs_img_2515.jpg\"\n               data-image-id=\"6255\"\n               data-title=\"img_2515\"\n               data-description=\"\"\n               data-image-slug=\"img_2515\"\n               class=\"shutterset_41e11f22066066d56910078ed3b01e2b\">\n                <img\n                    title=\"img_2515\"\n                    alt=\"img_2515\"\n                    src=\"https:\/\/www.freimarianne.ch\/wp-content\/gallery\/waldegg-habkern-17-2-2013\/cache\/img_2515.jpg-nggid046255-ngg0dyn-100x75x100-00f0w010c010r110f110r010t010.jpg\"\n                    width=\"100\"\n                    height=\"75\"\n                    style=\"max-width:100%;\"\n                \/>\n            <\/a>\n        <\/div>\n\t\t\t\t\t\t\t<\/div> \n\t\t\t\n                                    <br style=\"clear: both\" \/>\n                    \n\t\t\t\t<div id=\"ngg-image-16\" class=\"ngg-gallery-thumbnail-box\" >\n\t\t\t\t        <div class=\"ngg-gallery-thumbnail\">\n            <a href=\"https:\/\/www.freimarianne.ch\/wp-content\/gallery\/waldegg-habkern-17-2-2013\/img_2523.jpg\"\n               title=\"\"\n               data-src=\"https:\/\/www.freimarianne.ch\/wp-content\/gallery\/waldegg-habkern-17-2-2013\/img_2523.jpg\"\n               data-thumbnail=\"https:\/\/www.freimarianne.ch\/wp-content\/gallery\/waldegg-habkern-17-2-2013\/thumbs\/thumbs_img_2523.jpg\"\n               data-image-id=\"6256\"\n               data-title=\"img_2523\"\n               data-description=\"\"\n               data-image-slug=\"img_2523\"\n               class=\"shutterset_41e11f22066066d56910078ed3b01e2b\">\n                <img\n                    title=\"img_2523\"\n                    alt=\"img_2523\"\n                    src=\"https:\/\/www.freimarianne.ch\/wp-content\/gallery\/waldegg-habkern-17-2-2013\/cache\/img_2523.jpg-nggid046256-ngg0dyn-100x75x100-00f0w010c010r110f110r010t010.jpg\"\n                    width=\"100\"\n                    height=\"75\"\n                    style=\"max-width:100%;\"\n                \/>\n            <\/a>\n        <\/div>\n\t\t\t\t\t\t\t<\/div> \n\t\t\t\n                            \n\t\t\t\t<div id=\"ngg-image-17\" class=\"ngg-gallery-thumbnail-box\" >\n\t\t\t\t        <div class=\"ngg-gallery-thumbnail\">\n            <a href=\"https:\/\/www.freimarianne.ch\/wp-content\/gallery\/waldegg-habkern-17-2-2013\/img_2529.jpg\"\n               title=\"\"\n               data-src=\"https:\/\/www.freimarianne.ch\/wp-content\/gallery\/waldegg-habkern-17-2-2013\/img_2529.jpg\"\n               data-thumbnail=\"https:\/\/www.freimarianne.ch\/wp-content\/gallery\/waldegg-habkern-17-2-2013\/thumbs\/thumbs_img_2529.jpg\"\n               data-image-id=\"6257\"\n               data-title=\"img_2529\"\n               data-description=\"\"\n               data-image-slug=\"img_2529\"\n               class=\"shutterset_41e11f22066066d56910078ed3b01e2b\">\n                <img\n                    title=\"img_2529\"\n                    alt=\"img_2529\"\n                    src=\"https:\/\/www.freimarianne.ch\/wp-content\/gallery\/waldegg-habkern-17-2-2013\/cache\/img_2529.jpg-nggid046257-ngg0dyn-100x75x100-00f0w010c010r110f110r010t010.jpg\"\n                    width=\"100\"\n                    height=\"75\"\n                    style=\"max-width:100%;\"\n                \/>\n            <\/a>\n        <\/div>\n\t\t\t\t\t\t\t<\/div> \n\t\t\t\n                            \n\t\t\t\t<div id=\"ngg-image-18\" class=\"ngg-gallery-thumbnail-box\" >\n\t\t\t\t        <div class=\"ngg-gallery-thumbnail\">\n            <a href=\"https:\/\/www.freimarianne.ch\/wp-content\/gallery\/waldegg-habkern-17-2-2013\/img_2530.jpg\"\n               title=\"\"\n               data-src=\"https:\/\/www.freimarianne.ch\/wp-content\/gallery\/waldegg-habkern-17-2-2013\/img_2530.jpg\"\n               data-thumbnail=\"https:\/\/www.freimarianne.ch\/wp-content\/gallery\/waldegg-habkern-17-2-2013\/thumbs\/thumbs_img_2530.jpg\"\n               data-image-id=\"6258\"\n               data-title=\"img_2530\"\n               data-description=\"\"\n               data-image-slug=\"img_2530\"\n               class=\"shutterset_41e11f22066066d56910078ed3b01e2b\">\n                <img\n                    title=\"img_2530\"\n                    alt=\"img_2530\"\n                    src=\"https:\/\/www.freimarianne.ch\/wp-content\/gallery\/waldegg-habkern-17-2-2013\/cache\/img_2530.jpg-nggid046258-ngg0dyn-100x75x100-00f0w010c010r110f110r010t010.jpg\"\n                    width=\"100\"\n                    height=\"75\"\n                    style=\"max-width:100%;\"\n                \/>\n            <\/a>\n        <\/div>\n\t\t\t\t\t\t\t<\/div> \n\t\t\t\n                            \n\t\t\t\t<div id=\"ngg-image-19\" class=\"ngg-gallery-thumbnail-box\" >\n\t\t\t\t        <div class=\"ngg-gallery-thumbnail\">\n            <a href=\"https:\/\/www.freimarianne.ch\/wp-content\/gallery\/waldegg-habkern-17-2-2013\/img_2531.jpg\"\n               title=\"\"\n               data-src=\"https:\/\/www.freimarianne.ch\/wp-content\/gallery\/waldegg-habkern-17-2-2013\/img_2531.jpg\"\n               data-thumbnail=\"https:\/\/www.freimarianne.ch\/wp-content\/gallery\/waldegg-habkern-17-2-2013\/thumbs\/thumbs_img_2531.jpg\"\n               data-image-id=\"6259\"\n               data-title=\"img_2531\"\n               data-description=\"\"\n               data-image-slug=\"img_2531\"\n               class=\"shutterset_41e11f22066066d56910078ed3b01e2b\">\n                <img\n                    title=\"img_2531\"\n                    alt=\"img_2531\"\n                    src=\"https:\/\/www.freimarianne.ch\/wp-content\/gallery\/waldegg-habkern-17-2-2013\/cache\/img_2531.jpg-nggid046259-ngg0dyn-100x75x100-00f0w010c010r110f110r010t010.jpg\"\n                    width=\"100\"\n                    height=\"75\"\n                    style=\"max-width:100%;\"\n                \/>\n            <\/a>\n        <\/div>\n\t\t\t\t\t\t\t<\/div> \n\t\t\t\n                                    <br style=\"clear: both\" \/>\n                    \n\t\t\t\t<div id=\"ngg-image-20\" class=\"ngg-gallery-thumbnail-box\" >\n\t\t\t\t        <div class=\"ngg-gallery-thumbnail\">\n            <a href=\"https:\/\/www.freimarianne.ch\/wp-content\/gallery\/waldegg-habkern-17-2-2013\/img_2541.jpg\"\n               title=\"\"\n               data-src=\"https:\/\/www.freimarianne.ch\/wp-content\/gallery\/waldegg-habkern-17-2-2013\/img_2541.jpg\"\n               data-thumbnail=\"https:\/\/www.freimarianne.ch\/wp-content\/gallery\/waldegg-habkern-17-2-2013\/thumbs\/thumbs_img_2541.jpg\"\n               data-image-id=\"6260\"\n               data-title=\"img_2541\"\n               data-description=\"\"\n               data-image-slug=\"img_2541\"\n               class=\"shutterset_41e11f22066066d56910078ed3b01e2b\">\n                <img\n                    title=\"img_2541\"\n                    alt=\"img_2541\"\n                    src=\"https:\/\/www.freimarianne.ch\/wp-content\/gallery\/waldegg-habkern-17-2-2013\/cache\/img_2541.jpg-nggid046260-ngg0dyn-100x75x100-00f0w010c010r110f110r010t010.jpg\"\n                    width=\"100\"\n                    height=\"75\"\n                    style=\"max-width:100%;\"\n                \/>\n            <\/a>\n        <\/div>\n\t\t\t\t\t\t\t<\/div> \n\t\t\t\n                            \n\t\t\t\t<div id=\"ngg-image-21\" class=\"ngg-gallery-thumbnail-box\" >\n\t\t\t\t        <div class=\"ngg-gallery-thumbnail\">\n            <a href=\"https:\/\/www.freimarianne.ch\/wp-content\/gallery\/waldegg-habkern-17-2-2013\/img_2547.jpg\"\n               title=\"\"\n               data-src=\"https:\/\/www.freimarianne.ch\/wp-content\/gallery\/waldegg-habkern-17-2-2013\/img_2547.jpg\"\n               data-thumbnail=\"https:\/\/www.freimarianne.ch\/wp-content\/gallery\/waldegg-habkern-17-2-2013\/thumbs\/thumbs_img_2547.jpg\"\n               data-image-id=\"6261\"\n               data-title=\"img_2547\"\n               data-description=\"\"\n               data-image-slug=\"img_2547\"\n               class=\"shutterset_41e11f22066066d56910078ed3b01e2b\">\n                <img\n                    title=\"img_2547\"\n                    alt=\"img_2547\"\n                    src=\"https:\/\/www.freimarianne.ch\/wp-content\/gallery\/waldegg-habkern-17-2-2013\/cache\/img_2547.jpg-nggid046261-ngg0dyn-100x75x100-00f0w010c010r110f110r010t010.jpg\"\n                    width=\"100\"\n                    height=\"75\"\n                    style=\"max-width:100%;\"\n                \/>\n            <\/a>\n        <\/div>\n\t\t\t\t\t\t\t<\/div> \n\t\t\t\n                            \n\t\t\t\t<div id=\"ngg-image-22\" class=\"ngg-gallery-thumbnail-box\" >\n\t\t\t\t        <div class=\"ngg-gallery-thumbnail\">\n            <a href=\"https:\/\/www.freimarianne.ch\/wp-content\/gallery\/waldegg-habkern-17-2-2013\/img_2548.jpg\"\n               title=\"\"\n               data-src=\"https:\/\/www.freimarianne.ch\/wp-content\/gallery\/waldegg-habkern-17-2-2013\/img_2548.jpg\"\n               data-thumbnail=\"https:\/\/www.freimarianne.ch\/wp-content\/gallery\/waldegg-habkern-17-2-2013\/thumbs\/thumbs_img_2548.jpg\"\n               data-image-id=\"6262\"\n               data-title=\"img_2548\"\n               data-description=\"\"\n               data-image-slug=\"img_2548\"\n               class=\"shutterset_41e11f22066066d56910078ed3b01e2b\">\n                <img\n                    title=\"img_2548\"\n                    alt=\"img_2548\"\n                    src=\"https:\/\/www.freimarianne.ch\/wp-content\/gallery\/waldegg-habkern-17-2-2013\/cache\/img_2548.jpg-nggid046262-ngg0dyn-100x75x100-00f0w010c010r110f110r010t010.jpg\"\n                    width=\"100\"\n                    height=\"75\"\n                    style=\"max-width:100%;\"\n                \/>\n            <\/a>\n        <\/div>\n\t\t\t\t\t\t\t<\/div> \n\t\t\t\n                            \n\t\t\t\t<div id=\"ngg-image-23\" class=\"ngg-gallery-thumbnail-box\" >\n\t\t\t\t        <div class=\"ngg-gallery-thumbnail\">\n            <a href=\"https:\/\/www.freimarianne.ch\/wp-content\/gallery\/waldegg-habkern-17-2-2013\/img_2552.jpg\"\n               title=\"\"\n               data-src=\"https:\/\/www.freimarianne.ch\/wp-content\/gallery\/waldegg-habkern-17-2-2013\/img_2552.jpg\"\n               data-thumbnail=\"https:\/\/www.freimarianne.ch\/wp-content\/gallery\/waldegg-habkern-17-2-2013\/thumbs\/thumbs_img_2552.jpg\"\n               data-image-id=\"6263\"\n               data-title=\"img_2552\"\n               data-description=\"\"\n               data-image-slug=\"img_2552-2\"\n               class=\"shutterset_41e11f22066066d56910078ed3b01e2b\">\n                <img\n                    title=\"img_2552\"\n                    alt=\"img_2552\"\n                    src=\"https:\/\/www.freimarianne.ch\/wp-content\/gallery\/waldegg-habkern-17-2-2013\/cache\/img_2552.jpg-nggid046263-ngg0dyn-100x75x100-00f0w010c010r110f110r010t010.jpg\"\n                    width=\"100\"\n                    height=\"75\"\n                    style=\"max-width:100%;\"\n                \/>\n            <\/a>\n        <\/div>\n\t\t\t\t\t\t\t<\/div> \n\t\t\t\n                                    <br style=\"clear: both\" \/>\n                    \n\t\t\t\t<div id=\"ngg-image-24\" class=\"ngg-gallery-thumbnail-box\" >\n\t\t\t\t        <div class=\"ngg-gallery-thumbnail\">\n            <a href=\"https:\/\/www.freimarianne.ch\/wp-content\/gallery\/waldegg-habkern-17-2-2013\/img_2555.jpg\"\n               title=\"\"\n               data-src=\"https:\/\/www.freimarianne.ch\/wp-content\/gallery\/waldegg-habkern-17-2-2013\/img_2555.jpg\"\n               data-thumbnail=\"https:\/\/www.freimarianne.ch\/wp-content\/gallery\/waldegg-habkern-17-2-2013\/thumbs\/thumbs_img_2555.jpg\"\n               data-image-id=\"6264\"\n               data-title=\"img_2555\"\n               data-description=\"\"\n               data-image-slug=\"img_2555\"\n               class=\"shutterset_41e11f22066066d56910078ed3b01e2b\">\n                <img\n                    title=\"img_2555\"\n                    alt=\"img_2555\"\n                    src=\"https:\/\/www.freimarianne.ch\/wp-content\/gallery\/waldegg-habkern-17-2-2013\/cache\/img_2555.jpg-nggid046264-ngg0dyn-100x75x100-00f0w010c010r110f110r010t010.jpg\"\n                    width=\"100\"\n                    height=\"75\"\n                    style=\"max-width:100%;\"\n                \/>\n            <\/a>\n        <\/div>\n\t\t\t\t\t\t\t<\/div> \n\t\t\t\n                            \n\t\t\n\t\t<!-- Pagination -->\n\t<div class='ngg-clear'><\/div>\t<\/div>\n<\/p>\n","protected":false},"excerpt":{"rendered":"<p>Winterwanderung von Waldegg\/Beatenberg nach Habkern; von Habkern nach Schwendi und zur\u00fcck. Eine wundersch\u00f6ne Winterwanderung auf pr\u00e4parierten Winterwanderweg bei recht gutem Wetter! Nach Swissmap: Aufstieg: 475m; Abstieg: 610m; Distanz: 9.68km, Dauer 3 Std.<\/p>\n","protected":false},"author":1,"featured_media":0,"parent":3491,"menu_order":8,"comment_status":"closed","ping_status":"closed","template":"","meta":{"ngg_post_thumbnail":0},"_links":{"self":[{"href":"https:\/\/www.freimarianne.ch\/index.php?rest_route=\/wp\/v2\/pages\/3594"}],"collection":[{"href":"https:\/\/www.freimarianne.ch\/index.php?rest_route=\/wp\/v2\/pages"}],"about":[{"href":"https:\/\/www.freimarianne.ch\/index.php?rest_route=\/wp\/v2\/types\/page"}],"author":[{"embeddable":true,"href":"https:\/\/www.freimarianne.ch\/index.php?rest_route=\/wp\/v2\/users\/1"}],"replies":[{"embeddable":true,"href":"https:\/\/www.freimarianne.ch\/index.php?rest_route=%2Fwp%2Fv2%2Fcomments&post=3594"}],"version-history":[{"count":4,"href":"https:\/\/www.freimarianne.ch\/index.php?rest_route=\/wp\/v2\/pages\/3594\/revisions"}],"predecessor-version":[{"id":3599,"href":"https:\/\/www.freimarianne.ch\/index.php?rest_route=\/wp\/v2\/pages\/3594\/revisions\/3599"}],"up":[{"embeddable":true,"href":"https:\/\/www.freimarianne.ch\/index.php?rest_route=\/wp\/v2\/pages\/3491"}],"wp:attachment":[{"href":"https:\/\/www.freimarianne.ch\/index.php?rest_route=%2Fwp%2Fv2%2Fmedia&parent=3594"}],"curies":[{"name":"wp","href":"https:\/\/api.w.org\/{rel}","templated":true}]}}