{"id":36116,"date":"2019-04-10T14:12:24","date_gmt":"2019-04-10T13:12:24","guid":{"rendered":"http:\/\/www.freimarianne.ch\/?page_id=36116"},"modified":"2019-04-10T14:17:03","modified_gmt":"2019-04-10T13:17:03","slug":"rigi-lu-5-4-2019","status":"publish","type":"page","link":"https:\/\/www.freimarianne.ch\/?page_id=36116","title":{"rendered":"Rigi    LU   5.4.2019"},"content":{"rendered":"<p><strong>Fr\u00fchlingswanderung bei winterlichen Verh\u00e4ltnissen<\/strong><\/p>\n<div id=\"attachment_36115\" style=\"width: 510px\" class=\"wp-caption alignleft\"><img aria-describedby=\"caption-attachment-36115\" loading=\"lazy\" class=\"size-full wp-image-36115\" src=\"http:\/\/www.freimarianne.ch\/wp-content\/uploads\/2019\/04\/IMG_1230._rigi500.jpg\" alt=\"\" width=\"500\" height=\"333\" srcset=\"https:\/\/www.freimarianne.ch\/wp-content\/uploads\/2019\/04\/IMG_1230._rigi500.jpg 500w, https:\/\/www.freimarianne.ch\/wp-content\/uploads\/2019\/04\/IMG_1230._rigi500-300x200.jpg 300w, https:\/\/www.freimarianne.ch\/wp-content\/uploads\/2019\/04\/IMG_1230._rigi500-450x300.jpg 450w\" sizes=\"(max-width: 500px) 100vw, 500px\" \/><p id=\"caption-attachment-36115\" class=\"wp-caption-text\">winterliche Verh\u00e4ltnisse auf der Rigi; vo Buochserhorn, Stanserhorn<\/p><\/div>\n<p>Heute soll auf der Rigi die Sonne scheinen. Nochmals stelle ich mich auf eine Winterwanderung ein, denn es hat am Vortag viel Neuschnee gegeben.<br \/>\nAuf der Rigi herrscht eine ganz besondere Stimmung. Die Sonne scheint, der Himmel ist blau aber st\u00e4ndig ziehen Wolken vor\u00fcber, sodass die Berge zeitweise im Weiss verschwinden. Aber es gelingen mir doch sch\u00f6ne Panorama Fotos. Nach dem Aufstieg zum Kulm 1748m mache ich mich dann auf den Weg hinunter zum Rigi Staffel 1604m, von wo ich zur Rigi Staffelh\u00f6he 1538m gelange. Der Weg \u00fcber das Ch\u00e4nzeli ist nicht gespurt, sodass ich ich direkt hinunter nach Rigi Kaltbad 1436m gehe. Seit der Staffelh\u00f6he befinde ich mich in der Wolkenzone und erst unten in Vitznau scheint wieder die Sonne. Die bl\u00fchenden Tulpen in einem Beet an der Schiffstation sind ein Zeichen, dass der Fr\u00fchling trotz allem eingezogen ist. Ich erleben noch eine sch\u00f6ne Schifffahrt nach Luzern, wo ich draussen auf einer Bankl die Sonne geniessen kann.<\/p>\n<p><!-- index.php -->\n<div\n\tclass=\"ngg-galleryoverview ngg-ajax-pagination-none\"\n\tid=\"ngg-gallery-36158-1\">\n\n    \t<div class=\"slideshowlink\">\n        <a href='https:\/\/www.freimarianne.ch\/index.php\/nggallery\/slideshow?page_id=36116'>[Show as slideshow]<\/a>\n\t\t\n\t<\/div>\n\t\t\t<!-- Thumbnails -->\n\t\t\t\t<div id=\"ngg-image-0\" class=\"ngg-gallery-thumbnail-box\" >\n\t\t\t\t        <div class=\"ngg-gallery-thumbnail\">\n            <a href=\"https:\/\/www.freimarianne.ch\/wp-content\/gallery\/rigi-5-4-19\/IMG_1205.jpg\"\n               title=\"Bristen 3072m, Gitschen 2540m, Rotgitschen 2673m,  Brunnistock 2952m, Urirotstock  2928m, davor Schlieren\"\n               data-src=\"https:\/\/www.freimarianne.ch\/wp-content\/gallery\/rigi-5-4-19\/IMG_1205.jpg\"\n               data-thumbnail=\"https:\/\/www.freimarianne.ch\/wp-content\/gallery\/rigi-5-4-19\/thumbs\/thumbs_IMG_1205.jpg\"\n               data-image-id=\"20469\"\n               data-title=\"Bristen 3072m, Gitschen 2540m, Rotgitschen 2673m,  Brunnistock 2952m, Urirotstock  2928m, davor Schlieren\"\n               data-description=\"Bristen 3072m, Gitschen 2540m, Rotgitschen 2673m,  Brunnistock 2952m, Urirotstock  2928m, davor Schlieren\"\n               data-image-slug=\"img_1205-1\"\n               class=\"shutterset_36158\">\n                <img\n                    title=\"Bristen 3072m, Gitschen 2540m, Rotgitschen 2673m,  Brunnistock 2952m, Urirotstock  2928m, davor Schlieren\"\n                    alt=\"Bristen 3072m, Gitschen 2540m, Rotgitschen 2673m,  Brunnistock 2952m, Urirotstock  2928m, davor Schlieren\"\n                    src=\"https:\/\/www.freimarianne.ch\/wp-content\/gallery\/rigi-5-4-19\/thumbs\/thumbs_IMG_1205.jpg\"\n                    width=\"100\"\n                    height=\"75\"\n                    style=\"max-width:100%;\"\n                \/>\n            <\/a>\n        <\/div>\n\t\t\t\t\t\t\t<\/div> \n\t\t\t\n        \n\t\t\t\t<div id=\"ngg-image-1\" class=\"ngg-gallery-thumbnail-box\" >\n\t\t\t\t        <div class=\"ngg-gallery-thumbnail\">\n            <a href=\"https:\/\/www.freimarianne.ch\/wp-content\/gallery\/rigi-5-4-19\/IMG_1215.jpg\"\n               title=\"winterliche Verh\u00e4ltnisse auf der Rigi\"\n               data-src=\"https:\/\/www.freimarianne.ch\/wp-content\/gallery\/rigi-5-4-19\/IMG_1215.jpg\"\n               data-thumbnail=\"https:\/\/www.freimarianne.ch\/wp-content\/gallery\/rigi-5-4-19\/thumbs\/thumbs_IMG_1215.jpg\"\n               data-image-id=\"20470\"\n               data-title=\"winterliche Verh\u00c3\u00a4ltnisse auf der Rigi\"\n               data-description=\"winterliche Verh\u00e4ltnisse auf der Rigi\"\n               data-image-slug=\"img_1215-1\"\n               class=\"shutterset_36158\">\n                <img\n                    title=\"winterliche Verh\u00c3\u00a4ltnisse auf der Rigi\"\n                    alt=\"winterliche Verh\u00c3\u00a4ltnisse auf der Rigi\"\n                    src=\"https:\/\/www.freimarianne.ch\/wp-content\/gallery\/rigi-5-4-19\/thumbs\/thumbs_IMG_1215.jpg\"\n                    width=\"100\"\n                    height=\"75\"\n                    style=\"max-width:100%;\"\n                \/>\n            <\/a>\n        <\/div>\n\t\t\t\t\t\t\t<\/div> \n\t\t\t\n        \n\t\t\t\t<div id=\"ngg-image-2\" class=\"ngg-gallery-thumbnail-box\" >\n\t\t\t\t        <div class=\"ngg-gallery-thumbnail\">\n            <a href=\"https:\/\/www.freimarianne.ch\/wp-content\/gallery\/rigi-5-4-19\/IMG_1216.jpg\"\n               title=\"Titlis, Reissend Nollen\"\n               data-src=\"https:\/\/www.freimarianne.ch\/wp-content\/gallery\/rigi-5-4-19\/IMG_1216.jpg\"\n               data-thumbnail=\"https:\/\/www.freimarianne.ch\/wp-content\/gallery\/rigi-5-4-19\/thumbs\/thumbs_IMG_1216.jpg\"\n               data-image-id=\"20471\"\n               data-title=\"Titlis, Reissend Nollen\"\n               data-description=\"Titlis, Reissend Nollen\"\n               data-image-slug=\"img_1216-1\"\n               class=\"shutterset_36158\">\n                <img\n                    title=\"Titlis, Reissend Nollen\"\n                    alt=\"Titlis, Reissend Nollen\"\n                    src=\"https:\/\/www.freimarianne.ch\/wp-content\/gallery\/rigi-5-4-19\/thumbs\/thumbs_IMG_1216.jpg\"\n                    width=\"100\"\n                    height=\"75\"\n                    style=\"max-width:100%;\"\n                \/>\n            <\/a>\n        <\/div>\n\t\t\t\t\t\t\t<\/div> \n\t\t\t\n        \n\t\t\t\t<div id=\"ngg-image-3\" class=\"ngg-gallery-thumbnail-box\" >\n\t\t\t\t        <div class=\"ngg-gallery-thumbnail\">\n            <a href=\"https:\/\/www.freimarianne.ch\/wp-content\/gallery\/rigi-5-4-19\/IMG_1229.jpg\"\n               title=\"winterliche Verh\u00e4ltnisse auf der Rigi\"\n               data-src=\"https:\/\/www.freimarianne.ch\/wp-content\/gallery\/rigi-5-4-19\/IMG_1229.jpg\"\n               data-thumbnail=\"https:\/\/www.freimarianne.ch\/wp-content\/gallery\/rigi-5-4-19\/thumbs\/thumbs_IMG_1229.jpg\"\n               data-image-id=\"20472\"\n               data-title=\"winterliche Verh\u00c3\u00a4ltnisse auf der Rigi\"\n               data-description=\"winterliche Verh\u00e4ltnisse auf der Rigi\"\n               data-image-slug=\"img_1229-1\"\n               class=\"shutterset_36158\">\n                <img\n                    title=\"winterliche Verh\u00c3\u00a4ltnisse auf der Rigi\"\n                    alt=\"winterliche Verh\u00c3\u00a4ltnisse auf der Rigi\"\n                    src=\"https:\/\/www.freimarianne.ch\/wp-content\/gallery\/rigi-5-4-19\/thumbs\/thumbs_IMG_1229.jpg\"\n                    width=\"100\"\n                    height=\"75\"\n                    style=\"max-width:100%;\"\n                \/>\n            <\/a>\n        <\/div>\n\t\t\t\t\t\t\t<\/div> \n\t\t\t\n        \n\t\t\t\t<div id=\"ngg-image-4\" class=\"ngg-gallery-thumbnail-box\" >\n\t\t\t\t        <div class=\"ngg-gallery-thumbnail\">\n            <a href=\"https:\/\/www.freimarianne.ch\/wp-content\/gallery\/rigi-5-4-19\/IMG_1233.jpg\"\n               title=\"Lauteraarhorn 4042m, Schreckhorn 4078m, Mittelhorn 3704m, Wetterhorn 3701m, M\u00f6nch 4099m Eiger 3970m, Jungfrau 4158m, Schwarzhorn 2928m, Wildg\u00e4rst 2891m, G\u00e4rsthorn 2798m\"\n               data-src=\"https:\/\/www.freimarianne.ch\/wp-content\/gallery\/rigi-5-4-19\/IMG_1233.jpg\"\n               data-thumbnail=\"https:\/\/www.freimarianne.ch\/wp-content\/gallery\/rigi-5-4-19\/thumbs\/thumbs_IMG_1233.jpg\"\n               data-image-id=\"20473\"\n               data-title=\"Version 2\"\n               data-description=\"Lauteraarhorn 4042m, Schreckhorn 4078m, Mittelhorn 3704m, Wetterhorn 3701m, M\u00f6nch 4099m Eiger 3970m, Jungfrau 4158m, Schwarzhorn 2928m, Wildg\u00e4rst 2891m, G\u00e4rsthorn 2798m\"\n               data-image-slug=\"img_1233-1\"\n               class=\"shutterset_36158\">\n                <img\n                    title=\"Version 2\"\n                    alt=\"Version 2\"\n                    src=\"https:\/\/www.freimarianne.ch\/wp-content\/gallery\/rigi-5-4-19\/thumbs\/thumbs_IMG_1233.jpg\"\n                    width=\"100\"\n                    height=\"75\"\n                    style=\"max-width:100%;\"\n                \/>\n            <\/a>\n        <\/div>\n\t\t\t\t\t\t\t<\/div> \n\t\t\t\n        \n\t\t\t\t<div id=\"ngg-image-5\" class=\"ngg-gallery-thumbnail-box\" >\n\t\t\t\t        <div class=\"ngg-gallery-thumbnail\">\n            <a href=\"https:\/\/www.freimarianne.ch\/wp-content\/gallery\/rigi-5-4-19\/IMG_1234.jpg\"\n               title=\"winterliche Verh\u00e4ltnisse auf der Rigi; vo Buochserhorn und Stanserhorn; SIcht vom Titlis bis zum Pilatus\"\n               data-src=\"https:\/\/www.freimarianne.ch\/wp-content\/gallery\/rigi-5-4-19\/IMG_1234.jpg\"\n               data-thumbnail=\"https:\/\/www.freimarianne.ch\/wp-content\/gallery\/rigi-5-4-19\/thumbs\/thumbs_IMG_1234.jpg\"\n               data-image-id=\"20474\"\n               data-title=\"winterliche Verh\u00c3\u00a4ltnisse auf der Rigi; vo Buochserhorn und Stanserhorn; SIcht vom Titlis bis zum Pilatus\"\n               data-description=\"winterliche Verh\u00e4ltnisse auf der Rigi; vo Buochserhorn und Stanserhorn; SIcht vom Titlis bis zum Pilatus\"\n               data-image-slug=\"img_1234-2\"\n               class=\"shutterset_36158\">\n                <img\n                    title=\"winterliche Verh\u00c3\u00a4ltnisse auf der Rigi; vo Buochserhorn und Stanserhorn; SIcht vom Titlis bis zum Pilatus\"\n                    alt=\"winterliche Verh\u00c3\u00a4ltnisse auf der Rigi; vo Buochserhorn und Stanserhorn; SIcht vom Titlis bis zum Pilatus\"\n                    src=\"https:\/\/www.freimarianne.ch\/wp-content\/gallery\/rigi-5-4-19\/thumbs\/thumbs_IMG_1234.jpg\"\n                    width=\"100\"\n                    height=\"75\"\n                    style=\"max-width:100%;\"\n                \/>\n            <\/a>\n        <\/div>\n\t\t\t\t\t\t\t<\/div> \n\t\t\t\n        \n\t\t\t\t<div id=\"ngg-image-6\" class=\"ngg-gallery-thumbnail-box\" >\n\t\t\t\t        <div class=\"ngg-gallery-thumbnail\">\n            <a href=\"https:\/\/www.freimarianne.ch\/wp-content\/gallery\/rigi-5-4-19\/IMG_1235.jpg\"\n               title=\"winterliche Verh\u00e4ltnisse auf der Rigi\"\n               data-src=\"https:\/\/www.freimarianne.ch\/wp-content\/gallery\/rigi-5-4-19\/IMG_1235.jpg\"\n               data-thumbnail=\"https:\/\/www.freimarianne.ch\/wp-content\/gallery\/rigi-5-4-19\/thumbs\/thumbs_IMG_1235.jpg\"\n               data-image-id=\"20475\"\n               data-title=\"winterliche Verh\u00c3\u00a4ltnisse auf der Rigi\"\n               data-description=\"winterliche Verh\u00e4ltnisse auf der Rigi\"\n               data-image-slug=\"img_1235\"\n               class=\"shutterset_36158\">\n                <img\n                    title=\"winterliche Verh\u00c3\u00a4ltnisse auf der Rigi\"\n                    alt=\"winterliche Verh\u00c3\u00a4ltnisse auf der Rigi\"\n                    src=\"https:\/\/www.freimarianne.ch\/wp-content\/gallery\/rigi-5-4-19\/thumbs\/thumbs_IMG_1235.jpg\"\n                    width=\"100\"\n                    height=\"75\"\n                    style=\"max-width:100%;\"\n                \/>\n            <\/a>\n        <\/div>\n\t\t\t\t\t\t\t<\/div> \n\t\t\t\n        \n\t\t\t\t<div id=\"ngg-image-7\" class=\"ngg-gallery-thumbnail-box\" >\n\t\t\t\t        <div class=\"ngg-gallery-thumbnail\">\n            <a href=\"https:\/\/www.freimarianne.ch\/wp-content\/gallery\/rigi-5-4-19\/IMG_1243.jpg\"\n               title=\"winterliche Verh\u00e4ltnisse auf der Rigi\"\n               data-src=\"https:\/\/www.freimarianne.ch\/wp-content\/gallery\/rigi-5-4-19\/IMG_1243.jpg\"\n               data-thumbnail=\"https:\/\/www.freimarianne.ch\/wp-content\/gallery\/rigi-5-4-19\/thumbs\/thumbs_IMG_1243.jpg\"\n               data-image-id=\"20476\"\n               data-title=\"winterliche Verh\u00c3\u00a4ltnisse auf der Rigi\"\n               data-description=\"winterliche Verh\u00e4ltnisse auf der Rigi\"\n               data-image-slug=\"img_1243\"\n               class=\"shutterset_36158\">\n                <img\n                    title=\"winterliche Verh\u00c3\u00a4ltnisse auf der Rigi\"\n                    alt=\"winterliche Verh\u00c3\u00a4ltnisse auf der Rigi\"\n                    src=\"https:\/\/www.freimarianne.ch\/wp-content\/gallery\/rigi-5-4-19\/thumbs\/thumbs_IMG_1243.jpg\"\n                    width=\"100\"\n                    height=\"75\"\n                    style=\"max-width:100%;\"\n                \/>\n            <\/a>\n        <\/div>\n\t\t\t\t\t\t\t<\/div> \n\t\t\t\n        \n\t\t\t\t<div id=\"ngg-image-8\" class=\"ngg-gallery-thumbnail-box\" >\n\t\t\t\t        <div class=\"ngg-gallery-thumbnail\">\n            <a href=\"https:\/\/www.freimarianne.ch\/wp-content\/gallery\/rigi-5-4-19\/IMG_1246.jpg\"\n               title=\"winterliche Verh\u00e4ltnisse auf der Rigi\"\n               data-src=\"https:\/\/www.freimarianne.ch\/wp-content\/gallery\/rigi-5-4-19\/IMG_1246.jpg\"\n               data-thumbnail=\"https:\/\/www.freimarianne.ch\/wp-content\/gallery\/rigi-5-4-19\/thumbs\/thumbs_IMG_1246.jpg\"\n               data-image-id=\"20477\"\n               data-title=\"winterliche Verh\u00c3\u00a4ltnisse auf der Rigi\"\n               data-description=\"winterliche Verh\u00e4ltnisse auf der Rigi\"\n               data-image-slug=\"img_1246-3\"\n               class=\"shutterset_36158\">\n                <img\n                    title=\"winterliche Verh\u00c3\u00a4ltnisse auf der Rigi\"\n                    alt=\"winterliche Verh\u00c3\u00a4ltnisse auf der Rigi\"\n                    src=\"https:\/\/www.freimarianne.ch\/wp-content\/gallery\/rigi-5-4-19\/thumbs\/thumbs_IMG_1246.jpg\"\n                    width=\"100\"\n                    height=\"75\"\n                    style=\"max-width:100%;\"\n                \/>\n            <\/a>\n        <\/div>\n\t\t\t\t\t\t\t<\/div> \n\t\t\t\n        \n\t\t\t\t<div id=\"ngg-image-9\" class=\"ngg-gallery-thumbnail-box\" >\n\t\t\t\t        <div class=\"ngg-gallery-thumbnail\">\n            <a href=\"https:\/\/www.freimarianne.ch\/wp-content\/gallery\/rigi-5-4-19\/IMG_1248.jpg\"\n               title=\"winterliche Verh\u00e4ltnisse auf der Rigi\"\n               data-src=\"https:\/\/www.freimarianne.ch\/wp-content\/gallery\/rigi-5-4-19\/IMG_1248.jpg\"\n               data-thumbnail=\"https:\/\/www.freimarianne.ch\/wp-content\/gallery\/rigi-5-4-19\/thumbs\/thumbs_IMG_1248.jpg\"\n               data-image-id=\"20478\"\n               data-title=\"winterliche Verh\u00c3\u00a4ltnisse auf der Rigi\"\n               data-description=\"winterliche Verh\u00e4ltnisse auf der Rigi\"\n               data-image-slug=\"img_1248-3\"\n               class=\"shutterset_36158\">\n                <img\n                    title=\"winterliche Verh\u00c3\u00a4ltnisse auf der Rigi\"\n                    alt=\"winterliche Verh\u00c3\u00a4ltnisse auf der Rigi\"\n                    src=\"https:\/\/www.freimarianne.ch\/wp-content\/gallery\/rigi-5-4-19\/thumbs\/thumbs_IMG_1248.jpg\"\n                    width=\"100\"\n                    height=\"75\"\n                    style=\"max-width:100%;\"\n                \/>\n            <\/a>\n        <\/div>\n\t\t\t\t\t\t\t<\/div> \n\t\t\t\n        \n\t\t\t\t<div id=\"ngg-image-10\" class=\"ngg-gallery-thumbnail-box\" >\n\t\t\t\t        <div class=\"ngg-gallery-thumbnail\">\n            <a href=\"https:\/\/www.freimarianne.ch\/wp-content\/gallery\/rigi-5-4-19\/IMG_1250.jpg\"\n               title=\"winterliche Verh\u00e4ltnisse auf der Rigi; vo Buochserhorn, Stanserhorn, Pilatus\"\n               data-src=\"https:\/\/www.freimarianne.ch\/wp-content\/gallery\/rigi-5-4-19\/IMG_1250.jpg\"\n               data-thumbnail=\"https:\/\/www.freimarianne.ch\/wp-content\/gallery\/rigi-5-4-19\/thumbs\/thumbs_IMG_1250.jpg\"\n               data-image-id=\"20479\"\n               data-title=\"winterliche Verh\u00c3\u00a4ltnisse auf der Rigi; vo Buochserhorn, Stanserhorn, Pilatus\"\n               data-description=\"winterliche Verh\u00e4ltnisse auf der Rigi; vo Buochserhorn, Stanserhorn, Pilatus\"\n               data-image-slug=\"img_1250-1\"\n               class=\"shutterset_36158\">\n                <img\n                    title=\"winterliche Verh\u00c3\u00a4ltnisse auf der Rigi; vo Buochserhorn, Stanserhorn, Pilatus\"\n                    alt=\"winterliche Verh\u00c3\u00a4ltnisse auf der Rigi; vo Buochserhorn, Stanserhorn, Pilatus\"\n                    src=\"https:\/\/www.freimarianne.ch\/wp-content\/gallery\/rigi-5-4-19\/thumbs\/thumbs_IMG_1250.jpg\"\n                    width=\"100\"\n                    height=\"75\"\n                    style=\"max-width:100%;\"\n                \/>\n            <\/a>\n        <\/div>\n\t\t\t\t\t\t\t<\/div> \n\t\t\t\n        \n\t\t\t\t<div id=\"ngg-image-11\" class=\"ngg-gallery-thumbnail-box\" >\n\t\t\t\t        <div class=\"ngg-gallery-thumbnail\">\n            <a href=\"https:\/\/www.freimarianne.ch\/wp-content\/gallery\/rigi-5-4-19\/IMG_1253.jpg\"\n               title=\"winterliche Verh\u00e4ltnisse auf der Rigi\"\n               data-src=\"https:\/\/www.freimarianne.ch\/wp-content\/gallery\/rigi-5-4-19\/IMG_1253.jpg\"\n               data-thumbnail=\"https:\/\/www.freimarianne.ch\/wp-content\/gallery\/rigi-5-4-19\/thumbs\/thumbs_IMG_1253.jpg\"\n               data-image-id=\"20480\"\n               data-title=\"winterliche Verh\u00c3\u00a4ltnisse auf der Rigi\"\n               data-description=\"winterliche Verh\u00e4ltnisse auf der Rigi\"\n               data-image-slug=\"img_1253-2\"\n               class=\"shutterset_36158\">\n                <img\n                    title=\"winterliche Verh\u00c3\u00a4ltnisse auf der Rigi\"\n                    alt=\"winterliche Verh\u00c3\u00a4ltnisse auf der Rigi\"\n                    src=\"https:\/\/www.freimarianne.ch\/wp-content\/gallery\/rigi-5-4-19\/thumbs\/thumbs_IMG_1253.jpg\"\n                    width=\"100\"\n                    height=\"75\"\n                    style=\"max-width:100%;\"\n                \/>\n            <\/a>\n        <\/div>\n\t\t\t\t\t\t\t<\/div> \n\t\t\t\n        \n\t\t\t\t<div id=\"ngg-image-12\" class=\"ngg-gallery-thumbnail-box\" >\n\t\t\t\t        <div class=\"ngg-gallery-thumbnail\">\n            <a href=\"https:\/\/www.freimarianne.ch\/wp-content\/gallery\/rigi-5-4-19\/IMG_1258.jpg\"\n               title=\"winterliche Verh\u00e4ltnisse auf der Rigi\"\n               data-src=\"https:\/\/www.freimarianne.ch\/wp-content\/gallery\/rigi-5-4-19\/IMG_1258.jpg\"\n               data-thumbnail=\"https:\/\/www.freimarianne.ch\/wp-content\/gallery\/rigi-5-4-19\/thumbs\/thumbs_IMG_1258.jpg\"\n               data-image-id=\"20481\"\n               data-title=\"winterliche Verh\u00c3\u00a4ltnisse auf der Rigi\"\n               data-description=\"winterliche Verh\u00e4ltnisse auf der Rigi\"\n               data-image-slug=\"img_1258-2\"\n               class=\"shutterset_36158\">\n                <img\n                    title=\"winterliche Verh\u00c3\u00a4ltnisse auf der Rigi\"\n                    alt=\"winterliche Verh\u00c3\u00a4ltnisse auf der Rigi\"\n                    src=\"https:\/\/www.freimarianne.ch\/wp-content\/gallery\/rigi-5-4-19\/thumbs\/thumbs_IMG_1258.jpg\"\n                    width=\"100\"\n                    height=\"75\"\n                    style=\"max-width:100%;\"\n                \/>\n            <\/a>\n        <\/div>\n\t\t\t\t\t\t\t<\/div> \n\t\t\t\n        \n\t\t\t\t<div id=\"ngg-image-13\" class=\"ngg-gallery-thumbnail-box\" >\n\t\t\t\t        <div class=\"ngg-gallery-thumbnail\">\n            <a href=\"https:\/\/www.freimarianne.ch\/wp-content\/gallery\/rigi-5-4-19\/IMG_1259.jpg\"\n               title=\"winterliche Verh\u00e4ltnisse auf der Rigi\"\n               data-src=\"https:\/\/www.freimarianne.ch\/wp-content\/gallery\/rigi-5-4-19\/IMG_1259.jpg\"\n               data-thumbnail=\"https:\/\/www.freimarianne.ch\/wp-content\/gallery\/rigi-5-4-19\/thumbs\/thumbs_IMG_1259.jpg\"\n               data-image-id=\"20482\"\n               data-title=\"winterliche Verh\u00c3\u00a4ltnisse auf der Rigi\"\n               data-description=\"winterliche Verh\u00e4ltnisse auf der Rigi\"\n               data-image-slug=\"img_1259-2\"\n               class=\"shutterset_36158\">\n                <img\n                    title=\"winterliche Verh\u00c3\u00a4ltnisse auf der Rigi\"\n                    alt=\"winterliche Verh\u00c3\u00a4ltnisse auf der Rigi\"\n                    src=\"https:\/\/www.freimarianne.ch\/wp-content\/gallery\/rigi-5-4-19\/thumbs\/thumbs_IMG_1259.jpg\"\n                    width=\"100\"\n                    height=\"75\"\n                    style=\"max-width:100%;\"\n                \/>\n            <\/a>\n        <\/div>\n\t\t\t\t\t\t\t<\/div> \n\t\t\t\n        \n\t\t\t\t<div id=\"ngg-image-14\" class=\"ngg-gallery-thumbnail-box\" >\n\t\t\t\t        <div class=\"ngg-gallery-thumbnail\">\n            <a href=\"https:\/\/www.freimarianne.ch\/wp-content\/gallery\/rigi-5-4-19\/IMG_1264.jpg\"\n               title=\"winterliche Verh\u00e4ltnisse auf der Rigi\"\n               data-src=\"https:\/\/www.freimarianne.ch\/wp-content\/gallery\/rigi-5-4-19\/IMG_1264.jpg\"\n               data-thumbnail=\"https:\/\/www.freimarianne.ch\/wp-content\/gallery\/rigi-5-4-19\/thumbs\/thumbs_IMG_1264.jpg\"\n               data-image-id=\"20483\"\n               data-title=\"winterliche Verh\u00c3\u00a4ltnisse auf der Rigi\"\n               data-description=\"winterliche Verh\u00e4ltnisse auf der Rigi\"\n               data-image-slug=\"img_1264-2\"\n               class=\"shutterset_36158\">\n                <img\n                    title=\"winterliche Verh\u00c3\u00a4ltnisse auf der Rigi\"\n                    alt=\"winterliche Verh\u00c3\u00a4ltnisse auf der Rigi\"\n                    src=\"https:\/\/www.freimarianne.ch\/wp-content\/gallery\/rigi-5-4-19\/thumbs\/thumbs_IMG_1264.jpg\"\n                    width=\"100\"\n                    height=\"75\"\n                    style=\"max-width:100%;\"\n                \/>\n            <\/a>\n        <\/div>\n\t\t\t\t\t\t\t<\/div> \n\t\t\t\n        \n\t\t\t\t<div id=\"ngg-image-15\" class=\"ngg-gallery-thumbnail-box\" >\n\t\t\t\t        <div class=\"ngg-gallery-thumbnail\">\n            <a href=\"https:\/\/www.freimarianne.ch\/wp-content\/gallery\/rigi-5-4-19\/IMG_1266.jpg\"\n               title=\"Fr\u00fchling in Vitznau\"\n               data-src=\"https:\/\/www.freimarianne.ch\/wp-content\/gallery\/rigi-5-4-19\/IMG_1266.jpg\"\n               data-thumbnail=\"https:\/\/www.freimarianne.ch\/wp-content\/gallery\/rigi-5-4-19\/thumbs\/thumbs_IMG_1266.jpg\"\n               data-image-id=\"20484\"\n               data-title=\"Fr\u00c3\u00bchling in Vitznau\"\n               data-description=\"Fr\u00fchling in Vitznau\"\n               data-image-slug=\"img_1266-1\"\n               class=\"shutterset_36158\">\n                <img\n                    title=\"Fr\u00c3\u00bchling in Vitznau\"\n                    alt=\"Fr\u00c3\u00bchling in Vitznau\"\n                    src=\"https:\/\/www.freimarianne.ch\/wp-content\/gallery\/rigi-5-4-19\/thumbs\/thumbs_IMG_1266.jpg\"\n                    width=\"100\"\n                    height=\"75\"\n                    style=\"max-width:100%;\"\n                \/>\n            <\/a>\n        <\/div>\n\t\t\t\t\t\t\t<\/div> \n\t\t\t\n        \n\t\t\t\t<div id=\"ngg-image-16\" class=\"ngg-gallery-thumbnail-box\" >\n\t\t\t\t        <div class=\"ngg-gallery-thumbnail\">\n            <a href=\"https:\/\/www.freimarianne.ch\/wp-content\/gallery\/rigi-5-4-19\/IMG_1269.jpg\"\n               title=\"Sicht vom Schiff aus\"\n               data-src=\"https:\/\/www.freimarianne.ch\/wp-content\/gallery\/rigi-5-4-19\/IMG_1269.jpg\"\n               data-thumbnail=\"https:\/\/www.freimarianne.ch\/wp-content\/gallery\/rigi-5-4-19\/thumbs\/thumbs_IMG_1269.jpg\"\n               data-image-id=\"20485\"\n               data-title=\"Sicht vom Schiff aus\"\n               data-description=\"Sicht vom Schiff aus\"\n               data-image-slug=\"img_1269-4\"\n               class=\"shutterset_36158\">\n                <img\n                    title=\"Sicht vom Schiff aus\"\n                    alt=\"Sicht vom Schiff aus\"\n                    src=\"https:\/\/www.freimarianne.ch\/wp-content\/gallery\/rigi-5-4-19\/thumbs\/thumbs_IMG_1269.jpg\"\n                    width=\"100\"\n                    height=\"75\"\n                    style=\"max-width:100%;\"\n                \/>\n            <\/a>\n        <\/div>\n\t\t\t\t\t\t\t<\/div> \n\t\t\t\n        \n\t\t\t\t<div id=\"ngg-image-17\" class=\"ngg-gallery-thumbnail-box\" >\n\t\t\t\t        <div class=\"ngg-gallery-thumbnail\">\n            <a href=\"https:\/\/www.freimarianne.ch\/wp-content\/gallery\/rigi-5-4-19\/panorama_1205-12154.jpg\"\n               title=\"Panorama vom Rigi:\"\n               data-src=\"https:\/\/www.freimarianne.ch\/wp-content\/gallery\/rigi-5-4-19\/panorama_1205-12154.jpg\"\n               data-thumbnail=\"https:\/\/www.freimarianne.ch\/wp-content\/gallery\/rigi-5-4-19\/thumbs\/thumbs_panorama_1205-12154.jpg\"\n               data-image-id=\"20486\"\n               data-title=\"Panorama vom Rigi:\"\n               data-description=\"Panorama vom Rigi:\"\n               data-image-slug=\"panorama_1205-12154\"\n               class=\"shutterset_36158\">\n                <img\n                    title=\"Panorama vom Rigi:\"\n                    alt=\"Panorama vom Rigi:\"\n                    src=\"https:\/\/www.freimarianne.ch\/wp-content\/gallery\/rigi-5-4-19\/thumbs\/thumbs_panorama_1205-12154.jpg\"\n                    width=\"100\"\n                    height=\"75\"\n                    style=\"max-width:100%;\"\n                \/>\n            <\/a>\n        <\/div>\n\t\t\t\t\t\t\t<\/div> \n\t\t\t\n        \n\t\t\n\t\t<!-- Pagination -->\n\t<div class='ngg-clear'><\/div>\t<\/div>\n<\/p>\n","protected":false},"excerpt":{"rendered":"<p>Fr\u00fchlingswanderung bei winterlichen Verh\u00e4ltnissen Heute soll auf der Rigi die Sonne scheinen. Nochmals stelle ich mich auf eine Winterwanderung ein, denn es hat am Vortag viel Neuschnee gegeben. Auf der Rigi herrscht eine ganz besondere Stimmung. Die Sonne scheint, der Himmel ist blau aber st\u00e4ndig ziehen Wolken vor\u00fcber, sodass die Berge zeitweise im Weiss verschwinden. [&hellip;]<\/p>\n","protected":false},"author":1,"featured_media":0,"parent":35849,"menu_order":5,"comment_status":"closed","ping_status":"closed","template":"","meta":{"ngg_post_thumbnail":0},"_links":{"self":[{"href":"https:\/\/www.freimarianne.ch\/index.php?rest_route=\/wp\/v2\/pages\/36116"}],"collection":[{"href":"https:\/\/www.freimarianne.ch\/index.php?rest_route=\/wp\/v2\/pages"}],"about":[{"href":"https:\/\/www.freimarianne.ch\/index.php?rest_route=\/wp\/v2\/types\/page"}],"author":[{"embeddable":true,"href":"https:\/\/www.freimarianne.ch\/index.php?rest_route=\/wp\/v2\/users\/1"}],"replies":[{"embeddable":true,"href":"https:\/\/www.freimarianne.ch\/index.php?rest_route=%2Fwp%2Fv2%2Fcomments&post=36116"}],"version-history":[{"count":5,"href":"https:\/\/www.freimarianne.ch\/index.php?rest_route=\/wp\/v2\/pages\/36116\/revisions"}],"predecessor-version":[{"id":36160,"href":"https:\/\/www.freimarianne.ch\/index.php?rest_route=\/wp\/v2\/pages\/36116\/revisions\/36160"}],"up":[{"embeddable":true,"href":"https:\/\/www.freimarianne.ch\/index.php?rest_route=\/wp\/v2\/pages\/35849"}],"wp:attachment":[{"href":"https:\/\/www.freimarianne.ch\/index.php?rest_route=%2Fwp%2Fv2%2Fmedia&parent=36116"}],"curies":[{"name":"wp","href":"https:\/\/api.w.org\/{rel}","templated":true}]}}